{"id":10031,"date":"2021-01-03T19:20:07","date_gmt":"2021-01-03T18:20:07","guid":{"rendered":"https:\/\/kronika-futbolu.pl\/historia\/?page_id=10031"},"modified":"2022-10-13T20:14:08","modified_gmt":"2022-10-13T18:14:08","slug":"polska-wegry-w-pilce-noznej-wyniki-meczow","status":"publish","type":"page","link":"https:\/\/kronika-futbolu.pl\/historia\/polska-wegry-w-pilce-noznej-wyniki-meczow\/","title":{"rendered":"Polska-W\u0119gry w pi\u0142ce no\u017cnej wyniki mecz\u00f3w"},"content":{"rendered":"<div id=\"ez-toc-container\" class=\"ez-toc-v2_0_75 counter-hierarchy ez-toc-counter ez-toc-grey ez-toc-container-direction\">\n<div class=\"ez-toc-title-container\">\n<p class=\"ez-toc-title\" style=\"cursor:inherit\">Table of Contents<\/p>\n<span class=\"ez-toc-title-toggle\"><a href=\"#\" class=\"ez-toc-pull-right ez-toc-btn ez-toc-btn-xs ez-toc-btn-default ez-toc-toggle\" aria-label=\"Toggle Table of Content\"><span class=\"ez-toc-js-icon-con\"><span class=\"\"><span class=\"eztoc-hide\" style=\"display:none;\">Toggle<\/span><span class=\"ez-toc-icon-toggle-span\"><svg style=\"fill: #999;color:#999\" xmlns=\"http:\/\/www.w3.org\/2000\/svg\" class=\"list-377408\" width=\"20px\" height=\"20px\" viewBox=\"0 0 24 24\" fill=\"none\"><path d=\"M6 6H4v2h2V6zm14 0H8v2h12V6zM4 11h2v2H4v-2zm16 0H8v2h12v-2zM4 16h2v2H4v-2zm16 0H8v2h12v-2z\" fill=\"currentColor\"><\/path><\/svg><svg style=\"fill: #999;color:#999\" class=\"arrow-unsorted-368013\" xmlns=\"http:\/\/www.w3.org\/2000\/svg\" width=\"10px\" height=\"10px\" viewBox=\"0 0 24 24\" version=\"1.2\" baseProfile=\"tiny\"><path d=\"M18.2 9.3l-6.2-6.3-6.2 6.3c-.2.2-.3.4-.3.7s.1.5.3.7c.2.2.4.3.7.3h11c.3 0 .5-.1.7-.3.2-.2.3-.5.3-.7s-.1-.5-.3-.7zM5.8 14.7l6.2 6.3 6.2-6.3c.2-.2.3-.5.3-.7s-.1-.5-.3-.7c-.2-.2-.4-.3-.7-.3h-11c-.3 0-.5.1-.7.3-.2.2-.3.5-.3.7s.1.5.3.7z\"\/><\/svg><\/span><\/span><\/span><\/a><\/span><\/div>\n<nav><ul class='ez-toc-list ez-toc-list-level-1 ' ><li class='ez-toc-page-1 ez-toc-heading-level-2'><a class=\"ez-toc-link ez-toc-heading-1\" href=\"https:\/\/kronika-futbolu.pl\/historia\/polska-wegry-w-pilce-noznej-wyniki-meczow\/#Bilans_meczow_Polska-Wegry_kursy_bukmacherskie\" >Bilans mecz\u00f3w Polska-W\u0119gry, kursy bukmacherskie<\/a><\/li><li class='ez-toc-page-1 ez-toc-heading-level-2'><a class=\"ez-toc-link ez-toc-heading-2\" href=\"https:\/\/kronika-futbolu.pl\/historia\/polska-wegry-w-pilce-noznej-wyniki-meczow\/#%E2%80%8BTabela_rozgrywek\" >\u200bTabela rozgrywek<\/a><\/li><li class='ez-toc-page-1 ez-toc-heading-level-2'><a class=\"ez-toc-link ez-toc-heading-3\" href=\"https:\/\/kronika-futbolu.pl\/historia\/polska-wegry-w-pilce-noznej-wyniki-meczow\/#34_Mecz_Polska-_Wegry_1_2_15_listopada_2021_r\" >34. Mecz Polska- W\u0119gry 1:2 (15 listopada 2021 r.)<\/a><\/li><li class='ez-toc-page-1 ez-toc-heading-level-2'><a class=\"ez-toc-link ez-toc-heading-4\" href=\"https:\/\/kronika-futbolu.pl\/historia\/polska-wegry-w-pilce-noznej-wyniki-meczow\/#33_Mecz_Wegry-_Polska_3_3_25_marca_2021_r\" >33. Mecz W\u0119gry- Polska 3:3 (25 marca 2021 r.)<\/a><\/li><li class='ez-toc-page-1 ez-toc-heading-level-2'><a class=\"ez-toc-link ez-toc-heading-5\" href=\"https:\/\/kronika-futbolu.pl\/historia\/polska-wegry-w-pilce-noznej-wyniki-meczow\/#32_Mecz_Polska_%E2%80%93_Wegry_2_1_15_listopada_2011_r\" >32. Mecz Polska &#8211; W\u0119gry 2:1 (15 listopada 2011 r.)<\/a><\/li><li class='ez-toc-page-1 ez-toc-heading-level-2'><a class=\"ez-toc-link ez-toc-heading-6\" href=\"https:\/\/kronika-futbolu.pl\/historia\/polska-wegry-w-pilce-noznej-wyniki-meczow\/#31_Mecz_Polska_%E2%80%93_Wegry_0_1_17_pazdziernika_2007_r\" >31. Mecz Polska &#8211; W\u0119gry 0:1 (17 pa\u017adziernika 2007 r.)<\/a><\/li><li class='ez-toc-page-1 ez-toc-heading-level-2'><a class=\"ez-toc-link ez-toc-heading-7\" href=\"https:\/\/kronika-futbolu.pl\/historia\/polska-wegry-w-pilce-noznej-wyniki-meczow\/#30_Mecz_Wegry_%E2%80%93_Polska_1_2_11_pazdziernika_2003_r\" >30. Mecz W\u0119gry &#8211; Polska 1:2 (11 pa\u017adziernika 2003 r.)<\/a><\/li><li class='ez-toc-page-1 ez-toc-heading-level-2'><a class=\"ez-toc-link ez-toc-heading-8\" href=\"https:\/\/kronika-futbolu.pl\/historia\/polska-wegry-w-pilce-noznej-wyniki-meczow\/#29_Mecz_Polska-_Wegry_0_0_29_marca_2003_r\" >29. Mecz Polska- W\u0119gry 0:0 (29 marca 2003 r.)<\/a><\/li><li class='ez-toc-page-1 ez-toc-heading-level-2'><a class=\"ez-toc-link ez-toc-heading-9\" href=\"https:\/\/kronika-futbolu.pl\/historia\/polska-wegry-w-pilce-noznej-wyniki-meczow\/#28_Mecz_Wegry_%E2%80%93_Polska_0_0_29_marca_2000_r\" >28. Mecz W\u0119gry &#8211; Polska 0:0 (29 marca 2000 r.)<\/a><\/li><li class='ez-toc-page-1 ez-toc-heading-level-2'><a class=\"ez-toc-link ez-toc-heading-10\" href=\"https:\/\/kronika-futbolu.pl\/historia\/polska-wegry-w-pilce-noznej-wyniki-meczow\/#27_Mecz_Polska-_Wegry_1_0_6_wrzesnia_1997_r\" >27. Mecz Polska- W\u0119gry 1:0 (6 wrze\u015bnia 1997 r.)<\/a><\/li><li class='ez-toc-page-1 ez-toc-heading-level-2'><a class=\"ez-toc-link ez-toc-heading-11\" href=\"https:\/\/kronika-futbolu.pl\/historia\/polska-wegry-w-pilce-noznej-wyniki-meczow\/#26_Mecz_Polska-_Wegry_3_2_4_maja_1994_r\" >26. Mecz Polska- W\u0119gry\u00a0 3:2\u00a0 (4 maja 1994 r.)<\/a><\/li><li class='ez-toc-page-1 ez-toc-heading-level-2'><a class=\"ez-toc-link ez-toc-heading-12\" href=\"https:\/\/kronika-futbolu.pl\/historia\/polska-wegry-w-pilce-noznej-wyniki-meczow\/#25_Mecz_Polska-_Wegry_3_2_23_wrzesnia_1987_r\" >25. Mecz Polska- W\u0119gry 3:2 (23 wrze\u015bnia 1987 r.)<\/a><\/li><li class='ez-toc-page-1 ez-toc-heading-level-2'><a class=\"ez-toc-link ez-toc-heading-13\" href=\"https:\/\/kronika-futbolu.pl\/historia\/polska-wegry-w-pilce-noznej-wyniki-meczow\/#24_Mecz_Wegry-_Polska_5_3_17_maja_1987_r\" >24. Mecz W\u0119gry- Polska 5:3 (17\u00a0 maja 1987 r.)<\/a><\/li><li class='ez-toc-page-1 ez-toc-heading-level-2'><a class=\"ez-toc-link ez-toc-heading-14\" href=\"https:\/\/kronika-futbolu.pl\/historia\/polska-wegry-w-pilce-noznej-wyniki-meczow\/#23_Mecz_Wegry-_Polska_2_1_26_marca_1980_r\" >23. Mecz W\u0119gry- Polska 2:1 (26 marca 1980 r.)<\/a><\/li><li class='ez-toc-page-1 ez-toc-heading-level-2'><a class=\"ez-toc-link ez-toc-heading-15\" href=\"https:\/\/kronika-futbolu.pl\/historia\/polska-wegry-w-pilce-noznej-wyniki-meczow\/#22_Mecz_Polska-_Wegry_1_1_4_kwietnia_1979_r\" >22. Mecz Polska- W\u0119gry 1:1 (4\u00a0 kwietnia 1979 r.)<\/a><\/li><li class='ez-toc-page-1 ez-toc-heading-level-2'><a class=\"ez-toc-link ez-toc-heading-16\" href=\"https:\/\/kronika-futbolu.pl\/historia\/polska-wegry-w-pilce-noznej-wyniki-meczow\/#21_Mecz_Wegry-_Polska_2_1_13_kwietnia_1977_r\" >21. Mecz W\u0119gry- Polska 2:1 (13 kwietnia 1977 r.)<\/a><\/li><li class='ez-toc-page-1 ez-toc-heading-level-2'><a class=\"ez-toc-link ez-toc-heading-17\" href=\"https:\/\/kronika-futbolu.pl\/historia\/polska-wegry-w-pilce-noznej-wyniki-meczow\/#20_Mecz_Polska-_Wegry_4_2_8_pazdziernika_1975_r\" >20. Mecz Polska- W\u0119gry\u00a0 4:2 (8 pa\u017adziernika\u00a0 1975 r.)<\/a><\/li><li class='ez-toc-page-1 ez-toc-heading-level-2'><a class=\"ez-toc-link ez-toc-heading-18\" href=\"https:\/\/kronika-futbolu.pl\/historia\/polska-wegry-w-pilce-noznej-wyniki-meczow\/#19_Mecz_Wegry-_Polska_1_2_10_wrzesnia_1972_r\" >19. Mecz W\u0119gry- Polska 1:2 (10 wrze\u015bnia 1972 r.)<\/a><\/li><li class='ez-toc-page-1 ez-toc-heading-level-2'><a class=\"ez-toc-link ez-toc-heading-19\" href=\"https:\/\/kronika-futbolu.pl\/historia\/polska-wegry-w-pilce-noznej-wyniki-meczow\/#18_Mecz_Wegry-_Polska_2_0_2_maja_1970_r\" >18. Mecz W\u0119gry- Polska 2:0 (2 maja 1970 r.)<\/a><\/li><li class='ez-toc-page-1 ez-toc-heading-level-2'><a class=\"ez-toc-link ez-toc-heading-20\" href=\"https:\/\/kronika-futbolu.pl\/historia\/polska-wegry-w-pilce-noznej-wyniki-meczow\/#17_Mecz_Polska-_Wegry_1_1_3_maja_1966_r\" >17. Mecz Polska- W\u0119gry 1:1 (3\u00a0 maja 1966 r.)<\/a><\/li><li class='ez-toc-page-1 ez-toc-heading-level-2'><a class=\"ez-toc-link ez-toc-heading-21\" href=\"https:\/\/kronika-futbolu.pl\/historia\/polska-wegry-w-pilce-noznej-wyniki-meczow\/#16_Mecz_Polska-_Wegry_0_2_2_wrzesnia_1962_r\" >16. Mecz Polska- W\u0119gry 0:2 (2 wrze\u015bnia 1962 r.)<\/a><\/li><li class='ez-toc-page-1 ez-toc-heading-level-2'><a class=\"ez-toc-link ez-toc-heading-22\" href=\"https:\/\/kronika-futbolu.pl\/historia\/polska-wegry-w-pilce-noznej-wyniki-meczow\/#15_Mecz_Wegry-_Polska_4_1_13_listopada_1960_r\" >15. Mecz W\u0119gry- Polska 4:1 (13\u00a0 listopada 1960 r.)<\/a><\/li><li class='ez-toc-page-1 ez-toc-heading-level-2'><a class=\"ez-toc-link ez-toc-heading-23\" href=\"https:\/\/kronika-futbolu.pl\/historia\/polska-wegry-w-pilce-noznej-wyniki-meczow\/#14_Mecz_Polska_%E2%80%93_Wegry_1_3_14_wrzesnia_1958_r\" >14. Mecz Polska &#8211; W\u0119gry 1:3 (14\u00a0 wrze\u015bnia 1958 r.)<\/a><\/li><li class='ez-toc-page-1 ez-toc-heading-level-2'><a class=\"ez-toc-link ez-toc-heading-24\" href=\"https:\/\/kronika-futbolu.pl\/historia\/polska-wegry-w-pilce-noznej-wyniki-meczow\/#13_Mecz_Wegry-_Polska_4_1_15_lipca_1956_r\" >13. Mecz W\u0119gry- Polska 4:1 (15 lipca 1956 r.)<\/a><\/li><li class='ez-toc-page-1 ez-toc-heading-level-2'><a class=\"ez-toc-link ez-toc-heading-25\" href=\"https:\/\/kronika-futbolu.pl\/historia\/polska-wegry-w-pilce-noznej-wyniki-meczow\/#12_Mecz_Polska-_Wegry_1_5_15_czerwca_1952_r\" >12. Mecz Polska- W\u0119gry 1:5 (15 czerwca 1952 r.)<\/a><\/li><li class='ez-toc-page-1 ez-toc-heading-level-2'><a class=\"ez-toc-link ez-toc-heading-26\" href=\"https:\/\/kronika-futbolu.pl\/historia\/polska-wegry-w-pilce-noznej-wyniki-meczow\/#11_Mecz_Wegry_%E2%80%93_Polska_6_0_27_maja_1951_r\" >11. Mecz W\u0119gry &#8211; Polska 6:0 (27\u00a0 maja 1951 r.)<\/a><\/li><li class='ez-toc-page-1 ez-toc-heading-level-2'><a class=\"ez-toc-link ez-toc-heading-27\" href=\"https:\/\/kronika-futbolu.pl\/historia\/polska-wegry-w-pilce-noznej-wyniki-meczow\/#10_Mecz_Polska-_Wegry_2_5_4_czerwca_1950_r\" >10. Mecz Polska- W\u0119gry 2:5 (4 czerwca 1950 r.)<\/a><\/li><li class='ez-toc-page-1 ez-toc-heading-level-2'><a class=\"ez-toc-link ez-toc-heading-28\" href=\"https:\/\/kronika-futbolu.pl\/historia\/polska-wegry-w-pilce-noznej-wyniki-meczow\/#9_Mecz_Wegry-_Polska_8_2_10_lipca_1949_r\" >9. Mecz W\u0119gry- Polska 8:2 (10 lipca 1949 r.)<\/a><\/li><li class='ez-toc-page-1 ez-toc-heading-level-2'><a class=\"ez-toc-link ez-toc-heading-29\" href=\"https:\/\/kronika-futbolu.pl\/historia\/polska-wegry-w-pilce-noznej-wyniki-meczow\/#8_Mecz_Polska_%E2%80%93_Wegry_2_6_19_wrzesnia_1948_r\" >8. Mecz Polska &#8211; W\u0119gry 2:6 (19 wrze\u015bnia 1948 r.)<\/a><\/li><li class='ez-toc-page-1 ez-toc-heading-level-2'><a class=\"ez-toc-link ez-toc-heading-30\" href=\"https:\/\/kronika-futbolu.pl\/historia\/polska-wegry-w-pilce-noznej-wyniki-meczow\/#7_Mecz_Polska-_Wegry_4_2_27_sierpnia_1939_r\" >7. Mecz Polska- W\u0119gry 4:2 (27 sierpnia 1939 r.)<\/a><\/li><li class='ez-toc-page-1 ez-toc-heading-level-2'><a class=\"ez-toc-link ez-toc-heading-31\" href=\"https:\/\/kronika-futbolu.pl\/historia\/polska-wegry-w-pilce-noznej-wyniki-meczow\/#6_Mecz_Wegry_%E2%80%93_Polska_4_1_20_sierpnia_1926_r\" >6. Mecz W\u0119gry &#8211; Polska 4:1 (20 sierpnia 1926 r.)<\/a><\/li><li class='ez-toc-page-1 ez-toc-heading-level-2'><a class=\"ez-toc-link ez-toc-heading-32\" href=\"https:\/\/kronika-futbolu.pl\/historia\/polska-wegry-w-pilce-noznej-wyniki-meczow\/#5_Mecz_Polska-_Wegry_0_2_19_lipca_1925_r\" >5. Mecz Polska- W\u0119gry 0:2 (19 lipca 1925 r.)<\/a><\/li><li class='ez-toc-page-1 ez-toc-heading-level-2'><a class=\"ez-toc-link ez-toc-heading-33\" href=\"https:\/\/kronika-futbolu.pl\/historia\/polska-wegry-w-pilce-noznej-wyniki-meczow\/#4_Mecz_Wegry-_Polska_4_0_31_sierpnia_1924_r\" >4. Mecz W\u0119gry- Polska 4:0 (31\u00a0 sierpnia 1924 r.)<\/a><\/li><li class='ez-toc-page-1 ez-toc-heading-level-2'><a class=\"ez-toc-link ez-toc-heading-34\" href=\"https:\/\/kronika-futbolu.pl\/historia\/polska-wegry-w-pilce-noznej-wyniki-meczow\/#3_Mecz_Wegry-_Polska_5_0_26_maja_1924_r\" >3. Mecz W\u0119gry- Polska 5:0 (26 maja 1924 r.)<\/a><\/li><li class='ez-toc-page-1 ez-toc-heading-level-2'><a class=\"ez-toc-link ez-toc-heading-35\" href=\"https:\/\/kronika-futbolu.pl\/historia\/polska-wegry-w-pilce-noznej-wyniki-meczow\/#2_Mecz_Polska-_Wegry_0_3_14_maja_1922_r\" >2. Mecz Polska- W\u0119gry 0:3 (14 maja 1922 r.)<\/a><\/li><li class='ez-toc-page-1 ez-toc-heading-level-2'><a class=\"ez-toc-link ez-toc-heading-36\" href=\"https:\/\/kronika-futbolu.pl\/historia\/polska-wegry-w-pilce-noznej-wyniki-meczow\/#1_Mecz_Wegry_%E2%80%93_Polska_1_0_18_grudnia_1921_r\" >1. Mecz W\u0119gry &#8211; Polska 1:0 (18 grudnia 1921 r.)<\/a><\/li><li class='ez-toc-page-1 ez-toc-heading-level-2'><a class=\"ez-toc-link ez-toc-heading-37\" href=\"https:\/\/kronika-futbolu.pl\/historia\/polska-wegry-w-pilce-noznej-wyniki-meczow\/#_Przezyjmy_to_jeszcze_raz_%E2%80%93_galeria_zdjec_z_meczy_Polska_%E2%80%93_Wegry\" >? Prze\u017cyjmy to jeszcze raz &#8211; galeria zdj\u0119\u0107 z meczy Polska &#8211; W\u0119gry<\/a><\/li><\/ul><\/nav><\/div>\n<h2><span class=\"ez-toc-section\" id=\"Bilans_meczow_Polska-Wegry_kursy_bukmacherskie\"><\/span>Bilans mecz\u00f3w Polska-W\u0119gry, kursy bukmacherskie<span class=\"ez-toc-section-end\"><\/span><\/h2>\n<p><img loading=\"lazy\" decoding=\"async\" class=\"wp-image-10035 size-medium alignleft\" src=\"https:\/\/kronika-futbolu.pl\/historia\/wp-content\/uploads\/2021\/01\/wegry_football-400x400.png\" alt=\"W\u0119gry logo federacji pi\u0142karskiej\" width=\"400\" height=\"400\" srcset=\"https:\/\/kronika-futbolu.pl\/historia\/wp-content\/uploads\/2021\/01\/wegry_football-400x400.png 400w, https:\/\/kronika-futbolu.pl\/historia\/wp-content\/uploads\/2021\/01\/wegry_football-768x768.png 768w, https:\/\/kronika-futbolu.pl\/historia\/wp-content\/uploads\/2021\/01\/wegry_football.png 1200w\" sizes=\"auto, (max-width: 400px) 100vw, 400px\" \/><\/p>\n<p style=\"text-align: justify;\">\u0141\u0105cznie zosta\u0142o rozegranych 34 mecze, w kt\u00f3rych Polska wygra\u0142a 8 razy, 5 razy remisowa\u0142a i 21 razy przegra\u0142a. Stosunek bramek Polska &#8211; W\u0119gry to 43:92.<\/p>\n<p style=\"text-align: justify;\">Ostatni mecz odby\u0142 si\u0119 15 listopada 2021 roku w Warszawie gdzie by\u0142o 1:2.\u00a0<\/p>\n<p style=\"text-align: justify;\">Reprezentacja W\u0119gier to bardzo wierny rywal dla Polski. To w\u0142a\u015bnie z Madziarami zagrali\u015bmy pierwszy mecz w historii, ostatni mecz przed wojn\u0105, mecz numer 100 w historii,\u00a0 a tak\u017ce fina\u0142 Igrzysk Olimpijskich w 1972 roku. Ponadto to z Reprezentacj\u0105 W\u0119gier\u00a0 rozegrali\u015bmy jedn\u0105 z najwi\u0119ksz\u0105 liczb\u0119 mecz\u00f3w.\u00a0<\/p>\n<p>&nbsp;<\/p>\n<p><strong>Spis tre\u015bci:<\/strong><\/p>\n<ol reversed=\"\">\n<li><a href=\"#mecz-2021-11-15\">Mecz Polska-W\u0119gry\u00a0 (2021.11.15) \u2193<\/a><\/li>\n<li><a href=\"#mecz-2021-03-25\">Mecz W\u0119gry-Polska\u00a0 (2021.03.25) \u2193<\/a><\/li>\n<li><a href=\"#mecz-2011-11-15\">Mecz Polska-W\u0119gry (2011.11.15) \u2193<\/a><\/li>\n<li><a href=\"#mecz-2007-10-17\">Mecz Polska-W\u0119gry(2007.10.17) \u2193<\/a>\n<\/li>\n<li><a href=\"#mecz-2003-10-11\">Mecz W\u0119gry-Polska\u00a0 (2003.10.11) \u2193<\/a><\/li>\n<li><a href=\"#mecz-2003-03-29\">Mecz Polska-W\u0119gry(2003.03.29) \u2193<\/a><\/li>\n<li><a href=\"#mecz-2000-03-29\">Mecz W\u0119gry-Polska\u00a0 (2000.03.29) \u2193<\/a><\/li>\n<li><a href=\"#mecz-1997-09-06\">Mecz Polska-W\u0119gry (1997.09.06) \u2193<\/a><\/li>\n<li><a href=\"#mecz-1994-05-04\">Mecz Polska-W\u0119gry (1994.05.04) \u2193<\/a><\/li>\n<li><a href=\"#mecz-1987-09-23\">Mecz Polska-W\u0119gry (1987.09.23) \u2193<\/a><\/li>\n<li><a href=\"#mecz-1987-05-17\">Mecz W\u0119gry-Polska\u00a0 (1987.05.17) \u2193<\/a><\/li>\n<li><a href=\"#mecz-1980-03-26\">Mecz W\u0119gry-Polska\u00a0 (1980.03.26) \u2193<\/a><\/li>\n<li><a href=\"#mecz-1979-04-04\">Mecz Polska-W\u0119gry (1979.04.04) \u2193<\/a><\/li>\n<li><a href=\"#mecz-1977-04-13\">Mecz W\u0119gry-Polska\u00a0 (1977.04.13) \u2193<\/a>\n<\/li>\n<li><a href=\"#mecz-1975-10-08\">Mecz Polska-W\u0119gry (1975.10.08) \u2193<\/a><\/li>\n<li><a href=\"#mecz-1972-09-10\">Mecz W\u0119gry-Polska (1972.09.10) \u2193<\/a><\/li>\n<li><a href=\"#mecz-1970-05-02\">Mecz W\u0119gry-Polska (1970.05.02) \u2193<\/a><\/li>\n<li><a href=\"#mecz-1966-05-03\">Mecz Polska-W\u0119gry (1966.05.03) \u2193<\/a><\/li>\n<li><a href=\"#mecz-1962-09-02\">Mecz Polska-W\u0119gry (1962.09.02) \u2193<\/a><\/li>\n<li><a href=\"#mecz-1960-11-13\">Mecz W\u0119gry-Polska\u00a0 (1960.11.13) \u2193<\/a><\/li>\n<li><a href=\"#mecz-1958-09-14\">Mecz Polska-W\u0119gry (1958.09.14) \u2193<\/a><\/li>\n<li><a href=\"#mecz-1956-07-15\">Mecz W\u0119gry-Polska (1956.07.15) \u2193<\/a><\/li>\n<li><a href=\"#mecz-1952-06-15\">Mecz Polska-W\u0119gry (1952.06.15) \u2193<\/a><\/li>\n<li><a href=\"#mecz-1951-05-27\">Mecz W\u0119gry-Polska (1951.05.27) \u2193<\/a>\n<\/li>\n<li><a href=\"#mecz-1950-06-04\">Mecz Polska-W\u0119gry (1950.06.04) \u2193<\/a><\/li>\n<li><a href=\"#mecz-1949-07-10\">Mecz W\u0119gry-Polska (1949.07.10) \u2193<\/a><\/li>\n<li><a href=\"#mecz-1948-09-19\">Mecz Polska-W\u0119gry (1948.09.19) \u2193<\/a><\/li>\n<li><a href=\"#mecz-1939-08-27\">Mecz Polska-W\u0119gry (1939.08.27) \u2193<\/a><\/li>\n<li><a href=\"#mecz-1926-08-20\">Mecz W\u0119gry-Polska (1926.08.20) \u2193<\/a><\/li>\n<li><a href=\"#mecz-1925-07-19\">Mecz Polska-W\u0119gry (1925.07.19) \u2193<\/a><\/li>\n<li><a href=\"#mecz-1924-08-31\">Mecz W\u0119gry-Polska (1924.08.31) \u2193<\/a><\/li>\n<li><a href=\"#mecz-1924-05-26\">Mecz W\u0119gry-Polska (1924.05.26) \u2193<\/a><\/li>\n<li><a href=\"#mecz-1923-11-01\">Mecz Polska-W\u0119gry (1922.05.14) \u2193<\/a><\/li>\n<li><a href=\"#mecz-1921-12-18\">Mecz W\u0119gry-Polska (1921.12.18) \u2193<\/a><\/li>\n<\/ol>\n<h2><span class=\"ez-toc-section\" id=\"%E2%80%8BTabela_rozgrywek\"><\/span>\u200bTabela rozgrywek<span class=\"ez-toc-section-end\"><\/span><\/h2>\n\r\n\t\t\t<span class=\"rivals\">\r\n\t\t\t\t<strong>Inne mecze reprezentacji<\/strong>\r\n\t\t\t\t<select onchange=\"self.location.href=this.value\">\r\n\t\t\t\t\t<option value=\"#\">Wybierz rywala<\/option>\r\n\t\t\t\t\t<option value=\"\/historia\/reprezentacja-polski-mecze\/\">Wszystkie mecze<\/option>\r\n\t\t\t\t\t<option value=\"\/historia\/polska-albania-w-pilce-noznej-wyniki-meczow\/\">Albania<\/option>\r\n\t\t\t\t\t<option value=\"\/historia\/polska-andora-w-pilce-noznej-wyniki-meczow\/\">Andora<\/option>\r\n\t\t\t\t\t<option value=\"\/historia\/polska-anglia-w-pilce-noznej-wyniki-meczow\/\">Anglia<\/option>\r\n\t\t\t\t\t<option value=\"\/historia\/polska-arabia-saudyjska-w-pilce-noznej-wyniki-meczow\/\">Arabia Saudyjska<\/option>\r\n\t\t\t\t\t<option value=\"\/historia\/polska-argentyna-w-pilce-noznej-wyniki-meczow\/\">Argentyna<\/option>\r\n\t\t\t\t\t<option value=\"\/historia\/polska-austria-w-pilce-noznej-wyniki-meczow\/\">Austria<\/option>\r\n\t\t\t\t\t<option value=\"\/historia\/polska-belgia-w-pilce-noznej-wyniki-meczow\/\">Belgia<\/option>\r\n\t\t\t\t\t<option value=\"\/historia\/polska-brazylia-w-pilce-noznej-wyniki-meczow\/\">Brazylia<\/option>\r\n\t\t\t\t\t<option value=\"\/historia\/polska-chile-w-pilce-noznej-wyniki-meczow\/\">Chile<\/option>\r\n\t\t\t\t\t<option value=\"\/historia\/polska-chorwacja-w-pilce-noznej-wyniki-meczow\/\">Chorwacja<\/option>\r\n\t\t\t\t\t<option value=\"\/historia\/historia-i-bilans-meczow-polska-czarnogora\/\">Czarnog\u00f3ra<\/option>\r\n\t\t\t\t\t<option value=\"\/historia\/polska-czechy-w-pilce-noznej-wyniki-meczow\/\">Czechy<\/option>\r\n\t\t\t\t\t<option value=\"\/historia\/historia-i-bilans-meczow-polska-dania-w-pilce-noznej\/\">Dania<\/option>\r\n\t\t\t\t\t<option value=\"\/historia\/polska-estonia-w-pilce-noznej-wyniki-meczow\/\">Estonia<\/option>\r\n\t\t\t\t\t<option value=\"\/historia\/bilans-meczow-polska-francja-kursy-bukmacherskie\/\">Francja<\/option>\r\n\t\t\t\t\t<option value=\"\/historia\/polska-grecja-w-pilce-noznej-wyniki-meczow\/\">Grecja<\/option>\r\n\t\t\t\t\t<option value=\"\/historia\/polska-gruzja-w-pilce-noznej-wyniki-meczow\/\">Gruzja<\/option>\r\n\t\t\t\t\t<option value=\"\/historia\/polska-hiszpania-w-pilce-noznej-wyniki-meczow\/\">Hiszpania<\/option>\r\n\t\t\t\t\t<option value=\"\/historia\/polska-holandia-w-pilce-noznej-wyniki-meczow\/\">Holandia<\/option>\r\n\t\t\t\t\t<option value=\"\/historia\/historia-i-bilans-meczow-polska-irlandia\/\">Irlandia<\/option>\r\n\t\t\t\t\t<option value=\"\/historia\/polska-irlandia-polnocna-w-pilce-noznej-wyniki-meczow\/\">Irlandia P\u00f3\u0142nocna<\/option>\r\n\t\t\t\t\t<option value=\"\/historia\/polska-islandia-w-pilce-noznej-wyniki-meczow\/\">Islandia<\/option>\r\n\t\t\t\t\t<option value=\"\/historia\/historia-i-bilans-meczow-polska-japonia\/\">Japonia<\/option>\r\n\t\t\t\t\t<option value=\"\/historia\/historia-i-bilans-meczow-polska-kazachstan\/\">Kazachstan<\/option>\r\n\t\t\t\t\t<option value=\"\/historia\/historia-i-bilans-meczow-polska-kolumbia\/\">Kolumbia<\/option>\r\n\t\t\t\t\t<option value=\"\/historia\/historia-i-bilans-meczow-polska-korea-poludniowa-w-pilce-noznej\/\">Korea Po\u0142udniowa<\/option>\r\n\t\t\t\t\t<option value=\"\/historia\/polska-liechtenstein-w-pilce-noznej-wyniki-meczow\/\">Liechtenstein<\/option>\r\n\t\t\t\t\t<option value=\"\/historia\/historia-i-bilans-meczow-polska-litwa\/\">Litwa<\/option>\r\n\t\t\t\t\t<option value=\"\/historia\/polska-lotwa-w-pilce-noznej-wyniki-meczow\/\">\u0141otwa<\/option>\r\n\t\t\t\t\t<option value=\"\/historia\/polska-meksyk-w-pilce-noznej-wyniki-meczow\/\">Meksyk<\/option>\r\n\t\t\t\t\t<option value=\"\/historia\/polska-moldawia-w-pilce-noznej-wyniki-meczow\/\">Mo\u0142dawia<\/option>\r\n\t\t\t\t\t<option value=\"\/historia\/polska-niemcy-w-pilce-noznej-wyniki-meczow\/\">Niemcy<\/option>\r\n\t\t\t\t\t<option value=\"\/historia\/historia-i-bilans-meczow-polska-nigeria\/\">Nigeria<\/option>\r\n\t\t\t\t\t<option value=\"\/historia\/polska-norwegia-w-pilce-noznej-wyniki-meczow\/\">Norwegia<\/option>\r\n\t\t\t\t\t<option value=\"\/historia\/polska-nowa-zelandia-w-pilce-noznej-wyniki-meczow\/\">Nowa Zelandia<\/option>\r\n\t\t\t\t\t<option value=\"\/historia\/polska-portugalia-w-pilce-noznej-wyniki-meczow\/\">Portugalia<\/option>\r\n\t\t\t\t\t<option value=\"\/historia\/polska-rosja-w-pilce-noznej-wyniki-meczow\/\">Rosja<\/option>\r\n\t\t\t\t\t<option value=\"\/historia\/historia-i-bilans-meczow-polska-rumunia\/\">Rumunia<\/option>\r\n\t\t\t\t\t<option value=\"\/historia\/polska-san-marino-w-pilce-noznej-wyniki-meczow\/\">San Marino<\/option>\r\n\t\t\t\t\t<option value=\"\/historia\/historia-i-bilans-meczow-polska-senegal\/\">Senegal<\/option>\r\n\t\t\t\t\t<option value=\"\/historia\/polska-slowacja-w-pilce-noznej-wyniki-meczow\/\">S\u0142owacja<\/option>\r\n\t\t\t\t\t<option value=\"\/historia\/polska-slowenia-w-pilce-noznej-wyniki-meczow\/\">S\u0142owenia<\/option>\r\n\t\t\t\t\t<option value=\"\/historia\/polska-szkocja-w-pilce-noznej-wyniki-meczow\/\">Szkocja<\/option>\r\n\t\t\t\t\t<option value=\"\/historia\/polska-szwajcaria-w-pilce-noznej-wyniki-meczow\/\">Szwajcaria<\/option>\r\n\t\t\t\t\t<option value=\"\/historia\/polska-szwecja-w-pilce-noznej-wyniki-meczow\/\">Szwecja<\/option>\r\n\t\t\t\t\t<option value=\"\/historia\/polska-turcja-w-pilce-noznej-wyniki-meczow\/\">Turcja<\/option>\r\n\t\t\t\t\t<option value=\"\/historia\/polska-ukraina-w-pilce-noznej-wyniki-meczow\/\">Ukraina<\/option>\r\n\t\t\t\t\t<option value=\"\/historia\/historia-i-bilans-meczow-polska-urugwaj\/\">Urugwaj<\/option>\r\n\t\t\t\t\t<option value=\"\/historia\/polska-walia-w-pilce-noznej-wyniki-meczow\/\">Walia<\/option>\r\n\t\t\t\t\t<option value=\"\/historia\/polska-wegry-w-pilce-noznej-wyniki-meczow\/\">W\u0119gry<\/option>\r\n\t\t\t\t\t<option value=\"\/historia\/historia-i-bilans-meczow-polska-wlochy-w-pilce-noznej\/\">W\u0142ochy<\/option>\r\n\t\t\t\t\t<option value=\"\/historia\/polska-wyspy-owcze-w-pilce-noznej-wyniki-meczow\/\">Wyspy Owcze<\/option>\r\n\t\t\t\t<\/select>\r\n\t\t\t<\/span>\r\n\t\t\n<table style=\"width: 100%; height: 759px;\">\n<thead>\n<tr style=\"height: 45px;\">\n<th style=\"width: 0.484848%; text-align: center; height: 45px;\">Lp.<\/th>\n<th style=\"width: 10.303%; height: 45px;\">Data meczu<\/th>\n<th style=\"width: 12.8485%; height: 45px;\">Miejsce<\/th>\n<th style=\"width: 16.9696%; height: 45px;\">Mecz<\/th>\n<th style=\"text-align: center; width: 6.06063%; height: 45px;\">Strzelone bramki<\/th>\n<th style=\"text-align: center; width: 12%; height: 45px;\">Strzelone bramki<\/th>\n<th style=\"text-align: center; width: 14.7879%; height: 45px;\">Rodzaj rozgrywek<\/th>\n<th style=\"width: 11.3939%; height: 45px;\">Trener<\/th>\n<\/tr>\n<\/thead>\n<tbody>\n<tr style=\"height: 21px;\">\n<td style=\"width: 0.484848%; text-align: center; height: 21px;\">34.<\/td>\n<td style=\"width: 10.303%; height: 21px;\">2021.11.15 (poniedzia\u0142ek)<\/td>\n<td style=\"width: 12.8485%; height: 21px;\">Warszawa<\/td>\n<td style=\"width: 16.9696%; height: 21px;\">Polska-W\u0119gry<\/td>\n<td style=\"text-align: center; width: 6.06063%; height: 21px;\">[pl] 1<\/td>\n<td style=\"text-align: center; width: 12%; height: 21px;\">[hu] 2<\/td>\n<td style=\"text-align: center; width: 14.7879%; height: 21px;\">EL. M\u015a 2022<\/td>\n<td style=\"width: 11.3939%; height: 21px;\">Sousa<\/td>\n<\/tr>\n<tr style=\"height: 21px;\">\n<td style=\"width: 0.484848%; text-align: center; height: 21px;\">33.<\/td>\n<td style=\"width: 10.303%; height: 21px;\">2021.03.25 (czwartek)<\/td>\n<td style=\"width: 12.8485%; height: 21px;\">Budapeszt<\/td>\n<td style=\"width: 16.9696%; height: 21px;\">W\u0119gry-Polska<\/td>\n<td style=\"text-align: center; width: 6.06063%; height: 21px;\">[hu] 3<\/td>\n<td style=\"text-align: center; width: 12%; height: 21px;\">[pl] 3<\/td>\n<td style=\"text-align: center; width: 14.7879%; height: 21px;\">EL. M\u015a 2022<\/td>\n<td style=\"width: 11.3939%; height: 21px;\">Sousa<\/td>\n<\/tr>\n<tr style=\"height: 21px;\">\n<td style=\"width: 0.484848%; text-align: center; height: 21px;\">32.<\/td>\n<td style=\"width: 10.303%; height: 21px;\">2011.11.15 (wtorek)<\/td>\n<td style=\"width: 12.8485%; height: 21px;\">Pozna\u0144<\/td>\n<td style=\"width: 16.9696%; height: 21px;\">Polska- W\u0119gry<\/td>\n<td style=\"text-align: center; width: 6.06063%; height: 21px;\">[pl] 2<\/td>\n<td style=\"text-align: center; width: 12%; height: 21px;\">[hu] 1<\/td>\n<td style=\"text-align: center; width: 14.7879%; height: 21px;\">MT<\/td>\n<td style=\"width: 11.3939%; height: 21px;\">Smuda<\/td>\n<\/tr>\n<tr style=\"height: 21px;\">\n<td style=\"width: 0.484848%; text-align: center; height: 21px;\">31.<\/td>\n<td style=\"width: 10.303%; height: 21px;\">2007.10.17 (\u015broda)<\/td>\n<td style=\"width: 12.8485%; height: 21px;\">\u0141\u00f3d\u017a<\/td>\n<td style=\"width: 16.9696%; height: 21px;\">Polska- W\u0119gry<\/td>\n<td style=\"text-align: center; width: 6.06063%; height: 21px;\">[pl] 0\u00a0<\/td>\n<td style=\"text-align: center; width: 12%; height: 21px;\">[hu] 1<\/td>\n<td style=\"text-align: center; width: 14.7879%; height: 21px;\">MT<\/td>\n<td style=\"width: 11.3939%; height: 21px;\">Beenhakker<\/td>\n<\/tr>\n<tr style=\"height: 21px;\">\n<td style=\"width: 0.484848%; text-align: center; height: 21px;\">30.<\/td>\n<td style=\"width: 10.303%; height: 21px;\">2003.10.11 (sobota)<\/td>\n<td style=\"width: 12.8485%; height: 21px;\">Budapeszt<\/td>\n<td style=\"width: 16.9696%; height: 21px;\">W\u0119gry- Polska<\/td>\n<td style=\"text-align: center; width: 6.06063%; height: 21px;\">[hu] 1<\/td>\n<td style=\"text-align: center; width: 12%; height: 21px;\">[pl] 2<\/td>\n<td style=\"text-align: center; width: 14.7879%; height: 21px;\">EL. ME 2004<\/td>\n<td style=\"width: 11.3939%; height: 21px;\">Janas<\/td>\n<\/tr>\n<tr style=\"height: 21px;\">\n<td style=\"width: 0.484848%; text-align: center; height: 21px;\">29.<\/td>\n<td style=\"width: 10.303%; height: 21px;\">2003.03.29 (sobota)<\/td>\n<td style=\"width: 12.8485%; height: 21px;\">Chorz\u00f3w<\/td>\n<td style=\"width: 16.9696%; height: 21px;\">Polska- W\u0119gry<\/td>\n<td style=\"text-align: center; width: 6.06063%; height: 21px;\">[pl] 0<\/td>\n<td style=\"text-align: center; width: 12%; height: 21px;\">[hu] 0<\/td>\n<td style=\"text-align: center; width: 14.7879%; height: 21px;\">EL. ME 2004<\/td>\n<td style=\"width: 11.3939%; height: 21px;\">Janas<\/td>\n<\/tr>\n<tr style=\"height: 21px;\">\n<td style=\"width: 0.484848%; text-align: center; height: 21px;\">28.<\/td>\n<td style=\"width: 10.303%; height: 21px;\">2000.03.29 (\u015broda)<\/td>\n<td style=\"width: 12.8485%; height: 21px;\">Debreczyn<\/td>\n<td style=\"width: 16.9696%; height: 21px;\">W\u0119gry- Polska<\/td>\n<td style=\"text-align: center; width: 6.06063%; height: 21px;\">[hu] 0<\/td>\n<td style=\"text-align: center; width: 12%; height: 21px;\">[pl] 0<\/td>\n<td style=\"text-align: center; width: 14.7879%; height: 21px;\">MT<\/td>\n<td style=\"width: 11.3939%; height: 21px;\">Engel<\/td>\n<\/tr>\n<tr style=\"height: 21px;\">\n<td style=\"width: 0.484848%; text-align: center; height: 21px;\">27.<\/td>\n<td style=\"width: 10.303%; height: 21px;\">1997.09.06 (sobota)<\/td>\n<td style=\"width: 12.8485%; height: 21px;\">Warszawa<\/td>\n<td style=\"width: 16.9696%; height: 21px;\">Polska- W\u0119gry<\/td>\n<td style=\"text-align: center; width: 6.06063%; height: 21px;\">[pl] 1<\/td>\n<td style=\"text-align: center; width: 12%; height: 21px;\">[hu] 0<\/td>\n<td style=\"text-align: center; width: 14.7879%; height: 21px;\">MT<\/td>\n<td style=\"width: 11.3939%; height: 21px;\">W\u00f3jcik<\/td>\n<\/tr>\n<tr style=\"height: 21px;\">\n<td style=\"width: 0.484848%; text-align: center; height: 21px;\">26.<\/td>\n<td style=\"width: 10.303%; height: 21px;\">1994.05.04 (\u015broda)<\/td>\n<td style=\"width: 12.8485%; height: 21px;\">Krak\u00f3w<\/td>\n<td style=\"width: 16.9696%; height: 21px;\">Polska- W\u0119gry<\/td>\n<td style=\"text-align: center; width: 6.06063%; height: 21px;\">[pl] 3<\/td>\n<td style=\"text-align: center; width: 12%; height: 21px;\">[hu] 2<\/td>\n<td style=\"text-align: center; width: 14.7879%; height: 21px;\">MT<\/td>\n<td style=\"width: 11.3939%; height: 21px;\">Apostel<\/td>\n<\/tr>\n<tr style=\"height: 21px;\">\n<td style=\"width: 0.484848%; text-align: center; height: 21px;\">25.<\/td>\n<td style=\"width: 10.303%; height: 21px;\">1987.09.23 (\u015broda)<\/td>\n<td style=\"width: 12.8485%; height: 21px;\">Warszawa<\/td>\n<td style=\"width: 16.9696%; height: 21px;\">Polska- W\u0119gry<\/td>\n<td style=\"text-align: center; width: 6.06063%; height: 21px;\">[pl] 3<\/td>\n<td style=\"text-align: center; width: 12%; height: 21px;\">[hu] 2<\/td>\n<td style=\"text-align: center; width: 14.7879%; height: 21px;\">EL. ME 1988<\/td>\n<td style=\"width: 11.3939%; height: 21px;\">\u0141azarek<\/td>\n<\/tr>\n<tr style=\"height: 21px;\">\n<td style=\"width: 0.484848%; text-align: center; height: 21px;\">24.<\/td>\n<td style=\"width: 10.303%; height: 21px;\">1987.05.17 (niedziela)<\/td>\n<td style=\"width: 12.8485%; height: 21px;\">Budapeszt<\/td>\n<td style=\"width: 16.9696%; height: 21px;\">W\u0119gry- Polska<\/td>\n<td style=\"text-align: center; width: 6.06063%; height: 21px;\">[hu] 5<\/td>\n<td style=\"text-align: center; width: 12%; height: 21px;\">[pl] 3<\/td>\n<td style=\"text-align: center; width: 14.7879%; height: 21px;\">EL. ME 1988<\/td>\n<td style=\"width: 11.3939%; height: 21px;\">\u0141azarek<\/td>\n<\/tr>\n<tr style=\"height: 21px;\">\n<td style=\"width: 0.484848%; text-align: center; height: 21px;\">23.<\/td>\n<td style=\"width: 10.303%; height: 21px;\">1980.03.26 (\u015broda)<\/td>\n<td style=\"width: 12.8485%; height: 21px;\">Budapeszt<\/td>\n<td style=\"width: 16.9696%; height: 21px;\">W\u0119gry- Polska<\/td>\n<td style=\"text-align: center; width: 6.06063%; height: 21px;\">[hu] 2<\/td>\n<td style=\"text-align: center; width: 12%; height: 21px;\">[pl] 1<\/td>\n<td style=\"text-align: center; width: 14.7879%; height: 21px;\">MT<\/td>\n<td style=\"width: 11.3939%; height: 21px;\">Kulesza<\/td>\n<\/tr>\n<tr style=\"height: 21px;\">\n<td style=\"width: 0.484848%; text-align: center; height: 21px;\">22.<\/td>\n<td style=\"width: 10.303%; height: 21px;\">1979.04.04 (\u015broda)<\/td>\n<td style=\"width: 12.8485%; height: 21px;\">Chorz\u00f3w<\/td>\n<td style=\"width: 16.9696%; height: 21px;\">Polska- W\u0119gry<\/td>\n<td style=\"text-align: center; width: 6.06063%; height: 21px;\">[pl] 1\u00a0<\/td>\n<td style=\"text-align: center; width: 12%; height: 21px;\">[hu] 1<\/td>\n<td style=\"text-align: center; width: 14.7879%; height: 21px;\">MT<\/td>\n<td style=\"width: 11.3939%; height: 21px;\">Kulesza<\/td>\n<\/tr>\n<tr style=\"height: 21px;\">\n<td style=\"width: 0.484848%; text-align: center; height: 21px;\">21.<\/td>\n<td style=\"width: 10.303%; height: 21px;\">1977.04.13 (\u015broda)<\/td>\n<td style=\"width: 12.8485%; height: 21px;\">Budapeszt<\/td>\n<td style=\"width: 16.9696%; height: 21px;\">W\u0119gry- Polska<\/td>\n<td style=\"text-align: center; width: 6.06063%; height: 21px;\">[hu] 2<\/td>\n<td style=\"text-align: center; width: 12%; height: 21px;\">[pl] 1<\/td>\n<td style=\"text-align: center; width: 14.7879%; height: 21px;\">MT<\/td>\n<td style=\"width: 11.3939%; height: 21px;\">Gmoch<\/td>\n<\/tr>\n<tr style=\"height: 21px;\">\n<td style=\"width: 0.484848%; text-align: center; height: 21px;\">20.<\/td>\n<td style=\"width: 10.303%; height: 21px;\">1975.10.08 (\u015broda)<\/td>\n<td style=\"width: 12.8485%; height: 21px;\">\u0141\u00f3d\u017a<\/td>\n<td style=\"width: 16.9696%; height: 21px;\">Polska- W\u0119gry<\/td>\n<td style=\"text-align: center; width: 6.06063%; height: 21px;\">[pl] 4<\/td>\n<td style=\"text-align: center; width: 12%; height: 21px;\">[hu] 2<\/td>\n<td style=\"text-align: center; width: 14.7879%; height: 21px;\">MT<\/td>\n<td style=\"width: 11.3939%; height: 21px;\">G\u00f3rski<\/td>\n<\/tr>\n<tr style=\"height: 21px;\">\n<td style=\"width: 0.484848%; text-align: center; height: 21px;\">19.<\/td>\n<td style=\"width: 10.303%; height: 21px;\">1972.09.10 (czwartek)<\/td>\n<td style=\"width: 12.8485%; height: 21px;\">Monachium<\/td>\n<td style=\"width: 16.9696%; height: 21px;\">W\u0119gry- Polska<\/td>\n<td style=\"text-align: center; width: 6.06063%; height: 21px;\">[hu] 1<\/td>\n<td style=\"text-align: center; width: 12%; height: 21px;\">[pl] 2<\/td>\n<td style=\"text-align: center; width: 14.7879%; height: 21px;\">IO 1972<\/td>\n<td style=\"width: 11.3939%; height: 21px;\">G\u00f3rski<\/td>\n<\/tr>\n<tr style=\"height: 21px;\">\n<td style=\"width: 0.484848%; text-align: center; height: 21px;\">18.<\/td>\n<td style=\"width: 10.303%; height: 21px;\">1970.05.02 (sobota)<\/td>\n<td style=\"width: 12.8485%; height: 21px;\">Budapeszt<\/td>\n<td style=\"width: 16.9696%; height: 21px;\">W\u0119gry- Polska<\/td>\n<td style=\"text-align: center; width: 6.06063%; height: 21px;\">[hu] 2<\/td>\n<td style=\"text-align: center; width: 12%; height: 21px;\">[pl] 0<\/td>\n<td style=\"text-align: center; width: 14.7879%; height: 21px;\">MT<\/td>\n<td style=\"width: 11.3939%; height: 21px;\">Koncewicz<\/td>\n<\/tr>\n<tr style=\"height: 21px;\">\n<td style=\"width: 0.484848%; text-align: center; height: 21px;\">17.<\/td>\n<td style=\"width: 10.303%; height: 21px;\">1966.05.03 (wtorek)<\/td>\n<td style=\"width: 12.8485%; height: 21px;\">Chorz\u00f3w<\/td>\n<td style=\"width: 16.9696%; height: 21px;\">Polska- W\u0119gry<\/td>\n<td style=\"text-align: center; width: 6.06063%; height: 21px;\">[pl] 1<\/td>\n<td style=\"text-align: center; width: 12%; height: 21px;\">[hu] 1<\/td>\n<td style=\"text-align: center; width: 14.7879%; height: 21px;\">MT<\/td>\n<td style=\"width: 11.3939%; height: 21px;\">Brze\u017ca\u0144czyk<\/td>\n<\/tr>\n<tr style=\"height: 21px;\">\n<td style=\"width: 0.484848%; text-align: center; height: 21px;\">16.<\/td>\n<td style=\"width: 10.303%; height: 21px;\">1962.09.02 (niedziela)<\/td>\n<td style=\"width: 12.8485%; height: 21px;\">Pozna\u0144<\/td>\n<td style=\"width: 16.9696%; height: 21px;\">Polska- W\u0119gry<\/td>\n<td style=\"text-align: center; width: 6.06063%; height: 21px;\">[pl] 0<\/td>\n<td style=\"text-align: center; width: 12%; height: 21px;\">[hu] 2<\/td>\n<td style=\"text-align: center; width: 14.7879%; height: 21px;\">MT<\/td>\n<td style=\"width: 11.3939%; height: 21px;\">Krug, Koncewicz<\/td>\n<\/tr>\n<tr style=\"height: 21px;\">\n<td style=\"width: 0.484848%; text-align: center; height: 21px;\">15.<\/td>\n<td style=\"width: 10.303%; height: 21px;\">1960.11.13 (niedziela)<\/td>\n<td style=\"width: 12.8485%; height: 21px;\">Budapeszt<\/td>\n<td style=\"width: 16.9696%; height: 21px;\">W\u0119gry- Polska<\/td>\n<td style=\"text-align: center; width: 6.06063%; height: 21px;\">[hu] 4<\/td>\n<td style=\"text-align: center; width: 12%; height: 21px;\">[pl] 1<\/td>\n<td style=\"text-align: center; width: 14.7879%; height: 21px;\">MT<\/td>\n<td style=\"width: 11.3939%; height: 21px;\">Krug, Koncewicz<\/td>\n<\/tr>\n<tr style=\"height: 21px;\">\n<td style=\"width: 0.484848%; text-align: center; height: 21px;\">14.<\/td>\n<td style=\"width: 10.303%; height: 21px;\">1958.09.14 (niedziela)<\/td>\n<td style=\"width: 12.8485%; height: 21px;\">Chorz\u00f3w<\/td>\n<td style=\"width: 16.9696%; height: 21px;\">Polska- W\u0119gry<\/td>\n<td style=\"text-align: center; width: 6.06063%; height: 21px;\">[pl] 1<\/td>\n<td style=\"text-align: center; width: 12%; height: 21px;\">[hu] 3<\/td>\n<td style=\"text-align: center; width: 14.7879%; height: 21px;\">MT<\/td>\n<td style=\"width: 11.3939%; height: 21px;\">Reyman, Szymaniak, Dyrda<\/td>\n<\/tr>\n<tr style=\"height: 21px;\">\n<td style=\"width: 0.484848%; text-align: center; height: 21px;\">13.<\/td>\n<td style=\"width: 10.303%; height: 21px;\">1956.07.15 (niedziela)<\/td>\n<td style=\"width: 12.8485%; height: 21px;\">Budapeszt<\/td>\n<td style=\"width: 16.9696%; height: 21px;\">W\u0119gry- Polska<\/td>\n<td style=\"text-align: center; width: 6.06063%; height: 21px;\">[hu] 4<\/td>\n<td style=\"text-align: center; width: 12%; height: 21px;\">[pl] 1<\/td>\n<td style=\"text-align: center; width: 14.7879%; height: 21px;\">MT<\/td>\n<td style=\"width: 11.3939%; height: 21px;\">Koncewicz<\/td>\n<\/tr>\n<tr style=\"height: 21px;\">\n<td style=\"width: 0.484848%; text-align: center; height: 21px;\">12.<\/td>\n<td style=\"width: 10.303%; height: 21px;\">1952.06.15 (niedziela)<\/td>\n<td style=\"width: 12.8485%; height: 21px;\">Warszawa<\/td>\n<td style=\"width: 16.9696%; height: 21px;\">Polska- W\u0119gry<\/td>\n<td style=\"text-align: center; width: 6.06063%; height: 21px;\">[pl] 1<\/td>\n<td style=\"text-align: center; width: 12%; height: 21px;\">[hu] 5<\/td>\n<td style=\"text-align: center; width: 14.7879%; height: 21px;\">MT<\/td>\n<td style=\"width: 11.3939%; height: 21px;\">Koncewicz , Kiraly<\/td>\n<\/tr>\n<tr style=\"height: 21px;\">\n<td style=\"width: 0.484848%; text-align: center; height: 21px;\">11.<\/td>\n<td style=\"width: 10.303%; height: 21px;\">1951.05.27 (niedziela)<\/td>\n<td style=\"width: 12.8485%; height: 21px;\">Budapeszt<\/td>\n<td style=\"width: 16.9696%; height: 21px;\">W\u0119gry- Polska<\/td>\n<td style=\"text-align: center; width: 6.06063%; height: 21px;\">[hu] 6<\/td>\n<td style=\"text-align: center; width: 12%; height: 21px;\">[pl] 0<\/td>\n<td style=\"text-align: center; width: 14.7879%; height: 21px;\">MT<\/td>\n<td style=\"width: 11.3939%; height: 21px;\">Koncewicz<\/td>\n<\/tr>\n<tr style=\"height: 21px;\">\n<td style=\"width: 0.484848%; text-align: center; height: 21px;\">10.<\/td>\n<td style=\"width: 10.303%; height: 21px;\">1950.06.04 (niedziela)<\/td>\n<td style=\"width: 12.8485%; height: 21px;\">Warszawa<\/td>\n<td style=\"width: 16.9696%; height: 21px;\">Polska- W\u0119gry<\/td>\n<td style=\"text-align: center; width: 6.06063%; height: 21px;\">[pl] 2<\/td>\n<td style=\"text-align: center; width: 12%; height: 21px;\">[hu] 5<\/td>\n<td style=\"text-align: center; width: 14.7879%; height: 21px;\">MT<\/td>\n<td style=\"width: 11.3939%; height: 21px;\">Koncewicz i Komitet Selekcyjny<\/td>\n<\/tr>\n<tr style=\"height: 21px;\">\n<td style=\"width: 0.484848%; text-align: center; height: 21px;\">9.<\/td>\n<td style=\"width: 10.303%; height: 21px;\">1949.07.10 (niedziela)<\/td>\n<td style=\"width: 12.8485%; height: 21px;\">Debreczyn<\/td>\n<td style=\"width: 16.9696%; height: 21px;\">W\u0119gry- Polska<\/td>\n<td style=\"text-align: center; width: 6.06063%; height: 21px;\">[hu] 8<\/td>\n<td style=\"text-align: center; width: 12%; height: 21px;\">[pl] 2<\/td>\n<td style=\"text-align: center; width: 14.7879%; height: 21px;\">MT<\/td>\n<td style=\"width: 11.3939%; height: 21px;\">Kuchar i Komitet Selekcyjny<\/td>\n<\/tr>\n<tr style=\"height: 21px;\">\n<td style=\"width: 0.484848%; text-align: center; height: 21px;\">8.<\/td>\n<td style=\"width: 10.303%; height: 21px;\">1948.09.19 (niedziela)<\/td>\n<td style=\"width: 12.8485%; height: 21px;\">Warszawa<\/td>\n<td style=\"width: 16.9696%; height: 21px;\">Polska- W\u0119gry<\/td>\n<td style=\"text-align: center; width: 6.06063%; height: 21px;\">[pl]\u00a0 2<\/td>\n<td style=\"text-align: center; width: 12%; height: 21px;\">[hu] 6<\/td>\n<td style=\"text-align: center; width: 14.7879%; height: 21px;\">MT<\/td>\n<td style=\"width: 11.3939%; height: 21px;\">Alfus, Kuchar<\/td>\n<\/tr>\n<tr style=\"height: 21px;\">\n<td style=\"width: 0.484848%; text-align: center; height: 21px;\">7.<\/td>\n<td style=\"width: 10.303%; height: 21px;\">1939.08.27 (niedziela)<\/td>\n<td style=\"width: 12.8485%; height: 21px;\">Warszawa<\/td>\n<td style=\"width: 16.9696%; height: 21px;\">Polska- W\u0119gry<\/td>\n<td style=\"text-align: center; width: 6.06063%; height: 21px;\">[pl] 4<\/td>\n<td style=\"text-align: center; width: 12%; height: 21px;\">[hu] 2<\/td>\n<td style=\"text-align: center; width: 14.7879%; height: 21px;\">MT<\/td>\n<td style=\"width: 11.3939%; height: 21px;\">Ka\u0142u\u017ca<\/td>\n<\/tr>\n<tr style=\"height: 21px;\">\n<td style=\"width: 0.484848%; text-align: center; height: 21px;\">6.<\/td>\n<td style=\"width: 10.303%; height: 21px;\">1926.08.20 (pi\u0105tek)<\/td>\n<td style=\"width: 12.8485%; height: 21px;\">Budapeszt<\/td>\n<td style=\"width: 16.9696%; height: 21px;\">W\u0119gry- Polska<\/td>\n<td style=\"text-align: center; width: 6.06063%; height: 21px;\">[hu] 4<\/td>\n<td style=\"text-align: center; width: 12%; height: 21px;\">[pl] 1<\/td>\n<td style=\"text-align: center; width: 14.7879%; height: 21px;\">MT<\/td>\n<td style=\"width: 11.3939%; height: 21px;\">Synowiec<\/td>\n<\/tr>\n<tr style=\"height: 21px;\">\n<td style=\"width: 0.484848%; text-align: center; height: 21px;\">5.<\/td>\n<td style=\"width: 10.303%; height: 21px;\">1925.07.19 (niedziela)<\/td>\n<td style=\"width: 12.8485%; height: 21px;\">Krak\u00f3w<\/td>\n<td style=\"width: 16.9696%; height: 21px;\">Polska- W\u0119gry<\/td>\n<td style=\"text-align: center; width: 6.06063%; height: 21px;\">[pl] 0<\/td>\n<td style=\"text-align: center; width: 12%; height: 21px;\">[hu] 2<\/td>\n<td style=\"text-align: center; width: 14.7879%; height: 21px;\">MT<\/td>\n<td style=\"width: 11.3939%; height: 21px;\">Kuchar<\/td>\n<\/tr>\n<tr style=\"height: 21px;\">\n<td style=\"width: 0.484848%; text-align: center; height: 21px;\">4.<\/td>\n<td style=\"width: 10.303%; height: 21px;\">1924.08.31 (niedziela)<\/td>\n<td style=\"width: 12.8485%; height: 21px;\">Budapeszt<\/td>\n<td style=\"width: 16.9696%; height: 21px;\">W\u0119gry- Polska<\/td>\n<td style=\"text-align: center; width: 6.06063%; height: 21px;\">[hu] 4<\/td>\n<td style=\"text-align: center; width: 12%; height: 21px;\">[pl] 0<\/td>\n<td style=\"text-align: center; width: 14.7879%; height: 21px;\">MT<\/td>\n<td style=\"width: 11.3939%; height: 21px;\">Obruba\u0144ski<\/td>\n<\/tr>\n<tr style=\"height: 21px;\">\n<td style=\"width: 0.484848%; text-align: center; height: 21px;\">3.<\/td>\n<td style=\"width: 10.303%; height: 21px;\">1924.05.26 (poniedzia\u0142ek)<\/td>\n<td style=\"width: 12.8485%; height: 21px;\">Pary\u017c<\/td>\n<td style=\"width: 16.9696%; height: 21px;\">W\u0119gry- Polska<\/td>\n<td style=\"text-align: center; width: 6.06063%; height: 21px;\">[hu] 5<\/td>\n<td style=\"text-align: center; width: 12%; height: 21px;\">[pl] 0<\/td>\n<td style=\"text-align: center; width: 14.7879%; height: 21px;\">IO 1924<\/td>\n<td style=\"width: 11.3939%; height: 21px;\">Obruba\u0144ski, Biro<\/td>\n<\/tr>\n<tr style=\"height: 21px;\">\n<td style=\"width: 0.484848%; text-align: center; height: 21px;\">2.<\/td>\n<td style=\"width: 10.303%; height: 21px;\">1922.05.14 (niedziela)<\/td>\n<td style=\"width: 12.8485%; height: 21px;\">Krak\u00f3w<\/td>\n<td style=\"width: 16.9696%; height: 21px;\">Polska- W\u0119gry<\/td>\n<td style=\"text-align: center; width: 6.06063%; height: 21px;\">[pl] 0<\/td>\n<td style=\"text-align: center; width: 12%; height: 21px;\">[hu] 3<\/td>\n<td style=\"text-align: center; width: 14.7879%; height: 21px;\">MT<\/td>\n<td style=\"width: 11.3939%; height: 21px;\">Lustgarten, Ziemia\u0144ski, Obruba\u0144ski<\/td>\n<\/tr>\n<tr style=\"height: 21px;\">\n<td style=\"width: 0.484848%; text-align: center; height: 21px;\">1.<\/td>\n<td style=\"width: 10.303%; height: 21px;\">1921.12.18 (niedziela)<\/td>\n<td style=\"width: 12.8485%; height: 21px;\">Budapeszt<\/td>\n<td style=\"width: 16.9696%; height: 21px;\">W\u0119gry- Polska<\/td>\n<td style=\"text-align: center; width: 6.06063%; height: 21px;\">[hu] 1<\/td>\n<td style=\"text-align: center; width: 12%; height: 21px;\">[pl] 0<\/td>\n<td style=\"text-align: center; width: 14.7879%; height: 21px;\">MT<\/td>\n<td style=\"width: 11.3939%; height: 21px;\">J\u00f3zef Szkolnikowski, <br \/>\nImre Pozsonyi<\/td>\n<\/tr>\n<\/tbody>\n<\/table>\n<p>&nbsp;<\/p>\n<h2 id=\"mecz-19-04-1980\"><span class=\"ez-toc-section\" id=\"34_Mecz_Polska-_Wegry_1_2_15_listopada_2021_r\"><\/span><a id=\"mecz-2021-11-15\"><\/a>34. Mecz Polska- W\u0119gry 1:2 (15 listopada 2021 r.)<span class=\"ez-toc-section-end\"><\/span><\/h2>\n<ul>\n<li><strong>Data meczu:<\/strong> 15.11.2021<\/li>\n<li><strong>Ranga meczu:<\/strong> Eliminacje Mistrzostw \u015awiata 2022<\/li>\n<li><strong>S\u0119dzia:<\/strong> Tiago Martins &#8211; Portugalia<\/li>\n<li><strong>Stadion:<\/strong> Stadion P.G.E. [Polska Grupa Energetyczna] Narodowy, Warszawa<\/li>\n<li><strong>Trener:<\/strong> Paulo Sousa<\/li>\n<\/ul>\n<p><strong>\u26bd Strzelone bramki:<\/strong><\/p>\n<ul>\n<li>Andr\u00e1s Sch\u00e4fer [hu] 37&#8242;<\/li>\n<li>Karol \u015awiderski [pl] 61&#8242;<\/li>\n<li>D\u00e1niel Gazdag [hu] 80&#8242;<\/li>\n<\/ul>\n<p><strong>? Sk\u0142ady:<\/strong><\/p>\n<table style=\"border-collapse: collapse; width: 100%;\">\n<thead>\n<tr>\n<th style=\"width: 50%;\">[pl] Polska:<\/th>\n<th style=\"width: 50%;\">[hu] W\u0119gry:<\/th>\n<\/tr>\n<\/thead>\n<tbody>\n<tr>\n<td style=\"width: 50%;\">\n<ul>\n<li><strong>Wojciech Szcz\u0119sny<\/strong> kapitan -Juventus FC<\/li>\n<li><strong>Tomasz K\u0119dziora<\/strong> 67&#8242; [ycard] -Dynamo Kij\u00f3w<\/li>\n<li><strong>Jan Bednarek<\/strong> -Southampton FC<\/li>\n<li><strong>Pawe\u0142 Dawidowicz<\/strong> -Hellas Verona<\/li>\n<li><strong>Tymoteusz Puchacz<\/strong> 58&#8242; [ycard] do 83&#8242; -1. FC Union Berlin<\/li>\n<li>od 83&#8242; <strong>Przemys\u0142aw P\u0142acheta<\/strong> -Norwich City FC<\/li>\n<li><strong>Mateusz Klich<\/strong> 41&#8242; [ycard] -Leeds United<\/li>\n<li><strong>Jakub Moder<\/strong> do 46&#8242; -Brighton &amp; Hove Albion<\/li>\n<li>od 46&#8242; <strong>Piotr Zieli\u0144ski<\/strong> -SSC Napoli<\/li>\n<li><strong>Matty Cash<\/strong> 45+2&#8242; [ycard] do 46&#8242; -Aston Villa<\/li>\n<li>od 46&#8242; <strong>Kamil J\u00f3\u017awiak<\/strong> -Derby County<\/li>\n<li><strong>Karol \u015awiderski<\/strong> -PAOK<\/li>\n<li><strong>Karol Linetty<\/strong> do 65&#8242; -Torino FC<\/li>\n<li>od 65&#8242; <strong>Przemys\u0142aw Frankowski<\/strong> -RC Lens<\/li>\n<li><strong>Krzysztof Pi\u0105tek<\/strong> do 65&#8242; -Hertha Berlin<\/li>\n<li>od 65&#8242;<strong> Arkadiusz Milik<\/strong> -Olympique Marsylia<\/li>\n<\/ul>\n<\/td>\n<td style=\"width: 50%;\">\n<ul>\n<li><strong>D\u00e9nes Dibusz<\/strong> -Ferencv\u00e1rosi TC<\/li>\n<li><strong>Attila Fiola<\/strong> -MOL Feh\u00e9rv\u00e1r FC<\/li>\n<li><strong>Lo\u00efc N\u00e9go<\/strong> -MOL Feh\u00e9rv\u00e1r FC<\/li>\n<li><strong>\u00c1d\u00e1m Lang<\/strong> -AC Omonoia<\/li>\n<li><strong>Zsolt Nagy<\/strong> 6&#8242; [ycard] -Pusk\u00e1s Akad\u00e9mia<\/li>\n<li><strong>Attila Szalai<\/strong> 64&#8242; [ycard] -Fenerbah\u00e7e SK<\/li>\n<li><strong>Kevin Varga<\/strong> do 58&#8242; -Kas\u0131mpa\u015fa SK<\/li>\n<li>od 58&#8242; <strong>D\u00e1niel Gazdag<\/strong> 74&#8242; [ycard] -Philadelphia Union<\/li>\n<li><strong>Andr\u00e1s Sch\u00e4fer<\/strong> &#8211; FC DAC 1904 Dunajsk\u00e1 Streda<\/li>\n<li><strong>\u00c1d\u00e1m Szalai<\/strong> kapitan do 89&#8242; -1. FSV Mainz 05<\/li>\n<li>od 89&#8242; <strong>J\u00e1nos Hahn<\/strong> -FC DAC 1904 Dunajsk\u00e1 Streda<\/li>\n<li><strong>Szabolcs Sch\u00f6n<\/strong> 43&#8242; [ycard] do 72&#8242; -FC Dallas<\/li>\n<li>od 72&#8242; <strong>Tam\u00e1s Kiss<\/strong> -SC Cambuur<\/li>\n<li><strong>\u00c1d\u00e1m Nagy<\/strong> do 90&#8242; -AC Pisa<\/li>\n<li>od 90&#8242;<strong> B\u00e1lint V\u00e9csei<\/strong> -Ferencv\u00e1rosi TC<\/li>\n<\/ul>\n<\/td>\n<\/tr>\n<\/tbody>\n<\/table>\n<p><div id=\"attachment_11574\" style=\"width: 610px\" class=\"wp-caption aligncenter\"><img loading=\"lazy\" decoding=\"async\" aria-describedby=\"caption-attachment-11574\" class=\"wp-image-11574 size-medium\" src=\"https:\/\/kronika-futbolu.pl\/historia\/wp-content\/uploads\/2021\/11\/34A_wegry_polska_2021_kadr_z_transmisji-600x311.png\" alt=\"Polska - W\u0119gry 2021\" width=\"600\" height=\"311\" srcset=\"https:\/\/kronika-futbolu.pl\/historia\/wp-content\/uploads\/2021\/11\/34A_wegry_polska_2021_kadr_z_transmisji-600x311.png 600w, https:\/\/kronika-futbolu.pl\/historia\/wp-content\/uploads\/2021\/11\/34A_wegry_polska_2021_kadr_z_transmisji.png 678w\" sizes=\"auto, (max-width: 600px) 100vw, 600px\" \/><p id=\"caption-attachment-11574\" class=\"wp-caption-text\">Polska &#8211; W\u0119gry 2021. \u0179r\u00f3d\u0142o: Kadr z transmisji<\/p><\/div> <div id=\"attachment_11575\" style=\"width: 610px\" class=\"wp-caption alignleft\"><img loading=\"lazy\" decoding=\"async\" aria-describedby=\"caption-attachment-11575\" class=\"wp-image-11575 size-medium\" src=\"https:\/\/kronika-futbolu.pl\/historia\/wp-content\/uploads\/2021\/11\/34B_wegry_polska_2021_kadr_z_transmisji-600x335.png\" alt=\"Polska - W\u0119gry 2021\" width=\"600\" height=\"335\" srcset=\"https:\/\/kronika-futbolu.pl\/historia\/wp-content\/uploads\/2021\/11\/34B_wegry_polska_2021_kadr_z_transmisji-600x335.png 600w, https:\/\/kronika-futbolu.pl\/historia\/wp-content\/uploads\/2021\/11\/34B_wegry_polska_2021_kadr_z_transmisji-768x429.png 768w, https:\/\/kronika-futbolu.pl\/historia\/wp-content\/uploads\/2021\/11\/34B_wegry_polska_2021_kadr_z_transmisji.png 792w\" sizes=\"auto, (max-width: 600px) 100vw, 600px\" \/><p id=\"caption-attachment-11575\" class=\"wp-caption-text\">Polska &#8211; W\u0119gry 2021. \u0179r\u00f3d\u0142o: Kadr z transmisji<\/p><\/div><\/p>\n<p style=\"text-align: justify;\">Trzy dni po pokonaniu Andory i zapewnieniu sobie miejsca w bara\u017cach eliminacji do Mistrzostw \u015awiata 2022 Reprezentacja Polski w Warszawie zagra\u0142a z W\u0119grami. By\u0142 to dla Polak\u00f3w ostatni mecz w rundzie grupowej i ostatni w roku 2021. Z polskiej grupy na Mundial awansowa\u0142a Anglia, a Polska z drugiego miejsca trafi\u0142a do bara\u017cy, kt\u00f3re zaplanowano na marzec 2022.\u00a0<\/p>\n<p style=\"text-align: justify;\">Pomimo pewnego miejsca w bara\u017cach, spotkanie z Madziarami nie by\u0142o bez \u017cadnej stawki. Wygrana umo\u017cliwi\u0142a by Polsce bycie rozstawionym podczas losowania bara\u017cy i unikni\u0119cie silnych rywali. Remis i pora\u017cka te\u017c mog\u0142y da\u0107 rozstawienie, ale przy odpowiednich wynikach w innych spotkaniach. Niestety Bia\u0142o-Czerwoni przegrali 1-2, a wyniki w pozosta\u0142ych meczach by\u0142y niekorzystne.\u00a0<\/p>\n<p style=\"text-align: justify;\">Po pora\u017cce z W\u0119grami wybuch\u0142a niema\u0142a burza w\u015br\u00f3d dziennikarzy, ekspert\u00f3w kibic\u00f3w. W por\u00f3wnaniu z spotkaniem z Andor\u0105 na W\u0119gr\u00f3w nie wyszli nasi najlepsi pi\u0142karze tj. przede wszystkim Robert Lewandowski, a tak\u017ce Kamil Glik i Piotr Zieli\u0144ski. Zarzucano trenerowi Paulo Sousie zlekcewa\u017cenie spotkania, a oliwy do ognia dola\u0142y wypowiedzi po meczu, kt\u00f3re nie wyt\u0142umaczy\u0142y zrozumiale decyzji sztabu.\u00a0<\/p>\n<p style=\"text-align: justify;\">Pierwszy gol pad\u0142 w 37 minucie. Z nieco ponad 30 metr\u00f3w z rzutu wolnego w pole karne pi\u0142k\u0119 wrzuci\u0142 Zsolt Nagy. Pi\u0142k\u0119 chcia\u0142 wybi\u0107 g\u0142ow\u0105 Tymoteusz Puchacz, ale niefortunnie lot pi\u0142ki zosta\u0142 wyd\u0142u\u017cony i pi\u0142k\u0119 g\u0142ow\u0105 uderzy\u0142 Andr\u00e1s Sch\u00e4fer i go\u015bcie prowadzili. Do wyr\u00f3wnania doprowadzi\u0142 Karol \u015awiderski w 61 minucie. Rzut ro\u017cny wykonywa\u0142 Piotr Zieli\u0144ski. Pi\u0142k\u0119 nast\u0119pnie zgra\u0142 g\u0142ow\u0105 Bednarek, a ta odbi\u0142a si\u0119 od w\u0119gierskiego pi\u0142karza i znalaz\u0142a si\u0119 w dogodnym do uderzenia miejscu co wykorzysta\u0142 \u015awiderski. W 80 minucie go\u015bcie zagrali kilka szybszych poda\u0144 i z prawej strony Tam\u00e1s Kiss do\u015brodkowa\u0142 do niepilnowanego na linii pola karnego D\u00e1niela Gazdaga, kt\u00f3ry zdoby\u0142 drugiego gola dla W\u0119gr\u00f3w.\u00a0<\/p>\n<h2 id=\"mecz-19-04-1980\"><span class=\"ez-toc-section\" id=\"33_Mecz_Wegry-_Polska_3_3_25_marca_2021_r\"><\/span><a id=\"mecz-2021-03-25\"><\/a>33. Mecz W\u0119gry- Polska 3:3 (25 marca 2021 r.)<span class=\"ez-toc-section-end\"><\/span><\/h2>\n<ul>\n<li><strong>Data meczu:<\/strong> 25.03.2021<\/li>\n<li><strong>Ranga meczu:<\/strong> Eliminacje Mistrzostw \u015awiata 2022<\/li>\n<li><strong>S\u0119dzia:<\/strong> Felix Brych &#8211; Niemcy<\/li>\n<li><strong>Stadion:<\/strong> Pusk\u00e0s Ferenc Stadion, Budapest<\/li>\n<li><strong>Trener:<\/strong> Paulo Sousa<\/li>\n<\/ul>\n<p><strong>\u26bd Strzelone bramki:<\/strong><\/p>\n<ul>\n<li>Roland Sallai [hu] 6&#8242;<\/li>\n<li>\u00c1d\u00e1m Szalai [hu] 52&#8242;<\/li>\n<li>Krzysztof Pi\u0105tek [pl] 60&#8242;<\/li>\n<li>Kamil J\u00f3\u017awiak [pl] 61&#8242;<\/li>\n<li>Willi Orb\u00e1n [hu] 78&#8242;<\/li>\n<li>Robert Lewandowski [pl] 83&#8242;<\/li>\n<\/ul>\n<p><strong>? Sk\u0142ady:<\/strong><\/p>\n<table style=\"border-collapse: collapse; width: 100%;\">\n<thead>\n<tr>\n<th style=\"width: 50%;\">[hul] W\u0119gry:<\/th>\n<th style=\"width: 50%;\">[pl] Polska:<\/th>\n<\/tr>\n<\/thead>\n<tbody>\n<tr>\n<td style=\"width: 50%;\">\n<ul>\n<li><strong>P\u00e9ter Gul\u00e1csi<\/strong> -RB Lipsk<\/li>\n<li><strong>Attila Fiola<\/strong> 8&#8242; [ycard] 90+5&#8242; [ycard] [rcard] -MOL Feh\u00e9rv\u00e1r FC<\/li>\n<li><strong>Gerg\u0151 Lovrencsics<\/strong> do 66&#8242; -Ferencv\u00e1rosi TC<\/li>\n<li>od 66&#8242; <strong>Lo\u00efc N\u00e9go<\/strong> -MOL Feh\u00e9rv\u00e1r FC<\/li>\n<li><strong>Willi Orb\u00e1n<\/strong> -RB Lipsk<\/li>\n<li><strong>Szilveszter Hangya<\/strong> do 66&#8242; -MOL Feh\u00e9rv\u00e1r FC<\/li>\n<li>od 66&#8242; <strong>\u00c1d\u00e1m Lang<\/strong> 73&#8242; [ycard] -AC Omonia<\/li>\n<li><strong>Attila Szalai<\/strong> 87&#8242; [ycard] -Fenerbah\u00e7e SK<\/li>\n<li><strong>L\u00e1szl\u00f3 Kleinheisler<\/strong> -NK Osijek<\/li>\n<li><strong>Zsolt Kalm\u00e1r<\/strong> do 81&#8242; -FC DAC 1904 Dunajsk\u00e1 Streda<\/li>\n<li>od 81&#8242; <strong>D\u00e1vid Sig\u00e9r<\/strong> -Ferencv\u00e1rosi TC<\/li>\n<li><strong>Roland Sallai<\/strong> do 72&#8242; -SC Freiburg<\/li>\n<li>od 72&#8242; <strong>Kevin Varga<\/strong> -Kas\u0131mpa\u015fa SK<\/li>\n<li><strong>\u00c1d\u00e1m Nagy<\/strong> do 80&#8242; [ycard] -Bristol City FC<\/li>\n<li><strong>\u00c1d\u00e1m Szalai<\/strong> kapitan -1. FSV Mainz 05<\/li>\n<\/ul>\n<\/td>\n<td style=\"width: 50%;\">\n<ul>\n<li><strong>Wojciech Szcz\u0119sny<\/strong> -Juventus FC<\/li>\n<li><strong>Bartosz Bereszy\u0144ski<\/strong> 49&#8242; [ycard] -UC Sampdoria<\/li>\n<li><strong>Jan Bednarek<\/strong> -Southampton FC,<\/li>\n<li><strong>Micha\u0142 Helik<\/strong> 34&#8242; [ycard] do 58&#8242; -Barnsley FC<\/li>\n<li>od 58&#8242;<strong> Kamil Glik<\/strong> -Benevento Calcio<\/li>\n<li><strong>Grzegorz Krychowiak<\/strong> -Lokomotiv Moskwa<\/li>\n<li><strong>Piotr Zieli\u0144ski<\/strong> -SSC Napoli<\/li>\n<li><strong>Jakub Moder<\/strong> do 59&#8242; -Brighton &amp; Hove Albion<\/li>\n<li>od 59&#8242; <strong>Krzysztof Pi\u0105tek<\/strong> -Hertha Berlin<\/li>\n<li><strong>Sebastian Szyma\u0144ski<\/strong> do 59&#8242; -Dinamo Moskwa<\/li>\n<li>od 59&#8242; <strong>Kamil J\u00f3\u017awiak<\/strong> -Derby County<\/li>\n<li><strong>Robert Lewandowski<\/strong> kapitan -Bayern Monachium<\/li>\n<li><strong>Arkadiusz Reca<\/strong> do 79&#8242; -FC Crotone<\/li>\n<li>od 79&#8242; <strong>Maciej Rybus<\/strong> -Lokomotiv Moskwa<\/li>\n<li><strong>Arkadiusz Milik<\/strong> do 84&#8242; -Olympique Marsylia<\/li>\n<li>od 84&#8242; <strong>Kamil Grosicki<\/strong> -West Bromwich Albion<\/li>\n<\/ul>\n<\/td>\n<\/tr>\n<\/tbody>\n<\/table>\n<p><div id=\"attachment_10947\" style=\"width: 543px\" class=\"wp-caption aligncenter\"><img loading=\"lazy\" decoding=\"async\" aria-describedby=\"caption-attachment-10947\" class=\"size-medium wp-image-10947\" src=\"https:\/\/kronika-futbolu.pl\/historia\/wp-content\/uploads\/2021\/03\/IMG_20210325_204111-533x400.jpg\" alt=\"W\u0119gry - Polska 2021\" width=\"533\" height=\"400\" srcset=\"https:\/\/kronika-futbolu.pl\/historia\/wp-content\/uploads\/2021\/03\/IMG_20210325_204111-533x400.jpg 533w, https:\/\/kronika-futbolu.pl\/historia\/wp-content\/uploads\/2021\/03\/IMG_20210325_204111-1600x1200.jpg 1600w, https:\/\/kronika-futbolu.pl\/historia\/wp-content\/uploads\/2021\/03\/IMG_20210325_204111-768x576.jpg 768w, https:\/\/kronika-futbolu.pl\/historia\/wp-content\/uploads\/2021\/03\/IMG_20210325_204111-1536x1152.jpg 1536w, https:\/\/kronika-futbolu.pl\/historia\/wp-content\/uploads\/2021\/03\/IMG_20210325_204111-2048x1536.jpg 2048w\" sizes=\"auto, (max-width: 533px) 100vw, 533px\" \/><p id=\"caption-attachment-10947\" class=\"wp-caption-text\">W\u0119gry &#8211; Polska 2021. Kadr z transmisji.<\/p><\/div> <div id=\"attachment_10950\" style=\"width: 566px\" class=\"wp-caption alignleft\"><img loading=\"lazy\" decoding=\"async\" aria-describedby=\"caption-attachment-10950\" class=\"wp-image-10950 \" src=\"https:\/\/kronika-futbolu.pl\/historia\/wp-content\/uploads\/2021\/03\/2021-03-27-at-08-22-25-600x353.png\" alt=\"W\u0119gry - Polska 2021\" width=\"556\" height=\"327\" srcset=\"https:\/\/kronika-futbolu.pl\/historia\/wp-content\/uploads\/2021\/03\/2021-03-27-at-08-22-25-600x353.png 600w, https:\/\/kronika-futbolu.pl\/historia\/wp-content\/uploads\/2021\/03\/2021-03-27-at-08-22-25-768x452.png 768w, https:\/\/kronika-futbolu.pl\/historia\/wp-content\/uploads\/2021\/03\/2021-03-27-at-08-22-25.png 1236w\" sizes=\"auto, (max-width: 556px) 100vw, 556px\" \/><p id=\"caption-attachment-10950\" class=\"wp-caption-text\">Pierwszy gol dla W\u0119gr\u00f3w. Kadr z transmisji.<\/p><\/div><\/p>\n<p style=\"text-align: justify;\">Z wielkimi nadziejami, oczekiwaniami i z wieloma niepewno\u015bciami polscy kibice czekali na pierwszy mecz Reprezentacji Polski w 2021 roku. W Budapeszcie Bia\u0142o-Czerwoni zmierzyli si\u0119 z W\u0119grami w pierwszym pojedynku w walce o awans Mistrzostwa \u015awiata 2002. W roli selekcjonera zadebiutowa\u0142 Portugalczyk Paulo Sousa, kt\u00f3ry zast\u0105pi\u0142 zwolnionego kilka tygodni wcze\u015bniej\u00a0 Jerzego Brz\u0119czka. Nowy trener zapowiada\u0142 now\u0105 koncepcj\u0119 gry opieraj\u0105ca si\u0119 na graniu wi\u0119cej pi\u0142k\u0105 i ci\u0105g\u0142y nap\u00f3r na bramk\u0119 rywala. Z zapowiedni, oraz patrz\u0105c na powo\u0142any sk\u0142ad mo\u017cna by\u0142o wnioskowa\u0107 gr\u0119 tr\u00f3jk\u0105 obro\u0144c\u00f3w i dw\u00f3ch napastnik\u00f3w.<\/p>\n<p style=\"text-align: justify;\">Po pierwszy kilku minutach gry faktycznie Polacy utrzymywali si\u0119 zdecydowanie wi\u0119cej przy pi\u0142ce, nie tracili futbol\u00f3wki w spos\u00f3b nieprzemy\u015blany, zapowiada\u0142o si\u0119 naprawd\u0119 obiecuj\u0105c\u0105, ale na tym si\u0119 sko\u0144czy\u0142o.\u00a0<\/p>\n<p style=\"text-align: justify;\">W 6 minucie W\u0119grzy odzyskali pi\u0142k\u0119 na swojej po\u0142owie, jednym zagraniem uruchomili \u015bwietn\u0105 akcj\u0119 bramkow\u0105. Roland Sallai przej\u0105\u0142 podanie i po przebiegni\u0119ciu kilkudziesi\u0119ciu metr\u00f3w przy biernej obronie Polak\u00f3w pokona\u0142 \u017ale ustawionego Wojciecha Szcz\u0119snego. Do ko\u0144ca I po\u0142owy gra obu dru\u017cyn wygl\u0105da\u0142o ospanie i brakowa\u0142o sytuacji bramkowych. Polski zesp\u00f3\u0142 mia\u0142 problem z znalezieniem pomys\u0142u na przebicie lini obrony rywali.<\/p>\n<p style=\"text-align: justify;\">Druga po\u0142owa rozpocz\u0119\u0142a si\u0119 od gola gospodarzy. W 52 minucie wynik podwy\u017cszy\u0142 \u00c1d\u00e1m Szalai po tym jak Madziarzy rozegrali \u0142\u0105dn\u0105 akcj\u0119 i po wymianie kilku poda\u0144 napastnik 1.FSV Mainz 05, kt\u00f3ry w trwaj\u0105cym sezonie nie zdoby\u0142 nawet jednej bramki pokona\u0142 Szcz\u0119snego.<\/p>\n<p style=\"text-align: justify;\">Na szcz\u0119\u015bcie dla Polak\u00f3w by\u0142o jeszcze du\u017co czasu do ostatniego gwizdka s\u0119dziego. W 58 minucie Paulo Sousa dokona\u0142 kluczowych dla spotkania zmian. \u015aci\u0105gn\u0105\u0142 z boiska Helika, Modera, Szyma\u0144skiego. W ich miejscu pojawili si\u0119 Glik, J\u00f3\u017awiak, Pi\u0105tek. Ju\u017c w pierwszym kontakcie z pi\u0142k\u0105 J\u00f3\u017awiak do\u015brodkowa\u0142 z prawej strony w pole karne gdzie \u015bwietnie ustawiony by\u0142 Pi\u0105tek i zdoby\u0142 bramk\u0119 kontaktow\u0105 (po drodze pi\u0142k\u0119 jeszcze lekko tr\u0105ci\u0142 Krychowiak). Dok\u0142adnie kilkadziesi\u0105t sekund p\u00f3\u017aniej J\u00f3\u017awiak sam wdar\u0142 si\u0119 w pole karne i zdoby\u0142 drug\u0105 bramk\u0119 dla Reprezentacji Polski. Trzy minuty, kt\u00f3re odmieni\u0142y polsk\u0105 dru\u017cyn\u0119, zmiany i dwie bramki zmiennik\u00f3w, nadzieja na dobry wynik wr\u00f3ci\u0142y.<\/p>\n<p style=\"text-align: justify;\">W 78 minucie W\u0119grzy atakowali w polskim polu karnym. \u00c1d\u00e1m Szalai spod ko\u0144cowej linii boiska na styku z polu karnym z lewej strony wrzuci\u0142 pi\u0142k\u0119 w pole bramkowe i za spraw\u0105 Willi Orb\u00e1na by\u0142o 3-2 dla gospodarzy. Polacy odpowiedzieli 5 minut p\u00f3\u017aniej. Bereszy\u0144ski do\u015brodkowa\u0142 z prawej strony do Roberta Lewandowskiego b\u0119d\u0105cego w polu karnym. Najlepszy pi\u0142karz \u015bwiata przyj\u0105\u0142 podanie, ustawi\u0142 si\u0119 do strza\u0142u i doprowadzi\u0142 do wyr\u00f3wnania. W\u0119grzy ko\u0144czyli spotkanie w 10 po tym jak Attila Fiola otrzyma\u0142 w ostatniej minucie drug\u0105 \u017c\u00f3\u0142t\u0105 kartk\u0119.<\/p>\n<p style=\"text-align: justify;\">Niedosyt i lekkie rozczarowanie, ale trzeba mie\u0107 na uwadze, \u017ce nowy sztab szkoleniowy pracowa\u0142 z zawodnikami tylko 3 dni. Nowy pomys\u0142 na gr\u0119 nie do ko\u0144ca si\u0119 przyj\u0105\u0142, ale Sousa zauwa\u017cy\u0142 co i kogo nale\u017cy zmieni\u0107 co uratowa\u0142o wynik. Zawiod\u0142a obrona, a atak by\u0142 ma\u0142o wykorzystywany. Zabrak\u0142o szybszej gry na po\u0142owie rywala, szukania b\u0142yskawicznych poda\u0144 i stwarzania wi\u0119cej sytuacji bramkowych.<\/p>\n<p style=\"text-align: justify;\">Zadebiutowa\u0142 Micha\u0142 Helik. Wojciech Szcz\u0119sny rozegra\u0142 50 mecz w reprezentacji, a Kamil Glik 80.<\/p>\n<h2 id=\"mecz-19-04-1980\"><span class=\"ez-toc-section\" id=\"32_Mecz_Polska_%E2%80%93_Wegry_2_1_15_listopada_2011_r\"><\/span><a id=\"mecz-2011-11-15\"><\/a>32. Mecz Polska &#8211; W\u0119gry 2:1 (15 listopada 2011 r.)<span class=\"ez-toc-section-end\"><\/span><\/h2>\n<ul>\n<li><strong>Data meczu:<\/strong> 15.11.2011<\/li>\n<li><strong>Ranga meczu:<\/strong> Towarzyski<\/li>\n<li><strong>S\u0119dzia:<\/strong> Hannes Kaasik &#8211; Estonia<\/li>\n<li><strong>Stadion:<\/strong> Stadion Miejski, Pozna\u0144<\/li>\n<li><strong>Trener:<\/strong> Franciszek Smuda<\/li>\n<\/ul>\n<p><strong>\u26bd Strzelone bramki:<\/strong><\/p>\n<ul>\n<li>Pawe\u0142 Bro\u017cek [pl] 37&#8242;<\/li>\n<li>Tam\u00e1s Priskin [hu] 79&#8242;<\/li>\n<li>Vilmos Vancz\u00e1k [hu] 85&#8242;- gol samob\u00f3jczy<\/li>\n<\/ul>\n<p><strong>? Sk\u0142ady:<\/strong><\/p>\n<table style=\"border-collapse: collapse; width: 100%;\">\n<thead>\n<tr>\n<th style=\"width: 50%;\">[pl] Polska:<\/th>\n<th style=\"width: 50%;\">[hu] W\u0119gry:<\/th>\n<\/tr>\n<\/thead>\n<tbody>\n<tr>\n<td style=\"width: 50%;\">\n<ul>\n<li><strong>\u0141ukasz Fabia\u0144ski<\/strong> -Arsenal FC<\/li>\n<li><strong>Marcin Wasilewski<\/strong> -RSC Anderlecht<\/li>\n<li><strong>Grzegorz Wojtkowiak<\/strong> do 84&#8242; -Lech Pozna\u0144<\/li>\n<li>od 84&#8242; <strong>Janusz Gol<\/strong> -Legia Warszawa<\/li>\n<li><strong>Arkadiusz G\u0142owacki<\/strong> do 59&#8242; -Trabzonspor<\/li>\n<li>od 59&#8242; <strong>\u0141ukasz Piszczek<\/strong> -Borussia Dortmund<\/li>\n<li><strong>Marcin Komorowski<\/strong> -Legia Warszawa<\/li>\n<li><strong>Dariusz Dudka<\/strong> do 65&#8242; -AJ Auxerre<\/li>\n<li>od 65&#8242;<strong> Tomasz Jod\u0142owiec<\/strong> -Polonia Warszawa<\/li>\n<li><strong>Jakub B\u0142aszczykowski<\/strong> kapitan -Borussia Dortmund<\/li>\n<li><strong>Maciej Rybus<\/strong> -Legia Warszawa<\/li>\n<li><strong>Adam Matuszczyk<\/strong> do 46&#8242; -1. FC K\u00f6ln<\/li>\n<li>od 46&#8242; <strong>Rafa\u0142 Murawski<\/strong> -Lech Pozna\u0144<\/li>\n<li><strong>Pawe\u0142 Bro\u017cek<\/strong> do 66&#8242; -Trabzonspor<\/li>\n<li>od 66&#8242; <strong>Robert Lewandowski<\/strong> -Borussia Dortmund<\/li>\n<li><strong>Adrian Mierzejewski<\/strong> do 73&#8242; -Trabzonspor<\/li>\n<li>od 73&#8242;<strong> Ludovic Obraniak<\/strong> -LOSC Lille M\u00e9tropole<\/li>\n<\/ul>\n<\/td>\n<td style=\"width: 50%;\">\n<ul>\n<li><strong>\u00c1d\u00e1m Bogd\u00e1n<\/strong> -Bolton Wanderers<\/li>\n<li><strong>Roland Juh\u00e1sz<\/strong> -RSC Anderlecht<\/li>\n<li><strong>Vilmos Vancz\u00e1k<\/strong> -FC Sion<\/li>\n<li><strong>Zsolt Laczk\u00f3<\/strong> -UC Sampdoria<\/li>\n<li><strong>D\u00e1niel T\u0151zs\u00e9r<\/strong> 30&#8242; [ycard] do 46&#8242; -KRC Genk<\/li>\n<li>od 46&#8242; <strong>\u00c1kos Elek<\/strong> -Videoton FC<\/li>\n<li><strong>Zolt\u00e1n Gera<\/strong> kapitan -West Bromwich Albion FC<\/li>\n<li><strong>Vladimir Koman<\/strong> -UC Sampdoria<\/li>\n<li><strong>Bal\u00e1zs Dzsudzs\u00e1k<\/strong> -An\u017cy Machaczka\u0142a<\/li>\n<li><strong>J\u00f3zsef Varga<\/strong> 52&#8242; [ycard] -DVSC Teva<\/li>\n<li><strong>Gy\u00f6rgy S\u00e1ndor<\/strong> do 46&#8242; -Videoton FC<\/li>\n<li>od 46&#8242; <strong>Tam\u00e1s Hajnal<\/strong> -VfB Stuttgart<\/li>\n<li><strong>Tam\u00e1s Priskin<\/strong> do 81&#8242; -Ipswich Town FC<\/li>\n<li>od 81&#8242; <strong>R\u00f3bert Feczesin<\/strong> -Brescia Calcio<\/li>\n<\/ul>\n<\/td>\n<\/tr>\n<\/tbody>\n<\/table>\n<div id=\"attachment_10191\" style=\"width: 330px\" class=\"wp-caption alignleft\"><img loading=\"lazy\" decoding=\"async\" aria-describedby=\"caption-attachment-10191\" class=\"wp-image-10191 size-medium\" src=\"https:\/\/kronika-futbolu.pl\/historia\/wp-content\/uploads\/2021\/01\/32B_Polska_Wegry_2011_Zrodlo_Allegro-320x400.png\" alt=\"Polska - W\u0119gry 2011\" width=\"320\" height=\"400\" srcset=\"https:\/\/kronika-futbolu.pl\/historia\/wp-content\/uploads\/2021\/01\/32B_Polska_Wegry_2011_Zrodlo_Allegro-320x400.png 320w, https:\/\/kronika-futbolu.pl\/historia\/wp-content\/uploads\/2021\/01\/32B_Polska_Wegry_2011_Zrodlo_Allegro.png 645w\" sizes=\"auto, (max-width: 320px) 100vw, 320px\" \/><p id=\"caption-attachment-10191\" class=\"wp-caption-text\">Polska &#8211; W\u0119gry 2011. Pozna\u0144. \u0179r\u00f3d\u0142o: Allegro<\/p><\/div>\n<p style=\"text-align: justify;\">Kolejnym przeciwnikiem Reprezentacji Polski przed Mistrzostwami Europy 2012 by\u0142a Reprezentacja W\u0119gier. Spotkanie zosta\u0142o rozegrane na jednej z aren Euro 2012- w Poznaniu. Cztery dni wcze\u015bniej Polacy przegrali we Wroc\u0142awiu z W\u0142ochami 0:2. Mecze towarzyskie jakie dru\u017cyna Franciszka Smudy rozgrywa\u0142a w 2011 roku nie dawa\u0142y du\u017cych powod\u00f3w do optymizmu, mimo remisu z Niemcami, na zako\u0144czenie roku (pomijaj\u0105c sparingowe spotkanie z Bo\u015bni\u0105 i Hercegowin\u0105 w grudniu) da\u0142o zielone \u015bwiate\u0142ko \u017ce kolejne miesi\u0105ce przynios\u0105 same dobre emocje.\u00a0<\/p>\n<p style=\"text-align: justify;\">Na ogromnym stadionie Lecha w Poznaniu, mecz\u00a0 Reprezentacji Polski przysz\u0142o ogl\u0105da\u0107 jedynie oko\u0142o 7500 kibic\u00f3w.\u00a0 By\u0142 to ostatni mecz w kt\u00f3rym na koszulkach nasi Reprezentanci nie mieli god\u0142a narodowego. Jaki\u015b czas wcze\u015bniej kto\u015b wpad\u0142 na pomys\u0142 zast\u0105pienie god\u0142a logiem PZPN. Po du\u017cej burzy w sprawie tego tematu, powr\u00f3cono do tradycyjnych koszulek z or\u0142em bia\u0142ym na piersi.\u00a0<\/p>\n<p style=\"text-align: justify;\">Wynik otworzy\u0142 w 37 minucie Pawe\u0142 Bro\u017cek. Najpierw Jakub B\u0142aszczykowski poda\u0142 do Adriana Mierzejewskiego a ten uderzy\u0142 z 18 metr\u00f3w, odbit\u0105 pi\u0142k\u0119 przez bramkarza w\u0119gierskiego dobi\u0142 z bliskiej odleg\u0142o\u015bci w\u0142a\u015bnie Bro\u017cek. Wyr\u00f3wna\u0142 w 78 minucie Priskin po do\u015brodkowaniu Eleka z prawej strony. Kilka minut p\u00f3\u017aniej B\u0142aszczykowski przeprowadzi\u0142 \u015bwietn\u0105 akcj\u0119 praw\u0105 stron\u0105, wszed\u0142 w pole karne i poda\u0142 do Lewandowskiego, lecz pi\u0142ka znalaz\u0142a si\u0119 pod nogami zawodnika w\u0119gierskiego kt\u00f3ry zachowa\u0142 si\u0119 nie fortunnie i zdoby\u0142 gola samob\u00f3jczego.<\/p>\n<p style=\"text-align: justify;\">Dariusz Dudka zagra\u0142 po raz 60 w kadrze narodowej, a po raz ostatni Arkadiusz G\u0142owacki- \u0142\u0105cznie 29. mecz\u00f3w.<\/p>\n<p>&nbsp;<\/p>\n<h2 id=\"mecz-19-04-1980\"><span class=\"ez-toc-section\" id=\"31_Mecz_Polska_%E2%80%93_Wegry_0_1_17_pazdziernika_2007_r\"><\/span><a id=\"mecz-2007-10-17\"><\/a>31. Mecz Polska &#8211; W\u0119gry 0:1 (17 pa\u017adziernika 2007 r.)<span class=\"ez-toc-section-end\"><\/span><\/h2>\n<ul>\n<li><strong>Data meczu:<\/strong> 17.10.2007<\/li>\n<li><strong>Ranga meczu:<\/strong> Towarzyski<\/li>\n<li><strong>S\u0119dzia:<\/strong> Claudio Circhetta &#8211; Szwajcaria\u00a0<\/li>\n<li><strong>Stadion:<\/strong> Stadion Widzewa, \u0141\u00f3d\u017a<\/li>\n<li><strong>Trener:<\/strong> Leo Beenhakker<\/li>\n<\/ul>\n<p><strong>\u26bd Strzelony gol :<\/strong><\/p>\n<ul>\n<li>Tam\u00e1s Hajnal [hu] 80&#8242;<\/li>\n<\/ul>\n<p><strong>? Sk\u0142ady:<\/strong><\/p>\n<table style=\"border-collapse: collapse; width: 100%;\">\n<thead>\n<tr>\n<th style=\"width: 50%;\">[pl] Polska:<\/th>\n<th style=\"width: 50%;\">[hu] W\u0119gry :<\/th>\n<\/tr>\n<\/thead>\n<tbody>\n<tr>\n<td style=\"width: 50%;\">\n<ul>\n<li><strong>\u0141ukasz Fabia\u0144ski<\/strong> -Arsenal FC<\/li>\n<li><strong>Marcin Wasilewski<\/strong> do 83&#8242; -RSC Anderlecht<\/li>\n<li>od 83&#8242; <strong>Grzegorz Bartczak<\/strong> -Zag\u0142\u0119bie Lubin<\/li>\n<li><strong>Mariusz Jop<\/strong> -FC Moskwa<\/li>\n<li><strong>Dariusz Dudka<\/strong> -Wis\u0142a Krak\u00f3w<\/li>\n<li><strong>Tomasz Kie\u0142bowicz<\/strong> do 83&#8242; -Legia Warszawa<\/li>\n<li>od 83&#8242;<strong> Jakub Wawrzyniak<\/strong> -Legia Warszawa<\/li>\n<li><strong>Konrad Go\u0142o\u015b<\/strong> 42&#8242; [ycard] do 46&#8242; -G\u00f3rnik Zabrze<\/li>\n<li>od 46&#8242; <strong>Marek Zie\u0144czuk<\/strong> -Wis\u0142a Krak\u00f3w<\/li>\n<li><strong>Mariusz Lewandowski<\/strong> kapitan do 46&#8242; -Szachtar Donieck<\/li>\n<li>od 46&#8242; <strong>Przemys\u0142aw Ka\u017amierczak<\/strong> -FC Porto<\/li>\n<li><strong>Rados\u0142aw Sobolewski<\/strong> 59&#8242; [ycard] -Wis\u0142a Krak\u00f3w<\/li>\n<li><strong>\u0141ukasz Gargu\u0142a<\/strong> do 46&#8242; -GKS Be\u0142chat\u00f3w<\/li>\n<li>od 46&#8242; <strong>Tomasz Zahorski<\/strong> -G\u00f3rnik Zabrze<\/li>\n<li><strong>Kamil Kosowski<\/strong> -Wis\u0142a Krak\u00f3w<\/li>\n<li><strong>Rados\u0142aw Matusiak<\/strong> do 46&#8242; -SC Heerenveen<\/li>\n<li>od 46&#8242; <strong>Pawe\u0142 Bro\u017cek<\/strong> -Wis\u0142a Krak\u00f3w<\/li>\n<\/ul>\n<\/td>\n<td style=\"width: 50%;\">\n<ul>\n<li><strong>M\u00e1rton F\u00fcl\u00f6p<\/strong> -Leicester City FC<\/li>\n<li><strong>Csaba Csizmadia<\/strong> -SV Mattersburg<\/li>\n<li><strong>Tam\u00e1s Vask\u00f3<\/strong> -Bristol City FC<\/li>\n<li><strong>Roland Juh\u00e1sz<\/strong> -RSC Anderlecht<\/li>\n<li><strong>Vilmos Vancz\u00e1k<\/strong> -FC Sion<\/li>\n<li><strong>Zolt\u00e1n Gera<\/strong> kapitan do 78&#8242; -West Bromwich Albion FC<\/li>\n<li>od 78&#8242; <strong>\u00c1kos Buzs\u00e1ky<\/strong> -Plymouth Argyle FC<\/li>\n<li><strong>\u00c1d\u00e1m Vass<\/strong> -Brescia Calcio<\/li>\n<li><strong>Tam\u00e1s Hajnal<\/strong> do 90+4&#8242; -Karlsruher SC<\/li>\n<li>od 90+4&#8242; <strong>Attila Filkor<\/strong> -FC Inter<\/li>\n<li><strong>D\u00e1niel T\u0151zs\u00e9r<\/strong> do 76&#8242; -AEK Nea Filadelfeia<\/li>\n<li>od 76&#8242; <strong>Leandro de Almeida<\/strong> -DVSC Teva<\/li>\n<li><strong>Bal\u00e1zs Dzsudzs\u00e1k<\/strong> do 46&#8242; -DVSC Teva<\/li>\n<li>od 46&#8242; <strong>Tam\u00e1s Priskin<\/strong> -Watford FC<\/li>\n<li><strong>R\u00f3bert Feczesin<\/strong> do 46&#8242; -Brescia Calcio<\/li>\n<li>od 46&#8242; <strong>P\u00e9ter Halmosi<\/strong> 51&#8242; [ycard] -Plymouth Argyle FC<\/li>\n<\/ul>\n<\/td>\n<\/tr>\n<\/tbody>\n<\/table>\n<p><div id=\"attachment_10187\" style=\"width: 543px\" class=\"wp-caption aligncenter\"><img loading=\"lazy\" decoding=\"async\" aria-describedby=\"caption-attachment-10187\" class=\"wp-image-10187 size-medium\" src=\"https:\/\/kronika-futbolu.pl\/historia\/wp-content\/uploads\/2021\/01\/31B_Polska_Wegry_2007_kadr_z_transmisji_faul_Jopa-533x400.png\" alt=\"Polska - W\u0119gry 2007\" width=\"533\" height=\"400\" srcset=\"https:\/\/kronika-futbolu.pl\/historia\/wp-content\/uploads\/2021\/01\/31B_Polska_Wegry_2007_kadr_z_transmisji_faul_Jopa-533x400.png 533w, https:\/\/kronika-futbolu.pl\/historia\/wp-content\/uploads\/2021\/01\/31B_Polska_Wegry_2007_kadr_z_transmisji_faul_Jopa.png 669w\" sizes=\"auto, (max-width: 533px) 100vw, 533px\" \/><p id=\"caption-attachment-10187\" class=\"wp-caption-text\">Polska &#8211; W\u0119gry 2007. Faul Jop, po kt\u00f3rym zosta\u0142 podyktowany rzut karny. Kadr z transmisji<\/p><\/div> <div id=\"attachment_10186\" style=\"width: 528px\" class=\"wp-caption alignleft\"><img loading=\"lazy\" decoding=\"async\" aria-describedby=\"caption-attachment-10186\" class=\"wp-image-10186 size-medium\" src=\"https:\/\/kronika-futbolu.pl\/historia\/wp-content\/uploads\/2021\/01\/31A_Polska_Wegry_2007_kadr_z_transmisji_I_gol-518x400.png\" alt=\"Polska - W\u0119gry 2007\" width=\"518\" height=\"400\" srcset=\"https:\/\/kronika-futbolu.pl\/historia\/wp-content\/uploads\/2021\/01\/31A_Polska_Wegry_2007_kadr_z_transmisji_I_gol-518x400.png 518w, https:\/\/kronika-futbolu.pl\/historia\/wp-content\/uploads\/2021\/01\/31A_Polska_Wegry_2007_kadr_z_transmisji_I_gol.png 674w\" sizes=\"auto, (max-width: 518px) 100vw, 518px\" \/><p id=\"caption-attachment-10186\" class=\"wp-caption-text\">Polska &#8211; W\u0119gry 2007. rzut karny, strzela Hajnal . Kadr z transmisji<\/p><\/div><\/p>\n<p style=\"text-align: justify;\">R\u00f3wno miesi\u0105c przed wygran\u0105 z Belgi\u0105 i historycznym awansem na Mistrzostwa Europy Leo Beenhakker sprawdzi\u0142 zmiennik\u00f3w w spotkaniu z W\u0119grami w \u0141odzi.\u00a0 Go\u015bcie zagrali w najmocniejszym sk\u0142adzie\u00a0 i wygrali 1:0. By\u0142a to druga pora\u017cka Bia\u0142o-Czerwonych w roku 2007- wcze\u015bniej niespodziewana przegrana z Armeni\u0105. Cztery dni przed spotkaniem z W\u0119grami, Polacy pewnie pokonali Kazachstan 3:1 i zrobili kolejny krok na Euro.<\/p>\n<p style=\"text-align: justify;\">Madziarzy wygrali minimalnie 1:0 po bramce strzelonej z rzutu karnego, ale mieli wi\u0119cej okazji do bramek. Przewa\u017cali w spotkaniu i wygrali zas\u0142u\u017cenie. Do 80 minuty utrzymywa\u0142 si\u0119 wynik bezbramkowy, czyli do\u00a0 momentu kiedy Mariusz Jop w polu karnym drastycznie kopn\u0105\u0142 w twarz zawodnika w\u0119gierskiego a s\u0119dzia wskaza\u0142 na wapno.\u00a0<\/p>\n<p style=\"text-align: justify;\">Mecz og\u00f3lnie bez wi\u0119kszej historii, na trybunach na stadionie Widzewa pojawi\u0142o si\u0119 tego dnia oko\u0142o 6500 kibic\u00f3w, najmniej w 2007 roku na meczach rozgrywanych w Polsce.\u00a0<\/p>\n<p style=\"text-align: justify;\">W polskim zespole zadebiutowali: Grzegorz Bartczak i Tomasz Zahorski. W sk\u0142adzie Go\u015bci bez debiutant\u00f3w.\u00a0 Tomasz Kie\u0142bowicz zagra\u0142 po raz 9 i ostatni w kadrze narodowej.<\/p>\n<p>&nbsp;<\/p>\n<h2 id=\"mecz-19-04-1980\"><span class=\"ez-toc-section\" id=\"30_Mecz_Wegry_%E2%80%93_Polska_1_2_11_pazdziernika_2003_r\"><\/span><a id=\"mecz-2003-10-11\"><\/a>30. Mecz W\u0119gry &#8211; Polska 1:2 (11 pa\u017adziernika 2003 r.)<span class=\"ez-toc-section-end\"><\/span><\/h2>\n<ul>\n<li><strong>Data meczu:<\/strong> 11.10.2003<\/li>\n<li><strong>Ranga meczu:<\/strong> Eliminacje Mistrzostw Europy 2004<\/li>\n<li><strong>S\u0119dzia:<\/strong> Manuel Enrique Mejuto Gonz\u00e1lez &#8211; Hiszpania<\/li>\n<li><strong>Stadion:<\/strong> R\u00e5sunda Fotbollstadion, Solna<\/li>\n<li><strong>Trener:<\/strong> Pusk\u00e1s Ferenc Stadion<\/li>\n<\/ul>\n<p><strong>\u26bd Strzelone bramki:<\/strong><\/p>\n<ul>\n<li>Andrzej Niedzielan [pl] 10&#8242;<\/li>\n<li>Imre Szabics [hu] 48&#8242;<\/li>\n<li>Andrzej Niedzielan [pl] 63&#8242;<\/li>\n<\/ul>\n<p><strong>? Sk\u0142ady:<\/strong><\/p>\n<table style=\"border-collapse: collapse; width: 100%;\">\n<thead>\n<tr>\n<th style=\"width: 50%;\">[hu] W\u0119gry:<\/th>\n<th style=\"width: 50%;\">[pl] Polska:<\/th>\n<\/tr>\n<\/thead>\n<tbody>\n<tr>\n<td style=\"width: 50%;\">\n<ul>\n<li><strong>G\u00e1bor Kir\u00e1ly<\/strong> kapitan -Hertha Berlin<\/li>\n<li><strong>Tam\u00e1s B\u00f3dog<\/strong> 90+3&#8242; [ycard] -1. FSV Mainz 05<\/li>\n<li><strong>Attila Drag\u00f3ner<\/strong> -Ferencv\u00e1rosi TC<\/li>\n<li><strong>Tam\u00e1s Juh\u00e1r<\/strong> 70&#8242; [ycard] -\u00dajpest FC<\/li>\n<li><strong>Zolt\u00e1n B\u00f6\u0151r<\/strong> 62&#8242; [ycard] -Debreceni VSC MegaForce<\/li>\n<li><strong>P\u00e9ter Lipcsei<\/strong> do 46&#8242; -Ferencv\u00e1rosi TC<\/li>\n<li>od 46&#8242; <strong>Zolt\u00e1n Gera<\/strong> -Ferencv\u00e1rosi TC<\/li>\n<li><strong>Kriszti\u00e1n Lisztes<\/strong> 45&#8242; [ycard] -Werder Bremen<\/li>\n<li><strong>P\u00e1l D\u00e1rdai<\/strong> -Hertha Berlin<\/li>\n<li><strong>\u00c1kos F\u00fczi<\/strong> -MTK Hung\u00e1ria<\/li>\n<li><strong>Mikl\u00f3s Feh\u00e9r<\/strong> do 64&#8242; -Benfica Lisbona<\/li>\n<li>od 64&#8242; <strong>Kriszti\u00e1n Kenesei<\/strong> -Beijing Guoan FC<\/li>\n<li>Imre Szabics -VfB Stuttgart<\/li>\n<\/ul>\n<\/td>\n<td style=\"width: 50%;\">\n<ul>\n<li><strong>Jerzy Dudek<\/strong> -Liverpool FC<\/li>\n<li><strong>Tomasz K\u0142os<\/strong> -1. FC K\u00f6ln<\/li>\n<li><strong>Rados\u0142aw Sobolewski<\/strong> 39&#8242; [ycard] -Dyskobolia Grodzisk Wielkopolski<\/li>\n<li><strong>Micha\u0142 \u017bew\u0142akow<\/strong> -RSC Anderlecht<\/li>\n<li><strong>Tomasz Rz\u0105sa<\/strong> -Partizan Belgrad<\/li>\n<li><strong>Jacek B\u0105k<\/strong> kapitan -RC Lens<\/li>\n<li><strong>Miros\u0142aw Szymkowiak<\/strong> do 86&#8242; -Wis\u0142a Krak\u00f3w<\/li>\n<li>od 86&#8242; <strong>Mariusz Lewandowski<\/strong> -Szachtar Donieck<\/li>\n<li><strong>Jacek Krzyn\u00f3wek<\/strong> -1. FC N\u00fcrnberg<\/li>\n<li><strong>Grzegorz Rasiak<\/strong> -Dyskobolia Grodzisk Wielkopolski<\/li>\n<li><strong>Sebastian Mila<\/strong> do 52&#8242; -Dyskobolia Grodzisk Wielkopolski<\/li>\n<li>od 52&#8242; <strong>Kamil Kosowski<\/strong> -1. FC Kaiserslautern<\/li>\n<li><strong>Andrzej Niedzielan<\/strong> do 87&#8242; -Dyskobolia Grodzisk Wielkopolski<\/li>\n<li>od 87&#8242; <strong>Marek Saganowski<\/strong> -Legia Warszawa<\/li>\n<\/ul>\n<\/td>\n<\/tr>\n<\/tbody>\n<\/table>\n<p><div id=\"attachment_10177\" style=\"width: 539px\" class=\"wp-caption aligncenter\"><img loading=\"lazy\" decoding=\"async\" aria-describedby=\"caption-attachment-10177\" class=\"wp-image-10177 size-medium\" src=\"https:\/\/kronika-futbolu.pl\/historia\/wp-content\/uploads\/2021\/01\/30A_Wegry_Polska_2003_kadr_z_transmisji_I_gol-529x400.png\" alt=\"W\u0119gry - Polska 2003\" width=\"529\" height=\"400\" srcset=\"https:\/\/kronika-futbolu.pl\/historia\/wp-content\/uploads\/2021\/01\/30A_Wegry_Polska_2003_kadr_z_transmisji_I_gol-529x400.png 529w, https:\/\/kronika-futbolu.pl\/historia\/wp-content\/uploads\/2021\/01\/30A_Wegry_Polska_2003_kadr_z_transmisji_I_gol.png 681w\" sizes=\"auto, (max-width: 529px) 100vw, 529px\" \/><p id=\"caption-attachment-10177\" class=\"wp-caption-text\">W\u0119gry &#8211; Polska 2003. I gol dla Polski. Kadr z transmisji.<\/p><\/div> <div id=\"attachment_10179\" style=\"width: 439px\" class=\"wp-caption alignleft\"><img loading=\"lazy\" decoding=\"async\" aria-describedby=\"caption-attachment-10179\" class=\"wp-image-10179 size-medium\" src=\"https:\/\/kronika-futbolu.pl\/historia\/wp-content\/uploads\/2021\/01\/30C_Wegry_Polska_2003_przeglad_sportowy_laczy_nas_pilka-429x400.png\" alt=\"W\u0119gry - Polska 2003\" width=\"429\" height=\"400\" srcset=\"https:\/\/kronika-futbolu.pl\/historia\/wp-content\/uploads\/2021\/01\/30C_Wegry_Polska_2003_przeglad_sportowy_laczy_nas_pilka-429x400.png 429w, https:\/\/kronika-futbolu.pl\/historia\/wp-content\/uploads\/2021\/01\/30C_Wegry_Polska_2003_przeglad_sportowy_laczy_nas_pilka.png 457w\" sizes=\"auto, (max-width: 429px) 100vw, 429px\" \/><p id=\"caption-attachment-10179\" class=\"wp-caption-text\">W\u0119gry &#8211; Polska 2003. Przegl\u0105d Sportowy. \u0179r\u00f3d\u0142o: \u0141\u0105czy Nas Pi\u0142ka<\/p><\/div><\/p>\n<p>Przed ostatni\u0105 kolejk\u0105 w grupie polskiej eliminacji Do Euro 2004 sytuacja by\u0142a nast\u0119puj\u0105ca:\u00a0<\/p>\n<ol>\n<li>Szwecja 17 pkt.<\/li>\n<li>\u0141otwa 13 pkt.<\/li>\n<li>W\u0119gry 11 pkt.<\/li>\n<li>Polska 10 pkt.<\/li>\n<li>San Marino 0 pkt.<\/li>\n<\/ol>\n<p style=\"text-align: justify;\">Awans uzyskiwa\u0142 pierwszy zesp\u00f3\u0142 a drugi gra\u0142 bara\u017ce. Szwedzi mieli awans ju\u017c zapewniony i grali z \u0141otw\u0105. Polacy grali z W\u0119grami i\u00a0 musia\u0142a wygra\u0107 z Nimi, oraz i liczy\u0107 na wygran\u0105 Szwed\u00f3w by m\u00f3c walczy\u0107 w bara\u017cach. Niestety podobnie jak w poprzednich eliminacjach do Euro 2000 Szwecja nam nie pomog\u0142a.\u00a0<br \/>\nReprezentacja Polski zrobi\u0142a co mog\u0142a, odnosz\u0105c historyczne bo pierwsze na terenie W\u0119gier zwyci\u0119stwo z reprezentacj\u0105 tego kraju. Jednak w spotkaniu rozgrywanym r\u00f3wnolegle w Solnej, \u0141otysze wygrali 1:0.<\/p>\n<div id=\"attachment_10178\" style=\"width: 552px\" class=\"wp-caption alignright\"><img loading=\"lazy\" decoding=\"async\" aria-describedby=\"caption-attachment-10178\" class=\"size-medium wp-image-10178\" src=\"https:\/\/kronika-futbolu.pl\/historia\/wp-content\/uploads\/2021\/01\/30B_Wegry_Polska_2003_kadr_z_transmisji_II_gol-542x400.png\" alt=\"W\u0119gry - Polska 2003\" width=\"542\" height=\"400\" srcset=\"https:\/\/kronika-futbolu.pl\/historia\/wp-content\/uploads\/2021\/01\/30B_Wegry_Polska_2003_kadr_z_transmisji_II_gol-542x400.png 542w, https:\/\/kronika-futbolu.pl\/historia\/wp-content\/uploads\/2021\/01\/30B_Wegry_Polska_2003_kadr_z_transmisji_II_gol.png 613w\" sizes=\"auto, (max-width: 542px) 100vw, 542px\" \/><p id=\"caption-attachment-10178\" class=\"wp-caption-text\">W\u0119gry &#8211; Polska 2003. II gol dla Polski. Kadr z transmisji.<\/p><\/div>\n<p style=\"text-align: justify;\">Historyczna wygran\u0105 nad W\u0119grami zapewni\u0142 nam duet z Dyskobolii Grodzisk Wielkopolski, klubu dla kt\u00f3rego 2003 rok by\u0142 najlepszym w historii. Dwukrotnie Grzegorz Rasiak poda\u0142 do Andrzeja Niedzielana a ten w sytuacjach sam na sam z bramkarzem w\u0119gierskim by\u0142 bezb\u0142\u0119dny.\u00a0 Bardzo \u0142adn\u0105 bramk\u0119 strzeli\u0142 r\u00f3wnie\u017c Imre Szabics z rogu pola karnego.\u00a0<\/p>\n<p style=\"text-align: justify;\">Bilans Bia\u0142o-Czerwonych w tych eliminacjach to 4 wygrane, 1 remis i 3 pora\u017cki. Gdyby nie 0:0 z W\u0119grami w marcu oraz pora\u017cka z \u0141otw\u0105 jeszcze w 2002 roku, udzia\u0142 w bara\u017cach by\u0142by pewny bez wzgl\u0119du na gr\u0119 rywali. Mimo braku awansu, swoj\u0105 prac\u0119 kontynuowa\u0142 Pawe\u0142 Janas, do ko\u0144ca Mundialu 2006.\u00a0<\/p>\n<p>Nie by\u0142o debiutant\u00f3w. Ostatnie mecze reprezentacyjne zaliczyli:<\/p>\n<ul>\n<li>Tam\u00e1s B\u00f3dog (\u0142\u0105cznie 5 mecz\u00f3w)<\/li>\n<li>Tam\u00e1s Juh\u00e1r (\u0142\u0105cznie 20 mecz\u00f3w)<\/li>\n<li>Mikl\u00f3s Feh\u00e9r (\u0142\u0105cznie 25 mecz\u00f3)<\/li>\n<\/ul>\n<h2 id=\"mecz-19-04-1980\"><span class=\"ez-toc-section\" id=\"29_Mecz_Polska-_Wegry_0_0_29_marca_2003_r\"><\/span><a id=\"mecz-2003-03-29\"><\/a>29. Mecz Polska- W\u0119gry 0:0 (29 marca 2003 r.)<span class=\"ez-toc-section-end\"><\/span><\/h2>\n<ul>\n<li><strong>Data meczu:<\/strong> 29.03.2003<\/li>\n<li><strong>Ranga meczu:<\/strong> Eliminacje Mistrzostw Europy 2004<\/li>\n<li><strong>S\u0119dzia:<\/strong> Massimo De Santis &#8211; W\u0142ochy<\/li>\n<li><strong>Stadion:<\/strong> Stadion \u015al\u0105ski, Chorz\u00f3w<\/li>\n<li><strong>Trener:<\/strong> Pawe\u0142 Janas<\/li>\n<\/ul>\n<p><strong>? Sk\u0142ady:<\/strong><\/p>\n<table style=\"border-collapse: collapse; width: 100%;\">\n<thead>\n<tr>\n<th style=\"width: 50%;\">[pl] Polska:<\/th>\n<th style=\"width: 50%;\">[hu] W\u0119gry:<\/th>\n<\/tr>\n<\/thead>\n<tbody>\n<tr>\n<td style=\"width: 50%;\">\n<ul>\n<li><strong>Jerzy Dudek<\/strong> -Liverpool FC<\/li>\n<li><strong>Miros\u0142aw Szymkowiak<\/strong> -Wis\u0142a Krak\u00f3w<\/li>\n<li><strong>Maciej Stolarczyk<\/strong> 26&#8242; [ycard] -Wis\u0142a Krak\u00f3w<\/li>\n<li><strong>Kamil Kosowski<\/strong> -Wis\u0142a Krak\u00f3w<\/li>\n<li><strong>Jacek B\u0105k<\/strong> 79&#8242; [ycard] -RC Lens<\/li>\n<li><strong>Piotr \u015awierczewski<\/strong> kapitan -Birmingham City FC<\/li>\n<li><strong>Tomasz Hajto<\/strong> -Schalke 04 Gelsenkirchen<\/li>\n<li><strong>Marcin Ku\u017aba<\/strong> -Wis\u0142a Krak\u00f3w<\/li>\n<li><strong>Rados\u0142aw Ka\u0142u\u017cny<\/strong> -Bayer 04 Leverkusen<\/li>\n<li><strong>Emmanuel Olisadebe<\/strong> -Panathinaikos Ateny<\/li>\n<li><strong>Marcin Zaj\u0105c<\/strong> do 72&#8242; -Dyskobolia Grodzisk Wielkopolski<\/li>\n<li>od 72&#8242; <strong>Tomasz Dawidowski<\/strong> -Amica Wronki<\/li>\n<\/ul>\n<\/td>\n<td style=\"width: 50%;\">\n<ul>\n<li><strong>G\u00e1bor Kir\u00e1ly<\/strong> kapitan -Hertha Berlin<\/li>\n<li><strong>Fl\u00f3ri\u00e1n Urb\u00e1n<\/strong> -Zalaegerszegi TE FC<\/li>\n<li><strong>Attila Drag\u00f3ner<\/strong> 33&#8242; [ycard] -Ferencv\u00e1rosi TC<\/li>\n<li><strong>Tam\u00e1s Juh\u00e1r<\/strong> -\u00dajpest FC<\/li>\n<li><strong>Csaba Feh\u00e9r<\/strong> -NAC Breda<\/li>\n<li><strong>P\u00e9ter Lipcsei<\/strong> -Ferencv\u00e1rosi TC<\/li>\n<li><strong>P\u00e1l D\u00e1rdai<\/strong> -Hertha Berlin<\/li>\n<li><strong>Zsolt L\u0151w<\/strong> -Energie Cottbus<\/li>\n<li><strong>Kriszti\u00e1n Lisztes<\/strong> -Werder Bremen<\/li>\n<li><strong>Kriszti\u00e1n Kenesei<\/strong> do 70&#8242; -Zalaegerszegi TE FC<\/li>\n<li>od 70&#8242; <strong>J\u00f3zsef Seb\u0151k<\/strong> -AEL Limassol<\/li>\n<li><strong>Attila T\u00f6k\u00f6li<\/strong> do 86&#8242; -Ferencv\u00e1rosi TC<\/li>\n<li>od 86&#8242; <strong>Zolt\u00e1n B\u00f6\u0151r<\/strong> -Debreceni VSC MegaForce<\/li>\n<\/ul>\n<\/td>\n<\/tr>\n<\/tbody>\n<\/table>\n<p><div id=\"attachment_10173\" style=\"width: 610px\" class=\"wp-caption aligncenter\"><img loading=\"lazy\" decoding=\"async\" aria-describedby=\"caption-attachment-10173\" class=\"wp-image-10173 size-medium\" src=\"https:\/\/kronika-futbolu.pl\/historia\/wp-content\/uploads\/2021\/01\/29A_Polska_Wegry_2003_bilet_zrodlo_wlasne-600x292.jpg\" alt=\"Polska - W\u0119gry 2003\" width=\"600\" height=\"292\" srcset=\"https:\/\/kronika-futbolu.pl\/historia\/wp-content\/uploads\/2021\/01\/29A_Polska_Wegry_2003_bilet_zrodlo_wlasne-600x292.jpg 600w, https:\/\/kronika-futbolu.pl\/historia\/wp-content\/uploads\/2021\/01\/29A_Polska_Wegry_2003_bilet_zrodlo_wlasne-768x374.jpg 768w, https:\/\/kronika-futbolu.pl\/historia\/wp-content\/uploads\/2021\/01\/29A_Polska_Wegry_2003_bilet_zrodlo_wlasne.jpg 1018w\" sizes=\"auto, (max-width: 600px) 100vw, 600px\" \/><p id=\"caption-attachment-10173\" class=\"wp-caption-text\">Polska &#8211; W\u0119gry 2003. Bilet.<\/p><\/div> <div id=\"attachment_10175\" style=\"width: 574px\" class=\"wp-caption alignleft\"><img loading=\"lazy\" decoding=\"async\" aria-describedby=\"caption-attachment-10175\" class=\"wp-image-10175 size-medium\" src=\"https:\/\/kronika-futbolu.pl\/historia\/wp-content\/uploads\/2021\/01\/29C_Polska_Wegry_2003_uderzenie_swierczewskeigokadr_z_transmisji-564x400.png\" alt=\"Polska - W\u0119gry 2003\" width=\"564\" height=\"400\" srcset=\"https:\/\/kronika-futbolu.pl\/historia\/wp-content\/uploads\/2021\/01\/29C_Polska_Wegry_2003_uderzenie_swierczewskeigokadr_z_transmisji-564x400.png 564w, https:\/\/kronika-futbolu.pl\/historia\/wp-content\/uploads\/2021\/01\/29C_Polska_Wegry_2003_uderzenie_swierczewskeigokadr_z_transmisji.png 680w\" sizes=\"auto, (max-width: 564px) 100vw, 564px\" \/><p id=\"caption-attachment-10175\" class=\"wp-caption-text\">Polska &#8211; W\u0119gry 2003. Moment strza\u0142u \u015awierczewskiego. Kadr z transmisji.<\/p><\/div><\/p>\n<p style=\"text-align: justify;\">Po raz drugi Polska trafi\u0142a do grupy z W\u0119grami w ramach eliminacji do Mistrzostw Europy (wcze\u015bniej do Euro 1988). Eliminacje do portugalskiego Euro 2004 Polacy rozpocz\u0119li od wym\u0119czonej wygranej z San Marino we wrze\u015bniu 2002. P\u00f3\u017aniej by\u0142a pora\u017cka z \u0141otw\u0105. Nast\u0119pnie na koniec roku Zbigniew Boniek zrezygnowa\u0142 z prowadzenia kadry narodowej i tak w kolejnym meczu eliminacyjnym czyli w\u0142a\u015bnie 29 marca 2003 z W\u0119grami\u00a0 selekcjonerem Bia\u0142o-Czerwonych by\u0142 ju\u017c Pawe\u0142 Janas.\u00a0 by\u0142o to 3 spotkanie Janasa po towarzyskich grach w lutym. Sytuacja Polski\u00a0 w grupie gdzie gra\u0142y jeszcze dru\u017cyny Szwecji i \u0141otwy, oraz San Marino nie by\u0142a najlepsza.\u00a0<\/p>\n<p style=\"text-align: justify;\">Pocz\u0105tek mecz\u00f3w Paw\u0142a Janasa o punkty rozpocz\u0105\u0142 si\u0119 od wpadki organizator\u00f3w. Podobnie jak kilka lat wcze\u015bniej w Warszawie tak tym razem w Chorzowie nie odegrano hymnu w\u0119gierskiego. Spiker poprosi\u0142 kibic\u00f3w w\u0119gierskich o za\u015bpiewanie hymnu a cappella.\u00a0<\/p>\n<div id=\"attachment_10174\" style=\"width: 543px\" class=\"wp-caption alignright\"><img loading=\"lazy\" decoding=\"async\" aria-describedby=\"caption-attachment-10174\" class=\"size-medium wp-image-10174\" src=\"https:\/\/kronika-futbolu.pl\/historia\/wp-content\/uploads\/2021\/01\/29B_Polska_Wegry_2003_kadr_z_transmisji-533x400.png\" alt=\"Polska - W\u0119gry 2003\" width=\"533\" height=\"400\" srcset=\"https:\/\/kronika-futbolu.pl\/historia\/wp-content\/uploads\/2021\/01\/29B_Polska_Wegry_2003_kadr_z_transmisji-533x400.png 533w, https:\/\/kronika-futbolu.pl\/historia\/wp-content\/uploads\/2021\/01\/29B_Polska_Wegry_2003_kadr_z_transmisji.png 692w\" sizes=\"auto, (max-width: 533px) 100vw, 533px\" \/><p id=\"caption-attachment-10174\" class=\"wp-caption-text\">Polska &#8211; W\u0119gry 2003. Kadr z transmisji.<\/p><\/div>\n<p style=\"text-align: justify;\">Drugi raz w historii i drugi raz z rz\u0119du zremisowali\u015bmy z W\u0119grami bezbramkowo. Sytuacji nie brakowa\u0142o. Najlepsze okazje do strzelenia gola mia\u0142 rozgrywaj\u0105cy 70 i ostatnie spotkanie w kadrze Piotr \u015awierczewski, lecz z oko\u0142o 25 metr\u00f3w uderzy\u0142 prosto w nogi\u00a0 bramkarza rywali. W 79 minucie \u015bwietn\u0105 okazj\u0119 mia\u0142 Emmanuel Olisadebe. Z prawej strony do\u015brodkowa\u0142 Kamil Kosowski , i Oli uderzy\u0142 z oko\u0142o 6-7 metra od bramki, lecz tym razem lepszy by\u0142 G\u00e1bor Kir\u00e1ly. W doliczonym czasie gry Tomasz Hajto g\u0142ow\u0105 poda\u0142 ponownie do Olisadebe i ponownie niemal w to samo miejsce. Strza\u0142 g\u0142ow\u0105 Oliego by\u0142 jednak nie skuteczny.\u00a0<\/p>\n<p style=\"text-align: justify;\">\u00a0<\/p>\n<p style=\"text-align: justify;\">Wygrana by\u0142a blisko, po meczu Janas powie, \u017ce nie wyobra\u017ca sobie nie wygra\u0107 kolejnego meczu. Mia\u0142 racj\u0119 bo z San marino by\u0142o 5:0. Rewan\u017c z W\u0119grami b\u0119dzie ostatnim meczem eliminacji i do ostatnich minut Bia\u0142o-Czerwoni b\u0119d\u0105 mie\u0107 szans\u0119 na awans , ale o tym powy\u017cej.\u00a0<\/p>\n<p style=\"text-align: justify;\">Nie by\u0142o debiutant\u00f3w, jedynym zawodnikiem kt\u00f3y zagra\u0142 osttani w narodowych barwach by\u0142 wspomniany \u015awierczewski.\u00a0<\/p>\n<h2 id=\"mecz-19-04-1980\"><span class=\"ez-toc-section\" id=\"28_Mecz_Wegry_%E2%80%93_Polska_0_0_29_marca_2000_r\"><\/span><a id=\"mecz-2000-03-29\"><\/a>28. Mecz W\u0119gry &#8211; Polska 0:0 (29 marca 2000 r.)<span class=\"ez-toc-section-end\"><\/span><\/h2>\n<ul>\n<li><strong>Data meczu:<\/strong> 29.03.2000<\/li>\n<li><strong>Ranga meczu:<\/strong> Towarzyski<\/li>\n<li><strong>S\u0119dzia:<\/strong> Zoran Arsi\u0107- Jugos\u0142awia\u00a0<\/li>\n<li><strong>Stadion:<\/strong> Ol\u00e1h G\u00e1bor utcai stadion, Debreczyn\u00a0<\/li>\n<li><strong>Trener:<\/strong> Jerzy Engel\u00a0<\/li>\n<\/ul>\n<p><strong>? Sk\u0142ady:<\/strong><\/p>\n<table style=\"border-collapse: collapse; width: 100%;\">\n<thead>\n<tr>\n<th style=\"width: 50%;\">[pl] W\u0119gry:<\/th>\n<th style=\"width: 50%;\">[pl] Polska:<\/th>\n<\/tr>\n<\/thead>\n<tbody>\n<tr>\n<td style=\"width: 50%;\">\n<ul>\n<li><strong>G\u00e1bor Kir\u00e1ly<\/strong> -Hertha Berlin<\/li>\n<li><strong>Csaba Feh\u00e9r<\/strong> -KFC Verbroedering Geel<\/li>\n<li><strong>Vilmos Seb\u0151k<\/strong> -SV Waldhof Mannheim<\/li>\n<li><strong>J\u00e1nos Hrutka<\/strong> -1. FC Kaiserslautern<\/li>\n<li><strong>J\u00e1nos M\u00e1tyus<\/strong> -FC Energie Cottbus<\/li>\n<li><strong>K\u00e1roly Er\u0151s<\/strong> 16&#8242; [ycard] -MTK Hung\u00e1ria<\/li>\n<li><strong>G\u00e1bor Halmai<\/strong> -MTK Hung\u00e1ria<\/li>\n<li><strong>Kriszti\u00e1n Lisztes<\/strong> 79&#8242; -VfB Stuttgart<\/li>\n<li>od 79&#8242; <strong>Kriszti\u00e1n Kenesei<\/strong> -MTK Hung\u00e1ria<\/li>\n<li><strong>Mikl\u00f3s Lendvai<\/strong> 90+2&#8242; -KFC Verbroedering<\/li>\n<li>od 90+2&#8242; <strong>Ott\u00f3 Vincze<\/strong> -SV Waldhof<\/li>\n<li><strong>Attila T\u00f6k\u00f6li<\/strong> 46&#8242; -Dunaferr SE<\/li>\n<li>od 46&#8242; <strong>Tam\u00e1s S\u00e1ndor<\/strong> 88&#8242; [ycard] -Beitar Jerusalem FC<\/li>\n<li><strong>B\u00e9la Ill\u00e9s<\/strong> kapitan -MTK Hung\u00e1ria, Budapest<\/li>\n<\/ul>\n<\/td>\n<td style=\"width: 50%;\">\n<ul>\n<li><strong>Jerzy Dudek<\/strong> -Feyenoord Rotterdam<\/li>\n<li><strong>Tomasz Wa\u0142doch<\/strong> kapitan -Schalke 04 Gelsenkirchen<\/li>\n<li><strong>Jacek B\u0105k<\/strong> do 63&#8242; -Olympique Lyonnais<\/li>\n<li>od 63&#8242; <strong>Jacek Zieli\u0144ski<\/strong> -Legia Warszawa<\/li>\n<li><strong>Tomasz K\u0142os<\/strong> -AJ Auxerre<\/li>\n<li><strong>Micha\u0142 \u017bew\u0142akow<\/strong> 8&#8242; [ycard] -RE Mouscron<\/li>\n<li><strong>Bartosz Karwan<\/strong> -Legia Warszawa<\/li>\n<li><strong>Tomasz Zdebel<\/strong> 31&#8242;[ycard] do 58&#8242; -Lierse SK<\/li>\n<li>od 58&#8242; <strong>Tomasz Rz\u0105sa<\/strong> -Feyenoord Rotterdam<\/li>\n<li><strong>Piotr \u015awierczewski<\/strong> do 46&#8242; -SC Bastia<\/li>\n<li>od 46&#8242;<strong> Tomasz Iwan<\/strong> &#8211;PSV Eindhoven<\/li>\n<li><strong>Jacek Krzyn\u00f3wek<\/strong> do 76&#8242; -1. FC N\u00fcrnberg<\/li>\n<li>od 76&#8242;<strong> Rados\u0142aw Ka\u0142u\u017cny<\/strong> -Wis\u0142a Krak\u00f3w,<\/li>\n<li><strong>Piotr Reiss<\/strong> do 58&#8242; -MSV, Duisburg<\/li>\n<li>od 58&#8242;<strong> Krzysztof Bizacki<\/strong> -Ruch Chorz\u00f3w<\/li>\n<li><strong>Rados\u0142aw Gilewicz<\/strong> -FC Tirol Milch<\/li>\n<\/ul>\n<\/td>\n<\/tr>\n<\/tbody>\n<\/table>\n<p><div id=\"attachment_10170\" style=\"width: 544px\" class=\"wp-caption aligncenter\"><img loading=\"lazy\" decoding=\"async\" aria-describedby=\"caption-attachment-10170\" class=\"wp-image-10170 size-medium\" src=\"https:\/\/kronika-futbolu.pl\/historia\/wp-content\/uploads\/2021\/01\/28A_Wegry_Polska_2000_kadr_z_transmisji-534x400.png\" alt=\"W\u0119gry - Polska 2000\" width=\"534\" height=\"400\" srcset=\"https:\/\/kronika-futbolu.pl\/historia\/wp-content\/uploads\/2021\/01\/28A_Wegry_Polska_2000_kadr_z_transmisji-534x400.png 534w, https:\/\/kronika-futbolu.pl\/historia\/wp-content\/uploads\/2021\/01\/28A_Wegry_Polska_2000_kadr_z_transmisji.png 667w\" sizes=\"auto, (max-width: 534px) 100vw, 534px\" \/><p id=\"caption-attachment-10170\" class=\"wp-caption-text\">W\u0119gry &#8211; Polska 2000. Kadr z transmisji.<\/p><\/div> <div id=\"attachment_10169\" style=\"width: 553px\" class=\"wp-caption alignleft\"><img loading=\"lazy\" decoding=\"async\" aria-describedby=\"caption-attachment-10169\" class=\"wp-image-10169 size-medium\" src=\"https:\/\/kronika-futbolu.pl\/historia\/wp-content\/uploads\/2021\/01\/28B_Wegry_Polska_2000_kadr_z_transmisji-543x400.png\" alt=\"W\u0119gry - Polska 2000\" width=\"543\" height=\"400\" srcset=\"https:\/\/kronika-futbolu.pl\/historia\/wp-content\/uploads\/2021\/01\/28B_Wegry_Polska_2000_kadr_z_transmisji-543x400.png 543w, https:\/\/kronika-futbolu.pl\/historia\/wp-content\/uploads\/2021\/01\/28B_Wegry_Polska_2000_kadr_z_transmisji.png 644w\" sizes=\"auto, (max-width: 543px) 100vw, 543px\" \/><p id=\"caption-attachment-10169\" class=\"wp-caption-text\">W\u0119gry &#8211; Polska 2000. Kadr z transmisji.<\/p><\/div><\/p>\n<p style=\"text-align: justify;\">W Debreczynie &#8222;Bia\u0142o-Czerwonym&#8221; nie uda\u0142o si\u0119 zako\u0144czy\u0107 liczby mecz\u00f3w bez wygranej kt\u00f3ra po spotkaniu z W\u0119grami uros\u0142a do 7\u00a0 i zatrzyma si\u0119 dopiero na 10 we wrze\u015bniu tego roku. Uda\u0142o si\u0119 natomiast po raz pierwszy nie przegra\u0107 na W\u0119grzech. By\u0142 to 12 mecz w kt\u00f3rym Gospodarzami\u00a0 byli W\u0119grzy i w 11 wcze\u015bniejszych wygrywali w\u0142a\u015bnie Oni.\u00a0 \u0141\u0105cznie by\u0142o to 28 oficjalne spotkanie obu reprezentacji i dopiero 3 remis, 6 razy wygrywali Polacy a 19 razy Madziarze. Pierwszy raz w rywalizacji polsko-w\u0119gierskiej pad\u0142 bezbramkowy remis.\u00a0<\/p>\n<p style=\"text-align: justify;\">Dru\u017cyna w\u0119gierska by\u0142a r\u00f3wnie\u017c w du\u017cym kryzysie, w 1999 roku wygrali tylko z s\u0142abymi zespo\u0142ami Azerbejd\u017canu i Liechtensteinu, a w lutym 2000 roku ulegli Australii. Jednak Polacy prowadzeni w 4 meczu przez Jerzego Engela nie znale\u017ali sposobu na rywala ani nawet na zdobycie bramki. To kolejna czarna seria tamtego okresu Reprezentacji Polski. Dodaj\u0105c mecz z W\u0119grami nasi pi\u0142karze nie strzelili gola od 533 minut, a to nie by\u0142 jeszcze koniec.\u00a0<\/p>\n<p style=\"text-align: justify;\">We wrze\u015bniu jednak Polska pokona Ukrain\u0119 i rozpocznie si\u0119 droga na Mundial 2002.\u00a0<\/p>\n<p style=\"text-align: justify;\">Nie zabrak\u0142o dogodnych sytuacji do zdobycia bramki, ale albo brakowa\u0142o szcz\u0119\u015bcia albo pi\u0142ka wpada\u0142o w r\u0119ce G\u00e1bora Kir\u00e1lego. Jerzy Dudek mia\u0142 momenty gdzie musia\u0142 si\u0119 popisa\u0107 interwencj\u0105. Og\u00f3lnie Polacy grali lepiej, zw\u0142aszcza w I po\u0142owie, lecz im bli\u017cej ko\u0144ca tym bardziej upodabniali si\u0119 do graj\u0105cych mizernie rywali.\u00a0<\/p>\n<div id=\"attachment_10168\" style=\"width: 610px\" class=\"wp-caption alignright\"><img loading=\"lazy\" decoding=\"async\" aria-describedby=\"caption-attachment-10168\" class=\"size-medium wp-image-10168\" src=\"https:\/\/kronika-futbolu.pl\/historia\/wp-content\/uploads\/2021\/01\/28C_Wegry_Polska_2000_kadr_z_transmisji-600x396.png\" alt=\"W\u0119gry - Polska 2000\" width=\"600\" height=\"396\" srcset=\"https:\/\/kronika-futbolu.pl\/historia\/wp-content\/uploads\/2021\/01\/28C_Wegry_Polska_2000_kadr_z_transmisji-600x396.png 600w, https:\/\/kronika-futbolu.pl\/historia\/wp-content\/uploads\/2021\/01\/28C_Wegry_Polska_2000_kadr_z_transmisji.png 672w\" sizes=\"auto, (max-width: 600px) 100vw, 600px\" \/><p id=\"caption-attachment-10168\" class=\"wp-caption-text\">W\u0119gry &#8211; Polska 2000. Jerzy Dudek Kadr z transmisji.<\/p><\/div>\n<p style=\"text-align: justify;\">Zadebiutowali w Reprezentacji W\u0119gier: K\u00e1roly Er\u0151s, Kriszti\u00e1n Kenesei i Attila T\u00f6k\u00f6li. Po raz ostatni zagra\u0142 Tam\u00e1s S\u00e1ndor- \u0142\u0105cznie w kadrze 11 mecz\u00f3w.\u00a0<\/p>\n<p style=\"text-align: justify;\">W polskim zespole debiut zaliczy\u0142 jedynie Tomasz Zdebel. Ostatni raz zagrali: Piotr Reiss (\u0142\u0105cznie 4 mecze), oraz Krzysztof Bizacki (\u0142\u0105cznie 2 mecze).<\/p>\n<p>&nbsp;<\/p>\n<h2 id=\"mecz-19-04-1980\"><span class=\"ez-toc-section\" id=\"27_Mecz_Polska-_Wegry_1_0_6_wrzesnia_1997_r\"><\/span><a id=\"mecz-1997-09-06\"><\/a>27. Mecz Polska- W\u0119gry 1:0 (6 wrze\u015bnia 1997 r.)<span class=\"ez-toc-section-end\"><\/span><\/h2>\n<ul>\n<li><strong>Data meczu:<\/strong> 06.09.1997<\/li>\n<li><strong>Ranga meczu:<\/strong> Towarzyski<\/li>\n<li><strong>S\u0119dzia:<\/strong> Josef Krula &#8211; Czechy<\/li>\n<li><strong>Stadion:<\/strong> Stadion Wojska Polskiego, Warszawa\u00a0<\/li>\n<li><strong>Trener:<\/strong> Janusz W\u00f3jcik\u00a0<\/li>\n<\/ul>\n<p><strong>\u26bd Strzelony gol:<\/strong><\/p>\n<ul>\n<li>Krzysztof Ratajczyk [pl] 59&#8242;<\/li>\n<\/ul>\n<p><strong>? Sk\u0142ady:<\/strong><\/p>\n<table style=\"border-collapse: collapse; width: 100%;\">\n<thead>\n<tr>\n<th style=\"width: 50%;\">[pl] Polska:<\/th>\n<th style=\"width: 50%;\">[hu] W\u0119gry :<\/th>\n<\/tr>\n<\/thead>\n<tbody>\n<tr>\n<td style=\"width: 50%;\">\n<ul>\n<li><strong>Aleksander K\u0142ak<\/strong> do 46&#8242; -Royal Antwerp FC<\/li>\n<li>od 46&#8242; <strong>Grzegorz Szamotulski<\/strong> -Legia Warszawa<\/li>\n<li><strong>Krzysztof Ratajczyk<\/strong> do 64&#8242; -Rapid Wien<\/li>\n<li>od 64&#8242;<strong> Krzysztof Bukalski<\/strong> -KRC Genk<\/li>\n<li><strong>Tomasz \u0141api\u0144ski<\/strong> do 46&#8242; -Widzew \u0141\u00f3d\u017a<\/li>\n<li>od 46&#8242;<strong> Jacek Zieli\u0144ski<\/strong> -Legia Warszawa<\/li>\n<li><strong>Adam Ledwo\u0144<\/strong> do 46&#8242; -GKS Katowice<\/li>\n<li>od 46&#8242; <strong>Miros\u0142aw Szymkowiak<\/strong> -Widzew \u0141\u00f3d\u017a<\/li>\n<li><strong>Rados\u0142aw Michalski<\/strong> do 46&#8242; -Widzew \u0141\u00f3d\u017a<\/li>\n<li>od 46&#8242;<strong> Tomasz Wa\u0142doch<\/strong> -VfL Bochum<\/li>\n<li><strong>S\u0142awomir Majak<\/strong> do 72&#8242; -Hansa Rostock<\/li>\n<li>od 72&#8242; <strong>Tomasz Soko\u0142owski<\/strong> -Legia Warszawa<\/li>\n<li><strong>Jerzy Brz\u0119czek<\/strong> kapitan -Tirol Milch Innsbruck<\/li>\n<li><strong>Tomasz Iwan<\/strong> -PSV Eindhoven<\/li>\n<li><strong>Wojciech Kowalczyk<\/strong> -Real Betis Balompi\u00e9<\/li>\n<li><strong>Andrzej Juskowiak<\/strong> do 15&#8242; -Borussia M\u00f6nchengladbach<\/li>\n<li>od 15&#8242; <strong>Jacek Dembi\u0144ski<\/strong> -Hamburger Hamburg<\/li>\n<li><strong>Marek J\u00f3\u017awiak<\/strong> 83&#8242; [ycard] -EA Guingam<\/li>\n<\/ul>\n<\/td>\n<td style=\"width: 50%;\">\n<ul>\n<li><strong>Szabolcs S\u00e1f\u00e1r<\/strong> -SV Salzburg W\u00fcstenrot<\/li>\n<li><strong>Vilmos Seb\u0151k<\/strong> do 46&#8242; -\u00dajpesti TE<\/li>\n<li>od 46&#8242; <strong>Attila Drag\u00f3ner<\/strong> -Ferencv\u00e1rosi TC<\/li>\n<li><strong>Fl\u00f3ri\u00e1n Urb\u00e1n<\/strong> kapitan-RSC Anderlecht<\/li>\n<li><strong>Zolt\u00e1n Geress<\/strong> 25&#8242; [ycard] -Vasas SC Danubius Hotels<\/li>\n<li><strong>Tibor Dombi<\/strong> do 76&#8242; -DVSC Epona<\/li>\n<li>od 76&#8242;<strong> G\u00e1bor Egressy<\/strong> -MTK FC<\/li>\n<li><strong>Mih\u00e1ly Mracsk\u00f3<\/strong> -Gy\u0151ri ETO FC<\/li>\n<li><strong>P\u00e9ter Lipcsei<\/strong> do 65&#8242; -Ferencv\u00e1rosi TC<\/li>\n<li>od 65&#8242;<strong> L\u00e1szl\u00f3 Farkash\u00e1zy<\/strong> 74&#8242; [ycard] -MTK FC<\/li>\n<li><strong>Elek Nyilas<\/strong> do 87&#8242; -Ferencv\u00e1rosi TC<\/li>\n<li>od 87&#8242;<strong> Norbert Nagy<\/strong> -Ferencv\u00e1rosi TC<\/li>\n<li><strong>Andr\u00e1s Kereszt\u00fari<\/strong> do 58&#8242; -\u0160K Slovan Bratislava<\/li>\n<li>od 58&#8242;<strong> Zolt\u00e1n Szlez\u00e1k<\/strong> -\u00dajpesti TE<\/li>\n<li><strong>G\u00e1bor Torma<\/strong> -SV Roda JC<\/li>\n<li><strong>Zolt\u00e1n Kov\u00e1cs<\/strong> do 46&#8242; -\u00dajpesti TE<\/li>\n<li>od 46&#8242;<strong> L\u00e1szl\u00f3 Klausz<\/strong> -SV Salzburg W\u00fcstenrot<\/li>\n<\/ul>\n<\/td>\n<\/tr>\n<\/tbody>\n<\/table>\n<p><img loading=\"lazy\" decoding=\"async\" class=\"alignleft wp-image-10165 size-medium\" src=\"https:\/\/kronika-futbolu.pl\/historia\/wp-content\/uploads\/2021\/01\/27B_Polska_Wegry_1997_allegro-286x400.png\" alt=\"\" width=\"286\" height=\"400\" srcset=\"https:\/\/kronika-futbolu.pl\/historia\/wp-content\/uploads\/2021\/01\/27B_Polska_Wegry_1997_allegro-286x400.png 286w, https:\/\/kronika-futbolu.pl\/historia\/wp-content\/uploads\/2021\/01\/27B_Polska_Wegry_1997_allegro.png 597w\" sizes=\"auto, (max-width: 286px) 100vw, 286px\" \/><\/p>\n<p style=\"text-align: justify;\">Trzecia wygrana z rz\u0119du z W\u0119grami- tego jeszcze tego nie by\u0142o, a\u017c do wrze\u015bnia 1997, gdy po zwyci\u0119stwach w 1987 i 1994 roku na stadionie Legii dru\u017cyna A po raz pierwszy prowadzona przez Janusza W\u00f3jcika pokona\u0142a Madziar\u00f3w 1:0. By\u0142 to 27 mecz obu reprezentacji w historii ale drugi raz gdy pad\u0142a tylko jedna bramka. Wcze\u015bniej pada\u0142o sporo bramek, a ostatni raz wynik 1:0 mia\u0142 miejsce podczas pierwszej historycznej grze Polski z W\u0119grami w 1921 roku, gdy W\u0119grzy wygrali.\u00a0<\/p>\n<p style=\"text-align: justify;\">Jedyn\u0105 bramk\u0119 w meczu zdob\u0119dzie po strzale z rzutu wolnego Krzysztof Ratajczyk w 59 minucie. Co ciekawe ten sta\u0142y fragment gry m\u00f3g\u0142 wykona\u0107 Miros\u0142aw Szymkowiak. Debiutant tego dnia, kt\u00f3ry kilka lat p\u00f3\u017aniej zapisze si\u0119 w kartach polskiego pi\u0142karstwa w\u0142a\u015bnie te\u017c z strza\u0142u zrzutu wolnego.\u00a0<\/p>\n<p style=\"text-align: justify;\">By\u0142 to pierwszy mecz pod wodz\u0105 Janusza W\u00f3jcika jako selekcjonera pierwszej kadry. Pi\u0119\u0107 lat wcze\u015bniej W\u00f3jcik jako trener zdoby\u0142\u00a0 srebrny medal olimpijski w Barcelonie, w swoim debiucie postawi\u0142 w wi\u0119kszej mierze na pi\u0142karzy z tamtych czas\u00f3w.\u00a0<\/p>\n<p style=\"text-align: justify;\">Poza wspomnianym Szymkowiakiem, debiutowa\u0142 tak\u017ce Zolt\u00e1n Geress i by\u0142 to jednocze\u015bnie Jego ostatni mecz w kadrze. Tak samo jak dla pi\u0142karzy: G\u00e1bor Torma (\u0142\u0105cznie 7 mecz\u00f3w), Norbert Nagy (\u0142\u0105cznie 16 mecz\u00f3w).<\/p>\n<p style=\"text-align: justify;\">Sporo okazji do strzelenie goli mieli Polacy , zw\u0142aszcza Wojciech Kowalczyk.\u00a0<\/p>\n<p style=\"text-align: justify;\">\u00a0<\/p>\n<p>&nbsp;<\/p>\n<h2 id=\"mecz-19-04-1980\"><span class=\"ez-toc-section\" id=\"26_Mecz_Polska-_Wegry_3_2_4_maja_1994_r\"><\/span><a id=\"mecz-1994-05-04\"><\/a>26. Mecz Polska- W\u0119gry\u00a0 3:2\u00a0 (4 maja 1994 r.)<span class=\"ez-toc-section-end\"><\/span><\/h2>\n<ul>\n<li><strong>Data meczu:<\/strong> 04.05.1994<\/li>\n<li><strong>Ranga meczu:<\/strong> Towarzyski<\/li>\n<li><strong>S\u0119dzia:<\/strong> Karel Bohun\u011bk &#8211; Czechy<\/li>\n<li><strong>Stadion:<\/strong> Stadion Suche Stawy (Stadion Hutnika)<\/li>\n<li><strong>Trener:<\/strong> Henryk Apostel\u00a0<\/li>\n<\/ul>\n<p><strong>\u26bd Strzelone bramki:<\/strong><\/p>\n<ul>\n<li>Istv\u00e1n Vincze [hu] 12&#8242;<\/li>\n<li>Marcin Ja\u0142ocha [pl] 47&#8242;<\/li>\n<li>L\u00e1szl\u00f3 Klausz [hu] 50&#8242;<\/li>\n<li>Henryk Ba\u0142uszy\u0144ski [pl] 80&#8242;<\/li>\n<li>Adam Fedoruk [pl] 84&#8242;<\/li>\n<\/ul>\n<p><strong>? Sk\u0142ady:<\/strong><\/p>\n<table style=\"border-collapse: collapse; width: 100%;\">\n<thead>\n<tr>\n<th style=\"width: 50%;\">[pl] Polska:<\/th>\n<th style=\"width: 50%;\">[hu] W\u0119gry:<\/th>\n<\/tr>\n<\/thead>\n<tbody>\n<tr>\n<td style=\"width: 50%;\">\n<ul>\n<li><strong>Andrzej Wo\u017aniak<\/strong> -\u0141KS \u0141\u00f3d\u017a<\/li>\n<li><strong>Tomasz \u0141api\u0144ski<\/strong> kapitan -Widzew \u0141\u00f3d\u017a<\/li>\n<li><strong>Roman Szewczyk<\/strong> -FC Sochaux-Montb\u00e9liard,<\/li>\n<li><strong>Dariusz G\u0119sior<\/strong> do 46&#8242; -Ruch Chorz\u00f3w<\/li>\n<li>od 46&#8242; <strong>Adam Fedoruk<\/strong> -Legia Warszawa<\/li>\n<li><strong>Tomasz Wieszczycki<\/strong> do 80&#8242; -\u0141KS \u0141\u00f3d\u017a<\/li>\n<li>od 80&#8242; <strong>Ryszard Czerwiec<\/strong> -Widzew \u0141\u00f3d\u017a<\/li>\n<li><strong>Arkadiusz Kubik<\/strong> do 76&#8242; -G\u00f3rnik Zabrze<\/li>\n<li>od 76&#8242; <strong>Jacek P\u0142uciennik<\/strong> -\u0141KS \u0141\u00f3d\u017a<\/li>\n<li><strong>Marek Ko\u017ami\u0144ski<\/strong> do 46&#8242; -Udinese Calcio<\/li>\n<li>od 46&#8242; <strong>Dariusz Szubert<\/strong> -Pogo\u0144 Szczecin<\/li>\n<li><strong>Roman D\u0105browski<\/strong> do 46&#8242; -Ruch Chorz\u00f3w<\/li>\n<li>od 46&#8242; <strong>Henryk Ba\u0142uszy\u0144ski<\/strong> -G\u00f3rnik Zabrze<\/li>\n<li><strong>Wojciech Kowalczyk<\/strong> -Legia Warszawa<\/li>\n<li><strong>Piotr Jegor<\/strong> -G\u00f3rnik Zabrze<\/li>\n<li><strong>Marcin Ja\u0142ocha<\/strong> -Legia Warszawa<\/li>\n<\/ul>\n<\/td>\n<td style=\"width: 50%;\">\n<ul>\n<li><strong>Zolt\u00e1n V\u00e9gh<\/strong> -Gy\u0151ri ETO FC<\/li>\n<li><strong>Zolt\u00e1n Jagodics<\/strong> do 79&#8242; -Szombathelyi Halad\u00e1s VSE<\/li>\n<li>od 9&#8242; <strong>J\u00f3zsef Dur\u00f3<\/strong> -Kispest Honv\u00e9d<\/li>\n<li><strong>J\u00f3zsef Cs\u00e1bi<\/strong> -Kispest Honv\u00e9d<\/li>\n<li><strong>P\u00e9ter Lipcsei<\/strong> -Ferencv\u00e1rosi TC<\/li>\n<li><strong>G\u00e1bor Puglits<\/strong> -V\u00e1c FC Samsung<\/li>\n<li><strong>J\u00f3zsef Keller<\/strong> 81&#8242; [ycard] -Ferencv\u00e1rosi TC<\/li>\n<li><strong>L\u00e1szl\u00f3 Klausz<\/strong> do 70&#8242; -Gy\u0151ri ETO FC<\/li>\n<li>od 70&#8242; <strong>Attila Kuttor<\/strong> -Gy\u0151ri ETO FC<\/li>\n<li><strong>Istv\u00e1n Kozma<\/strong> -\u00dajpesti TE<\/li>\n<li><strong>Istv\u00e1n Pisont<\/strong> do 64&#8242; -Kispest Honv\u00e9d FC<\/li>\n<li>od 64&#8242; <strong>Tam\u00e1s S\u00e1ndor<\/strong> -Debreceni VSC<\/li>\n<li><strong>Istv\u00e1n Vincze<\/strong> do 46&#8242; -Kispest Honv\u00e9d FC<\/li>\n<li>od 46&#8242; <strong>Aur\u00e9l Csert\u0151i<\/strong> -Gy\u0151ri ETO FC<\/li>\n<li><strong>B\u00e9la Ill\u00e9s<\/strong> kapitan-Kispest Honv\u00e9d FC<\/li>\n<\/ul>\n<\/td>\n<\/tr>\n<\/tbody>\n<\/table>\n<p><div id=\"attachment_10159\" style=\"width: 539px\" class=\"wp-caption aligncenter\"><img loading=\"lazy\" decoding=\"async\" aria-describedby=\"caption-attachment-10159\" class=\"wp-image-10159 size-medium\" src=\"https:\/\/kronika-futbolu.pl\/historia\/wp-content\/uploads\/2021\/01\/26A_Polska_Wegry_1994_kadr_z_transmisji_youtube-529x400.png\" alt=\"Polska W\u0119gry 1994\" width=\"529\" height=\"400\" srcset=\"https:\/\/kronika-futbolu.pl\/historia\/wp-content\/uploads\/2021\/01\/26A_Polska_Wegry_1994_kadr_z_transmisji_youtube-529x400.png 529w, https:\/\/kronika-futbolu.pl\/historia\/wp-content\/uploads\/2021\/01\/26A_Polska_Wegry_1994_kadr_z_transmisji_youtube-768x580.png 768w, https:\/\/kronika-futbolu.pl\/historia\/wp-content\/uploads\/2021\/01\/26A_Polska_Wegry_1994_kadr_z_transmisji_youtube.png 1384w\" sizes=\"auto, (max-width: 529px) 100vw, 529px\" \/><p id=\"caption-attachment-10159\" class=\"wp-caption-text\">Polska W\u0119gry 1994. \u0179r\u00f3d\u0142o: kadr z transmisji, Youtube<\/p><\/div> <div id=\"attachment_10160\" style=\"width: 610px\" class=\"wp-caption alignleft\"><img loading=\"lazy\" decoding=\"async\" aria-describedby=\"caption-attachment-10160\" class=\"wp-image-10160 size-medium\" src=\"https:\/\/kronika-futbolu.pl\/historia\/wp-content\/uploads\/2021\/01\/26B_Polska_Wegry_1994_kadr_z_transmisji_youtube-600x382.png\" alt=\"Polska W\u0119gry 1994\" width=\"600\" height=\"382\" srcset=\"https:\/\/kronika-futbolu.pl\/historia\/wp-content\/uploads\/2021\/01\/26B_Polska_Wegry_1994_kadr_z_transmisji_youtube-600x382.png 600w, https:\/\/kronika-futbolu.pl\/historia\/wp-content\/uploads\/2021\/01\/26B_Polska_Wegry_1994_kadr_z_transmisji_youtube-768x489.png 768w, https:\/\/kronika-futbolu.pl\/historia\/wp-content\/uploads\/2021\/01\/26B_Polska_Wegry_1994_kadr_z_transmisji_youtube.png 864w\" sizes=\"auto, (max-width: 600px) 100vw, 600px\" \/><p id=\"caption-attachment-10160\" class=\"wp-caption-text\">Polska W\u0119gry 1994. \u0179r\u00f3d\u0142o: kadr z transmisji, Youtube<\/p><\/div><\/p>\n<p style=\"text-align: justify;\">Rok 1994 przyni\u00f3s\u0142 polskiej pi\u0142ce wyj\u0105tkowe wyniki z bardzo ciekawymi rywalami. W lutym towarzysko zremisowali\u015bmy z Hiszpani\u0105, a w listopadzie w bardzo wa\u017cnym meczu eliminacji do Euro 1996 pad\u0142 remis 0:0 z Francj\u0105. Pomi\u0119dzy tymi spotkaniami w maju na stadionie Hutnika w Krakowie wygrali\u015bmy z W\u0119grami- odwiecznym rywalem z kt\u00f3rym prawie zawsze przegrywali\u015bmy.<\/p>\n<p style=\"text-align: justify;\">Dla por\u00f3wnania W\u0119grzy w 1994 nie wygrali \u017cadnego spotkania, albo remisy albo pora\u017cki. Zupe\u0142nie inaczej jak za czas\u00f3w Ferenca Pusk\u00e1sa oraz N\u00e1ndora Hidegkutiego- legend nie tylko w\u0119gierskiej ale i \u015bwiatowej pi\u0142ki, kt\u00f3rzy ogl\u0105dali spotkanie na \u017cywo.<\/p>\n<p style=\"text-align: justify;\">Pierwsi do g\u0142osu doszli Go\u015bcie, Vincze\u00a0 ju\u017c w 12 minucie otworzy\u0142 wynik spotkania, reszta goli pad\u0142a w II po\u0142owie. Wyr\u00f3wna\u0142 Ja\u0142ocha po ciekawym strzale w polu karnym.\u00a0 Wyr\u00f3wna\u0142 Klausz, ale p\u00f3\u017aniej strzelali Ba\u0142uszy\u0144ski\u00a0 i Fedoruk.\u00a0<\/p>\n<p style=\"text-align: justify;\">W polskiej reprezentacji zadebiutowali: Arkadiusz Kubik i Jacek P\u0142uciennik.\u00a0 Po obu stronach nie by\u0142o zawodnik\u00f3w kt\u00f3rzy by zagrali po raz ostatni w swoich reprezentacjach.\u00a0<\/p>\n<h2 id=\"mecz-26-10-1975\"><span class=\"ez-toc-section\" id=\"25_Mecz_Polska-_Wegry_3_2_23_wrzesnia_1987_r\"><\/span><a id=\"mecz-1987-09-23\"><\/a>25. Mecz Polska- W\u0119gry 3:2 (23 wrze\u015bnia 1987 r.)<span class=\"ez-toc-section-end\"><\/span><\/h2>\n<ul>\n<li><strong>Data meczu:<\/strong> 23.09.1987<\/li>\n<li><strong>Ranga meczu:<\/strong> Eliminacje Mistrzostw Europy 1988<\/li>\n<li><strong>S\u0119dzia:<\/strong> \u0130hsan T\u00fcre &#8211; Turcja<\/li>\n<li><strong>Stadion:<\/strong> Stadion Wojska Polskiego, Warszawa<\/li>\n<li><strong>Trener:<\/strong> Wojciech \u0141azarek<\/li>\n<\/ul>\n<p><strong>\u26bd Strzelone bramki:<\/strong><\/p>\n<ul>\n<li>Dariusz Dziekanowski [pl] 7&#8242;<\/li>\n<li>Gy\u00f6rgy Bogn\u00e1r [hu] 10&#8242;<\/li>\n<li>Ryszard Tarasiewicz [pl] 58&#8242;<\/li>\n<li>Marek Le\u015bniak [pl] 62&#8242;<\/li>\n<li>Ferenc M\u00e9sz\u00e1ros [hu] 64&#8242;<\/li>\n<\/ul>\n<p><strong>? Sk\u0142ady:<\/strong><\/p>\n<table style=\"border-collapse: collapse; width: 100%;\">\n<thead>\n<tr>\n<th style=\"width: 50%;\">[pl] Polska:<\/th>\n<th style=\"width: 50%;\">[hu] W\u0119gry:<\/th>\n<\/tr>\n<\/thead>\n<tbody>\n<tr>\n<td style=\"width: 50%;\">\n<ul>\n<li><strong>J\u00f3zef Wandzik<\/strong> -G\u00f3rnik Zabrze<\/li>\n<li><strong>Jacek Grembocki<\/strong> -G\u00f3rnik Zabrze<\/li>\n<li><strong>Pawe\u0142 Kr\u00f3l<\/strong> -\u015al\u0105sk Wroc\u0142aw<\/li>\n<li><strong>J\u00f3zef Dankowski<\/strong> do 46&#8242; -G\u00f3rnik Zabrze<\/li>\n<li>od 46&#8242; <strong>Jaros\u0142aw Araszkiewicz<\/strong> -Lech Pozna\u0144<\/li>\n<li><strong>Wies\u0142aw Cisek<\/strong> 63&#8242; [ycard] do 66&#8242; -Widzew \u0141\u00f3d\u017a<\/li>\n<li>od 66&#8242;<strong> Czes\u0142aw Jako\u0142cewicz<\/strong> -Lech Pozna\u0144<\/li>\n<li><strong>Ryszard Tarasiewicz<\/strong> -\u015al\u0105sk Wroc\u0142aw<\/li>\n<li><strong>Andrzej Iwan<\/strong> -G\u00f3rnik Zabrze<\/li>\n<li><strong>Waldemar Prusik<\/strong> kapitan -\u015al\u0105sk Wroc\u0142aw<\/li>\n<li><strong>Jan Urban<\/strong> -G\u00f3rnik Zabrze<\/li>\n<li><strong>Dariusz Dziekanowski<\/strong> -Legia Warszawa<\/li>\n<li><strong>Marek Le\u015bniak<\/strong> -Pogo\u0144 Szczecin<\/li>\n<\/ul>\n<\/td>\n<td style=\"width: 50%;\">\n<ul>\n<li><strong>P\u00e9ter Disztl<\/strong> -Bp Honv\u00e9d SE<\/li>\n<li><strong>S\u00e1ndor Sallai<\/strong> -Bp Honv\u00e9d SE<\/li>\n<li><strong>\u00c1rp\u00e1d Toma<\/strong> -P\u00e9csi Munk\u00e1s SC<\/li>\n<li><strong>Zolt\u00e1n P\u00e9ter<\/strong> 26&#8242; [ycard] -First Vienna FC<\/li>\n<li><strong>Ervin Kov\u00e1cs<\/strong> -\u00dajpesti D\u00f3zsa SC<\/li>\n<li><strong>Imre Garaba<\/strong> kapitan -Stade Rennais FC<\/li>\n<li><strong>Gy\u00f6rgy Bogn\u00e1r<\/strong> do 81&#8242; -MTK &#8211; VM SK<\/li>\n<li>od 81&#8242; <strong>J\u00f3zsef Fitos<\/strong> -Bp Honv\u00e9d SE<\/li>\n<li><strong>Attila Her\u00e9di<\/strong> 23&#8242; [ycard] -\u00dajpesti D\u00f3zsa SC<\/li>\n<li><strong>Ferenc M\u00e9sz\u00e1ros<\/strong> -KSC Lokeren<\/li>\n<li><strong>Lajos D\u00e9t\u00e1ri<\/strong> -Eintracht Frankfurt<\/li>\n<li><strong>J\u00f3zsef Szekeres<\/strong> do 81&#8242; -B\u00e9k\u00e9scsabai El\u0151re Spartacus SC<\/li>\n<li>od 81&#8242; <strong>Gy\u00f6rgy Handel<\/strong> -Gy\u0151ri ETO FC<\/li>\n<\/ul>\n<\/td>\n<\/tr>\n<\/tbody>\n<\/table>\n<p><div id=\"attachment_10155\" style=\"width: 556px\" class=\"wp-caption aligncenter\"><img loading=\"lazy\" decoding=\"async\" aria-describedby=\"caption-attachment-10155\" class=\"wp-image-10155 size-medium\" src=\"https:\/\/kronika-futbolu.pl\/historia\/wp-content\/uploads\/2021\/01\/25A_Polska_Wegry_1987_Youtube-546x400.png\" alt=\"Polska - W\u0119gry 23 wrze\u015bnia 1987\" width=\"546\" height=\"400\" srcset=\"https:\/\/kronika-futbolu.pl\/historia\/wp-content\/uploads\/2021\/01\/25A_Polska_Wegry_1987_Youtube-546x400.png 546w, https:\/\/kronika-futbolu.pl\/historia\/wp-content\/uploads\/2021\/01\/25A_Polska_Wegry_1987_Youtube.png 586w\" sizes=\"auto, (max-width: 546px) 100vw, 546px\" \/><p id=\"caption-attachment-10155\" class=\"wp-caption-text\">Polska &#8211; W\u0119gry 23 wrze\u015bnia 1987. \u0179r\u00f3d\u0142o: Youtube<\/p><\/div> <div id=\"attachment_10156\" style=\"width: 424px\" class=\"wp-caption alignleft\"><img loading=\"lazy\" decoding=\"async\" aria-describedby=\"caption-attachment-10156\" class=\"wp-image-10156 \" src=\"https:\/\/kronika-futbolu.pl\/historia\/wp-content\/uploads\/2021\/01\/25B_Polska_Wegry_1987_dzienik_lodzki_nr_222-194x400.png\" alt=\"Polska - W\u0119gry 23 wrze\u015bnia 1987\" width=\"414\" height=\"853\" srcset=\"https:\/\/kronika-futbolu.pl\/historia\/wp-content\/uploads\/2021\/01\/25B_Polska_Wegry_1987_dzienik_lodzki_nr_222-194x400.png 194w, https:\/\/kronika-futbolu.pl\/historia\/wp-content\/uploads\/2021\/01\/25B_Polska_Wegry_1987_dzienik_lodzki_nr_222.png 457w\" sizes=\"auto, (max-width: 414px) 100vw, 414px\" \/><p id=\"caption-attachment-10156\" class=\"wp-caption-text\">Polska &#8211; W\u0119gry 23 wrze\u015bnia 1987. Dziennik \u0141\u00f3dzki nr 222<\/p><\/div><\/p>\n<p style=\"text-align: justify;\">25 oficjalny mecz Polska &#8211; W\u0119gry, mimo \u017ce w ramach eliminacji do Mistrzostw Europy 1988 mo\u017cna opisa\u0107 spotkaniem towarzyskim, poniewa\u017c szanse na awans obu reprezentacji by\u0142y ju\u017c niewielkie. Mimo to podobnie jak w maju tego samego roku pad\u0142o du\u017co goli. Nie tak jak wtedy (5:3 dla W\u0119gr\u00f3w) ale wygrana Polak\u00f3w 3:2 da\u0142a kibicom niez\u0142e widowisko, a mog\u0142o pa\u015b\u0107 wi\u0119cej bramek.\u00a0 Poszczeg\u00f3lne\u00a0 strza\u0142y, gole, akcje i popisy bramkarzy nale\u017cy uzna\u0107 za plusy obu dru\u017cyn. Gdyby popatrze\u0107 szczeg\u00f3\u0142owo po jednej i po drugiej stronie by\u0142o sporo minus\u00f3w.\u00a0<\/p>\n<p style=\"text-align: justify;\">By\u0142a to 3 wygrana Polak\u00f3w z rz\u0119du, a dla W\u0119gr\u00f3w 3 mecz bez zwyci\u0119stwa.\u00a0 Gole pada\u0142y w dw\u00f3ch fragmentach meczu. Najpierw w 7 minucie wynik otworzy\u0142 Dziekanowski a wyr\u00f3wna\u0142 3 minuty p\u00f3\u017aniej Bogn\u00e1r . W drugiej po\u0142owie w ci\u0105gu 6 minut wynik si\u0119 rozstrzygn\u0105\u0142, w 58 minucie pi\u0119knym strza\u0142em z oko\u0142o 30 metr\u00f3w podwy\u017cszy\u0142 Tarasiewicz, a 4 minuty p\u00f3\u017aniej by\u0142o ju\u017c 3:1 dla Polak\u00f3w po bramce Le\u015bniaka. Kilkadziesi\u0105t sekund p\u00f3\u017aniej by\u0142o 3:2 po golu M\u00e9sz\u00e1rosa.\u00a0<\/p>\n<p style=\"text-align: justify;\">Mecz przeszed\u0142 do historii z bardzo niechlubnej dla organizator\u00f3w sytuacji. Przed meczem zamiast ods\u0142ucha\u0107 hymn\u00f3w narodowych z g\u0142o\u015bnik\u00f3w lecia\u0142y trzaski, i zak\u0142\u00f3cenia. Po chwili oczekiwania oko\u0142o 600 kibic\u00f3w w\u0119gierskich od\u015bpiewa\u0142o sw\u00f3j hymn narodowy a cappella, a chwil\u0119 p\u00f3\u017aniej to samo zrobili kibice &#8222;Bia\u0142o-Czerwonych&#8221;.\u00a0<\/p>\n<p style=\"text-align: justify;\">Tego dnia jedynym debiutantem by\u0142 Gy\u00f6rgy Handel. Wi\u0119cej jednak ju\u017c dla kadry w\u0119gierskiej nie zagra\u0142. Po raz 3 i ostatni w barwach narodowych zagra\u0142 J\u00f3zef Dankowski.\u00a0<\/p>\n<h2 id=\"mecz-19-04-1975\" style=\"text-align: justify;\"><span class=\"ez-toc-section\" id=\"24_Mecz_Wegry-_Polska_5_3_17_maja_1987_r\"><\/span><a id=\"mecz-1987-05-17\"><\/a>24. Mecz W\u0119gry- Polska 5:3 (17\u00a0 maja 1987 r.)<span class=\"ez-toc-section-end\"><\/span><\/h2>\n<ul>\n<li><strong>Data meczu:<\/strong> 17.05.1987<\/li>\n<li><strong>Ranga meczu:<\/strong> Eliminacje Mistrzostw Europy 1988<\/li>\n<li><strong>S\u0119dzia:<\/strong> Adolf Prokop- NRD<\/li>\n<li><strong>Stadion:<\/strong> N\u00e9pstadion, Budapest<\/li>\n<li><strong>Trener:<\/strong> Wojciech \u0141azarek<\/li>\n<\/ul>\n<p><strong>\u26bd Strzelone bramki:<\/strong><\/p>\n<ul>\n<li>Dariusz Marciniak [pl] 27&#8242;<\/li>\n<li>Istv\u00e1n Vincze [hu] 39&#8242;<\/li>\n<li>W\u0142odzimierz Smolarek [pl] 52&#8242;<\/li>\n<li>Lajos D\u00e9t\u00e1ri (pen.) [hu] 61&#8242;-k.<\/li>\n<li>Zolt\u00e1n P\u00e9ter [hu] 65&#8242;<\/li>\n<li>Lajos D\u00e9t\u00e1ri [hu] 76&#8242;<\/li>\n<li>Roman W\u00f3jcicki [pl] 80&#8242;<\/li>\n<li>Tam\u00e1s Preszeller [hu] 83&#8242;<\/li>\n<\/ul>\n<p><strong>? Sk\u0142ady:<\/strong><\/p>\n<table style=\"border-collapse: collapse; width: 100%; height: 407px;\">\n<thead>\n<tr style=\"height: 21px;\">\n<th style=\"width: 50%; height: 21px;\">[hu] W\u0119gry:<\/th>\n<th style=\"width: 50%; height: 21px;\">[pl] Polska:<\/th>\n<\/tr>\n<\/thead>\n<tbody>\n<tr style=\"height: 386px;\">\n<td style=\"width: 50%; height: 386px;\">\n<ul>\n<li><strong>J\u00f3zsef G\u00e1sp\u00e1r<\/strong> -MTK &#8211; VM SK<\/li>\n<li><strong>Tibor Farkas<\/strong> 33&#8242; [ycard] -Vasas SC<\/li>\n<li><strong>G\u00e1bor H\u00edres<\/strong> -MTK &#8211; VM SK<\/li>\n<li><strong>Attila Szalai<\/strong> -MTK &#8211; VM SK<\/li>\n<li><strong>Zolt\u00e1n P\u00e9ter<\/strong> do 68&#8242; -Zalaegerszegi TE<\/li>\n<li>od 68&#8242; <strong>Tam\u00e1s Preszeller<\/strong> 79&#8242;[ycard] -Gy\u0151ri ETO FC<\/li>\n<li><strong>S\u00e1ndor Rost\u00e1s<\/strong> do 46&#8242; -\u00dajpesti D\u00f3zsa SC<\/li>\n<li>od 46<strong>&#8217; Rezs\u0151 K\u00e9kesi<\/strong> 82&#8242; [ycard] -MTK &#8211; VM SK<\/li>\n<li><strong>Imre Garaba<\/strong> kapitan85&#8242; [ycard] -Bp Honv\u00e9d SE<\/li>\n<li><strong>Lajos D\u00e9t\u00e1ri<\/strong> -Bp Honv\u00e9d SE<\/li>\n<li><strong>J\u00f3zsef Szekeres<\/strong> -B\u00e9k\u00e9scsabai El\u0151re Spartacus SC<\/li>\n<li><strong>J\u00f3zsef Kiprich<\/strong> -Tatab\u00e1nyai B\u00e1ny\u00e1sz SC<\/li>\n<li><strong>Istv\u00e1n Vincze<\/strong> -Tatab\u00e1nyai B\u00e1ny\u00e1sz SC<\/li>\n<\/ul>\n<\/td>\n<td style=\"width: 50%; height: 386px;\">\n<ul>\n<li><strong>J\u00f3zef Wandzik<\/strong> -G\u00f3rnik Zabrze<\/li>\n<li><strong>Krzysztof Pawlak<\/strong> -Lech Pozna\u0144<\/li>\n<li><strong>Roman W\u00f3jcicki<\/strong> -FC 08 Homburg-Saar<\/li>\n<li><strong>Pawe\u0142 Kr\u00f3l<\/strong> -\u015al\u0105sk Wroc\u0142aw<\/li>\n<li><strong>Dariusz Wdowczyk<\/strong> -Legia Warszawa<\/li>\n<li><strong>Waldemar Prusik<\/strong> -\u015al\u0105sk Wroc\u0142aw<\/li>\n<li><strong>Waldemar Matysik<\/strong> kapitan -G\u00f3rnik Zabrze<\/li>\n<li><strong>Ryszard Tarasiewicz<\/strong> do 46&#8242; -\u015al\u0105sk Wroc\u0142aw<\/li>\n<li>od 46&#8242; <strong>Marek Le\u015bniak<\/strong> -Pogo\u0144 Szczecin<\/li>\n<li><strong>Jan Urban<\/strong> do 64&#8242; -G\u00f3rnik Zabrze<\/li>\n<li>od 64&#8242; <strong>Kazimierz Przyby\u015b<\/strong> -Widzew \u0141\u00f3d\u017a<\/li>\n<li><strong>Dariusz Marciniak<\/strong> 82&#8242; [ycard] -\u015al\u0105sk Wroc\u0142aw<\/li>\n<li><strong>W\u0142odzimierz Smolarek<\/strong> -Eintracht Frankfurt<\/li>\n<\/ul>\n<\/td>\n<\/tr>\n<\/tbody>\n<\/table>\n<p><div id=\"attachment_10150\" style=\"width: 610px\" class=\"wp-caption aligncenter\"><img loading=\"lazy\" decoding=\"async\" aria-describedby=\"caption-attachment-10150\" class=\"wp-image-10150 size-medium\" src=\"https:\/\/kronika-futbolu.pl\/historia\/wp-content\/uploads\/2021\/01\/24A_Wegry_Polska_1987_youtube-600x283.png\" alt=\"W\u0119gry - Polska 13 maja 1987\" width=\"600\" height=\"283\" srcset=\"https:\/\/kronika-futbolu.pl\/historia\/wp-content\/uploads\/2021\/01\/24A_Wegry_Polska_1987_youtube-600x283.png 600w, https:\/\/kronika-futbolu.pl\/historia\/wp-content\/uploads\/2021\/01\/24A_Wegry_Polska_1987_youtube-768x362.png 768w, https:\/\/kronika-futbolu.pl\/historia\/wp-content\/uploads\/2021\/01\/24A_Wegry_Polska_1987_youtube.png 1328w\" sizes=\"auto, (max-width: 600px) 100vw, 600px\" \/><p id=\"caption-attachment-10150\" class=\"wp-caption-text\">W\u0119gry &#8211; Polska 13 maja 1987. \u0179r\u00f3d\u0142o: Youtube<\/p><\/div> <div id=\"attachment_10151\" style=\"width: 610px\" class=\"wp-caption alignleft\"><img loading=\"lazy\" decoding=\"async\" aria-describedby=\"caption-attachment-10151\" class=\"wp-image-10151 size-medium\" src=\"https:\/\/kronika-futbolu.pl\/historia\/wp-content\/uploads\/2021\/01\/24B_Wegry_Polska_1987_youtube-600x333.png\" alt=\"W\u0119gry - Polska 13 maja 1987\" width=\"600\" height=\"333\" srcset=\"https:\/\/kronika-futbolu.pl\/historia\/wp-content\/uploads\/2021\/01\/24B_Wegry_Polska_1987_youtube-600x333.png 600w, https:\/\/kronika-futbolu.pl\/historia\/wp-content\/uploads\/2021\/01\/24B_Wegry_Polska_1987_youtube-768x426.png 768w, https:\/\/kronika-futbolu.pl\/historia\/wp-content\/uploads\/2021\/01\/24B_Wegry_Polska_1987_youtube.png 1139w\" sizes=\"auto, (max-width: 600px) 100vw, 600px\" \/><p id=\"caption-attachment-10151\" class=\"wp-caption-text\">W\u0119gry &#8211; Polska 13 maja 1987. \u0179r\u00f3d\u0142o: Youtube<\/p><\/div><\/p>\n<p style=\"text-align: justify;\">Je\u017celi strzela si\u0119 3 gole w meczu i ostatecznie si\u0119 przegrywa to mo\u017cna m\u00f3wi\u0107 o meczu pe\u0142nym walki, ale te\u017c o b\u0142\u0119dach w obronie po jednej i drugiej stronie. Niewiele by\u0142o mecz\u00f3w Reprezentacji Polski w kt\u00f3rych pada\u0142o by a\u017c 8 bramek. Jednym z nich by\u0142o w\u0142a\u015bnie spotkanie z W\u0119grami w maju 1987. Powr\u00f3ci\u0142y wspomnienia z mecz\u00f3w z Madziarami kiedy to pada\u0142y wyniki podobne lub wy\u017csze w latach 40 i 50.\u00a0<\/p>\n<p style=\"text-align: justify;\">By\u0142a to 24 oficjalna gra Polska-W\u0119gry i\u00a0 nie licz\u0105c 2 spotka\u0144 na Igrzyskach Olimpijskich i 1 meczu podczas Pucharu Ba\u0142kan\u00f3w, wszystkie pozosta\u0142e by\u0142y towarzyskie. Dopiero w\u0142a\u015bnie w roku 1987 obie reprezentacje trafi\u0142y\u00a0 na siebie w grupie eliminacji do Mistrzostw Europy 1988 razem z Grecj\u0105, Holandi\u0105 i Cyprem.\u00a0<\/p>\n<p style=\"text-align: justify;\">Strzelanie na N\u00e9pstadionie w Budapeszcie rozpocz\u0105\u0142 debiutant tego dnia Dariusz Marciniak w 27 minucie. Po odpowiedzi W\u0119gr\u00f3w na prowadzenie znowu wyszli Polacy po bramce Smolarka. Niestety nast\u0119pnie Gospodarze strzelili 3 gole i ju\u017c by\u0142o nieciekawie, ale nadziej\u0119 na jeszcze korzystny da\u0142 w 80 minucie Roman W\u00f3jcicki. Chwil\u0119 p\u00f3\u017aniej wynik ustali\u0142 Preszeller.<\/p>\n<p style=\"text-align: justify;\">Po raz kolejny nie uda\u0142o si\u0119 wygra\u0107 na terenie W\u0119gier. Na kolejn\u0105 wygran\u0105 W\u0119grzy poczekaj\u0105 jednak a\u017c 20 kolejnych lat.\u00a0<\/p>\n<p>Zadebiutowali :<\/p>\n<p>J\u00f3zsef G\u00e1sp\u00e1r (zagra \u0142\u0105cznie w kadrze 4 mecze)<\/p>\n<p>Attila Szalai (\u0142\u0105cznie 2 mecze)<\/p>\n<div id=\"attachment_10152\" style=\"width: 610px\" class=\"wp-caption alignright\"><img loading=\"lazy\" decoding=\"async\" aria-describedby=\"caption-attachment-10152\" class=\"size-medium wp-image-10152\" src=\"https:\/\/kronika-futbolu.pl\/historia\/wp-content\/uploads\/2021\/01\/24C_Wegry_Polska_1987_dziennik_lodzki_nr_113-600x269.png\" alt=\"W\u0119gry - Polska 13 maja 1987\" width=\"600\" height=\"269\" srcset=\"https:\/\/kronika-futbolu.pl\/historia\/wp-content\/uploads\/2021\/01\/24C_Wegry_Polska_1987_dziennik_lodzki_nr_113-600x269.png 600w, https:\/\/kronika-futbolu.pl\/historia\/wp-content\/uploads\/2021\/01\/24C_Wegry_Polska_1987_dziennik_lodzki_nr_113-768x344.png 768w, https:\/\/kronika-futbolu.pl\/historia\/wp-content\/uploads\/2021\/01\/24C_Wegry_Polska_1987_dziennik_lodzki_nr_113.png 910w\" sizes=\"auto, (max-width: 600px) 100vw, 600px\" \/><p id=\"caption-attachment-10152\" class=\"wp-caption-text\">W\u0119gry &#8211; Polska 13 maja 1987. Dziennik \u0141\u00f3dzki nr 11<\/p><\/div>\n<p>\nS\u00e1ndor Rost\u00e1s (jednocze\u015bnie ostatni wyst\u0119p reprezentacyjny) <\/p>\n<p>Rezs\u0151 K\u00e9kesi (\u0142\u0105cznie 3 mecze)<\/p>\n<p>&nbsp;<\/p>\n<p>Dariusz Marciniak (\u0142\u0105cznie 5 mecz\u00f3)<\/p>\n<p>Ostatni raz w Reprezentacji Polski zagra\u0142 Krzysztof Pawlak- \u0142acznie 31 mecz\u00f3w i 1 bramka.\u00a0<\/p>\n<h2 id=\"mecz-23-06-1974\"><span class=\"ez-toc-section\" id=\"23_Mecz_Wegry-_Polska_2_1_26_marca_1980_r\"><\/span><a id=\"mecz-1980-03-26\"><\/a>23. Mecz W\u0119gry- Polska 2:1 (26 marca 1980 r.)<span class=\"ez-toc-section-end\"><\/span><\/h2>\n<ul>\n<li><strong>Data meczu:<\/strong> 26.03.1980<\/li>\n<li><strong>Ranga meczu:<\/strong> Towarzyski<\/li>\n<li><strong>S\u0119dzia:<\/strong> Francisc Kolossy- Rumunia<\/li>\n<li><strong>Stadion:<\/strong> N\u00e9pstadion, Budapeszt<\/li>\n<li><strong>Trener:<\/strong> Ryszard Kulesza\u00a0<\/li>\n<\/ul>\n<p><strong>\u26bd Strzelone bramki:<\/strong><\/p>\n<ul>\n<li>L\u00e1szl\u00f3 Fazekas [hu] 3&#8242;,<\/li>\n<li>Andr\u00e1s T\u00f6r\u0151csik [hu] 22&#8242;,<\/li>\n<li>Grzegorz Lato [pl] 24&#8242;<\/li>\n<\/ul>\n<p><strong>? Sk\u0142ady:<\/strong><\/p>\n<table style=\"border-collapse: collapse; width: 100%; height: 383px;\">\n<thead>\n<tr style=\"height: 21px;\">\n<th style=\"width: 50%; height: 21px;\">[hu] W\u0119gry:<\/th>\n<th style=\"width: 50%; height: 21px;\">[pl] Polska:<\/th>\n<\/tr>\n<\/thead>\n<tbody>\n<tr style=\"height: 362px;\">\n<td style=\"width: 50%; height: 362px;\">\n<ul>\n<li><strong>Ferenc M\u00e9sz\u00e1ros<\/strong> -Vasas SC<\/li>\n<li><strong>P\u00e9ter T\u00f6r\u00f6k<\/strong> -Vasas SC<\/li>\n<li><strong>L\u00e1szl\u00f3 B\u00e1lint<\/strong> -Club Brugge<\/li>\n<li><strong>Zolt\u00e1n Kereki<\/strong> -Zalaegerszegi TE<\/li>\n<li><strong>J\u00f3zsef T\u00f3th<\/strong> -\u00dajpesti D\u00f3zsa<\/li>\n<li><strong>J\u00f3zsef P\u00e1l<\/strong> -Bp Honv\u00e9d<\/li>\n<li><strong>S\u00e1ndor M\u00fcller<\/strong> do 66&#8242; -Vasas SC<\/li>\n<li>od 66&#8242; <strong>J\u00e1nos Bors\u00f3<\/strong> -MTK &#8211; VM SK<\/li>\n<li><strong>S\u00e1ndor Zombori<\/strong> -Vasas SC<\/li>\n<li><strong>L\u00e1szl\u00f3 Fazekas<\/strong> kapitan -\u00dajpesti D\u00f3zsa<\/li>\n<li><strong>Andr\u00e1s T\u00f6r\u0151csik<\/strong> do 80&#8242; -\u00dajpesti D\u00f3zsa<\/li>\n<li>od 80&#8242;<strong> L\u00e1szl\u00f3 Kuti &#8211;<\/strong>Duna\u00fajv\u00e1rosi Koh\u00e1sz<\/li>\n<li><strong>B\u00e9la V\u00e1radi<\/strong> -Vasas SC<\/li>\n<\/ul>\n<\/td>\n<td style=\"width: 50%; height: 362px;\">\n<ul>\n<li><strong>J\u00f3zef M\u0142ynarczyk<\/strong> -Odra Opole<\/li>\n<li><strong>Marek Dziuba<\/strong> kapitan -\u0141KS \u0141\u00f3d\u017a<\/li>\n<li><strong>Pawe\u0142 Janas<\/strong> -Legia Warszawa<\/li>\n<li><strong>W\u0142adys\u0142aw \u017bmuda<\/strong> -Widzew \u0141\u00f3d\u017a<\/li>\n<li><strong>Marek Motyka<\/strong> -Wis\u0142a Krak\u00f3w<\/li>\n<li><strong>Leszek Lipka<\/strong> -Wis\u0142a Krak\u00f3w<\/li>\n<li><strong>Roman W\u00f3jcicki<\/strong> -Odra Opole<\/li>\n<li><strong>Henryk Mi\u0142oszewicz<\/strong> do 70&#8242; -Legia Warszawa<\/li>\n<li>od 70&#8242; <strong>Janusz Sybis<\/strong> -\u015al\u0105sk Wroc\u0142aw<\/li>\n<li><strong>Grzegorz Lato<\/strong> -Stal Mielec<\/li>\n<li><strong>Andrzej Iwan<\/strong> do 76&#8242; -Wis\u0142a Krak\u00f3w<\/li>\n<li>od 76&#8242; <strong>Roman Ogaza<\/strong> -Szombierki Bytom<\/li>\n<li><strong>Andrzej Pa\u0142asz<\/strong> -G\u00f3rnik Zabrze<\/li>\n<\/ul>\n<\/td>\n<\/tr>\n<\/tbody>\n<\/table>\n<p><div id=\"attachment_10146\" style=\"width: 610px\" class=\"wp-caption aligncenter\"><img loading=\"lazy\" decoding=\"async\" aria-describedby=\"caption-attachment-10146\" class=\"wp-image-10146 size-medium\" src=\"https:\/\/kronika-futbolu.pl\/historia\/wp-content\/uploads\/2021\/01\/23A_Wegry_Polska_1980_Dziennik_Polski_nr_70-600x286.png\" alt=\"W\u0119gry - Polska 26 marca 1980\" width=\"600\" height=\"286\" srcset=\"https:\/\/kronika-futbolu.pl\/historia\/wp-content\/uploads\/2021\/01\/23A_Wegry_Polska_1980_Dziennik_Polski_nr_70-600x286.png 600w, https:\/\/kronika-futbolu.pl\/historia\/wp-content\/uploads\/2021\/01\/23A_Wegry_Polska_1980_Dziennik_Polski_nr_70-768x366.png 768w, https:\/\/kronika-futbolu.pl\/historia\/wp-content\/uploads\/2021\/01\/23A_Wegry_Polska_1980_Dziennik_Polski_nr_70.png 914w\" sizes=\"auto, (max-width: 600px) 100vw, 600px\" \/><p id=\"caption-attachment-10146\" class=\"wp-caption-text\">W\u0119gry &#8211; Polska 26 marca 1980. Dziennik Polski.<\/p><\/div> <div id=\"attachment_10147\" style=\"width: 543px\" class=\"wp-caption alignleft\"><img loading=\"lazy\" decoding=\"async\" aria-describedby=\"caption-attachment-10147\" class=\"wp-image-10147 size-medium\" src=\"https:\/\/kronika-futbolu.pl\/historia\/wp-content\/uploads\/2021\/01\/23B_Wegry_Polska_1980_Dziennik_Popularny_nr_70-533x400.png\" alt=\"W\u0119gry - Polska 26 marca 1980\" width=\"533\" height=\"400\" srcset=\"https:\/\/kronika-futbolu.pl\/historia\/wp-content\/uploads\/2021\/01\/23B_Wegry_Polska_1980_Dziennik_Popularny_nr_70-533x400.png 533w, https:\/\/kronika-futbolu.pl\/historia\/wp-content\/uploads\/2021\/01\/23B_Wegry_Polska_1980_Dziennik_Popularny_nr_70-768x577.png 768w, https:\/\/kronika-futbolu.pl\/historia\/wp-content\/uploads\/2021\/01\/23B_Wegry_Polska_1980_Dziennik_Popularny_nr_70.png 1204w\" sizes=\"auto, (max-width: 533px) 100vw, 533px\" \/><p id=\"caption-attachment-10147\" class=\"wp-caption-text\">W\u0119gry &#8211; Polska 26 marca 1980. Dziennik Popularny<\/p><\/div><\/p>\n<p style=\"text-align: justify;\">Tradycyjnie ju\u017c w Budapeszcie polscy pi\u0142karze przegrali spotkanie z W\u0119grami. By\u0142o to 23 oficjalne spotkanie w historii dru\u017cyn narodowych polskiej i w\u0119gierskiej, po raz 10 na W\u0119grzech i po raz 9 w Budapeszcie i po raz kolejny lepsi byli Gospodarze.\u00a0 Gra toczy\u0142a si\u0119 raczej w wi\u0119kszo\u015bci czasu przeci\u0119tnie i obie jedenastki nie zachwyci\u0142y oko\u0142o 20 tysi\u0119cy widz\u00f3w na N\u00e9pstadionie. Po spotkaniu trenerzy obu dru\u017cyn stwierdz\u0105, \u017ce gra by\u0142a niez\u0142\u0105 i na tyle dobra na tyle na ile sta\u0107 obecnie ich pi\u0142karzy.\u00a0<\/p>\n<p style=\"text-align: justify;\">Ju\u017c w 3 minucie rozgrywaj\u0105cego 4 mecz w dru\u017cynie narodowej J\u00f3zefa M\u0142ynarczyka pokona\u0142 L\u00e1szl\u00f3 Fazekas. Polski bramkarz zawini\u0142 przy tym golu i powinien obroni\u0107 strza\u0142. By\u0142a to pierwsza bramka kt\u00f3r\u0105 straci\u0142 M\u0142ynarczyk w swojej reprezentacyjnej karierze. W poprzednich 3 meczach zachowywa\u0142 czyste konta ale rywalami w raczej mocno sparingowych spotkaniach by\u0142y reprezentacje Tunezji, Maroka i Iraku. Drugi gol dla W\u0119gr\u00f3w pad\u0142 w 22 minucie po b\u0142\u0119dach tym razem obrony polskiej. Autorem bramki by\u0142 Andr\u00e1s T\u00f6r\u0151csik. Dwie minuty p\u00f3\u017aniej Andrzej Pa\u0142asz odda\u0142 silny strza\u0142 z pola karnego a bramkarz w\u0119gierski nie utrzyma\u0142 pi\u0142ki i gola kontaktowego zdoby\u0142 Grzegorz Lato.\u00a0<\/p>\n<p>Zadebiutowali:<\/p>\n<p>&#8211; J\u00e1nos Bors\u00f3- jednocze\u015bnie ostatni mecz<\/p>\n<p>&#8211; Henryk Mi\u0142oszewicz &#8211; rozegra \u0142\u0105cznie 9 mecz\u00f3w w kadrze<\/p>\n<p>Po raz ostatni zagra\u0142:<\/p>\n<p>-P\u00e9ter T\u00f6r\u00f6k (\u0142\u0105cznie w kadrze 35 mecz\u00f3w)<\/p>\n<h2 id=\"mecz-01-11-1965\"><span class=\"ez-toc-section\" id=\"22_Mecz_Polska-_Wegry_1_1_4_kwietnia_1979_r\"><\/span><a id=\"mecz-1979-04-04\"><\/a>22. Mecz Polska- W\u0119gry 1:1 (4\u00a0 kwietnia 1979 r.)<span class=\"ez-toc-section-end\"><\/span><\/h2>\n<ul>\n<li><strong>Data meczu:<\/strong> 04.04.1979<\/li>\n<li><strong>Ranga meczu:<\/strong> Towarzyski<\/li>\n<li><strong>S\u0119dzia:<\/strong> Klaus Scheurell- RFN<\/li>\n<li><strong>Stadion:<\/strong> Stadion \u015al\u0105ski, Chorz\u00f3w\u00a0<\/li>\n<li><strong>Trener:<\/strong> Ryszard Kulesza<\/li>\n<\/ul>\n<p><strong>\u26bd Strzelony gol:<\/strong><\/p>\n<ul>\n<li>Grzegorz Lato [pl] 58&#8242;<\/li>\n<li>Gy\u00f6rgy Tat\u00e1r [hu] 72&#8242;<\/li>\n<\/ul>\n<p><strong>? Sk\u0142ady:<\/strong><\/p>\n<table style=\"border-collapse: collapse; width: 100%;\">\n<thead>\n<tr>\n<th style=\"width: 50%;\">[pl] Polska:<\/th>\n<th style=\"width: 50%;\">[hu] W\u0119gry:<\/th>\n<\/tr>\n<\/thead>\n<tbody>\n<tr>\n<td style=\"width: 50%;\">\n<ul>\n<li><strong>Zygmunt Kukla<\/strong> -Stal Mielec<\/li>\n<li><strong>Marek Dziuba<\/strong> -\u0141KS \u0141\u00f3d\u017a<\/li>\n<li><strong>Antoni Szymanowski<\/strong> kapitan -Gwardia Warszawa<\/li>\n<li><strong>Pawe\u0142 Janas<\/strong> -Legia Warszawa<\/li>\n<li><strong>Zbigniew P\u0142aszewski<\/strong> -Wis\u0142a Krak\u00f3w<\/li>\n<li><strong>Stefan Majewski<\/strong> -Legia Warszawa<\/li>\n<li><strong>Zbigniew Boniek<\/strong> -Widzew \u0141\u00f3d\u017a<\/li>\n<li><strong>Adam Nawa\u0142ka<\/strong> -Wis\u0142a Krak\u00f3w<\/li>\n<li><strong>Grzegorz Lato<\/strong> -Stal Mielec<\/li>\n<li><strong>Roman Ogaza<\/strong> -Szombierki Bytom<\/li>\n<li><strong>Micha\u0142 Wr\u00f3bel<\/strong> do 74&#8242; -Wis\u0142a Krak\u00f3w<\/li>\n<li>od 74&#8242; <strong>Tomasz Korynt<\/strong> -Arka Gdynia<\/li>\n<\/ul>\n<\/td>\n<td style=\"width: 50%;\">\n<ul>\n<li><strong>B\u00e9la Katzirz<\/strong> -P\u00e9csi Munk\u00e1s<\/li>\n<li><strong>P\u00e9ter T\u00f6r\u00f6k<\/strong> -Vasas SC<\/li>\n<li><strong>Istv\u00e1n Kocsis<\/strong> -Bp Honv\u00e9d<\/li>\n<li><strong>L\u00e1szl\u00f3 B\u00e1lint<\/strong> -Ferencv\u00e1rosi TC<\/li>\n<li><strong>L\u00e1szl\u00f3 Kutasi<\/strong> -Di\u00f3sgy\u0151ri VTK<\/li>\n<li><strong>Gy\u00f6rgy Tat\u00e1r<\/strong> do 80&#8242; -Di\u00f3sgy\u0151ri VTK<\/li>\n<li>od 80&#8242;<strong> Tibor Rab<\/strong> -Ferencv\u00e1rosi TC<\/li>\n<li><strong>Tibor Nyilasi<\/strong> kapitan -Ferencv\u00e1rosi TC<\/li>\n<li><strong>S\u00e1ndor Zombori<\/strong> -Vasas SC<\/li>\n<li><strong>K\u00e1roly Csap\u00f3<\/strong> -Tatab\u00e1nyai B\u00e1ny\u00e1sz<\/li>\n<li><strong>Andr\u00e1s T\u00f6r\u0151csik<\/strong> -\u00dajpesti D\u00f3zsa<\/li>\n<li><strong>L\u00e1szl\u00f3 Fekete<\/strong> do 71&#8242; -\u00dajpesti D\u00f3zsa<\/li>\n<li>od 71&#8242; <strong>L\u00e1szl\u00f3 Fazekas<\/strong> -\u00dajpesti D\u00f3zsa<\/li>\n<\/ul>\n<\/td>\n<\/tr>\n<\/tbody>\n<\/table>\n<p><div id=\"attachment_10142\" style=\"width: 595px\" class=\"wp-caption aligncenter\"><img loading=\"lazy\" decoding=\"async\" aria-describedby=\"caption-attachment-10142\" class=\"wp-image-10142 size-medium\" src=\"https:\/\/kronika-futbolu.pl\/historia\/wp-content\/uploads\/2021\/01\/22A_Polska_Wegry_1979_Kadr_z_transmisji-585x400.png\" alt=\"Polska-W\u0119gry 1979\" width=\"585\" height=\"400\" srcset=\"https:\/\/kronika-futbolu.pl\/historia\/wp-content\/uploads\/2021\/01\/22A_Polska_Wegry_1979_Kadr_z_transmisji-585x400.png 585w, https:\/\/kronika-futbolu.pl\/historia\/wp-content\/uploads\/2021\/01\/22A_Polska_Wegry_1979_Kadr_z_transmisji.png 649w\" sizes=\"auto, (max-width: 585px) 100vw, 585px\" \/><p id=\"caption-attachment-10142\" class=\"wp-caption-text\">Kadr z transmisji, moment strza\u0142u Grzegorza Laty po kt\u00f3rym pad\u0142 gol.<\/p><\/div> <div id=\"attachment_10143\" style=\"width: 610px\" class=\"wp-caption alignleft\"><img loading=\"lazy\" decoding=\"async\" aria-describedby=\"caption-attachment-10143\" class=\"wp-image-10143 size-medium\" src=\"https:\/\/kronika-futbolu.pl\/historia\/wp-content\/uploads\/2021\/01\/22B_Polska_Wegry_1979_Dziennik_Popularny_nr_76-600x348.png\" alt=\"Polska-W\u0119gry 1979\" width=\"600\" height=\"348\" srcset=\"https:\/\/kronika-futbolu.pl\/historia\/wp-content\/uploads\/2021\/01\/22B_Polska_Wegry_1979_Dziennik_Popularny_nr_76-600x348.png 600w, https:\/\/kronika-futbolu.pl\/historia\/wp-content\/uploads\/2021\/01\/22B_Polska_Wegry_1979_Dziennik_Popularny_nr_76-768x445.png 768w, https:\/\/kronika-futbolu.pl\/historia\/wp-content\/uploads\/2021\/01\/22B_Polska_Wegry_1979_Dziennik_Popularny_nr_76.png 1115w\" sizes=\"auto, (max-width: 600px) 100vw, 600px\" \/><p id=\"caption-attachment-10143\" class=\"wp-caption-text\">Polska-W\u0119gry 1979. Dziennik Popularny &#8211; \u0141\u00f3d\u017a nr 76<\/p><\/div><\/p>\n<p style=\"text-align: justify;\">G\u0142\u00f3wnym celem na rok 1979 dla Reprezentacji Polski by\u0142o wywalczenie awansu do Mistrzostw Europy 1980. Po lutowych wygranych z Tunezj\u0105 i Algieri\u0105 w Afryce przyszed\u0142 w kwietniu czas na nieco mocniejszego rywala. Tu\u017c przed kolejnymi bardzo wa\u017cnymi spotkaniami w eliminacjach.\u00a0 2 tygodnie\u00a0 przed meczem z NRD i miesi\u0105c przed spotkaniem z Holandi\u0105 dru\u017cyna prowadzona przez Ryszarda Kulesz\u0119 zremisowa\u0142a z W\u0119grami 1:1 w Chorzowie.\u00a0<\/p>\n<p style=\"text-align: justify;\">Jak powiedz\u0105 po meczu trenerzy obu dru\u017cyn- Kulesza, oraz Ferenc Kov\u00e1cs w obu dru\u017cynach zabrak\u0142o skuteczno\u015bci. Okazji nie brakowa\u0142o ale jedynie po jednej bramce strzelili Polacy i W\u0119grzy.\u00a0 W 58 minucie do\u015brodkowanie z lewej strony Romana Ogazy\u00a0 wykorzysta\u0142 Grzegorz Lato kt\u00f3ry g\u0142ow\u0105 pokona\u0142 B\u00e9la Katzirza. Do wyr\u00f3wnania doprowadzi\u0142 Gy\u00f6rgy Tat\u00e1r a asystowa\u0142 mu z prawej strony K\u00e1roly Csap\u00f3.\u00a0<\/p>\n<p style=\"text-align: justify;\">By\u0142 to 30 remis 1:1 w hitorii Reprezentacji Polski. Zadebiutowa\u0142 Tomasz Korynt- syn Romana i by\u0142 to w\u00f3wczas 4 taki przypadek w historii naszej dru\u017cyny narodowej. Dla Tomasza pierwszy mecz w kadrze by\u0142 r\u00f3wnie\u017c ostatnim. Innym debiutuj\u0105cym pi\u0142karzem by\u0142 Micha\u0142 Wr\u00f3bel.\u00a0<\/p>\n<h2 id=\"mecz-18-04-1965\"><span class=\"ez-toc-section\" id=\"21_Mecz_Wegry-_Polska_2_1_13_kwietnia_1977_r\"><\/span><a id=\"mecz-1977-04-13\"><\/a>21. Mecz W\u0119gry- Polska 2:1 (13 kwietnia 1977 r.)<span class=\"ez-toc-section-end\"><\/span><\/h2>\n<ul>\n<li><strong>Data meczu:<\/strong> 13.04.1977<\/li>\n<li><strong>Ranga meczu:<\/strong> Towarzyski<\/li>\n<li><strong>S\u0119dzia:<\/strong> Heinz Einbeck- RFN<\/li>\n<li><strong>Stadion:<\/strong>N\u00e9pstadion, Budapest<\/li>\n<li><strong>Trener:<\/strong> Jacek Gmoch<\/li>\n<\/ul>\n<p><strong>\u26bd Strzelone bramki:<\/strong><\/p>\n<ul>\n<li>Tibor Nyilasi [hu] 39&#8242;<\/li>\n<li>Adam Nawa\u0142ka [pl] 47&#8242;<\/li>\n<li>Tibor Nyilasi [hu] 76&#8242;<\/li>\n<\/ul>\n<p><strong>? Sk\u0142ady:<\/strong><\/p>\n<table style=\"border-collapse: collapse; width: 100%; height: 383px;\">\n<thead>\n<tr style=\"height: 21px;\">\n<th style=\"width: 50%; height: 21px;\">[hu] W\u0119gry:<\/th>\n<th style=\"width: 50%; height: 21px;\">[pl] Polska:<\/th>\n<\/tr>\n<\/thead>\n<tbody>\n<tr style=\"height: 362px;\">\n<td style=\"width: 50%; height: 362px;\">\n<ul>\n<li><strong>S\u00e1ndor Gujd\u00e1r<\/strong> -Bp Honv\u00e9d<\/li>\n<li><strong>Martos<\/strong> -Ferencv\u00e1rosi TC<\/li>\n<li><strong>L\u00e1szl\u00f3 B\u00e1lint<\/strong> kapitan73&#8242; [ycard] -Ferencv\u00e1rosi TC<\/li>\n<li><strong>Zolt\u00e1n Kereki<\/strong> -Szombathelyi Halad\u00e1s<\/li>\n<li><strong>J\u00f3zsef T\u00f3th<\/strong> [ycard] -\u00dajpesti D\u00f3zsa<\/li>\n<li><strong>S\u00e1ndor Pint\u00e9r<\/strong> -Bp Honv\u00e9d<\/li>\n<li><strong>Tibor Nyilasi<\/strong> -Ferencv\u00e1rosi TC<\/li>\n<li><strong>S\u00e1ndor Zombori<\/strong> -Vasas SC<\/li>\n<li><strong>L\u00e1szl\u00f3 Pusztai<\/strong> -Ferencv\u00e1rosi TC<\/li>\n<li><strong>Istv\u00e1n Kov\u00e1cs<\/strong> do 71&#8242; -Vasas SC<\/li>\n<li>od 71&#8242; <strong>L\u00e1szl\u00f3 Fazekas<\/strong> -\u00dajpesti D\u00f3zsa<\/li>\n<li><strong>B\u00e9la V\u00e1radi<\/strong> -Vasas SC<\/li>\n<\/ul>\n<\/td>\n<td style=\"width: 50%; height: 362px;\">\n<ul>\n<li><strong>Jan Tomaszewski<\/strong> -\u0141KS \u0141\u00f3d\u017a<\/li>\n<li><strong>Henryk Wawrowski<\/strong> do 32&#8242; -MKS Pogo\u0144 Szczecin<\/li>\n<li>od 32&#8242; <strong>Marek Dziuba<\/strong> -\u0141KS \u0141\u00f3d\u017a<\/li>\n<li><strong>Henryk Kasperczak<\/strong> -Stal Mielec<\/li>\n<li><strong>W\u0142adys\u0142aw \u017bmuda<\/strong> -\u015al\u0105sk Wroc\u0142aw<\/li>\n<li><strong>Czes\u0142aw Boguszewicz<\/strong> -Arka Gdynia<\/li>\n<li><strong>Jerzy Wyrobek<\/strong> do 46&#8242; -Ruch Chorz\u00f3w<\/li>\n<li>od 46&#8242; <strong>Adam Nawa\u0142ka<\/strong> 65&#8242;[ycard] -Wis\u0142a Krak\u00f3w<\/li>\n<li><strong>Kazimierz Deyna<\/strong> kapitan -Legia Warszawa<\/li>\n<li><strong>Bohdan Masztaler<\/strong> -Odra Opole<\/li>\n<li><strong>Grzegorz Lato<\/strong> -Stal Mielec<\/li>\n<li><strong>W\u0142odzimierz Luba\u0144ski<\/strong> -KSC Lokeren<\/li>\n<li><strong>Stanis\u0142aw Terlecki<\/strong> do 73&#8242; -\u0141KS \u0141\u00f3d\u017a<\/li>\n<li>od 73&#8242; <strong>Tadeusz Nowak<\/strong> -Legia Warszawa<\/li>\n<\/ul>\n<\/td>\n<\/tr>\n<\/tbody>\n<\/table>\n<p><div id=\"attachment_10136\" style=\"width: 602px\" class=\"wp-caption aligncenter\"><img loading=\"lazy\" decoding=\"async\" aria-describedby=\"caption-attachment-10136\" class=\"wp-image-10136 size-full\" src=\"https:\/\/kronika-futbolu.pl\/historia\/wp-content\/uploads\/2021\/01\/21A_Wegry_Polska_1977_Youtube.png\" alt=\"W\u0119gry - Polska 1977\" width=\"592\" height=\"308\" \/><p id=\"caption-attachment-10136\" class=\"wp-caption-text\">W\u0119gry &#8211; Polska 1977<\/p><\/div> <div id=\"attachment_10137\" style=\"width: 448px\" class=\"wp-caption alignleft\"><img loading=\"lazy\" decoding=\"async\" aria-describedby=\"caption-attachment-10137\" class=\"wp-image-10137 size-medium\" src=\"https:\/\/kronika-futbolu.pl\/historia\/wp-content\/uploads\/2021\/01\/21B_Wegry_Polska_1977_Dziennik_Popularny_nr_83-438x400.png\" alt=\"W\u0119gry - Polska 1977\" width=\"438\" height=\"400\" srcset=\"https:\/\/kronika-futbolu.pl\/historia\/wp-content\/uploads\/2021\/01\/21B_Wegry_Polska_1977_Dziennik_Popularny_nr_83-438x400.png 438w, https:\/\/kronika-futbolu.pl\/historia\/wp-content\/uploads\/2021\/01\/21B_Wegry_Polska_1977_Dziennik_Popularny_nr_83.png 740w\" sizes=\"auto, (max-width: 438px) 100vw, 438px\" \/><p id=\"caption-attachment-10137\" class=\"wp-caption-text\">W\u0119gry &#8211; Polska 1977. Dziennik Popularny nr 83<\/p><\/div><\/p>\n<p style=\"text-align: justify;\">Od pora\u017cki Polacy rozpocz\u0119li\u00a0 rok 1977. W Budapeszcie jak za dawnych lat lepsi byli W\u0119grzy. By\u0142 to rok ko\u0144ca eliminacji do Mistrzostw \u015awiata 1978. Ostatecznie Reprezentacja Polski uzyska\u0142a awans.\u00a0<\/p>\n<p style=\"text-align: justify;\">W 39 minucie Tibor Nyilasi\u00a0 po akcji\u00a0 sam na sam z Tomaszewskim wyprowadzi\u0142 W\u0119gr\u00f3w na 1:0. By\u0142o to zemszczenie si\u0119 za niewykorzystan\u0105 chwil\u0119 wcze\u015bniej akcji Kazimierza Deyny. W przerwie meczu na boisko wszed\u0142 debiutant zawodnik Wis\u0142y Krak\u00f3w Adam Nawa\u0142ka. Otrzymawszy pi\u0142k\u0119 przed polem karnym, tak uderzy\u0142 \u017ce wyr\u00f3wna\u0142. Wspania\u0142y debiut przysz\u0142ego trenera Reprezentacji Polski. Niestety w 76 minucie pi\u0142k\u0119 z rzutu wolnego z po\u0142owy boiska otrzyma\u0142 przed polem karnym Tibor Nyilasi , przyj\u0105\u0142 pi\u0142k\u0119 i nie da\u0142 jej sobie odebra\u0107 dw\u00f3m polskim pi\u0142karzom, strzeli\u0142 swoj\u0105 11 bramk\u0119 w kadrze W\u0119gier.\u00a0<\/p>\n<p style=\"text-align: justify;\">Opr\u00f3cz Adama Nawa\u0142ki zadebiutowa\u0142 tak\u017ce \u00a0\u00a0Marek Dziuba. Po raz ostatni w barwach &#8222;Bia\u0142o-Czerwonych&#8221; zagrali Jerzy Wyrobek (\u0142\u0105cznie 15 mecz\u00f3w), oraz Tadeusz Nowak (\u0142\u0105cznie 2 mecze).<\/p>\n<p style=\"text-align: justify;\">W 21 meczu oficjalnym z W\u0119grami po raz 17 lepsi okazali si\u0119 nasi rywale i nadal na terenie w\u0119gierskim\u00a0 nie wygrali\u015bmy.\u00a0<\/p>\n<h2 id=\"mecz-08-07-1982\"><span class=\"ez-toc-section\" id=\"20_Mecz_Polska-_Wegry_4_2_8_pazdziernika_1975_r\"><\/span><a id=\"mecz-1975-10-08\"><\/a>20. Mecz Polska- W\u0119gry\u00a0 4:2 (8 pa\u017adziernika\u00a0 1975 r.)<span class=\"ez-toc-section-end\"><\/span><\/h2>\n<ul>\n<li><strong>Data meczu:<\/strong> 08.10.1975<\/li>\n<li><strong>Ranga meczu:<\/strong> Towarzyski<\/li>\n<li><strong>S\u0119dzia:<\/strong> Miroslav Kopal- Czechos\u0142owacja<\/li>\n<li><strong>Stadion:<\/strong> Stadion Miejski (\u0141.K.S.), \u0141\u00f3d\u017a<\/li>\n<li><strong>Trener:<\/strong> Kazimierz G\u00f3rski\u00a0<\/li>\n<\/ul>\n<p><strong>\u26bd Strzelone bramki:<\/strong><\/p>\n<ul>\n<li>L\u00e1szl\u00f3 Nagy [hu] 10&#8242;<\/li>\n<li>Kazimierz Kmiecik [pl] 12&#8242;<\/li>\n<li>Henryk Kasperczak [pl] 17&#8242;<\/li>\n<li>Joachim Marx [pl] 31&#8242;<\/li>\n<li>Joachim Marx [pl] 77&#8242;<\/li>\n<li>L\u00e1szl\u00f3 Pusztai [hu] 89&#8242;<\/li>\n<\/ul>\n<p><strong>? Sk\u0142ady:<\/strong><\/p>\n<table style=\"border-collapse: collapse; width: 100%;\">\n<thead>\n<tr>\n<th style=\"width: 50%;\">[pl] Polska:<\/th>\n<th style=\"width: 50%;\">[hu] W\u0119gry:<\/th>\n<\/tr>\n<\/thead>\n<tbody>\n<tr>\n<td style=\"width: 50%;\">\n<ul>\n<li><strong>Jan Tomaszewski<\/strong> do 13&#8242; -\u0141KS \u0141\u00f3d\u017a<\/li>\n<li>od 13&#8242; <strong>Piotr Mowlik<\/strong> -Legia Warszawa<\/li>\n<li><strong>Antoni Szymanowski<\/strong> do 65&#8242; -Wis\u0142a Krak\u00f3w<\/li>\n<li>od 65&#8242; <strong>Ryszard Polak<\/strong> -\u0141KS \u0141\u00f3d\u017a<\/li>\n<li><strong>Marian Ostafi\u0144ski<\/strong> do 46&#8242; -Ruch Chorz\u00f3w<\/li>\n<li>od 46&#8242; <strong>Miros\u0142aw Bulzacki<\/strong> -\u0141KS \u0141\u00f3d\u017a<\/li>\n<li><strong>W\u0142adys\u0142aw \u017bmuda<\/strong> -\u015al\u0105sk Wroc\u0142aw<\/li>\n<li><strong>Henryk Wawrowski<\/strong> -Pogo\u0144 Szczecin, lub wg innych \u017ar\u00f3de\u0142 Henryk Wieczorek<\/li>\n<li><strong>Henryk Kasperczak<\/strong> do 46&#8242; -Stal Mielec<\/li>\n<li>od 46&#8242;<strong> Grzegorz Lato<\/strong> -Stal Mielec<\/li>\n<li><strong>Bronis\u0142aw Bula<\/strong> -Ruch Chorz\u00f3w<\/li>\n<li><strong>Zygmunt Maszczyk<\/strong> kapitan -Ruch Chorz\u00f3w<\/li>\n<li><strong>Joachim Marx<\/strong> -Ruch Chorz\u00f3w<\/li>\n<li><strong>Andrzej Szarmach<\/strong> -G\u00f3rnik Zabrze<\/li>\n<li><strong>Kazimierz Kmiecik<\/strong> -Wis\u0142a Krak\u00f3w<\/li>\n<\/ul>\n<\/td>\n<td style=\"width: 50%;\">\n<ul>\n<li><strong>L\u00e1szl\u00f3 Kov\u00e1cs<\/strong> -Videoton SC<\/li>\n<li><strong>J\u00e1nos Nagy<\/strong> -Videoton SC<\/li>\n<li><strong>L\u00e1szl\u00f3 B\u00e1lint<\/strong> -Ferencv\u00e1rosi TC<\/li>\n<li><strong>J\u00f3zsef Kov\u00e1cs<\/strong> -Videoton SC<\/li>\n<li><strong>S\u00e1ndor Luk\u00e1cs<\/strong> -Bp Honv\u00e9d<\/li>\n<li><strong>Tibor Nyilasi<\/strong> -Ferencv\u00e1rosi TC<\/li>\n<li><strong>Tibor Rab<\/strong> -Ferencv\u00e1rosi TC<\/li>\n<li><strong>S\u00e1ndor Zombori<\/strong> do 73&#8242; -Vasas SC<\/li>\n<li>od 73&#8242; <strong>J\u00f3zsef Mucha<\/strong> -Ferencv\u00e1rosi TC<\/li>\n<li><strong>L\u00e1szl\u00f3 Nagy<\/strong> do 65&#8242; -\u00dajpesti D\u00f3zsa<\/li>\n<li>od 65&#8242;<strong> B\u00e9la V\u00e1radi<\/strong> -Vasas SC<\/li>\n<li><strong>L\u00e1szl\u00f3 Fazekas<\/strong> kapitan -\u00dajpesti D\u00f3zsa<\/li>\n<li><strong>L\u00e1szl\u00f3 Pusztai<\/strong> -Ferencv\u00e1rosi TC<\/li>\n<\/ul>\n<\/td>\n<\/tr>\n<\/tbody>\n<\/table>\n<p><div id=\"attachment_10134\" style=\"width: 501px\" class=\"wp-caption aligncenter\"><img loading=\"lazy\" decoding=\"async\" aria-describedby=\"caption-attachment-10134\" class=\"wp-image-10134 size-medium\" src=\"https:\/\/kronika-futbolu.pl\/historia\/wp-content\/uploads\/2021\/01\/20B_Polska-Wegry_1975_Dziennik_Popularny_nr_222-491x400.png\" alt=\"Polska-W\u0119gry 1975\" width=\"491\" height=\"400\" srcset=\"https:\/\/kronika-futbolu.pl\/historia\/wp-content\/uploads\/2021\/01\/20B_Polska-Wegry_1975_Dziennik_Popularny_nr_222-491x400.png 491w, https:\/\/kronika-futbolu.pl\/historia\/wp-content\/uploads\/2021\/01\/20B_Polska-Wegry_1975_Dziennik_Popularny_nr_222-768x625.png 768w, https:\/\/kronika-futbolu.pl\/historia\/wp-content\/uploads\/2021\/01\/20B_Polska-Wegry_1975_Dziennik_Popularny_nr_222.png 894w\" sizes=\"auto, (max-width: 491px) 100vw, 491px\" \/><p id=\"caption-attachment-10134\" class=\"wp-caption-text\">Polska-W\u0119gry 1975. Dziennik Polski nr 222<\/p><\/div> <div id=\"attachment_10133\" style=\"width: 610px\" class=\"wp-caption alignleft\"><img loading=\"lazy\" decoding=\"async\" aria-describedby=\"caption-attachment-10133\" class=\"wp-image-10133 size-medium\" src=\"https:\/\/kronika-futbolu.pl\/historia\/wp-content\/uploads\/2021\/01\/20A_Polska-Wegry_1975_Dziennik_Polski_nr_222-600x379.png\" alt=\"Polska-W\u0119gry 1975. \" width=\"600\" height=\"379\" srcset=\"https:\/\/kronika-futbolu.pl\/historia\/wp-content\/uploads\/2021\/01\/20A_Polska-Wegry_1975_Dziennik_Polski_nr_222-600x379.png 600w, https:\/\/kronika-futbolu.pl\/historia\/wp-content\/uploads\/2021\/01\/20A_Polska-Wegry_1975_Dziennik_Polski_nr_222-768x485.png 768w, https:\/\/kronika-futbolu.pl\/historia\/wp-content\/uploads\/2021\/01\/20A_Polska-Wegry_1975_Dziennik_Polski_nr_222.png 1106w\" sizes=\"auto, (max-width: 600px) 100vw, 600px\" \/><p id=\"caption-attachment-10133\" class=\"wp-caption-text\">Polska-W\u0119gry 1975. Dziennik Popularny nr 222<\/p><\/div><\/p>\n<p style=\"text-align: justify;\">Zwyci\u0119stwem 4:2 z W\u0119grami zako\u0144czy\u0142a si\u0119 seria 6 z rz\u0119du wygranych i 11 mecz\u00f3w bez pora\u017cki Reprezentacji Polski. Tydzie\u0144 przed meczem z Holandi\u0105 w eliminacjach do Mistrzostw Europy 1976 na stadionie \u0141KS w \u0141odzi &#8222;Or\u0142y G\u00f3rskiego&#8221; zmierzy\u0142y si\u0119 z odwiecznym rywalem W\u0119grami.<\/p>\n<p style=\"text-align: justify;\">Wygrana 4:2 napawa\u0142a optymizmem przed bardzo wa\u017cnym spotkaniem z Holandi\u0105 lecz jak si\u0119 okaza\u0142o w Amsterdamie wygrali &#8222;Oranje&#8221; 3:0 i po remisie z W\u0142ochami p\u00f3\u017aniej Polacy nie awansowali na Euro mimo \u017ce zdobyli tyle samo punkt\u00f3w co Holendrzy kt\u00f3zy wygrali grup\u0119 i uzyskali awans. Miesi\u0105c przed meczem z Madziarami Polska wygra\u0142a z Holandi\u0105 4:1.<\/p>\n<p style=\"text-align: justify;\">Trzecia dru\u017cyna \u015bwiata by\u0142a bardzo blisko do awansu na Euro ale jednak si\u0119 nie uda\u0142o. Uda\u0142o si\u0119 po raz pierwszy wygra\u0107 drugi raz z rz\u0119du z W\u0119grami. Odwieczny rywal z kt\u00f3rym g\u0142\u00f3wnie przegrywali\u015bmy, ale po pora\u017cce w finale Igrzysk Olimpijskich 1972 okazali\u015bmy si\u0119 ponownie lepsi. Zacz\u0119\u0142o\u00a0 si\u0119 tak jak w Monachium w &#8217;72 roku a wi\u0119c od gola dla W\u0119gr\u00f3w w 10 minucie strzelonego przez L\u00e1szl\u00f3 Nagiego. Na szcz\u0119\u015bcie\u00a0 Polacy szybko odpowiedzieli\u00a0 bramkami Kazimierza Kmiecika i Henryka Kasperczaka odpowiednio w 12 i 17 minucie. P\u00f3\u017aniej dwa razy do bramki W\u0119gr\u00f3w trafia\u0142 Joachim Marx a wynik ustali\u0142 L\u00e1szl\u00f3 Pusztai.<\/p>\n<p style=\"text-align: justify;\">Jedyny raz w Reprezentacji Polski wyst\u0105pi\u0142 Ryszard Polak. Zadebiutowa\u0142 tak\u017ce S\u00e1ndor Zombori.<\/p>\n<h2 id=\"mecz-08-07-1982\"><span class=\"ez-toc-section\" id=\"19_Mecz_Wegry-_Polska_1_2_10_wrzesnia_1972_r\"><\/span><a id=\"mecz-1972-09-10\"><\/a>19. Mecz W\u0119gry- Polska 1:2 (10 wrze\u015bnia 1972 r.)<span class=\"ez-toc-section-end\"><\/span><\/h2>\n<ul>\n<li><strong>Data meczu:<\/strong> 10.09.1972<\/li>\n<li><strong>Ranga meczu:<\/strong> Fina\u0142 Igrzysk Olimpijskich\u00a0<\/li>\n<li><strong>S\u0119dzia:<\/strong> Kurt Tschenscher- RFN<\/li>\n<li><strong>Stadion: <\/strong>Olympiastadion, Monachium<\/li>\n<li><strong>Trener:<\/strong> Kazimierz G\u00f3rski<\/li>\n<\/ul>\n<p><strong>\u26bd Strzelone bramki:<\/strong><\/p>\n<ul>\n<li>B\u00e9la V\u00e1radi\u00a0 [hu] 42&#8242;<\/li>\n<li>Kazimierz Deyna \u00a0[pl] 47&#8242;<\/li>\n<li>Kazimierz Deyna\u00a0 [pl] 66&#8242;<\/li>\n<\/ul>\n<p><strong>? Sk\u0142ady:<\/strong><\/p>\n<table style=\"border-collapse: collapse; width: 100%;\">\n<thead>\n<tr>\n<th style=\"width: 50%;\">[hu] W\u0119gry:<\/th>\n<th style=\"width: 50%;\">[pl] Polska:<\/th>\n<\/tr>\n<\/thead>\n<tbody>\n<tr>\n<td style=\"width: 50%;\">\n<ul>\n<li><strong>Istv\u00e1n G\u00e9czi<\/strong> -Ferencv\u00e1rosi TC<\/li>\n<li><strong>P\u00e9ter V\u00e9pi<\/strong> [ycard] -Ferencv\u00e1rosi TC<\/li>\n<li><strong>Mikl\u00f3s P\u00e1ncsics<\/strong> kapitan -Ferencv\u00e1rosi TC<\/li>\n<li><strong>Lajos Sz\u0171cs<\/strong> -Bp Honv\u00e9d<\/li>\n<li><strong>P\u00e9ter Juh\u00e1sz<\/strong> -\u00dajpesti D\u00f3zsa<\/li>\n<li><strong>B\u00e9la V\u00e1radi<\/strong> -Vasas SC<\/li>\n<li><strong>Lajos K\u0171<\/strong> do 73&#8242; -Ferencv\u00e1rosi TC<\/li>\n<li>od 73&#8242; <strong>Lajos Kocsis<\/strong> -Bp Honv\u00e9d<\/li>\n<li><strong>Ede Dunai<\/strong> -\u00dajpesti D\u00f3zsa<\/li>\n<li><strong>L\u00e1szl\u00f3 B\u00e1lint<\/strong> -Ferencv\u00e1rosi TC<\/li>\n<li><strong>Antal Dunai<\/strong> do 80&#8242; -\u00dajpesti D\u00f3zsa<\/li>\n<li>od 80&#8242; <strong>K\u00e1lm\u00e1n T\u00f3th<\/strong> -Tatab\u00e1nyai B\u00e1ny\u00e1sz<\/li>\n<li><strong>Mih\u00e1ly Kozma<\/strong> -Bp Honv\u00e9d<\/li>\n<\/ul>\n<\/td>\n<td style=\"width: 50%;\">\n<ul>\n<li><strong>Hubert Kostka<\/strong> -G\u00f3rnik Zabrze<\/li>\n<li><strong>Zbigniew Gut<\/strong> -Odra Opole<\/li>\n<li><strong>Les\u0142aw \u0106mikiewicz<\/strong> -Legia Warszawa<\/li>\n<li><strong>Jerzy Gorgo\u0144<\/strong> -G\u00f3rnik Zabrze<\/li>\n<li><strong>Zygmunt Anczok<\/strong> -G\u00f3rnik Zabrze<\/li>\n<li><strong>Zygfryd Szo\u0142tysik<\/strong> -G\u00f3rnik Zabrze<\/li>\n<li><strong>Kazimierz Deyna<\/strong> do 77&#8242; -Legia Warszawa<\/li>\n<li>od 77&#8242; <strong>Ryszard Szymczak<\/strong> -Gwardia Warszawa<\/li>\n<li><strong>Zygmunt Maszczyk<\/strong> -Ruch Chorz\u00f3w<\/li>\n<li><strong>Jerzy Kraska<\/strong> -Gwardia Warszawa<\/li>\n<li><strong>W\u0142odzimierz Luba\u0144ski<\/strong> kapitan -G\u00f3rnik Zabrze<\/li>\n<li><strong>Robert Gadocha<\/strong> -Legia Warszawa<\/li>\n<\/ul>\n<\/td>\n<\/tr>\n<\/tbody>\n<\/table>\n<p style=\"text-align: justify;\">Wielki sukces Reprezentacji Polski- w finale XX Igrzysk Olimpijskich Polska pokona\u0142a W\u0119gry 2:1 i osi\u0105gn\u0119\u0142a najwi\u0119kszy tryumf w historii. Sam mecz by\u0142 zwie\u0144czeniem pracy Kazimierza G\u00f3rskiego i Jego sztabu ostatnich miesi\u0119cy\u00a0 oraz zapowiedzi\u0105 kolejnych osi\u0105gni\u0119\u0107 &#8222;Or\u0142\u00f3w G\u00f3rskiego&#8221;. Po wielu pora\u017ckach z Madziarmi wzi\u0119li\u015bmy rewan\u017c i to w mistrzowskim stylu.<\/p>\n<p style=\"text-align: justify;\">Droga na Igrzyska rozpocz\u0119\u0142a si\u0119 od dwumeczu z Bu\u0142gari\u0105 na pocz\u0105tku 1974 roku. W Starej Zagorze wygrali Bu\u0142garzy 3:1 ale w rewan\u017cu Polacy wygrali 3:0 i mogli wyst\u0105pi\u0107 na Igrzyskach. Na turnieju Polakom sz\u0142o ju\u017c bez problem\u00f3w. Na 6 mecz\u00f3w 5 wygranych i jedynie z Dani\u0105 pad\u0142 remis.\u00a0<\/p>\n<p style=\"text-align: justify;\">Spotkanie fina\u0142owe rozpocz\u0119\u0142o si\u0119 od gola bramki B\u00e9la V\u00e1radiego po fatalnym b\u0142\u0119dzie polskiej obrony w ko\u0144c\u00f3wce pierwszej po\u0142owy. Druga cz\u0119\u015b\u0107 spotkania rozpocz\u0119\u0142a\u00a0 \u00a0si\u0119 fantastycznie dla Polak\u00f3w, to co zrobi\u0142 Kazimierz Deyna z pi\u0142k\u0105 w 47 minucie zas\u0142uguje na miano jednej z najlepszych indywidualnych akcji w historii pi\u0142ki. Nieco ponad 20 minut p\u00f3\u017aniej po sporym zamieszaniu pod w\u0119giersk\u0105 bramk\u0105 Deyna strzeli\u0142 9 gola na turnieju i przypiecz\u0119towa\u0142 zdobycie korony kr\u00f3la strzelc\u00f3w Igrzysk Olimpijskich.\u00a0<\/p>\n<p>Jan Ciszewski po ostatnim gwizdku s\u0119dziego w meczu wykrzycza\u0142 do mikrofonu:<\/p>\n<p style=\"text-align: center;\"><em>&#8222;Koniec, prosz\u0119 pa\u0144stwa! Koniec meczu! Prosz\u0119 pa\u0144stwa, no m\u00f3j Bo\u017ce, no co ja mam pa\u0144stwu powiedzie\u0107, no? Dwadzie\u015bcia lat czeka\u0142em na taki moment. Ponad 50 lat czeka\u0142o polskie pi\u0142karstwo! Sport najbardziej lubiany przez wszystkich nas w kraju. Polska reprezentacja pi\u0142karska ko\u0144czy wspania\u0142\u0105 seri\u0119.&#8221;<\/em><\/p>\n<p>&nbsp;<\/p>\n<p style=\"text-align: justify;\">Nie by\u0142o debiutant\u00f3w w obu ekipach. W zespole w\u0119gierskim po raz ostatni zagrali:\u00a0 P\u00e9ter V\u00e9pi (\u0142\u0105cznie 6 mecz\u00f3w), Lajos K\u0171 (\u0142\u0105cznie 8 mecz\u00f3w), K\u00e1lm\u00e1n T\u00f3th (\u0142\u0105cznie 3 mecze). Dla &#8222;Bia\u0142o-Czerwonych osttani raz zagra\u0142 Ryszard Szymczak (\u0142\u0105cznie 2 mecze).\u00a0<\/p>\n<h2 id=\"mecz-08-07-1982\"><span class=\"ez-toc-section\" id=\"18_Mecz_Wegry-_Polska_2_0_2_maja_1970_r\"><\/span><a id=\"mecz-1970-05-02\"><\/a>18. Mecz W\u0119gry- Polska 2:0 (2 maja 1970 r.)<span class=\"ez-toc-section-end\"><\/span><\/h2>\n<ul>\n<li><strong>Data meczu:<\/strong> 02.05.1970<\/li>\n<li><strong>Ranga meczu:<\/strong> Towarzyski<\/li>\n<li><strong>S\u0119dzia:<\/strong> Wolfgang Riedel- RFN<\/li>\n<li><strong>Stadion:<\/strong> N\u00e9pstadion, Budapeszt\u00a0<\/li>\n<li><strong>Trener:<\/strong> Ryszard Koncewicz (wsp\u00f3\u0142praca: Kazimierz G\u00f3rski)<\/li>\n<\/ul>\n<p><strong>\u26bd Strzelone bramki:<\/strong><\/p>\n<ul>\n<li>L\u00e1szl\u00f3 Fazekas \u00a0[hu]\u00a0 57&#8242;<\/li>\n<li>L\u00e1szl\u00f3 Karsai\u00a0 [hu] 80&#8242;<\/li>\n<\/ul>\n<p><strong>? Sk\u0142ady:<\/strong><\/p>\n<table style=\"border-collapse: collapse; width: 100%;\">\n<thead>\n<tr>\n<th style=\"width: 50%;\">[hu] W\u0119gry:<\/th>\n<th style=\"width: 50%;\">[pl] Polska:<\/th>\n<\/tr>\n<\/thead>\n<tbody>\n<tr>\n<td style=\"width: 50%;\">\n<ul>\n<li><strong>Gyula Tam\u00e1s<\/strong> -Vasas SC<\/li>\n<li><strong>Ern\u0151 Nosk\u00f3<\/strong> -\u00dajpesti D\u00f3zsa<\/li>\n<li><strong>Mikl\u00f3s P\u00e1ncsics<\/strong> -Ferencv\u00e1rosi TC<\/li>\n<li><strong>J\u00e1nos Konr\u00e1d<\/strong> -P\u00e9csi D\u00f3zsa<\/li>\n<li><strong>G\u00e1bor Fejes<\/strong> -Videoton SC<\/li>\n<li><strong>Ede Dunai<\/strong> -\u00dajpesti D\u00f3zsa<\/li>\n<li><strong>Zolt\u00e1n Halmosi<\/strong> -Szombathelyi Halad\u00e1s<\/li>\n<li><strong>Lajos Kocsis<\/strong> -Bp Honv\u00e9d<\/li>\n<li><strong>Ferenc Bene<\/strong> kapitan -\u00dajpesti D\u00f3zsa<\/li>\n<li><strong>L\u00e1szl\u00f3 Fazekas<\/strong> -\u00dajpesti D\u00f3zsa<\/li>\n<li><strong>L\u00e1szl\u00f3 Karsai<\/strong> -Videoton SC<\/li>\n<\/ul>\n<\/td>\n<td style=\"width: 50%;\">\n<ul>\n<li><strong>Witold Szygu\u0142a<\/strong> -GKS Zag\u0142\u0119bie Sosnowiec<\/li>\n<li><strong>W\u0142adys\u0142aw Stachurski<\/strong> -Legia Warszawa<\/li>\n<li><strong>Roman Strza\u0142kowski<\/strong> -GKS Zag\u0142\u0119bie Sosnowiec<\/li>\n<li><strong>Walter Winkler<\/strong> -Polonia Bytom<\/li>\n<li><strong>Zygmunt Anczok<\/strong> -Polonia Bytom<\/li>\n<li><strong>Les\u0142aw \u0106mikiewicz<\/strong> -\u015al\u0105sk Wroc\u0142aw<\/li>\n<li><strong>Bernard Blaut<\/strong> kapitan -Legia Warszawa<\/li>\n<li><strong>Bronis\u0142aw Bula<\/strong> -Ruch Chorz\u00f3w<\/li>\n<li><strong>Marian Kozerski<\/strong> -Stal Rzesz\u00f3w<\/li>\n<li><strong>Andrzej Jarosik<\/strong> -GKS Zag\u0142\u0119bie Sosnowiec<\/li>\n<li><strong>Robert Gadocha<\/strong> -Legia Warszawa<\/li>\n<\/ul>\n<\/td>\n<\/tr>\n<\/tbody>\n<\/table>\n<div id=\"attachment_10122\" style=\"width: 610px\" class=\"wp-caption aligncenter\"><img loading=\"lazy\" decoding=\"async\" aria-describedby=\"caption-attachment-10122\" class=\"wp-image-10122 size-medium\" src=\"https:\/\/kronika-futbolu.pl\/historia\/wp-content\/uploads\/2021\/01\/18A_Wegry_Polska_1970_Dziennik_Polski-600x256.png\" alt=\"W\u0119gry - Polska 1970\" width=\"600\" height=\"256\" srcset=\"https:\/\/kronika-futbolu.pl\/historia\/wp-content\/uploads\/2021\/01\/18A_Wegry_Polska_1970_Dziennik_Polski-600x256.png 600w, https:\/\/kronika-futbolu.pl\/historia\/wp-content\/uploads\/2021\/01\/18A_Wegry_Polska_1970_Dziennik_Polski-768x328.png 768w, https:\/\/kronika-futbolu.pl\/historia\/wp-content\/uploads\/2021\/01\/18A_Wegry_Polska_1970_Dziennik_Polski.png 920w\" sizes=\"auto, (max-width: 600px) 100vw, 600px\" \/><p id=\"caption-attachment-10122\" class=\"wp-caption-text\">W\u0119gry &#8211; Polska 1970. Dziennik Polski<\/p><\/div>\n<p style=\"text-align: justify;\">Po prawie r\u00f3wno 4 latach Polska zagra\u0142a po raz 18 (oficjalnie)\u00a0 w historii z W\u0119grami. By\u0142 to jednocze\u015bnie pierwszy mecz Bia\u0142o-Czerwonych w 1970 roku. Kolejne miesi\u0105ce dadz\u0105 sporo nadziei i optymizmu polskim kibicom. Zapowiedzi mocnej dru\u017cyny sprawdz\u0105 si\u0119 w kolejnych latach. Jednak wej\u015bcie w lata 70 by\u0142o dla polskich pi\u0142karzy nie najlepsze. Spodziewano si\u0119 wygranej w\u00a0 Budapeszcie, ale g\u00f3r\u0105 byli W\u0119grzy.\u00a0 \u00a0Jak czytamy w prasie z tamtego okresu gra by\u0142a wyr\u00f3wnana lecz to rywale strzelali bramki. Wynik otworzy\u0142\u00a0 L\u00e1szl\u00f3 Fazekas w 57 minucie a w drugiego gola zdoby\u0142 L\u00e1szl\u00f3 Karsai w 80 minucie. Obie bramki pad\u0142y po strza\u0142ach g\u0142ow\u0105.\u00a0<\/p>\n<p style=\"text-align: justify;\">W polskim zespole trenerowi Ryszardowi Koncewiczowi pomaga\u0142 Kazimierz G\u00f3rski kt\u00f3ry przejmie stery i ju\u017c w nast\u0119pnym roku samodzielnie b\u0119dzie prowadzi\u0142 kadr\u0119.<\/p>\n<p style=\"text-align: justify;\">Zadebiutowali: J\u00e1nos Konr\u00e1d w zespole w\u0119gierskim natomiast w polskim Les\u0142aw \u0106mikiewicz. Nikt nie wyst\u0105pi\u0142 po raz ostatni w dru\u017cynie narodowej.<\/p>\n<p style=\"text-align: justify;\">Do tego spotkania na 18 mecz\u00f3w Polska-W\u0119gry, a\u017c 16 razy wygrywali W\u0119grzy. W kolejnych potyczkach ju\u017c bardzo rzadko Polacy b\u0119d\u0105 schodzi\u0107 przegrani.<\/p>\n<h2 id=\"mecz-14-06-1982\"><span class=\"ez-toc-section\" id=\"17_Mecz_Polska-_Wegry_1_1_3_maja_1966_r\"><\/span><a id=\"mecz-1966-05-03\"><\/a>17. Mecz Polska- W\u0119gry 1:1 (3\u00a0 maja 1966 r.)<span class=\"ez-toc-section-end\"><\/span><\/h2>\n<ul>\n<li><strong>Data meczu:<\/strong> 03.05.1966<\/li>\n<li><strong>Ranga meczu:<\/strong> Towarzyski<\/li>\n<li><strong>S\u0119dzia:<\/strong> Bengt Lundel- Szwecja<\/li>\n<li><strong>Stadion:<\/strong> Stadion \u015al\u0105ski, Chorz\u00f3w<\/li>\n<li><strong>Trener:<\/strong> Antoni Brze\u017ca\u0144czyk<\/li>\n<\/ul>\n<p><strong>\u26bd Strzelone bramki:<\/strong><\/p>\n<ul>\n<li>Ferenc Bene,\u00a0 [hu] 51&#8242;<\/li>\n<li>W\u0142odzimierz Luba\u0144ski [pl] 54&#8242;<\/li>\n<\/ul>\n<p><strong>? Sk\u0142ady:<\/strong><\/p>\n<table style=\"border-collapse: collapse; width: 100%; height: 377px;\">\n<thead>\n<tr style=\"height: 24px;\">\n<th style=\"width: 50%; height: 24px;\">[pl] Polska:<\/th>\n<th style=\"width: 50%; height: 24px;\">[hu] W\u0119gry:<\/th>\n<\/tr>\n<\/thead>\n<tbody>\n<tr style=\"height: 355px;\">\n<td style=\"width: 50%; height: 353px;\">\n<ul>\n<li><strong>Marian Szeja<\/strong> -GKS G\u00f3rnik Thorez Wa\u0142brzych<\/li>\n<li><strong>Roman Strza\u0142kowski<\/strong> -GKS Zag\u0142\u0119bie Sosnowiec<\/li>\n<li><strong>Jacek Gmoch<\/strong> -Legia Warszawa<\/li>\n<li><strong>Stanis\u0142aw O\u015bliz\u0142o<\/strong> kapitan -G\u00f3rnik Zabrze<\/li>\n<li><strong>Zygmunt Anczok<\/strong> -Polonia Bytom<\/li>\n<li><strong>Zygmunt Schmidt<\/strong> -GKS Katowice Katowice<\/li>\n<li><strong>Zygfryd Szo\u0142tysik<\/strong> do 46&#8242; -G\u00f3rnik Zabrze<\/li>\n<li>od 46&#8242;<strong> Jan Wilim<\/strong> -GKS Szombierki Bytom<\/li>\n<li><strong>J\u00f3zef Ga\u0142eczka<\/strong> -GKS Zag\u0142\u0119bie Sosnowiec<\/li>\n<li><strong>W\u0142odzimierz Luba\u0144ski<\/strong> do 79&#8242; -G\u00f3rnik Zabrze<\/li>\n<li>od 79&#8242; <strong>Jerzy Musia\u0142ek<\/strong> -G\u00f3rnik Zabrze<\/li>\n<li><strong>Jan Liberda<\/strong> -Polonia Bytom<\/li>\n<li><strong>Roman Lentner<\/strong> -G\u00f3rnik Zabrze<\/li>\n<\/ul>\n<\/td>\n<td style=\"width: 50%; height: 353px;\">\n<ul>\n<li><strong>Antal Szentmih\u00e1lyi<\/strong> -\u00dajpesti D\u00f3zsa<\/li>\n<li><strong>Ben\u0151 K\u00e1poszta<\/strong> -\u00dajpesti D\u00f3zsa<\/li>\n<li><strong>K\u00e1lm\u00e1n M\u00e9sz\u00f6ly<\/strong> -Vasas SC<\/li>\n<li><strong>Lajos Dunai<\/strong> -MTK Budapest<\/li>\n<li><strong>K\u00e1lm\u00e1n S\u00f3v\u00e1ri<\/strong> -\u00dajpesti D\u00f3zsa<\/li>\n<li><strong>Imre Mathesz<\/strong> -Vasas SC<\/li>\n<li><strong>J\u00e1nos G\u00f6r\u00f6cs<\/strong> -\u00dajpesti D\u00f3zsa<\/li>\n<li><strong>Ferenc Bene<\/strong> -\u00dajpesti D\u00f3zsa<\/li>\n<li><strong>J\u00e1nos Farkas<\/strong> -Vasas SC<\/li>\n<li><strong>Istv\u00e1n Nagy<\/strong> -MTK Budapest<\/li>\n<li><strong>M\u00e1t\u00e9 Fenyvesi<\/strong> kapitan -Ferencv\u00e1rosi TC<\/li>\n<\/ul>\n<\/td>\n<\/tr>\n<\/tbody>\n<\/table>\n<div id=\"attachment_10119\" style=\"width: 610px\" class=\"wp-caption alignleft\"><img loading=\"lazy\" decoding=\"async\" aria-describedby=\"caption-attachment-10119\" class=\"wp-image-10119 size-medium\" src=\"https:\/\/kronika-futbolu.pl\/historia\/wp-content\/uploads\/2021\/01\/17B_Polska_Wegry_1966_TrybunaRobotnicza-600x294.png\" alt=\"Polska - W\u0119gry 1:1 1966 Chorz\u00f3w\" width=\"600\" height=\"294\" srcset=\"https:\/\/kronika-futbolu.pl\/historia\/wp-content\/uploads\/2021\/01\/17B_Polska_Wegry_1966_TrybunaRobotnicza-600x294.png 600w, https:\/\/kronika-futbolu.pl\/historia\/wp-content\/uploads\/2021\/01\/17B_Polska_Wegry_1966_TrybunaRobotnicza-768x377.png 768w, https:\/\/kronika-futbolu.pl\/historia\/wp-content\/uploads\/2021\/01\/17B_Polska_Wegry_1966_TrybunaRobotnicza.png 901w\" sizes=\"auto, (max-width: 600px) 100vw, 600px\" \/><p id=\"caption-attachment-10119\" class=\"wp-caption-text\">Polska &#8211; W\u0119gry 1:1 1966 Chorz\u00f3w<\/p><\/div>\n<p style=\"text-align: justify;\">Nareszcie remis ! Po 9 pora\u017ckach z rz\u0119du z W\u0119grami w ko\u0144cu Bia\u0142o-Czerwoni zremisowali. Na \u015al\u0105ski Stadion przyby\u0142o tego dnia oko\u0142o 95 tysi\u0119cy widz\u00f3w ! Fantastyczny wynik. W\u015br\u00f3d widz\u00f3w min. Czes\u0142aw Ochab &#8211; przewodnicz\u0105cy Rady Pa\u0144stwa PRL.\u00a0<\/p>\n<p style=\"text-align: justify;\">Na prowadzenie pierwsi wyszli Go\u015bcie ale zaraz po stracie gola wyr\u00f3wna\u0142 19-letni W\u0142odzimierz\u00a0 Luba\u0144ski, kt\u00f3ry 4 lata wcze\u015bniej strzela\u0142 bramk\u0119 w meczu junior\u00f3w obu reprezentacji,.<\/p>\n<p style=\"text-align: justify;\">By\u0142 to drugi mecz Bia\u0142o-Czerwonych w 1966 roku i drugi remis. W styczniu Polacy zremisowali z Anglikami. Podobnie jak w 1962 tak i teraz W\u0119grzy na Mistrzostwach \u015awiata dojd\u0105 do \u0107wier\u0107fina\u0142u.\u00a0<\/p>\n<p style=\"text-align: justify;\">Jedynie Roman Strza\u0142kowski zadebiutowa\u0142 w polskiej kadrze. Zagra \u0142\u0105cznie 18 mecz\u00f3w, a ostatni wyst\u0119p zaliczy w 1970. W zespole w\u0119gierskim zadebiutuj\u0105 Ben\u0151 K\u00e1poszta (zagra \u0142\u0105cznie 19 spotka\u0144) i Lajos Dunai (zagra tylko 2 mecze w narodowej reprezentacji).<\/p>\n<p style=\"text-align: justify;\">Jak czytamy w Encyklopedii Pi\u0142karskiej FUJI Tom 14 mecz ogl\u0105da\u0142 Antal V\u00e9gh, kt\u00f3ry kilka lat p\u00f3\u017aniej opisze skandaliczne historie tamtych czas\u00f3w w \u015bwiatowej pi\u0142ce.<\/p>\n<h2 id=\"mecz-19-04-1980\"><span class=\"ez-toc-section\" id=\"16_Mecz_Polska-_Wegry_0_2_2_wrzesnia_1962_r\"><\/span><a id=\"mecz-1962-09-02\"><\/a>16. Mecz Polska- W\u0119gry 0:2 (2 wrze\u015bnia 1962 r.)<span class=\"ez-toc-section-end\"><\/span><\/h2>\n<ul>\n<li><strong>Data meczu:<\/strong> 02.09.1962<\/li>\n<li><strong>Ranga meczu:<\/strong> Towarzyski<\/li>\n<li><strong>S\u0119dzia:<\/strong> Ivan Lukyanov &#8211; ZSRR<\/li>\n<li><strong>Stadion:<\/strong> Stadion im. 22 lipca, Pozna\u0144<\/li>\n<li><strong>Trener:<\/strong> Ryszard Koncewicz, Kapitan Zwi\u0105zkowy: Czes\u0142aw Krug\u00a0<\/li>\n<\/ul>\n<p><strong>\u26bd Strzelone bramki:<\/strong><\/p>\n<ul>\n<li>Lajos Tichy \u00a0[hu] 11&#8242;<\/li>\n<li>J\u00e1nos G\u00f6r\u00f6cs [hu] 39&#8242;<\/li>\n<\/ul>\n<p><strong>? Sk\u0142ady:<\/strong><\/p>\n<table style=\"border-collapse: collapse; width: 100%;\">\n<thead>\n<tr>\n<th style=\"width: 50%;\">[pl] Polska:<\/th>\n<th style=\"width: 50%;\">[hu] W\u0119gry:<\/th>\n<\/tr>\n<\/thead>\n<tbody>\n<tr>\n<td style=\"width: 50%;\">\n<ul>\n<li><strong>Edward Szymkowiak<\/strong> -Polonia Bytom<\/li>\n<li><strong>Henryk Szczepa\u0144ski<\/strong> kapitan -OKS Odra Opole<\/li>\n<li><strong>Stanis\u0142aw O\u015bliz\u0142o<\/strong> -G\u00f3rnik Zabrze<\/li>\n<li><strong>W\u0142adys\u0142aw Kawula<\/strong> -Wis\u0142a Krak\u00f3w<\/li>\n<li><strong>Antoni Nieroba<\/strong> -Ruch Chorz\u00f3w<\/li>\n<li><strong>Ryszard Grzegorczyk<\/strong> -Polonia Bytom<\/li>\n<li><strong>Eugeniusz Faber<\/strong> do 81&#8242; -Ruch Chorz\u00f3w<\/li>\n<li>od 81&#8242; <strong>J\u00f3zef Ga\u0142eczka<\/strong> -GKS Zag\u0142\u0119bie Sosnowiec<\/li>\n<li><strong>Lucjan Brychczy<\/strong> -Legia Warszawa<\/li>\n<li><strong>Jerzy Musia\u0142ek<\/strong> do 46&#8242; -G\u00f3rnik Zabrze<\/li>\n<li>od 46&#8242; <strong>Norbert Gajda<\/strong> -OKS Odra Opole<\/li>\n<li><strong>Ernest Pol<\/strong> -G\u00f3rnik Zabrze<\/li>\n<li><strong>Roman Lentner<\/strong> -G\u00f3rnik Zabrze<\/li>\n<\/ul>\n<\/td>\n<td style=\"width: 50%;\">\n<ul>\n<li><strong>Antal Szentmih\u00e1lyi<\/strong> -Vasas SC<\/li>\n<li><strong>S\u00e1ndor M\u00e1trai<\/strong> -Ferencv\u00e1rosi TC<\/li>\n<li><strong>K\u00e1lm\u00e1n M\u00e9sz\u00f6ly<\/strong> -Vasas SC<\/li>\n<li><strong>L\u00e1szl\u00f3 S\u00e1rosi<\/strong> -Vasas SC<\/li>\n<li><strong>Ern\u0151 Solymosi<\/strong> -\u00dajpesti D\u00f3zsa<\/li>\n<li><strong>Ferenc Sipos<\/strong> do 73&#8242; -MTK Budapest<\/li>\n<li>od 73&#8242;<strong> Istv\u00e1n Nagy<\/strong> -MTK Budapest<\/li>\n<li><strong>Gyula R\u00e1kosi<\/strong> do 77&#8242; -Ferencv\u00e1rosi TC<\/li>\n<li>od 77&#8242; <strong>Tivadar Monostori<\/strong> -Dorogi B\u00e1ny\u00e1sz SC<\/li>\n<li><strong>J\u00e1nos G\u00f6r\u00f6cs<\/strong> -\u00dajpesti D\u00f3zsa<\/li>\n<li><strong>Ferenc Machos<\/strong> -Vasas SC<\/li>\n<li><strong>Lajos Tichy<\/strong> kapitan -Bp Honv\u00e9d<\/li>\n<li><strong>M\u00e1t\u00e9 Fenyves<\/strong>i -Ferencv\u00e1rosi TC<\/li>\n<\/ul>\n<\/td>\n<\/tr>\n<\/tbody>\n<\/table>\n<div id=\"attachment_10114\" style=\"width: 610px\" class=\"wp-caption alignleft\"><img loading=\"lazy\" decoding=\"async\" aria-describedby=\"caption-attachment-10114\" class=\"wp-image-10114 size-medium\" src=\"https:\/\/kronika-futbolu.pl\/historia\/wp-content\/uploads\/2021\/01\/16B_Polska_Wegry_1962_Delmagyarorszag_nr_206-600x331.png\" alt=\"Polska - W\u0119gry 1962 Pozna\u0144\" width=\"600\" height=\"331\" srcset=\"https:\/\/kronika-futbolu.pl\/historia\/wp-content\/uploads\/2021\/01\/16B_Polska_Wegry_1962_Delmagyarorszag_nr_206-600x331.png 600w, https:\/\/kronika-futbolu.pl\/historia\/wp-content\/uploads\/2021\/01\/16B_Polska_Wegry_1962_Delmagyarorszag_nr_206-768x423.png 768w, https:\/\/kronika-futbolu.pl\/historia\/wp-content\/uploads\/2021\/01\/16B_Polska_Wegry_1962_Delmagyarorszag_nr_206.png 958w\" sizes=\"auto, (max-width: 600px) 100vw, 600px\" \/><p id=\"caption-attachment-10114\" class=\"wp-caption-text\">Polska &#8211; W\u0119gry 1962 Pozna\u0144. \u0179r\u00f3d\u0142o: D\u00e9lmagyarorsz\u00e1g<\/p><\/div>\n<p style=\"text-align: justify;\">31 lat min\u0119\u0142o od ostatniego meczu rozegranego przez Reprezentacj\u0119 Polski w Poznaniu. Na pocz\u0105tku wrze\u015bnia 1962 Bia\u0142o-Czerwoni rozegrali spotkanie z W\u0119grami w tym mie\u015bcie, lecz na innym boisku. W 16 pojedynku polsko-w\u0119gierskim, po raz 15 a 9 z rz\u0119du lepsi byli Madziarze. Czarna seria z Bratankami sko\u0144czy si\u0119 dopiero w nast\u0119pnej potyczce.\u00a0<\/p>\n<p style=\"text-align: justify;\">Dla Polak\u00f3w by\u0142a to pierwsza pora\u017cka po 5 wygranych z rz\u0119du. W\u0119grzy rozgrywali drugi mecz po Mistrzostwach \u015awiata w Chile gdzie odpadli w \u0107wier\u0107finale. Wcze\u015bniej wygrali jeszcze w meczu towarzyskim z Austri\u0105.<\/p>\n<p style=\"text-align: justify;\">Dzie\u0144 przed tym spotkaniem w Zielonej G\u00f3rze odby\u0142 si\u0119 mecz junior\u00f3w zako\u0144czony\u00a0 remisem a bramki strzelali 15-letni w\u00f3wczas W\u0142odzimierz Luba\u0144ski i S\u00e1ndor Zamb\u00f3 kt\u00f3rzy stan\u0105 si\u0119 jednymi z najbardziej pami\u0119tnych zawodnik\u00f3w w swoich krajach.\u00a0<\/p>\n<p style=\"text-align: justify;\">W polskiej i w w\u0119gierskiej dru\u017cynie nie by\u0142o pi\u0142karzy rozgrywaj\u0105cych ostatnie spotkanie w kadrze.\u00a0<\/p>\n<p style=\"text-align: justify;\">Jedynym debiutantem by\u0142 J\u00f3zef Ga\u0142eczka, kt\u00f3ry rozegra \u0142\u0105cznie 18 mecz\u00f3w reprezentacyjnych a ostatnie spotkanie zagra w 1966 roku.\u00a0<\/p>\n<h2 id=\"mecz-26-10-1975\"><span class=\"ez-toc-section\" id=\"15_Mecz_Wegry-_Polska_4_1_13_listopada_1960_r\"><\/span><a id=\"mecz-1960-11-13\"><\/a>15. Mecz W\u0119gry- Polska 4:1 (13\u00a0 listopada 1960 r.)<span class=\"ez-toc-section-end\"><\/span><\/h2>\n<ul>\n<li><strong>Data meczu:<\/strong> 13.11.1960<\/li>\n<li><strong>Ranga meczu:<\/strong> Towarzyski<\/li>\n<li><strong>S\u0119dzia:<\/strong> Werner Bergmann &#8211; RFN<\/li>\n<li><strong>Stadion:<\/strong> N\u00e9pstadion, Budapest<\/li>\n<li><strong>Trener:<\/strong> Ryszard Koncewicz, oraz Kapitan Zwi\u0105zkowy: Czes\u0142aw Krug<\/li>\n<\/ul>\n<p><strong>\u26bd Strzelone bramki:<\/strong><\/p>\n<ul>\n<li>Tivadar Monostori [hu] 20&#8242;<\/li>\n<li>Tivadar Monostori [hu] 38&#8242;<\/li>\n<li>Ernest Pol [pl] 50&#8242;<\/li>\n<li>J\u00e1nos G\u00f6r\u00f6cs [hu] 65&#8242;<\/li>\n<li>K\u00e1roly S\u00e1ndor [hu] 70&#8242;<\/li>\n<\/ul>\n<p><strong>? Sk\u0142ady:<\/strong><\/p>\n<table style=\"border-collapse: collapse; width: 100%; height: 407px;\">\n<thead>\n<tr style=\"height: 21px;\">\n<th style=\"width: 50%; height: 21px;\">[hu] W\u0119gry:<\/th>\n<th style=\"width: 50%; height: 21px;\">[pl] Polska:<\/th>\n<\/tr>\n<\/thead>\n<tbody>\n<tr style=\"height: 386px;\">\n<td style=\"width: 50%; height: 386px;\">\n<ul>\n<li><strong>Gyula Grosics<\/strong> -Tatab\u00e1nyai B\u00e1ny\u00e1sz SC<\/li>\n<li><strong>Dezs\u0151 Nov\u00e1k<\/strong> -Szombathelyi Halad\u00e1s<\/li>\n<li><strong>Ferenc Sipos<\/strong> -MTK Budapest<\/li>\n<li><strong>K\u00e1lm\u00e1n S\u00f3v\u00e1ri<\/strong> -\u00dajpesti D\u00f3zsa<\/li>\n<li><strong>Ern\u0151 Solymosi<\/strong> -Di\u00f3sgy\u0151ri VTK<\/li>\n<li><strong>Gy\u00f6rgy Bors\u00e1nyi<\/strong> -\u00dajpesti D\u00f3zsa<\/li>\n<li><strong>K\u00e1roly S\u00e1ndor<\/strong> kapitan -MTK Budapest<\/li>\n<li><strong>J\u00e1nos G\u00f6r\u00f6cs<\/strong> -\u00dajpesti D\u00f3zsa<\/li>\n<li><strong>Fl\u00f3ri\u00e1n Albert<\/strong> do 63&#8242; -Ferencv\u00e1rosi TC<\/li>\n<li>od 63&#8242;<strong> J\u00e1nos Moln\u00e1r<\/strong> -MTK Budapest<\/li>\n<li><strong>Tivadar Monostori<\/strong> -Dorogi B\u00e1ny\u00e1sz<\/li>\n<li><strong>M\u00e1t\u00e9 Fenyvesi<\/strong> -Ferencv\u00e1rosi TC<\/li>\n<\/ul>\n<\/td>\n<td style=\"width: 50%; height: 386px;\">\n<ul>\n<li><strong>Stanis\u0142aw Fo\u0142tyn<\/strong> do 40&#8242; -Legia Warszawa<\/li>\n<li>od 40&#8242; <strong>Tomasz Stefaniszyn<\/strong> -Gwardia Warszawa<\/li>\n<li><strong>Henryk Szczepa\u0144ski<\/strong> -\u0141KS \u0141\u00f3d\u017a<\/li>\n<li><strong>W\u0142adys\u0142aw Kawula<\/strong> -Wis\u0142a Krak\u00f3w<\/li>\n<li><strong>Fryderyk Monica<\/strong> do 46&#8242; -Wis\u0142a Krak\u00f3w<\/li>\n<li>od 46&#8242; <strong>Henryk Grzybowski<\/strong> -Legia Warszawa<\/li>\n<li><strong>Bernard Blaut<\/strong> -Odra Opole<\/li>\n<li><strong>Ryszard Grzegorczyk<\/strong> do 73&#8242; -Polonia Bytom<\/li>\n<li>od 73&#8242; <strong>Edmund Zientara<\/strong> -Legia Warszawa<\/li>\n<li><strong>Zygmunt Gadecki<\/strong> -Lechia Gda\u0144sk<\/li>\n<li><strong>Lucjan Brychczy<\/strong> kapitan-Legia Warszawa<\/li>\n<li><strong>Ernest Pol<\/strong> -G\u00f3rnik Zabrze<\/li>\n<li><strong>Jan Liberda<\/strong> -Polonia Bytom<\/li>\n<li><strong>Eugeniusz Faber<\/strong> -Ruch Chorz\u00f3w<\/li>\n<\/ul>\n<\/td>\n<\/tr>\n<\/tbody>\n<\/table>\n<p style=\"text-align: justify;\">Na zako\u0144czenie roku 1960 Polacy rozegrali mecz z W\u0119grami i tradycyjnie z tym rywalem przegrali. Dla Madziar\u00f3w by\u0142 to pierwszy wgrany mecz po 3 grach bez zwyci\u0119stwa. W spotkaniu tym po raz 14 g\u00f3r\u0105 byli W\u0119grzy w 15 oficjalnym pojedynku z Polsk\u0105. Totalna dominacja.<\/p>\n<p style=\"text-align: justify;\">K\u00e1lm\u00e1n S\u00f3v\u00e1ri, Ern\u0151 Solymosi, Gy\u00f6rgy Bors\u00e1nyi to zawodnicy kt\u00f3rzy zadebiutowali w tym meczu w zespole w\u0119gierskim. Dla Bors\u00e1nyi by\u0142 to jedyny mecz reprezentacyjny. J\u00e1nos Moln\u00e1r zagra\u0142 po raz drugi i ostatni dla w\u0119gierskiej reprezentacji. W polskiej dru\u017cynie zadebiutowa\u0142 Bernard Blaut, kt\u00f3ry powr\u00f3ci do zespo\u0142u narodowego w 1962 a w 1968 zostanie kapitanem polskiej reprezentacji. Blaut rozegra \u0142\u0105cznie 36 mecz\u00f3w a 16 jako kapitant.<\/p>\n<p style=\"text-align: justify;\">Dla 3 zawodnik\u00f3w polskich by\u0142 to po\u017cegnalny mecz z narodow\u0105 dru\u017cyn\u0105: Tomasz Stefaniszyn (\u0142\u0105cznie 12 mecz\u00f3w), Henryk Grzybowski (\u0142\u0105cznie 10 mecz\u00f3w) Zygmunt Gadecki (\u0142\u0105cznie 5 mecz\u00f3w).<\/p>\n<p style=\"text-align: justify;\">Spotkanie na N\u00e9pstadion ogl\u0105da\u0142o oko\u0142o 40 tysi\u0119cy kibic\u00f3w.\u00a0<\/p>\n<p style=\"text-align: justify;\">W kolejnym meczu Polacy pokonali Reprezentacj\u0119 Zwi\u0105zku Radzieckiego 1:0.<\/p>\n<h2 id=\"mecz-19-04-1975\"><span class=\"ez-toc-section\" id=\"14_Mecz_Polska_%E2%80%93_Wegry_1_3_14_wrzesnia_1958_r\"><\/span><a id=\"mecz-1958-09-14\"><\/a>14. Mecz Polska &#8211; W\u0119gry 1:3 (14\u00a0 wrze\u015bnia 1958 r.)<span class=\"ez-toc-section-end\"><\/span><\/h2>\n<ul>\n<li><strong>Data meczu:<\/strong> 14.09.1958<\/li>\n<li><strong>Ranga meczu:<\/strong> Towarzyski<\/li>\n<li><strong>S\u0119dzia:<\/strong> Karol Galba &#8211; Czechos\u0142owacja<\/li>\n<li><strong>Stadion:<\/strong> Stadion \u015al\u0105ski, Chorz\u00f3w<\/li>\n<li><strong>Trener:<\/strong> tadeusz Fory\u015b, oraz Komitet Selekcyjny: Henryk Reyman, Stanis\u0142aw Szymaniak, Feliks Dyrda<\/li>\n<\/ul>\n<p><strong>\u26bd Strzelone bramki:<\/strong><\/p>\n<ul>\n<li>Lajos Csord\u00e1s [hu] 34&#8242;<\/li>\n<li>Lajos Tichy [hu] 60&#8242;<\/li>\n<li>L\u00e1szl\u00f3 Budai [hu] 65&#8242;<\/li>\n<li>B\u00e9la K\u00e1rp\u00e1ti [hu] 85&#8242;-samob\u00f3jczy<\/li>\n<\/ul>\n<p><strong>? Sk\u0142ady:<\/strong><\/p>\n<table style=\"border-collapse: collapse; width: 100%; height: 407px;\">\n<thead>\n<tr style=\"height: 21px;\">\n<th style=\"width: 50%; height: 21px;\">[pl] Polska:<\/th>\n<th style=\"width: 50%; height: 21px;\">[hu] W\u0119gry:<\/th>\n<\/tr>\n<\/thead>\n<tbody>\n<tr style=\"height: 386px;\">\n<td style=\"width: 50%; height: 386px;\">\n<ul>\n<li><strong>Edward Szymkowiak<\/strong> -Polonia Bytom<\/li>\n<li><strong>Stefan Florenski<\/strong> -G\u00f3rnik Zabrze<\/li>\n<li><strong>Roman Korynt<\/strong> do 64&#8242; -Lechia Gda\u0144sk<\/li>\n<li>od 64&#8242; <strong>Jerzy Wo\u017aniak<\/strong> -Legia Warszawa<\/li>\n<li><strong>Henryk Szczepa\u0144ski<\/strong> -\u0141KS \u0141\u00f3d\u017a<\/li>\n<li><strong>Ginter Gawlik<\/strong> -G\u00f3rnik Zabrze<\/li>\n<li><strong>Edmund Zientara<\/strong> -Legia Warszawa<\/li>\n<li><strong>Kazimierz Trampisz<\/strong> do 60&#8242; -Polonia Bytom<\/li>\n<li>od 60&#8242; <strong>Edward Jankowski<\/strong> -G\u00f3rnik Zabrze<\/li>\n<li><strong>Lucjan Brychczy<\/strong> -Legia Warszawa<\/li>\n<li><strong>Henryk Szymborski<\/strong> -\u0141KS \u0141\u00f3d\u017a<\/li>\n<li><strong>Edmund Kowal<\/strong> -G\u00f3rnik Zabrze<\/li>\n<li><strong>Gerard Cie\u015blik<\/strong> kapitan -Ruch Chorz\u00f3w<\/li>\n<\/ul>\n<\/td>\n<td style=\"width: 50%; height: 386px;\">\n<ul>\n<li><strong>B\u00e9la Bak\u00f3<\/strong> -Csepel<\/li>\n<li><strong>B\u00e9la K\u00e1rp\u00e1ti<\/strong> kapitan -Vasas<\/li>\n<li><strong>Ferenc Sipos<\/strong> -MTK Budapest<\/li>\n<li><strong>L\u00e1szl\u00f3 S\u00e1rosi<\/strong> -Vasas<\/li>\n<li><strong>Ferenc Szojka<\/strong> -Salg\u00f3tarj\u00e1ni BTC<\/li>\n<li><strong>P\u00e1l Berendi<\/strong> -Vasas<\/li>\n<li><strong>L\u00e1szl\u00f3 Budai<\/strong> -Bp Honv\u00e9d<\/li>\n<li><strong>J\u00e1nos G\u00f6r\u00f6cs<\/strong> -\u00dajpesti D\u00f3zsa S<\/li>\n<li><strong>Lajos Csord\u00e1s<\/strong> -Vasas<\/li>\n<li><strong>Lajos Tichy<\/strong> -Bp Honv\u00e9d<\/li>\n<li><strong>J\u00f3zsef Bencsics<\/strong> -\u00dajpesti D\u00f3zsa<\/li>\n<\/ul>\n<\/td>\n<\/tr>\n<\/tbody>\n<\/table>\n<p><div id=\"attachment_10104\" style=\"width: 583px\" class=\"wp-caption aligncenter\"><img loading=\"lazy\" decoding=\"async\" aria-describedby=\"caption-attachment-10104\" class=\"wp-image-10104 size-medium\" src=\"https:\/\/kronika-futbolu.pl\/historia\/wp-content\/uploads\/2021\/01\/14A_Polska_Wegry_1958_Trybuna_Robotnicza_nr_218-573x400.png\" alt=\"Polska - W\u0119gry 1958\" width=\"573\" height=\"400\" srcset=\"https:\/\/kronika-futbolu.pl\/historia\/wp-content\/uploads\/2021\/01\/14A_Polska_Wegry_1958_Trybuna_Robotnicza_nr_218-573x400.png 573w, https:\/\/kronika-futbolu.pl\/historia\/wp-content\/uploads\/2021\/01\/14A_Polska_Wegry_1958_Trybuna_Robotnicza_nr_218-768x536.png 768w, https:\/\/kronika-futbolu.pl\/historia\/wp-content\/uploads\/2021\/01\/14A_Polska_Wegry_1958_Trybuna_Robotnicza_nr_218.png 887w\" sizes=\"auto, (max-width: 573px) 100vw, 573px\" \/><p id=\"caption-attachment-10104\" class=\"wp-caption-text\">Polska &#8211; W\u0119gry 1958. Trybuna Robotnicza nr 218<\/p><\/div> <div id=\"attachment_10105\" style=\"width: 274px\" class=\"wp-caption alignleft\"><img loading=\"lazy\" decoding=\"async\" aria-describedby=\"caption-attachment-10105\" class=\"wp-image-10105 size-medium\" src=\"https:\/\/kronika-futbolu.pl\/historia\/wp-content\/uploads\/2021\/01\/14B_Polska_Wegry_1958_Trybuna_Robotnicza_nr_218-264x400.png\" alt=\"Polska - W\u0119gry 1958\" width=\"264\" height=\"400\" srcset=\"https:\/\/kronika-futbolu.pl\/historia\/wp-content\/uploads\/2021\/01\/14B_Polska_Wegry_1958_Trybuna_Robotnicza_nr_218-264x400.png 264w, https:\/\/kronika-futbolu.pl\/historia\/wp-content\/uploads\/2021\/01\/14B_Polska_Wegry_1958_Trybuna_Robotnicza_nr_218.png 615w\" sizes=\"auto, (max-width: 264px) 100vw, 264px\" \/><p id=\"caption-attachment-10105\" class=\"wp-caption-text\">Polska &#8211; W\u0119gry 1958. Trybuna Robotnicza nr 218<\/p><\/div><\/p>\n<p style=\"text-align: justify;\">14 mecz oficjalny Polski z W\u0119grami.\u00a0 Tradycyjnie ju\u017c wygrali Go\u015bcie. Wynik w por\u00f3wnaniu do poprzednich skromny tylko 3:1 dla Madziar\u00f3w. Wszystkie gole by\u0142y autorstwa pi\u0142karzy w\u0119gierskich poniewa\u017c gdy by\u0142o 3:0 dla naszych rywali, bramk\u0119 samob\u00f3jcz\u0105 zdoby\u0142 B\u00e9la K\u00e1rp\u00e1ti. Wcze\u015bniej trafiali Csord\u00e1s, Tichy i Budai. Mo\u017cna by\u0142o dostrzec \u017ce to nie jest ju\u017c ta sama &#8222;Z\u0142ota Jedenastka&#8221;. Wielkie chwile w\u0119gierskiej reprezentacji si\u0119 ju\u017c sko\u0144czy\u0142y, lecz nie sko\u0144czy\u0142y si\u0119 zwyci\u0119stwa z Polsk\u0105. W Trybunie Robotniczej pisano w\u00f3wczas, \u017ce ju\u017c chyba nigdy nie wygramy z W\u0119grami. Na szcz\u0119\u015bcie wygramy i to w jak wa\u017cnym meczu, ale o tym w innym miejscu na tej stronie.\u00a0<\/p>\n<p style=\"text-align: justify;\">Spotkanie jest wa\u017cne odnotowania z bardzo te\u017c wa\u017cnego faktu.\u00a0 Gerard Cie\u015blik zagra\u0142 po raz 45 (plus raz nieoficjalnie)\u00a0 i ostatni w Reprezentacji Polski, a po raz 22 jako kapitan. Cie\u015blik w\u00f3wczas by\u0142 ostatnim zawodnikiem kt\u00f3ry zagra\u0142 w pierwszym meczu po wojnie naszej dru\u017cyny narodowej. W karierze reprezentacyjnej strzeli\u0142 27 goli !.\u00a0 Obecnie jest jedn\u0105 z ikon polskiego pi\u0142karstwa.\u00a0<\/p>\n<p style=\"text-align: justify;\">Po raz ostatni w polskiej kadrze zagrali tak\u017ce:\u00a0 Kazimierz Trampisz (\u0142\u0105cznie 10 mecz\u00f3w), Henryk Szczepa\u0144ski (\u0142\u0105cznie 6 mecz\u00f3w), Edmund Kowal (\u0142\u0105cznie 8 mecz\u00f3w). W zespole w\u0119gierskim zadebiutowali B\u00e9la Bak\u00f3 i J\u00e1nos G\u00f6r\u00f6cs.<\/p>\n<p style=\"text-align: justify;\">Na Stadionie \u015al\u0105skim zjawi\u0142o si\u0119 tego dnia oko\u0142o 90 tysi\u0119cy widz\u00f3w. Przez spor\u0105 cz\u0119\u015b\u0107 spotkania by\u0142a s\u0142ycha\u0107 gwizdy z trybun.\u00a0<\/p>\n<h2 id=\"mecz-23-06-1974\"><span class=\"ez-toc-section\" id=\"13_Mecz_Wegry-_Polska_4_1_15_lipca_1956_r\"><\/span><a id=\"mecz-1956-07-15\"><\/a>13. Mecz W\u0119gry- Polska 4:1 (15 lipca 1956 r.)<span class=\"ez-toc-section-end\"><\/span><\/h2>\n<ul>\n<li><strong>Data meczu:<\/strong> 15.07.1956<\/li>\n<li><strong>Ranga meczu:<\/strong> Towarzyski<\/li>\n<li><strong>S\u0119dzia:<\/strong> Ezio Damiani- Jugos\u0142awia<\/li>\n<li><strong>Stadion:<\/strong> N\u00e9pstadion, Budapeszt<\/li>\n<li><strong>Trener:<\/strong> Ryszard Koncewicz<\/li>\n<\/ul>\n<p><strong>\u26bd Strzelone bramki:<\/strong><\/p>\n<ul>\n<li>Henryk Kempny [pl] 10&#8242;<\/li>\n<li>S\u00e1ndor Kocsis [hu] 40&#8242;<\/li>\n<li>S\u00e1ndor Kocsis [hu] 65&#8242;<\/li>\n<li>Ferenc Szusza [hu] 80&#8242;<\/li>\n<li>Ferenc Machos [hu] 87&#8242;\n<\/li>\n<\/ul>\n<p><strong>? Sk\u0142ady:<\/strong><\/p>\n<table style=\"border-collapse: collapse; width: 100%;\">\n<thead>\n<tr>\n<th style=\"width: 50%;\">[hu] W\u0119gry:<\/th>\n<th style=\"width: 50%;\">[pl] Polska:<\/th>\n<\/tr>\n<\/thead>\n<tbody>\n<tr>\n<td style=\"width: 50%;\">\n<ul>\n<li><strong>Istv\u00e1n Ilku<\/strong> -Dorogi AC<\/li>\n<li><strong>Jen\u0151 Buz\u00e1nszky<\/strong> -Dorogi AC<\/li>\n<li><strong>S\u00e1ndor M\u00e1trai<\/strong> -Bp Kinizsi<\/li>\n<li><strong>Jen\u0151 Dalnoki<\/strong> -Bp Kinizsi<\/li>\n<li><strong>Ferenc Szojka<\/strong> -Salg\u00f3tarj\u00e1ni B\u00e1ny\u00e1sz<\/li>\n<li><strong>Antal Kot\u00e1sz<\/strong> -Bp Honv\u00e9d<\/li>\n<li><strong>L\u00e1szl\u00f3 Budai<\/strong> -Bp Honv\u00e9d<\/li>\n<li><strong>S\u00e1ndor Kocsis<\/strong> -Bp Honv\u00e9d<\/li>\n<li><strong>M\u00e1t\u00e9 Fenyvesi<\/strong> -Bp Kinizsi<\/li>\n<li><strong>Ferenc Pusk\u00e1s<\/strong> kapitan do 46&#8242; -Bp Honv\u00e9d<\/li>\n<li>od 46&#8242; <strong>Ferenc Szusza<\/strong> do 32&#8242; -Bp D\u00f3zsa<\/li>\n<li>od 32&#8242; <strong>Ferenc Machos<\/strong> -Bp Honv\u00e9d<\/li>\n<\/ul>\n<\/td>\n<td style=\"width: 50%;\">\n<ul>\n<li><strong>Edward Szymkowiak<\/strong> -CWKS Warszawa<\/li>\n<li><strong>Horst Mahseli<\/strong> -CWKS Warszawa<\/li>\n<li><strong>Roman Korynt<\/strong> -BKS Lechia Gda\u0144sk<\/li>\n<li><strong>Jerzy Wo\u017aniak<\/strong> -CWKS Warszawa<\/li>\n<li><strong>Marceli Strzykalski<\/strong> -CWKS Warszawa<\/li>\n<li><strong>Edmund Zientara<\/strong> kapitan -CWKS Warszawa<\/li>\n<li><strong>Leszek Jezierski<\/strong> -\u0141KS \u0141\u00f3d\u017a<\/li>\n<li><strong>Czes\u0142aw Uzna\u0144ski<\/strong> -ZKS Stal Sosnowiec<\/li>\n<li><strong>Henryk Kempny<\/strong> -CWKS Warszawa<\/li>\n<li><strong>Lucjan Brychczy<\/strong> -CWKS Warszawa<\/li>\n<li><strong>Czes\u0142aw Ciupa<\/strong> do 63&#8242; -CWKS Warszawa<\/li>\n<li>od 63&#8242; <strong>Ernest Pol<\/strong> -CWKS Warszawa<\/li>\n<\/ul>\n<\/td>\n<\/tr>\n<\/tbody>\n<\/table>\n<p><div id=\"attachment_10099\" style=\"width: 610px\" class=\"wp-caption aligncenter\"><img loading=\"lazy\" decoding=\"async\" aria-describedby=\"caption-attachment-10099\" class=\"wp-image-10099 size-medium\" src=\"https:\/\/kronika-futbolu.pl\/historia\/wp-content\/uploads\/2021\/01\/13A_Wegry_Polska_1956_Trybuna-600x140.png\" alt=\"W\u0119gry - Polska 1956\" width=\"600\" height=\"140\" srcset=\"https:\/\/kronika-futbolu.pl\/historia\/wp-content\/uploads\/2021\/01\/13A_Wegry_Polska_1956_Trybuna-600x140.png 600w, https:\/\/kronika-futbolu.pl\/historia\/wp-content\/uploads\/2021\/01\/13A_Wegry_Polska_1956_Trybuna.png 603w\" sizes=\"auto, (max-width: 600px) 100vw, 600px\" \/><p id=\"caption-attachment-10099\" class=\"wp-caption-text\">W\u0119gry &#8211; Polska 1956. Nag\u0142\u00f3wek: Trybuna Robotnicza<\/p><\/div> <div id=\"attachment_10101\" style=\"width: 610px\" class=\"wp-caption alignleft\"><img loading=\"lazy\" decoding=\"async\" aria-describedby=\"caption-attachment-10101\" class=\"wp-image-10101 size-medium\" src=\"https:\/\/kronika-futbolu.pl\/historia\/wp-content\/uploads\/2021\/01\/13C_Wegry_Polska_1956_Youtube-600x277.png\" alt=\"W\u0119gry - Polska 1956\" width=\"600\" height=\"277\" srcset=\"https:\/\/kronika-futbolu.pl\/historia\/wp-content\/uploads\/2021\/01\/13C_Wegry_Polska_1956_Youtube-600x277.png 600w, https:\/\/kronika-futbolu.pl\/historia\/wp-content\/uploads\/2021\/01\/13C_Wegry_Polska_1956_Youtube-768x355.png 768w, https:\/\/kronika-futbolu.pl\/historia\/wp-content\/uploads\/2021\/01\/13C_Wegry_Polska_1956_Youtube.png 963w\" sizes=\"auto, (max-width: 600px) 100vw, 600px\" \/><p id=\"caption-attachment-10101\" class=\"wp-caption-text\">W\u0119gry &#8211; Polska 1956. \u0179r\u00f3d\u0142o; Youtube<\/p><\/div><\/p>\n<p style=\"text-align: justify;\">Po 4 latach przerwy Polska zagra\u0142a kolejny raz z W\u0119grami, w lipcu 1956 roku na N\u00e9pstadion w Budapeszcie, By\u0142 to 13 oficjalny mecz w historii obu Reprezentacji i 12 wygrany przez W\u0119gr\u00f3w, kt\u00f3rzy po 4 meczach bez wygranej z rz\u0119du w 1956 roku odnie\u015bli zwyci\u0119stwo.\u00a0 W wyj\u015bciowym\u00a0 sk\u0142adzie Polak\u00f3w znalaz\u0142o si\u0119 a\u017c 8 graczy warszawskiej Legii, a w II po\u0142owie na boisku pojawi si\u0119 dziewi\u0105ty.\u00a0<\/p>\n<p style=\"text-align: justify;\">Spotkanie rozpocz\u0119\u0142o si\u0119 od bramki w 10 minucie Henryka Kempnego dla kt\u00f3rego by\u0142 to 2 gol w narodowej dru\u017cynie. Polska prowadzi\u0142a do 40 minuty. W\u00f3wczas wyr\u00f3wna\u0142\u00a0 S\u00e1ndor Kocsis. Ten sam zawodnik do\u0142o\u017cy\u0142 kolejn\u0105 bramk\u0119 w 65 minucie.\u00a0 Na 3:1 podwy\u017cszy\u0142 w 80 minucie Ferenc Szusza, kt\u00f3ry po zako\u0144czeniu kariery pi\u0142karza zosta\u0142 trenerem i pracowa\u0142 w G\u00f3rniku Zabrze, oraz w\u00a0 Atl\u00e9tico Madryt, Realu Betis i w w\u0119gierskim \u00dajpest FC. Wynik ustali\u0142 Ferenc Machos- 87 minuta.\u00a0<\/p>\n<p style=\"text-align: justify;\">Ostatni raz w Reprezentacji W\u0119gier zagrali: Jen\u0151 Buz\u00e1nszky (\u0142\u0105cznie 49 mecz\u00f3w) i\u00a0 Ferenc Szusza (\u0142\u0105cznie 24 mecze).\u00a0 Po raz pierwszy w polskiej kadrze zagrali:\u00a0 Czes\u0142aw Uzna\u0144ski i Czes\u0142aw Ciupa.<\/p>\n<div id=\"attachment_10100\" style=\"width: 610px\" class=\"wp-caption alignright\"><img loading=\"lazy\" decoding=\"async\" aria-describedby=\"caption-attachment-10100\" class=\"size-medium wp-image-10100\" src=\"https:\/\/kronika-futbolu.pl\/historia\/wp-content\/uploads\/2021\/01\/13B_Wegry_Polska_1956_Dunantuli-Naplo_nr167-600x250.png\" alt=\"W\u0119gry - Polska 1956\" width=\"600\" height=\"250\" srcset=\"https:\/\/kronika-futbolu.pl\/historia\/wp-content\/uploads\/2021\/01\/13B_Wegry_Polska_1956_Dunantuli-Naplo_nr167-600x250.png 600w, https:\/\/kronika-futbolu.pl\/historia\/wp-content\/uploads\/2021\/01\/13B_Wegry_Polska_1956_Dunantuli-Naplo_nr167-768x319.png 768w, https:\/\/kronika-futbolu.pl\/historia\/wp-content\/uploads\/2021\/01\/13B_Wegry_Polska_1956_Dunantuli-Naplo_nr167.png 1113w\" sizes=\"auto, (max-width: 600px) 100vw, 600px\" \/><p id=\"caption-attachment-10100\" class=\"wp-caption-text\">W\u0119gry &#8211; Polska 1956. Dun\u00e1nt\u00fali Napl\u00f3 nr 167<\/p><\/div>\n<p style=\"text-align: justify;\">Po raz 7 Polacy zagrali z W\u0119grami gdy Ci byli aktualnymi Wicemistrzami \u015awiata. W 1954 roku po fenomenalnej serii mecz\u00f3w bez pora\u017cki i pewnym marszu po Puchar \u015awiata przegrali w finale z RFN w Bernie. Po dzi\u015b dzie\u0144 tamto wydarzenie przywo\u0142uje smutek, \u0142zy i okropne wspomnienia \u015bwiadk\u00f3w tamtego fina\u0142u. Fina\u0142 Mistrzostw \u015awiata 1954 RFN-W\u0119gry nazywa si\u0119 &#8222;Cudem w Bernie&#8221;. Nnikt nie przypuszcza\u0142 \u017ce w\u0119gierska &#8222;Z\u0142ota Jedenastka&#8221; przegra fina\u0142owe starcie.\u00a0<\/p>\n<p style=\"text-align: justify;\">W pa\u017adzierniku 1956 dosz\u0142o na W\u0119grzech do powstania nazywane &#8222;Rewolucj\u0105 1956&#8221; w wyniku kt\u00f3rego wielu pi\u0142karzy ucieknie za granic\u0119.\u00a0 Jednym z nich by\u0142 Ferenc Pusk\u00e1s, kt\u00f3ry rozegra\u0142 dla w\u0119gierskiej reprezentacji 85 mecz\u00f3w i 5 lat po powstaniu zadebiutuje w Reprezentacji Hiszpanii.\u00a0<\/p>\n<h2 id=\"mecz-01-11-1965\"><span class=\"ez-toc-section\" id=\"12_Mecz_Polska-_Wegry_1_5_15_czerwca_1952_r\"><\/span><a id=\"mecz-1952-06-15\"><\/a>12. Mecz Polska- W\u0119gry 1:5 (15 czerwca 1952 r.)<span class=\"ez-toc-section-end\"><\/span><\/h2>\n<ul>\n<li><strong>Data meczu:<\/strong> 15.06.1952<\/li>\n<li><strong>Ranga meczu:<\/strong> Towarzyski<\/li>\n<li><strong>S\u0119dzia:<\/strong> J\u00f3zef Szlejfer- Polska<\/li>\n<li><strong>Stadion:<\/strong> Stadion Wojska Polskiego, Warszawa<\/li>\n<li><strong>Trenerzy:<\/strong> Ryszard Koncewicz<\/li>\n<\/ul>\n<p><strong>\u26bd Strzelone bramki:<\/strong><\/p>\n<ul>\n<li>S\u00e1ndor Kocsis [hu] 7&#8242;<\/li>\n<li>Ferenc Pusk\u00e1s [hu] 25&#8242;<\/li>\n<li>N\u00e1ndor Hidegkuti [hu] 27&#8242;<\/li>\n<li>Ferenc Pusk\u00e1s [hu] 32&#8242;<\/li>\n<li>S\u00e1ndor Kocsis [hu] 42&#8242;<\/li>\n<li>Henryk Alszer [pl] 56&#8242;<\/li>\n<\/ul>\n<p><strong>? Sk\u0142ady:<\/strong><\/p>\n<table style=\"border-collapse: collapse; width: 100%;\">\n<thead>\n<tr>\n<th style=\"width: 50%;\">[pl] Polska:<\/th>\n<th style=\"width: 50%;\">[hu] W\u0119gry:<\/th>\n<\/tr>\n<\/thead>\n<tbody>\n<tr>\n<td style=\"width: 50%;\">\n<ul>\n<li><strong>Edward Szymkowiak<\/strong> -ZS Unia Chorz\u00f3w<\/li>\n<li><strong>W\u0142adys\u0142aw G\u0119d\u0142ek<\/strong> -TKS Ogniwo MPK Krak\u00f3w<\/li>\n<li><strong>Roman Korynt<\/strong> do 46&#8242; -CWKS Warszawa<\/li>\n<li>od 46&#8242;<strong> Edward Cebula<\/strong> -ZS Unia Chorz\u00f3w<\/li>\n<li><strong>Hubert Banisz<\/strong> -ZKS G\u00f3rnik Bytom<\/li>\n<li><strong>Czes\u0142aw Suszczyk<\/strong> -ZS Unia Chorz\u00f3w<\/li>\n<li><strong>J\u00f3zef Mamo\u0144<\/strong> -ZS Gwardia Wis\u0142a Krak\u00f3w<\/li>\n<li><strong>Pawe\u0142 Sobek<\/strong> -ZKS G\u00f3rnik Bytom<\/li>\n<li><strong>Kazimierz Trampisz<\/strong> -KS Ogniwo Bytom<\/li>\n<li><strong>Henryk Alszer<\/strong> -ZS Unia Chorz\u00f3w<\/li>\n<li><strong>Gerard Cie\u015blik<\/strong> kapitan -ZS Unia Chorz\u00f3w<\/li>\n<li><strong>Jan Wi\u015bniewski<\/strong> -KS Ogniwo Bytom<\/li>\n<\/ul>\n<\/td>\n<td style=\"width: 50%;\">\n<ul>\n<li><strong>Gyula Grosics<\/strong> -Bp Honv\u00e9d<\/li>\n<li><strong>Jen\u0151 Buz\u00e1nszky<\/strong> -Dorogi B\u00e1ny\u00e1sz<\/li>\n<li><strong>Gyula L\u00f3r\u00e1nt<\/strong> -Bp Honv\u00e9d<\/li>\n<li><strong>Jen\u0151 Dalnoki<\/strong> -Bp Kinizsi<\/li>\n<li><strong>Imre Kov\u00e1cs<\/strong> -Bp B\u00e1stya<\/li>\n<li><strong>J\u00f3zsef Bozsik<\/strong> -Bp Honv\u00e9d<\/li>\n<li><strong>L\u00e1szl\u00f3 Budai<\/strong> -Bp Honv\u00e9d<\/li>\n<li><strong>S\u00e1ndor Kocsis<\/strong> -Bp Honv\u00e9d<\/li>\n<li><strong>N\u00e1ndor Hidegkuti<\/strong> -Bp B\u00e1stya<\/li>\n<li><strong>Ferenc Pusk\u00e1s<\/strong> kapitan -Bp Honv\u00e9d<\/li>\n<li><strong>Zolt\u00e1n Czibor<\/strong> -Csepeli Vasas<\/li>\n<\/ul>\n<\/td>\n<\/tr>\n<\/tbody>\n<\/table>\n<p><div id=\"attachment_10095\" style=\"width: 588px\" class=\"wp-caption aligncenter\"><img loading=\"lazy\" decoding=\"async\" aria-describedby=\"caption-attachment-10095\" class=\"wp-image-10095 size-medium\" src=\"https:\/\/kronika-futbolu.pl\/historia\/wp-content\/uploads\/2021\/01\/12A_Polska_Wegry_1952_TrybunaRobotnicza_Katowice_nr143-578x400.png\" alt=\"Polska - W\u0119gry 1952\" width=\"578\" height=\"400\" srcset=\"https:\/\/kronika-futbolu.pl\/historia\/wp-content\/uploads\/2021\/01\/12A_Polska_Wegry_1952_TrybunaRobotnicza_Katowice_nr143-578x400.png 578w, https:\/\/kronika-futbolu.pl\/historia\/wp-content\/uploads\/2021\/01\/12A_Polska_Wegry_1952_TrybunaRobotnicza_Katowice_nr143-768x531.png 768w, https:\/\/kronika-futbolu.pl\/historia\/wp-content\/uploads\/2021\/01\/12A_Polska_Wegry_1952_TrybunaRobotnicza_Katowice_nr143.png 882w\" sizes=\"auto, (max-width: 578px) 100vw, 578px\" \/><p id=\"caption-attachment-10095\" class=\"wp-caption-text\">Polska &#8211; W\u0119gry 1952. Trybuna Robotnicza Katowice nr 143<\/p><\/div> <div id=\"attachment_10096\" style=\"width: 610px\" class=\"wp-caption alignleft\"><img loading=\"lazy\" decoding=\"async\" aria-describedby=\"caption-attachment-10096\" class=\"wp-image-10096 size-medium\" src=\"https:\/\/kronika-futbolu.pl\/historia\/wp-content\/uploads\/2021\/01\/12B_Polska_Wegry_1952_DunantulliNaplo_nr140-600x285.png\" alt=\"Polska - W\u0119gry 1952\" width=\"600\" height=\"285\" srcset=\"https:\/\/kronika-futbolu.pl\/historia\/wp-content\/uploads\/2021\/01\/12B_Polska_Wegry_1952_DunantulliNaplo_nr140-600x285.png 600w, https:\/\/kronika-futbolu.pl\/historia\/wp-content\/uploads\/2021\/01\/12B_Polska_Wegry_1952_DunantulliNaplo_nr140-768x365.png 768w, https:\/\/kronika-futbolu.pl\/historia\/wp-content\/uploads\/2021\/01\/12B_Polska_Wegry_1952_DunantulliNaplo_nr140.png 1222w\" sizes=\"auto, (max-width: 600px) 100vw, 600px\" \/><p id=\"caption-attachment-10096\" class=\"wp-caption-text\">Polska &#8211; W\u0119gry 1952. Dun\u00e1nt\u00fali Napl\u00f3 nr 140<\/p><\/div><\/p>\n<p style=\"text-align: justify;\">Wspania\u0142y czas w\u0119gierskiej pi\u0142ki w 1952 trwa\u0142 w najlepsze. Reprezentacja W\u0119gier wygrywa\u0142a z ka\u017cdym i strzela\u0142a mn\u00f3stwo bramek. Polacy wiedzieli o tym dobrze dostaj\u0105c regularnie co roku lanie.\u00a0 Nieco ponad miesi\u0105c przed spotkaniem na Igrzyskach Olimpijskich Polacy musieli znowu uzna\u0107 wy\u017cszo\u015b\u0107 Madziar\u00f3w . Ju\u017c po I po\u0142owie rywale strzelili wszystkie swoje bramki w tym meczu, czyli 5. Znana jest historia \u017ce przedstawiciele polskiej dru\u017cyny w przerwie meczu poprosili trenera W\u0119gr\u00f3w aby ju\u017c nie strzelali goli. W II po\u0142owie\u00a0 bramk\u0119\u00a0 honorow\u0105 strzeli\u0142 Henryk Alszer.\u00a0<\/p>\n<p style=\"text-align: justify;\">Reprezentacja W\u0119gier\u00a0 po pojedynku w Warszawie rozegra jeszcze spotkanie towarzyskie\u00a0 z Finlandi\u0105 a p\u00f3\u017aniej rozpocznie marsz po z\u0142oto olimpijskie. Reprezentacja Polski zako\u0144czy udzia\u0142 w fi\u0144skich Igrzyskach na wygranej z amatorami z Francji (2:1)\u00a0 i pora\u017cce z z Dani\u0105 0:2.\u00a0<\/p>\n<p style=\"text-align: justify;\">Chyba ju\u017c Polacy mieli do\u015b\u0107 pora\u017cek z W\u0119grami bowiem kolejny mecz\u00a0 z\u00a0 tym zespo\u0142em odb\u0119dzie si\u0119 dopiero w 1956 roku.<\/p>\n<p style=\"text-align: justify;\">Jedynym debiutantem by\u0142 Jen\u0151 Dalnoki. Dla Edwarda Cebuli by\u0142 to ostatni oficjalny mecz w barwach narodowych, zagra jeszcze nieoficjalne spotkanie z Francj\u0105 na Igrzyskach.\u00a0<\/p>\n<p style=\"text-align: justify;\">Po raz pierwszy mecz Reprezentacji Polski s\u0119dziowa\u0142 &#8230; Polak. J\u00f3zef Szlejfer musia\u0142 &#8222;gwizda\u0107&#8221; to spotkanie bo prawdopodobnie\u00a0 osoby odpowiedzialne za to nie dope\u0142ni\u0142y swojego obowi\u0105zku i nie zaproszono s\u0119dziego zagranicy.\u00a0<\/p>\n<h2 id=\"mecz-18-04-1965\"><span class=\"ez-toc-section\" id=\"11_Mecz_Wegry_%E2%80%93_Polska_6_0_27_maja_1951_r\"><\/span><a id=\"mecz-1951-05-27\"><\/a>11. Mecz W\u0119gry &#8211; Polska 6:0 (27\u00a0 maja 1951 r.)<span class=\"ez-toc-section-end\"><\/span><\/h2>\n<ul>\n<li><strong>Data meczu:<\/strong> 27.05.1951<\/li>\n<li><strong>Ranga meczu:<\/strong> Towarzyski<\/li>\n<li><strong>S\u0119dzia:<\/strong> Jaroslav Vl\u010dek- Czechos\u0142owacja<\/li>\n<li><strong>Stadion:<\/strong> Megyeri \u00fati Stadion, Budapeszt<\/li>\n<li><strong>Trener:<\/strong> Ryszard Koncewicz<\/li>\n<\/ul>\n<p><strong>\u26bd Strzelone bramki:<\/strong><\/p>\n<ul>\n<li>S\u00e1ndor Kocsis [hu] 27&#8242;<\/li>\n<li>K\u00e1roly S\u00e1ndor [hu] 37&#8242;<\/li>\n<li>S\u00e1ndor Kocsis [hu] 70&#8242;<\/li>\n<li>Ferenc Pusk\u00e1s [hu] 72&#8242;<\/li>\n<li>Ferenc Pusk\u00e1s [hu] 75&#8242;-k<\/li>\n<li>Zolt\u00e1n Czibor [hu] 82&#8242;<\/li>\n<\/ul>\n<p><strong>? Sk\u0142ady:<\/strong><\/p>\n<table style=\"border-collapse: collapse; width: 100%; height: 383px;\">\n<thead>\n<tr style=\"height: 21px;\">\n<th style=\"width: 50%; height: 21px;\">[hu] W\u0119gry:<\/th>\n<th style=\"width: 50%; height: 21px;\">[pl] Polska:<\/th>\n<\/tr>\n<\/thead>\n<tbody>\n<tr style=\"height: 362px;\">\n<td style=\"width: 50%; height: 362px;\">\n<ul>\n<li><strong>Gyula Grosics<\/strong> do 76&#8242; -Bp Honv\u00e9d<\/li>\n<li>od 76&#8242; <strong>G\u00e9za Henni<\/strong> -Bp D\u00f3zsa<\/li>\n<li><strong>J\u00f3zsef Kov\u00e1cs<\/strong> -Bp B\u00e1stya<\/li>\n<li><strong>J\u00e1nos B\u00f6rzsei<\/strong> -Bp B\u00e1stya<\/li>\n<li><strong>Mih\u00e1ly Lantos<\/strong> -Bp B\u00e1stya<\/li>\n<li><strong>Imre Kov\u00e1cs<\/strong> -Bp B\u00e1stya<\/li>\n<li><strong>J\u00f3zsef Bozsik<\/strong> -Bp Honv\u00e9d<\/li>\n<li><strong>K\u00e1roly S\u00e1ndor<\/strong> -Bp B\u00e1stya<\/li>\n<li><strong>S\u00e1ndor Kocsis<\/strong> -Bp Honv\u00e9d<\/li>\n<li><strong>Ferenc Szusza<\/strong> -Bp D\u00f3zsa<\/li>\n<li><strong>Ferenc Pusk\u00e1s<\/strong> kapitan do 81&#8242; -Bp Honv\u00e9d<\/li>\n<li>od 81&#8242; <strong>N\u00e1ndor Hidegkuti<\/strong> -Bp B\u00e1stya SE<\/li>\n<li><strong>Zolt\u00e1n Czibor<\/strong> -Csepeli Vasas<\/li>\n<\/ul>\n<\/td>\n<td style=\"width: 50%; height: 362px;\">\n<ul>\n<li><strong>Henryk Borucz<\/strong> -ZKS Kolejarz Warszawa<\/li>\n<li><strong>W\u0142adys\u0142aw G\u0119d\u0142ek<\/strong> -ZKS Ogniwo MPK Krak\u00f3w<\/li>\n<li><strong>Tadeusz Glimas<\/strong> -ZKS Ogniwo MPK Krak\u00f3w<\/li>\n<li><strong>Czes\u0142aw Suszczyk<\/strong> -ZS Unia Chorz\u00f3w<\/li>\n<li><strong>Kazimierz Kaszuba<\/strong> do 76&#8242; -ZKS Ogniwo MPK Krak\u00f3w<\/li>\n<li>od 76&#8242; <strong>Edward Brzozowski<\/strong> -ZKS Kolejarz Warszawa<\/li>\n<li><strong>Teodor Wieczorek<\/strong> -KS Budowlani Chorz\u00f3w<\/li>\n<li><strong>Jan Wi\u015bniewski<\/strong> -KS Ogniwo Bytom<\/li>\n<li><strong>Teodor Anio\u0142a<\/strong> do 74&#8242; -ZS Kolejarz Pozna\u0144<\/li>\n<li>od 74&#8242; <strong>Henryk Szymborski<\/strong> -\u0141KS W\u0142\u00f3kniarz \u0141\u00f3d\u017a<\/li>\n<li><strong>Oskar Brajter<\/strong> -CWKS Warszawa<\/li>\n<li><strong>Gerard Cie\u015blik<\/strong> kapitan -ZS Unia Chorz\u00f3w<\/li>\n<li><strong>Zdzis\u0142aw Weso\u0142owski<\/strong> -ZKS Kolejarz Warszawa<\/li>\n<\/ul>\n<\/td>\n<\/tr>\n<\/tbody>\n<\/table>\n<p><div id=\"attachment_10092\" style=\"width: 610px\" class=\"wp-caption aligncenter\"><img loading=\"lazy\" decoding=\"async\" aria-describedby=\"caption-attachment-10092\" class=\"wp-image-10092 size-medium\" src=\"https:\/\/kronika-futbolu.pl\/historia\/wp-content\/uploads\/2021\/01\/11A_Wegry_Polska_1951_DziennikLodzkinr146-600x232.png\" alt=\"W\u0119gry - Polska 6:0 1951 \" width=\"600\" height=\"232\" srcset=\"https:\/\/kronika-futbolu.pl\/historia\/wp-content\/uploads\/2021\/01\/11A_Wegry_Polska_1951_DziennikLodzkinr146-600x232.png 600w, https:\/\/kronika-futbolu.pl\/historia\/wp-content\/uploads\/2021\/01\/11A_Wegry_Polska_1951_DziennikLodzkinr146-768x297.png 768w, https:\/\/kronika-futbolu.pl\/historia\/wp-content\/uploads\/2021\/01\/11A_Wegry_Polska_1951_DziennikLodzkinr146.png 1456w\" sizes=\"auto, (max-width: 600px) 100vw, 600px\" \/><p id=\"caption-attachment-10092\" class=\"wp-caption-text\">Tytu\u0142: Dziennik \u0141\u00f3dzki nr 146<\/p><\/div> <div id=\"attachment_10093\" style=\"width: 610px\" class=\"wp-caption alignleft\"><img loading=\"lazy\" decoding=\"async\" aria-describedby=\"caption-attachment-10093\" class=\"wp-image-10093 size-medium\" src=\"https:\/\/kronika-futbolu.pl\/historia\/wp-content\/uploads\/2021\/01\/11B_Wegry_Polska_1951_DziennikPolski_nr146-600x336.png\" alt=\"W\u0119gry - Polska 6:0 1951 \" width=\"600\" height=\"336\" srcset=\"https:\/\/kronika-futbolu.pl\/historia\/wp-content\/uploads\/2021\/01\/11B_Wegry_Polska_1951_DziennikPolski_nr146-600x336.png 600w, https:\/\/kronika-futbolu.pl\/historia\/wp-content\/uploads\/2021\/01\/11B_Wegry_Polska_1951_DziennikPolski_nr146-768x430.png 768w, https:\/\/kronika-futbolu.pl\/historia\/wp-content\/uploads\/2021\/01\/11B_Wegry_Polska_1951_DziennikPolski_nr146.png 1037w\" sizes=\"auto, (max-width: 600px) 100vw, 600px\" \/><p id=\"caption-attachment-10093\" class=\"wp-caption-text\">Tytu\u0142: Dziennik Polski nr 146<\/p><\/div><\/p>\n<p style=\"text-align: justify;\">Rok 1951 by\u0142 bardzo dziwny dla polskiej pi\u0142ki. Mistrzem nie zosta\u0142a dru\u017cyna kt\u00f3ra wygra\u0142a lig\u0119 lecz zdobywca Pucharu Polski. Reprezentacja Narodowa rozegra\u0142a tylko jedno spotkanie, w\u0142a\u015bnie w Budapeszcie. By\u0142o to pierwsze spotkanie Bia\u0142o-Czerwonych od pa\u017adziernika 1950 kiedy to wygrali z Bu\u0142gari\u0105 1:0. Natomiast kolejnym sprawdzianem naszych pi\u0142karzy b\u0119dzie mecz r\u00f3wnie\u017c z Bu\u0142gari\u0105 ale a\u017c rok po pogromie z W\u0119grami czyli 18 maja 1952!.\u00a0<\/p>\n<p style=\"text-align: justify;\">Wr\u00f3\u0107my do 27 maja 1951. Po raz 4 po wojnie Polacy zmierzyli si\u0119 z W\u0119grami i oczywi\u015bcie przegrali, ale by\u0142a to najdotkliwsza pora\u017cka\u00a0 bo po raz pierwszy nie uda\u0142o si\u0119 zdoby\u0107 bramki. Od tego spotkania rozpocznie si\u0119 seria 5 kolejnych przegranych pojedynk\u00f3w naszej kadry (w tym jeszcze raz z dru\u017cyn\u0105 w\u0119giersk\u0105).\u00a0<\/p>\n<p style=\"text-align: justify;\">W sk\u0142adzie &#8222;Z\u0142otej jedenastki&#8221; kt\u00f3ra w 1954 roku b\u0119dzie g\u0142\u00f3wnym faworytem do zdobycia Mistrzostwa \u015awiata (sko\u0144czy si\u0119 na 2 miejscu jednak) nie by\u0142o debiutant\u00f3w ani zawodnik\u00f3w kt\u00f3rzy by ostatni raz zagrali. W\u015br\u00f3d Polak\u00f3w debiutowali: Kazimierz Kaszuba, Henryk Szymborski, Zdzis\u0142aw Weso\u0142owski. Ostatni raz wyst\u0105pili: Edward Brzozowski (\u0142\u0105cznie 6 mecz\u00f3w) oraz bramkarz Henryk Borucz, dla kt\u00f3rego by\u0142 to Jego 5 wyst\u0119p reprezentacyjny. W tych 5 meczach pu\u015bci\u0142 19 goli z czego 18 w 3 rywalizacjach z W\u0119grami.<\/p>\n<h2 id=\"mecz-08-07-1982\"><span class=\"ez-toc-section\" id=\"10_Mecz_Polska-_Wegry_2_5_4_czerwca_1950_r\"><\/span><a id=\"mecz-1950-06-04\"><\/a>10. Mecz Polska- W\u0119gry 2:5 (4 czerwca 1950 r.)<span class=\"ez-toc-section-end\"><\/span><\/h2>\n<ul>\n<li><strong>Data meczu:<\/strong> 04.06.1950<\/li>\n<li><strong>Ranga meczu:<\/strong> Towarzyski<\/li>\n<li><strong>S\u0119dzia:<\/strong> \u015etefan Alexandriu- Rumunia<\/li>\n<li><strong>Stadion:<\/strong> Stadion Wojska Polskiego, Warszawa<\/li>\n<li><strong>Trener:<\/strong> Ryszard Koncewicz, oraz Komitet Selekcyjny<\/li>\n<\/ul>\n<p><strong>\u26bd Strzelone bramki:<\/strong><\/p>\n<ul>\n<li>Ferenc Pusk\u00e1s (pen.) [hu] 10&#8242;-karny<\/li>\n<li>Zdzis\u0142aw Mordarski [pl] 24&#8242;<\/li>\n<li>Gyula Szil\u00e1gyi [hu] 38&#8242;<\/li>\n<li>Gyula Szil\u00e1gyi [hu] 48&#8242;<\/li>\n<li>Gyula Szil\u00e1gyi [hu] 62&#8242;<\/li>\n<li>Ferenc Pusk\u00e1s [hu] 63&#8242;<\/li>\n<li>Gerard Cie\u015blik [pl] 80&#8242;\n<\/li>\n<\/ul>\n<p><strong>? Sk\u0142ady:<\/strong><\/p>\n<table style=\"border-collapse: collapse; width: 100%;\">\n<thead>\n<tr>\n<th style=\"width: 50%;\">[pl] Polska:<\/th>\n<th style=\"width: 50%;\">[hu] W\u0119gry:<\/th>\n<\/tr>\n<\/thead>\n<tbody>\n<tr>\n<td style=\"width: 50%;\">\n<ul>\n<li><strong>Henryk Borucz <\/strong>-ZKS Kolejarz, Warszawa<\/li>\n<li><strong>W\u0142adys\u0142aw G\u0119d\u0142ek<\/strong> do 39&#8242; -ZKS Ogniwo, Krak\u00f3w<\/li>\n<li>od 39&#8242; <strong>Henryk Janduda<\/strong> -KS Budowlani, Chorz\u00f3w<\/li>\n<li><strong>Antoni Barwi\u0144ski<\/strong> -ZKS Ogniwo Tarnovia, Tarn\u00f3w<\/li>\n<li><strong>Czes\u0142aw Suszczyk<\/strong> -ZS Unia, Chorz\u00f3w<\/li>\n<li><strong>Tadeusz Parpan<\/strong> kapitan -ZKS Ogniwo, Krak\u00f3w<\/li>\n<li><strong>Teodor Wieczorek<\/strong> -KS Budowlani, Chorz\u00f3w<\/li>\n<li><strong>Stanis\u0142aw Baran<\/strong> -\u0141KS W\u0142\u00f3kniarz, \u0141\u00f3d\u017a<\/li>\n<li><strong>Zdzis\u0142aw Mordarski<\/strong> -ZS Gwardia Wis\u0142a, Krak\u00f3w<\/li>\n<li><strong>Henryk Bo\u017cek<\/strong> do 46&#8242; -ZS Zwi\u0105zkowiec, Krak\u00f3w<\/li>\n<li>od 46&#8242; <strong>Marian \u0141\u0105cz<\/strong> -\u0141KS W\u0142\u00f3kniarz, \u0141\u00f3d\u017a<\/li>\n<li><strong>Mieczys\u0142aw Gracz<\/strong> -ZS Gwardia Wis\u0142a, Krak\u00f3w<\/li>\n<li><strong>Gerard Cie\u015blik<\/strong> -ZS Unia, Chorz\u00f3w<\/li>\n<\/ul>\n<\/td>\n<td style=\"width: 50%;\">\n<ul>\n<li><strong>Gyula Grosics<\/strong> do 75&#8242; -Teherfuvar MSE<\/li>\n<li>od 75&#8242;<strong> S\u00e1ndor Ruzsa<\/strong> -Bp Honv\u00e9d SE<\/li>\n<li><strong>L\u00e1szl\u00f3 R\u00e1k\u00f3czi<\/strong> -Bp Honv\u00e9d SE<\/li>\n<li><strong>J\u00e1nos B\u00f6rzsei<\/strong> -Bp Textiles SE<\/li>\n<li><strong>Mih\u00e1ly Lantos<\/strong> do 75&#8242; -Bp Textiles SE<\/li>\n<li>od 75&#8242; <strong>Ferenc T\u00f3th<\/strong> -Bp Honv\u00e9d SE<\/li>\n<li><strong>J\u00f3zsef Bozsik<\/strong> -Bp Honv\u00e9d SE<\/li>\n<li><strong>Zolt\u00e1n J\u00f3zsa<\/strong> -Gy\u0151ri Vasas SK<\/li>\n<li><strong>K\u00e1roly S\u00e1ndor<\/strong> -Bp Textiles SE<\/li>\n<li><strong>S\u00e1ndor Kocsis<\/strong> -\u00c9DOSz SE<\/li>\n<li><strong>Gyula Szil\u00e1gyi<\/strong> -Vasas SE<\/li>\n<li><strong>Ferenc Pusk\u00e1s<\/strong> kapitan -Bp Honv\u00e9d SE<\/li>\n<li><strong>Gy\u00f6rgy Babolcsay<\/strong> -Bp Honv\u00e9d SE<\/li>\n<\/ul>\n<\/td>\n<\/tr>\n<\/tbody>\n<\/table>\n<p><div id=\"attachment_10087\" style=\"width: 610px\" class=\"wp-caption aligncenter\"><img loading=\"lazy\" decoding=\"async\" aria-describedby=\"caption-attachment-10087\" class=\"wp-image-10087 size-medium\" src=\"https:\/\/kronika-futbolu.pl\/historia\/wp-content\/uploads\/2021\/01\/10A_Polska_Wegry_1950_Fuji_Tom_14-600x289.jpg\" alt=\"Polska - W\u0119gry 1950\" width=\"600\" height=\"289\" \/><p id=\"caption-attachment-10087\" class=\"wp-caption-text\">Polska &#8211; W\u0119gry 1950<\/p><\/div> <div id=\"attachment_10088\" style=\"width: 610px\" class=\"wp-caption alignleft\"><img loading=\"lazy\" decoding=\"async\" aria-describedby=\"caption-attachment-10088\" class=\"wp-image-10088 size-medium\" src=\"https:\/\/kronika-futbolu.pl\/historia\/wp-content\/uploads\/2021\/01\/10B_Polska_Wegry_1950_Dziennik_Polski_nr_153-600x272.png\" alt=\"Polska - W\u0119gry 1950\" width=\"600\" height=\"272\" srcset=\"https:\/\/kronika-futbolu.pl\/historia\/wp-content\/uploads\/2021\/01\/10B_Polska_Wegry_1950_Dziennik_Polski_nr_153-600x272.png 600w, https:\/\/kronika-futbolu.pl\/historia\/wp-content\/uploads\/2021\/01\/10B_Polska_Wegry_1950_Dziennik_Polski_nr_153-768x348.png 768w, https:\/\/kronika-futbolu.pl\/historia\/wp-content\/uploads\/2021\/01\/10B_Polska_Wegry_1950_Dziennik_Polski_nr_153.png 1361w\" sizes=\"auto, (max-width: 600px) 100vw, 600px\" \/><p id=\"caption-attachment-10088\" class=\"wp-caption-text\">Dziennik Polski nr 153 1950<\/p><\/div><\/p>\n<p style=\"text-align: justify;\">1950 by\u0142 rokiem Mistrzostw \u015awiata w Brazylii. Pierwszy raz \u015bwiatowy czempionat odby\u0142 si\u0119 od 1938 roku. Na turnieju w Ameryce Po\u0142udniowej nie zagra\u0142a ani Polska ani W\u0119gry.\u00a0 Reprezentacja W\u0119gier\u00a0 4 czerwca 1950, a wi\u0119c 3 tygodnie przed startem powojennych rozgrywek o Puchar \u015awiata po raz ostatni zagra\u0142a mecz jako aktualny Wicemistrz \u015awiata jeszcze z 1938 roku i to 4 raz z Polsk\u0105. Madziarzy odzyskaj\u0105 miano drugiej dru\u017cyny \u015bwiata w 1954 roku lecz na wiele lat nie b\u0119dzie to dobrze wspominane. Ale o tym b\u0119dzie okazja opowiedzie\u0107 w innym miejscu.\u00a0<\/p>\n<p style=\"text-align: justify;\">&#8222;W\u0119grzy przewy\u017cszali Polak\u00f3w szybko\u015bci\u0105, umiej\u0119tno\u015bciami technicznymi, gr\u0105 g\u0142ow\u0105, dok\u0142adno\u015bci\u0105 poda\u0144, lepszymi kombinacjami i strza\u0142em&#8221; &#8211; czytamy w Dzienniku Polskim. Wynik odzwierciedli\u0142 gr\u0119 na boisku.\u00a0 Po pierwszej\u00a0 bramce Pusk\u00e1sa z karnego , niespodziewanie wyr\u00f3wna\u0142 Mordarski. Jeszcze przed przerw\u0105 Go\u015bcie odpowiedzieli. W II po\u0142owie gra by\u0142a jednostronna. Trzy kolejne gole W\u0119gr\u00f3w i jedynie w 80 minucie\u00a0 Gerard Cie\u015blik strzeli\u0142 drug\u0105 polsk\u0105 bramk\u0119 . 10 oficjalny mecz Polski i W\u0119gier i 9 wygrana W\u0119gr\u00f3w.\u00a0 mecz na trybunach ogl\u0105da\u0142o oko\u0142o 50 tysi\u0119cy kibic\u00f3w.\u00a0<\/p>\n<p style=\"text-align: justify;\">Bez debiutant\u00f3w w polskim zespole w w\u0119gierskim debiutuj\u0105 L\u00e1szl\u00f3 R\u00e1k\u00f3czi\u00a0 (jednocze\u015bnie ostatni wyst\u0119p) i Ferenc T\u00f3th.\u00a0 Ostatnie wyst\u0119py w barwach Bia\u0142o-Czerwonych zaliczyli:\u00a0 \u00a0 \u00a0 natomiast w kadrze W\u0119gier po raz ostatni zagrali: Antoni Barwi\u0144ski (\u0142\u0105cznie 17 mecz\u00f3w), Tadeusz Parpan (\u0142\u0105cznie 20 mecz\u00f3w), Stanis\u0142aw Baran (\u0142\u0105cznie 9 mecz\u00f3w) i Henryk Bo\u017cek (\u0142\u0105cznie 2 mecze).<\/p>\n<p style=\"text-align: justify;\">Od tego meczu &#8222;Z\u0142ota jedenastka rozpocznie wspania\u0142\u0105 seri\u0119 mecz\u00f3w bez pora\u017cki, kt\u00f3ra b\u0119dzie trwa\u0107 a\u017c do 1954 roku do fina\u0142u Mistrzostw \u015awiata, \u0142\u0105cznie 31 mecz\u00f3w.<\/p>\n<h2 id=\"mecz-08-07-1982\"><span class=\"ez-toc-section\" id=\"9_Mecz_Wegry-_Polska_8_2_10_lipca_1949_r\"><\/span><a id=\"mecz-1949-07-10\"><\/a>9. Mecz W\u0119gry- Polska 8:2 (10 lipca 1949 r.)<span class=\"ez-toc-section-end\"><\/span><\/h2>\n<ul>\n<li><strong>Data meczu:<\/strong> 10.07.1949<\/li>\n<li><strong>Ranga meczu:<\/strong> Towarzyski<\/li>\n<li><strong>S\u0119dzia:<\/strong> Jozef Nem\u010dovsk\u00fd- Czechos\u0142owacja<\/li>\n<li><strong>Stadion: <\/strong>Nagyerdei Stadion, Debreczyn<\/li>\n<li><strong>Trener:<\/strong> Wac\u0142aw Kuchar i Komitet Selekcyjny<\/li>\n<\/ul>\n<p><strong>\u26bd Strzelone bramki:<\/strong><\/p>\n<ul>\n<li>Ferenc De\u00e1k [hu] 14&#8242;<\/li>\n<li>B\u00e9la Egresi [hu] 20&#8242;<\/li>\n<li>Ferenc Pusk\u00e1s [hu] 33&#8242;<\/li>\n<li>Ferenc De\u00e1k [hu] 45&#8242;<\/li>\n<li>Mih\u00e1ly Keszthelyi [hu] 48&#8242;<\/li>\n<li>Ferenc De\u00e1k [hu] 51&#8242;<\/li>\n<li>Ferenc De\u00e1k [hu] 62&#8242;<\/li>\n<li>J\u00f3zef Kohut [pl] 73&#8242;<\/li>\n<li>J\u00f3zef Mamo\u0144 [pl] 79&#8242;<\/li>\n<li>Ferenc Pusk\u00e1s [hu] 86&#8242;<\/li>\n<\/ul>\n<p><strong>? Sk\u0142ady:<\/strong><\/p>\n<table style=\"border-collapse: collapse; width: 100%;\">\n<thead>\n<tr>\n<th style=\"width: 50%;\">[hu] W\u0119gry:<\/th>\n<th style=\"width: 50%;\">[pl] Polska:<\/th>\n<\/tr>\n<\/thead>\n<tbody>\n<tr>\n<td style=\"width: 50%;\">\n<ul>\n<li><strong>G\u00e9za Henni<\/strong> -Ferencv\u00e1rosi TC<\/li>\n<li><strong>S\u00e1ndor Balogh<\/strong> kapitan -\u00dajpesti TE<\/li>\n<li><strong>J\u00e1nos B\u00f6rzsei<\/strong> -MTK Budapest<\/li>\n<li><strong>Mih\u00e1ly Lantos<\/strong> -MTK Budapest<\/li>\n<li><strong>J\u00f3zsef Bozsik<\/strong> -Honv\u00e9d SE<\/li>\n<li><strong>K\u00e1roly Lakat<\/strong> -Ferencv\u00e1rosi TC<\/li>\n<li><strong>B\u00e9la Egresi<\/strong> -\u00dajpesti TE<\/li>\n<li><strong>Mih\u00e1ly Keszthelyi<\/strong> -Csepeli Vasas TK<\/li>\n<li><strong>Ferenc De\u00e1k<\/strong> -Ferencv\u00e1rosi TC<\/li>\n<li><strong>Ferenc Pusk\u00e1s<\/strong> -Honv\u00e9d SE<\/li>\n<li><strong>Zolt\u00e1n Czibor<\/strong> -Ferencv\u00e1rosi TC<\/li>\n<\/ul>\n<\/td>\n<td style=\"width: 50%;\">\n<ul>\n<li><strong>Henryk Borucz<\/strong> do 83&#8242; -ZKS Kolejarz Warszawa<\/li>\n<li>od 83&#8242;<strong> Henryk Rybicki<\/strong> -ZKS Ogniwo Krak\u00f3w<\/li>\n<li><strong>W\u0142adys\u0142aw G\u0119d\u0142ek<\/strong> -ZKS Ogniwo Krak\u00f3w<\/li>\n<li><strong>Antoni Barwi\u0144ski<\/strong> -ZKS Ogniwo Tarnovia<\/li>\n<li><strong>Czes\u0142aw Suszczyk<\/strong> -ZS Unia Chorz\u00f3w<\/li>\n<li><strong>Tadeusz Parpan<\/strong> kapitan -ZKS Ogniwo Krak\u00f3w<\/li>\n<li><strong>Edward Brzozowski<\/strong> -ZKS Kolejarz Warszawa<\/li>\n<li><strong>J\u00f3zef Mamo\u0144<\/strong> -ZS Gwardia Wis\u0142a Krak\u00f3w<\/li>\n<li><strong>Mieczys\u0142aw Gracz<\/strong> -ZS Gwardia Wis\u0142a Krak\u00f3w<\/li>\n<li><strong>Henryk Spodzieja<\/strong> -KS Budowlani Chorz\u00f3w<\/li>\n<li><strong>J\u00f3zef Kohut<\/strong> -ZS Gwardia Wis\u0142a Krak\u00f3w<\/li>\n<li><strong>Zygmunt Ochma\u0144ski<\/strong> -ZKS Kolejarz Warszawa<\/li>\n<\/ul>\n<\/td>\n<\/tr>\n<\/tbody>\n<\/table>\n<p style=\"text-align: justify;\">Z W\u0119grami Reprezentacja Polski rozegra\u0142a sw\u00f3j pierwszy mecz w historii. R\u00f3wnie\u017c z W\u0119grami Polacy zagrali ostatnie swoje spotkanie przed wojn\u0105, oraz rozegrali sw\u00f3j 100 oficjalny mecz w historii. Jubileuszowa gra (oczywi\u015bcie oka\u017ce si\u0119 to dopiero po latach gdy zostanie sporz\u0105dzona lista mecz\u00f3w oficjalnych i nieoficjalnych) zosta\u0142a rozegrana w Debreczynie. Po raz pierwszy w innym mie\u015bcie na W\u0119grzech ni\u017c w Budapeszcie (3 razy grano w\u0142a\u015bnie w stolicy W\u0119gier).\u00a0 Rywal Polak\u00f3w by\u0142 wci\u0105\u017c aktualnym Wicemistrzem \u015awiata z 1938 roku.<\/p>\n<p style=\"text-align: justify;\">Nie by\u0142o niespodzianek, tak jak w poprzednich pojedynkach z Madziarami, oraz jak si\u0119 oka\u017ce w wielu nast\u0119pnych g\u00f3r\u0105 byli W\u0119grzy i to zdecydowanie. Gospodarze wbili Polakom a\u017c 8 bramek ! &#8222;Bia\u0142o-Czerwoni&#8221; zdobyli tylko lub a\u017c 2 gole. Jedna z najwy\u017cszych pora\u017cek w historii Reprezentacji Polski.\u00a0 Po meczu najbardziej chwalonym pi\u0142karzem polskiej dru\u017cyny b\u0119dzie&#8230; bramkarz, Henryk Borucz, debiutant tego dnia. O grze nie ma co wi\u0119cej dodawa\u0107. Po\u0142ow\u0119 goli dla W\u0119gr\u00f3w strzeli\u0142 Ferenc De\u00e1k, dwa do\u0142o\u017cy\u0142 legendarny Ferenc Pusk\u00e1s, oraz po jednym B\u00e9la Egresi i Mih\u00e1ly Keszthelyi. Przy stanie 7:0 Polacy &#8222;zacz\u0119li odrabia\u0107 straty&#8221;. Henniego pokonali J\u00f3zef Kohut i J\u00f3zef Mamo\u0144.<\/p>\n<p style=\"text-align: justify;\">Zadebiutowali Mih\u00e1ly Lantos w dru\u017cynie w\u0119gierskiej, a w polskiej wspomniany bramkarz Borucz i Zygmunt Ochma\u0144ski (jednocz\u0119snie osttania gra reprezentacyjna).\u00a0 Po raz ostatni w kadrze zagra\u0142 r\u00f3wnie\u017c Henryk Spodzieja (\u0142\u0105cznie 9 mecz\u00f3w).\u00a0<\/p>\n<h2 id=\"mecz-08-07-1982\"><span class=\"ez-toc-section\" id=\"8_Mecz_Polska_%E2%80%93_Wegry_2_6_19_wrzesnia_1948_r\"><\/span><a id=\"mecz-1948-09-19\"><\/a>8. Mecz Polska &#8211; W\u0119gry 2:6 (19 wrze\u015bnia 1948 r.)<span class=\"ez-toc-section-end\"><\/span><\/h2>\n<ul>\n<li><strong>Data meczu:<\/strong> 19.09.1948<\/li>\n<li><strong>Ranga meczu:<\/strong> Towarzyski (w ramach Mistrzostwa Ba\u0142kan i Europy Wschodniej)<\/li>\n<li><strong>S\u0119dzia:<\/strong> Jaroslav Vl\u010dek<\/li>\n<li><strong>Stadion:<\/strong> Stadion Wojska Polskiego, Warszawa<\/li>\n<li><strong>Trener:<\/strong> Wac\u0142aw Kuchar i Zygmunt Alfus<\/li>\n<\/ul>\n<p><strong>\u26bd Strzelone bramki:<\/strong><\/p>\n<ul>\n<li>J\u00f3zsef Bozsik [hu] 20&#8242;<\/li>\n<li>N\u00e1ndor Hidegkuti [hu] 25&#8242;<\/li>\n<li>Ferenc Szusza [hu] 29&#8242;<\/li>\n<li>J\u00f3zef Kohut [pl] 37&#8242;<\/li>\n<li>Gerard Cie\u015blik [pl] 68&#8242;<\/li>\n<li>Ferenc De\u00e1k [hu] 69&#8242;<\/li>\n<li>M\u00e1ty\u00e1s T\u00f3th [hu] 72&#8242;<\/li>\n<li>N\u00e1ndor Hidegkuti [hu] 81&#8242;\n<\/li>\n<\/ul>\n<p><strong>? Sk\u0142ady:<\/strong><\/p>\n<table style=\"border-collapse: collapse; width: 100%;\">\n<thead>\n<tr>\n<th style=\"width: 50%;\">[pl] Polska:<\/th>\n<th style=\"width: 50%;\">[hu] W\u0119gry:<\/th>\n<\/tr>\n<\/thead>\n<tbody>\n<tr>\n<td style=\"width: 50%;\">\n<ul>\n<li><strong>Werner Janik<\/strong> -Pogon Katowice<\/li>\n<li><strong>Henryk Janduda<\/strong> -AKS Chorz\u00f3w<\/li>\n<li><strong>Antoni Barwi\u0144ski<\/strong> -ZKS Ogniwo Tarnovia<\/li>\n<li><strong>Tadeusz Wa\u015bko<\/strong> -Legia Warszawa<\/li>\n<li><strong>Tadeusz Parpan<\/strong> kapitan -KS Cracovia<\/li>\n<li><strong>Mieczys\u0142aw Szczurek<\/strong> -Legia Warszawa<\/li>\n<li><strong>Eugeniusz Kubicki<\/strong> -Ruch Chorz\u00f3w<\/li>\n<li><strong>Gerard Cie\u015blik<\/strong> -Ruch Chorz\u00f3w<\/li>\n<li><strong>J\u00f3zef Kohut<\/strong> -Wis\u0142a Krak\u00f3w<\/li>\n<li><strong>Mieczys\u0142aw Gracz<\/strong> -Wis\u0142a Krak\u00f3w<\/li>\n<li><strong>Henryk Bobula<\/strong> -KS Cracovia<\/li>\n<\/ul>\n<\/td>\n<td style=\"width: 50%;\">\n<ul>\n<li><strong>Gyula Grosics<\/strong> -MATEOSz MSE Budapest<\/li>\n<li><strong>Ferenc Rudas<\/strong> -Ferencv\u00e1rosi TC<\/li>\n<li><strong>J\u00e1nos B\u00f6rzsei<\/strong> -MTK Budapest<\/li>\n<li><strong>S\u00e1ndor Balogh<\/strong> -\u00dajpesti TE<\/li>\n<li><strong>J\u00f3zsef Bozsik<\/strong> -Kispesti AC<\/li>\n<li><strong>J\u00f3zsef Zakari\u00e1s<\/strong> -MATEOSz MSE<\/li>\n<li><strong>Ferenc Szusza<\/strong> kapitan -\u00dajpesti TE<\/li>\n<li><strong>Ferenc De\u00e1k<\/strong> -Ferencv\u00e1rosi TC<\/li>\n<li><strong>B\u00e9la Egresi<\/strong> -\u00dajpesti TE<\/li>\n<li><strong>N\u00e1ndor Hidegkuti<\/strong> -MTK Budapest<\/li>\n<li><strong>M\u00e1ty\u00e1s T\u00f3th<\/strong> -Vasas SC<\/li>\n<\/ul>\n<\/td>\n<\/tr>\n<\/tbody>\n<\/table>\n<div id=\"attachment_10078\" style=\"width: 610px\" class=\"wp-caption alignleft\"><img loading=\"lazy\" decoding=\"async\" aria-describedby=\"caption-attachment-10078\" class=\"wp-image-10078 size-medium\" src=\"https:\/\/kronika-futbolu.pl\/historia\/wp-content\/uploads\/2021\/01\/8A_Polska_Wegry_1948_Przeglad_Sportowy-600x307.png\" alt=\"Polska - W\u0119gry 1948\" width=\"600\" height=\"307\" srcset=\"https:\/\/kronika-futbolu.pl\/historia\/wp-content\/uploads\/2021\/01\/8A_Polska_Wegry_1948_Przeglad_Sportowy-600x307.png 600w, https:\/\/kronika-futbolu.pl\/historia\/wp-content\/uploads\/2021\/01\/8A_Polska_Wegry_1948_Przeglad_Sportowy-768x392.png 768w, https:\/\/kronika-futbolu.pl\/historia\/wp-content\/uploads\/2021\/01\/8A_Polska_Wegry_1948_Przeglad_Sportowy.png 861w\" sizes=\"auto, (max-width: 600px) 100vw, 600px\" \/><p id=\"caption-attachment-10078\" class=\"wp-caption-text\">Polska &#8211; W\u0119gry 1948. Przegl\u0105d Sportowy.<\/p><\/div>\n<p style=\"text-align: justify;\">Tak jak pisa\u0142 Przegl\u0105d Sportowy (patrz obok) Polacy na trzech frontach mierzyli si\u0119 z W\u0119grami w dniach 18-19 wrze\u015bnia 1948. W sobot\u0119 18 wrze\u015bnia w \u0141odzi po raz pierwszy w historii zagra\u0142a mecz polska m\u0142odzie\u017c\u00f3wka. Zawodnicy do lat 18 pokonali swoich r\u00f3wie\u015bnik\u00f3w 1:0. W niedziel\u0119 19 wrze\u015bnia w Budapeszcie w r\u00f3wnie\u017c oficjalnym meczu zagra\u0142a Reprezentacja Polski B, i zosta\u0142a rozgromiona a\u017c 8:0. W Warszawie gdzie zagra\u0142a I dru\u017cyna narodowa nie by\u0142o lepiej, 2:6 to powr\u00f3t do dawnych lat kiedy odstawali\u015bmy regularnie baty od W\u0119gr\u00f3w.\u00a0<\/p>\n<p style=\"text-align: justify;\">Mecz przebiega\u0142 pod dyktando Go\u015bci, nasi zawodnicy dostali od nich niez\u0142\u0105 lekcj\u0119 futbolu. Warto zanotowa\u0107, \u017ce W\u0119grzy w\u00f3wczas byli nadal aktualnymi Wicemistrzami\u00a0 \u015awiata z 1938 roku.\u00a0<\/p>\n<p style=\"text-align: justify;\">By\u0142o to spotkanie w ramach Mistrzostw Ba\u0142kan i Europy Wschodniej. Po raz pierwszy udzia\u0142 wzi\u0119\u0142a Polska, i jednocze\u015bnie ostatni raz. Edycja z 1948 roku nie zosta\u0142a doko\u0144czona.\u00a0<\/p>\n<p style=\"text-align: justify;\">W zespole polskim zadebiutowa\u0142 jedynie Eugeniusz Kubicki, dla kt\u00f3rego by\u0142 to ostatni mecz w kadrze, tak jak dla Wernera Janika (\u0142\u0105cznie 7 mecz\u00f3w) i Henryka Bobula (\u0142\u0105cznie 5 mecz\u00f3w). W Reprezentacji W\u0119gier jedynym debiutantem by\u0142 J\u00e1nos B\u00f6rzsei.<\/p>\n<h2 id=\"mecz-14-06-1982\"><span class=\"ez-toc-section\" id=\"7_Mecz_Polska-_Wegry_4_2_27_sierpnia_1939_r\"><\/span><a id=\"mecz-1939-08-27\"><\/a>7. Mecz Polska- W\u0119gry 4:2 (27 sierpnia 1939 r.)<span class=\"ez-toc-section-end\"><\/span><\/h2>\n<ul>\n<li><strong>Data meczu:<\/strong> 27.08.1939<\/li>\n<li><strong>Ranga meczu:<\/strong> Towarzyski<\/li>\n<li><strong>S\u0119dzia:<\/strong> Esko Pekonen- Finlandia<\/li>\n<li><strong>Stadion:<\/strong> Stadion Wojska Polskiego imienia Marsza\u0142ka J\u00f3zefa Pi\u0142sudskiego, Warszawa<\/li>\n<li><strong>Trener:<\/strong> J\u00f3zef Ka\u0142u\u017ca<\/li>\n<\/ul>\n<p><strong>\u26bd Strzelone bramki:<\/strong><\/p>\n<ul>\n<li>Gyula Zsengell\u00e9r [hu] 14&#8242;<\/li>\n<li>S\u00e1ndor \u00c1d\u00e1m [hu] 28&#8242;<\/li>\n<li>Ernest Wilimowski [pl] 33&#8242;<\/li>\n<li>Ernest Wilimowski [pl] 62&#8242;<\/li>\n<li>Leonard Pi\u0105tek (pen.) [pl] 74&#8242;<\/li>\n<li>Ernest Wilimowski [pl] 75&#8221;<\/li>\n<\/ul>\n<p><strong>? Sk\u0142ady:<\/strong><\/p>\n<table style=\"border-collapse: collapse; width: 100%; height: 379px;\">\n<thead>\n<tr style=\"height: 24px;\">\n<th style=\"width: 50%; height: 24px;\">[pl] Polska:<\/th>\n<th style=\"width: 50%; height: 24px;\">[hu] W\u0119gry:<\/th>\n<\/tr>\n<\/thead>\n<tbody>\n<tr style=\"height: 355px;\">\n<td style=\"width: 50%; height: 355px;\">\n<ul>\n<li><strong>Adolf Krzyk<\/strong> -Brygada Cz\u0119stochowa<\/li>\n<li><strong>W\u0142adys\u0142aw Szczepaniak<\/strong> kapitan -Polonia Warszawa<\/li>\n<li><strong>Edmund Giemsa<\/strong> -Ruch Chorz\u00f3w<\/li>\n<li><strong>Wilhelm G\u00f3ra<\/strong> -KS Cracovia<\/li>\n<li><strong>Edward Jab\u0142o\u0144ski<\/strong> -KS Cracovia<\/li>\n<li><strong>Ewald Dytko<\/strong> -GKS D\u0105b Katowice<\/li>\n<li><strong>Henryk Ja\u017anicki<\/strong> do 31&#8242; -Polonia Warszawa<\/li>\n<li>od 31&#8242; <strong>Stanis\u0142aw Baran<\/strong> -Warszawianka Warszawa<\/li>\n<li><strong>Leonard Pi\u0105tek<\/strong> -AKS Chorz\u00f3w<\/li>\n<li><strong>Edward Cebula<\/strong> -\u015al\u0105sk \u015awi\u0119toch\u0142owice<\/li>\n<li><strong>Ernest Wilimowski<\/strong> -Ruch Chorz\u00f3w<\/li>\n<li><strong>Pawe\u0142 Cyganek<\/strong> -Fablok Chrzan\u00f3w<\/li>\n<\/ul>\n<\/td>\n<td style=\"width: 50%; height: 355px;\">\n<ul>\n<li><strong>Ferenc Sziklai<\/strong> -\u00dajpest FC<\/li>\n<li><strong>K\u00e1roly Kis<\/strong> -Hungaria MTK FC<\/li>\n<li><strong>S\u00e1ndor B\u00edr\u00f3<\/strong> -Hungaria MTK FC<\/li>\n<li><strong>Antal Szalay<\/strong> -\u00dajpest FC<\/li>\n<li><strong>J\u00f3zsef Turay<\/strong> kapitan -Hungaria MTK FC<\/li>\n<li><strong>J\u00e1nos Dud\u00e1s<\/strong> -Hungaria MTK FC<\/li>\n<li><strong>S\u00e1ndor \u00c1d\u00e1m<\/strong> -\u00dajpest FC<\/li>\n<li><strong>Gy\u00f6rgy S\u00e1rosi<\/strong> -Ferencv\u00e1ros FC<\/li>\n<li><strong>Gyula Zsengell\u00e9r<\/strong> -\u00dajpest FC<\/li>\n<li><strong>G\u00e9za Toldi<\/strong> -Ferencv\u00e1ros FC<\/li>\n<li><strong>L\u00e1szl\u00f3 Gyetvai<\/strong> -Ferencv\u00e1ros FC<\/li>\n<\/ul>\n<\/td>\n<\/tr>\n<\/tbody>\n<\/table>\n<p><div id=\"attachment_10074\" style=\"width: 600px\" class=\"wp-caption aligncenter\"><img loading=\"lazy\" decoding=\"async\" aria-describedby=\"caption-attachment-10074\" class=\"wp-image-10074 size-medium\" src=\"https:\/\/kronika-futbolu.pl\/historia\/wp-content\/uploads\/2021\/01\/7A_Polska_Wegry_1939_NAC-1-590x400.png\" alt=\"Polska-W\u0119gry 1939\" width=\"590\" height=\"400\" srcset=\"https:\/\/kronika-futbolu.pl\/historia\/wp-content\/uploads\/2021\/01\/7A_Polska_Wegry_1939_NAC-1-590x400.png 590w, https:\/\/kronika-futbolu.pl\/historia\/wp-content\/uploads\/2021\/01\/7A_Polska_Wegry_1939_NAC-1.png 677w\" sizes=\"auto, (max-width: 590px) 100vw, 590px\" \/><p id=\"caption-attachment-10074\" class=\"wp-caption-text\">Polska-W\u0119gry 1939. Dru\u017cyna Polski. Widoczni: W\u0142adys\u0142aw Szczepaniak (1. z lewej), Adolf Krzyk (2. z lewej), Edmund Giemsa (3. z prawej), Wilhelm G\u00f3ra (3. z lewej), Edward Jab\u0142o\u0144ski, Ewald Dytko, Henryk Ja\u017anicki, Leonard Pi\u0105tek (6. z lewej), Ewald Cebula, Ernest Wilimowski (4. z lewej), Pawe\u0142 Cyganek. \u0179r\u00f3d\u0142o: Zbiory NAC. nac.gov.pl<\/p><\/div> <div id=\"attachment_10075\" style=\"width: 582px\" class=\"wp-caption alignleft\"><img loading=\"lazy\" decoding=\"async\" aria-describedby=\"caption-attachment-10075\" class=\"wp-image-10075 size-medium\" src=\"https:\/\/kronika-futbolu.pl\/historia\/wp-content\/uploads\/2021\/01\/7B_Polska_Wegry_1939_NAC-1-572x400.png\" alt=\"Polska-W\u0119gry 1939\" width=\"572\" height=\"400\" srcset=\"https:\/\/kronika-futbolu.pl\/historia\/wp-content\/uploads\/2021\/01\/7B_Polska_Wegry_1939_NAC-1-572x400.png 572w, https:\/\/kronika-futbolu.pl\/historia\/wp-content\/uploads\/2021\/01\/7B_Polska_Wegry_1939_NAC-1.png 666w\" sizes=\"auto, (max-width: 572px) 100vw, 572px\" \/><p id=\"caption-attachment-10075\" class=\"wp-caption-text\">Polska-W\u0119gry 1939. Losowanie stron boiska przed meczem. Widoczni m.in.: kapitanowie dru\u017cyn W\u0142adys\u0142aw Szczepaniak (z prawej w jasnym stroju), J\u00f3zsef Turay (z lewej pochylony) i s\u0119dzia g\u0142\u00f3wny Fin Esko Pekkonen (3. z lewej).\u0179r\u00f3d\u0142o: Zbiory NAC. nac.gov.pl<\/p><\/div><\/p>\n<p style=\"text-align: justify;\"><em>&#8222;A lato by\u0142o pi\u0119kne tego roku&#8221;-<\/em> te s\u0142owa ju\u017c we wrze\u015bniu b\u0119d\u0105 powtarzane przez polskich \u017co\u0142nierzy i Polak\u00f3w. Lato 1939 w pi\u0142karstwie polskim zako\u0144czy\u0142o si\u0119 jednym z najbardziej a mo\u017ce najbardziej romantycznym meczem. 27 sierpnia w niedziel\u0119 4 dni przed atakiem Niemc\u00f3w na Polsk\u0119 i pocz\u0105tkiem II wojny \u015bwiatowej na Stadionie Legii w Warszawie Reprezentacja Polski zagra\u0142a z W\u0119grami. Ten sam rywal co w I historycznym meczu w 1921 roku. Po raz 7 w ci\u0105gu tych 18 lat Polscy pi\u0142karze zmierz\u0105 si\u0119 z W\u0119grami, jakby na zako\u0144czenie pewnego okresu w polskiej pi\u0142ce. Wszystkie wcze\u015bniejsze Polacy przegrali, tylko raz strzelaj\u0105c bramk\u0119.\u00a0<\/p>\n<p style=\"text-align: justify;\">Tym razem w niedzielne popo\u0142udnie by\u0142o inaczej, jakby cudowne przebudzenie przed tragedi\u0105. Na trybunach pojawili si\u0119 ju\u017c zmobilizowani \u017co\u0142nierze, w powietrzu unosi\u0142o si\u0119 powietrze nasi\u0105kni\u0119te zbli\u017caj\u0105c\u0105 si\u0119 wojn\u0105, ale kibice oczekiwali tego spotkania z pe\u0142nym optymizmem i wielk\u0105 rado\u015bci\u0105, a wygrana Polski 4:2 wla\u0142a w polskie serca ogromn\u0105 ilo\u015b\u0107 energii i nadziei.\u00a0<\/p>\n<p style=\"text-align: justify;\">Zacz\u0119\u0142o si\u0119 jak zawsze w meczach z Madziarami. W 14 minucie po \u015bwietnej akcji z kilku metr\u00f3w do bramki trafia Zsengell\u00e9r . Kwadrans p\u00f3\u017aniej po rajdzie praw\u0105 stron\u0105 drugiego gola strzela \u00c1d\u00e1m . W 33 minucie Polacy \u0142api\u0105 kontakt po strzale zza pola karnego Wilimowskiego, kt\u00f3ry tego dnia b\u0119dzie na ustach wszystkich.\u00a0 W II po\u0142owie Gospodarze przeprowadzaj\u0105 atak na bramk\u0119 rywali, daj\u0105c popis swym umiej\u0119tno\u015bciom. W 62 minucie Wilimowski\u00a0 wyr\u00f3wnuje . Kilka minut p\u00f3\u017aniej nieuchwytnego w tym meczu s\u0142ynnego Eziego fauluje\u00a0 Sziklai, karny dla Polak\u00f3w. Jedenastk\u0119 wykorzysta\u0142 Pi\u0105tek.\u00a0 Zapanowa\u0142o szale\u0144stwo na trybunach gdzie spotkanie ogl\u0105da\u0142o ponad 20 tysi\u0119cy widz\u00f3w. Jeszcze nie ucich\u0142y brawa i wrzawa a tu Wilimowski strzela na 4:2 i ustala wynik meczu.<\/p>\n<p style=\"text-align: justify;\">Wspania\u0142a wygrana, kilka dni p\u00f3\u017aniej zaplanowany by\u0142 pojedynek z Bu\u0142gari\u0105 dok\u0142adnie 3 wrze\u015bnia, a 6 wrze\u015bnia Polska mia\u0142a zagra\u0107 z Jugos\u0142awi\u0105 w Belgradzie.Oczywi\u015bcie nie dosz\u0142o do tych spotka\u0144. 1 wrze\u015bnia rozpoczyna si\u0119 \u015bwiatowe piek\u0142o.\u00a0 Wielu polskich pi\u0142karzy zginie, za gr\u0119 w pi\u0142k\u0119 no\u017cn\u0105 na okupowanej ziemi polskiej b\u0119dzie grozi\u0107 kara \u015bmierci, lecz i tak b\u0119d\u0105 rozgrywane mecze min. w Warszawie i Krakowie. Niekt\u00f3rzy pi\u0142karze b\u0119d\u0105 gra\u0107 dla klub\u00f3w z III rzeszy, zw\u0142aszcza Ci zamieszkali na G\u00f3rnym \u015al\u0105sku. Obecny klub Naprz\u00f3d Lipiny w 1942 roku jako TuS Lipine zagra w p\u00f3\u0142finale Pucharu Niemiec. Ernest Wilimowski w trakcie wojny b\u0119dzie gra\u0142 w Reprezentacji Niemiec i stanie si\u0119 jej najskuteczniejszym strzelcem. To tylko kilka przyk\u0142ad\u00f3w zawirowa\u0144 w futbolu polskim w wyniku wojny.<\/p>\n<p style=\"text-align: justify;\">W meczu z W\u0119grami zadebiutowali:\u00a0 Edward Jab\u0142o\u0144ski, Henryk Ja\u017anicki (jednocze\u015bnie ostatni mecz), Stanis\u0142aw Baran, Pawe\u0142 Cyganek (jednocze\u015bnie ostatni mecz). Po raz zagrali r\u00f3wnie\u017c: Adolf Krzyk, Edmund Giemsa, Wilhelm G\u00f3ra, Ewald Dytko, Leonard Pi\u0105tek, Ernest Wilimowski. Po wojnie w barwach &#8222;Bia\u0142o-Czerwonych&#8221; zobaczymy jeszcze:\u00a0 Szczepaniaka, Jab\u0142o\u0144skiego, Barana, Cebul\u0119.<\/p>\n<p style=\"text-align: justify;\">W zespole w\u0119gierskim zadebiutowa\u0142 Ferenc Sziklai (jednocze\u015bnie ostatni mecz).\u00a0 Po raz ostatni zagrali: K\u00e1roly Kis, Antal Szalay, J\u00f3zsef Turay, J\u00e1nos Dud\u00e1s, S\u00e1ndor \u00c1d\u00e1m.<\/p>\n<p>&nbsp;<\/p>\n<div id=\"attachment_10076\" style=\"width: 610px\" class=\"wp-caption aligncenter\"><img loading=\"lazy\" decoding=\"async\" aria-describedby=\"caption-attachment-10076\" class=\"size-medium wp-image-10076\" src=\"https:\/\/kronika-futbolu.pl\/historia\/wp-content\/uploads\/2021\/01\/7C_Polska-Wegry_1939_przeglad_Sportowy-600x109.png\" alt=\"Polska -W\u0119gry 1939\" width=\"600\" height=\"109\" srcset=\"https:\/\/kronika-futbolu.pl\/historia\/wp-content\/uploads\/2021\/01\/7C_Polska-Wegry_1939_przeglad_Sportowy-600x109.png 600w, https:\/\/kronika-futbolu.pl\/historia\/wp-content\/uploads\/2021\/01\/7C_Polska-Wegry_1939_przeglad_Sportowy-768x140.png 768w, https:\/\/kronika-futbolu.pl\/historia\/wp-content\/uploads\/2021\/01\/7C_Polska-Wegry_1939_przeglad_Sportowy.png 1263w\" sizes=\"auto, (max-width: 600px) 100vw, 600px\" \/><p id=\"caption-attachment-10076\" class=\"wp-caption-text\">Przegl\u0105d Sportowy<\/p><\/div>\n<h2 id=\"mecz-19-04-1980\"><span class=\"ez-toc-section\" id=\"6_Mecz_Wegry_%E2%80%93_Polska_4_1_20_sierpnia_1926_r\"><\/span><a id=\"mecz-1926-08-20\"><\/a>6. Mecz W\u0119gry &#8211; Polska 4:1 (20 sierpnia 1926 r.)<span class=\"ez-toc-section-end\"><\/span><\/h2>\n<ul>\n<li><strong>Data meczu:<\/strong> 20.08.1926<\/li>\n<li><strong>Ranga meczu:<\/strong> Towarzyski<\/li>\n<li><strong>S\u0119dzia:<\/strong> Ernest Fabris &#8211; Jugos\u0142awia<\/li>\n<li><strong>Stadion:<\/strong> Hung\u00e1ria k\u00f6r\u00fati Stadion, Budapeszt<\/li>\n<li><strong>Trener:<\/strong> Tadeusz Synowiec<\/li>\n<\/ul>\n<p><strong>\u26bd Strzelony gol:<\/strong><\/p>\n<ul>\n<li>J\u00f3zsef Kautzky [hu] 9&#8242;<\/li>\n<li>L\u00e1szl\u00f3 Horv\u00e1th [hu] 31&#8242;<\/li>\n<li>K\u00e1roly Fogl\u00a0 [hu] 42&#8242;<\/li>\n<li>Wawrzyniec Stali\u0144ski [pl] 48&#8242;<\/li>\n<li>Gyula Senkey [hu] 61&#8242;<\/li>\n<\/ul>\n<p><strong>? Sk\u0142ady:<\/strong><\/p>\n<table style=\"border-collapse: collapse; width: 100%;\">\n<thead>\n<tr>\n<th style=\"width: 50%;\">[hu] W\u0119gry:<\/th>\n<th style=\"width: 50%;\">[pl] Polska:<\/th>\n<\/tr>\n<\/thead>\n<tbody>\n<tr>\n<td style=\"width: 50%;\">\n<ul>\n<li><strong>Imre Remete<\/strong> -Hungaria MTK FC<\/li>\n<li><strong>J\u00f3zsef Fogl<\/strong>\u00a0 -\u00dajpest FC<\/li>\n<li><strong>K\u00e1roly Fogl<\/strong> kapitan -\u00dajpest FC<\/li>\n<li><strong>Guszt\u00e1v Raix<\/strong> -Kispesti FC<\/li>\n<li><strong>J\u00f3zsef S\u00e1ndor<\/strong> -Ferencv\u00e1ros FC<\/li>\n<li><strong>K\u00e1roly Bobrik<\/strong> -Post\u00e1s SE<\/li>\n<li><strong>Gyula Senkey<\/strong> -Hungaria MTK FC<\/li>\n<li><strong>L\u00e1szl\u00f3 Horv\u00e1th<\/strong> -III ker TVAC Budapest<\/li>\n<li><strong>J\u00f3zsef Kautzky<\/strong> -T\u00f6rekv\u00e9s SE<\/li>\n<li><strong>K\u00e1roly Dobos<\/strong> -Post\u00e1s SE<\/li>\n<li><strong>Rezs\u0151 Szidon<\/strong> -\u00dajpest FC<\/li>\n<\/ul>\n<\/td>\n<td style=\"width: 50%;\">\n<ul>\n<li><strong>Mieczys\u0142aw Szumiec<\/strong> do 46&#8242; -KS Cracovia<\/li>\n<li>od 46&#8242; <strong>Stefan Kisieli\u0144ski<\/strong> -PKS Katowice<\/li>\n<li><strong>W\u0142adys\u0142aw Karasiak<\/strong> -WKS \u0141\u00f3d\u017a<\/li>\n<li><strong>Aleksander Pychowski<\/strong> -Wis\u0142a Krak\u00f3w<\/li>\n<li><strong>Zygmunt Chru\u015bci\u0144ski<\/strong> -KS Cracovia<\/li>\n<li><strong>Wac\u0142aw Kuchar<\/strong> -LKS Pogo\u0144 Lw\u00f3w<\/li>\n<li><strong>Tadeusz Zastawniak<\/strong> do 65&#8242; -KS Cracovia<\/li>\n<li>od 65&#8242;<strong> August Milde<\/strong> -\u0141\u00f3dzkie TS-G \u0141\u00f3d\u017a<\/li>\n<li><strong>J\u00f3zef Kubi\u0144ski<\/strong> -KS Cracovia<\/li>\n<li><strong>Mieczys\u0142aw Batsch<\/strong> -LKS Pogo\u0144 Lw\u00f3w<\/li>\n<li><strong>J\u00f3zef Ka\u0142u\u017ca<\/strong> kapitan-KS Cracovia<\/li>\n<li><strong>Wawrzyniec Stali\u0144ski<\/strong> -Warta Pozna\u0144<\/li>\n<li><strong>Leon Sperling<\/strong> do 5&#8242; -KS Cracovia<\/li>\n<li>od 5&#8242; <strong>Marian Spojda<\/strong> -Warta Pozna\u0144<\/li>\n<\/ul>\n<\/td>\n<\/tr>\n<\/tbody>\n<\/table>\n<p><div id=\"attachment_10067\" style=\"width: 610px\" class=\"wp-caption aligncenter\"><img loading=\"lazy\" decoding=\"async\" aria-describedby=\"caption-attachment-10067\" class=\"wp-image-10067 size-medium\" src=\"https:\/\/kronika-futbolu.pl\/historia\/wp-content\/uploads\/2021\/01\/6A_Wegry_Polska_1926_Przeglad_Sportowy-600x285.png\" alt=\"W\u0119gry - Polska 1926\" width=\"600\" height=\"285\" srcset=\"https:\/\/kronika-futbolu.pl\/historia\/wp-content\/uploads\/2021\/01\/6A_Wegry_Polska_1926_Przeglad_Sportowy-600x285.png 600w, https:\/\/kronika-futbolu.pl\/historia\/wp-content\/uploads\/2021\/01\/6A_Wegry_Polska_1926_Przeglad_Sportowy-768x365.png 768w, https:\/\/kronika-futbolu.pl\/historia\/wp-content\/uploads\/2021\/01\/6A_Wegry_Polska_1926_Przeglad_Sportowy.png 1128w\" sizes=\"auto, (max-width: 600px) 100vw, 600px\" \/><p id=\"caption-attachment-10067\" class=\"wp-caption-text\">W\u0119gry &#8211; Polska 1926. Przegl\u0105d Sportowy<\/p><\/div> <div id=\"attachment_10068\" style=\"width: 278px\" class=\"wp-caption alignleft\"><img loading=\"lazy\" decoding=\"async\" aria-describedby=\"caption-attachment-10068\" class=\"wp-image-10068 size-medium\" src=\"https:\/\/kronika-futbolu.pl\/historia\/wp-content\/uploads\/2021\/01\/6B_Wegry_Polska_1926_Przeglad_Sportowy-268x400.png\" alt=\"W\u0119gry - Polska 1926. \" width=\"268\" height=\"400\" srcset=\"https:\/\/kronika-futbolu.pl\/historia\/wp-content\/uploads\/2021\/01\/6B_Wegry_Polska_1926_Przeglad_Sportowy-268x400.png 268w, https:\/\/kronika-futbolu.pl\/historia\/wp-content\/uploads\/2021\/01\/6B_Wegry_Polska_1926_Przeglad_Sportowy.png 623w\" sizes=\"auto, (max-width: 268px) 100vw, 268px\" \/><p id=\"caption-attachment-10068\" class=\"wp-caption-text\">W\u0119gry &#8211; Polska 1926. Przegl\u0105d Sportowy<\/p><\/div><\/p>\n<p style=\"text-align: justify;\">Sz\u00f3sty mecz w historii pomi\u0119dzy Polsk\u0105 a W\u0119grami i prawie nic si\u0119 nie zmieni\u0142o. Prawie poniewa\u017c tak jak w poprzednich pojedynkach Polacy przegrali ale tym razem strzelili jedn\u0105 bramk\u0119 co wcze\u015bniej nigdy si\u0119 nie uda\u0142o. Polscy pi\u0142karze podbudowani okaza\u0142ym zwyci\u0119stwem 12 dni wcze\u015bniej z Finlandi\u0105 7:1 w Budapeszcie chcieli powalczy\u0107 jak r\u00f3wny z r\u00f3wnym.<\/p>\n<p style=\"text-align: justify;\">By\u0142a walka i zaanga\u017cowanie lecz to nie wystarczy\u0142o, zw\u0142aszcza \u017ce po kolejnym straconym golu ubywa\u0142o mocy. Ju\u017c w 9 minucie dobra akcja Gospodarzy, zamieszanie pod bramk\u0105 i 1:0, gola zdoby\u0142 Kautzky. W 31 minucie Horv\u00e1th uderzy\u0142 mocno i celnie w prawy r\u00f3g i podwy\u017cszy\u0142 wynik. Chwil\u0119 p\u00f3\u017aniej ten sam zawodnik m\u00f3g\u0142 zdoby\u0107 kolejn\u0105 bramk\u0119 ale nie trafi\u0142 do pustej bramki.\u00a0 W 42 minucie K\u00e1roly Fogl strzela 3 gola bezpo\u015brednio z rzutu wolnego. II po\u0142owa rozpocz\u0119\u0142a si\u0119 bardzo dobrze dla Polski. W 48 minucie Ka\u0142u\u017ca \u015bwietnie wy\u0142o\u017cy\u0142 pi\u0142k\u0119 Stali\u0144skiemu a ten pokona\u0142 bramkarz W\u0119gier. Nareszcie pierwsza bramka strzelona W\u0119grom. Doda\u0142o to energii naszym zawodnikom kt\u00f3rzy mieli chwil\u0119 dobrej gry, forsuj\u0105c na bramk\u0119 w\u0119giersk\u0105. Nieco ponad 15 minut p\u00f3\u017aniej po strzale Senkeya pi\u0142ka odbija si\u0119 od poprzeczki i l\u0105duje w siatce. 4:1 i takim rezultatem mecz si\u0119 zako\u0144czy\u0142.\u00a0<\/p>\n<p style=\"text-align: justify;\">W Reprezentacji W\u0119gier zadebiutowali: K\u00e1roly Bobrik, L\u00e1szl\u00f3 Horv\u00e1th, K\u00e1roly Dobos- wszyscy ju\u017c wi\u0119cej nie zagrali w swojej reprezentacji.\u00a0 Ostatnie sowje wyst\u0119py reprezentacyjne zaliczyli te\u017c:\u00a0 Imre Remete (\u0142\u0105cznie 2 mecze), Guszt\u00e1v Raix (\u0142\u0105cznie 2 mecze), Gyula Senkey (\u0142\u0105cznie 3 mecze),\u00a0 Rezs\u0151 Szidon (\u0142\u0105cznie 3 mecze).<\/p>\n<p style=\"text-align: justify;\">Nie zabrak\u0142o debiutant\u00f3w tak\u017ce w zespole polskim, a byli nimi: Mieczys\u0142aw Szumiec- jednocze\u015bnie ostatni wyst\u0119p i Stefan Kisieli\u0144ski (\u0142\u0105cznie 6 mecz\u00f3w). Aleksander Pychowski zagra\u0142 sw\u00f3j 3 mecz i ostatni w druzynie narodowej, identycznie jak August Milde.<\/p>\n<h2 id=\"mecz-26-10-1975\"><span class=\"ez-toc-section\" id=\"5_Mecz_Polska-_Wegry_0_2_19_lipca_1925_r\"><\/span><a id=\"mecz-1925-07-19\"><\/a>5. Mecz Polska- W\u0119gry 0:2 (19 lipca 1925 r.)<span class=\"ez-toc-section-end\"><\/span><\/h2>\n<ul>\n<li><strong>Data meczu:<\/strong> 19.07.1925<\/li>\n<li><strong>Ranga meczu:<\/strong> Towarzyski<\/li>\n<li><strong>S\u0119dzia:<\/strong> Eugen Braun- Austria<\/li>\n<li><strong>Stadion:<\/strong> Stadion Wis\u0142y, Krak\u00f3w<\/li>\n<li><strong>Trener:<\/strong> Tadeusz Kuchar<\/li>\n<\/ul>\n<p><strong>\u26bd Strzelone bramki:<\/strong><\/p>\n<ul>\n<li>J\u00f3zsef Winkler\u00a0 [hu] 59&#8242;,<\/li>\n<li>J\u00f3zsef Holzbauer\u00a0\u00a0 [hu] 78&#8242;,<\/li>\n<\/ul>\n<p><strong>? Sk\u0142ady:<\/strong><\/p>\n<table style=\"border-collapse: collapse; width: 100%; height: 336px;\">\n<thead>\n<tr style=\"height: 21px;\">\n<th style=\"width: 50%; height: 21px;\">[pl] Polska:<\/th>\n<th style=\"width: 50%; height: 21px;\">[hu] W\u0119gry:<\/th>\n<\/tr>\n<\/thead>\n<tbody>\n<tr style=\"height: 315px;\">\n<td style=\"width: 50%; height: 315px;\">\n<ul>\n<li><strong>Emil G\u00f6rlitz<\/strong> -LKS Pogo\u0144 Lw\u00f3w<\/li>\n<li><strong>W\u0142adys\u0142aw Olearczyk<\/strong> -LKS Pogo\u0144 Lw\u00f3w<\/li>\n<li><strong>Kazimierz Kaczor<\/strong> -Wis\u0142a Krak\u00f3w<\/li>\n<li><strong>Bronis\u0142aw Fichtel<\/strong> -LKS Pogo\u0144 Lw\u00f3w<\/li>\n<li><strong>Witold Gieras<\/strong> -Wis\u0142a Krak\u00f3w<\/li>\n<li><strong>Karol Hanke<\/strong> -LKS Pogo\u0144 Lw\u00f3w<\/li>\n<li><strong>J\u00f3zef S\u0142onecki<\/strong> -LKS Pogo\u0144 Lw\u00f3w<\/li>\n<li><strong>Mieczys\u0142aw Batsch<\/strong> -LKS Pogo\u0144 Lw\u00f3w<\/li>\n<li><strong>Wac\u0142aw Kuchar<\/strong> kapitan -LKS Pogo\u0144 Lw\u00f3w<\/li>\n<li><strong>J\u00f3zef Garbie\u0144<\/strong> -LKS Pogo\u0144 Lw\u00f3w<\/li>\n<li><strong>Ludwik Szabakiewicz<\/strong> -LKS Pogo\u0144 Lw\u00f3w<\/li>\n<\/ul>\n<\/td>\n<td style=\"width: 50%; height: 315px;\">\n<ul>\n<li><strong>Ferenc Weinhardt<\/strong> -Szombathelyi AK<\/li>\n<li><strong>J\u00f3zsef Fogl<\/strong> -\u00dajpesti TE<\/li>\n<li><strong>K\u00e1roly Fogl<\/strong> kapitan -\u00dajpesti TE<\/li>\n<li><strong>L\u00e1szl\u00f3 Pesovnik<\/strong> -BEAC Budapest<\/li>\n<li><strong>Gy\u00f6rgy Orth<\/strong> -MTK Budapest<\/li>\n<li><strong>G\u00e1bor Kl\u00e9ber<\/strong> -MTK Budapest<\/li>\n<li><strong>J\u00e1nos R\u00e9may<\/strong> -Nemzeti SC<\/li>\n<li><strong>J\u00f3zsef Tak\u00e1cs<\/strong> -Vasas SC<\/li>\n<li><strong>J\u00f3zsef Holzbauer<\/strong> -Szombathelyi AK<\/li>\n<li><strong>J\u00f3zsef Winkler<\/strong> -FC Young Fellows Z\u00fcrich<\/li>\n<li><strong>Rudolf Jeny<\/strong> -MTK Budapest<\/li>\n<\/ul>\n<\/td>\n<\/tr>\n<\/tbody>\n<\/table>\n<p><div id=\"attachment_10065\" style=\"width: 533px\" class=\"wp-caption aligncenter\"><img loading=\"lazy\" decoding=\"async\" aria-describedby=\"caption-attachment-10065\" class=\"wp-image-10065 size-medium\" src=\"https:\/\/kronika-futbolu.pl\/historia\/wp-content\/uploads\/2021\/01\/5B_Polska_Wegry_1925_nowosci_ilustrowane_historiawisly-523x400.png\" alt=\"Polska - W\u0119gry 1925 Krak\u00f3w\" width=\"523\" height=\"400\" srcset=\"https:\/\/kronika-futbolu.pl\/historia\/wp-content\/uploads\/2021\/01\/5B_Polska_Wegry_1925_nowosci_ilustrowane_historiawisly-523x400.png 523w, https:\/\/kronika-futbolu.pl\/historia\/wp-content\/uploads\/2021\/01\/5B_Polska_Wegry_1925_nowosci_ilustrowane_historiawisly.png 540w\" sizes=\"auto, (max-width: 523px) 100vw, 523px\" \/><p id=\"caption-attachment-10065\" class=\"wp-caption-text\">Polska &#8211; W\u0119gry 1925 Krak\u00f3w. Nowosci Ilustrowane z dn. 25.07.1925. \u0179r\u00f3d\u0142o: historiawisly.pl<\/p><\/div> <div id=\"attachment_10064\" style=\"width: 610px\" class=\"wp-caption alignleft\"><img loading=\"lazy\" decoding=\"async\" aria-describedby=\"caption-attachment-10064\" class=\"wp-image-10064 size-medium\" src=\"https:\/\/kronika-futbolu.pl\/historia\/wp-content\/uploads\/2021\/01\/5A_Polska_Wegry_1925_tygodnik_sportowy_historiawisly-600x391.png\" alt=\"Polska - W\u0119gry 1925\" width=\"600\" height=\"391\" srcset=\"https:\/\/kronika-futbolu.pl\/historia\/wp-content\/uploads\/2021\/01\/5A_Polska_Wegry_1925_tygodnik_sportowy_historiawisly-600x391.png 600w, https:\/\/kronika-futbolu.pl\/historia\/wp-content\/uploads\/2021\/01\/5A_Polska_Wegry_1925_tygodnik_sportowy_historiawisly.png 685w\" sizes=\"auto, (max-width: 600px) 100vw, 600px\" \/><p id=\"caption-attachment-10064\" class=\"wp-caption-text\">Polska &#8211; W\u0119gry 1925. Tygodnik Sportowy. \u0179r\u00f3d\u0142o: historiawisly.pl Na zdj\u0119ciu: Kaczor, Fichtel, Takacs, Remayem (w oddali) oraz po bokach Olearczyk i Hanke<\/p><\/div><\/p>\n<p style=\"text-align: justify;\">Pierwszym oficjalnym meczem Reprezentacji Polski w 1925 roku by\u0142o spotkanie z W\u0119grami 19 lipca w Krakowie. Spotkanie mia\u0142o odby\u0107 si\u0119 12 lipca na stadionie Cracovii ale z powodu obfitych opad\u00f3w deszczu kt\u00f3re doprowadzi\u0142y a\u017c do powodzi, przesuni\u0119to o tydzie\u0144 termin meczu oraz zmieniono stadion na Wis\u0142y.<\/p>\n<p style=\"text-align: justify;\">Tadeusz Kuchar wystawi\u0142 w sk\u0142adzie a\u017c 9 zawodnik\u00f3w Pogoni Lw\u00f3w\u00a0 i tylko 2 z krakowskiej Wis\u0142y, \u017cadnego z Cracovii . Jest to do dzisiaj nie powt\u00f3rzony wyczyn aby z jednego klubu by\u0142o a\u017c tylu przedstawicieli. Decyzja o wystawieniu g\u0142\u00f3wnie pi\u0142karzy ze Lwowa i pomija\u0107 zawodnik\u00f3w z Cracovii mocno przyczyni\u0142a si\u0119 do zwolnienia Kuchara z stanowiska Kapitana Zwi\u0105zkowego (powr\u00f3ci na to stanowisko przysz\u0142o\u015bci ). W\u0119grzy mieli za sob\u0105 nie najlepsz\u0105 seri\u0119 bowiem przegrali trzy ostatnie mecze.\u00a0 Ich seria zako\u0144czy\u0142a si\u0119 w\u0142a\u015bnie w Krakowie. W 5 meczu pomi\u0119dzy Polsk\u0105 a W\u0119grami Polacy przegrywaj\u0105 nie strzelaj\u0105c nawet bramki.\u00a0\u00a0<\/p>\n<p style=\"text-align: justify;\">Pierwsza po\u0142owa by\u0142a wyr\u00f3wnana,\u00a0 w 17 minucie W\u0119grzy nie wykorzystali rzutu karnego podyktowanego za zagranie r\u0119k\u0105 Kaczora. Strza\u0142 Jeny&#8217;ego obroni\u0142 G\u00f6rlitz. W\u00a0 drugiej cz\u0119\u015bci Go\u015bcie przy\u015bpieszyli i w 59 minucie wykorzystali rzut wolny z prawie linii pola karnego . W 79 minucie Holzbauer\u00a0 ustala wynik spotkania. By\u0142 to kiepski wyst\u0119p Polak\u00f3w ale r\u00f3wnie\u017c W\u0119gr\u00f3w kt\u00f3rzy nie zachwycili postaw\u0105.\u00a0<\/p>\n<p style=\"text-align: justify;\">Zadebiutowa\u0142 Bronis\u0142aw Fichtel i Ludwik Szabakiewicz. Ostatni raz zagrali dla Reprezentacji Polski: W\u0142adys\u0142aw Olearczyk (\u0142\u0105cznie 4 mecze), Kazimierz Kaczor (\u0142\u0105cznie 3 mecze), Witold Gieras (\u0142\u0105cznie 3 mecze).<\/p>\n<p style=\"text-align: justify;\">W zespole w\u0119gierskim debiut zaliczyli: Ferenc Weinhardt, J\u00f3zsef Holzbauer. J\u00f3zsef Winkler zagra\u0142 4 i osttani raz dla W\u0119gier.<\/p>\n<h2 id=\"mecz-19-04-1975\"><span class=\"ez-toc-section\" id=\"4_Mecz_Wegry-_Polska_4_0_31_sierpnia_1924_r\"><\/span><a id=\"mecz-1924-08-31\"><\/a>4. Mecz W\u0119gry- Polska 4:0 (31\u00a0 sierpnia 1924 r.)<span class=\"ez-toc-section-end\"><\/span><\/h2>\n<ul>\n<li><strong>Data meczu:<\/strong> 31.08.1924<\/li>\n<li><strong>Ranga meczu:<\/strong> Towarzyski<\/li>\n<li><strong>S\u0119dzia:<\/strong> Heinrich Plhak &#8211; Austria<\/li>\n<li><strong>Stadion:<\/strong> \u00dcll\u0151i \u00fat, Budapeszt<\/li>\n<li><strong>Trener:<\/strong> Adam Obruba\u0144ski<\/li>\n<\/ul>\n<p><strong>\u26bd Strzelone bramki:<\/strong><\/p>\n<ul>\n<li>W\u0142adys\u0142aw Karasiak [pl] 31&#8242;- samob\u00f3jczy<\/li>\n<li>J\u00f3zsef Tak\u00e1cs [hu] 38&#8242;<\/li>\n<li>J\u00f3zsef Tak\u00e1cs [hu] 40&#8242;<\/li>\n<li>Gy\u00f6rgy Orth [hu] 59&#8242;<\/li>\n<\/ul>\n<p><strong>? Sk\u0142ady:<\/strong><\/p>\n<table style=\"border-collapse: collapse; width: 100%; height: 311px;\">\n<thead>\n<tr style=\"height: 21px;\">\n<th style=\"width: 50%; height: 21px;\">[hu] W\u0119gry:<\/th>\n<th style=\"width: 50%; height: 21px;\">[pl] Polska:<\/th>\n<\/tr>\n<\/thead>\n<tbody>\n<tr style=\"height: 386px;\">\n<td style=\"width: 50%; height: 290px;\">\n<ul>\n<li><strong>Lajos Fischer<\/strong> -VAC Budapest<\/li>\n<li><strong>Gyula M\u00e1ndi<\/strong> -MTK Budapest<\/li>\n<li><strong>Imre Senkey<\/strong> -MTK Budapest<\/li>\n<li><strong>Ferenc Bors\u00e1nyi<\/strong> -Budapesti TC<\/li>\n<li><strong>Henrik N\u00e1dler<\/strong> -MTK Budapest<\/li>\n<li><strong>B\u00e9la Bartos<\/strong> -T\u00f6rekv\u00e9s SE<\/li>\n<li><strong>J\u00f3zsef Braun<\/strong> kapitan -MTK Budapest<\/li>\n<li><strong>J\u00f3zsef Tak\u00e1cs<\/strong> -Vasas SC<\/li>\n<li><strong>Gy\u00f6rgy Orth<\/strong> -MTK Budapest<\/li>\n<li><strong>K\u00e1lm\u00e1n Csontos<\/strong> -\u00dajpesti TE<\/li>\n<li><strong>Rudolf Jeny<\/strong> -MTK Budapest<\/li>\n<\/ul>\n<\/td>\n<td style=\"width: 50%; height: 290px;\">\n<ul>\n<li><strong>Emil G\u00f6rlitz<\/strong> do 61&#8242; -1. FC Kattowitz<\/li>\n<li>od 61&#8242; <strong>Marian Kili\u0144ski<\/strong> -Wis\u0142a Krak\u00f3w<\/li>\n<li><strong>W\u0142adys\u0142aw Karasiak<\/strong> -\u0141KS \u0141\u00f3d\u017a<\/li>\n<li><strong>Marian Markiewicz<\/strong> -Wis\u0142a Krak\u00f3w<\/li>\n<li><strong>Marian Spojda<\/strong> do 67&#8242; -Warta Pozna\u0144<\/li>\n<li>od 67&#8242; <strong>W\u0142adys\u0142aw Olearczyk<\/strong> -Pogo\u0144 Lw\u00f3w<\/li>\n<li><strong>Karol Hanke<\/strong> -LKS Pogo\u0144 Lw\u00f3w<\/li>\n<li><strong>J\u00f3zef Adamek<\/strong> -Wis\u0142a Krak\u00f3w<\/li>\n<li><strong>Wawrzyniec Stali\u0144ski<\/strong> -Warta Pozna\u0144<\/li>\n<li><strong>Henryk Reyman<\/strong> -Wis\u0142a Krak\u00f3w<\/li>\n<li><strong>J\u00f3zef Garbie\u0144<\/strong> -LKS Pogo\u0144 Lw\u00f3w<\/li>\n<li><strong>Antoni \u015aled\u017a<\/strong> -\u0141KS \u0141\u00f3d\u017a<\/li>\n<li><strong>Wac\u0142aw Kuchar<\/strong> kapitan -LKS Pogo\u0144 Lw\u00f3w<\/li>\n<\/ul>\n<\/td>\n<\/tr>\n<\/tbody>\n<\/table>\n<div id=\"attachment_10059\" style=\"width: 610px\" class=\"wp-caption alignleft\"><img loading=\"lazy\" decoding=\"async\" aria-describedby=\"caption-attachment-10059\" class=\"wp-image-10059 size-medium\" src=\"https:\/\/kronika-futbolu.pl\/historia\/wp-content\/uploads\/2021\/01\/4A_Wegry_polska_1924_Budapeszt_Stadjon_nr_37-600x356.png\" alt=\"W\u0119gry - Polska 1924 Budapeszt \" width=\"600\" height=\"356\" srcset=\"https:\/\/kronika-futbolu.pl\/historia\/wp-content\/uploads\/2021\/01\/4A_Wegry_polska_1924_Budapeszt_Stadjon_nr_37-600x356.png 600w, https:\/\/kronika-futbolu.pl\/historia\/wp-content\/uploads\/2021\/01\/4A_Wegry_polska_1924_Budapeszt_Stadjon_nr_37-768x455.png 768w, https:\/\/kronika-futbolu.pl\/historia\/wp-content\/uploads\/2021\/01\/4A_Wegry_polska_1924_Budapeszt_Stadjon_nr_37.png 1300w\" sizes=\"auto, (max-width: 600px) 100vw, 600px\" \/><p id=\"caption-attachment-10059\" class=\"wp-caption-text\">W\u0119gry &#8211; Polska 1924 Budapeszt . Stadjon nr 37<\/p><\/div>\n<p style=\"text-align: justify;\">Nieco ponad 3 miesi\u0105ce min\u0119\u0142o a znowu naprzeciw siebie stan\u0119li Reprezentanci Polski i W\u0119gier. By\u0142a ju\u017c 4 potyczka w historii tych reprezentacji. Po raz czwarty g\u00f3r\u0105 byli W\u0119grzy a Polacy nie zdobyli nawet bramki. Na stadionie Ferencv\u00e1rosi TC w Budapeszcie spotkanie to ogl\u0105da\u0142o wg r\u00f3\u017cnych \u017ar\u00f3de\u0142 od 25 do nawet 30 tysi\u0119cy widz\u00f3w.\u00a0<\/p>\n<p style=\"text-align: justify;\">D\u0142ugo utrzymywa\u0142 si\u0119 bezbramkowy wynik, lecz w 31 minucie\u00a0 W\u0142adys\u0142\u0105w Karasiak strzela gola samob\u00f3jczego, kilka chwil p\u00f3\u017aniej Karasiak pope\u0142nia b\u0142\u0105d i jest 20 dla Gospodarzy. Dwie minuty p\u00f3\u017aniej ju\u017c 3:0 po \u017ale zagranej pi\u0142ce przez Spoid\u0119.\u00a0 W 59 minucie wynik ustala Orth po tym jak G\u00f6rlitz obroni\u0142 Jego strza\u0142 i nabawi\u0142 si\u0119 urazu palca po kt\u00f3rym si\u0119 nie podni\u00f3s\u0142 a W\u0119gier dobi\u0142 do pustej siatki.\u00a0<\/p>\n<p style=\"text-align: justify;\">\u00a0<\/p>\n<p style=\"text-align: justify;\">W zespole W\u0119gier zadebiutowali: Lajos Fischer, Imre Senkey, Ferenc Bors\u00e1nyi i\u00a0 B\u00e9la Bartos kt\u00f3ry jednocze\u015bnie zagra\u0142 ostatni raz tak jak K\u00e1lm\u00e1n Csontos kt\u00f3ry gra\u0142 po 2 w reprezentacji.\u00a0 W polskiej dru\u017cynie zadebiutowali: Marian Kili\u0144ski i Antoni \u015aled\u017a dla kt\u00f3rych by\u0142y to ostatnie wyst\u0119py w barwach narodowych. Ostatni raz w kadrze zagra\u0142 te\u017c Marian Markiewicz (\u0142\u0105cznie 3 mecze).<\/p>\n<p>W Tygodniku Sportowym &#8221; Stadjon&#8221; nr 37 mogli\u015bmy przeczyta\u0107 opis meczu z w\u0119gierskiej prasy:<\/p>\n<p><em>&#8222;Nemzeti Sport.<\/em><\/p>\n<p><em>Zawody bardzo interesuj\u0105ce da\u0142y widzom du\u017co zadowolenia i emocji. Polacy pokazali gr\u0119 zupe\u0142nie dobr\u0105. Brakowa\u0142o mo\u017ce jeszcze ostatecznej precyzji i wyko\u0144czenia, o wiele lepsi w defenzywie, ni\u017c w akcjach zaczepnych. Gorltiz fenomenalny gra\u0142 z wielkim pechem. Obro\u0144cy umiej\u0105 walczy\u0107 co jest zrozumia\u0142e , gdy si\u0119 zwa\u017cy, \u017ce obydwaj s\u0105 zawodowymi \u017co\u0142nierzami. Najlepszy w dru\u017cynie Kuchar. Spojda pocz\u0105tkowo dobry, p\u00f3\u017aniej zawi\u00f3d\u0142 zupe\u0142nie. Atakowi brak zgrania, za wiele akcji solowych, zw\u0142aszcza w wewn\u0119trznem trio, kt\u00f3re wykaza\u0142o za wiele indywidualno\u015bci, a ma\u0142o wsp\u00f3\u0142pracy.&#8221; (pisowani oryginalna).<\/em><\/p>\n<h2 id=\"mecz-23-06-1974\"><span class=\"ez-toc-section\" id=\"3_Mecz_Wegry-_Polska_5_0_26_maja_1924_r\"><\/span><a id=\"mecz-1924-05-26\"><\/a>3. Mecz W\u0119gry- Polska 5:0 (26 maja 1924 r.)<span class=\"ez-toc-section-end\"><\/span><\/h2>\n<ul>\n<li><strong>Data meczu:<\/strong> 26.05.1924<\/li>\n<li><strong>Ranga meczu:<\/strong> Igrzyska Olimpijskie\u00a0<\/li>\n<li><strong>S\u0119dzia:<\/strong> Job Mutters &#8211; Holandia<\/li>\n<li><strong>Stadion:<\/strong> Stade Bergeyre, Pary\u017c<\/li>\n<li><strong>Trener:<\/strong> Adam Obruba\u0144ski, Gyula B\u00edr\u00f3, komitet selekcyjny<\/li>\n<\/ul>\n<p><strong>\u26bd Strzelone bramki:<\/strong><\/p>\n<ul>\n<li>J\u00f3zsef Eisenhoffer [hu] 15&#8242;<\/li>\n<li>Ferenc Hirzer [hu] 51&#8242;<\/li>\n<li>Ferenc Hirzer [hu] 58&#8242;<\/li>\n<li>Zolt\u00e1n Opata [hu] 70&#8242;<\/li>\n<li>Zolt\u00e1n Opata [hu] 87&#8242;<\/li>\n<\/ul>\n<p><strong>? Sk\u0142ady:<\/strong><\/p>\n<table style=\"border-collapse: collapse; width: 100%;\">\n<thead>\n<tr>\n<th style=\"width: 50%;\">[hu] W\u0119gry:<\/th>\n<th style=\"width: 50%;\">[pl] Polska:<\/th>\n<\/tr>\n<\/thead>\n<tbody>\n<tr>\n<td style=\"width: 50%;\">\n<ul>\n<li><strong>J\u00e1nos Biri<\/strong> -Kispesti AC Budapest<\/li>\n<li><strong>K\u00e1roly Fogl<\/strong> kapitan -\u00dajpesti TE<\/li>\n<li><strong>Gyula M\u00e1ndi<\/strong> -MTK Budapest<\/li>\n<li><strong>Gy\u00f6rgy Orth<\/strong> -MTK Budapest<\/li>\n<li><strong>B\u00e9la Guttmann<\/strong> -SC Hakoah, Wiede\u0144<\/li>\n<li><strong>G\u00e1bor Obitz<\/strong> -Makkabi Br\u00fcnn<\/li>\n<li><strong>J\u00f3zsef Braun<\/strong> -MTK Budapest<\/li>\n<li><strong>J\u00f3zsef Eisenhoffer<\/strong> -Ferencv\u00e1rosi TC<\/li>\n<li><strong>Zolt\u00e1n Opata<\/strong> -MTK Budapest<\/li>\n<li><strong>Ferenc Hirzer<\/strong> -Makkabi Br\u00fcnn<\/li>\n<li><strong>Rudolf Jeny<\/strong> -MTK Budapest<\/li>\n<\/ul>\n<\/td>\n<td style=\"width: 50%;\">\n<ul>\n<li><strong>Mieczys\u0142aw Wi\u015bniewski<\/strong> -Wis\u0142a Krak\u00f3w<\/li>\n<li><strong>Wawrzyniec Cyl<\/strong> -\u0141KS \u0141\u00f3d\u017a<\/li>\n<li><strong>Stefan Fryc<\/strong> -KS Cracovia<\/li>\n<li><strong>Zdzis\u0142aw Stycze\u0144<\/strong> -Wis\u0142a Krak\u00f3w<\/li>\n<li><strong>Stanis\u0142aw Cikowski<\/strong> kapitan -KS Cracovia<\/li>\n<li><strong>Marian Spojda<\/strong> -KS Warta Pozna\u0144<\/li>\n<li><strong>Wac\u0142aw Kuchar<\/strong> -LKS Pogo\u0144 Lw\u00f3w<\/li>\n<li><strong>Mieczys\u0142aw Batsch<\/strong> -LKS Pogo\u0144 Lw\u00f3w<\/li>\n<li><strong>J\u00f3zef Ka\u0142u\u017ca<\/strong> -KS Cracovia<\/li>\n<li><strong>Henryk Reyman<\/strong> -Wis\u0142a Krak\u00f3w<\/li>\n<li><strong>Leon Sperling<\/strong> -KS Cracovia<\/li>\n<\/ul>\n<\/td>\n<\/tr>\n<\/tbody>\n<\/table>\n<div id=\"attachment_10055\" style=\"width: 393px\" class=\"wp-caption alignleft\"><img loading=\"lazy\" decoding=\"async\" aria-describedby=\"caption-attachment-10055\" class=\"wp-image-10055 size-medium\" src=\"https:\/\/kronika-futbolu.pl\/historia\/wp-content\/uploads\/2021\/01\/3B_Wegry_Polska_1924_IO-383x400.png\" alt=\"W\u0119gry - Polska 1924 Igrzyska Olimpijskie Pary\u017c\" width=\"383\" height=\"400\" srcset=\"https:\/\/kronika-futbolu.pl\/historia\/wp-content\/uploads\/2021\/01\/3B_Wegry_Polska_1924_IO-383x400.png 383w, https:\/\/kronika-futbolu.pl\/historia\/wp-content\/uploads\/2021\/01\/3B_Wegry_Polska_1924_IO-768x802.png 768w, https:\/\/kronika-futbolu.pl\/historia\/wp-content\/uploads\/2021\/01\/3B_Wegry_Polska_1924_IO.png 950w\" sizes=\"auto, (max-width: 383px) 100vw, 383px\" \/><p id=\"caption-attachment-10055\" class=\"wp-caption-text\">W\u0119gry &#8211; Polska 1924 Igrzyska Olimpijskie Pary\u017c<\/p><\/div>\n<p style=\"text-align: justify;\">Reprezentacja Polski zadebiutowa\u0142a na Igrzyskach Olimpijskich 26 maja 1924 roku w Pary\u017cu. Rywal ju\u017c by\u0142 dobrze znany naszym pi\u0142karzom. Na Stade Bergeyre rywalem &#8222;Bia\u0142o-Czerwonych&#8221; byli W\u0119grzy. Do pierwsze startu Polski na Igrzyskach mia\u0142o doj\u015b\u0107 4 lata wcze\u015bniej. Napi\u0119ta sytuacja na wschodzie, nie pozwoli\u0142a na udzia\u0142 w najwa\u017cniejszym w\u00f3wczas turnieju pi\u0142karskim. Do wyst\u0119pu w 1924 roku przygotowano si\u0119 bardzo dobrze, przede wszystkim organizacyjnie. Zabezpieczono \u015brodki zwi\u0105zane z wypraw\u0105, zatrudniono w\u0119gierskiego trenera Gyula Biro.\u00a0 Kilka dni przed spotkaniem w Pary\u017cu Polacy rozegrali 2 mecze towarzyskie z Szwecj\u0105 w Sztokholmie (jeden nieoficjalny). Oba spotkania wysoko przegrali nasi zawodnicy. Nie brakowa\u0142o jednak optymizmu i pozytywnego nastawienia przed premierow\u0105 gr\u0105 na Igrzyskach.<\/p>\n<p style=\"text-align: justify;\">Po raz pierwszy Reprezentacja Polski rozegra\u0142a mecz na neutralnym terenie. Debiut wypad\u0142 fatalnie. Po I po\u0142owie by\u0142o tylko 1:0 dla W\u0119gr\u00f3w, ale\u00a0 po dobrej grze Polak\u00f3w. W przerwie spotkania pi\u0142karze innych reprezentacji podeszli do naszych i gratulowali im dobrej postawy i \u017cyczyli powodzenia w drugiej ods\u0142onie. Ostatecznie sko\u0144czy\u0142o si\u0119 jednak 5:0 dla W\u0119gier.\u00a0 Po raz pierwszy Polska przegra\u0142a a\u017c r\u00f3\u017cnic\u0105 pi\u0119ciu bramek.\u00a0<\/p>\n<p style=\"text-align: justify;\">Pora\u017cka oznacza\u0142a koniec udzia\u0142u w rozgrywkach . Nasi pogromcy w kolejnej rundzie przegrali z Egiptem 0:3 i te\u017c zako\u0144czyli sw\u00f3j udzia\u0142. Z\u0142oto wygra\u0142 Urugwaj, kt\u00f3ry zapocz\u0105tkowa\u0142 \u015bwietny okres swojej historii.\u00a0<\/p>\n<p style=\"text-align: justify;\">Nie by\u0142o debiutnat\u00f3w po obu stronach. W polskim zespole po raz osttani zagrali: Mieczys\u0142aw Wi\u015bniewski (\u0142\u0105cznie 6 mecz\u00f3w), Stefan Fryc (\u0142\u0105cznie 8 mecz\u00f3w), i Stanis\u0142aw Cikowski (\u0142\u0105cznie 9 mecz\u00f3w).<\/p>\n<h2 id=\"mecz-01-11-1965\"><span class=\"ez-toc-section\" id=\"2_Mecz_Polska-_Wegry_0_3_14_maja_1922_r\"><\/span><a id=\"mecz-1923-11-01\"><\/a>2. Mecz Polska- W\u0119gry 0:3 (14 maja 1922 r.)<span class=\"ez-toc-section-end\"><\/span><\/h2>\n<ul>\n<li><strong>Data meczu:<\/strong> 14.05.1922<\/li>\n<li><strong>Ranga meczu:<\/strong> Towarzyski<\/li>\n<li><strong>S\u0119dzia:<\/strong> Karl Gr\u00e4tz &#8211; Czechos\u0142owacja\u00a0<\/li>\n<li><strong>Stadion:<\/strong> Stadion Cracovii, Krak\u00f3w<\/li>\n<li><strong>Trenerzy:<\/strong> J\u00f3zef Lustgarten, Adam Obruba\u0144ski, Stanis\u0142aw Ziemia\u0144ski (komitet selekcyjny)<\/li>\n<\/ul>\n<p><strong>\u26bd Strzelone bramki:<\/strong><\/p>\n<ul>\n<li>Jen\u0151 Seiden [hu] 6&#8242;<\/li>\n<li>Mih\u00e1ly Solti [hu] 44&#8242;<\/li>\n<li>Mih\u00e1ly Solti\u00a0\u00a0 [hu] 81&#8242;<\/li>\n<\/ul>\n<p><strong>? Sk\u0142ady:<\/strong><\/p>\n<table style=\"border-collapse: collapse; width: 100%;\">\n<thead>\n<tr>\n<th style=\"width: 50%;\">[pl] Polska:<\/th>\n<th style=\"width: 50%;\">[hu] W\u0119gry:<\/th>\n<\/tr>\n<\/thead>\n<tbody>\n<tr>\n<td style=\"width: 50%;\">\n<ul>\n<li><strong>Jan Loth<\/strong> -Polonia Warszawa<\/li>\n<li><strong>Ludwik Gintel<\/strong> -KS Cracovia<\/li>\n<li><strong>J\u00f3zef Klotz<\/strong> -\u017bTS Jutrzenka Krak\u00f3w<\/li>\n<li><strong>Stanis\u0142aw Cikowski<\/strong> -KS Cracovia<\/li>\n<li><strong>Stefan \u015aliwa<\/strong> -Wis\u0142a Krak\u00f3w<\/li>\n<li><strong>Tadeusz Synowiec<\/strong> kapitan -KS Cracovia<\/li>\n<li><strong>Henryk Reyman<\/strong> -Wis\u0142a Krak\u00f3w<\/li>\n<li><strong>J\u00f3zef Ka\u0142u\u017ca<\/strong> -KS Cracovia<\/li>\n<li><strong>Zygmunt Krumholz<\/strong> -\u017bTS Jutrzenka Krak\u00f3w<\/li>\n<li><strong>Wac\u0142aw Kuchar<\/strong> -LKS Pogo\u0144 Lw\u00f3w<\/li>\n<li><strong>Leon Sperling<\/strong> -KS Cracovia<\/li>\n<\/ul>\n<\/td>\n<td style=\"width: 50%;\">\n<ul>\n<li><strong>J\u00e1nos Neuhaus<\/strong> -III ker TVE Budapest<\/li>\n<li><strong>Ferenc Zatyk\u00f3<\/strong> -Vasas SC Budapest<\/li>\n<li><strong>Lajos Kov\u00e1cs<\/strong> -VII ker SC Budapest<\/li>\n<li><strong>J\u00f3zsef Szab\u00f3<\/strong> kapitan -Ferencv\u00e1rosi TC<\/li>\n<li><strong>G\u00e1bor Kl\u00e9ber<\/strong> -III ker TVE Budapest<\/li>\n<li><strong>J\u00f3zsef Tomecsk\u00f3<\/strong> -Vasas SC Budapest<\/li>\n<li><strong>K\u00e1roly Katzer<\/strong> -Vasas SC Budapest<\/li>\n<li><strong>Izidor R\u00e1zs\u00f3<\/strong> -\u00c9kszer\u00e9sz SC Budapest<\/li>\n<li><strong>Istv\u00e1n Priboj<\/strong> -\u00dajpesti TE<\/li>\n<li><strong>Jen\u0151 Seiden<\/strong> -\u00daTSE Budapest<\/li>\n<li><strong>Mih\u00e1ly Solti<\/strong> -Szegedi AK<\/li>\n<\/ul>\n<\/td>\n<\/tr>\n<\/tbody>\n<\/table>\n<p style=\"text-align: justify;\">W drugim meczu mi\u0119dzypa\u0144stwowym tak samo jak i w pierwszym rywalem Polski by\u0142y W\u0119gry. Pi\u0119\u0107 miesi\u0119cy po historycznym dla polskiej pi\u0142ki meczu w Budapeszcie dosz\u0142o do rewan\u017cu w Krakowie. By\u0142 to pierwszy mecz Reprezentacji Polski rozegrany w Polsce. Tym razem r\u00f3wnie\u017c Polacy przegrali ale w znacznie wy\u017cszym rozmiarze bo W\u0119grzy strzelili nam 3 gole.\u00a0 Tak jak mo\u017cna by\u0142o przeczyta\u0107 w\u00f3wczas w Tygodniku Sportowym : &#8222;B\u0105d\u017amy szczerzy, nie spodziewali\u015bmy si\u0119 takiego katastrofalnego wyniku na w\u0142asnym gruncie nawet z I. garniturem reprezentacji W\u0119gier, a ju\u017c zupe\u0142nie nie z II. garniturem.&#8221; W zespole go\u015bci zagra\u0142o a\u017c 6 debiutant\u00f3w.\u00a0<\/p>\n<p style=\"text-align: justify;\">Szybko zesp\u00f3\u0142 W\u0119gier obj\u0105\u0142 prowadzenie: &#8222;Gintel pope\u0142nia b\u0142\u0105d i w usi\u0142owaniu szybkiego podania pi\u0142ki Lothowi, powoduje odbicie pi\u0142ki od niego do w\u0142asnej bramki. Konsternacja w\u015br\u00f3d graczy i publiczno\u015bci. W\u0119grzy prowadz\u0105 ju\u017c na pocz\u0105tku 1 :0 &#8221; (Tygodnik Sportowy). Kolejne dwa gole zdoby\u0142 Mih\u00e1ly Solti, najpierw przed ko\u0144cem I po\u0142owy oraz w ko\u0144c\u00f3wce meczu.\u00a0<\/p>\n<p style=\"text-align: justify;\">Debiut przed w\u0142asn\u0105 publiczno\u015bci\u0105 wypad\u0142 s\u0142abo. W przekazach prasowych mo\u017cna wyczyta\u0107, \u017ce Polacy grali pi\u0119knie lecz nieskutecznie. Na pierwsz\u0105 bramk\u0119 i pierwsze zwyci\u0119stwo by\u0142o trzeba jeszcze czeka\u0107. Stanie si\u0119 to\u00a0 dwa tygodnie p\u00f3\u017aniej w spotkaniu ze Szwecj\u0105.\u00a0<\/p>\n<p style=\"text-align: justify;\">Spotkanie cieszy\u0142o si\u0119 wielkim zainteresowaniem a na stadionie Cracovii zjawi\u0142o si\u0119 oko\u0142o 16 tysi\u0119cy widz\u00f3w.\u00a0<\/p>\n<p style=\"text-align: justify;\">W polskim zespole zadebiutowali: J\u00f3zef Klotz, Stefan \u015aliwa, Henryk Reyman, Zygmunt Krumholz (i jednocze\u015bnie ostatni raz).\u00a0 W zespole W\u0119grzech po raz pierwszy zagrali: Lajos Kov\u00e1cs, G\u00e1bor Kl\u00e9ber, Izidor R\u00e1zs\u00f3, Mih\u00e1ly Solti, oraz K\u00e1roly Katzer, J\u00f3zsef Tomecsk\u00f3 dla kt\u00f3rych by\u0142y to ostatnie wyst\u0119py reprezentacyjne, tak samo jak dla J\u00e1nos Neuhaus, Jen\u0151 Seiden kt\u00f3rzy rozgrywali drugi mecz w Reprezentacji W\u0119gier.\u00a0<\/p>\n<h2 id=\"mecz-18-04-1965\"><span class=\"ez-toc-section\" id=\"1_Mecz_Wegry_%E2%80%93_Polska_1_0_18_grudnia_1921_r\"><\/span><a id=\"mecz-1921-12-18\"><\/a>1. Mecz W\u0119gry &#8211; Polska 1:0 (18 grudnia 1921 r.)<span class=\"ez-toc-section-end\"><\/span><\/h2>\n<ul>\n<li><strong>Data meczu:<\/strong> 18.12.1921<\/li>\n<li><strong>Ranga meczu:<\/strong> Towarzyski<\/li>\n<li><strong>S\u0119dzia:<\/strong> Karl Gr\u00e4tz &#8211; Czechos\u0142owacja<\/li>\n<li><strong>Stadion:<\/strong> Hung\u00e1ria k\u00f6r\u00fati Stadion, Budapeszt<\/li>\n<li><strong>Trenerzy:<\/strong> J\u00f3zef Szkolnikowski, Imre Pozsonyi<\/li>\n<\/ul>\n<p><strong>\u26bd Strzelony gol:<\/strong><\/p>\n<ul>\n<li>Jen\u0151 Szab\u00f3 [hu] 18&#8242;<\/li>\n<\/ul>\n<p><strong>? Sk\u0142ady:<\/strong><\/p>\n<table style=\"border-collapse: collapse; width: 100%; height: 383px;\">\n<thead>\n<tr style=\"height: 21px;\">\n<th style=\"width: 50%; height: 21px;\">[hu] W\u0119gry:<\/th>\n<th style=\"width: 50%; height: 21px;\">[pl] Polska:<\/th>\n<\/tr>\n<\/thead>\n<tbody>\n<tr style=\"height: 362px;\">\n<td style=\"width: 50%; height: 362px;\">\n<ul>\n<li><strong>K\u00e1roly Zs\u00e1k<\/strong> do 46&#8242; -33 FC Budapest<\/li>\n<li>od 46&#8242; <strong>Ign\u00e1c Amsel<\/strong> -B\u00e9k\u00e9scsabai El\u0151re MTE<\/li>\n<li><strong>K\u00e1roly Fogl<\/strong> -\u00dajpesti TE<\/li>\n<li><strong>Gyula M\u00e1ndi<\/strong> -MTK Budapest<\/li>\n<li><strong>Vilmos Kert\u00e9sz<\/strong> kapitan -MTK Budapest<\/li>\n<li><strong>G\u00e1bor Obitz<\/strong> -Ferencv\u00e1rosi TC<\/li>\n<li><strong>Zolt\u00e1n Blum<\/strong> -Ferencv\u00e1rosi TC<\/li>\n<li><strong>Imre Schlosser<\/strong> -MTK Budapest<\/li>\n<li><strong>Gy\u00f6rgy Moln\u00e1r<\/strong> -MTK Budapest<\/li>\n<li><strong>Istv\u00e1n Pluh\u00e1r<\/strong> -BEAC, Budapest<\/li>\n<li><strong>Jen\u0151 Szab\u00f3<\/strong> -III ker TVE Budapest<\/li>\n<li><strong>Jen\u0151 Wiener<\/strong> -Ferencv\u00e1rosi TC<\/li>\n<\/ul>\n<\/td>\n<td style=\"width: 50%; height: 362px;\">\n<ul>\n<li><strong>Jan Loth<\/strong> -Polonia Warszawa<\/li>\n<li><strong>Ludwik Gintel<\/strong> -KS Cracovia Krak\u00f3w<\/li>\n<li><strong>Artur Marczewski<\/strong> -Polonia Warszawa<\/li>\n<li><strong>Zdzis\u0142aw Stycze\u0144<\/strong> -KS Cracovia<\/li>\n<li><strong>Stanis\u0142aw Cikowski<\/strong> -KS Cracovia<\/li>\n<li><strong>Tadeusz Synowiec<\/strong> kapitan -KS Cracovia<\/li>\n<li><strong>Stanis\u0142aw Mielech<\/strong> -KS Cracovia<\/li>\n<li><strong>Wac\u0142aw Kuchar<\/strong> -LKS Pogo\u0144 Lw\u00f3w<\/li>\n<li><strong>J\u00f3zef Ka\u0142u\u017ca<\/strong> -KS Cracovia<\/li>\n<li><strong>Marian Einbacher<\/strong> -Warta Pozna\u0144<\/li>\n<li><strong>Leon Sperling<\/strong> -KS Cracovia<\/li>\n<\/ul>\n<\/td>\n<\/tr>\n<\/tbody>\n<\/table>\n<div id=\"attachment_10042\" style=\"width: 345px\" class=\"wp-caption alignleft\"><img loading=\"lazy\" decoding=\"async\" aria-describedby=\"caption-attachment-10042\" class=\"wp-image-10042 size-medium\" src=\"https:\/\/kronika-futbolu.pl\/historia\/wp-content\/uploads\/2021\/01\/1B_Wegry_Polska_1921-335x400.png\" alt=\"W\u0119gry - Polska 1921. \" width=\"335\" height=\"400\" srcset=\"https:\/\/kronika-futbolu.pl\/historia\/wp-content\/uploads\/2021\/01\/1B_Wegry_Polska_1921-335x400.png 335w, https:\/\/kronika-futbolu.pl\/historia\/wp-content\/uploads\/2021\/01\/1B_Wegry_Polska_1921.png 731w\" sizes=\"auto, (max-width: 335px) 100vw, 335px\" \/><p id=\"caption-attachment-10042\" class=\"wp-caption-text\">W\u0119gry &#8211; Polska 1921. Przegl\u0105d Sportowy po meczu.<\/p><\/div>\n<p style=\"text-align: justify;\">Historyczny dzie\u0144 w polskim pi\u0142karstwie to 18 grudnia 1921. To wtedy w Budapeszcie po raz pierwszy w swej\u00a0 historii Reprezentacja Polski zagra\u0142a mecz mi\u0119dzypa\u0144stwowy. Rywalem by\u0142a dru\u017cyna W\u0119gier, uchodz\u0105ca w\u00f3wczas za jedn\u0105 z najlepszych na \u015bwiecie.\u00a0 Zanim dosz\u0142o do pojedynku z W\u0119grami, rozmy\u015blano r\u00f3wnie\u017c rozegranie meczu z Francj\u0105, Szwecj\u0105, oraz z Austri\u0105 z kt\u00f3r\u0105 ju\u017c by\u0142 nawet ustalony termin- 3 lipca 1921, lecz Austriacy si\u0119 wycofali.\u00a0<\/p>\n<p style=\"text-align: justify;\">Przed wyjazdem na W\u0119gry Polacy rozegrali kilka gier sparingowych, z reprezentacjami miast Bielska, Krakowa i Lwowa. W Polsce dru\u017cyn\u0119 przygotowywa\u0142 J\u00f3zef Szkolnikowski, lecz w Budapeszcie trenerem podczas meczu by\u0142 W\u0119gier Imre Pozsonyi.<\/p>\n<p style=\"text-align: justify;\">Wynik zostaje spraw\u0105 drugorz\u0119dn\u0105 w tak niezwykle wa\u017cnym wydarzeniu Reprezentacji Polski. Dla W\u0119gr\u00f3w by\u0142a to kolejna gra towarzyska i to z zespo\u0142em debiutuj\u0105cym na arenie mi\u0119dzynarodowej. W\u0119grzy swoje pierwsze spotkania rozegrali ju\u017c w 1902 roku. Polska nie by\u0142o jeszcze cz\u0142onkiem FIFA, stanie si\u0119 to dopiero w 1923 roku.\u00a0<\/p>\n<p style=\"text-align: justify;\">Og\u00f3lnie Polacy mogli by\u0107 zadowoleni z przebiegu gry. Pora\u017cka 1:0 z takim zespo\u0142em nie nale\u017ca\u0142a do wstydu. Polacy pokazali si\u0119 z dobrej strony. Mog\u0142o pa\u015b\u0107 wi\u0119cej bramek dla Gospodarzy leczy w bramce \u015bwietnie spisywa\u0142 si\u0119 Jan Loth.<\/p>\n<p style=\"text-align: justify;\">Pierwsz\u0105 bramk\u0119 Polsce strzeli\u0142 w 18 minucie Jen\u0151 Szab\u00f3 a by\u0142o to tak:\u00a0<\/p>\n<p style=\"text-align: center;\"><em>\u201eW 18. minucie Wiener centruje, robi si\u0119 t\u0142ok pod bramk\u0105 polsk\u0105, z kt\u00f3rego korzysta Szab\u00f3, strzelaj\u0105c po wymini\u0119ciu Marczewskiego z bliskiej odleg\u0142o\u015bci. Loth pi\u0142k\u0119 dosi\u0119gn\u0105\u0142, strza\u0142 by\u0142 wszak\u017ce za silny i ugrz\u0105z\u0142 w siatce\u201d<\/em><\/p>\n<p style=\"text-align: justify;\">Dla Artura Marczewskiego i Mariana Einbacher by\u0142 to ostatni wyst\u0119p dla Reprezentacji Polski. Istv\u00e1n Pluh\u00e1r zagra\u0142 dla W\u0119gier 2 i zarazem ostatni mecz.\u00a0 Zadebiutowali: Ign\u00e1c Amsel (zagra \u0142\u0105cznie 9 mecz\u00f3w), strzelec gola Jen\u0151 Szab\u00f3 &#8211; jednocze\u015bnie ostatni mecz w reprezentacji tak jak Jen\u0151 Wiener.<\/p>\n<p>&nbsp;<\/p>\n<h2 id=\"galeria\"><span class=\"ez-toc-section\" id=\"_Przezyjmy_to_jeszcze_raz_%E2%80%93_galeria_zdjec_z_meczy_Polska_%E2%80%93_Wegry\"><\/span>? Prze\u017cyjmy to jeszcze raz &#8211; galeria zdj\u0119\u0107 z meczy Polska &#8211; W\u0119gry<span class=\"ez-toc-section-end\"><\/span><\/h2>\n<ul class=\"r1-gallery\"><li>\r\n\t\t\t\t<a href=\"https:\/\/kronika-futbolu.pl\/historia\/wp-content\/uploads\/2021\/01\/32B_Polska_Wegry_2011_Zrodlo_Allegro.png\" title=\"Polska - W\u0119gry 2011. Pozna\u0144. \u0179r\u00f3d\u0142o: Allegro\">\r\n\t\t\t\t\t<img loading=\"lazy\" decoding=\"async\" width=\"320\" height=\"400\" src=\"https:\/\/kronika-futbolu.pl\/historia\/wp-content\/uploads\/2021\/01\/32B_Polska_Wegry_2011_Zrodlo_Allegro-320x400.png\" class=\"attachment-medium size-medium\" alt=\"Polska - W\u0119gry 2011\" srcset=\"https:\/\/kronika-futbolu.pl\/historia\/wp-content\/uploads\/2021\/01\/32B_Polska_Wegry_2011_Zrodlo_Allegro-320x400.png 320w, https:\/\/kronika-futbolu.pl\/historia\/wp-content\/uploads\/2021\/01\/32B_Polska_Wegry_2011_Zrodlo_Allegro.png 645w\" sizes=\"auto, (max-width: 320px) 100vw, 320px\" \/>\r\n\t\t\t\t\t<small>Polska - W\u0119gry 2011. Pozna\u0144. \u0179r\u00f3d\u0142o: Allegro<\/small>\r\n\t\t\t\t<\/a>\r\n\t\t\t<\/li><li>\r\n\t\t\t\t<a href=\"https:\/\/kronika-futbolu.pl\/historia\/wp-content\/uploads\/2021\/01\/31B_Polska_Wegry_2007_kadr_z_transmisji_faul_Jopa.png\" title=\"Polska - W\u0119gry 2007. Faul Jop, po kt\u00f3rym zosta\u0142 podyktowany rzut karny. Kadr z transmisji\">\r\n\t\t\t\t\t<img loading=\"lazy\" decoding=\"async\" width=\"533\" height=\"400\" src=\"https:\/\/kronika-futbolu.pl\/historia\/wp-content\/uploads\/2021\/01\/31B_Polska_Wegry_2007_kadr_z_transmisji_faul_Jopa-533x400.png\" class=\"attachment-medium size-medium\" alt=\"Polska - W\u0119gry 2007\" srcset=\"https:\/\/kronika-futbolu.pl\/historia\/wp-content\/uploads\/2021\/01\/31B_Polska_Wegry_2007_kadr_z_transmisji_faul_Jopa-533x400.png 533w, https:\/\/kronika-futbolu.pl\/historia\/wp-content\/uploads\/2021\/01\/31B_Polska_Wegry_2007_kadr_z_transmisji_faul_Jopa.png 669w\" sizes=\"auto, (max-width: 533px) 100vw, 533px\" \/>\r\n\t\t\t\t\t<small>Polska - W\u0119gry 2007. Faul Jop, po kt\u00f3rym zosta\u0142 podyktowany rzut karny. Kadr z transmisji<\/small>\r\n\t\t\t\t<\/a>\r\n\t\t\t<\/li><li>\r\n\t\t\t\t<a href=\"https:\/\/kronika-futbolu.pl\/historia\/wp-content\/uploads\/2021\/01\/31A_Polska_Wegry_2007_kadr_z_transmisji_I_gol.png\" title=\"Polska - W\u0119gry 2007. rzut karny, strzela Hajnal . Kadr z transmisji\">\r\n\t\t\t\t\t<img loading=\"lazy\" decoding=\"async\" width=\"518\" height=\"400\" src=\"https:\/\/kronika-futbolu.pl\/historia\/wp-content\/uploads\/2021\/01\/31A_Polska_Wegry_2007_kadr_z_transmisji_I_gol-518x400.png\" class=\"attachment-medium size-medium\" alt=\"Polska - W\u0119gry 2007\" srcset=\"https:\/\/kronika-futbolu.pl\/historia\/wp-content\/uploads\/2021\/01\/31A_Polska_Wegry_2007_kadr_z_transmisji_I_gol-518x400.png 518w, https:\/\/kronika-futbolu.pl\/historia\/wp-content\/uploads\/2021\/01\/31A_Polska_Wegry_2007_kadr_z_transmisji_I_gol.png 674w\" sizes=\"auto, (max-width: 518px) 100vw, 518px\" \/>\r\n\t\t\t\t\t<small>Polska - W\u0119gry 2007. rzut karny, strzela Hajnal . Kadr z transmisji<\/small>\r\n\t\t\t\t<\/a>\r\n\t\t\t<\/li><li>\r\n\t\t\t\t<a href=\"https:\/\/kronika-futbolu.pl\/historia\/wp-content\/uploads\/2021\/01\/30C_Wegry_Polska_2003_przeglad_sportowy_laczy_nas_pilka.png\" title=\"W\u0119gry - Polska 2003. Przegl\u0105d Sportowy. \u0179r\u00f3d\u0142o: \u0141\u0105czy Nas Pi\u0142ka\">\r\n\t\t\t\t\t<img loading=\"lazy\" decoding=\"async\" width=\"429\" height=\"400\" src=\"https:\/\/kronika-futbolu.pl\/historia\/wp-content\/uploads\/2021\/01\/30C_Wegry_Polska_2003_przeglad_sportowy_laczy_nas_pilka-429x400.png\" class=\"attachment-medium size-medium\" alt=\"W\u0119gry - Polska 2003\" srcset=\"https:\/\/kronika-futbolu.pl\/historia\/wp-content\/uploads\/2021\/01\/30C_Wegry_Polska_2003_przeglad_sportowy_laczy_nas_pilka-429x400.png 429w, https:\/\/kronika-futbolu.pl\/historia\/wp-content\/uploads\/2021\/01\/30C_Wegry_Polska_2003_przeglad_sportowy_laczy_nas_pilka.png 457w\" sizes=\"auto, (max-width: 429px) 100vw, 429px\" \/>\r\n\t\t\t\t\t<small>W\u0119gry - Polska 2003. Przegl\u0105d Sportowy. \u0179r\u00f3d\u0142o: \u0141\u0105czy Nas Pi\u0142ka<\/small>\r\n\t\t\t\t<\/a>\r\n\t\t\t<\/li><li>\r\n\t\t\t\t<a href=\"https:\/\/kronika-futbolu.pl\/historia\/wp-content\/uploads\/2021\/01\/30B_Wegry_Polska_2003_kadr_z_transmisji_II_gol.png\" title=\"W\u0119gry - Polska 2003. II gol dla Polski - kadr\">\r\n\t\t\t\t\t<img loading=\"lazy\" decoding=\"async\" width=\"542\" height=\"400\" src=\"https:\/\/kronika-futbolu.pl\/historia\/wp-content\/uploads\/2021\/01\/30B_Wegry_Polska_2003_kadr_z_transmisji_II_gol-542x400.png\" class=\"attachment-medium size-medium\" alt=\"W\u0119gry - Polska 2003\" srcset=\"https:\/\/kronika-futbolu.pl\/historia\/wp-content\/uploads\/2021\/01\/30B_Wegry_Polska_2003_kadr_z_transmisji_II_gol-542x400.png 542w, https:\/\/kronika-futbolu.pl\/historia\/wp-content\/uploads\/2021\/01\/30B_Wegry_Polska_2003_kadr_z_transmisji_II_gol.png 613w\" sizes=\"auto, (max-width: 542px) 100vw, 542px\" \/>\r\n\t\t\t\t\t<small>W\u0119gry - Polska 2003. II gol dla Polski - kadr<\/small>\r\n\t\t\t\t<\/a>\r\n\t\t\t<\/li><li>\r\n\t\t\t\t<a href=\"https:\/\/kronika-futbolu.pl\/historia\/wp-content\/uploads\/2021\/01\/30A_Wegry_Polska_2003_kadr_z_transmisji_I_gol.png\" title=\"W\u0119gry - Polska 2003. I gol dla Polski - kadr\">\r\n\t\t\t\t\t<img loading=\"lazy\" decoding=\"async\" width=\"529\" height=\"400\" src=\"https:\/\/kronika-futbolu.pl\/historia\/wp-content\/uploads\/2021\/01\/30A_Wegry_Polska_2003_kadr_z_transmisji_I_gol-529x400.png\" class=\"attachment-medium size-medium\" alt=\"W\u0119gry - Polska 2003\" srcset=\"https:\/\/kronika-futbolu.pl\/historia\/wp-content\/uploads\/2021\/01\/30A_Wegry_Polska_2003_kadr_z_transmisji_I_gol-529x400.png 529w, https:\/\/kronika-futbolu.pl\/historia\/wp-content\/uploads\/2021\/01\/30A_Wegry_Polska_2003_kadr_z_transmisji_I_gol.png 681w\" sizes=\"auto, (max-width: 529px) 100vw, 529px\" \/>\r\n\t\t\t\t\t<small>W\u0119gry - Polska 2003. I gol dla Polski - kadr<\/small>\r\n\t\t\t\t<\/a>\r\n\t\t\t<\/li><li>\r\n\t\t\t\t<a href=\"https:\/\/kronika-futbolu.pl\/historia\/wp-content\/uploads\/2021\/01\/29C_Polska_Wegry_2003_uderzenie_swierczewskeigokadr_z_transmisji.png\" title=\"Polska - W\u0119gry 2003. Moment strza\u0142u \u015awierczewskiego. Kadr z transmisji.\">\r\n\t\t\t\t\t<img loading=\"lazy\" decoding=\"async\" width=\"564\" height=\"400\" src=\"https:\/\/kronika-futbolu.pl\/historia\/wp-content\/uploads\/2021\/01\/29C_Polska_Wegry_2003_uderzenie_swierczewskeigokadr_z_transmisji-564x400.png\" class=\"attachment-medium size-medium\" alt=\"Polska - W\u0119gry 2003\" srcset=\"https:\/\/kronika-futbolu.pl\/historia\/wp-content\/uploads\/2021\/01\/29C_Polska_Wegry_2003_uderzenie_swierczewskeigokadr_z_transmisji-564x400.png 564w, https:\/\/kronika-futbolu.pl\/historia\/wp-content\/uploads\/2021\/01\/29C_Polska_Wegry_2003_uderzenie_swierczewskeigokadr_z_transmisji.png 680w\" sizes=\"auto, (max-width: 564px) 100vw, 564px\" \/>\r\n\t\t\t\t\t<small>Polska - W\u0119gry 2003. Moment strza\u0142u \u015awierczewskiego. Kadr z transmisji.<\/small>\r\n\t\t\t\t<\/a>\r\n\t\t\t<\/li><li>\r\n\t\t\t\t<a href=\"https:\/\/kronika-futbolu.pl\/historia\/wp-content\/uploads\/2021\/01\/29B_Polska_Wegry_2003_kadr_z_transmisji.png\" title=\"Polska - W\u0119gry 2003. Kadr z transmisji.\">\r\n\t\t\t\t\t<img loading=\"lazy\" decoding=\"async\" width=\"533\" height=\"400\" src=\"https:\/\/kronika-futbolu.pl\/historia\/wp-content\/uploads\/2021\/01\/29B_Polska_Wegry_2003_kadr_z_transmisji-533x400.png\" class=\"attachment-medium size-medium\" alt=\"Polska - W\u0119gry 2003\" srcset=\"https:\/\/kronika-futbolu.pl\/historia\/wp-content\/uploads\/2021\/01\/29B_Polska_Wegry_2003_kadr_z_transmisji-533x400.png 533w, https:\/\/kronika-futbolu.pl\/historia\/wp-content\/uploads\/2021\/01\/29B_Polska_Wegry_2003_kadr_z_transmisji.png 692w\" sizes=\"auto, (max-width: 533px) 100vw, 533px\" \/>\r\n\t\t\t\t\t<small>Polska - W\u0119gry 2003. Kadr z transmisji.<\/small>\r\n\t\t\t\t<\/a>\r\n\t\t\t<\/li><li>\r\n\t\t\t\t<a href=\"https:\/\/kronika-futbolu.pl\/historia\/wp-content\/uploads\/2021\/01\/29A_Polska_Wegry_2003_bilet_zrodlo_wlasne.jpg\" title=\"Polska - W\u0119gry 2003. Bilet.\">\r\n\t\t\t\t\t<img loading=\"lazy\" decoding=\"async\" width=\"600\" height=\"292\" src=\"https:\/\/kronika-futbolu.pl\/historia\/wp-content\/uploads\/2021\/01\/29A_Polska_Wegry_2003_bilet_zrodlo_wlasne-600x292.jpg\" class=\"attachment-medium size-medium\" alt=\"Polska - W\u0119gry 2003\" srcset=\"https:\/\/kronika-futbolu.pl\/historia\/wp-content\/uploads\/2021\/01\/29A_Polska_Wegry_2003_bilet_zrodlo_wlasne-600x292.jpg 600w, https:\/\/kronika-futbolu.pl\/historia\/wp-content\/uploads\/2021\/01\/29A_Polska_Wegry_2003_bilet_zrodlo_wlasne-768x374.jpg 768w, https:\/\/kronika-futbolu.pl\/historia\/wp-content\/uploads\/2021\/01\/29A_Polska_Wegry_2003_bilet_zrodlo_wlasne.jpg 1018w\" sizes=\"auto, (max-width: 600px) 100vw, 600px\" \/>\r\n\t\t\t\t\t<small>Polska - W\u0119gry 2003. Bilet.<\/small>\r\n\t\t\t\t<\/a>\r\n\t\t\t<\/li><li>\r\n\t\t\t\t<a href=\"https:\/\/kronika-futbolu.pl\/historia\/wp-content\/uploads\/2021\/01\/28A_Wegry_Polska_2000_kadr_z_transmisji.png\" title=\"W\u0119gry - Polska 2000. kadr z transmisji.\">\r\n\t\t\t\t\t<img loading=\"lazy\" decoding=\"async\" width=\"534\" height=\"400\" src=\"https:\/\/kronika-futbolu.pl\/historia\/wp-content\/uploads\/2021\/01\/28A_Wegry_Polska_2000_kadr_z_transmisji-534x400.png\" class=\"attachment-medium size-medium\" alt=\"W\u0119gry - Polska 2000\" srcset=\"https:\/\/kronika-futbolu.pl\/historia\/wp-content\/uploads\/2021\/01\/28A_Wegry_Polska_2000_kadr_z_transmisji-534x400.png 534w, https:\/\/kronika-futbolu.pl\/historia\/wp-content\/uploads\/2021\/01\/28A_Wegry_Polska_2000_kadr_z_transmisji.png 667w\" sizes=\"auto, (max-width: 534px) 100vw, 534px\" \/>\r\n\t\t\t\t\t<small>W\u0119gry - Polska 2000. kadr z transmisji.<\/small>\r\n\t\t\t\t<\/a>\r\n\t\t\t<\/li><li>\r\n\t\t\t\t<a href=\"https:\/\/kronika-futbolu.pl\/historia\/wp-content\/uploads\/2021\/01\/28B_Wegry_Polska_2000_kadr_z_transmisji.png\" title=\"W\u0119gry - Polska 2000. kadr z transmisji.\">\r\n\t\t\t\t\t<img loading=\"lazy\" decoding=\"async\" width=\"543\" height=\"400\" src=\"https:\/\/kronika-futbolu.pl\/historia\/wp-content\/uploads\/2021\/01\/28B_Wegry_Polska_2000_kadr_z_transmisji-543x400.png\" class=\"attachment-medium size-medium\" alt=\"W\u0119gry - Polska 2000\" srcset=\"https:\/\/kronika-futbolu.pl\/historia\/wp-content\/uploads\/2021\/01\/28B_Wegry_Polska_2000_kadr_z_transmisji-543x400.png 543w, https:\/\/kronika-futbolu.pl\/historia\/wp-content\/uploads\/2021\/01\/28B_Wegry_Polska_2000_kadr_z_transmisji.png 644w\" sizes=\"auto, (max-width: 543px) 100vw, 543px\" \/>\r\n\t\t\t\t\t<small>W\u0119gry - Polska 2000. kadr z transmisji.<\/small>\r\n\t\t\t\t<\/a>\r\n\t\t\t<\/li><li>\r\n\t\t\t\t<a href=\"https:\/\/kronika-futbolu.pl\/historia\/wp-content\/uploads\/2021\/01\/28C_Wegry_Polska_2000_kadr_z_transmisji.png\" title=\"W\u0119gry - Polska 2000. Jerzy Dudek  Kadr z transmisji.\">\r\n\t\t\t\t\t<img loading=\"lazy\" decoding=\"async\" width=\"600\" height=\"396\" src=\"https:\/\/kronika-futbolu.pl\/historia\/wp-content\/uploads\/2021\/01\/28C_Wegry_Polska_2000_kadr_z_transmisji-600x396.png\" class=\"attachment-medium size-medium\" alt=\"W\u0119gry - Polska 2000\" srcset=\"https:\/\/kronika-futbolu.pl\/historia\/wp-content\/uploads\/2021\/01\/28C_Wegry_Polska_2000_kadr_z_transmisji-600x396.png 600w, https:\/\/kronika-futbolu.pl\/historia\/wp-content\/uploads\/2021\/01\/28C_Wegry_Polska_2000_kadr_z_transmisji.png 672w\" sizes=\"auto, (max-width: 600px) 100vw, 600px\" \/>\r\n\t\t\t\t\t<small>W\u0119gry - Polska 2000. Jerzy Dudek  Kadr z transmisji.<\/small>\r\n\t\t\t\t<\/a>\r\n\t\t\t<\/li><li>\r\n\t\t\t\t<a href=\"https:\/\/kronika-futbolu.pl\/historia\/wp-content\/uploads\/2021\/01\/27B_Polska_Wegry_1997_allegro.png\" title=\"\">\r\n\t\t\t\t\t<img loading=\"lazy\" decoding=\"async\" width=\"286\" height=\"400\" src=\"https:\/\/kronika-futbolu.pl\/historia\/wp-content\/uploads\/2021\/01\/27B_Polska_Wegry_1997_allegro-286x400.png\" class=\"attachment-medium size-medium\" alt=\"\" srcset=\"https:\/\/kronika-futbolu.pl\/historia\/wp-content\/uploads\/2021\/01\/27B_Polska_Wegry_1997_allegro-286x400.png 286w, https:\/\/kronika-futbolu.pl\/historia\/wp-content\/uploads\/2021\/01\/27B_Polska_Wegry_1997_allegro.png 597w\" sizes=\"auto, (max-width: 286px) 100vw, 286px\" \/>\r\n\t\t\t\t\t<small><\/small>\r\n\t\t\t\t<\/a>\r\n\t\t\t<\/li><li>\r\n\t\t\t\t<a href=\"https:\/\/kronika-futbolu.pl\/historia\/wp-content\/uploads\/2021\/01\/26B_Polska_Wegry_1994_kadr_z_transmisji_youtube.png\" title=\"Polska W\u0119gry 1994. \u0179r\u00f3d\u0142o: kadr z transmisji, Youtube\">\r\n\t\t\t\t\t<img loading=\"lazy\" decoding=\"async\" width=\"600\" height=\"382\" src=\"https:\/\/kronika-futbolu.pl\/historia\/wp-content\/uploads\/2021\/01\/26B_Polska_Wegry_1994_kadr_z_transmisji_youtube-600x382.png\" class=\"attachment-medium size-medium\" alt=\"Polska W\u0119gry 1994\" srcset=\"https:\/\/kronika-futbolu.pl\/historia\/wp-content\/uploads\/2021\/01\/26B_Polska_Wegry_1994_kadr_z_transmisji_youtube-600x382.png 600w, https:\/\/kronika-futbolu.pl\/historia\/wp-content\/uploads\/2021\/01\/26B_Polska_Wegry_1994_kadr_z_transmisji_youtube-768x489.png 768w, https:\/\/kronika-futbolu.pl\/historia\/wp-content\/uploads\/2021\/01\/26B_Polska_Wegry_1994_kadr_z_transmisji_youtube.png 864w\" sizes=\"auto, (max-width: 600px) 100vw, 600px\" \/>\r\n\t\t\t\t\t<small>Polska W\u0119gry 1994. \u0179r\u00f3d\u0142o: kadr z transmisji, Youtube<\/small>\r\n\t\t\t\t<\/a>\r\n\t\t\t<\/li><li>\r\n\t\t\t\t<a href=\"https:\/\/kronika-futbolu.pl\/historia\/wp-content\/uploads\/2021\/01\/26A_Polska_Wegry_1994_kadr_z_transmisji_youtube.png\" title=\"Polska W\u0119gry 1994. \u0179r\u00f3d\u0142o: kadr z transmisji, Youtube\">\r\n\t\t\t\t\t<img loading=\"lazy\" decoding=\"async\" width=\"529\" height=\"400\" src=\"https:\/\/kronika-futbolu.pl\/historia\/wp-content\/uploads\/2021\/01\/26A_Polska_Wegry_1994_kadr_z_transmisji_youtube-529x400.png\" class=\"attachment-medium size-medium\" alt=\"Polska W\u0119gry 1994\" srcset=\"https:\/\/kronika-futbolu.pl\/historia\/wp-content\/uploads\/2021\/01\/26A_Polska_Wegry_1994_kadr_z_transmisji_youtube-529x400.png 529w, https:\/\/kronika-futbolu.pl\/historia\/wp-content\/uploads\/2021\/01\/26A_Polska_Wegry_1994_kadr_z_transmisji_youtube-768x580.png 768w, https:\/\/kronika-futbolu.pl\/historia\/wp-content\/uploads\/2021\/01\/26A_Polska_Wegry_1994_kadr_z_transmisji_youtube.png 1384w\" sizes=\"auto, (max-width: 529px) 100vw, 529px\" \/>\r\n\t\t\t\t\t<small>Polska W\u0119gry 1994. \u0179r\u00f3d\u0142o: kadr z transmisji, Youtube<\/small>\r\n\t\t\t\t<\/a>\r\n\t\t\t<\/li><li>\r\n\t\t\t\t<a href=\"https:\/\/kronika-futbolu.pl\/historia\/wp-content\/uploads\/2021\/01\/25B_Polska_Wegry_1987_dzienik_lodzki_nr_222.png\" title=\"Polska - W\u0119gry 23 wrze\u015bnia 1987. Dziennik \u0141\u00f3dzki nr 222\">\r\n\t\t\t\t\t<img loading=\"lazy\" decoding=\"async\" width=\"194\" height=\"400\" src=\"https:\/\/kronika-futbolu.pl\/historia\/wp-content\/uploads\/2021\/01\/25B_Polska_Wegry_1987_dzienik_lodzki_nr_222-194x400.png\" class=\"attachment-medium size-medium\" alt=\"Polska - W\u0119gry 23 wrze\u015bnia 1987\" srcset=\"https:\/\/kronika-futbolu.pl\/historia\/wp-content\/uploads\/2021\/01\/25B_Polska_Wegry_1987_dzienik_lodzki_nr_222-194x400.png 194w, https:\/\/kronika-futbolu.pl\/historia\/wp-content\/uploads\/2021\/01\/25B_Polska_Wegry_1987_dzienik_lodzki_nr_222.png 457w\" sizes=\"auto, (max-width: 194px) 100vw, 194px\" \/>\r\n\t\t\t\t\t<small>Polska - W\u0119gry 23 wrze\u015bnia 1987. Dziennik \u0141\u00f3dzki nr 222<\/small>\r\n\t\t\t\t<\/a>\r\n\t\t\t<\/li><li>\r\n\t\t\t\t<a href=\"https:\/\/kronika-futbolu.pl\/historia\/wp-content\/uploads\/2021\/01\/25A_Polska_Wegry_1987_Youtube.png\" title=\"Polska - W\u0119gry 23 wrze\u015bnia 1987. \u0179r\u00f3d\u0142o: Youtube  - kadr\">\r\n\t\t\t\t\t<img loading=\"lazy\" decoding=\"async\" width=\"546\" height=\"400\" src=\"https:\/\/kronika-futbolu.pl\/historia\/wp-content\/uploads\/2021\/01\/25A_Polska_Wegry_1987_Youtube-546x400.png\" class=\"attachment-medium size-medium\" alt=\"Polska - W\u0119gry 23 wrze\u015bnia 1987\" srcset=\"https:\/\/kronika-futbolu.pl\/historia\/wp-content\/uploads\/2021\/01\/25A_Polska_Wegry_1987_Youtube-546x400.png 546w, https:\/\/kronika-futbolu.pl\/historia\/wp-content\/uploads\/2021\/01\/25A_Polska_Wegry_1987_Youtube.png 586w\" sizes=\"auto, (max-width: 546px) 100vw, 546px\" \/>\r\n\t\t\t\t\t<small>Polska - W\u0119gry 23 wrze\u015bnia 1987. \u0179r\u00f3d\u0142o: Youtube  - kadr<\/small>\r\n\t\t\t\t<\/a>\r\n\t\t\t<\/li><li>\r\n\t\t\t\t<a href=\"https:\/\/kronika-futbolu.pl\/historia\/wp-content\/uploads\/2021\/01\/24C_Wegry_Polska_1987_dziennik_lodzki_nr_113.png\" title=\"W\u0119gry - Polska 13 maja 1987. Dziennik \u0141\u00f3dzki nr 113\">\r\n\t\t\t\t\t<img loading=\"lazy\" decoding=\"async\" width=\"600\" height=\"269\" src=\"https:\/\/kronika-futbolu.pl\/historia\/wp-content\/uploads\/2021\/01\/24C_Wegry_Polska_1987_dziennik_lodzki_nr_113-600x269.png\" class=\"attachment-medium size-medium\" alt=\"W\u0119gry - Polska 13 maja 1987\" srcset=\"https:\/\/kronika-futbolu.pl\/historia\/wp-content\/uploads\/2021\/01\/24C_Wegry_Polska_1987_dziennik_lodzki_nr_113-600x269.png 600w, https:\/\/kronika-futbolu.pl\/historia\/wp-content\/uploads\/2021\/01\/24C_Wegry_Polska_1987_dziennik_lodzki_nr_113-768x344.png 768w, https:\/\/kronika-futbolu.pl\/historia\/wp-content\/uploads\/2021\/01\/24C_Wegry_Polska_1987_dziennik_lodzki_nr_113.png 910w\" sizes=\"auto, (max-width: 600px) 100vw, 600px\" \/>\r\n\t\t\t\t\t<small>W\u0119gry - Polska 13 maja 1987. Dziennik \u0141\u00f3dzki nr 113<\/small>\r\n\t\t\t\t<\/a>\r\n\t\t\t<\/li><li>\r\n\t\t\t\t<a href=\"https:\/\/kronika-futbolu.pl\/historia\/wp-content\/uploads\/2021\/01\/24B_Wegry_Polska_1987_youtube.png\" title=\"W\u0119gry - Polska 13 maja 1987. \u0179r\u00f3d\u0142o: Youtube  - kadr\">\r\n\t\t\t\t\t<img loading=\"lazy\" decoding=\"async\" width=\"600\" height=\"333\" src=\"https:\/\/kronika-futbolu.pl\/historia\/wp-content\/uploads\/2021\/01\/24B_Wegry_Polska_1987_youtube-600x333.png\" class=\"attachment-medium size-medium\" alt=\"W\u0119gry - Polska 13 maja 1987\" srcset=\"https:\/\/kronika-futbolu.pl\/historia\/wp-content\/uploads\/2021\/01\/24B_Wegry_Polska_1987_youtube-600x333.png 600w, https:\/\/kronika-futbolu.pl\/historia\/wp-content\/uploads\/2021\/01\/24B_Wegry_Polska_1987_youtube-768x426.png 768w, https:\/\/kronika-futbolu.pl\/historia\/wp-content\/uploads\/2021\/01\/24B_Wegry_Polska_1987_youtube.png 1139w\" sizes=\"auto, (max-width: 600px) 100vw, 600px\" \/>\r\n\t\t\t\t\t<small>W\u0119gry - Polska 13 maja 1987. \u0179r\u00f3d\u0142o: Youtube  - kadr<\/small>\r\n\t\t\t\t<\/a>\r\n\t\t\t<\/li><li>\r\n\t\t\t\t<a href=\"https:\/\/kronika-futbolu.pl\/historia\/wp-content\/uploads\/2021\/01\/24A_Wegry_Polska_1987_youtube.png\" title=\"W\u0119gry - Polska 13 maja 1987. \u0179r\u00f3d\u0142o: Youtube\">\r\n\t\t\t\t\t<img loading=\"lazy\" decoding=\"async\" width=\"600\" height=\"283\" src=\"https:\/\/kronika-futbolu.pl\/historia\/wp-content\/uploads\/2021\/01\/24A_Wegry_Polska_1987_youtube-600x283.png\" class=\"attachment-medium size-medium\" alt=\"W\u0119gry - Polska 13 maja 1987\" srcset=\"https:\/\/kronika-futbolu.pl\/historia\/wp-content\/uploads\/2021\/01\/24A_Wegry_Polska_1987_youtube-600x283.png 600w, https:\/\/kronika-futbolu.pl\/historia\/wp-content\/uploads\/2021\/01\/24A_Wegry_Polska_1987_youtube-768x362.png 768w, https:\/\/kronika-futbolu.pl\/historia\/wp-content\/uploads\/2021\/01\/24A_Wegry_Polska_1987_youtube.png 1328w\" sizes=\"auto, (max-width: 600px) 100vw, 600px\" \/>\r\n\t\t\t\t\t<small>W\u0119gry - Polska 13 maja 1987. \u0179r\u00f3d\u0142o: Youtube<\/small>\r\n\t\t\t\t<\/a>\r\n\t\t\t<\/li><li>\r\n\t\t\t\t<a href=\"https:\/\/kronika-futbolu.pl\/historia\/wp-content\/uploads\/2021\/01\/23B_Wegry_Polska_1980_Dziennik_Popularny_nr_70.png\" title=\"W\u0119gry - Polska 26 marca 1980. Dziennik Popularny\">\r\n\t\t\t\t\t<img loading=\"lazy\" decoding=\"async\" width=\"533\" height=\"400\" src=\"https:\/\/kronika-futbolu.pl\/historia\/wp-content\/uploads\/2021\/01\/23B_Wegry_Polska_1980_Dziennik_Popularny_nr_70-533x400.png\" class=\"attachment-medium size-medium\" alt=\"W\u0119gry - Polska 26 marca 1980\" srcset=\"https:\/\/kronika-futbolu.pl\/historia\/wp-content\/uploads\/2021\/01\/23B_Wegry_Polska_1980_Dziennik_Popularny_nr_70-533x400.png 533w, https:\/\/kronika-futbolu.pl\/historia\/wp-content\/uploads\/2021\/01\/23B_Wegry_Polska_1980_Dziennik_Popularny_nr_70-768x577.png 768w, https:\/\/kronika-futbolu.pl\/historia\/wp-content\/uploads\/2021\/01\/23B_Wegry_Polska_1980_Dziennik_Popularny_nr_70.png 1204w\" sizes=\"auto, (max-width: 533px) 100vw, 533px\" \/>\r\n\t\t\t\t\t<small>W\u0119gry - Polska 26 marca 1980. Dziennik Popularny<\/small>\r\n\t\t\t\t<\/a>\r\n\t\t\t<\/li><li>\r\n\t\t\t\t<a href=\"https:\/\/kronika-futbolu.pl\/historia\/wp-content\/uploads\/2021\/01\/23A_Wegry_Polska_1980_Dziennik_Polski_nr_70.png\" title=\"W\u0119gry - Polska 26 marca 1980. Dziennik Polski.\">\r\n\t\t\t\t\t<img loading=\"lazy\" decoding=\"async\" width=\"600\" height=\"286\" src=\"https:\/\/kronika-futbolu.pl\/historia\/wp-content\/uploads\/2021\/01\/23A_Wegry_Polska_1980_Dziennik_Polski_nr_70-600x286.png\" class=\"attachment-medium size-medium\" alt=\"W\u0119gry - Polska 26 marca 1980\" srcset=\"https:\/\/kronika-futbolu.pl\/historia\/wp-content\/uploads\/2021\/01\/23A_Wegry_Polska_1980_Dziennik_Polski_nr_70-600x286.png 600w, https:\/\/kronika-futbolu.pl\/historia\/wp-content\/uploads\/2021\/01\/23A_Wegry_Polska_1980_Dziennik_Polski_nr_70-768x366.png 768w, https:\/\/kronika-futbolu.pl\/historia\/wp-content\/uploads\/2021\/01\/23A_Wegry_Polska_1980_Dziennik_Polski_nr_70.png 914w\" sizes=\"auto, (max-width: 600px) 100vw, 600px\" \/>\r\n\t\t\t\t\t<small>W\u0119gry - Polska 26 marca 1980. Dziennik Polski.<\/small>\r\n\t\t\t\t<\/a>\r\n\t\t\t<\/li><li>\r\n\t\t\t\t<a href=\"https:\/\/kronika-futbolu.pl\/historia\/wp-content\/uploads\/2021\/01\/22B_Polska_Wegry_1979_Dziennik_Popularny_nr_76.png\" title=\"Polska-W\u0119gry 1979. Dziennik Popularny - \u0141\u00f3d\u017a nr 76\">\r\n\t\t\t\t\t<img loading=\"lazy\" decoding=\"async\" width=\"600\" height=\"348\" src=\"https:\/\/kronika-futbolu.pl\/historia\/wp-content\/uploads\/2021\/01\/22B_Polska_Wegry_1979_Dziennik_Popularny_nr_76-600x348.png\" class=\"attachment-medium size-medium\" alt=\"Polska-W\u0119gry 1979\" srcset=\"https:\/\/kronika-futbolu.pl\/historia\/wp-content\/uploads\/2021\/01\/22B_Polska_Wegry_1979_Dziennik_Popularny_nr_76-600x348.png 600w, https:\/\/kronika-futbolu.pl\/historia\/wp-content\/uploads\/2021\/01\/22B_Polska_Wegry_1979_Dziennik_Popularny_nr_76-768x445.png 768w, https:\/\/kronika-futbolu.pl\/historia\/wp-content\/uploads\/2021\/01\/22B_Polska_Wegry_1979_Dziennik_Popularny_nr_76.png 1115w\" sizes=\"auto, (max-width: 600px) 100vw, 600px\" \/>\r\n\t\t\t\t\t<small>Polska-W\u0119gry 1979. Dziennik Popularny - \u0141\u00f3d\u017a nr 76<\/small>\r\n\t\t\t\t<\/a>\r\n\t\t\t<\/li><li>\r\n\t\t\t\t<a href=\"https:\/\/kronika-futbolu.pl\/historia\/wp-content\/uploads\/2021\/01\/22A_Polska_Wegry_1979_Kadr_z_transmisji.png\" title=\"Kadr z transmisji, moment strza\u0142u Grzegorza Laty po kt\u00f3rym pad\u0142 gol - kadr\">\r\n\t\t\t\t\t<img loading=\"lazy\" decoding=\"async\" width=\"585\" height=\"400\" src=\"https:\/\/kronika-futbolu.pl\/historia\/wp-content\/uploads\/2021\/01\/22A_Polska_Wegry_1979_Kadr_z_transmisji-585x400.png\" class=\"attachment-medium size-medium\" alt=\"Polska-W\u0119gry 1979\" srcset=\"https:\/\/kronika-futbolu.pl\/historia\/wp-content\/uploads\/2021\/01\/22A_Polska_Wegry_1979_Kadr_z_transmisji-585x400.png 585w, https:\/\/kronika-futbolu.pl\/historia\/wp-content\/uploads\/2021\/01\/22A_Polska_Wegry_1979_Kadr_z_transmisji.png 649w\" sizes=\"auto, (max-width: 585px) 100vw, 585px\" \/>\r\n\t\t\t\t\t<small>Kadr z transmisji, moment strza\u0142u Grzegorza Laty po kt\u00f3rym pad\u0142 gol - kadr<\/small>\r\n\t\t\t\t<\/a>\r\n\t\t\t<\/li><li>\r\n\t\t\t\t<a href=\"https:\/\/kronika-futbolu.pl\/historia\/wp-content\/uploads\/2021\/01\/21B_Wegry_Polska_1977_Dziennik_Popularny_nr_83.png\" title=\"W\u0119gry - Polska 1977. Dziennik Popularny nr 83\">\r\n\t\t\t\t\t<img loading=\"lazy\" decoding=\"async\" width=\"438\" height=\"400\" src=\"https:\/\/kronika-futbolu.pl\/historia\/wp-content\/uploads\/2021\/01\/21B_Wegry_Polska_1977_Dziennik_Popularny_nr_83-438x400.png\" class=\"attachment-medium size-medium\" alt=\"W\u0119gry - Polska 1977\" srcset=\"https:\/\/kronika-futbolu.pl\/historia\/wp-content\/uploads\/2021\/01\/21B_Wegry_Polska_1977_Dziennik_Popularny_nr_83-438x400.png 438w, https:\/\/kronika-futbolu.pl\/historia\/wp-content\/uploads\/2021\/01\/21B_Wegry_Polska_1977_Dziennik_Popularny_nr_83.png 740w\" sizes=\"auto, (max-width: 438px) 100vw, 438px\" \/>\r\n\t\t\t\t\t<small>W\u0119gry - Polska 1977. Dziennik Popularny nr 83<\/small>\r\n\t\t\t\t<\/a>\r\n\t\t\t<\/li><li>\r\n\t\t\t\t<a href=\"https:\/\/kronika-futbolu.pl\/historia\/wp-content\/uploads\/2021\/01\/21A_Wegry_Polska_1977_Youtube.png\" title=\"W\u0119gry - Polska 1977 - kadr\">\r\n\t\t\t\t\t<img loading=\"lazy\" decoding=\"async\" width=\"592\" height=\"308\" src=\"https:\/\/kronika-futbolu.pl\/historia\/wp-content\/uploads\/2021\/01\/21A_Wegry_Polska_1977_Youtube.png\" class=\"attachment-medium size-medium\" alt=\"W\u0119gry - Polska 1977\" \/>\r\n\t\t\t\t\t<small>W\u0119gry - Polska 1977 - kadr<\/small>\r\n\t\t\t\t<\/a>\r\n\t\t\t<\/li><li>\r\n\t\t\t\t<a href=\"https:\/\/kronika-futbolu.pl\/historia\/wp-content\/uploads\/2021\/01\/20B_Polska-Wegry_1975_Dziennik_Popularny_nr_222.png\" title=\"Polska-W\u0119gry 1975. Dziennik Polski nr 222\">\r\n\t\t\t\t\t<img loading=\"lazy\" decoding=\"async\" width=\"491\" height=\"400\" src=\"https:\/\/kronika-futbolu.pl\/historia\/wp-content\/uploads\/2021\/01\/20B_Polska-Wegry_1975_Dziennik_Popularny_nr_222-491x400.png\" class=\"attachment-medium size-medium\" alt=\"Polska-W\u0119gry 1975\" srcset=\"https:\/\/kronika-futbolu.pl\/historia\/wp-content\/uploads\/2021\/01\/20B_Polska-Wegry_1975_Dziennik_Popularny_nr_222-491x400.png 491w, https:\/\/kronika-futbolu.pl\/historia\/wp-content\/uploads\/2021\/01\/20B_Polska-Wegry_1975_Dziennik_Popularny_nr_222-768x625.png 768w, https:\/\/kronika-futbolu.pl\/historia\/wp-content\/uploads\/2021\/01\/20B_Polska-Wegry_1975_Dziennik_Popularny_nr_222.png 894w\" sizes=\"auto, (max-width: 491px) 100vw, 491px\" \/>\r\n\t\t\t\t\t<small>Polska-W\u0119gry 1975. Dziennik Polski nr 222<\/small>\r\n\t\t\t\t<\/a>\r\n\t\t\t<\/li><li>\r\n\t\t\t\t<a href=\"https:\/\/kronika-futbolu.pl\/historia\/wp-content\/uploads\/2021\/01\/20A_Polska-Wegry_1975_Dziennik_Polski_nr_222.png\" title=\"Polska-W\u0119gry 1975. Dziennik Popularny  nr 222\">\r\n\t\t\t\t\t<img loading=\"lazy\" decoding=\"async\" width=\"600\" height=\"379\" src=\"https:\/\/kronika-futbolu.pl\/historia\/wp-content\/uploads\/2021\/01\/20A_Polska-Wegry_1975_Dziennik_Polski_nr_222-600x379.png\" class=\"attachment-medium size-medium\" alt=\"Polska-W\u0119gry 1975.\" srcset=\"https:\/\/kronika-futbolu.pl\/historia\/wp-content\/uploads\/2021\/01\/20A_Polska-Wegry_1975_Dziennik_Polski_nr_222-600x379.png 600w, https:\/\/kronika-futbolu.pl\/historia\/wp-content\/uploads\/2021\/01\/20A_Polska-Wegry_1975_Dziennik_Polski_nr_222-768x485.png 768w, https:\/\/kronika-futbolu.pl\/historia\/wp-content\/uploads\/2021\/01\/20A_Polska-Wegry_1975_Dziennik_Polski_nr_222.png 1106w\" sizes=\"auto, (max-width: 600px) 100vw, 600px\" \/>\r\n\t\t\t\t\t<small>Polska-W\u0119gry 1975. Dziennik Popularny  nr 222<\/small>\r\n\t\t\t\t<\/a>\r\n\t\t\t<\/li><li>\r\n\t\t\t\t<a href=\"https:\/\/kronika-futbolu.pl\/historia\/wp-content\/uploads\/2021\/01\/18A_Wegry_Polska_1970_Dziennik_Polski.png\" title=\"W\u0119gry - Polska 1970. Dziennik Polski\">\r\n\t\t\t\t\t<img loading=\"lazy\" decoding=\"async\" width=\"600\" height=\"256\" src=\"https:\/\/kronika-futbolu.pl\/historia\/wp-content\/uploads\/2021\/01\/18A_Wegry_Polska_1970_Dziennik_Polski-600x256.png\" class=\"attachment-medium size-medium\" alt=\"W\u0119gry - Polska 1970\" srcset=\"https:\/\/kronika-futbolu.pl\/historia\/wp-content\/uploads\/2021\/01\/18A_Wegry_Polska_1970_Dziennik_Polski-600x256.png 600w, https:\/\/kronika-futbolu.pl\/historia\/wp-content\/uploads\/2021\/01\/18A_Wegry_Polska_1970_Dziennik_Polski-768x328.png 768w, https:\/\/kronika-futbolu.pl\/historia\/wp-content\/uploads\/2021\/01\/18A_Wegry_Polska_1970_Dziennik_Polski.png 920w\" sizes=\"auto, (max-width: 600px) 100vw, 600px\" \/>\r\n\t\t\t\t\t<small>W\u0119gry - Polska 1970. Dziennik Polski<\/small>\r\n\t\t\t\t<\/a>\r\n\t\t\t<\/li><li>\r\n\t\t\t\t<a href=\"https:\/\/kronika-futbolu.pl\/historia\/wp-content\/uploads\/2021\/01\/17B_Polska_Wegry_1966_TrybunaRobotnicza.png\" title=\"Polska - W\u0119gry 1:1 1966 Chorz\u00f3w\">\r\n\t\t\t\t\t<img loading=\"lazy\" decoding=\"async\" width=\"600\" height=\"294\" src=\"https:\/\/kronika-futbolu.pl\/historia\/wp-content\/uploads\/2021\/01\/17B_Polska_Wegry_1966_TrybunaRobotnicza-600x294.png\" class=\"attachment-medium size-medium\" alt=\"Polska - W\u0119gry 1:1 1966 Chorz\u00f3w\" srcset=\"https:\/\/kronika-futbolu.pl\/historia\/wp-content\/uploads\/2021\/01\/17B_Polska_Wegry_1966_TrybunaRobotnicza-600x294.png 600w, https:\/\/kronika-futbolu.pl\/historia\/wp-content\/uploads\/2021\/01\/17B_Polska_Wegry_1966_TrybunaRobotnicza-768x377.png 768w, https:\/\/kronika-futbolu.pl\/historia\/wp-content\/uploads\/2021\/01\/17B_Polska_Wegry_1966_TrybunaRobotnicza.png 901w\" sizes=\"auto, (max-width: 600px) 100vw, 600px\" \/>\r\n\t\t\t\t\t<small>Polska - W\u0119gry 1:1 1966 Chorz\u00f3w<\/small>\r\n\t\t\t\t<\/a>\r\n\t\t\t<\/li><li>\r\n\t\t\t\t<a href=\"https:\/\/kronika-futbolu.pl\/historia\/wp-content\/uploads\/2021\/01\/16B_Polska_Wegry_1962_Delmagyarorszag_nr_206.png\" title=\"Polska - W\u0119gry 1962 Pozna\u0144. \u0179r\u00f3d\u0142o: D\u00e9lmagyarorsz\u00e1g\">\r\n\t\t\t\t\t<img loading=\"lazy\" decoding=\"async\" width=\"600\" height=\"331\" src=\"https:\/\/kronika-futbolu.pl\/historia\/wp-content\/uploads\/2021\/01\/16B_Polska_Wegry_1962_Delmagyarorszag_nr_206-600x331.png\" class=\"attachment-medium size-medium\" alt=\"Polska - W\u0119gry 1962 Pozna\u0144\" srcset=\"https:\/\/kronika-futbolu.pl\/historia\/wp-content\/uploads\/2021\/01\/16B_Polska_Wegry_1962_Delmagyarorszag_nr_206-600x331.png 600w, https:\/\/kronika-futbolu.pl\/historia\/wp-content\/uploads\/2021\/01\/16B_Polska_Wegry_1962_Delmagyarorszag_nr_206-768x423.png 768w, https:\/\/kronika-futbolu.pl\/historia\/wp-content\/uploads\/2021\/01\/16B_Polska_Wegry_1962_Delmagyarorszag_nr_206.png 958w\" sizes=\"auto, (max-width: 600px) 100vw, 600px\" \/>\r\n\t\t\t\t\t<small>Polska - W\u0119gry 1962 Pozna\u0144. \u0179r\u00f3d\u0142o: D\u00e9lmagyarorsz\u00e1g<\/small>\r\n\t\t\t\t<\/a>\r\n\t\t\t<\/li><li>\r\n\t\t\t\t<a href=\"https:\/\/kronika-futbolu.pl\/historia\/wp-content\/uploads\/2021\/01\/15B_Wegry_Polska_1960_tempofradi_hu.png\" title=\"W\u0119gry - Polska 1960\">\r\n\t\t\t\t\t<img loading=\"lazy\" decoding=\"async\" width=\"229\" height=\"400\" src=\"https:\/\/kronika-futbolu.pl\/historia\/wp-content\/uploads\/2021\/01\/15B_Wegry_Polska_1960_tempofradi_hu-229x400.png\" class=\"attachment-medium size-medium\" alt=\"W\u0119gry - Polska 1960\" srcset=\"https:\/\/kronika-futbolu.pl\/historia\/wp-content\/uploads\/2021\/01\/15B_Wegry_Polska_1960_tempofradi_hu-229x400.png 229w, https:\/\/kronika-futbolu.pl\/historia\/wp-content\/uploads\/2021\/01\/15B_Wegry_Polska_1960_tempofradi_hu.png 351w\" sizes=\"auto, (max-width: 229px) 100vw, 229px\" \/>\r\n\t\t\t\t\t<small>W\u0119gry - Polska 1960<\/small>\r\n\t\t\t\t<\/a>\r\n\t\t\t<\/li><li>\r\n\t\t\t\t<a href=\"https:\/\/kronika-futbolu.pl\/historia\/wp-content\/uploads\/2021\/01\/14B_Polska_Wegry_1958_Trybuna_Robotnicza_nr_218.png\" title=\"Polska - W\u0119gry 1958. Trybuna Robotnicza nr 218\">\r\n\t\t\t\t\t<img loading=\"lazy\" decoding=\"async\" width=\"264\" height=\"400\" src=\"https:\/\/kronika-futbolu.pl\/historia\/wp-content\/uploads\/2021\/01\/14B_Polska_Wegry_1958_Trybuna_Robotnicza_nr_218-264x400.png\" class=\"attachment-medium size-medium\" alt=\"Polska - W\u0119gry 1958\" srcset=\"https:\/\/kronika-futbolu.pl\/historia\/wp-content\/uploads\/2021\/01\/14B_Polska_Wegry_1958_Trybuna_Robotnicza_nr_218-264x400.png 264w, https:\/\/kronika-futbolu.pl\/historia\/wp-content\/uploads\/2021\/01\/14B_Polska_Wegry_1958_Trybuna_Robotnicza_nr_218.png 615w\" sizes=\"auto, (max-width: 264px) 100vw, 264px\" \/>\r\n\t\t\t\t\t<small>Polska - W\u0119gry 1958. Trybuna Robotnicza nr 218<\/small>\r\n\t\t\t\t<\/a>\r\n\t\t\t<\/li><li>\r\n\t\t\t\t<a href=\"https:\/\/kronika-futbolu.pl\/historia\/wp-content\/uploads\/2021\/01\/14A_Polska_Wegry_1958_Trybuna_Robotnicza_nr_218.png\" title=\"Polska - W\u0119gry 1958. Trybuna Robotnicza nr 218\">\r\n\t\t\t\t\t<img loading=\"lazy\" decoding=\"async\" width=\"573\" height=\"400\" src=\"https:\/\/kronika-futbolu.pl\/historia\/wp-content\/uploads\/2021\/01\/14A_Polska_Wegry_1958_Trybuna_Robotnicza_nr_218-573x400.png\" class=\"attachment-medium size-medium\" alt=\"Polska - W\u0119gry 1958\" srcset=\"https:\/\/kronika-futbolu.pl\/historia\/wp-content\/uploads\/2021\/01\/14A_Polska_Wegry_1958_Trybuna_Robotnicza_nr_218-573x400.png 573w, https:\/\/kronika-futbolu.pl\/historia\/wp-content\/uploads\/2021\/01\/14A_Polska_Wegry_1958_Trybuna_Robotnicza_nr_218-768x536.png 768w, https:\/\/kronika-futbolu.pl\/historia\/wp-content\/uploads\/2021\/01\/14A_Polska_Wegry_1958_Trybuna_Robotnicza_nr_218.png 887w\" sizes=\"auto, (max-width: 573px) 100vw, 573px\" \/>\r\n\t\t\t\t\t<small>Polska - W\u0119gry 1958. Trybuna Robotnicza nr 218<\/small>\r\n\t\t\t\t<\/a>\r\n\t\t\t<\/li><li>\r\n\t\t\t\t<a href=\"https:\/\/kronika-futbolu.pl\/historia\/wp-content\/uploads\/2021\/01\/13C_Wegry_Polska_1956_Youtube.png\" title=\"W\u0119gry - Polska 1956. \u0179r\u00f3d\u0142o; Youtube  - kadr\">\r\n\t\t\t\t\t<img loading=\"lazy\" decoding=\"async\" width=\"600\" height=\"277\" src=\"https:\/\/kronika-futbolu.pl\/historia\/wp-content\/uploads\/2021\/01\/13C_Wegry_Polska_1956_Youtube-600x277.png\" class=\"attachment-medium size-medium\" alt=\"W\u0119gry - Polska 1956\" srcset=\"https:\/\/kronika-futbolu.pl\/historia\/wp-content\/uploads\/2021\/01\/13C_Wegry_Polska_1956_Youtube-600x277.png 600w, https:\/\/kronika-futbolu.pl\/historia\/wp-content\/uploads\/2021\/01\/13C_Wegry_Polska_1956_Youtube-768x355.png 768w, https:\/\/kronika-futbolu.pl\/historia\/wp-content\/uploads\/2021\/01\/13C_Wegry_Polska_1956_Youtube.png 963w\" sizes=\"auto, (max-width: 600px) 100vw, 600px\" \/>\r\n\t\t\t\t\t<small>W\u0119gry - Polska 1956. \u0179r\u00f3d\u0142o; Youtube  - kadr<\/small>\r\n\t\t\t\t<\/a>\r\n\t\t\t<\/li><li>\r\n\t\t\t\t<a href=\"https:\/\/kronika-futbolu.pl\/historia\/wp-content\/uploads\/2021\/01\/13B_Wegry_Polska_1956_Dunantuli-Naplo_nr167.png\" title=\"W\u0119gry - Polska 1956. Dun\u00e1nt\u00fali Napl\u00f3 nr 167\">\r\n\t\t\t\t\t<img loading=\"lazy\" decoding=\"async\" width=\"600\" height=\"250\" src=\"https:\/\/kronika-futbolu.pl\/historia\/wp-content\/uploads\/2021\/01\/13B_Wegry_Polska_1956_Dunantuli-Naplo_nr167-600x250.png\" class=\"attachment-medium size-medium\" alt=\"W\u0119gry - Polska 1956\" srcset=\"https:\/\/kronika-futbolu.pl\/historia\/wp-content\/uploads\/2021\/01\/13B_Wegry_Polska_1956_Dunantuli-Naplo_nr167-600x250.png 600w, https:\/\/kronika-futbolu.pl\/historia\/wp-content\/uploads\/2021\/01\/13B_Wegry_Polska_1956_Dunantuli-Naplo_nr167-768x319.png 768w, https:\/\/kronika-futbolu.pl\/historia\/wp-content\/uploads\/2021\/01\/13B_Wegry_Polska_1956_Dunantuli-Naplo_nr167.png 1113w\" sizes=\"auto, (max-width: 600px) 100vw, 600px\" \/>\r\n\t\t\t\t\t<small>W\u0119gry - Polska 1956. Dun\u00e1nt\u00fali Napl\u00f3 nr 167<\/small>\r\n\t\t\t\t<\/a>\r\n\t\t\t<\/li><li>\r\n\t\t\t\t<a href=\"https:\/\/kronika-futbolu.pl\/historia\/wp-content\/uploads\/2021\/01\/13A_Wegry_Polska_1956_Trybuna.png\" title=\"W\u0119gry - Polska 1956. Nag\u0142\u00f3wek: Trybuna Robotnicza\">\r\n\t\t\t\t\t<img loading=\"lazy\" decoding=\"async\" width=\"600\" height=\"140\" src=\"https:\/\/kronika-futbolu.pl\/historia\/wp-content\/uploads\/2021\/01\/13A_Wegry_Polska_1956_Trybuna-600x140.png\" class=\"attachment-medium size-medium\" alt=\"W\u0119gry - Polska 1956\" srcset=\"https:\/\/kronika-futbolu.pl\/historia\/wp-content\/uploads\/2021\/01\/13A_Wegry_Polska_1956_Trybuna-600x140.png 600w, https:\/\/kronika-futbolu.pl\/historia\/wp-content\/uploads\/2021\/01\/13A_Wegry_Polska_1956_Trybuna.png 603w\" sizes=\"auto, (max-width: 600px) 100vw, 600px\" \/>\r\n\t\t\t\t\t<small>W\u0119gry - Polska 1956. Nag\u0142\u00f3wek: Trybuna Robotnicza<\/small>\r\n\t\t\t\t<\/a>\r\n\t\t\t<\/li><li>\r\n\t\t\t\t<a href=\"https:\/\/kronika-futbolu.pl\/historia\/wp-content\/uploads\/2021\/01\/12B_Polska_Wegry_1952_DunantulliNaplo_nr140.png\" title=\"Polska - W\u0119gry 1952. Dun\u00e1nt\u00fali Napl\u00f3 nr 140\">\r\n\t\t\t\t\t<img loading=\"lazy\" decoding=\"async\" width=\"600\" height=\"285\" src=\"https:\/\/kronika-futbolu.pl\/historia\/wp-content\/uploads\/2021\/01\/12B_Polska_Wegry_1952_DunantulliNaplo_nr140-600x285.png\" class=\"attachment-medium size-medium\" alt=\"Polska - W\u0119gry 1952\" srcset=\"https:\/\/kronika-futbolu.pl\/historia\/wp-content\/uploads\/2021\/01\/12B_Polska_Wegry_1952_DunantulliNaplo_nr140-600x285.png 600w, https:\/\/kronika-futbolu.pl\/historia\/wp-content\/uploads\/2021\/01\/12B_Polska_Wegry_1952_DunantulliNaplo_nr140-768x365.png 768w, https:\/\/kronika-futbolu.pl\/historia\/wp-content\/uploads\/2021\/01\/12B_Polska_Wegry_1952_DunantulliNaplo_nr140.png 1222w\" sizes=\"auto, (max-width: 600px) 100vw, 600px\" \/>\r\n\t\t\t\t\t<small>Polska - W\u0119gry 1952. Dun\u00e1nt\u00fali Napl\u00f3 nr 140<\/small>\r\n\t\t\t\t<\/a>\r\n\t\t\t<\/li><li>\r\n\t\t\t\t<a href=\"https:\/\/kronika-futbolu.pl\/historia\/wp-content\/uploads\/2021\/01\/12A_Polska_Wegry_1952_TrybunaRobotnicza_Katowice_nr143.png\" title=\"Polska - W\u0119gry 1952. Trybuna Robotnicza Katowice nr 143\">\r\n\t\t\t\t\t<img loading=\"lazy\" decoding=\"async\" width=\"578\" height=\"400\" src=\"https:\/\/kronika-futbolu.pl\/historia\/wp-content\/uploads\/2021\/01\/12A_Polska_Wegry_1952_TrybunaRobotnicza_Katowice_nr143-578x400.png\" class=\"attachment-medium size-medium\" alt=\"Polska - W\u0119gry 1952\" srcset=\"https:\/\/kronika-futbolu.pl\/historia\/wp-content\/uploads\/2021\/01\/12A_Polska_Wegry_1952_TrybunaRobotnicza_Katowice_nr143-578x400.png 578w, https:\/\/kronika-futbolu.pl\/historia\/wp-content\/uploads\/2021\/01\/12A_Polska_Wegry_1952_TrybunaRobotnicza_Katowice_nr143-768x531.png 768w, https:\/\/kronika-futbolu.pl\/historia\/wp-content\/uploads\/2021\/01\/12A_Polska_Wegry_1952_TrybunaRobotnicza_Katowice_nr143.png 882w\" sizes=\"auto, (max-width: 578px) 100vw, 578px\" \/>\r\n\t\t\t\t\t<small>Polska - W\u0119gry 1952. Trybuna Robotnicza Katowice nr 143<\/small>\r\n\t\t\t\t<\/a>\r\n\t\t\t<\/li><li>\r\n\t\t\t\t<a href=\"https:\/\/kronika-futbolu.pl\/historia\/wp-content\/uploads\/2021\/01\/11B_Wegry_Polska_1951_DziennikPolski_nr146.png\" title=\"Tytu\u0142: Dziennik Polski nr 146\">\r\n\t\t\t\t\t<img loading=\"lazy\" decoding=\"async\" width=\"600\" height=\"336\" src=\"https:\/\/kronika-futbolu.pl\/historia\/wp-content\/uploads\/2021\/01\/11B_Wegry_Polska_1951_DziennikPolski_nr146-600x336.png\" class=\"attachment-medium size-medium\" alt=\"W\u0119gry - Polska 6:0 1951\" srcset=\"https:\/\/kronika-futbolu.pl\/historia\/wp-content\/uploads\/2021\/01\/11B_Wegry_Polska_1951_DziennikPolski_nr146-600x336.png 600w, https:\/\/kronika-futbolu.pl\/historia\/wp-content\/uploads\/2021\/01\/11B_Wegry_Polska_1951_DziennikPolski_nr146-768x430.png 768w, https:\/\/kronika-futbolu.pl\/historia\/wp-content\/uploads\/2021\/01\/11B_Wegry_Polska_1951_DziennikPolski_nr146.png 1037w\" sizes=\"auto, (max-width: 600px) 100vw, 600px\" \/>\r\n\t\t\t\t\t<small>Tytu\u0142: Dziennik Polski nr 146<\/small>\r\n\t\t\t\t<\/a>\r\n\t\t\t<\/li><li>\r\n\t\t\t\t<a href=\"https:\/\/kronika-futbolu.pl\/historia\/wp-content\/uploads\/2021\/01\/11A_Wegry_Polska_1951_DziennikLodzkinr146.png\" title=\"Tytu\u0142: Dziennik \u0141\u00f3dzki nr 146\">\r\n\t\t\t\t\t<img loading=\"lazy\" decoding=\"async\" width=\"600\" height=\"232\" src=\"https:\/\/kronika-futbolu.pl\/historia\/wp-content\/uploads\/2021\/01\/11A_Wegry_Polska_1951_DziennikLodzkinr146-600x232.png\" class=\"attachment-medium size-medium\" alt=\"W\u0119gry - Polska 6:0 1951\" srcset=\"https:\/\/kronika-futbolu.pl\/historia\/wp-content\/uploads\/2021\/01\/11A_Wegry_Polska_1951_DziennikLodzkinr146-600x232.png 600w, https:\/\/kronika-futbolu.pl\/historia\/wp-content\/uploads\/2021\/01\/11A_Wegry_Polska_1951_DziennikLodzkinr146-768x297.png 768w, https:\/\/kronika-futbolu.pl\/historia\/wp-content\/uploads\/2021\/01\/11A_Wegry_Polska_1951_DziennikLodzkinr146.png 1456w\" sizes=\"auto, (max-width: 600px) 100vw, 600px\" \/>\r\n\t\t\t\t\t<small>Tytu\u0142: Dziennik \u0141\u00f3dzki nr 146<\/small>\r\n\t\t\t\t<\/a>\r\n\t\t\t<\/li><li>\r\n\t\t\t\t<a href=\"https:\/\/kronika-futbolu.pl\/historia\/wp-content\/uploads\/2021\/01\/10B_Polska_Wegry_1950_Dziennik_Polski_nr_153.png\" title=\"Dziennik Polski nr 153 1950\">\r\n\t\t\t\t\t<img loading=\"lazy\" decoding=\"async\" width=\"600\" height=\"272\" src=\"https:\/\/kronika-futbolu.pl\/historia\/wp-content\/uploads\/2021\/01\/10B_Polska_Wegry_1950_Dziennik_Polski_nr_153-600x272.png\" class=\"attachment-medium size-medium\" alt=\"Polska - W\u0119gry 1950\" srcset=\"https:\/\/kronika-futbolu.pl\/historia\/wp-content\/uploads\/2021\/01\/10B_Polska_Wegry_1950_Dziennik_Polski_nr_153-600x272.png 600w, https:\/\/kronika-futbolu.pl\/historia\/wp-content\/uploads\/2021\/01\/10B_Polska_Wegry_1950_Dziennik_Polski_nr_153-768x348.png 768w, https:\/\/kronika-futbolu.pl\/historia\/wp-content\/uploads\/2021\/01\/10B_Polska_Wegry_1950_Dziennik_Polski_nr_153.png 1361w\" sizes=\"auto, (max-width: 600px) 100vw, 600px\" \/>\r\n\t\t\t\t\t<small>Dziennik Polski nr 153 1950<\/small>\r\n\t\t\t\t<\/a>\r\n\t\t\t<\/li><li>\r\n\t\t\t\t<a href=\"https:\/\/kronika-futbolu.pl\/historia\/wp-content\/uploads\/2021\/01\/9A_Wegry_Polska_1949_youtube.png\" title=\"W\u0119gry - Polska 1949. \u0179r\u00f3d\u0142o: Youtube  - kadr\">\r\n\t\t\t\t\t<img loading=\"lazy\" decoding=\"async\" width=\"583\" height=\"211\" src=\"https:\/\/kronika-futbolu.pl\/historia\/wp-content\/uploads\/2021\/01\/9A_Wegry_Polska_1949_youtube.png\" class=\"attachment-medium size-medium\" alt=\"W\u0119gry - Polska 1949\" \/>\r\n\t\t\t\t\t<small>W\u0119gry - Polska 1949. \u0179r\u00f3d\u0142o: Youtube  - kadr<\/small>\r\n\t\t\t\t<\/a>\r\n\t\t\t<\/li><li>\r\n\t\t\t\t<a href=\"https:\/\/kronika-futbolu.pl\/historia\/wp-content\/uploads\/2021\/01\/8A_Polska_Wegry_1948_Przeglad_Sportowy.png\" title=\"Polska - W\u0119gry 1948. Przegl\u0105d Sportowy.\">\r\n\t\t\t\t\t<img loading=\"lazy\" decoding=\"async\" width=\"600\" height=\"307\" src=\"https:\/\/kronika-futbolu.pl\/historia\/wp-content\/uploads\/2021\/01\/8A_Polska_Wegry_1948_Przeglad_Sportowy-600x307.png\" class=\"attachment-medium size-medium\" alt=\"Polska - W\u0119gry 1948\" srcset=\"https:\/\/kronika-futbolu.pl\/historia\/wp-content\/uploads\/2021\/01\/8A_Polska_Wegry_1948_Przeglad_Sportowy-600x307.png 600w, https:\/\/kronika-futbolu.pl\/historia\/wp-content\/uploads\/2021\/01\/8A_Polska_Wegry_1948_Przeglad_Sportowy-768x392.png 768w, https:\/\/kronika-futbolu.pl\/historia\/wp-content\/uploads\/2021\/01\/8A_Polska_Wegry_1948_Przeglad_Sportowy.png 861w\" sizes=\"auto, (max-width: 600px) 100vw, 600px\" \/>\r\n\t\t\t\t\t<small>Polska - W\u0119gry 1948. Przegl\u0105d Sportowy.<\/small>\r\n\t\t\t\t<\/a>\r\n\t\t\t<\/li><li>\r\n\t\t\t\t<a href=\"https:\/\/kronika-futbolu.pl\/historia\/wp-content\/uploads\/2021\/01\/7C_Polska-Wegry_1939_przeglad_Sportowy.png\" title=\"Przegl\u0105d Sportowy\">\r\n\t\t\t\t\t<img loading=\"lazy\" decoding=\"async\" width=\"600\" height=\"109\" src=\"https:\/\/kronika-futbolu.pl\/historia\/wp-content\/uploads\/2021\/01\/7C_Polska-Wegry_1939_przeglad_Sportowy-600x109.png\" class=\"attachment-medium size-medium\" alt=\"Polska -W\u0119gry 1939\" srcset=\"https:\/\/kronika-futbolu.pl\/historia\/wp-content\/uploads\/2021\/01\/7C_Polska-Wegry_1939_przeglad_Sportowy-600x109.png 600w, https:\/\/kronika-futbolu.pl\/historia\/wp-content\/uploads\/2021\/01\/7C_Polska-Wegry_1939_przeglad_Sportowy-768x140.png 768w, https:\/\/kronika-futbolu.pl\/historia\/wp-content\/uploads\/2021\/01\/7C_Polska-Wegry_1939_przeglad_Sportowy.png 1263w\" sizes=\"auto, (max-width: 600px) 100vw, 600px\" \/>\r\n\t\t\t\t\t<small>Przegl\u0105d Sportowy<\/small>\r\n\t\t\t\t<\/a>\r\n\t\t\t<\/li><li>\r\n\t\t\t\t<a href=\"https:\/\/kronika-futbolu.pl\/historia\/wp-content\/uploads\/2021\/01\/7B_Polska_Wegry_1939_NAC-1.png\" title=\"Polska-W\u0119gry 1939. Losowanie stron boiska przed meczem. Widoczni m.in.: kapitanowie dru\u017cyn W\u0142adys\u0142aw Szczepaniak (z prawej w jasnym stroju), J\u00f3zsef Turay (z lewej pochylony) i s\u0119dzia g\u0142\u00f3wny Fin Esko Pekkonen (3. z lewej).\u0179r\u00f3d\u0142o: Zbiory NAC. nac.gov.pl\">\r\n\t\t\t\t\t<img loading=\"lazy\" decoding=\"async\" width=\"572\" height=\"400\" src=\"https:\/\/kronika-futbolu.pl\/historia\/wp-content\/uploads\/2021\/01\/7B_Polska_Wegry_1939_NAC-1-572x400.png\" class=\"attachment-medium size-medium\" alt=\"Polska-W\u0119gry 1939\" srcset=\"https:\/\/kronika-futbolu.pl\/historia\/wp-content\/uploads\/2021\/01\/7B_Polska_Wegry_1939_NAC-1-572x400.png 572w, https:\/\/kronika-futbolu.pl\/historia\/wp-content\/uploads\/2021\/01\/7B_Polska_Wegry_1939_NAC-1.png 666w\" sizes=\"auto, (max-width: 572px) 100vw, 572px\" \/>\r\n\t\t\t\t\t<small>Polska-W\u0119gry 1939. Losowanie stron boiska przed meczem. Widoczni m.in.: kapitanowie dru\u017cyn W\u0142adys\u0142aw Szczepaniak (z prawej w jasnym stroju), J\u00f3zsef Turay (z lewej pochylony) i s\u0119dzia g\u0142\u00f3wny Fin Esko Pekkonen (3. z lewej).\u0179r\u00f3d\u0142o: Zbiory NAC. nac.gov.pl<\/small>\r\n\t\t\t\t<\/a>\r\n\t\t\t<\/li><li>\r\n\t\t\t\t<a href=\"https:\/\/kronika-futbolu.pl\/historia\/wp-content\/uploads\/2021\/01\/7A_Polska_Wegry_1939_NAC-1.png\" title=\"Polska-W\u0119gry 1939. Dru\u017cyna Polski. Widoczni: W\u0142adys\u0142aw Szczepaniak (1. z lewej), Adolf Krzyk (2. z lewej), Edmund Giemsa (3. z prawej), Wilhelm G\u00f3ra (3. z lewej), Edward Jab\u0142o\u0144ski, Ewald Dytko, Henryk Ja\u017anicki, Leonard Pi\u0105tek (6. z lewej), Ewald Cebula, Ernest Wilimowski (4. z lewej), Pawe\u0142 Cyganek. \u0179r\u00f3d\u0142o: Zbiory NAC. nac.gov.pl\">\r\n\t\t\t\t\t<img loading=\"lazy\" decoding=\"async\" width=\"590\" height=\"400\" src=\"https:\/\/kronika-futbolu.pl\/historia\/wp-content\/uploads\/2021\/01\/7A_Polska_Wegry_1939_NAC-1-590x400.png\" class=\"attachment-medium size-medium\" alt=\"Polska-W\u0119gry 1939\" srcset=\"https:\/\/kronika-futbolu.pl\/historia\/wp-content\/uploads\/2021\/01\/7A_Polska_Wegry_1939_NAC-1-590x400.png 590w, https:\/\/kronika-futbolu.pl\/historia\/wp-content\/uploads\/2021\/01\/7A_Polska_Wegry_1939_NAC-1.png 677w\" sizes=\"auto, (max-width: 590px) 100vw, 590px\" \/>\r\n\t\t\t\t\t<small>Polska-W\u0119gry 1939. Dru\u017cyna Polski. Widoczni: W\u0142adys\u0142aw Szczepaniak (1. z lewej), Adolf Krzyk (2. z lewej), Edmund Giemsa (3. z prawej), Wilhelm G\u00f3ra (3. z lewej), Edward Jab\u0142o\u0144ski, Ewald Dytko, Henryk Ja\u017anicki, Leonard Pi\u0105tek (6. z lewej), Ewald Cebula, Ernest Wilimowski (4. z lewej), Pawe\u0142 Cyganek. \u0179r\u00f3d\u0142o: Zbiory NAC. nac.gov.pl<\/small>\r\n\t\t\t\t<\/a>\r\n\t\t\t<\/li><li>\r\n\t\t\t\t<a href=\"https:\/\/kronika-futbolu.pl\/historia\/wp-content\/uploads\/2021\/01\/6B_Wegry_Polska_1926_Przeglad_Sportowy.png\" title=\"W\u0119gry - Polska 1926. Przegl\u0105d Sportowy\">\r\n\t\t\t\t\t<img loading=\"lazy\" decoding=\"async\" width=\"268\" height=\"400\" src=\"https:\/\/kronika-futbolu.pl\/historia\/wp-content\/uploads\/2021\/01\/6B_Wegry_Polska_1926_Przeglad_Sportowy-268x400.png\" class=\"attachment-medium size-medium\" alt=\"W\u0119gry - Polska 1926.\" srcset=\"https:\/\/kronika-futbolu.pl\/historia\/wp-content\/uploads\/2021\/01\/6B_Wegry_Polska_1926_Przeglad_Sportowy-268x400.png 268w, https:\/\/kronika-futbolu.pl\/historia\/wp-content\/uploads\/2021\/01\/6B_Wegry_Polska_1926_Przeglad_Sportowy.png 623w\" sizes=\"auto, (max-width: 268px) 100vw, 268px\" \/>\r\n\t\t\t\t\t<small>W\u0119gry - Polska 1926. Przegl\u0105d Sportowy<\/small>\r\n\t\t\t\t<\/a>\r\n\t\t\t<\/li><li>\r\n\t\t\t\t<a href=\"https:\/\/kronika-futbolu.pl\/historia\/wp-content\/uploads\/2021\/01\/6A_Wegry_Polska_1926_Przeglad_Sportowy.png\" title=\"W\u0119gry - Polska 1926. Przegl\u0105d Sportowy\">\r\n\t\t\t\t\t<img loading=\"lazy\" decoding=\"async\" width=\"600\" height=\"285\" src=\"https:\/\/kronika-futbolu.pl\/historia\/wp-content\/uploads\/2021\/01\/6A_Wegry_Polska_1926_Przeglad_Sportowy-600x285.png\" class=\"attachment-medium size-medium\" alt=\"W\u0119gry - Polska 1926\" srcset=\"https:\/\/kronika-futbolu.pl\/historia\/wp-content\/uploads\/2021\/01\/6A_Wegry_Polska_1926_Przeglad_Sportowy-600x285.png 600w, https:\/\/kronika-futbolu.pl\/historia\/wp-content\/uploads\/2021\/01\/6A_Wegry_Polska_1926_Przeglad_Sportowy-768x365.png 768w, https:\/\/kronika-futbolu.pl\/historia\/wp-content\/uploads\/2021\/01\/6A_Wegry_Polska_1926_Przeglad_Sportowy.png 1128w\" sizes=\"auto, (max-width: 600px) 100vw, 600px\" \/>\r\n\t\t\t\t\t<small>W\u0119gry - Polska 1926. Przegl\u0105d Sportowy<\/small>\r\n\t\t\t\t<\/a>\r\n\t\t\t<\/li><li>\r\n\t\t\t\t<a href=\"https:\/\/kronika-futbolu.pl\/historia\/wp-content\/uploads\/2021\/01\/5B_Polska_Wegry_1925_nowosci_ilustrowane_historiawisly.png\" title=\"Polska - W\u0119gry 1925 Krak\u00f3w. Nowosci Ilustrowane z dn. 25.07.1925. \u0179r\u00f3d\u0142o: historiawisly.pl\">\r\n\t\t\t\t\t<img loading=\"lazy\" decoding=\"async\" width=\"523\" height=\"400\" src=\"https:\/\/kronika-futbolu.pl\/historia\/wp-content\/uploads\/2021\/01\/5B_Polska_Wegry_1925_nowosci_ilustrowane_historiawisly-523x400.png\" class=\"attachment-medium size-medium\" alt=\"Polska - W\u0119gry 1925 Krak\u00f3w\" srcset=\"https:\/\/kronika-futbolu.pl\/historia\/wp-content\/uploads\/2021\/01\/5B_Polska_Wegry_1925_nowosci_ilustrowane_historiawisly-523x400.png 523w, https:\/\/kronika-futbolu.pl\/historia\/wp-content\/uploads\/2021\/01\/5B_Polska_Wegry_1925_nowosci_ilustrowane_historiawisly.png 540w\" sizes=\"auto, (max-width: 523px) 100vw, 523px\" \/>\r\n\t\t\t\t\t<small>Polska - W\u0119gry 1925 Krak\u00f3w. Nowosci Ilustrowane z dn. 25.07.1925. \u0179r\u00f3d\u0142o: historiawisly.pl<\/small>\r\n\t\t\t\t<\/a>\r\n\t\t\t<\/li><li>\r\n\t\t\t\t<a href=\"https:\/\/kronika-futbolu.pl\/historia\/wp-content\/uploads\/2021\/01\/5A_Polska_Wegry_1925_tygodnik_sportowy_historiawisly.png\" title=\"Polska - W\u0119gry 1925. Tygodnik Sportowy. \u0179r\u00f3d\u0142o: historiawisly.pl Na zdj\u0119ciu: Kaczor, Fichtel, Takacs, Remayem (w oddali) oraz po bokach Olearczyk i Hanke\">\r\n\t\t\t\t\t<img loading=\"lazy\" decoding=\"async\" width=\"600\" height=\"391\" src=\"https:\/\/kronika-futbolu.pl\/historia\/wp-content\/uploads\/2021\/01\/5A_Polska_Wegry_1925_tygodnik_sportowy_historiawisly-600x391.png\" class=\"attachment-medium size-medium\" alt=\"Polska - W\u0119gry 1925\" srcset=\"https:\/\/kronika-futbolu.pl\/historia\/wp-content\/uploads\/2021\/01\/5A_Polska_Wegry_1925_tygodnik_sportowy_historiawisly-600x391.png 600w, https:\/\/kronika-futbolu.pl\/historia\/wp-content\/uploads\/2021\/01\/5A_Polska_Wegry_1925_tygodnik_sportowy_historiawisly.png 685w\" sizes=\"auto, (max-width: 600px) 100vw, 600px\" \/>\r\n\t\t\t\t\t<small>Polska - W\u0119gry 1925. Tygodnik Sportowy. \u0179r\u00f3d\u0142o: historiawisly.pl Na zdj\u0119ciu: Kaczor, Fichtel, Takacs, Remayem (w oddali) oraz po bokach Olearczyk i Hanke<\/small>\r\n\t\t\t\t<\/a>\r\n\t\t\t<\/li><li>\r\n\t\t\t\t<a href=\"https:\/\/kronika-futbolu.pl\/historia\/wp-content\/uploads\/2021\/01\/4A_Wegry_polska_1924_Budapeszt_Stadjon_nr_37.png\" title=\"W\u0119gry - Polska 1924 Budapeszt . Stadjon nr 37\">\r\n\t\t\t\t\t<img loading=\"lazy\" decoding=\"async\" width=\"600\" height=\"356\" src=\"https:\/\/kronika-futbolu.pl\/historia\/wp-content\/uploads\/2021\/01\/4A_Wegry_polska_1924_Budapeszt_Stadjon_nr_37-600x356.png\" class=\"attachment-medium size-medium\" alt=\"W\u0119gry - Polska 1924 Budapeszt\" srcset=\"https:\/\/kronika-futbolu.pl\/historia\/wp-content\/uploads\/2021\/01\/4A_Wegry_polska_1924_Budapeszt_Stadjon_nr_37-600x356.png 600w, https:\/\/kronika-futbolu.pl\/historia\/wp-content\/uploads\/2021\/01\/4A_Wegry_polska_1924_Budapeszt_Stadjon_nr_37-768x455.png 768w, https:\/\/kronika-futbolu.pl\/historia\/wp-content\/uploads\/2021\/01\/4A_Wegry_polska_1924_Budapeszt_Stadjon_nr_37.png 1300w\" sizes=\"auto, (max-width: 600px) 100vw, 600px\" \/>\r\n\t\t\t\t\t<small>W\u0119gry - Polska 1924 Budapeszt . Stadjon nr 37<\/small>\r\n\t\t\t\t<\/a>\r\n\t\t\t<\/li><li>\r\n\t\t\t\t<a href=\"https:\/\/kronika-futbolu.pl\/historia\/wp-content\/uploads\/2021\/01\/3B_Wegry_Polska_1924_IO.png\" title=\"W\u0119gry - Polska 1924 Igrzyska Olimpijskie Pary\u017c\">\r\n\t\t\t\t\t<img loading=\"lazy\" decoding=\"async\" width=\"383\" height=\"400\" src=\"https:\/\/kronika-futbolu.pl\/historia\/wp-content\/uploads\/2021\/01\/3B_Wegry_Polska_1924_IO-383x400.png\" class=\"attachment-medium size-medium\" alt=\"W\u0119gry - Polska 1924 Igrzyska Olimpijskie Pary\u017c\" srcset=\"https:\/\/kronika-futbolu.pl\/historia\/wp-content\/uploads\/2021\/01\/3B_Wegry_Polska_1924_IO-383x400.png 383w, https:\/\/kronika-futbolu.pl\/historia\/wp-content\/uploads\/2021\/01\/3B_Wegry_Polska_1924_IO-768x802.png 768w, https:\/\/kronika-futbolu.pl\/historia\/wp-content\/uploads\/2021\/01\/3B_Wegry_Polska_1924_IO.png 950w\" sizes=\"auto, (max-width: 383px) 100vw, 383px\" \/>\r\n\t\t\t\t\t<small>W\u0119gry - Polska 1924 Igrzyska Olimpijskie Pary\u017c<\/small>\r\n\t\t\t\t<\/a>\r\n\t\t\t<\/li><li>\r\n\t\t\t\t<a href=\"https:\/\/kronika-futbolu.pl\/historia\/wp-content\/uploads\/2021\/01\/1B_Wegry_Polska_1921.png\" title=\"W\u0119gry - Polska 1921.  Przegl\u0105d Sportowy po meczu.\">\r\n\t\t\t\t\t<img loading=\"lazy\" decoding=\"async\" width=\"335\" height=\"400\" src=\"https:\/\/kronika-futbolu.pl\/historia\/wp-content\/uploads\/2021\/01\/1B_Wegry_Polska_1921-335x400.png\" class=\"attachment-medium size-medium\" alt=\"W\u0119gry - Polska 1921.\" srcset=\"https:\/\/kronika-futbolu.pl\/historia\/wp-content\/uploads\/2021\/01\/1B_Wegry_Polska_1921-335x400.png 335w, https:\/\/kronika-futbolu.pl\/historia\/wp-content\/uploads\/2021\/01\/1B_Wegry_Polska_1921.png 731w\" sizes=\"auto, (max-width: 335px) 100vw, 335px\" \/>\r\n\t\t\t\t\t<small>W\u0119gry - Polska 1921.  Przegl\u0105d Sportowy po meczu.<\/small>\r\n\t\t\t\t<\/a>\r\n\t\t\t<\/li><li>\r\n\t\t\t\t<a href=\"https:\/\/kronika-futbolu.pl\/historia\/wp-content\/uploads\/2021\/01\/wegry_football.png\" title=\"\">\r\n\t\t\t\t\t<img loading=\"lazy\" decoding=\"async\" width=\"400\" height=\"400\" src=\"https:\/\/kronika-futbolu.pl\/historia\/wp-content\/uploads\/2021\/01\/wegry_football-400x400.png\" class=\"attachment-medium size-medium\" alt=\"W\u0119gry logo federacji pi\u0142karskiej\" srcset=\"https:\/\/kronika-futbolu.pl\/historia\/wp-content\/uploads\/2021\/01\/wegry_football-400x400.png 400w, https:\/\/kronika-futbolu.pl\/historia\/wp-content\/uploads\/2021\/01\/wegry_football-768x768.png 768w, https:\/\/kronika-futbolu.pl\/historia\/wp-content\/uploads\/2021\/01\/wegry_football.png 1200w\" sizes=\"auto, (max-width: 400px) 100vw, 400px\" \/>\r\n\t\t\t\t\t<small><\/small>\r\n\t\t\t\t<\/a>\r\n\t\t\t<\/li><li>\r\n\t\t\t\t<a href=\"https:\/\/kronika-futbolu.pl\/historia\/wp-content\/uploads\/2021\/03\/IMG_20210325_204111-scaled.jpg\" title=\"W\u0119gry - Polska 2021. Kadr z transmisji.\">\r\n\t\t\t\t\t<img loading=\"lazy\" decoding=\"async\" width=\"533\" height=\"400\" src=\"https:\/\/kronika-futbolu.pl\/historia\/wp-content\/uploads\/2021\/03\/IMG_20210325_204111-533x400.jpg\" class=\"attachment-medium size-medium\" alt=\"W\u0119gry - Polska 2021\" srcset=\"https:\/\/kronika-futbolu.pl\/historia\/wp-content\/uploads\/2021\/03\/IMG_20210325_204111-533x400.jpg 533w, https:\/\/kronika-futbolu.pl\/historia\/wp-content\/uploads\/2021\/03\/IMG_20210325_204111-1600x1200.jpg 1600w, https:\/\/kronika-futbolu.pl\/historia\/wp-content\/uploads\/2021\/03\/IMG_20210325_204111-768x576.jpg 768w, https:\/\/kronika-futbolu.pl\/historia\/wp-content\/uploads\/2021\/03\/IMG_20210325_204111-1536x1152.jpg 1536w, https:\/\/kronika-futbolu.pl\/historia\/wp-content\/uploads\/2021\/03\/IMG_20210325_204111-2048x1536.jpg 2048w\" sizes=\"auto, (max-width: 533px) 100vw, 533px\" \/>\r\n\t\t\t\t\t<small>W\u0119gry - Polska 2021. Kadr z transmisji.<\/small>\r\n\t\t\t\t<\/a>\r\n\t\t\t<\/li><li>\r\n\t\t\t\t<a href=\"https:\/\/kronika-futbolu.pl\/historia\/wp-content\/uploads\/2021\/03\/2021-03-27-at-08-22-25.png\" title=\"Pierwszy gol dla W\u0119gr\u00f3w - kadr\">\r\n\t\t\t\t\t<img loading=\"lazy\" decoding=\"async\" width=\"600\" height=\"353\" src=\"https:\/\/kronika-futbolu.pl\/historia\/wp-content\/uploads\/2021\/03\/2021-03-27-at-08-22-25-600x353.png\" class=\"attachment-medium size-medium\" alt=\"W\u0119gry - Polska 2021\" srcset=\"https:\/\/kronika-futbolu.pl\/historia\/wp-content\/uploads\/2021\/03\/2021-03-27-at-08-22-25-600x353.png 600w, https:\/\/kronika-futbolu.pl\/historia\/wp-content\/uploads\/2021\/03\/2021-03-27-at-08-22-25-768x452.png 768w, https:\/\/kronika-futbolu.pl\/historia\/wp-content\/uploads\/2021\/03\/2021-03-27-at-08-22-25.png 1236w\" sizes=\"auto, (max-width: 600px) 100vw, 600px\" \/>\r\n\t\t\t\t\t<small>Pierwszy gol dla W\u0119gr\u00f3w - kadr<\/small>\r\n\t\t\t\t<\/a>\r\n\t\t\t<\/li><li>\r\n\t\t\t\t<a href=\"https:\/\/kronika-futbolu.pl\/historia\/wp-content\/uploads\/2021\/11\/34B_wegry_polska_2021_kadr_z_transmisji.png\" title=\"Polska - W\u0119gry 2021. \u0179r\u00f3d\u0142o: Kadr z transmisji\">\r\n\t\t\t\t\t<img loading=\"lazy\" decoding=\"async\" width=\"600\" height=\"335\" src=\"https:\/\/kronika-futbolu.pl\/historia\/wp-content\/uploads\/2021\/11\/34B_wegry_polska_2021_kadr_z_transmisji-600x335.png\" class=\"attachment-medium size-medium\" alt=\"Polska - W\u0119gry 2021\" srcset=\"https:\/\/kronika-futbolu.pl\/historia\/wp-content\/uploads\/2021\/11\/34B_wegry_polska_2021_kadr_z_transmisji-600x335.png 600w, https:\/\/kronika-futbolu.pl\/historia\/wp-content\/uploads\/2021\/11\/34B_wegry_polska_2021_kadr_z_transmisji-768x429.png 768w, https:\/\/kronika-futbolu.pl\/historia\/wp-content\/uploads\/2021\/11\/34B_wegry_polska_2021_kadr_z_transmisji.png 792w\" sizes=\"auto, (max-width: 600px) 100vw, 600px\" \/>\r\n\t\t\t\t\t<small>Polska - W\u0119gry 2021. \u0179r\u00f3d\u0142o: Kadr z transmisji<\/small>\r\n\t\t\t\t<\/a>\r\n\t\t\t<\/li><li>\r\n\t\t\t\t<a href=\"https:\/\/kronika-futbolu.pl\/historia\/wp-content\/uploads\/2021\/11\/34A_wegry_polska_2021_kadr_z_transmisji.png\" title=\"Polska - W\u0119gry 2021. \u0179r\u00f3d\u0142o: Kadr z transmisji\">\r\n\t\t\t\t\t<img loading=\"lazy\" decoding=\"async\" width=\"600\" height=\"311\" src=\"https:\/\/kronika-futbolu.pl\/historia\/wp-content\/uploads\/2021\/11\/34A_wegry_polska_2021_kadr_z_transmisji-600x311.png\" class=\"attachment-medium size-medium\" alt=\"Polska - W\u0119gry 2021\" srcset=\"https:\/\/kronika-futbolu.pl\/historia\/wp-content\/uploads\/2021\/11\/34A_wegry_polska_2021_kadr_z_transmisji-600x311.png 600w, https:\/\/kronika-futbolu.pl\/historia\/wp-content\/uploads\/2021\/11\/34A_wegry_polska_2021_kadr_z_transmisji.png 678w\" sizes=\"auto, (max-width: 600px) 100vw, 600px\" \/>\r\n\t\t\t\t\t<small>Polska - W\u0119gry 2021. \u0179r\u00f3d\u0142o: Kadr z transmisji<\/small>\r\n\t\t\t\t<\/a>\r\n\t\t\t<\/li><\/ul>\n<p>&nbsp;<\/p>\n","protected":false},"excerpt":{"rendered":"<p>Bilans mecz\u00f3w Polska-W\u0119gry, kursy bukmacherskie \u0141\u0105cznie zosta\u0142o rozegranych 34 mecze, w kt\u00f3rych Polska wygra\u0142a 8 razy, 5 razy remisowa\u0142a i 21 razy przegra\u0142a. Stosunek bramek Polska &#8211; W\u0119gry to 43:92. Ostatni mecz odby\u0142 si\u0119 15 listopada 2021 roku w Warszawie gdzie by\u0142o 1:2.\u00a0 Reprezentacja W\u0119gier to bardzo wierny rywal dla Polski. To w\u0142a\u015bnie z Madziarami [&hellip;]<\/p>\n","protected":false},"author":3,"featured_media":11574,"parent":0,"menu_order":0,"comment_status":"closed","ping_status":"closed","template":"","meta":{"_acf_changed":false,"footnotes":""},"class_list":["post-10031","page","type-page","status-publish","has-post-thumbnail","hentry"],"acf":[],"rankMath":{"parentDomain":"kronika-futbolu.pl","noFollowDomains":[],"noFollowExcludeDomains":[],"noFollowExternalLinks":false,"featuredImageNotice":"Prezentowany obraz powinien mie\u0107 co najmniej 200 na 200 pikseli, aby m\u00f3g\u0142 go pobra\u0107 Facebook i inne serwisy spo\u0142eczno\u015bciowe.","pluginReviewed":false,"postSettings":{"linkSuggestions":true,"useFocusKeyword":false},"frontEndScore":false,"postName":"polska-wegry-w-pilce-noznej-wyniki-meczow","permalinkFormat":"https:\/\/kronika-futbolu.pl\/historia\/%pagename%\/","showLockModifiedDate":true,"assessor":{"focusKeywordLink":"https:\/\/kronika-futbolu.pl\/historia\/wp-admin\/edit.php?focus_keyword=%focus_keyword%&post_type=%post_type%","hasTOCPlugin":{"easy-table-of-contents\/easy-table-of-contents.php":"Easy Table of Contents"},"primaryTaxonomy":false,"serpData":{"title":"","description":"","focusKeywords":"","pillarContent":false,"canonicalUrl":"","breadcrumbTitle":"","advancedRobots":[],"facebookTitle":"","facebookDescription":"","facebookImage":"","facebookImageID":"","facebookHasOverlay":false,"facebookImageOverlay":"","facebookAuthor":"","twitterCardType":"","twitterUseFacebook":true,"twitterTitle":"","twitterDescription":"","twitterImage":"","twitterImageID":"","twitterHasOverlay":false,"twitterImageOverlay":"","twitterPlayerUrl":"","twitterPlayerSize":"","twitterPlayerStream":"","twitterPlayerStreamCtype":"","twitterAppDescription":"","twitterAppIphoneName":"","twitterAppIphoneID":"","twitterAppIphoneUrl":"","twitterAppIpadName":"","twitterAppIpadID":"","twitterAppIpadUrl":"","twitterAppGoogleplayName":"","twitterAppGoogleplayID":"","twitterAppGoogleplayUrl":"","twitterAppCountry":"","robots":{"index":true},"twitterAuthor":"u\u017cytkownik","primaryTerm":0,"authorName":"Piotr Ostrowski","titleTemplate":"%title% %sep% %sitename%","descriptionTemplate":"%excerpt%","showScoreFrontend":true,"lockModifiedDate":false},"powerWords":[],"diacritics":{"A":"[\\u0041\\u24B6\\uFF21\\u00C0\\u00C1\\u00C2\\u1EA6\\u1EA4\\u1EAA\\u1EA8\\u00C3\\u0100\\u0102\\u1EB0\\u1EAE\\u1EB4\\u1EB2\\u0226\\u01E0\\u00C4\\u01DE\\u1EA2\\u00C5\\u01FA\\u01CD\\u0200\\u0202\\u1EA0\\u1EAC\\u1EB6\\u1E00\\u0104\\u023A\\u2C6F]","AA":"[\\uA732]","AE":"[\\u00C6\\u01FC\\u01E2]","AO":"[\\uA734]","AU":"[\\uA736]","AV":"[\\uA738\\uA73A]","AY":"[\\uA73C]","B":"[\\u0042\\u24B7\\uFF22\\u1E02\\u1E04\\u1E06\\u0243\\u0182\\u0181]","C":"[\\u0043\\u24B8\\uFF23\\u0106\\u0108\\u010A\\u010C\\u00C7\\u1E08\\u0187\\u023B\\uA73E]","D":"[\\u0044\\u24B9\\uFF24\\u1E0A\\u010E\\u1E0C\\u1E10\\u1E12\\u1E0E\\u0110\\u018B\\u018A\\u0189\\uA779]","DZ":"[\\u01F1\\u01C4]","Dz":"[\\u01F2\\u01C5]","E":"[\\u0045\\u24BA\\uFF25\\u00C8\\u00C9\\u00CA\\u1EC0\\u1EBE\\u1EC4\\u1EC2\\u1EBC\\u0112\\u1E14\\u1E16\\u0114\\u0116\\u00CB\\u1EBA\\u011A\\u0204\\u0206\\u1EB8\\u1EC6\\u0228\\u1E1C\\u0118\\u1E18\\u1E1A\\u0190\\u018E]","F":"[\\u0046\\u24BB\\uFF26\\u1E1E\\u0191\\uA77B]","G":"[\\u0047\\u24BC\\uFF27\\u01F4\\u011C\\u1E20\\u011E\\u0120\\u01E6\\u0122\\u01E4\\u0193\\uA7A0\\uA77D\\uA77E]","H":"[\\u0048\\u24BD\\uFF28\\u0124\\u1E22\\u1E26\\u021E\\u1E24\\u1E28\\u1E2A\\u0126\\u2C67\\u2C75\\uA78D]","I":"[\\u0049\\u24BE\\uFF29\\u00CC\\u00CD\\u00CE\\u0128\\u012A\\u012C\\u0130\\u00CF\\u1E2E\\u1EC8\\u01CF\\u0208\\u020A\\u1ECA\\u012E\\u1E2C\\u0197]","J":"[\\u004A\\u24BF\\uFF2A\\u0134\\u0248]","K":"[\\u004B\\u24C0\\uFF2B\\u1E30\\u01E8\\u1E32\\u0136\\u1E34\\u0198\\u2C69\\uA740\\uA742\\uA744\\uA7A2]","L":"[\\u004C\\u24C1\\uFF2C\\u013F\\u0139\\u013D\\u1E36\\u1E38\\u013B\\u1E3C\\u1E3A\\u0141\\u023D\\u2C62\\u2C60\\uA748\\uA746\\uA780]","LJ":"[\\u01C7]","Lj":"[\\u01C8]","M":"[\\u004D\\u24C2\\uFF2D\\u1E3E\\u1E40\\u1E42\\u2C6E\\u019C]","N":"[\\u004E\\u24C3\\uFF2E\\u01F8\\u0143\\u00D1\\u1E44\\u0147\\u1E46\\u0145\\u1E4A\\u1E48\\u0220\\u019D\\uA790\\uA7A4]","NJ":"[\\u01CA]","Nj":"[\\u01CB]","O":"[\\u004F\\u24C4\\uFF2F\\u00D2\\u00D3\\u00D4\\u1ED2\\u1ED0\\u1ED6\\u1ED4\\u00D5\\u1E4C\\u022C\\u1E4E\\u014C\\u1E50\\u1E52\\u014E\\u022E\\u0230\\u00D6\\u022A\\u1ECE\\u0150\\u01D1\\u020C\\u020E\\u01A0\\u1EDC\\u1EDA\\u1EE0\\u1EDE\\u1EE2\\u1ECC\\u1ED8\\u01EA\\u01EC\\u00D8\\u01FE\\u0186\\u019F\\uA74A\\uA74C]","OI":"[\\u01A2]","OO":"[\\uA74E]","OU":"[\\u0222]","P":"[\\u0050\\u24C5\\uFF30\\u1E54\\u1E56\\u01A4\\u2C63\\uA750\\uA752\\uA754]","Q":"[\\u0051\\u24C6\\uFF31\\uA756\\uA758\\u024A]","R":"[\\u0052\\u24C7\\uFF32\\u0154\\u1E58\\u0158\\u0210\\u0212\\u1E5A\\u1E5C\\u0156\\u1E5E\\u024C\\u2C64\\uA75A\\uA7A6\\uA782]","S":"[\\u0053\\u24C8\\uFF33\\u1E9E\\u015A\\u1E64\\u015C\\u1E60\\u0160\\u1E66\\u1E62\\u1E68\\u0218\\u015E\\u2C7E\\uA7A8\\uA784]","T":"[\\u0054\\u24C9\\uFF34\\u1E6A\\u0164\\u1E6C\\u021A\\u0162\\u1E70\\u1E6E\\u0166\\u01AC\\u01AE\\u023E\\uA786]","TZ":"[\\uA728]","U":"[\\u0055\\u24CA\\uFF35\\u00D9\\u00DA\\u00DB\\u0168\\u1E78\\u016A\\u1E7A\\u016C\\u00DC\\u01DB\\u01D7\\u01D5\\u01D9\\u1EE6\\u016E\\u0170\\u01D3\\u0214\\u0216\\u01AF\\u1EEA\\u1EE8\\u1EEE\\u1EEC\\u1EF0\\u1EE4\\u1E72\\u0172\\u1E76\\u1E74\\u0244]","V":"[\\u0056\\u24CB\\uFF36\\u1E7C\\u1E7E\\u01B2\\uA75E\\u0245]","VY":"[\\uA760]","W":"[\\u0057\\u24CC\\uFF37\\u1E80\\u1E82\\u0174\\u1E86\\u1E84\\u1E88\\u2C72]","X":"[\\u0058\\u24CD\\uFF38\\u1E8A\\u1E8C]","Y":"[\\u0059\\u24CE\\uFF39\\u1EF2\\u00DD\\u0176\\u1EF8\\u0232\\u1E8E\\u0178\\u1EF6\\u1EF4\\u01B3\\u024E\\u1EFE]","Z":"[\\u005A\\u24CF\\uFF3A\\u0179\\u1E90\\u017B\\u017D\\u1E92\\u1E94\\u01B5\\u0224\\u2C7F\\u2C6B\\uA762]","a":"[\\u0061\\u24D0\\uFF41\\u1E9A\\u00E0\\u00E1\\u00E2\\u1EA7\\u1EA5\\u1EAB\\u1EA9\\u00E3\\u0101\\u0103\\u1EB1\\u1EAF\\u1EB5\\u1EB3\\u0227\\u01E1\\u00E4\\u01DF\\u1EA3\\u00E5\\u01FB\\u01CE\\u0201\\u0203\\u1EA1\\u1EAD\\u1EB7\\u1E01\\u0105\\u2C65\\u0250]","aa":"[\\uA733]","ae":"[\\u00E6\\u01FD\\u01E3]","ao":"[\\uA735]","au":"[\\uA737]","av":"[\\uA739\\uA73B]","ay":"[\\uA73D]","b":"[\\u0062\\u24D1\\uFF42\\u1E03\\u1E05\\u1E07\\u0180\\u0183\\u0253]","c":"[\\u0063\\u24D2\\uFF43\\u0107\\u0109\\u010B\\u010D\\u00E7\\u1E09\\u0188\\u023C\\uA73F\\u2184]","d":"[\\u0064\\u24D3\\uFF44\\u1E0B\\u010F\\u1E0D\\u1E11\\u1E13\\u1E0F\\u0111\\u018C\\u0256\\u0257\\uA77A]","dz":"[\\u01F3\\u01C6]","e":"[\\u0065\\u24D4\\uFF45\\u00E8\\u00E9\\u00EA\\u1EC1\\u1EBF\\u1EC5\\u1EC3\\u1EBD\\u0113\\u1E15\\u1E17\\u0115\\u0117\\u00EB\\u1EBB\\u011B\\u0205\\u0207\\u1EB9\\u1EC7\\u0229\\u1E1D\\u0119\\u1E19\\u1E1B\\u0247\\u025B\\u01DD]","f":"[\\u0066\\u24D5\\uFF46\\u1E1F\\u0192\\uA77C]","g":"[\\u0067\\u24D6\\uFF47\\u01F5\\u011D\\u1E21\\u011F\\u0121\\u01E7\\u0123\\u01E5\\u0260\\uA7A1\\u1D79\\uA77F]","h":"[\\u0068\\u24D7\\uFF48\\u0125\\u1E23\\u1E27\\u021F\\u1E25\\u1E29\\u1E2B\\u1E96\\u0127\\u2C68\\u2C76\\u0265]","hv":"[\\u0195]","i":"[\\u0069\\u24D8\\uFF49\\u00EC\\u00ED\\u00EE\\u0129\\u012B\\u012D\\u00EF\\u1E2F\\u1EC9\\u01D0\\u0209\\u020B\\u1ECB\\u012F\\u1E2D\\u0268\\u0131]","j":"[\\u006A\\u24D9\\uFF4A\\u0135\\u01F0\\u0249]","k":"[\\u006B\\u24DA\\uFF4B\\u1E31\\u01E9\\u1E33\\u0137\\u1E35\\u0199\\u2C6A\\uA741\\uA743\\uA745\\uA7A3]","l":"[\\u006C\\u24DB\\uFF4C\\u0140\\u013A\\u013E\\u1E37\\u1E39\\u013C\\u1E3D\\u1E3B\\u017F\\u0142\\u019A\\u026B\\u2C61\\uA749\\uA781\\uA747]","lj":"[\\u01C9]","m":"[\\u006D\\u24DC\\uFF4D\\u1E3F\\u1E41\\u1E43\\u0271\\u026F]","n":"[\\u006E\\u24DD\\uFF4E\\u01F9\\u0144\\u00F1\\u1E45\\u0148\\u1E47\\u0146\\u1E4B\\u1E49\\u019E\\u0272\\u0149\\uA791\\uA7A5]","nj":"[\\u01CC]","o":"[\\u006F\\u24DE\\uFF4F\\u00F2\\u00F3\\u00F4\\u1ED3\\u1ED1\\u1ED7\\u1ED5\\u00F5\\u1E4D\\u022D\\u1E4F\\u014D\\u1E51\\u1E53\\u014F\\u022F\\u0231\\u00F6\\u022B\\u1ECF\\u0151\\u01D2\\u020D\\u020F\\u01A1\\u1EDD\\u1EDB\\u1EE1\\u1EDF\\u1EE3\\u1ECD\\u1ED9\\u01EB\\u01ED\\u00F8\\u01FF\\u0254\\uA74B\\uA74D\\u0275]","oi":"[\\u01A3]","ou":"[\\u0223]","oo":"[\\uA74F]","p":"[\\u0070\\u24DF\\uFF50\\u1E55\\u1E57\\u01A5\\u1D7D\\uA751\\uA753\\uA755]","q":"[\\u0071\\u24E0\\uFF51\\u024B\\uA757\\uA759]","r":"[\\u0072\\u24E1\\uFF52\\u0155\\u1E59\\u0159\\u0211\\u0213\\u1E5B\\u1E5D\\u0157\\u1E5F\\u024D\\u027D\\uA75B\\uA7A7\\uA783]","s":"[\\u0073\\u24E2\\uFF53\\u015B\\u1E65\\u015D\\u1E61\\u0161\\u1E67\\u1E63\\u1E69\\u0219\\u015F\\u023F\\uA7A9\\uA785\\u1E9B]","ss":"[\\u00DF]","t":"[\\u0074\\u24E3\\uFF54\\u1E6B\\u1E97\\u0165\\u1E6D\\u021B\\u0163\\u1E71\\u1E6F\\u0167\\u01AD\\u0288\\u2C66\\uA787]","tz":"[\\uA729]","u":"[\\u0075\\u24E4\\uFF55\\u00F9\\u00FA\\u00FB\\u0169\\u1E79\\u016B\\u1E7B\\u016D\\u00FC\\u01DC\\u01D8\\u01D6\\u01DA\\u1EE7\\u016F\\u0171\\u01D4\\u0215\\u0217\\u01B0\\u1EEB\\u1EE9\\u1EEF\\u1EED\\u1EF1\\u1EE5\\u1E73\\u0173\\u1E77\\u1E75\\u0289]","v":"[\\u0076\\u24E5\\uFF56\\u1E7D\\u1E7F\\u028B\\uA75F\\u028C]","vy":"[\\uA761]","w":"[\\u0077\\u24E6\\uFF57\\u1E81\\u1E83\\u0175\\u1E87\\u1E85\\u1E98\\u1E89\\u2C73]","x":"[\\u0078\\u24E7\\uFF58\\u1E8B\\u1E8D]","y":"[\\u0079\\u24E8\\uFF59\\u1EF3\\u00FD\\u0177\\u1EF9\\u0233\\u1E8F\\u00FF\\u1EF7\\u1E99\\u1EF5\\u01B4\\u024F\\u1EFF]","z":"[\\u007A\\u24E9\\uFF5A\\u017A\\u1E91\\u017C\\u017E\\u1E93\\u1E95\\u01B6\\u0225\\u0240\\u2C6C\\uA763]"},"researchesTests":["contentHasTOC","contentHasShortParagraphs","contentHasAssets","keywordInTitle","keywordInMetaDescription","keywordInPermalink","keywordIn10Percent","keywordInContent","keywordInSubheadings","keywordInImageAlt","keywordDensity","keywordNotUsed","lengthContent","lengthPermalink","linksHasInternal","linksHasExternals","linksNotAllExternals","titleStartWithKeyword","titleSentiment","titleHasPowerWords","titleHasNumber","hasContentAI"],"hasRedirection":true,"hasBreadcrumb":true},"homeUrl":"https:\/\/kronika-futbolu.pl\/historia","objectID":10031,"objectType":"post","locale":"pl","localeFull":"pl_PL","overlayImages":{"play":{"name":"Ikona PLAY","url":"https:\/\/kronika-futbolu.pl\/historia\/wp-content\/plugins\/seo-by-rank-math\/assets\/admin\/img\/icon-play.png","path":"\/home\/klient.dhosting.pl\/netpositive\/kronika-futbolu.pl\/public_html\/historia\/wp-content\/plugins\/seo-by-rank-math\/assets\/admin\/img\/icon-play.png","position":"middle_center"},"gif":{"name":"Ikona GIF","url":"https:\/\/kronika-futbolu.pl\/historia\/wp-content\/plugins\/seo-by-rank-math\/assets\/admin\/img\/icon-gif.png","path":"\/home\/klient.dhosting.pl\/netpositive\/kronika-futbolu.pl\/public_html\/historia\/wp-content\/plugins\/seo-by-rank-math\/assets\/admin\/img\/icon-gif.png","position":"middle_center"}},"defautOgImage":"https:\/\/kronika-futbolu.pl\/historia\/wp-content\/plugins\/seo-by-rank-math\/assets\/admin\/img\/social-placeholder.jpg","customPermalinks":true,"isUserRegistered":true,"autoSuggestKeywords":true,"connectSiteUrl":"https:\/\/rankmath.com\/auth?site=https%3A%2F%2Fkronika-futbolu.pl%2Fhistoria&r=https%3A%2F%2Fkronika-futbolu.pl%2Fhistoria%2Fwp-json%2Fwp%2Fv2%2Fpages%2F10031%3Fnonce%3D676862889e&pro=1","maxTags":100,"trendsIcon":"<svg viewBox=\"0 0 610 610\"><path d=\"M18.85,446,174.32,290.48l58.08,58.08L76.93,504a14.54,14.54,0,0,1-20.55,0L18.83,466.48a14.54,14.54,0,0,1,0-20.55Z\" style=\"fill:#4285f4\"\/><path d=\"M242.65,242.66,377.59,377.6l-47.75,47.75a14.54,14.54,0,0,1-20.55,0L174.37,290.43l47.75-47.75A14.52,14.52,0,0,1,242.65,242.66Z\" style=\"fill:#ea4335\"\/><polygon points=\"319.53 319.53 479.26 159.8 537.34 217.88 377.61 377.62 319.53 319.53\" style=\"fill:#fabb05\"\/><path d=\"M594.26,262.73V118.61h0a16.94,16.94,0,0,0-16.94-16.94H433.2a16.94,16.94,0,0,0-12,28.92L565.34,274.71h0a16.94,16.94,0,0,0,28.92-12Z\" style=\"fill:#34a853\"\/><rect width=\"610\" height=\"610\" style=\"fill:none\"\/><\/svg>","showScore":true,"siteFavIcon":"data:image\/png;base64,iVBORw0KGgoAAAANSUhEUgAAABAAAAAQCAYAAAAf8\/9hAAABs0lEQVR4AWL4\/\/8\/RRjO8Iucx+noO0MWUDo16FYABMGP6ZfUcRnWtm27jVPbtm3bttuH2t3eFPcY9pLz7NxiLjCyVd87pKnHyqXyxtCs8APd0rnyxiu4qSeA3QEDrAwBDrT1s1Rc\/OrjLZwqVmOSu6+Lamcpp2KKMA9PH1BYXMe1mUP5qotvXTywsOEEYHXxrY+3cqk6TMkYpNr2FeoY3KIr0RPtn9wQ2unlA+GMkRw6+9TFw4YTwDUzx\/JVvARj9KaedXRO8P5B1Du2S32smzqUrcKGEyA+uAgQjKX7zf0boWHGfn71jIKj2689gxp7OAGShNcBUmLMPVjZuiKcA2vuWHHDCQxMCz629kXAIU4ApY15QwggAFbfOP9DhgBJ+nWVJ1AZAfICAj1pAlY6hCADZnveQf7bQIwzVONGJonhLIlS9gr5mFg44Xd+4S3XHoGNPdJl1INIwKyEgHckEhgTe1bGiFY9GSFBYUwLh1IkiJUbY407E7syBSFxKTszEoiE\/YdrgCEayDmtaJwCI9uu8TKMuZSVfSa4BpGgzvomBR\/INhLGzrqDotp01ZR8pn\/1L0JN9d9XNyx0AAAAAElFTkSuQmCC","canUser":{"general":false,"advanced":false,"snippet":false,"social":false,"analysis":false,"analytics":false,"content_ai":false},"showKeywordIntent":true,"isPro":true,"is_front_page":false,"trendsUpgradeLink":"https:\/\/rankmath.com\/pricing\/?utm_source=Plugin&utm_medium=CE%20General%20Tab%20Trends&utm_campaign=WP","trendsUpgradeLabel":"Ulepszenie","trendsPreviewImage":"https:\/\/kronika-futbolu.pl\/historia\/wp-content\/plugins\/seo-by-rank-math\/assets\/admin\/img\/trends-preview.jpg","currentEditor":false,"homepageData":{"assessor":{"powerWords":[],"diacritics":true,"researchesTests":["contentHasTOC","contentHasShortParagraphs","contentHasAssets","keywordInTitle","keywordInMetaDescription","keywordInPermalink","keywordIn10Percent","keywordInContent","keywordInSubheadings","keywordInImageAlt","keywordDensity","keywordNotUsed","lengthContent","lengthPermalink","linksHasInternal","linksHasExternals","linksNotAllExternals","titleStartWithKeyword","titleSentiment","titleHasPowerWords","titleHasNumber","hasContentAI"],"hasBreadcrumb":true,"serpData":{"title":"%sitename% %page% %sep% %sitedesc%","description":"","titleTemplate":"%sitename% %page% %sep% %sitedesc%","descriptionTemplate":"","focusKeywords":"","breadcrumbTitle":"Dom","robots":{"index":true},"advancedRobots":[],"facebookTitle":"","facebookDescription":"","facebookImage":"","facebookImageID":""}}},"searchIntents":[],"isAnalyticsConnected":false,"tocTitle":"Spis tre\u015bci","tocExcludeHeadings":[],"listStyle":"ul"},"_links":{"self":[{"href":"https:\/\/kronika-futbolu.pl\/historia\/wp-json\/wp\/v2\/pages\/10031","targetHints":{"allow":["GET"]}}],"collection":[{"href":"https:\/\/kronika-futbolu.pl\/historia\/wp-json\/wp\/v2\/pages"}],"about":[{"href":"https:\/\/kronika-futbolu.pl\/historia\/wp-json\/wp\/v2\/types\/page"}],"author":[{"embeddable":true,"href":"https:\/\/kronika-futbolu.pl\/historia\/wp-json\/wp\/v2\/users\/3"}],"replies":[{"embeddable":true,"href":"https:\/\/kronika-futbolu.pl\/historia\/wp-json\/wp\/v2\/comments?post=10031"}],"version-history":[{"count":6,"href":"https:\/\/kronika-futbolu.pl\/historia\/wp-json\/wp\/v2\/pages\/10031\/revisions"}],"predecessor-version":[{"id":12838,"href":"https:\/\/kronika-futbolu.pl\/historia\/wp-json\/wp\/v2\/pages\/10031\/revisions\/12838"}],"wp:featuredmedia":[{"embeddable":true,"href":"https:\/\/kronika-futbolu.pl\/historia\/wp-json\/wp\/v2\/media\/11574"}],"wp:attachment":[{"href":"https:\/\/kronika-futbolu.pl\/historia\/wp-json\/wp\/v2\/media?parent=10031"}],"curies":[{"name":"wp","href":"https:\/\/api.w.org\/{rel}","templated":true}]}}