{"id":10458,"date":"2021-02-06T21:00:18","date_gmt":"2021-02-06T20:00:18","guid":{"rendered":"https:\/\/kronika-futbolu.pl\/historia\/?page_id=10458"},"modified":"2023-10-29T18:49:10","modified_gmt":"2023-10-29T17:49:10","slug":"polska-niemcy-w-pilce-noznej-wyniki-meczow","status":"publish","type":"page","link":"https:\/\/kronika-futbolu.pl\/historia\/polska-niemcy-w-pilce-noznej-wyniki-meczow\/","title":{"rendered":"Polska-Niemcy w pi\u0142ce no\u017cnej wyniki mecz\u00f3w"},"content":{"rendered":"<div id=\"ez-toc-container\" class=\"ez-toc-v2_0_75 counter-hierarchy ez-toc-counter ez-toc-grey ez-toc-container-direction\">\n<div class=\"ez-toc-title-container\">\n<p class=\"ez-toc-title\" style=\"cursor:inherit\">Table of Contents<\/p>\n<span class=\"ez-toc-title-toggle\"><a href=\"#\" class=\"ez-toc-pull-right ez-toc-btn ez-toc-btn-xs ez-toc-btn-default ez-toc-toggle\" aria-label=\"Toggle Table of Content\"><span class=\"ez-toc-js-icon-con\"><span class=\"\"><span class=\"eztoc-hide\" style=\"display:none;\">Toggle<\/span><span class=\"ez-toc-icon-toggle-span\"><svg style=\"fill: #999;color:#999\" xmlns=\"http:\/\/www.w3.org\/2000\/svg\" class=\"list-377408\" width=\"20px\" height=\"20px\" viewBox=\"0 0 24 24\" fill=\"none\"><path d=\"M6 6H4v2h2V6zm14 0H8v2h12V6zM4 11h2v2H4v-2zm16 0H8v2h12v-2zM4 16h2v2H4v-2zm16 0H8v2h12v-2z\" fill=\"currentColor\"><\/path><\/svg><svg style=\"fill: #999;color:#999\" class=\"arrow-unsorted-368013\" xmlns=\"http:\/\/www.w3.org\/2000\/svg\" width=\"10px\" height=\"10px\" viewBox=\"0 0 24 24\" version=\"1.2\" baseProfile=\"tiny\"><path d=\"M18.2 9.3l-6.2-6.3-6.2 6.3c-.2.2-.3.4-.3.7s.1.5.3.7c.2.2.4.3.7.3h11c.3 0 .5-.1.7-.3.2-.2.3-.5.3-.7s-.1-.5-.3-.7zM5.8 14.7l6.2 6.3 6.2-6.3c.2-.2.3-.5.3-.7s-.1-.5-.3-.7c-.2-.2-.4-.3-.7-.3h-11c-.3 0-.5.1-.7.3-.2.2-.3.5-.3.7s.1.5.3.7z\"\/><\/svg><\/span><\/span><\/span><\/a><\/span><\/div>\n<nav><ul class='ez-toc-list ez-toc-list-level-1 ' ><li class='ez-toc-page-1 ez-toc-heading-level-2'><a class=\"ez-toc-link ez-toc-heading-1\" href=\"https:\/\/kronika-futbolu.pl\/historia\/polska-niemcy-w-pilce-noznej-wyniki-meczow\/#Bilans_meczow_Polska-Niemcy_kursy_bukmacherskie\" >Bilans mecz\u00f3w Polska-Niemcy, kursy bukmacherskie.\u00a0<\/a><\/li><li class='ez-toc-page-1 ez-toc-heading-level-2'><a class=\"ez-toc-link ez-toc-heading-2\" href=\"https:\/\/kronika-futbolu.pl\/historia\/polska-niemcy-w-pilce-noznej-wyniki-meczow\/#%E2%80%8BTabela_rozgrywek\" >\u200bTabela rozgrywek<\/a><\/li><li class='ez-toc-page-1 ez-toc-heading-level-2'><a class=\"ez-toc-link ez-toc-heading-3\" href=\"https:\/\/kronika-futbolu.pl\/historia\/polska-niemcy-w-pilce-noznej-wyniki-meczow\/#22_Mecz_Polska-_Niemcy_1_0_16_czerwca_2023_r\" >22. Mecz Polska- Niemcy 1:0\u00a0 (16 czerwca 2023 r.)<\/a><\/li><li class='ez-toc-page-1 ez-toc-heading-level-2'><a class=\"ez-toc-link ez-toc-heading-4\" href=\"https:\/\/kronika-futbolu.pl\/historia\/polska-niemcy-w-pilce-noznej-wyniki-meczow\/#21_Mecz_Niemcy_%E2%80%93_Polska_0_0_16_czerwca_2016_r\" >21. Mecz Niemcy &#8211; Polska 0:0\u00a0 (16 czerwca 2016 r.)<\/a><\/li><li class='ez-toc-page-1 ez-toc-heading-level-2'><a class=\"ez-toc-link ez-toc-heading-5\" href=\"https:\/\/kronika-futbolu.pl\/historia\/polska-niemcy-w-pilce-noznej-wyniki-meczow\/#20_Mecz_Niemcy_%E2%80%93_Polska_3_1_4_wrzesnia_2015_r\" >20. Mecz Niemcy &#8211; Polska 3:1\u00a0 (4 wrze\u015bnia 2015 r.)<\/a><\/li><li class='ez-toc-page-1 ez-toc-heading-level-2'><a class=\"ez-toc-link ez-toc-heading-6\" href=\"https:\/\/kronika-futbolu.pl\/historia\/polska-niemcy-w-pilce-noznej-wyniki-meczow\/#19_Mecz_Polska-_Niemcy_2_0_11_pazdziernika_2014_r\" >19. Mecz Polska- Niemcy 2:0 (11 pa\u017adziernika 2014 r.)<\/a><\/li><li class='ez-toc-page-1 ez-toc-heading-level-2'><a class=\"ez-toc-link ez-toc-heading-7\" href=\"https:\/\/kronika-futbolu.pl\/historia\/polska-niemcy-w-pilce-noznej-wyniki-meczow\/#18_Mecz_Niemcy_%E2%80%93_Polska_0_0_13_maja_2014_r\" >18. Mecz Niemcy &#8211; Polska 0:0 (13\u00a0 maja 2014 r.)<\/a><\/li><li class='ez-toc-page-1 ez-toc-heading-level-2'><a class=\"ez-toc-link ez-toc-heading-8\" href=\"https:\/\/kronika-futbolu.pl\/historia\/polska-niemcy-w-pilce-noznej-wyniki-meczow\/#17_Mecz_Polska-_Niemcy_2_2_6_wrzesnia_2011_r\" >17. Mecz Polska- Niemcy 2:2\u00a0 (6 wrze\u015bnia 2011 r.)<\/a><\/li><li class='ez-toc-page-1 ez-toc-heading-level-2'><a class=\"ez-toc-link ez-toc-heading-9\" href=\"https:\/\/kronika-futbolu.pl\/historia\/polska-niemcy-w-pilce-noznej-wyniki-meczow\/#16_Mecz_Niemcy_%E2%80%93_Polska_2_0_8_czerwca_2008_r\" >16. Mecz Niemcy &#8211; Polska 2:0\u00a0 (8 czerwca 2008 r.)<\/a><\/li><li class='ez-toc-page-1 ez-toc-heading-level-2'><a class=\"ez-toc-link ez-toc-heading-10\" href=\"https:\/\/kronika-futbolu.pl\/historia\/polska-niemcy-w-pilce-noznej-wyniki-meczow\/#15_Mecz_Niemcy_%E2%80%93_Polska_1_0_14_czerwiec_2006_r\" >15. Mecz Niemcy &#8211; Polska 1:0 (14\u00a0 czerwiec 2006 r.)<\/a><\/li><li class='ez-toc-page-1 ez-toc-heading-level-2'><a class=\"ez-toc-link ez-toc-heading-11\" href=\"https:\/\/kronika-futbolu.pl\/historia\/polska-niemcy-w-pilce-noznej-wyniki-meczow\/#14_Mecz_Polska_%E2%80%93_Niemcy_0_2_4_wrzesnia_1996_r\" >14. Mecz Polska &#8211; Niemcy 0:2 (4\u00a0 wrze\u015bnia 1996 r.)<\/a><\/li><li class='ez-toc-page-1 ez-toc-heading-level-2'><a class=\"ez-toc-link ez-toc-heading-12\" href=\"https:\/\/kronika-futbolu.pl\/historia\/polska-niemcy-w-pilce-noznej-wyniki-meczow\/#13_Mecz_Polska_%E2%80%93_RFN_0_2_2_wrzesnia_1981_r\" >13. Mecz Polska &#8211; RFN 0:2 (2 wrze\u015bnia 1981 r.)<\/a><\/li><li class='ez-toc-page-1 ez-toc-heading-level-2'><a class=\"ez-toc-link ez-toc-heading-13\" href=\"https:\/\/kronika-futbolu.pl\/historia\/polska-niemcy-w-pilce-noznej-wyniki-meczow\/#12_Mecz_RFN-_Polska_3_1_13_maja_1980_r\" >12. Mecz RFN- Polska 3:1 (13 maja 1980 r.)<\/a><\/li><li class='ez-toc-page-1 ez-toc-heading-level-2'><a class=\"ez-toc-link ez-toc-heading-14\" href=\"https:\/\/kronika-futbolu.pl\/historia\/polska-niemcy-w-pilce-noznej-wyniki-meczow\/#11_Mecz_RFN-_Polska_0_0_1_lipca_1978_r\" >11. Mecz RFN- Polska 0:0 (1\u00a0 lipca 1978 r.)<\/a><\/li><li class='ez-toc-page-1 ez-toc-heading-level-2'><a class=\"ez-toc-link ez-toc-heading-15\" href=\"https:\/\/kronika-futbolu.pl\/historia\/polska-niemcy-w-pilce-noznej-wyniki-meczow\/#10_Mecz_RFN-_Polska_1_0_3_lipca_1974_r\" >10. Mecz RFN- Polska 1:0 (3 lipca 1974 r.)<\/a><\/li><li class='ez-toc-page-1 ez-toc-heading-level-2'><a class=\"ez-toc-link ez-toc-heading-16\" href=\"https:\/\/kronika-futbolu.pl\/historia\/polska-niemcy-w-pilce-noznej-wyniki-meczow\/#9_Mecz_RFN-_Polska_0_0_17_listopada_1971_r\" >9. Mecz RFN- Polska 0:0 (17 listopada 1971 r.)<\/a><\/li><li class='ez-toc-page-1 ez-toc-heading-level-2'><a class=\"ez-toc-link ez-toc-heading-17\" href=\"https:\/\/kronika-futbolu.pl\/historia\/polska-niemcy-w-pilce-noznej-wyniki-meczow\/#8_Mecz_Polska_%E2%80%93_RFN_1_3_10_pazdziernika_1971_r\" >8. Mecz Polska &#8211; RFN 1:3 (10 pa\u017adziernika 1971 r.)<\/a><\/li><li class='ez-toc-page-1 ez-toc-heading-level-2'><a class=\"ez-toc-link ez-toc-heading-18\" href=\"https:\/\/kronika-futbolu.pl\/historia\/polska-niemcy-w-pilce-noznej-wyniki-meczow\/#7_Mecz_Polska_%E2%80%93_RFN_0_2_8_pazdziernika_1961_r\" >7. Mecz Polska &#8211; RFN 0:2 (8 pa\u017adziernika 1961 r.)<\/a><\/li><li class='ez-toc-page-1 ez-toc-heading-level-2'><a class=\"ez-toc-link ez-toc-heading-19\" href=\"https:\/\/kronika-futbolu.pl\/historia\/polska-niemcy-w-pilce-noznej-wyniki-meczow\/#6_Mecz_RFN-_Polska_1_1_20_maja_1959_r\" >6. Mecz RFN- Polska 1:1 (20 maja 1959 r.)<\/a><\/li><li class='ez-toc-page-1 ez-toc-heading-level-2'><a class=\"ez-toc-link ez-toc-heading-20\" href=\"https:\/\/kronika-futbolu.pl\/historia\/polska-niemcy-w-pilce-noznej-wyniki-meczow\/#5_Mecz_Niemcy-_Polska_4_1_18_wrzesnia_1938_r\" >5. Mecz Niemcy- Polska 4:1 (18 wrze\u015bnia 1938 r.)<\/a><\/li><li class='ez-toc-page-1 ez-toc-heading-level-2'><a class=\"ez-toc-link ez-toc-heading-21\" href=\"https:\/\/kronika-futbolu.pl\/historia\/polska-niemcy-w-pilce-noznej-wyniki-meczow\/#i\" >\u00a0<\/a><\/li><li class='ez-toc-page-1 ez-toc-heading-level-2'><a class=\"ez-toc-link ez-toc-heading-22\" href=\"https:\/\/kronika-futbolu.pl\/historia\/polska-niemcy-w-pilce-noznej-wyniki-meczow\/#4_Mecz_Polska_%E2%80%93_Niemcy_1_1_13_wrzesnia_1936_r\" >4. Mecz Polska &#8211; Niemcy 1:1 (13\u00a0 wrze\u015bnia 1936 r.)<\/a><\/li><li class='ez-toc-page-1 ez-toc-heading-level-2'><a class=\"ez-toc-link ez-toc-heading-23\" href=\"https:\/\/kronika-futbolu.pl\/historia\/polska-niemcy-w-pilce-noznej-wyniki-meczow\/#3_Mecz_Niemcy-_Polska_1_0_15_wrzesnia_1935_r\" >3. Mecz Niemcy- Polska 1:0 (15 wrze\u015bnia 1935 r.)<\/a><\/li><li class='ez-toc-page-1 ez-toc-heading-level-2'><a class=\"ez-toc-link ez-toc-heading-24\" href=\"https:\/\/kronika-futbolu.pl\/historia\/polska-niemcy-w-pilce-noznej-wyniki-meczow\/#2_Mecz_Polska-_Niemcy_2_5_9_wrzesnia_1934_r\" >2. Mecz Polska- Niemcy 2:5 (9 wrze\u015bnia 1934 r.)<\/a><\/li><li class='ez-toc-page-1 ez-toc-heading-level-2'><a class=\"ez-toc-link ez-toc-heading-25\" href=\"https:\/\/kronika-futbolu.pl\/historia\/polska-niemcy-w-pilce-noznej-wyniki-meczow\/#1_Mecz_Niemcy-_Polska_1_0_3_grudnia_1933_r\" >1. Mecz Niemcy- Polska 1:0 (3 grudnia 1933 r.)<\/a><\/li><li class='ez-toc-page-1 ez-toc-heading-level-2'><a class=\"ez-toc-link ez-toc-heading-26\" href=\"https:\/\/kronika-futbolu.pl\/historia\/polska-niemcy-w-pilce-noznej-wyniki-meczow\/#_Przezyjmy_to_jeszcze_raz_%E2%80%93_galeria_zdjec_z_meczy_Polska_%E2%80%93_Niemcy\" >? Prze\u017cyjmy to jeszcze raz &#8211; galeria zdj\u0119\u0107 z meczy Polska &#8211; Niemcy<\/a><\/li><\/ul><\/nav><\/div>\n<h2><span class=\"ez-toc-section\" id=\"Bilans_meczow_Polska-Niemcy_kursy_bukmacherskie\"><\/span>Bilans mecz\u00f3w Polska-Niemcy, kursy bukmacherskie.\u00a0<span class=\"ez-toc-section-end\"><\/span><\/h2>\n<p><img loading=\"lazy\" decoding=\"async\" class=\"wp-image-682  alignleft\" src=\"https:\/\/kronika-futbolu.pl\/historia\/wp-content\/uploads\/2015\/10\/niemcy_300.png\" alt=\"\" width=\"430\" height=\"430\" \/><\/p>\n<p>\u0141\u0105cznie zosta\u0142o rozegranych 22 mecze. Polska wygra\u0142a dwa razy , 7 razy remisowa\u0142a i 13 razy przegra\u0142a. Stosunek bramek to 13-34.<\/p>\n<p>Ostatni mecz odby\u0142 si\u0119 16 czerwca 2023 roku w Warszawie. Polska wygra\u0142a 1-0 po golu Jakuba Kiwiora.\u00a0<\/p>\n<hr \/>\n<p><strong>\u00a0<\/strong><strong>Spis tre\u015bci:<\/strong><\/p>\n<ol reversed=\"\">\n<li style=\"text-align: left;\"><a href=\"#mecz22\">Mecz Polska- Niemcy (2023.06.16) \u2193<\/a><\/li>\n<li style=\"text-align: left;\"><a href=\"#mecz-2016-06-16\">Mecz Niemcy-Polska (2016.06.16) \u2193<\/a><\/li>\n<li><a href=\"#mecz-2015-09-04\">Mecz Niemcy-Polska(2015.09.04) \u2193<\/a><\/li>\n<li><a href=\"#mecz-2014-10-11\">Mecz Polska-Niemcy (2014.10.11) \u2193<\/a><\/li>\n<li><a href=\"#mecz-2014-05-13\">Mecz Niemcy-Polska (2014.05.13) \u2193<\/a><\/li>\n<li><a href=\"#mecz-2011-09-06\">Mecz Polska-Niemcy (2011.09.06) \u2193<\/a><\/li>\n<li><a href=\"#mecz-2008-06-08\">Mecz Niemcy-Polska (2008.06.08)\u2193<\/a><\/li>\n<li style=\"text-align: left;\"><a href=\"#mecz-2006-06-14\">Mecz Niemcy-Polska\u00a0 (2006.06.14) \u2193<\/a><\/li>\n<li style=\"text-align: left;\"><a href=\"#mecz-1996-09-04\">Mecz Polska-Niemcy (1996.09.04) \u2193<\/a><\/li>\n<li style=\"text-align: left;\"><a href=\"#mecz-1981-09-02\">Mecz Polska-RFN (1981.09.02) \u2193<\/a><\/li>\n<li style=\"text-align: left;\"><a href=\"#mecz-1980-05-13\">Mecz RFN-Polska (1980.05.13) \u2193<\/a><\/li>\n<li style=\"text-align: left;\"><a href=\"#mecz-1978-06-01\">Mecz RFN-Polska (1978.06.01) \u2193<\/a><\/li>\n<li style=\"text-align: left;\"><a href=\"#mecz-1974-07-03\">Mecz RFN-Polska (1974.07.03) \u2193<\/a><\/li>\n<li style=\"text-align: left;\"><a href=\"#mecz-1971-11-17\">Mecz RFN-Polska (1971.11.17) \u2193<\/a><\/li>\n<li style=\"text-align: left;\"><a href=\"#mecz-1971-10-10\">Mecz Polska-RFN (1971.10.10) \u2193<\/a><\/li>\n<li style=\"text-align: left;\"><a href=\"#mecz-1961-10-08\">Mecz Polska-RFN (1961.10.08) \u2193<\/a><\/li>\n<li style=\"text-align: left;\"><a href=\"#mecz-1959-05-20\">Mecz RFN-Polska (1959.05.20) \u2193<\/a><\/li>\n<li style=\"text-align: left;\"><a href=\"#mecz-1938-09-18\">Mecz Niemcy-Polska (1938.09.18) \u2193<\/a><\/li>\n<li style=\"text-align: left;\"><a href=\"#mecz-1936-09-13\">Mecz Polska-Niemcy (1936.09.13) \u2193<\/a><\/li>\n<li style=\"text-align: left;\"><a href=\"#mecz-1935-09-15\">Mecz Niemcy-Polska (1935.09.15) \u2193<\/a><\/li>\n<li style=\"text-align: left;\"><a href=\"#mecz-1934-09-09\">Mecz Polska-Niemcy (1934.09.09) \u2193<\/a><\/li>\n<li style=\"text-align: left;\"><a href=\"#mecz-1933-12-03\">Mecz Niemcy-Polska (1933.12.03) \u2193<\/a>\n<\/li>\n<\/ol>\n<h2><span class=\"ez-toc-section\" id=\"%E2%80%8BTabela_rozgrywek\"><\/span>\u200bTabela rozgrywek<span class=\"ez-toc-section-end\"><\/span><\/h2>\n\r\n\t\t\t<span class=\"rivals\">\r\n\t\t\t\t<strong>Inne mecze reprezentacji<\/strong>\r\n\t\t\t\t<select onchange=\"self.location.href=this.value\">\r\n\t\t\t\t\t<option value=\"#\">Wybierz rywala<\/option>\r\n\t\t\t\t\t<option value=\"\/historia\/reprezentacja-polski-mecze\/\">Wszystkie mecze<\/option>\r\n\t\t\t\t\t<option value=\"\/historia\/polska-albania-w-pilce-noznej-wyniki-meczow\/\">Albania<\/option>\r\n\t\t\t\t\t<option value=\"\/historia\/polska-andora-w-pilce-noznej-wyniki-meczow\/\">Andora<\/option>\r\n\t\t\t\t\t<option value=\"\/historia\/polska-anglia-w-pilce-noznej-wyniki-meczow\/\">Anglia<\/option>\r\n\t\t\t\t\t<option value=\"\/historia\/polska-arabia-saudyjska-w-pilce-noznej-wyniki-meczow\/\">Arabia Saudyjska<\/option>\r\n\t\t\t\t\t<option value=\"\/historia\/polska-argentyna-w-pilce-noznej-wyniki-meczow\/\">Argentyna<\/option>\r\n\t\t\t\t\t<option value=\"\/historia\/polska-austria-w-pilce-noznej-wyniki-meczow\/\">Austria<\/option>\r\n\t\t\t\t\t<option value=\"\/historia\/polska-belgia-w-pilce-noznej-wyniki-meczow\/\">Belgia<\/option>\r\n\t\t\t\t\t<option value=\"\/historia\/polska-brazylia-w-pilce-noznej-wyniki-meczow\/\">Brazylia<\/option>\r\n\t\t\t\t\t<option value=\"\/historia\/polska-chile-w-pilce-noznej-wyniki-meczow\/\">Chile<\/option>\r\n\t\t\t\t\t<option value=\"\/historia\/polska-chorwacja-w-pilce-noznej-wyniki-meczow\/\">Chorwacja<\/option>\r\n\t\t\t\t\t<option value=\"\/historia\/historia-i-bilans-meczow-polska-czarnogora\/\">Czarnog\u00f3ra<\/option>\r\n\t\t\t\t\t<option value=\"\/historia\/polska-czechy-w-pilce-noznej-wyniki-meczow\/\">Czechy<\/option>\r\n\t\t\t\t\t<option value=\"\/historia\/historia-i-bilans-meczow-polska-dania-w-pilce-noznej\/\">Dania<\/option>\r\n\t\t\t\t\t<option value=\"\/historia\/polska-estonia-w-pilce-noznej-wyniki-meczow\/\">Estonia<\/option>\r\n\t\t\t\t\t<option value=\"\/historia\/bilans-meczow-polska-francja-kursy-bukmacherskie\/\">Francja<\/option>\r\n\t\t\t\t\t<option value=\"\/historia\/polska-grecja-w-pilce-noznej-wyniki-meczow\/\">Grecja<\/option>\r\n\t\t\t\t\t<option value=\"\/historia\/polska-gruzja-w-pilce-noznej-wyniki-meczow\/\">Gruzja<\/option>\r\n\t\t\t\t\t<option value=\"\/historia\/polska-hiszpania-w-pilce-noznej-wyniki-meczow\/\">Hiszpania<\/option>\r\n\t\t\t\t\t<option value=\"\/historia\/polska-holandia-w-pilce-noznej-wyniki-meczow\/\">Holandia<\/option>\r\n\t\t\t\t\t<option value=\"\/historia\/historia-i-bilans-meczow-polska-irlandia\/\">Irlandia<\/option>\r\n\t\t\t\t\t<option value=\"\/historia\/polska-irlandia-polnocna-w-pilce-noznej-wyniki-meczow\/\">Irlandia P\u00f3\u0142nocna<\/option>\r\n\t\t\t\t\t<option value=\"\/historia\/polska-islandia-w-pilce-noznej-wyniki-meczow\/\">Islandia<\/option>\r\n\t\t\t\t\t<option value=\"\/historia\/historia-i-bilans-meczow-polska-japonia\/\">Japonia<\/option>\r\n\t\t\t\t\t<option value=\"\/historia\/historia-i-bilans-meczow-polska-kazachstan\/\">Kazachstan<\/option>\r\n\t\t\t\t\t<option value=\"\/historia\/historia-i-bilans-meczow-polska-kolumbia\/\">Kolumbia<\/option>\r\n\t\t\t\t\t<option value=\"\/historia\/historia-i-bilans-meczow-polska-korea-poludniowa-w-pilce-noznej\/\">Korea Po\u0142udniowa<\/option>\r\n\t\t\t\t\t<option value=\"\/historia\/polska-liechtenstein-w-pilce-noznej-wyniki-meczow\/\">Liechtenstein<\/option>\r\n\t\t\t\t\t<option value=\"\/historia\/historia-i-bilans-meczow-polska-litwa\/\">Litwa<\/option>\r\n\t\t\t\t\t<option value=\"\/historia\/polska-lotwa-w-pilce-noznej-wyniki-meczow\/\">\u0141otwa<\/option>\r\n\t\t\t\t\t<option value=\"\/historia\/polska-meksyk-w-pilce-noznej-wyniki-meczow\/\">Meksyk<\/option>\r\n\t\t\t\t\t<option value=\"\/historia\/polska-moldawia-w-pilce-noznej-wyniki-meczow\/\">Mo\u0142dawia<\/option>\r\n\t\t\t\t\t<option value=\"\/historia\/polska-niemcy-w-pilce-noznej-wyniki-meczow\/\">Niemcy<\/option>\r\n\t\t\t\t\t<option value=\"\/historia\/historia-i-bilans-meczow-polska-nigeria\/\">Nigeria<\/option>\r\n\t\t\t\t\t<option value=\"\/historia\/polska-norwegia-w-pilce-noznej-wyniki-meczow\/\">Norwegia<\/option>\r\n\t\t\t\t\t<option value=\"\/historia\/polska-nowa-zelandia-w-pilce-noznej-wyniki-meczow\/\">Nowa Zelandia<\/option>\r\n\t\t\t\t\t<option value=\"\/historia\/polska-portugalia-w-pilce-noznej-wyniki-meczow\/\">Portugalia<\/option>\r\n\t\t\t\t\t<option value=\"\/historia\/polska-rosja-w-pilce-noznej-wyniki-meczow\/\">Rosja<\/option>\r\n\t\t\t\t\t<option value=\"\/historia\/historia-i-bilans-meczow-polska-rumunia\/\">Rumunia<\/option>\r\n\t\t\t\t\t<option value=\"\/historia\/polska-san-marino-w-pilce-noznej-wyniki-meczow\/\">San Marino<\/option>\r\n\t\t\t\t\t<option value=\"\/historia\/historia-i-bilans-meczow-polska-senegal\/\">Senegal<\/option>\r\n\t\t\t\t\t<option value=\"\/historia\/polska-slowacja-w-pilce-noznej-wyniki-meczow\/\">S\u0142owacja<\/option>\r\n\t\t\t\t\t<option value=\"\/historia\/polska-slowenia-w-pilce-noznej-wyniki-meczow\/\">S\u0142owenia<\/option>\r\n\t\t\t\t\t<option value=\"\/historia\/polska-szkocja-w-pilce-noznej-wyniki-meczow\/\">Szkocja<\/option>\r\n\t\t\t\t\t<option value=\"\/historia\/polska-szwajcaria-w-pilce-noznej-wyniki-meczow\/\">Szwajcaria<\/option>\r\n\t\t\t\t\t<option value=\"\/historia\/polska-szwecja-w-pilce-noznej-wyniki-meczow\/\">Szwecja<\/option>\r\n\t\t\t\t\t<option value=\"\/historia\/polska-turcja-w-pilce-noznej-wyniki-meczow\/\">Turcja<\/option>\r\n\t\t\t\t\t<option value=\"\/historia\/polska-ukraina-w-pilce-noznej-wyniki-meczow\/\">Ukraina<\/option>\r\n\t\t\t\t\t<option value=\"\/historia\/historia-i-bilans-meczow-polska-urugwaj\/\">Urugwaj<\/option>\r\n\t\t\t\t\t<option value=\"\/historia\/polska-walia-w-pilce-noznej-wyniki-meczow\/\">Walia<\/option>\r\n\t\t\t\t\t<option value=\"\/historia\/polska-wegry-w-pilce-noznej-wyniki-meczow\/\">W\u0119gry<\/option>\r\n\t\t\t\t\t<option value=\"\/historia\/historia-i-bilans-meczow-polska-wlochy-w-pilce-noznej\/\">W\u0142ochy<\/option>\r\n\t\t\t\t\t<option value=\"\/historia\/polska-wyspy-owcze-w-pilce-noznej-wyniki-meczow\/\">Wyspy Owcze<\/option>\r\n\t\t\t\t<\/select>\r\n\t\t\t<\/span>\r\n\t\t\n<table style=\"width: 100%; height: 510px;\">\n<thead>\n<tr style=\"height: 45px;\">\n<th style=\"width: 0.484848%; text-align: center; height: 45px;\">Lp.<\/th>\n<th style=\"width: 9.47244%; height: 45px;\">Data meczu<\/th>\n<th style=\"width: 8.03119%; height: 45px;\">Miejsce<\/th>\n<th style=\"width: 7.11353%; height: 45px;\">Mecz<\/th>\n<th style=\"text-align: center; width: 8.93997%; height: 45px;\">Strzelone bramki<\/th>\n<th style=\"text-align: center; width: 10.0068%; height: 45px;\">Strzelone bramki<\/th>\n<th style=\"text-align: center; width: 9.52776%; height: 45px;\">Rodzaj rozgrywek<\/th>\n<th style=\"width: 31.2719%; height: 45px;\">Trener<\/th>\n<\/tr>\n<\/thead>\n<tbody>\n<tr style=\"height: 23px;\">\n<td style=\"width: 0.484848%; text-align: center; height: 23px;\">22.<\/td>\n<td style=\"width: 9.47244%; height: 23px;\">2023.06.16 (pi\u0105tek)<\/td>\n<td style=\"width: 8.03119%; height: 23px;\">Warszawa<\/td>\n<td style=\"width: 7.11353%; height: 23px;\">Polska &#8211; Niemcy<\/td>\n<td style=\"text-align: center; width: 8.93997%; height: 23px;\">[pl] 1<\/td>\n<td style=\"text-align: center; width: 10.0068%; height: 23px;\">[de] 0<\/td>\n<td style=\"text-align: center; width: 9.52776%; height: 23px;\">MT<\/td>\n<td style=\"width: 31.2719%; height: 23px;\">Fernando Santos<\/td>\n<\/tr>\n<tr style=\"height: 21px;\">\n<td style=\"width: 0.484848%; text-align: center; height: 21px;\">21.<\/td>\n<td style=\"width: 9.47244%; height: 21px;\">2016.06.16 (czwartek)<\/td>\n<td style=\"width: 8.03119%; height: 21px;\">Saint-Denis<\/td>\n<td style=\"width: 7.11353%; height: 21px;\">Niemcy &#8211; Polska<\/td>\n<td style=\"text-align: center; width: 8.93997%; height: 21px;\">[de] 0<\/td>\n<td style=\"text-align: center; width: 10.0068%; height: 21px;\">[pl] 0<\/td>\n<td style=\"text-align: center; width: 9.52776%; height: 21px;\">ME 2016<\/td>\n<td style=\"width: 31.2719%; height: 21px;\">Adam Nawa\u0142ka<\/td>\n<\/tr>\n<tr style=\"height: 21px;\">\n<td style=\"width: 0.484848%; text-align: center; height: 21px;\">20.<\/td>\n<td style=\"width: 9.47244%; height: 21px;\">2015.09.04 (pi\u0105tek)<\/td>\n<td style=\"width: 8.03119%; height: 21px;\">Frankfurt nad Menem<\/td>\n<td style=\"width: 7.11353%; height: 21px;\">Niemcy &#8211; Polska<\/td>\n<td style=\"text-align: center; width: 8.93997%; height: 21px;\">[de] 3<\/td>\n<td style=\"text-align: center; width: 10.0068%; height: 21px;\">[pl] 1<\/td>\n<td style=\"text-align: center; width: 9.52776%; height: 21px;\">EL.ME 2016<\/td>\n<td style=\"width: 31.2719%; height: 21px;\">Adam Nawa\u0142ka<\/td>\n<\/tr>\n<tr style=\"height: 21px;\">\n<td style=\"width: 0.484848%; text-align: center; height: 21px;\">19.<\/td>\n<td style=\"width: 9.47244%; height: 21px;\">2014.10.11 (sobota)<\/td>\n<td style=\"width: 8.03119%; height: 21px;\">Warszawa<\/td>\n<td style=\"width: 7.11353%; height: 21px;\">Polska &#8211; Niemcy<\/td>\n<td style=\"text-align: center; width: 8.93997%; height: 21px;\">[pl] 2<\/td>\n<td style=\"text-align: center; width: 10.0068%; height: 21px;\">[de] 0<\/td>\n<td style=\"text-align: center; width: 9.52776%; height: 21px;\">EL.ME 2016<\/td>\n<td style=\"width: 31.2719%; height: 21px;\">Adam Nawa\u0142ka<\/td>\n<\/tr>\n<tr style=\"height: 21px;\">\n<td style=\"width: 0.484848%; text-align: center; height: 21px;\">18.<\/td>\n<td style=\"width: 9.47244%; height: 21px;\">2014.05.13 (wtorek)<\/td>\n<td style=\"width: 8.03119%; height: 21px;\">Hamburg<\/td>\n<td style=\"width: 7.11353%; height: 21px;\">Niemcy &#8211; Polska<\/td>\n<td style=\"text-align: center; width: 8.93997%; height: 21px;\">[de] 0<\/td>\n<td style=\"text-align: center; width: 10.0068%; height: 21px;\">[pl] 0<\/td>\n<td style=\"text-align: center; width: 9.52776%; height: 21px;\">MT<\/td>\n<td style=\"width: 31.2719%; height: 21px;\">Adam Nawa\u0142ka<\/td>\n<\/tr>\n<tr style=\"height: 21px;\">\n<td style=\"width: 0.484848%; text-align: center; height: 21px;\">17.<\/td>\n<td style=\"width: 9.47244%; height: 21px;\">2011.09.06 (wtorek)<\/td>\n<td style=\"width: 8.03119%; height: 21px;\">Gda\u0144sk<\/td>\n<td style=\"width: 7.11353%; height: 21px;\">Polska &#8211; Niemcy<\/td>\n<td style=\"text-align: center; width: 8.93997%; height: 21px;\">[pl] 2<\/td>\n<td style=\"text-align: center; width: 10.0068%; height: 21px;\">[de] 2<\/td>\n<td style=\"text-align: center; width: 9.52776%; height: 21px;\">MT<\/td>\n<td style=\"width: 31.2719%; height: 21px;\">Franciszek Smuda<\/td>\n<\/tr>\n<tr style=\"height: 21px;\">\n<td style=\"width: 0.484848%; text-align: center; height: 21px;\">16.<\/td>\n<td style=\"width: 9.47244%; height: 21px;\">2008.06.08 (niedziela)<\/td>\n<td style=\"width: 8.03119%; height: 21px;\">Klagenfurt<\/td>\n<td style=\"width: 7.11353%; height: 21px;\">Niemcy &#8211; Polska<\/td>\n<td style=\"text-align: center; width: 8.93997%; height: 21px;\">[de] 2<\/td>\n<td style=\"text-align: center; width: 10.0068%; height: 21px;\">[pl] 0<\/td>\n<td style=\"text-align: center; width: 9.52776%; height: 21px;\">ME 2008<\/td>\n<td style=\"width: 31.2719%; height: 21px;\">Leo Beenhakker<\/td>\n<\/tr>\n<tr style=\"height: 21px;\">\n<td style=\"width: 0.484848%; text-align: center; height: 21px;\">15.<\/td>\n<td style=\"width: 9.47244%; height: 21px;\">2006.06.14 (\u015broda)<\/td>\n<td style=\"width: 8.03119%; height: 21px;\">Dortmund<\/td>\n<td style=\"width: 7.11353%; height: 21px;\">Niemcy &#8211; Polska<\/td>\n<td style=\"text-align: center; width: 8.93997%; height: 21px;\">[de] 1<\/td>\n<td style=\"text-align: center; width: 10.0068%; height: 21px;\">[pl] 0<\/td>\n<td style=\"text-align: center; width: 9.52776%; height: 21px;\">M\u015a 2006<\/td>\n<td style=\"width: 31.2719%; height: 21px;\">Pawe\u0142 Janas<\/td>\n<\/tr>\n<tr style=\"height: 21px;\">\n<td style=\"width: 0.484848%; text-align: center; height: 21px;\">14.<\/td>\n<td style=\"width: 9.47244%; height: 21px;\">1996.09.04 (\u015broda)<\/td>\n<td style=\"width: 8.03119%; height: 21px;\">Zabrze<\/td>\n<td style=\"width: 7.11353%; height: 21px;\">Polska &#8211; Niemcy<\/td>\n<td style=\"text-align: center; width: 8.93997%; height: 21px;\">[pl] 0<\/td>\n<td style=\"text-align: center; width: 10.0068%; height: 21px;\">[de] 2<\/td>\n<td style=\"text-align: center; width: 9.52776%; height: 21px;\">MT<\/td>\n<td style=\"width: 31.2719%; height: 21px;\">Antoni Piechniczek<\/td>\n<\/tr>\n<tr style=\"height: 21px;\">\n<td style=\"width: 0.484848%; text-align: center; height: 21px;\">13.<\/td>\n<td style=\"width: 9.47244%; height: 21px;\">1981.09.02 (\u015broda)<\/td>\n<td style=\"width: 8.03119%; height: 21px;\">Chorz\u00f3w<\/td>\n<td style=\"width: 7.11353%; height: 21px;\">Polska &#8211; RFN<\/td>\n<td style=\"text-align: center; width: 8.93997%; height: 21px;\">[pl] 0<\/td>\n<td style=\"text-align: center; width: 10.0068%; height: 21px;\">[de] 2<\/td>\n<td style=\"text-align: center; width: 9.52776%; height: 21px;\">MT<\/td>\n<td style=\"width: 31.2719%; height: 21px;\">Antoni Piechniczek<\/td>\n<\/tr>\n<tr style=\"height: 21px;\">\n<td style=\"width: 0.484848%; text-align: center; height: 21px;\">12.<\/td>\n<td style=\"width: 9.47244%; height: 21px;\">1980.05.13 (wtorek)<\/td>\n<td style=\"width: 8.03119%; height: 21px;\">Frankfurt nad Menem<\/td>\n<td style=\"width: 7.11353%; height: 21px;\">RFN- Polska<\/td>\n<td style=\"text-align: center; width: 8.93997%; height: 21px;\">[de] 3<\/td>\n<td style=\"text-align: center; width: 10.0068%; height: 21px;\">[pl] 1<\/td>\n<td style=\"text-align: center; width: 9.52776%; height: 21px;\">MT<\/td>\n<td style=\"width: 31.2719%; height: 21px;\">Ryszard Kulesza<\/td>\n<\/tr>\n<tr style=\"height: 21px;\">\n<td style=\"width: 0.484848%; text-align: center; height: 21px;\">11.<\/td>\n<td style=\"width: 9.47244%; height: 21px;\">1978.06.01 (czwartek)<\/td>\n<td style=\"width: 8.03119%; height: 21px;\">Buenos Aires\u00a0<\/td>\n<td style=\"width: 7.11353%; height: 21px;\">RFN- Polska<\/td>\n<td style=\"text-align: center; width: 8.93997%; height: 21px;\">[de] 0<\/td>\n<td style=\"text-align: center; width: 10.0068%; height: 21px;\">[pl] 0<\/td>\n<td style=\"text-align: center; width: 9.52776%; height: 21px;\">M\u015a 1978<\/td>\n<td style=\"width: 31.2719%; height: 21px;\">Jacek Gmoch<\/td>\n<\/tr>\n<tr style=\"height: 21px;\">\n<td style=\"width: 0.484848%; text-align: center; height: 21px;\">10.<\/td>\n<td style=\"width: 9.47244%; height: 21px;\">1974.07.03 (\u015broda)<\/td>\n<td style=\"width: 8.03119%; height: 21px;\">Frankfurt nad Menem<\/td>\n<td style=\"width: 7.11353%; height: 21px;\">RFN- Polska<\/td>\n<td style=\"text-align: center; width: 8.93997%; height: 21px;\">[de] 1<\/td>\n<td style=\"text-align: center; width: 10.0068%; height: 21px;\">[pl] 0<\/td>\n<td style=\"text-align: center; width: 9.52776%; height: 21px;\">M\u015a 1974<\/td>\n<td style=\"width: 31.2719%; height: 21px;\">Kazimierz G\u00f3rski<\/td>\n<\/tr>\n<tr style=\"height: 21px;\">\n<td style=\"width: 0.484848%; text-align: center; height: 21px;\">9.<\/td>\n<td style=\"width: 9.47244%; height: 21px;\">1971.11.17 (\u015broda)<\/td>\n<td style=\"width: 8.03119%; height: 21px;\">Hamburg<\/td>\n<td style=\"width: 7.11353%; height: 21px;\">RFN- Polska<\/td>\n<td style=\"text-align: center; width: 8.93997%; height: 21px;\">[de] 0<\/td>\n<td style=\"text-align: center; width: 10.0068%; height: 21px;\">[pl] 0<\/td>\n<td style=\"text-align: center; width: 9.52776%; height: 21px;\">EL.ME 1972<\/td>\n<td style=\"width: 31.2719%; height: 21px;\">Kazimierz G\u00f3rski<\/td>\n<\/tr>\n<tr style=\"height: 21px;\">\n<td style=\"width: 0.484848%; text-align: center; height: 21px;\">8.<\/td>\n<td style=\"width: 9.47244%; height: 21px;\">1971.10.10 (niedziela)<\/td>\n<td style=\"width: 8.03119%; height: 21px;\">Warszawa<\/td>\n<td style=\"width: 7.11353%; height: 21px;\">Polska &#8211; RFN<\/td>\n<td style=\"text-align: center; width: 8.93997%; height: 21px;\">[pl] 1<\/td>\n<td style=\"text-align: center; width: 10.0068%; height: 21px;\">[de] 3<\/td>\n<td style=\"text-align: center; width: 9.52776%; height: 21px;\">EL.ME 1972<\/td>\n<td style=\"width: 31.2719%; height: 21px;\">Kazimierz G\u00f3rski<\/td>\n<\/tr>\n<tr style=\"height: 21px;\">\n<td style=\"width: 0.484848%; text-align: center; height: 21px;\">7.<\/td>\n<td style=\"width: 9.47244%; height: 21px;\">1961.10.08 (niedziela)<\/td>\n<td style=\"width: 8.03119%; height: 21px;\">Warszawa<\/td>\n<td style=\"width: 7.11353%; height: 21px;\">Polska &#8211; RFN<\/td>\n<td style=\"text-align: center; width: 8.93997%; height: 21px;\">[pl] 0<\/td>\n<td style=\"text-align: center; width: 10.0068%; height: 21px;\">[de] 2<\/td>\n<td style=\"text-align: center; width: 9.52776%; height: 21px;\">MT<\/td>\n<td style=\"width: 31.2719%; height: 21px;\">Czes\u0142aw Krug- Kapitan zwi\u0105zkowy, Trener: Ryszard Koncewicz, Komitet Selekcyjny<\/td>\n<\/tr>\n<tr style=\"height: 21px;\">\n<td style=\"width: 0.484848%; text-align: center; height: 21px;\">6.<\/td>\n<td style=\"width: 9.47244%; height: 21px;\">1959.05.20 (\u015broda)<\/td>\n<td style=\"width: 8.03119%; height: 21px;\">Hamburg<\/td>\n<td style=\"width: 7.11353%; height: 21px;\">RFN- Polska<\/td>\n<td style=\"text-align: center; width: 8.93997%; height: 21px;\">[de] 1<\/td>\n<td style=\"text-align: center; width: 10.0068%; height: 21px;\">[pl] 1<\/td>\n<td style=\"text-align: center; width: 9.52776%; height: 21px;\">MT<\/td>\n<td style=\"width: 31.2719%; height: 21px;\">Czes\u0142aw Krug- Kapitan zwi\u0105zkowy, Trener:\u00a0 Tadeusz Fory\u015b, Komitet Selekcyjny<\/td>\n<\/tr>\n<tr style=\"height: 21px;\">\n<td style=\"width: 0.484848%; text-align: center; height: 22px;\">5.<\/td>\n<td style=\"width: 9.47244%; height: 22px;\">1938.09.18 (niedziela)<\/td>\n<td style=\"width: 8.03119%; height: 22px;\">Chemnitz<\/td>\n<td style=\"width: 7.11353%; height: 22px;\">Niemcy &#8211; Polska<\/td>\n<td style=\"text-align: center; width: 8.93997%; height: 22px;\">[de] 4<\/td>\n<td style=\"text-align: center; width: 10.0068%; height: 22px;\">[pl] 1<\/td>\n<td style=\"text-align: center; width: 9.52776%; height: 22px;\">MT<\/td>\n<td style=\"width: 31.2719%; height: 22px;\">J\u00f3zef Ka\u0142u\u017ca- Kapitan zwi\u0105zkowy, Trener: Marian Spoida, Komitet Selekcyjny<\/td>\n<\/tr>\n<tr style=\"height: 21px;\">\n<td style=\"width: 0.484848%; text-align: center; height: 21px;\">4.<\/td>\n<td style=\"width: 9.47244%; height: 21px;\">1936.09.13 (niedziela)<\/td>\n<td style=\"width: 8.03119%; height: 21px;\">Warszawa<\/td>\n<td style=\"width: 7.11353%; height: 21px;\">Polska &#8211; Niemcy<\/td>\n<td style=\"text-align: center; width: 8.93997%; height: 21px;\">[pl] 1<\/td>\n<td style=\"text-align: center; width: 10.0068%; height: 21px;\">[de] 1<\/td>\n<td style=\"text-align: center; width: 9.52776%; height: 21px;\">MT<\/td>\n<td style=\"width: 31.2719%; height: 21px;\">J\u00f3zef Ka\u0142u\u017ca- Kapitan zwi\u0105zkowy, Trener: Kurt Otto, Komitet Selekcyjny<\/td>\n<\/tr>\n<tr style=\"height: 21px;\">\n<td style=\"width: 0.484848%; text-align: center; height: 21px;\">3.<\/td>\n<td style=\"width: 9.47244%; height: 21px;\">1935.09.15 (niedziela)<\/td>\n<td style=\"width: 8.03119%; height: 21px;\">Breslau-&gt;Wroc\u0142aw<\/td>\n<td style=\"width: 7.11353%; height: 21px;\">Niemcy &#8211; Polska<\/td>\n<td style=\"text-align: center; width: 8.93997%; height: 21px;\">[de] 1<\/td>\n<td style=\"text-align: center; width: 10.0068%; height: 21px;\">[pl] 0<\/td>\n<td style=\"text-align: center; width: 9.52776%; height: 21px;\">MT<\/td>\n<td style=\"width: 31.2719%; height: 21px;\">J\u00f3zef Ka\u0142u\u017ca- Kapitan zwi\u0105zkowy, Trener: Kurt Otto, Komitet Selekcyjny<\/td>\n<\/tr>\n<tr style=\"height: 21px;\">\n<td style=\"width: 0.484848%; text-align: center; height: 21px;\">2.<\/td>\n<td style=\"width: 9.47244%; height: 21px;\">1934.09.09 (niedziela)<\/td>\n<td style=\"width: 8.03119%; height: 21px;\">Warszawa<\/td>\n<td style=\"width: 7.11353%; height: 21px;\">Polska &#8211; Niemcy<\/td>\n<td style=\"text-align: center; width: 8.93997%; height: 21px;\">[pl] 2<\/td>\n<td style=\"text-align: center; width: 10.0068%; height: 21px;\">[de] 5<\/td>\n<td style=\"text-align: center; width: 9.52776%; height: 21px;\">MT<\/td>\n<td style=\"width: 31.2719%; height: 21px;\">J\u00f3zef Ka\u0142u\u017ca- Kapitan zwi\u0105zkowy, Komitet Selekcyjny<\/td>\n<\/tr>\n<tr style=\"height: 21px;\">\n<td style=\"width: 0.484848%; text-align: center; height: 21px;\">1.<\/td>\n<td style=\"width: 9.47244%; height: 21px;\">1933.12.03 (niedziela)<\/td>\n<td style=\"width: 8.03119%; height: 21px;\">Berlin<\/td>\n<td style=\"width: 7.11353%; height: 21px;\">Niemcy &#8211; Polska<\/td>\n<td style=\"text-align: center; width: 8.93997%; height: 21px;\">[de] 1<\/td>\n<td style=\"text-align: center; width: 10.0068%; height: 21px;\">[pl] 0<\/td>\n<td style=\"text-align: center; width: 9.52776%; height: 21px;\">MT<\/td>\n<td style=\"width: 31.2719%; height: 21px;\">J\u00f3zef Ka\u0142u\u017ca- Kapitan zwi\u0105zkowy, Komitet Selekcyjny<\/td>\n<\/tr>\n<\/tbody>\n<\/table>\n<p>&nbsp;<\/p>\n<h2 id=\"mecz22\"><span class=\"ez-toc-section\" id=\"22_Mecz_Polska-_Niemcy_1_0_16_czerwca_2023_r\"><\/span><a id=\"mecz-2016-06-16\"><\/a>22. Mecz Polska- Niemcy 1:0\u00a0 (16 czerwca 2023 r.)<span class=\"ez-toc-section-end\"><\/span><\/h2>\n<ul>\n<li><strong>Data meczu:<\/strong> 16.06.2023<\/li>\n<li><strong>Ranga meczu:<\/strong> Towarzyski<\/li>\n<li><strong>S\u0119dzia:<\/strong> Orel Greenfield &#8211; Izrael<\/li>\n<li><strong>Stadion:<\/strong> Stadion Narodowy PGE, Warszawa<\/li>\n<li><strong>Trener:<\/strong> Fernando Santos<\/li>\n<\/ul>\n<p><strong> \u26bd Strzelony gol:<\/strong><\/p>\n<ul>\n<li>Jakub Kiwior\u00a0 [pl] 31&#8242;<\/li>\n<\/ul>\n<p><strong>Sk\u0142ady:<\/strong><\/p>\n<table style=\"border-collapse: collapse; width: 100%;\">\n<thead>\n<tr>\n<th style=\"width: 50%;\">[pl] Polska:<\/th>\n<th style=\"width: 50%;\">\u00a0[de] Niemcy :<\/th>\n<\/tr>\n<\/thead>\n<tbody>\n<tr>\n<td style=\"width: 50%;\">\n<ul>\n<li><strong>Wojciech Szcz\u0119sny<\/strong> -Juventus FC<\/li>\n<li><strong>Bartosz Bereszy\u0144ski<\/strong> do 72&#8242; -SSC Napoli<\/li>\n<li>od 72&#8242; <strong>Przemys\u0142aw Frankowski<\/strong> -RC Lens<\/li>\n<li><strong>Tomasz K\u0119dziora<\/strong> -PAOK<\/li>\n<li><strong>Jan Bednarek<\/strong> -Southampton FC<\/li>\n<li><strong>Jakub Kiwior<\/strong> -Arsenal FC<\/li>\n<li><strong>Jakub B\u0142aszczykowski<\/strong> kapitan do 17&#8242; -Wis\u0142a Krak\u00f3w<\/li>\n<li>od 17&#8242; <strong>Micha\u0142 Sk\u00f3ra\u015b<\/strong> -Lech Pozna\u0144<\/li>\n<li><strong>Piotr Zieli\u0144ski<\/strong> do 65&#8242; -SSC Napoli<\/li>\n<li>od 65&#8242; <strong>Bartosz Slisz<\/strong> -Legia Warszawa<\/li>\n<li><strong>Damian Szyma\u0144ski<\/strong> do 77&#8242; -AEK<\/li>\n<li>od 77&#8242;<strong> Krystian Bielik<\/strong> -Birmingham City FC<\/li>\n<li><strong>Jakub Kami\u0144ski<\/strong> -VfL Wolfsburg<\/li>\n<li><strong>Robert Lewandowski<\/strong> do 46&#8242; -FC Barcelona<\/li>\n<li>od 46&#8242; <strong>Arkadiusz Milik<\/strong> -Juventus FC<\/li>\n<li><strong>Sebastian Szyma\u0144ski<\/strong> 35&#8242; [ycard] do 46&#8242; -Feyenoord Rotterdam<\/li>\n<li>od 46&#8242; <strong>Karol Linetty<\/strong> -Torino FC Torino<\/li>\n<\/ul>\n<\/td>\n<td style=\"width: 50%;\">\n<ul>\n<li><strong>Marc-Andr\u00e9 ter Stegen<\/strong>\u00a0 -FC Barcelona,<\/li>\n<li><strong>Antonio R\u00fcdiger<\/strong> -Real Madrid<\/li>\n<li><strong>Thilo Kehrer<\/strong> -West Ham United FC<\/li>\n<li><strong>Benjamin Henrichs<\/strong> do 68&#8242; -RB Leipzig<\/li>\n<li>od 68&#8242;<strong> Leroy San\u00e9<\/strong> -Bayern Monachium<\/li>\n<li><strong>Malick Thiaw<\/strong> 61&#8242; [ycard] do 87&#8242; -AC Milan<\/li>\n<li>od 87&#8242; <strong>Marius Wolf<\/strong> -Borussia Dortmund<\/li>\n<li><strong>Emre Can<\/strong> -Borussia Dortmund<\/li>\n<li><strong>Jonas Hofmann<\/strong> do 46&#8242; -Borussia M\u00f6nchengladbach<\/li>\n<li>od 46&#8242; <strong>Robin Gosens<\/strong> -FC Inter<\/li>\n<li><strong>Joshua Kimmich<\/strong> kapitan do 80&#8242; -Bayern Monachium<\/li>\n<li>od 80&#8242; <strong>Leon Goretzka<\/strong> -Bayern Monachium<\/li>\n<li><strong>Kai Havertz<\/strong> -Chelsea FC<\/li>\n<li><strong>Florian Wirtz<\/strong> do 80&#8242; -Bayer 04 Leverkusen<\/li>\n<li>od 80&#8242; <strong>Julian Brandt<\/strong> -Borussia Dortmund<\/li>\n<li><strong>Jamal Musiala<\/strong> do 68&#8242; -Bayern Monachium<\/li>\n<li>od 68&#8242; <strong>Niclas F\u00fcllkrug<\/strong> -SV Werder<\/li>\n<\/ul>\n<\/td>\n<\/tr>\n<\/tbody>\n<\/table>\n<p style=\"text-align: justify;\">Po marcowej pora\u017cce z Czechami i wygranej z Albani\u0105 w eliminacjach do Mistrzostw Europy 2024 Reprezentacja Polski mia\u0142a zaplanowane w czerwcu spotkanie towarzyskie z Niemcami i kolejny mecz eliminacyjny z Mo\u0142dawi\u0105.<\/p>\n<p style=\"text-align: justify;\">Pojedynek z Niemcami mia\u0142 jednego bohatera, kt\u00f3ry zagra\u0142 jedynie 17 minut w tym meczu, ale w Reprezentacji Polski wyst\u0119powa\u0142 od ponad 17 lat i zagra\u0142 \u0142\u0105cznie z tym spotkaniem 109 mecz\u00f3w. Chodzi o Kub\u0119 B\u0142aszczykowskiego, dla kt\u00f3rego symboliczny wyst\u0119p przeciwko Niemcom by\u0142 oficjalnym po\u017cegnaniem z dru\u017cyn\u0105 narodow\u0105.<\/p>\n<p style=\"text-align: justify;\">Polska wygra\u0142a po bramce Kiwiora (strza\u0142 g\u0142ow\u0105, pierwszy gol w reprezentacji) i odnios\u0142a drugie zwyci\u0119stwo nad Niemcami w historii. Nie by\u0142o to jednak tak podnios\u0142e zwyci\u0119stwo jak to w 2014 roku. Przede wszystkim by\u0142 to mecz towarzyski, po drugie Reprezentacja Niemiec znajdowa\u0142a si\u0119 w powa\u017cnym kryzysie i wcze\u015bniejsze wyniki te\u017c nie by\u0142y zadowalaj\u0105ce. Niemcy zagrali przeci\u0119tnie przeciwko Polakom, a Bia\u0142o-Czerwoni to wykorzystali.<\/p>\n<p style=\"text-align: justify;\">Fernando Santos, kt\u00f3ry krytykowa\u0142 organizacj\u0119 tego spotkania towarzyskiego, tu\u017c przed meczem eliminacyjnym odni\u00f3s\u0142 drugie swoje zwyci\u0119stwo w trzecim meczu w roli selekcjonera Reprezentacji Polski. Mo\u017cna by\u0142o si\u0119 \u0142udzi\u0107, \u017ce kadra Santosa wskoczy\u0142a na w\u0142a\u015bciwe tory. Nied\u0142ugo p\u00f3\u017aniej oka\u017ce si\u0119, \u017ce wr\u0119cz przeciwnie.<\/p>\n<p style=\"text-align: justify;\">Jedyny debiutant to Malick Thiaw.<\/p>\n<div id=\"attachment_13601\" style=\"width: 611px\" class=\"wp-caption aligncenter\"><a href=\"https:\/\/kronika-futbolu.pl\/historia\/wp-content\/uploads\/2023\/10\/2023-10-29-at-18-47-58.png\"><img loading=\"lazy\" decoding=\"async\" aria-describedby=\"caption-attachment-13601\" class=\"wp-image-13601 size-full\" src=\"https:\/\/kronika-futbolu.pl\/historia\/wp-content\/uploads\/2023\/10\/2023-10-29-at-18-47-58.png\" alt=\"\" width=\"601\" height=\"489\" srcset=\"https:\/\/kronika-futbolu.pl\/historia\/wp-content\/uploads\/2023\/10\/2023-10-29-at-18-47-58.png 601w, https:\/\/kronika-futbolu.pl\/historia\/wp-content\/uploads\/2023\/10\/2023-10-29-at-18-47-58-492x400.png 492w\" sizes=\"auto, (max-width: 601px) 100vw, 601px\" \/><\/a><p id=\"caption-attachment-13601\" class=\"wp-caption-text\">BIlet z meczu Polska-Niemcy 2023<\/p><\/div>\n<h2 id=\"mecz-19-04-1980\"><span class=\"ez-toc-section\" id=\"21_Mecz_Niemcy_%E2%80%93_Polska_0_0_16_czerwca_2016_r\"><\/span>\n<a id=\"mecz-2016-06-16\"><\/a>21. Mecz Niemcy &#8211; Polska 0:0\u00a0 (16 czerwca 2016 r.)<span class=\"ez-toc-section-end\"><\/span><\/h2>\n<ul>\n<li><strong>Data meczu:<\/strong> 16.06.2016<\/li>\n<li><strong>Ranga meczu:<\/strong> Mistrzostwa Europy 2016<\/li>\n<li><strong>S\u0119dzia:<\/strong> Bj\u00f6rn Kuipers &#8211; Holandia<\/li>\n<li><strong>Stadion:<\/strong> Stade de France, Saint-Denis<\/li>\n<li><strong>Trener:<\/strong> Adam Nawa\u0142ka\u00a0<\/li>\n<\/ul>\n<p><strong>\u00a0Sk\u0142ady:<\/strong><\/p>\n<table style=\"border-collapse: collapse; width: 100%;\">\n<thead>\n<tr>\n<th style=\"width: 50%;\">[de] Niemcy :<\/th>\n<th style=\"width: 50%;\">[pl] Polska:<\/th>\n<\/tr>\n<\/thead>\n<tbody>\n<tr>\n<td style=\"width: 50%;\">\n<ul>\n<li><strong>Manuel Neuer<\/strong> kapitan -Bayern Monachium<\/li>\n<li><strong>J\u00e9r\u00f4me Boateng<\/strong> 67&#8242; [ycard] -Bayern Monachium<\/li>\n<li><strong>Benedikt H\u00f6wedes<\/strong> -Schalke 04 Gelsenkirchen<\/li>\n<li><strong>Mats Hummels<\/strong> -Borussia Dortmund<\/li>\n<li><strong>Jonas Hector<\/strong> -1. FC K\u00f6ln<\/li>\n<li><strong>Mesut \u00d6zil<\/strong> 34&#8242;[ycard] -Arsenal FC<\/li>\n<li><strong>Sami Khedira<\/strong> 3&#8242; [ycard] -Juventus FC<\/li>\n<li><strong>Toni Kroos<\/strong> -Real Madryd<\/li>\n<li><strong>Mario G\u00f6tze<\/strong> do 66&#8242; -Bayern Monachium<\/li>\n<li>od 66&#8242; <strong>Andr\u00e9 Sch\u00fcrrle<\/strong> -VfL Wolfsburg<\/li>\n<li><strong>Julian Draxler<\/strong> do 72&#8242; -VfL Wolfsburg<\/li>\n<li>od 72&#8242; <strong>Mario G\u00f3mez<\/strong> -Be\u015fikta\u015f JK<\/li>\n<li><strong>Thomas M\u00fcller<\/strong> -Bayern Monachium<\/li>\n<\/ul>\n<\/td>\n<td style=\"width: 50%;\">\n<ul>\n<li><strong>\u0141ukasz Fabia\u0144ski<\/strong> -Swansea City AFC<\/li>\n<li><strong>Artur J\u0119drzejczyk<\/strong> -Legia Warszawa<\/li>\n<li><strong>Micha\u0142 Pazdan<\/strong> -Legia Warszawa<\/li>\n<li><strong>\u0141ukasz Piszczek<\/strong> -BV Borussia Dortmund<\/li>\n<li><strong>Kamil Glik<\/strong> -Torino FC<\/li>\n<li><strong>Jakub B\u0142aszczykowski<\/strong> do 80&#8242; -ACF Fiorentina<\/li>\n<li>od 80&#8242; <strong>Bartosz Kapustka<\/strong> -MKS Cracovia<\/li>\n<li><strong>Krzysztof M\u0105czy\u0144ski<\/strong> 45&#8242; [ycard] do 76&#8242; -Wis\u0142a Krak\u00f3w<\/li>\n<li>od 76&#8242; <strong>Tomasz Jod\u0142owiec<\/strong> -Legia Warszawa<\/li>\n<li><strong>Grzegorz Krychowiak<\/strong> -Sevilla FC<\/li>\n<li><strong>Kamil Grosicki<\/strong> 55&#8242; [ycard] do 87&#8242; -Stade Rennais FC<\/li>\n<li>od 87&#8242; <strong>S\u0142awomir Peszko<\/strong> 90+3&#8242; [ycard] -Lechia Gda\u0144sk<\/li>\n<li><strong>Robert Lewandowski<\/strong> kapitan -FC Bayern Monachium<\/li>\n<li><strong>Arkadiusz Milik<\/strong> -AFC Ajax<\/li>\n<\/ul>\n<\/td>\n<\/tr>\n<\/tbody>\n<\/table>\n<p>Grali ze sob\u0105 w eliminacjach do Mistrzostwo Europy i trafili na siebie w fazie grupowej podczas turnieju. Polacy i Niemcy byli faworytami grupy C francuskiego Euro i nic si\u0119 w tej sprawie nie zmieni\u0142o. W drugiej kolejce sprawiedliwie podzielili si\u0119 punktami. Zesp\u00f3\u0142 Nawa\u0142ki osi\u0105gn\u0105\u0142 cel, czyli wygra\u0107 z Irlandi\u0105 P\u00f3\u0142nocn\u0105 w pierwszym meczu i zremisowa\u0107 w drugim z Niemcami. Tak te\u017c si\u0119 sta\u0142o, p\u00f3\u017aniej by\u0142a wygrana z Ukrain\u0105 i awans do kolejnej rundy, a nast\u0119pnie do kolejnej. Ostatecznie Bia\u0142o-Czerwoni odpadli w \u0107wier\u0107finale po rzutach karnych z Portugali\u0105, a Niemcy w p\u00f3\u0142finale z Francj\u0105.<\/p>\n<p>Mecz sta\u0142 na wysokim poziomie, by\u0142 pe\u0142en dobrych moment\u00f3w i ko\u0144cowy wynik nale\u017cy uzna\u0107 za jak najbardziej prawid\u0142owy. Polacy nie tylko zagrali dobrze ale przy odrobinie skuteczno\u015bci, zw\u0142aszcza Arka Milika mogli nawet wygra\u0107. Po wygranej z Irlandi\u0105 P\u00f3\u0142nocn\u0105, nawet przegrana w drugim meczu nie przekre\u015bli\u0142a by szans na wyj\u015bcie z grupy, bo by\u0142o jeszcze spotkanie z Ukrain\u0105. Polska po raz pierwszy od 1986 roku wysz\u0142a z pierwszej fazy grupowej turnieju mistrzowskiego.\u00a0<\/p>\n<p>By\u0142 to 4 mecz Reprezentacji Polski z Niemcami w czasie prowadzenia kadry przez Adama Nawa\u0142k\u0119. Bilans 2 remisy, wygrana i pora\u017cka.\u00a0<\/p>\n<h2 id=\"mecz-19-04-1980\"><span class=\"ez-toc-section\" id=\"20_Mecz_Niemcy_%E2%80%93_Polska_3_1_4_wrzesnia_2015_r\"><\/span><a id=\"mecz-2015-09-04\"><\/a>20. Mecz Niemcy &#8211; Polska 3:1\u00a0 (4 wrze\u015bnia 2015 r.)<span class=\"ez-toc-section-end\"><\/span><\/h2>\n<ul>\n<li><strong>Data meczu:<\/strong> 04.09.2015<\/li>\n<li><strong>Ranga meczu:<\/strong> Eliminacje Mistrzostw Europy 2016<\/li>\n<li><strong>S\u0119dzia:<\/strong> Nicola Rizzoli &#8211; W\u0142ochy<\/li>\n<li><strong>Stadion:<\/strong> Commerzbank Arena, Frankfurt nad Menem<\/li>\n<li><strong>Trener:<\/strong> Adam Nawa\u0142ka<\/li>\n<\/ul>\n<p><strong>\u26bd Strzelone bramki:<\/strong><\/p>\n<ul>\n<li>Thomas M\u00fcller [de] 12&#8242;<\/li>\n<li>Mario G\u00f6tze [de] 19&#8242;<\/li>\n<li>Robert Lewandowski [pl] 36&#8242;<\/li>\n<li>Mario G\u00f6tze [de] 82&#8242;<\/li>\n<\/ul>\n<p>&nbsp;<\/p>\n<p><strong>? Sk\u0142ady:<\/strong><\/p>\n<table style=\"border-collapse: collapse; width: 100%;\">\n<thead>\n<tr>\n<th style=\"width: 50%;\">[de] Niemcy:<\/th>\n<th style=\"width: 50%;\">[pl] Polska:<\/th>\n<\/tr>\n<\/thead>\n<tbody>\n<tr>\n<td style=\"width: 50%;\">\n<ul>\n<li><strong>Manuel Neuer<\/strong> -Bayern Monachium<\/li>\n<li><strong>J\u00e9r\u00f4me Boateng<\/strong> -Bayern Monachium<\/li>\n<li><strong>Mats Hummels<\/strong> -Borussia Dortmund<\/li>\n<li><strong>Jonas Hector<\/strong> -1. FC K\u00f6ln<\/li>\n<li><strong>Bastian Schweinsteiger<\/strong> kapitan 79&#8242; [ycard] -Manchester United<\/li>\n<li><strong>Mesut \u00d6zil<\/strong> -Arsenal FC<\/li>\n<li><strong>Toni Kroos<\/strong> 61&#8242; [ycard] -Real Madrid<\/li>\n<li><strong>Karim Bellarabi<\/strong> do 53&#8242; -Bayer 04 Leverkusen<\/li>\n<li>od 53&#8242;<strong> \u0130lkay G\u00fcndo\u011fan<\/strong> -Borussia Dortmund<\/li>\n<li><strong>Mario G\u00f6tze<\/strong> do 90+1&#8242; -Bayern Monachium<\/li>\n<li>od 90+1&#8242; <strong>Lukas Podolski<\/strong> -Galatasaray SK<\/li>\n<li><strong>Thomas M\u00fcller<\/strong> -Bayern Monachium<\/li>\n<li><strong>Emre Can<\/strong> -Liverpool FC<\/li>\n<\/ul>\n<\/td>\n<td style=\"width: 50%;\">\n<ul>\n<li><strong>\u0141ukasz Fabia\u0144ski<\/strong> -Swansea City AFC<\/li>\n<li><strong>\u0141ukasz Piszczek<\/strong> do 43&#8242; -BV Borussia Dortmund<\/li>\n<li>od 43&#8242; <strong>Pawe\u0142 Olkowski<\/strong> -1. FC K\u00f6ln<\/li>\n<li><strong>\u0141ukasz Szuka\u0142a<\/strong> -Osmanl\u0131spor FK<\/li>\n<li><strong>Kamil Glik<\/strong> -Torino FC<\/li>\n<li><strong>Tomasz Jod\u0142owiec<\/strong> -Legia Warszawa<\/li>\n<li><strong>Maciej Rybus<\/strong> 8&#8242; [ycard] -RFC Terek Grozny<\/li>\n<li><strong>Krzysztof M\u0105czy\u0144ski<\/strong> od 63&#8242; -Wis\u0142a Krak\u00f3w<\/li>\n<li>do 63&#8242; <strong>Jakub B\u0142aszczykowski<\/strong> -ACF Fiorentina<\/li>\n<li><strong>Grzegorz Krychowiak<\/strong> -Sevilla FC<\/li>\n<li><strong>Kamil Grosicki<\/strong> 66&#8242; [ycard] 83&#8242; -Stade Rennais FC<\/li>\n<li>83&#8242; <strong>S\u0142awomir Peszko<\/strong> -Lechia Gda\u0144sk<\/li>\n<li><strong>Robert Lewandowski<\/strong> kapitan -FC Bayern Monachium<\/li>\n<li><strong>Arkadiusz Milik<\/strong> -AFC Ajax Amsterdam<\/li>\n<\/ul>\n<\/td>\n<\/tr>\n<\/tbody>\n<\/table>\n<p>Po historycznej wygranej w I meczu na rewan\u017c do Frankfurtu w ramach eliminacji do Mistrzostw Europy 2016 Polacy jechali z nastawieniem zdobycia 3 punkt\u00f3w albo remisu. Kilka miesi\u0119cy wcze\u015bniej udowodnili, \u017ce mo\u017cna pokona\u0107 Mistrz\u00f3w \u015awiata.\u00a0 Tym razem jednak a\u017c tak kolorowo nie by\u0142o, ale powod\u00f3w do wstydu tak\u017ce nie. Zawini\u0142 przede wszystkim pocz\u0105tek spotkania kiedy to rywale zdobyli 2 bramki.\u00a0 Pora\u017cka nie przekre\u015bli\u0142a szans na awans na Euro i Bia\u0142o-Czerwoni nadal byli kowalem swojego losu. W ostatnich 3 meczach kwalifikacji musieli tylko nie przegra\u0107 z Gibraltarem, Irlandi\u0105 i Szkocj\u0105.<\/p>\n<p>W 12 minucie polska obrona zosta\u0142a rozbita w drobny mak. Mistrzowie \u015awiata przeprowadzili \u0142adn\u0105, sk\u0142adn\u0105 akcj\u0119 z b\u0142yskotliwymi podaniami i niemal nie weszli z pi\u0142k\u0105 do bramki. Z bliskiej odleg\u0142o\u015bci trafi\u0142 M\u00fcller po podaniu Hectora.\u00a0 Min\u0119\u0142o tylko 7 minut i ponownie asyst\u0119 zaliczy\u0142 Hector a strza\u0142em z rogu pola karnego popisa\u0142 si\u0119 G\u00f6tze. W 36 minucie fenomenalnie do\u015brodkowa\u0142 Kamil Grosicki a gola kontaktowego zdoby\u0142 Robert Lewandowski. Na szcz\u0119\u015bcie z czasem Polacy zacz\u0119li gra\u0107 lepiej. P\u00f3\u017aniej stworzyli kilka gro\u017anych sytuacji ale nie pad\u0142a bramka. W 82 minucie na 3-1 dla Gospodarzy trafi\u0142 znowu G\u00f6tze. Strza\u0142 z dystansu M\u00fcllera odbi\u0142 Szcz\u0119sny ale pi\u0142ka trafi\u0142a wprost pod nogi zawodnika Bayernu Monachium i ustali\u0142 wynik.<\/p>\n<p>Nie by\u0142 to z\u0142y mecz w wykonaniu zespo\u0142u Nawa\u0142ki. Zabrak\u0142o koncentracji na pocz\u0105tku, oraz skuteczno\u015bci w w tworzonych akcjach. Zadebiutowa\u0142 jedynie Emre Can. By\u0142a to pierwsza pora\u017cka Reprezentacji Polski po 10 meczach bez przegranej.\u00a0<\/p>\n<p>&nbsp;<\/p>\n<h2 id=\"mecz-26-10-1975\"><span class=\"ez-toc-section\" id=\"19_Mecz_Polska-_Niemcy_2_0_11_pazdziernika_2014_r\"><\/span><a id=\"mecz-2014-10-11\"><\/a>19. Mecz Polska- Niemcy 2:0 (11 pa\u017adziernika 2014 r.)<span class=\"ez-toc-section-end\"><\/span><\/h2>\n<ul>\n<li><strong>Data meczu:<\/strong> 11.10.2014<\/li>\n<li><strong>Ranga meczu:<\/strong> Eliminacje Mistrzostw Europy 2016<\/li>\n<li><strong>S\u0119dzia:<\/strong> Oleg\u00e1rio Benqueren\u00e7a &#8211; Portugalia<\/li>\n<li><strong>Stadion:<\/strong> Stadion Narodowy, Warszawa<\/li>\n<li><strong>Trener:<\/strong> Adam Nawa\u0142ka<\/li>\n<\/ul>\n<p><strong>\u26bd Strzelone bramki:<\/strong><\/p>\n<ul>\n<li>Arkadiusz Milik [pl] 51&#8242;<\/li>\n<li>Sebastian Mila [pl] 88&#8242;<\/li>\n<\/ul>\n<p>&nbsp;<\/p>\n<p><strong>? Sk\u0142ady:<\/strong><\/p>\n<table style=\"border-collapse: collapse; width: 100%; height: 407px;\">\n<thead>\n<tr style=\"height: 21px;\">\n<th style=\"width: 50%; height: 21px;\">[pl] Polska:<\/th>\n<th style=\"width: 50%; height: 21px;\">[de] Niemcy:<\/th>\n<\/tr>\n<\/thead>\n<tbody>\n<tr style=\"height: 386px;\">\n<td style=\"width: 50%; height: 386px;\">\n<ul>\n<li><strong>Wojciech Szcz\u0119sny<\/strong> -Arsenal FC<\/li>\n<li><strong>Tomasz Jod\u0142owiec<\/strong> -Legia Warszawa<\/li>\n<li><strong>Jakub Wawrzyniak<\/strong> do 84&#8242; -FC Amkar Perm<\/li>\n<li>od 84&#8242; <strong>Artur J\u0119drzejczyk<\/strong> -FC Krasnodar<\/li>\n<li><strong>\u0141ukasz Piszczek<\/strong> 90+3&#8242; [ycard] -BV Borussia Dortmund<\/li>\n<li><strong>\u0141ukasz Szuka\u0142a<\/strong> 20&#8242; [ycard] -FC Steaua Bukareszt<\/li>\n<li><strong>Kamil Glik<\/strong> -Torino FC<\/li>\n<li><strong>Kamil Grosicki<\/strong> do 71&#8242; -Stade Rennais<\/li>\n<li>od 71&#8242; <strong>Waldemar Sobota<\/strong> -Club Brugge<\/li>\n<li><strong>Maciej Rybus<\/strong> -Terek Grozny<\/li>\n<li><strong>Grzegorz Krychowiak<\/strong> -Sevilla FC<\/li>\n<li><strong>Robert Lewandowski<\/strong> kapitan 56&#8242; [ycard] -Bayern Monachium<\/li>\n<li><strong>Arkadiusz Milik<\/strong> do 77&#8242; -Ajax Amsterdam<\/li>\n<li>od 77&#8242; <strong>Sebastian Mila<\/strong> -\u015al\u0105sk Wroc\u0142aw<\/li>\n<\/ul>\n<\/td>\n<td style=\"width: 50%; height: 386px;\">\n<ul>\n<li><strong>Manuel Neuer<\/strong> kapitan -Bayern Monachium<\/li>\n<li><strong>J\u00e9r\u00f4me Boateng<\/strong> 24&#8242; [ycard] -Bayern Monachium<\/li>\n<li><strong>Mats Hummels<\/strong> -Borussia Dortmund<\/li>\n<li><strong>Erik Durm<\/strong> -Borussia Dortmund<\/li>\n<li><strong>Antonio R\u00fcdiger<\/strong> do 83&#8242; -VfB Stuttgart<\/li>\n<li>od 83&#8242;<strong> Max Kruse<\/strong> -Borussia M\u00f6nchengladbach<\/li>\n<li><strong>Toni Kroos<\/strong> -Real Madrid<\/li>\n<li><strong>Karim Bellarabi<\/strong> 86&#8242; [ycard] -Bayer 04 Leverkusen<\/li>\n<li><strong>Mario G\u00f6tze<\/strong> -Bayern Monachium<\/li>\n<li><strong>Christoph Kramer<\/strong> do 71&#8242; -Borussia M\u00f6nchengladbach<\/li>\n<li>od 71&#8242; <strong>Julian Draxler<\/strong> -Schalke 04 Gelsenkirchen<\/li>\n<li><strong>Thomas M\u00fcller<\/strong> -Bayern Monachium<\/li>\n<li><strong>Andr\u00e9 Sch\u00fcrrle<\/strong> do 77&#8242; -Chelsea FC<\/li>\n<li>od 77&#8242; <strong>Lukas Podolski<\/strong> -Arsenal FC<\/li>\n<\/ul>\n<\/td>\n<\/tr>\n<\/tbody>\n<\/table>\n<div id=\"attachment_10589\" style=\"width: 610px\" class=\"wp-caption alignleft\"><img loading=\"lazy\" decoding=\"async\" aria-describedby=\"caption-attachment-10589\" class=\"wp-image-10589 size-medium\" src=\"https:\/\/kronika-futbolu.pl\/historia\/wp-content\/uploads\/2021\/02\/19B_polska_niemcy_2014_pazdziernika_kadr_laczy_nas_pilka-600x334.png\" alt=\"Polska - Niemcy 2-0 2014 \" width=\"600\" height=\"334\" srcset=\"https:\/\/kronika-futbolu.pl\/historia\/wp-content\/uploads\/2021\/02\/19B_polska_niemcy_2014_pazdziernika_kadr_laczy_nas_pilka-600x334.png 600w, https:\/\/kronika-futbolu.pl\/historia\/wp-content\/uploads\/2021\/02\/19B_polska_niemcy_2014_pazdziernika_kadr_laczy_nas_pilka-768x428.png 768w, https:\/\/kronika-futbolu.pl\/historia\/wp-content\/uploads\/2021\/02\/19B_polska_niemcy_2014_pazdziernika_kadr_laczy_nas_pilka.png 1172w\" sizes=\"auto, (max-width: 600px) 100vw, 600px\" \/><p id=\"caption-attachment-10589\" class=\"wp-caption-text\">Polska &#8211; Niemcy 2-0 2014 . Moment bramki Mili. Kadr z transmisji \u0141\u0105czy Nas Pi\u0142ka<\/p><\/div>\n<p>I oto nadszed\u0142 ten historyczny dzie\u0144 w dziejach polskiej pi\u0142ki. Komplet widz\u00f3w na Stadionie Narodowym w Warszawie, oraz miliony ogl\u0105daj\u0105cych transmisj\u0119 by\u0142o \u015bwiadkami jak Reprezentacja Polski pokonuje po raz pierwszy w historii Niemc\u00f3w i to\u00a0 bez straty gola w dodatku aktualnych Mistrz\u00f3w \u015awiata.\u00a0 By\u0142 to pocz\u0105tek eliminacji Mistrzostw Europy 2016 i dla obu ekip drugie spotkanie w tych rozgrywkach. Bohaterami tamtego spotkania zostali strzelcy goli: Arkadiusz Milik, oraz Sebastian Mila. Od tego spotkania wszyscy ju\u017c uwierzyli \u017ce kadra Nawa\u0142ki zmierza w dobrym kierunku i jak si\u0119 okaza\u0142o tak by\u0142o. Kilkana\u015bcie miesi\u0119cy p\u00f3\u017aniej obie reprezentacje spotkaj\u0105 si\u0119 na Euro we Francji.<\/p>\n<p>Po I po\u0142owie by\u0142 0-0, ale druga cz\u0119\u015b\u0107 spotkania rozpocz\u0119\u0142a si\u0119 rewelacyjnie dla Bia\u0142o-Czerwonych.\u00a0 Po przej\u0119ciu pi\u0142ki na w\u0142asnej po\u0142owie Polacy przeprowadzili rewelacyjn\u0105 akcj\u0119 i po kilku \u0142adnych, szybkich podaniach \u0141ukasz Piszczek idealnie wrzuci\u0142 pi\u0142k\u0119 w pole karne a tam Arkadiusz Milik strza\u0142em g\u0142ow\u0105 otworzy\u0142 wynik spotkania. Tak jak w 2011 w Gda\u0144sku tak teraz zapanowa\u0142a wielka euforia. W przeciwie\u0144stwie do kilku mecz\u00f3w sprzed lat to tym razem Polacy powiedzieli ostatnie s\u0142owo w spotkaniu . W 88 minucie Robert Lewandowski wy\u0142o\u017cy\u0142 pi\u0142k\u0119 Sebastianowi Mili a ten nie zmarnowa\u0142 okazji i przypiecz\u0119towa\u0142 historyczne zwyci\u0119stwo nad Niemcami.<\/p>\n<p>By\u0142a to niezwykle cena wygrana i zdobycie 3 punkt\u00f3w na starcie walki o awans na Euro. Pokonanie Niemc\u00f3w da\u0142o ogromne nadzieje i szanse na zagranie we Francji na mistrzostwach.\u00a0Jedynym debiutantem by\u0142 Karim Bellarabi<\/p>\n<p>&nbsp;<\/p>\n<h2 id=\"mecz-19-04-1975\"><span class=\"ez-toc-section\" id=\"18_Mecz_Niemcy_%E2%80%93_Polska_0_0_13_maja_2014_r\"><\/span><a id=\"mecz-2014-05-13\"><\/a>18. Mecz Niemcy &#8211; Polska 0:0 (13\u00a0 maja 2014 r.)<span class=\"ez-toc-section-end\"><\/span><\/h2>\n<ul>\n<li><strong>Data meczu:<\/strong> 13.05.2014<\/li>\n<li><strong>Ranga meczu:<\/strong> Towarzyski<\/li>\n<li><strong>S\u0119dzia:<\/strong>David Fern\u00e1ndez Borbal\u00e1n &#8211; Hiszpania<\/li>\n<li><strong>Stadion:<\/strong> Imtech Arena, Hamburg<\/li>\n<li><strong>Trener:<\/strong> Adam Nawa\u0142ka<\/li>\n<\/ul>\n<p><strong>? Sk\u0142ady:<\/strong><\/p>\n<table style=\"border-collapse: collapse; width: 100%; height: 407px;\">\n<thead>\n<tr style=\"height: 21px;\">\n<th style=\"width: 50%; height: 21px;\">[de] Niemcy:<\/th>\n<th style=\"width: 50%; height: 21px;\">[pl] Polska:<\/th>\n<\/tr>\n<\/thead>\n<tbody>\n<tr style=\"height: 386px;\">\n<td style=\"width: 50%; height: 386px;\">\n<ul>\n<li><strong>Ron-Robert Zieler<\/strong> do 46&#8242; -Hannover 96<\/li>\n<li>od 46&#8242; <strong>Marc-Andr\u00e9 ter Stegen<\/strong> -Borussia M\u00f6nchengladbach<\/li>\n<li><strong>Oliver Sorg<\/strong> do 82&#8242; -SC Freiburg<\/li>\n<li>od 82&#8242; <strong>Christian G\u00fcnter<\/strong> -SC Freiburg<\/li>\n<li><strong>Shkodran Mustafi<\/strong> -UC Sampdoria<\/li>\n<li><strong>Antonio R\u00fcdiger<\/strong> do 46&#8242; -VfB Stuttgart<\/li>\n<li>od 46&#8242; <strong>Benedikt H\u00f6wedes<\/strong> -Schalke 04 Gelsenkirchen<\/li>\n<li><strong>Matthias Ginter<\/strong> -SC Freiburg<\/li>\n<li><strong>Sebastian Rudy<\/strong> -TSG 1899 Hoffenheim<\/li>\n<li><strong>Christoph Kramer<\/strong> -Borussia M\u00f6nchengladbach<\/li>\n<li><strong>Julian Draxler<\/strong> kapitan -Schalke 04 Gelsenkirchen<\/li>\n<li><strong>Leon Goretzka<\/strong> do 46&#8242; -Schalke 04 Gelsenkirchen<\/li>\n<li>od 46&#8242; <strong>Andr\u00e9 Hahn<\/strong> -FC Augsburg<\/li>\n<li><strong>Max Meyer<\/strong> do 76&#8242; -Schalke 04 Gelsenkirchen<\/li>\n<li>od 76&#8242; <strong>Maximilian Arnold<\/strong> -VfL Wolfsburg<\/li>\n<li><strong>Kevin Volland<\/strong> do 71&#8242; -TSG 1899 Hoffenheim<\/li>\n<li>od 71&#8242; <strong>Sebastian Jung<\/strong> -Eintracht Frankfurt<\/li>\n<\/ul>\n<\/td>\n<td style=\"width: 50%; height: 386px;\">\n<ul>\n<li><strong>Artur Boruc<\/strong> kapitan -Southampton FC<\/li>\n<li><strong>Jakub Wawrzyniak<\/strong> -FC Amkar<\/li>\n<li><strong>\u0141ukasz Szuka\u0142a<\/strong> -Steaua Bukareszt<\/li>\n<li><strong>Thiago Cionek<\/strong> do 76&#8242; -Modena FC<\/li>\n<li>od 76&#8242; <strong>Maciej Wilusz<\/strong> -GKS Be\u0142chat\u00f3w<\/li>\n<li><strong>Pawe\u0142 Olkowski<\/strong> -G\u00f3rnik Zabrze<\/li>\n<li><strong>Ludovic Obraniak<\/strong> do 54&#8242; -Werder Brema<\/li>\n<li>od 54&#8242; <strong>Karol Linetty<\/strong> -Lech Pozna\u0144<\/li>\n<li><strong>S\u0142awomir Peszko<\/strong> do 54&#8242; -1. FC K\u00f6ln<\/li>\n<li>od 54&#8242; <strong>Micha\u0142 \u017byro<\/strong> -Legia Warszawa<\/li>\n<li><strong>Mateusz Klich<\/strong> do 81&#8242; -PEC Zwolle<\/li>\n<li>od 81&#8242; <strong>Pawe\u0142 Wszo\u0142ek<\/strong> -UC Sampdoria<\/li>\n<li><strong>Grzegorz Krychowiak<\/strong> -Stade de Reims<\/li>\n<li><strong>Marcin Robak<\/strong> do 54&#8242; -Pogo\u0144 Szczecin<\/li>\n<li>od 54&#8242; <strong>Arkadiusz Milik<\/strong> -FC Augsburg<\/li>\n<li><strong>Maciej Rybus<\/strong> do 90&#8242; -Terek Grozny<\/li>\n<li>od 90&#8242; <strong>Rafa\u0142 Wolski<\/strong> -ACF Fiorentina<\/li>\n<\/ul>\n<\/td>\n<\/tr>\n<\/tbody>\n<\/table>\n<div id=\"attachment_10574\" style=\"width: 484px\" class=\"wp-caption alignleft\"><img loading=\"lazy\" decoding=\"async\" aria-describedby=\"caption-attachment-10574\" class=\"wp-image-10574 size-medium\" src=\"https:\/\/kronika-futbolu.pl\/historia\/wp-content\/uploads\/2021\/02\/18B_niemcy_polska_2014_maj_laczy_nas_pilka-474x400.png\" alt=\"Polska Niemcy 2014\" width=\"474\" height=\"400\" srcset=\"https:\/\/kronika-futbolu.pl\/historia\/wp-content\/uploads\/2021\/02\/18B_niemcy_polska_2014_maj_laczy_nas_pilka-474x400.png 474w, https:\/\/kronika-futbolu.pl\/historia\/wp-content\/uploads\/2021\/02\/18B_niemcy_polska_2014_maj_laczy_nas_pilka.png 533w\" sizes=\"auto, (max-width: 474px) 100vw, 474px\" \/><p id=\"caption-attachment-10574\" class=\"wp-caption-text\">Polska Niemcy 2014. \u0179r\u00f3d\u0142o: \u0141\u0105czy Nas Pi\u0142ka<\/p><\/div>\n<p>Mecz w Hamburgu nie by\u0142 spotkanie najsilniejszych dru\u017cyn Polski i Niemiec. By\u0142o to wr\u0119cz spotkanie tylko sparingowe. Niemcy wystawili kompletnie nowy zesp\u00f3\u0142, zadebiutowa\u0142o a\u017c 12 zawodnik\u00f3w. W zespole Adama Nawa\u0142ki r\u00f3wnie\u017c zabrak\u0142o kilku kluczowych graczy. Niemcy szykowali reprezentacj\u0119 na Mistrzostwa \u015awiata w Brazylii. Polacy na eliminacje Euro 2016 kt\u00f3re rozpocz\u0119\u0142y si\u0119 we wrze\u015bniu 2014 i w kt\u00f3rych rywalem te\u017c byli Niemcy. Trenerzy obu reprezentacji mieli okazj\u0119 do przetestowania w warunkach meczowych swoich pi\u0142karzy. \u0141\u0105cznie na boisku pojawi\u0142o si\u0119 a\u017c 34 zawodnik\u00f3w 14 by\u0142o debiutantami.\u00a0<\/p>\n<p>Polska nie wykorzysta\u0142a szansy aby pokona\u0107 pierwszy raz w historii Niemc\u00f3w, inne opinie m\u00f3wi\u0105, \u017ce remis z Niemcami zawsze jest dobrym wynikiem. Mecz bez wi\u0119kszej historii. Ze wszystkich niemieckich pi\u0142karzy z tego spotkania tylko 7 pojecha\u0142o do Brazylii. Tam dok\u0142adnie dwa miesi\u0105ce p\u00f3\u017aniej ekipa Joachima L\u00f6wa si\u0119gnie po Mistrzostwo\u00a0 \u015awiata.\u00a0<\/p>\n<p>Zadebiutowali: Mustafi, R\u00fcdiger, Rudy, Kramer, Goretzka, Meyer, Volland, Sorg, G\u00fcnter, Hahn, Arnold, Jung. Dla ostatnich 5 by\u0142 to jednocze\u015bnie jedyny wyst\u0119p w kadrze. W polskiej dru\u017cynie zadebiutowali Micha\u0142 \u017byro, oraz Thiago Cionek kt\u00f3rego pradziadkowie byli Polakami i dzi\u0119ki czemu dosta\u0142 dosta\u0142 drugie obywatelstwo. Ostatni raz dla Bia\u0142o-Czerwonych zagrali: Ludovic Obraniak (\u0142\u0105cznie 34 mecze i 6 goli), oraz Marcin Robak (\u0142\u0105cznie 9 mecz\u00f3w i 1 gol).<\/p>\n<p>&nbsp;<\/p>\n<h2 id=\"mecz-19-04-1980\"><span class=\"ez-toc-section\" id=\"17_Mecz_Polska-_Niemcy_2_2_6_wrzesnia_2011_r\"><\/span><a id=\"mecz-2011-09-06\"><\/a>17. Mecz Polska- Niemcy 2:2\u00a0 (6 wrze\u015bnia 2011 r.)<span class=\"ez-toc-section-end\"><\/span><\/h2>\n<ul>\n<li><strong>Data meczu:<\/strong> 06.09.2011<\/li>\n<li><strong>Ranga meczu:<\/strong> Towarzyski<\/li>\n<li><strong>S\u0119dzia:<\/strong> Daniele Orsato &#8211; W\u0142ochy<\/li>\n<li><strong>Stadion:<\/strong> P.G.E. [Polska Grupa Energetyczna] Arena, Gda\u0144sk<\/li>\n<li><strong>Trener:<\/strong> Franciszek Smuda<\/li>\n<\/ul>\n<p><strong>\u26bd Strzelone bramki:<\/strong><\/p>\n<ul>\n<li>Robert Lewandowski [pl] 55&#8242;<\/li>\n<li>Toni Kroos [de] 68&#8242;-karny<\/li>\n<li>Jakub B\u0142aszczykowski [pl] 90+1&#8242;-karny<\/li>\n<li>Cacau [de] 90+4&#8242;<\/li>\n<\/ul>\n<p><strong>? Sk\u0142ady:<\/strong><\/p>\n<table style=\"border-collapse: collapse; width: 100%;\">\n<thead>\n<tr>\n<th style=\"width: 50%;\">[pl] Polska:<\/th>\n<th style=\"width: 50%;\">[de] Niemcy :<\/th>\n<\/tr>\n<\/thead>\n<tbody>\n<tr>\n<td style=\"width: 50%;\">\n<ul>\n<li><strong>Wojciech Szcz\u0119sny<\/strong> -Arsenal FC<\/li>\n<li><strong>Marcin Wasilewski<\/strong> -RSC Anderlecht<\/li>\n<li><strong>Arkadiusz G\u0142owacki<\/strong> 68&#8242; [ycard] 82&#8242; [ycard] [rcard] -Trabzonspor<\/li>\n<li><strong>Damien Perquis<\/strong> do 72&#8242; -FC Sochaux-Montb\u00e9liard<\/li>\n<li>od 72&#8242; <strong>Kamil Glik<\/strong> -Torino FC<\/li>\n<li><strong>Jakub Wawrzyniak<\/strong> -Legia Warszawa<\/li>\n<li><strong>Jakub B\u0142aszczykowski<\/strong> do 90&#8242; -Borussia Dortmund<\/li>\n<li>od 90&#8242; <strong>Szymon Paw\u0142owski<\/strong> -Zag\u0142\u0119bie Lubin<\/li>\n<li><strong>Dariusz Dudka<\/strong> -AJ Auxerre<\/li>\n<li><strong>Rafa\u0142 Murawski<\/strong> -Lech Pozna\u0144<\/li>\n<li><strong>Adrian Mierzejewski<\/strong> do 84&#8242; -Trabzonspor<\/li>\n<li>od 84&#8242; <strong>Maciej Rybus<\/strong> -Legia Warszawa<\/li>\n<li><strong>S\u0142awomir Peszko<\/strong> do 65&#8242; -1. FC K\u00f6ln<\/li>\n<li>od 65&#8242; <strong>Adam Matuszczyk<\/strong> -1. FC K\u00f6ln<\/li>\n<li><strong>Robert Lewandowski<\/strong> do 80&#8242; -Borussia Dortmund<\/li>\n<li>od 80&#8242; <strong>Pawe\u0142 Bro\u017cek<\/strong> -Trabzonspor<\/li>\n<\/ul>\n<\/td>\n<td style=\"width: 50%;\">\n<ul>\n<li><strong>Tim Wiese<\/strong> 90&#8242; [ycard] -Werder Brema<\/li>\n<li><strong>Christian Tr\u00e4sch<\/strong> -VfL Wolfsburg<\/li>\n<li><strong>Per Mertesacker<\/strong> -Arsenal FC<\/li>\n<li><strong>J\u00e9r\u00f4me Boateng<\/strong> -Bayern Monachium<\/li>\n<li><strong>Philipp Lahm<\/strong> kapitan do 46&#8242; -Bayern Monachium<\/li>\n<li>od 46&#8242; <strong>Marcel Schmelzer<\/strong> -Borussia Dortmund<\/li>\n<li><strong>Simon Rolfes<\/strong> do 77&#8242; -Bayer 04 Leverkusen<\/li>\n<li>od 77&#8242; <strong>Lars Bender<\/strong> -Bayer 04 Leverkusen<\/li>\n<li><strong>Andr\u00e9 Sch\u00fcrrle<\/strong> -Bayer 04 Leverkusen<\/li>\n<li><strong>Mario G\u00f6tze<\/strong> -Borussia Dortmund<\/li>\n<li><strong>Toni Kroos<\/strong> 84&#8242; [ycard] -Bayern Monachium<\/li>\n<li><strong>Lukas Podolski<\/strong> do 60&#8242; -1. FC K\u00f6ln<\/li>\n<li>od 60&#8242; <strong>Thomas M\u00fcller<\/strong> -Bayern Monachium<\/li>\n<li><strong>Miroslav Klose<\/strong> do 46&#8242; -Lazio Roma<\/li>\n<li>od 46&#8242; <strong>Cacau<\/strong> -VfB Stuttgart<\/li>\n<\/ul>\n<\/td>\n<\/tr>\n<\/tbody>\n<\/table>\n<div id=\"attachment_10572\" style=\"width: 450px\" class=\"wp-caption alignleft\"><img loading=\"lazy\" decoding=\"async\" aria-describedby=\"caption-attachment-10572\" class=\"wp-image-10572 size-full\" src=\"https:\/\/kronika-futbolu.pl\/historia\/wp-content\/uploads\/2021\/02\/17B_polska_niemcy_2011_laczy_nas_pilka.png\" alt=\"Polska Niemcy 2011\" width=\"440\" height=\"393\" \/><p id=\"caption-attachment-10572\" class=\"wp-caption-text\">Polska Niemcy 2011. \u0179r\u00f3d\u0142o: \u0141\u0105czy Nas Pi\u0142ka<\/p><\/div>\n<p>Debiut Reprezentacji Polski na nowo powsta\u0142ym stadionie w Gda\u0144sku- arenie Mistrzostw Europy 2012 nale\u017cy zaliczy\u0107 do udanych chod\u017a niedosyt pozosta\u0142. Po 5 pora\u017ckach z rz\u0119du z Niemcami Polacy zremisowali, a do pierwszej\u00a0 wygranej w historii z tym rywalem zabrak\u0142o tak jak w 2006 roku sekund. Gdy na pocz\u0105tku doliczonego czasu gry Kuba B\u0142aszczykowski strzeli\u0142 na 2-1 dla Bia\u0142o-Czerwonych zapanowa\u0142a euforia, wygrana by\u0142a ju\u017c niemal pewna, ale mecz jeszcze si\u0119 nie sko\u0144czy\u0142. Trzy minuty p\u00f3\u017aniej wyr\u00f3wna\u0142 jednak Cacu i ostudzi\u0142 sza\u0142 polskich kibic\u00f3w.\u00a0<\/p>\n<p>Ze wspomnianych 5 kolejnych pora\u017cek z Niemcami, a\u017c 4 ostatnie ko\u0144czy\u0142y si\u0119 rezultatem do zera. W Gda\u0144sku dopiero\u00a0 po 31 latach przerwy strzelili\u015bmy gola Die Mannschaft, a dopiero drugi raz w historii (pierwszy w 1934 roku gdy by\u0142o 2:5) Polacy w jednym\u00a0 meczu przeciwko Niemcom zdobyli wi\u0119cej ni\u017c jednego gola.\u00a0<\/p>\n<p>Po I bezbramkowej po\u0142owie\u00a0 nic nie zapowiada\u0142o a\u017c takich emocji do samego ko\u0144ca. W 55 minucie Polacy przeprowadzili \u015bwietn\u0105 akcj\u0119. B\u0142aszczykowski idealnie znalaz\u0142 wybiegaj\u0105cego na pozycj\u0119 Dudk\u0119 , pos\u0142a\u0142 do niego pi\u0142k\u0119 ale zosta\u0142 sfaulowany przez Tima Wiese, lecz w polu karnym by\u0142 te\u017c Robert Lewandowski kt\u00f3ry wykorzysta\u0142 szans\u0119 i zdoby\u0142 pierwsz\u0105 bramk\u0119. Wyr\u00f3wna\u0142 w 68 minucie Toni Kroos z rzutu karnego podyktowanego za faul na M\u00fcllerze przez G\u0142owackiego. Zanios\u0142o si\u0119 wi\u0119c na remis 1-1. W 82 minucie G\u0142owacki otrzyma\u0142 drug\u0105 \u017c\u00f3\u0142t\u0105 kartk\u0119 i w konsekwencji czerwon\u0105.\u00a0 W 90 minucie w polu karnym zosta\u0142 sfaulowany Pawe\u0142 Bro\u017cek przez niemieckiego bramkarza. Karnego nie zmarnowa\u0142 B\u0142aszczykowski i po raz drugi stadion oszala\u0142 z rado\u015bci, a miliony widz\u00f3w przed telewizorami us\u0142ysza\u0142o g\u0142o\u015bne &#8222;Taaaaaaaak&#8221; komentuj\u0105cego Dariusza Szpakowskiego.\u00a0 W 4 minucie doliczonego czasu gry prze\u017cyli\u015bmy podobn\u0105 sytuacj\u0119 co na Mundialu 2006. Ostatnia akcja, z prawej strony pi\u0142k\u0119 dostaje M\u00fcller, pilnuj\u0105cy Go Wawrzyniak po\u015blizn\u0105\u0142 si\u0119, Niemiec to wykorzysta\u0142 i poda\u0142 do Cacau a ten doprowadzi\u0142 do remisu.<\/p>\n<p>Zadebiutowa\u0142 Damien Perquis, a w zespole niemieckim Lars Bender.<\/p>\n<h2 id=\"mecz-19-04-1980\"><span class=\"ez-toc-section\" id=\"16_Mecz_Niemcy_%E2%80%93_Polska_2_0_8_czerwca_2008_r\"><\/span><a id=\"mecz-2008-06-08\"><\/a>16. Mecz Niemcy &#8211; Polska 2:0\u00a0 (8 czerwca 2008 r.)<span class=\"ez-toc-section-end\"><\/span><\/h2>\n<ul>\n<li><strong>Data meczu:<\/strong> 08.06.2008<\/li>\n<li><strong>Ranga meczu:<\/strong> Mistrzostwa Europy<\/li>\n<li><strong>S\u0119dzia:<\/strong> Tom Henning \u00d8vreb\u00f8 &#8211; Norwegia<\/li>\n<li><strong>Stadion:<\/strong> Hypo Group Arena, Klagenfurt am W\u00f6rthersee<\/li>\n<li><strong>Trener:<\/strong> Leo Beenhakker<\/li>\n<\/ul>\n<p><strong>\u26bd Strzelone bramki:<\/strong><\/p>\n<ul>\n<li>Lukas Podolski\u00a0 [de] 20&#8242;, 72&#8242;\u00a0<\/li>\n<\/ul>\n<p><strong>? Sk\u0142ady:<\/strong><\/p>\n<table style=\"border-collapse: collapse; width: 100%;\">\n<thead>\n<tr>\n<th style=\"width: 50%;\">[de] Niemcy:<\/th>\n<th style=\"width: 50%;\">[pl] Polska:<\/th>\n<\/tr>\n<\/thead>\n<tbody>\n<tr>\n<td style=\"width: 50%;\">\n<ul>\n<li><strong>Jens Lehmann<\/strong> -Arsenal FC<\/li>\n<li><strong>Philipp Lahm<\/strong> -Bayern Monachium<\/li>\n<li><strong>Per Mertesacker<\/strong> -Werder Bremen<\/li>\n<li><strong>Christoph Metzelder<\/strong> -Real Madryd<\/li>\n<li><strong>Marcell Jansen<\/strong> -Bayern Monachium<\/li>\n<li><strong>Clemens Fritz<\/strong> do 55&#8242; -Werder Brema<\/li>\n<li>od 55&#8242; <strong>Bastian Schweinsteiger<\/strong> 64&#8242; [ycard] -Bayern, Monachium<\/li>\n<li><strong>Torsten Frings<\/strong> -Werder Brema<\/li>\n<li><strong>Michael Ballack<\/strong> kapitan -Chelsea FC, London<\/li>\n<li><strong>Lukas Podolski<\/strong> -Bayern Monachium<\/li>\n<li><strong>Mario G\u00f3mez<\/strong> do 75&#8242; -VfB Stuttgart<\/li>\n<li>od 75&#8242; <strong>Thomas Hitzlsperger<\/strong>\u00a0 -VfB Stuttgart<\/li>\n<li><strong>Miroslav Klose<\/strong> do 90&#8242; -Bayern Monachium<\/li>\n<li>od 90&#8242; <strong>Kevin Kur\u00e1nyi<\/strong> -Schalke 04 Gelsenkirchen<\/li>\n<\/ul>\n<\/td>\n<td style=\"width: 50%;\">\n<ul>\n<li><strong>Artur Boruc<\/strong> -Celtic FC<\/li>\n<li><strong>Marcin Wasilewski<\/strong> -RSC Anderlecht<\/li>\n<li><strong>Micha\u0142 \u017bew\u0142akow<\/strong> -Olympiakos Piraeus<\/li>\n<li><strong>Jacek B\u0105k<\/strong> -FK Austria Magma<\/li>\n<li><strong>Pawe\u0142 Gola\u0144ski<\/strong> do 75&#8242; -Steaua Bukareszt<\/li>\n<li>od 75&#8242; <strong>Marek Saganowski<\/strong> -Southampton FC<\/li>\n<li><strong>Wojciech \u0141obodzi\u0144ski<\/strong> do 65&#8242; -Wis\u0142a Krak\u00f3w<\/li>\n<li>od 65&#8242; <strong>\u0141ukasz Piszczek<\/strong> -Hertha Berlin<\/li>\n<li><strong>Dariusz Dudka<\/strong> -Wis\u0142a Krak\u00f3w,<\/li>\n<li><strong>Mariusz Lewandowski<\/strong> 60&#8242; [ycard] -Szachtar Donieck<\/li>\n<li><strong>Maciej \u017burawski<\/strong> kapitan od46&#8242; -AU Larissa 1964<\/li>\n<li>od 46&#8242; <strong>Roger Guerreiro<\/strong> -Legia Warszawa<\/li>\n<li><strong>Jacek Krzyn\u00f3wek<\/strong> -VfL Wolfsburg<\/li>\n<li><strong>Euzebiusz Smolare<\/strong>k 39&#8242; [ycard] -Racing Santander<\/li>\n<\/ul>\n<\/td>\n<\/tr>\n<\/tbody>\n<\/table>\n<div id=\"attachment_10564\" style=\"width: 610px\" class=\"wp-caption aligncenter\"><img loading=\"lazy\" decoding=\"async\" aria-describedby=\"caption-attachment-10564\" class=\"wp-image-10564 size-medium\" src=\"https:\/\/kronika-futbolu.pl\/historia\/wp-content\/uploads\/2021\/02\/16B_niemcy_polska_2008_kadr_laczy_nas_pilka-600x325.png\" alt=\"Niemcy - Polska 2008\" width=\"600\" height=\"325\" srcset=\"https:\/\/kronika-futbolu.pl\/historia\/wp-content\/uploads\/2021\/02\/16B_niemcy_polska_2008_kadr_laczy_nas_pilka-600x325.png 600w, https:\/\/kronika-futbolu.pl\/historia\/wp-content\/uploads\/2021\/02\/16B_niemcy_polska_2008_kadr_laczy_nas_pilka-768x417.png 768w, https:\/\/kronika-futbolu.pl\/historia\/wp-content\/uploads\/2021\/02\/16B_niemcy_polska_2008_kadr_laczy_nas_pilka.png 1191w\" sizes=\"auto, (max-width: 600px) 100vw, 600px\" \/><p id=\"caption-attachment-10564\" class=\"wp-caption-text\">Niemcy &#8211; Polska 2008. \u0179r\u00f3d\u0142o: kadr z transmisji \u0141aczy Nas Pi\u0142ka<\/p><\/div>\n<p>Pierwszy w historii\u00a0 mecz\u00a0 na Mistrzostwach Europy Reprezentacji Polski i jednocze\u015bnie pierwsza pora\u017cka. Mia\u0142 to by\u0107 rewan\u017c za pora\u017ck\u0119 sprzed 2 lat na Mundialu, ale pomimo wielkich nadziei kadra Beenhakkera nie sprawi\u0142a niespodzianki i Euro rozpocz\u0119\u0142a od przegranej 0-2 z odwiecznym rywalem Niemcami. Autorem dw\u00f3ch bramek dla naszych rywali by\u0142 Lukas Podolski, urodzony w Gliwicach, a dwukrotnie asystowa\u0142 Miroslav Klose urodzony w Opolu.\u00a0<\/p>\n<p>Najpierw w 20 minucie G\u00f3mez poda\u0142 pi\u0142k\u0119 do Klose, nasi obro\u0144cy zaspali i zawodnik Bayernu Monachium\u00a0 bez problemu w bieg\u0142 w pole karne i wy\u0142o\u017cy\u0142 pi\u0142k\u0119 nadbiegaj\u0105cemu Podolskiemu\u00a0 a ten bez problemu pokona\u0142 Boruca. W 72 minucie stracili\u015bmy gola na w\u0142asne \u017cyczenie, fatalnie zachowa\u0142 si\u0119 w polu karnym Pawe\u0142 Gola\u0144ski, Schweinsteiger odebra\u0142 mu futbol\u00f3wk\u0119 poda\u0142 do\u00a0 Klose ten nie trafi\u0142 czysto i p\u0142ka znalaz\u0142a si\u0119 pod nogami Podolskiego i by\u0142o 2-0 dla Niemc\u00f3w.\u00a0<\/p>\n<p>Mog\u0142o si\u0119 sko\u0144czy\u0107 gorzej dla Polak\u00f3w, ale Niemcom te\u017c czasami brakowa\u0142o skuteczno\u015bci i szcz\u0119\u015bcia, a w naszej bramce sta\u0142 Artur Boruc kt\u00f3ry te\u017c popisa\u0142 si\u0119 dobrymi interwencjami. Najlepsz\u0105 szans\u0119 na gola z polskiej dru\u017cyny mia\u0142 Maciej \u017burawski, ale strzeli\u0142 obok s\u0142upka, oraz Marek Saganowski, ale pi\u0142ka po strzale g\u0142ow\u0105 wpad\u0142a wprost r\u0119ce Lehmanna.<\/p>\n<p>Po raz ostatni w Reprezentacji Polski zagra\u0142 Maciej \u017burawski. By\u0142 to Jego 72 wyst\u0119p w barwach narodowych i 15 w roli kapitana. Strzeli\u0142 \u0142\u0105cznie 17 goli dla reprezentacji. W meczu z Niemcami musia\u0142 opu\u015bci\u0107 boisko z powodu kontuzji. W kolejnych 2 meczach na Euro 2008 ju\u017c nie wyst\u0105pi\u0142.\u00a0<\/p>\n<h2 id=\"mecz-26-10-1975\"><span class=\"ez-toc-section\" id=\"15_Mecz_Niemcy_%E2%80%93_Polska_1_0_14_czerwiec_2006_r\"><\/span><a id=\"mecz-2006-06-14\"><\/a>15. Mecz Niemcy &#8211; Polska 1:0 (14\u00a0 czerwiec 2006 r.)<span class=\"ez-toc-section-end\"><\/span><\/h2>\n<p>&nbsp;<\/p>\n<ul>\n<li><strong>Data meczu:<\/strong> 14.06.2006<\/li>\n<li><strong>Ranga meczu:<\/strong> Mistrzostwa \u015awiata 2006<\/li>\n<li><strong>S\u0119dzia:<\/strong> Luis Medina Cantalejo- Hiszpania\u00a0<\/li>\n<li><strong>Stadion:<\/strong> Signal Iduna Park, Dortmund<\/li>\n<li><strong>Trener:<\/strong> Pawe\u0142 Janas<\/li>\n<\/ul>\n<p><strong>\u26bd Strzelony gol:<\/strong><\/p>\n<ul>\n<li>Oliver Neuville [de] 90&#8242;\n<\/li>\n<\/ul>\n<p><strong>? Sk\u0142ady:<\/strong><\/p>\n<table style=\"border-collapse: collapse; width: 100%; height: 407px;\">\n<thead>\n<tr style=\"height: 21px;\">\n<th style=\"width: 50%; height: 21px;\">[pl] Polska:<\/th>\n<th style=\"width: 50%; height: 21px;\">[de] Niemcy :<\/th>\n<\/tr>\n<\/thead>\n<tbody>\n<tr style=\"height: 386px;\">\n<td style=\"width: 50%; height: 386px;\">\n<ul>\n<li><strong>Artur Boruc<\/strong> 88&#8242; [ycard] -Celtic FC<\/li>\n<li><strong>Marcin Baszczy\u0144ski<\/strong> -Wis\u0142a Krak\u00f3w<\/li>\n<li><strong>Bartosz Bosacki<\/strong> -Lech Pozna\u0144<\/li>\n<li><strong>Jacek B\u0105k<\/strong> kapitan-Al Rayyan<\/li>\n<li><strong>Micha\u0142 \u017bew\u0142akow<\/strong> do 83&#8242; -RSC Anderlecht<\/li>\n<li>od 83&#8242; <strong>Dariusz Dudka<\/strong> -Wis\u0142a Krak\u00f3w<\/li>\n<li><strong>Arkadiusz Radomski<\/strong> -FK Austria Magma<\/li>\n<li><strong>Rados\u0142aw Sobolewski<\/strong> 28&#8242; [ycard] 75&#8242; [ycard] [rcard] -Wis\u0142a Krak\u00f3w<\/li>\n<li><strong>Ireneusz Jele\u0144<\/strong> do 90+&#8217; -Wis\u0142a P\u0142ock<\/li>\n<li>od 90+&#8217; <strong>Pawe\u0142 Bro\u017cek<\/strong> -Wis\u0142a Krak\u00f3w<\/li>\n<li><strong>Maciej \u017burawski<\/strong> -Celtic FC<\/li>\n<li><strong>Jacek Krzyn\u00f3wek<\/strong> 3&#8242; [ycard] do 77&#8242; -Bayer 04 Leverkusen<\/li>\n<li>od 77&#8242; <strong>Mariusz Lewandowski<\/strong> -Szachtar Donieck<\/li>\n<li><strong>Euzebiusz Smolarek<\/strong> -Borussia Dortmund<\/li>\n<\/ul>\n<\/td>\n<td style=\"width: 50%; height: 386px;\">\n<ul>\n<li><strong>Jens Lehmann<\/strong> -Arsenal FC<\/li>\n<li><strong>Arne Friedrich<\/strong> do 63&#8242; -Hertha BSC<\/li>\n<li>od 63&#8242;<strong> David Odonkor<\/strong> 68&#8242; [ycard] -Borussia Dortmund<\/li>\n<li><strong>Per Mertesacker<\/strong> -Hannover 96<\/li>\n<li><strong>Christoph Metzelder<\/strong> 70&#8242; [ycard] -Borussia Dortmund<\/li>\n<li><strong>Philipp Lahm<\/strong> -Bayern Monachium<\/li>\n<li><strong>Bernd Schneider<\/strong> -Bayer 04 Leverkusen<\/li>\n<li><strong>Torsten Frings<\/strong> -Werder Bremen<\/li>\n<li><strong>Michael Ballack<\/strong> kapitan 58&#8242; [ycard] -Bayern Monachium<\/li>\n<li><strong>Bastian Schweinsteiger<\/strong> od 77&#8242; -Bayern, Monachium<\/li>\n<li>do 77&#8242; <strong>Tim Borowski<\/strong> -Werder Bremen<\/li>\n<li><strong>Miroslav Klose<\/strong> -Werder Bremen<\/li>\n<li><strong>Lukas Podolski<\/strong> do 71&#8242; -1. FC K\u00f6ln<\/li>\n<li>od 71&#8242; <strong>Oliver Neuville<\/strong> -Borussia M\u00f6nchengladbach<\/li>\n<\/ul>\n<\/td>\n<\/tr>\n<\/tbody>\n<\/table>\n<p>Po 4 latach drugi mecz na Mistrzostwach \u015awiata znowu by\u0142 meczem o by\u0107 albo nie by\u0107. Po przegranej z Ekwadorem w I meczu, g\u0142\u00f3wnie na w\u0142asne \u017cyczenie, spotkanie z gospodarzami turnieju by\u0142o ju\u017c gr\u0105 o zachowanie szans na wyj\u015bcie z grupy. Ka\u017cdy realista wiedzia\u0142, \u017ce pokona\u0107 zesp\u00f3\u0142 J\u00fcrgena Klinsmanna b\u0119dzie bardzo ci\u0119\u017cko. Jednak remis by\u0142 do osi\u0105gni\u0119cia. Prawie ten plan uda\u0142o si\u0119 zrealizowa\u0107. Prawie robi wielk\u0105 r\u00f3\u017cnic\u0119. Bia\u0142o-Czerwoni przez ca\u0142e spotkanie, walczyli o ka\u017cdy centymetr murawy, nikt z nich\u00a0 nie odpuszcza\u0142, i dzielnie odpierali masowe ataki rywali. Fenomenalny mecz rozegra\u0142 Artur Boruc, a Jego interwencje przesz\u0142y do historii.\u00a0 Z ka\u017cd\u0105 minut\u0105 ros\u0142a nadzieja na remis.<\/p>\n<p>Niestety spe\u0142ni\u0142a si\u0119 stara dobra futbolowa prawda. Wszyscy graj\u0105 dobrze a na koniec i tak wygrywaj\u0105 Niemcy. 91 minuta meczu, doliczony czas gry\u00a0 pi\u0142ka trafia na wolne pole do niepilnowanego Odonkora, Dariusz Dudka si\u0119 zagapi\u0142\u00a0 i Niemiec poda\u0142 w pole karne a tam akcj\u0119 wyko\u0144czy\u0142 Oliver Neuville. Nikt z polskich kibic\u00f3w nie m\u00f3g\u0142 uwierzy\u0107 \u017ce tak to si\u0119 w\u0142a\u015bnie sko\u0144czy\u0142o. Szcz\u0119\u015bcia nam wystarczy\u0142o jedynie na 90 minut.\u00a0 Mo\u017ce gdyby nie potrzebna czerwona kartka dla Radka Sobolewskiego za drug\u0105 \u017c\u00f3\u0142t\u0105 sko\u0144czy\u0142o by si\u0119 inaczej ale jednak tak nie by\u0142o.<\/p>\n<p>30 mecz Polak\u00f3w w fina\u0142ach Mistrzostw \u015awiata. 15 raz z Niemcami w historii i 15 raz bez wygranej,\u00a0 3 potyczka polsko-niemiecka na Mistrzostwach \u015awiata,po raz pierwszy Bia\u0142o-Czerwoni zagrali w Dortmundzie. 50 mecz Paw\u0142a Janasa w roli selekcjonera (przedostatni).\u00a0 60 raz w narodowych barwach zagra\u0142 Jacek Krzyn\u00f3wek.<\/p>\n<p>Dzie\u0144 p\u00f3\u017aniej Ekwador pokona\u0142 Kostaryk\u0119 i by\u0142o ju\u017c pewne \u017ce w 3 meczu na Mundialu z Kostaryk\u0105 zagramy o honor, tak jak w 2002 roku.\u00a0<\/p>\n<h2 id=\"mecz-19-04-1975\"><span class=\"ez-toc-section\" id=\"14_Mecz_Polska_%E2%80%93_Niemcy_0_2_4_wrzesnia_1996_r\"><\/span><a id=\"mecz-1996-09-04\"><\/a>14. Mecz Polska &#8211; Niemcy 0:2 (4\u00a0 wrze\u015bnia 1996 r.)<span class=\"ez-toc-section-end\"><\/span><\/h2>\n<ul>\n<li><strong>Data meczu:<\/strong> 04.09.1996<\/li>\n<li><strong>Ranga meczu:<\/strong> Towarzyski<\/li>\n<li><strong>S\u0119dzia: <\/strong>Paul Durkin &#8211; Anglia<\/li>\n<li><strong>Stadion:<\/strong> Stadion G\u00f3rnika, Zabrze<\/li>\n<li><strong>Trener:<\/strong> Antoni Piechniczek<\/li>\n<\/ul>\n<p><strong>\u26bd Strzelone bramki:<\/strong><\/p>\n<ul>\n<li>Oliver Bierhoff [de] 28&#8242;<\/li>\n<li>J\u00fcrgen Klinsmann [de] 89&#8242;<\/li>\n<\/ul>\n<p>&nbsp;<\/p>\n<p><strong>? Sk\u0142ady:<\/strong><\/p>\n<table style=\"border-collapse: collapse; width: 100%; height: 407px;\">\n<thead>\n<tr style=\"height: 21px;\">\n<th style=\"width: 50%; height: 21px;\">[pl] Polska:<\/th>\n<th style=\"width: 50%; height: 21px;\">[de] Niemcy:<\/th>\n<\/tr>\n<\/thead>\n<tbody>\n<tr style=\"height: 386px;\">\n<td style=\"width: 50%; height: 386px;\">\n<ul>\n<li><strong>Maciej Szcz\u0119sny<\/strong> -Widzew \u0141\u00f3d\u017a<\/li>\n<li><strong>Marek J\u00f3\u017awiak<\/strong> -EA Guingamp<\/li>\n<li><strong>Pawe\u0142 Wojtala<\/strong> -Widzew \u0141\u00f3d\u017a<\/li>\n<li><strong>Jacek Zieli\u0144ski<\/strong> kapitan -Legia Warszawa<\/li>\n<li><strong>Tomasz Hajto<\/strong> -G\u00f3rnik Zabrze<\/li>\n<li><strong>Grzegorz Lewandowski<\/strong> do 46&#8242; -SM Caen<\/li>\n<li>od 46&#8242; <strong>Adam Ledwo\u0144<\/strong> -GKS Katowice<\/li>\n<li><strong>Rados\u0142aw Michalski<\/strong> -Widze \u0141\u00f3d\u017a<\/li>\n<li><strong>Jerzy Brz\u0119czek<\/strong> -FC Tirol Milch<\/li>\n<li><strong>Ryszard Czerwiec<\/strong> -Widzew \u0141\u00f3d\u017a<\/li>\n<li><strong>Ryszard Staniek<\/strong> do 46&#8242; -Legia Warszawa<\/li>\n<li>od 46&#8242;<strong> Marek Saganowski<\/strong> -Feyenoord Rotterdam<\/li>\n<li><strong>Krzysztof Warzycha<\/strong> -Panathinaikos Ateny<\/li>\n<\/ul>\n<\/td>\n<td style=\"width: 50%; height: 386px;\">\n<ul>\n<li><strong>Oliver Kahn<\/strong> -Bayern Monachium<\/li>\n<li><strong>Thomas Helmer<\/strong> -Bayern Monachium<\/li>\n<li><strong>J\u00fcrgen Kohler<\/strong> -Borussia Dortmund<\/li>\n<li><strong>Stefan Reuter<\/strong> do 79&#8242; -Borussia Dortmund<\/li>\n<li>od 79&#8242; <strong>Markus Babbel<\/strong> -Bayern Monachium<\/li>\n<li><strong>Thomas Strunz<\/strong> -Bayern Monachium<\/li>\n<li><strong>Dieter Eilts<\/strong> -Werder Bremen<\/li>\n<li><strong>Christian Ziege<\/strong> do 46&#8242; -Bayern Monachium<\/li>\n<li>od 46&#8242; <strong>Marco Bode<\/strong> -Werder Bremen<\/li>\n<li><strong>Thomas H\u00e4\u00dfler<\/strong> -Karlsruher SC<\/li>\n<li><strong>Andreas M\u00f6ller<\/strong> do 56&#8242; -Borussia Dortmund<\/li>\n<li>od 56&#8242; <strong>Mehmet Scholl<\/strong> -Bayern Monachium<\/li>\n<li><strong>J\u00fcrgen Klinsmann<\/strong> kapitan -Bayern Monachium<\/li>\n<li><strong>Oliver Bierhoff<\/strong> do 76&#8242; -Udinese Calcio<\/li>\n<li>od 76&#8242; <strong>Fredi Bobic<\/strong> -VfB Stuttgart<\/li>\n<\/ul>\n<\/td>\n<\/tr>\n<\/tbody>\n<\/table>\n<p><div id=\"attachment_10560\" style=\"width: 610px\" class=\"wp-caption aligncenter\"><img loading=\"lazy\" decoding=\"async\" aria-describedby=\"caption-attachment-10560\" class=\"wp-image-10560 size-medium\" src=\"https:\/\/kronika-futbolu.pl\/historia\/wp-content\/uploads\/2021\/02\/14B_polska_niemcy_1996_Deister-und-Weserzeitung-600x357.png\" alt=\"Polska - Niemcy 1996\" width=\"600\" height=\"357\" srcset=\"https:\/\/kronika-futbolu.pl\/historia\/wp-content\/uploads\/2021\/02\/14B_polska_niemcy_1996_Deister-und-Weserzeitung-600x357.png 600w, https:\/\/kronika-futbolu.pl\/historia\/wp-content\/uploads\/2021\/02\/14B_polska_niemcy_1996_Deister-und-Weserzeitung-768x457.png 768w, https:\/\/kronika-futbolu.pl\/historia\/wp-content\/uploads\/2021\/02\/14B_polska_niemcy_1996_Deister-und-Weserzeitung.png 1354w\" sizes=\"auto, (max-width: 600px) 100vw, 600px\" \/><p id=\"caption-attachment-10560\" class=\"wp-caption-text\">Polska &#8211; Niemcy 1996 \u0179r\u00f3d\u0142o: Deister-und Weserzeitung<\/p><\/div> <div id=\"attachment_10559\" style=\"width: 273px\" class=\"wp-caption alignleft\"><img loading=\"lazy\" decoding=\"async\" aria-describedby=\"caption-attachment-10559\" class=\"wp-image-10559 size-medium\" src=\"https:\/\/kronika-futbolu.pl\/historia\/wp-content\/uploads\/2021\/02\/14A_polska_niemcy_1996_Hamburger-Abendblatt-263x400.png\" alt=\"Polska - Niemcy 1996\" width=\"263\" height=\"400\" srcset=\"https:\/\/kronika-futbolu.pl\/historia\/wp-content\/uploads\/2021\/02\/14A_polska_niemcy_1996_Hamburger-Abendblatt-263x400.png 263w, https:\/\/kronika-futbolu.pl\/historia\/wp-content\/uploads\/2021\/02\/14A_polska_niemcy_1996_Hamburger-Abendblatt.png 572w\" sizes=\"auto, (max-width: 263px) 100vw, 263px\" \/><p id=\"caption-attachment-10559\" class=\"wp-caption-text\">Polska &#8211; Niemcy 1996. \u0179r\u00f3d\u0142o: Hamburger Abendblatt<\/p><\/div><\/p>\n<p>Pierwszym meczem Niemc\u00f3w po zdobyciu Mistrzostwa Europy 1996 po wygraniu w finale w Londynie z Czechos\u0142owacj\u0105, by\u0142o spotkanie\u00a0 z Polsk\u0105 w Zabrzu. Rywalizacja przyci\u0105gn\u0119\u0142a uwag\u0119 ca\u0142ego pi\u0142karskiego \u015bwiata, kt\u00f3ry chcia\u0142 zobaczy\u0107 jak radz\u0105 sobie po turnieju mistrzowskim pi\u0142karze Niemiec. W\u015br\u00f3d widz\u00f3w na stadionie by\u0142 obecny Jo\u00e3o Havelange \u00f3wczesny prezydent FIFA . Wszystkich kibic\u00f3w by\u0142o jedynie\u00a0 oko\u0142o 8 tysi\u0119cy. Niestety taka liczba wystarczy\u0142a aby dosz\u0142o do niesportowego zachowania i ze strony fan\u00f3w niemieckich i polskich. Niemcy prowokowali skandalicznymi okrzykami i transparentami. Dochodzi\u0142o do star\u0107 z policj\u0105 i bijatyk\u0105. By\u0142o to pierwsze spotkanie z Reprezentacj\u0105 Niemiec po zjednoczeniu tego kraju.\u00a0 Og\u00f3lnie 14 pojedynek w historii.\u00a0<\/p>\n<p>Polacy przegrali 0-2 i by\u0142 to 12 mecz z rz\u0119du bez wygranej. Miesi\u0105c p\u00f3\u017aniej Bia\u0142o-Czerwoni zacz\u0119li eliminacje do Mundialu 1998. Niemcy natomiast w 8 spotkaniu z rz\u0119du nie przegrali. Przez ca\u0142e 90 minut Go\u015bcie przewa\u017cali i byli zespo\u0142em lepszym. Kilkoma dobrymi interwencjami w bramce popisa\u0142 si\u0119\u00a0 Maciej Szcz\u0119sny. Gro\u017ane strza\u0142y ale niecelne oddawali: Hajto, Warzycha, J\u00f3\u017awiak. Pierwsz\u0105 bramk\u0119 zdoby\u0142 w 28 minucie Oliver Bierhoff strza\u0142em g\u0142ow\u0105 po doskona\u0142ym do\u015brodkwoaniu z lewej strony Christiana Ziege. Tu\u017c przed ko\u0144cowym gwizdkiem \u015bwietn\u0105 akcj\u0119 Mistrz\u00f3 Europy zako\u0144czy\u0142 golem J\u00fcrgen Klinsmann.<\/p>\n<p>Bez debiutant\u00f3w w obu dru\u017cynach. Po raz ostatni w Reprezentacji Polski zagrali: Maciej Szcz\u0119sny (\u0142\u0105cznie 7 mecz\u00f3w) i Grzegorz Lewandowski (\u0142\u0105cznie 5 mecz\u00f3w).\u00a0 kapitan Niemc\u00f3w J\u00fcrgen Klinsmann rozegra\u0142 90 spotkanie w zespole narodowym.<\/p>\n<h2 id=\"mecz-23-06-1974\"><span class=\"ez-toc-section\" id=\"13_Mecz_Polska_%E2%80%93_RFN_0_2_2_wrzesnia_1981_r\"><\/span><a id=\"mecz-1981-09-02\"><\/a>13. Mecz Polska &#8211; RFN 0:2 (2 wrze\u015bnia 1981 r.)<span class=\"ez-toc-section-end\"><\/span><\/h2>\n<ul>\n<li><strong>Data meczu:<\/strong> 02.09.1981<\/li>\n<li><strong>Ranga meczu:<\/strong> Towarzyski<\/li>\n<li><strong>S\u0119dzia:<\/strong> Kjell Johansson &#8211; Szwecja<\/li>\n<li><strong>Stadion:<\/strong> Stadion \u015al\u0105ski, Chorz\u00f3w<\/li>\n<li><strong>Trener:<\/strong> Antoni Piechniczek<\/li>\n<\/ul>\n<p><strong>\u26bd Strzelone bramki:<\/strong><\/p>\n<ul>\n<li>Klaus Fischer [de] 60&#8242;<br \/>\nKarl-Heinz Rummenigge [de] 71<\/li>\n<\/ul>\n<p><strong>? Sk\u0142ady:<\/strong><\/p>\n<table style=\"border-collapse: collapse; width: 100%;\">\n<thead>\n<tr>\n<th style=\"width: 50%;\">[pl] Polska:<\/th>\n<th style=\"width: 50%;\">[de] RFN:<\/th>\n<\/tr>\n<\/thead>\n<tbody>\n<tr>\n<td style=\"width: 50%;\">\n<ul>\n<li><strong>J\u00f3zef M\u0142ynarczyk<\/strong> -Widzew \u0141\u00f3d\u017a<\/li>\n<li><strong>Marek Dziuba<\/strong> kapitan -\u0141\u00f3dzki KS \u0141\u00f3d\u017a<\/li>\n<li><strong>Pawe\u0142 Janas<\/strong> do 46&#8242; -Legia Warszawa<\/li>\n<li>od 46&#8242; <strong>Tadeusz Dolny<\/strong> -G\u00f3rnik Zabrze<\/li>\n<li><strong>W\u0142adys\u0142aw \u017bmuda<\/strong> -Widzew \u0141\u00f3d\u017a<\/li>\n<li><strong>Jan Ja\u0142ocha<\/strong> -Wis\u0142a Krak\u00f3w<\/li>\n<li><strong>Zbigniew Boniek<\/strong> -Widzew \u0141\u00f3d\u017a<\/li>\n<li><strong>Janusz Kupcewicz<\/strong> do 35&#8242; -Arka Gdynia<\/li>\n<li>od 35&#8242; <strong>Andrzej Iwan<\/strong> -Wis\u0142a Krak\u00f3w<\/li>\n<li><strong>Piotr Skrobowski<\/strong> -Wis\u0142a Krak\u00f3w<\/li>\n<li><strong>Andrzej Buncol<\/strong> do 71&#8242; -Ruch Chorz\u00f3w<\/li>\n<li>od 71&#8242; <strong>Zdzis\u0142aw Kapka<\/strong> -Wis\u0142a Krak\u00f3w<\/li>\n<li><strong>Roman Ogaza<\/strong> -Szombierki Bytom<\/li>\n<li><strong>W\u0142odzimierz Smolarek<\/strong> -Widzew \u0141\u00f3d\u017a<\/li>\n<\/ul>\n<\/td>\n<td style=\"width: 50%;\">\n<ul>\n<li><strong>Toni Schumacher<\/strong> -1. FC K\u00f6ln<\/li>\n<li><strong>Manfred Kaltz<\/strong> do 85&#8242; -Hamburger SV<\/li>\n<li>od 85&#8242; <strong>Wolfgang Dremmler<\/strong> -Bayern Monachium<\/li>\n<li><strong>Wilfried Hannes<\/strong> -Borussia M\u00f6nchengladbach<\/li>\n<li><strong>Bernd F\u00f6rster-<\/strong> VfB Stuttgart<\/li>\n<li><strong>Hans-Peter Briegel<\/strong> do 83&#8242; 1. -FC Kaiserslautern<\/li>\n<li>od 83&#8242; <strong>Holger Hieronymus<\/strong> -Hamburger SV<\/li>\n<li><strong>Paul Breitner<\/strong> -Bayern Monachium<\/li>\n<li><strong>Felix Magath<\/strong> -Hamburger SV<\/li>\n<li><strong>Hansi M\u00fcller<\/strong> -VfB Stuttgart<\/li>\n<li><strong>Ronny Borchers<\/strong> -Eintracht Frankfurt<\/li>\n<li><strong>Klaus Fischer-<\/strong> 1. FC K\u00f6ln<\/li>\n<li><strong>Karl-Heinz Rummenigge<\/strong> kapitan -Bayern Monachium<\/li>\n<\/ul>\n<\/td>\n<\/tr>\n<\/tbody>\n<\/table>\n<p><div id=\"attachment_10545\" style=\"width: 594px\" class=\"wp-caption aligncenter\"><img loading=\"lazy\" decoding=\"async\" aria-describedby=\"caption-attachment-10545\" class=\"wp-image-10545 \" src=\"https:\/\/kronika-futbolu.pl\/historia\/wp-content\/uploads\/2021\/02\/13A_polska_rfn_1981_dziennik_lodzki-390x400.png\" alt=\"RFN-Polska 1981\" width=\"584\" height=\"599\" srcset=\"https:\/\/kronika-futbolu.pl\/historia\/wp-content\/uploads\/2021\/02\/13A_polska_rfn_1981_dziennik_lodzki-390x400.png 390w, https:\/\/kronika-futbolu.pl\/historia\/wp-content\/uploads\/2021\/02\/13A_polska_rfn_1981_dziennik_lodzki-768x787.png 768w, https:\/\/kronika-futbolu.pl\/historia\/wp-content\/uploads\/2021\/02\/13A_polska_rfn_1981_dziennik_lodzki.png 838w\" sizes=\"auto, (max-width: 584px) 100vw, 584px\" \/><p id=\"caption-attachment-10545\" class=\"wp-caption-text\">RFN-Polska 1981. \u0179r\u00f3d\u0142o: Dziennik \u0141\u00f3dzki<\/p><\/div> <div id=\"attachment_10544\" style=\"width: 366px\" class=\"wp-caption alignleft\"><img loading=\"lazy\" decoding=\"async\" aria-describedby=\"caption-attachment-10544\" class=\"wp-image-10544 \" src=\"https:\/\/kronika-futbolu.pl\/historia\/wp-content\/uploads\/2021\/02\/13A_polska_rfn_1981_allegro-214x400.png\" alt=\"RFN-Polska 1981\" width=\"356\" height=\"665\" srcset=\"https:\/\/kronika-futbolu.pl\/historia\/wp-content\/uploads\/2021\/02\/13A_polska_rfn_1981_allegro-214x400.png 214w, https:\/\/kronika-futbolu.pl\/historia\/wp-content\/uploads\/2021\/02\/13A_polska_rfn_1981_allegro.png 339w\" sizes=\"auto, (max-width: 356px) 100vw, 356px\" \/><p id=\"caption-attachment-10544\" class=\"wp-caption-text\">RFN-Polska 1981. \u0179r\u00f3d\u0142o: Allegro<\/p><\/div><\/p>\n<p>Ostatni pojedynek z RFN w historii. W kolejnym meczu w 1996 roku zagramy ju\u017c z Reprezentacj\u0105 Niemiec. Nie b\u0119dzie ju\u017c wtedy podzia\u0142u na RFN i NRD.\u00a0 By\u0142o to 13 spotkanie z Niemcami w historii (mecze przed wojn\u0105, oraz z RFN, bez spotka\u0144 z NRD). 8 z tych rywalizacji by\u0142o potyczkami z Reprezentacj\u0105 RFN. Bilans to 3 remisy i 5 pora\u017cek. Bramki: 3-12. Tak\u017ce w Chorzowie we wrze\u015bniu 1981 roku Go\u015bcie okazali si\u0119 lepsi od Bia\u0142o-Czerwonych.\u00a0 Na Stadionie \u015al\u0105skim zjawi\u0142o si\u0119 tego dnia 70 tysi\u0119cy widz\u00f3w, kt\u00f3rzy przyszli ogl\u0105da\u0107 swoj\u0105 Reprezentacj\u0119, oraz Mistrz\u00f3w Europy sprzed roku- RFN.<\/p>\n<p>Przed spotkaniem bardzo optymistycznie zapowiadano postaw\u0119 polskiej ekipy w tym meczu. Dru\u017cyna Piechniczka mia\u0142a sprawi\u0107 nie ma\u0142e problemy najlepszej dru\u017cynie Europy. Okaza\u0142o si\u0119 zupe\u0142nie odwrotnie. Niemcy \u0142atwo wygrali 2-0 a mogliby i wy\u017cej. W I po\u0142owie gra by\u0142a jeszcze wyr\u00f3wnana, natomiast im bli\u017cej ko\u0144ca meczu by\u0142a ona coraz grosza w wykonaniu Polak\u00f3w. Pierwszy gol pad\u0142 jednak dopiero w 60 minucie a autorem by\u0142 Klaus Fischer po podaniu Rummenigge, kt\u00f3ry 11 minut p\u00f3\u017aniej sam wpisa\u0142 si\u0119 na list\u0119 strzelc\u00f3w.<\/p>\n<p>Zadebiutowa\u0142 Tadeusz Dolny, a w zespole niemieckim Holger Hieronymus.<\/p>\n<p>Trzy tygodnie p\u00f3\u017aniej Bia\u0142o-Czerwoni przegrali jeszcze z Portugali\u0105, ale w 10 pa\u017adziernika wygrali z NRD i przypiecz\u0119towali sobie awans na Mundial 1982 na kt\u00f3ym zajm\u0105 3 miejsce.\u00a0<\/p>\n<p>&nbsp;<\/p>\n<p>&nbsp;<\/p>\n<p>&nbsp;<\/p>\n<p>&nbsp;<\/p>\n<p>&nbsp;<\/p>\n<p>&nbsp;<\/p>\n<h2 id=\"mecz-01-11-1965\"><span class=\"ez-toc-section\" id=\"12_Mecz_RFN-_Polska_3_1_13_maja_1980_r\"><\/span><a id=\"mecz-1980-05-13\"><\/a>12. Mecz RFN- Polska 3:1 (13 maja 1980 r.)<span class=\"ez-toc-section-end\"><\/span><\/h2>\n<ul>\n<li><strong>Data meczu:<\/strong> 13.05.1980<\/li>\n<li><strong>Ranga meczu:<\/strong> Towarzyski<\/li>\n<li><strong>S\u0119dzia:<\/strong> Gianfranco Menegali &#8211; W\u0142ochy\u00a0<\/li>\n<li><strong>Stadion:<\/strong> Waldstadion, Frankfurt nad Menem<\/li>\n<li><strong>Trener:<\/strong> Ryszard Kulesza<\/li>\n<\/ul>\n<p><strong>\u26bd Strzelone bramki:<\/strong><\/p>\n<ul>\n<li>Karl-Heinz Rummenigge [de] 6&#8242;<\/li>\n<li>Zbigniew Boniek [pl] 35&#8242;<\/li>\n<li>Klaus Allofs [de] 38&#8242;<\/li>\n<li>Bernd Schuster [de] 57&#8242;<\/li>\n<\/ul>\n<p><strong>? Sk\u0142ady:<\/strong><\/p>\n<table style=\"border-collapse: collapse; width: 100%;\">\n<thead>\n<tr>\n<th style=\"width: 50%;\">[de] RFN:<\/th>\n<th style=\"width: 50%;\">[pl] Polska:<\/th>\n<\/tr>\n<\/thead>\n<tbody>\n<tr>\n<td style=\"width: 50%;\">\n<ul>\n<li><strong>Toni Schumacher<\/strong> -1. FC K\u00f6ln<\/li>\n<li><strong>Manfred Kaltz<\/strong> -Hamburger SV<\/li>\n<li><strong>Bernd Cullmann<\/strong> -1. FC K\u00f6ln<\/li>\n<li><strong>Karlheinz F\u00f6rster<\/strong> -VfB Stuttgart<\/li>\n<li><strong>Bernard Dietz<\/strong> kapitan -MSV Duisburg<\/li>\n<li><strong>Bernd F\u00f6rster<\/strong> do 46&#8242; -VfB Stuttgart<\/li>\n<li>od 46&#8242; <strong>Bernd Schuster<\/strong> -1. FC K\u00f6ln<\/li>\n<li><strong>Felix Magath<\/strong> -Hamburger SV<\/li>\n<li><strong>Hans-Peter Briege<\/strong>l do 73&#8242; -1. FC Kaiserslautern<\/li>\n<li>od 73&#8242; <strong>Ditmar Jakobs<\/strong> -Hamburger SV<\/li>\n<li><strong>Hansi M\u00fcller<\/strong> do 73&#8242; -VfB Stuttgart<\/li>\n<li>od 73&#8242; <strong>Horst Hrubesch<\/strong> -Hamburger SV<\/li>\n<li><strong>Karl-Heinz Rummenigge<\/strong> -Bayern Monachium<\/li>\n<li><strong>Klaus Allofs<\/strong> -Fortuna D\u00fcsseldorf<\/li>\n<\/ul>\n<\/td>\n<td style=\"width: 50%;\">\n<ul>\n<li><strong>J\u00f3zef M\u0142ynarczyk<\/strong> -Odra Opole<\/li>\n<li><strong>Marek Dziuba<\/strong> -\u0141KS \u0141\u00f3d\u017a<\/li>\n<li><strong>Pawe\u0142 Janas<\/strong> do 18&#8242; -Legia Warszawa<\/li>\n<li>od 18&#8242; <strong>Marek Motyka<\/strong> -Wis\u0142a Krak\u00f3w<\/li>\n<li><strong>W\u0142adys\u0142aw \u017bmuda<\/strong> -Widzew \u0141\u00f3d\u017a<\/li>\n<li><strong>Zbigniew P\u0142aszewski<\/strong> do 68&#8242; -Wis\u0142a Krak\u00f3w<\/li>\n<li>od 68&#8242; <strong>Adam Nawa\u0142ka<\/strong> -Wis\u0142a Krak\u00f3w<\/li>\n<li><strong>Grzegorz Lato<\/strong> kapitan -Sta, Mielec<\/li>\n<li><strong>Zbigniew Boniek<\/strong> -Widzew \u0141\u00f3d\u017a<\/li>\n<li><strong>Roman W\u00f3jcicki<\/strong> -Odra, Opole<\/li>\n<li><strong>Janusz Sybis<\/strong> do 46&#8242; -\u015al\u0105sk Wroc\u0142aw<\/li>\n<li>od 46&#8242; <strong>Andrzej Szarmach<\/strong> -Stal Mielec<\/li>\n<li><strong>Andrzej Pa\u0142asz<\/strong> -G\u00f3rnik Zabrze<\/li>\n<li><strong>Stanis\u0142aw Terlecki<\/strong> -\u0141KS \u0141\u00f3d\u017a<\/li>\n<\/ul>\n<\/td>\n<\/tr>\n<\/tbody>\n<\/table>\n<p><div id=\"attachment_10543\" style=\"width: 607px\" class=\"wp-caption aligncenter\"><img loading=\"lazy\" decoding=\"async\" aria-describedby=\"caption-attachment-10543\" class=\"wp-image-10543 \" src=\"https:\/\/kronika-futbolu.pl\/historia\/wp-content\/uploads\/2021\/02\/12B_rfn_polska_1980_Deister_und_-Weserzeitung-445x400.png\" alt=\"RFN-Polska 1980\" width=\"597\" height=\"537\" srcset=\"https:\/\/kronika-futbolu.pl\/historia\/wp-content\/uploads\/2021\/02\/12B_rfn_polska_1980_Deister_und_-Weserzeitung-445x400.png 445w, https:\/\/kronika-futbolu.pl\/historia\/wp-content\/uploads\/2021\/02\/12B_rfn_polska_1980_Deister_und_-Weserzeitung-768x691.png 768w, https:\/\/kronika-futbolu.pl\/historia\/wp-content\/uploads\/2021\/02\/12B_rfn_polska_1980_Deister_und_-Weserzeitung.png 964w\" sizes=\"auto, (max-width: 597px) 100vw, 597px\" \/><p id=\"caption-attachment-10543\" class=\"wp-caption-text\">RFN-Polska 1980. \u0179r\u00f3d\u0142o: Deister-und Weserzeitung<\/p><\/div> <div id=\"attachment_10542\" style=\"width: 610px\" class=\"wp-caption alignleft\"><img loading=\"lazy\" decoding=\"async\" aria-describedby=\"caption-attachment-10542\" class=\"wp-image-10542 size-medium\" src=\"https:\/\/kronika-futbolu.pl\/historia\/wp-content\/uploads\/2021\/02\/12A_rfn_polska_1980_Deister_und_-Weserzeitung-600x357.png\" alt=\"RFN-Polska 1980\" width=\"600\" height=\"357\" srcset=\"https:\/\/kronika-futbolu.pl\/historia\/wp-content\/uploads\/2021\/02\/12A_rfn_polska_1980_Deister_und_-Weserzeitung-600x357.png 600w, https:\/\/kronika-futbolu.pl\/historia\/wp-content\/uploads\/2021\/02\/12A_rfn_polska_1980_Deister_und_-Weserzeitung-768x457.png 768w, https:\/\/kronika-futbolu.pl\/historia\/wp-content\/uploads\/2021\/02\/12A_rfn_polska_1980_Deister_und_-Weserzeitung.png 1446w\" sizes=\"auto, (max-width: 600px) 100vw, 600px\" \/><p id=\"caption-attachment-10542\" class=\"wp-caption-text\">RFN-Polska 1980. \u0179r\u00f3d\u0142o: Deister-und Weserzeitung<\/p><\/div><\/p>\n<p>Prawie r\u00f3wno 6 lat po s\u0142ynnym meczu na wodzie podczas Mundialu 1974 reprezentacje RFN i Polski spotka\u0142y si\u0119 na tym samym stadionie we Frankfurcie. Dla Gospodarzy by\u0142 to ostatni test przed Mistrzostwami Europy we W\u0142oszech. Zdali go \u015bwietnie, wygrywaj\u0105c\u00a0 10 mecz z rz\u0119du, a w 15 kolejnym nie odnie\u015bli pora\u017cki.\u00a0 22 czerwca Niemcy pokonali Belgi\u0119 w finale Euro i zostali po raz drugi najlepsz\u0105 dru\u017cyn\u0105 kontynentu. Polacy byli w zupe\u0142nie innym miejscu ni\u017c rywale. Pora\u017cka we Frankfurcie by\u0142a 9 spotkaniem z rz\u0119du bez wygranej. Ta czarna seria jednak sko\u0144czy\u0142a si\u0119 dwa tygodnie p\u00f3\u017aniej pokonaniem Szkocji.<\/p>\n<p>Wynik spotkania otworzy\u0142 ju\u017c w 6 minucie Karl-Heinz Rummenigge. Przej\u0105\u0142 pi\u0142k\u0119 na oko\u0142o 30 metrze od polskiej bramki i bez problem\u00f3w dobieg\u0142 do linii pola karnego sk\u0105d odda\u0142 celny strza\u0142. \u017baden z 3 polskich zawodnik\u00f3w b\u0119d\u0105cych najbli\u017cej Niemca nie utrudni\u0142 mu tego zadania.<\/p>\n<p>Wyr\u00f3wna\u0142 w 35 minucie fenomenalnym strza\u0142em z rzutu wolnego Zbigniew Boniek. Trzy minuty p\u00f3\u017aniej Gospodarze \u015bwietnie rozegrali pi\u0142k\u0119 przy bocznej linii pola karnego i po do\u015brodkowaniu, gola g\u0142ow\u0105 zdoby\u0142 Klaus Allofs. Trzeci gol pad\u0142\u00a0 po fatalnym b\u0142\u0119dzie W\u00f3jcickiego, kt\u00f3ry wy\u0142o\u017cy\u0142 pi\u0142k\u0119 Schusterowi, a ten bez wahania uderzy\u0142 i pokona\u0142 M\u0142ynarczyka.\u00a0<\/p>\n<p>Jedynym debiutantem by\u0142 Ditmar Jakobs . Po raz ostatni w polskiej reprezentacji zagra\u0142 Zbigniew P\u0142aszewski (\u0142\u0105cznie 5 mecz\u00f3w). W\u0142adys\u0142aw \u017bmuda rozegra\u0142 swoje 60 spotkanie w barwach narodowych, a Zbigniew Boniek 40 co uczci\u0142 pi\u0119kn\u0105 bramk\u0105.<\/p>\n<p>&nbsp;<\/p>\n<h2 id=\"mecz-18-04-1965\"><span class=\"ez-toc-section\" id=\"11_Mecz_RFN-_Polska_0_0_1_lipca_1978_r\"><\/span><a id=\"mecz-1978-06-01\"><\/a>11. Mecz RFN- Polska 0:0 (1\u00a0 lipca 1978 r.)<span class=\"ez-toc-section-end\"><\/span><\/h2>\n<ul>\n<li><strong>Data meczu:<\/strong> 01.07.1978<\/li>\n<li><strong>Ranga meczu:<\/strong> Mistrzostwa \u015awiata<\/li>\n<li><strong>S\u0119dzia:<\/strong> \u00c1ngel Coerezza &#8211; Argentyna<\/li>\n<li><strong>Stadion:<\/strong> Estadio Monumental (River Plate), Buenos Aires<\/li>\n<li><strong>Trener:<\/strong> Jacek Gmoch<\/li>\n<\/ul>\n<p>&nbsp;<\/p>\n<p><strong>? Sk\u0142ady:<\/strong><\/p>\n<table style=\"border-collapse: collapse; width: 100%; height: 383px;\">\n<thead>\n<tr style=\"height: 21px;\">\n<th style=\"width: 50%; height: 21px;\">[de] RFN:<\/th>\n<th style=\"width: 50%; height: 21px;\">[pl] Polska:<\/th>\n<\/tr>\n<\/thead>\n<tbody>\n<tr style=\"height: 362px;\">\n<td style=\"width: 50%; height: 362px;\">\n<ul>\n<li><strong>Sepp Maier<\/strong> -Bayern Monachium<\/li>\n<li><strong>Berti Vogts<\/strong> kapitan -Borussia M\u00f6nchengladbach<\/li>\n<li><strong>Rolf R\u00fcssmann<\/strong> -Schalke 04 Gelsenkirchen<\/li>\n<li><strong>Manfred Kaltz<\/strong> -Hamburger SV<\/li>\n<li><strong>Herbert Zimmermann<\/strong> -1. FC K\u00f6ln,<\/li>\n<li><strong>Rainer Bonhof<\/strong> -Borussia M\u00f6nchengladbach<\/li>\n<li><strong>Hansi M\u00fcller<\/strong> -VfB Stuttgart<\/li>\n<li><strong>Heinz Flohe<\/strong> -1. FC K\u00f6ln,<\/li>\n<li><strong>R\u00fcdiger Abramczik<\/strong> -Schalke 04 Gelsenkirchen<\/li>\n<li><strong>Klaus Fischer<\/strong> -Schalke 04 Gelsenkirchen<\/li>\n<li><strong>Erich Beer<\/strong> -Hertha Berlin<\/li>\n<\/ul>\n<\/td>\n<td style=\"width: 50%; height: 362px;\">\n<ul>\n<li><strong>Jan Tomaszewski<\/strong> -\u0141KS \u0141\u00f3d\u017a<\/li>\n<li><strong>Henryk Maculewicz<\/strong> -Wis\u0142a Krak\u00f3w<\/li>\n<li><strong>Jerzy Gorgo\u0144<\/strong> -G\u00f3rnik Zabrze<\/li>\n<li><strong>W\u0142adys\u0142aw \u017bmuda<\/strong> -\u015al\u0105sk Wroc\u0142aw<\/li>\n<li><strong>Antoni Szymanowski<\/strong> -Wis\u0142a Krak\u00f3w<\/li>\n<li><strong>Adam Nawa\u0142ka<\/strong> -Wis\u0142a Krak\u00f3w<\/li>\n<li><strong>Kazimierz Deyna<\/strong> kapitan -Legia Warszawa<\/li>\n<li><strong>Bohdan Masztaler<\/strong> do 84&#8242; -\u0141KS \u0141\u00f3d\u017a<\/li>\n<li>od 84&#8242; <strong>Henryk Kasperczak<\/strong> -Stal Mielec<\/li>\n<li><strong>Grzegorz Lato<\/strong> -Stal Mielec<\/li>\n<li><strong>W\u0142odzimierz Luba\u0144ski<\/strong> do 79&#8242; -Lokeren Lokeren<\/li>\n<li>od 79&#8242; <strong>Zbigniew Boniek<\/strong> -Widzew \u0141\u00f3d\u017a<\/li>\n<li><strong>Andrzej Szarmach<\/strong> -Stal Mielec<\/li>\n<\/ul>\n<\/td>\n<\/tr>\n<\/tbody>\n<\/table>\n<p>&nbsp;<\/p>\n<div id=\"attachment_10531\" style=\"width: 569px\" class=\"wp-caption alignleft\"><img loading=\"lazy\" decoding=\"async\" aria-describedby=\"caption-attachment-10531\" class=\"wp-image-10531 size-medium\" src=\"https:\/\/kronika-futbolu.pl\/historia\/wp-content\/uploads\/2021\/02\/11B_rfn_polska_1978_antykwariat_sportowy-559x400.png\" alt=\"RFN - Polska 1978\" width=\"559\" height=\"400\" srcset=\"https:\/\/kronika-futbolu.pl\/historia\/wp-content\/uploads\/2021\/02\/11B_rfn_polska_1978_antykwariat_sportowy-559x400.png 559w, https:\/\/kronika-futbolu.pl\/historia\/wp-content\/uploads\/2021\/02\/11B_rfn_polska_1978_antykwariat_sportowy.png 685w\" sizes=\"auto, (max-width: 559px) 100vw, 559px\" \/><p id=\"caption-attachment-10531\" class=\"wp-caption-text\">RFN &#8211; Polska 1978. \u0179r\u00f3d\u0142o: Antykwariat Sportowy<\/p><\/div>\n<p>W meczu otwarcia Mundialu 1978 spotkali si\u0119 &#8211; Mistrz \u015awiata 1974 &#8211; RFN\u00a0 i 3 dru\u017cyna sprzed 4 lat- Polska. Kibice oczekiwali porywaj\u0105cego spotkania dw\u00f3ch \u015bwiatowych zespo\u0142\u00f3w. Rzeczywisto\u015b\u0107 by\u0142a nieco inna. Po 4 latach obie dru\u017cyny wygl\u0105da\u0142y ju\u017c inaczej i jak si\u0119 oka\u017ce nie zbli\u017c\u0105 si\u0119 nawet do osi\u0105gni\u0119cia z ostatniego Mundialu.\u00a0 Bia\u0142o-Czerwoni zagrali by\u0107 mo\u017ce za bardzo ostro\u017cnie, by\u0107 mo\u017ce intensywniejszy nacisk na rywali przyni\u00f3s\u0142 by wygran\u0105. Zdecydowanie lepiej zaprezentowali si\u0119 podopieczni Jacka Gmocha, ale ju\u017c tradycyjnie gdy gramy dobrze z Niemcami, to albo minimalnie przegrywamy albo remisujemy. Kibice nie byli zadowoleni z przebiegu gry, odbieraj\u0105c j\u0105 jako nudn\u0105, eksperci chwalili natomiast postaw\u0119 pi\u0142karzy za taktyczne rozegranie zawod\u00f3w.\u00a0<\/p>\n<p>W por\u00f3wnaniu do poprzedniego meczu obu reprezentacji w p\u00f3\u0142finale Mistrzostw \u015awiata 1974 to w Buenos Aires zagra\u0142o w zespole niemieckim 3 zawodnik\u00f3w (Maier, Vogts, Bonhof), a w Polskim zespole 7 pi\u0142karzy (Tomaszewski, Gorgo\u0144, \u017bmuda, Szymanowski, Deyna, Kasperczak, Lato).<\/p>\n<p>Grzegorz Lato rozegra\u0142 60, W\u0142odzimierz Luba\u0144ski 70, a Andrzej Szarmach 50 spotkanie w Reprezentacji Polski. Po Mundialu w Argentynie ju\u017c w bia\u0142o-czerwonych barwach nie zagraj\u0105 min. Kazimierz Deyna, Jerzy Gorgo\u0144, Henryk Kasperczak.<\/p>\n<p>Polacy i Niemcy wyszli z grupy, wyprzedzaj\u0105c Tunezj\u0119 i Meksyk. W II fazie grupowej obie reprezentacje zaj\u0119\u0142y 3 miejsce w swoich grupach i odpad\u0142y z turnieju.\u00a0<\/p>\n<p>&nbsp;<\/p>\n<p>&nbsp;<\/p>\n<p>&nbsp;<\/p>\n<p>&nbsp;<\/p>\n<h2 id=\"mecz-08-07-1982\"><span class=\"ez-toc-section\" id=\"10_Mecz_RFN-_Polska_1_0_3_lipca_1974_r\"><\/span><a id=\"mecz-1974-07-03\"><\/a>10. Mecz RFN- Polska 1:0 (3 lipca 1974 r.)<span class=\"ez-toc-section-end\"><\/span><\/h2>\n<ul>\n<li><strong>Data meczu:<\/strong> 03.07.1974<\/li>\n<li><strong>Ranga meczu:<\/strong> Mistrzostwa \u015awiata<\/li>\n<li><strong>S\u0119dzia:<\/strong> Erich Linemayr- Austria<\/li>\n<li><strong>Stadion:<\/strong>Waldstadion, Frankfurt nad Menem<\/li>\n<li><strong>Trener:<\/strong> Kazimierz G\u00f3rski<\/li>\n<\/ul>\n<p><strong>\u26bd Strzelony gol:<\/strong><\/p>\n<ul>\n<li>Gerd M\u00fcller\u00a0 [de] 76&#8242;<\/li>\n<\/ul>\n<p>&nbsp;<\/p>\n<p><strong>? Sk\u0142ady:<\/strong><\/p>\n<table style=\"border-collapse: collapse; width: 100%;\">\n<thead>\n<tr>\n<th style=\"width: 50%;\">[de] RFN:<\/th>\n<th style=\"width: 50%;\">[pl] Polska:<\/th>\n<\/tr>\n<\/thead>\n<tbody>\n<tr>\n<td style=\"width: 50%;\">\n<ul>\n<li><strong>Sepp Maier<\/strong> -Bayern Monachium<\/li>\n<li><strong>Berti Vogts<\/strong> -Borussia M\u00f6nchengladbach<\/li>\n<li><strong>Hans-Georg Schwarzenbeck<\/strong> -Bayern Monachium<\/li>\n<li><strong>Franz Beckenbauer<\/strong> kapitan -Bayern Monachium<\/li>\n<li><strong>Paul Breitner<\/strong> -Bayern Monachium<\/li>\n<li><strong>Rainer Bonhof<\/strong> -Borussia M\u00f6nchengladbach<\/li>\n<li><strong>Uli Hoene\u00df<\/strong> -Bayern Monachium<\/li>\n<li><strong>Bernd H\u00f6lzenbein<\/strong> -Eintracht Frankfurt<\/li>\n<li><strong>Wolfgang Overath<\/strong> -1. FC K\u00f6ln<\/li>\n<li><strong>Gerd M\u00fcller<\/strong> -Bayern M\u00fcnchen<\/li>\n<li><strong>J\u00fcrgen Grabowski<\/strong> -Eintracht Frankfurt<\/li>\n<\/ul>\n<\/td>\n<td style=\"width: 50%;\">\n<ul>\n<li><strong>Jan Tomaszewski<\/strong> -\u0141KS \u0141\u00f3d\u017a<\/li>\n<li><strong>Antoni Szymanowski<\/strong> -Wis\u0142a Krak\u00f3w<\/li>\n<li><strong>Jerzy Gorgo\u0144<\/strong> -G\u00f3rnik Zabrze<\/li>\n<li><strong>W\u0142adys\u0142aw \u017bmuda<\/strong> -Gwardia Warszawa<\/li>\n<li><strong>Adam Musia\u0142<\/strong> -Wis\u0142a Krak\u00f3w<\/li>\n<li><strong>Kazimierz Deyna<\/strong> kapitan -Legia Warszawa<\/li>\n<li><strong>Henryk Kasperczak<\/strong> do 80&#8242; -Stal Mielec<\/li>\n<li>od 80&#8242;<strong> Les\u0142aw \u0106mikiewic<\/strong>z -Legia Warszawa<\/li>\n<li><strong>Zygmunt Maszczyk<\/strong> do 80&#8242; -Ruch Chorz\u00f3w<\/li>\n<li>od 80&#8242; <strong>Kazimierz Kmiecik<\/strong> -Wis\u0142a Krak\u00f3w<\/li>\n<li><strong>Grzegorz Lato<\/strong> -Stal Mielec<\/li>\n<li><strong>Jan Domarski<\/strong> -Stal Mielec<\/li>\n<li><strong>Robert Gadocha<\/strong> -Legia Warszawa<\/li>\n<\/ul>\n<\/td>\n<\/tr>\n<\/tbody>\n<\/table>\n<p><div id=\"attachment_10529\" style=\"width: 610px\" class=\"wp-caption aligncenter\"><img loading=\"lazy\" decoding=\"async\" aria-describedby=\"caption-attachment-10529\" class=\"wp-image-10529 size-medium\" src=\"https:\/\/kronika-futbolu.pl\/historia\/wp-content\/uploads\/2021\/02\/10B_rfn_polska_1974_niezalezna-600x387.png\" alt=\"RFN - Polska 1974\" width=\"600\" height=\"387\" srcset=\"https:\/\/kronika-futbolu.pl\/historia\/wp-content\/uploads\/2021\/02\/10B_rfn_polska_1974_niezalezna-600x387.png 600w, https:\/\/kronika-futbolu.pl\/historia\/wp-content\/uploads\/2021\/02\/10B_rfn_polska_1974_niezalezna.png 654w\" sizes=\"auto, (max-width: 600px) 100vw, 600px\" \/><p id=\"caption-attachment-10529\" class=\"wp-caption-text\">RFN &#8211; Polska 1974. Mecz na wodzie. \u0179r\u00f3d\u0142o: Niezale\u017cna<\/p><\/div> <div id=\"attachment_10528\" style=\"width: 563px\" class=\"wp-caption alignleft\"><img loading=\"lazy\" decoding=\"async\" aria-describedby=\"caption-attachment-10528\" class=\"wp-image-10528 size-medium\" src=\"https:\/\/kronika-futbolu.pl\/historia\/wp-content\/uploads\/2021\/02\/10A_rfn_polska_1974_przeglad_sportowy-553x400.png\" alt=\"RFN - Polska 1974\" width=\"553\" height=\"400\" srcset=\"https:\/\/kronika-futbolu.pl\/historia\/wp-content\/uploads\/2021\/02\/10A_rfn_polska_1974_przeglad_sportowy-553x400.png 553w, https:\/\/kronika-futbolu.pl\/historia\/wp-content\/uploads\/2021\/02\/10A_rfn_polska_1974_przeglad_sportowy-768x555.png 768w, https:\/\/kronika-futbolu.pl\/historia\/wp-content\/uploads\/2021\/02\/10A_rfn_polska_1974_przeglad_sportowy.png 831w\" sizes=\"auto, (max-width: 553px) 100vw, 553px\" \/><p id=\"caption-attachment-10528\" class=\"wp-caption-text\">RFN &#8211; Polska 1974. Mecz na wodzie. \u0179r\u00f3d\u0142o: Przegl\u0105d Sportowy<\/p><\/div><\/p>\n<p>S\u0142ynny m<em>ecz na wodzie<\/em> w Frankfurcie w walce o awans do fina\u0142u Mistrzostw \u015awiata pomi\u0119dzy Gospodarzami turnieju RFN a Polsk\u0105. Nie brakuje g\u0142os\u00f3w, \u017ce mecz na takim boisku\u00a0 nie powinien si\u0119 odby\u0107, a niemieccy gracze z tamtego spotkania m\u00f3wi\u0105, \u017ce gdyby spotkanie zosta\u0142o rozegrane w normlanych warunkach to wygrali by Polacy. Zesp\u00f3\u0142 Kazimierza G\u00f3rskiego by\u0142 bliski historycznego awansu do fina\u0142u M\u015a , ale tak jak zawsze z Niemcami, wszyscy graj\u0105 dobrze a na ko\u0144cu i tak oni wygrywaj\u0105.\u00a0<\/p>\n<p>Przed meczem przesz\u0142a pot\u0119\u017cna ulewa, organizatorzy robili co mogli aby doprowadzi\u0107 muraw\u0119 do rozpocz\u0119cia zawod\u00f3w. Prowadzono rozmowy o przeniesieniu na inny termin spotkania, ale zdecydowano gra\u0107 zgodnie z planem i z p\u00f3\u0142 godzinnym op\u00f3\u017anieniem zabrzmia\u0142 pierwszy gwizdek. W trakcie I po\u0142owy s\u0119dzia przerwa\u0142 gr\u0119 w celu uczczenia pami\u0119ci zmar\u0142ego prezydenta Argentyny Juana Per\u00f3na.\u00a0<\/p>\n<p>W pierwszej cz\u0119\u015bci znacznie lepiej grali Bia\u0142o-Czerwoni. Nie brakowa\u0142o okazji do zdobycia bramki, ale strza\u0142y broni\u0142 dobrze dysponowany Sepp Maier. W II po\u0142owie inicjatyw\u0119 przej\u0119li Gospodarze. W 53 minucie Gorgo\u0144 sfaulowa\u0142 w polu karnym H\u00f6lzenbeina. Do rzutu karnego podszed\u0142 Uli Hoene\u00df a Jego strza\u0142 obroni\u0142 Jan Tomaszewski. By\u0142 to drugi karny obroniony przez Tomaszewskiego na Mundialu w RFN. Nikt inny tego wcze\u015bniej nie uczyni\u0142.\u00a0<\/p>\n<p>W 76 minucie &#8222;ten jeden jedyny raz&#8221; Polacy nie upilnowali Gerda M\u00fcllera. \u015awietnie znalaz\u0142 si\u0119 w polu karnym, dosta\u0142 pi\u0142k\u0119 od kolegi z dru\u017cyny i tym razem ju\u017c nic nie stan\u0119\u0142o Mu na przeszkodzie . Bia\u0142o-Czerwoni nie zdo\u0142ali odpowiedzie\u0107 i kilka dni p\u00f3\u017aniej wygrali spotkanie o 3 miejsce z Brazyli\u0105 a Niemcy pokonali Holendr\u00f3w w finale i zostali Mistrzami \u015awiata.\u00a0<\/p>\n<p>Strzelec jednego z najbardziej pami\u0119tnych goli w historii Reprezentacji Polski w meczu z Angli\u0105 na Wembley w 1973 roku Jan Domarski w meczu na wodzie po raz 17 rozegra\u0142 spotkanie w barwach narodowych i ostatni. Strzeli\u0142 \u0142\u0105cznie dwie bramki.<\/p>\n<p>&nbsp;<\/p>\n<h2 id=\"mecz-08-07-1982\"><span class=\"ez-toc-section\" id=\"9_Mecz_RFN-_Polska_0_0_17_listopada_1971_r\"><\/span><a id=\"mecz-1971-11-17\"><\/a>9. Mecz RFN- Polska 0:0 (17 listopada 1971 r.)<span class=\"ez-toc-section-end\"><\/span><\/h2>\n<ul>\n<li><strong>Data meczu:<\/strong> 17.11.1971<\/li>\n<li><strong>Ranga meczu:<\/strong> Eliminacje Mistrzostw Europy 1972<\/li>\n<li><strong>S\u0119dzia: <\/strong>Bill Mullan<\/li>\n<li><strong>Stadion: <\/strong>Volksparkstadion, Hamburg<\/li>\n<li><strong>Trener:<\/strong> Kazimierz G\u00f3rski<\/li>\n<\/ul>\n<p><strong>? Sk\u0142ady:<\/strong><\/p>\n<table style=\"border-collapse: collapse; width: 100%; height: 383px;\">\n<thead>\n<tr style=\"height: 21px;\">\n<th style=\"width: 50%; height: 21px;\">[de] RFN:<\/th>\n<th style=\"width: 50%; height: 21px;\">[pl] Polska:<\/th>\n<\/tr>\n<\/thead>\n<tbody>\n<tr style=\"height: 362px;\">\n<td style=\"width: 50%; height: 362px;\">\n<ul>\n<li><strong>Sepp Maier<\/strong> -Bayern Monachium<\/li>\n<li><strong>Horst-Dieter H\u00f6ttges<\/strong> -Werder Bremen<\/li>\n<li><strong>Franz Beckenbauer<\/strong> -Bayern Monachium<\/li>\n<li><strong>Wolfgang Weber<\/strong> -1. FC K\u00f6ln<\/li>\n<li><strong>Hans-Georg Schwarzenbeck<\/strong> -Bayern Monachium<\/li>\n<li><strong>Herbert Wimmer<\/strong> do 75&#8242; -Borussia M\u00f6nchengladbach<\/li>\n<li>od 75&#8242; <strong>Horst K\u00f6ppel<\/strong> -Borussia M\u00f6nchengladbach<\/li>\n<li><strong>Klaus Fichtel<\/strong> -Schalke 04 Gelsenkirchen<\/li>\n<li><strong>Wolfgang Overath<\/strong> kapitan -1. FC K\u00f6ln<\/li>\n<li><strong>Reinhard Libuda<\/strong> -Schalke 04 Gelsenkirchen<\/li>\n<li><strong>Gerd M\u00fcller<\/strong> -Bayern Monachium<\/li>\n<li><strong>J\u00fcrgen Grabowski<\/strong> -Eintracht Frankfurt<\/li>\n<\/ul>\n<\/td>\n<td style=\"width: 50%; height: 362px;\">\n<ul>\n<li><strong>Marian Szeja<\/strong> -Zag\u0142\u0119bie Wa\u0142brzych<\/li>\n<li><strong>Antoni Szymanowski<\/strong> -Gwardia Warszawa<\/li>\n<li><strong>Marian Ostafi\u0144ski<\/strong> -Stal Rzesz\u00f3w<\/li>\n<li><strong>Jerzy Gorgo\u0144<\/strong> -G\u00f3rnik Zabrze<\/li>\n<li><strong>Zygmunt Anczok<\/strong> do 68&#8242; -G\u00f3rnik Zabrze<\/li>\n<li>od 68&#8242; <strong>Jerzy Wyrobek<\/strong> -Ruch Chorz\u00f3w<\/li>\n<li><strong>Zygfryd Szo\u0142tysik<\/strong> -G\u00f3rnik Zabrze<\/li>\n<li><strong>Kazimierz Deyna<\/strong> -Legia Warszawa<\/li>\n<li><strong>Bernard Blaut<\/strong> kapitan -Legia Warszawa<\/li>\n<li><strong>Joachim Marx<\/strong> do 74&#8242; [ycard] -Ruch Chorz\u00f3w<\/li>\n<li><strong>Grzegorz Lato<\/strong> do 83&#8242; -Stal Mielec<\/li>\n<li>od 83&#8242; <strong>Bronis\u0142aw Bula<\/strong> -Ruch Chorz\u00f3w<\/li>\n<li><strong>W\u0142odzimierz Luba\u0144ski<\/strong> -G\u00f3rnik Zabrze<\/li>\n<\/ul>\n<\/td>\n<\/tr>\n<\/tbody>\n<\/table>\n<p><div id=\"attachment_10519\" style=\"width: 519px\" class=\"wp-caption aligncenter\"><img loading=\"lazy\" decoding=\"async\" aria-describedby=\"caption-attachment-10519\" class=\"wp-image-10519 \" src=\"https:\/\/kronika-futbolu.pl\/historia\/wp-content\/uploads\/2021\/02\/9A_rfn_polska_1971_0_0_lubanski_weber_Hamburger-Abendblatt-344x400.png\" alt=\"RFN-Polska 1971 0:0\" width=\"509\" height=\"592\" srcset=\"https:\/\/kronika-futbolu.pl\/historia\/wp-content\/uploads\/2021\/02\/9A_rfn_polska_1971_0_0_lubanski_weber_Hamburger-Abendblatt-344x400.png 344w, https:\/\/kronika-futbolu.pl\/historia\/wp-content\/uploads\/2021\/02\/9A_rfn_polska_1971_0_0_lubanski_weber_Hamburger-Abendblatt.png 718w\" sizes=\"auto, (max-width: 509px) 100vw, 509px\" \/><p id=\"caption-attachment-10519\" class=\"wp-caption-text\">RFN-Polska 1971 0:0. Weber i Luba\u0144ski. \u0179r\u00f3d\u0142o:Hamburger Abendblatt<\/p><\/div> <div id=\"attachment_10518\" style=\"width: 372px\" class=\"wp-caption alignleft\"><img loading=\"lazy\" decoding=\"async\" aria-describedby=\"caption-attachment-10518\" class=\"wp-image-10518 \" src=\"https:\/\/kronika-futbolu.pl\/historia\/wp-content\/uploads\/2021\/02\/9A_rfn_polska_1971_0_0_Hamburger-Abendblatt-195x400.png\" alt=\"RFN-Polska 1971 0:0\" width=\"362\" height=\"743\" srcset=\"https:\/\/kronika-futbolu.pl\/historia\/wp-content\/uploads\/2021\/02\/9A_rfn_polska_1971_0_0_Hamburger-Abendblatt-195x400.png 195w, https:\/\/kronika-futbolu.pl\/historia\/wp-content\/uploads\/2021\/02\/9A_rfn_polska_1971_0_0_Hamburger-Abendblatt.png 406w\" sizes=\"auto, (max-width: 362px) 100vw, 362px\" \/><p id=\"caption-attachment-10518\" class=\"wp-caption-text\">RFN-Polska 1971 0:0. \u0179r\u00f3d\u0142o: Hamburger Abendblatt<\/p><\/div><\/p>\n<p>17 listopada 1971 w\u00a0 Hamburgu Reprezentacja RFN rozegra\u0142a sw\u00f3j ostatni mecz w eliminacjach do Euro 1972. Na namokni\u0119tym boisku pad\u0142 bezbramkowy remis z Polsk\u0105. Kilka miesi\u0119cy p\u00f3\u017aniej w\u00a0 kwietniu i maju, Niemcy wyeliminuj\u0105 w dwumeczu Anglik\u00f3w w \u0107wier\u0107fina\u0142ach, a 18 czerwca na Heysel w Brukseli wygraj\u0105 z ZSRR 3:0 i zdob\u0119d\u0105 sw\u00f3j pierwszy tytu\u0142 Mistrza Europy.\u00a0 Dla Polak\u00f3w by\u0142o to przedostatnie spotkanie w tych\u00a0 kwalifikacjach. Niespe\u0142na 3 tygodnie p\u00f3\u017aniej przegraj\u0105 z Turcj\u0105 0:1 w ko\u0144cz\u0105cym rywalizacj\u0119 meczu i zajm\u0105 2 miejsce w tabeli za RFN, a przed Turcj\u0105 i Albani\u0105.\u00a0<\/p>\n<p>Warunki pogodowe by\u0142y niemal identyczne jak te w 1974 roku w p\u00f3\u0142finale Mistrzostw \u015awiata pomi\u0119dzy obiema reprezentacjami. Wynik 0:0 by\u0142 jak najbardziej sprawiedliwy dla obu dru\u017cyn. 3 remis w 9 pojedynku w historii pomi\u0119dzy Polsk\u0105 a Niemcami, reszta mecz\u00f3w wygranych przez Niemc\u00f3w. Po raz 5 Polacy grali na terenie rywali, 3 na terenie RFN, 4 raz po II wojnie \u015bwiatowej.<\/p>\n<p>Po raz pierwszy w Reprezentacji Polski wyst\u0105pi\u0142 Grzegorz Lato, kr\u00f3l strzelc\u00f3w Mistrzostw \u015awiata 1974. Zadebiutowa\u0142 r\u00f3wnie\u017c <span title=\" \">Marian Ostafi\u0144ski<\/span>\u00a0 ze Stali Rzesz\u00f3w.\u00a0 W zespole niemieckim po raz ostatni zagrali: Reinhard Libuda (\u0142\u0105cznie 26 mecz\u00f3w) i Klaus Fichtel (\u0142\u0105cznie 23 mecze).\u00a0<\/p>\n<p>&nbsp;<\/p>\n<h2 id=\"mecz-08-07-1982\"><span class=\"ez-toc-section\" id=\"8_Mecz_Polska_%E2%80%93_RFN_1_3_10_pazdziernika_1971_r\"><\/span><a id=\"mecz-1971-10-10\"><\/a>8. Mecz Polska &#8211; RFN 1:3 (10 pa\u017adziernika 1971 r.)<span class=\"ez-toc-section-end\"><\/span><\/h2>\n<ul>\n<li><strong>Data meczu:<\/strong> 10.10.1971<\/li>\n<li><strong>Ranga meczu:<\/strong> Eliminacje Mistrzostw Europy 1972<\/li>\n<li><strong>S\u0119dzia:<\/strong> Ferdinand Marschall &#8211; Austria<\/li>\n<li><strong>Stadion:<\/strong> Stadion Dziesi\u0119ciolecia Manifestu Lipcowego, Warszawa<\/li>\n<li><strong>Trener:<\/strong> Kazimierz G\u00f3rski<\/li>\n<\/ul>\n<p><strong>\u26bd Strzelone bramki:<\/strong><\/p>\n<ul>\n<li>Robert Gadocha [pl] 28&#8242;<\/li>\n<li>Gerd M\u00fcller [de] 29&#8242;<\/li>\n<li>Gerd M\u00fcller [de] 64&#8242;<\/li>\n<li>J\u00fcrgen Grabowski [de] 70&#8242;\n<\/li>\n<\/ul>\n<p><strong>? Sk\u0142ady:<\/strong><\/p>\n<table style=\"border-collapse: collapse; width: 100%;\">\n<thead>\n<tr>\n<th style=\"width: 50%;\">[pl] Polska:<\/th>\n<th style=\"width: 50%;\">[de] RFN:<\/th>\n<\/tr>\n<\/thead>\n<tbody>\n<tr>\n<td style=\"width: 50%;\">\n<ul>\n<li><strong>Jan Tomaszewski<\/strong> -Legia Warszawa<\/li>\n<li><strong>Adam Musia\u0142<\/strong> -Wis\u0142a Krak\u00f3w<\/li>\n<li><strong>Stanis\u0142aw O\u015bliz\u0142o<\/strong> kapitan -G\u00f3rnik Zabrze<\/li>\n<li><strong>Jerzy Gorgo\u0144<\/strong> -G\u00f3rnik Zabrze<\/li>\n<li><strong>Zygmunt Anczok<\/strong> -G\u00f3rnik Zabrze<\/li>\n<li><strong>Zygfryd Szo\u0142tysik<\/strong> -G\u00f3rnik Zabrze<\/li>\n<li><strong>Bronis\u0142aw Bula<\/strong> do 46&#8242; -Ruch Chorz\u00f3w<\/li>\n<li>od 46&#8242;<strong> Antoni Kot<\/strong> -Odra Opole<\/li>\n<li><strong>Zygmunt Maszczyk<\/strong> -Ruch Chorz\u00f3w<\/li>\n<li><strong>Jan Bana\u015b<\/strong> do 60&#8242; -G\u00f3rnik Zabrze<\/li>\n<li>od 60&#8242; <strong>Jerzy Sadek<\/strong> -\u0141KS \u0141\u00f3d\u017a<\/li>\n<li><strong>W\u0142odzimierz Luba\u0144ski<\/strong> -G\u00f3rnik Zabrze<\/li>\n<li><strong>Robert Gadocha<\/strong> -Legia Warszawa<\/li>\n<\/ul>\n<\/td>\n<td style=\"width: 50%;\">\n<ul>\n<li><strong>Sepp Maier<\/strong> -Bayern Monachium<\/li>\n<li><strong>Paul Breitner<\/strong> -Bayern\u00a0Monachium<\/li>\n<li><strong>Franz Beckenbauer<\/strong> kapitan -Bayern,Monachium<\/li>\n<li><strong>Klaus Fichtel<\/strong> -Schalke 04 Gelsenkirchen<\/li>\n<li><strong>Hans-Georg Schwarzenbeck<\/strong> -Bayern Monachium<\/li>\n<li><strong>Herbert Wimmer<\/strong> -Borussia M\u00f6nchengladbach<\/li>\n<li><strong>Horst K\u00f6ppel<\/strong> -Borussia M\u00f6nchengladbach<\/li>\n<li><strong>G\u00fcnter Netzer<\/strong> -Borussia M\u00f6nchengladbach<\/li>\n<li><strong>Gerd M\u00fcller<\/strong> -Bayern Monachium<\/li>\n<li><strong>Jupp Heynckes<\/strong> -Borussia M\u00f6nchengladbach<\/li>\n<li><strong>J\u00fcrgen Grabowski<\/strong> -Eintracht Frankfurt<\/li>\n<\/ul>\n<\/td>\n<\/tr>\n<\/tbody>\n<\/table>\n<p><div id=\"attachment_10515\" style=\"width: 549px\" class=\"wp-caption aligncenter\"><img loading=\"lazy\" decoding=\"async\" aria-describedby=\"caption-attachment-10515\" class=\"wp-image-10515 size-medium\" src=\"https:\/\/kronika-futbolu.pl\/historia\/wp-content\/uploads\/2021\/02\/8A_polska_rfn_1971_warszawa_gol_gadocha_Deister-und-Weserzeitung-539x400.png\" alt=\"Polska - RFN 1-3 1971\" width=\"539\" height=\"400\" srcset=\"https:\/\/kronika-futbolu.pl\/historia\/wp-content\/uploads\/2021\/02\/8A_polska_rfn_1971_warszawa_gol_gadocha_Deister-und-Weserzeitung-539x400.png 539w, https:\/\/kronika-futbolu.pl\/historia\/wp-content\/uploads\/2021\/02\/8A_polska_rfn_1971_warszawa_gol_gadocha_Deister-und-Weserzeitung-768x570.png 768w, https:\/\/kronika-futbolu.pl\/historia\/wp-content\/uploads\/2021\/02\/8A_polska_rfn_1971_warszawa_gol_gadocha_Deister-und-Weserzeitung.png 1166w\" sizes=\"auto, (max-width: 539px) 100vw, 539px\" \/><p id=\"caption-attachment-10515\" class=\"wp-caption-text\">Polska &#8211; RFN 1-3 1971. Gol na 1:0 Robert Gadocha. \u0179r\u00f3d\u0142o: Deister-und Weserzeitung<\/p><\/div> <div id=\"attachment_10516\" style=\"width: 522px\" class=\"wp-caption alignleft\"><img loading=\"lazy\" decoding=\"async\" aria-describedby=\"caption-attachment-10516\" class=\"wp-image-10516 size-medium\" src=\"https:\/\/kronika-futbolu.pl\/historia\/wp-content\/uploads\/2021\/02\/8B_polska_rfn_1971_warszawa_gol_nr_2_muller_Deister-und-Weserzeitung-512x400.png\" alt=\"Polska - RFN 1-3 1971\" width=\"512\" height=\"400\" srcset=\"https:\/\/kronika-futbolu.pl\/historia\/wp-content\/uploads\/2021\/02\/8B_polska_rfn_1971_warszawa_gol_nr_2_muller_Deister-und-Weserzeitung-512x400.png 512w, https:\/\/kronika-futbolu.pl\/historia\/wp-content\/uploads\/2021\/02\/8B_polska_rfn_1971_warszawa_gol_nr_2_muller_Deister-und-Weserzeitung-768x600.png 768w, https:\/\/kronika-futbolu.pl\/historia\/wp-content\/uploads\/2021\/02\/8B_polska_rfn_1971_warszawa_gol_nr_2_muller_Deister-und-Weserzeitung.png 1160w\" sizes=\"auto, (max-width: 512px) 100vw, 512px\" \/><p id=\"caption-attachment-10516\" class=\"wp-caption-text\">Polska &#8211; RFN 1-3 1971. Gol nr 2 dla RFN Gerd M\u00fcller. \u0179r\u00f3d\u0142o: Deister-und Weserzeitung<\/p><\/div><\/p>\n<p>Po prawie r\u00f3wno 10 latach przerwy Reprezentacja RFN powr\u00f3ci\u0142a do Warszawy i dosz\u0142o do 8 w historii pojedynku Polski i Niemiec (jako\u00a0 RFN).\u00a0 By\u0142 to dla Polak\u00f3w 4 mecz, a dla Go\u015bci 5\u00a0 w eliminacjach do Mistrzostw Europy 1972. Przed spotkaniem w grupie 8 prowadzili Niemcy, przed Polsk\u0105, Turcj\u0105 i Albani\u0105. Bia\u0142o-Czerwoni aby awansowa\u0107 do kolejnej rundy musieli wygra\u0107 wszystkie mecze do ko\u0144ca kwalifikacji w tym dwa z RFN. Nie uczynili tego i w ko\u0144cowej klasyfikacji w tabeli nie by\u0142o zmian w por\u00f3wnaniu z tym co by\u0142o przed rywalizacj\u0105 w Warszawie.\u00a0<\/p>\n<p>Rozpocz\u0119\u0142o si\u0119 \u015bwietnie. W 28 minucie wynik otworzy\u0142 Robert Gadocha, wykorzystuj\u0105c b\u0142\u0105d Breitnera\u00a0 lecz chwil\u0119 p\u00f3\u017aniej by\u0142o ju\u017c 1:1 po trafieniu Gerda M\u00fcllera. Przy tej bramce win\u0119 zrzucano na Jana Tomaszewskiego, kt\u00f3ry \u017ale wyszed\u0142 do wrzuconej pi\u0142ki z rzutu wolnego. P\u00f3\u017aniej blisko zdobycia pi\u0119knej bramki by\u0142 Jan Bana\u015b. Zawodnik G\u00f3rnika Zabrze bezpo\u015brednio z rzutu ro\u017cnego trafi\u0142 w poprzeczk\u0119. M\u00fcller podwy\u017cszy\u0142 na 2:1 dla RFN w 64 minucie po \u015bwietnej akcji zespo\u0142owej naszych rywali. Wynik ustali\u0142 J\u00fcrgen Grabowski, znowu po \u0142adnej wymianie poda\u0144 Niemcy wdarli si\u0119 w polskie pole karne i pi\u0142karz Eintrachtu pokona\u0142 Tomaszewskiego.\u00a0<\/p>\n<p>Opr\u00f3cz Jana Tomaszewskiego, kt\u00f3ry na kolejny wyst\u0119p w barwach narodowych b\u0119dzie musia\u0142 czeka\u0107 do 1973 roku, zadebiutowa\u0142 tak\u017ce Antoni Kot z Odry Opole. By\u0142 to dla Niego jedyny wyst\u0119p w kadrze. Stanis\u0142aw O\u015bliz\u0142o wyst\u0105pi\u0142 po raz 57\u00a0 i ostatni (1 gol) w reprezentacji, tak jak Jerzy Sadek (\u0142\u0105cznie 18 mecz\u00f3w, 6 goli).<\/p>\n<p>&nbsp;<\/p>\n<h2 id=\"mecz-14-06-1982\"><span class=\"ez-toc-section\" id=\"7_Mecz_Polska_%E2%80%93_RFN_0_2_8_pazdziernika_1961_r\"><\/span><a id=\"mecz-1961-10-08\"><\/a>7. Mecz Polska &#8211; RFN 0:2 (8 pa\u017adziernika 1961 r.)<span class=\"ez-toc-section-end\"><\/span><\/h2>\n<ul>\n<li><strong>Data meczu:<\/strong> 08.10.1961<\/li>\n<li><strong>Ranga meczu:<\/strong> Towarzyski<\/li>\n<li><strong>S\u0119dzia:<\/strong> Karol Galba &#8211; Czechos\u0142owacja\u00a0<\/li>\n<li><strong>Stadion:<\/strong> Stadion Wojska Polskiego, Warszawa<\/li>\n<li><strong>Trener:<\/strong> Czes\u0142aw Krug- Kapitan zwi\u0105zkowy, Trener:\u00a0 Ryszard Koncewicz<\/li>\n<\/ul>\n<p><strong>\u26bd Strzelone bramki:<\/strong><\/p>\n<ul>\n<li>Albert Br\u00fclls 19&#8242; [de] 19&#8242;<\/li>\n<li>Helmut Haller\u00a0 [de] 65&#8242;<\/li>\n<\/ul>\n<p>&nbsp;<\/p>\n<p><strong>? Sk\u0142ady:<\/strong><\/p>\n<table style=\"border-collapse: collapse; width: 100%; height: 379px;\">\n<thead>\n<tr style=\"height: 24px;\">\n<th style=\"width: 50%; height: 24px;\">[pl] Polska:<\/th>\n<th style=\"width: 50%; height: 24px;\">[de] RFN:<\/th>\n<\/tr>\n<\/thead>\n<tbody>\n<tr style=\"height: 355px;\">\n<td style=\"width: 50%; height: 355px;\">\n<ul>\n<li><strong>Edward Szymkowiak<\/strong> -Polonia Bytom<\/li>\n<li><strong>Henryk Szczepa\u0144ski<\/strong> -Odra Opole<\/li>\n<li><strong>Stanis\u0142aw O\u015bliz\u0142o<\/strong> -G\u00f3rnik Zabrze<\/li>\n<li><strong>Jerzy Wo\u017ania<\/strong>k -Legia Warszawa<\/li>\n<li><strong>Marceli Strzykalski<\/strong> -Legia Warszawa<\/li>\n<li><strong>Ryszard Grzegorczyk<\/strong> -Polonia Bytom<\/li>\n<li><strong>Erwin Wilczek<\/strong> -G\u00f3rnik Zabrze<\/li>\n<li><strong>Lucjan Brychczy<\/strong> -Legia Warszawa<\/li>\n<li><strong>Ernest Pol<\/strong> kapitan -G\u00f3rnik Zabrze<\/li>\n<li><strong>Jan Liberda<\/strong> do 70&#8242; -Polonia Bytom<\/li>\n<li>od 70&#8242; <strong>Jerzy Musia\u0142ek<\/strong> -G\u00f3rnik Zabrze<\/li>\n<li><strong>Roman Lentner<\/strong> -G\u00f3rnik Zabrze<\/li>\n<\/ul>\n<\/td>\n<td style=\"width: 50%; height: 355px;\">\n<ul>\n<li><strong>Hans Tilkowski<\/strong> -SC Westfalia Herne<\/li>\n<li><strong>Hans Nowak<\/strong> -Schalke 04 Gelsenkirchen<\/li>\n<li><strong>Herbert Erhardt<\/strong> kapitan -SpVgg F\u00fcrth<\/li>\n<li><strong>Willi Schulz<\/strong> -Schalke 04 Gelsenkirchen<\/li>\n<li><strong>Nandl Wenauer<\/strong> -1. FC N\u00fcrnberg<\/li>\n<li><strong>Willi Giesemann<\/strong> -Bayern Monachium<\/li>\n<li><strong>Werner Olk<\/strong> do 46&#8242; -Bayern Monachium<\/li>\n<li>od 46&#8242; <strong>Richard Kress<\/strong> -Eintracht Frankfurt nad Menem<\/li>\n<li><strong>Uwe Seeler<\/strong> -Hamburger SV<\/li>\n<li><strong>Helmut Haller<\/strong> -BC Augsburg<\/li>\n<li><strong>Albert Br\u00fclls<\/strong> -Borussia M\u00f6nchengladbach<\/li>\n<li><strong>G\u00fcnter Herrmann<\/strong> -Karlsruher SC<\/li>\n<\/ul>\n<\/td>\n<\/tr>\n<\/tbody>\n<\/table>\n<p><div id=\"attachment_10509\" style=\"width: 558px\" class=\"wp-caption aligncenter\"><img loading=\"lazy\" decoding=\"async\" aria-describedby=\"caption-attachment-10509\" class=\"wp-image-10509 \" src=\"https:\/\/kronika-futbolu.pl\/historia\/wp-content\/uploads\/2021\/02\/7B_polska_niemcy_1961_dziennik_lodzki_nr_239_10_10_1961-384x400.png\" alt=\"Polska - Niemcy 1961\" width=\"548\" height=\"571\" srcset=\"https:\/\/kronika-futbolu.pl\/historia\/wp-content\/uploads\/2021\/02\/7B_polska_niemcy_1961_dziennik_lodzki_nr_239_10_10_1961-384x400.png 384w, https:\/\/kronika-futbolu.pl\/historia\/wp-content\/uploads\/2021\/02\/7B_polska_niemcy_1961_dziennik_lodzki_nr_239_10_10_1961-768x799.png 768w, https:\/\/kronika-futbolu.pl\/historia\/wp-content\/uploads\/2021\/02\/7B_polska_niemcy_1961_dziennik_lodzki_nr_239_10_10_1961.png 854w\" sizes=\"auto, (max-width: 548px) 100vw, 548px\" \/><p id=\"caption-attachment-10509\" class=\"wp-caption-text\">Polska &#8211; Niemcy 1961. Dziennik \u0141\u00f3dzki nr 239 10.10.1961<\/p><\/div> <div id=\"attachment_10508\" style=\"width: 412px\" class=\"wp-caption alignleft\"><img loading=\"lazy\" decoding=\"async\" aria-describedby=\"caption-attachment-10508\" class=\"wp-image-10508 \" src=\"https:\/\/kronika-futbolu.pl\/historia\/wp-content\/uploads\/2021\/02\/7A_polska_niemcy_1961_impromptuinc_wordpress_com-291x400.png\" alt=\"Polska - Niemcy 1961\" width=\"402\" height=\"553\" srcset=\"https:\/\/kronika-futbolu.pl\/historia\/wp-content\/uploads\/2021\/02\/7A_polska_niemcy_1961_impromptuinc_wordpress_com-291x400.png 291w, https:\/\/kronika-futbolu.pl\/historia\/wp-content\/uploads\/2021\/02\/7A_polska_niemcy_1961_impromptuinc_wordpress_com.png 690w\" sizes=\"auto, (max-width: 402px) 100vw, 402px\" \/><p id=\"caption-attachment-10508\" class=\"wp-caption-text\">Polska &#8211; Niemcy 1961. \u0179r\u00f3d\u0142o: https:\/\/impromptuinc.wordpress.com<\/p><\/div><\/p>\n<p>Po przegranych eliminacjach do Mistrzostw \u015awiata 1962 z Jugos\u0142awi\u0105 Reprezentacja Polski ko\u0144cem 1961 roku rozegra\u0142a 3 spotkania towarzyskie. Dwa z nich by\u0142y z Niemcami, ale dwiema r\u00f3\u017cnymi reprezentacjami. Najpierw 8 pa\u017adziernika z RFN, a 22 z NRD. W Warszawie w 7 pojedynku Polski i Niemiec lepsi okazali si\u0119 Go\u015bcie z zachodu, kt\u00f3rzy wygrali 2:0. Dwa tygodnie p\u00f3\u017aniej pokonaj\u0105 Grecj\u0119 i zapewni\u0105 sobie udzia\u0142 w Mistrzostwach \u015awiata.\u00a0 Po raz 150 (wg aktualnych zestawie\u0144) dru\u017cyn\u0119 niemieck\u0105 prowadzi\u0142 Sepp Herberger, kt\u00f3ry debiutowa\u0142 w tej roli w 1936 roku w tym samym miejscu- Warszawie w meczu przeciwko Polsce.\u00a0<\/p>\n<p>Z przekaz\u00f3w z tamtych dni mo\u017cemy wyczyta\u0107, \u017ce spotkanie nie przynios\u0142o osza\u0142amiaj\u0105cego zainteresowania w\u015br\u00f3d kibic\u00f3w, a pi\u0142karze polscy rozegrali kiepskie rozgrywki. W 19 minucie gola zdoby\u0142 Albert Br\u00fclls z Borussi M\u00f6nchengladbach. Dopiero 4 minuty p\u00f3\u017aniej Polacy oddali pierwszy gro\u017any strza\u0142 na bramk\u0119 rywali. Atak tego dnia w polskiej dru\u017cynie szwankowa\u0142 najbardziej. W ca\u0142ym meczu sytuacji do zdobycia bramki mo\u017cna by\u0142o policzy\u0107 na palcach jednej r\u0119ki.\u00a0 Na 2:0 podwy\u017cszy\u0142 Helmut Haller z Augsburga w 65 minucie. Wynik m\u00f3g\u0142 by\u0107 wy\u017cszy, ale obrona Bia\u0142o-Czerwonych odpiera\u0142a ataki, a i przeciwnicy nie byli w pe\u0142ni skuteczni. Po raz kolejny zesp\u00f3\u0142 Herbergera okaza\u0142 si\u0119 kilka klas lepszy.\u00a0<\/p>\n<p>Zadebiutowa\u0142 <span title=\" \">Jerzy Musia\u0142ek z G\u00f3rnika Zabrze i Werner Olk z Bayernu Monachium dla kt\u00f3rego by\u0142 to ostatni mecz w reprezentacji.\u00a0 W polskim zespole ostatni raz wyst\u0105pi\u0142 Marceli Strzykalski (\u0142\u0105cznie 17 mecz\u00f3w). Ernest Pol pierwszy i ostatni by\u0142 kapitanem Reprezentacji Polski (w 28 meczu, zagra \u0142\u0105cznie 46 i strzeli 39 goli)<\/span><\/p>\n<p>Kolejny mecz z RFN odb\u0119dzie si\u0119 dopiero w 1971 roku.\u00a0<\/p>\n<p>&nbsp;<\/p>\n<h2 id=\"mecz-19-04-1980\"><span class=\"ez-toc-section\" id=\"6_Mecz_RFN-_Polska_1_1_20_maja_1959_r\"><\/span><a id=\"mecz-1959-05-20\"><\/a>6. Mecz RFN- Polska 1:1 (20 maja 1959 r.)<span class=\"ez-toc-section-end\"><\/span><\/h2>\n<ul>\n<li><strong>Data meczu:<\/strong> 20.05.1959<\/li>\n<li><strong>Ranga meczu:<\/strong> Towarzyski<\/li>\n<li><strong>S\u0119dzia:<\/strong> Joaquim Campos &#8211; Portugalia<\/li>\n<li><strong>Stadion:<\/strong> Volksparkstadion, Hamburg\u00a0<\/li>\n<li><strong>Trenerzy:<\/strong> Czes\u0142aw Krug- Kapitan zwi\u0105zkowy, Trener:\u00a0 Tadeusz Fory\u015b<\/li>\n<\/ul>\n<p><strong>\u26bd Strzelony bramki:<\/strong><\/p>\n<ul>\n<li>Krzysztof Baszkiewicz \u00a0[pl] 29&#8242;<\/li>\n<li>Erwin Stein\u00a0 [de] 81&#8242;<\/li>\n<\/ul>\n<p><strong>? Sk\u0142ady:<\/strong><\/p>\n<table style=\"border-collapse: collapse; width: 100%; height: 383px;\">\n<thead>\n<tr style=\"height: 21px;\">\n<th style=\"width: 50%; height: 21px;\">[de] RFN:<\/th>\n<th style=\"width: 50%; height: 21px;\">[pl] Polska:<\/th>\n<\/tr>\n<\/thead>\n<tbody>\n<tr style=\"height: 362px;\">\n<td style=\"width: 50%; height: 362px;\">\n<ul>\n<li><strong>G\u00fcnter Sawitzki<\/strong> -VfB Stuttgart<\/li>\n<li><strong>Mathes Mauritz<\/strong> -Fortuna D\u00fcsseldorf<\/li>\n<li><strong>Erich Juskowiak<\/strong> -Fortuna D\u00fcsseldorf<\/li>\n<li><strong>Karl Mai<\/strong> -SpVgg F\u00fcrth F\u00fcrth<\/li>\n<li><strong>Herbert Erhardt<\/strong> kapitan -SpVgg F\u00fcrth F\u00fcrth<\/li>\n<li><strong>Horst Szymaniak<\/strong> -Wuppertaler SV<\/li>\n<li><strong>Berni Klodt<\/strong> do 63&#8242; -Schalke 04 Gelsenkirchen<\/li>\n<li>od 63&#8242; <strong>Erwin Stein<\/strong> -Eintracht Frankfurt nad Menem<\/li>\n<li><strong>Rolf Geiger<\/strong> -VfB Stuttgart<\/li>\n<li><strong>Helmut Haller<\/strong> -BC Augsburg<\/li>\n<li><strong>Aki Schmidt<\/strong> -Borussia Dortmund<\/li>\n<li><strong>Theo Kl\u00f6ckner<\/strong> -ETB Schwarz-Wei\u00df Essen<\/li>\n<\/ul>\n<\/td>\n<td style=\"width: 50%; height: 362px;\">\n<ul>\n<li><strong>Edward Szymkowiak<\/strong> -Polonia Bytom<\/li>\n<li><strong>Stefan Florenski<\/strong> do 39&#8242; -G\u00f3rnik Zabrze<\/li>\n<li>od 39&#8242; <strong>Roman Korynt<\/strong> -Lechia Gda\u0144sk<\/li>\n<li><strong>Henryk Szczepa\u0144ski<\/strong> -\u0141KS \u0141\u00f3d\u017a<\/li>\n<li><strong>Jerzy Wo\u017aniak<\/strong> -Legia Warszawa<\/li>\n<li><strong>Marceli Strzykalski<\/strong> -Legia Warszawa<\/li>\n<li><strong>Edmund Zientara<\/strong> kapitan -Legia Warszawa<\/li>\n<li><strong>Ernest Pol<\/strong> -G\u00f3rnik Zabrze<\/li>\n<li><strong>Lucjan Brychczy<\/strong> -Legia Warszawa<\/li>\n<li><strong>Stanis\u0142aw Hachorek<\/strong> -Gwardia Warszawa<\/li>\n<li><strong>Jan Liberda<\/strong> -Polonia Bytom<\/li>\n<li><strong>Krzysztof Baszkiewicz<\/strong> -Gwardia Warszawa<\/li>\n<\/ul>\n<\/td>\n<\/tr>\n<\/tbody>\n<\/table>\n<p>Do pierwszego meczu po II wojnie \u015bwiatowej z Niemcami dosz\u0142o w 1952 roku, ale by\u0142a to wtedy Reprezentacja NRD, Niemiec Wschodnich powsta\u0142ych w wyniku podzia\u0142u Niemiec po wojnie. Pierwszym spotkaniem z Niemcami Zachodnimi- RFN dosz\u0142o 20 maja 1959 roku w Hamburgu. Min\u0119\u0142o 21 lat od ostatniej rywalizacji z &#8222;prawdziwymi Niemcami&#8221; a Ich trenerem by\u0142 nadal Sepp Herberger.<\/p>\n<p>Dla Polak\u00f3w, by\u0142 to pierwszy mecz w 1959 roku i 8 raz z rz\u0119du nie odnie\u015bli wygranej (ostatnia 3.11.1957). Niemcy kt\u00f3rzy na Mistrzostwach \u015awiata 1958 zaj\u0119li 4 miejsce, dwa tygodnie wcze\u015bniej przegrali z Szkocj\u0105.\u00a0<\/p>\n<p>Bia\u0142o-Czerwoni rozegrali bardzo dobre spotkanie. Grali pewnie, stwarzali okazje do zdobycia gola, oraz byli dobrze zorganizowani w obronie. Niemieccy kibice najbardziej zapami\u0119tali debiutanta Jana Liberd\u0119, kt\u00f3ry niejednokrotnie wypracowywa\u0142 sobie \u015bwietne okazje do strza\u0142\u00f3w. Go\u015bcie obj\u0119li prowadzenie w 29 minucie za spraw\u0105 Krzysztofa Baszkiewicza. By\u0142o to Jego drugie trafienie dla dru\u017cyny reprezentacyjnej w karierze. Strzeli jeszcze 2.\u00a0 Niestety i tym razem, pomimo dobrej postawy naszych graczy nie uda\u0142o si\u0119 wygra\u0107. W 81 minucie wyr\u00f3wna\u0142 Erwin Stein- debiutant, kt\u00f3ry pojawi\u0142 si\u0119 na boisku w 63 minucie. By\u0142y to Jego pierwsze i ostatnie minuty w zespole narodowym tak jak i bramka.\u00a0<\/p>\n<p>Poza wspomnianymi ju\u017c Liberd\u0105 i Steinem, zadebiutowa\u0142 tak\u017ce Mathes Mauritz, kt\u00f3ry te\u017c ju\u017c wi\u0119cej w Reprezentacji RFN nie wyst\u0105pi\u0142. Ostatnie wyst\u0119py w kadrze zaliczyli r\u00f3wnie\u017c: Karl Mai (\u0142\u0105cznie 21 mecz\u00f3w), Bernhard Klodt (\u0142\u0105cznie 19 mecz\u00f3w) i Theo Kl\u00f6ckner (\u0142\u0105cznie 2 mecze).<\/p>\n<h2 id=\"mecz-26-10-1975\"><span class=\"ez-toc-section\" id=\"5_Mecz_Niemcy-_Polska_4_1_18_wrzesnia_1938_r\"><\/span><a id=\"mecz-1938-09-18\"><\/a>5. Mecz Niemcy- Polska 4:1 (18 wrze\u015bnia 1938 r.)<span class=\"ez-toc-section-end\"><\/span><\/h2>\n<p>&nbsp;<\/p>\n<ul>\n<li><strong>Data meczu:<\/strong> 18.09.1938<\/li>\n<li><strong>Ranga meczu:<\/strong> Towarzyski<\/li>\n<li><strong>S\u0119dzia:<\/strong> Hans W\u00fcthrich &#8211; Szwajcaria<\/li>\n<li><strong>Stadion:<\/strong> Gro\u00dfkampfbahn, Chemnitz<\/li>\n<li><strong>Trenerzy:<\/strong> J\u00f3zef Ka\u0142u\u017ca- Kapitan zwi\u0105zkowy, Trener: Marian Spoida, Komitet Selekcyjny<\/li>\n<\/ul>\n<p><strong>\u26bd Strzelone bramki:<\/strong><\/p>\n<ul>\n<li>Jupp Gauchel [de] 35&#8242;<\/li>\n<li>Teodor Peterek [pl] 49&#8242;<\/li>\n<li>Helmut Sch\u00f6n [de] 52&#8242;<\/li>\n<li>Jupp Gauchel [de] 59&#8242;<\/li>\n<li>Jupp Gauchel [de] 62&#8242;<\/li>\n<\/ul>\n<p>&nbsp;<\/p>\n<p><strong>? Sk\u0142ady:<\/strong><\/p>\n<table style=\"border-collapse: collapse; width: 100%; height: 336px;\">\n<thead>\n<tr style=\"height: 21px;\">\n<th style=\"width: 50%; height: 21px;\">[de] Niemcy:<\/th>\n<th style=\"width: 50%; height: 21px;\">[pl] Polska:<\/th>\n<\/tr>\n<\/thead>\n<tbody>\n<tr style=\"height: 315px;\">\n<td style=\"width: 50%; height: 315px;\">\n<ul>\n<li><strong>Hans Jakob<\/strong> -SSV Jahn Regensburg<\/li>\n<li><strong>Paul Janes<\/strong> -Fortuna D\u00fcsseldorf<\/li>\n<li><strong>Reinhold M\u00fcnzenberg<\/strong> kapitan -Alemannia Aachen<\/li>\n<li><strong>Andreas Kupfer<\/strong> -1. FC Schweinfurt 05<\/li>\n<li><strong>Ludwig Goldbrunner<\/strong> -Bayern Monachium<\/li>\n<li><strong>Albin Kitzinger<\/strong> -1. FC Schweinfurt 05<\/li>\n<li><strong>Wilhelm Hahnemann<\/strong> -Admira Wien<\/li>\n<li><strong>Josef Stroh<\/strong> -Austria Wien<\/li>\n<li><strong>Jupp Gauchel<\/strong> -Neuendorf Koblenz<\/li>\n<li><strong>Helmut Sch\u00f6n<\/strong> -Dresdner SC Dresden<\/li>\n<li><strong>Hans Pesser<\/strong> -Rapid Wien<\/li>\n<\/ul>\n<\/td>\n<td style=\"width: 50%; height: 315px;\">\n<ul>\n<li><strong>Edward Madejski<\/strong> -bez klubu<\/li>\n<li><strong>W\u0142adys\u0142aw Szczepaniak<\/strong> kapitan -Polonia Warszawa<\/li>\n<li><strong>Antoni Ga\u0142ecki<\/strong> -\u0141KS \u0141\u00f3d\u017a<\/li>\n<li><strong>Wilhelm G\u00f3ra<\/strong> -KS Cracovia<\/li>\n<li><strong>Erwin Nyc<\/strong> -Polonia Warszawa<\/li>\n<li><strong>Ewald Dytko<\/strong> -GKS D\u0105b Katowice<\/li>\n<li><strong>Ryszard Piec<\/strong> -Naprz\u00f3d Lipiny<\/li>\n<li><strong>Leonard Pi\u0105tek<\/strong> -AKS Chorz\u00f3w Chorz\u00f3w<\/li>\n<li><strong>Teodor Peterek<\/strong> -Ruch Hajduki Wielkie<\/li>\n<li><strong>Ernest Wilimowski<\/strong> -Ruch Hajduki Wielkie<\/li>\n<li><strong>Gerard Wodarz<\/strong> -Ruch Hajduki Wielkie<\/li>\n<\/ul>\n<\/td>\n<\/tr>\n<\/tbody>\n<\/table>\n<p><div id=\"attachment_10495\" style=\"width: 594px\" class=\"wp-caption aligncenter\"><img loading=\"lazy\" decoding=\"async\" aria-describedby=\"caption-attachment-10495\" class=\"wp-image-10495 size-medium\" src=\"https:\/\/kronika-futbolu.pl\/historia\/wp-content\/uploads\/2021\/02\/5A_niemcy_polska_1938_NAC-584x400.png\" alt=\"Niemcy - Polska 1938\" width=\"584\" height=\"400\" srcset=\"https:\/\/kronika-futbolu.pl\/historia\/wp-content\/uploads\/2021\/02\/5A_niemcy_polska_1938_NAC-584x400.png 584w, https:\/\/kronika-futbolu.pl\/historia\/wp-content\/uploads\/2021\/02\/5A_niemcy_polska_1938_NAC-768x526.png 768w, https:\/\/kronika-futbolu.pl\/historia\/wp-content\/uploads\/2021\/02\/5A_niemcy_polska_1938_NAC.png 1277w\" sizes=\"auto, (max-width: 584px) 100vw, 584px\" \/><p id=\"caption-attachment-10495\" class=\"wp-caption-text\">Niemcy &#8211; Polska 1938. Opis obrazu: Dru\u017cyna Polski podczas wykonywania hymnu pa\u0144stwowego. Stoj\u0105 od lewej: W\u0142adys\u0142aw Szczepaniak, Edward Madejski, Teodor Peterek, Wilhelm G\u00f3ra, Erwin Nytz, Ryszard Piec, Ernest Wilimowski, Leonard Piontek, Gerard Wodarz, Antoni Ga\u0142ecki, Ewald Dytko. \u0179r\u00f3d\u0142o: NAC<\/p><\/div> <div id=\"attachment_10496\" style=\"width: 579px\" class=\"wp-caption alignleft\"><img loading=\"lazy\" decoding=\"async\" aria-describedby=\"caption-attachment-10496\" class=\"wp-image-10496 size-medium\" src=\"https:\/\/kronika-futbolu.pl\/historia\/wp-content\/uploads\/2021\/02\/5B_niemcy_polska_1938_NAC-569x400.png\" alt=\"Niemcy - Polska 1938\" width=\"569\" height=\"400\" srcset=\"https:\/\/kronika-futbolu.pl\/historia\/wp-content\/uploads\/2021\/02\/5B_niemcy_polska_1938_NAC-569x400.png 569w, https:\/\/kronika-futbolu.pl\/historia\/wp-content\/uploads\/2021\/02\/5B_niemcy_polska_1938_NAC-768x540.png 768w, https:\/\/kronika-futbolu.pl\/historia\/wp-content\/uploads\/2021\/02\/5B_niemcy_polska_1938_NAC.png 1254w\" sizes=\"auto, (max-width: 569px) 100vw, 569px\" \/><p id=\"caption-attachment-10496\" class=\"wp-caption-text\">Niemcy &#8211; Polska 1938. Fragment meczu. Pi\u0142karz niemiecki Josef Stroh przy pi\u0142ce, obok z prawej polski obro\u0144ca Antoni Ga\u0142ecki z lewej pomocnik Ewald Dytko. \u0179r\u00f3d\u0142o: NAC<\/p><\/div><\/p>\n<p>Pi\u0105ty mecz Polak\u00f3w i Niemc\u00f3w w historii, ostatni przed II wojn\u0105 \u015bwiatow\u0105. Dla obu reprezentacji by\u0142 to I mecz po\u00a0 Mistrzostwach \u015awiata 1938, tak samo\u00a0 jak po Igrzyskach Olimpijskich 1936\u00a0 kiedy to te\u017c si\u0119 zmierzy\u0142y obie ekipy. \u015awiatowy Czempionat we Francji nie by\u0142 udany ani dla Polak\u00f3w, ani dla Niemc\u00f3w. Jedni i drudzy odpadli w I rundzie. Polska przegra\u0142a z Brazyli\u0105 5:6 po jednym z niezwyk\u0142ych mecz\u00f3w w historii Mundialu, co do dzi\u015b jest wspominane jako wynik nie daj\u0105cy wstydu. Niemcy natomiast odpadli po dwumeczu z Szwajcari\u0105.\u00a0 Po raz pierwszy Polska zagra\u0142a w Chemnitz, czyli po Polsku Kamienica. Mecz ogl\u0105da\u0142y t\u0142umy bo a\u017c oko\u0142o 60 tysi\u0119cy.\u00a0<\/p>\n<p>Bohaterem zawod\u00f3w by\u0142 22-letni Jupp Gauchel, kt\u00f3ry ustrzeli\u0142 hat-trick. Czwartego gola do\u0142o\u017cy\u0142 Helmut Sch\u00f6n- przysz\u0142y s\u0142ynny trener Reprezentacji Niemiec. Jedyn\u0105 bramk\u0119 dla Polski zdoby\u0142 Teodor Peterek w 49 minucie co by\u0142o wyr\u00f3wnaniem wyniku po golu Gauchela w 35 minucie. P\u00f3\u017aniej ju\u017c pada\u0142y gole tylko do siatki Madejskiego. W 10 minut od 52 do 62,wspomniani ju\u017c zawodnicy niemieccy ustalili wynik na 4:1.\u00a0<\/p>\n<p>Bia\u0142o-Czerwoni rozegrali dobre spotkanie, kontroluj\u0105c cz\u0119sto gr\u0119 i stwarzaj\u0105c sytuacje. Sami po spotkaniu nie mogli uwierzy\u0107 i zastanawiali si\u0119 jak dosz\u0142o do pora\u017cki. Reprezentacja Niemiec odnios\u0142a pierwsze zwyci\u0119stwo po 4 grach bez wygranej.\u00a0<\/p>\n<p>Teodor Peterek rozegra\u0142 9 spotkanie dla Reprezentacji Polski i jednocze\u015bnie ostatnie. Strzeli\u0142 \u0142\u0105cznie 6 bramek.\u00a0<\/p>\n<p><span title=\" \">Ernest Wilimowski<\/span>\u00a0 rozegra\u0142 15 mecz dla Polski. Zagra ich jeszcze 7. A podczas II wojny \u015bwiatowej b\u0119dzie gra\u0142 w reprezentacji niemieckiej.<\/p>\n<h2><span class=\"ez-toc-section\" id=\"i\"><\/span>\u00a0<span class=\"ez-toc-section-end\"><\/span><\/h2>\n<h2 id=\"mecz-19-04-1975\"><span class=\"ez-toc-section\" id=\"4_Mecz_Polska_%E2%80%93_Niemcy_1_1_13_wrzesnia_1936_r\"><\/span><a id=\"mecz-1936-09-13\"><\/a>4. Mecz Polska &#8211; Niemcy 1:1 (13\u00a0 wrze\u015bnia 1936 r.)<span class=\"ez-toc-section-end\"><\/span><\/h2>\n<ul>\n<li><strong>Data meczu:<\/strong> 13.09.1936<\/li>\n<li><strong>Ranga meczu:<\/strong> Towarzyski\u00a0<\/li>\n<li><strong>S\u0119dzia:<\/strong> Rudolf Ekl\u00f6w &#8211; Szwecja\u00a0<\/li>\n<li><strong>Stadion:<\/strong> Stadion Wojska Polskiego, Warszawa<\/li>\n<li><strong>Trenerzy: <\/strong>J\u00f3zef Ka\u0142u\u017ca- Kapitan zwi\u0105zkowy, Trener: Kurt Otto, Komitet Selekcyjny<\/li>\n<\/ul>\n<p><strong>\u26bd Strzelone bramki:<\/strong><\/p>\n<ul>\n<li>Karl Hohmann [de] 20&#8242;<\/li>\n<li>Gerard Wodarz\u00a0 [pl] 75&#8242;<\/li>\n<\/ul>\n<p>&nbsp;<\/p>\n<p><strong>? Sk\u0142ady:<\/strong><\/p>\n<table style=\"border-collapse: collapse; width: 100%; height: 311px;\">\n<thead>\n<tr style=\"height: 21px;\">\n<th style=\"width: 50%; height: 21px;\">[pl] Polska:<\/th>\n<th style=\"width: 50%; height: 21px;\">[de] Niemcy:<\/th>\n<\/tr>\n<\/thead>\n<tbody>\n<tr style=\"height: 386px;\">\n<td style=\"width: 50%; height: 290px;\">\n<ul>\n<li><strong>Spirydion Alba\u0144ski<\/strong> -LKS Pogo\u0144 Lw\u00f3w<\/li>\n<li><strong>W\u0142adys\u0142aw Szczepaniak<\/strong> -Polonia Warszawa<\/li>\n<li><strong>Henryk Martyna<\/strong> kapitan -Legia Warszawa<\/li>\n<li><strong>J\u00f3zef Kotlarczyk<\/strong> -Wis\u0142a Krak\u00f3w<\/li>\n<li><strong>Jan Wasiewicz<\/strong> -LKS Pogo\u0144 Lw\u00f3w<\/li>\n<li><strong>Ewald Dytko<\/strong> -GKS D\u0105b Katowice<\/li>\n<li><strong>Ryszard Piec<\/strong> -Naprz\u00f3d Lipiny<\/li>\n<li><strong>Micha\u0142 Matyas<\/strong> -LKS Pogo\u0144 Lw\u00f3w<\/li>\n<li><strong>Fryderyk Scherfke<\/strong> -Warta Pozna\u0144<\/li>\n<li><strong>Hubert Gad<\/strong> -\u015al\u0105sk \u015awi\u0119toch\u0142owice<\/li>\n<li><strong>Gerard Wodarz<\/strong> -Ruch Hajduki Wielkie<\/li>\n<\/ul>\n<\/td>\n<td style=\"width: 50%; height: 290px;\">\n<ul>\n<li><strong>Fritz Buchloh<\/strong> -VfB Mulheim-Speldorf<\/li>\n<li><strong>Paul Janes<\/strong> -Fortuna D\u00fcsseldorf<\/li>\n<li><strong>Reinhold M\u00fcnzenberg<\/strong> kapitan -Alemannia Aachen<\/li>\n<li><strong>Paul Mehl<\/strong> -Fortuna D\u00fcsseldorf<\/li>\n<li><strong>Josef Rodzinski<\/strong> -SV Hamborn 07<\/li>\n<li><strong>Albin Kitzinger<\/strong> -1. FC Schweinfurt 05<\/li>\n<li><strong>Franz Elbern<\/strong> -SV Beuel 06<\/li>\n<li><strong>Jupp Gauchel<\/strong> -TuS Neuendorf<\/li>\n<li><strong>Karl Hohmann<\/strong> -VfL Benrath D\u00fcsseldorf<\/li>\n<li><strong>Georg Euler<\/strong> -SpVgg S\u00fclz 07<\/li>\n<li><strong>Walter G\u00fcnther<\/strong> -TSV Duisburg 99<\/li>\n<\/ul>\n<\/td>\n<\/tr>\n<\/tbody>\n<\/table>\n<p><div id=\"attachment_10492\" style=\"width: 610px\" class=\"wp-caption aligncenter\"><img loading=\"lazy\" decoding=\"async\" aria-describedby=\"caption-attachment-10492\" class=\"wp-image-10492 size-medium\" src=\"https:\/\/kronika-futbolu.pl\/historia\/wp-content\/uploads\/2021\/02\/4A_polska_niemcy_1936_NAC-600x395.png\" alt=\"Polska - Niemcy 1936\" width=\"600\" height=\"395\" \/><p id=\"caption-attachment-10492\" class=\"wp-caption-text\">Polska &#8211; Niemcy 1936. Dru\u017cyna Polski. Stoj\u0105 od lewej: Henryk Martyna, bramkarz Spirydion Alba\u0144ski, Fryderyk Scherfke (lub Szerfke), Ryszard Piec, Micha\u0142 Matyas, Jan Wasiewicz, J\u00f3zef Kotlarczyk, W\u0142adys\u0142aw Szczepaniak, Gerard Wodarz, Hubert Gad, Ewald Dytko, NN. \u0179r\u00f3d\u0142o: NAC<\/p><\/div> <div id=\"attachment_10493\" style=\"width: 580px\" class=\"wp-caption alignleft\"><img loading=\"lazy\" decoding=\"async\" aria-describedby=\"caption-attachment-10493\" class=\"wp-image-10493 size-medium\" src=\"https:\/\/kronika-futbolu.pl\/historia\/wp-content\/uploads\/2021\/02\/4B_polska_niemcy_1936_NAC-570x400.png\" alt=\"Polska - Niemcy 1936\" width=\"570\" height=\"400\" \/><p id=\"caption-attachment-10493\" class=\"wp-caption-text\">Polska &#8211; Niemcy 1936. Fragment meczu, polski zawodnik w starciu z niemieckim bramkarzem Fritzem Buchlohem (w \u015brodku). \u0179r\u00f3d\u0142o: NAC<\/p><\/div><\/p>\n<p>R\u00f3wno miesi\u0105c po zaj\u0119ciu 4 miejsca na Igrzyskach Olimpijskich Polska zagra\u0142a w Warszawie z Niemcami. Spotkanie rozbudzi\u0142o emocje jeszcze d\u0142ugo przed pierwszym gwizdkiem. Na Stadionie Legii zmierzy\u0142y si\u0119 dwie mocne w\u00f3wczas dru\u017cyny, a Polacy natchnieni bardzo dobrym wyst\u0119pem na Igrzyskach pragn\u0119li pokaza\u0107 klas\u0119 z presti\u017cowym rywalem. Niemcy na Igrzyskach kt\u00f3rych byli organizatorem odpadli w \u0107wier\u0107finale z Norwegi\u0105, kt\u00f3ra nast\u0119pnie wygra\u0142a z Bia\u0142o-Czerwonymi spotkanie o br\u0105z.\u00a0\u00a0<\/p>\n<p>Po raz pierwszy na \u0142awce trenerskiej rywali\u00a0 zasiad\u0142 Sepp Herberger, kt\u00f3ry zast\u0105pi\u0142 Otto Nerza. Herberger b\u0119dzie pracowa\u0142 na tym stanowisku, a\u017c do 1964 roku !<\/p>\n<p>Na trybunach pojawi\u0142o si\u0119 ponad 40 tysiecy widz\u00f3w, znacznie ponad stan.<\/p>\n<p>W 4 pojedynku obu reprezentacji s\u0119dzi\u0105 by\u0142 Szwed. Tym razem po raz pierwszy\u00a0 Rudolf Ekl\u00f6w (wcze\u015bniej 3 razy Olsson).<\/p>\n<p>Pierwsza cz\u0119\u015b\u0107 spotkania nale\u017ca\u0142a do Go\u015bci, kt\u00f3rzy otworzyli wynik w 20 minucie po bramce Karla Hohmanna. Druga ods\u0142ona by\u0142a dla polskich pi\u0142karzy o wiele lepsza, a wr\u0119cz\u00a0 znakomita jak niekt\u00f3rzy pisali po meczu.\u00a0 Dobra gra przynios\u0142a wyr\u00f3wnanie w 75 minucie przez Gerarda Wodarza po asy\u015bcie Micha\u0142a Matyasa.\u00a0 Wynik ju\u017c nie uleg\u0142 zmianie. Polska by\u0142a zdecydowanie bli\u017cej wygranej i Go\u015bcie mogli si\u0119 cieszy\u0107 z remisu a Polacy tak\u017ce bowiem po 3 pora\u017ckach z Niemcami przyszed\u0142 remis w \u015bwietnym stylu.\u00a0<\/p>\n<p>Zadebiutowa\u0142o dw\u00f3ch zawodnik\u00f3w. <span title=\" \">Josef Rodzinski<\/span>\u00a0 i Georg Euler dla kt\u00f3rego by\u0142 to jednocze\u015bnie ostatni mecz w kadrze. Tak\u017ce Fritz Buchloh (\u0142\u0105cznie 17 mecz\u00f3w) i Paul Mehl (\u0142\u0105cznie 2 mecze) zagrali po raz ostatni w kadrze.\u00a0<\/p>\n<h2 id=\"mecz-23-06-1974\"><span class=\"ez-toc-section\" id=\"3_Mecz_Niemcy-_Polska_1_0_15_wrzesnia_1935_r\"><\/span><a id=\"mecz-1935-09-15\"><\/a>3. Mecz Niemcy- Polska 1:0 (15 wrze\u015bnia 1935 r.)<span class=\"ez-toc-section-end\"><\/span><\/h2>\n<ul>\n<li><strong>Data meczu:<\/strong> 15.09.1935<\/li>\n<li><strong>Ranga meczu:<\/strong> Towarzyski<\/li>\n<li><strong>S\u0119dzia:<\/strong> Otto Olsson &#8211; Szwecja<\/li>\n<li><strong>Stadion:<\/strong> Schlesierkampfbahn im Sportpark, Breslau (Wroc\u0142aw)<\/li>\n<li><strong>Trenerzy:<\/strong> J\u00f3zef Ka\u0142u\u017ca- Kapitan zwi\u0105zkowy, Trener: Kurt Otto, Komitet Selekcyjny<\/li>\n<\/ul>\n<p><strong>\u26bd Strzelony gol:<\/strong><\/p>\n<ul>\n<li>Edmund Conen [de] 34&#8242;\n<\/li>\n<\/ul>\n<p><strong>? Sk\u0142ady:<\/strong><\/p>\n<table style=\"border-collapse: collapse; width: 100%;\">\n<thead>\n<tr>\n<th style=\"width: 50%;\">[de] Niemcy:<\/th>\n<th style=\"width: 50%;\">[pl] Polska:<\/th>\n<\/tr>\n<\/thead>\n<tbody>\n<tr>\n<td style=\"width: 50%;\">\n<ul>\n<li><strong>Hans Jakob<\/strong> -Jahn Regensburg<\/li>\n<li><strong>Sigmund Haringer<\/strong> -Wacker Monachium<\/li>\n<li><strong>Hermann Gramlich<\/strong> -FC Villingen<\/li>\n<li><strong>Rudi Gramlich<\/strong> kapitan -Eintracht Frankfurt nad Menem<\/li>\n<li><strong>Ludwig Goldbrunner<\/strong> -Bayern Monachium<\/li>\n<li><strong>Paul Zielinski<\/strong> -Union 02 Duisburg<\/li>\n<li><strong>Ernst Lehner<\/strong> -Schwaben Augsburg<\/li>\n<li><strong>August Lenz<\/strong> -Borussia Dortmund<\/li>\n<li><strong>Edmund Conen<\/strong> -Saarbr\u00fccken FV<\/li>\n<li><strong>Otto Siffling<\/strong> -Waldhof Mannheim<\/li>\n<li><strong>Josef Fath<\/strong> -VfR Wormatia 08<\/li>\n<\/ul>\n<\/td>\n<td style=\"width: 50%;\">\n<ul>\n<li><strong>Spirydion Alba\u0144ski<\/strong> -LKS Pogo\u0144 Lw\u00f3w<\/li>\n<li><strong>Henryk Martyna<\/strong> kapitan -Legia Warszawa<\/li>\n<li><strong>Stefan Doniec<\/strong> -KS Cracovia<\/li>\n<li><strong>J\u00f3zef Kotlarczyk<\/strong> -Wis\u0142a Krak\u00f3w<\/li>\n<li><strong>Jan Wasiewicz<\/strong> -LKS Pogo\u0144 Lw\u00f3w<\/li>\n<li><strong>Ewald Dytko<\/strong> -GKS D\u0105b Katowice<\/li>\n<li><strong>Ryszard Piec<\/strong> -Naprz\u00f3d Lipiny<\/li>\n<li><strong>Edmund Giemsa<\/strong> -KS Ruch Hajduki Wielkie<\/li>\n<li><strong>Fryderyk Scherfke<\/strong> -Warta Pozna\u0144<\/li>\n<li><strong>Artur Wo\u017aniak<\/strong> -Wis\u0142a Krak\u00f3w<\/li>\n<li><strong>Walerian Kisieli\u0144ski<\/strong> -KS Cracovia<\/li>\n<\/ul>\n<\/td>\n<\/tr>\n<\/tbody>\n<\/table>\n<p><div id=\"attachment_10486\" style=\"width: 545px\" class=\"wp-caption aligncenter\"><img loading=\"lazy\" decoding=\"async\" aria-describedby=\"caption-attachment-10486\" class=\"wp-image-10486 size-medium\" src=\"https:\/\/kronika-futbolu.pl\/historia\/wp-content\/uploads\/2021\/02\/3B_niemcy_polska_1935_NAC-535x400.png\" alt=\"Polska - Niemcy 1935\" width=\"535\" height=\"400\" srcset=\"https:\/\/kronika-futbolu.pl\/historia\/wp-content\/uploads\/2021\/02\/3B_niemcy_polska_1935_NAC-535x400.png 535w, https:\/\/kronika-futbolu.pl\/historia\/wp-content\/uploads\/2021\/02\/3B_niemcy_polska_1935_NAC-768x574.png 768w, https:\/\/kronika-futbolu.pl\/historia\/wp-content\/uploads\/2021\/02\/3B_niemcy_polska_1935_NAC.png 1175w\" sizes=\"auto, (max-width: 535px) 100vw, 535px\" \/><p id=\"caption-attachment-10486\" class=\"wp-caption-text\">Polska &#8211; Niemcy 1935. Dru\u017cyna Polski wybiegaj\u0105ca na boisko. Widoczny m.in. Henryk Martyna (jako pierwszy). \u0179r\u00f3d\u0142o: NAC<\/p><\/div> <div id=\"attachment_10485\" style=\"width: 555px\" class=\"wp-caption alignleft\"><img loading=\"lazy\" decoding=\"async\" aria-describedby=\"caption-attachment-10485\" class=\"wp-image-10485 size-medium\" src=\"https:\/\/kronika-futbolu.pl\/historia\/wp-content\/uploads\/2021\/02\/3A_niemcy_polska_1935_NAC-545x400.png\" alt=\"Polska - Niemcy 1935\" width=\"545\" height=\"400\" srcset=\"https:\/\/kronika-futbolu.pl\/historia\/wp-content\/uploads\/2021\/02\/3A_niemcy_polska_1935_NAC-545x400.png 545w, https:\/\/kronika-futbolu.pl\/historia\/wp-content\/uploads\/2021\/02\/3A_niemcy_polska_1935_NAC-768x563.png 768w, https:\/\/kronika-futbolu.pl\/historia\/wp-content\/uploads\/2021\/02\/3A_niemcy_polska_1935_NAC.png 1209w\" sizes=\"auto, (max-width: 545px) 100vw, 545px\" \/><p id=\"caption-attachment-10485\" class=\"wp-caption-text\">Polska &#8211; Niemcy 1935. Fragment meczu pod bramk\u0105 niemieck\u0105. \u0179r\u00f3d\u0142o: NAC<\/p><\/div><\/p>\n<p>15 wrze\u015bnia 1935 roku w 3 miastach: \u0141odzi, Szczecinie i Wroc\u0142awiu (dwa ostatnie le\u017ca\u0142y w\u00f3wczas w granicach Rzeszy) zosta\u0142y rozegrane 3 mecze. Wszytskie rozpocz\u0119\u0142y si\u0119 dok\u0142adnie o tej samej godzinie czyli o 16.00 :<\/p>\n<p>\nPolska &#8211; \u0141otwa 3:3 &#8211; \u0141\u00f3d\u017a<br \/>\nNiemcy- Polska 1:0 &#8211; Breslau (Wroc\u0142aw)<br \/>\nNiemcy &#8211; Estonia 5:0 &#8211; Stettin (Szczecin)<\/p>\n<p>Jak mo\u017cna \u0142atwo zauwa\u017cy\u0107 Reprezentacje Polski i Niemiec rozegra\u0142y dwa spotkania o tej samej porze. W tamtych czasach takie sytuacje mia\u0142y miejsce. Grano dwoma zespo\u0142ami i wszystkie gry uznawano za oficjalne. W Breslau, czyli we Wroc\u0142awiu zagra\u0142 mocniejszy sk\u0142ad Polak\u00f3w ni\u017c w \u0141odzi gdzie by\u0142o a\u017c 6 debiutant\u00f3w.\u00a0<\/p>\n<p>Trzeci pojedynek Polski i Niemiec, trzeci rok z rz\u0119du i po raz trzeci ten sam s\u0119dzia- Szwed Otto Olsson. Tak\u017ce trzecia pora\u017cka Polak\u00f3w w pojedynku z Rzesz\u0105, oraz 3 pora\u017cka z rz\u0119du w og\u00f3le (jednocze\u015bnie remis z \u0141otw\u0105).\u00a0 Po raz pierwszy Bia\u0142o-Czerwoni zagrali w Breslau, po II wojnie \u015bwiatowej ale ju\u017c we Wroc\u0142awiu b\u0119d\u0105 tam rywalizowa\u0107 niejednokrotnie.\u00a0<\/p>\n<p>Polacy zagrali bardzo defensywnie. Od pocz\u0105tku nastawili si\u0119 na bronienie wyniku 0:0 i ewentualne pr\u00f3bowanie szans na zdobycia gola. Po spotkaniu nie brakowa\u0142o g\u0142os\u00f3w, \u017ce pora\u017cka 0:1 z z tak solidn\u0105 dru\u017cyn\u0105 nale\u017cy uzna\u0107 za dobry wynik.\u00a0<\/p>\n<p>&nbsp;<\/p>\n<h2 id=\"mecz-01-11-1965\"><span class=\"ez-toc-section\" id=\"2_Mecz_Polska-_Niemcy_2_5_9_wrzesnia_1934_r\"><\/span><a id=\"mecz-1934-09-09\"><\/a>2. Mecz Polska- Niemcy 2:5 (9 wrze\u015bnia 1934 r.)<span class=\"ez-toc-section-end\"><\/span><\/h2>\n<ul>\n<li><strong>Data meczu:<\/strong> 09.09.1934<\/li>\n<li><strong>Ranga meczu:<\/strong> Towarzyski<\/li>\n<li><strong>S\u0119dzia:<\/strong> Otto Olsson &#8211; Szwecja<\/li>\n<li><strong>Stadion:<\/strong> Stadion Wojska Polskiego,\u00a0 Warszawa<\/li>\n<li><strong>Trenerzy:<\/strong> J\u00f3zef Ka\u0142u\u017ca i Komitet Selekcyjny<\/li>\n<\/ul>\n<p><strong>\u26bd Strzelone bramki:<\/strong><\/p>\n<ul>\n<li>Ernst Lehner [de] 15&#8242;<\/li>\n<li>Ernest Wilimowski [pl] 28&#8242;<\/li>\n<li>Karol Pazurek [pl] 55&#8242;<\/li>\n<li>Karl Hohmann [de] 77&#8242;<\/li>\n<li>Otto Siffling [de] 78&#8242;<\/li>\n<li>Ernst Lehner (pen.) [de] 80&#8242;- karny<br \/>\nFritz Szepan [de] 83&#8242;<\/li>\n<li>\u00a0<\/li>\n<\/ul>\n<p><strong>? Sk\u0142ady:<\/strong><\/p>\n<table style=\"border-collapse: collapse; width: 100%; height: 312px;\">\n<thead>\n<tr style=\"height: 21px;\">\n<th style=\"width: 50%; height: 21px;\">[pl] Polska:<\/th>\n<th style=\"width: 50%; height: 21px;\">[de] Niemcy:<\/th>\n<\/tr>\n<\/thead>\n<tbody>\n<tr style=\"height: 291px;\">\n<td style=\"width: 50%; height: 291px;\">\n<ul>\n<li><strong>Marian Fontowicz<\/strong> -Warta Pozna\u0144<\/li>\n<li><strong>Henryk Martyna<\/strong> -Legia Warszawa<\/li>\n<li><strong>Jerzy Bu\u0142anow<\/strong> kapitan -Polonia Warszawa<\/li>\n<li><strong>J\u00f3zef Kotlarczyk<\/strong> -Wis\u0142a Krak\u00f3w<\/li>\n<li><strong>Jan Kotlarczyk<\/strong> -Wis\u0142a Krak\u00f3w<\/li>\n<li><strong>Aleksander Mysiak<\/strong> -Cracovia Krak\u00f3w<\/li>\n<li><strong>Otto Riesner<\/strong> -Garbarnia Krak\u00f3w<\/li>\n<li><strong>Karol Pazurek<\/strong> -Garbarnia Krak\u00f3w<\/li>\n<li><strong>J\u00f3zef Nawrot<\/strong> do 39&#8242; -Legia Warszawa<\/li>\n<li>od 39&#8242; <strong>J\u00f3zef Ciszewski<\/strong> -KS Cracovia Krak\u00f3w<\/li>\n<li><strong>Ernest Wilimowski<\/strong> -Ruch Hajduki Wielkie<\/li>\n<li><strong>Gerard Wodarz<\/strong> -Ruch Hajduki Wielkie<\/li>\n<\/ul>\n<\/td>\n<td style=\"width: 50%; height: 291px;\">\n<ul>\n<li><strong>Fritz Buchloh<\/strong> -VfB Mulheim-Speldorf<\/li>\n<li><strong>Paul Janes<\/strong> -TSV Fortuna<\/li>\n<li><strong>Wilhelm Busch<\/strong> -TSV Duisburg 99<\/li>\n<li><strong>Paul Zielinski<\/strong> -SV Union 02<\/li>\n<li><strong>Reinhold M\u00fcnzenberg<\/strong> -TSV Alemannia Aachen<\/li>\n<li><strong>Jakob Bender<\/strong> -Fortuna D\u00fcsseldorf<\/li>\n<li><strong>Ernst Lehner<\/strong> -Schwaben Augsburg<\/li>\n<li><strong>Otto Siffling<\/strong> -Waldhof Mannheim<\/li>\n<li><strong>Karl Hohmann<\/strong> -Benrath D\u00fcsseldorf<\/li>\n<li><strong>Fritz Szepan<\/strong> kapitan -Schalke 04 Gelsenkirchen<\/li>\n<li><strong>Josef Fath<\/strong> -VfR Wormatia 08<\/li>\n<\/ul>\n<\/td>\n<\/tr>\n<\/tbody>\n<\/table>\n<div id=\"attachment_10484\" style=\"width: 298px\" class=\"wp-caption alignleft\"><img loading=\"lazy\" decoding=\"async\" aria-describedby=\"caption-attachment-10484\" class=\"wp-image-10484 size-medium\" src=\"https:\/\/kronika-futbolu.pl\/historia\/wp-content\/uploads\/2021\/02\/2B_niemcy_polska_1934_NAC-288x400.png\" alt=\"Polska - Niemcy 1934\" width=\"288\" height=\"400\" srcset=\"https:\/\/kronika-futbolu.pl\/historia\/wp-content\/uploads\/2021\/02\/2B_niemcy_polska_1934_NAC-288x400.png 288w, https:\/\/kronika-futbolu.pl\/historia\/wp-content\/uploads\/2021\/02\/2B_niemcy_polska_1934_NAC.png 644w\" sizes=\"auto, (max-width: 288px) 100vw, 288px\" \/><p id=\"caption-attachment-10484\" class=\"wp-caption-text\">Polska &#8211; Niemcy 1934. Kapitanowie dru\u017cyn podczas powitania po wr\u0119czeniu powitalnych bukiet\u00f3w. Jerzy Bu\u0142anow (z prawej), Friedrich &#8222;Fritz&#8221; Szepan (z lewej), za nimi grupa fotoreporter\u00f3w.<\/p><\/div>\n<p>W 50 meczu Reprezentacji Polski w historii (wg aktualnie obowi\u0105zuj\u0105cej numeracji ) Polacy przegrali z Niemcami, kt\u00f3rzy rozegrali sw\u00f3j pierwszy mecz po Mistrzostwach \u015awiata gdzie zaj\u0119li 3 miejsce. Na stadion Legii przysz\u0142o ponad 30 tysi\u0119cy widz\u00f3w. Niestety przysz\u0142o im ogl\u0105da\u0107 6 z rz\u0119du pora\u017ck\u0119 Bia\u0142o-Czerwonych. Pomimo serii mecz\u00f3w bez chocia\u017c remisu zapowiadano ambitn\u0105 walk\u0119 i gr\u0119 o zwyci\u0119stwo.\u00a0<\/p>\n<p>Walka by\u0142a, lecz nie wystarczy\u0142o jej na ca\u0142e spotkanie. Wynik w 15 minucie otworzy\u0142 ten kt\u00f3ry asystowa\u0142 przy\u00a0 zwyci\u0119skim golu w I meczu obu reprezentacji kilka miesi\u0119cy wcze\u015bniej Ernst Lehner . Wyr\u00f3wna\u0142 18-letni w\u00f3wczas Ernest Wilimowski w 28 minucie. Od tego momentu zacz\u0105\u0142 si\u0119 bardzo dobry fragment meczu w wykonaniu polskich graczy, pe\u0142en szans do zdobycia bramki. Karol Pazurek da\u0142 prowadzenie Polsce w 55 minucie. Zapanowa\u0142a euforia w\u015br\u00f3d kibic\u00f3w. By\u0142o blisko kolejnych goli, ale min. J\u00f3zef Ciszewski kt\u00f3ry pojawi\u0142 si\u0119 na boisku w 39 minucie zmarnowa\u0142 3 \u015bwietne okazje. Niewykorzystane okazje si\u0119 mszcz\u0105. W kilka minut Go\u015bcie trafili 4-krotnie do siatki Fontowicza.\u00a0 Po raz drugi wygrana by\u0142a blisko z Niemcami, a sko\u0144czy\u0142o si\u0119 inaczej, tym razem znacznie gorzej bo strat\u0105, a\u017c 3 goli.\u00a0<\/p>\n<p>Jedynym debiutantem by\u0142 <span title=\" \">Josef Fath<\/span> . Po raz pierwszy w historii zosta\u0142 podyktowany rzut karny dla rywali Reprezentacji Polski na w\u0142asnym terenie. W niemieckim sk\u0142adzie mo\u017cna dostrzec dwa nazwiska polsko brzmi\u0105ce: Paul Zielinski, oraz Fritz Szepan (lub jak podaj\u0105 te\u017c Sczepan).\u00a0<\/p>\n<h2 id=\"mecz-18-04-1965\"><span class=\"ez-toc-section\" id=\"1_Mecz_Niemcy-_Polska_1_0_3_grudnia_1933_r\"><\/span><a id=\"mecz-1933-12-03\"><\/a>1. Mecz Niemcy- Polska 1:0 (3 grudnia 1933 r.)<span class=\"ez-toc-section-end\"><\/span><\/h2>\n<ul>\n<li><strong>Data meczu:<\/strong> 03.12.1933<\/li>\n<li><strong>Ranga meczu:<\/strong> Towarzyski<\/li>\n<li><strong>S\u0119dzia:<\/strong> Otto Olsson &#8211; Szwecja<\/li>\n<li><strong>Stadion:<\/strong> Poststadion, Berlin<\/li>\n<li><strong>Trenerzy:<\/strong> J\u00f3zef Ka\u0142u\u017ca i Komitet Selekcyjny<\/li>\n<\/ul>\n<p><strong>\u26bd Strzelony gol:<\/strong><\/p>\n<ul>\n<li>Josef Rasselnberg [de] 89&#8242;<\/li>\n<\/ul>\n<p><strong>? Sk\u0142ady:<\/strong><\/p>\n<table style=\"border-collapse: collapse; width: 100%; height: 383px;\">\n<thead>\n<tr style=\"height: 21px;\">\n<th style=\"width: 50%; height: 21px;\">[de] Niemcy:<\/th>\n<th style=\"width: 50%; height: 21px;\">[pl] Polska:<\/th>\n<\/tr>\n<\/thead>\n<tbody>\n<tr style=\"height: 362px;\">\n<td style=\"width: 50%; height: 362px;\">\n<ul>\n<li><strong>Hans Jakob<\/strong> -Sportbund Jahn<\/li>\n<li><strong>Sigmund Haringer<\/strong> -Bayern Monachium<\/li>\n<li><strong>Emil Krause<\/strong> -Hertha Berlin<\/li>\n<li><strong>Paul Janes<\/strong> -Fortuna D\u00fcsseldorf<\/li>\n<li><strong>Jakob Bender<\/strong> -Fortuna D\u00fcsseldorf<\/li>\n<li><strong>Hans Appel<\/strong> -Berliner SV 92<\/li>\n<li><strong>Ernst Lehner<\/strong> -Schwaben Augsburg<\/li>\n<li><strong>Ludwig Lachner<\/strong> -Monachium 1860<\/li>\n<li><strong>Karl Hohmann<\/strong> -Benrath D\u00fcsseldorf<\/li>\n<li><strong>Josef Rasselnberg<\/strong> -Benrath D\u00fcsseldorf<\/li>\n<li><strong>Stanislaus Kobierski<\/strong> kapitan -Fortuna D\u00fcsseldorf<\/li>\n<\/ul>\n<\/td>\n<td style=\"width: 50%; height: 362px;\">\n<ul>\n<li><strong>Spirydion Alba\u0144ski<\/strong> -LKS Pogo\u0144 Lw\u00f3w<\/li>\n<li><strong>Henryk Martyna<\/strong> -Legia Warszawa<\/li>\n<li><strong>Jerzy Bu\u0142anow<\/strong> kapitan -Polonia Warszawa<\/li>\n<li><strong>Jan Kotlarczy<\/strong>k -Wis\u0142a Krak\u00f3w<\/li>\n<li><strong>J\u00f3zef Kotlarczyk<\/strong> -Wis\u0142a Krak\u00f3w<\/li>\n<li><strong>Aleksander Mysiak<\/strong> -KS Cracovia<\/li>\n<li><strong>Ewald Urban<\/strong> -Ruch Hajduki Wielkie<\/li>\n<li><strong>Micha\u0142 Matyas<\/strong> -LKS Pogo\u0144 Lw\u00f3w<\/li>\n<li><strong>J\u00f3zef Nawrot<\/strong> -Legia Warszawa<\/li>\n<li><strong>Karol Pazurek<\/strong> -Garbarnia Krak\u00f3w<\/li>\n<li><strong>Gerard Wodarz<\/strong> -Ruch Hajduki Wielkie<\/li>\n<\/ul>\n<\/td>\n<\/tr>\n<\/tbody>\n<\/table>\n<p>Do pierwszego meczu w historii pomi\u0119dzy Polsk\u0105 a Niemcami dosz\u0142o 3 grudnia 1933 roku w Berlinie. Do tego wydarzenia nale\u017cy koniecznie doda\u0107 kilka istotnych uwag. Na pewno spotkanie mia\u0142o pod\u0142o\u017ce polityczne i organizacji decydowa\u0142y najwa\u017cniejsze osoby w obu krajach.\u00a0 Jeszcze do 1931 roku polskie kluby nie mog\u0142y gra\u0107 z niemieckimi, ci\u0105gle trwa\u0142y jeszcze mniejsze lub wi\u0119ksze sprawy mniejszo\u015bciowe. Po raz pierwszy z meczu Reprezentacji Polski zosta\u0142a przeprowadzona transmisja radiowa.\u00a0 Sprawozdawc\u0105 by\u0142 dr Stanis\u0142aw Mielech z <em>Stadjonu<\/em>. Na trybunach Post-Stadionu zjawi\u0142o si\u0119 oko\u0142o 40 tysi\u0119cy widz\u00f3w.\u00a0 W lo\u017cy honorowej zasiedli min. minister propagandy, o\u015bwiecenia publicznego i informacji Niemiec Joseph Goebbels, minister sportu Hans von Tschammer und Osten, pose\u0142 nadzwyczajny i minister pe\u0142nomocny Polski w Niemczech J\u00f3zef Lipski.<\/p>\n<p>Polska\u00a0 kilka tygodni wcze\u015bnie przegra\u0142a 1:2 mecz z Czechos\u0142owacj\u0105 w ramach eliminacji do Mistrzostw \u015awiata. Do rewan\u017cu w kwietniu nast\u0119pnego roku nie dojdzie z powod\u00f3w politycznych. Czechos\u0142owacja zostanie w 1934 roku Wicemistrzem \u015awiata, a Niemcy zajm\u0105 3 miejsce.\u00a0<\/p>\n<p>Grudniowy termin by\u0142 niekorzystny dla Bia\u0142o-Czerwonych ale wi\u0119kszego wp\u0142ywu niemieli na dat\u0119 rozegrania zawod\u00f3w.<\/p>\n<p>Polska zagra\u0142a bardzo dobre spotkanie z jedn\u0105 z najmocniejszych ekip w\u00f3wczas na \u015bwiecie. W I po\u0142owie obie ekipy nie pokaza\u0142y niczego nadzwyczajnego, mecz toczy\u0142 si\u0119 spokojnie. Po przerwie dopiero rozpocz\u0119\u0142a si\u0119 bardziej dynamiczna gra. Poza akcjami podbramkowymi po jednej i drugiej stronie nie brakowa\u0142o zaci\u0119to\u015bci, i ostro\u015bci w zagraniach. Pi\u0142karze polscy i niemieccy wykazali si\u0119 te\u017c ambitn\u0105 gr\u0105 i fair play. Gdy by\u0142o blisko ju\u017c ostatniego gwizdka pojawia\u0142y si\u0119 my\u015bli o \u015bwietnym wyniku w Berlinie. Niestety w ostatnich chwilach meczu, szybka akcja Gospodarzy, Lehner poda\u0142 do Rasselnberga a ten min\u0105\u0142 dw\u00f3ch braci, Henryk Martyna doskoczy\u0142 do rywala ale pechowo si\u0119 po\u015blizgn\u0105\u0142 i zawodnik niemiecki znalaz\u0142 si\u0119 sam na sam z Alba\u0144skim. 1:0, sza\u0142 rado\u015bci na trybunach, za chwil\u0119 koniec spotkania i kibice wbiegaj\u0105 na boisko ciesz\u0105c si\u0119 z wygranej.\u00a0<\/p>\n<p>Zadebiutowali: Emil Krause &#8211; jednocze\u015bnie ostatni wyst\u0119p reprezentacyjny, oraz Hans Appel.<\/p>\n<p>Stanislaus Kobierski to syn Polak\u00f3w z Wielkopolski, kt\u00f3rzy wyjechali do Niemiec jeszcze przed I wojn\u0105 \u015bwiatow\u0105.\u00a0 21 czerwca 2014 na stronie sport.pl ukaza\u0142 si\u0119 artyku\u0142 w kt\u00f3rym przeczyta\u0107 mo\u017cna min.\u00a0 kuzynie Stanislausa &#8211; Andrzeju Kobierskim kt\u00f3ry mieszka\u0142 w\u00f3wczas w \u015arodzie Wielkopolskiej.<\/p>\n<h2 id=\"galeria\"><span class=\"ez-toc-section\" id=\"_Przezyjmy_to_jeszcze_raz_%E2%80%93_galeria_zdjec_z_meczy_Polska_%E2%80%93_Niemcy\"><\/span>? Prze\u017cyjmy to jeszcze raz &#8211; galeria zdj\u0119\u0107 z meczy Polska &#8211; Niemcy<span class=\"ez-toc-section-end\"><\/span><\/h2>\n<ul class=\"r1-gallery\"><li>\r\n\t\t\t\t<a href=\"https:\/\/kronika-futbolu.pl\/historia\/wp-content\/uploads\/2021\/02\/20B_niemcy_polska_2015_kadr_laczy_nas_pilka_gol_lewandowskeigo.png\" title=\"Niemcy - Polska 1-3 2015 . Moment bramki Lewandowskiego. Kadr z transmisji \u0141\u0105czy Nas Pi\u0142ka\">\r\n\t\t\t\t\t<img loading=\"lazy\" decoding=\"async\" width=\"600\" height=\"331\" src=\"https:\/\/kronika-futbolu.pl\/historia\/wp-content\/uploads\/2021\/02\/20B_niemcy_polska_2015_kadr_laczy_nas_pilka_gol_lewandowskeigo-600x331.png\" class=\"attachment-medium size-medium\" alt=\"Niemcy - Polska 1-3 2015\" srcset=\"https:\/\/kronika-futbolu.pl\/historia\/wp-content\/uploads\/2021\/02\/20B_niemcy_polska_2015_kadr_laczy_nas_pilka_gol_lewandowskeigo-600x331.png 600w, https:\/\/kronika-futbolu.pl\/historia\/wp-content\/uploads\/2021\/02\/20B_niemcy_polska_2015_kadr_laczy_nas_pilka_gol_lewandowskeigo-768x424.png 768w, https:\/\/kronika-futbolu.pl\/historia\/wp-content\/uploads\/2021\/02\/20B_niemcy_polska_2015_kadr_laczy_nas_pilka_gol_lewandowskeigo.png 1182w\" sizes=\"auto, (max-width: 600px) 100vw, 600px\" \/>\r\n\t\t\t\t\t<small>Niemcy - Polska 1-3 2015 . Moment bramki Lewandowskiego. Kadr z transmisji \u0141\u0105czy Nas Pi\u0142ka<\/small>\r\n\t\t\t\t<\/a>\r\n\t\t\t<\/li><li>\r\n\t\t\t\t<a href=\"https:\/\/kronika-futbolu.pl\/historia\/wp-content\/uploads\/2021\/02\/20A_niemcy_polska_2015_kadr_laczy_nas_pilka.png\" title=\"Niemcy - Polska 1-3 2015 . kadr z transmisji \u0141\u0105czy Nas Pi\u0142ka\">\r\n\t\t\t\t\t<img loading=\"lazy\" decoding=\"async\" width=\"600\" height=\"335\" src=\"https:\/\/kronika-futbolu.pl\/historia\/wp-content\/uploads\/2021\/02\/20A_niemcy_polska_2015_kadr_laczy_nas_pilka-600x335.png\" class=\"attachment-medium size-medium\" alt=\"Niemcy - Polska 1-3 2015\" srcset=\"https:\/\/kronika-futbolu.pl\/historia\/wp-content\/uploads\/2021\/02\/20A_niemcy_polska_2015_kadr_laczy_nas_pilka-600x335.png 600w, https:\/\/kronika-futbolu.pl\/historia\/wp-content\/uploads\/2021\/02\/20A_niemcy_polska_2015_kadr_laczy_nas_pilka-768x428.png 768w, https:\/\/kronika-futbolu.pl\/historia\/wp-content\/uploads\/2021\/02\/20A_niemcy_polska_2015_kadr_laczy_nas_pilka.png 1165w\" sizes=\"auto, (max-width: 600px) 100vw, 600px\" \/>\r\n\t\t\t\t\t<small>Niemcy - Polska 1-3 2015 . kadr z transmisji \u0141\u0105czy Nas Pi\u0142ka<\/small>\r\n\t\t\t\t<\/a>\r\n\t\t\t<\/li><li>\r\n\t\t\t\t<a href=\"https:\/\/kronika-futbolu.pl\/historia\/wp-content\/uploads\/2021\/02\/19B_polska_niemcy_2014_pazdziernika_kadr_laczy_nas_pilka.png\" title=\"Polska - Niemcy 2-0 2014 . kadr z transmisji \u0141\u0105czy Nas Pi\u0142ka\">\r\n\t\t\t\t\t<img loading=\"lazy\" decoding=\"async\" width=\"600\" height=\"334\" src=\"https:\/\/kronika-futbolu.pl\/historia\/wp-content\/uploads\/2021\/02\/19B_polska_niemcy_2014_pazdziernika_kadr_laczy_nas_pilka-600x334.png\" class=\"attachment-medium size-medium\" alt=\"Polska - Niemcy 2-0 2014\" srcset=\"https:\/\/kronika-futbolu.pl\/historia\/wp-content\/uploads\/2021\/02\/19B_polska_niemcy_2014_pazdziernika_kadr_laczy_nas_pilka-600x334.png 600w, https:\/\/kronika-futbolu.pl\/historia\/wp-content\/uploads\/2021\/02\/19B_polska_niemcy_2014_pazdziernika_kadr_laczy_nas_pilka-768x428.png 768w, https:\/\/kronika-futbolu.pl\/historia\/wp-content\/uploads\/2021\/02\/19B_polska_niemcy_2014_pazdziernika_kadr_laczy_nas_pilka.png 1172w\" sizes=\"auto, (max-width: 600px) 100vw, 600px\" \/>\r\n\t\t\t\t\t<small>Polska - Niemcy 2-0 2014 . kadr z transmisji \u0141\u0105czy Nas Pi\u0142ka<\/small>\r\n\t\t\t\t<\/a>\r\n\t\t\t<\/li><li>\r\n\t\t\t\t<a href=\"https:\/\/kronika-futbolu.pl\/historia\/wp-content\/uploads\/2021\/02\/18B_niemcy_polska_2014_maj_laczy_nas_pilka.png\" title=\"Polska Niemcy 2014. \u0179r\u00f3d\u0142o: \u0141\u0105czy Nas Pi\u0142ka\">\r\n\t\t\t\t\t<img loading=\"lazy\" decoding=\"async\" width=\"474\" height=\"400\" src=\"https:\/\/kronika-futbolu.pl\/historia\/wp-content\/uploads\/2021\/02\/18B_niemcy_polska_2014_maj_laczy_nas_pilka-474x400.png\" class=\"attachment-medium size-medium\" alt=\"Polska Niemcy 2014\" srcset=\"https:\/\/kronika-futbolu.pl\/historia\/wp-content\/uploads\/2021\/02\/18B_niemcy_polska_2014_maj_laczy_nas_pilka-474x400.png 474w, https:\/\/kronika-futbolu.pl\/historia\/wp-content\/uploads\/2021\/02\/18B_niemcy_polska_2014_maj_laczy_nas_pilka.png 533w\" sizes=\"auto, (max-width: 474px) 100vw, 474px\" \/>\r\n\t\t\t\t\t<small>Polska Niemcy 2014. \u0179r\u00f3d\u0142o: \u0141\u0105czy Nas Pi\u0142ka<\/small>\r\n\t\t\t\t<\/a>\r\n\t\t\t<\/li><li>\r\n\t\t\t\t<a href=\"https:\/\/kronika-futbolu.pl\/historia\/wp-content\/uploads\/2021\/02\/17B_polska_niemcy_2011_laczy_nas_pilka.png\" title=\"Polska Niemcy 2011. \u0179r\u00f3d\u0142o: \u0141\u0105czy Nas Pi\u0142ka\">\r\n\t\t\t\t\t<img loading=\"lazy\" decoding=\"async\" width=\"440\" height=\"393\" src=\"https:\/\/kronika-futbolu.pl\/historia\/wp-content\/uploads\/2021\/02\/17B_polska_niemcy_2011_laczy_nas_pilka.png\" class=\"attachment-medium size-medium\" alt=\"Polska Niemcy 2011\" \/>\r\n\t\t\t\t\t<small>Polska Niemcy 2011. \u0179r\u00f3d\u0142o: \u0141\u0105czy Nas Pi\u0142ka<\/small>\r\n\t\t\t\t<\/a>\r\n\t\t\t<\/li><li>\r\n\t\t\t\t<a href=\"https:\/\/kronika-futbolu.pl\/historia\/wp-content\/uploads\/2021\/02\/16B_niemcy_polska_2008_kadr_laczy_nas_pilka.png\" title=\"Niemcy - Polska 2008. \u0179r\u00f3d\u0142o: kadr z transmisji \u0141aczy Nas Pi\u0142ka\">\r\n\t\t\t\t\t<img loading=\"lazy\" decoding=\"async\" width=\"600\" height=\"325\" src=\"https:\/\/kronika-futbolu.pl\/historia\/wp-content\/uploads\/2021\/02\/16B_niemcy_polska_2008_kadr_laczy_nas_pilka-600x325.png\" class=\"attachment-medium size-medium\" alt=\"Niemcy - Polska 2008\" srcset=\"https:\/\/kronika-futbolu.pl\/historia\/wp-content\/uploads\/2021\/02\/16B_niemcy_polska_2008_kadr_laczy_nas_pilka-600x325.png 600w, https:\/\/kronika-futbolu.pl\/historia\/wp-content\/uploads\/2021\/02\/16B_niemcy_polska_2008_kadr_laczy_nas_pilka-768x417.png 768w, https:\/\/kronika-futbolu.pl\/historia\/wp-content\/uploads\/2021\/02\/16B_niemcy_polska_2008_kadr_laczy_nas_pilka.png 1191w\" sizes=\"auto, (max-width: 600px) 100vw, 600px\" \/>\r\n\t\t\t\t\t<small>Niemcy - Polska 2008. \u0179r\u00f3d\u0142o: kadr z transmisji \u0141aczy Nas Pi\u0142ka<\/small>\r\n\t\t\t\t<\/a>\r\n\t\t\t<\/li><li>\r\n\t\t\t\t<a href=\"https:\/\/kronika-futbolu.pl\/historia\/wp-content\/uploads\/2021\/02\/14B_polska_niemcy_1996_Deister-und-Weserzeitung.png\" title=\"Polska - Niemcy 1996 \u0179r\u00f3d\u0142o: Deister-und Weserzeitung\">\r\n\t\t\t\t\t<img loading=\"lazy\" decoding=\"async\" width=\"600\" height=\"357\" src=\"https:\/\/kronika-futbolu.pl\/historia\/wp-content\/uploads\/2021\/02\/14B_polska_niemcy_1996_Deister-und-Weserzeitung-600x357.png\" class=\"attachment-medium size-medium\" alt=\"Polska - Niemcy 1996\" srcset=\"https:\/\/kronika-futbolu.pl\/historia\/wp-content\/uploads\/2021\/02\/14B_polska_niemcy_1996_Deister-und-Weserzeitung-600x357.png 600w, https:\/\/kronika-futbolu.pl\/historia\/wp-content\/uploads\/2021\/02\/14B_polska_niemcy_1996_Deister-und-Weserzeitung-768x457.png 768w, https:\/\/kronika-futbolu.pl\/historia\/wp-content\/uploads\/2021\/02\/14B_polska_niemcy_1996_Deister-und-Weserzeitung.png 1354w\" sizes=\"auto, (max-width: 600px) 100vw, 600px\" \/>\r\n\t\t\t\t\t<small>Polska - Niemcy 1996 \u0179r\u00f3d\u0142o: Deister-und Weserzeitung<\/small>\r\n\t\t\t\t<\/a>\r\n\t\t\t<\/li><li>\r\n\t\t\t\t<a href=\"https:\/\/kronika-futbolu.pl\/historia\/wp-content\/uploads\/2021\/02\/14A_polska_niemcy_1996_Hamburger-Abendblatt.png\" title=\"Polska - Niemcy 1996. \u0179r\u00f3d\u0142o: Hamburger Abendblatt\">\r\n\t\t\t\t\t<img loading=\"lazy\" decoding=\"async\" width=\"263\" height=\"400\" src=\"https:\/\/kronika-futbolu.pl\/historia\/wp-content\/uploads\/2021\/02\/14A_polska_niemcy_1996_Hamburger-Abendblatt-263x400.png\" class=\"attachment-medium size-medium\" alt=\"Polska - Niemcy 1996\" srcset=\"https:\/\/kronika-futbolu.pl\/historia\/wp-content\/uploads\/2021\/02\/14A_polska_niemcy_1996_Hamburger-Abendblatt-263x400.png 263w, https:\/\/kronika-futbolu.pl\/historia\/wp-content\/uploads\/2021\/02\/14A_polska_niemcy_1996_Hamburger-Abendblatt.png 572w\" sizes=\"auto, (max-width: 263px) 100vw, 263px\" \/>\r\n\t\t\t\t\t<small>Polska - Niemcy 1996. \u0179r\u00f3d\u0142o: Hamburger Abendblatt<\/small>\r\n\t\t\t\t<\/a>\r\n\t\t\t<\/li><li>\r\n\t\t\t\t<a href=\"https:\/\/kronika-futbolu.pl\/historia\/wp-content\/uploads\/2021\/02\/13A_polska_rfn_1981_dziennik_lodzki.png\" title=\"RFN-Polska 1981. \u0179r\u00f3d\u0142o: Dziennik \u0141\u00f3dzki\">\r\n\t\t\t\t\t<img loading=\"lazy\" decoding=\"async\" width=\"390\" height=\"400\" src=\"https:\/\/kronika-futbolu.pl\/historia\/wp-content\/uploads\/2021\/02\/13A_polska_rfn_1981_dziennik_lodzki-390x400.png\" class=\"attachment-medium size-medium\" alt=\"RFN-Polska 1981\" srcset=\"https:\/\/kronika-futbolu.pl\/historia\/wp-content\/uploads\/2021\/02\/13A_polska_rfn_1981_dziennik_lodzki-390x400.png 390w, https:\/\/kronika-futbolu.pl\/historia\/wp-content\/uploads\/2021\/02\/13A_polska_rfn_1981_dziennik_lodzki-768x787.png 768w, https:\/\/kronika-futbolu.pl\/historia\/wp-content\/uploads\/2021\/02\/13A_polska_rfn_1981_dziennik_lodzki.png 838w\" sizes=\"auto, (max-width: 390px) 100vw, 390px\" \/>\r\n\t\t\t\t\t<small>RFN-Polska 1981. \u0179r\u00f3d\u0142o: Dziennik \u0141\u00f3dzki<\/small>\r\n\t\t\t\t<\/a>\r\n\t\t\t<\/li><li>\r\n\t\t\t\t<a href=\"https:\/\/kronika-futbolu.pl\/historia\/wp-content\/uploads\/2021\/02\/13A_polska_rfn_1981_allegro.png\" title=\"RFN-Polska 1981. \u0179r\u00f3d\u0142o: Allegro\">\r\n\t\t\t\t\t<img loading=\"lazy\" decoding=\"async\" width=\"214\" height=\"400\" src=\"https:\/\/kronika-futbolu.pl\/historia\/wp-content\/uploads\/2021\/02\/13A_polska_rfn_1981_allegro-214x400.png\" class=\"attachment-medium size-medium\" alt=\"RFN-Polska 1981\" srcset=\"https:\/\/kronika-futbolu.pl\/historia\/wp-content\/uploads\/2021\/02\/13A_polska_rfn_1981_allegro-214x400.png 214w, https:\/\/kronika-futbolu.pl\/historia\/wp-content\/uploads\/2021\/02\/13A_polska_rfn_1981_allegro.png 339w\" sizes=\"auto, (max-width: 214px) 100vw, 214px\" \/>\r\n\t\t\t\t\t<small>RFN-Polska 1981. \u0179r\u00f3d\u0142o: Allegro<\/small>\r\n\t\t\t\t<\/a>\r\n\t\t\t<\/li><li>\r\n\t\t\t\t<a href=\"https:\/\/kronika-futbolu.pl\/historia\/wp-content\/uploads\/2021\/02\/12B_rfn_polska_1980_Deister_und_-Weserzeitung.png\" title=\"RFN-Polska 1980. \u0179r\u00f3d\u0142o: Deister-und Weserzeitung\">\r\n\t\t\t\t\t<img loading=\"lazy\" decoding=\"async\" width=\"445\" height=\"400\" src=\"https:\/\/kronika-futbolu.pl\/historia\/wp-content\/uploads\/2021\/02\/12B_rfn_polska_1980_Deister_und_-Weserzeitung-445x400.png\" class=\"attachment-medium size-medium\" alt=\"RFN-Polska 1980\" srcset=\"https:\/\/kronika-futbolu.pl\/historia\/wp-content\/uploads\/2021\/02\/12B_rfn_polska_1980_Deister_und_-Weserzeitung-445x400.png 445w, https:\/\/kronika-futbolu.pl\/historia\/wp-content\/uploads\/2021\/02\/12B_rfn_polska_1980_Deister_und_-Weserzeitung-768x691.png 768w, https:\/\/kronika-futbolu.pl\/historia\/wp-content\/uploads\/2021\/02\/12B_rfn_polska_1980_Deister_und_-Weserzeitung.png 964w\" sizes=\"auto, (max-width: 445px) 100vw, 445px\" \/>\r\n\t\t\t\t\t<small>RFN-Polska 1980. \u0179r\u00f3d\u0142o: Deister-und Weserzeitung<\/small>\r\n\t\t\t\t<\/a>\r\n\t\t\t<\/li><li>\r\n\t\t\t\t<a href=\"https:\/\/kronika-futbolu.pl\/historia\/wp-content\/uploads\/2021\/02\/12A_rfn_polska_1980_Deister_und_-Weserzeitung.png\" title=\"RFN-Polska 1980. \u0179r\u00f3d\u0142o: Deister-und Weserzeitung\">\r\n\t\t\t\t\t<img loading=\"lazy\" decoding=\"async\" width=\"600\" height=\"357\" src=\"https:\/\/kronika-futbolu.pl\/historia\/wp-content\/uploads\/2021\/02\/12A_rfn_polska_1980_Deister_und_-Weserzeitung-600x357.png\" class=\"attachment-medium size-medium\" alt=\"RFN-Polska 1980\" srcset=\"https:\/\/kronika-futbolu.pl\/historia\/wp-content\/uploads\/2021\/02\/12A_rfn_polska_1980_Deister_und_-Weserzeitung-600x357.png 600w, https:\/\/kronika-futbolu.pl\/historia\/wp-content\/uploads\/2021\/02\/12A_rfn_polska_1980_Deister_und_-Weserzeitung-768x457.png 768w, https:\/\/kronika-futbolu.pl\/historia\/wp-content\/uploads\/2021\/02\/12A_rfn_polska_1980_Deister_und_-Weserzeitung.png 1446w\" sizes=\"auto, (max-width: 600px) 100vw, 600px\" \/>\r\n\t\t\t\t\t<small>RFN-Polska 1980. \u0179r\u00f3d\u0142o: Deister-und Weserzeitung<\/small>\r\n\t\t\t\t<\/a>\r\n\t\t\t<\/li><li>\r\n\t\t\t\t<a href=\"https:\/\/kronika-futbolu.pl\/historia\/wp-content\/uploads\/2021\/02\/11B_rfn_polska_1978_antykwariat_sportowy.png\" title=\"RFN - Polska 1978. \u0179r\u00f3d\u0142o: Antykwariat Sportowy\">\r\n\t\t\t\t\t<img loading=\"lazy\" decoding=\"async\" width=\"559\" height=\"400\" src=\"https:\/\/kronika-futbolu.pl\/historia\/wp-content\/uploads\/2021\/02\/11B_rfn_polska_1978_antykwariat_sportowy-559x400.png\" class=\"attachment-medium size-medium\" alt=\"RFN - Polska 1978\" srcset=\"https:\/\/kronika-futbolu.pl\/historia\/wp-content\/uploads\/2021\/02\/11B_rfn_polska_1978_antykwariat_sportowy-559x400.png 559w, https:\/\/kronika-futbolu.pl\/historia\/wp-content\/uploads\/2021\/02\/11B_rfn_polska_1978_antykwariat_sportowy.png 685w\" sizes=\"auto, (max-width: 559px) 100vw, 559px\" \/>\r\n\t\t\t\t\t<small>RFN - Polska 1978. \u0179r\u00f3d\u0142o: Antykwariat Sportowy<\/small>\r\n\t\t\t\t<\/a>\r\n\t\t\t<\/li><li>\r\n\t\t\t\t<a href=\"https:\/\/kronika-futbolu.pl\/historia\/wp-content\/uploads\/2021\/02\/10B_rfn_polska_1974_niezalezna.png\" title=\"RFN - Polska 1974. Mecz na wodzie. \u0179r\u00f3d\u0142o: Niezale\u017cna\">\r\n\t\t\t\t\t<img loading=\"lazy\" decoding=\"async\" width=\"600\" height=\"387\" src=\"https:\/\/kronika-futbolu.pl\/historia\/wp-content\/uploads\/2021\/02\/10B_rfn_polska_1974_niezalezna-600x387.png\" class=\"attachment-medium size-medium\" alt=\"RFN - Polska 1974\" srcset=\"https:\/\/kronika-futbolu.pl\/historia\/wp-content\/uploads\/2021\/02\/10B_rfn_polska_1974_niezalezna-600x387.png 600w, https:\/\/kronika-futbolu.pl\/historia\/wp-content\/uploads\/2021\/02\/10B_rfn_polska_1974_niezalezna.png 654w\" sizes=\"auto, (max-width: 600px) 100vw, 600px\" \/>\r\n\t\t\t\t\t<small>RFN - Polska 1974. Mecz na wodzie. \u0179r\u00f3d\u0142o: Niezale\u017cna<\/small>\r\n\t\t\t\t<\/a>\r\n\t\t\t<\/li><li>\r\n\t\t\t\t<a href=\"https:\/\/kronika-futbolu.pl\/historia\/wp-content\/uploads\/2021\/02\/10A_rfn_polska_1974_przeglad_sportowy.png\" title=\"RFN - Polska 1974. Mecz na wodzie. \u0179r\u00f3d\u0142o: Przegl\u0105d Sportowy\">\r\n\t\t\t\t\t<img loading=\"lazy\" decoding=\"async\" width=\"553\" height=\"400\" src=\"https:\/\/kronika-futbolu.pl\/historia\/wp-content\/uploads\/2021\/02\/10A_rfn_polska_1974_przeglad_sportowy-553x400.png\" class=\"attachment-medium size-medium\" alt=\"RFN - Polska 1974\" srcset=\"https:\/\/kronika-futbolu.pl\/historia\/wp-content\/uploads\/2021\/02\/10A_rfn_polska_1974_przeglad_sportowy-553x400.png 553w, https:\/\/kronika-futbolu.pl\/historia\/wp-content\/uploads\/2021\/02\/10A_rfn_polska_1974_przeglad_sportowy-768x555.png 768w, https:\/\/kronika-futbolu.pl\/historia\/wp-content\/uploads\/2021\/02\/10A_rfn_polska_1974_przeglad_sportowy.png 831w\" sizes=\"auto, (max-width: 553px) 100vw, 553px\" \/>\r\n\t\t\t\t\t<small>RFN - Polska 1974. Mecz na wodzie. \u0179r\u00f3d\u0142o: Przegl\u0105d Sportowy<\/small>\r\n\t\t\t\t<\/a>\r\n\t\t\t<\/li><li>\r\n\t\t\t\t<a href=\"https:\/\/kronika-futbolu.pl\/historia\/wp-content\/uploads\/2021\/02\/9A_rfn_polska_1971_0_0_lubanski_weber_Hamburger-Abendblatt.png\" title=\"RFN-Polska 1971 0:0. Weber i Luba\u0144ski. \u0179r\u00f3d\u0142o:Hamburger Abendblatt\">\r\n\t\t\t\t\t<img loading=\"lazy\" decoding=\"async\" width=\"344\" height=\"400\" src=\"https:\/\/kronika-futbolu.pl\/historia\/wp-content\/uploads\/2021\/02\/9A_rfn_polska_1971_0_0_lubanski_weber_Hamburger-Abendblatt-344x400.png\" class=\"attachment-medium size-medium\" alt=\"RFN-Polska 1971 0:0\" srcset=\"https:\/\/kronika-futbolu.pl\/historia\/wp-content\/uploads\/2021\/02\/9A_rfn_polska_1971_0_0_lubanski_weber_Hamburger-Abendblatt-344x400.png 344w, https:\/\/kronika-futbolu.pl\/historia\/wp-content\/uploads\/2021\/02\/9A_rfn_polska_1971_0_0_lubanski_weber_Hamburger-Abendblatt.png 718w\" sizes=\"auto, (max-width: 344px) 100vw, 344px\" \/>\r\n\t\t\t\t\t<small>RFN-Polska 1971 0:0. Weber i Luba\u0144ski. \u0179r\u00f3d\u0142o:Hamburger Abendblatt<\/small>\r\n\t\t\t\t<\/a>\r\n\t\t\t<\/li><li>\r\n\t\t\t\t<a href=\"https:\/\/kronika-futbolu.pl\/historia\/wp-content\/uploads\/2021\/02\/9A_rfn_polska_1971_0_0_Hamburger-Abendblatt.png\" title=\"RFN-Polska 1971 0:0. \u0179r\u00f3d\u0142o: Hamburger Abendblatt\">\r\n\t\t\t\t\t<img loading=\"lazy\" decoding=\"async\" width=\"195\" height=\"400\" src=\"https:\/\/kronika-futbolu.pl\/historia\/wp-content\/uploads\/2021\/02\/9A_rfn_polska_1971_0_0_Hamburger-Abendblatt-195x400.png\" class=\"attachment-medium size-medium\" alt=\"RFN-Polska 1971 0:0\" srcset=\"https:\/\/kronika-futbolu.pl\/historia\/wp-content\/uploads\/2021\/02\/9A_rfn_polska_1971_0_0_Hamburger-Abendblatt-195x400.png 195w, https:\/\/kronika-futbolu.pl\/historia\/wp-content\/uploads\/2021\/02\/9A_rfn_polska_1971_0_0_Hamburger-Abendblatt.png 406w\" sizes=\"auto, (max-width: 195px) 100vw, 195px\" \/>\r\n\t\t\t\t\t<small>RFN-Polska 1971 0:0. \u0179r\u00f3d\u0142o: Hamburger Abendblatt<\/small>\r\n\t\t\t\t<\/a>\r\n\t\t\t<\/li><li>\r\n\t\t\t\t<a href=\"https:\/\/kronika-futbolu.pl\/historia\/wp-content\/uploads\/2021\/02\/8B_polska_rfn_1971_warszawa_gol_nr_2_muller_Deister-und-Weserzeitung.png\" title=\"Polska - RFN 1-3 1971. Gol nr 2 dla RFN Gerd M\u00fcller. \u0179r\u00f3d\u0142o: Deister-und Weserzeitung\">\r\n\t\t\t\t\t<img loading=\"lazy\" decoding=\"async\" width=\"512\" height=\"400\" src=\"https:\/\/kronika-futbolu.pl\/historia\/wp-content\/uploads\/2021\/02\/8B_polska_rfn_1971_warszawa_gol_nr_2_muller_Deister-und-Weserzeitung-512x400.png\" class=\"attachment-medium size-medium\" alt=\"Polska - RFN 1-3 1971\" srcset=\"https:\/\/kronika-futbolu.pl\/historia\/wp-content\/uploads\/2021\/02\/8B_polska_rfn_1971_warszawa_gol_nr_2_muller_Deister-und-Weserzeitung-512x400.png 512w, https:\/\/kronika-futbolu.pl\/historia\/wp-content\/uploads\/2021\/02\/8B_polska_rfn_1971_warszawa_gol_nr_2_muller_Deister-und-Weserzeitung-768x600.png 768w, https:\/\/kronika-futbolu.pl\/historia\/wp-content\/uploads\/2021\/02\/8B_polska_rfn_1971_warszawa_gol_nr_2_muller_Deister-und-Weserzeitung.png 1160w\" sizes=\"auto, (max-width: 512px) 100vw, 512px\" \/>\r\n\t\t\t\t\t<small>Polska - RFN 1-3 1971. Gol nr 2 dla RFN Gerd M\u00fcller. \u0179r\u00f3d\u0142o: Deister-und Weserzeitung<\/small>\r\n\t\t\t\t<\/a>\r\n\t\t\t<\/li><li>\r\n\t\t\t\t<a href=\"https:\/\/kronika-futbolu.pl\/historia\/wp-content\/uploads\/2021\/02\/8A_polska_rfn_1971_warszawa_gol_gadocha_Deister-und-Weserzeitung.png\" title=\"Polska - RFN 1-3 1971. Gol na 1:0 Robert Gadocha. \u0179r\u00f3d\u0142o: Deister-und Weserzeitung\">\r\n\t\t\t\t\t<img loading=\"lazy\" decoding=\"async\" width=\"539\" height=\"400\" src=\"https:\/\/kronika-futbolu.pl\/historia\/wp-content\/uploads\/2021\/02\/8A_polska_rfn_1971_warszawa_gol_gadocha_Deister-und-Weserzeitung-539x400.png\" class=\"attachment-medium size-medium\" alt=\"Polska - RFN 1-3 1971\" srcset=\"https:\/\/kronika-futbolu.pl\/historia\/wp-content\/uploads\/2021\/02\/8A_polska_rfn_1971_warszawa_gol_gadocha_Deister-und-Weserzeitung-539x400.png 539w, https:\/\/kronika-futbolu.pl\/historia\/wp-content\/uploads\/2021\/02\/8A_polska_rfn_1971_warszawa_gol_gadocha_Deister-und-Weserzeitung-768x570.png 768w, https:\/\/kronika-futbolu.pl\/historia\/wp-content\/uploads\/2021\/02\/8A_polska_rfn_1971_warszawa_gol_gadocha_Deister-und-Weserzeitung.png 1166w\" sizes=\"auto, (max-width: 539px) 100vw, 539px\" \/>\r\n\t\t\t\t\t<small>Polska - RFN 1-3 1971. Gol na 1:0 Robert Gadocha. \u0179r\u00f3d\u0142o: Deister-und Weserzeitung<\/small>\r\n\t\t\t\t<\/a>\r\n\t\t\t<\/li><li>\r\n\t\t\t\t<a href=\"https:\/\/kronika-futbolu.pl\/historia\/wp-content\/uploads\/2021\/02\/7B_polska_niemcy_1961_dziennik_lodzki_nr_239_10_10_1961.png\" title=\"Polska - Niemcy 1961. Dziennik \u0141\u00f3dzki nr 239 10.10.1961\">\r\n\t\t\t\t\t<img loading=\"lazy\" decoding=\"async\" width=\"384\" height=\"400\" src=\"https:\/\/kronika-futbolu.pl\/historia\/wp-content\/uploads\/2021\/02\/7B_polska_niemcy_1961_dziennik_lodzki_nr_239_10_10_1961-384x400.png\" class=\"attachment-medium size-medium\" alt=\"Polska - Niemcy 1961\" srcset=\"https:\/\/kronika-futbolu.pl\/historia\/wp-content\/uploads\/2021\/02\/7B_polska_niemcy_1961_dziennik_lodzki_nr_239_10_10_1961-384x400.png 384w, https:\/\/kronika-futbolu.pl\/historia\/wp-content\/uploads\/2021\/02\/7B_polska_niemcy_1961_dziennik_lodzki_nr_239_10_10_1961-768x799.png 768w, https:\/\/kronika-futbolu.pl\/historia\/wp-content\/uploads\/2021\/02\/7B_polska_niemcy_1961_dziennik_lodzki_nr_239_10_10_1961.png 854w\" sizes=\"auto, (max-width: 384px) 100vw, 384px\" \/>\r\n\t\t\t\t\t<small>Polska - Niemcy 1961. Dziennik \u0141\u00f3dzki nr 239 10.10.1961<\/small>\r\n\t\t\t\t<\/a>\r\n\t\t\t<\/li><li>\r\n\t\t\t\t<a href=\"https:\/\/kronika-futbolu.pl\/historia\/wp-content\/uploads\/2021\/02\/7A_polska_niemcy_1961_impromptuinc_wordpress_com.png\" title=\"Polska - Niemcy 1961. \u0179r\u00f3d\u0142o: https:\/\/impromptuinc.wordpress.com\">\r\n\t\t\t\t\t<img loading=\"lazy\" decoding=\"async\" width=\"291\" height=\"400\" src=\"https:\/\/kronika-futbolu.pl\/historia\/wp-content\/uploads\/2021\/02\/7A_polska_niemcy_1961_impromptuinc_wordpress_com-291x400.png\" class=\"attachment-medium size-medium\" alt=\"Polska - Niemcy 1961\" srcset=\"https:\/\/kronika-futbolu.pl\/historia\/wp-content\/uploads\/2021\/02\/7A_polska_niemcy_1961_impromptuinc_wordpress_com-291x400.png 291w, https:\/\/kronika-futbolu.pl\/historia\/wp-content\/uploads\/2021\/02\/7A_polska_niemcy_1961_impromptuinc_wordpress_com.png 690w\" sizes=\"auto, (max-width: 291px) 100vw, 291px\" \/>\r\n\t\t\t\t\t<small>Polska - Niemcy 1961. \u0179r\u00f3d\u0142o: https:\/\/impromptuinc.wordpress.com<\/small>\r\n\t\t\t\t<\/a>\r\n\t\t\t<\/li><li>\r\n\t\t\t\t<a href=\"https:\/\/kronika-futbolu.pl\/historia\/wp-content\/uploads\/2021\/02\/5B_niemcy_polska_1938_NAC.png\" title=\"Niemcy - Polska 1938\">\r\n\t\t\t\t\t<img loading=\"lazy\" decoding=\"async\" width=\"569\" height=\"400\" src=\"https:\/\/kronika-futbolu.pl\/historia\/wp-content\/uploads\/2021\/02\/5B_niemcy_polska_1938_NAC-569x400.png\" class=\"attachment-medium size-medium\" alt=\"Niemcy - Polska 1938\" srcset=\"https:\/\/kronika-futbolu.pl\/historia\/wp-content\/uploads\/2021\/02\/5B_niemcy_polska_1938_NAC-569x400.png 569w, https:\/\/kronika-futbolu.pl\/historia\/wp-content\/uploads\/2021\/02\/5B_niemcy_polska_1938_NAC-768x540.png 768w, https:\/\/kronika-futbolu.pl\/historia\/wp-content\/uploads\/2021\/02\/5B_niemcy_polska_1938_NAC.png 1254w\" sizes=\"auto, (max-width: 569px) 100vw, 569px\" \/>\r\n\t\t\t\t\t<small>Niemcy - Polska 1938<\/small>\r\n\t\t\t\t<\/a>\r\n\t\t\t<\/li><li>\r\n\t\t\t\t<a href=\"https:\/\/kronika-futbolu.pl\/historia\/wp-content\/uploads\/2021\/02\/5A_niemcy_polska_1938_NAC.png\" title=\"Niemcy - Polska 1938\">\r\n\t\t\t\t\t<img loading=\"lazy\" decoding=\"async\" width=\"584\" height=\"400\" src=\"https:\/\/kronika-futbolu.pl\/historia\/wp-content\/uploads\/2021\/02\/5A_niemcy_polska_1938_NAC-584x400.png\" class=\"attachment-medium size-medium\" alt=\"Niemcy - Polska 1938\" srcset=\"https:\/\/kronika-futbolu.pl\/historia\/wp-content\/uploads\/2021\/02\/5A_niemcy_polska_1938_NAC-584x400.png 584w, https:\/\/kronika-futbolu.pl\/historia\/wp-content\/uploads\/2021\/02\/5A_niemcy_polska_1938_NAC-768x526.png 768w, https:\/\/kronika-futbolu.pl\/historia\/wp-content\/uploads\/2021\/02\/5A_niemcy_polska_1938_NAC.png 1277w\" sizes=\"auto, (max-width: 584px) 100vw, 584px\" \/>\r\n\t\t\t\t\t<small>Niemcy - Polska 1938<\/small>\r\n\t\t\t\t<\/a>\r\n\t\t\t<\/li><li>\r\n\t\t\t\t<a href=\"https:\/\/kronika-futbolu.pl\/historia\/wp-content\/uploads\/2021\/02\/3B_niemcy_polska_1935_NAC.png\" title=\"Polska - Niemcy 1935. Dru\u017cyna Polski wybiegaj\u0105ca na boisko. Widoczny m.in. Henryk Martyna (jako pierwszy). \u0179r\u00f3d\u0142o: NAC\">\r\n\t\t\t\t\t<img loading=\"lazy\" decoding=\"async\" width=\"535\" height=\"400\" src=\"https:\/\/kronika-futbolu.pl\/historia\/wp-content\/uploads\/2021\/02\/3B_niemcy_polska_1935_NAC-535x400.png\" class=\"attachment-medium size-medium\" alt=\"Polska - Niemcy 1935\" srcset=\"https:\/\/kronika-futbolu.pl\/historia\/wp-content\/uploads\/2021\/02\/3B_niemcy_polska_1935_NAC-535x400.png 535w, https:\/\/kronika-futbolu.pl\/historia\/wp-content\/uploads\/2021\/02\/3B_niemcy_polska_1935_NAC-768x574.png 768w, https:\/\/kronika-futbolu.pl\/historia\/wp-content\/uploads\/2021\/02\/3B_niemcy_polska_1935_NAC.png 1175w\" sizes=\"auto, (max-width: 535px) 100vw, 535px\" \/>\r\n\t\t\t\t\t<small>Polska - Niemcy 1935. Dru\u017cyna Polski wybiegaj\u0105ca na boisko. Widoczny m.in. Henryk Martyna (jako pierwszy). \u0179r\u00f3d\u0142o: NAC<\/small>\r\n\t\t\t\t<\/a>\r\n\t\t\t<\/li><li>\r\n\t\t\t\t<a href=\"https:\/\/kronika-futbolu.pl\/historia\/wp-content\/uploads\/2021\/02\/3A_niemcy_polska_1935_NAC.png\" title=\"Polska - Niemcy 1935. Fragment meczu pod bramk\u0105 niemieck\u0105. \u0179r\u00f3d\u0142o: NAC\">\r\n\t\t\t\t\t<img loading=\"lazy\" decoding=\"async\" width=\"545\" height=\"400\" src=\"https:\/\/kronika-futbolu.pl\/historia\/wp-content\/uploads\/2021\/02\/3A_niemcy_polska_1935_NAC-545x400.png\" class=\"attachment-medium size-medium\" alt=\"Polska - Niemcy 1935\" srcset=\"https:\/\/kronika-futbolu.pl\/historia\/wp-content\/uploads\/2021\/02\/3A_niemcy_polska_1935_NAC-545x400.png 545w, https:\/\/kronika-futbolu.pl\/historia\/wp-content\/uploads\/2021\/02\/3A_niemcy_polska_1935_NAC-768x563.png 768w, https:\/\/kronika-futbolu.pl\/historia\/wp-content\/uploads\/2021\/02\/3A_niemcy_polska_1935_NAC.png 1209w\" sizes=\"auto, (max-width: 545px) 100vw, 545px\" \/>\r\n\t\t\t\t\t<small>Polska - Niemcy 1935. Fragment meczu pod bramk\u0105 niemieck\u0105. \u0179r\u00f3d\u0142o: NAC<\/small>\r\n\t\t\t\t<\/a>\r\n\t\t\t<\/li><li>\r\n\t\t\t\t<a href=\"https:\/\/kronika-futbolu.pl\/historia\/wp-content\/uploads\/2021\/02\/2B_niemcy_polska_1934_NAC.png\" title=\"Polska - Niemcy 1934. Kapitanowie dru\u017cyn podczas powitania po wr\u0119czeniu powitalnych bukiet\u00f3w. Jerzy Bu\u0142anow (z prawej), Friedrich \"Fritz\" Szepan (z lewej), za nimi grupa fotoreporter\u00f3w.  \u0179r\u00f3d\u0142o: NAC\">\r\n\t\t\t\t\t<img loading=\"lazy\" decoding=\"async\" width=\"288\" height=\"400\" src=\"https:\/\/kronika-futbolu.pl\/historia\/wp-content\/uploads\/2021\/02\/2B_niemcy_polska_1934_NAC-288x400.png\" class=\"attachment-medium size-medium\" alt=\"Polska - Niemcy 1934\" srcset=\"https:\/\/kronika-futbolu.pl\/historia\/wp-content\/uploads\/2021\/02\/2B_niemcy_polska_1934_NAC-288x400.png 288w, https:\/\/kronika-futbolu.pl\/historia\/wp-content\/uploads\/2021\/02\/2B_niemcy_polska_1934_NAC.png 644w\" sizes=\"auto, (max-width: 288px) 100vw, 288px\" \/>\r\n\t\t\t\t\t<small>Polska - Niemcy 1934. Kapitanowie dru\u017cyn podczas powitania po wr\u0119czeniu powitalnych bukiet\u00f3w. Jerzy Bu\u0142anow (z prawej), Friedrich \"Fritz\" Szepan (z lewej), za nimi grupa fotoreporter\u00f3w.  \u0179r\u00f3d\u0142o: NAC<\/small>\r\n\t\t\t\t<\/a>\r\n\t\t\t<\/li><li>\r\n\t\t\t\t<a href=\"https:\/\/kronika-futbolu.pl\/historia\/wp-content\/uploads\/2021\/02\/2A_niemcy_polska_1934_NAC.png\" title=\"Polska - Niemcy 1934. Dru\u017cyna polska podczas wykonywania hymnu pa\u0144stwowego. Stoj\u0105 m.in.: bramkarz Marian Fontowicz (1. z lewej), kapitan reprezentacji Polski Jerzy Bu\u0142anow (3. z lewej), Karol Pazurek (4. z lewej), Aleksander Mysiak (5. z lewej), J\u00f3zef Kotlarczyk (6. z lewej), Jan Kotlarczyk (7. z lewej), J\u00f3zef Nawrot (8. z lewej), Henryk Martyna (9. z lewej), Ernest Wilimowski (3. z prawej).  \u0179r\u00f3d\u0142o: NAC\">\r\n\t\t\t\t\t<img loading=\"lazy\" decoding=\"async\" width=\"547\" height=\"400\" src=\"https:\/\/kronika-futbolu.pl\/historia\/wp-content\/uploads\/2021\/02\/2A_niemcy_polska_1934_NAC-547x400.png\" class=\"attachment-medium size-medium\" alt=\"Polska - Niemcy 1934\" srcset=\"https:\/\/kronika-futbolu.pl\/historia\/wp-content\/uploads\/2021\/02\/2A_niemcy_polska_1934_NAC-547x400.png 547w, https:\/\/kronika-futbolu.pl\/historia\/wp-content\/uploads\/2021\/02\/2A_niemcy_polska_1934_NAC.png 641w\" sizes=\"auto, (max-width: 547px) 100vw, 547px\" \/>\r\n\t\t\t\t\t<small>Polska - Niemcy 1934. Dru\u017cyna polska podczas wykonywania hymnu pa\u0144stwowego. Stoj\u0105 m.in.: bramkarz Marian Fontowicz (1. z lewej), kapitan reprezentacji Polski Jerzy Bu\u0142anow (3. z lewej), Karol Pazurek (4. z lewej), Aleksander Mysiak (5. z lewej), J\u00f3zef Kotlarczyk (6. z lewej), Jan Kotlarczyk (7. z lewej), J\u00f3zef Nawrot (8. z lewej), Henryk Martyna (9. z lewej), Ernest Wilimowski (3. z prawej).  \u0179r\u00f3d\u0142o: NAC<\/small>\r\n\t\t\t\t<\/a>\r\n\t\t\t<\/li><li>\r\n\t\t\t\t<a href=\"https:\/\/kronika-futbolu.pl\/historia\/wp-content\/uploads\/2021\/02\/2B_Niemcy_Polska_1933_Polska_NAC.png\" title=\"Niemcy - Polska 1933. Powitanie kapitan\u00f3w obu dru\u017cyn pi\u0142karskich przed rozpocz\u0119ciem meczu. Kapitan Polski Jerzy Bu\u0142anow (po prawej), kapitan Niemiec Stanislaus Kobierski.. \u0179r\u00f3d\u0142o: NAC\">\r\n\t\t\t\t\t<img loading=\"lazy\" decoding=\"async\" width=\"295\" height=\"400\" src=\"https:\/\/kronika-futbolu.pl\/historia\/wp-content\/uploads\/2021\/02\/2B_Niemcy_Polska_1933_Polska_NAC-295x400.png\" class=\"attachment-medium size-medium\" alt=\"Niemcy - Polska 1933\" srcset=\"https:\/\/kronika-futbolu.pl\/historia\/wp-content\/uploads\/2021\/02\/2B_Niemcy_Polska_1933_Polska_NAC-295x400.png 295w, https:\/\/kronika-futbolu.pl\/historia\/wp-content\/uploads\/2021\/02\/2B_Niemcy_Polska_1933_Polska_NAC.png 659w\" sizes=\"auto, (max-width: 295px) 100vw, 295px\" \/>\r\n\t\t\t\t\t<small>Niemcy - Polska 1933. Powitanie kapitan\u00f3w obu dru\u017cyn pi\u0142karskich przed rozpocz\u0119ciem meczu. Kapitan Polski Jerzy Bu\u0142anow (po prawej), kapitan Niemiec Stanislaus Kobierski.. \u0179r\u00f3d\u0142o: NAC<\/small>\r\n\t\t\t\t<\/a>\r\n\t\t\t<\/li><li>\r\n\t\t\t\t<a href=\"https:\/\/kronika-futbolu.pl\/historia\/wp-content\/uploads\/2021\/02\/1A_Niemcy_Polska_1933_Polska_NAC.png\" title=\"Niemcy - Polska 1933. Dru\u017cyna polska przed rozpocz\u0105ciem meczu. Widoczni od lewej: Henryk Martyna, Spirydion Alba\u0144ski (bramkarz), Aleksander Mysiak, Karol Pazurek, J\u00f3zef Nawrot, J\u00f3zef Kotlarczyk, Jan Kotlarczyk, Micha\u0142 Matyas, Ewald Urban, Jerzy Bu\u0142anow (kapitan dru\u017cyny), Gerard Wodarz. \u0179r\u00f3d\u0142o: NAC\">\r\n\t\t\t\t\t<img loading=\"lazy\" decoding=\"async\" width=\"580\" height=\"400\" src=\"https:\/\/kronika-futbolu.pl\/historia\/wp-content\/uploads\/2021\/02\/1A_Niemcy_Polska_1933_Polska_NAC-580x400.png\" class=\"attachment-medium size-medium\" alt=\"Niemcy - Polska 1933\" srcset=\"https:\/\/kronika-futbolu.pl\/historia\/wp-content\/uploads\/2021\/02\/1A_Niemcy_Polska_1933_Polska_NAC-580x400.png 580w, https:\/\/kronika-futbolu.pl\/historia\/wp-content\/uploads\/2021\/02\/1A_Niemcy_Polska_1933_Polska_NAC-768x529.png 768w, https:\/\/kronika-futbolu.pl\/historia\/wp-content\/uploads\/2021\/02\/1A_Niemcy_Polska_1933_Polska_NAC.png 1293w\" sizes=\"auto, (max-width: 580px) 100vw, 580px\" \/>\r\n\t\t\t\t\t<small>Niemcy - Polska 1933. Dru\u017cyna polska przed rozpocz\u0105ciem meczu. Widoczni od lewej: Henryk Martyna, Spirydion Alba\u0144ski (bramkarz), Aleksander Mysiak, Karol Pazurek, J\u00f3zef Nawrot, J\u00f3zef Kotlarczyk, Jan Kotlarczyk, Micha\u0142 Matyas, Ewald Urban, Jerzy Bu\u0142anow (kapitan dru\u017cyny), Gerard Wodarz. \u0179r\u00f3d\u0142o: NAC<\/small>\r\n\t\t\t\t<\/a>\r\n\t\t\t<\/li><\/ul>\n<p>&nbsp;<\/p>\n<p>&nbsp;<\/p>\n","protected":false},"excerpt":{"rendered":"<p>Bilans mecz\u00f3w Polska-Niemcy, kursy bukmacherskie.\u00a0 \u0141\u0105cznie zosta\u0142o rozegranych 22 mecze. Polska wygra\u0142a dwa razy , 7 razy remisowa\u0142a i 13 razy przegra\u0142a. Stosunek bramek to 13-34. Ostatni mecz odby\u0142 si\u0119 16 czerwca 2023 roku w Warszawie. Polska wygra\u0142a 1-0 po golu Jakuba Kiwiora.\u00a0 \u00a0Spis tre\u015bci: Mecz Polska- Niemcy (2023.06.16) \u2193 Mecz Niemcy-Polska (2016.06.16) \u2193 Mecz [&hellip;]<\/p>\n","protected":false},"author":3,"featured_media":0,"parent":0,"menu_order":0,"comment_status":"closed","ping_status":"closed","template":"","meta":{"_acf_changed":false,"footnotes":""},"class_list":["post-10458","page","type-page","status-publish","hentry"],"acf":[],"rankMath":{"parentDomain":"kronika-futbolu.pl","noFollowDomains":[],"noFollowExcludeDomains":[],"noFollowExternalLinks":false,"featuredImageNotice":"Prezentowany obraz powinien mie\u0107 co najmniej 200 na 200 pikseli, aby m\u00f3g\u0142 go pobra\u0107 Facebook i inne serwisy spo\u0142eczno\u015bciowe.","pluginReviewed":false,"postSettings":{"linkSuggestions":true,"useFocusKeyword":false},"frontEndScore":false,"postName":"polska-niemcy-w-pilce-noznej-wyniki-meczow","permalinkFormat":"https:\/\/kronika-futbolu.pl\/historia\/%pagename%\/","showLockModifiedDate":true,"assessor":{"focusKeywordLink":"https:\/\/kronika-futbolu.pl\/historia\/wp-admin\/edit.php?focus_keyword=%focus_keyword%&post_type=%post_type%","hasTOCPlugin":{"easy-table-of-contents\/easy-table-of-contents.php":"Easy Table of Contents"},"primaryTaxonomy":false,"serpData":{"title":"","description":"","focusKeywords":"","pillarContent":false,"canonicalUrl":"","breadcrumbTitle":"","advancedRobots":[],"facebookTitle":"","facebookDescription":"","facebookImage":"","facebookImageID":"","facebookHasOverlay":false,"facebookImageOverlay":"","facebookAuthor":"","twitterCardType":"","twitterUseFacebook":true,"twitterTitle":"","twitterDescription":"","twitterImage":"","twitterImageID":"","twitterHasOverlay":false,"twitterImageOverlay":"","twitterPlayerUrl":"","twitterPlayerSize":"","twitterPlayerStream":"","twitterPlayerStreamCtype":"","twitterAppDescription":"","twitterAppIphoneName":"","twitterAppIphoneID":"","twitterAppIphoneUrl":"","twitterAppIpadName":"","twitterAppIpadID":"","twitterAppIpadUrl":"","twitterAppGoogleplayName":"","twitterAppGoogleplayID":"","twitterAppGoogleplayUrl":"","twitterAppCountry":"","robots":{"index":true},"twitterAuthor":"u\u017cytkownik","primaryTerm":0,"authorName":"Piotr Ostrowski","titleTemplate":"%title% %sep% %sitename%","descriptionTemplate":"%excerpt%","showScoreFrontend":true,"lockModifiedDate":false},"powerWords":[],"diacritics":{"A":"[\\u0041\\u24B6\\uFF21\\u00C0\\u00C1\\u00C2\\u1EA6\\u1EA4\\u1EAA\\u1EA8\\u00C3\\u0100\\u0102\\u1EB0\\u1EAE\\u1EB4\\u1EB2\\u0226\\u01E0\\u00C4\\u01DE\\u1EA2\\u00C5\\u01FA\\u01CD\\u0200\\u0202\\u1EA0\\u1EAC\\u1EB6\\u1E00\\u0104\\u023A\\u2C6F]","AA":"[\\uA732]","AE":"[\\u00C6\\u01FC\\u01E2]","AO":"[\\uA734]","AU":"[\\uA736]","AV":"[\\uA738\\uA73A]","AY":"[\\uA73C]","B":"[\\u0042\\u24B7\\uFF22\\u1E02\\u1E04\\u1E06\\u0243\\u0182\\u0181]","C":"[\\u0043\\u24B8\\uFF23\\u0106\\u0108\\u010A\\u010C\\u00C7\\u1E08\\u0187\\u023B\\uA73E]","D":"[\\u0044\\u24B9\\uFF24\\u1E0A\\u010E\\u1E0C\\u1E10\\u1E12\\u1E0E\\u0110\\u018B\\u018A\\u0189\\uA779]","DZ":"[\\u01F1\\u01C4]","Dz":"[\\u01F2\\u01C5]","E":"[\\u0045\\u24BA\\uFF25\\u00C8\\u00C9\\u00CA\\u1EC0\\u1EBE\\u1EC4\\u1EC2\\u1EBC\\u0112\\u1E14\\u1E16\\u0114\\u0116\\u00CB\\u1EBA\\u011A\\u0204\\u0206\\u1EB8\\u1EC6\\u0228\\u1E1C\\u0118\\u1E18\\u1E1A\\u0190\\u018E]","F":"[\\u0046\\u24BB\\uFF26\\u1E1E\\u0191\\uA77B]","G":"[\\u0047\\u24BC\\uFF27\\u01F4\\u011C\\u1E20\\u011E\\u0120\\u01E6\\u0122\\u01E4\\u0193\\uA7A0\\uA77D\\uA77E]","H":"[\\u0048\\u24BD\\uFF28\\u0124\\u1E22\\u1E26\\u021E\\u1E24\\u1E28\\u1E2A\\u0126\\u2C67\\u2C75\\uA78D]","I":"[\\u0049\\u24BE\\uFF29\\u00CC\\u00CD\\u00CE\\u0128\\u012A\\u012C\\u0130\\u00CF\\u1E2E\\u1EC8\\u01CF\\u0208\\u020A\\u1ECA\\u012E\\u1E2C\\u0197]","J":"[\\u004A\\u24BF\\uFF2A\\u0134\\u0248]","K":"[\\u004B\\u24C0\\uFF2B\\u1E30\\u01E8\\u1E32\\u0136\\u1E34\\u0198\\u2C69\\uA740\\uA742\\uA744\\uA7A2]","L":"[\\u004C\\u24C1\\uFF2C\\u013F\\u0139\\u013D\\u1E36\\u1E38\\u013B\\u1E3C\\u1E3A\\u0141\\u023D\\u2C62\\u2C60\\uA748\\uA746\\uA780]","LJ":"[\\u01C7]","Lj":"[\\u01C8]","M":"[\\u004D\\u24C2\\uFF2D\\u1E3E\\u1E40\\u1E42\\u2C6E\\u019C]","N":"[\\u004E\\u24C3\\uFF2E\\u01F8\\u0143\\u00D1\\u1E44\\u0147\\u1E46\\u0145\\u1E4A\\u1E48\\u0220\\u019D\\uA790\\uA7A4]","NJ":"[\\u01CA]","Nj":"[\\u01CB]","O":"[\\u004F\\u24C4\\uFF2F\\u00D2\\u00D3\\u00D4\\u1ED2\\u1ED0\\u1ED6\\u1ED4\\u00D5\\u1E4C\\u022C\\u1E4E\\u014C\\u1E50\\u1E52\\u014E\\u022E\\u0230\\u00D6\\u022A\\u1ECE\\u0150\\u01D1\\u020C\\u020E\\u01A0\\u1EDC\\u1EDA\\u1EE0\\u1EDE\\u1EE2\\u1ECC\\u1ED8\\u01EA\\u01EC\\u00D8\\u01FE\\u0186\\u019F\\uA74A\\uA74C]","OI":"[\\u01A2]","OO":"[\\uA74E]","OU":"[\\u0222]","P":"[\\u0050\\u24C5\\uFF30\\u1E54\\u1E56\\u01A4\\u2C63\\uA750\\uA752\\uA754]","Q":"[\\u0051\\u24C6\\uFF31\\uA756\\uA758\\u024A]","R":"[\\u0052\\u24C7\\uFF32\\u0154\\u1E58\\u0158\\u0210\\u0212\\u1E5A\\u1E5C\\u0156\\u1E5E\\u024C\\u2C64\\uA75A\\uA7A6\\uA782]","S":"[\\u0053\\u24C8\\uFF33\\u1E9E\\u015A\\u1E64\\u015C\\u1E60\\u0160\\u1E66\\u1E62\\u1E68\\u0218\\u015E\\u2C7E\\uA7A8\\uA784]","T":"[\\u0054\\u24C9\\uFF34\\u1E6A\\u0164\\u1E6C\\u021A\\u0162\\u1E70\\u1E6E\\u0166\\u01AC\\u01AE\\u023E\\uA786]","TZ":"[\\uA728]","U":"[\\u0055\\u24CA\\uFF35\\u00D9\\u00DA\\u00DB\\u0168\\u1E78\\u016A\\u1E7A\\u016C\\u00DC\\u01DB\\u01D7\\u01D5\\u01D9\\u1EE6\\u016E\\u0170\\u01D3\\u0214\\u0216\\u01AF\\u1EEA\\u1EE8\\u1EEE\\u1EEC\\u1EF0\\u1EE4\\u1E72\\u0172\\u1E76\\u1E74\\u0244]","V":"[\\u0056\\u24CB\\uFF36\\u1E7C\\u1E7E\\u01B2\\uA75E\\u0245]","VY":"[\\uA760]","W":"[\\u0057\\u24CC\\uFF37\\u1E80\\u1E82\\u0174\\u1E86\\u1E84\\u1E88\\u2C72]","X":"[\\u0058\\u24CD\\uFF38\\u1E8A\\u1E8C]","Y":"[\\u0059\\u24CE\\uFF39\\u1EF2\\u00DD\\u0176\\u1EF8\\u0232\\u1E8E\\u0178\\u1EF6\\u1EF4\\u01B3\\u024E\\u1EFE]","Z":"[\\u005A\\u24CF\\uFF3A\\u0179\\u1E90\\u017B\\u017D\\u1E92\\u1E94\\u01B5\\u0224\\u2C7F\\u2C6B\\uA762]","a":"[\\u0061\\u24D0\\uFF41\\u1E9A\\u00E0\\u00E1\\u00E2\\u1EA7\\u1EA5\\u1EAB\\u1EA9\\u00E3\\u0101\\u0103\\u1EB1\\u1EAF\\u1EB5\\u1EB3\\u0227\\u01E1\\u00E4\\u01DF\\u1EA3\\u00E5\\u01FB\\u01CE\\u0201\\u0203\\u1EA1\\u1EAD\\u1EB7\\u1E01\\u0105\\u2C65\\u0250]","aa":"[\\uA733]","ae":"[\\u00E6\\u01FD\\u01E3]","ao":"[\\uA735]","au":"[\\uA737]","av":"[\\uA739\\uA73B]","ay":"[\\uA73D]","b":"[\\u0062\\u24D1\\uFF42\\u1E03\\u1E05\\u1E07\\u0180\\u0183\\u0253]","c":"[\\u0063\\u24D2\\uFF43\\u0107\\u0109\\u010B\\u010D\\u00E7\\u1E09\\u0188\\u023C\\uA73F\\u2184]","d":"[\\u0064\\u24D3\\uFF44\\u1E0B\\u010F\\u1E0D\\u1E11\\u1E13\\u1E0F\\u0111\\u018C\\u0256\\u0257\\uA77A]","dz":"[\\u01F3\\u01C6]","e":"[\\u0065\\u24D4\\uFF45\\u00E8\\u00E9\\u00EA\\u1EC1\\u1EBF\\u1EC5\\u1EC3\\u1EBD\\u0113\\u1E15\\u1E17\\u0115\\u0117\\u00EB\\u1EBB\\u011B\\u0205\\u0207\\u1EB9\\u1EC7\\u0229\\u1E1D\\u0119\\u1E19\\u1E1B\\u0247\\u025B\\u01DD]","f":"[\\u0066\\u24D5\\uFF46\\u1E1F\\u0192\\uA77C]","g":"[\\u0067\\u24D6\\uFF47\\u01F5\\u011D\\u1E21\\u011F\\u0121\\u01E7\\u0123\\u01E5\\u0260\\uA7A1\\u1D79\\uA77F]","h":"[\\u0068\\u24D7\\uFF48\\u0125\\u1E23\\u1E27\\u021F\\u1E25\\u1E29\\u1E2B\\u1E96\\u0127\\u2C68\\u2C76\\u0265]","hv":"[\\u0195]","i":"[\\u0069\\u24D8\\uFF49\\u00EC\\u00ED\\u00EE\\u0129\\u012B\\u012D\\u00EF\\u1E2F\\u1EC9\\u01D0\\u0209\\u020B\\u1ECB\\u012F\\u1E2D\\u0268\\u0131]","j":"[\\u006A\\u24D9\\uFF4A\\u0135\\u01F0\\u0249]","k":"[\\u006B\\u24DA\\uFF4B\\u1E31\\u01E9\\u1E33\\u0137\\u1E35\\u0199\\u2C6A\\uA741\\uA743\\uA745\\uA7A3]","l":"[\\u006C\\u24DB\\uFF4C\\u0140\\u013A\\u013E\\u1E37\\u1E39\\u013C\\u1E3D\\u1E3B\\u017F\\u0142\\u019A\\u026B\\u2C61\\uA749\\uA781\\uA747]","lj":"[\\u01C9]","m":"[\\u006D\\u24DC\\uFF4D\\u1E3F\\u1E41\\u1E43\\u0271\\u026F]","n":"[\\u006E\\u24DD\\uFF4E\\u01F9\\u0144\\u00F1\\u1E45\\u0148\\u1E47\\u0146\\u1E4B\\u1E49\\u019E\\u0272\\u0149\\uA791\\uA7A5]","nj":"[\\u01CC]","o":"[\\u006F\\u24DE\\uFF4F\\u00F2\\u00F3\\u00F4\\u1ED3\\u1ED1\\u1ED7\\u1ED5\\u00F5\\u1E4D\\u022D\\u1E4F\\u014D\\u1E51\\u1E53\\u014F\\u022F\\u0231\\u00F6\\u022B\\u1ECF\\u0151\\u01D2\\u020D\\u020F\\u01A1\\u1EDD\\u1EDB\\u1EE1\\u1EDF\\u1EE3\\u1ECD\\u1ED9\\u01EB\\u01ED\\u00F8\\u01FF\\u0254\\uA74B\\uA74D\\u0275]","oi":"[\\u01A3]","ou":"[\\u0223]","oo":"[\\uA74F]","p":"[\\u0070\\u24DF\\uFF50\\u1E55\\u1E57\\u01A5\\u1D7D\\uA751\\uA753\\uA755]","q":"[\\u0071\\u24E0\\uFF51\\u024B\\uA757\\uA759]","r":"[\\u0072\\u24E1\\uFF52\\u0155\\u1E59\\u0159\\u0211\\u0213\\u1E5B\\u1E5D\\u0157\\u1E5F\\u024D\\u027D\\uA75B\\uA7A7\\uA783]","s":"[\\u0073\\u24E2\\uFF53\\u015B\\u1E65\\u015D\\u1E61\\u0161\\u1E67\\u1E63\\u1E69\\u0219\\u015F\\u023F\\uA7A9\\uA785\\u1E9B]","ss":"[\\u00DF]","t":"[\\u0074\\u24E3\\uFF54\\u1E6B\\u1E97\\u0165\\u1E6D\\u021B\\u0163\\u1E71\\u1E6F\\u0167\\u01AD\\u0288\\u2C66\\uA787]","tz":"[\\uA729]","u":"[\\u0075\\u24E4\\uFF55\\u00F9\\u00FA\\u00FB\\u0169\\u1E79\\u016B\\u1E7B\\u016D\\u00FC\\u01DC\\u01D8\\u01D6\\u01DA\\u1EE7\\u016F\\u0171\\u01D4\\u0215\\u0217\\u01B0\\u1EEB\\u1EE9\\u1EEF\\u1EED\\u1EF1\\u1EE5\\u1E73\\u0173\\u1E77\\u1E75\\u0289]","v":"[\\u0076\\u24E5\\uFF56\\u1E7D\\u1E7F\\u028B\\uA75F\\u028C]","vy":"[\\uA761]","w":"[\\u0077\\u24E6\\uFF57\\u1E81\\u1E83\\u0175\\u1E87\\u1E85\\u1E98\\u1E89\\u2C73]","x":"[\\u0078\\u24E7\\uFF58\\u1E8B\\u1E8D]","y":"[\\u0079\\u24E8\\uFF59\\u1EF3\\u00FD\\u0177\\u1EF9\\u0233\\u1E8F\\u00FF\\u1EF7\\u1E99\\u1EF5\\u01B4\\u024F\\u1EFF]","z":"[\\u007A\\u24E9\\uFF5A\\u017A\\u1E91\\u017C\\u017E\\u1E93\\u1E95\\u01B6\\u0225\\u0240\\u2C6C\\uA763]"},"researchesTests":["contentHasTOC","contentHasShortParagraphs","contentHasAssets","keywordInTitle","keywordInMetaDescription","keywordInPermalink","keywordIn10Percent","keywordInContent","keywordInSubheadings","keywordInImageAlt","keywordDensity","keywordNotUsed","lengthContent","lengthPermalink","linksHasInternal","linksHasExternals","linksNotAllExternals","titleStartWithKeyword","titleSentiment","titleHasPowerWords","titleHasNumber","hasContentAI"],"hasRedirection":true,"hasBreadcrumb":true},"homeUrl":"https:\/\/kronika-futbolu.pl\/historia","objectID":10458,"objectType":"post","locale":"pl","localeFull":"pl_PL","overlayImages":{"play":{"name":"Ikona PLAY","url":"https:\/\/kronika-futbolu.pl\/historia\/wp-content\/plugins\/seo-by-rank-math\/assets\/admin\/img\/icon-play.png","path":"\/home\/klient.dhosting.pl\/netpositive\/kronika-futbolu.pl\/public_html\/historia\/wp-content\/plugins\/seo-by-rank-math\/assets\/admin\/img\/icon-play.png","position":"middle_center"},"gif":{"name":"Ikona GIF","url":"https:\/\/kronika-futbolu.pl\/historia\/wp-content\/plugins\/seo-by-rank-math\/assets\/admin\/img\/icon-gif.png","path":"\/home\/klient.dhosting.pl\/netpositive\/kronika-futbolu.pl\/public_html\/historia\/wp-content\/plugins\/seo-by-rank-math\/assets\/admin\/img\/icon-gif.png","position":"middle_center"}},"defautOgImage":"https:\/\/kronika-futbolu.pl\/historia\/wp-content\/plugins\/seo-by-rank-math\/assets\/admin\/img\/social-placeholder.jpg","customPermalinks":true,"isUserRegistered":true,"autoSuggestKeywords":true,"connectSiteUrl":"https:\/\/rankmath.com\/auth?site=https%3A%2F%2Fkronika-futbolu.pl%2Fhistoria&r=https%3A%2F%2Fkronika-futbolu.pl%2Fhistoria%2Fwp-json%2Fwp%2Fv2%2Fpages%2F10458%3Fnonce%3D676862889e&pro=1","maxTags":100,"trendsIcon":"<svg viewBox=\"0 0 610 610\"><path d=\"M18.85,446,174.32,290.48l58.08,58.08L76.93,504a14.54,14.54,0,0,1-20.55,0L18.83,466.48a14.54,14.54,0,0,1,0-20.55Z\" style=\"fill:#4285f4\"\/><path d=\"M242.65,242.66,377.59,377.6l-47.75,47.75a14.54,14.54,0,0,1-20.55,0L174.37,290.43l47.75-47.75A14.52,14.52,0,0,1,242.65,242.66Z\" style=\"fill:#ea4335\"\/><polygon points=\"319.53 319.53 479.26 159.8 537.34 217.88 377.61 377.62 319.53 319.53\" style=\"fill:#fabb05\"\/><path d=\"M594.26,262.73V118.61h0a16.94,16.94,0,0,0-16.94-16.94H433.2a16.94,16.94,0,0,0-12,28.92L565.34,274.71h0a16.94,16.94,0,0,0,28.92-12Z\" style=\"fill:#34a853\"\/><rect width=\"610\" height=\"610\" style=\"fill:none\"\/><\/svg>","showScore":true,"siteFavIcon":"data:image\/png;base64,iVBORw0KGgoAAAANSUhEUgAAABAAAAAQCAYAAAAf8\/9hAAABs0lEQVR4AWL4\/\/8\/RRjO8Iucx+noO0MWUDo16FYABMGP6ZfUcRnWtm27jVPbtm3bttuH2t3eFPcY9pLz7NxiLjCyVd87pKnHyqXyxtCs8APd0rnyxiu4qSeA3QEDrAwBDrT1s1Rc\/OrjLZwqVmOSu6+Lamcpp2KKMA9PH1BYXMe1mUP5qotvXTywsOEEYHXxrY+3cqk6TMkYpNr2FeoY3KIr0RPtn9wQ2unlA+GMkRw6+9TFw4YTwDUzx\/JVvARj9KaedXRO8P5B1Du2S32smzqUrcKGEyA+uAgQjKX7zf0boWHGfn71jIKj2689gxp7OAGShNcBUmLMPVjZuiKcA2vuWHHDCQxMCz629kXAIU4ApY15QwggAFbfOP9DhgBJ+nWVJ1AZAfICAj1pAlY6hCADZnveQf7bQIwzVONGJonhLIlS9gr5mFg44Xd+4S3XHoGNPdJl1INIwKyEgHckEhgTe1bGiFY9GSFBYUwLh1IkiJUbY407E7syBSFxKTszEoiE\/YdrgCEayDmtaJwCI9uu8TKMuZSVfSa4BpGgzvomBR\/INhLGzrqDotp01ZR8pn\/1L0JN9d9XNyx0AAAAAElFTkSuQmCC","canUser":{"general":false,"advanced":false,"snippet":false,"social":false,"analysis":false,"analytics":false,"content_ai":false},"showKeywordIntent":true,"isPro":true,"is_front_page":false,"trendsUpgradeLink":"https:\/\/rankmath.com\/pricing\/?utm_source=Plugin&utm_medium=CE%20General%20Tab%20Trends&utm_campaign=WP","trendsUpgradeLabel":"Ulepszenie","trendsPreviewImage":"https:\/\/kronika-futbolu.pl\/historia\/wp-content\/plugins\/seo-by-rank-math\/assets\/admin\/img\/trends-preview.jpg","currentEditor":false,"homepageData":{"assessor":{"powerWords":[],"diacritics":true,"researchesTests":["contentHasTOC","contentHasShortParagraphs","contentHasAssets","keywordInTitle","keywordInMetaDescription","keywordInPermalink","keywordIn10Percent","keywordInContent","keywordInSubheadings","keywordInImageAlt","keywordDensity","keywordNotUsed","lengthContent","lengthPermalink","linksHasInternal","linksHasExternals","linksNotAllExternals","titleStartWithKeyword","titleSentiment","titleHasPowerWords","titleHasNumber","hasContentAI"],"hasBreadcrumb":true,"serpData":{"title":"%sitename% %page% %sep% %sitedesc%","description":"","titleTemplate":"%sitename% %page% %sep% %sitedesc%","descriptionTemplate":"","focusKeywords":"","breadcrumbTitle":"Dom","robots":{"index":true},"advancedRobots":[],"facebookTitle":"","facebookDescription":"","facebookImage":"","facebookImageID":""}}},"searchIntents":[],"isAnalyticsConnected":false,"tocTitle":"Spis tre\u015bci","tocExcludeHeadings":[],"listStyle":"ul"},"_links":{"self":[{"href":"https:\/\/kronika-futbolu.pl\/historia\/wp-json\/wp\/v2\/pages\/10458","targetHints":{"allow":["GET"]}}],"collection":[{"href":"https:\/\/kronika-futbolu.pl\/historia\/wp-json\/wp\/v2\/pages"}],"about":[{"href":"https:\/\/kronika-futbolu.pl\/historia\/wp-json\/wp\/v2\/types\/page"}],"author":[{"embeddable":true,"href":"https:\/\/kronika-futbolu.pl\/historia\/wp-json\/wp\/v2\/users\/3"}],"replies":[{"embeddable":true,"href":"https:\/\/kronika-futbolu.pl\/historia\/wp-json\/wp\/v2\/comments?post=10458"}],"version-history":[{"count":6,"href":"https:\/\/kronika-futbolu.pl\/historia\/wp-json\/wp\/v2\/pages\/10458\/revisions"}],"predecessor-version":[{"id":13602,"href":"https:\/\/kronika-futbolu.pl\/historia\/wp-json\/wp\/v2\/pages\/10458\/revisions\/13602"}],"wp:attachment":[{"href":"https:\/\/kronika-futbolu.pl\/historia\/wp-json\/wp\/v2\/media?parent=10458"}],"curies":[{"name":"wp","href":"https:\/\/api.w.org\/{rel}","templated":true}]}}