{"id":10683,"date":"2021-02-24T19:43:59","date_gmt":"2021-02-24T18:43:59","guid":{"rendered":"https:\/\/kronika-futbolu.pl\/historia\/?page_id=10683"},"modified":"2023-01-13T17:13:44","modified_gmt":"2023-01-13T16:13:44","slug":"polska-argentyna-w-pilce-noznej-wyniki-meczow","status":"publish","type":"page","link":"https:\/\/kronika-futbolu.pl\/historia\/polska-argentyna-w-pilce-noznej-wyniki-meczow\/","title":{"rendered":"Polska-Argentyna w pi\u0142ce no\u017cnej wyniki mecz\u00f3w"},"content":{"rendered":"<div id=\"ez-toc-container\" class=\"ez-toc-v2_0_75 counter-hierarchy ez-toc-counter ez-toc-grey ez-toc-container-direction\">\n<div class=\"ez-toc-title-container\">\n<p class=\"ez-toc-title\" style=\"cursor:inherit\">Table of Contents<\/p>\n<span class=\"ez-toc-title-toggle\"><a href=\"#\" class=\"ez-toc-pull-right ez-toc-btn ez-toc-btn-xs ez-toc-btn-default ez-toc-toggle\" aria-label=\"Toggle Table of Content\"><span class=\"ez-toc-js-icon-con\"><span class=\"\"><span class=\"eztoc-hide\" style=\"display:none;\">Toggle<\/span><span class=\"ez-toc-icon-toggle-span\"><svg style=\"fill: #999;color:#999\" xmlns=\"http:\/\/www.w3.org\/2000\/svg\" class=\"list-377408\" width=\"20px\" height=\"20px\" viewBox=\"0 0 24 24\" fill=\"none\"><path d=\"M6 6H4v2h2V6zm14 0H8v2h12V6zM4 11h2v2H4v-2zm16 0H8v2h12v-2zM4 16h2v2H4v-2zm16 0H8v2h12v-2z\" fill=\"currentColor\"><\/path><\/svg><svg style=\"fill: #999;color:#999\" class=\"arrow-unsorted-368013\" xmlns=\"http:\/\/www.w3.org\/2000\/svg\" width=\"10px\" height=\"10px\" viewBox=\"0 0 24 24\" version=\"1.2\" baseProfile=\"tiny\"><path d=\"M18.2 9.3l-6.2-6.3-6.2 6.3c-.2.2-.3.4-.3.7s.1.5.3.7c.2.2.4.3.7.3h11c.3 0 .5-.1.7-.3.2-.2.3-.5.3-.7s-.1-.5-.3-.7zM5.8 14.7l6.2 6.3 6.2-6.3c.2-.2.3-.5.3-.7s-.1-.5-.3-.7c-.2-.2-.4-.3-.7-.3h-11c-.3 0-.5.1-.7.3-.2.2-.3.5-.3.7s.1.5.3.7z\"\/><\/svg><\/span><\/span><\/span><\/a><\/span><\/div>\n<nav><ul class='ez-toc-list ez-toc-list-level-1 ' ><li class='ez-toc-page-1 ez-toc-heading-level-2'><a class=\"ez-toc-link ez-toc-heading-1\" href=\"https:\/\/kronika-futbolu.pl\/historia\/polska-argentyna-w-pilce-noznej-wyniki-meczow\/#_Bilans_meczow_Polska-Argentyna_kursy_bukmacherskie\" >\u00a0Bilans mecz\u00f3w Polska-Argentyna, kursy bukmacherskie.\u00a0<\/a><\/li><li class='ez-toc-page-1 ez-toc-heading-level-2'><a class=\"ez-toc-link ez-toc-heading-2\" href=\"https:\/\/kronika-futbolu.pl\/historia\/polska-argentyna-w-pilce-noznej-wyniki-meczow\/#%E2%80%8BTabela_rozgrywek\" >\u200bTabela rozgrywek<\/a><\/li><li class='ez-toc-page-1 ez-toc-heading-level-2'><a class=\"ez-toc-link ez-toc-heading-3\" href=\"https:\/\/kronika-futbolu.pl\/historia\/polska-argentyna-w-pilce-noznej-wyniki-meczow\/#i\" >\u00a0<\/a><\/li><li class='ez-toc-page-1 ez-toc-heading-level-2'><a class=\"ez-toc-link ez-toc-heading-4\" href=\"https:\/\/kronika-futbolu.pl\/historia\/polska-argentyna-w-pilce-noznej-wyniki-meczow\/#12_Mecz_Polska_%E2%80%93_Argentyna_0_2_30_listopada_2022_r\" >12. Mecz Polska &#8211; Argentyna 0:2 (30\u00a0 listopada 2022 r.)<\/a><\/li><li class='ez-toc-page-1 ez-toc-heading-level-2'><a class=\"ez-toc-link ez-toc-heading-5\" href=\"https:\/\/kronika-futbolu.pl\/historia\/polska-argentyna-w-pilce-noznej-wyniki-meczow\/#11_Mecz_Polska_%E2%80%93_Argentyna_2_1_5_czerwca_2011_r\" >11. Mecz Polska &#8211; Argentyna 2:1 (5\u00a0 czerwca 2011 r.)<\/a><\/li><li class='ez-toc-page-1 ez-toc-heading-level-2'><a class=\"ez-toc-link ez-toc-heading-6\" href=\"https:\/\/kronika-futbolu.pl\/historia\/polska-argentyna-w-pilce-noznej-wyniki-meczow\/#10_Mecz_Argentyna_%E2%80%93_Polska_2_0_26_listopada_1992_r\" >10. Mecz Argentyna &#8211; Polska 2:0 (26 listopada 1992 r.)<\/a><\/li><li class='ez-toc-page-1 ez-toc-heading-level-2'><a class=\"ez-toc-link ez-toc-heading-7\" href=\"https:\/\/kronika-futbolu.pl\/historia\/polska-argentyna-w-pilce-noznej-wyniki-meczow\/#9_Mecz_Argentyna_%E2%80%93_Polska_1_1_17_stycznia_1984_r\" >9. Mecz Argentyna &#8211; Polska 1:1 (17 stycznia 1984 r.)<\/a><\/li><li class='ez-toc-page-1 ez-toc-heading-level-2'><a class=\"ez-toc-link ez-toc-heading-8\" href=\"https:\/\/kronika-futbolu.pl\/historia\/polska-argentyna-w-pilce-noznej-wyniki-meczow\/#8_Mecz_Argentyna_%E2%80%93_Polska_1_2_28_pazdziernika_1981_r\" >8. Mecz Argentyna &#8211; Polska 1:2 (28 pa\u017adziernika 1981 r.)<\/a><\/li><li class='ez-toc-page-1 ez-toc-heading-level-2'><a class=\"ez-toc-link ez-toc-heading-9\" href=\"https:\/\/kronika-futbolu.pl\/historia\/polska-argentyna-w-pilce-noznej-wyniki-meczow\/#7_Mecz_Argentyna_%E2%80%93_Polska_2_1_12_pazdziernika_1980_r\" >7. Mecz Argentyna &#8211; Polska 2:1 (12 pa\u017adziernika 1980 r.)<\/a><\/li><li class='ez-toc-page-1 ez-toc-heading-level-2'><a class=\"ez-toc-link ez-toc-heading-10\" href=\"https:\/\/kronika-futbolu.pl\/historia\/polska-argentyna-w-pilce-noznej-wyniki-meczow\/#6_Mecz_Argentyna_%E2%80%93_Polska_2_0_14_czerwca_1978_r\" >6. Mecz Argentyna &#8211; Polska 2:0 (14 czerwca 1978 r.)<\/a><\/li><li class='ez-toc-page-1 ez-toc-heading-level-2'><a class=\"ez-toc-link ez-toc-heading-11\" href=\"https:\/\/kronika-futbolu.pl\/historia\/polska-argentyna-w-pilce-noznej-wyniki-meczow\/#5_Mecz_Argentyna_%E2%80%93_Polska_3_1_29_maja_1977_r\" >5. Mecz Argentyna &#8211; Polska 3:1 (29 maja 1977 r.)<\/a><\/li><li class='ez-toc-page-1 ez-toc-heading-level-2'><a class=\"ez-toc-link ez-toc-heading-12\" href=\"https:\/\/kronika-futbolu.pl\/historia\/polska-argentyna-w-pilce-noznej-wyniki-meczow\/#4_Mecz_Polska_%E2%80%93_Argentyna_1_2_24_marca_1976_r\" >4. Mecz Polska &#8211; Argentyna 1:2 (24\u00a0 marca 1976 r.)<\/a><\/li><li class='ez-toc-page-1 ez-toc-heading-level-2'><a class=\"ez-toc-link ez-toc-heading-13\" href=\"https:\/\/kronika-futbolu.pl\/historia\/polska-argentyna-w-pilce-noznej-wyniki-meczow\/#3_Mecz_Argentyna_%E2%80%93_Polska_2_3_15_czerwca_1974_r\" >3. Mecz Argentyna &#8211; Polska 2:3 (15 czerwca 1974 r.)<\/a><\/li><li class='ez-toc-page-1 ez-toc-heading-level-2'><a class=\"ez-toc-link ez-toc-heading-14\" href=\"https:\/\/kronika-futbolu.pl\/historia\/polska-argentyna-w-pilce-noznej-wyniki-meczow\/#2_Mecz_Argentyna_%E2%80%93_Polska_1_0_17_grudnia_1968_r\" >2. Mecz Argentyna &#8211; Polska 1:0 (17 grudnia 1968 r.)<\/a><\/li><li class='ez-toc-page-1 ez-toc-heading-level-2'><a class=\"ez-toc-link ez-toc-heading-15\" href=\"https:\/\/kronika-futbolu.pl\/historia\/polska-argentyna-w-pilce-noznej-wyniki-meczow\/#1_Mecz_Argentyna_%E2%80%93_Polska_1_1_11_czerwca_1966_r\" >1. Mecz Argentyna &#8211; Polska 1:1 (11 czerwca 1966 r.)<\/a><\/li><li class='ez-toc-page-1 ez-toc-heading-level-2'><a class=\"ez-toc-link ez-toc-heading-16\" href=\"https:\/\/kronika-futbolu.pl\/historia\/polska-argentyna-w-pilce-noznej-wyniki-meczow\/#_Przezyjmy_to_jeszcze_raz_%E2%80%93_galeria_zdjec_z_meczy_Polska_%E2%80%93_Argentyna\" >? Prze\u017cyjmy to jeszcze raz &#8211; galeria zdj\u0119\u0107 z meczy Polska &#8211; Argentyna<\/a><\/li><\/ul><\/nav><\/div>\n<h2><span class=\"ez-toc-section\" id=\"_Bilans_meczow_Polska-Argentyna_kursy_bukmacherskie\"><\/span>\u00a0Bilans mecz\u00f3w Polska-Argentyna, kursy bukmacherskie.\u00a0<span class=\"ez-toc-section-end\"><\/span><\/h2>\n<p><img loading=\"lazy\" decoding=\"async\" class=\"alignleft wp-image-8837\" src=\"https:\/\/kronika-futbolu.pl\/historia\/wp-content\/uploads\/2020\/04\/images.png\" alt=\"Pi\u0142ka no\u017cna w Argentynie\" width=\"426\" height=\"426\" \/><\/p>\n<p>\u0141\u0105cznie zosta\u0142o rozegranych 12 mecz\u00f3w. Polska wygra\u0142a 3 razy, 2 razy remisowa\u0142a i 7 razy przegra\u0142a. Stosunek bramek to 12-20.<\/p>\n<p>Ostatni mecz odby\u0142 si\u0119 30 listopada 2022 roku, by\u0142o 2-0 dla Argentyny. Trzy razy Polska gra\u0142a z Argentyn\u0105 na Mistrzostwach \u015awiata.\u00a0<\/p>\n<p>Zobacz jak obstawiali bukmacherzy &#8211; historyczne i aktualne <strong><a href=\"https:\/\/obstawianie-meczy.net\/typy-bukmacherow\/polska-argentyna\/\" target=\"_blank\" rel=\"noopener\">kursy na mecz Polska Argentyna<\/a><\/strong><\/p>\n<hr \/>\n<p><strong>\u00a0<\/strong><strong>Spis tre\u015bci:<\/strong><\/p>\n<ol reversed=\"\">\n<li style=\"text-align: left;\"><a href=\"#mecz12\">Mecz Polska-Argentyna (2022.11.30) \u2193<\/a><\/li>\n<li style=\"text-align: left;\"><a href=\"#mecz-2011-06-05\">Mecz Polska-Argentyna (2011.06.05) \u2193<\/a><\/li>\n<li style=\"text-align: left;\"><a href=\"#mecz-1992-11-26\">Mecz Argentyna-Polska (1992.11.26) \u2193<\/a><\/li>\n<li style=\"text-align: left;\"><a href=\"#mecz-1984-01-17\">Mecz Argentyna-Polska (1984.01.17) \u2193<\/a><\/li>\n<li style=\"text-align: left;\"><a href=\"#mecz-1981-10-28\">Mecz Argentyna-Polska (1981.10.28) \u2193<\/a><\/li>\n<li style=\"text-align: left;\"><a href=\"#mecz-1980-10-12\">Mecz Argentyna-Polska (1980.10.12) \u2193<\/a><\/li>\n<li style=\"text-align: left;\"><a href=\"#mecz-1978-06-14\">Mecz Argentyna-Polska (1978.06.14) \u2193<\/a><\/li>\n<li style=\"text-align: left;\"><a href=\"#mecz-1977-05-29\">Mecz Argentyna-Polska (1977.05.29) \u2193<\/a><\/li>\n<li style=\"text-align: left;\"><a href=\"#mecz-1976-03-24\">Mecz Polska-Argentyna (1976.03.24) \u2193<\/a><\/li>\n<li style=\"text-align: left;\"><a href=\"#mecz-1974-06-15\">Mecz Argentyna-Polska (1974.06.15) \u2193<\/a><\/li>\n<li style=\"text-align: left;\"><a href=\"#mecz-1968-12-17\">Mecz Argentyna-Polska (1968.12.17) \u2193<\/a><\/li>\n<li style=\"text-align: left;\"><a href=\"#mecz-1966-06-11\">Mecz Argentyna-Polska (1966.06.11) \u2193<\/a>\n<\/li>\n<\/ol>\n<h2><span class=\"ez-toc-section\" id=\"%E2%80%8BTabela_rozgrywek\"><\/span>\u200bTabela rozgrywek<span class=\"ez-toc-section-end\"><\/span><\/h2>\n\r\n\t\t\t<span class=\"rivals\">\r\n\t\t\t\t<strong>Inne mecze reprezentacji<\/strong>\r\n\t\t\t\t<select onchange=\"self.location.href=this.value\">\r\n\t\t\t\t\t<option value=\"#\">Wybierz rywala<\/option>\r\n\t\t\t\t\t<option value=\"\/historia\/reprezentacja-polski-mecze\/\">Wszystkie mecze<\/option>\r\n\t\t\t\t\t<option value=\"\/historia\/polska-albania-w-pilce-noznej-wyniki-meczow\/\">Albania<\/option>\r\n\t\t\t\t\t<option value=\"\/historia\/polska-andora-w-pilce-noznej-wyniki-meczow\/\">Andora<\/option>\r\n\t\t\t\t\t<option value=\"\/historia\/polska-anglia-w-pilce-noznej-wyniki-meczow\/\">Anglia<\/option>\r\n\t\t\t\t\t<option value=\"\/historia\/polska-arabia-saudyjska-w-pilce-noznej-wyniki-meczow\/\">Arabia Saudyjska<\/option>\r\n\t\t\t\t\t<option value=\"\/historia\/polska-argentyna-w-pilce-noznej-wyniki-meczow\/\">Argentyna<\/option>\r\n\t\t\t\t\t<option value=\"\/historia\/polska-austria-w-pilce-noznej-wyniki-meczow\/\">Austria<\/option>\r\n\t\t\t\t\t<option value=\"\/historia\/polska-belgia-w-pilce-noznej-wyniki-meczow\/\">Belgia<\/option>\r\n\t\t\t\t\t<option value=\"\/historia\/polska-brazylia-w-pilce-noznej-wyniki-meczow\/\">Brazylia<\/option>\r\n\t\t\t\t\t<option value=\"\/historia\/polska-chile-w-pilce-noznej-wyniki-meczow\/\">Chile<\/option>\r\n\t\t\t\t\t<option value=\"\/historia\/polska-chorwacja-w-pilce-noznej-wyniki-meczow\/\">Chorwacja<\/option>\r\n\t\t\t\t\t<option value=\"\/historia\/historia-i-bilans-meczow-polska-czarnogora\/\">Czarnog\u00f3ra<\/option>\r\n\t\t\t\t\t<option value=\"\/historia\/polska-czechy-w-pilce-noznej-wyniki-meczow\/\">Czechy<\/option>\r\n\t\t\t\t\t<option value=\"\/historia\/historia-i-bilans-meczow-polska-dania-w-pilce-noznej\/\">Dania<\/option>\r\n\t\t\t\t\t<option value=\"\/historia\/polska-estonia-w-pilce-noznej-wyniki-meczow\/\">Estonia<\/option>\r\n\t\t\t\t\t<option value=\"\/historia\/bilans-meczow-polska-francja-kursy-bukmacherskie\/\">Francja<\/option>\r\n\t\t\t\t\t<option value=\"\/historia\/polska-grecja-w-pilce-noznej-wyniki-meczow\/\">Grecja<\/option>\r\n\t\t\t\t\t<option value=\"\/historia\/polska-gruzja-w-pilce-noznej-wyniki-meczow\/\">Gruzja<\/option>\r\n\t\t\t\t\t<option value=\"\/historia\/polska-hiszpania-w-pilce-noznej-wyniki-meczow\/\">Hiszpania<\/option>\r\n\t\t\t\t\t<option value=\"\/historia\/polska-holandia-w-pilce-noznej-wyniki-meczow\/\">Holandia<\/option>\r\n\t\t\t\t\t<option value=\"\/historia\/historia-i-bilans-meczow-polska-irlandia\/\">Irlandia<\/option>\r\n\t\t\t\t\t<option value=\"\/historia\/polska-irlandia-polnocna-w-pilce-noznej-wyniki-meczow\/\">Irlandia P\u00f3\u0142nocna<\/option>\r\n\t\t\t\t\t<option value=\"\/historia\/polska-islandia-w-pilce-noznej-wyniki-meczow\/\">Islandia<\/option>\r\n\t\t\t\t\t<option value=\"\/historia\/historia-i-bilans-meczow-polska-japonia\/\">Japonia<\/option>\r\n\t\t\t\t\t<option value=\"\/historia\/historia-i-bilans-meczow-polska-kazachstan\/\">Kazachstan<\/option>\r\n\t\t\t\t\t<option value=\"\/historia\/historia-i-bilans-meczow-polska-kolumbia\/\">Kolumbia<\/option>\r\n\t\t\t\t\t<option value=\"\/historia\/historia-i-bilans-meczow-polska-korea-poludniowa-w-pilce-noznej\/\">Korea Po\u0142udniowa<\/option>\r\n\t\t\t\t\t<option value=\"\/historia\/polska-liechtenstein-w-pilce-noznej-wyniki-meczow\/\">Liechtenstein<\/option>\r\n\t\t\t\t\t<option value=\"\/historia\/historia-i-bilans-meczow-polska-litwa\/\">Litwa<\/option>\r\n\t\t\t\t\t<option value=\"\/historia\/polska-lotwa-w-pilce-noznej-wyniki-meczow\/\">\u0141otwa<\/option>\r\n\t\t\t\t\t<option value=\"\/historia\/polska-meksyk-w-pilce-noznej-wyniki-meczow\/\">Meksyk<\/option>\r\n\t\t\t\t\t<option value=\"\/historia\/polska-moldawia-w-pilce-noznej-wyniki-meczow\/\">Mo\u0142dawia<\/option>\r\n\t\t\t\t\t<option value=\"\/historia\/polska-niemcy-w-pilce-noznej-wyniki-meczow\/\">Niemcy<\/option>\r\n\t\t\t\t\t<option value=\"\/historia\/historia-i-bilans-meczow-polska-nigeria\/\">Nigeria<\/option>\r\n\t\t\t\t\t<option value=\"\/historia\/polska-norwegia-w-pilce-noznej-wyniki-meczow\/\">Norwegia<\/option>\r\n\t\t\t\t\t<option value=\"\/historia\/polska-nowa-zelandia-w-pilce-noznej-wyniki-meczow\/\">Nowa Zelandia<\/option>\r\n\t\t\t\t\t<option value=\"\/historia\/polska-portugalia-w-pilce-noznej-wyniki-meczow\/\">Portugalia<\/option>\r\n\t\t\t\t\t<option value=\"\/historia\/polska-rosja-w-pilce-noznej-wyniki-meczow\/\">Rosja<\/option>\r\n\t\t\t\t\t<option value=\"\/historia\/historia-i-bilans-meczow-polska-rumunia\/\">Rumunia<\/option>\r\n\t\t\t\t\t<option value=\"\/historia\/polska-san-marino-w-pilce-noznej-wyniki-meczow\/\">San Marino<\/option>\r\n\t\t\t\t\t<option value=\"\/historia\/historia-i-bilans-meczow-polska-senegal\/\">Senegal<\/option>\r\n\t\t\t\t\t<option value=\"\/historia\/polska-slowacja-w-pilce-noznej-wyniki-meczow\/\">S\u0142owacja<\/option>\r\n\t\t\t\t\t<option value=\"\/historia\/polska-slowenia-w-pilce-noznej-wyniki-meczow\/\">S\u0142owenia<\/option>\r\n\t\t\t\t\t<option value=\"\/historia\/polska-szkocja-w-pilce-noznej-wyniki-meczow\/\">Szkocja<\/option>\r\n\t\t\t\t\t<option value=\"\/historia\/polska-szwajcaria-w-pilce-noznej-wyniki-meczow\/\">Szwajcaria<\/option>\r\n\t\t\t\t\t<option value=\"\/historia\/polska-szwecja-w-pilce-noznej-wyniki-meczow\/\">Szwecja<\/option>\r\n\t\t\t\t\t<option value=\"\/historia\/polska-turcja-w-pilce-noznej-wyniki-meczow\/\">Turcja<\/option>\r\n\t\t\t\t\t<option value=\"\/historia\/polska-ukraina-w-pilce-noznej-wyniki-meczow\/\">Ukraina<\/option>\r\n\t\t\t\t\t<option value=\"\/historia\/historia-i-bilans-meczow-polska-urugwaj\/\">Urugwaj<\/option>\r\n\t\t\t\t\t<option value=\"\/historia\/polska-walia-w-pilce-noznej-wyniki-meczow\/\">Walia<\/option>\r\n\t\t\t\t\t<option value=\"\/historia\/polska-wegry-w-pilce-noznej-wyniki-meczow\/\">W\u0119gry<\/option>\r\n\t\t\t\t\t<option value=\"\/historia\/historia-i-bilans-meczow-polska-wlochy-w-pilce-noznej\/\">W\u0142ochy<\/option>\r\n\t\t\t\t\t<option value=\"\/historia\/polska-wyspy-owcze-w-pilce-noznej-wyniki-meczow\/\">Wyspy Owcze<\/option>\r\n\t\t\t\t<\/select>\r\n\t\t\t<\/span>\r\n\t\t\n<table style=\"width: 100%; height: 487px;\">\n<thead>\n<tr style=\"height: 45px;\">\n<th style=\"width: 0.484848%; text-align: center; height: 45px;\">Lp.<\/th>\n<th style=\"width: 9.47244%; height: 45px;\">Data meczu<\/th>\n<th style=\"width: 8.03119%; height: 45px;\">Miejsce<\/th>\n<th style=\"width: 7.11353%; height: 45px;\">Mecz<\/th>\n<th style=\"text-align: center; width: 8.93997%; height: 45px;\">Strzelone bramki<\/th>\n<th style=\"text-align: center; width: 10.0068%; height: 45px;\">Strzelone bramki<\/th>\n<th style=\"text-align: center; width: 9.52776%; height: 45px;\">Rodzaj rozgrywek<\/th>\n<th style=\"width: 31.2719%; height: 45px;\">Trener<\/th>\n<\/tr>\n<\/thead>\n<tbody>\n<tr>\n<td style=\"width: 0.484848%; text-align: center;\">12.<\/td>\n<td style=\"width: 9.47244%;\">2022.11.30 (\u015broda)<\/td>\n<td style=\"width: 8.03119%;\">Ad-Dauha<\/td>\n<td style=\"width: 7.11353%;\">Polska-Argentyna<\/td>\n<td style=\"text-align: center; width: 8.93997%;\">[pl] 0<\/td>\n<td style=\"text-align: center; width: 10.0068%;\">[ar] 2<\/td>\n<td style=\"text-align: center; width: 9.52776%;\">M\u015a<\/td>\n<td style=\"width: 31.2719%;\">Czes\u0142aw Michniewicz<\/td>\n<\/tr>\n<tr style=\"height: 21px;\">\n<td style=\"width: 0.484848%; text-align: center; height: 21px;\">11.<\/td>\n<td style=\"width: 9.47244%; height: 21px;\">2011.06.05 (niedziela)<\/td>\n<td style=\"width: 8.03119%; height: 21px;\">Warszawa<\/td>\n<td style=\"width: 7.11353%; height: 21px;\">Polska- Argentyna<\/td>\n<td style=\"text-align: center; width: 8.93997%; height: 21px;\">[pl] 2<\/td>\n<td style=\"text-align: center; width: 10.0068%; height: 21px;\">[ar] 1<\/td>\n<td style=\"text-align: center; width: 9.52776%; height: 21px;\">MT<\/td>\n<td style=\"width: 31.2719%; height: 21px;\">Franciszek Smuda<\/td>\n<\/tr>\n<tr style=\"height: 21px;\">\n<td style=\"width: 0.484848%; text-align: center; height: 21px;\">10.<\/td>\n<td style=\"width: 9.47244%; height: 21px;\">1992.11.26 (czwartek)<\/td>\n<td style=\"width: 8.03119%; height: 21px;\">Buenos Aires<\/td>\n<td style=\"width: 7.11353%; height: 21px;\">Argentyna &#8211; Polska<\/td>\n<td style=\"text-align: center; width: 8.93997%; height: 21px;\">[ar] 2<\/td>\n<td style=\"text-align: center; width: 10.0068%; height: 21px;\">[pl] 0<\/td>\n<td style=\"text-align: center; width: 9.52776%; height: 21px;\">MT<\/td>\n<td style=\"width: 31.2719%; height: 21px;\">Andrzej Strejlau<\/td>\n<\/tr>\n<tr style=\"height: 21px;\">\n<td style=\"width: 0.484848%; text-align: center; height: 21px;\">9.<\/td>\n<td style=\"width: 9.47244%; height: 21px;\">1984.01.17 (wtorek)<\/td>\n<td style=\"width: 8.03119%; height: 21px;\">Kalkuta<\/td>\n<td style=\"width: 7.11353%; height: 21px;\">Argentyna- Polska<\/td>\n<td style=\"text-align: center; width: 8.93997%; height: 21px;\">[ar] 1<\/td>\n<td style=\"text-align: center; width: 10.0068%; height: 21px;\">[pl] 1<\/td>\n<td style=\"text-align: center; width: 9.52776%; height: 21px;\">MT<\/td>\n<td style=\"width: 31.2719%; height: 21px;\">Antoni Piechniczek<\/td>\n<\/tr>\n<tr style=\"height: 21px;\">\n<td style=\"width: 0.484848%; text-align: center; height: 21px;\">8.<\/td>\n<td style=\"width: 9.47244%; height: 21px;\">1981.10.28 (\u015broda)<\/td>\n<td style=\"width: 8.03119%; height: 21px;\">Buenos Aires<\/td>\n<td style=\"width: 7.11353%; height: 21px;\">Argentyna &#8211; Polska<\/td>\n<td style=\"text-align: center; width: 8.93997%; height: 21px;\">[ar] 1<\/td>\n<td style=\"text-align: center; width: 10.0068%; height: 21px;\">[pl] 2<\/td>\n<td style=\"text-align: center; width: 9.52776%; height: 21px;\">MT<\/td>\n<td style=\"width: 31.2719%; height: 21px;\">Antoni Piechniczek<\/td>\n<\/tr>\n<tr style=\"height: 21px;\">\n<td style=\"width: 0.484848%; text-align: center; height: 21px;\">7.<\/td>\n<td style=\"width: 9.47244%; height: 21px;\">1980.10.12 (niedziela)<\/td>\n<td style=\"width: 8.03119%; height: 21px;\">Buenos Aires<\/td>\n<td style=\"width: 7.11353%; height: 21px;\">Argentyna- Polska<\/td>\n<td style=\"text-align: center; width: 8.93997%; height: 21px;\">[ar] 2<\/td>\n<td style=\"text-align: center; width: 10.0068%; height: 21px;\">[pl] 1<\/td>\n<td style=\"text-align: center; width: 9.52776%; height: 21px;\">MT<\/td>\n<td style=\"width: 31.2719%; height: 21px;\">Ryszard Kulesza<\/td>\n<\/tr>\n<tr style=\"height: 21px;\">\n<td style=\"width: 0.484848%; text-align: center; height: 21px;\">6.<\/td>\n<td style=\"width: 9.47244%; height: 21px;\">1978.06.14 (\u015broda)<\/td>\n<td style=\"width: 8.03119%; height: 21px;\">Rosario<\/td>\n<td style=\"width: 7.11353%; height: 21px;\">Argentyna &#8211; Polska<\/td>\n<td style=\"text-align: center; width: 8.93997%; height: 21px;\">[ar] 2<\/td>\n<td style=\"text-align: center; width: 10.0068%; height: 21px;\">[pl] 0<\/td>\n<td style=\"text-align: center; width: 9.52776%; height: 21px;\">M\u015a<\/td>\n<td style=\"width: 31.2719%; height: 21px;\">Jacek Gmoch<\/td>\n<\/tr>\n<tr style=\"height: 21px;\">\n<td style=\"width: 0.484848%; text-align: center; height: 22px;\">5.<\/td>\n<td style=\"width: 9.47244%; height: 22px;\">1977.05.29 (niedziela)<\/td>\n<td style=\"width: 8.03119%; height: 22px;\">Buenos Aires<\/td>\n<td style=\"width: 7.11353%; height: 22px;\">Argentyna &#8211; Polska<\/td>\n<td style=\"text-align: center; width: 8.93997%; height: 22px;\">[ar] 3<\/td>\n<td style=\"text-align: center; width: 10.0068%; height: 22px;\">[pl] 1<\/td>\n<td style=\"text-align: center; width: 9.52776%; height: 22px;\">MT<\/td>\n<td style=\"width: 31.2719%; height: 22px;\">Jacek Gmoch<\/td>\n<\/tr>\n<tr style=\"height: 21px;\">\n<td style=\"width: 0.484848%; text-align: center; height: 21px;\">4.<\/td>\n<td style=\"width: 9.47244%; height: 21px;\">1976.03.24 (\u015broda)<\/td>\n<td style=\"width: 8.03119%; height: 21px;\">Chorz\u00f3w<\/td>\n<td style=\"width: 7.11353%; height: 21px;\">Polska &#8211; Argentyna<\/td>\n<td style=\"text-align: center; width: 8.93997%; height: 21px;\">[pl] 1<\/td>\n<td style=\"text-align: center; width: 10.0068%; height: 21px;\">[ar] 2<\/td>\n<td style=\"text-align: center; width: 9.52776%; height: 21px;\">MT<\/td>\n<td style=\"width: 31.2719%; height: 21px;\">Kazimierz G\u00f3rski<\/td>\n<\/tr>\n<tr style=\"height: 21px;\">\n<td style=\"width: 0.484848%; text-align: center; height: 21px;\">3.<\/td>\n<td style=\"width: 9.47244%; height: 21px;\">1974.06.15 (sobota)<\/td>\n<td style=\"width: 8.03119%; height: 21px;\">Stuttgart<\/td>\n<td style=\"width: 7.11353%; height: 21px;\">Argentyna &#8211; Polska<\/td>\n<td style=\"text-align: center; width: 8.93997%; height: 21px;\">[ar] 2<\/td>\n<td style=\"text-align: center; width: 10.0068%; height: 21px;\">[pl] 3<\/td>\n<td style=\"text-align: center; width: 9.52776%; height: 21px;\">M\u015a<\/td>\n<td style=\"width: 31.2719%; height: 21px;\">Kazimierz G\u00f3rski<\/td>\n<\/tr>\n<tr style=\"height: 21px;\">\n<td style=\"width: 0.484848%; text-align: center; height: 21px;\">2.<\/td>\n<td style=\"width: 9.47244%; height: 21px;\">1968.12.17 (wtorek)<\/td>\n<td style=\"width: 8.03119%; height: 21px;\">Mar del Plata<\/td>\n<td style=\"width: 7.11353%; height: 21px;\">Argentyna &#8211; Polska<\/td>\n<td style=\"text-align: center; width: 8.93997%; height: 21px;\">[ar] 1<\/td>\n<td style=\"text-align: center; width: 10.0068%; height: 21px;\">[pl] 0<\/td>\n<td style=\"text-align: center; width: 9.52776%; height: 21px;\">MT<\/td>\n<td style=\"width: 31.2719%; height: 21px;\">Ryszard Koncewicz<\/td>\n<\/tr>\n<tr style=\"height: 21px;\">\n<td style=\"width: 0.484848%; text-align: center; height: 21px;\">1.<\/td>\n<td style=\"width: 9.47244%; height: 21px;\">1966.06.11 (sobota)<\/td>\n<td style=\"width: 8.03119%; height: 21px;\">Buenos Aires<\/td>\n<td style=\"width: 7.11353%; height: 21px;\">Argentyna &#8211; Polska<\/td>\n<td style=\"text-align: center; width: 8.93997%; height: 21px;\">[ar] 1<\/td>\n<td style=\"text-align: center; width: 10.0068%; height: 21px;\">[pl] 1<\/td>\n<td style=\"text-align: center; width: 9.52776%; height: 21px;\">MT<\/td>\n<td style=\"width: 31.2719%; height: 21px;\">Antoni Brze\u017ca\u0144czyk<\/td>\n<\/tr>\n<\/tbody>\n<\/table>\n<h2><span class=\"ez-toc-section\" id=\"i\"><\/span>\u00a0<span class=\"ez-toc-section-end\"><\/span><\/h2>\n<h2 id=\"mecz12\"><span class=\"ez-toc-section\" id=\"12_Mecz_Polska_%E2%80%93_Argentyna_0_2_30_listopada_2022_r\"><\/span><a id=\"mecz12\"><\/a>12. Mecz Polska &#8211; Argentyna 0:2 (30\u00a0 listopada 2022 r.)<span class=\"ez-toc-section-end\"><\/span><\/h2>\n<ul>\n<li><strong>Data meczu:<\/strong> 30.11.2022<\/li>\n<li><strong>Ranga meczu:<\/strong> Mistrzostwa \u015awiata 2022<\/li>\n<li><strong>S\u0119dzia:<\/strong> Danny Desmond Makkelie (Holandia)<\/li>\n<li><strong>Stadion:<\/strong> Stadium 974, Ad-Dauha<\/li>\n<li><strong>Trener:<\/strong> Czes\u0142aw Michniewicz\u00a0<\/li>\n<\/ul>\n<p><strong>\u26bd Strzelone bramki:<\/strong><\/p>\n<ul>\n<li>Alexis Mac Allister [ar] 46&#8242;<\/li>\n<li>Juli\u00e1n \u00c1lvarez [ar] 67&#8242;<\/li>\n<\/ul>\n<p>W 39 minucie Leo Messi nie wykorzysta\u0142 rzutu karnego. Wojciech Szcz\u0119sny obroni\u0142.<\/p>\n<p><strong>? Sk\u0142ady:<\/strong><\/p>\n<table style=\"border-collapse: collapse; width: 100%; height: 383px;\">\n<thead>\n<tr style=\"height: 21px;\">\n<th style=\"width: 50%; height: 21px;\">[pl] Polska:<\/th>\n<th style=\"width: 50%; height: 21px;\">[ar] Argentyna:<\/th>\n<\/tr>\n<\/thead>\n<tbody>\n<tr style=\"height: 362px;\">\n<td style=\"width: 50%; height: 362px;\">\n<ul>\n<li><strong>Wojciech Szcz\u0119sny<\/strong> -Juventus<\/li>\n<li><strong>Kamil Glik<\/strong> -Benevento Calcio<\/li>\n<li><strong>Bartosz Bereszy\u0144ski<\/strong> do 72&#8242; -Sampdoria<\/li>\n<li>od 72&#8242; <strong>Artur J\u0119drzejczyk<\/strong> -Legia Warszawa<\/li>\n<li><strong>Matty Cash<\/strong> -Aston Villa<\/li>\n<li><strong>Jakub Kiwior<\/strong> -Spezia Calcio<\/li>\n<li><strong>Grzegorz Krychowiak<\/strong> 78&#8242; [ycard] do 83&#8242; -Al Shabab<\/li>\n<li>od 83&#8242; <strong>Krzysztof Pi\u0105tek<\/strong> -Salernitana<\/li>\n<li><strong>Piotr Zieli\u0144ski<\/strong> -Napoli<\/li>\n<li><strong>Przemys\u0142aw Frankowski<\/strong> do 46&#8242; -RC Lens<\/li>\n<li>od 46&#8242; <strong>Jakub Kami\u0144ski<\/strong> -VfL Wolfsburg<\/li>\n<li><strong>Krystian Bielik<\/strong> do 62&#8242; -Birmingham City<\/li>\n<li>od 62&#8242; <strong>Damian Szyma\u0144ski<\/strong> -AEK<\/li>\n<li><strong>Robert Lewandowski<\/strong> kapitan -FC Barcelona<\/li>\n<li><strong>Karol \u015awiderski<\/strong> do 46&#8242; -Charlotte FC<\/li>\n<li>od 46&#8242; <strong>Micha\u0142 Sk\u00f3ra\u015b<\/strong> -Lech Pozna\u0144<\/li>\n<\/ul>\n<\/td>\n<td style=\"width: 50%; height: 362px;\">\n<ul>\n<li><strong>Emiliano Mart\u00ednez<\/strong> -Aston Villa<\/li>\n<li><strong>Nahuel Molina<\/strong> -Atletico Madryt<\/li>\n<li><strong>Cristian Romero<\/strong> -Tottenham<\/li>\n<li><strong>Nicolas Otamendi<\/strong> &#8211; Benfica<\/li>\n<li><strong>Marcos Acu\u00f1a<\/strong> 49&#8242; [ycard] do 59&#8242; &#8211; Sevilla<\/li>\n<li>od 59&#8242; <strong>Nicol\u00e1s Tagliafico<\/strong> -Ol.Lyon<\/li>\n<li><strong>Rodrigo de Paul<\/strong> -Atletico Madryt<\/li>\n<li><strong>Enzo Fern\u00e1ndez<\/strong> do 79&#8242; &#8211; Benfica<\/li>\n<li>od 79&#8242; <strong>Germ\u00e1n Pezzella<\/strong> -Betis<\/li>\n<li><strong>Alexis Mac Allister<\/strong> do 84&#8242; &#8211; Brighton<\/li>\n<li>od 84&#8242; <strong>Thiago Almada<\/strong> -Atlanta United<\/li>\n<li><strong>\u00c1ngel Di Mar\u00eda<\/strong> do 59&#8242; -Juventus<\/li>\n<li>od 59&#8242; <strong>Leandro Paredes<\/strong> -Juventus<\/li>\n<li><strong>Leo Messi<\/strong> kapitan &#8211; PSG<\/li>\n<li><strong>Juli\u00e1n \u00c1lvarez<\/strong> do 79&#8242; &#8211; Manchester City<\/li>\n<li>od 79&#8242; <strong>Lautaro Mart\u00ednez<\/strong> -Inter<\/li>\n<\/ul>\n<\/td>\n<\/tr>\n<\/tbody>\n<\/table>\n<div id=\"attachment_13474\" style=\"width: 620px\" class=\"wp-caption aligncenter\"><a href=\"https:\/\/kronika-futbolu.pl\/historia\/wp-content\/uploads\/2023\/01\/polska_argentyna_2022_wlasne.png\"><img loading=\"lazy\" decoding=\"async\" aria-describedby=\"caption-attachment-13474\" class=\"wp-image-13474 size-full\" src=\"https:\/\/kronika-futbolu.pl\/historia\/wp-content\/uploads\/2023\/01\/polska_argentyna_2022_wlasne.png\" alt=\"Polska-Argentyna 2022\" width=\"610\" height=\"833\" srcset=\"https:\/\/kronika-futbolu.pl\/historia\/wp-content\/uploads\/2023\/01\/polska_argentyna_2022_wlasne.png 610w, https:\/\/kronika-futbolu.pl\/historia\/wp-content\/uploads\/2023\/01\/polska_argentyna_2022_wlasne-293x400.png 293w\" sizes=\"auto, (max-width: 610px) 100vw, 610px\" \/><\/a><p id=\"caption-attachment-13474\" class=\"wp-caption-text\">Ok\u0142adka Przegl\u0105du Sportowego po meczu.<\/p><\/div>\n<p style=\"text-align: justify;\">W trzeciej- ostatniej kolejce grupy C Mistrzostw \u015awiata w Katarze Polska zagra\u0142a z Argentyn\u0105, a Arabia Saudyjska z Meksykiem. Wszystkie 4 zespo\u0142y z tej grupy przed 3 kolejk\u0105 mia\u0142y szans\u0119 na awans. Realnie mo\u017cna, by\u0142o zak\u0142ada\u0107, \u017ce Argentyna zajmie pierwsze miejsce, a o drugi w po\u015brednim pojedynku b\u0119d\u0105 walczy\u0107 pi\u0142karze z Polski i z Meksyku. Tak te\u017c by\u0142o. Zwyci\u0119stwo Polski z Argentyn\u0105 dawa\u0142o 100 % szans na awans do kolejnej rundy. Remis te\u017c dawa\u0142 przepustk\u0119, lecz tutaj mia\u0142y zosta\u0107 spe\u0142nione dodatkowe warunki, jak np. wynik meczu Arabia Saudyjska \u2014 Meksyk. Pora\u017cka tak\u017ce nie skre\u015bla\u0142a Polak\u00f3w z turnieju. W przypadku r\u00f3wnej liczby punkt\u00f3w decydowa\u0142y nast\u0119pnie bramki, oraz \u017c\u00f3\u0142te kartki.\u00a0<\/p>\n<p style=\"text-align: justify;\">Scenariuszy by\u0142o bardzo du\u017co, lecz chyba \u017caden polski kibic nie spodziewa\u0142 si\u0119 takich wydarze\u0144, jakie mia\u0142y miejsce w Doha i w Lusail gdzie grali Saudyjczycy z Meksykanami. Reprezentacja Polski zagra\u0142a z Argentyn\u0105 mizernie. Pierwsza po\u0142owa zako\u0144czy\u0142a si\u0119 wynikiem 0-0 i trzeba tutaj m\u00f3wi\u0107 o wielkim szcz\u0119\u015bciu Polak\u00f3w, a w\u0142a\u015bciwie wielkim Szcz\u0119snym, o wielkim Wojtku Szcz\u0119snym. Nasz bramkarz po raz drugi na turnieju w Katarze obroni\u0142 rzut karny. Tym razem sam Leo Messi musia\u0142 uzna\u0107 wy\u017cszo\u015b\u0107 Polaka. Pocz\u0105tek II po\u0142owy przyni\u00f3s\u0142 sporo emocji. W 46 minucie gola dla Argentyny zdoby\u0142 Alexis Mac Allister, a w meczu Arabia S.-Meksyk w 47 minucie trafi\u0142 Henry Mart\u00edn i by\u0142o 1-0 dla Meksykan\u00f3w (oba mecze by\u0142y rozgrywane w tym samym czasie). W 52 minucie by\u0142o ju\u017c 2-0 dla Meksyku. W 67 minucie Polska przegrywa\u0142a 0-2 po golu Juli\u00e1na \u00c1lvareza.\u00a0<\/p>\n<p style=\"text-align: justify;\">Sytuacja Polak\u00f3w nie by\u0142a kolorowa, a o awansie zacz\u0119\u0142y decydowa\u0107 \u017c\u00f3\u0142te kartki. Los Reprezentacji Polski wisia\u0142 na w\u0142osku, ale w doliczonym czasie gry bramk\u0119 dla Arabii Saudyjskiej strzeli\u0142 Salem Al-Dawsari i ostatecznie to Polska, po raz pierwszy od 36 lat wysz\u0142a z grupy Mistrzostw \u015awiata. By\u0142 zwyci\u0119ski remis na Wembley, a od 30 listopada 2022 zwyci\u0119ska pora\u017cka na Stadionie 964 w Doha.<\/p>\n<p style=\"text-align: justify;\">Polacy wym\u0119czyli awans. Gra w 3 spotkaniach grupowych by\u0142a fatalna, bardzo oporna i g\u0142\u00f3wnie nasttawiona na bronienie si\u0119. Cel zosta\u0142 osi\u0105gni\u0119ty, ale w kiepskim stylu. W kolejnej rundzie Bia\u0142o-Czerowni zagrali z Francj\u0105.<\/p>\n<h2 id=\"mecz-18-04-1965\"><span class=\"ez-toc-section\" id=\"11_Mecz_Polska_%E2%80%93_Argentyna_2_1_5_czerwca_2011_r\"><\/span><a id=\"mecz-2011-06-05\"><\/a>11. Mecz Polska &#8211; Argentyna 2:1 (5\u00a0 czerwca 2011 r.)<span class=\"ez-toc-section-end\"><\/span><\/h2>\n<ul>\n<li><strong>Data meczu:<\/strong> 05.06.2011<\/li>\n<li><strong>Ranga meczu:<\/strong> Towarzyski<\/li>\n<li><strong>S\u0119dzia:<\/strong> Manuel Gr\u00e4fe (Niemcy)<\/li>\n<li><strong>Stadion:<\/strong> Stadion Wojska Polskiego im. Marsza\u0142ka J\u00f3zefa Pi\u0142sudskiego, Warszawa<\/li>\n<li><strong>Trener:<\/strong> Franciszek Smuda<\/li>\n<\/ul>\n<p><strong>\u26bd Strzelone bramki:<\/strong><\/p>\n<ul>\n<li>Adrian Mierzejewski\u00a0 [pl] 26&#8242;<\/li>\n<li>Marco Ruben\u00a0 [ar] 47&#8242;<\/li>\n<li>Pawe\u0142 Bro\u017cek [pl] 67&#8242;<\/li>\n<\/ul>\n<p><strong>? Sk\u0142ady:<\/strong><\/p>\n<table style=\"border-collapse: collapse; width: 100%; height: 383px;\">\n<thead>\n<tr style=\"height: 21px;\">\n<th style=\"width: 50%; height: 21px;\">[pl] Polska:<\/th>\n<th style=\"width: 50%; height: 21px;\">[ar] Argentyna:<\/th>\n<\/tr>\n<\/thead>\n<tbody>\n<tr style=\"height: 362px;\">\n<td style=\"width: 50%; height: 362px;\">\n<ul>\n<li><strong>Wojciech Szcz\u0119sny<\/strong> -Arsenal FC<\/li>\n<li><strong>\u0141ukasz Piszczek<\/strong> -Borussia Dortmund<\/li>\n<li><strong>Grzegorz Wojtkowiak<\/strong> -Lech Pozna\u0144<\/li>\n<li><strong>Tomasz Jod\u0142owiec<\/strong> -Polonia Warszawa<\/li>\n<li><strong>Jakub Wawrzyniak<\/strong> 90+3&#8242;[ycard] -Legia Warszawa<\/li>\n<li><strong>Jakub B\u0142aszczykowski<\/strong> kapitan -Borussia Dortmund<\/li>\n<li><strong>Dariusz Dudka<\/strong> -AJ Auxerre<\/li>\n<li><strong>Rafa\u0142 Murawski<\/strong> 22&#8242; [ycard] do 76&#8242; -Lech Pozna\u0144<\/li>\n<li>od 76&#8242; <strong>Adam Matuszczyk<\/strong> -1. FC K\u00f6ln<\/li>\n<li><strong>Adrian Mierzejewski<\/strong> do 80&#8242; -Polonia Warszawa<\/li>\n<li>od 80&#8242; <strong>Micha\u0142 Kucharczyk<\/strong> -Legia Warszawa<\/li>\n<li><strong>Kamil Grosicki<\/strong> do 56&#8242; -Sivasspor<\/li>\n<li>od 56&#8242; <strong>Pawe\u0142 Bro\u017cek<\/strong> -Trabzonspor<\/li>\n<li><strong>Robert Lewandowski<\/strong> 85&#8242; [ycard] do 90&#8242; -Borussia Dortmund<\/li>\n<li>od 90&#8242; <strong>Mateusz Klich<\/strong> -MKS Cracovia<\/li>\n<\/ul>\n<\/td>\n<td style=\"width: 50%; height: 362px;\">\n<ul>\n<li><strong>Adri\u00e1n Jos\u00e9 Gabbarini<\/strong> &#8211; Independiente Avellaneda<\/li>\n<li><strong>Pablo Javier Zabaleta Girod<\/strong> kapitan do 46&#8242; &#8211; Manchester City<\/li>\n<li>od 46&#8242; <strong>Emiliano Adri\u00e1n Ins\u00faa Zapata<\/strong> &#8211; V\u00e9lez S\u00e1rsfield Buenos Aires<\/li>\n<li><strong>Mateo Pablo Musacchio<\/strong> &#8211; Villarreal CF<\/li>\n<li><strong>Federico Juli\u00e1n Fazio<\/strong> do 46&#8242;- Sevilla FC<\/li>\n<li>od 46&#8242; <strong>Jonathan Pablo Bottinelli<\/strong> &#8211; San Lorenzo Almagro<\/li>\n<li><strong>Cristian Daniel Ansaldi<\/strong> &#8211; Rubin Kazan<\/li>\n<li><strong>Pablo Daniel Piattido<\/strong> 78&#8242; &#8211; UD Almer\u00eda<\/li>\n<li>od 78&#8242; <strong>Osvaldo Nicol\u00e1s Fabi\u00e1n Gait\u00e1n<\/strong> &#8211; Benfica Lizbona<\/li>\n<li><strong>Mario Ariel Bolatti<\/strong> &#8211; AC Fiorentina<\/li>\n<li><strong>Nicol\u00e1s Santiago Bertolo<\/strong> do 46&#8242; &#8211; Real Saragossa<\/li>\n<li>od 46&#8242;<strong> Fernando Daniel Belluschi<\/strong> &#8211; FC Porto<\/li>\n<li><strong>Alejandro Ariel Cabral<\/strong> do 68&#8242;- Legia Warszawa<\/li>\n<li>od 68&#8242; <strong>Mauro Abel Formica<\/strong> &#8211; Blackburn Rovers<\/li>\n<li><strong>Jonathan Ezequiel Cristaldo<\/strong> &#8211; Metalist Chark\u00f3w<\/li>\n<li><strong>Marco Gast\u00f3n Rub\u00e9n Rodr\u00edguez<\/strong> &#8211; Villarreal C<\/li>\n<\/ul>\n<\/td>\n<\/tr>\n<\/tbody>\n<\/table>\n<div id=\"attachment_10733\" style=\"width: 416px\" class=\"wp-caption alignleft\"><img loading=\"lazy\" decoding=\"async\" aria-describedby=\"caption-attachment-10733\" class=\"wp-image-10733 size-medium\" src=\"https:\/\/kronika-futbolu.pl\/historia\/wp-content\/uploads\/2021\/02\/11B_polska_argentyna_2011_laczynaspilka-406x400.png\" alt=\"Polska - Argentyna 2011\" width=\"406\" height=\"400\" srcset=\"https:\/\/kronika-futbolu.pl\/historia\/wp-content\/uploads\/2021\/02\/11B_polska_argentyna_2011_laczynaspilka-406x400.png 406w, https:\/\/kronika-futbolu.pl\/historia\/wp-content\/uploads\/2021\/02\/11B_polska_argentyna_2011_laczynaspilka.png 573w\" sizes=\"auto, (max-width: 406px) 100vw, 406px\" \/><p id=\"caption-attachment-10733\" class=\"wp-caption-text\">Polska &#8211; Argentyna 2011. \u0179r\u00f3d\u0142o: Przegl\u0105d Sportowy<\/p><\/div>\n<p style=\"text-align: justify;\">Rok i trzy dni przed meczem otwarcia Mistrzostw Europy 2012 w Polsce i Ukrainie, Bia\u0142o-Czerwoni rozegrali na stadionie Legii spotkanie z Argentyn\u0105. By\u0142o to\u00a0 pierwsze starcie obu reprezentacji po 19 latach, a 11 w historii.\u00a0 W ramach przygotowa\u0144 do Euro Polska rozgrywa\u0142a tylko mecze towarzyskie w kt\u00f3rych kilkukrotnie zmierzy\u0142a si\u0119 z najmocniejszymi zespo\u0142ami na \u015bwiecie, przynajmniej w teorii i na papierze. Gra z Argentyn\u0105 zapocz\u0105tkowa\u0142a seri\u0119 gier z zespo\u0142ami z \u015bwiatowego topu. P\u00f3\u017aniej by\u0142a Francja, Meksyk, Niemcy, W\u0142ochy, Portugalia. Trzeba koniecznie zaznaczy\u0107 \u017ce dru\u017cyna argenty\u0144ska kt\u00f3ra wyst\u0105pi\u0142a w Warszawie w 2011 roku by\u0142a trzecim garniturem tej reprezentacji. Kilka tygodni przed startem Copa America 2011 w spotkaniu z Polsk\u0105 zagra\u0142 tylko jeden zawodnik kt\u00f3ry zosta\u0142 powo\u0142any na turniej o mistrzostwo Ameryki Po\u0142udniowej, by\u0142 nim Pablo Zabaleta. W barwach Albicelestes zadebiutowa\u0142 nawet Alejandro Ariel Cabral, kt\u00f3ry by\u0142 w\u00f3wczas zawodnikiem Legii Warszawa i jeszcze tylko raz wyst\u0105pi\u0142 w dru\u017cynie narodowej.\u00a0<\/p>\n<p style=\"text-align: justify;\">W 26 minucie Polacy przej\u0119li pi\u0142k\u0119 na po\u0142owie rywala, Lewandowski zagra\u0142 do Mierzejewskiego a ten bez trudu pokona\u0142 argenty\u0144skiego bramkarza. Wyr\u00f3wna\u0142 Marco Ruben zaraz na pocz\u0105tku II po\u0142owy. Pokona\u0142 Szcz\u0119snego strza\u0142em w polu karnym mimo \u017ce niedaleko siebie mia\u0142 trzech Bia\u0142o-Czerwonych. W 56 minucie na boisku pojawi\u0142 si\u0119 Pawe\u0142 Bro\u017cek kt\u00f3ry zmieni\u0142 Grosickiego. 11 minut p\u00f3\u017aniej Lewandowski poda\u0142 do B\u0142aszczykowskiego , ten do Bro\u017cka i by\u0142o 2-1. Wynik poszed\u0142 w \u015bwiat, statystyki stra\u0107 z Argentyn\u0105 si\u0119 polepszy\u0142y, mniej wtajemniczeni kibice si\u0119 ucieszyli z wygranej i dalej mo\u017cna by\u0142o m\u00f3wi\u0107 o ci\u0105g\u0142ym przygotowaniu do Euro i \u017ce b\u0119dzie tylko lepiej. Zadebiutowa\u0142 w tym pojedynku Mateusz Klich.\u00a0<\/p>\n<p>&nbsp;<\/p>\n<p>&nbsp;<\/p>\n<h2 id=\"mecz-08-07-1982\"><span class=\"ez-toc-section\" id=\"10_Mecz_Argentyna_%E2%80%93_Polska_2_0_26_listopada_1992_r\"><\/span><a id=\"mecz-1992-11-26\"><\/a>10. Mecz Argentyna &#8211; Polska 2:0 (26 listopada 1992 r.)<span class=\"ez-toc-section-end\"><\/span><\/h2>\n<ul>\n<li><strong>Data meczu:<\/strong> 26.11.1992<\/li>\n<li><strong>Ranga meczu:<\/strong> Towarzyski<\/li>\n<li><strong>S\u0119dzia:<\/strong> Renato Marsiglia &#8211; Brazylia<\/li>\n<li><strong>Stadion: <\/strong>Estadio Camilo Cichero (La Bombonera), Buenos Aires<\/li>\n<li><strong>Trener:<\/strong> Andrzej Strejlau<\/li>\n<\/ul>\n<p><strong>\u26bd Strzelone bramki:<\/strong><\/p>\n<ul>\n<li>N\u00e9stor Craviotto [ar] 21&#8242;<\/li>\n<li>Ram\u00f3n Medina Bello [ar] 53&#8242;<\/li>\n<\/ul>\n<p><strong>? Sk\u0142ady:<\/strong><\/p>\n<table style=\"border-collapse: collapse; width: 100%;\">\n<thead>\n<tr>\n<th style=\"width: 50%;\">[ar] Argentyna :<\/th>\n<th style=\"width: 50%;\">[pl] Polska:<\/th>\n<\/tr>\n<\/thead>\n<tbody>\n<tr>\n<td style=\"width: 50%;\">\n<ul>\n<li><strong>Luis Alberto Islas<\/strong> &#8211; Independiente Avellaneda<\/li>\n<li><strong>Oscar Alfredo Ruggeri<\/strong> kapitan &#8211; Am\u00e9rica Ciudad de M\u00e9xico<\/li>\n<li><strong>Diego Pablo Simeone<\/strong> &#8211; Sevilla FC<\/li>\n<li><strong>Leonardo Adrian Rodriguez<\/strong> do 78&#8242; &#8211; Atalanta Bergamo<\/li>\n<li>od 78&#8242;<strong> Diego Cagna<\/strong> &#8211; Independiente Avellaneda<\/li>\n<li><strong>Jose Luis Villarreal<\/strong> do 78&#8242; &#8211; Atl\u00e9tico Madrid<\/li>\n<li>od 78&#8242; <strong>Nestor Raul Gorosito<\/strong> &#8211; San Lorenzo Almagro<\/li>\n<li><strong>Alberto Federico Acosta<\/strong> &#8211; Boca Juniors Buenos Aires<\/li>\n<li><strong>Fernando Carlos Redondo<\/strong> &#8211; CD Tenerife<\/li>\n<li><strong>Sergio Fabian Vazquez<\/strong> &#8211; Rosario Central<\/li>\n<li><strong>Nestor Oscar Craviotto<\/strong> &#8211; Independiente Avellaneda<\/li>\n<li><strong>Ricardo Daniel Altamirano<\/strong> &#8211; River Plate Buenos Aires<\/li>\n<li><strong>Ramon Ismael Medina Bello<\/strong> do 78&#8242; &#8211; River Plate Buenos Aires<\/li>\n<li>od 78&#8242; <strong>Julio Alberto Zamora<\/strong> &#8211; Newell\u2019s Old Boys Rosario<\/li>\n<\/ul>\n<\/td>\n<td style=\"width: 50%;\">\n<ul>\n<li><strong>Aleksander K\u0142ak<\/strong> -Igloopol D\u0119bica<\/li>\n<li><strong>Tomasz Wa\u0142doch<\/strong> -G\u00f3rnik Zabrze<\/li>\n<li><strong>Marcin Ja\u0142ocha<\/strong> -Wis\u0142a Krak\u00f3w<\/li>\n<li><strong>Tomasz \u0141api\u0144ski<\/strong> -Widzew \u0141\u00f3d\u017a<\/li>\n<li><strong>Piotr \u015awierczewski<\/strong> -GKS Katowice<\/li>\n<li><strong>Andrzej Kobyla\u0144ski<\/strong> -Siarka Tarnobrzeg<\/li>\n<li><strong>Jerzy Brz\u0119czek<\/strong> kapitan [ycard] -Lech Pozna\u0144<\/li>\n<li><strong>Piotr Jegor<\/strong> -G\u00f3rnik Zabrze<\/li>\n<li><strong>Adam Fedoruk<\/strong> do 46&#8242; -Stal Mielec<\/li>\n<li>od 46&#8242; <strong>Ryszard Czerwiec<\/strong> do 49&#8242; -Widzew \u0141\u00f3d\u017a<\/li>\n<li>od 49&#8242; <strong>Grzegorz Mielcarski<\/strong> -Olimpia Pozna\u0144<\/li>\n<li><strong>Tomasz Cebula<\/strong> [ycard] do 85&#8242; -\u0141KS \u0141\u00f3d\u017a<\/li>\n<li>od 85&#8242; <strong>Kazimierz W\u0119grzyn<\/strong> -Hutnik Krak\u00f3w<\/li>\n<li><strong>Wojciech Kowalczyk<\/strong> -Legia Warszawa<\/li>\n<\/ul>\n<\/td>\n<\/tr>\n<\/tbody>\n<\/table>\n<p><div id=\"attachment_10730\" style=\"width: 610px\" class=\"wp-caption aligncenter\"><img loading=\"lazy\" decoding=\"async\" aria-describedby=\"caption-attachment-10730\" class=\"wp-image-10730 size-medium\" src=\"https:\/\/kronika-futbolu.pl\/historia\/wp-content\/uploads\/2021\/02\/10A_argentyna_polska_1992_kadr_youtube_przed_I_goelm-600x400.png\" alt=\"Argentyna - Polska 1992\" width=\"600\" height=\"400\" srcset=\"https:\/\/kronika-futbolu.pl\/historia\/wp-content\/uploads\/2021\/02\/10A_argentyna_polska_1992_kadr_youtube_przed_I_goelm-600x400.png 600w, https:\/\/kronika-futbolu.pl\/historia\/wp-content\/uploads\/2021\/02\/10A_argentyna_polska_1992_kadr_youtube_przed_I_goelm-300x200.png 300w, https:\/\/kronika-futbolu.pl\/historia\/wp-content\/uploads\/2021\/02\/10A_argentyna_polska_1992_kadr_youtube_przed_I_goelm-768x513.png 768w, https:\/\/kronika-futbolu.pl\/historia\/wp-content\/uploads\/2021\/02\/10A_argentyna_polska_1992_kadr_youtube_przed_I_goelm.png 1197w\" sizes=\"auto, (max-width: 600px) 100vw, 600px\" \/><p id=\"caption-attachment-10730\" class=\"wp-caption-text\">Argentyna &#8211; Polska 1992. Tu\u017c przed pierwsz\u0105 bramk\u0105. Kadr z transmisji.<\/p><\/div> <div id=\"attachment_10731\" style=\"width: 424px\" class=\"wp-caption alignleft\"><img loading=\"lazy\" decoding=\"async\" aria-describedby=\"caption-attachment-10731\" class=\"wp-image-10731 size-medium\" src=\"https:\/\/kronika-futbolu.pl\/historia\/wp-content\/uploads\/2021\/02\/10B_argentyna_polska_1992_kadr_youtube_radosc_po_I_golu-414x400.png\" alt=\"Argentyna - Polska 1992\" width=\"414\" height=\"400\" srcset=\"https:\/\/kronika-futbolu.pl\/historia\/wp-content\/uploads\/2021\/02\/10B_argentyna_polska_1992_kadr_youtube_radosc_po_I_golu-414x400.png 414w, https:\/\/kronika-futbolu.pl\/historia\/wp-content\/uploads\/2021\/02\/10B_argentyna_polska_1992_kadr_youtube_radosc_po_I_golu-768x742.png 768w, https:\/\/kronika-futbolu.pl\/historia\/wp-content\/uploads\/2021\/02\/10B_argentyna_polska_1992_kadr_youtube_radosc_po_I_golu.png 821w\" sizes=\"auto, (max-width: 414px) 100vw, 414px\" \/><p id=\"caption-attachment-10731\" class=\"wp-caption-text\">Argentyna &#8211; Polska 1992. Rado\u015b\u0107 po pierwszym golu. Kadr z transmisji.<\/p><\/div><\/p>\n<p style=\"text-align: justify;\">Pod koniec 1992 roku Reprezentacja Polski wybra\u0142a si\u0119 na dwumecz do Ameryki Po\u0142udniowej. Najpierw przegra\u0142a na s\u0142ynnej La Bombonerze z Argentyn\u0105 0-2, a nast\u0119pnie pokona\u0142a Urugwaj w Montevideo 1-0. Co ciekawe spotkaniem z Albicelestes, Bia\u0142o-Czerwoni rozpocz\u0119li seri\u0119 5 mecz\u00f3w z rz\u0119du rozgrywanych poza Europ\u0105.\u00a0<\/p>\n<p style=\"text-align: justify;\">Obie bramki pad\u0142y po rozegraniu rzut\u00f3w wolnych. Najpierw strza\u0142 z wolnego nie trafi\u0142 do siatki ale zamieszanie pod polsk\u0105 bramk\u0105 i pr\u00f3ba wybicia pi\u0142ki sko\u0144czy\u0142y si\u0119 utrat\u0105 gola.\u00a0 Autorem by\u0142 Craviotto . W II po\u0142owie Argenty\u0144czycy rozegrali kr\u00f3tko rzut wolny, pi\u0142ka zosta\u0142a wystawiona Bello a ten uderzy\u0142 celnie z dystansu i ustali\u0142 wynik.<\/p>\n<p style=\"text-align: justify;\">Jedynym debiutantem w polskim zespole by\u0142 Piotr \u015awierczewski, kt\u00f3ry b\u0119dzie reprezentowa\u0142 barwy narodowe do 2003 roku. W roli kapitana zadebiutowa\u0142 Jerzy Brz\u0119czek, by\u0142 to Jego 6 wyst\u0119p w reprezentacji. Widz\u00f3w oko\u0142o 35 tysi\u0119cy.<\/p>\n<p>&nbsp;<\/p>\n<h2 id=\"mecz-08-07-1982\"><span class=\"ez-toc-section\" id=\"9_Mecz_Argentyna_%E2%80%93_Polska_1_1_17_stycznia_1984_r\"><\/span><a id=\"mecz-1984-01-17\"><\/a>9. Mecz Argentyna &#8211; Polska 1:1 (17 stycznia 1984 r.)<span class=\"ez-toc-section-end\"><\/span><\/h2>\n<ul>\n<li><strong>Data meczu:<\/strong> 17.01.1984<\/li>\n<li><strong>Ranga meczu:<\/strong> Towarzyski &#8211; Nehru Cup\u00a0<\/li>\n<li><strong>S\u0119dzia: <\/strong>K\u00e1roly Palotai &#8211; W\u0119gry\u00a0<\/li>\n<li><strong>Stadion: <\/strong>Eden Gardens, Kalkuta<\/li>\n<li><strong>Trener:<\/strong> Antoni Piechniczek<\/li>\n<\/ul>\n<p><strong>\u26bd Strzelone bramki:<\/strong><\/p>\n<ul>\n<li>Jose Ponce [ar] 51&#8242;<\/li>\n<li>Andrzej Buncol [pl] 84&#8242;<\/li>\n<\/ul>\n<p><strong>? Sk\u0142ady:<\/strong><\/p>\n<table style=\"border-collapse: collapse; width: 100%; height: 383px;\">\n<thead>\n<tr style=\"height: 21px;\">\n<th style=\"width: 50%; height: 21px;\">[ar] Argentyna:<\/th>\n<th style=\"width: 50%; height: 21px;\">[pl] Polska:<\/th>\n<\/tr>\n<\/thead>\n<tbody>\n<tr style=\"height: 362px;\">\n<td style=\"width: 50%; height: 362px;\">\n<ul>\n<li><strong>Carlos Nery Pumpido<\/strong> &#8211; River Plate Buenos Aires<\/li>\n<li><strong>Juli\u00e1n Camino<\/strong> &#8211; Estudiantes de La Plata<\/li>\n<li><strong>Rub\u00e9n Jos\u00e9 Ag\u00fcero<\/strong> &#8211; Club Estudiantes de La Plata<\/li>\n<li><strong>H\u00e9ctor Ra\u00fal C\u00faper<\/strong> &#8211; Ferro Carril Oeste Buenos Aires<\/li>\n<li><strong>Oscar Alfredo Garr\u00e9<\/strong> &#8211; Ferro Carril Oeste Buenos Aires<\/li>\n<li><strong>Ricardo Omar Giusti<\/strong> &#8211; Independiente Avellaneda Buenos Aires<\/li>\n<li><strong>Carlos Alberto Arregui<\/strong> &#8211; Ferro Carril Oeste Buenos Aires<\/li>\n<li><strong>Jos\u00e9 Daniel Ponce<\/strong> do 46&#8242; &#8211; Atl\u00e9tico Tucum\u00e1n<\/li>\n<li>od 46&#8242; <strong>Rub\u00e9n Dar\u00edo Ins\u00faa<\/strong> &#8211; San Lorenzo de Almagro<\/li>\n<li><strong>Alberto Jos\u00e9 &#8222;El Beto&#8221; M\u00e1rcico<\/strong> do 65&#8242; &#8211; Ferro Carril Oeste Buenos Aires<\/li>\n<li>od 65&#8242; <strong>V\u00edctor Rogelio Ramos<\/strong> &#8211; Newell\u2019s Old Boys Rosario<\/li>\n<li><strong>Ricardo Alberto Gareca Nardi<\/strong> &#8211; Boca Juniors Buenos Aires<\/li>\n<li><strong>Jorge Luis Burruchaga<\/strong> kapitan &#8211; Independiente Avellaneda Buenos Aires<\/li>\n<\/ul>\n<\/td>\n<td style=\"width: 50%; height: 362px;\">\n<ul>\n<li><strong>J\u00f3zef M\u0142ynarczyk<\/strong> kapitan -Widzew \u0141\u00f3d\u017a<\/li>\n<li><strong>Krzysztof Pawlak<\/strong> -Lech Pozna\u0144<\/li>\n<li><strong>Roman W\u00f3jcicki<\/strong> -Widzew \u0141\u00f3d\u017a<\/li>\n<li><strong>J\u00f3zef Adamiec<\/strong> -Lech Pozna\u0144<\/li>\n<li><strong>Jan Ja\u0142ocha<\/strong> -Wis\u0142a Krak\u00f3w<\/li>\n<li><strong>Andrzej Buncol<\/strong> -Legia Warszawa<\/li>\n<li><strong>W\u0142odzimierz Cio\u0142ek<\/strong> -G\u00f3rnik Wa\u0142brzych<\/li>\n<li><strong>Czes\u0142aw Jako\u0142cewicz<\/strong> -Lech Pozna\u0144<\/li>\n<li><strong>W\u0142odzimierz Smolarek<\/strong> [ycard] -Widzew \u0141\u00f3d\u017a<\/li>\n<li><strong>Dariusz Dziekanowski<\/strong> -Widzew \u0141\u00f3d\u017a<\/li>\n<li><strong>Miros\u0142aw Oko\u0144ski<\/strong> -Lech Pozna\u0144<\/li>\n<\/ul>\n<\/td>\n<\/tr>\n<\/tbody>\n<\/table>\n<div id=\"attachment_10724\" style=\"width: 440px\" class=\"wp-caption aligncenter\"><img loading=\"lazy\" decoding=\"async\" aria-describedby=\"caption-attachment-10724\" class=\"wp-image-10724 \" src=\"https:\/\/kronika-futbolu.pl\/historia\/wp-content\/uploads\/2021\/02\/9A_argentyna_polska_1984_-Soccernostalgia-Retro-Soccer-Magazines-303x400.png\" alt=\"Argentyna - Polska 1984 Nehru Cup\" width=\"430\" height=\"568\" srcset=\"https:\/\/kronika-futbolu.pl\/historia\/wp-content\/uploads\/2021\/02\/9A_argentyna_polska_1984_-Soccernostalgia-Retro-Soccer-Magazines-303x400.png 303w, https:\/\/kronika-futbolu.pl\/historia\/wp-content\/uploads\/2021\/02\/9A_argentyna_polska_1984_-Soccernostalgia-Retro-Soccer-Magazines.png 597w\" sizes=\"auto, (max-width: 430px) 100vw, 430px\" \/><p id=\"caption-attachment-10724\" class=\"wp-caption-text\">Argentyna &#8211; Polska 1984 Nehru Cup. \u0179r\u00f3d\u0142o; Soccernostalgia: Retro Soccer Magazines<\/p><\/div>\n<p style=\"text-align: justify;\">Na pocz\u0105tku 1984 roku Reprezentacja Polski wzi\u0119\u0142a udzia\u0142 w turnieju Nehru Cup (po polsku Puchar Nehru). To mi\u0119dzynarodowy turniej organizowany przez Pi\u0142karsk\u0105 Federacj\u0119 Indii od 1982 roku do 2012. Udzia\u0142 w nim bra\u0142y reprezentacje narodowe, reprezentacje m\u0142odzie\u017cowe i kluby z ca\u0142ego \u015bwiata. Najwi\u0119ksz\u0105 rang\u0119 rozgrywki mia\u0142y na pocz\u0105tku swojego istnienia. W edycji 1984 opr\u00f3cz Polak\u00f3w udzia\u0142 wzi\u0119\u0142y tak\u017ce: Argentyna, Rumunia, Indie, oraz w\u0119gierski klub Vasas Budapeszt. Ka\u017cdy zesp\u00f3\u0142 rozegra\u0142 z ka\u017cdym jedno spotkanie. Wyniki zestawiono w tabeli i dwie pierwsze dru\u017cyny zagra\u0142y spotkanie o wygran\u0105 w ca\u0142ych rozgrywkach. Najlepsi okazali si\u0119 Bia\u0142o-Czerwoni i Chi\u0144czycy. Fina\u0142 odby\u0142 si\u0119 27 stycznia kiedy to Polska pokona\u0142a Chiny 1-0.\u00a0<\/p>\n<p style=\"text-align: justify;\">Mecz z Argentyn\u0105 by\u0142 3 dla obu ekip w turnieju i najciekawszym ze wszystkich rozegranych.\u00a0 Pierwsi gola zdobyli Argenty\u0144czycy, po \u015bwietnym uderzeniu z rzutu wolnego Jose Ponce w 51 minucie. Wyr\u00f3wna\u0142 Andrzej Buncol w 84 po \u0142adnej akcji zako\u0144czonej w polu karnym. Polska wygra\u0142a grup\u0119 a Argentyna by\u0142a 3. Na trybunach zjawi\u0142o si\u0119 oko\u0142o 80 tysi\u0119cy widz\u00f3w. By\u0142 to 14 mecz Reprezentacji Polski w Azji w historii.<\/p>\n<h2 id=\"mecz-08-07-1982\"><span class=\"ez-toc-section\" id=\"8_Mecz_Argentyna_%E2%80%93_Polska_1_2_28_pazdziernika_1981_r\"><\/span><a id=\"mecz-1981-10-28\"><\/a>8. Mecz Argentyna &#8211; Polska 1:2 (28 pa\u017adziernika 1981 r.)<span class=\"ez-toc-section-end\"><\/span><\/h2>\n<ul>\n<li><strong>Data meczu:<\/strong> 28.10.1981<\/li>\n<li><strong>Ranga meczu:<\/strong> Towarzyski<\/li>\n<li><strong>S\u0119dzia:<\/strong> Juan Daniel Cardellino &#8211; Urugwaj\u00a0<\/li>\n<li><strong>Stadion:<\/strong> Estadio Monumental (River Plate), Buenos Aires<\/li>\n<li><strong>Trener:<\/strong> Antoni Piechniczek<\/li>\n<\/ul>\n<p><strong>\u26bd Strzelone bramki:<\/strong><\/p>\n<ul>\n<li>Daniel Passarella [ar] 42&#8242;<\/li>\n<li>Andrzej Buncol [pl] 55&#8242;<\/li>\n<li>Zbigniew Boniek [pl] 70&#8242;<\/li>\n<\/ul>\n<p><strong>? Sk\u0142ady:<\/strong><\/p>\n<table style=\"border-collapse: collapse; width: 100%; height: 142px;\">\n<thead>\n<tr style=\"height: 21px;\">\n<th style=\"width: 50%; height: 21px;\">[ar] Argentyna:<\/th>\n<th style=\"width: 50%; height: 21px;\">[pl] Polska:<\/th>\n<\/tr>\n<\/thead>\n<tbody>\n<tr style=\"height: 121px;\">\n<td style=\"width: 50%; height: 121px;\">\n<ul>\n<li><strong>Ubaldo Matildo Fillol<\/strong> &#8211; River Plate Buenos Aires -GK<\/li>\n<li><span style=\"font-family: inherit; font-size: inherit;\"><strong>Alberto Tarantini<\/strong> &#8211; River Plate Buenos Aires<br \/>\n<\/span><\/li>\n<li><span style=\"font-family: inherit; font-size: inherit;\"><strong>Daniel Passarella<\/strong> kapitan &#8211; River Plate Buenos Aires<br \/>\n<\/span><\/li>\n<li><span style=\"font-family: inherit; font-size: inherit;\"><strong>Americo Ruben Gallego<\/strong> &#8211; River Plate Buenos Aires<br \/>\n<\/span><\/li>\n<li><span style=\"font-family: inherit; font-size: inherit;\"><strong>Mario Alberto Kempes<\/strong> &#8211; River Plate Buenos Aires<br \/>\n<\/span><\/li>\n<li><span style=\"font-family: inherit; font-size: inherit;\"><strong>Jorge Mario Olguin<\/strong> &#8211; Independiente Avellaneda<br \/>\n<\/span><\/li>\n<li><span style=\"font-family: inherit; font-size: inherit;\"><strong>Juan Alberto Barbas<\/strong> &#8211; Racing Club Avellaneda<br \/>\n<\/span><\/li>\n<li><span style=\"font-family: inherit; font-size: inherit;\"><strong>Luis Antonio Amuchastegui<\/strong> &#8211; Racing C\u00f3rdoba<br \/>\n<\/span><\/li>\n<li><span style=\"font-family: inherit; font-size: inherit;\"><strong>Ramon Angel Diaz<\/strong> &#8211; River Plate Buenos Aires<br \/>\n<\/span><\/li>\n<li><span style=\"font-family: inherit; font-size: inherit;\"><strong>Edgardo Bauza<\/strong> &#8211; Rosario Central<br \/>\n<\/span><\/li>\n<li><span style=\"font-family: inherit; font-size: inherit;\"><strong>Ricardo Alberto Gareca<\/strong> do 70&#8242; &#8211; Boca Juniors Buenos Aires<br \/>\n<\/span><\/li>\n<li><span style=\"font-family: inherit; font-size: inherit;\">od 70&#8242; <strong>Jose Daniel Valencia<\/strong> &#8211; Talleres C\u00f3rdoba<\/span><\/li>\n<\/ul>\n<p>&nbsp;<\/p>\n<\/td>\n<td style=\"width: 50%; height: 121px;\">\n<ul>\n<li><strong>J\u00f3zef M\u0142ynarczyk<\/strong> -Widzew \u0141\u00f3d\u017a<\/li>\n<li><strong>Marek Dziuba<\/strong> kapitan -\u0141KS \u0141\u00f3d\u017a<\/li>\n<li><strong>W\u0142adys\u0142aw \u017bmuda<\/strong> -Widzew \u0141\u00f3d\u017a<\/li>\n<li><strong>Pawe\u0142 Janas<\/strong> -Legia Warszawa<\/li>\n<li><strong>Jan Ja\u0142ocha<\/strong> -Wis\u0142a Krak\u00f3w<\/li>\n<li><strong>Stefan Majewski<\/strong> -Legia Warszawa<\/li>\n<li><strong>Waldemar Matysik<\/strong> -G\u00f3rnik Zabrze<\/li>\n<li><strong>Zbigniew Boniek<\/strong> -Widzew \u0141\u00f3d\u017a<\/li>\n<li><strong>Andrzej Buncol<\/strong> -Ruch Chorz\u00f3w<\/li>\n<li><strong>Andrzej Iwan<\/strong> do 80&#8242; -Wis\u0142a Krak\u00f3w<\/li>\n<li>od 80<strong>&#8217; Andrzej Pa\u0142asz<\/strong> -G\u00f3rnik Zabrze<\/li>\n<li><strong>W\u0142odzimierz Smolarek<\/strong> -Widzew \u0141\u00f3d\u017a<\/li>\n<\/ul>\n<\/td>\n<\/tr>\n<\/tbody>\n<\/table>\n<p><div id=\"attachment_10722\" style=\"width: 610px\" class=\"wp-caption aligncenter\"><img loading=\"lazy\" decoding=\"async\" aria-describedby=\"caption-attachment-10722\" class=\"wp-image-10722 size-medium\" src=\"https:\/\/kronika-futbolu.pl\/historia\/wp-content\/uploads\/2021\/02\/8A_argentyna_polska_1981_dziennik_lodzki-600x352.png\" alt=\"Argentyna - Polska 1981\" width=\"600\" height=\"352\" srcset=\"https:\/\/kronika-futbolu.pl\/historia\/wp-content\/uploads\/2021\/02\/8A_argentyna_polska_1981_dziennik_lodzki-600x352.png 600w, https:\/\/kronika-futbolu.pl\/historia\/wp-content\/uploads\/2021\/02\/8A_argentyna_polska_1981_dziennik_lodzki-768x450.png 768w, https:\/\/kronika-futbolu.pl\/historia\/wp-content\/uploads\/2021\/02\/8A_argentyna_polska_1981_dziennik_lodzki.png 1403w\" sizes=\"auto, (max-width: 600px) 100vw, 600px\" \/><p id=\"caption-attachment-10722\" class=\"wp-caption-text\">Argentyna &#8211; Polska 1981. Dziennik \u0141\u00f3dzki<\/p><\/div> <div id=\"attachment_10723\" style=\"width: 541px\" class=\"wp-caption alignleft\"><img loading=\"lazy\" decoding=\"async\" aria-describedby=\"caption-attachment-10723\" class=\"wp-image-10723 size-medium\" src=\"https:\/\/kronika-futbolu.pl\/historia\/wp-content\/uploads\/2021\/02\/8B_argentyna_polska_I_gol_pl-531x400.png\" alt=\"Argentyna - Polska 1981\" width=\"531\" height=\"400\" srcset=\"https:\/\/kronika-futbolu.pl\/historia\/wp-content\/uploads\/2021\/02\/8B_argentyna_polska_I_gol_pl-531x400.png 531w, https:\/\/kronika-futbolu.pl\/historia\/wp-content\/uploads\/2021\/02\/8B_argentyna_polska_I_gol_pl-768x578.png 768w, https:\/\/kronika-futbolu.pl\/historia\/wp-content\/uploads\/2021\/02\/8B_argentyna_polska_I_gol_pl.png 825w\" sizes=\"auto, (max-width: 531px) 100vw, 531px\" \/><p id=\"caption-attachment-10723\" class=\"wp-caption-text\">Argentyna &#8211; Polska 1981. I gol dla Polski. Kadr z transmisji.<\/p><\/div><\/p>\n<p style=\"text-align: justify;\">Min\u0105\u0142 nieco ponad rok i te dwie prawie same dru\u017cyny na tym samym stadionie, ale wynik inny. Polacy pokonali wci\u0105\u017c aktualnych Mistrz\u00f3w \u015awiata i to na ich terenie. Druga wygrana nad Albicelestes w historii w 8 pojedynku. Bia\u0142o-Czerwoni byli uskrzydleni awansem na Mundial w Hiszpanii 1982, ale w Ameryce Po\u0142udniowej zabrak\u0142o znacz\u0105cych postaci takich\u00a0 jak Jan Tomaszewski, Grzegorz Lato i Andrzej Szarmach.\u00a0<\/p>\n<p style=\"text-align: justify;\">Najbardziej ciekaw\u0105 spraw\u0105 zwi\u0105zan\u0105 z t\u0105 gr\u0105 jest J\u00f3zef M\u0142ynarczyk. Przed wylotem do Ameryki Po\u0142udniowej okaza\u0142o si\u0119, \u017ce jest problem z bramkarzem. Polacy znale\u017ali si\u0119 w Argentynie tylko z jednym goalkeeperem, \u015bci\u0105gni\u0119tym na zgrupowanie z wypadu na ryby i w dodatku z kontuzjowan\u0105 r\u0119k\u0105. M\u0142ynarczykowi do samego meczu wmawiano, \u017ce b\u0119dzie tylko rezerwowym bo Tomaszewski doleci na czas.\u00a0<\/p>\n<p style=\"text-align: justify;\">Strzelanie rozpocz\u0105\u0142 Passarella tu\u017c przed przerw\u0105. W 55 minucie wyr\u00f3wna\u0142 Andrzej Buncol, a w 70 minucie \u015bwietnie z rzutu wolnego uderzy\u0142 Zbigniew Boniek i da\u0142 wygran\u0105 Bia\u0142o-Czerwonym nad Mistrzami \u015awiata. Chwalonymi zawodnikami\u00a0 po tej rywalizacji byli: Boniek, Smolarek, Iwan i Matysik.\u00a0<\/p>\n<h2 id=\"mecz-14-06-1982\"><span class=\"ez-toc-section\" id=\"7_Mecz_Argentyna_%E2%80%93_Polska_2_1_12_pazdziernika_1980_r\"><\/span><a id=\"mecz-1980-10-12\"><\/a>7. Mecz Argentyna &#8211; Polska 2:1 (12 pa\u017adziernika 1980 r.)<span class=\"ez-toc-section-end\"><\/span><\/h2>\n<ul>\n<li><strong>Data meczu:<\/strong> 12.10.1980<\/li>\n<li><strong>Ranga meczu:<\/strong> Towarzyski\u00a0<\/li>\n<li><strong>S\u0119dzia:<\/strong> Teodoro Nitti &#8211; Argentyna<\/li>\n<li><strong>Stadion:<\/strong> Estadio Monumental (River Plate), Buenos Aires<\/li>\n<li><strong>Trener:<\/strong> Ryszard Kulesza<\/li>\n<\/ul>\n<p><strong>\u26bd Strzelone bramki:<\/strong><\/p>\n<ul>\n<li>Daniel Alberto Passarella [ar] 15&#8242;- karny<\/li>\n<li>W\u0142odzimierz Cio\u0142ek [pl] 51&#8242;- karny<\/li>\n<li>Diego Armando Maradona [ar] 59&#8242;<\/li>\n<\/ul>\n<p><strong>? Sk\u0142ady:<\/strong><\/p>\n<table style=\"border-collapse: collapse; width: 100%; height: 379px;\">\n<thead>\n<tr style=\"height: 24px;\">\n<th style=\"width: 50%; height: 24px;\">[ar] Argentyna:<\/th>\n<th style=\"width: 50%; height: 24px;\">[pl] Polska:<\/th>\n<\/tr>\n<\/thead>\n<tbody>\n<tr style=\"height: 355px;\">\n<td style=\"width: 50%; height: 355px;\">\n<ul>\n<li><strong>Ubaldo Matildo Fillol<\/strong> &#8211; River Plate Buenos Aires -GK<\/li>\n<li><strong>Alberto Tarantini<\/strong> &#8211; River Plate Buenos Aires<\/li>\n<li><strong>Daniel Passarella<\/strong>\u00a0 \u00a0kapitan &#8211; River Plate Buenos Aires<\/li>\n<li><strong>Diego Maradona<\/strong> &#8211; Argentinos Juniors Buenos Aires<\/li>\n<li><strong>Americo Ruben Gallego<\/strong> &#8211; Newell\u2019s Old Boys Rosario<\/li>\n<li><strong>Santiago Santamaria<\/strong> do 75&#8242; &#8211; Newell\u2019s Old Boys Rosario<\/li>\n<li>od 75&#8242; <strong>Leopoldo Jacinto Luque<\/strong> &#8211; River Plate Buenos Aires<\/li>\n<li><strong>Jose Daniel Valencia<\/strong> do 71&#8242; &#8211; Talleres C\u00f3rdoba<\/li>\n<li>od 71&#8242; <strong>Patricio Jose Hernandez<\/strong> &#8211; Estudiantes La Plata<\/li>\n<li><strong>Ruben Galvan<\/strong> &#8211; Talleres C\u00f3rdoba<\/li>\n<li><strong>Jorge Mario Olguin<\/strong> &#8211; Independiente Avellaneda<\/li>\n<li><strong>Ram\u00f3n \u00c1ngel D\u00edaz<\/strong> &#8211; River Plate Buenos Aires<\/li>\n<li><strong>Juan Alberto Barbas<\/strong> &#8211; Racing Club Avellaneda<\/li>\n<\/ul>\n<p>&nbsp;<\/p>\n<\/td>\n<td style=\"width: 50%; height: 355px;\">\n<ul>\n<li><strong>Piotr Mowlik<\/strong> -Lech Pozna\u0144<\/li>\n<li><strong>Marek Dziuba<\/strong> do 74&#8242; -\u0141KS \u0141\u00f3d\u017a<\/li>\n<li>od 74&#8242;<strong> Hieronim Barczak<\/strong> -Lech Pozna\u0144<\/li>\n<li><strong>W\u0142adys\u0142aw \u017bmuda<\/strong> kapitan -Widzew \u0141\u00f3d\u017a<\/li>\n<li><strong>Edward Za\u0142\u0119\u017cny<\/strong> -Legia Warszawa<\/li>\n<li><strong>Wojciech Rudy<\/strong> -Zag\u0142\u0119bie Sosnowiec<\/li>\n<li><strong>Leszek Lipka<\/strong> -Wis\u0142a Krak\u00f3w<\/li>\n<li><strong>Piotr Skrobowski<\/strong> -Wis\u0142a Krak\u00f3w<\/li>\n<li><strong>W\u0142odzimierz Cio\u0142ek<\/strong> -Stal Mielec<\/li>\n<li><strong>Andrzej Pa\u0142asz<\/strong> -G\u00f3rnik Zabrze<\/li>\n<li><strong>W\u0142odzimierz Smolarek<\/strong> do 80&#8242; -Widzew \u0141\u00f3d\u017a<\/li>\n<li>od 80&#8242; <strong>Andrzej Milczarski<\/strong> -Zawisza Bydgoszcz<\/li>\n<li><strong>Stanis\u0142aw Terlecki<\/strong> do 72&#8242; -\u0141KS \u0141\u00f3d\u017a<\/li>\n<li>od 72&#8242; <strong>Miros\u0142aw Oko\u0144ski<\/strong> -Legia Warszawa<\/li>\n<\/ul>\n<\/td>\n<\/tr>\n<\/tbody>\n<\/table>\n<p><div id=\"attachment_10721\" style=\"width: 610px\" class=\"wp-caption aligncenter\"><img loading=\"lazy\" decoding=\"async\" aria-describedby=\"caption-attachment-10721\" class=\"wp-image-10721 size-medium\" src=\"https:\/\/kronika-futbolu.pl\/historia\/wp-content\/uploads\/2021\/02\/7B_argentyna_polska_1980_dziennik_popularny-600x350.png\" alt=\"Argentyna - Polska 1980\" width=\"600\" height=\"350\" srcset=\"https:\/\/kronika-futbolu.pl\/historia\/wp-content\/uploads\/2021\/02\/7B_argentyna_polska_1980_dziennik_popularny-600x350.png 600w, https:\/\/kronika-futbolu.pl\/historia\/wp-content\/uploads\/2021\/02\/7B_argentyna_polska_1980_dziennik_popularny-768x447.png 768w, https:\/\/kronika-futbolu.pl\/historia\/wp-content\/uploads\/2021\/02\/7B_argentyna_polska_1980_dziennik_popularny.png 1435w\" sizes=\"auto, (max-width: 600px) 100vw, 600px\" \/><p id=\"caption-attachment-10721\" class=\"wp-caption-text\">Argentyna &#8211; Polska 1980. Dziennik Popularny<\/p><\/div> <div id=\"attachment_10720\" style=\"width: 610px\" class=\"wp-caption alignleft\"><img loading=\"lazy\" decoding=\"async\" aria-describedby=\"caption-attachment-10720\" class=\"wp-image-10720 size-medium\" src=\"https:\/\/kronika-futbolu.pl\/historia\/wp-content\/uploads\/2021\/02\/7A_argentyna_polska-1980_I_gol_arg-600x358.png\" alt=\"Argentyna - Polska 1980\" width=\"600\" height=\"358\" srcset=\"https:\/\/kronika-futbolu.pl\/historia\/wp-content\/uploads\/2021\/02\/7A_argentyna_polska-1980_I_gol_arg-600x358.png 600w, https:\/\/kronika-futbolu.pl\/historia\/wp-content\/uploads\/2021\/02\/7A_argentyna_polska-1980_I_gol_arg-768x458.png 768w, https:\/\/kronika-futbolu.pl\/historia\/wp-content\/uploads\/2021\/02\/7A_argentyna_polska-1980_I_gol_arg-1536x915.png 1536w, https:\/\/kronika-futbolu.pl\/historia\/wp-content\/uploads\/2021\/02\/7A_argentyna_polska-1980_I_gol_arg.png 1586w\" sizes=\"auto, (max-width: 600px) 100vw, 600px\" \/><p id=\"caption-attachment-10720\" class=\"wp-caption-text\">Argentyna &#8211; Polska 1980. I gol dla Argentyny. Kadr z transmisji.<\/p><\/div><\/p>\n<p style=\"text-align: justify;\">W skr\u00f3cie mo\u017cna to spotkanie opisa\u0107 tak: dwie bramki z karnych, jeden z wolnego samego Diego Maradony w\u00f3wczas jeszcze nie tak ub\u00f3stwianego ale ju\u017c wr\u00f3\u017c\u0105cego Mu wspania\u0142a karier\u0119.\u00a0 Pi\u0105te spotkanie Polak\u00f3w z aktualnymi Mistrzami \u015awiata- wcze\u015bniej Brazylia i RFN.\u00a0 Polacy zagrali dobre spotkanie i zostawili po sobie dobre wra\u017cenie. Do historii przesz\u0142a sytuacja ju\u017c po ostatnim gwizdku. Debiutuj\u0105cy W\u0142odzimierz Smolarek chcia\u0142 wymieni\u0107 si\u0119 koszulk\u0105 z Maradon\u0105, ale ten nie chcia\u0142 nawet spojrze\u0107 stron\u0119 Polaka. na to zachowanie Smolarek krzykn\u0105\u0142 do Argenty\u0144czyka co\u015b w stylu : 'jeszcze kiedy\u015b b\u0119dziesz chcia\u0142 moj\u0105 i te\u017c tak zrobi\u0119&#8217;.<\/p>\n<p style=\"text-align: justify;\">W 15 minucie rzut karny wykorzysta\u0142 Passarella . W 51 minucie gola wyr\u00f3wnuj\u0105cego ale te\u017c z jedenastki zdoby\u0142 W\u0142odzimierz Cio\u0142ek. By\u0142 to Jego pierwszy gol w Reprezentacji Polski.\u00a0 Wspania\u0142a okazja na debiutanck\u0105 bramk\u0119 w kadrze w spotkaniu z Mistrzami \u015awiata. Kilka minut p\u00f3\u017aniej bezpo\u015brednio z rzutu wolnego wynik ustali\u0142 Diego Maradona.\u00a0<\/p>\n<p style=\"text-align: justify;\">Poza wspomnianym Smolarkiem debiut w kadrze narodowej zaliczy\u0142 tak\u017ce Andrzej Milczarski, kt\u00f3ry zmieni\u0142 w 80 minucie zawodnika Widzewa. Dla Milczarskiego by\u0142 to jednocze\u015bnie ostatni wyst\u0119p w Reprezentacji Polski.\u00a0<\/p>\n<h2 id=\"mecz-19-04-1980\"><span class=\"ez-toc-section\" id=\"6_Mecz_Argentyna_%E2%80%93_Polska_2_0_14_czerwca_1978_r\"><\/span><a id=\"mecz-1978-06-14\"><\/a>6. Mecz Argentyna &#8211; Polska 2:0 (14 czerwca 1978 r.)<span class=\"ez-toc-section-end\"><\/span><\/h2>\n<ul>\n<li><strong>Data meczu:<\/strong> 14.06.1978<\/li>\n<li><strong>Ranga meczu:<\/strong> Mistrzostwa \u015awiata<\/li>\n<li><strong>S\u0119dzia:<\/strong> Ulf Eriksson &#8211; Szwecja<\/li>\n<li><strong>Stadion:<\/strong> Estadio Dr. Lisandro de la Torre, Rosario<\/li>\n<li><strong>Trenerzy:<\/strong> Jacek Gmoch\u00a0<\/li>\n<\/ul>\n<p><strong>\u26bd Strzelone bramki:<\/strong><\/p>\n<ul>\n<li>Mario Alberto Kempes [ar] 16&#8242;<\/li>\n<li>Mario Alberto Kempes [ar] 71&#8242;<\/li>\n<\/ul>\n<p><strong>? Sk\u0142ady:<\/strong><\/p>\n<table style=\"border-collapse: collapse; width: 100%; height: 383px;\">\n<thead>\n<tr style=\"height: 21px;\">\n<th style=\"width: 50%; height: 21px;\">[ar] Argentyna:<\/th>\n<th style=\"width: 50%; height: 21px;\">[pl] Polska:<\/th>\n<\/tr>\n<\/thead>\n<tbody>\n<tr style=\"height: 362px;\">\n<td style=\"width: 50%; height: 362px;\">\n<ul>\n<li><strong>Ubaldo Matildo Fillol<\/strong> &#8211; River Plate Buenos Aires<\/li>\n<li><strong>Jorge Mario Olguin<\/strong> &#8211; San Lorenzo Almagro<\/li>\n<li><strong>Daniel-Alberto Passarella<\/strong> kapitan &#8211; River Plate Buenos Aires<\/li>\n<li><strong>Luis-Adolfo Galv\u00e1n<\/strong> &#8211; Talleres C\u00f3rdoba<\/li>\n<li><strong>Alberto C\u00e9sar Tarantini<\/strong> &#8211; Boca Juniors Buenos Aires<\/li>\n<li><strong>Osvaldo C\u00e9sar Ardiles<\/strong> &#8211; Hurac\u00e1n Buenos Aires<\/li>\n<li><strong>Americo Rub\u00e9n Gallego<\/strong> &#8211; Newell\u2019s Old Boys Rosario<\/li>\n<li><strong>Jos\u00e9 Daniel Valencia<\/strong> &#8211; Talleres C\u00f3rdoba do 46&#8242;<\/li>\n<li>od 46&#8242; <strong>Ricardo Julio &#8222;Ricky&#8221; Villa<\/strong> &#8211; Racing Club Avellaneda<\/li>\n<li><strong>Ricardo Daniel Bertoni<\/strong> &#8211; Independiente Avellaneda,<\/li>\n<li><strong>Mario Alberto Kempes<\/strong> &#8211; Valencia CF<\/li>\n<li><strong>Ren\u00e9 Orlando Houseman<\/strong> &#8211; Hurac\u00e1n Buenos Aires do 83&#8242;<\/li>\n<li>od 83&#8242; <strong>Oscar Alberto Ortiz<\/strong> &#8211; River Plate Buenos Aires<\/li>\n<\/ul>\n<p>&nbsp;<\/p>\n<p>&nbsp;<\/p>\n<\/td>\n<td style=\"width: 50%; height: 362px;\">\n<ul>\n<li><strong>Jan Tomaszewski<\/strong> -\u0141KS \u0141\u00f3d\u017a<\/li>\n<li><strong>Henryk Maculewicz<\/strong> -Wis\u0142a Krak\u00f3w<\/li>\n<li><strong>Antoni Szymanowski<\/strong> -Wis\u0142a Krak\u00f3w<\/li>\n<li><strong>W\u0142adys\u0142aw \u017bmuda<\/strong> -\u015al\u0105sk Wroc\u0142aw<\/li>\n<li><strong>Adam Nawa\u0142ka<\/strong> -Wis\u0142a Krak\u00f3w<\/li>\n<li><strong>Henryk Kasperczak<\/strong> -Stal Mielec<\/li>\n<li><strong>Kazimierz Deyna<\/strong> kapitan -Legia Warszawa<\/li>\n<li><strong>Zbigniew Boniek<\/strong> -Widzew \u0141\u00f3d\u017a<\/li>\n<li><strong>Bohdan Masztaler<\/strong> do 65&#8242; -\u0141KS \u0141\u00f3d\u017a<\/li>\n<li>od 65&#8242; <strong>W\u0142odzimierz Mazur<\/strong> -Zag\u0142\u0119bie Sosnowiec<\/li>\n<li><strong>Grzegorz Lato<\/strong> -Stal Mielec<\/li>\n<li><strong>Andrzej Szarmach<\/strong> -Stal Mielec<\/li>\n<\/ul>\n<p>&nbsp;<\/p>\n<p>&nbsp;<\/p>\n<\/td>\n<\/tr>\n<\/tbody>\n<\/table>\n<p><div id=\"attachment_10712\" style=\"width: 584px\" class=\"wp-caption aligncenter\"><img loading=\"lazy\" decoding=\"async\" aria-describedby=\"caption-attachment-10712\" class=\"wp-image-10712 size-medium\" src=\"https:\/\/kronika-futbolu.pl\/historia\/wp-content\/uploads\/2021\/02\/6A_argentyna_polska_1978_kempes_po_I_golu_youtube-574x400.png\" alt=\"Polska - Argentyna 1978\" width=\"574\" height=\"400\" srcset=\"https:\/\/kronika-futbolu.pl\/historia\/wp-content\/uploads\/2021\/02\/6A_argentyna_polska_1978_kempes_po_I_golu_youtube-574x400.png 574w, https:\/\/kronika-futbolu.pl\/historia\/wp-content\/uploads\/2021\/02\/6A_argentyna_polska_1978_kempes_po_I_golu_youtube.png 717w\" sizes=\"auto, (max-width: 574px) 100vw, 574px\" \/><p id=\"caption-attachment-10712\" class=\"wp-caption-text\">Polska &#8211; Argentyna 1978. Kempes po I golu. Kadr z transmisji.<\/p><\/div> <div id=\"attachment_10713\" style=\"width: 515px\" class=\"wp-caption alignleft\"><img loading=\"lazy\" decoding=\"async\" aria-describedby=\"caption-attachment-10713\" class=\"wp-image-10713 size-medium\" src=\"https:\/\/kronika-futbolu.pl\/historia\/wp-content\/uploads\/2021\/02\/6B_argentyna_polska_1978_kempes_II_gol_youtube-505x400.png\" alt=\"Polska - Argentyna 1978\" width=\"505\" height=\"400\" srcset=\"https:\/\/kronika-futbolu.pl\/historia\/wp-content\/uploads\/2021\/02\/6B_argentyna_polska_1978_kempes_II_gol_youtube-505x400.png 505w, https:\/\/kronika-futbolu.pl\/historia\/wp-content\/uploads\/2021\/02\/6B_argentyna_polska_1978_kempes_II_gol_youtube-768x609.png 768w, https:\/\/kronika-futbolu.pl\/historia\/wp-content\/uploads\/2021\/02\/6B_argentyna_polska_1978_kempes_II_gol_youtube.png 945w\" sizes=\"auto, (max-width: 505px) 100vw, 505px\" \/><p id=\"caption-attachment-10713\" class=\"wp-caption-text\">Polska &#8211; Argentyna 1978. Kempes strzela drugiego gola. Kadr z transmisji.<\/p><\/div><\/p>\n<p style=\"text-align: justify;\">Cztery lata min\u0119\u0142o i ponownie Reprezentacja Polski zagra\u0142a z Reprezentacj\u0105 Argentyny na Mistrzostwach \u015awiata. W Rosario jednak inaczej wygl\u0105da\u0142 przebieg spotkania ni\u017c w\u00a0 Stuttgarcie. W przypadku tego meczu raczej wa\u017cniejszym przypomnienia jest spotkanie z 1976 roku w Chorzowie. Dzisiaj mo\u017cemy okre\u015bli\u0107 mecz na Stadionie \u015al\u0105skim jako zapowied\u017a tego co wydarzy\u0142o si\u0119 na Mundialu w Argentynie.\u00a0 Polska w I fazie grupowej turnieju wygra\u0142a grup\u0119, a Gospodarze zaj\u0119li w swojej 2 miejsce. W II rundzie grupowej opr\u00f3cz tych dw\u00f3ch dru\u017cyn znalaz\u0142o si\u0119 Peru i Brazylia. Argenty\u0144czycy pokonuj\u0105c Polak\u00f3w umocnili si\u0119 w wierze \u017ce to w\u0142a\u015bnie oni wznios\u0105 Puchar \u015awiata. Nie mylili si\u0119.<\/p>\n<p style=\"text-align: justify;\">Pi\u0142karzem meczu by\u0142 bez w\u0105tpienia Mario Kempes . Zab\u0142ysn\u0105\u0142 jako i napastnik i bramkarz ! Najpierw w 16 minucie otworzy\u0142 wynik, a kilka minut przed przerw\u0105 wybi\u0142 pi\u0142k\u0119 r\u0119k\u0105 z linii bramkowej za co s\u0119dzia Eriksson podyktowa\u0142 rzut karny. By\u0142 to drugi najgorszy moment dla Polak\u00f3w. Szansa na wyr\u00f3wnanie i mo\u017ce okazja aby ko\u0144cowy wynik by\u0142 inny. Do pi\u0142ki podszed\u0142 Deyna kt\u00f3ry raz niby rozgrywa\u0142 100 spotkanie w barwach Bia\u0142o-Czerwonych, a tak naprawd\u0119 95, a dwa kilka lat wcze\u015bniej nie pokona\u0142 argenty\u0144skiego pi\u0142karza. Mo\u017ce gdyby Deyna trafi\u0142, lub kto\u015b inny wykonywa\u0142 jedenastk\u0119 rywalizacja potoczy\u0142a by si\u0119 inaczej. S\u0142ynny Kaka zmarnowa\u0142 szans\u0119.\u00a0 W 71 minucie Kempes po raz drugi pokona\u0142 Tomaszewskiego, a jedena\u015bcie dni p\u00f3\u017aniej zostanie kr\u00f3lem strzelc\u00f3w Mundialu.\u00a0<\/p>\n<p style=\"text-align: justify;\">W kolejnych meczach Polacy pokonali peru i przegrali z Brazyli\u0105. Albicelestes natomiast zremisowali z Brazyli\u0105 i rozbili Peru 6-0. Jak si\u0119 p\u00f3\u017aniej okaza\u0142o wynik z Peru nie by\u0142 przypadkowy. Jorge Rafael Videla prezydent Argentyny obecny min. na meczu z Polsk\u0105 obieca\u0142 Peruwia\u0144czykom spore profity. Nied\u0142ugo po Mundialu zosta\u0142 skazany na do\u017cywocie i zmar\u0142 w wi\u0119zieniu w 2013 roku.\u00a0<\/p>\n<h2 id=\"mecz-26-10-1975\"><span class=\"ez-toc-section\" id=\"5_Mecz_Argentyna_%E2%80%93_Polska_3_1_29_maja_1977_r\"><\/span><a id=\"mecz-1977-05-29\"><\/a>5. Mecz Argentyna &#8211; Polska 3:1 (29 maja 1977 r.)<span class=\"ez-toc-section-end\"><\/span><\/h2>\n<ul>\n<li><strong>Data meczu:<\/strong> 29.05.1974<\/li>\n<li><strong>Ranga meczu:<\/strong> Towarzyski<\/li>\n<li><strong>S\u0119dzia:<\/strong> Jos\u00e9 Ca\u00f1ete &#8211; Paragwaj<\/li>\n<li><strong>Stadion:<\/strong> Estadio La Bombonera, Buenos Aires<\/li>\n<li><strong>Trener:<\/strong> Jacek Gmoch<\/li>\n<\/ul>\n<p><strong>\u26bd Strzelone bramki:<\/strong><\/p>\n<ul>\n<li>Grzegorz Lato [pl] 32&#8242;<\/li>\n<li>Ricardo Daniel Bertoni [ar] 41&#8242;- karny<\/li>\n<li>Leopoldo Jacinto Luque [ar] 53&#8242;<\/li>\n<li>Ricardo Daniel Bertoni [ar] 72&#8242;<\/li>\n<\/ul>\n<p><strong>? Sk\u0142ady:<\/strong><\/p>\n<table style=\"border-collapse: collapse; width: 100%; height: 336px;\">\n<thead>\n<tr style=\"height: 21px;\">\n<th style=\"width: 50%; height: 21px;\">[ar] Argentyna:<\/th>\n<th style=\"width: 50%; height: 21px;\">[pl] Polska:<\/th>\n<\/tr>\n<\/thead>\n<tbody>\n<tr style=\"height: 315px;\">\n<td style=\"width: 50%; height: 315px;\">\n<ul>\n<li><strong>Hugo Orlando Gatti<\/strong> &#8211; Boca Juniors Buenos Aires<\/li>\n<li><strong>Americo Ruben Gallego<\/strong> &#8211; Newell\u2019s Old Boys Rosario<\/li>\n<li><strong>Ossie Ardiles<\/strong> &#8211; Hurac\u00e1n Buenos Aires<\/li>\n<li><strong>Leopoldo Jacinto Luque<\/strong> kapitan &#8211; River Plate Buenos Aires<\/li>\n<li><strong>Julio Ricardo Villa<\/strong> &#8211; Racing Club Avellaneda do 58&#8242;<\/li>\n<li>od 58&#8242; <strong>Ricardo Enrique Bochini<\/strong> &#8211; Independiente Avellaneda<\/li>\n<li><strong>Daniel Pedro Killer<\/strong> &#8211; Racing Club Avellaneda<\/li>\n<li><strong>Jorge Omar Carrascosa<\/strong> &#8211; Hurac\u00e1n Buenos Aires<\/li>\n<li><strong>Oscar Alberto Ortiz<\/strong> &#8211; River Plate Buenos Aires do 59&#8242;<\/li>\n<li>od 59&#8242;<strong> Omar Ruben Larrosa<\/strong> &#8211; Independiente Avellaneda<\/li>\n<li><strong>Vincente Alberto Pernia<\/strong> &#8211; Boca Juniors Buenos Aires<\/li>\n<li><strong>Ricardo Daniel Bertoni<\/strong> &#8211; Independiente Avellaneda<\/li>\n<li><strong>Jorge Mario Olguin<\/strong> &#8211; San Lorenzo Almagro<\/li>\n<\/ul>\n<\/td>\n<td style=\"width: 50%; height: 315px;\">\n<ul>\n<li><strong>Jan Tomaszewski<\/strong> -\u0141KS \u0141\u00f3d\u017a<\/li>\n<li><strong>Marek Dziuba<\/strong> -\u0141KS \u0141\u00f3d\u017a<\/li>\n<li><strong>W\u0142adys\u0142aw \u017bmuda<\/strong> -\u015al\u0105sk Wroc\u0142aw<\/li>\n<li><strong>Wojciech Rudy<\/strong> -Zag\u0142\u0119bie Sosnowiec<\/li>\n<li><strong>Zbigniew Boniek<\/strong> do 44&#8242; -Widzew \u0141\u00f3d\u017a<\/li>\n<li>od 44&#8242; <strong>Adam Nawa\u0142ka<\/strong> -Wis\u0142a Krak\u00f3w<\/li>\n<li><strong>Kazimierz Deyna<\/strong> kapitan -Legia Warszawa<\/li>\n<li><strong>Bohdan Masztaler<\/strong> -Odra Opole<\/li>\n<li><strong>Grzegorz Lato<\/strong> -Stal Mielec<\/li>\n<li><strong>Andrzej Szarmach<\/strong> -Stal Mielec<\/li>\n<li><strong>Stanis\u0142aw Terlecki<\/strong> do 56&#8242; -\u0141KS \u0141\u00f3d\u017a<\/li>\n<li>od 56&#8242; <strong>W\u0142odzimierz Mazur<\/strong> -Zag\u0142\u0119bie Sosnowiec<\/li>\n<li><strong>Henryk Kasperczak<\/strong> -Stal Mielec<\/li>\n<\/ul>\n<\/td>\n<\/tr>\n<\/tbody>\n<\/table>\n<p><div id=\"attachment_10710\" style=\"width: 610px\" class=\"wp-caption aligncenter\"><img loading=\"lazy\" decoding=\"async\" aria-describedby=\"caption-attachment-10710\" class=\"wp-image-10710 size-medium\" src=\"https:\/\/kronika-futbolu.pl\/historia\/wp-content\/uploads\/2021\/02\/5A_argentyna_polska_1977_dziennik_popularny_lodz-600x361.png\" alt=\"Polska - Argentyna 1977\" width=\"600\" height=\"361\" srcset=\"https:\/\/kronika-futbolu.pl\/historia\/wp-content\/uploads\/2021\/02\/5A_argentyna_polska_1977_dziennik_popularny_lodz-600x361.png 600w, https:\/\/kronika-futbolu.pl\/historia\/wp-content\/uploads\/2021\/02\/5A_argentyna_polska_1977_dziennik_popularny_lodz-768x462.png 768w, https:\/\/kronika-futbolu.pl\/historia\/wp-content\/uploads\/2021\/02\/5A_argentyna_polska_1977_dziennik_popularny_lodz.png 1424w\" sizes=\"auto, (max-width: 600px) 100vw, 600px\" \/><p id=\"caption-attachment-10710\" class=\"wp-caption-text\">Polska &#8211; Argentyna 1977. Dziennik Popularny &#8211; \u0141\u00f3d\u017a<\/p><\/div> <div id=\"attachment_10711\" style=\"width: 555px\" class=\"wp-caption alignleft\"><img loading=\"lazy\" decoding=\"async\" aria-describedby=\"caption-attachment-10711\" class=\"wp-image-10711 size-medium\" src=\"https:\/\/kronika-futbolu.pl\/historia\/wp-content\/uploads\/2021\/02\/5B_argentyna_polska_1977_bilet_allegro-545x400.png\" alt=\"Polska - Argentyna 1977\" width=\"545\" height=\"400\" srcset=\"https:\/\/kronika-futbolu.pl\/historia\/wp-content\/uploads\/2021\/02\/5B_argentyna_polska_1977_bilet_allegro-545x400.png 545w, https:\/\/kronika-futbolu.pl\/historia\/wp-content\/uploads\/2021\/02\/5B_argentyna_polska_1977_bilet_allegro-768x564.png 768w, https:\/\/kronika-futbolu.pl\/historia\/wp-content\/uploads\/2021\/02\/5B_argentyna_polska_1977_bilet_allegro.png 958w\" sizes=\"auto, (max-width: 545px) 100vw, 545px\" \/><p id=\"caption-attachment-10711\" class=\"wp-caption-text\">Polska &#8211; Argentyna 1977. Bilet. \u0179r\u00f3d\u0142o: Allegro.pl<\/p><\/div><\/p>\n<p style=\"text-align: justify;\">25 maja zako\u0144czy\u0142y si\u0119 rozgrywki ligowe w Polsce, a ju\u017c 29 Reprezentacja Polski zagra\u0142a mecz towarzyski w Buenos Aires. Kr\u00f3tki czas pomi\u0119dzy ostatnimi meczami w lidze a spotkaniem w Argentynie\u00a0 i do tego\u00a0 d\u0142uga podr\u00f3\u017c wp\u0142yn\u0119\u0142o na gr\u0119 Bia\u0142o-Czerwonych czego wynikiem by\u0142a pora\u017cka 1-3.\u00a0 Od tego Polacy rozpocz\u0119li najd\u0142u\u017csze zgrupowanie w historii i d\u0142ugi pobyt w Ameryce Po\u0142udniowej maj\u0105cy przygotowa\u0107 do turnieju w 1978 rok.\u00a0 troch\u0119 ponad 12 miesi\u0119cy\u00a0 p\u00f3\u017aniej obie reprezentacje zagraj\u0105 w Rosario na Mistrzostwach \u015awiata w\u0142a\u015bnie w Argentynie.\u00a0<\/p>\n<p style=\"text-align: justify;\">Wynik otworzy\u0142 Grzegorz Lato po asy\u015bcie Szarmacha. P\u00f3\u017aniej gole strzelali ju\u017c tylko Gospodarze . Najpierw z rzutu karnego Bertoni. P\u00f3\u017aniej Luque a wynik ustali\u0142 po \u015bwietnej akcji indywidualnej znowu Bertoni.\u00a0<\/p>\n<p style=\"text-align: justify;\">Po raz 80 w barwach narodowych zagra\u0142 Kazimierz Deyna. Pierwszy raz w meczu Reprezentacji Polski s\u0119dziowa\u0142 Paragwajczyk.<\/p>\n<p style=\"text-align: justify;\">W kolejnych oficjalnych meczach podczas tourn\u00e9 Polacy wygrali z Boliwi\u0105 i Peru, oraz przegrali z Brazyli\u0105. Dodatkowo Bia\u0142o-Czerwoni zagrali 6 spotka\u0144 nieoficjalnych z argenty\u0144skimi klubami.<\/p>\n<p style=\"text-align: justify;\">Z meczem wi\u0105\u017ce si\u0119 kilka ciekawych fakt\u00f3w. Po przybyciu do Argentyny z polsk\u0105 kadr\u0105 przebywa\u0142 du\u017co Jerzy Bu\u0142anow, jeszcze przedwojenny reprezentant polski kt\u00f3ry uciek\u0142 z Polski swojej drugiej ojczyzny na pocz\u0105tku II wojny \u015bwiatowej. Podczas transmisji walcz\u0105cy z rz\u0105dz\u0105c\u0105 junt\u0105 wojskow\u0105 rewolucjoni\u015bci zak\u0142\u00f3cali obraz i nadawali swoje teksty. Dzi\u0119ki temu o spotkaniu zrobi\u0142o si\u0119 g\u0142o\u015bno na ca\u0142y \u015bwiat nie tylko ze wzgl\u0119d\u00f3w sportowych. Ponad dwa miesi\u0105ce p\u00f3\u017aniej zosta\u0142 zamordowany szef komitetu organizacyjnego Mistrzostw \u015awiata 1978 u kt\u00f3rego go\u015bcili polscy pi\u0142karze w trakcie zgrupowania.\u00a0<\/p>\n<h2 id=\"mecz-19-04-1975\"><span class=\"ez-toc-section\" id=\"4_Mecz_Polska_%E2%80%93_Argentyna_1_2_24_marca_1976_r\"><\/span><a id=\"mecz-1976-03-24\"><\/a>4. Mecz Polska &#8211; Argentyna 1:2 (24\u00a0 marca 1976 r.)<span class=\"ez-toc-section-end\"><\/span><\/h2>\n<ul>\n<li><strong>Data meczu:<\/strong> 24.03.1976<\/li>\n<li><strong>Ranga meczu:<\/strong> Towarzyski\u00a0<\/li>\n<li><strong>S\u0119dzia:<\/strong> Ernst D\u00f6rflinger-Buser &#8211; Szwajcaria<\/li>\n<li><strong>Stadion:<\/strong> Stadion \u015al\u0105ski, Chorz\u00f3w<\/li>\n<li><strong>Trener: <\/strong>Kazimierz G\u00f3rski<\/li>\n<\/ul>\n<p><strong>\u26bd Strzelone bramki:<\/strong><\/p>\n<ul>\n<li>Kazimierz Kmiecik [pl] 58&#8242;<\/li>\n<li>H\u00e9ctor Horacio Scotta [ar] 63&#8242;<\/li>\n<li>Ren\u00e9 Orlando Houseman [ar] 69&#8242;<\/li>\n<\/ul>\n<p><strong>? Sk\u0142ady:<\/strong><\/p>\n<table style=\"border-collapse: collapse; width: 100%; height: 311px;\">\n<thead>\n<tr style=\"height: 21px;\">\n<th style=\"width: 50%; height: 21px;\">[pl] Polska:<\/th>\n<th style=\"width: 50%; height: 21px;\">[ar] Argentyna:<\/th>\n<\/tr>\n<\/thead>\n<tbody>\n<tr style=\"height: 386px;\">\n<td style=\"width: 50%; height: 290px;\">\n<ul>\n<li><strong>Stanis\u0142aw Burzy\u0144ski<\/strong> -Widzew \u0141\u00f3d\u017a<\/li>\n<li><strong>Antoni Szymanowski<\/strong> do 46&#8242; -Wis\u0142a Krak\u00f3w<\/li>\n<li>od 46&#8242; <strong>Wojciech Rudy<\/strong> -Zag\u0142\u0119bie Sosnowiec<\/li>\n<li><strong>Jerzy Gorgo\u0144<\/strong> -G\u00f3rnik Zabrze<\/li>\n<li><strong>W\u0142adys\u0142aw \u017bmuda<\/strong> -\u015al\u0105sk Wroc\u0142aw<\/li>\n<li><strong>Henryk Wawrowski<\/strong> -Pogo\u0144 Szczecin<\/li>\n<li><strong>Zbigniew Boniek<\/strong> do 64&#8242; -Widzew \u0141\u00f3d\u017a<\/li>\n<li>od 64&#8242; <strong>Janusz Kupcewicz<\/strong> -Arka Gdynia<\/li>\n<li><strong>Kazimierz Deyna<\/strong> kapitan -Legia Warszawa<\/li>\n<li><strong>Les\u0142aw \u0106mikiewicz<\/strong> -Legia Warszawa<\/li>\n<li><strong>Grzegorz Lato<\/strong> do 46&#8242; -Stal Mielec<\/li>\n<li>od 46&#8242; <strong>Jan Benigier<\/strong> do 75&#8242; -Ruch Chorz\u00f3w<\/li>\n<li>od 75&#8242; <strong>Pawe\u0142 Janas<\/strong> -Widzew \u0141\u00f3d\u017a<\/li>\n<li><strong>Andrzej Szarmach<\/strong> -G\u00f3rnik Zabrze<\/li>\n<li><strong>Kazimierz Kmiecik<\/strong> -Wis\u0142a Krak\u00f3w<\/li>\n<\/ul>\n<\/td>\n<td style=\"width: 50%; height: 290px;\">\n<ul>\n<li><strong>Hugo Orlando Gatti<\/strong> &#8211; Boca Juniors Buenos Aires<\/li>\n<li><strong>Alberto Tarantini<\/strong> &#8211; Boca Juniors Buenos Aires<\/li>\n<li><strong>Americo Ruben Gallego<\/strong> &#8211; Newell\u2019s Old Boys Rosario<\/li>\n<li><strong>Mario Alberto Kempes<\/strong> &#8211; Rosario Central<\/li>\n<li><strong>Jorge Mario Olguin<\/strong> &#8211; San Lorenzo Almagro<\/li>\n<li><strong>Ricardo Enrique Bochini<\/strong> &#8211; Independiente Avellaneda<\/li>\n<li><strong>Jorge Omar Carrascosa<\/strong> &#8211; Hurac\u00e1n Buenos Aires<\/li>\n<li><strong>Hector Horacio Scotta<\/strong> &#8211; Gr\u00eamio FBPA do 64&#8242;<\/li>\n<li>od 64&#8242; <strong>Rene Orlando Houseman<\/strong> &#8211; Hurac\u00e1n Buenos Aires<\/li>\n<li><strong>Leopoldo Jacinto Luque<\/strong> kapitan &#8211; River Plate Buenos Aires<\/li>\n<li><strong>Marcelo Antonio Trobbiani<\/strong> &#8211; Boca Juniors Buenos Aires do 71&#8242;<\/li>\n<li>od 71&#8242; <strong>Osvaldo Ardiles<\/strong> &#8211; Hurac\u00e1n Buenos Aires<\/li>\n<li><strong>Daniel Pedro Killer<\/strong> &#8211; Rosario Central<\/li>\n<\/ul>\n<\/td>\n<\/tr>\n<\/tbody>\n<\/table>\n<div id=\"attachment_10708\" style=\"width: 610px\" class=\"wp-caption aligncenter\"><img loading=\"lazy\" decoding=\"async\" aria-describedby=\"caption-attachment-10708\" class=\"wp-image-10708 size-medium\" src=\"https:\/\/kronika-futbolu.pl\/historia\/wp-content\/uploads\/2021\/02\/4B_polska_argentyna_1976_allegro-600x242.png\" alt=\"Polska - Argentyna 1976\" width=\"600\" height=\"242\" srcset=\"https:\/\/kronika-futbolu.pl\/historia\/wp-content\/uploads\/2021\/02\/4B_polska_argentyna_1976_allegro-600x242.png 600w, https:\/\/kronika-futbolu.pl\/historia\/wp-content\/uploads\/2021\/02\/4B_polska_argentyna_1976_allegro-768x310.png 768w, https:\/\/kronika-futbolu.pl\/historia\/wp-content\/uploads\/2021\/02\/4B_polska_argentyna_1976_allegro.png 945w\" sizes=\"auto, (max-width: 600px) 100vw, 600px\" \/><p id=\"caption-attachment-10708\" class=\"wp-caption-text\">Polska &#8211; Argentyna 1976. \u0179r\u00f3d\u0142o: Allegro.pl<\/p><\/div>\n<p style=\"text-align: justify;\">Po raz pierwszy Reprezentacja Argentyny zagra\u0142a w Polsce. Debiut Albicelestes wypad\u0142 dla nich bardzo dobrze. W Chorzowie ograli dru\u017cyn\u0119 prowadzon\u0105 przez Kazimeirza G\u00f3rskiego. Ozdob\u0105 spotkania by\u0142a bramka Kazimierza Kmiecika bezpo\u015brednio z rzutu ro\u017cnego ! W dodatku by\u0142a to 600 bramka Reprezentacji Polski w historii wg obecnie obowi\u0105zuj\u0105cego spisu mecz\u00f3w. Bramki pada\u0142y w tym meczu w przeci\u0105gu nieco ponad 10 minut od 58 do 69. Dla Go\u015bci trafiali Scotta i Houseman .<\/p>\n<p style=\"text-align: justify;\">By\u0142 to pierwszy mecz Bia\u0142o-Czerwonych w 1976 roku. Kolejne 4 przegraj\u0105 a 5 zremisuj\u0105. Dopiero w lipcu pokonaj\u0105 Iran. Argentyna przed gr\u0105 w Chorzowie wygra\u0142a z Zwi\u0105zkiem Radzieckim w Kijowie. By\u0142o ju\u017c wiadomo \u017ce w 1978 Mundial odb\u0119dzie si\u0119 w\u0142a\u015bnie w Argentynie. Ponad 2 lata po meczu z Polsk\u0105 na Stadionie \u015al\u0105skim Argenty\u0144czycy zostan\u0105 Mistrzami \u015awiata.\u00a0<\/p>\n<p style=\"text-align: justify;\">W polskim zespole pojawi\u0142o si\u0119 kilka nowych twarzy, kt\u00f3re w kolejnych latach b\u0119d\u0105 stanowi\u0107 si\u0142\u0119 dru\u017cyny narodowej. Zadebiutowali: Stanis\u0142aw Burzy\u0144ski, Zbigniew Boniek,\u00a0 Janusz Kupcewicz, Jan Benigier i Pawe\u0142 Janas.<\/p>\n<h2 id=\"mecz-23-06-1974\"><span class=\"ez-toc-section\" id=\"3_Mecz_Argentyna_%E2%80%93_Polska_2_3_15_czerwca_1974_r\"><\/span><a id=\"mecz-1974-06-15\"><\/a>3. Mecz Argentyna &#8211; Polska 2:3 (15 czerwca 1974 r.)<span class=\"ez-toc-section-end\"><\/span><\/h2>\n<ul>\n<li><strong>Data meczu:<\/strong> 15.06.1974<\/li>\n<li><strong>Ranga meczu:<\/strong> Mistrzostwa \u015awiata 1974<\/li>\n<li><strong>S\u0119dzia:<\/strong> Clive Thomas &#8211; Walia<\/li>\n<li><strong>Stadion:<\/strong> Neckarstadion, Stuttgart<\/li>\n<li><strong>Trener:<\/strong> Kazimierz G\u00f3rski<\/li>\n<\/ul>\n<p><strong>\u26bd Strzelone bramki:<\/strong><\/p>\n<ul>\n<li>Grzegorz Lato [pl] 7&#8242;<\/li>\n<li>Andrzej Szarmach [pl] 9&#8242;<\/li>\n<li>Ram\u00f3n Armando Heredia Ruarte [ar] 61&#8242;<\/li>\n<li>Grzegorz Lato [pl] 63&#8242;<\/li>\n<li>Carlos Alberto Babington [ar] 67&#8242;\n<\/li>\n<\/ul>\n<p><strong>? Sk\u0142ady:<\/strong><\/p>\n<table style=\"border-collapse: collapse; width: 100%;\">\n<thead>\n<tr>\n<th style=\"width: 50%;\">[ar] Argentyna:<\/th>\n<th style=\"width: 50%;\">[pl] Polska:<\/th>\n<\/tr>\n<\/thead>\n<tbody>\n<tr>\n<td style=\"width: 50%;\">\n<ul>\n<li><strong>Daniel Carnevali <\/strong>&#8211; Las Palmas<\/li>\n<li><strong>Angel Bargas<\/strong> do 68&#8242; &#8211; Nantes<\/li>\n<li>od 68&#8242; <strong>Roberto Telch<\/strong> &#8211; San Lorenzo<\/li>\n<li><strong>Ramon Heredia<\/strong> &#8211; Atletico Madryt<\/li>\n<li><strong>Roberto Perfumo<\/strong> kapitan &#8211; Cruzeiro [ycard] 21&#8242;<\/li>\n<li><strong>Francisco Sa<\/strong> &#8211; Independiente<\/li>\n<li><strong>Enrique Wolff<\/strong> &#8211; River Plate<\/li>\n<li><strong>Carlos Babington<\/strong> &#8211; Huracan [ycard] 47&#8242;<\/li>\n<li><strong>Miguel Brindisi<\/strong> do 46&#8242; &#8211; Huracan<\/li>\n<li>od 46&#8242; <strong>Rene Houseman<\/strong> &#8211; Huracan<\/li>\n<li><strong>Ruben Ayala<\/strong> &#8211; Atletico Madryt<\/li>\n<li><strong>Agustin Balbuena<\/strong> &#8211; Independiente<\/li>\n<li><strong>Mario Kempes<\/strong> &#8211; Rosario Central<\/li>\n<\/ul>\n<\/td>\n<td style=\"width: 50%;\">\n<ul>\n<li><strong>Jan Tomaszewski<\/strong> -\u0141KS \u0141\u00f3d\u017a<\/li>\n<li><strong>Jerzy Gorgo\u0144<\/strong> -G\u00f3rnik Zabrze<\/li>\n<li><strong>Antoni Szymanowski<\/strong> -Wis\u0142a Krak\u00f3w<\/li>\n<li><strong>W\u0142adys\u0142aw \u017bmuda<\/strong> -Gwardia Warszawa<\/li>\n<li><strong>Adam Musia\u0142<\/strong> -Wis\u0142a Krak\u00f3w<\/li>\n<li><strong>Henryk Kasperczak<\/strong> -Stal Mielec<\/li>\n<li><strong>Kazimierz Deyna<\/strong> kapitan -Legia Warszawa<\/li>\n<li><strong>Zygmunt Maszczyk<\/strong> -Ruch Chorz\u00f3w<\/li>\n<li><strong>Grzegorz Lato<\/strong> -Stal Mielec<\/li>\n<li><strong>Andrzej Szarmach<\/strong> do 72&#8242; -G\u00f3rnik Zabrze<\/li>\n<li>od 72&#8242; <strong>Jan Domarski<\/strong> -Stal Mielec<\/li>\n<li><strong>Robert Gadocha<\/strong> do 84&#8242; -Legia Warszawa<\/li>\n<li>od 84&#8242; <strong>Les\u0142aw \u0106mikiewicz<\/strong> -Legia Warszawa<\/li>\n<\/ul>\n<\/td>\n<\/tr>\n<\/tbody>\n<\/table>\n<div id=\"attachment_10702\" style=\"width: 610px\" class=\"wp-caption alignleft\"><img loading=\"lazy\" decoding=\"async\" aria-describedby=\"caption-attachment-10702\" class=\"wp-image-10702 size-medium\" src=\"https:\/\/kronika-futbolu.pl\/historia\/wp-content\/uploads\/2021\/02\/3B_argentyna_polska_1974_pocztowka_antykwariatsportowy-600x379.png\" alt=\"Argentyna - Polska 1974\" width=\"600\" height=\"379\" srcset=\"https:\/\/kronika-futbolu.pl\/historia\/wp-content\/uploads\/2021\/02\/3B_argentyna_polska_1974_pocztowka_antykwariatsportowy-600x379.png 600w, https:\/\/kronika-futbolu.pl\/historia\/wp-content\/uploads\/2021\/02\/3B_argentyna_polska_1974_pocztowka_antykwariatsportowy.png 672w\" sizes=\"auto, (max-width: 600px) 100vw, 600px\" \/><p id=\"caption-attachment-10702\" class=\"wp-caption-text\">Argentyna &#8211; Polska 1974. \u0179r\u00f3d\u0142o: Antykwariat sportowy<\/p><\/div>\n<p style=\"text-align: justify;\">Po 36 latach przerwy Reprezentacja Polski powr\u00f3ci\u0142a na Mistrzostwa \u015awiata. W pierwszym meczu dru\u017cyna prowadzona przez Kazimierza G\u00f3rskiego zmierzy\u0142a si\u0119 z Argentyn\u0105. Jedn\u0105 z najlepszych w\u00f3wczas reprezentacji na \u015bwiecie. Polacy rozegrali wspania\u0142e spotkanie, uznane p\u00f3\u017aniej za najlepsze w tej fazie rozgrywek ze wszystkich. Zosta\u0142 doceniony styl ofensywny Or\u0142\u00f3w G\u00f3rskiego. To pierwsze zwyci\u0119stwo Reprezentacji Polski w historii swych start\u00f3w w Mistrzostwach \u015awiata. Pierwszy mecz by\u0142 zapowiedzi\u0105 wspania\u0142ego turnieju w wykonaniu Polak\u00f3w.\u00a0<\/p>\n<p style=\"text-align: justify;\">Ju\u017c \u00a0po 9 minutach Bia\u0142o-Czerwoni prowadzili 2-0. Najpierw Grzegorz Lato wykorzysta\u0142 b\u0142\u0105d argenty\u0144skiego bramkarza kt\u00f3ry wypu\u015bci\u0142 pi\u0142k\u0119 z r\u0105k. Chwil\u0119 p\u00f3\u017aniej Lato kapitalnie poda\u0142 do Andrzeja Szarmacha a ten celnie uderzy\u0142 i podwy\u017cszy\u0142 wynik. Argenty\u0144czycy z\u0142apali kontakt w 61 minucie kiedy to Heredia \u0142adnie uderzy\u0142 z oko\u0142o 15 metra. Nie zniech\u0119ci\u0142o to Polak\u00f3w bo ju\u017c kilkadziesi\u0105t sekund p\u00f3\u017aniej Lato ponownie trafi\u0142 do argenty\u0144skiej siatki i znowu po b\u0142\u0119dzie bramkarza. Wynik ustali\u0142 Babington po du\u017cym zamieszaniu pod polsk\u0105 bramk\u0105.<\/p>\n<h2 id=\"mecz-01-11-1965\"><span class=\"ez-toc-section\" id=\"2_Mecz_Argentyna_%E2%80%93_Polska_1_0_17_grudnia_1968_r\"><\/span><a id=\"mecz-1968-12-17\"><\/a>2. Mecz Argentyna &#8211; Polska 1:0 (17 grudnia 1968 r.)<span class=\"ez-toc-section-end\"><\/span><\/h2>\n<ul>\n<li><strong>Data meczu:<\/strong> 17.12.1968<\/li>\n<li><strong>Ranga meczu:<\/strong> Towarzyski<\/li>\n<li><strong>S\u0119dzia:<\/strong> Guillermo Nimo &#8211; Argentyna\u00a0<\/li>\n<li><strong>Stadion:<\/strong> Estadio General San Mart\u00edn, Mar del Plata<\/li>\n<li><strong>Trener:<\/strong> Ryszard Koncewicz<\/li>\n<\/ul>\n<p><strong>\u26bd Strzelony gol:<\/strong><\/p>\n<ul>\n<li>Ra\u00fal Armando Savoy\u00a0 [ar] 36&#8242;<\/li>\n<\/ul>\n<p><strong>? Sk\u0142ady:<\/strong><\/p>\n<table style=\"border-collapse: collapse; width: 100%; height: 312px;\">\n<thead>\n<tr style=\"height: 21px;\">\n<th style=\"width: 50%; height: 21px;\">[ar] Argentyna:<\/th>\n<th style=\"width: 50%; height: 21px;\">[pl] Polska:<\/th>\n<\/tr>\n<\/thead>\n<tbody>\n<tr style=\"height: 291px;\">\n<td style=\"width: 50%; height: 291px;\">\n<ul>\n<li><strong>Edgardo Norberto Andrada<\/strong> &#8211; Rosario Central<\/li>\n<li><strong>Oscar Miguel Malbernat<\/strong> kapitan &#8211; Estudiantes La Plata<\/li>\n<li><strong>Aurelio Jos\u00e9 Pascuttini<\/strong> &#8211; Rosario Central<\/li>\n<li><strong>Roberto Domingo Rogel<\/strong> &#8211; Boca Juniors Buenos Aires<\/li>\n<li><strong>Armando Oscar Ovide<\/strong> &#8211; Boca Juniors Buenos Aires<\/li>\n<li><strong>Alberto Pompeo Tardivo<\/strong> &#8211; Col\u00f3n Santa Fe<\/li>\n<li><strong>Roberto Rodolfo Aguirre<\/strong> &#8211; Racing Club Avellaneda<\/li>\n<li><strong>Ra\u00fal Armando Savoy<\/strong> do 82&#8242; &#8211; Independiente Avellaneda\u00a0<\/li>\n<li>od 82&#8242;\u00a0 <strong>Jorge H\u00e9ctor Olmedo<\/strong>\u00a0&#8211; Hurac\u00e1n Buenos Aires<\/li>\n<li><strong>H\u00e9ctor S\u00e1 Minitti<\/strong> &#8211; CA Lan\u00fas<\/li>\n<li><strong>Manuel \u00c1ngel Silva<\/strong> &#8211; CA Lan\u00fas<\/li>\n<li><strong>Roque Alberto Avallay<\/strong>\u00a0 do 46&#8242; &#8211; Newell\u2019s Old Boys Rosario\u00a0<\/li>\n<li>od 46&#8242; <strong>Rodolfo Jos\u00e9 Fischer<\/strong> &#8211; San Lorenzo Almagro<\/li>\n<\/ul>\n<\/td>\n<td style=\"width: 50%; height: 291px;\">\n<ul>\n<li><strong>Jan Gomola<\/strong> -G\u00f3rnik Zabrze<\/li>\n<li><strong>Zygmunt Anczok<\/strong> -Polonia Bytom<\/li>\n<li><strong>Boles\u0142aw Szadkowski<\/strong> -\u0141KS \u0141\u00f3d\u017a<\/li>\n<li><strong>Jan Wra\u017cy<\/strong> -GKS Katowice<\/li>\n<li><strong>Adam Musia\u0142<\/strong> -Wis\u0142a Krak\u00f3w<\/li>\n<li><strong>Zygfryd Szo\u0142tysik<\/strong> -G\u00f3rnik Zabrze<\/li>\n<li><strong>Erwin Wilczek<\/strong> -G\u00f3rnik Zabrze<\/li>\n<li><strong>Bernard Blaut<\/strong> kapitan w 85&#8242; usuni\u0119ty z boiska -Legia Warszawa<\/li>\n<li><strong>Kazimierz Deyna<\/strong> do 46&#8242; -Legia Warszawa<\/li>\n<li>od 46&#8242;<strong> Jerzy Sadek<\/strong> -\u0141KS \u0141\u00f3d\u017a<\/li>\n<li><strong>Janusz \u017bmijewski<\/strong> -Legia Warszawa<\/li>\n<li><strong>Robert Gadocha<\/strong> -Legia Warszawa<\/li>\n<\/ul>\n<\/td>\n<\/tr>\n<\/tbody>\n<\/table>\n<p><div id=\"attachment_10700\" style=\"width: 258px\" class=\"wp-caption aligncenter\"><img loading=\"lazy\" decoding=\"async\" aria-describedby=\"caption-attachment-10700\" class=\"wp-image-10700 size-medium\" src=\"https:\/\/kronika-futbolu.pl\/historia\/wp-content\/uploads\/2021\/02\/2B_argentyna_polska_1968_savoy_strzelc_gola-248x400.png\" alt=\" Ra\u00fal Armando Savoy\" width=\"248\" height=\"400\" srcset=\"https:\/\/kronika-futbolu.pl\/historia\/wp-content\/uploads\/2021\/02\/2B_argentyna_polska_1968_savoy_strzelc_gola-248x400.png 248w, https:\/\/kronika-futbolu.pl\/historia\/wp-content\/uploads\/2021\/02\/2B_argentyna_polska_1968_savoy_strzelc_gola.png 583w\" sizes=\"auto, (max-width: 248px) 100vw, 248px\" \/><p id=\"caption-attachment-10700\" class=\"wp-caption-text\">Ra\u00fal Armando Savoy- strzelec gola. Wikipedia.org<\/p><\/div> <div id=\"attachment_10699\" style=\"width: 469px\" class=\"wp-caption alignleft\"><img loading=\"lazy\" decoding=\"async\" aria-describedby=\"caption-attachment-10699\" class=\"wp-image-10699 size-medium\" src=\"https:\/\/kronika-futbolu.pl\/historia\/wp-content\/uploads\/2021\/02\/2A_argentyna_polska_1968_Jan_wrazy_debiutant-459x400.png\" alt=\"Jan Wra\u017cy \" width=\"459\" height=\"400\" srcset=\"https:\/\/kronika-futbolu.pl\/historia\/wp-content\/uploads\/2021\/02\/2A_argentyna_polska_1968_Jan_wrazy_debiutant-459x400.png 459w, https:\/\/kronika-futbolu.pl\/historia\/wp-content\/uploads\/2021\/02\/2A_argentyna_polska_1968_Jan_wrazy_debiutant-768x670.png 768w, https:\/\/kronika-futbolu.pl\/historia\/wp-content\/uploads\/2021\/02\/2A_argentyna_polska_1968_Jan_wrazy_debiutant.png 861w\" sizes=\"auto, (max-width: 459px) 100vw, 459px\" \/><p id=\"caption-attachment-10699\" class=\"wp-caption-text\">Jan Wra\u017cy &#8211; jeden z debiutant\u00f3w. Wikipedia.org<\/p><\/div><\/p>\n<p style=\"text-align: justify;\">Millonarios Bogot\u00e1 2 razy, CSD Colo-Colo, Universidad de Chile, Argentyna i Reprezentacja Limy- z tymi zespo\u0142ami w grudniu 1968 roku Reprezentacja Polski zagra\u0142a podczas swojego drugiego pobytu\u00a0 Ameryce Po\u0142udniowej. Tylko jedno spotkanie by\u0142o oficjalne\u00a0 &#8211; 17 grudnia z Argentyn\u0105. Ten mecz by\u0142 przez wiele lat zapomniany i nawet do dzisiaj w por\u00f3wnaniu do innych gier ma\u0142o jest informacji o tym spotkaniu.\u00a0<\/p>\n<p style=\"text-align: justify;\">W Bogocie Bia\u0142o-Czerwoni przegrali z Millonarios\u00a0 1-3 i wygrali 1-0. W chilijskim Santiago najpierw pokonali Colo-Colo a p\u00f3\u017aniej Universidad de Chile 1-0. Po meczu z Argentyn\u0105 ulegli w Limie z dru\u017cyn\u0105 z\u0142o\u017con\u0105 z pi\u0142karzy z tego miasta.\u00a0<\/p>\n<p style=\"text-align: justify;\">Pierwszego i jedynego gola zdoby\u0142 Ra\u00fal Armando Savoy\u00a0 w 36 minucie. 9 minut wcze\u015bniej szans\u0119 na bramk\u0119 mia\u0142 Kazimierz Deyna ale nie wykorzysta\u0142 rzutu karnego. 10 lat p\u00f3\u017aniej s\u0142ynny Kaka na Mistrzostwach \u015awiata 1978 po raz drugi w meczu z Argentyn\u0105 nie wykorzysta jedenastki.\u00a0 Po raz pierwszy z boiska zosta\u0142 usuni\u0119ty polski zawodnik. W 85 minucie Bernard Blaut musia\u0142 zako\u0144czy\u0107 udzia\u0142 w rozgrywkach.\u00a0 Zadebiutowali:\u00a0 Boles\u0142aw Szadkowski z \u0141KS-u \u0141\u00f3d\u017a i Jan Wra\u017cy z GKS-u Katowice.\u00a0<\/p>\n<h2 id=\"mecz-18-04-1965\"><span class=\"ez-toc-section\" id=\"1_Mecz_Argentyna_%E2%80%93_Polska_1_1_11_czerwca_1966_r\"><\/span><a id=\"mecz-1966-06-11\"><\/a>1. Mecz Argentyna &#8211; Polska 1:1 (11 czerwca 1966 r.)<span class=\"ez-toc-section-end\"><\/span><\/h2>\n<ul>\n<li><strong>Data meczu:<\/strong> 11.06.1966<\/li>\n<li><strong>Ranga meczu:<\/strong> Towarzyski<\/li>\n<li><strong>S\u0119dzia:<\/strong> Roberto Goicoechea &#8211; Argentyna<\/li>\n<li><strong>Stadion: <\/strong>Estadio Monumental (River Plate), Buenos Aires<\/li>\n<li><strong>Trener:<\/strong> Antoni Brze\u017ca\u0144czyk<\/li>\n<\/ul>\n<p><strong>\u26bd Strzelone bramki:<\/strong><\/p>\n<ul>\n<li>Oscar Antonio M\u00e1s 10&#8242;<\/li>\n<li>Jan Liberda 49&#8242;<\/li>\n<\/ul>\n<p><strong>? Sk\u0142ady:<\/strong><\/p>\n<table style=\"border-collapse: collapse; width: 100%; height: 383px;\">\n<thead>\n<tr style=\"height: 21px;\">\n<th style=\"width: 50%; height: 21px;\">[ar] Argentyna:<\/th>\n<th style=\"width: 50%; height: 21px;\">[pl] Polska:<\/th>\n<\/tr>\n<\/thead>\n<tbody>\n<tr style=\"height: 362px;\">\n<td style=\"width: 50%; height: 362px;\">\n<ul>\n<li><strong>Antonio Roma<\/strong> &#8211; Boca Juniors Buenos Aires -GK<\/li>\n<li><strong>Antonio Ubaldo Rattin<\/strong> &#8211; Boca Juniors Buenos Aires<\/li>\n<li><strong>Oscar Mas<\/strong> &#8211; River Plate Buenos Aires<\/li>\n<li><strong>Roberto Alfredo Perfumo<\/strong> &#8211; Racing Club Avellaneda<\/li>\n<li><strong>Vicente De La Mata<\/strong> &#8211; do 46&#8242; Independiente Avellaneda<\/li>\n<li>od 46&#8242; <strong>Juan Carlos Sarnari<\/strong> &#8211; River Plate Buenos Aires<\/li>\n<li><strong>Jose Rafael Albrecht<\/strong> &#8211; San Lorenzo Almagro<\/li>\n<li><strong>Ermindo Angel Onega<\/strong> &#8211; River Plate Buenos Aires<\/li>\n<li><strong>Silvio Marzolini<\/strong> &#8211; Boca Juniors Buenos Aires<\/li>\n<li><strong>Alfredo Hugo Rojas Delinge<\/strong> &#8211; Boca Juniors Buenos Aires<\/li>\n<li><strong>Roberto Oscar Ferreiro<\/strong> &#8211; Independiente Avellaneda<\/li>\n<li><strong>Daniel German Onega<\/strong> &#8211; do 60&#8242; River Plate Buenos Aires<\/li>\n<li>od 60&#8242;<strong> An\u00edbal Roberto Tarabini<\/strong> &#8211; River Plate Buenos Aires<\/li>\n<\/ul>\n<\/td>\n<td style=\"width: 50%; height: 362px;\">\n<ul>\n<li><strong>Jan Gomola<\/strong> -G\u00f3rnik Zabrze<\/li>\n<li><strong>Roman Strza\u0142kowski<\/strong> -Zag\u0142\u0119bie Sosnowiec<\/li>\n<li><strong>Henryk Brejza<\/strong> -Odra Opole<\/li>\n<li><strong>Zygmunt Anczok<\/strong> -Polonia Bytom<\/li>\n<li><strong>Stanis\u0142aw O\u015bliz\u0142o<\/strong> kapitan -G\u00f3rnik Zabrze<\/li>\n<li><strong>Jacek Gmoch<\/strong> do 46&#8242; -Legia Warszawa<\/li>\n<li>od 46&#8242; <strong>Bernard Blaut<\/strong> -Legia Warszawa<\/li>\n<li><strong>Piotr Suski<\/strong> -\u0141KS \u0141\u00f3d\u017a<\/li>\n<li><strong>Jan Bana\u015b<\/strong> do 35&#8242; -Polonia Bytom<\/li>\n<li>od 35&#8242; <strong>J\u00f3zef Ga\u0142eczka<\/strong> -Zag\u0142\u0119bie Sosnowiec<\/li>\n<li><strong>W\u0142odzimierz Luba\u0144ski<\/strong> do 46&#8242; -G\u00f3rnik Zabrze<\/li>\n<li>od 46&#8242; <strong>Eugeniusz Faber<\/strong> -Ruch Chorz\u00f3w<\/li>\n<li><strong>Jerzy Sadek<\/strong> -\u0141KS \u0141\u00f3d\u017a<\/li>\n<li><strong>Jan Liberda<\/strong> -Polonia Bytom<\/li>\n<\/ul>\n<\/td>\n<\/tr>\n<\/tbody>\n<\/table>\n<p><div id=\"attachment_10696\" style=\"width: 577px\" class=\"wp-caption aligncenter\"><img loading=\"lazy\" decoding=\"async\" aria-describedby=\"caption-attachment-10696\" class=\"wp-image-10696\" src=\"https:\/\/kronika-futbolu.pl\/historia\/wp-content\/uploads\/2021\/02\/1A_argentyna_polska_1966_kadr_laczy_nas_polska_liberda-502x400.png\" alt=\"Moment strzelenia gola przez Jana Liberd\u0119\" width=\"567\" height=\"451\" srcset=\"https:\/\/kronika-futbolu.pl\/historia\/wp-content\/uploads\/2021\/02\/1A_argentyna_polska_1966_kadr_laczy_nas_polska_liberda-502x400.png 502w, https:\/\/kronika-futbolu.pl\/historia\/wp-content\/uploads\/2021\/02\/1A_argentyna_polska_1966_kadr_laczy_nas_polska_liberda-768x612.png 768w, https:\/\/kronika-futbolu.pl\/historia\/wp-content\/uploads\/2021\/02\/1A_argentyna_polska_1966_kadr_laczy_nas_polska_liberda.png 811w\" sizes=\"auto, (max-width: 567px) 100vw, 567px\" \/><p id=\"caption-attachment-10696\" class=\"wp-caption-text\">Moment strzelenia gola przez Jana Liberd\u0119. Kadr z transmisji.<\/p><\/div> <div id=\"attachment_10697\" style=\"width: 261px\" class=\"wp-caption alignleft\"><img loading=\"lazy\" decoding=\"async\" aria-describedby=\"caption-attachment-10697\" class=\"wp-image-10697 size-medium\" src=\"https:\/\/kronika-futbolu.pl\/historia\/wp-content\/uploads\/2021\/02\/1B_argentyna_polska_1966_mas-251x400.png\" alt=\"Oscar M\u00e1s\" width=\"251\" height=\"400\" \/><p id=\"caption-attachment-10697\" class=\"wp-caption-text\">Oscar M\u00e1s. \u0179r\u00f3d\u0142o: wikipedia.org<\/p><\/div><\/p>\n<p style=\"text-align: justify;\">Debiut Reprezentacji Polski w Argentynie i pierwszy oficjalny mecz z Reprezentacj\u0105 Argentyny w historii. W 1960 roku zmierzy\u0142y si\u0119 zespo\u0142y olimpijskie na Igrzyskach we W\u0142oszech (2-0 dla Argentyny). Trzecie i ostatnie spotkanie Polak\u00f3w podczas historycznego tourn\u00e9 po Ameryce Po\u0142udniowej. Sze\u015b\u0107 dni wcze\u015bniej Polska zadebiutowa\u0142a w Ameryce Po\u0142udniowej i przed rywalizacj\u0105 w Buenos Aires rozegra\u0142a dwa spotkania z Brazyli\u0105 (4-2 i 2-1 dla Brazylijczyk\u00f3w).\u00a0 Starcie na Estadio Monumental\u00a0 zako\u0144czy\u0142o si\u0119 remisem co dla zespo\u0142u Bia\u0142o-Czerwonych by\u0142o bardzo dobrym rezultatem. Gospodarze byli niezadowoleni z wyniku i tu\u017c przed Mistrzostwami \u015awiata w Anglii z funkcji trenera zosta\u0142 zwolniony Osvaldo Zubeldia i stery przej\u0105\u0142 Juan Carlos Lorenzo. W Anglii Argenty\u0144czycy wyszli z grupy i w kolejnej rundzie przegrali z Synami Albionu.\u00a0<\/p>\n<p style=\"text-align: justify;\">Pierwsz\u0105 bramk\u0119 zdoby\u0142 w 10 minucie Oscar Antonio M\u00e1s graj\u0105cy w\u00f3wczas w River Plate . Do wyr\u00f3wnania doprowadzi\u0142 Jan Liberda w 49 minucie. Pi\u0142karz Polonii Bytom by\u0142 najlepszym z naszej reprezentacji podczas tamtego pobytu w Ameryce Po\u0142udniowej. W 3 meczach zdoby\u0142 3 gole. Zosta\u0142 zauwa\u017cony przez tamtejszych ekspert\u00f3w i by\u0142 cz\u0119sto wspominany z naszych pi\u0142karzy.\u00a0<\/p>\n<p style=\"text-align: justify;\">Nie by\u0142o debiutant\u00f3w i zawodnik\u00f3w ko\u0144cz\u0105cych karier\u0119 reprezentacyjn\u0105. S\u0119dzi\u0105 by\u0142 Argenty\u0144czyk co by\u0142o w\u00f3wczas drugim takim przypadkiem (po 1925 roku i spotkaniem z Estoni\u0105) kiedy s\u0119dziowa\u0142a osoba z tego samego\u00a0 kraju przeciwko kt\u00f3remu gra\u0142a Polska.\u00a0<\/p>\n<blockquote>\n<p>&nbsp;<\/p>\n<\/blockquote>\n<h2 id=\"galeria\"><span class=\"ez-toc-section\" id=\"_Przezyjmy_to_jeszcze_raz_%E2%80%93_galeria_zdjec_z_meczy_Polska_%E2%80%93_Argentyna\"><\/span>? Prze\u017cyjmy to jeszcze raz &#8211; galeria zdj\u0119\u0107 z meczy Polska &#8211; Argentyna<span class=\"ez-toc-section-end\"><\/span><\/h2>\n<ul class=\"r1-gallery\"><li>\r\n\t\t\t\t<a href=\"https:\/\/kronika-futbolu.pl\/historia\/wp-content\/uploads\/2021\/02\/11B_polska_argentyna_2011_laczynaspilka.png\" title=\"Polska - Argentyna 2011. \u0179r\u00f3d\u0142o: Przegl\u0105d Sportowy\">\r\n\t\t\t\t\t<img loading=\"lazy\" decoding=\"async\" width=\"406\" height=\"400\" src=\"https:\/\/kronika-futbolu.pl\/historia\/wp-content\/uploads\/2021\/02\/11B_polska_argentyna_2011_laczynaspilka-406x400.png\" class=\"attachment-medium size-medium\" alt=\"Polska - Argentyna 2011\" srcset=\"https:\/\/kronika-futbolu.pl\/historia\/wp-content\/uploads\/2021\/02\/11B_polska_argentyna_2011_laczynaspilka-406x400.png 406w, https:\/\/kronika-futbolu.pl\/historia\/wp-content\/uploads\/2021\/02\/11B_polska_argentyna_2011_laczynaspilka.png 573w\" sizes=\"auto, (max-width: 406px) 100vw, 406px\" \/>\r\n\t\t\t\t\t<small>Polska - Argentyna 2011. \u0179r\u00f3d\u0142o: Przegl\u0105d Sportowy<\/small>\r\n\t\t\t\t<\/a>\r\n\t\t\t<\/li><li>\r\n\t\t\t\t<a href=\"https:\/\/kronika-futbolu.pl\/historia\/wp-content\/uploads\/2021\/02\/10B_argentyna_polska_1992_kadr_youtube_radosc_po_I_golu.png\" title=\"Argentyna - Polska 1992. Rado\u015b\u0107 po pierwszym golu - kadr\">\r\n\t\t\t\t\t<img loading=\"lazy\" decoding=\"async\" width=\"414\" height=\"400\" src=\"https:\/\/kronika-futbolu.pl\/historia\/wp-content\/uploads\/2021\/02\/10B_argentyna_polska_1992_kadr_youtube_radosc_po_I_golu-414x400.png\" class=\"attachment-medium size-medium\" alt=\"Argentyna - Polska 1992\" srcset=\"https:\/\/kronika-futbolu.pl\/historia\/wp-content\/uploads\/2021\/02\/10B_argentyna_polska_1992_kadr_youtube_radosc_po_I_golu-414x400.png 414w, https:\/\/kronika-futbolu.pl\/historia\/wp-content\/uploads\/2021\/02\/10B_argentyna_polska_1992_kadr_youtube_radosc_po_I_golu-768x742.png 768w, https:\/\/kronika-futbolu.pl\/historia\/wp-content\/uploads\/2021\/02\/10B_argentyna_polska_1992_kadr_youtube_radosc_po_I_golu.png 821w\" sizes=\"auto, (max-width: 414px) 100vw, 414px\" \/>\r\n\t\t\t\t\t<small>Argentyna - Polska 1992. Rado\u015b\u0107 po pierwszym golu - kadr<\/small>\r\n\t\t\t\t<\/a>\r\n\t\t\t<\/li><li>\r\n\t\t\t\t<a href=\"https:\/\/kronika-futbolu.pl\/historia\/wp-content\/uploads\/2021\/02\/10A_argentyna_polska_1992_kadr_youtube_przed_I_goelm.png\" title=\"Argentyna - Polska 1992. Tu\u017c przed pierwsz\u0105 bramk\u0105 - kadr\">\r\n\t\t\t\t\t<img loading=\"lazy\" decoding=\"async\" width=\"600\" height=\"400\" src=\"https:\/\/kronika-futbolu.pl\/historia\/wp-content\/uploads\/2021\/02\/10A_argentyna_polska_1992_kadr_youtube_przed_I_goelm-600x400.png\" class=\"attachment-medium size-medium\" alt=\"Argentyna - Polska 1992\" srcset=\"https:\/\/kronika-futbolu.pl\/historia\/wp-content\/uploads\/2021\/02\/10A_argentyna_polska_1992_kadr_youtube_przed_I_goelm-600x400.png 600w, https:\/\/kronika-futbolu.pl\/historia\/wp-content\/uploads\/2021\/02\/10A_argentyna_polska_1992_kadr_youtube_przed_I_goelm-300x200.png 300w, https:\/\/kronika-futbolu.pl\/historia\/wp-content\/uploads\/2021\/02\/10A_argentyna_polska_1992_kadr_youtube_przed_I_goelm-768x513.png 768w, https:\/\/kronika-futbolu.pl\/historia\/wp-content\/uploads\/2021\/02\/10A_argentyna_polska_1992_kadr_youtube_przed_I_goelm.png 1197w\" sizes=\"auto, (max-width: 600px) 100vw, 600px\" \/>\r\n\t\t\t\t\t<small>Argentyna - Polska 1992. Tu\u017c przed pierwsz\u0105 bramk\u0105 - kadr<\/small>\r\n\t\t\t\t<\/a>\r\n\t\t\t<\/li><li>\r\n\t\t\t\t<a href=\"https:\/\/kronika-futbolu.pl\/historia\/wp-content\/uploads\/2021\/02\/9A_argentyna_polska_1984_-Soccernostalgia-Retro-Soccer-Magazines.png\" title=\"Argentyna - Polska 1984 Nehru Cup.  \u0179r\u00f3d\u0142o; Soccernostalgia: Retro Soccer Magazines\">\r\n\t\t\t\t\t<img loading=\"lazy\" decoding=\"async\" width=\"303\" height=\"400\" src=\"https:\/\/kronika-futbolu.pl\/historia\/wp-content\/uploads\/2021\/02\/9A_argentyna_polska_1984_-Soccernostalgia-Retro-Soccer-Magazines-303x400.png\" class=\"attachment-medium size-medium\" alt=\"Argentyna - Polska 1984 Nehru Cup\" srcset=\"https:\/\/kronika-futbolu.pl\/historia\/wp-content\/uploads\/2021\/02\/9A_argentyna_polska_1984_-Soccernostalgia-Retro-Soccer-Magazines-303x400.png 303w, https:\/\/kronika-futbolu.pl\/historia\/wp-content\/uploads\/2021\/02\/9A_argentyna_polska_1984_-Soccernostalgia-Retro-Soccer-Magazines.png 597w\" sizes=\"auto, (max-width: 303px) 100vw, 303px\" \/>\r\n\t\t\t\t\t<small>Argentyna - Polska 1984 Nehru Cup.  \u0179r\u00f3d\u0142o; Soccernostalgia: Retro Soccer Magazines<\/small>\r\n\t\t\t\t<\/a>\r\n\t\t\t<\/li><li>\r\n\t\t\t\t<a href=\"https:\/\/kronika-futbolu.pl\/historia\/wp-content\/uploads\/2021\/02\/8B_argentyna_polska_I_gol_pl.png\" title=\"Argentyna - Polska 1981. I gol dla Polski - kadr\">\r\n\t\t\t\t\t<img loading=\"lazy\" decoding=\"async\" width=\"531\" height=\"400\" src=\"https:\/\/kronika-futbolu.pl\/historia\/wp-content\/uploads\/2021\/02\/8B_argentyna_polska_I_gol_pl-531x400.png\" class=\"attachment-medium size-medium\" alt=\"Argentyna - Polska 1981\" srcset=\"https:\/\/kronika-futbolu.pl\/historia\/wp-content\/uploads\/2021\/02\/8B_argentyna_polska_I_gol_pl-531x400.png 531w, https:\/\/kronika-futbolu.pl\/historia\/wp-content\/uploads\/2021\/02\/8B_argentyna_polska_I_gol_pl-768x578.png 768w, https:\/\/kronika-futbolu.pl\/historia\/wp-content\/uploads\/2021\/02\/8B_argentyna_polska_I_gol_pl.png 825w\" sizes=\"auto, (max-width: 531px) 100vw, 531px\" \/>\r\n\t\t\t\t\t<small>Argentyna - Polska 1981. I gol dla Polski - kadr<\/small>\r\n\t\t\t\t<\/a>\r\n\t\t\t<\/li><li>\r\n\t\t\t\t<a href=\"https:\/\/kronika-futbolu.pl\/historia\/wp-content\/uploads\/2021\/02\/8A_argentyna_polska_1981_dziennik_lodzki.png\" title=\"Argentyna - Polska 1981. Dziennik \u0141\u00f3dzki\">\r\n\t\t\t\t\t<img loading=\"lazy\" decoding=\"async\" width=\"600\" height=\"352\" src=\"https:\/\/kronika-futbolu.pl\/historia\/wp-content\/uploads\/2021\/02\/8A_argentyna_polska_1981_dziennik_lodzki-600x352.png\" class=\"attachment-medium size-medium\" alt=\"Argentyna - Polska 1981\" srcset=\"https:\/\/kronika-futbolu.pl\/historia\/wp-content\/uploads\/2021\/02\/8A_argentyna_polska_1981_dziennik_lodzki-600x352.png 600w, https:\/\/kronika-futbolu.pl\/historia\/wp-content\/uploads\/2021\/02\/8A_argentyna_polska_1981_dziennik_lodzki-768x450.png 768w, https:\/\/kronika-futbolu.pl\/historia\/wp-content\/uploads\/2021\/02\/8A_argentyna_polska_1981_dziennik_lodzki.png 1403w\" sizes=\"auto, (max-width: 600px) 100vw, 600px\" \/>\r\n\t\t\t\t\t<small>Argentyna - Polska 1981. Dziennik \u0141\u00f3dzki<\/small>\r\n\t\t\t\t<\/a>\r\n\t\t\t<\/li><li>\r\n\t\t\t\t<a href=\"https:\/\/kronika-futbolu.pl\/historia\/wp-content\/uploads\/2021\/02\/7B_argentyna_polska_1980_dziennik_popularny.png\" title=\"Argentyna - Polska 1980. Dziennik Popularny\">\r\n\t\t\t\t\t<img loading=\"lazy\" decoding=\"async\" width=\"600\" height=\"350\" src=\"https:\/\/kronika-futbolu.pl\/historia\/wp-content\/uploads\/2021\/02\/7B_argentyna_polska_1980_dziennik_popularny-600x350.png\" class=\"attachment-medium size-medium\" alt=\"Argentyna - Polska 1980\" srcset=\"https:\/\/kronika-futbolu.pl\/historia\/wp-content\/uploads\/2021\/02\/7B_argentyna_polska_1980_dziennik_popularny-600x350.png 600w, https:\/\/kronika-futbolu.pl\/historia\/wp-content\/uploads\/2021\/02\/7B_argentyna_polska_1980_dziennik_popularny-768x447.png 768w, https:\/\/kronika-futbolu.pl\/historia\/wp-content\/uploads\/2021\/02\/7B_argentyna_polska_1980_dziennik_popularny.png 1435w\" sizes=\"auto, (max-width: 600px) 100vw, 600px\" \/>\r\n\t\t\t\t\t<small>Argentyna - Polska 1980. Dziennik Popularny<\/small>\r\n\t\t\t\t<\/a>\r\n\t\t\t<\/li><li>\r\n\t\t\t\t<a href=\"https:\/\/kronika-futbolu.pl\/historia\/wp-content\/uploads\/2021\/02\/7A_argentyna_polska-1980_I_gol_arg.png\" title=\"Argentyna - Polska 1980. I gol dla Argentyny - kadr\">\r\n\t\t\t\t\t<img loading=\"lazy\" decoding=\"async\" width=\"600\" height=\"358\" src=\"https:\/\/kronika-futbolu.pl\/historia\/wp-content\/uploads\/2021\/02\/7A_argentyna_polska-1980_I_gol_arg-600x358.png\" class=\"attachment-medium size-medium\" alt=\"Argentyna - Polska 1980\" srcset=\"https:\/\/kronika-futbolu.pl\/historia\/wp-content\/uploads\/2021\/02\/7A_argentyna_polska-1980_I_gol_arg-600x358.png 600w, https:\/\/kronika-futbolu.pl\/historia\/wp-content\/uploads\/2021\/02\/7A_argentyna_polska-1980_I_gol_arg-768x458.png 768w, https:\/\/kronika-futbolu.pl\/historia\/wp-content\/uploads\/2021\/02\/7A_argentyna_polska-1980_I_gol_arg-1536x915.png 1536w, https:\/\/kronika-futbolu.pl\/historia\/wp-content\/uploads\/2021\/02\/7A_argentyna_polska-1980_I_gol_arg.png 1586w\" sizes=\"auto, (max-width: 600px) 100vw, 600px\" \/>\r\n\t\t\t\t\t<small>Argentyna - Polska 1980. I gol dla Argentyny - kadr<\/small>\r\n\t\t\t\t<\/a>\r\n\t\t\t<\/li><li>\r\n\t\t\t\t<a href=\"https:\/\/kronika-futbolu.pl\/historia\/wp-content\/uploads\/2021\/02\/6B_argentyna_polska_1978_kempes_II_gol_youtube.png\" title=\"Polska - Argentyna 1978. Kempes strzela drugiego gola - kadr\">\r\n\t\t\t\t\t<img loading=\"lazy\" decoding=\"async\" width=\"505\" height=\"400\" src=\"https:\/\/kronika-futbolu.pl\/historia\/wp-content\/uploads\/2021\/02\/6B_argentyna_polska_1978_kempes_II_gol_youtube-505x400.png\" class=\"attachment-medium size-medium\" alt=\"Polska - Argentyna 1978\" srcset=\"https:\/\/kronika-futbolu.pl\/historia\/wp-content\/uploads\/2021\/02\/6B_argentyna_polska_1978_kempes_II_gol_youtube-505x400.png 505w, https:\/\/kronika-futbolu.pl\/historia\/wp-content\/uploads\/2021\/02\/6B_argentyna_polska_1978_kempes_II_gol_youtube-768x609.png 768w, https:\/\/kronika-futbolu.pl\/historia\/wp-content\/uploads\/2021\/02\/6B_argentyna_polska_1978_kempes_II_gol_youtube.png 945w\" sizes=\"auto, (max-width: 505px) 100vw, 505px\" \/>\r\n\t\t\t\t\t<small>Polska - Argentyna 1978. Kempes strzela drugiego gola - kadr<\/small>\r\n\t\t\t\t<\/a>\r\n\t\t\t<\/li><li>\r\n\t\t\t\t<a href=\"https:\/\/kronika-futbolu.pl\/historia\/wp-content\/uploads\/2021\/02\/6A_argentyna_polska_1978_kempes_po_I_golu_youtube.png\" title=\"Polska - Argentyna 1978. Kempes po I golu - kadr\">\r\n\t\t\t\t\t<img loading=\"lazy\" decoding=\"async\" width=\"574\" height=\"400\" src=\"https:\/\/kronika-futbolu.pl\/historia\/wp-content\/uploads\/2021\/02\/6A_argentyna_polska_1978_kempes_po_I_golu_youtube-574x400.png\" class=\"attachment-medium size-medium\" alt=\"Polska - Argentyna 1978\" srcset=\"https:\/\/kronika-futbolu.pl\/historia\/wp-content\/uploads\/2021\/02\/6A_argentyna_polska_1978_kempes_po_I_golu_youtube-574x400.png 574w, https:\/\/kronika-futbolu.pl\/historia\/wp-content\/uploads\/2021\/02\/6A_argentyna_polska_1978_kempes_po_I_golu_youtube.png 717w\" sizes=\"auto, (max-width: 574px) 100vw, 574px\" \/>\r\n\t\t\t\t\t<small>Polska - Argentyna 1978. Kempes po I golu - kadr<\/small>\r\n\t\t\t\t<\/a>\r\n\t\t\t<\/li><li>\r\n\t\t\t\t<a href=\"https:\/\/kronika-futbolu.pl\/historia\/wp-content\/uploads\/2021\/02\/5B_argentyna_polska_1977_bilet_allegro.png\" title=\"Polska - Argentyna 1977. Bilet. \u0179r\u00f3d\u0142o: Allegro.pl\">\r\n\t\t\t\t\t<img loading=\"lazy\" decoding=\"async\" width=\"545\" height=\"400\" src=\"https:\/\/kronika-futbolu.pl\/historia\/wp-content\/uploads\/2021\/02\/5B_argentyna_polska_1977_bilet_allegro-545x400.png\" class=\"attachment-medium size-medium\" alt=\"Polska - Argentyna 1977\" srcset=\"https:\/\/kronika-futbolu.pl\/historia\/wp-content\/uploads\/2021\/02\/5B_argentyna_polska_1977_bilet_allegro-545x400.png 545w, https:\/\/kronika-futbolu.pl\/historia\/wp-content\/uploads\/2021\/02\/5B_argentyna_polska_1977_bilet_allegro-768x564.png 768w, https:\/\/kronika-futbolu.pl\/historia\/wp-content\/uploads\/2021\/02\/5B_argentyna_polska_1977_bilet_allegro.png 958w\" sizes=\"auto, (max-width: 545px) 100vw, 545px\" \/>\r\n\t\t\t\t\t<small>Polska - Argentyna 1977. Bilet. \u0179r\u00f3d\u0142o: Allegro.pl<\/small>\r\n\t\t\t\t<\/a>\r\n\t\t\t<\/li><li>\r\n\t\t\t\t<a href=\"https:\/\/kronika-futbolu.pl\/historia\/wp-content\/uploads\/2021\/02\/5A_argentyna_polska_1977_dziennik_popularny_lodz.png\" title=\"Polska - Argentyna 1977. Dziennik Popularny - \u0141\u00f3d\u017a\">\r\n\t\t\t\t\t<img loading=\"lazy\" decoding=\"async\" width=\"600\" height=\"361\" src=\"https:\/\/kronika-futbolu.pl\/historia\/wp-content\/uploads\/2021\/02\/5A_argentyna_polska_1977_dziennik_popularny_lodz-600x361.png\" class=\"attachment-medium size-medium\" alt=\"Polska - Argentyna 1977\" srcset=\"https:\/\/kronika-futbolu.pl\/historia\/wp-content\/uploads\/2021\/02\/5A_argentyna_polska_1977_dziennik_popularny_lodz-600x361.png 600w, https:\/\/kronika-futbolu.pl\/historia\/wp-content\/uploads\/2021\/02\/5A_argentyna_polska_1977_dziennik_popularny_lodz-768x462.png 768w, https:\/\/kronika-futbolu.pl\/historia\/wp-content\/uploads\/2021\/02\/5A_argentyna_polska_1977_dziennik_popularny_lodz.png 1424w\" sizes=\"auto, (max-width: 600px) 100vw, 600px\" \/>\r\n\t\t\t\t\t<small>Polska - Argentyna 1977. Dziennik Popularny - \u0141\u00f3d\u017a<\/small>\r\n\t\t\t\t<\/a>\r\n\t\t\t<\/li><li>\r\n\t\t\t\t<a href=\"https:\/\/kronika-futbolu.pl\/historia\/wp-content\/uploads\/2021\/02\/4B_polska_argentyna_1976_allegro.png\" title=\"Polska - Argentyna 1976. \u0179r\u00f3d\u0142o: Allegro.pl\">\r\n\t\t\t\t\t<img loading=\"lazy\" decoding=\"async\" width=\"600\" height=\"242\" src=\"https:\/\/kronika-futbolu.pl\/historia\/wp-content\/uploads\/2021\/02\/4B_polska_argentyna_1976_allegro-600x242.png\" class=\"attachment-medium size-medium\" alt=\"Polska - Argentyna 1976\" srcset=\"https:\/\/kronika-futbolu.pl\/historia\/wp-content\/uploads\/2021\/02\/4B_polska_argentyna_1976_allegro-600x242.png 600w, https:\/\/kronika-futbolu.pl\/historia\/wp-content\/uploads\/2021\/02\/4B_polska_argentyna_1976_allegro-768x310.png 768w, https:\/\/kronika-futbolu.pl\/historia\/wp-content\/uploads\/2021\/02\/4B_polska_argentyna_1976_allegro.png 945w\" sizes=\"auto, (max-width: 600px) 100vw, 600px\" \/>\r\n\t\t\t\t\t<small>Polska - Argentyna 1976. \u0179r\u00f3d\u0142o: Allegro.pl<\/small>\r\n\t\t\t\t<\/a>\r\n\t\t\t<\/li><li>\r\n\t\t\t\t<a href=\"https:\/\/kronika-futbolu.pl\/historia\/wp-content\/uploads\/2021\/02\/3B_argentyna_polska_1974_pocztowka_antykwariatsportowy.png\" title=\"Argentyna - Polska 1974. \u0179r\u00f3d\u0142o: Antykwariatsportowy\">\r\n\t\t\t\t\t<img loading=\"lazy\" decoding=\"async\" width=\"600\" height=\"379\" src=\"https:\/\/kronika-futbolu.pl\/historia\/wp-content\/uploads\/2021\/02\/3B_argentyna_polska_1974_pocztowka_antykwariatsportowy-600x379.png\" class=\"attachment-medium size-medium\" alt=\"Argentyna - Polska 1974\" srcset=\"https:\/\/kronika-futbolu.pl\/historia\/wp-content\/uploads\/2021\/02\/3B_argentyna_polska_1974_pocztowka_antykwariatsportowy-600x379.png 600w, https:\/\/kronika-futbolu.pl\/historia\/wp-content\/uploads\/2021\/02\/3B_argentyna_polska_1974_pocztowka_antykwariatsportowy.png 672w\" sizes=\"auto, (max-width: 600px) 100vw, 600px\" \/>\r\n\t\t\t\t\t<small>Argentyna - Polska 1974. \u0179r\u00f3d\u0142o: Antykwariatsportowy<\/small>\r\n\t\t\t\t<\/a>\r\n\t\t\t<\/li><li>\r\n\t\t\t\t<a href=\"https:\/\/kronika-futbolu.pl\/historia\/wp-content\/uploads\/2021\/02\/2B_argentyna_polska_1968_savoy_strzelc_gola.png\" title=\" Ra\u00fal Armando Savoy- strzelec gola. Wikipedia.pl\">\r\n\t\t\t\t\t<img loading=\"lazy\" decoding=\"async\" width=\"248\" height=\"400\" src=\"https:\/\/kronika-futbolu.pl\/historia\/wp-content\/uploads\/2021\/02\/2B_argentyna_polska_1968_savoy_strzelc_gola-248x400.png\" class=\"attachment-medium size-medium\" alt=\"Ra\u00fal Armando Savoy\" srcset=\"https:\/\/kronika-futbolu.pl\/historia\/wp-content\/uploads\/2021\/02\/2B_argentyna_polska_1968_savoy_strzelc_gola-248x400.png 248w, https:\/\/kronika-futbolu.pl\/historia\/wp-content\/uploads\/2021\/02\/2B_argentyna_polska_1968_savoy_strzelc_gola.png 583w\" sizes=\"auto, (max-width: 248px) 100vw, 248px\" \/>\r\n\t\t\t\t\t<small> Ra\u00fal Armando Savoy- strzelec gola. Wikipedia.pl<\/small>\r\n\t\t\t\t<\/a>\r\n\t\t\t<\/li><li>\r\n\t\t\t\t<a href=\"https:\/\/kronika-futbolu.pl\/historia\/wp-content\/uploads\/2021\/02\/2A_argentyna_polska_1968_Jan_wrazy_debiutant.png\" title=\"Jan Wra\u017cy - jeden z debiutant\u00f3w. Wikipedia.pl\">\r\n\t\t\t\t\t<img loading=\"lazy\" decoding=\"async\" width=\"459\" height=\"400\" src=\"https:\/\/kronika-futbolu.pl\/historia\/wp-content\/uploads\/2021\/02\/2A_argentyna_polska_1968_Jan_wrazy_debiutant-459x400.png\" class=\"attachment-medium size-medium\" alt=\"Jan Wra\u017cy\" srcset=\"https:\/\/kronika-futbolu.pl\/historia\/wp-content\/uploads\/2021\/02\/2A_argentyna_polska_1968_Jan_wrazy_debiutant-459x400.png 459w, https:\/\/kronika-futbolu.pl\/historia\/wp-content\/uploads\/2021\/02\/2A_argentyna_polska_1968_Jan_wrazy_debiutant-768x670.png 768w, https:\/\/kronika-futbolu.pl\/historia\/wp-content\/uploads\/2021\/02\/2A_argentyna_polska_1968_Jan_wrazy_debiutant.png 861w\" sizes=\"auto, (max-width: 459px) 100vw, 459px\" \/>\r\n\t\t\t\t\t<small>Jan Wra\u017cy - jeden z debiutant\u00f3w. Wikipedia.pl<\/small>\r\n\t\t\t\t<\/a>\r\n\t\t\t<\/li><li>\r\n\t\t\t\t<a href=\"https:\/\/kronika-futbolu.pl\/historia\/wp-content\/uploads\/2021\/02\/1A_argentyna_polska_1966_kadr_laczy_nas_polska_liberda.png\" title=\"Moment strzelenia gola przez Jana Liberd\u0119. Kadr z transmisji \u0141\u0105czy Nas Pi\u0142ka\">\r\n\t\t\t\t\t<img loading=\"lazy\" decoding=\"async\" width=\"502\" height=\"400\" src=\"https:\/\/kronika-futbolu.pl\/historia\/wp-content\/uploads\/2021\/02\/1A_argentyna_polska_1966_kadr_laczy_nas_polska_liberda-502x400.png\" class=\"attachment-medium size-medium\" alt=\"Moment strzelenia gola przez Jana Liberd\u0119\" srcset=\"https:\/\/kronika-futbolu.pl\/historia\/wp-content\/uploads\/2021\/02\/1A_argentyna_polska_1966_kadr_laczy_nas_polska_liberda-502x400.png 502w, https:\/\/kronika-futbolu.pl\/historia\/wp-content\/uploads\/2021\/02\/1A_argentyna_polska_1966_kadr_laczy_nas_polska_liberda-768x612.png 768w, https:\/\/kronika-futbolu.pl\/historia\/wp-content\/uploads\/2021\/02\/1A_argentyna_polska_1966_kadr_laczy_nas_polska_liberda.png 811w\" sizes=\"auto, (max-width: 502px) 100vw, 502px\" \/>\r\n\t\t\t\t\t<small>Moment strzelenia gola przez Jana Liberd\u0119. Kadr z transmisji \u0141\u0105czy Nas Pi\u0142ka<\/small>\r\n\t\t\t\t<\/a>\r\n\t\t\t<\/li><\/ul>\n<p>&nbsp;<\/p>\n<p>&nbsp;<\/p>\n","protected":false},"excerpt":{"rendered":"<p>\u00a0Bilans mecz\u00f3w Polska-Argentyna, kursy bukmacherskie.\u00a0 \u0141\u0105cznie zosta\u0142o rozegranych 12 mecz\u00f3w. Polska wygra\u0142a 3 razy, 2 razy remisowa\u0142a i 7 razy przegra\u0142a. Stosunek bramek to 12-20. Ostatni mecz odby\u0142 si\u0119 30 listopada 2022 roku, by\u0142o 2-0 dla Argentyny. Trzy razy Polska gra\u0142a z Argentyn\u0105 na Mistrzostwach \u015awiata.\u00a0 Zobacz jak obstawiali bukmacherzy &#8211; historyczne i aktualne kursy [&hellip;]<\/p>\n","protected":false},"author":3,"featured_media":0,"parent":0,"menu_order":0,"comment_status":"closed","ping_status":"closed","template":"","meta":{"_acf_changed":false,"footnotes":""},"class_list":["post-10683","page","type-page","status-publish","hentry"],"acf":[],"rankMath":{"parentDomain":"kronika-futbolu.pl","noFollowDomains":[],"noFollowExcludeDomains":[],"noFollowExternalLinks":false,"featuredImageNotice":"Prezentowany obraz powinien mie\u0107 co najmniej 200 na 200 pikseli, aby m\u00f3g\u0142 go pobra\u0107 Facebook i inne serwisy spo\u0142eczno\u015bciowe.","pluginReviewed":false,"postSettings":{"linkSuggestions":true,"useFocusKeyword":false},"frontEndScore":false,"postName":"polska-argentyna-w-pilce-noznej-wyniki-meczow","permalinkFormat":"https:\/\/kronika-futbolu.pl\/historia\/%pagename%\/","showLockModifiedDate":true,"assessor":{"focusKeywordLink":"https:\/\/kronika-futbolu.pl\/historia\/wp-admin\/edit.php?focus_keyword=%focus_keyword%&post_type=%post_type%","hasTOCPlugin":{"easy-table-of-contents\/easy-table-of-contents.php":"Easy Table of Contents"},"primaryTaxonomy":false,"serpData":{"title":"","description":"","focusKeywords":"","pillarContent":false,"canonicalUrl":"","breadcrumbTitle":"","advancedRobots":[],"facebookTitle":"","facebookDescription":"","facebookImage":"","facebookImageID":"","facebookHasOverlay":false,"facebookImageOverlay":"","facebookAuthor":"","twitterCardType":"","twitterUseFacebook":true,"twitterTitle":"","twitterDescription":"","twitterImage":"","twitterImageID":"","twitterHasOverlay":false,"twitterImageOverlay":"","twitterPlayerUrl":"","twitterPlayerSize":"","twitterPlayerStream":"","twitterPlayerStreamCtype":"","twitterAppDescription":"","twitterAppIphoneName":"","twitterAppIphoneID":"","twitterAppIphoneUrl":"","twitterAppIpadName":"","twitterAppIpadID":"","twitterAppIpadUrl":"","twitterAppGoogleplayName":"","twitterAppGoogleplayID":"","twitterAppGoogleplayUrl":"","twitterAppCountry":"","robots":{"index":true},"twitterAuthor":"u\u017cytkownik","primaryTerm":0,"authorName":"Piotr Ostrowski","titleTemplate":"%title% %sep% %sitename%","descriptionTemplate":"%excerpt%","showScoreFrontend":true,"lockModifiedDate":false},"powerWords":[],"diacritics":{"A":"[\\u0041\\u24B6\\uFF21\\u00C0\\u00C1\\u00C2\\u1EA6\\u1EA4\\u1EAA\\u1EA8\\u00C3\\u0100\\u0102\\u1EB0\\u1EAE\\u1EB4\\u1EB2\\u0226\\u01E0\\u00C4\\u01DE\\u1EA2\\u00C5\\u01FA\\u01CD\\u0200\\u0202\\u1EA0\\u1EAC\\u1EB6\\u1E00\\u0104\\u023A\\u2C6F]","AA":"[\\uA732]","AE":"[\\u00C6\\u01FC\\u01E2]","AO":"[\\uA734]","AU":"[\\uA736]","AV":"[\\uA738\\uA73A]","AY":"[\\uA73C]","B":"[\\u0042\\u24B7\\uFF22\\u1E02\\u1E04\\u1E06\\u0243\\u0182\\u0181]","C":"[\\u0043\\u24B8\\uFF23\\u0106\\u0108\\u010A\\u010C\\u00C7\\u1E08\\u0187\\u023B\\uA73E]","D":"[\\u0044\\u24B9\\uFF24\\u1E0A\\u010E\\u1E0C\\u1E10\\u1E12\\u1E0E\\u0110\\u018B\\u018A\\u0189\\uA779]","DZ":"[\\u01F1\\u01C4]","Dz":"[\\u01F2\\u01C5]","E":"[\\u0045\\u24BA\\uFF25\\u00C8\\u00C9\\u00CA\\u1EC0\\u1EBE\\u1EC4\\u1EC2\\u1EBC\\u0112\\u1E14\\u1E16\\u0114\\u0116\\u00CB\\u1EBA\\u011A\\u0204\\u0206\\u1EB8\\u1EC6\\u0228\\u1E1C\\u0118\\u1E18\\u1E1A\\u0190\\u018E]","F":"[\\u0046\\u24BB\\uFF26\\u1E1E\\u0191\\uA77B]","G":"[\\u0047\\u24BC\\uFF27\\u01F4\\u011C\\u1E20\\u011E\\u0120\\u01E6\\u0122\\u01E4\\u0193\\uA7A0\\uA77D\\uA77E]","H":"[\\u0048\\u24BD\\uFF28\\u0124\\u1E22\\u1E26\\u021E\\u1E24\\u1E28\\u1E2A\\u0126\\u2C67\\u2C75\\uA78D]","I":"[\\u0049\\u24BE\\uFF29\\u00CC\\u00CD\\u00CE\\u0128\\u012A\\u012C\\u0130\\u00CF\\u1E2E\\u1EC8\\u01CF\\u0208\\u020A\\u1ECA\\u012E\\u1E2C\\u0197]","J":"[\\u004A\\u24BF\\uFF2A\\u0134\\u0248]","K":"[\\u004B\\u24C0\\uFF2B\\u1E30\\u01E8\\u1E32\\u0136\\u1E34\\u0198\\u2C69\\uA740\\uA742\\uA744\\uA7A2]","L":"[\\u004C\\u24C1\\uFF2C\\u013F\\u0139\\u013D\\u1E36\\u1E38\\u013B\\u1E3C\\u1E3A\\u0141\\u023D\\u2C62\\u2C60\\uA748\\uA746\\uA780]","LJ":"[\\u01C7]","Lj":"[\\u01C8]","M":"[\\u004D\\u24C2\\uFF2D\\u1E3E\\u1E40\\u1E42\\u2C6E\\u019C]","N":"[\\u004E\\u24C3\\uFF2E\\u01F8\\u0143\\u00D1\\u1E44\\u0147\\u1E46\\u0145\\u1E4A\\u1E48\\u0220\\u019D\\uA790\\uA7A4]","NJ":"[\\u01CA]","Nj":"[\\u01CB]","O":"[\\u004F\\u24C4\\uFF2F\\u00D2\\u00D3\\u00D4\\u1ED2\\u1ED0\\u1ED6\\u1ED4\\u00D5\\u1E4C\\u022C\\u1E4E\\u014C\\u1E50\\u1E52\\u014E\\u022E\\u0230\\u00D6\\u022A\\u1ECE\\u0150\\u01D1\\u020C\\u020E\\u01A0\\u1EDC\\u1EDA\\u1EE0\\u1EDE\\u1EE2\\u1ECC\\u1ED8\\u01EA\\u01EC\\u00D8\\u01FE\\u0186\\u019F\\uA74A\\uA74C]","OI":"[\\u01A2]","OO":"[\\uA74E]","OU":"[\\u0222]","P":"[\\u0050\\u24C5\\uFF30\\u1E54\\u1E56\\u01A4\\u2C63\\uA750\\uA752\\uA754]","Q":"[\\u0051\\u24C6\\uFF31\\uA756\\uA758\\u024A]","R":"[\\u0052\\u24C7\\uFF32\\u0154\\u1E58\\u0158\\u0210\\u0212\\u1E5A\\u1E5C\\u0156\\u1E5E\\u024C\\u2C64\\uA75A\\uA7A6\\uA782]","S":"[\\u0053\\u24C8\\uFF33\\u1E9E\\u015A\\u1E64\\u015C\\u1E60\\u0160\\u1E66\\u1E62\\u1E68\\u0218\\u015E\\u2C7E\\uA7A8\\uA784]","T":"[\\u0054\\u24C9\\uFF34\\u1E6A\\u0164\\u1E6C\\u021A\\u0162\\u1E70\\u1E6E\\u0166\\u01AC\\u01AE\\u023E\\uA786]","TZ":"[\\uA728]","U":"[\\u0055\\u24CA\\uFF35\\u00D9\\u00DA\\u00DB\\u0168\\u1E78\\u016A\\u1E7A\\u016C\\u00DC\\u01DB\\u01D7\\u01D5\\u01D9\\u1EE6\\u016E\\u0170\\u01D3\\u0214\\u0216\\u01AF\\u1EEA\\u1EE8\\u1EEE\\u1EEC\\u1EF0\\u1EE4\\u1E72\\u0172\\u1E76\\u1E74\\u0244]","V":"[\\u0056\\u24CB\\uFF36\\u1E7C\\u1E7E\\u01B2\\uA75E\\u0245]","VY":"[\\uA760]","W":"[\\u0057\\u24CC\\uFF37\\u1E80\\u1E82\\u0174\\u1E86\\u1E84\\u1E88\\u2C72]","X":"[\\u0058\\u24CD\\uFF38\\u1E8A\\u1E8C]","Y":"[\\u0059\\u24CE\\uFF39\\u1EF2\\u00DD\\u0176\\u1EF8\\u0232\\u1E8E\\u0178\\u1EF6\\u1EF4\\u01B3\\u024E\\u1EFE]","Z":"[\\u005A\\u24CF\\uFF3A\\u0179\\u1E90\\u017B\\u017D\\u1E92\\u1E94\\u01B5\\u0224\\u2C7F\\u2C6B\\uA762]","a":"[\\u0061\\u24D0\\uFF41\\u1E9A\\u00E0\\u00E1\\u00E2\\u1EA7\\u1EA5\\u1EAB\\u1EA9\\u00E3\\u0101\\u0103\\u1EB1\\u1EAF\\u1EB5\\u1EB3\\u0227\\u01E1\\u00E4\\u01DF\\u1EA3\\u00E5\\u01FB\\u01CE\\u0201\\u0203\\u1EA1\\u1EAD\\u1EB7\\u1E01\\u0105\\u2C65\\u0250]","aa":"[\\uA733]","ae":"[\\u00E6\\u01FD\\u01E3]","ao":"[\\uA735]","au":"[\\uA737]","av":"[\\uA739\\uA73B]","ay":"[\\uA73D]","b":"[\\u0062\\u24D1\\uFF42\\u1E03\\u1E05\\u1E07\\u0180\\u0183\\u0253]","c":"[\\u0063\\u24D2\\uFF43\\u0107\\u0109\\u010B\\u010D\\u00E7\\u1E09\\u0188\\u023C\\uA73F\\u2184]","d":"[\\u0064\\u24D3\\uFF44\\u1E0B\\u010F\\u1E0D\\u1E11\\u1E13\\u1E0F\\u0111\\u018C\\u0256\\u0257\\uA77A]","dz":"[\\u01F3\\u01C6]","e":"[\\u0065\\u24D4\\uFF45\\u00E8\\u00E9\\u00EA\\u1EC1\\u1EBF\\u1EC5\\u1EC3\\u1EBD\\u0113\\u1E15\\u1E17\\u0115\\u0117\\u00EB\\u1EBB\\u011B\\u0205\\u0207\\u1EB9\\u1EC7\\u0229\\u1E1D\\u0119\\u1E19\\u1E1B\\u0247\\u025B\\u01DD]","f":"[\\u0066\\u24D5\\uFF46\\u1E1F\\u0192\\uA77C]","g":"[\\u0067\\u24D6\\uFF47\\u01F5\\u011D\\u1E21\\u011F\\u0121\\u01E7\\u0123\\u01E5\\u0260\\uA7A1\\u1D79\\uA77F]","h":"[\\u0068\\u24D7\\uFF48\\u0125\\u1E23\\u1E27\\u021F\\u1E25\\u1E29\\u1E2B\\u1E96\\u0127\\u2C68\\u2C76\\u0265]","hv":"[\\u0195]","i":"[\\u0069\\u24D8\\uFF49\\u00EC\\u00ED\\u00EE\\u0129\\u012B\\u012D\\u00EF\\u1E2F\\u1EC9\\u01D0\\u0209\\u020B\\u1ECB\\u012F\\u1E2D\\u0268\\u0131]","j":"[\\u006A\\u24D9\\uFF4A\\u0135\\u01F0\\u0249]","k":"[\\u006B\\u24DA\\uFF4B\\u1E31\\u01E9\\u1E33\\u0137\\u1E35\\u0199\\u2C6A\\uA741\\uA743\\uA745\\uA7A3]","l":"[\\u006C\\u24DB\\uFF4C\\u0140\\u013A\\u013E\\u1E37\\u1E39\\u013C\\u1E3D\\u1E3B\\u017F\\u0142\\u019A\\u026B\\u2C61\\uA749\\uA781\\uA747]","lj":"[\\u01C9]","m":"[\\u006D\\u24DC\\uFF4D\\u1E3F\\u1E41\\u1E43\\u0271\\u026F]","n":"[\\u006E\\u24DD\\uFF4E\\u01F9\\u0144\\u00F1\\u1E45\\u0148\\u1E47\\u0146\\u1E4B\\u1E49\\u019E\\u0272\\u0149\\uA791\\uA7A5]","nj":"[\\u01CC]","o":"[\\u006F\\u24DE\\uFF4F\\u00F2\\u00F3\\u00F4\\u1ED3\\u1ED1\\u1ED7\\u1ED5\\u00F5\\u1E4D\\u022D\\u1E4F\\u014D\\u1E51\\u1E53\\u014F\\u022F\\u0231\\u00F6\\u022B\\u1ECF\\u0151\\u01D2\\u020D\\u020F\\u01A1\\u1EDD\\u1EDB\\u1EE1\\u1EDF\\u1EE3\\u1ECD\\u1ED9\\u01EB\\u01ED\\u00F8\\u01FF\\u0254\\uA74B\\uA74D\\u0275]","oi":"[\\u01A3]","ou":"[\\u0223]","oo":"[\\uA74F]","p":"[\\u0070\\u24DF\\uFF50\\u1E55\\u1E57\\u01A5\\u1D7D\\uA751\\uA753\\uA755]","q":"[\\u0071\\u24E0\\uFF51\\u024B\\uA757\\uA759]","r":"[\\u0072\\u24E1\\uFF52\\u0155\\u1E59\\u0159\\u0211\\u0213\\u1E5B\\u1E5D\\u0157\\u1E5F\\u024D\\u027D\\uA75B\\uA7A7\\uA783]","s":"[\\u0073\\u24E2\\uFF53\\u015B\\u1E65\\u015D\\u1E61\\u0161\\u1E67\\u1E63\\u1E69\\u0219\\u015F\\u023F\\uA7A9\\uA785\\u1E9B]","ss":"[\\u00DF]","t":"[\\u0074\\u24E3\\uFF54\\u1E6B\\u1E97\\u0165\\u1E6D\\u021B\\u0163\\u1E71\\u1E6F\\u0167\\u01AD\\u0288\\u2C66\\uA787]","tz":"[\\uA729]","u":"[\\u0075\\u24E4\\uFF55\\u00F9\\u00FA\\u00FB\\u0169\\u1E79\\u016B\\u1E7B\\u016D\\u00FC\\u01DC\\u01D8\\u01D6\\u01DA\\u1EE7\\u016F\\u0171\\u01D4\\u0215\\u0217\\u01B0\\u1EEB\\u1EE9\\u1EEF\\u1EED\\u1EF1\\u1EE5\\u1E73\\u0173\\u1E77\\u1E75\\u0289]","v":"[\\u0076\\u24E5\\uFF56\\u1E7D\\u1E7F\\u028B\\uA75F\\u028C]","vy":"[\\uA761]","w":"[\\u0077\\u24E6\\uFF57\\u1E81\\u1E83\\u0175\\u1E87\\u1E85\\u1E98\\u1E89\\u2C73]","x":"[\\u0078\\u24E7\\uFF58\\u1E8B\\u1E8D]","y":"[\\u0079\\u24E8\\uFF59\\u1EF3\\u00FD\\u0177\\u1EF9\\u0233\\u1E8F\\u00FF\\u1EF7\\u1E99\\u1EF5\\u01B4\\u024F\\u1EFF]","z":"[\\u007A\\u24E9\\uFF5A\\u017A\\u1E91\\u017C\\u017E\\u1E93\\u1E95\\u01B6\\u0225\\u0240\\u2C6C\\uA763]"},"researchesTests":["contentHasTOC","contentHasShortParagraphs","contentHasAssets","keywordInTitle","keywordInMetaDescription","keywordInPermalink","keywordIn10Percent","keywordInContent","keywordInSubheadings","keywordInImageAlt","keywordDensity","keywordNotUsed","lengthContent","lengthPermalink","linksHasInternal","linksHasExternals","linksNotAllExternals","titleStartWithKeyword","titleSentiment","titleHasPowerWords","titleHasNumber","hasContentAI"],"hasRedirection":true,"hasBreadcrumb":true},"homeUrl":"https:\/\/kronika-futbolu.pl\/historia","objectID":10683,"objectType":"post","locale":"pl","localeFull":"pl_PL","overlayImages":{"play":{"name":"Ikona PLAY","url":"https:\/\/kronika-futbolu.pl\/historia\/wp-content\/plugins\/seo-by-rank-math\/assets\/admin\/img\/icon-play.png","path":"\/home\/klient.dhosting.pl\/netpositive\/kronika-futbolu.pl\/public_html\/historia\/wp-content\/plugins\/seo-by-rank-math\/assets\/admin\/img\/icon-play.png","position":"middle_center"},"gif":{"name":"Ikona GIF","url":"https:\/\/kronika-futbolu.pl\/historia\/wp-content\/plugins\/seo-by-rank-math\/assets\/admin\/img\/icon-gif.png","path":"\/home\/klient.dhosting.pl\/netpositive\/kronika-futbolu.pl\/public_html\/historia\/wp-content\/plugins\/seo-by-rank-math\/assets\/admin\/img\/icon-gif.png","position":"middle_center"}},"defautOgImage":"https:\/\/kronika-futbolu.pl\/historia\/wp-content\/plugins\/seo-by-rank-math\/assets\/admin\/img\/social-placeholder.jpg","customPermalinks":true,"isUserRegistered":true,"autoSuggestKeywords":true,"connectSiteUrl":"https:\/\/rankmath.com\/auth?site=https%3A%2F%2Fkronika-futbolu.pl%2Fhistoria&r=https%3A%2F%2Fkronika-futbolu.pl%2Fhistoria%2Fwp-json%2Fwp%2Fv2%2Fpages%2F10683%3Fnonce%3Dae4fa37cbb&pro=1","maxTags":100,"trendsIcon":"<svg viewBox=\"0 0 610 610\"><path d=\"M18.85,446,174.32,290.48l58.08,58.08L76.93,504a14.54,14.54,0,0,1-20.55,0L18.83,466.48a14.54,14.54,0,0,1,0-20.55Z\" style=\"fill:#4285f4\"\/><path d=\"M242.65,242.66,377.59,377.6l-47.75,47.75a14.54,14.54,0,0,1-20.55,0L174.37,290.43l47.75-47.75A14.52,14.52,0,0,1,242.65,242.66Z\" style=\"fill:#ea4335\"\/><polygon points=\"319.53 319.53 479.26 159.8 537.34 217.88 377.61 377.62 319.53 319.53\" style=\"fill:#fabb05\"\/><path d=\"M594.26,262.73V118.61h0a16.94,16.94,0,0,0-16.94-16.94H433.2a16.94,16.94,0,0,0-12,28.92L565.34,274.71h0a16.94,16.94,0,0,0,28.92-12Z\" style=\"fill:#34a853\"\/><rect width=\"610\" height=\"610\" style=\"fill:none\"\/><\/svg>","showScore":true,"siteFavIcon":"data:image\/png;base64,iVBORw0KGgoAAAANSUhEUgAAABAAAAAQCAYAAAAf8\/9hAAABs0lEQVR4AWL4\/\/8\/RRjO8Iucx+noO0MWUDo16FYABMGP6ZfUcRnWtm27jVPbtm3bttuH2t3eFPcY9pLz7NxiLjCyVd87pKnHyqXyxtCs8APd0rnyxiu4qSeA3QEDrAwBDrT1s1Rc\/OrjLZwqVmOSu6+Lamcpp2KKMA9PH1BYXMe1mUP5qotvXTywsOEEYHXxrY+3cqk6TMkYpNr2FeoY3KIr0RPtn9wQ2unlA+GMkRw6+9TFw4YTwDUzx\/JVvARj9KaedXRO8P5B1Du2S32smzqUrcKGEyA+uAgQjKX7zf0boWHGfn71jIKj2689gxp7OAGShNcBUmLMPVjZuiKcA2vuWHHDCQxMCz629kXAIU4ApY15QwggAFbfOP9DhgBJ+nWVJ1AZAfICAj1pAlY6hCADZnveQf7bQIwzVONGJonhLIlS9gr5mFg44Xd+4S3XHoGNPdJl1INIwKyEgHckEhgTe1bGiFY9GSFBYUwLh1IkiJUbY407E7syBSFxKTszEoiE\/YdrgCEayDmtaJwCI9uu8TKMuZSVfSa4BpGgzvomBR\/INhLGzrqDotp01ZR8pn\/1L0JN9d9XNyx0AAAAAElFTkSuQmCC","canUser":{"general":false,"advanced":false,"snippet":false,"social":false,"analysis":false,"analytics":false,"content_ai":false},"showKeywordIntent":true,"isPro":true,"is_front_page":false,"trendsUpgradeLink":"https:\/\/rankmath.com\/pricing\/?utm_source=Plugin&utm_medium=CE%20General%20Tab%20Trends&utm_campaign=WP","trendsUpgradeLabel":"Ulepszenie","trendsPreviewImage":"https:\/\/kronika-futbolu.pl\/historia\/wp-content\/plugins\/seo-by-rank-math\/assets\/admin\/img\/trends-preview.jpg","currentEditor":false,"homepageData":{"assessor":{"powerWords":[],"diacritics":true,"researchesTests":["contentHasTOC","contentHasShortParagraphs","contentHasAssets","keywordInTitle","keywordInMetaDescription","keywordInPermalink","keywordIn10Percent","keywordInContent","keywordInSubheadings","keywordInImageAlt","keywordDensity","keywordNotUsed","lengthContent","lengthPermalink","linksHasInternal","linksHasExternals","linksNotAllExternals","titleStartWithKeyword","titleSentiment","titleHasPowerWords","titleHasNumber","hasContentAI"],"hasBreadcrumb":true,"serpData":{"title":"%sitename% %page% %sep% %sitedesc%","description":"","titleTemplate":"%sitename% %page% %sep% %sitedesc%","descriptionTemplate":"","focusKeywords":"","breadcrumbTitle":"Dom","robots":{"index":true},"advancedRobots":[],"facebookTitle":"","facebookDescription":"","facebookImage":"","facebookImageID":""}}},"searchIntents":[],"isAnalyticsConnected":false,"tocTitle":"Spis tre\u015bci","tocExcludeHeadings":[],"listStyle":"ul"},"_links":{"self":[{"href":"https:\/\/kronika-futbolu.pl\/historia\/wp-json\/wp\/v2\/pages\/10683","targetHints":{"allow":["GET"]}}],"collection":[{"href":"https:\/\/kronika-futbolu.pl\/historia\/wp-json\/wp\/v2\/pages"}],"about":[{"href":"https:\/\/kronika-futbolu.pl\/historia\/wp-json\/wp\/v2\/types\/page"}],"author":[{"embeddable":true,"href":"https:\/\/kronika-futbolu.pl\/historia\/wp-json\/wp\/v2\/users\/3"}],"replies":[{"embeddable":true,"href":"https:\/\/kronika-futbolu.pl\/historia\/wp-json\/wp\/v2\/comments?post=10683"}],"version-history":[{"count":6,"href":"https:\/\/kronika-futbolu.pl\/historia\/wp-json\/wp\/v2\/pages\/10683\/revisions"}],"predecessor-version":[{"id":13475,"href":"https:\/\/kronika-futbolu.pl\/historia\/wp-json\/wp\/v2\/pages\/10683\/revisions\/13475"}],"wp:attachment":[{"href":"https:\/\/kronika-futbolu.pl\/historia\/wp-json\/wp\/v2\/media?parent=10683"}],"curies":[{"name":"wp","href":"https:\/\/api.w.org\/{rel}","templated":true}]}}