{"id":10916,"date":"2021-03-23T20:40:35","date_gmt":"2021-03-23T19:40:35","guid":{"rendered":"https:\/\/kronika-futbolu.pl\/historia\/?page_id=10916"},"modified":"2022-10-13T08:39:49","modified_gmt":"2022-10-13T06:39:49","slug":"polska-szwajcaria-w-pilce-noznej-wyniki-meczow","status":"publish","type":"page","link":"https:\/\/kronika-futbolu.pl\/historia\/polska-szwajcaria-w-pilce-noznej-wyniki-meczow\/","title":{"rendered":"Polska-Szwajcaria w pi\u0142ce no\u017cnej wyniki mecz\u00f3w"},"content":{"rendered":"<div id=\"ez-toc-container\" class=\"ez-toc-v2_0_75 counter-hierarchy ez-toc-counter ez-toc-grey ez-toc-container-direction\">\n<div class=\"ez-toc-title-container\">\n<p class=\"ez-toc-title\" style=\"cursor:inherit\">Table of Contents<\/p>\n<span class=\"ez-toc-title-toggle\"><a href=\"#\" class=\"ez-toc-pull-right ez-toc-btn ez-toc-btn-xs ez-toc-btn-default ez-toc-toggle\" aria-label=\"Toggle Table of Content\"><span class=\"ez-toc-js-icon-con\"><span class=\"\"><span class=\"eztoc-hide\" style=\"display:none;\">Toggle<\/span><span class=\"ez-toc-icon-toggle-span\"><svg style=\"fill: #999;color:#999\" xmlns=\"http:\/\/www.w3.org\/2000\/svg\" class=\"list-377408\" width=\"20px\" height=\"20px\" viewBox=\"0 0 24 24\" fill=\"none\"><path d=\"M6 6H4v2h2V6zm14 0H8v2h12V6zM4 11h2v2H4v-2zm16 0H8v2h12v-2zM4 16h2v2H4v-2zm16 0H8v2h12v-2z\" fill=\"currentColor\"><\/path><\/svg><svg style=\"fill: #999;color:#999\" class=\"arrow-unsorted-368013\" xmlns=\"http:\/\/www.w3.org\/2000\/svg\" width=\"10px\" height=\"10px\" viewBox=\"0 0 24 24\" version=\"1.2\" baseProfile=\"tiny\"><path d=\"M18.2 9.3l-6.2-6.3-6.2 6.3c-.2.2-.3.4-.3.7s.1.5.3.7c.2.2.4.3.7.3h11c.3 0 .5-.1.7-.3.2-.2.3-.5.3-.7s-.1-.5-.3-.7zM5.8 14.7l6.2 6.3 6.2-6.3c.2-.2.3-.5.3-.7s-.1-.5-.3-.7c-.2-.2-.4-.3-.7-.3h-11c-.3 0-.5.1-.7.3-.2.2-.3.5-.3.7s.1.5.3.7z\"\/><\/svg><\/span><\/span><\/span><\/a><\/span><\/div>\n<nav><ul class='ez-toc-list ez-toc-list-level-1 ' ><li class='ez-toc-page-1 ez-toc-heading-level-2'><a class=\"ez-toc-link ez-toc-heading-1\" href=\"https:\/\/kronika-futbolu.pl\/historia\/polska-szwajcaria-w-pilce-noznej-wyniki-meczow\/#_Bilans_meczow_Polska-Szwajcaria_kursy_bukmacherskie\" >\u00a0Bilans mecz\u00f3w Polska-Szwajcaria, kursy bukmacherskie.\u00a0<\/a><\/li><li class='ez-toc-page-1 ez-toc-heading-level-2'><a class=\"ez-toc-link ez-toc-heading-2\" href=\"https:\/\/kronika-futbolu.pl\/historia\/polska-szwajcaria-w-pilce-noznej-wyniki-meczow\/#%E2%80%8BTabela_rozgrywek\" >\u200bTabela rozgrywek<\/a><\/li><li class='ez-toc-page-1 ez-toc-heading-level-2'><a class=\"ez-toc-link ez-toc-heading-3\" href=\"https:\/\/kronika-futbolu.pl\/historia\/polska-szwajcaria-w-pilce-noznej-wyniki-meczow\/#11_Mecz_Szwajcaria_%E2%80%93_Polska_1_1_dogrywka_karne_4_5_25_czerwca_2016_r\" >11. Mecz Szwajcaria &#8211; Polska 1:1 dogrywka, karne 4:5\u00a0 (25 czerwca 2016 r.)<\/a><\/li><li class='ez-toc-page-1 ez-toc-heading-level-2'><a class=\"ez-toc-link ez-toc-heading-4\" href=\"https:\/\/kronika-futbolu.pl\/historia\/polska-szwajcaria-w-pilce-noznej-wyniki-meczow\/#10_Mecz_Polska_%E2%80%93_Szwajcaria_2_2_18_listopada_2014_r\" >10. Mecz Polska &#8211; Szwajcaria 2:2 (18 listopada 2014 r.)<\/a><\/li><li class='ez-toc-page-1 ez-toc-heading-level-2'><a class=\"ez-toc-link ez-toc-heading-5\" href=\"https:\/\/kronika-futbolu.pl\/historia\/polska-szwajcaria-w-pilce-noznej-wyniki-meczow\/#9_Mecz_Polska_%E2%80%93_Szwajcaria_4_0_28_lutego_2001_r\" >9. Mecz Polska &#8211; Szwajcaria 4:0 (28 lutego 2001 r.)<\/a><\/li><li class='ez-toc-page-1 ez-toc-heading-level-2'><a class=\"ez-toc-link ez-toc-heading-6\" href=\"https:\/\/kronika-futbolu.pl\/historia\/polska-szwajcaria-w-pilce-noznej-wyniki-meczow\/#8_Mecz_Szwajcaria_%E2%80%93_Polska_1_1_27_marca_1984r\" >8. Mecz Szwajcaria &#8211; Polska 1:1 (27 marca 1984r.)<\/a><\/li><li class='ez-toc-page-1 ez-toc-heading-level-2'><a class=\"ez-toc-link ez-toc-heading-7\" href=\"https:\/\/kronika-futbolu.pl\/historia\/polska-szwajcaria-w-pilce-noznej-wyniki-meczow\/#7_Mecz_Szwajcaria_%E2%80%93_Polska_0_2_12_wrzesnia_1979_r\" >7. Mecz Szwajcaria &#8211; Polska 0:2 (12 wrze\u015bnia 1979 r.)<\/a><\/li><li class='ez-toc-page-1 ez-toc-heading-level-2'><a class=\"ez-toc-link ez-toc-heading-8\" href=\"https:\/\/kronika-futbolu.pl\/historia\/polska-szwajcaria-w-pilce-noznej-wyniki-meczow\/#6_Mecz_Polska_%E2%80%93_Szwajcaria_2_0_15_listopada_1978_r\" >6. Mecz Polska &#8211; Szwajcaria 2:0 (15 listopada 1978 r.)<\/a><\/li><li class='ez-toc-page-1 ez-toc-heading-level-2'><a class=\"ez-toc-link ez-toc-heading-9\" href=\"https:\/\/kronika-futbolu.pl\/historia\/polska-szwajcaria-w-pilce-noznej-wyniki-meczow\/#5_Mecz_Szwajcaria_%E2%80%93_Polska_2_1_11_maja_1976_r\" >5. Mecz Szwajcaria &#8211; Polska 2:1 (11 maja 1976 r.)<\/a><\/li><li class='ez-toc-page-1 ez-toc-heading-level-2'><a class=\"ez-toc-link ez-toc-heading-10\" href=\"https:\/\/kronika-futbolu.pl\/historia\/polska-szwajcaria-w-pilce-noznej-wyniki-meczow\/#4_Mecz_Polska_%E2%80%93_Szwajcaria_0_0_10_maja_1972_r\" >4. Mecz Polska &#8211; Szwajcaria 0:0 (10\u00a0 maja 1972 r.)<\/a><\/li><li class='ez-toc-page-1 ez-toc-heading-level-2'><a class=\"ez-toc-link ez-toc-heading-11\" href=\"https:\/\/kronika-futbolu.pl\/historia\/polska-szwajcaria-w-pilce-noznej-wyniki-meczow\/#3_Mecz_Szwajcaria_%E2%80%93_Polska_2_4_5_maja_1971_r\" >3. Mecz Szwajcaria &#8211; Polska 2:4 (5 maja 1971 r.)<\/a><\/li><li class='ez-toc-page-1 ez-toc-heading-level-2'><a class=\"ez-toc-link ez-toc-heading-12\" href=\"https:\/\/kronika-futbolu.pl\/historia\/polska-szwajcaria-w-pilce-noznej-wyniki-meczow\/#2_Mecz_Polska_%E2%80%93_Szwajcaria_1_1_4_czerwca_1939_r\" >2. Mecz Polska &#8211; Szwajcaria 1:1 (4\u00a0 czerwca 1939 r.)<\/a><\/li><li class='ez-toc-page-1 ez-toc-heading-level-2'><a class=\"ez-toc-link ez-toc-heading-13\" href=\"https:\/\/kronika-futbolu.pl\/historia\/polska-szwajcaria-w-pilce-noznej-wyniki-meczow\/#1_Mecz_Szwajcaria_%E2%80%93_Polska_3_3_13_marca_1938_r\" >1. Mecz Szwajcaria &#8211; Polska 3:3 (13 marca 1938 r.)<\/a><\/li><li class='ez-toc-page-1 ez-toc-heading-level-2'><a class=\"ez-toc-link ez-toc-heading-14\" href=\"https:\/\/kronika-futbolu.pl\/historia\/polska-szwajcaria-w-pilce-noznej-wyniki-meczow\/#_Przezyjmy_to_jeszcze_raz_%E2%80%93_galeria_zdjec_z_meczy_Polska_%E2%80%93_Szwajcaria\" >? Prze\u017cyjmy to jeszcze raz &#8211; galeria zdj\u0119\u0107 z meczy Polska &#8211; Szwajcaria<\/a><\/li><\/ul><\/nav><\/div>\n<h2><span class=\"ez-toc-section\" id=\"_Bilans_meczow_Polska-Szwajcaria_kursy_bukmacherskie\"><\/span>\u00a0Bilans mecz\u00f3w Polska-Szwajcaria, kursy bukmacherskie.\u00a0<span class=\"ez-toc-section-end\"><\/span><\/h2>\n<p><img loading=\"lazy\" decoding=\"async\" class=\"alignleft wp-image-10917 \" src=\"https:\/\/kronika-futbolu.pl\/historia\/wp-content\/uploads\/2021\/03\/szwajcaria-587x400.png\" alt=\"Szwajcaria logo\" width=\"556\" height=\"380\" srcset=\"https:\/\/kronika-futbolu.pl\/historia\/wp-content\/uploads\/2021\/03\/szwajcaria-587x400.png 587w, https:\/\/kronika-futbolu.pl\/historia\/wp-content\/uploads\/2021\/03\/szwajcaria-768x524.png 768w, https:\/\/kronika-futbolu.pl\/historia\/wp-content\/uploads\/2021\/03\/szwajcaria.png 1200w\" sizes=\"auto, (max-width: 556px) 100vw, 556px\" \/><\/p>\n<p>\u0141\u0105cznie zosta\u0142o rozegranych 11 mecz\u00f3w. Polska wygra\u0142a 4 razy , 6 razy remisowa\u0142a i raz przegra\u0142a. Stosunek bramek to 21-12.<\/p>\n<p>Ostatni mecz odby\u0142 si\u0119 25 czerwca 2016 roku w Saint-\u00c9tienne w\u00a0 meczu\u00a0 Mistrzostw Europy. By\u0142 to mecz 1\/16 fina\u0142u i po 90 minutach gry, oraz dogrywce by\u0142o 1-1. O awansie zadecydowa\u0142y rzuty karne w kt\u00f3rych by\u0142o 5-4 dla Polski.\u00a0<\/p>\n<hr \/>\n<p><strong>\u00a0<\/strong><strong>Spis tre\u015bci:<\/strong><\/p>\n<ol reversed=\"\">\n<li style=\"text-align: left;\"><a href=\"#mecz-2016-06-25\">Mecz Szwajcaria-Polska (2016.06.25) \u2193<\/a><\/li>\n<li><a href=\"#mecz-2014-11-18\">Mecz Polska-Szwajcaria (2014.11.18) \u2193<\/a><\/li>\n<li style=\"text-align: left;\"><a href=\"#mecz-2001-02-28\">Mecz Polska-Szwajcaria (2001.02.28) \u2193<\/a><\/li>\n<li style=\"text-align: left;\"><a href=\"#mecz-1984-03-27\">Mecz Szwajcaria-Polska (1984.03.27) \u2193<\/a><\/li>\n<li style=\"text-align: left;\"><a href=\"#mecz-1979-09-12\">Mecz Szwajcaria-Polska (1979.09.12) \u2193<\/a><\/li>\n<li style=\"text-align: left;\"><a href=\"#mecz-1978-11-15\">Mecz Polska-Szwajcaria (1978.11.15) \u2193<\/a><\/li>\n<li style=\"text-align: left;\"><a href=\"#mecz-1976-05-11\">Mecz Szwajcaria-Polska\u00a0 (1976.05.11) \u2193<\/a><\/li>\n<li style=\"text-align: left;\"><a href=\"#mecz-1972-05-10\">Mecz Polska-Szwajcaria (1972.05.10) \u2193<\/a><\/li>\n<li style=\"text-align: left;\"><a href=\"#mecz-1971-05-05\">Mecz Szwajcaria-Polska (1971.05.05) \u2193<\/a><\/li>\n<li style=\"text-align: left;\"><a href=\"#mecz-1939-06-04\">Mecz Polska-Szwajcaria (1939.06.04) \u2193<\/a><\/li>\n<li style=\"text-align: left;\"><a href=\"#mecz-1938-03-13\">Mecz Szwajcaria-Polska (1938.03.13) \u2193<\/a>\n<\/li>\n<\/ol>\n<h2><span class=\"ez-toc-section\" id=\"%E2%80%8BTabela_rozgrywek\"><\/span>\u200bTabela rozgrywek<span class=\"ez-toc-section-end\"><\/span><\/h2>\n\r\n\t\t\t<span class=\"rivals\">\r\n\t\t\t\t<strong>Inne mecze reprezentacji<\/strong>\r\n\t\t\t\t<select onchange=\"self.location.href=this.value\">\r\n\t\t\t\t\t<option value=\"#\">Wybierz rywala<\/option>\r\n\t\t\t\t\t<option value=\"\/historia\/reprezentacja-polski-mecze\/\">Wszystkie mecze<\/option>\r\n\t\t\t\t\t<option value=\"\/historia\/polska-albania-w-pilce-noznej-wyniki-meczow\/\">Albania<\/option>\r\n\t\t\t\t\t<option value=\"\/historia\/polska-andora-w-pilce-noznej-wyniki-meczow\/\">Andora<\/option>\r\n\t\t\t\t\t<option value=\"\/historia\/polska-anglia-w-pilce-noznej-wyniki-meczow\/\">Anglia<\/option>\r\n\t\t\t\t\t<option value=\"\/historia\/polska-arabia-saudyjska-w-pilce-noznej-wyniki-meczow\/\">Arabia Saudyjska<\/option>\r\n\t\t\t\t\t<option value=\"\/historia\/polska-argentyna-w-pilce-noznej-wyniki-meczow\/\">Argentyna<\/option>\r\n\t\t\t\t\t<option value=\"\/historia\/polska-austria-w-pilce-noznej-wyniki-meczow\/\">Austria<\/option>\r\n\t\t\t\t\t<option value=\"\/historia\/polska-belgia-w-pilce-noznej-wyniki-meczow\/\">Belgia<\/option>\r\n\t\t\t\t\t<option value=\"\/historia\/polska-brazylia-w-pilce-noznej-wyniki-meczow\/\">Brazylia<\/option>\r\n\t\t\t\t\t<option value=\"\/historia\/polska-chile-w-pilce-noznej-wyniki-meczow\/\">Chile<\/option>\r\n\t\t\t\t\t<option value=\"\/historia\/polska-chorwacja-w-pilce-noznej-wyniki-meczow\/\">Chorwacja<\/option>\r\n\t\t\t\t\t<option value=\"\/historia\/historia-i-bilans-meczow-polska-czarnogora\/\">Czarnog\u00f3ra<\/option>\r\n\t\t\t\t\t<option value=\"\/historia\/polska-czechy-w-pilce-noznej-wyniki-meczow\/\">Czechy<\/option>\r\n\t\t\t\t\t<option value=\"\/historia\/historia-i-bilans-meczow-polska-dania-w-pilce-noznej\/\">Dania<\/option>\r\n\t\t\t\t\t<option value=\"\/historia\/polska-estonia-w-pilce-noznej-wyniki-meczow\/\">Estonia<\/option>\r\n\t\t\t\t\t<option value=\"\/historia\/bilans-meczow-polska-francja-kursy-bukmacherskie\/\">Francja<\/option>\r\n\t\t\t\t\t<option value=\"\/historia\/polska-grecja-w-pilce-noznej-wyniki-meczow\/\">Grecja<\/option>\r\n\t\t\t\t\t<option value=\"\/historia\/polska-gruzja-w-pilce-noznej-wyniki-meczow\/\">Gruzja<\/option>\r\n\t\t\t\t\t<option value=\"\/historia\/polska-hiszpania-w-pilce-noznej-wyniki-meczow\/\">Hiszpania<\/option>\r\n\t\t\t\t\t<option value=\"\/historia\/polska-holandia-w-pilce-noznej-wyniki-meczow\/\">Holandia<\/option>\r\n\t\t\t\t\t<option value=\"\/historia\/historia-i-bilans-meczow-polska-irlandia\/\">Irlandia<\/option>\r\n\t\t\t\t\t<option value=\"\/historia\/polska-irlandia-polnocna-w-pilce-noznej-wyniki-meczow\/\">Irlandia P\u00f3\u0142nocna<\/option>\r\n\t\t\t\t\t<option value=\"\/historia\/polska-islandia-w-pilce-noznej-wyniki-meczow\/\">Islandia<\/option>\r\n\t\t\t\t\t<option value=\"\/historia\/historia-i-bilans-meczow-polska-japonia\/\">Japonia<\/option>\r\n\t\t\t\t\t<option value=\"\/historia\/historia-i-bilans-meczow-polska-kazachstan\/\">Kazachstan<\/option>\r\n\t\t\t\t\t<option value=\"\/historia\/historia-i-bilans-meczow-polska-kolumbia\/\">Kolumbia<\/option>\r\n\t\t\t\t\t<option value=\"\/historia\/historia-i-bilans-meczow-polska-korea-poludniowa-w-pilce-noznej\/\">Korea Po\u0142udniowa<\/option>\r\n\t\t\t\t\t<option value=\"\/historia\/polska-liechtenstein-w-pilce-noznej-wyniki-meczow\/\">Liechtenstein<\/option>\r\n\t\t\t\t\t<option value=\"\/historia\/historia-i-bilans-meczow-polska-litwa\/\">Litwa<\/option>\r\n\t\t\t\t\t<option value=\"\/historia\/polska-lotwa-w-pilce-noznej-wyniki-meczow\/\">\u0141otwa<\/option>\r\n\t\t\t\t\t<option value=\"\/historia\/polska-meksyk-w-pilce-noznej-wyniki-meczow\/\">Meksyk<\/option>\r\n\t\t\t\t\t<option value=\"\/historia\/polska-moldawia-w-pilce-noznej-wyniki-meczow\/\">Mo\u0142dawia<\/option>\r\n\t\t\t\t\t<option value=\"\/historia\/polska-niemcy-w-pilce-noznej-wyniki-meczow\/\">Niemcy<\/option>\r\n\t\t\t\t\t<option value=\"\/historia\/historia-i-bilans-meczow-polska-nigeria\/\">Nigeria<\/option>\r\n\t\t\t\t\t<option value=\"\/historia\/polska-norwegia-w-pilce-noznej-wyniki-meczow\/\">Norwegia<\/option>\r\n\t\t\t\t\t<option value=\"\/historia\/polska-nowa-zelandia-w-pilce-noznej-wyniki-meczow\/\">Nowa Zelandia<\/option>\r\n\t\t\t\t\t<option value=\"\/historia\/polska-portugalia-w-pilce-noznej-wyniki-meczow\/\">Portugalia<\/option>\r\n\t\t\t\t\t<option value=\"\/historia\/polska-rosja-w-pilce-noznej-wyniki-meczow\/\">Rosja<\/option>\r\n\t\t\t\t\t<option value=\"\/historia\/historia-i-bilans-meczow-polska-rumunia\/\">Rumunia<\/option>\r\n\t\t\t\t\t<option value=\"\/historia\/polska-san-marino-w-pilce-noznej-wyniki-meczow\/\">San Marino<\/option>\r\n\t\t\t\t\t<option value=\"\/historia\/historia-i-bilans-meczow-polska-senegal\/\">Senegal<\/option>\r\n\t\t\t\t\t<option value=\"\/historia\/polska-slowacja-w-pilce-noznej-wyniki-meczow\/\">S\u0142owacja<\/option>\r\n\t\t\t\t\t<option value=\"\/historia\/polska-slowenia-w-pilce-noznej-wyniki-meczow\/\">S\u0142owenia<\/option>\r\n\t\t\t\t\t<option value=\"\/historia\/polska-szkocja-w-pilce-noznej-wyniki-meczow\/\">Szkocja<\/option>\r\n\t\t\t\t\t<option value=\"\/historia\/polska-szwajcaria-w-pilce-noznej-wyniki-meczow\/\">Szwajcaria<\/option>\r\n\t\t\t\t\t<option value=\"\/historia\/polska-szwecja-w-pilce-noznej-wyniki-meczow\/\">Szwecja<\/option>\r\n\t\t\t\t\t<option value=\"\/historia\/polska-turcja-w-pilce-noznej-wyniki-meczow\/\">Turcja<\/option>\r\n\t\t\t\t\t<option value=\"\/historia\/polska-ukraina-w-pilce-noznej-wyniki-meczow\/\">Ukraina<\/option>\r\n\t\t\t\t\t<option value=\"\/historia\/historia-i-bilans-meczow-polska-urugwaj\/\">Urugwaj<\/option>\r\n\t\t\t\t\t<option value=\"\/historia\/polska-walia-w-pilce-noznej-wyniki-meczow\/\">Walia<\/option>\r\n\t\t\t\t\t<option value=\"\/historia\/polska-wegry-w-pilce-noznej-wyniki-meczow\/\">W\u0119gry<\/option>\r\n\t\t\t\t\t<option value=\"\/historia\/historia-i-bilans-meczow-polska-wlochy-w-pilce-noznej\/\">W\u0142ochy<\/option>\r\n\t\t\t\t\t<option value=\"\/historia\/polska-wyspy-owcze-w-pilce-noznej-wyniki-meczow\/\">Wyspy Owcze<\/option>\r\n\t\t\t\t<\/select>\r\n\t\t\t<\/span>\r\n\t\t\n<table style=\"width: 100%; height: 266px;\">\n<thead>\n<tr style=\"height: 45px;\">\n<th style=\"width: 0.484848%; text-align: center; height: 45px;\">Lp.<\/th>\n<th style=\"width: 9.47244%; height: 45px;\">Data meczu<\/th>\n<th style=\"width: 6.7392%; height: 45px;\">Miejsce<\/th>\n<th style=\"width: 9.10693%; height: 45px;\">Mecz<\/th>\n<th style=\"text-align: center; width: 8.58011%; height: 45px;\">Strzelone bramki<\/th>\n<th style=\"text-align: center; width: 9.84071%; height: 45px;\">Strzelone bramki<\/th>\n<th style=\"text-align: center; width: 11.3366%; height: 45px;\">Rodzaj rozgrywek<\/th>\n<th style=\"width: 29.2878%; height: 45px;\">Trener<\/th>\n<\/tr>\n<\/thead>\n<tbody>\n<tr style=\"height: 21px;\">\n<td style=\"width: 0.484848%; text-align: center; height: 21px;\">\u00a0<\/td>\n<td style=\"width: 9.47244%; height: 21px;\">2016.06.25 (sobota)<\/td>\n<td style=\"width: 6.7392%; height: 21px;\">Saint-\u00c9tienne<\/td>\n<td style=\"width: 9.10693%; height: 21px;\">Szwajcaria- Polska<\/td>\n<td style=\"text-align: center; width: 8.58011%; height: 21px;\">[ch] 1 k.4<\/td>\n<td style=\"text-align: center; width: 9.84071%; height: 21px;\">[pl] 1 k.5<\/td>\n<td style=\"text-align: center; width: 11.3366%; height: 21px;\">ME 2016<\/td>\n<td style=\"width: 29.2878%; height: 21px;\">Adam Nawa\u0142ka<\/td>\n<\/tr>\n<tr style=\"height: 21px;\">\n<td style=\"width: 0.484848%; text-align: center; height: 21px;\">10.<\/td>\n<td style=\"width: 9.47244%; height: 21px;\">2014.11.18 (wtorek)<\/td>\n<td style=\"width: 6.7392%; height: 21px;\">Wroc\u0142aw<\/td>\n<td style=\"width: 9.10693%; height: 21px;\">Polska &#8211; Szwajcaria<\/td>\n<td style=\"text-align: center; width: 8.58011%; height: 21px;\">[pl] 2<\/td>\n<td style=\"text-align: center; width: 9.84071%; height: 21px;\">[ch] 2<\/td>\n<td style=\"text-align: center; width: 11.3366%; height: 21px;\">MT<\/td>\n<td style=\"width: 29.2878%; height: 21px;\">Adam Nawa\u0142ka<\/td>\n<\/tr>\n<tr style=\"height: 21px;\">\n<td style=\"width: 0.484848%; text-align: center; height: 21px;\">9.<\/td>\n<td style=\"width: 9.47244%; height: 21px;\">2001.02.28 (\u015broda)<\/td>\n<td style=\"width: 6.7392%; height: 21px;\">Larnaca<\/td>\n<td style=\"width: 9.10693%; height: 21px;\">Polska &#8211; Szwajcaria<\/td>\n<td style=\"text-align: center; width: 8.58011%; height: 21px;\">[pl] 4<\/td>\n<td style=\"text-align: center; width: 9.84071%; height: 21px;\">[ch] 0<\/td>\n<td style=\"text-align: center; width: 11.3366%; height: 21px;\">MT<\/td>\n<td style=\"width: 29.2878%; height: 21px;\">Jerzy Engel<\/td>\n<\/tr>\n<tr style=\"height: 21px;\">\n<td style=\"width: 0.484848%; text-align: center; height: 21px;\">8.<\/td>\n<td style=\"width: 9.47244%; height: 21px;\">1984.03.27 (wtorek)<\/td>\n<td style=\"width: 6.7392%; height: 21px;\">Zurich<\/td>\n<td style=\"width: 9.10693%; height: 21px;\">Szwajcaria- Polska<\/td>\n<td style=\"text-align: center; width: 8.58011%; height: 21px;\">[ch] 1<\/td>\n<td style=\"text-align: center; width: 9.84071%; height: 21px;\">[pl] 1<\/td>\n<td style=\"text-align: center; width: 11.3366%; height: 21px;\">MT<\/td>\n<td style=\"width: 29.2878%; height: 21px;\">Antoni Piechniczek<\/td>\n<\/tr>\n<tr style=\"height: 21px;\">\n<td style=\"width: 0.484848%; text-align: center; height: 21px;\">7.<\/td>\n<td style=\"width: 9.47244%; height: 21px;\">1979.09.12 (\u015broda)<\/td>\n<td style=\"width: 6.7392%; height: 21px;\">Lozanna<\/td>\n<td style=\"width: 9.10693%; height: 21px;\">Szwajcaria- Polska<\/td>\n<td style=\"text-align: center; width: 8.58011%; height: 21px;\">[ch] 0<\/td>\n<td style=\"text-align: center; width: 9.84071%; height: 21px;\">[pl] 2<\/td>\n<td style=\"text-align: center; width: 11.3366%; height: 21px;\">EL.ME 1980<\/td>\n<td style=\"width: 29.2878%; height: 21px;\">Ryszard Kulesza<\/td>\n<\/tr>\n<tr style=\"height: 21px;\">\n<td style=\"width: 0.484848%; text-align: center; height: 21px;\">6.<\/td>\n<td style=\"width: 9.47244%; height: 21px;\">1978.11.15 (\u015broda)<\/td>\n<td style=\"width: 6.7392%; height: 21px;\">Wroc\u0142aw<\/td>\n<td style=\"width: 9.10693%; height: 21px;\">Polska &#8211; Szwajcaria<\/td>\n<td style=\"text-align: center; width: 8.58011%; height: 21px;\">[pl] 2<\/td>\n<td style=\"text-align: center; width: 9.84071%; height: 21px;\">[ch] 0<\/td>\n<td style=\"text-align: center; width: 11.3366%; height: 21px;\">EL.ME 1980<\/td>\n<td style=\"width: 29.2878%; height: 21px;\">Ryszard Kulesza<\/td>\n<\/tr>\n<tr style=\"height: 21px;\">\n<td style=\"width: 0.484848%; text-align: center; height: 22px;\">5.<\/td>\n<td style=\"width: 9.47244%; height: 22px;\">1976.05.11 (wtorek)<\/td>\n<td style=\"width: 6.7392%; height: 22px;\">Bazylea<\/td>\n<td style=\"width: 9.10693%; height: 22px;\">Szwajcaria- Polska<\/td>\n<td style=\"text-align: center; width: 8.58011%; height: 22px;\">[ch] 2<\/td>\n<td style=\"text-align: center; width: 9.84071%; height: 22px;\">[pl] 1<\/td>\n<td style=\"text-align: center; width: 11.3366%; height: 22px;\">MT<\/td>\n<td style=\"width: 29.2878%; height: 22px;\">Kazimierz G\u00f3rski<\/td>\n<\/tr>\n<tr style=\"height: 21px;\">\n<td style=\"width: 0.484848%; text-align: center; height: 21px;\">4.<\/td>\n<td style=\"width: 9.47244%; height: 21px;\">1972.05.10 (\u015broda)<\/td>\n<td style=\"width: 6.7392%; height: 21px;\">Pozna\u0144<\/td>\n<td style=\"width: 9.10693%; height: 21px;\">Polska &#8211; Szwajcaria<\/td>\n<td style=\"text-align: center; width: 8.58011%; height: 21px;\">[pl] 0<\/td>\n<td style=\"text-align: center; width: 9.84071%; height: 21px;\">[ch] 0<\/td>\n<td style=\"text-align: center; width: 11.3366%; height: 21px;\">MT<\/td>\n<td style=\"width: 29.2878%; height: 21px;\">Kazimierz G\u00f3rski<\/td>\n<\/tr>\n<tr style=\"height: 21px;\">\n<td style=\"width: 0.484848%; text-align: center; height: 21px;\">3.<\/td>\n<td style=\"width: 9.47244%; height: 21px;\">1971.05.05 (\u015broda)<\/td>\n<td style=\"width: 6.7392%; height: 21px;\">Lozanna<\/td>\n<td style=\"width: 9.10693%; height: 21px;\">Szwajcaria- Polska<\/td>\n<td style=\"text-align: center; width: 8.58011%; height: 21px;\">[ch] 2<\/td>\n<td style=\"text-align: center; width: 9.84071%; height: 21px;\">[pl] 4<\/td>\n<td style=\"text-align: center; width: 11.3366%; height: 21px;\">MT<\/td>\n<td style=\"width: 29.2878%; height: 21px;\">Kazimierz G\u00f3rski<\/td>\n<\/tr>\n<tr style=\"height: 21px;\">\n<td style=\"width: 0.484848%; text-align: center; height: 21px;\">2.<\/td>\n<td style=\"width: 9.47244%; height: 21px;\">1939.06.04 (niedziela)<\/td>\n<td style=\"width: 6.7392%; height: 21px;\">Warszawa<\/td>\n<td style=\"width: 9.10693%; height: 21px;\">Polska &#8211; Szwajcaria<\/td>\n<td style=\"text-align: center; width: 8.58011%; height: 21px;\">[pl] 1<\/td>\n<td style=\"text-align: center; width: 9.84071%; height: 21px;\">[ch] 1<\/td>\n<td style=\"text-align: center; width: 11.3366%; height: 21px;\">MT<\/td>\n<td style=\"width: 29.2878%; height: 21px;\">Kapitan zwi\u0105zkowy: J\u00f3zef Ka\u0142u\u017ca<\/td>\n<\/tr>\n<tr style=\"height: 21px;\">\n<td style=\"width: 0.484848%; text-align: center; height: 10px;\">1.<\/td>\n<td style=\"width: 9.47244%; height: 10px;\">1938.03.13 (niedziela)<\/td>\n<td style=\"width: 6.7392%; height: 10px;\">Zurich<\/td>\n<td style=\"width: 9.10693%; height: 10px;\">Szwajcaria &#8211; Polska<\/td>\n<td style=\"text-align: center; width: 8.58011%; height: 10px;\">[ch] 3<\/td>\n<td style=\"text-align: center; width: 9.84071%; height: 10px;\">[pl] 3<\/td>\n<td style=\"text-align: center; width: 11.3366%; height: 10px;\">MT<\/td>\n<td style=\"width: 29.2878%; height: 10px;\">Kapitan zwi\u0105zkowy: J\u00f3zef Ka\u0142u\u017ca, trener: Marian Spoida<\/td>\n<\/tr>\n<\/tbody>\n<\/table>\n<h2 id=\"mecz-08-07-1982\"><span class=\"ez-toc-section\" id=\"11_Mecz_Szwajcaria_%E2%80%93_Polska_1_1_dogrywka_karne_4_5_25_czerwca_2016_r\"><\/span>\n<a id=\"mecz-2016-06-25\"><\/a>11. Mecz Szwajcaria &#8211; Polska 1:1 dogrywka, karne 4:5\u00a0 (25 czerwca 2016 r.)<span class=\"ez-toc-section-end\"><\/span><\/h2>\n<ul>\n<li><strong>Data meczu:<\/strong> 25.06.2016<\/li>\n<li><strong>Ranga meczu:<\/strong> Mistrzostwa Europy 2016<\/li>\n<li><strong>S\u0119dzia:<\/strong> Mark Clattenburg &#8211; Anglia<\/li>\n<li><strong>Stadion:<\/strong> Stade Geoffroy Guichard, Saint-\u00c9tienne<\/li>\n<li><strong>Trener:<\/strong> Adam Nawa\u0142ka<\/li>\n<\/ul>\n<p><strong> Strzelony bramki:<\/strong><\/p>\n<ul>\n<li>Jakub B\u0142aszczykowski [pl] 39&#8242;<\/li>\n<li>Xherdan Shaqiri [ch] 82&#8242;<\/li>\n<\/ul>\n<p><strong>Seria rzut\u00f3w karnych:<\/strong><\/p>\n<ul>\n<li>\u00a01-0 Stephan Lichtsteiner [ch] +<\/li>\n<li>1-1 Robert Lewandowski [pl] +<\/li>\n<li>1-1 Granit Xhaka &#8211; obok bramki [ch] &#8211;<\/li>\n<li>1-2 Arkadiusz Milik [pl] +<\/li>\n<li>2-2 Xherdan Shaqiri [ch] +<\/li>\n<li>2-3 Kamil Glik [pl] +<\/li>\n<li>3-3 Fabian Sch\u00e4r [ch] +<\/li>\n<li>3-4 Jakub B\u0142aszczykowski [pl] +<\/li>\n<li>4-4 Ricardo Rodr\u00edguez [ch] +<\/li>\n<li>4-5 Grzegorz Krychowiak [pl] +<\/li>\n<\/ul>\n<p><strong>? Sk\u0142ady:<\/strong><\/p>\n<table style=\"border-collapse: collapse; width: 100%;\">\n<thead>\n<tr>\n<th style=\"width: 50%;\">[ch] Szwajcaria:<\/th>\n<th style=\"width: 50%;\">[pl] Polska:<\/th>\n<\/tr>\n<\/thead>\n<tbody>\n<tr>\n<td style=\"width: 50%;\">\n<ul>\n<li><strong>Yann Sommer<\/strong> -Borussia M\u00f6nchengladbach<\/li>\n<li><strong>Stephan Lichtsteiner<\/strong> kapitan -Juventus FC<\/li>\n<li><strong>Fabian Sch\u00e4r<\/strong> 55&#8242; [ycard] -TSG 1899 Hoffenheim<\/li>\n<li><strong>Johan Djourou<\/strong> 117&#8242; [ycard] -Hamburger SV<\/li>\n<li><strong>Xherdan Shaqiri<\/strong> -Stoke City<\/li>\n<li><strong>Ricardo Rodr\u00edguez<\/strong> -VfL Wolfsburg<\/li>\n<li><strong>Valon Behrami<\/strong> do 77&#8242; -Watford FC<\/li>\n<li>od 77&#8242; <strong>G\u00e9lson Fernandes<\/strong> -Stade Rennais<\/li>\n<li><strong>Blerim D\u017eemaili<\/strong> do 58&#8242; -Genoa C &amp; FC<\/li>\n<li>od 58&#8242;<strong> Breel Embolo<\/strong> -FC Basel<\/li>\n<li><strong>Granit Xhaka<\/strong> -Borussia M\u00f6nchengladbach<\/li>\n<li><strong>Admir Mehmedi<\/strong> do 70&#8242; -Bayer 04 Leverkusen<\/li>\n<li>od 70&#8242; <strong>Eren Derdiyok<\/strong> -Kas\u0131mpa\u015fa SK<\/li>\n<li><strong>Haris Seferovic<\/strong> -Eintracht Frankfurt<\/li>\n<\/ul>\n<\/td>\n<td style=\"width: 50%;\">\n<ul>\n<li><strong>\u0141ukasz Fabia\u0144ski<\/strong> -Swansea City<\/li>\n<li><strong>\u0141ukasz Piszczek<\/strong> -Borussia Dortmund<\/li>\n<li><strong>Kamil Glik<\/strong> -Torino FC<\/li>\n<li><strong>Micha\u0142 Pazdan<\/strong> 111&#8242; [ycrad] -Legia Warszawa<\/li>\n<li><strong>Artur J\u0119drzejczyk<\/strong> 58&#8242; [ycrad] -Legia Warszawa<\/li>\n<li><strong>Grzegorz Krychowiak<\/strong> -Sevilla FC<\/li>\n<li><strong>Krzysztof M\u0105czy\u0144ski<\/strong> do 101&#8242; -Wis\u0142a Krak\u00f3w<\/li>\n<li>od 101&#8242; <strong>Tomasz Jod\u0142owiec<\/strong> -Legia Warszawa<\/li>\n<li><strong>Jakub B\u0142aszczykowski<\/strong> -ACF Fiorentina<\/li>\n<li><strong>Arkadiusz Milik<\/strong> -Ajax Amsterdam<\/li>\n<li><strong>Kamil Grosicki<\/strong> do 104&#8242; -Stade Rennais<\/li>\n<li>od 104&#8242; <strong>S\u0142awomir Peszko<\/strong> -Lechia Gda\u0144sk<\/li>\n<li><strong>Robert Lewandowski<\/strong> kapitan -Bayern Monachium<\/li>\n<\/ul>\n<\/td>\n<\/tr>\n<\/tbody>\n<\/table>\n<p><div id=\"attachment_10992\" style=\"width: 610px\" class=\"wp-caption aligncenter\"><img loading=\"lazy\" decoding=\"async\" aria-describedby=\"caption-attachment-10992\" class=\"wp-image-10992 size-medium\" src=\"https:\/\/kronika-futbolu.pl\/historia\/wp-content\/uploads\/2021\/03\/11A_szwajcaria_polska_2016_krychowiak-600x279.png\" alt=\"Szwajcaria - Polska 2016\" width=\"600\" height=\"279\" srcset=\"https:\/\/kronika-futbolu.pl\/historia\/wp-content\/uploads\/2021\/03\/11A_szwajcaria_polska_2016_krychowiak-600x279.png 600w, https:\/\/kronika-futbolu.pl\/historia\/wp-content\/uploads\/2021\/03\/11A_szwajcaria_polska_2016_krychowiak-768x357.png 768w, https:\/\/kronika-futbolu.pl\/historia\/wp-content\/uploads\/2021\/03\/11A_szwajcaria_polska_2016_krychowiak.png 1146w\" sizes=\"auto, (max-width: 600px) 100vw, 600px\" \/><p id=\"caption-attachment-10992\" class=\"wp-caption-text\">Krychowiak wykonuje ostatni rzut karny- decyduj\u0105cy &#8211; kadr<\/p><\/div> <div id=\"attachment_10993\" style=\"width: 610px\" class=\"wp-caption alignleft\"><img loading=\"lazy\" decoding=\"async\" aria-describedby=\"caption-attachment-10993\" class=\"wp-image-10993 size-medium\" src=\"https:\/\/kronika-futbolu.pl\/historia\/wp-content\/uploads\/2021\/03\/11B_szwajcaria_polska_2016_po_osttanim_karnym-600x316.png\" alt=\"Szwajcaria - Polska 2016\" width=\"600\" height=\"316\" srcset=\"https:\/\/kronika-futbolu.pl\/historia\/wp-content\/uploads\/2021\/03\/11B_szwajcaria_polska_2016_po_osttanim_karnym-600x316.png 600w, https:\/\/kronika-futbolu.pl\/historia\/wp-content\/uploads\/2021\/03\/11B_szwajcaria_polska_2016_po_osttanim_karnym-768x405.png 768w, https:\/\/kronika-futbolu.pl\/historia\/wp-content\/uploads\/2021\/03\/11B_szwajcaria_polska_2016_po_osttanim_karnym.png 1132w\" sizes=\"auto, (max-width: 600px) 100vw, 600px\" \/><p id=\"caption-attachment-10993\" class=\"wp-caption-text\">Szwajcaria &#8211; Polska 2016 &#8211; kadr<\/p><\/div><\/p>\n<p>Szwajcaria stan\u0119\u0142a na drodze Polakom w 1\/16 fina\u0142u Mistrzostw Europy rozgrywanych we Francji. Bia\u0142o-Czerwoni w fazie grupowej zaj\u0119li drugie miejsce w grupie za Niemcami (tyle samo punkt\u00f3w, ale\u00a0 gorszy bilans bramkowy), oraz przed Irlandi\u0105 P\u00f3\u0142nocn\u0105 i Ukrain\u0105. Szwajcaria r\u00f3wnie\u017c wysz\u0142a z grupy z drugiego miejsca, daj\u0105c si\u0119 wyprzedzi\u0107 jedynie Francuzom, a b\u0119d\u0105c lepszym od Albanii i Rumuni. Mecz obu Reprezentacji sta\u0142 na bardzo wysokim poziomie i do samego ko\u0144ca kibice nie mogli narzeka\u0107 na brak emocji. O awansie do \u0107wier\u0107fina\u0142u zadecydowa\u0142a seria rzut\u00f3w karnych, po raz drugi w historii mecz Reprezentacji Polski rozstrzygn\u0105\u0142 si\u0119 po karnych &#8211; wcze\u015bniej w spotkaniu towarzyskim z Now\u0105 Zelandi\u0105\u00a0 w 1999 roku.<\/p>\n<p>Po I po\u0142owie Polska prowadzi\u0142a po bramce Kuby B\u0142aszczykowskiego w 39 minucie. Pi\u0142karze Adama Nawa\u0142ki mieli bardzo dobre okazje do strzelenia gola, jak r\u00f3wnie\u017c i Helweci. Wiadomo by\u0142o \u017ce prowadzenie 1-0 to niebezpieczny rezultat. W II po\u0142owie rywale przej\u0119li wi\u0119cej inicjatywy. W 82 minucie pi\u0119knym strza\u0142em popisa\u0142 si\u0119 Xherdan Shaqiri i wtedy dla kibic\u00f3w, oraz dla pi\u0142karzy rozpocz\u0105\u0142 si\u0119 mocny zastrzyk nerw\u00f3w. Po stracie gola mo\u017cna by\u0142o ju\u017c przypuszcza\u0107 \u017ce b\u0119dzie dogrywka. Po 30 minutach gry r\u00f3wnie\u017c by\u0142o 1-1 i potrzebne by\u0142y rzuty karne.\u00a0<\/p>\n<p>Pierwszy jedenastk\u0119 wykonywa\u0142 Stephan Lichtsteiner, trafi\u0142 skutecznie, po nim r\u00f3wnie\u017c Robert Lewandowski trafi\u0142 do siatki. Kolejnym zawodnikiem kt\u00f3ry wykonywa\u0142 rzut karny by\u0142 Granit Xhaka, trafi\u0142 obok bramki i pogr\u0105\u017cy\u0142 swoj\u0105 dru\u017cyn\u0119. Kolejni zawodnicy si\u0119 nie mylili a ostatnim zawodnikiem, kt\u00f3ry uderza\u0142 z 11 metra by\u0142 Grzegorz Krychowiak. zapanowa\u0142a rado\u015b\u0107 w polskim zespole i w\u015br\u00f3d polskich kibic\u00f3w na trybunach i przed ekranami ogl\u0105daj\u0105cymi transmisj\u0119. Polska awansowa\u0142a do \u0107wier\u0107fina\u0142u Mistrzostw Europy.<\/p>\n<p>W zespole szwajcarskim po raz 70 zagra\u0142 Valon Behrami, w polskiej dru\u017cynie 80 mecz w kadrze zaliczy\u0142 Robert Lewandowski, 40 S\u0142awomir Peszko, a 30 Kamil Grosicki.\u00a0<\/p>\n<h2 id=\"mecz-08-07-1982\"><span class=\"ez-toc-section\" id=\"10_Mecz_Polska_%E2%80%93_Szwajcaria_2_2_18_listopada_2014_r\"><\/span><a id=\"mecz-2014-11-18\"><\/a>10. Mecz Polska &#8211; Szwajcaria 2:2 (18 listopada 2014 r.)<span class=\"ez-toc-section-end\"><\/span><\/h2>\n<ul>\n<li><strong>Data meczu:<\/strong> 18.11.2014<\/li>\n<li><strong>Ranga meczu:<\/strong> Towarzyski<\/li>\n<li><strong>S\u0119dzia:<\/strong> Kristinn Jakobsson &#8211; Islandia<\/li>\n<li><strong>Stadion:<\/strong> Stadion Miejski, Wroc\u0142aw<\/li>\n<li><strong>Trener:<\/strong> Adam Nawa\u0142ka<\/li>\n<\/ul>\n<p><strong> Strzelony bramki:<\/strong><\/p>\n<ul>\n<li>Josip Drmic [ch] 4&#8242;<\/li>\n<li>Artur J\u0119drzejczyk [pl] 45+1&#8242;<\/li>\n<li>Arkadiusz Milik [pl] 61&#8242;<\/li>\n<li>Fabian Frei [ch] 87&#8242;<\/li>\n<\/ul>\n<p><strong>? Sk\u0142ady:<\/strong><\/p>\n<table style=\"border-collapse: collapse; width: 100%;\">\n<thead>\n<tr>\n<th style=\"width: 50%;\">[pl] Polska:<\/th>\n<th style=\"width: 50%;\">[ch] Szwajcaria:<\/th>\n<\/tr>\n<\/thead>\n<tbody>\n<tr>\n<td style=\"width: 50%;\">\n<ul>\n<li><strong>Artur Boruc<\/strong> do 46&#8242; -AFC Bournemouth<\/li>\n<li>od 46&#8242; <strong>\u0141ukasz Fabia\u0144ski<\/strong> -Swansea City AFC<\/li>\n<li><strong>Artur J\u0119drzejczyk<\/strong> do 52&#8242; -FC Krasnodar<\/li>\n<li>od 52&#8242; <strong>\u0141ukasz Bro\u017a<\/strong> 71&#8242; [ycard] -Legia Warszawa<\/li>\n<li><strong>Kamil Glik<\/strong> -Torino FC<\/li>\n<li><strong>Thiago Cionek<\/strong> -Modena FC<\/li>\n<li><strong>Pawe\u0142 Olkowski<\/strong> -1. FC K\u00f6ln<\/li>\n<li><strong>Tomasz Jod\u0142owiec<\/strong> 36&#8242; [ycard] -Legia Warszawa<\/li>\n<li><strong>Maciej Rybus<\/strong> -Terek Grozny<\/li>\n<li><strong>Grzegorz Krychowiak<\/strong> do 67&#8242; -Sevilla FC<\/li>\n<li>od 67&#8242; <strong>\u0141ukasz Teodorczyk<\/strong> -Dynamo Kij\u00f3w<\/li>\n<li><strong>Piotr Zieli\u0144ski<\/strong> do 46&#8242; -Empoli FC<\/li>\n<li>od 46&#8242; <strong>Arkadiusz Milik<\/strong> -Ajax Amsterdam<\/li>\n<li><strong>Robert Lewandowski<\/strong> kapitan do 63&#8242; -Bayern M\u00fcnchen<\/li>\n<li>od 63&#8242; <strong>Sebastian Mila<\/strong> 66&#8242; [ycard] -\u015al\u0105sk Wroc\u0142aw<\/li>\n<li><strong>Micha\u0142 Kucharczyk<\/strong> do 53&#8242; -Legia Warszawa<\/li>\n<li>od 53&#8242; <strong>Micha\u0142 \u017byro<\/strong> 65&#8242; [ycard] 83&#8242; [ycard] [rcard] -Legia Warszawa<\/li>\n<\/ul>\n<\/td>\n<td style=\"width: 50%;\">\n<ul>\n<li><strong>Roman B\u00fcrki<\/strong> 59&#8242; [ycard] -SC Freiburg<\/li>\n<li><strong>Steve von Bergen<\/strong> -BSC Young Boys<\/li>\n<li><strong>Michael Lang<\/strong> -Grasshopper Club<\/li>\n<li><strong>Fabian Sch\u00e4r<\/strong> -FC Basel<\/li>\n<li><strong>Fran\u00e7ois Moubandje<\/strong> -Toulouse FC<\/li>\n<li><strong>G\u00f6khan Inler<\/strong> kapitan do 46&#8242; -SSC Napoli<\/li>\n<li>od 46&#8242; <strong>Valon Behrami<\/strong> -Hamburger SV<\/li>\n<li><strong>Valentin Stocker<\/strong> do 62&#8242; -Hertha Berlin<\/li>\n<li>od 62&#8242; <strong>Admir Mehmedi<\/strong> -SC Freiburg<\/li>\n<li><strong>Xherdan Shaqiri<\/strong> -Bayern Monachium<\/li>\n<li><strong>Pajtim Kasami<\/strong> do 67&#8242; -Olympiakos Pireus<\/li>\n<li>od 67&#8242; <strong>Haris Seferovic<\/strong> -Eintracht Frankfurt<\/li>\n<li><strong>Josip Drmic<\/strong> do 77&#8242; -Bayer 04 Leverkusen<\/li>\n<li>od 77&#8242; <strong>Marco Sch\u00f6nb\u00e4chler<\/strong> 83&#8242;[ycard] -FC Z\u00fcrich<\/li>\n<li><strong>G\u00e9lson Fernandes<\/strong> do 62&#8242; -Stade Rennais FC<\/li>\n<li>od 62&#8242; <strong>Fabian Frei<\/strong> -FC Basel<\/li>\n<\/ul>\n<\/td>\n<\/tr>\n<\/tbody>\n<\/table>\n<p>\u015awietny spektakl mogli ogl\u0105da\u0107 kibice na Stadionie Miejskim we Wroc\u0142awiu w listopadzie 2014 roku w wykonaniu pi\u0142karzy polskich i szwajcarskich. Bia\u0142o-Czerwoni remisem, zako\u0144czyli bardzo udany rok 2014 w swoim wykonaniu. W spotkaniu by\u0142o bardzo wiele sytuacji bramkowych i tych stwarzanych przez gospodarzy jak i przez go\u015bci, a w dodatku pad\u0142y 4 bramki. Dok\u0142adnie rok i 3 dni wcze\u015bniej na tym samym stadionie w roli selekcjonera debiutowa\u0142 Adam Nawa\u0142ka. Mecz z Helwetami by\u0142 12 pod Jego wodz\u0105, w tym czasie Polacy wygrali 6 razy, 3 zremisowali i 2 razy przegrali, bilans bramkowy 21-6. W dodatku w tym czasie Polska po raz pierwszy w historii wygra\u0142a z Niemcami i po 4 meczach w eliminacjach do Mistrzostw Europy 2016 prowadzi\u0142a w tabeli.<\/p>\n<p>Ju\u017c w pierwszej minucie mog\u0142o by\u0107 1-0 dla Polski, ale Kucharczyk min\u0105\u0142 si\u0119 z pi\u0142k\u0105. Kilka minut p\u00f3\u017aniej p\u00f3\u017aniej Shaqiri poda\u0142 pi\u0142k\u0119 pomi\u0119dzy dw\u00f3ch polskich obro\u0144c\u00f3w i Josip Drmic pokona\u0142 Artura Boruca. Pod koniec I po\u0142owy wyr\u00f3wna\u0142 strza\u0142em g\u0142\u00f3wk\u0105 Artur J\u0119drzejczyk, kt\u00f3ry nast\u0119pnie wykona\u0142 niezwyk\u0142\u0105 cieszynk\u0119 wskakuj\u0105c na trybuny. W 61 minucie Arkadiusz Milik bezpo\u015brednio z rzutu wolnego pokona\u0142 jedynego debiutanta w tym spotkaniu bramkarza Szwajcarii. Od 83 minuty Polacy grali w 10, poniewa\u017c drug\u0105 \u017c\u00f3\u0142t\u0105 kartk\u0119 dosta\u0142 Micha\u0142 \u017byro. W 87 minucie do wyr\u00f3wnania doprowadzi\u0142 Fabian Frei.<\/p>\n<p>Po raz ostatni w Reprezentacji Polski zagrali: Micha\u0142 \u017byro (\u0142\u0105cznie 4 mecze), oraz \u0141ukasz Bro\u017a (\u0142\u0105cznie 3 mecze).<\/p>\n<h2 id=\"mecz-08-07-1982\"><span class=\"ez-toc-section\" id=\"9_Mecz_Polska_%E2%80%93_Szwajcaria_4_0_28_lutego_2001_r\"><\/span><a id=\"mecz-2001-02-28\"><\/a>9. Mecz Polska &#8211; Szwajcaria 4:0 (28 lutego 2001 r.)<span class=\"ez-toc-section-end\"><\/span><\/h2>\n<ul>\n<li><strong>Data meczu:<\/strong> 28.02.2001<\/li>\n<li><strong>Ranga meczu:<\/strong> Towarzyski<\/li>\n<li><strong>S\u0119dzia:<\/strong> Tasos Papaioannou &#8211; Cypr<\/li>\n<li><strong>Stadion:<\/strong>Antonis Papadopoulos Stadium, Larnaca<\/li>\n<li><strong>Trener:<\/strong> Jerzy Engel<\/li>\n<\/ul>\n<p><strong>\u26bd Strzelone bramki:<\/strong><\/p>\n<ul>\n<li>Emmanuel Olisadebe [pl] 21&#8242;<\/li>\n<li>Bartosz Karwan [pl] 45&#8242;<\/li>\n<li>Tomasz Hajto [pl] 59&#8242;-karny<\/li>\n<li>Jacek Krzyn\u00f3wek [pl] 90+&#8217;<\/li>\n<\/ul>\n<p>&nbsp;<\/p>\n<p><strong>? Sk\u0142ady:<\/strong><\/p>\n<table style=\"border-collapse: collapse; width: 100%; height: 383px;\">\n<thead>\n<tr style=\"height: 21px;\">\n<th style=\"width: 50%; height: 21px;\">[pl] Polska:<\/th>\n<th style=\"width: 50%; height: 21px;\">[ch] Szwajcaria:<\/th>\n<\/tr>\n<\/thead>\n<tbody>\n<tr style=\"height: 362px;\">\n<td style=\"width: 50%; height: 362px;\">\n<ul>\n<li><strong>Jerzy Dudek<\/strong> do 46&#8242; -Feyenoord Rotterdam<\/li>\n<li>od 46&#8242; <strong>Adam Matysek<\/strong> -Bayer 04 Leverkusen<\/li>\n<li><strong>Tomasz K\u0142os<\/strong> -1. FC Kaiserslautern<\/li>\n<li><strong>Jacek Zieli\u0144ski<\/strong> kapitan do 72&#8242; -Legia Warszawa<\/li>\n<li>od 72&#8242; <strong>Marek Zaj\u0105c<\/strong> -Wis\u0142a Krak\u00f3w<\/li>\n<li><strong>Micha\u0142 \u017bew\u0142akow<\/strong> do 46&#8242; -RE Mouscron<\/li>\n<li>od 46&#8242; <strong>Mariusz Kukie\u0142ka<\/strong> -Amica Wronki<\/li>\n<li><strong>Marek Ko\u017ami\u0144ski<\/strong> -Brescia Calcio<\/li>\n<li><strong>Tomasz Hajto<\/strong> -Schalke 04 Gelsenkirchen<\/li>\n<li><strong>Piotr \u015awierczewski<\/strong> -SC Bastia<\/li>\n<li><strong>Bartosz Karwan<\/strong> -Legia Warszawa<\/li>\n<li><strong>Tomasz Zdebel<\/strong> do 46&#8242; -Gen\u00e7lerbirli\u011fi SK<\/li>\n<li>od 46&#8242; <strong>Jacek Krzyn\u00f3wek<\/strong> -1. FC N\u00fcrnberg<\/li>\n<li><strong>Pawe\u0142 Krysza\u0142owicz<\/strong> do 40&#8242; [ycard] 46&#8242; -Eintracht Frankfurt<\/li>\n<li>od 46&#8242; <strong>Marcin \u017bew\u0142akow<\/strong> -RE Mouscron<\/li>\n<li><strong>Emmanuel Olisadebe<\/strong> do 83&#8242; -Panathinaikos Ateny<\/li>\n<li>od 83&#8242; <strong>Tomasz Kie\u0142bowicz<\/strong> -Legia Warszawa<\/li>\n<\/ul>\n<\/td>\n<td style=\"width: 50%; height: 362px;\">\n<ul>\n<li><strong>Marco Pascolo<\/strong> -FC Z\u00fcrich<\/li>\n<li><strong>Marc Zellweger<\/strong> 27&#8242; [ycard] -FC St Gallen<\/li>\n<li><strong>S\u00e9bastien Fournier<\/strong> [ycard] -Servette FC<\/li>\n<li><strong>St\u00e9phane Henchoz<\/strong> kapitan do 67&#8242; -Liverpool FC<\/li>\n<li>od 67&#8242; <strong>Giuseppe Mazzarelli<\/strong> -AS Bari<\/li>\n<li><strong>Marco Zwyssig<\/strong> -FC St Gallen<\/li>\n<li><strong>Sascha M\u00fcller<\/strong> do 71&#8242; -FC St Gallen<\/li>\n<li>od 71&#8242; <strong>Dario Rota<\/strong> -FC Lugano<\/li>\n<li><strong>Alexandre Comisetti<\/strong> do 34&#8242; -AJ Auxerre<\/li>\n<li>od 34&#8242;<strong> Yvan Quentin<\/strong> -FC Z\u00fcrich<\/li>\n<li><strong>Mario Cantaluppi<\/strong> do 53&#8242; -FC Basel<\/li>\n<li>od 53&#8242; <strong>Antonio Esposito<\/strong> [ycard] -Cagliari Calcio<\/li>\n<li><strong>Giorgio Contini<\/strong> do 54&#8242; -FC St Gallen<\/li>\n<li>od 54&#8242; <strong>Hakan Yakin<\/strong> 75&#8242; [ycard] -FC Basel<\/li>\n<li><strong>Fabio Celestini<\/strong> -ESTAC Troyes<\/li>\n<li><strong>St\u00e9phane Chapuisat<\/strong> -Grasshopper Club<\/li>\n<\/ul>\n<\/td>\n<\/tr>\n<\/tbody>\n<\/table>\n<p><div id=\"attachment_10973\" style=\"width: 562px\" class=\"wp-caption aligncenter\"><img loading=\"lazy\" decoding=\"async\" aria-describedby=\"caption-attachment-10973\" class=\"wp-image-10973 size-medium\" src=\"https:\/\/kronika-futbolu.pl\/historia\/wp-content\/uploads\/2021\/03\/9A_polska_szwajcaria_2001_gol_karwana-552x400.png\" alt=\"\" width=\"552\" height=\"400\" srcset=\"https:\/\/kronika-futbolu.pl\/historia\/wp-content\/uploads\/2021\/03\/9A_polska_szwajcaria_2001_gol_karwana-552x400.png 552w, https:\/\/kronika-futbolu.pl\/historia\/wp-content\/uploads\/2021\/03\/9A_polska_szwajcaria_2001_gol_karwana-768x556.png 768w, https:\/\/kronika-futbolu.pl\/historia\/wp-content\/uploads\/2021\/03\/9A_polska_szwajcaria_2001_gol_karwana.png 830w\" sizes=\"auto, (max-width: 552px) 100vw, 552px\" \/><p id=\"caption-attachment-10973\" class=\"wp-caption-text\">Gol Karwana &#8211; kadr<\/p><\/div> <div id=\"attachment_10974\" style=\"width: 567px\" class=\"wp-caption alignleft\"><img loading=\"lazy\" decoding=\"async\" aria-describedby=\"caption-attachment-10974\" class=\"wp-image-10974 size-medium\" src=\"https:\/\/kronika-futbolu.pl\/historia\/wp-content\/uploads\/2021\/03\/9B_polska_szwajcaria_2001_gol_hajty-557x400.png\" alt=\"Polska - Szwajcaria 2001\" width=\"557\" height=\"400\" srcset=\"https:\/\/kronika-futbolu.pl\/historia\/wp-content\/uploads\/2021\/03\/9B_polska_szwajcaria_2001_gol_hajty-557x400.png 557w, https:\/\/kronika-futbolu.pl\/historia\/wp-content\/uploads\/2021\/03\/9B_polska_szwajcaria_2001_gol_hajty-768x551.png 768w, https:\/\/kronika-futbolu.pl\/historia\/wp-content\/uploads\/2021\/03\/9B_polska_szwajcaria_2001_gol_hajty.png 846w\" sizes=\"auto, (max-width: 557px) 100vw, 557px\" \/><p id=\"caption-attachment-10974\" class=\"wp-caption-text\">Gol Hajty &#8211; kadr<\/p><\/div><\/p>\n<p>\u015awietnie nowy wiek rozpocz\u0119li Bia\u0142o-Czerwoni. Na Cyprze pi\u0142karze prowadzeni przez Jerzego Engela rozbili Reprezentacj\u0119 Szwajcarii 4-0. By\u0142 to \u015bwietny prognostyk przed kolejnymi meczami eliminacji do Mistrzostw \u015awiata 2002. Trzy tygodnie p\u00f3\u017aniej Polacy zmierzyli si\u0119 z Norwegi\u0105 i Armeni\u0105 i te\u017c wygrali. Wygrana z Helwetami by\u0142a 6 meczem bez pora\u017cki z rz\u0119du, natomiast Szwajcarzy w 3 spotkaniu z kolei nie odnie\u015bli zwyci\u0119stwa.\u00a0<\/p>\n<p>W 21 minucie wynik otworzy\u0142 Emmanuel Olisadebe, po kilku podaniach po prawej stronie boiska, do znajduj\u0105cego si\u0119 w polu karnym\u00a0 Oliego poda\u0142 Tomasz K\u0142os. Pod koniec I po\u0142owy Polacy wyprowadzili \u015bwietny atak i w ostatnim etapie akcji Olisadebe poda\u0142 do Karwana a ten nie mia\u0142 problemu z trafieniem do prawie pustej bramki. W 59 minucie na 3-0 podwy\u017cszy\u0142 Tomasz Hajto. W doliczonym czasie gry trafi\u0142 jeszcze Jacek Krzyn\u00f3wek.\u00a0<\/p>\n<p>Drugi i ostatni raz w kadrze zagra\u0142 Marek Zaj\u0105c. W zespole szwajcarskim zadebiutowa\u0142 Giorgio Contini i by\u0142 to dla Niego ostatni wyst\u0119p w barwach narodowych. Ostatni raz dla Szwajcarii zagra\u0142 tak\u017ce Antonio Esposito- \u0142\u0105cznie 3 mecze.\u00a0<\/p>\n<h2 id=\"mecz-08-07-1982\"><span class=\"ez-toc-section\" id=\"8_Mecz_Szwajcaria_%E2%80%93_Polska_1_1_27_marca_1984r\"><\/span><a id=\"mecz-1984-03-27\"><\/a>8. Mecz Szwajcaria &#8211; Polska 1:1 (27 marca 1984r.)<span class=\"ez-toc-section-end\"><\/span><\/h2>\n<ul>\n<li><strong>Data meczu:<\/strong> 27.03.1984<\/li>\n<li><strong>Ranga meczu:<\/strong> Towarzyski<\/li>\n<li><strong>S\u0119dzia:<\/strong> Jean-Fran\u00e7ois Crucke &#8211; Belgia<\/li>\n<li><strong>Stadion:<\/strong> Hardturm, Zurich<\/li>\n<li><strong>Trener:<\/strong> Antoni Piechniczek<\/li>\n<\/ul>\n<p><strong>\u26bd Strzelone bramki:<\/strong><\/p>\n<ul>\n<li>Zbigniew Boniek [pl] 24&#8242;<\/li>\n<li>Heinz Hermann [ch] 79&#8242;<\/li>\n<\/ul>\n<p><strong>? Sk\u0142ady:<\/strong><\/p>\n<table style=\"border-collapse: collapse; width: 100%; height: 142px;\">\n<thead>\n<tr style=\"height: 21px;\">\n<th style=\"width: 50%; height: 21px;\">[ch] Szwajcaria:<\/th>\n<th style=\"width: 50%; height: 21px;\">[pl] Polska:<\/th>\n<\/tr>\n<\/thead>\n<tbody>\n<tr style=\"height: 121px;\">\n<td style=\"width: 50%; height: 121px;\">\n<ul>\n<li><strong>Roger Berbig<\/strong> -Grasshopper Club<\/li>\n<li><strong>Roger Wehrli<\/strong> -Grasshopper Club<\/li>\n<li><strong>Charles In-Albon<\/strong> do 46&#8242; -Grasshopper Club<\/li>\n<li>od 46&#8242; <strong>Heinz L\u00fcdi<\/strong> -FC Z\u00fcrich<\/li>\n<li><strong>Andr\u00e9 Egli<\/strong> -Grasshopper Club<\/li>\n<li><strong>Silvano Bianchi<\/strong> -Neuch\u00e2tel Xamax FC<\/li>\n<li><strong>Heinz Hermann<\/strong> kapitan -Grasshopper Club<\/li>\n<li><strong>Alain Geiger<\/strong> -Servette FC<\/li>\n<li><strong>Lucien Favre<\/strong> -Toulouse FC<\/li>\n<li><strong>Raimondo Ponte<\/strong> do 8&#8242; -Grasshopper Club<\/li>\n<li>od 8&#8242; <strong>Georges Bregy<\/strong> -BSC Young Boys<\/li>\n<li><strong>Jean-Paul Brigger<\/strong> -Servette FC<\/li>\n<li><strong>Manfred Braschler<\/strong> -FC St Gallen<\/li>\n<\/ul>\n<p>&nbsp;<\/p>\n<\/td>\n<td style=\"width: 50%; height: 121px;\">\n<ul>\n<li><strong>J\u00f3zef M\u0142ynarczyk<\/strong> kapitan 51&#8242; [ycard] -Widzew \u0141\u00f3d\u017a<\/li>\n<li><strong>Krzysztof Pawlak<\/strong> -Lech Pozna\u0144<\/li>\n<li><strong>Roman W\u00f3jcicki<\/strong> -Widzew \u0141\u00f3d\u017a<\/li>\n<li><strong>J\u00f3zef Adamiec<\/strong> do 46&#8242; -Lech Pozna\u0144<\/li>\n<li>od 46&#8242; <strong>Pawe\u0142 Janas<\/strong> -AJ Auxerre<\/li>\n<li><strong>Jan Ja\u0142ocha<\/strong> -Wis\u0142a Krak\u00f3w<\/li>\n<li><strong>Andrzej Buncol<\/strong> -Legia Warszawa<\/li>\n<li><strong>W\u0142odzimierz Cio\u0142ek<\/strong> do 68&#8242; -G\u00f3rnik Wa\u0142brzych<\/li>\n<li>od 68&#8242; <strong>Czes\u0142aw Jako\u0142cewicz<\/strong> -Lech Pozna\u0144<\/li>\n<li><strong>Waldemar Matysik<\/strong> -G\u00f3rnik Zabrze<\/li>\n<li>W\u0142odzimierz Smolarek do 71&#8242; -Widzew \u0141\u00f3d\u017a<\/li>\n<li>od 71&#8242; <strong>Krzysztof Warzycha<\/strong> -Ruch Chorz\u00f3w<\/li>\n<li><strong>Miros\u0142aw Oko\u0144ski<\/strong> -Lech Pozna\u0144<\/li>\n<li><strong>Zbigniew Boniek<\/strong> 87&#8242; [ycard] -Juventus FC<\/li>\n<\/ul>\n<\/td>\n<\/tr>\n<\/tbody>\n<\/table>\n<p><div id=\"attachment_10969\" style=\"width: 560px\" class=\"wp-caption aligncenter\"><img loading=\"lazy\" decoding=\"async\" aria-describedby=\"caption-attachment-10969\" class=\"wp-image-10969 size-medium\" src=\"https:\/\/kronika-futbolu.pl\/historia\/wp-content\/uploads\/2021\/03\/8A_szwajcaria_polska_1984_gol_bonka-550x400.png\" alt=\"Szwajcaria - Polska 1984\" width=\"550\" height=\"400\" srcset=\"https:\/\/kronika-futbolu.pl\/historia\/wp-content\/uploads\/2021\/03\/8A_szwajcaria_polska_1984_gol_bonka-550x400.png 550w, https:\/\/kronika-futbolu.pl\/historia\/wp-content\/uploads\/2021\/03\/8A_szwajcaria_polska_1984_gol_bonka-768x559.png 768w, https:\/\/kronika-futbolu.pl\/historia\/wp-content\/uploads\/2021\/03\/8A_szwajcaria_polska_1984_gol_bonka.png 823w\" sizes=\"auto, (max-width: 550px) 100vw, 550px\" \/><p id=\"caption-attachment-10969\" class=\"wp-caption-text\">Gol Bo\u0144ka &#8211; kadr<\/p><\/div> <div id=\"attachment_10970\" style=\"width: 580px\" class=\"wp-caption alignleft\"><img loading=\"lazy\" decoding=\"async\" aria-describedby=\"caption-attachment-10970\" class=\"wp-image-10970 size-medium\" src=\"https:\/\/kronika-futbolu.pl\/historia\/wp-content\/uploads\/2021\/03\/8B_szwajcaria_polska_1984_po_golu_szwajcaow-570x400.png\" alt=\"Szwajcaria - Polska 1984\" width=\"570\" height=\"400\" srcset=\"https:\/\/kronika-futbolu.pl\/historia\/wp-content\/uploads\/2021\/03\/8B_szwajcaria_polska_1984_po_golu_szwajcaow-570x400.png 570w, https:\/\/kronika-futbolu.pl\/historia\/wp-content\/uploads\/2021\/03\/8B_szwajcaria_polska_1984_po_golu_szwajcaow-768x539.png 768w, https:\/\/kronika-futbolu.pl\/historia\/wp-content\/uploads\/2021\/03\/8B_szwajcaria_polska_1984_po_golu_szwajcaow.png 816w\" sizes=\"auto, (max-width: 570px) 100vw, 570px\" \/><p id=\"caption-attachment-10970\" class=\"wp-caption-text\">Rado\u015b\u0107 Szwajcar\u00f3w po bramce &#8211; kadr<\/p><\/div><\/p>\n<p>Dla Reprezentacji Polski by\u0142 to 5 mecz rozegrany w 1984 roku, dla Szwajcar\u00f3w dopiero pierwszy. Polacy w styczniu uczestniczyli w turnieju w Indiach. By\u0142 to rok w kt\u00f3rym grano g\u0142\u00f3wnie mecze towarzyskie, dopiero w pa\u017adzierniku odby\u0142y si\u0119 dwa spotkania do eliminacji Mistrzostw \u015awiata. Helweci w 4 kolejnym pojedynku nie zdo\u0142ali wygra\u0107. Po raz 53 i\u00a0 ostatni w barwach Bia\u0142o-Czerwonych wyst\u0105pi\u0142 Pawe\u0142 Janas (1 gol), a po prawie dw\u00f3ch latach do kadry powr\u00f3ci\u0142 Waldemar Matysik.\u00a0 Zadebiutowa\u0142 <span title=\" \">Krzysztof Warzycha. <\/span>W Reprezentacji Szwajcarii zadebiutowa\u0142 natomiast <span title=\" \">Silvano <\/span><span title=\" \">Bianchi<\/span> .<\/p>\n<p>Gospodarze rozpocz\u0119li spotkanie od intensywnego ataku na polsk\u0105 bramk\u0119, ale Polacy udanie si\u0119 bronili. Pierwsz\u0105 bramk\u0119 zdoby\u0142 Zbigniew Boniek w 24 minucie, kt\u00f3ry wykorzysta\u0142 zamieszanie i odbit\u0105 pi\u0142k\u0119 przez bramkarza. Pocz\u0105tek II po\u0142owy podobnie jak pocz\u0105tek meczu by\u0142 pod dyktando Helwet\u00f3w. Do wyr\u00f3wnania dosz\u0142o w 79 minucie, a bramk\u0119 po \u0142adnej akcji zdoby\u0142 Hermann.<\/p>\n<p>&nbsp;<\/p>\n<p>&nbsp;<\/p>\n<h2 id=\"mecz-14-06-1982\"><span class=\"ez-toc-section\" id=\"7_Mecz_Szwajcaria_%E2%80%93_Polska_0_2_12_wrzesnia_1979_r\"><\/span><a id=\"mecz-1979-09-12\"><\/a>7. Mecz Szwajcaria &#8211; Polska 0:2 (12 wrze\u015bnia 1979 r.)<span class=\"ez-toc-section-end\"><\/span><\/h2>\n<ul>\n<li><strong>Data meczu:<\/strong> 12.09.1979<\/li>\n<li><strong>Ranga meczu:<\/strong> Eliminacje Mistrzostw Europy 1980<\/li>\n<li><strong>S\u0119dzia:<\/strong>Otto Anderco &#8211; Rumunia<\/li>\n<li><strong>Stadion:<\/strong> Stade Olympique de La Pontaise, Lozanna<\/li>\n<li><strong>Trener:<\/strong> Ryszard Kulesza<\/li>\n<\/ul>\n<p><strong>\u26bd Strzelone bramki:<\/strong><\/p>\n<ul>\n<li>Stanis\u0142aw Terlecki [pl] 34&#8242;<\/li>\n<li>Stanis\u0142aw Terlecki [pl] 63&#8242;<\/li>\n<\/ul>\n<p><strong>? Sk\u0142ady:<\/strong><\/p>\n<table style=\"border-collapse: collapse; width: 100%; height: 379px;\">\n<thead>\n<tr style=\"height: 24px;\">\n<th style=\"width: 50%; height: 24px;\">[ch] Szwajcaria:<\/th>\n<th style=\"width: 50%; height: 24px;\">[pl] Polska:<\/th>\n<\/tr>\n<\/thead>\n<tbody>\n<tr style=\"height: 355px;\">\n<td style=\"width: 50%; height: 355px;\">\n<ul>\n<li><strong>Erich Burgener<\/strong> -FC Lausanne-Sports<\/li>\n<li><strong>Heinz L\u00fcdi<\/strong> -FC Z\u00fcrich<\/li>\n<li><strong>Lucio Bizzini<\/strong> kapitan -Servette FC<\/li>\n<li><strong>Gianpietro Zappa<\/strong> -FC Z\u00fcrich<\/li>\n<li><strong>Jakob Brechb\u00fchl<\/strong> -BSC Young Boys<\/li>\n<li><strong>Umberto Barberis<\/strong> -Servette FC<\/li>\n<li><strong>Marc Schnyder<\/strong> -Servette FC<\/li>\n<li><strong>Claude Andrey<\/strong> -Servette FC<\/li>\n<li><strong>Hans-J\u00f6rg Pfister<\/strong> -Grasshopper Club<\/li>\n<li><strong>Claudio Sulser<\/strong> do 70&#8242; -Grasshopper Club<\/li>\n<li>od 70&#8242; <strong>Andr\u00e9 Egli<\/strong> -Grasshopper Club<\/li>\n<li><strong>Raimondo Ponte<\/strong> -Grasshopper Club<\/li>\n<\/ul>\n<p>&nbsp;<\/p>\n<\/td>\n<td style=\"width: 50%; height: 355px;\">\n<ul>\n<li><strong>Zygmunt Kukla<\/strong> -Stal Mielec<\/li>\n<li><strong>Marek Dziuba<\/strong> -\u0141KS \u0141\u00f3d\u017a<\/li>\n<li><strong>Pawe\u0142 Janas<\/strong> -Legia Warszawa<\/li>\n<li><strong>Henryk Wieczorek<\/strong> -G\u00f3rnik Zabrze<\/li>\n<li><strong>Wojciech Rudy<\/strong> -Zag\u0142\u0119bie Sosnowiec<\/li>\n<li><strong>Adam Nawa\u0142ka<\/strong> -Wis\u0142a Krak\u00f3w<\/li>\n<li><strong>Stefan Majewski<\/strong> do 88&#8242; -Legia Warszawa<\/li>\n<li>od 88&#8242; <strong>Antoni Szymanowski<\/strong> -Gwardia Warszawa<\/li>\n<li><strong>Zbigniew Boniek<\/strong> -Widzew \u0141\u00f3d\u017a<\/li>\n<li><strong>Grzegorz Lato<\/strong> kapitan -Stal Mielec<\/li>\n<li><strong>Kazimierz Kmiecik<\/strong> do 85&#8242; -Wis\u0142a Krak\u00f3w<\/li>\n<li>od 85&#8242; <strong>W\u0142odzimierz Mazur<\/strong> -Zag\u0142\u0119bie Sosnowiec<\/li>\n<li><strong>Stanis\u0142aw Terlecki<\/strong> -\u0141KS \u0141\u00f3d\u017a<\/li>\n<\/ul>\n<\/td>\n<\/tr>\n<\/tbody>\n<\/table>\n<p><div id=\"attachment_10964\" style=\"width: 511px\" class=\"wp-caption aligncenter\"><img loading=\"lazy\" decoding=\"async\" aria-describedby=\"caption-attachment-10964\" class=\"wp-image-10964 size-medium\" src=\"https:\/\/kronika-futbolu.pl\/historia\/wp-content\/uploads\/2021\/03\/7A_szwajcaria_polska_1979_Le-_Nouvelliste-501x400.png\" alt=\"Szwajcaria - Polska 1979\" width=\"501\" height=\"400\" srcset=\"https:\/\/kronika-futbolu.pl\/historia\/wp-content\/uploads\/2021\/03\/7A_szwajcaria_polska_1979_Le-_Nouvelliste-501x400.png 501w, https:\/\/kronika-futbolu.pl\/historia\/wp-content\/uploads\/2021\/03\/7A_szwajcaria_polska_1979_Le-_Nouvelliste-768x614.png 768w, https:\/\/kronika-futbolu.pl\/historia\/wp-content\/uploads\/2021\/03\/7A_szwajcaria_polska_1979_Le-_Nouvelliste.png 860w\" sizes=\"auto, (max-width: 501px) 100vw, 501px\" \/><p id=\"caption-attachment-10964\" class=\"wp-caption-text\">Szwajcaria &#8211; Polska 1979. Le Nouvelliste<\/p><\/div> <div id=\"attachment_10965\" style=\"width: 585px\" class=\"wp-caption alignleft\"><img loading=\"lazy\" decoding=\"async\" aria-describedby=\"caption-attachment-10965\" class=\"wp-image-10965 size-medium\" src=\"https:\/\/kronika-futbolu.pl\/historia\/wp-content\/uploads\/2021\/03\/7B_szwajcaria_polska_1979_dziennik_polski-575x400.png\" alt=\"Szwajcaria - Polska 1979\" width=\"575\" height=\"400\" srcset=\"https:\/\/kronika-futbolu.pl\/historia\/wp-content\/uploads\/2021\/03\/7B_szwajcaria_polska_1979_dziennik_polski-575x400.png 575w, https:\/\/kronika-futbolu.pl\/historia\/wp-content\/uploads\/2021\/03\/7B_szwajcaria_polska_1979_dziennik_polski-768x534.png 768w, https:\/\/kronika-futbolu.pl\/historia\/wp-content\/uploads\/2021\/03\/7B_szwajcaria_polska_1979_dziennik_polski.png 1365w\" sizes=\"auto, (max-width: 575px) 100vw, 575px\" \/><p id=\"caption-attachment-10965\" class=\"wp-caption-text\">Szwajcaria &#8211; Polska 1979. Dziennik Polski<\/p><\/div><\/p>\n<p>Eliminacje do Mistrzostw Europy 1980 we wrze\u015bniu 1979 wesz\u0142y ostatni\u0105 prost\u0105. Bia\u0142o-Czerwoni mieli realne szanse na awans. W maju pokonali g\u0142\u00f3wnych faworyt\u00f3w w grupie Holendr\u00f3w i cel na Szwajcari\u0119 by\u0142 tylko jeden- wygrana. Zosta\u0142o to osi\u0105gni\u0119te i tak jak w pierwszym meczu w listopadzie 1978 zesp\u00f3\u0142 Ryszarda Kuleszy wygra\u0142 2-0 co by\u0142o 4 zwyci\u0119stwem z rz\u0119du polskiego zespo\u0142u w 1979 roku. By\u0142 to bardzo cenny tryumf bowiem dru\u017cyna szwajcarska by\u0142a uznawana za solidniejszy zesp\u00f3\u0142 ni\u017c jeszcze kilka miesi\u0119cy wcze\u015bniej. W I po\u0142owie gospodarze stwarzali sobie wiele okazji bramkowych i cz\u0119sto to oni byli wi\u0119cej przy pi\u0142ce. W II po\u0142owie Polacy odzyskali pozycj\u0119 w rywalizacji ale rywale nie odpuszczlai.<\/p>\n<p>Dwie bramki strzeli\u0142 Stanis\u0142aw Terlecki. Najpierw w 34 minucie po wrzuceniu pi\u0142ki w pole karne przez Grzegorza Lat\u0119 i kilku pr\u00f3bach strza\u0142\u00f3w Bia\u0142o-Czerwonych to w\u0142a\u015bnie Terleckiego futbol\u00f3wka znalaz\u0142a na okolicy linii pola bramkowego, mia\u0142 wystarczaj\u0105co du\u017co czasu i miejsca na przyj\u0119cie i oddanie strza\u0142u. W 63 minucie do\u0142o\u017cy\u0142 drug\u0105 bramk\u0119 po pi\u0119knym uderzeniu z dystansu.\u00a0<\/p>\n<h2 id=\"mecz-19-04-1980\"><span class=\"ez-toc-section\" id=\"6_Mecz_Polska_%E2%80%93_Szwajcaria_2_0_15_listopada_1978_r\"><\/span><a id=\"mecz-1978-11-15\"><\/a>6. Mecz Polska &#8211; Szwajcaria 2:0 (15 listopada 1978 r.)<span class=\"ez-toc-section-end\"><\/span><\/h2>\n<ul>\n<li><strong>Data meczu:<\/strong> 15.11.1978<\/li>\n<li><strong>Ranga meczu:<\/strong> Eliminacje Mistrzostw Europy 1980<\/li>\n<li><strong>S\u0119dzia:<\/strong> Franz W\u00f6hrer &#8211; Austria<\/li>\n<li><strong>Stadion:<\/strong> Stadion Olimpijski, Wroc\u0142aw<\/li>\n<li><strong>Trenerzy:<\/strong> Ryszard Kulesza<\/li>\n<\/ul>\n<p><strong>\u26bd Strzelone bramki:<\/strong><\/p>\n<ul>\n<li>Zbigniew Boniek [pl] 39&#8242;<\/li>\n<li>Roman Ogaza [pl] 56&#8242;<\/li>\n<\/ul>\n<p><strong>? Sk\u0142ady:<\/strong><\/p>\n<table style=\"border-collapse: collapse; width: 100%; height: 383px;\">\n<thead>\n<tr style=\"height: 21px;\">\n<th style=\"width: 50%; height: 21px;\">[pl] Polska:<\/th>\n<th style=\"width: 50%; height: 21px;\">[ch] Szwajcaria:<\/th>\n<\/tr>\n<\/thead>\n<tbody>\n<tr style=\"height: 362px;\">\n<td style=\"width: 50%; height: 362px;\">\n<ul>\n<li><strong>Zygmunt Kukla<\/strong> -Stal Mielec<\/li>\n<li><strong>Antoni Szymanowski<\/strong> kapitan -Gwardia Warszawa<\/li>\n<li><strong>Stefan Majewski<\/strong> do 64&#8242; -Zawisza Bydgoszcz<\/li>\n<li>od 64&#8242; <strong>Wojciech Rudy<\/strong> -Zag\u0142\u0119bie Sosnowiec<\/li>\n<li><strong>W\u0142adys\u0142aw \u017bmuda<\/strong> -\u015al\u0105sk Wroc\u0142aw<\/li>\n<li><strong>Henryk Maculewicz<\/strong> -Wis\u0142a Krak\u00f3w<\/li>\n<li><strong>Les\u0142aw \u0106mikiewicz<\/strong> -Legia Warszawa<\/li>\n<li><strong>Zbigniew Boniek<\/strong> -Widzew \u0141\u00f3d\u017a<\/li>\n<li><strong>Adam Nawa\u0142ka<\/strong> -Wis\u0142a Krak\u00f3w<\/li>\n<li><strong>Grzegorz Lato<\/strong> -Stal Mielec<\/li>\n<li><strong>Roman Ogaza<\/strong> -Szombierki Bytom<\/li>\n<li><strong>Stanis\u0142aw Terlecki<\/strong> -\u0141KS \u0141\u00f3d\u017a<\/li>\n<\/ul>\n<\/td>\n<td style=\"width: 50%; height: 362px;\">\n<ul>\n<li><strong>Karl Engel<\/strong> -Servette FC<\/li>\n<li><strong>Pierre-Albert Chapuisat<\/strong> -FC Z\u00fcrich<\/li>\n<li><strong>Jakob Brechb\u00fchl<\/strong> -BSC Young Boys<\/li>\n<li><strong>Francis Montandon<\/strong> -Grasshopper Club<\/li>\n<li><strong>Lucio Bizzini<\/strong> kapitan -Servette FC<\/li>\n<li><strong>Umberto Barberis<\/strong> -Servette FC<\/li>\n<li><strong>Ren\u00e9 Botteron<\/strong> -FC Z\u00fcrich<\/li>\n<li><strong>Andr\u00e9 Meyer<\/strong> 70&#8242; [ycard] -Grasshopper Club<\/li>\n<li><strong>Marc Schnyder<\/strong> -Servette FC<\/li>\n<li><strong>Claudio Sulser<\/strong> -Grasshopper Club<\/li>\n<li><strong>Rudolf Elsener<\/strong> do 46&#8242; -Grasshopper Club<\/li>\n<li>od 46&#8242; <strong>Raimondo Ponte<\/strong> -Grasshopper Club<\/li>\n<\/ul>\n<\/td>\n<\/tr>\n<\/tbody>\n<\/table>\n<p><div id=\"attachment_10959\" style=\"width: 358px\" class=\"wp-caption aligncenter\"><img loading=\"lazy\" decoding=\"async\" aria-describedby=\"caption-attachment-10959\" class=\"wp-image-10959 size-medium\" src=\"https:\/\/kronika-futbolu.pl\/historia\/wp-content\/uploads\/2021\/03\/6A_polska_szwajcaria_1978_karl_engel_Walliser_Bote-348x400.png\" alt=\"Polska - Szwajcaria 1978\" width=\"348\" height=\"400\" srcset=\"https:\/\/kronika-futbolu.pl\/historia\/wp-content\/uploads\/2021\/03\/6A_polska_szwajcaria_1978_karl_engel_Walliser_Bote-348x400.png 348w, https:\/\/kronika-futbolu.pl\/historia\/wp-content\/uploads\/2021\/03\/6A_polska_szwajcaria_1978_karl_engel_Walliser_Bote.png 650w\" sizes=\"auto, (max-width: 348px) 100vw, 348px\" \/><p id=\"caption-attachment-10959\" class=\"wp-caption-text\">Polska &#8211; Szwajcaria 1978. Karl Engel<\/p><\/div> <div id=\"attachment_10960\" style=\"width: 572px\" class=\"wp-caption alignleft\"><img loading=\"lazy\" decoding=\"async\" aria-describedby=\"caption-attachment-10960\" class=\"wp-image-10960 size-medium\" src=\"https:\/\/kronika-futbolu.pl\/historia\/wp-content\/uploads\/2021\/03\/6B_polska_szwajcaria_1978_radosc_bonka-562x400.png\" alt=\"Polska - Szwajcaria 1978\" width=\"562\" height=\"400\" srcset=\"https:\/\/kronika-futbolu.pl\/historia\/wp-content\/uploads\/2021\/03\/6B_polska_szwajcaria_1978_radosc_bonka-562x400.png 562w, https:\/\/kronika-futbolu.pl\/historia\/wp-content\/uploads\/2021\/03\/6B_polska_szwajcaria_1978_radosc_bonka-768x546.png 768w, https:\/\/kronika-futbolu.pl\/historia\/wp-content\/uploads\/2021\/03\/6B_polska_szwajcaria_1978_radosc_bonka.png 845w\" sizes=\"auto, (max-width: 562px) 100vw, 562px\" \/><p id=\"caption-attachment-10960\" class=\"wp-caption-text\">Polska &#8211; Szwajcaria 1978. Rado\u015b\u0107 Bo\u0144ka po zdobyciu gola &#8211; kadr<\/p><\/div><\/p>\n<p>W eliminacjach do Mistrzostw Europy 1980 Reprezentacja Polski trafi\u0142a do grupy z Holandi\u0105, NRD, Islandi\u0105 i Szwajcari\u0105. W pierwszym meczu Bia\u0142o-Czerwoni wygrali z Islandczykami 2-0. Dwa miesi\u0105ce p\u00f3\u017aniej we Wroc\u0142awiu zmierzyli si\u0119 z Helwetami. Pomi\u0119dzy tymi dwoma spotkaniami dosz\u0142o do zmiany selekcjonera. Jacka Gmocha zast\u0105pi\u0142 Ryszard Kulesza. Nowy trener zadebiutowa\u0142 w nowej roli w pa\u017adzierniku w towarzyskim pojedynku z Rumuni\u0105, kt\u00f3ry zako\u0144czy\u0142 si\u0119 wygran\u0105 Rumun\u00f3w 1-0. Gra z Szwajcari\u0105 by\u0142a zatem niezwykle wa\u017cna dla oceny nowego selekcjonera, oraz dla dalszej rywalizacji w grupie eliminacyjnej.\u00a0<\/p>\n<p>W ko\u0144c\u00f3wce I po\u0142owy, w polu karnym Zbigniew Boniek znalaz\u0142 miejsce do dobrego u\u0142o\u017cenia si\u0119 do strza\u0142u i uderzy\u0142 celnie otwieraj\u0105c wynik. Drugi gol pad\u0142 w 56 minucie, odbit\u0105 pi\u0142k\u0119 od bramkarza dobi\u0142 Roman Ogaza. Wynik m\u00f3g\u0142by by\u0107 wy\u017cszy ale bardzo dobrze w tym spotkaniu spisywa\u0142 si\u0119 szwajcarski bramkarz Karl Engel.\u00a0<\/p>\n<p>Wygrana postawi\u0142a Polsk\u0119 w bardzo dobrej sytuacji w tabeli przed kolejnymi spotkaniami z Holandi\u0105 i NRD. Szwajcarzy mieli ju\u017c na koncie dwie pora\u017cki.\u00a0<\/p>\n<p>Po raz 23 i zarazem ostatni w Reprezentacji Polski wyst\u0105pi\u0142 Henryk Maculewicz.\u00a0<\/p>\n<h2 id=\"mecz-26-10-1975\"><span class=\"ez-toc-section\" id=\"5_Mecz_Szwajcaria_%E2%80%93_Polska_2_1_11_maja_1976_r\"><\/span><a id=\"mecz-1976-05-11\"><\/a>5. Mecz Szwajcaria &#8211; Polska 2:1 (11 maja 1976 r.)<span class=\"ez-toc-section-end\"><\/span><\/h2>\n<ul>\n<li><strong>Data meczu:<\/strong> 11.05.1976<\/li>\n<li><strong>Ranga meczu:<\/strong> Towarzyski<\/li>\n<li><strong>S\u0119dzia:<\/strong> Giulio Ciacci &#8211; W\u0142ochy<\/li>\n<li><strong>Stadion:<\/strong> St. Jakob Stadion, Bazylea<\/li>\n<li><strong>Trener:<\/strong> Kazimierz G\u00f3rski<\/li>\n<\/ul>\n<p><strong>\u26bd Strzelone bramki:<\/strong><\/p>\n<ul>\n<li>Lucio Bizzini [ch] 21&#8242;<\/li>\n<li>Umberto Barberis [ch] 59&#8242;<\/li>\n<li>Zbigniew Boniek [pl] 87&#8242;<\/li>\n<\/ul>\n<p><strong>? Sk\u0142ady:<\/strong><\/p>\n<table style=\"border-collapse: collapse; width: 100%; height: 336px;\">\n<thead>\n<tr style=\"height: 21px;\">\n<th style=\"width: 50%; height: 21px;\">[ch] Szwajcaria:<\/th>\n<th style=\"width: 50%; height: 21px;\">[pl] Polska:<\/th>\n<\/tr>\n<\/thead>\n<tbody>\n<tr style=\"height: 315px;\">\n<td style=\"width: 50%; height: 315px;\">\n<ul>\n<li><strong>Erich Burgener<\/strong> -FC Lausanne-Sports<\/li>\n<li><strong>Serge Trinchero<\/strong> -FC Sion<\/li>\n<li><strong>Jakob Brechb\u00fchl<\/strong> -BSC Young Boys<\/li>\n<li><strong>Lucio Bizzini<\/strong> kapitan -Servette FC<\/li>\n<li><strong>Pius Fischbach<\/strong> -FC Z\u00fcrich<\/li>\n<li><strong>Ren\u00e9 Hasler<\/strong> -FC Basel<\/li>\n<li><strong>Umberto Barberis<\/strong> -Grasshopper Club<\/li>\n<li><strong>Ren\u00e9 Botteron<\/strong> -FC Z\u00fcrich<\/li>\n<li><strong>Marcel Cornioley<\/strong> -Grasshopper Club<\/li>\n<li><strong>Kurt M\u00fcller<\/strong> -Servette FC<\/li>\n<li><strong>Rudolf Elsener<\/strong> -Grasshopper Club<\/li>\n<\/ul>\n<\/td>\n<td style=\"width: 50%; height: 315px;\">\n<ul>\n<li><strong>Jan Tomaszewski<\/strong> -\u0141KS \u0141\u00f3d\u017a<\/li>\n<li><strong>Henryk Wawrowski<\/strong> do 46&#8242; -Pogo\u0144 Szczecin<\/li>\n<li>od 46&#8242; <strong>Antoni Szymanowski<\/strong> -Wis\u0142a Krak\u00f3w<\/li>\n<li><strong>W\u0142adys\u0142aw \u017bmuda<\/strong> -\u015al\u0105sk Wroc\u0142aw<\/li>\n<li><strong>Czes\u0142aw Boguszewicz<\/strong> -Pogo\u0144 Szczecin<\/li>\n<li><strong>Lechos\u0142aw Olsza<\/strong> do 46&#8242; -GKS Tychy<\/li>\n<li>od 46&#8242;<strong> Tadeusz Paw\u0142owski<\/strong> -\u015al\u0105sk Wroc\u0142aw<\/li>\n<li><strong>Zbigniew Boniek<\/strong> -Widzew \u0141\u00f3d\u017a<\/li>\n<li><strong>Kazimierz Kmiecik<\/strong> -Wis\u0142a Krak\u00f3w<\/li>\n<li><strong>Grzegorz Lato<\/strong> kapitan -Stal Mielec<\/li>\n<li><strong>Roman Ogaza<\/strong> -GKS Tychy<\/li>\n<li><strong>Marek Kusto<\/strong> do 61&#8242; -Wis\u0142a Krak\u00f3w<\/li>\n<li>od 61&#8242; <strong>Les\u0142aw \u0106mikiewicz<\/strong> -Legia Warszawa<\/li>\n<li><strong>Pawe\u0142 Janas<\/strong> -Widzew \u0141\u00f3d\u017a<\/li>\n<\/ul>\n<\/td>\n<\/tr>\n<\/tbody>\n<\/table>\n<p><div id=\"attachment_10954\" style=\"width: 610px\" class=\"wp-caption aligncenter\"><img loading=\"lazy\" decoding=\"async\" aria-describedby=\"caption-attachment-10954\" class=\"wp-image-10954 size-medium\" src=\"https:\/\/kronika-futbolu.pl\/historia\/wp-content\/uploads\/2021\/03\/5A_szwajcaria_polska_1976_der_bund_nr_127_drugi_gol_dla_szwajcarow-600x389.png\" alt=\"Szwajcaria - Polska 1976\" width=\"600\" height=\"389\" srcset=\"https:\/\/kronika-futbolu.pl\/historia\/wp-content\/uploads\/2021\/03\/5A_szwajcaria_polska_1976_der_bund_nr_127_drugi_gol_dla_szwajcarow-600x389.png 600w, https:\/\/kronika-futbolu.pl\/historia\/wp-content\/uploads\/2021\/03\/5A_szwajcaria_polska_1976_der_bund_nr_127_drugi_gol_dla_szwajcarow-768x498.png 768w, https:\/\/kronika-futbolu.pl\/historia\/wp-content\/uploads\/2021\/03\/5A_szwajcaria_polska_1976_der_bund_nr_127_drugi_gol_dla_szwajcarow.png 1018w\" sizes=\"auto, (max-width: 600px) 100vw, 600px\" \/><p id=\"caption-attachment-10954\" class=\"wp-caption-text\">Drugi gola dla Szwajcar\u00f3w. \u0179r\u00f3d\u0142o: Der Bund nr 127<\/p><\/div> <div id=\"attachment_10955\" style=\"width: 377px\" class=\"wp-caption alignleft\"><img loading=\"lazy\" decoding=\"async\" aria-describedby=\"caption-attachment-10955\" class=\"wp-image-10955 size-medium\" src=\"https:\/\/kronika-futbolu.pl\/historia\/wp-content\/uploads\/2021\/03\/5B_szwajcaria_polska_1976_dziennik_polski_nr_107-367x400.png\" alt=\"Szwajcaria - Polska 1976\" width=\"367\" height=\"400\" srcset=\"https:\/\/kronika-futbolu.pl\/historia\/wp-content\/uploads\/2021\/03\/5B_szwajcaria_polska_1976_dziennik_polski_nr_107-367x400.png 367w, https:\/\/kronika-futbolu.pl\/historia\/wp-content\/uploads\/2021\/03\/5B_szwajcaria_polska_1976_dziennik_polski_nr_107-768x837.png 768w, https:\/\/kronika-futbolu.pl\/historia\/wp-content\/uploads\/2021\/03\/5B_szwajcaria_polska_1976_dziennik_polski_nr_107.png 892w\" sizes=\"auto, (max-width: 367px) 100vw, 367px\" \/><p id=\"caption-attachment-10955\" class=\"wp-caption-text\">Dziennik Polski nr 107<\/p><\/div><\/p>\n<p>Prawie r\u00f3wno po 5 latach od debiutanckiego meczu Kazimierza G\u00f3rskiego w roli selekcjonera Reprezentacji Polski, Bia\u0142o-Czerwoni zagrali towarzysko ze Szwajcari\u0105, a wi\u0119c tak samo jak na pocz\u0105tku maja 1971 roku. W\u00f3wczas Polacy po raz pierwszy prowadzeni samodzielnie przez G\u00f3rskiego wygrali 4-2. Po 5 latach po kiepskim spotkaniu w wykonaniu naszych graczy zako\u0144czy\u0142o si\u0119 zwyci\u0119stwem gospodarzy 2-1. W Dzienniku Polskim o meczu nr 300 w wykonaniu Reprezentacji Polski (obecnie obowi\u0105zuj\u0105ca numeracja)\u00a0 mo\u017cna przeczyta\u0107:\u00a0<\/p>\n<blockquote>\n<p style=\"text-align: center;\">&#8222;By\u0142 to chyba najgorszy z tej serii tegorocznych mecz\u00f3w naszej reprezentacji. Szwajcaria, przeciwnik teoretycznie najs\u0142abszy z dotychczasowych, ods\u0142oni\u0142 wszystkie braki aktualnej polskiej reprezentacji pi\u0142karskiej: powolno\u015b\u0107 w grze, statyczno\u015b\u0107, prymityw techniczny, brak ambicji. Przy takim ogromnie b\u0142\u0119d\u00f3w mo\u017cna powiedzie\u0107, \u017ce pora\u017cka jedn\u0105 bramk\u0105 stanowi sukces.&#8221;<\/p>\n<p>Polska przegra\u0142a 4 mecz z rz\u0119du, a w 6 z kolei nie wygra\u0142a. Helweci natomiast odnie\u015bli pierwsz\u0105 wygran\u0105 po 6 kolejnych grach bez wygranej (w tym 5 pora\u017cek). Polacy nie poprawili nastroj\u00f3w przed zbli\u017caj\u0105cymi si\u0119 Igrzyskami Olimpijskimi w Montrealu. Dwa tygodnie p\u00f3\u017aniej przegraj\u0105 z Irlandi\u0105. Na Igrzyskach zdob\u0119d\u0105 srebrny medal.\u00a0<\/p>\n<p>Zadebiutowali: Jakob Brechb\u00fchl, oraz strzelec drugiego gola Umberto Barberis. Po raz ostatni w kadrze narodowej zagra\u0142 Lechos\u0142aw Olsza, dla kt\u00f3rego by\u0142 to drugi wyst\u0119p w barwach Bia\u0142o-Czerwonych.<\/p>\n<\/blockquote>\n<h2><span class=\"ez-toc-section\" id=\"4_Mecz_Polska_%E2%80%93_Szwajcaria_0_0_10_maja_1972_r\"><\/span><a id=\"mecz-1972-05-10\"><\/a>4. Mecz Polska &#8211; Szwajcaria 0:0 (10\u00a0 maja 1972 r.)<span class=\"ez-toc-section-end\"><\/span><\/h2>\n<ul>\n<li><strong>Data meczu:<\/strong> 10.05.1972<\/li>\n<li><strong>Ranga meczu:<\/strong> Towarzyski<\/li>\n<li><strong>S\u0119dzia:<\/strong> Rudi Gl\u00f6ckner &#8211; NRD<\/li>\n<li><strong>Stadion:<\/strong> Stadion im. 22 lipca, Pozna\u0144<\/li>\n<li><strong>Trener:<\/strong> Kazimierz G\u00f3rski<\/li>\n<\/ul>\n<p><strong>? Sk\u0142ady:<\/strong><\/p>\n<table style=\"border-collapse: collapse; width: 100%; height: 311px;\">\n<thead>\n<tr style=\"height: 21px;\">\n<th style=\"width: 50%; height: 21px;\">[pl] Polska:<\/th>\n<th style=\"width: 50%; height: 21px;\">[ch] Szwajcaria:<\/th>\n<\/tr>\n<\/thead>\n<tbody>\n<tr style=\"height: 386px;\">\n<td style=\"width: 50%; height: 290px;\">\n<ul>\n<li><strong>Hubert Kostka<\/strong> do 46&#8242; -G\u00f3rnikZabrze<\/li>\n<li>od 46&#8242; <strong>Marian Szeja<\/strong> -Zag\u0142\u0119bie Wa\u0142brzych<\/li>\n<li><strong>Antoni Szymanowski<\/strong> -Wis\u0142a Krak\u00f3w<\/li>\n<li><strong>Stanis\u0142aw Pa\u017adzior<\/strong> -Zag\u0142\u0119bie Wa\u0142brzych<\/li>\n<li><strong>Jerzy Gorgo\u0144<\/strong> do 60&#8242; -G\u00f3rnik Zabrze<\/li>\n<li>od 60&#8242; <strong>Zygmunt Maszczyk<\/strong> -Ruch Chorz\u00f3w<\/li>\n<li><strong>Adam Musia\u0142<\/strong> -Wis\u0142a Krak\u00f3w<\/li>\n<li><strong>Tadeusz Polak<\/strong> -Wis\u0142a Krak\u00f3w<\/li>\n<li><strong>Kazimierz Deyna<\/strong> -Legia Warszawa<\/li>\n<li><strong>Jerzy Kraska<\/strong> -Gwardia Warszawa<\/li>\n<li><strong>Joachim Marx<\/strong> do 62&#8242; -Ruch Chorz\u00f3w<\/li>\n<li>od 62&#8242; <strong>Tadeusz Nowak<\/strong> -Legia Warszawa<\/li>\n<li><strong>W\u0142odzimierz Luba\u0144ski<\/strong> kapitan -G\u00f3rnik Zabrze<\/li>\n<li><strong>Robert Gadocha<\/strong> -Legia Warszawa<\/li>\n<\/ul>\n<\/td>\n<td style=\"width: 50%; height: 290px;\">\n<ul>\n<li><strong>Rene Deck<\/strong> -Grasshopper Club<\/li>\n<li><strong>Walter Mundschin<\/strong> -FC Basel<\/li>\n<li><strong>Peter Ramseier<\/strong> -FC Basel<\/li>\n<li><strong>Pierangelo Boffi<\/strong> -FC Lugano<\/li>\n<li><strong>Pirmin Stierli<\/strong> -FC Z\u00fcrich<\/li>\n<li><strong>Karl Odermatt<\/strong> kapitan -FC Basel<\/li>\n<li><strong>Jakob Kuhn<\/strong> -FC Z\u00fcrich<\/li>\n<li><strong>Rolf Bl\u00e4ttler<\/strong> do 46&#8242; -FC Basel<\/li>\n<li>od 46&#8242; <strong>Andr\u00e9 Meyer<\/strong> -Grasshopper Club<\/li>\n<li><strong>Walter Balmer<\/strong> -FC Basel<\/li>\n<li><strong>Otto Demarmels<\/strong> -FC Basel<\/li>\n<li><strong>Daniel Jeandupeux<\/strong> -FC Z\u00fcrich<\/li>\n<\/ul>\n<\/td>\n<\/tr>\n<\/tbody>\n<\/table>\n<p><div id=\"attachment_10937\" style=\"width: 519px\" class=\"wp-caption aligncenter\"><img loading=\"lazy\" decoding=\"async\" aria-describedby=\"caption-attachment-10937\" class=\"wp-image-10937 \" src=\"https:\/\/kronika-futbolu.pl\/historia\/wp-content\/uploads\/2021\/03\/4A_polska_szwajcaria_1972_dziennik_polski_nr_111-450x400.png\" alt=\"Polska - Szwajcaria 1972\" width=\"509\" height=\"452\" srcset=\"https:\/\/kronika-futbolu.pl\/historia\/wp-content\/uploads\/2021\/03\/4A_polska_szwajcaria_1972_dziennik_polski_nr_111-450x400.png 450w, https:\/\/kronika-futbolu.pl\/historia\/wp-content\/uploads\/2021\/03\/4A_polska_szwajcaria_1972_dziennik_polski_nr_111-768x683.png 768w, https:\/\/kronika-futbolu.pl\/historia\/wp-content\/uploads\/2021\/03\/4A_polska_szwajcaria_1972_dziennik_polski_nr_111.png 917w\" sizes=\"auto, (max-width: 509px) 100vw, 509px\" \/><p id=\"caption-attachment-10937\" class=\"wp-caption-text\">Polska &#8211; Szwajcaria 1972. Dziennik Polski nr 111<\/p><\/div> <div id=\"attachment_10938\" style=\"width: 490px\" class=\"wp-caption alignleft\"><img loading=\"lazy\" decoding=\"async\" aria-describedby=\"caption-attachment-10938\" class=\"wp-image-10938 \" src=\"https:\/\/kronika-futbolu.pl\/historia\/wp-content\/uploads\/2021\/03\/4B_polska_szwajcaria_1972_derbund_nr_110-530x400.png\" alt=\"Polska - Szwajcaria 1972\" width=\"480\" height=\"362\" srcset=\"https:\/\/kronika-futbolu.pl\/historia\/wp-content\/uploads\/2021\/03\/4B_polska_szwajcaria_1972_derbund_nr_110-530x400.png 530w, https:\/\/kronika-futbolu.pl\/historia\/wp-content\/uploads\/2021\/03\/4B_polska_szwajcaria_1972_derbund_nr_110-768x579.png 768w, https:\/\/kronika-futbolu.pl\/historia\/wp-content\/uploads\/2021\/03\/4B_polska_szwajcaria_1972_derbund_nr_110.png 994w\" sizes=\"auto, (max-width: 480px) 100vw, 480px\" \/><p id=\"caption-attachment-10938\" class=\"wp-caption-text\">Polska &#8211; Szwajcaria 1972. Der Bund nr 110<\/p><\/div><\/p>\n<p>Po blisko 33 latach Reprezentacja Szwajcarii ponownie zagra\u0142a w Polsce. Podobnie jak w spotkaniu przed wojn\u0105 tak i w Poznaniu w roku olimpijskim pad\u0142 remis, ale bramek nie by\u0142o. By\u0142a to ostatnia gra Bia\u0142o-Czerwonych przed Igrzyskami Olimpijskimi, kt\u00f3re rozpocz\u0119\u0142y si\u0119 w sierpniu 1972 roku. W finale olimpijskim Polacy pokonali W\u0119gr\u00f3w i si\u0119gn\u0119li po z\u0142oto. W maju w rywalizacji z Helwetami nie zapowiada\u0142o si\u0119 na taki sukces. W prasie mo\u017cemy przeczyta\u0107 \u017ce by\u0142o to spotkanie bardzo s\u0142abe w wykonaniu podopiecznych G\u00f3rskiego.\u00a0<\/p>\n<p>Podkre\u015blano w\u00f3wczas gr\u0119 w kratk\u0119, jeden mecz dobry kolejny mniej. Nie popisa\u0142 si\u0119 niczym atak w tym pojedynku. Lepiej zagra\u0142a polska defensywa. Rywale wygl\u0105dali lepiej technicznie, oraz byli szybsi, lecz nie potrafili sobie stworzy\u0107 dogodnych sytuacji. Remis odwzorowa\u0142 to co dzia\u0142o si\u0119 na boisku. Mecz bez wi\u0119kszej historii. Na szcz\u0119\u015bcie w kolejnych spotkaniach gra Polak\u00f3w si\u0119 poprawi\u0142a i doprowadzi\u0142o to do sukcesu na Igrzyskach.\u00a0<\/p>\n<p>Zadebiutowali: Tadeusz Nowak i Stanis\u0142aw Pa\u017adzior dla kt\u00f3rego by\u0142 to ostatni wyst\u0119p w kadrze tak jak dla Tadeusza Polaka (\u0142\u0105cznie 2 mecze). W dru\u017cynie szwajcarskiej zadebiutowa\u0142 \u00a0<span title=\" \">Andr\u00e9 Meyer<\/span> .<\/p>\n<h2 id=\"mecz-23-06-1974\"><span class=\"ez-toc-section\" id=\"3_Mecz_Szwajcaria_%E2%80%93_Polska_2_4_5_maja_1971_r\"><\/span><a id=\"mecz-1971-05-05\"><\/a>3. Mecz Szwajcaria &#8211; Polska 2:4 (5 maja 1971 r.)<span class=\"ez-toc-section-end\"><\/span><\/h2>\n<ul>\n<li><strong>Data meczu:<\/strong> 05.05.1971<\/li>\n<li><strong>Ranga meczu:<\/strong> Towarzyski<\/li>\n<li><strong>S\u0119dzia:<\/strong> Joseph Hannet &#8211; Belgia<\/li>\n<li><strong>Stadion:<\/strong> Stade Olympique de La Pontaise, Lozanna<\/li>\n<li><strong>Trener:<\/strong> Kazimierz G\u00f3rski<\/li>\n<\/ul>\n<p><strong>\u26bd Strzelone bramki:<\/strong><\/p>\n<ul>\n<li>Friedrich K\u00fcnzli [ch] 22&#8242;<\/li>\n<li>Zygfryd Szo\u0142tysik [pl] 38&#8242;<\/li>\n<li>Jan Bana\u015b [pl] 53&#8242;<\/li>\n<li>Kazimierz Deyna [pl] 72&#8242;<\/li>\n<li>W\u0142odzimierz Luba\u0144ski [pl] 74&#8242;<\/li>\n<li>Jakob Kuhn [ch] 78&#8242;<\/li>\n<\/ul>\n<p><strong>? Sk\u0142ady:<\/strong><\/p>\n<table style=\"border-collapse: collapse; width: 100%;\">\n<thead>\n<tr>\n<th style=\"width: 50%;\">[ch] Szwajcaria:<\/th>\n<th style=\"width: 50%;\">[pl] Polska:<\/th>\n<\/tr>\n<\/thead>\n<tbody>\n<tr>\n<td style=\"width: 50%;\">\n<ul>\n<li><strong>Mario Prosperi<\/strong> do 46&#8242; -FC Lugano<\/li>\n<li>od 46&#8242; <strong>Marcel Kunz<\/strong> -FC Basel<\/li>\n<li><strong>Pierre-Albert Chapuisat<\/strong> -FC Lausanne-Sports<\/li>\n<li><strong>Pierangelo Boffi<\/strong> -FC Lugano<\/li>\n<li><strong>Roland Citherlet<\/strong> do 70&#8242; -Grasshopper Club<\/li>\n<li>od 70&#8242; <strong>Peter Ramseier<\/strong> -FC Basel<\/li>\n<li><strong>Anton Weibel<\/strong> -FC Lausanne-Sports<\/li>\n<li><strong>Karl Odermatt<\/strong> kapitan -FC Basel<\/li>\n<li><strong>Jakob Kuhn<\/strong> -FC Z\u00fcrich<\/li>\n<li><strong>Rolf Bl\u00e4ttler<\/strong> -FC Lugano<\/li>\n<li><strong>Walter Balmer<\/strong> -FC Basel<\/li>\n<li><strong>Friedrich K\u00fcnzli<\/strong> -FC Z\u00fcrich<\/li>\n<li><strong>Ren\u00e9 Quentin<\/strong> do 46&#8242; -FC Z\u00fcrich<\/li>\n<li>od 46&#8242; <strong>Kurt M\u00fcller<\/strong> -FC Luzern<\/li>\n<\/ul>\n<\/td>\n<td style=\"width: 50%;\">\n<ul>\n<li><strong>W\u0142adys\u0142aw Groty\u0144ski<\/strong> -Legia Warszawa<\/li>\n<li><strong>Jan Wra\u017cy<\/strong> -G\u00f3rnik Zabrze<\/li>\n<li><strong>Jerzy Wyrobek<\/strong> -Ruch Chorz\u00f3w<\/li>\n<li><strong>Walter Winkler<\/strong> -Polonia Bytom<\/li>\n<li><strong>Antoni Trzaskowski<\/strong> do 46&#8242; -Legia Warszawa<\/li>\n<li>od 46&#8242; <strong>Zygmunt Anczok<\/strong> -Polonia Bytom<\/li>\n<li><strong>Zygfryd Szo\u0142tysik<\/strong> -G\u00f3rnik Zabrze<\/li>\n<li><strong>Les\u0142aw \u0106mikiewicz<\/strong> do 46&#8242; -Legia Warszawa<\/li>\n<li>od 46&#8242; <strong>Kazimierz Deyna<\/strong> -Legia Warszawa<\/li>\n<li><strong>Bernard Blaut<\/strong> kapiatn -Legia Warszawa<\/li>\n<li><strong>Jan Bana\u015b<\/strong> -G\u00f3rnik Zabrze<\/li>\n<li><strong>W\u0142odzimierz Luba\u0144ski<\/strong> -G\u00f3rnik Zabrze<\/li>\n<li><strong>Robert Gadocha<\/strong> -Legia Warszawa<\/li>\n<\/ul>\n<\/td>\n<\/tr>\n<\/tbody>\n<\/table>\n<p><div id=\"attachment_10932\" style=\"width: 610px\" class=\"wp-caption aligncenter\"><img loading=\"lazy\" decoding=\"async\" aria-describedby=\"caption-attachment-10932\" class=\"wp-image-10932 size-medium\" src=\"https:\/\/kronika-futbolu.pl\/historia\/wp-content\/uploads\/2021\/03\/3A_szwajcaria_polska_1971_der_bunt-600x378.png\" alt=\"Szwajcaria - Polska 1971\" width=\"600\" height=\"378\" srcset=\"https:\/\/kronika-futbolu.pl\/historia\/wp-content\/uploads\/2021\/03\/3A_szwajcaria_polska_1971_der_bunt-600x378.png 600w, https:\/\/kronika-futbolu.pl\/historia\/wp-content\/uploads\/2021\/03\/3A_szwajcaria_polska_1971_der_bunt-768x483.png 768w, https:\/\/kronika-futbolu.pl\/historia\/wp-content\/uploads\/2021\/03\/3A_szwajcaria_polska_1971_der_bunt.png 974w\" sizes=\"auto, (max-width: 600px) 100vw, 600px\" \/><p id=\"caption-attachment-10932\" class=\"wp-caption-text\">Szwajcaria &#8211; Polska 1971. \u0179r\u00f3d\u0142o: Der Bunt<\/p><\/div> <div id=\"attachment_10933\" style=\"width: 531px\" class=\"wp-caption alignleft\"><img loading=\"lazy\" decoding=\"async\" aria-describedby=\"caption-attachment-10933\" class=\"wp-image-10933 \" src=\"https:\/\/kronika-futbolu.pl\/historia\/wp-content\/uploads\/2021\/03\/3B_szwajcaria_polska_1971_der_bunt-600x251.png\" alt=\"Szwajcaria - Polska 1971\" width=\"521\" height=\"218\" srcset=\"https:\/\/kronika-futbolu.pl\/historia\/wp-content\/uploads\/2021\/03\/3B_szwajcaria_polska_1971_der_bunt-600x251.png 600w, https:\/\/kronika-futbolu.pl\/historia\/wp-content\/uploads\/2021\/03\/3B_szwajcaria_polska_1971_der_bunt-768x322.png 768w, https:\/\/kronika-futbolu.pl\/historia\/wp-content\/uploads\/2021\/03\/3B_szwajcaria_polska_1971_der_bunt.png 1432w\" sizes=\"auto, (max-width: 521px) 100vw, 521px\" \/><p id=\"caption-attachment-10933\" class=\"wp-caption-text\">Szwajcaria &#8211; Polska 1971. \u0179r\u00f3d\u0142o: Der Bunt<\/p><\/div><\/p>\n<p>32 lata min\u0119\u0142o od meczu Polski z Szwajcari\u0105 w 1939 roku do kolejnego pojedynku obu reprezentacji rozegranego w 1971 roku. By\u0142o to historyczne spotkanie poniewa\u017c w roli selekcjonera zadebiutowa\u0142 Kazimierz G\u00f3rski. Wcze\u015bniej G\u00f3rski wsp\u00f3\u0142pracowa\u0142 z kadr\u0105 narodow\u0105, ale jako cz\u0142onek Komitetu Selekcyjnego. W Lozannie sam jako g\u0142\u00f3wny dowodz\u0105cy poprowadzi\u0142 Bia\u0142o-Czerwonych. Tego dnia w Szwajcarii rozpocz\u0105\u0142 si\u0119 z\u0142oty czas dla polskiej pi\u0142ki reprezentacyjnej. Pocz\u0105tek pracy Kazimierza G\u00f3rskiego okaza\u0142 si\u0119 idealny, w spotkaniu co prawda towarzyskim, ale na wyje\u017adzie z solidn\u0105 ekip\u0105 Helwet\u00f3w, pi\u0142karze Polscy strzelili 4 gole a stracili dwa. Dobry pocz\u0105tek dobrej, a nawet bardzo dobrej ery w polskim futbolu.\u00a0<\/p>\n<p>W Lozannie pierwszy do bramki trafi\u0142 Friedrich K\u00fcnzli w 22 minucie. Wyr\u00f3wna\u0142 w 38 minucie Zygfryd Szo\u0142tysik. W II po\u0142owie po golu do\u0142o\u017cyli w 53, 72, 74 minucie kolejno: Bana\u015b, Deyna i Luba\u0144ski. Ostatni gol pad\u0142 w 78 minucie za spraw\u0105 Jakoba Kuhna, dla kt\u00f3rego by\u0142 to 5 i zarazem ostatni gol w reprezentacji w 38 meczu (rozegra\u0142 \u0142\u0105cznie 64 spotkania).<\/p>\n<p>Jedynym debiutantem by\u0142 Antoni Trzaskowski, kt\u00f3ry ju\u017c wi\u0119cej w oficjalnym meczu kadry narodowej nie zagra\u0142. Po raz ostatni w Reprezentacji Szwajcarii zagra\u0142 Roland Citherlet (\u0142\u0105cznie 8 mecz\u00f3w i 1 gol).<\/p>\n<p>&nbsp;<\/p>\n<h2 id=\"mecz-01-11-1965\"><span class=\"ez-toc-section\" id=\"2_Mecz_Polska_%E2%80%93_Szwajcaria_1_1_4_czerwca_1939_r\"><\/span><a id=\"mecz-1939-06-04\"><\/a>2. Mecz Polska &#8211; Szwajcaria 1:1 (4\u00a0 czerwca 1939 r.)<span class=\"ez-toc-section-end\"><\/span><\/h2>\n<ul>\n<li><strong>Data meczu:<\/strong> 04.06.1939<\/li>\n<li><strong>Ranga meczu:<\/strong> Towarzyski<\/li>\n<li><strong>S\u0119dzia:<\/strong> Rudolf Ekl\u00f6w &#8211; Szwecja<\/li>\n<li><strong>Stadion:<\/strong> Stadion Wojska Polskiego imienia Marsza\u0142ka J\u00f3zefa Pi\u0142sudskiego, Warszawa<\/li>\n<li><strong>Trener:<\/strong> Kapitan zwi\u0105zkowy: J\u00f3zef Ka\u0142u\u017ca<\/li>\n<\/ul>\n<p><strong>\u26bd Strzelone bramki:<\/strong><\/p>\n<ul>\n<li>Leonard Pi\u0105tek [pl] 29&#8242;<\/li>\n<li>Lauro Amad\u00f2 [ch] 76&#8242;<\/li>\n<\/ul>\n<p><strong>? Sk\u0142ady:<\/strong><\/p>\n<table style=\"border-collapse: collapse; width: 100%; height: 312px;\">\n<thead>\n<tr style=\"height: 21px;\">\n<th style=\"width: 50%; height: 21px;\">[pl] Polska:<\/th>\n<th style=\"width: 50%; height: 21px;\">[ch] Szwajcaria:<\/th>\n<\/tr>\n<\/thead>\n<tbody>\n<tr style=\"height: 291px;\">\n<td style=\"width: 50%; height: 291px;\">\n<ul>\n<li><strong>Adolf Krzyk<\/strong> -Brygada Cz\u0119stochowa<\/li>\n<li><strong>W\u0142adys\u0142aw Szczepaniak<\/strong> kapitan -Polonia Warszawa<\/li>\n<li><strong>Edmund Tw\u00f3rz<\/strong> -Warta Pozna\u0144<\/li>\n<li><strong>Wilhelm G\u00f3ra<\/strong> -KS Cracovia<\/li>\n<li><strong>Erwin Nyc<\/strong> -Polonia Warszawa<\/li>\n<li><strong>Ewald Dytko<\/strong> -GKS D\u0105b Katowice<\/li>\n<li><strong>Alfred Pochopie\u0144<\/strong> -AKS Chorz\u00f3w<\/li>\n<li><strong>Leonard Pi\u0105tek<\/strong> -AKS Chorz\u00f3w<\/li>\n<li><strong>Edward Cebula<\/strong> -\u015al\u0105sk \u015awi\u0119toch\u0142owice<\/li>\n<li><strong>Ernest Wilimowski<\/strong> -Ruch Chorz\u00f3w<\/li>\n<li><strong>Herbert Kulawik<\/strong> -\u015al\u0105sk \u015awi\u0119toch\u0142owice<\/li>\n<\/ul>\n<\/td>\n<td style=\"width: 50%; height: 291px;\">\n<ul>\n<li><strong>Erwin Ballabio<\/strong> do 30&#8242; -FC Grenchen<\/li>\n<li>od 30&#8242; <strong>Maurice Glur<\/strong> -FC Forward<\/li>\n<li><strong>Hans Nyffeler<\/strong> -FC La Chaux-de-Fonds<\/li>\n<li><strong>August Lehmann<\/strong> -Grasshopper Club<\/li>\n<li><strong>Hermann Springer<\/strong> -Grasshopper Club<\/li>\n<li><strong>Sirio Vernati<\/strong> -Grasshopper Club<\/li>\n<li><strong>Jean Bichsel<\/strong> -FC Lausanne-Sports<\/li>\n<li><strong>Fredy Bickel<\/strong> -Grasshopper Club<\/li>\n<li><strong>Paul Aebi<\/strong> -FC Grenchen<\/li>\n<li><strong>Lauro Amad\u00f2<\/strong> -FC Lugano<\/li>\n<li><strong>Andr\u00e9 Abegglen<\/strong> kapitan -Servette FC<\/li>\n<li><strong>Jean-Pierre Rochat<\/strong> -FC Lausanne-Sports<\/li>\n<\/ul>\n<\/td>\n<\/tr>\n<\/tbody>\n<\/table>\n<p><div id=\"attachment_10928\" style=\"width: 586px\" class=\"wp-caption aligncenter\"><img loading=\"lazy\" decoding=\"async\" aria-describedby=\"caption-attachment-10928\" class=\"wp-image-10928 size-medium\" src=\"https:\/\/kronika-futbolu.pl\/historia\/wp-content\/uploads\/2021\/03\/2A_szwajcaria_polska_1939_nac-576x400.png\" alt=\"Polska - Szwajcaria 1939\" width=\"576\" height=\"400\" srcset=\"https:\/\/kronika-futbolu.pl\/historia\/wp-content\/uploads\/2021\/03\/2A_szwajcaria_polska_1939_nac-576x400.png 576w, https:\/\/kronika-futbolu.pl\/historia\/wp-content\/uploads\/2021\/03\/2A_szwajcaria_polska_1939_nac-768x533.png 768w, https:\/\/kronika-futbolu.pl\/historia\/wp-content\/uploads\/2021\/03\/2A_szwajcaria_polska_1939_nac.png 1100w\" sizes=\"auto, (max-width: 576px) 100vw, 576px\" \/><p id=\"caption-attachment-10928\" class=\"wp-caption-text\">Polska &#8211; Szwajcaria 1939. Polski zesp\u00f3\u0142. \u0179r\u00f3d\u0142o: NAC<\/p><\/div> <div id=\"attachment_10927\" style=\"width: 596px\" class=\"wp-caption alignleft\"><img loading=\"lazy\" decoding=\"async\" aria-describedby=\"caption-attachment-10927\" class=\"wp-image-10927 size-medium\" src=\"https:\/\/kronika-futbolu.pl\/historia\/wp-content\/uploads\/2021\/03\/2B_szwajcaria_polska_1939_nac-586x400.png\" alt=\"Polska - Szwajcaria 1939.\" width=\"586\" height=\"400\" srcset=\"https:\/\/kronika-futbolu.pl\/historia\/wp-content\/uploads\/2021\/03\/2B_szwajcaria_polska_1939_nac-586x400.png 586w, https:\/\/kronika-futbolu.pl\/historia\/wp-content\/uploads\/2021\/03\/2B_szwajcaria_polska_1939_nac-768x524.png 768w, https:\/\/kronika-futbolu.pl\/historia\/wp-content\/uploads\/2021\/03\/2B_szwajcaria_polska_1939_nac.png 1105w\" sizes=\"auto, (max-width: 586px) 100vw, 586px\" \/><p id=\"caption-attachment-10927\" class=\"wp-caption-text\">Polska &#8211; Szwajcaria 1939. Szwajcarski zesp\u00f3\u0142. \u0179r\u00f3d\u0142o: NAC<\/p><\/div><\/p>\n<p>W trzecim meczu w 1939 roku i jednocze\u015bnie przedostatnim przed wybuchem II wojny \u015bwiatowej Reprezentacja Polski zagra\u0142a przeciwko Szwajcarii w Warszawie. Podobnie jak ponad rok wcze\u015bniej w Zurychu pad\u0142 remis. Nieca\u0142o 3 miesi\u0105ce p\u00f3\u017aniej w przededniu niemieckiej napa\u015bci na Polsk\u0119 Bia\u0142o-Czerwoni pokonali na tym samym stadionie W\u0119gr\u00f3w.\u00a0 Wynik z Szwajcari\u0105 uznano za bardzo dobry, zw\u0142aszcza \u017ce od 7 minuty Polacy grali w 10 po tym jak kontuzji dozna\u0142 Edmund Tw\u00f3rz. Kontuzja trafi\u0142a tak\u017ce bramkarza Szwajcarii Ballabio, ale Helweci wprowadzili zmiennika Glura. Mimo braku porywczej gry to polscy zawodnicy zaprezentowali si\u0119 znacznie lepiej ni\u017c 8 dni wcze\u015bniej w \u0141odzi w spotkaniu z Belgi\u0105 (3-3).\u00a0<\/p>\n<p>Pierwsza bramka pad\u0142a w 29 minucie. Po niegro\u017anym strzale Pi\u0105tka i pi\u0142ka znalaz\u0142a si\u0119 w siatce go\u015bci. W trakcie pr\u00f3by bronienia bramkarz Helwet\u00f3w niefortunnie upad\u0142 i nabawi\u0142 si\u0119 kontuzji uniemo\u017cliwiaj\u0105ca kontynuacj\u0119 zawod\u00f3w.\u00a0 Wyr\u00f3wna\u0142 w 76 minucie Lauro Amad\u00f2. ten sam zawodnik, kt\u00f3ry w marcu 1938 roku strzeli\u0142 Polakom dwie bramki.\u00a0<\/p>\n<p>Zadebiutowali: Edward Cebula, Herbert Kulawik, oraz Alfred Pochopie\u0144 dla kt\u00f3rego by\u0142 to jedyny oficjalny wyst\u0119p w kadrze narodowej. Dla Edmunda Tw\u00f3rza by\u0142 to 6 i ostatni mecz w Reprezentacji Polski, tak jak dla Erwina Nyca, kt\u00f3ry zagra\u0142 po raz 11 i te\u017c ostatni. Maurice Glur, kt\u00f3ry pojawi\u0142 si\u0119 w 30 minucie w miejsce kontuzjowanego Ballabio zadebiutowa\u0142 w tym meczu w kadrze narodowej, ale ju\u017c wi\u0119cej w niej nie zagra\u0142. Po raz ostatni dla Szwajcarii zagrali tak\u017ce: Hans Nyffeler (\u0142\u0105cznie 3 mecze), Jean-Pierre Rochat (\u0142\u0105cznie 3 mecze).<\/p>\n<p>&nbsp;<\/p>\n<h2 id=\"mecz-18-04-1965\"><span class=\"ez-toc-section\" id=\"1_Mecz_Szwajcaria_%E2%80%93_Polska_3_3_13_marca_1938_r\"><\/span><a id=\"mecz-1938-03-13\"><\/a>1. Mecz Szwajcaria &#8211; Polska 3:3 (13 marca 1938 r.)<span class=\"ez-toc-section-end\"><\/span><\/h2>\n<ul>\n<li><strong>Data meczu:<\/strong> 13.03.1938<\/li>\n<li><strong>Ranga meczu:<\/strong> Towarzyski<\/li>\n<li><strong>S\u0119dzia:<\/strong> Rinaldo Barlassina &#8211; W\u0142ochy<\/li>\n<li><strong>Stadion: <\/strong>Hardturm, Zurich<\/li>\n<li><strong>Trenerzy:<\/strong> Kapitan zwi\u0105zkowy: J\u00f3zef Ka\u0142u\u017ca, trener: Marian Spoida<\/li>\n<\/ul>\n<p><strong>\u26bd Strzelone bramki:<\/strong><\/p>\n<ul>\n<li>Ernest Wilimowski [pl] 13&#8242;<\/li>\n<li>Lauro Amad\u00f2 [ch] 31&#8242;<\/li>\n<li>Lauro Amad\u00f2 [ch] 54&#8242;<\/li>\n<li>Jerzy Wostal [pl] 74&#8242;<\/li>\n<li>Leonard Pi\u0105tek [pl] 85&#8242;<\/li>\n<li>Andr\u00e9 Abegglen [ch] 88&#8242;-karny<\/li>\n<\/ul>\n<p><strong>? Sk\u0142ady:<\/strong><\/p>\n<table style=\"border-collapse: collapse; width: 100%; height: 322px;\">\n<thead>\n<tr style=\"height: 21px;\">\n<th style=\"width: 50%; height: 21px;\">[ch] Szwajcaria:<\/th>\n<th style=\"width: 50%; height: 21px;\">[pl] Polska:<\/th>\n<\/tr>\n<\/thead>\n<tbody>\n<tr style=\"height: 362px;\">\n<td style=\"width: 50%; height: 301px;\">\n<ul>\n<li><strong>Willy Huber<\/strong> -Grasshopper Club Z\u00fcrich<\/li>\n<li><strong>Severino Minelli<\/strong> kapitan -Grasshopper Club Z\u00fcrich<\/li>\n<li><strong>August Lehmann<\/strong> -Grasshopper Club Z\u00fcrich<\/li>\n<li><strong>Hermann Springer<\/strong> -Grasshopper Club Z\u00fcrich<\/li>\n<li><strong>Sirio Vernati<\/strong> -Grasshopper Club Z\u00fcrich<\/li>\n<li><strong>Ernest Loertscher<\/strong> -Servette FC<\/li>\n<li><strong>Fredy Bickel<\/strong> -Grasshopper Club Z\u00fcrich<\/li>\n<li><strong>Andr\u00e9 Abegglen<\/strong> -Servette FC<\/li>\n<li><strong>Lauro Amad\u00f2<\/strong> -FC Lugano<\/li>\n<li><strong>Genia Walaschek<\/strong> -Servette FC<\/li>\n<li><strong>Georges Aeby<\/strong> -Servette FC<\/li>\n<\/ul>\n<\/td>\n<td style=\"width: 50%; height: 301px;\">\n<ul>\n<li><strong>Edward Madejski<\/strong> &#8211; bez klubu, wcze\u015bniej Wis\u0142a Krak\u00f3w<\/li>\n<li><strong>W\u0142adys\u0142aw Szczepaniak<\/strong> kapitan -Polonia Warszawa<\/li>\n<li><strong>Antoni Ga\u0142ecki<\/strong> -\u0141KS \u0141\u00f3d\u017a<\/li>\n<li><strong>Wilhelm G\u00f3ra<\/strong> -Cracovia Krak\u00f3w<\/li>\n<li><strong>Erwin Nyc<\/strong> -Polonia Warszawa<\/li>\n<li><strong>Ryszard Piec<\/strong> -Naprz\u00f3d Lipiny<\/li>\n<li><strong>Jerzy Piec<\/strong> -Naprz\u00f3d Lipiny<\/li>\n<li><strong>Leonard Pi\u0105tek<\/strong> -AKS Chorz\u00f3w<\/li>\n<li><strong>Jerzy Wostal<\/strong> -AKS Chorz\u00f3w<\/li>\n<li><strong>Ernest Wilimowski<\/strong> -Ruch Hajduki Wielkie<\/li>\n<li><strong>Gerard Wodarz<\/strong> -Ruch Hajduki Wielkie<\/li>\n<\/ul>\n<\/td>\n<\/tr>\n<\/tbody>\n<\/table>\n<p><div id=\"attachment_10922\" style=\"width: 596px\" class=\"wp-caption aligncenter\"><img loading=\"lazy\" decoding=\"async\" aria-describedby=\"caption-attachment-10922\" class=\"wp-image-10922 size-medium\" src=\"https:\/\/kronika-futbolu.pl\/historia\/wp-content\/uploads\/2021\/03\/1A_szwajcaria_polska_1938_nac-586x400.png\" alt=\"Szwajcaria - Polska 1938\" width=\"586\" height=\"400\" srcset=\"https:\/\/kronika-futbolu.pl\/historia\/wp-content\/uploads\/2021\/03\/1A_szwajcaria_polska_1938_nac-586x400.png 586w, https:\/\/kronika-futbolu.pl\/historia\/wp-content\/uploads\/2021\/03\/1A_szwajcaria_polska_1938_nac-768x524.png 768w, https:\/\/kronika-futbolu.pl\/historia\/wp-content\/uploads\/2021\/03\/1A_szwajcaria_polska_1938_nac.png 1252w\" sizes=\"auto, (max-width: 586px) 100vw, 586px\" \/><p id=\"caption-attachment-10922\" class=\"wp-caption-text\">Reprezentacja Polski. \u0179r\u00f3d\u0142o: NAC<\/p><\/div> <div id=\"attachment_10923\" style=\"width: 577px\" class=\"wp-caption alignleft\"><img loading=\"lazy\" decoding=\"async\" aria-describedby=\"caption-attachment-10923\" class=\"wp-image-10923 size-medium\" src=\"https:\/\/kronika-futbolu.pl\/historia\/wp-content\/uploads\/2021\/03\/1B_szwajcaria_polska_1938_nac-567x400.png\" alt=\"Szwajcaria - Polska 1938\" width=\"567\" height=\"400\" srcset=\"https:\/\/kronika-futbolu.pl\/historia\/wp-content\/uploads\/2021\/03\/1B_szwajcaria_polska_1938_nac-567x400.png 567w, https:\/\/kronika-futbolu.pl\/historia\/wp-content\/uploads\/2021\/03\/1B_szwajcaria_polska_1938_nac-768x542.png 768w, https:\/\/kronika-futbolu.pl\/historia\/wp-content\/uploads\/2021\/03\/1B_szwajcaria_polska_1938_nac.png 1258w\" sizes=\"auto, (max-width: 567px) 100vw, 567px\" \/><p id=\"caption-attachment-10923\" class=\"wp-caption-text\">Reprezentacja Szwajcarii. \u0179r\u00f3d\u0142o: NAC<\/p><\/div><\/p>\n<p>Po raz pierwszy Reprezentacja Polski zagra\u0142a z Reprezentacj\u0105 Szwajcarii w 1938 roku. By\u0142a to pr\u00f3ba generalna la obu zespo\u0142\u00f3w przed decyduj\u0105cymi meczami o awans na Mistrzostwa \u015awiata 1938. Polacy mieli zagra\u0107 w Belgradzie z Jugos\u0142awi\u0105, a Helweci ostatecznie rozegrali jedno spotkanie z Portugali\u0105 w Mediolanie. W Zurychu pad\u0142o a\u017c 6 goli, Bia\u0142o-Czerwoni pokazali si\u0119 z bardzo dobrej strony na tle silnej w\u00f3wczas Szwajcarii. Polacy zebrali dobre pochwa\u0142y, a najbardziej by\u0142 chwalony oczywi\u015bcie Wilimowski. Brak\u0142o troch\u0119 szcz\u0119\u015bcia, a gra zosta\u0142a by rozstrzygni\u0119ta na korzy\u015b\u0107 Polak\u00f3w.<\/p>\n<p>W 13 minucie gola strzeli\u0142 Wilimowski. Nast\u0119pnie dwukrotnie Madejskiego pokona\u0142 Lauro Amad\u00f2.\u00a0 Po golach Wostala i Pi\u0105tka w 74 i 85 minucie Polska prowadzi\u0142a 3-2. W ko\u0144c\u00f3wce meczu za zagranie r\u0119k\u0105 Szczepaniaka s\u0119dzia podyktowa\u0142 jedenastk\u0119, kt\u00f3r\u0105 wykorzysta\u0142 Andr\u00e9 Abegglen.<\/p>\n<p>Dru\u017cyn\u0119 szwajcarsk\u0105 prowadzi\u0142 wtedy s\u0142ynny Austriak Karl Rappan.<\/p>\n<p>Na \u017cywo spotkanie ogl\u0105da\u0142o oko\u0142o 20 tysi\u0119cy widz\u00f3w, w\u015br\u00f3d nich wys\u0142annicy z Jugos\u0142awii kt\u00f3rzy mieli obserwowa\u0107 polsk\u0105 dru\u017cyn\u0119. Kilka tygodni p\u00f3\u017aniej w Belgradzie Polska przegra\u0142a 0-1 ale dzi\u0119ki wygranej 4-0 w 1937 roku awansowa\u0142a na Mistrzostwa \u015awiata we Francji.\u00a0<\/p>\n<h2 id=\"galeria\"><span class=\"ez-toc-section\" id=\"_Przezyjmy_to_jeszcze_raz_%E2%80%93_galeria_zdjec_z_meczy_Polska_%E2%80%93_Szwajcaria\"><\/span>? Prze\u017cyjmy to jeszcze raz &#8211; galeria zdj\u0119\u0107 z meczy Polska &#8211; Szwajcaria<span class=\"ez-toc-section-end\"><\/span><\/h2>\n<ul class=\"r1-gallery\"><li>\r\n\t\t\t\t<a href=\"https:\/\/kronika-futbolu.pl\/historia\/wp-content\/uploads\/2021\/03\/11B_szwajcaria_polska_2016_po_osttanim_karnym.png\" title=\"Szwajcaria - Polska 2016 - kadr\">\r\n\t\t\t\t\t<img loading=\"lazy\" decoding=\"async\" width=\"600\" height=\"316\" src=\"https:\/\/kronika-futbolu.pl\/historia\/wp-content\/uploads\/2021\/03\/11B_szwajcaria_polska_2016_po_osttanim_karnym-600x316.png\" class=\"attachment-medium size-medium\" alt=\"Szwajcaria - Polska 2016\" srcset=\"https:\/\/kronika-futbolu.pl\/historia\/wp-content\/uploads\/2021\/03\/11B_szwajcaria_polska_2016_po_osttanim_karnym-600x316.png 600w, https:\/\/kronika-futbolu.pl\/historia\/wp-content\/uploads\/2021\/03\/11B_szwajcaria_polska_2016_po_osttanim_karnym-768x405.png 768w, https:\/\/kronika-futbolu.pl\/historia\/wp-content\/uploads\/2021\/03\/11B_szwajcaria_polska_2016_po_osttanim_karnym.png 1132w\" sizes=\"auto, (max-width: 600px) 100vw, 600px\" \/>\r\n\t\t\t\t\t<small>Szwajcaria - Polska 2016 - kadr<\/small>\r\n\t\t\t\t<\/a>\r\n\t\t\t<\/li><li>\r\n\t\t\t\t<a href=\"https:\/\/kronika-futbolu.pl\/historia\/wp-content\/uploads\/2021\/03\/11A_szwajcaria_polska_2016_krychowiak.png\" title=\"Krychowiak wykonuje ostatni rzut karny- decyduj\u0105cy\">\r\n\t\t\t\t\t<img loading=\"lazy\" decoding=\"async\" width=\"600\" height=\"279\" src=\"https:\/\/kronika-futbolu.pl\/historia\/wp-content\/uploads\/2021\/03\/11A_szwajcaria_polska_2016_krychowiak-600x279.png\" class=\"attachment-medium size-medium\" alt=\"Szwajcaria - Polska 2016\" srcset=\"https:\/\/kronika-futbolu.pl\/historia\/wp-content\/uploads\/2021\/03\/11A_szwajcaria_polska_2016_krychowiak-600x279.png 600w, https:\/\/kronika-futbolu.pl\/historia\/wp-content\/uploads\/2021\/03\/11A_szwajcaria_polska_2016_krychowiak-768x357.png 768w, https:\/\/kronika-futbolu.pl\/historia\/wp-content\/uploads\/2021\/03\/11A_szwajcaria_polska_2016_krychowiak.png 1146w\" sizes=\"auto, (max-width: 600px) 100vw, 600px\" \/>\r\n\t\t\t\t\t<small>Krychowiak wykonuje ostatni rzut karny- decyduj\u0105cy<\/small>\r\n\t\t\t\t<\/a>\r\n\t\t\t<\/li><li>\r\n\t\t\t\t<a href=\"https:\/\/kronika-futbolu.pl\/historia\/wp-content\/uploads\/2021\/03\/9B_polska_szwajcaria_2001_gol_hajty.png\" title=\"Gol Hajty - kadr\">\r\n\t\t\t\t\t<img loading=\"lazy\" decoding=\"async\" width=\"557\" height=\"400\" src=\"https:\/\/kronika-futbolu.pl\/historia\/wp-content\/uploads\/2021\/03\/9B_polska_szwajcaria_2001_gol_hajty-557x400.png\" class=\"attachment-medium size-medium\" alt=\"Polska - Szwajcaria 2001\" srcset=\"https:\/\/kronika-futbolu.pl\/historia\/wp-content\/uploads\/2021\/03\/9B_polska_szwajcaria_2001_gol_hajty-557x400.png 557w, https:\/\/kronika-futbolu.pl\/historia\/wp-content\/uploads\/2021\/03\/9B_polska_szwajcaria_2001_gol_hajty-768x551.png 768w, https:\/\/kronika-futbolu.pl\/historia\/wp-content\/uploads\/2021\/03\/9B_polska_szwajcaria_2001_gol_hajty.png 846w\" sizes=\"auto, (max-width: 557px) 100vw, 557px\" \/>\r\n\t\t\t\t\t<small>Gol Hajty - kadr<\/small>\r\n\t\t\t\t<\/a>\r\n\t\t\t<\/li><li>\r\n\t\t\t\t<a href=\"https:\/\/kronika-futbolu.pl\/historia\/wp-content\/uploads\/2021\/03\/9A_polska_szwajcaria_2001_gol_karwana.png\" title=\"Gol Karwana\">\r\n\t\t\t\t\t<img loading=\"lazy\" decoding=\"async\" width=\"552\" height=\"400\" src=\"https:\/\/kronika-futbolu.pl\/historia\/wp-content\/uploads\/2021\/03\/9A_polska_szwajcaria_2001_gol_karwana-552x400.png\" class=\"attachment-medium size-medium\" alt=\"\" srcset=\"https:\/\/kronika-futbolu.pl\/historia\/wp-content\/uploads\/2021\/03\/9A_polska_szwajcaria_2001_gol_karwana-552x400.png 552w, https:\/\/kronika-futbolu.pl\/historia\/wp-content\/uploads\/2021\/03\/9A_polska_szwajcaria_2001_gol_karwana-768x556.png 768w, https:\/\/kronika-futbolu.pl\/historia\/wp-content\/uploads\/2021\/03\/9A_polska_szwajcaria_2001_gol_karwana.png 830w\" sizes=\"auto, (max-width: 552px) 100vw, 552px\" \/>\r\n\t\t\t\t\t<small>Gol Karwana<\/small>\r\n\t\t\t\t<\/a>\r\n\t\t\t<\/li><li>\r\n\t\t\t\t<a href=\"https:\/\/kronika-futbolu.pl\/historia\/wp-content\/uploads\/2021\/03\/8B_szwajcaria_polska_1984_po_golu_szwajcaow.png\" title=\"Rado\u015b\u0107 Szwajcar\u00f3w po bramce\">\r\n\t\t\t\t\t<img loading=\"lazy\" decoding=\"async\" width=\"570\" height=\"400\" src=\"https:\/\/kronika-futbolu.pl\/historia\/wp-content\/uploads\/2021\/03\/8B_szwajcaria_polska_1984_po_golu_szwajcaow-570x400.png\" class=\"attachment-medium size-medium\" alt=\"Szwajcaria - Polska 1984\" srcset=\"https:\/\/kronika-futbolu.pl\/historia\/wp-content\/uploads\/2021\/03\/8B_szwajcaria_polska_1984_po_golu_szwajcaow-570x400.png 570w, https:\/\/kronika-futbolu.pl\/historia\/wp-content\/uploads\/2021\/03\/8B_szwajcaria_polska_1984_po_golu_szwajcaow-768x539.png 768w, https:\/\/kronika-futbolu.pl\/historia\/wp-content\/uploads\/2021\/03\/8B_szwajcaria_polska_1984_po_golu_szwajcaow.png 816w\" sizes=\"auto, (max-width: 570px) 100vw, 570px\" \/>\r\n\t\t\t\t\t<small>Rado\u015b\u0107 Szwajcar\u00f3w po bramce<\/small>\r\n\t\t\t\t<\/a>\r\n\t\t\t<\/li><li>\r\n\t\t\t\t<a href=\"https:\/\/kronika-futbolu.pl\/historia\/wp-content\/uploads\/2021\/03\/8A_szwajcaria_polska_1984_gol_bonka.png\" title=\"Gol Bo\u0144ka\">\r\n\t\t\t\t\t<img loading=\"lazy\" decoding=\"async\" width=\"550\" height=\"400\" src=\"https:\/\/kronika-futbolu.pl\/historia\/wp-content\/uploads\/2021\/03\/8A_szwajcaria_polska_1984_gol_bonka-550x400.png\" class=\"attachment-medium size-medium\" alt=\"Szwajcaria - Polska 1984\" srcset=\"https:\/\/kronika-futbolu.pl\/historia\/wp-content\/uploads\/2021\/03\/8A_szwajcaria_polska_1984_gol_bonka-550x400.png 550w, https:\/\/kronika-futbolu.pl\/historia\/wp-content\/uploads\/2021\/03\/8A_szwajcaria_polska_1984_gol_bonka-768x559.png 768w, https:\/\/kronika-futbolu.pl\/historia\/wp-content\/uploads\/2021\/03\/8A_szwajcaria_polska_1984_gol_bonka.png 823w\" sizes=\"auto, (max-width: 550px) 100vw, 550px\" \/>\r\n\t\t\t\t\t<small>Gol Bo\u0144ka<\/small>\r\n\t\t\t\t<\/a>\r\n\t\t\t<\/li><li>\r\n\t\t\t\t<a href=\"https:\/\/kronika-futbolu.pl\/historia\/wp-content\/uploads\/2021\/03\/7B_szwajcaria_polska_1979_dziennik_polski.png\" title=\"Szwajcaria - Polska 1979. Dziennik Polski\">\r\n\t\t\t\t\t<img loading=\"lazy\" decoding=\"async\" width=\"575\" height=\"400\" src=\"https:\/\/kronika-futbolu.pl\/historia\/wp-content\/uploads\/2021\/03\/7B_szwajcaria_polska_1979_dziennik_polski-575x400.png\" class=\"attachment-medium size-medium\" alt=\"Szwajcaria - Polska 1979\" srcset=\"https:\/\/kronika-futbolu.pl\/historia\/wp-content\/uploads\/2021\/03\/7B_szwajcaria_polska_1979_dziennik_polski-575x400.png 575w, https:\/\/kronika-futbolu.pl\/historia\/wp-content\/uploads\/2021\/03\/7B_szwajcaria_polska_1979_dziennik_polski-768x534.png 768w, https:\/\/kronika-futbolu.pl\/historia\/wp-content\/uploads\/2021\/03\/7B_szwajcaria_polska_1979_dziennik_polski.png 1365w\" sizes=\"auto, (max-width: 575px) 100vw, 575px\" \/>\r\n\t\t\t\t\t<small>Szwajcaria - Polska 1979. Dziennik Polski<\/small>\r\n\t\t\t\t<\/a>\r\n\t\t\t<\/li><li>\r\n\t\t\t\t<a href=\"https:\/\/kronika-futbolu.pl\/historia\/wp-content\/uploads\/2021\/03\/7A_szwajcaria_polska_1979_Le-_Nouvelliste.png\" title=\"Szwajcaria - Polska 1979. Le Nouvelliste\">\r\n\t\t\t\t\t<img loading=\"lazy\" decoding=\"async\" width=\"501\" height=\"400\" src=\"https:\/\/kronika-futbolu.pl\/historia\/wp-content\/uploads\/2021\/03\/7A_szwajcaria_polska_1979_Le-_Nouvelliste-501x400.png\" class=\"attachment-medium size-medium\" alt=\"Szwajcaria - Polska 1979\" srcset=\"https:\/\/kronika-futbolu.pl\/historia\/wp-content\/uploads\/2021\/03\/7A_szwajcaria_polska_1979_Le-_Nouvelliste-501x400.png 501w, https:\/\/kronika-futbolu.pl\/historia\/wp-content\/uploads\/2021\/03\/7A_szwajcaria_polska_1979_Le-_Nouvelliste-768x614.png 768w, https:\/\/kronika-futbolu.pl\/historia\/wp-content\/uploads\/2021\/03\/7A_szwajcaria_polska_1979_Le-_Nouvelliste.png 860w\" sizes=\"auto, (max-width: 501px) 100vw, 501px\" \/>\r\n\t\t\t\t\t<small>Szwajcaria - Polska 1979. Le Nouvelliste<\/small>\r\n\t\t\t\t<\/a>\r\n\t\t\t<\/li><li>\r\n\t\t\t\t<a href=\"https:\/\/kronika-futbolu.pl\/historia\/wp-content\/uploads\/2021\/03\/6B_polska_szwajcaria_1978_radosc_bonka.png\" title=\"Polska - Szwajcaria 1978 - kadr\">\r\n\t\t\t\t\t<img loading=\"lazy\" decoding=\"async\" width=\"562\" height=\"400\" src=\"https:\/\/kronika-futbolu.pl\/historia\/wp-content\/uploads\/2021\/03\/6B_polska_szwajcaria_1978_radosc_bonka-562x400.png\" class=\"attachment-medium size-medium\" alt=\"Polska - Szwajcaria 1978\" srcset=\"https:\/\/kronika-futbolu.pl\/historia\/wp-content\/uploads\/2021\/03\/6B_polska_szwajcaria_1978_radosc_bonka-562x400.png 562w, https:\/\/kronika-futbolu.pl\/historia\/wp-content\/uploads\/2021\/03\/6B_polska_szwajcaria_1978_radosc_bonka-768x546.png 768w, https:\/\/kronika-futbolu.pl\/historia\/wp-content\/uploads\/2021\/03\/6B_polska_szwajcaria_1978_radosc_bonka.png 845w\" sizes=\"auto, (max-width: 562px) 100vw, 562px\" \/>\r\n\t\t\t\t\t<small>Polska - Szwajcaria 1978 - kadr<\/small>\r\n\t\t\t\t<\/a>\r\n\t\t\t<\/li><li>\r\n\t\t\t\t<a href=\"https:\/\/kronika-futbolu.pl\/historia\/wp-content\/uploads\/2021\/03\/6A_polska_szwajcaria_1978_karl_engel_Walliser_Bote.png\" title=\"Polska - Szwajcaria 1978\">\r\n\t\t\t\t\t<img loading=\"lazy\" decoding=\"async\" width=\"348\" height=\"400\" src=\"https:\/\/kronika-futbolu.pl\/historia\/wp-content\/uploads\/2021\/03\/6A_polska_szwajcaria_1978_karl_engel_Walliser_Bote-348x400.png\" class=\"attachment-medium size-medium\" alt=\"Polska - Szwajcaria 1978\" srcset=\"https:\/\/kronika-futbolu.pl\/historia\/wp-content\/uploads\/2021\/03\/6A_polska_szwajcaria_1978_karl_engel_Walliser_Bote-348x400.png 348w, https:\/\/kronika-futbolu.pl\/historia\/wp-content\/uploads\/2021\/03\/6A_polska_szwajcaria_1978_karl_engel_Walliser_Bote.png 650w\" sizes=\"auto, (max-width: 348px) 100vw, 348px\" \/>\r\n\t\t\t\t\t<small>Polska - Szwajcaria 1978<\/small>\r\n\t\t\t\t<\/a>\r\n\t\t\t<\/li><li>\r\n\t\t\t\t<a href=\"https:\/\/kronika-futbolu.pl\/historia\/wp-content\/uploads\/2021\/03\/5B_szwajcaria_polska_1976_dziennik_polski_nr_107.png\" title=\"Dziennik Polski nr 107\">\r\n\t\t\t\t\t<img loading=\"lazy\" decoding=\"async\" width=\"367\" height=\"400\" src=\"https:\/\/kronika-futbolu.pl\/historia\/wp-content\/uploads\/2021\/03\/5B_szwajcaria_polska_1976_dziennik_polski_nr_107-367x400.png\" class=\"attachment-medium size-medium\" alt=\"Szwajcaria - Polska 1976\" srcset=\"https:\/\/kronika-futbolu.pl\/historia\/wp-content\/uploads\/2021\/03\/5B_szwajcaria_polska_1976_dziennik_polski_nr_107-367x400.png 367w, https:\/\/kronika-futbolu.pl\/historia\/wp-content\/uploads\/2021\/03\/5B_szwajcaria_polska_1976_dziennik_polski_nr_107-768x837.png 768w, https:\/\/kronika-futbolu.pl\/historia\/wp-content\/uploads\/2021\/03\/5B_szwajcaria_polska_1976_dziennik_polski_nr_107.png 892w\" sizes=\"auto, (max-width: 367px) 100vw, 367px\" \/>\r\n\t\t\t\t\t<small>Dziennik Polski nr 107<\/small>\r\n\t\t\t\t<\/a>\r\n\t\t\t<\/li><li>\r\n\t\t\t\t<a href=\"https:\/\/kronika-futbolu.pl\/historia\/wp-content\/uploads\/2021\/03\/5A_szwajcaria_polska_1976_der_bund_nr_127_drugi_gol_dla_szwajcarow.png\" title=\"Drugi gola dla Szwajcar\u00f3w. \u0179r\u00f3d\u0142o: Der Bund nr 127\">\r\n\t\t\t\t\t<img loading=\"lazy\" decoding=\"async\" width=\"600\" height=\"389\" src=\"https:\/\/kronika-futbolu.pl\/historia\/wp-content\/uploads\/2021\/03\/5A_szwajcaria_polska_1976_der_bund_nr_127_drugi_gol_dla_szwajcarow-600x389.png\" class=\"attachment-medium size-medium\" alt=\"Szwajcaria - Polska 1976\" srcset=\"https:\/\/kronika-futbolu.pl\/historia\/wp-content\/uploads\/2021\/03\/5A_szwajcaria_polska_1976_der_bund_nr_127_drugi_gol_dla_szwajcarow-600x389.png 600w, https:\/\/kronika-futbolu.pl\/historia\/wp-content\/uploads\/2021\/03\/5A_szwajcaria_polska_1976_der_bund_nr_127_drugi_gol_dla_szwajcarow-768x498.png 768w, https:\/\/kronika-futbolu.pl\/historia\/wp-content\/uploads\/2021\/03\/5A_szwajcaria_polska_1976_der_bund_nr_127_drugi_gol_dla_szwajcarow.png 1018w\" sizes=\"auto, (max-width: 600px) 100vw, 600px\" \/>\r\n\t\t\t\t\t<small>Drugi gola dla Szwajcar\u00f3w. \u0179r\u00f3d\u0142o: Der Bund nr 127<\/small>\r\n\t\t\t\t<\/a>\r\n\t\t\t<\/li><li>\r\n\t\t\t\t<a href=\"https:\/\/kronika-futbolu.pl\/historia\/wp-content\/uploads\/2021\/03\/4B_polska_szwajcaria_1972_derbund_nr_110.png\" title=\"Polska - Szwajcaria 1972. Der Bund nr 110\">\r\n\t\t\t\t\t<img loading=\"lazy\" decoding=\"async\" width=\"530\" height=\"400\" src=\"https:\/\/kronika-futbolu.pl\/historia\/wp-content\/uploads\/2021\/03\/4B_polska_szwajcaria_1972_derbund_nr_110-530x400.png\" class=\"attachment-medium size-medium\" alt=\"Polska - Szwajcaria 1972\" srcset=\"https:\/\/kronika-futbolu.pl\/historia\/wp-content\/uploads\/2021\/03\/4B_polska_szwajcaria_1972_derbund_nr_110-530x400.png 530w, https:\/\/kronika-futbolu.pl\/historia\/wp-content\/uploads\/2021\/03\/4B_polska_szwajcaria_1972_derbund_nr_110-768x579.png 768w, https:\/\/kronika-futbolu.pl\/historia\/wp-content\/uploads\/2021\/03\/4B_polska_szwajcaria_1972_derbund_nr_110.png 994w\" sizes=\"auto, (max-width: 530px) 100vw, 530px\" \/>\r\n\t\t\t\t\t<small>Polska - Szwajcaria 1972. Der Bund nr 110<\/small>\r\n\t\t\t\t<\/a>\r\n\t\t\t<\/li><li>\r\n\t\t\t\t<a href=\"https:\/\/kronika-futbolu.pl\/historia\/wp-content\/uploads\/2021\/03\/4A_polska_szwajcaria_1972_dziennik_polski_nr_111.png\" title=\"Polska - Szwajcaria 1972. Dziennik Polski nr 111\">\r\n\t\t\t\t\t<img loading=\"lazy\" decoding=\"async\" width=\"450\" height=\"400\" src=\"https:\/\/kronika-futbolu.pl\/historia\/wp-content\/uploads\/2021\/03\/4A_polska_szwajcaria_1972_dziennik_polski_nr_111-450x400.png\" class=\"attachment-medium size-medium\" alt=\"Polska - Szwajcaria 1972\" srcset=\"https:\/\/kronika-futbolu.pl\/historia\/wp-content\/uploads\/2021\/03\/4A_polska_szwajcaria_1972_dziennik_polski_nr_111-450x400.png 450w, https:\/\/kronika-futbolu.pl\/historia\/wp-content\/uploads\/2021\/03\/4A_polska_szwajcaria_1972_dziennik_polski_nr_111-768x683.png 768w, https:\/\/kronika-futbolu.pl\/historia\/wp-content\/uploads\/2021\/03\/4A_polska_szwajcaria_1972_dziennik_polski_nr_111.png 917w\" sizes=\"auto, (max-width: 450px) 100vw, 450px\" \/>\r\n\t\t\t\t\t<small>Polska - Szwajcaria 1972. Dziennik Polski nr 111<\/small>\r\n\t\t\t\t<\/a>\r\n\t\t\t<\/li><li>\r\n\t\t\t\t<a href=\"https:\/\/kronika-futbolu.pl\/historia\/wp-content\/uploads\/2021\/03\/3B_szwajcaria_polska_1971_der_bunt.png\" title=\"Szwajcaria - Polska 1971. \u0179r\u00f3d\u0142o: Der Bunt \">\r\n\t\t\t\t\t<img loading=\"lazy\" decoding=\"async\" width=\"600\" height=\"251\" src=\"https:\/\/kronika-futbolu.pl\/historia\/wp-content\/uploads\/2021\/03\/3B_szwajcaria_polska_1971_der_bunt-600x251.png\" class=\"attachment-medium size-medium\" alt=\"Szwajcaria - Polska 1971\" srcset=\"https:\/\/kronika-futbolu.pl\/historia\/wp-content\/uploads\/2021\/03\/3B_szwajcaria_polska_1971_der_bunt-600x251.png 600w, https:\/\/kronika-futbolu.pl\/historia\/wp-content\/uploads\/2021\/03\/3B_szwajcaria_polska_1971_der_bunt-768x322.png 768w, https:\/\/kronika-futbolu.pl\/historia\/wp-content\/uploads\/2021\/03\/3B_szwajcaria_polska_1971_der_bunt.png 1432w\" sizes=\"auto, (max-width: 600px) 100vw, 600px\" \/>\r\n\t\t\t\t\t<small>Szwajcaria - Polska 1971. \u0179r\u00f3d\u0142o: Der Bunt <\/small>\r\n\t\t\t\t<\/a>\r\n\t\t\t<\/li><li>\r\n\t\t\t\t<a href=\"https:\/\/kronika-futbolu.pl\/historia\/wp-content\/uploads\/2021\/03\/3A_szwajcaria_polska_1971_der_bunt.png\" title=\"Szwajcaria - Polska 1971. \u0179r\u00f3d\u0142o: Der Bunt \">\r\n\t\t\t\t\t<img loading=\"lazy\" decoding=\"async\" width=\"600\" height=\"378\" src=\"https:\/\/kronika-futbolu.pl\/historia\/wp-content\/uploads\/2021\/03\/3A_szwajcaria_polska_1971_der_bunt-600x378.png\" class=\"attachment-medium size-medium\" alt=\"Szwajcaria - Polska 1971\" srcset=\"https:\/\/kronika-futbolu.pl\/historia\/wp-content\/uploads\/2021\/03\/3A_szwajcaria_polska_1971_der_bunt-600x378.png 600w, https:\/\/kronika-futbolu.pl\/historia\/wp-content\/uploads\/2021\/03\/3A_szwajcaria_polska_1971_der_bunt-768x483.png 768w, https:\/\/kronika-futbolu.pl\/historia\/wp-content\/uploads\/2021\/03\/3A_szwajcaria_polska_1971_der_bunt.png 974w\" sizes=\"auto, (max-width: 600px) 100vw, 600px\" \/>\r\n\t\t\t\t\t<small>Szwajcaria - Polska 1971. \u0179r\u00f3d\u0142o: Der Bunt <\/small>\r\n\t\t\t\t<\/a>\r\n\t\t\t<\/li><li>\r\n\t\t\t\t<a href=\"https:\/\/kronika-futbolu.pl\/historia\/wp-content\/uploads\/2021\/03\/2A_szwajcaria_polska_1939_nac.png\" title=\"Polska - Szwajcaria 1939. Polski zesp\u00f3\u0142. \u0179r\u00f3d\u0142o: NAC\">\r\n\t\t\t\t\t<img loading=\"lazy\" decoding=\"async\" width=\"576\" height=\"400\" src=\"https:\/\/kronika-futbolu.pl\/historia\/wp-content\/uploads\/2021\/03\/2A_szwajcaria_polska_1939_nac-576x400.png\" class=\"attachment-medium size-medium\" alt=\"Polska - Szwajcaria 1939\" srcset=\"https:\/\/kronika-futbolu.pl\/historia\/wp-content\/uploads\/2021\/03\/2A_szwajcaria_polska_1939_nac-576x400.png 576w, https:\/\/kronika-futbolu.pl\/historia\/wp-content\/uploads\/2021\/03\/2A_szwajcaria_polska_1939_nac-768x533.png 768w, https:\/\/kronika-futbolu.pl\/historia\/wp-content\/uploads\/2021\/03\/2A_szwajcaria_polska_1939_nac.png 1100w\" sizes=\"auto, (max-width: 576px) 100vw, 576px\" \/>\r\n\t\t\t\t\t<small>Polska - Szwajcaria 1939. Polski zesp\u00f3\u0142. \u0179r\u00f3d\u0142o: NAC<\/small>\r\n\t\t\t\t<\/a>\r\n\t\t\t<\/li><li>\r\n\t\t\t\t<a href=\"https:\/\/kronika-futbolu.pl\/historia\/wp-content\/uploads\/2021\/03\/2B_szwajcaria_polska_1939_nac.png\" title=\"Polska - Szwajcaria 1939. Szwajcarski zesp\u00f3\u0142. \u0179r\u00f3d\u0142o: NAC\">\r\n\t\t\t\t\t<img loading=\"lazy\" decoding=\"async\" width=\"586\" height=\"400\" src=\"https:\/\/kronika-futbolu.pl\/historia\/wp-content\/uploads\/2021\/03\/2B_szwajcaria_polska_1939_nac-586x400.png\" class=\"attachment-medium size-medium\" alt=\"Polska - Szwajcaria 1939.\" srcset=\"https:\/\/kronika-futbolu.pl\/historia\/wp-content\/uploads\/2021\/03\/2B_szwajcaria_polska_1939_nac-586x400.png 586w, https:\/\/kronika-futbolu.pl\/historia\/wp-content\/uploads\/2021\/03\/2B_szwajcaria_polska_1939_nac-768x524.png 768w, https:\/\/kronika-futbolu.pl\/historia\/wp-content\/uploads\/2021\/03\/2B_szwajcaria_polska_1939_nac.png 1105w\" sizes=\"auto, (max-width: 586px) 100vw, 586px\" \/>\r\n\t\t\t\t\t<small>Polska - Szwajcaria 1939. Szwajcarski zesp\u00f3\u0142. \u0179r\u00f3d\u0142o: NAC<\/small>\r\n\t\t\t\t<\/a>\r\n\t\t\t<\/li><li>\r\n\t\t\t\t<a href=\"https:\/\/kronika-futbolu.pl\/historia\/wp-content\/uploads\/2021\/03\/1B_szwajcaria_polska_1938_nac.png\" title=\"Reprezentacja Szwajcarii. \u0179r\u00f3d\u0142o: NAC\">\r\n\t\t\t\t\t<img loading=\"lazy\" decoding=\"async\" width=\"567\" height=\"400\" src=\"https:\/\/kronika-futbolu.pl\/historia\/wp-content\/uploads\/2021\/03\/1B_szwajcaria_polska_1938_nac-567x400.png\" class=\"attachment-medium size-medium\" alt=\"Szwajcaria - Polska 1938\" srcset=\"https:\/\/kronika-futbolu.pl\/historia\/wp-content\/uploads\/2021\/03\/1B_szwajcaria_polska_1938_nac-567x400.png 567w, https:\/\/kronika-futbolu.pl\/historia\/wp-content\/uploads\/2021\/03\/1B_szwajcaria_polska_1938_nac-768x542.png 768w, https:\/\/kronika-futbolu.pl\/historia\/wp-content\/uploads\/2021\/03\/1B_szwajcaria_polska_1938_nac.png 1258w\" sizes=\"auto, (max-width: 567px) 100vw, 567px\" \/>\r\n\t\t\t\t\t<small>Reprezentacja Szwajcarii. \u0179r\u00f3d\u0142o: NAC<\/small>\r\n\t\t\t\t<\/a>\r\n\t\t\t<\/li><li>\r\n\t\t\t\t<a href=\"https:\/\/kronika-futbolu.pl\/historia\/wp-content\/uploads\/2021\/03\/1A_szwajcaria_polska_1938_nac.png\" title=\"Reprezentacja Polski. \u0179r\u00f3d\u0142o: NAC\">\r\n\t\t\t\t\t<img loading=\"lazy\" decoding=\"async\" width=\"586\" height=\"400\" src=\"https:\/\/kronika-futbolu.pl\/historia\/wp-content\/uploads\/2021\/03\/1A_szwajcaria_polska_1938_nac-586x400.png\" class=\"attachment-medium size-medium\" alt=\"Szwajcaria - Polska 1938\" srcset=\"https:\/\/kronika-futbolu.pl\/historia\/wp-content\/uploads\/2021\/03\/1A_szwajcaria_polska_1938_nac-586x400.png 586w, https:\/\/kronika-futbolu.pl\/historia\/wp-content\/uploads\/2021\/03\/1A_szwajcaria_polska_1938_nac-768x524.png 768w, https:\/\/kronika-futbolu.pl\/historia\/wp-content\/uploads\/2021\/03\/1A_szwajcaria_polska_1938_nac.png 1252w\" sizes=\"auto, (max-width: 586px) 100vw, 586px\" \/>\r\n\t\t\t\t\t<small>Reprezentacja Polski. \u0179r\u00f3d\u0142o: NAC<\/small>\r\n\t\t\t\t<\/a>\r\n\t\t\t<\/li><li>\r\n\t\t\t\t<a href=\"https:\/\/kronika-futbolu.pl\/historia\/wp-content\/uploads\/2021\/03\/szwajcaria.png\" title=\"\">\r\n\t\t\t\t\t<img loading=\"lazy\" decoding=\"async\" width=\"587\" height=\"400\" src=\"https:\/\/kronika-futbolu.pl\/historia\/wp-content\/uploads\/2021\/03\/szwajcaria-587x400.png\" class=\"attachment-medium size-medium\" alt=\"Szwajcaria logo\" srcset=\"https:\/\/kronika-futbolu.pl\/historia\/wp-content\/uploads\/2021\/03\/szwajcaria-587x400.png 587w, https:\/\/kronika-futbolu.pl\/historia\/wp-content\/uploads\/2021\/03\/szwajcaria-768x524.png 768w, https:\/\/kronika-futbolu.pl\/historia\/wp-content\/uploads\/2021\/03\/szwajcaria.png 1200w\" sizes=\"auto, (max-width: 587px) 100vw, 587px\" \/>\r\n\t\t\t\t\t<small><\/small>\r\n\t\t\t\t<\/a>\r\n\t\t\t<\/li><\/ul>\n<p>&nbsp;<\/p>\n<p>&nbsp;<\/p>\n<p>&nbsp;<\/p>\n","protected":false},"excerpt":{"rendered":"<p>\u00a0Bilans mecz\u00f3w Polska-Szwajcaria, kursy bukmacherskie.\u00a0 \u0141\u0105cznie zosta\u0142o rozegranych 11 mecz\u00f3w. Polska wygra\u0142a 4 razy , 6 razy remisowa\u0142a i raz przegra\u0142a. Stosunek bramek to 21-12. Ostatni mecz odby\u0142 si\u0119 25 czerwca 2016 roku w Saint-\u00c9tienne w\u00a0 meczu\u00a0 Mistrzostw Europy. By\u0142 to mecz 1\/16 fina\u0142u i po 90 minutach gry, oraz dogrywce by\u0142o 1-1. O awansie [&hellip;]<\/p>\n","protected":false},"author":3,"featured_media":0,"parent":0,"menu_order":0,"comment_status":"closed","ping_status":"closed","template":"","meta":{"_acf_changed":false,"footnotes":""},"class_list":["post-10916","page","type-page","status-publish","hentry"],"acf":[],"rankMath":{"parentDomain":"kronika-futbolu.pl","noFollowDomains":[],"noFollowExcludeDomains":[],"noFollowExternalLinks":false,"featuredImageNotice":"Prezentowany obraz powinien mie\u0107 co najmniej 200 na 200 pikseli, aby m\u00f3g\u0142 go pobra\u0107 Facebook i inne serwisy spo\u0142eczno\u015bciowe.","pluginReviewed":false,"postSettings":{"linkSuggestions":true,"useFocusKeyword":false},"frontEndScore":false,"postName":"polska-szwajcaria-w-pilce-noznej-wyniki-meczow","permalinkFormat":"https:\/\/kronika-futbolu.pl\/historia\/%pagename%\/","showLockModifiedDate":true,"assessor":{"focusKeywordLink":"https:\/\/kronika-futbolu.pl\/historia\/wp-admin\/edit.php?focus_keyword=%focus_keyword%&post_type=%post_type%","hasTOCPlugin":{"easy-table-of-contents\/easy-table-of-contents.php":"Easy Table of Contents"},"primaryTaxonomy":false,"serpData":{"title":"","description":"","focusKeywords":"","pillarContent":false,"canonicalUrl":"","breadcrumbTitle":"","advancedRobots":[],"facebookTitle":"","facebookDescription":"","facebookImage":"","facebookImageID":"","facebookHasOverlay":false,"facebookImageOverlay":"","facebookAuthor":"","twitterCardType":"","twitterUseFacebook":true,"twitterTitle":"","twitterDescription":"","twitterImage":"","twitterImageID":"","twitterHasOverlay":false,"twitterImageOverlay":"","twitterPlayerUrl":"","twitterPlayerSize":"","twitterPlayerStream":"","twitterPlayerStreamCtype":"","twitterAppDescription":"","twitterAppIphoneName":"","twitterAppIphoneID":"","twitterAppIphoneUrl":"","twitterAppIpadName":"","twitterAppIpadID":"","twitterAppIpadUrl":"","twitterAppGoogleplayName":"","twitterAppGoogleplayID":"","twitterAppGoogleplayUrl":"","twitterAppCountry":"","robots":{"index":true},"twitterAuthor":"u\u017cytkownik","primaryTerm":0,"authorName":"Piotr Ostrowski","titleTemplate":"%title% %sep% %sitename%","descriptionTemplate":"%excerpt%","showScoreFrontend":true,"lockModifiedDate":false},"powerWords":[],"diacritics":{"A":"[\\u0041\\u24B6\\uFF21\\u00C0\\u00C1\\u00C2\\u1EA6\\u1EA4\\u1EAA\\u1EA8\\u00C3\\u0100\\u0102\\u1EB0\\u1EAE\\u1EB4\\u1EB2\\u0226\\u01E0\\u00C4\\u01DE\\u1EA2\\u00C5\\u01FA\\u01CD\\u0200\\u0202\\u1EA0\\u1EAC\\u1EB6\\u1E00\\u0104\\u023A\\u2C6F]","AA":"[\\uA732]","AE":"[\\u00C6\\u01FC\\u01E2]","AO":"[\\uA734]","AU":"[\\uA736]","AV":"[\\uA738\\uA73A]","AY":"[\\uA73C]","B":"[\\u0042\\u24B7\\uFF22\\u1E02\\u1E04\\u1E06\\u0243\\u0182\\u0181]","C":"[\\u0043\\u24B8\\uFF23\\u0106\\u0108\\u010A\\u010C\\u00C7\\u1E08\\u0187\\u023B\\uA73E]","D":"[\\u0044\\u24B9\\uFF24\\u1E0A\\u010E\\u1E0C\\u1E10\\u1E12\\u1E0E\\u0110\\u018B\\u018A\\u0189\\uA779]","DZ":"[\\u01F1\\u01C4]","Dz":"[\\u01F2\\u01C5]","E":"[\\u0045\\u24BA\\uFF25\\u00C8\\u00C9\\u00CA\\u1EC0\\u1EBE\\u1EC4\\u1EC2\\u1EBC\\u0112\\u1E14\\u1E16\\u0114\\u0116\\u00CB\\u1EBA\\u011A\\u0204\\u0206\\u1EB8\\u1EC6\\u0228\\u1E1C\\u0118\\u1E18\\u1E1A\\u0190\\u018E]","F":"[\\u0046\\u24BB\\uFF26\\u1E1E\\u0191\\uA77B]","G":"[\\u0047\\u24BC\\uFF27\\u01F4\\u011C\\u1E20\\u011E\\u0120\\u01E6\\u0122\\u01E4\\u0193\\uA7A0\\uA77D\\uA77E]","H":"[\\u0048\\u24BD\\uFF28\\u0124\\u1E22\\u1E26\\u021E\\u1E24\\u1E28\\u1E2A\\u0126\\u2C67\\u2C75\\uA78D]","I":"[\\u0049\\u24BE\\uFF29\\u00CC\\u00CD\\u00CE\\u0128\\u012A\\u012C\\u0130\\u00CF\\u1E2E\\u1EC8\\u01CF\\u0208\\u020A\\u1ECA\\u012E\\u1E2C\\u0197]","J":"[\\u004A\\u24BF\\uFF2A\\u0134\\u0248]","K":"[\\u004B\\u24C0\\uFF2B\\u1E30\\u01E8\\u1E32\\u0136\\u1E34\\u0198\\u2C69\\uA740\\uA742\\uA744\\uA7A2]","L":"[\\u004C\\u24C1\\uFF2C\\u013F\\u0139\\u013D\\u1E36\\u1E38\\u013B\\u1E3C\\u1E3A\\u0141\\u023D\\u2C62\\u2C60\\uA748\\uA746\\uA780]","LJ":"[\\u01C7]","Lj":"[\\u01C8]","M":"[\\u004D\\u24C2\\uFF2D\\u1E3E\\u1E40\\u1E42\\u2C6E\\u019C]","N":"[\\u004E\\u24C3\\uFF2E\\u01F8\\u0143\\u00D1\\u1E44\\u0147\\u1E46\\u0145\\u1E4A\\u1E48\\u0220\\u019D\\uA790\\uA7A4]","NJ":"[\\u01CA]","Nj":"[\\u01CB]","O":"[\\u004F\\u24C4\\uFF2F\\u00D2\\u00D3\\u00D4\\u1ED2\\u1ED0\\u1ED6\\u1ED4\\u00D5\\u1E4C\\u022C\\u1E4E\\u014C\\u1E50\\u1E52\\u014E\\u022E\\u0230\\u00D6\\u022A\\u1ECE\\u0150\\u01D1\\u020C\\u020E\\u01A0\\u1EDC\\u1EDA\\u1EE0\\u1EDE\\u1EE2\\u1ECC\\u1ED8\\u01EA\\u01EC\\u00D8\\u01FE\\u0186\\u019F\\uA74A\\uA74C]","OI":"[\\u01A2]","OO":"[\\uA74E]","OU":"[\\u0222]","P":"[\\u0050\\u24C5\\uFF30\\u1E54\\u1E56\\u01A4\\u2C63\\uA750\\uA752\\uA754]","Q":"[\\u0051\\u24C6\\uFF31\\uA756\\uA758\\u024A]","R":"[\\u0052\\u24C7\\uFF32\\u0154\\u1E58\\u0158\\u0210\\u0212\\u1E5A\\u1E5C\\u0156\\u1E5E\\u024C\\u2C64\\uA75A\\uA7A6\\uA782]","S":"[\\u0053\\u24C8\\uFF33\\u1E9E\\u015A\\u1E64\\u015C\\u1E60\\u0160\\u1E66\\u1E62\\u1E68\\u0218\\u015E\\u2C7E\\uA7A8\\uA784]","T":"[\\u0054\\u24C9\\uFF34\\u1E6A\\u0164\\u1E6C\\u021A\\u0162\\u1E70\\u1E6E\\u0166\\u01AC\\u01AE\\u023E\\uA786]","TZ":"[\\uA728]","U":"[\\u0055\\u24CA\\uFF35\\u00D9\\u00DA\\u00DB\\u0168\\u1E78\\u016A\\u1E7A\\u016C\\u00DC\\u01DB\\u01D7\\u01D5\\u01D9\\u1EE6\\u016E\\u0170\\u01D3\\u0214\\u0216\\u01AF\\u1EEA\\u1EE8\\u1EEE\\u1EEC\\u1EF0\\u1EE4\\u1E72\\u0172\\u1E76\\u1E74\\u0244]","V":"[\\u0056\\u24CB\\uFF36\\u1E7C\\u1E7E\\u01B2\\uA75E\\u0245]","VY":"[\\uA760]","W":"[\\u0057\\u24CC\\uFF37\\u1E80\\u1E82\\u0174\\u1E86\\u1E84\\u1E88\\u2C72]","X":"[\\u0058\\u24CD\\uFF38\\u1E8A\\u1E8C]","Y":"[\\u0059\\u24CE\\uFF39\\u1EF2\\u00DD\\u0176\\u1EF8\\u0232\\u1E8E\\u0178\\u1EF6\\u1EF4\\u01B3\\u024E\\u1EFE]","Z":"[\\u005A\\u24CF\\uFF3A\\u0179\\u1E90\\u017B\\u017D\\u1E92\\u1E94\\u01B5\\u0224\\u2C7F\\u2C6B\\uA762]","a":"[\\u0061\\u24D0\\uFF41\\u1E9A\\u00E0\\u00E1\\u00E2\\u1EA7\\u1EA5\\u1EAB\\u1EA9\\u00E3\\u0101\\u0103\\u1EB1\\u1EAF\\u1EB5\\u1EB3\\u0227\\u01E1\\u00E4\\u01DF\\u1EA3\\u00E5\\u01FB\\u01CE\\u0201\\u0203\\u1EA1\\u1EAD\\u1EB7\\u1E01\\u0105\\u2C65\\u0250]","aa":"[\\uA733]","ae":"[\\u00E6\\u01FD\\u01E3]","ao":"[\\uA735]","au":"[\\uA737]","av":"[\\uA739\\uA73B]","ay":"[\\uA73D]","b":"[\\u0062\\u24D1\\uFF42\\u1E03\\u1E05\\u1E07\\u0180\\u0183\\u0253]","c":"[\\u0063\\u24D2\\uFF43\\u0107\\u0109\\u010B\\u010D\\u00E7\\u1E09\\u0188\\u023C\\uA73F\\u2184]","d":"[\\u0064\\u24D3\\uFF44\\u1E0B\\u010F\\u1E0D\\u1E11\\u1E13\\u1E0F\\u0111\\u018C\\u0256\\u0257\\uA77A]","dz":"[\\u01F3\\u01C6]","e":"[\\u0065\\u24D4\\uFF45\\u00E8\\u00E9\\u00EA\\u1EC1\\u1EBF\\u1EC5\\u1EC3\\u1EBD\\u0113\\u1E15\\u1E17\\u0115\\u0117\\u00EB\\u1EBB\\u011B\\u0205\\u0207\\u1EB9\\u1EC7\\u0229\\u1E1D\\u0119\\u1E19\\u1E1B\\u0247\\u025B\\u01DD]","f":"[\\u0066\\u24D5\\uFF46\\u1E1F\\u0192\\uA77C]","g":"[\\u0067\\u24D6\\uFF47\\u01F5\\u011D\\u1E21\\u011F\\u0121\\u01E7\\u0123\\u01E5\\u0260\\uA7A1\\u1D79\\uA77F]","h":"[\\u0068\\u24D7\\uFF48\\u0125\\u1E23\\u1E27\\u021F\\u1E25\\u1E29\\u1E2B\\u1E96\\u0127\\u2C68\\u2C76\\u0265]","hv":"[\\u0195]","i":"[\\u0069\\u24D8\\uFF49\\u00EC\\u00ED\\u00EE\\u0129\\u012B\\u012D\\u00EF\\u1E2F\\u1EC9\\u01D0\\u0209\\u020B\\u1ECB\\u012F\\u1E2D\\u0268\\u0131]","j":"[\\u006A\\u24D9\\uFF4A\\u0135\\u01F0\\u0249]","k":"[\\u006B\\u24DA\\uFF4B\\u1E31\\u01E9\\u1E33\\u0137\\u1E35\\u0199\\u2C6A\\uA741\\uA743\\uA745\\uA7A3]","l":"[\\u006C\\u24DB\\uFF4C\\u0140\\u013A\\u013E\\u1E37\\u1E39\\u013C\\u1E3D\\u1E3B\\u017F\\u0142\\u019A\\u026B\\u2C61\\uA749\\uA781\\uA747]","lj":"[\\u01C9]","m":"[\\u006D\\u24DC\\uFF4D\\u1E3F\\u1E41\\u1E43\\u0271\\u026F]","n":"[\\u006E\\u24DD\\uFF4E\\u01F9\\u0144\\u00F1\\u1E45\\u0148\\u1E47\\u0146\\u1E4B\\u1E49\\u019E\\u0272\\u0149\\uA791\\uA7A5]","nj":"[\\u01CC]","o":"[\\u006F\\u24DE\\uFF4F\\u00F2\\u00F3\\u00F4\\u1ED3\\u1ED1\\u1ED7\\u1ED5\\u00F5\\u1E4D\\u022D\\u1E4F\\u014D\\u1E51\\u1E53\\u014F\\u022F\\u0231\\u00F6\\u022B\\u1ECF\\u0151\\u01D2\\u020D\\u020F\\u01A1\\u1EDD\\u1EDB\\u1EE1\\u1EDF\\u1EE3\\u1ECD\\u1ED9\\u01EB\\u01ED\\u00F8\\u01FF\\u0254\\uA74B\\uA74D\\u0275]","oi":"[\\u01A3]","ou":"[\\u0223]","oo":"[\\uA74F]","p":"[\\u0070\\u24DF\\uFF50\\u1E55\\u1E57\\u01A5\\u1D7D\\uA751\\uA753\\uA755]","q":"[\\u0071\\u24E0\\uFF51\\u024B\\uA757\\uA759]","r":"[\\u0072\\u24E1\\uFF52\\u0155\\u1E59\\u0159\\u0211\\u0213\\u1E5B\\u1E5D\\u0157\\u1E5F\\u024D\\u027D\\uA75B\\uA7A7\\uA783]","s":"[\\u0073\\u24E2\\uFF53\\u015B\\u1E65\\u015D\\u1E61\\u0161\\u1E67\\u1E63\\u1E69\\u0219\\u015F\\u023F\\uA7A9\\uA785\\u1E9B]","ss":"[\\u00DF]","t":"[\\u0074\\u24E3\\uFF54\\u1E6B\\u1E97\\u0165\\u1E6D\\u021B\\u0163\\u1E71\\u1E6F\\u0167\\u01AD\\u0288\\u2C66\\uA787]","tz":"[\\uA729]","u":"[\\u0075\\u24E4\\uFF55\\u00F9\\u00FA\\u00FB\\u0169\\u1E79\\u016B\\u1E7B\\u016D\\u00FC\\u01DC\\u01D8\\u01D6\\u01DA\\u1EE7\\u016F\\u0171\\u01D4\\u0215\\u0217\\u01B0\\u1EEB\\u1EE9\\u1EEF\\u1EED\\u1EF1\\u1EE5\\u1E73\\u0173\\u1E77\\u1E75\\u0289]","v":"[\\u0076\\u24E5\\uFF56\\u1E7D\\u1E7F\\u028B\\uA75F\\u028C]","vy":"[\\uA761]","w":"[\\u0077\\u24E6\\uFF57\\u1E81\\u1E83\\u0175\\u1E87\\u1E85\\u1E98\\u1E89\\u2C73]","x":"[\\u0078\\u24E7\\uFF58\\u1E8B\\u1E8D]","y":"[\\u0079\\u24E8\\uFF59\\u1EF3\\u00FD\\u0177\\u1EF9\\u0233\\u1E8F\\u00FF\\u1EF7\\u1E99\\u1EF5\\u01B4\\u024F\\u1EFF]","z":"[\\u007A\\u24E9\\uFF5A\\u017A\\u1E91\\u017C\\u017E\\u1E93\\u1E95\\u01B6\\u0225\\u0240\\u2C6C\\uA763]"},"researchesTests":["contentHasTOC","contentHasShortParagraphs","contentHasAssets","keywordInTitle","keywordInMetaDescription","keywordInPermalink","keywordIn10Percent","keywordInContent","keywordInSubheadings","keywordInImageAlt","keywordDensity","keywordNotUsed","lengthContent","lengthPermalink","linksHasInternal","linksHasExternals","linksNotAllExternals","titleStartWithKeyword","titleSentiment","titleHasPowerWords","titleHasNumber","hasContentAI"],"hasRedirection":true,"hasBreadcrumb":true},"homeUrl":"https:\/\/kronika-futbolu.pl\/historia","objectID":10916,"objectType":"post","locale":"pl","localeFull":"pl_PL","overlayImages":{"play":{"name":"Ikona PLAY","url":"https:\/\/kronika-futbolu.pl\/historia\/wp-content\/plugins\/seo-by-rank-math\/assets\/admin\/img\/icon-play.png","path":"\/home\/klient.dhosting.pl\/netpositive\/kronika-futbolu.pl\/public_html\/historia\/wp-content\/plugins\/seo-by-rank-math\/assets\/admin\/img\/icon-play.png","position":"middle_center"},"gif":{"name":"Ikona GIF","url":"https:\/\/kronika-futbolu.pl\/historia\/wp-content\/plugins\/seo-by-rank-math\/assets\/admin\/img\/icon-gif.png","path":"\/home\/klient.dhosting.pl\/netpositive\/kronika-futbolu.pl\/public_html\/historia\/wp-content\/plugins\/seo-by-rank-math\/assets\/admin\/img\/icon-gif.png","position":"middle_center"}},"defautOgImage":"https:\/\/kronika-futbolu.pl\/historia\/wp-content\/plugins\/seo-by-rank-math\/assets\/admin\/img\/social-placeholder.jpg","customPermalinks":true,"isUserRegistered":true,"autoSuggestKeywords":true,"connectSiteUrl":"https:\/\/rankmath.com\/auth?site=https%3A%2F%2Fkronika-futbolu.pl%2Fhistoria&r=https%3A%2F%2Fkronika-futbolu.pl%2Fhistoria%2Fwp-json%2Fwp%2Fv2%2Fpages%2F10916%3Fnonce%3D28180c44c5&pro=1","maxTags":100,"trendsIcon":"<svg viewBox=\"0 0 610 610\"><path d=\"M18.85,446,174.32,290.48l58.08,58.08L76.93,504a14.54,14.54,0,0,1-20.55,0L18.83,466.48a14.54,14.54,0,0,1,0-20.55Z\" style=\"fill:#4285f4\"\/><path d=\"M242.65,242.66,377.59,377.6l-47.75,47.75a14.54,14.54,0,0,1-20.55,0L174.37,290.43l47.75-47.75A14.52,14.52,0,0,1,242.65,242.66Z\" style=\"fill:#ea4335\"\/><polygon points=\"319.53 319.53 479.26 159.8 537.34 217.88 377.61 377.62 319.53 319.53\" style=\"fill:#fabb05\"\/><path d=\"M594.26,262.73V118.61h0a16.94,16.94,0,0,0-16.94-16.94H433.2a16.94,16.94,0,0,0-12,28.92L565.34,274.71h0a16.94,16.94,0,0,0,28.92-12Z\" style=\"fill:#34a853\"\/><rect width=\"610\" height=\"610\" style=\"fill:none\"\/><\/svg>","showScore":true,"siteFavIcon":"data:image\/png;base64,iVBORw0KGgoAAAANSUhEUgAAABAAAAAQCAYAAAAf8\/9hAAABs0lEQVR4AWL4\/\/8\/RRjO8Iucx+noO0MWUDo16FYABMGP6ZfUcRnWtm27jVPbtm3bttuH2t3eFPcY9pLz7NxiLjCyVd87pKnHyqXyxtCs8APd0rnyxiu4qSeA3QEDrAwBDrT1s1Rc\/OrjLZwqVmOSu6+Lamcpp2KKMA9PH1BYXMe1mUP5qotvXTywsOEEYHXxrY+3cqk6TMkYpNr2FeoY3KIr0RPtn9wQ2unlA+GMkRw6+9TFw4YTwDUzx\/JVvARj9KaedXRO8P5B1Du2S32smzqUrcKGEyA+uAgQjKX7zf0boWHGfn71jIKj2689gxp7OAGShNcBUmLMPVjZuiKcA2vuWHHDCQxMCz629kXAIU4ApY15QwggAFbfOP9DhgBJ+nWVJ1AZAfICAj1pAlY6hCADZnveQf7bQIwzVONGJonhLIlS9gr5mFg44Xd+4S3XHoGNPdJl1INIwKyEgHckEhgTe1bGiFY9GSFBYUwLh1IkiJUbY407E7syBSFxKTszEoiE\/YdrgCEayDmtaJwCI9uu8TKMuZSVfSa4BpGgzvomBR\/INhLGzrqDotp01ZR8pn\/1L0JN9d9XNyx0AAAAAElFTkSuQmCC","canUser":{"general":false,"advanced":false,"snippet":false,"social":false,"analysis":false,"analytics":false,"content_ai":false},"showKeywordIntent":true,"isPro":true,"is_front_page":false,"trendsUpgradeLink":"https:\/\/rankmath.com\/pricing\/?utm_source=Plugin&utm_medium=CE%20General%20Tab%20Trends&utm_campaign=WP","trendsUpgradeLabel":"Ulepszenie","trendsPreviewImage":"https:\/\/kronika-futbolu.pl\/historia\/wp-content\/plugins\/seo-by-rank-math\/assets\/admin\/img\/trends-preview.jpg","currentEditor":false,"homepageData":{"assessor":{"powerWords":[],"diacritics":true,"researchesTests":["contentHasTOC","contentHasShortParagraphs","contentHasAssets","keywordInTitle","keywordInMetaDescription","keywordInPermalink","keywordIn10Percent","keywordInContent","keywordInSubheadings","keywordInImageAlt","keywordDensity","keywordNotUsed","lengthContent","lengthPermalink","linksHasInternal","linksHasExternals","linksNotAllExternals","titleStartWithKeyword","titleSentiment","titleHasPowerWords","titleHasNumber","hasContentAI"],"hasBreadcrumb":true,"serpData":{"title":"%sitename% %page% %sep% %sitedesc%","description":"","titleTemplate":"%sitename% %page% %sep% %sitedesc%","descriptionTemplate":"","focusKeywords":"","breadcrumbTitle":"Dom","robots":{"index":true},"advancedRobots":[],"facebookTitle":"","facebookDescription":"","facebookImage":"","facebookImageID":""}}},"searchIntents":[],"isAnalyticsConnected":false,"tocTitle":"Spis tre\u015bci","tocExcludeHeadings":[],"listStyle":"ul"},"_links":{"self":[{"href":"https:\/\/kronika-futbolu.pl\/historia\/wp-json\/wp\/v2\/pages\/10916","targetHints":{"allow":["GET"]}}],"collection":[{"href":"https:\/\/kronika-futbolu.pl\/historia\/wp-json\/wp\/v2\/pages"}],"about":[{"href":"https:\/\/kronika-futbolu.pl\/historia\/wp-json\/wp\/v2\/types\/page"}],"author":[{"embeddable":true,"href":"https:\/\/kronika-futbolu.pl\/historia\/wp-json\/wp\/v2\/users\/3"}],"replies":[{"embeddable":true,"href":"https:\/\/kronika-futbolu.pl\/historia\/wp-json\/wp\/v2\/comments?post=10916"}],"version-history":[{"count":5,"href":"https:\/\/kronika-futbolu.pl\/historia\/wp-json\/wp\/v2\/pages\/10916\/revisions"}],"predecessor-version":[{"id":12804,"href":"https:\/\/kronika-futbolu.pl\/historia\/wp-json\/wp\/v2\/pages\/10916\/revisions\/12804"}],"wp:attachment":[{"href":"https:\/\/kronika-futbolu.pl\/historia\/wp-json\/wp\/v2\/media?parent=10916"}],"curies":[{"name":"wp","href":"https:\/\/api.w.org\/{rel}","templated":true}]}}