{"id":11732,"date":"2021-12-15T05:20:07","date_gmt":"2021-12-15T04:20:07","guid":{"rendered":"https:\/\/kronika-futbolu.pl\/historia\/?page_id=11732"},"modified":"2024-08-20T07:47:53","modified_gmt":"2024-08-20T05:47:53","slug":"polska-turcja-w-pilce-noznej-wyniki-meczow","status":"publish","type":"page","link":"https:\/\/kronika-futbolu.pl\/historia\/polska-turcja-w-pilce-noznej-wyniki-meczow\/","title":{"rendered":"Polska-Turcja w pi\u0142ce no\u017cnej wyniki mecz\u00f3w"},"content":{"rendered":"<div id=\"ez-toc-container\" class=\"ez-toc-v2_0_75 counter-hierarchy ez-toc-counter ez-toc-grey ez-toc-container-direction\">\n<div class=\"ez-toc-title-container\">\n<p class=\"ez-toc-title\" style=\"cursor:inherit\">Table of Contents<\/p>\n<span class=\"ez-toc-title-toggle\"><a href=\"#\" class=\"ez-toc-pull-right ez-toc-btn ez-toc-btn-xs ez-toc-btn-default ez-toc-toggle\" aria-label=\"Toggle Table of Content\"><span class=\"ez-toc-js-icon-con\"><span class=\"\"><span class=\"eztoc-hide\" style=\"display:none;\">Toggle<\/span><span class=\"ez-toc-icon-toggle-span\"><svg style=\"fill: #999;color:#999\" xmlns=\"http:\/\/www.w3.org\/2000\/svg\" class=\"list-377408\" width=\"20px\" height=\"20px\" viewBox=\"0 0 24 24\" fill=\"none\"><path d=\"M6 6H4v2h2V6zm14 0H8v2h12V6zM4 11h2v2H4v-2zm16 0H8v2h12v-2zM4 16h2v2H4v-2zm16 0H8v2h12v-2z\" fill=\"currentColor\"><\/path><\/svg><svg style=\"fill: #999;color:#999\" class=\"arrow-unsorted-368013\" xmlns=\"http:\/\/www.w3.org\/2000\/svg\" width=\"10px\" height=\"10px\" viewBox=\"0 0 24 24\" version=\"1.2\" baseProfile=\"tiny\"><path d=\"M18.2 9.3l-6.2-6.3-6.2 6.3c-.2.2-.3.4-.3.7s.1.5.3.7c.2.2.4.3.7.3h11c.3 0 .5-.1.7-.3.2-.2.3-.5.3-.7s-.1-.5-.3-.7zM5.8 14.7l6.2 6.3 6.2-6.3c.2-.2.3-.5.3-.7s-.1-.5-.3-.7c-.2-.2-.4-.3-.7-.3h-11c-.3 0-.5.1-.7.3-.2.2-.3.5-.3.7s.1.5.3.7z\"\/><\/svg><\/span><\/span><\/span><\/a><\/span><\/div>\n<nav><ul class='ez-toc-list ez-toc-list-level-1 ' ><li class='ez-toc-page-1 ez-toc-heading-level-2'><a class=\"ez-toc-link ez-toc-heading-1\" href=\"https:\/\/kronika-futbolu.pl\/historia\/polska-turcja-w-pilce-noznej-wyniki-meczow\/#_Bilans_meczow_Polska-Turcja_kursy_bukmacherskie\" >\u00a0Bilans mecz\u00f3w Polska-Turcja, kursy bukmacherskie.\u00a0<\/a><\/li><li class='ez-toc-page-1 ez-toc-heading-level-2'><a class=\"ez-toc-link ez-toc-heading-2\" href=\"https:\/\/kronika-futbolu.pl\/historia\/polska-turcja-w-pilce-noznej-wyniki-meczow\/#%E2%80%8BTabela_rozgrywek\" >\u200bTabela rozgrywek<\/a><\/li><li class='ez-toc-page-1 ez-toc-heading-level-2'><a class=\"ez-toc-link ez-toc-heading-3\" href=\"https:\/\/kronika-futbolu.pl\/historia\/polska-turcja-w-pilce-noznej-wyniki-meczow\/#18_Mecz_Polska_%E2%80%93_Turcja_2_1_10_czerwca_2024_r\" >18. Mecz Polska &#8211; Turcja 2:1 (10 czerwca 2024 r.)<\/a><\/li><li class='ez-toc-page-1 ez-toc-heading-level-2'><a class=\"ez-toc-link ez-toc-heading-4\" href=\"https:\/\/kronika-futbolu.pl\/historia\/polska-turcja-w-pilce-noznej-wyniki-meczow\/#17_Mecz_Turcja_%E2%80%93_Polska_2_1_27_pazdziernika_1993_r\" >17. Mecz Turcja &#8211; Polska 2:1 (27 pa\u017adziernika 1993 r.)<\/a><\/li><li class='ez-toc-page-1 ez-toc-heading-level-2'><a class=\"ez-toc-link ez-toc-heading-5\" href=\"https:\/\/kronika-futbolu.pl\/historia\/polska-turcja-w-pilce-noznej-wyniki-meczow\/#16_Mecz_Polska_%E2%80%93_Turcja_1_0_23_wrzesnia_1992_r\" >16. Mecz Polska &#8211; Turcja 1:0 (23 wrze\u015bnia 1992 r.)<\/a><\/li><li class='ez-toc-page-1 ez-toc-heading-level-2'><a class=\"ez-toc-link ez-toc-heading-6\" href=\"https:\/\/kronika-futbolu.pl\/historia\/polska-turcja-w-pilce-noznej-wyniki-meczow\/#15_Mecz_Polska_%E2%80%93_Turcja_3_0_17_kwietnia_1991_r\" >15. Mecz Polska &#8211; Turcja 3:0 (17 kwietnia 1991 r.)<\/a><\/li><li class='ez-toc-page-1 ez-toc-heading-level-2'><a class=\"ez-toc-link ez-toc-heading-7\" href=\"https:\/\/kronika-futbolu.pl\/historia\/polska-turcja-w-pilce-noznej-wyniki-meczow\/#14_Mecz_Turcja_%E2%80%93_Polska_0_1_14_listopada_1990_r\" >14. Mecz Turcja &#8211; Polska 0:1 (14 listopada 1990 r.)<\/a><\/li><li class='ez-toc-page-1 ez-toc-heading-level-2'><a class=\"ez-toc-link ez-toc-heading-8\" href=\"https:\/\/kronika-futbolu.pl\/historia\/polska-turcja-w-pilce-noznej-wyniki-meczow\/#13_Mecz_Turcja-_Polska_1_1_11_grudnia_1985_r\" >13. Mecz Turcja- Polska 1:1 (11 grudnia 1985 r.)<\/a><\/li><li class='ez-toc-page-1 ez-toc-heading-level-2'><a class=\"ez-toc-link ez-toc-heading-9\" href=\"https:\/\/kronika-futbolu.pl\/historia\/polska-turcja-w-pilce-noznej-wyniki-meczow\/#12_Mecz_Polska_%E2%80%93_Turcja_2_0_26_wrzesnia_1984_r\" >12. Mecz Polska &#8211; Turcja 2:0 (26 wrze\u015bnia 1984 r.)<\/a><\/li><li class='ez-toc-page-1 ez-toc-heading-level-2'><a class=\"ez-toc-link ez-toc-heading-10\" href=\"https:\/\/kronika-futbolu.pl\/historia\/polska-turcja-w-pilce-noznej-wyniki-meczow\/#11_Mecz_Turcja_%E2%80%93_Polska_1_0_5_grudnia_1971_r\" >11. Mecz Turcja &#8211; Polska 1:0 (5 grudnia 1971 r.)<\/a><\/li><li class='ez-toc-page-1 ez-toc-heading-level-2'><a class=\"ez-toc-link ez-toc-heading-11\" href=\"https:\/\/kronika-futbolu.pl\/historia\/polska-turcja-w-pilce-noznej-wyniki-meczow\/#10_Mecz_Polska_%E2%80%93_Turcja_5_1_22_wrzesnia_1971_r\" >10. Mecz Polska &#8211; Turcja 5:1 (22 wrze\u015bnia 1971 r.)<\/a><\/li><li class='ez-toc-page-1 ez-toc-heading-level-2'><a class=\"ez-toc-link ez-toc-heading-12\" href=\"https:\/\/kronika-futbolu.pl\/historia\/polska-turcja-w-pilce-noznej-wyniki-meczow\/#9_Mecz_Turcja_%E2%80%93_Polska_1_3_30_kwietnia_1969_r\" >9. Mecz Turcja &#8211; Polska 1:3 (30 kwietnia 1969 r.)<\/a><\/li><li class='ez-toc-page-1 ez-toc-heading-level-2'><a class=\"ez-toc-link ez-toc-heading-13\" href=\"https:\/\/kronika-futbolu.pl\/historia\/polska-turcja-w-pilce-noznej-wyniki-meczow\/#8_Mecz_Polska_%E2%80%93_Turcja_8_0_24_kwietnia_1968_r\" >8. Mecz Polska &#8211; Turcja 8:0 (24 kwietnia 1968 r.)<\/a><\/li><li class='ez-toc-page-1 ez-toc-heading-level-2'><a class=\"ez-toc-link ez-toc-heading-14\" href=\"https:\/\/kronika-futbolu.pl\/historia\/polska-turcja-w-pilce-noznej-wyniki-meczow\/#7_Mecz_Turcja_%E2%80%93_Polska_2_3_27_wrzesnia_1964_r\" >7. Mecz Turcja &#8211; Polska 2:3 (27 wrze\u015bnia 1964 r.)<\/a><\/li><li class='ez-toc-page-1 ez-toc-heading-level-2'><a class=\"ez-toc-link ez-toc-heading-15\" href=\"https:\/\/kronika-futbolu.pl\/historia\/polska-turcja-w-pilce-noznej-wyniki-meczow\/#6_Mecz_Polska_%E2%80%93_Turcja_0_0_22_wrzesnia_1963_r\" >6. Mecz Polska &#8211; Turcja 0:0 (22 wrze\u015bnia 1963 r.)<\/a><\/li><li class='ez-toc-page-1 ez-toc-heading-level-2'><a class=\"ez-toc-link ez-toc-heading-16\" href=\"https:\/\/kronika-futbolu.pl\/historia\/polska-turcja-w-pilce-noznej-wyniki-meczow\/#5_Mecz_Polska_%E2%80%93_Turcja_0_1_19_maja_1957r\" >5. Mecz Polska &#8211; Turcja 0:1 (19 maja 1957r.)<\/a><\/li><li class='ez-toc-page-1 ez-toc-heading-level-2'><a class=\"ez-toc-link ez-toc-heading-17\" href=\"https:\/\/kronika-futbolu.pl\/historia\/polska-turcja-w-pilce-noznej-wyniki-meczow\/#4_Mecz_Turcja_%E2%80%93_Polska_1_1_16_listopada_1956_r\" >4. Mecz Turcja &#8211; Polska 1:1 (16 listopada 1956 r.)<\/a><\/li><li class='ez-toc-page-1 ez-toc-heading-level-2'><a class=\"ez-toc-link ez-toc-heading-18\" href=\"https:\/\/kronika-futbolu.pl\/historia\/polska-turcja-w-pilce-noznej-wyniki-meczow\/#3_Mecz_Polska_%E2%80%93_Turcja_6_1_12_wrzesnia_1926_r\" >3. Mecz Polska &#8211; Turcja 6:1 (12 wrze\u015bnia 1926 r.)<\/a><\/li><li class='ez-toc-page-1 ez-toc-heading-level-2'><a class=\"ez-toc-link ez-toc-heading-19\" href=\"https:\/\/kronika-futbolu.pl\/historia\/polska-turcja-w-pilce-noznej-wyniki-meczow\/#2_Mecz_Turcja_%E2%80%93_Polska_1_2_2_pazdziernika_1925_r\" >2. Mecz Turcja &#8211; Polska 1:2 (2 pa\u017adziernika 1925 r.)<\/a><\/li><li class='ez-toc-page-1 ez-toc-heading-level-2'><a class=\"ez-toc-link ez-toc-heading-20\" href=\"https:\/\/kronika-futbolu.pl\/historia\/polska-turcja-w-pilce-noznej-wyniki-meczow\/#1_Mecz_Polska_%E2%80%93_Turcja_2_0_29_czerwca_1924_r\" >1. Mecz Polska &#8211; Turcja 2:0 (29 czerwca 1924 r.)<\/a><\/li><li class='ez-toc-page-1 ez-toc-heading-level-2'><a class=\"ez-toc-link ez-toc-heading-21\" href=\"https:\/\/kronika-futbolu.pl\/historia\/polska-turcja-w-pilce-noznej-wyniki-meczow\/#_Przezyjmy_to_jeszcze_raz_%E2%80%93_galeria_zdjec_z_meczy_Polska_%E2%80%93_Turcja\" >\u00a0Prze\u017cyjmy to jeszcze raz &#8211; galeria zdj\u0119\u0107 z meczy Polska &#8211; Turcja<\/a><\/li><\/ul><\/nav><\/div>\n<h2><span class=\"ez-toc-section\" id=\"_Bilans_meczow_Polska-Turcja_kursy_bukmacherskie\"><\/span>\u00a0Bilans mecz\u00f3w Polska-Turcja, kursy bukmacherskie.\u00a0<span class=\"ez-toc-section-end\"><\/span><\/h2>\n<p><img loading=\"lazy\" decoding=\"async\" class=\"wp-image-11664  alignleft\" src=\"https:\/\/kronika-futbolu.pl\/historia\/wp-content\/uploads\/2021\/12\/turcja_logo-362x400.png\" alt=\"turcja_logo\" width=\"274\" height=\"301\" \/><\/p>\n<p>Polska gra\u0142a dotychczas z Turcj\u0105 18 razy. Ostatni mecz rozegrano w 2024 roku.\u00a0 Bilans star\u0107 to 12 zwyci\u0119stw Polak\u00f3w, 3 remisy i 3 pora\u017cki. Bilans bramkowy: 41-13<\/p>\n<hr \/>\n<p><strong>UWAGA STRONA W BUDOWIE<\/strong><\/p>\n<p><strong>\u00a0<\/strong><strong>Spis tre\u015bci:<\/strong><\/p>\n<ol reversed=\"\">\n<li style=\"text-align: left;\"><a href=\"#mecz18\">Mecz Polska-Turcja(2024.06.10) \u2193<\/a><\/li>\n<li style=\"text-align: left;\"><a href=\"#mecz17\">Mecz Turcja-Polska(1993.10.27) \u2193<\/a><\/li>\n<li><a href=\"#mecz16\">Mecz Polska-Turcja (1992.09.23) \u2193<\/a><\/li>\n<li><a href=\"#mecz15\">Mecz Polska-Turcja (1991.04.17) \u2193<\/a><\/li>\n<li><a href=\"#mecz14\">Mecz Turcja-Polska (1990.11.14) \u2193<\/a><\/li>\n<li><a href=\"#mecz13\">Mecz Turcja-Polska (1985.12.11)\u2193<\/a><\/li>\n<li><a href=\"#mecz12\">Mecz Polska-Turcja (1984.09.26)\u2193<\/a><\/li>\n<li><a href=\"#mecz11\">Mecz Turcja-Polska (1971.12.05) \u2193<\/a><\/li>\n<li><a href=\"#mecz10\">Mecz Polska-Turcja (1971.09.22) \u2193<\/a><\/li>\n<li><a href=\"#mecz9\">Mecz Turcja-Polska (1969.04.30) \u2193<\/a><\/li>\n<li><a href=\"#mecz8\">Mecz Polska-Turcja (1968.04.24) \u2193<\/a><\/li>\n<li><a href=\"#mecz7\">Mecz Turcja-Polska (1964.09.27) \u2193<\/a><\/li>\n<li><a href=\"#mecz6\">Mecz Polska-Turcja (1963.09.22) \u2193<\/a><\/li>\n<li><a href=\"#mecz5\">Mecz Polska-Turcja (1957.05.19)\u2193<\/a><\/li>\n<li><a href=\"#mecz4\">Mecz Turcja-Polska (1956.11.16)\u00a0<\/a><\/li>\n<li style=\"text-align: left;\"><a href=\"#mecz3\">Mecz Polska-Turcja (1926.09.12) \u2193<\/a><\/li>\n<li style=\"text-align: left;\"><a href=\"#mecz2\">Mecz Turcja-Polska (1925.10.02) \u2193<\/a><\/li>\n<li style=\"text-align: left;\"><a href=\"#mecz1\">Mecz Polska-Turcja (1924.06.29) \u2193<\/a>\n<\/li>\n<\/ol>\n<h2><span class=\"ez-toc-section\" id=\"%E2%80%8BTabela_rozgrywek\"><\/span>\u200bTabela rozgrywek<span class=\"ez-toc-section-end\"><\/span><\/h2>\n\r\n\t\t\t<span class=\"rivals\">\r\n\t\t\t\t<strong>Inne mecze reprezentacji<\/strong>\r\n\t\t\t\t<select onchange=\"self.location.href=this.value\">\r\n\t\t\t\t\t<option value=\"#\">Wybierz rywala<\/option>\r\n\t\t\t\t\t<option value=\"\/historia\/reprezentacja-polski-mecze\/\">Wszystkie mecze<\/option>\r\n\t\t\t\t\t<option value=\"\/historia\/polska-albania-w-pilce-noznej-wyniki-meczow\/\">Albania<\/option>\r\n\t\t\t\t\t<option value=\"\/historia\/polska-andora-w-pilce-noznej-wyniki-meczow\/\">Andora<\/option>\r\n\t\t\t\t\t<option value=\"\/historia\/polska-anglia-w-pilce-noznej-wyniki-meczow\/\">Anglia<\/option>\r\n\t\t\t\t\t<option value=\"\/historia\/polska-arabia-saudyjska-w-pilce-noznej-wyniki-meczow\/\">Arabia Saudyjska<\/option>\r\n\t\t\t\t\t<option value=\"\/historia\/polska-argentyna-w-pilce-noznej-wyniki-meczow\/\">Argentyna<\/option>\r\n\t\t\t\t\t<option value=\"\/historia\/polska-austria-w-pilce-noznej-wyniki-meczow\/\">Austria<\/option>\r\n\t\t\t\t\t<option value=\"\/historia\/polska-belgia-w-pilce-noznej-wyniki-meczow\/\">Belgia<\/option>\r\n\t\t\t\t\t<option value=\"\/historia\/polska-brazylia-w-pilce-noznej-wyniki-meczow\/\">Brazylia<\/option>\r\n\t\t\t\t\t<option value=\"\/historia\/polska-chile-w-pilce-noznej-wyniki-meczow\/\">Chile<\/option>\r\n\t\t\t\t\t<option value=\"\/historia\/polska-chorwacja-w-pilce-noznej-wyniki-meczow\/\">Chorwacja<\/option>\r\n\t\t\t\t\t<option value=\"\/historia\/historia-i-bilans-meczow-polska-czarnogora\/\">Czarnog\u00f3ra<\/option>\r\n\t\t\t\t\t<option value=\"\/historia\/polska-czechy-w-pilce-noznej-wyniki-meczow\/\">Czechy<\/option>\r\n\t\t\t\t\t<option value=\"\/historia\/historia-i-bilans-meczow-polska-dania-w-pilce-noznej\/\">Dania<\/option>\r\n\t\t\t\t\t<option value=\"\/historia\/polska-estonia-w-pilce-noznej-wyniki-meczow\/\">Estonia<\/option>\r\n\t\t\t\t\t<option value=\"\/historia\/bilans-meczow-polska-francja-kursy-bukmacherskie\/\">Francja<\/option>\r\n\t\t\t\t\t<option value=\"\/historia\/polska-grecja-w-pilce-noznej-wyniki-meczow\/\">Grecja<\/option>\r\n\t\t\t\t\t<option value=\"\/historia\/polska-gruzja-w-pilce-noznej-wyniki-meczow\/\">Gruzja<\/option>\r\n\t\t\t\t\t<option value=\"\/historia\/polska-hiszpania-w-pilce-noznej-wyniki-meczow\/\">Hiszpania<\/option>\r\n\t\t\t\t\t<option value=\"\/historia\/polska-holandia-w-pilce-noznej-wyniki-meczow\/\">Holandia<\/option>\r\n\t\t\t\t\t<option value=\"\/historia\/historia-i-bilans-meczow-polska-irlandia\/\">Irlandia<\/option>\r\n\t\t\t\t\t<option value=\"\/historia\/polska-irlandia-polnocna-w-pilce-noznej-wyniki-meczow\/\">Irlandia P\u00f3\u0142nocna<\/option>\r\n\t\t\t\t\t<option value=\"\/historia\/polska-islandia-w-pilce-noznej-wyniki-meczow\/\">Islandia<\/option>\r\n\t\t\t\t\t<option value=\"\/historia\/historia-i-bilans-meczow-polska-japonia\/\">Japonia<\/option>\r\n\t\t\t\t\t<option value=\"\/historia\/historia-i-bilans-meczow-polska-kazachstan\/\">Kazachstan<\/option>\r\n\t\t\t\t\t<option value=\"\/historia\/historia-i-bilans-meczow-polska-kolumbia\/\">Kolumbia<\/option>\r\n\t\t\t\t\t<option value=\"\/historia\/historia-i-bilans-meczow-polska-korea-poludniowa-w-pilce-noznej\/\">Korea Po\u0142udniowa<\/option>\r\n\t\t\t\t\t<option value=\"\/historia\/polska-liechtenstein-w-pilce-noznej-wyniki-meczow\/\">Liechtenstein<\/option>\r\n\t\t\t\t\t<option value=\"\/historia\/historia-i-bilans-meczow-polska-litwa\/\">Litwa<\/option>\r\n\t\t\t\t\t<option value=\"\/historia\/polska-lotwa-w-pilce-noznej-wyniki-meczow\/\">\u0141otwa<\/option>\r\n\t\t\t\t\t<option value=\"\/historia\/polska-meksyk-w-pilce-noznej-wyniki-meczow\/\">Meksyk<\/option>\r\n\t\t\t\t\t<option value=\"\/historia\/polska-moldawia-w-pilce-noznej-wyniki-meczow\/\">Mo\u0142dawia<\/option>\r\n\t\t\t\t\t<option value=\"\/historia\/polska-niemcy-w-pilce-noznej-wyniki-meczow\/\">Niemcy<\/option>\r\n\t\t\t\t\t<option value=\"\/historia\/historia-i-bilans-meczow-polska-nigeria\/\">Nigeria<\/option>\r\n\t\t\t\t\t<option value=\"\/historia\/polska-norwegia-w-pilce-noznej-wyniki-meczow\/\">Norwegia<\/option>\r\n\t\t\t\t\t<option value=\"\/historia\/polska-nowa-zelandia-w-pilce-noznej-wyniki-meczow\/\">Nowa Zelandia<\/option>\r\n\t\t\t\t\t<option value=\"\/historia\/polska-portugalia-w-pilce-noznej-wyniki-meczow\/\">Portugalia<\/option>\r\n\t\t\t\t\t<option value=\"\/historia\/polska-rosja-w-pilce-noznej-wyniki-meczow\/\">Rosja<\/option>\r\n\t\t\t\t\t<option value=\"\/historia\/historia-i-bilans-meczow-polska-rumunia\/\">Rumunia<\/option>\r\n\t\t\t\t\t<option value=\"\/historia\/polska-san-marino-w-pilce-noznej-wyniki-meczow\/\">San Marino<\/option>\r\n\t\t\t\t\t<option value=\"\/historia\/historia-i-bilans-meczow-polska-senegal\/\">Senegal<\/option>\r\n\t\t\t\t\t<option value=\"\/historia\/polska-slowacja-w-pilce-noznej-wyniki-meczow\/\">S\u0142owacja<\/option>\r\n\t\t\t\t\t<option value=\"\/historia\/polska-slowenia-w-pilce-noznej-wyniki-meczow\/\">S\u0142owenia<\/option>\r\n\t\t\t\t\t<option value=\"\/historia\/polska-szkocja-w-pilce-noznej-wyniki-meczow\/\">Szkocja<\/option>\r\n\t\t\t\t\t<option value=\"\/historia\/polska-szwajcaria-w-pilce-noznej-wyniki-meczow\/\">Szwajcaria<\/option>\r\n\t\t\t\t\t<option value=\"\/historia\/polska-szwecja-w-pilce-noznej-wyniki-meczow\/\">Szwecja<\/option>\r\n\t\t\t\t\t<option value=\"\/historia\/polska-turcja-w-pilce-noznej-wyniki-meczow\/\">Turcja<\/option>\r\n\t\t\t\t\t<option value=\"\/historia\/polska-ukraina-w-pilce-noznej-wyniki-meczow\/\">Ukraina<\/option>\r\n\t\t\t\t\t<option value=\"\/historia\/historia-i-bilans-meczow-polska-urugwaj\/\">Urugwaj<\/option>\r\n\t\t\t\t\t<option value=\"\/historia\/polska-walia-w-pilce-noznej-wyniki-meczow\/\">Walia<\/option>\r\n\t\t\t\t\t<option value=\"\/historia\/polska-wegry-w-pilce-noznej-wyniki-meczow\/\">W\u0119gry<\/option>\r\n\t\t\t\t\t<option value=\"\/historia\/historia-i-bilans-meczow-polska-wlochy-w-pilce-noznej\/\">W\u0142ochy<\/option>\r\n\t\t\t\t\t<option value=\"\/historia\/polska-wyspy-owcze-w-pilce-noznej-wyniki-meczow\/\">Wyspy Owcze<\/option>\r\n\t\t\t\t<\/select>\r\n\t\t\t<\/span>\r\n\t\t\n<table style=\"width: 100%; height: 417px;\">\n<thead>\n<tr style=\"height: 45px;\">\n<th style=\"width: 0.484848%; text-align: center; height: 45px;\">Lp.<\/th>\n<th style=\"width: 14.743%; height: 45px;\">Data meczu<\/th>\n<th style=\"width: 7.02323%; height: 45px;\">Miejsce<\/th>\n<th style=\"width: 15.397%; height: 45px;\">Mecz<\/th>\n<th style=\"text-align: center; width: 9.93641%; height: 45px;\">Strzelone bramki<\/th>\n<th style=\"text-align: center; width: 12.1916%; height: 45px;\">Strzelone bramki<\/th>\n<th style=\"text-align: center; width: 12.6928%; height: 45px;\">Rodzaj rozgrywek<\/th>\n<th style=\"width: 12.38%; height: 45px;\">Trener<\/th>\n<\/tr>\n<\/thead>\n<tbody>\n<tr>\n<td style=\"width: 0.484848%; text-align: center;\">18.<\/td>\n<td style=\"width: 14.743%;\">2024.06.10 (poniedzia\u0142ek)<\/td>\n<td style=\"width: 7.02323%;\">Warszawa<\/td>\n<td style=\"width: 15.397%;\">Polska-Turcja<\/td>\n<td style=\"text-align: center; width: 9.93641%;\">[pl] 2<\/td>\n<td style=\"text-align: center; width: 12.1916%;\">[tr] 1<\/td>\n<td style=\"text-align: center; width: 12.6928%;\">MT<\/td>\n<td style=\"width: 12.38%;\">Micha\u0142 Probierz<\/td>\n<\/tr>\n<tr style=\"height: 23px;\">\n<td style=\"width: 0.484848%; text-align: center; height: 23px;\">17.<\/td>\n<td style=\"width: 14.743%; height: 23px;\">1993.10.27 (\u015broda)<\/td>\n<td style=\"width: 7.02323%; height: 23px;\">Stambu\u0142<\/td>\n<td style=\"width: 15.397%; height: 23px;\">Turcja &#8211; Polska<\/td>\n<td style=\"text-align: center; width: 9.93641%; height: 23px;\">[tr] 2<\/td>\n<td style=\"text-align: center; width: 12.1916%; height: 23px;\">[pl] 1<\/td>\n<td style=\"text-align: center; width: 12.6928%; height: 23px;\">EL.M\u015a 1994<\/td>\n<td style=\"width: 12.38%; height: 23px;\">Les\u0142aw \u0106mikiewicz<\/td>\n<\/tr>\n<tr style=\"height: 23px;\">\n<td style=\"width: 0.484848%; text-align: center; height: 23px;\">16.<\/td>\n<td style=\"width: 14.743%; height: 23px;\">1992.09.23 (\u015broda)<\/td>\n<td style=\"width: 7.02323%; height: 23px;\">Pozna\u0144<\/td>\n<td style=\"width: 15.397%; height: 23px;\">Polska &#8211; Turcja<\/td>\n<td style=\"text-align: center; width: 9.93641%; height: 23px;\">[pl] 1<\/td>\n<td style=\"text-align: center; width: 12.1916%; height: 23px;\">[tr] 0<\/td>\n<td style=\"text-align: center; width: 12.6928%; height: 23px;\">EL.M\u015a 1994<\/td>\n<td style=\"width: 12.38%; height: 23px;\">Andrzej Strejlau<\/td>\n<\/tr>\n<tr style=\"height: 23px;\">\n<td style=\"width: 0.484848%; text-align: center; height: 23px;\">15.<\/td>\n<td style=\"width: 14.743%; height: 23px;\">1991.04.17 (\u015broda)<\/td>\n<td style=\"width: 7.02323%; height: 23px;\">Warszawa<\/td>\n<td style=\"width: 15.397%; height: 23px;\">Polska &#8211; Turcja<\/td>\n<td style=\"text-align: center; width: 9.93641%; height: 23px;\">[pl] 3<\/td>\n<td style=\"text-align: center; width: 12.1916%; height: 23px;\">[tr] 0<\/td>\n<td style=\"text-align: center; width: 12.6928%; height: 23px;\">EL.ME 1992<\/td>\n<td style=\"width: 12.38%; height: 23px;\">Andrzej Strejlau<\/td>\n<\/tr>\n<tr style=\"height: 23px;\">\n<td style=\"width: 0.484848%; text-align: center; height: 23px;\">14.<\/td>\n<td style=\"width: 14.743%; height: 23px;\">1990.11.14 (\u015broda)<\/td>\n<td style=\"width: 7.02323%; height: 23px;\">Stambu\u0142<\/td>\n<td style=\"width: 15.397%; height: 23px;\">Turcja &#8211; Polska<\/td>\n<td style=\"text-align: center; width: 9.93641%; height: 23px;\">[tr] 0<\/td>\n<td style=\"text-align: center; width: 12.1916%; height: 23px;\">[pl] 1<\/td>\n<td style=\"text-align: center; width: 12.6928%; height: 23px;\">EL.ME 1992<\/td>\n<td style=\"width: 12.38%; height: 23px;\">Andrzej Strejlau<\/td>\n<\/tr>\n<tr style=\"height: 23px;\">\n<td style=\"width: 0.484848%; text-align: center; height: 23px;\">13.<\/td>\n<td style=\"width: 14.743%; height: 23px;\">1985.12.11 (\u015broda)<\/td>\n<td style=\"width: 7.02323%; height: 23px;\">Adana<\/td>\n<td style=\"width: 15.397%; height: 23px;\">Turcja &#8211; Polska<\/td>\n<td style=\"text-align: center; width: 9.93641%; height: 23px;\">[tr] 1<\/td>\n<td style=\"text-align: center; width: 12.1916%; height: 23px;\">[pl] 1<\/td>\n<td style=\"text-align: center; width: 12.6928%; height: 23px;\">MT<\/td>\n<td style=\"width: 12.38%; height: 23px;\">Antoni Piechniczek<\/td>\n<\/tr>\n<tr style=\"height: 23px;\">\n<td style=\"width: 0.484848%; text-align: center; height: 23px;\">12.<\/td>\n<td style=\"width: 14.743%; height: 23px;\">1984.09.26 (\u015broda)<\/td>\n<td style=\"width: 7.02323%; height: 23px;\">S\u0142upsk<\/td>\n<td style=\"width: 15.397%; height: 23px;\">Polska &#8211; Turcja<\/td>\n<td style=\"text-align: center; width: 9.93641%; height: 23px;\">[pl] 2<\/td>\n<td style=\"text-align: center; width: 12.1916%; height: 23px;\">[tr] 0<\/td>\n<td style=\"text-align: center; width: 12.6928%; height: 23px;\">MT<\/td>\n<td style=\"width: 12.38%; height: 23px;\">Antoni Piechniczek<\/td>\n<\/tr>\n<tr style=\"height: 23px;\">\n<td style=\"width: 0.484848%; text-align: center; height: 23px;\">11.<\/td>\n<td style=\"width: 14.743%; height: 23px;\">1971.12.05 (niedziela)<\/td>\n<td style=\"width: 7.02323%; height: 23px;\">Izmir<\/td>\n<td style=\"width: 15.397%; height: 23px;\">Turcja &#8211; Polska<\/td>\n<td style=\"text-align: center; width: 9.93641%; height: 23px;\">[tr] 1<\/td>\n<td style=\"text-align: center; width: 12.1916%; height: 23px;\">[pl] 0<\/td>\n<td style=\"text-align: center; width: 12.6928%; height: 23px;\">EL.ME 1972<\/td>\n<td style=\"width: 12.38%; height: 23px;\">Kazimierz G\u00f3rski<\/td>\n<\/tr>\n<tr style=\"height: 23px;\">\n<td style=\"width: 0.484848%; text-align: center; height: 23px;\">10.<\/td>\n<td style=\"width: 14.743%; height: 23px;\">1971.09.22 (\u015broda)<\/td>\n<td style=\"width: 7.02323%; height: 23px;\">Krak\u00f3w<\/td>\n<td style=\"width: 15.397%; height: 23px;\">Polska &#8211; Turcja<\/td>\n<td style=\"text-align: center; width: 9.93641%; height: 23px;\">[pl] 5<\/td>\n<td style=\"text-align: center; width: 12.1916%; height: 23px;\">[tr] 1<\/td>\n<td style=\"text-align: center; width: 12.6928%; height: 23px;\">EL.ME 1972<\/td>\n<td style=\"width: 12.38%; height: 23px;\">Kazimierz G\u00f3rski<\/td>\n<\/tr>\n<tr style=\"height: 23px;\">\n<td style=\"width: 0.484848%; text-align: center; height: 23px;\">9.<\/td>\n<td style=\"width: 14.743%; height: 23px;\">\u00a01969.04.30 (\u015broda)<\/td>\n<td style=\"width: 7.02323%; height: 23px;\">Ankara<\/td>\n<td style=\"width: 15.397%; height: 23px;\">Turcja &#8211; Polska<\/td>\n<td style=\"text-align: center; width: 9.93641%; height: 23px;\">[tr] 1<\/td>\n<td style=\"text-align: center; width: 12.1916%; height: 23px;\">[pl] 3<\/td>\n<td style=\"text-align: center; width: 12.6928%; height: 23px;\">MT<\/td>\n<td style=\"width: 12.38%; height: 23px;\">Ryszard Koncewicz<\/td>\n<\/tr>\n<tr style=\"height: 23px;\">\n<td style=\"width: 0.484848%; text-align: center; height: 23px;\">8.<\/td>\n<td style=\"width: 14.743%; height: 23px;\">1968.04.24 (\u015broda)<\/td>\n<td style=\"width: 7.02323%; height: 23px;\">Chorz\u00f3w<\/td>\n<td style=\"width: 15.397%; height: 23px;\">Polska &#8211; Turcja<\/td>\n<td style=\"text-align: center; width: 9.93641%; height: 23px;\">[pl] 8<\/td>\n<td style=\"text-align: center; width: 12.1916%; height: 23px;\">[tr] 0<\/td>\n<td style=\"text-align: center; width: 12.6928%; height: 23px;\">MT<\/td>\n<td style=\"width: 12.38%; height: 23px;\">Ryszard Koncewicz<\/td>\n<\/tr>\n<tr style=\"height: 23px;\">\n<td style=\"width: 0.484848%; text-align: center; height: 23px;\">7.<\/td>\n<td style=\"width: 14.743%; height: 23px;\">1964.09.27 (niedziela)<\/td>\n<td style=\"width: 7.02323%; height: 23px;\">Stambu\u0142<\/td>\n<td style=\"width: 15.397%; height: 23px;\">Turcja &#8211; Polska<\/td>\n<td style=\"text-align: center; width: 9.93641%; height: 23px;\">[tr] 2<\/td>\n<td style=\"text-align: center; width: 12.1916%; height: 23px;\">[pl] 3<\/td>\n<td style=\"text-align: center; width: 12.6928%; height: 23px;\">MT<\/td>\n<td style=\"width: 12.38%; height: 23px;\">Komitet Selekcyjny, Wies\u0142aw Motoczy\u0144ski, Karol Krawczyk, trener: Ryszard Koncewicz<\/td>\n<\/tr>\n<tr style=\"height: 23px;\">\n<td style=\"width: 0.484848%; text-align: center; height: 23px;\">6.<\/td>\n<td style=\"width: 14.743%; height: 23px;\">1963.09.22 (niedziela)<\/td>\n<td style=\"width: 7.02323%; height: 23px;\">Pozna\u0144<\/td>\n<td style=\"width: 15.397%; height: 23px;\">Polska &#8211; Turcja<\/td>\n<td style=\"text-align: center; width: 9.93641%; height: 23px;\">[pl] 0<\/td>\n<td style=\"text-align: center; width: 12.1916%; height: 23px;\">[tr] 0<\/td>\n<td style=\"text-align: center; width: 12.6928%; height: 23px;\">MT<\/td>\n<td style=\"width: 12.38%; height: 23px;\">Komitet Selekcyjny, Wac\u0142aw Pegza, Wies\u0142aw Motoczy\u0144ski, trener: Tadeusz Fory\u015b<\/td>\n<\/tr>\n<tr style=\"height: 23px;\">\n<td style=\"width: 0.484848%; text-align: center; height: 23px;\">5.<\/td>\n<td style=\"width: 14.743%; height: 23px;\">1957.05.19 (niedziela)<\/td>\n<td style=\"width: 7.02323%; height: 23px;\">Warszawa<\/td>\n<td style=\"width: 15.397%; height: 23px;\">Polska &#8211; Turcja<\/td>\n<td style=\"text-align: center; width: 9.93641%; height: 23px;\">[pl] 0<\/td>\n<td style=\"text-align: center; width: 12.1916%; height: 23px;\">[tr] 1<\/td>\n<td style=\"text-align: center; width: 12.6928%; height: 23px;\">MT<\/td>\n<td style=\"width: 12.38%; height: 23px;\">Komitet Selekcyjny, Henryk Reyman, Feliks Dyrda, J\u00f3zef Ziemian, trener: Ryszard Koncewicz<\/td>\n<\/tr>\n<tr style=\"height: 21px;\">\n<td style=\"width: 0.484848%; text-align: center; height: 21px;\">4.<\/td>\n<td style=\"width: 14.743%; height: 21px;\">1956.11.16 (pi\u0105tek)<\/td>\n<td style=\"width: 7.02323%; height: 21px;\">Stambu\u0142<\/td>\n<td style=\"width: 15.397%; height: 21px;\">Turcja &#8211; Polska<\/td>\n<td style=\"text-align: center; width: 9.93641%; height: 21px;\">[tr] 1<\/td>\n<td style=\"text-align: center; width: 12.1916%; height: 21px;\">[pl] 1<\/td>\n<td style=\"text-align: center; width: 12.6928%; height: 21px;\">MT<\/td>\n<td style=\"width: 12.38%; height: 21px;\">Komitet Selekcyjny, Henryk Reyman, Czes\u0142aw Krug, Feliks Dyrda, trener: Ryszard Koncewicz<\/td>\n<\/tr>\n<tr style=\"height: 21px;\">\n<td style=\"width: 0.484848%; text-align: center; height: 21px;\">3.<\/td>\n<td style=\"width: 14.743%; height: 21px;\">1926.09.12 (niedziela)<\/td>\n<td style=\"width: 7.02323%; height: 21px;\">Lw\u00f3w<\/td>\n<td style=\"width: 15.397%; height: 21px;\">Polska &#8211; Turcja<\/td>\n<td style=\"text-align: center; width: 9.93641%; height: 21px;\">[pl] 6<\/td>\n<td style=\"text-align: center; width: 12.1916%; height: 21px;\">[tr] 1<\/td>\n<td style=\"text-align: center; width: 12.6928%; height: 21px;\">MT<\/td>\n<td style=\"width: 12.38%; height: 21px;\">Komitet Selekcyjny, Kapitan Tadeusz Synowiec<\/td>\n<\/tr>\n<tr style=\"height: 21px;\">\n<td style=\"width: 0.484848%; text-align: center; height: 21px;\">2.<\/td>\n<td style=\"width: 14.743%; height: 21px;\">1925.10.02 (pi\u0105tek)<\/td>\n<td style=\"width: 7.02323%; height: 21px;\">Stambu\u0142<\/td>\n<td style=\"width: 15.397%; height: 21px;\">Turcja &#8211; Polska<\/td>\n<td style=\"text-align: center; width: 9.93641%; height: 21px;\">[tr] 1<\/td>\n<td style=\"text-align: center; width: 12.1916%; height: 21px;\">[pl] 2<\/td>\n<td style=\"text-align: center; width: 12.6928%; height: 21px;\">MT<\/td>\n<td style=\"width: 12.38%; height: 21px;\">Komitet Selekcyjny, Kapitan Tadeusz Synowiec<\/td>\n<\/tr>\n<tr style=\"height: 21px;\">\n<td style=\"width: 0.484848%; text-align: center; height: 10px;\">1.<\/td>\n<td style=\"width: 14.743%; height: 10px;\">1924.06.29 (niedziela)<\/td>\n<td style=\"width: 7.02323%; height: 10px;\">\u0141\u00f3d\u017a<\/td>\n<td style=\"width: 15.397%; height: 10px;\">Polska &#8211; Turcja<\/td>\n<td style=\"text-align: center; width: 9.93641%; height: 10px;\">[pl] 2<\/td>\n<td style=\"text-align: center; width: 12.1916%; height: 10px;\">[tr] 0<\/td>\n<td style=\"text-align: center; width: 12.6928%; height: 10px;\">MT<\/td>\n<td style=\"width: 12.38%; height: 10px;\">Komitet Selekcyjny, Kapitan Adam Obruba\u0144ski, trener Ignacy Rosenstock<\/td>\n<\/tr>\n<\/tbody>\n<\/table>\n<p>&nbsp;<\/p>\n<h2><span class=\"ez-toc-section\" id=\"18_Mecz_Polska_%E2%80%93_Turcja_2_1_10_czerwca_2024_r\"><\/span><a id=\"mecz18\"><\/a>18. Mecz Polska &#8211; Turcja 2:1 (10 czerwca 2024 r.)<span class=\"ez-toc-section-end\"><\/span><\/h2>\n<ul>\n<li><strong>Data meczu:<\/strong> 10.06.2024<\/li>\n<li><strong>Ranga meczu:<\/strong> Towarzyski<\/li>\n<li><strong>S\u0119dzia:<\/strong> Bal\u00e1zs Berke &#8211; W\u0119gry<\/li>\n<li><strong>Stadion:<\/strong> Stadion Narodowy, Warszawa<\/li>\n<li><strong>Trener:<\/strong> Micha\u0142 Probierz<\/li>\n<\/ul>\n<p><strong> \u26bd Strzelone bramki:<\/strong><\/p>\n<ul>\n<li>Karol \u015awiderski [pl] 12&#8242;<\/li>\n<li>Bar\u0131\u015f Alper Y\u0131lmaz [tr] 77&#8242;<\/li>\n<li>Nicola Zalewski [pl] 90+1&#8242;<\/li>\n<\/ul>\n<p><strong>Sk\u0142ady:<\/strong><\/p>\n<table style=\"border-collapse: collapse; width: 100%; height: 311px;\">\n<thead>\n<tr style=\"height: 21px;\">\n<th style=\"width: 50%; height: 21px;\">[pl] Polska:<\/th>\n<th style=\"width: 50%; height: 21px;\">[tr] Turcja:<\/th>\n<\/tr>\n<\/thead>\n<tbody>\n<tr style=\"height: 386px;\">\n<td style=\"width: 50%; height: 290px;\">\n<ul>\n<li><strong>Wojciech Szcz\u0119sny<\/strong> &#8211; Juventus FC<\/li>\n<li><strong>Jan Bednarek<\/strong> &#8211; Southampton FC<\/li>\n<li><strong>Pawe\u0142 Dawidowicz<\/strong> 46&#8242; &#8211; Hellas Verona<\/li>\n<li>46&#8242; <strong>Bartosz Salamon<\/strong> 47&#8242; [ycard] &#8211; Lech Pozna\u0144<\/li>\n<li><strong>Jakub Kiwior<\/strong> &#8211; Arsenal FC<\/li>\n<li><strong>Piotr Zieli\u0144ski<\/strong> do 46&#8242; &#8211; SSC Napoli<\/li>\n<li>od 46&#8242; <strong>Jakub Moder<\/strong> &#8211; Brighton &amp; Hove Albion\u00a0<\/li>\n<li><strong>Przemys\u0142aw Frankowski<\/strong> &#8211; RC Lens<\/li>\n<li><strong>Bartosz Slisz<\/strong> 67&#8242; [ycard] do 78&#8242; &#8211; Atlanta United FC<\/li>\n<li>od 78&#8242; <strong>Damian Szyma\u0144ski<\/strong> &#8211; AEK<\/li>\n<li><strong>Jakub Piotrowski<\/strong> do 46&#8242; &#8211;\u00a0 Ludogorets Razgrad<\/li>\n<li>od 46&#8242; <strong>Sebastian Szyma\u0144ski<\/strong> &#8211; Fenerbah\u00e7e\u00a0<\/li>\n<li><strong>Nicola Zalewski<\/strong> &#8211; AS Roma<\/li>\n<li><strong>Karol \u015awiderski<\/strong> do 19&#8242; &#8211; Hellas Verona\u00a0<\/li>\n<li>od 19&#8242; <strong>Krzysztof Pi\u0105tek<\/strong> &#8211; Medipol Ba\u015fak\u015fehir\u00a0<\/li>\n<li><strong>Robert Lewandowski<\/strong> kapitan do 32&#8242; &#8211; FC Barcelona<\/li>\n<li>od 32&#8242; <strong>Kacper Urba\u0144ski<\/strong> &#8211; Bologna FC\u00a0<\/li>\n<\/ul>\n<\/td>\n<td style=\"width: 50%; height: 290px;\">\n<ul>\n<li><strong>Fehmi Mert G\u00fcnok<\/strong> &#8211; Be\u015fikta\u015f\u00a0<\/li>\n<li><strong>Kaan Ayhan<\/strong> do 61&#8242; &#8211; Galatasaray\u00a0<\/li>\n<li>od 61&#8242; <strong>Merih Demiral<\/strong> &#8211; Al Ahli\u00a0<\/li>\n<li><strong>Abd\u00fclkerim Bardakc\u0131<\/strong> &#8211; Galatasaray\u00a0<\/li>\n<li><strong>Samet Akaydin<\/strong> &#8211; Panathinaikos\u00a0<\/li>\n<li><strong>Mert M\u00fcld\u00fcr<\/strong> &#8211; Fenerbah\u00e7e\u00a0<\/li>\n<li><strong>Hakan \u00c7alhano\u011flu<\/strong> kapitan do 71&#8242; &#8211; Inter<\/li>\n<li>od 71&#8242; <strong>Kenan Y\u0131ld\u0131z<\/strong> &#8211; Juventus FC<\/li>\n<li><strong>\u0130rfan Can Kahveci<\/strong> do 46&#8242; &#8211; Fenerbah\u00e7e\u00a0<\/li>\n<li>od 46&#8242; <strong>Arda G\u00fcler<\/strong> &#8211; Real Madrid\u00a0<\/li>\n<li><strong>Salih \u00d6zcan<\/strong> od 61&#8242; &#8211;\u00a0 Borussia Dortmund<\/li>\n<li>do 61&#8242; <strong>Okay Yoku\u015flu<\/strong> &#8211; West Bromwich Albion\u00a0<\/li>\n<li><strong>Orkun K\u00f6k\u00e7\u00fc<\/strong> 76&#8242; [ycard]- Benfica Lizbona<\/li>\n<li><strong>Semih K\u0131l\u0131\u00e7soy<\/strong> do 46&#8242; &#8211; Be\u015fikta\u015f\u00a0<\/li>\n<li>od 46&#8242; <strong>Bar\u0131\u015f Y\u0131lmaz<\/strong> 51&#8242; [ycard]- Galatasaray\u00a0<\/li>\n<li><strong>Kerem Akt\u00fcrko\u011flu<\/strong> do 82&#8242; &#8211; Galatasaray\u00a0<\/li>\n<li>od 82&#8242; <strong>Cenk Tosun<\/strong> &#8211; Be\u015fikta\u015f\u00a0<\/li>\n<\/ul>\n<\/td>\n<\/tr>\n<\/tbody>\n<\/table>\n<div id=\"attachment_13911\" style=\"width: 988px\" class=\"wp-caption aligncenter\"><a href=\"https:\/\/kronika-futbolu.pl\/historia\/wp-content\/uploads\/2024\/08\/polska-turcja-2024.png\"><img loading=\"lazy\" decoding=\"async\" aria-describedby=\"caption-attachment-13911\" class=\"size-full wp-image-13911\" src=\"https:\/\/kronika-futbolu.pl\/historia\/wp-content\/uploads\/2024\/08\/polska-turcja-2024.png\" alt=\"\" width=\"978\" height=\"768\" srcset=\"https:\/\/kronika-futbolu.pl\/historia\/wp-content\/uploads\/2024\/08\/polska-turcja-2024.png 978w, https:\/\/kronika-futbolu.pl\/historia\/wp-content\/uploads\/2024\/08\/polska-turcja-2024-509x400.png 509w, https:\/\/kronika-futbolu.pl\/historia\/wp-content\/uploads\/2024\/08\/polska-turcja-2024-768x603.png 768w\" sizes=\"auto, (max-width: 978px) 100vw, 978px\" \/><\/a><p id=\"caption-attachment-13911\" class=\"wp-caption-text\">Bilet z meczu Polska- Turcja 2024<\/p><\/div>\n<p>&nbsp;<\/p>\n<p>&nbsp;<\/p>\n<h2><span class=\"ez-toc-section\" id=\"17_Mecz_Turcja_%E2%80%93_Polska_2_1_27_pazdziernika_1993_r\"><\/span><a id=\"mecz17\"><\/a>17. Mecz Turcja &#8211; Polska 2:1 (27 pa\u017adziernika 1993 r.)<span class=\"ez-toc-section-end\"><\/span><\/h2>\n<ul>\n<li><strong>Data meczu:<\/strong> 27.10.1993<\/li>\n<li><strong>Ranga meczu:<\/strong> Eliminacje Mistrzostw \u015awiata 1994<\/li>\n<li><strong>S\u0119dzia:<\/strong> Alfred Wieser &#8211; Austria<\/li>\n<li><strong>Stadion:<\/strong> \u0130n\u00f6n\u00fc Stadyumu, Stambu\u0142<\/li>\n<li><strong>Trener:<\/strong> Les\u0142aw \u0106mikiewicz<\/li>\n<\/ul>\n<p><strong> \u26bd Strzelone bramki:<\/strong><\/p>\n<ul>\n<li>Wojciech Kowalczyk [pl] 18&#8242;<\/li>\n<li>Hakan \u015e\u00fck\u00fcr [tr] 51&#8242;<\/li>\n<li>B\u00fclent Korkmaz [tr] 66&#8242;<\/li>\n<\/ul>\n<p><strong>\u00a0Sk\u0142ady:<\/strong><\/p>\n<table style=\"border-collapse: collapse; width: 100%; height: 311px;\">\n<thead>\n<tr style=\"height: 21px;\">\n<th style=\"width: 50%; height: 21px;\">[tr] Turcja:<\/th>\n<th style=\"width: 50%; height: 21px;\">[pl] Polska:<\/th>\n<\/tr>\n<\/thead>\n<tbody>\n<tr style=\"height: 386px;\">\n<td style=\"width: 50%; height: 290px;\">\n<ul>\n<li><strong>Engin \u0130peko\u011flu<\/strong> -Fenerbah\u00e7e<\/li>\n<li><strong>Recep \u00c7etin<\/strong> -Be\u015fikta\u015f<\/li>\n<li><strong>B\u00fclent Korkmaz<\/strong> -Galatasaray<\/li>\n<li><strong>G\u00f6khan Keskin<\/strong> -Be\u015fikta\u015f<\/li>\n<li><strong>Emre A\u015f\u0131k<\/strong> 24&#8242; [ycard] -Fenerbah\u00e7e<\/li>\n<li><strong>Tugay Kerimo\u011flu<\/strong> [ycard] -Galatasaray<\/li>\n<li><strong>Abdullah Ercan<\/strong> 73&#8242; [ycard] do 86&#8242; -Trabzonspor<\/li>\n<li>od 86&#8242; <strong>Mehmet \u00d6zdilek<\/strong> -Be\u015fikta\u015f<\/li>\n<li><strong>B\u00fclent Uygun<\/strong> -Fenerbah\u00e7e<\/li>\n<li><strong>Hakan \u015e\u00fck\u00fcr<\/strong> -Galatasaray<\/li>\n<li><strong>O\u011fuz \u00c7etin<\/strong> kapitan -Fenerbah\u00e7e<\/li>\n<li><strong>Orhan \u00c7\u0131k\u0131r\u0131k\u00e7\u0131<\/strong> do 80&#8242; -Trabzonspor<\/li>\n<li>od 80&#8242; <strong>Ertu\u011frul Sa\u011flam<\/strong> -Samsunspor<\/li>\n<\/ul>\n<\/td>\n<td style=\"width: 50%; height: 290px;\">\n<ul>\n<li><strong>Adam Matysek<\/strong> -Fortuna Koeln<\/li>\n<li><strong>Rados\u0142aw Michalski<\/strong> -Legia Warszawa<\/li>\n<li><strong>Juliusz Kruszankin<\/strong> 37&#8242; [ycard] -Legia Warszawa<\/li>\n<li><strong>Tomasz Wa\u0142doch<\/strong> kapitan -G\u00f3rnik Zabrze<\/li>\n<li><strong>Dariusz Adamczuk<\/strong> -Dundee FC<\/li>\n<li><strong>Grzegorz Lewandowski<\/strong> -Wis\u0142a Krak\u00f3w<\/li>\n<li><strong>Leszek Pisz<\/strong> 19&#8242; [ycard] -Legia Warszawa<\/li>\n<li><strong>Ryszard Staniek<\/strong> -CA Osasuna<\/li>\n<li><strong>Marcin Ja\u0142ocha<\/strong> -Legia Warszawa<\/li>\n<li><strong>Andrzej Juskowiak<\/strong> do 77&#8242; -Sporting Lizbona<\/li>\n<li>od 77&#8242; <strong>Waldemar Jaskulski<\/strong> -Pogo\u0144 Szczecin<\/li>\n<li><strong>Wojciech Kowalczyk<\/strong> do 55&#8242; -Legia Warszawa<\/li>\n<li>od 55&#8242; <strong>Jacek Ziober<\/strong> -Osasuna<\/li>\n<\/ul>\n<\/td>\n<\/tr>\n<\/tbody>\n<\/table>\n<p><div id=\"attachment_11901\" style=\"width: 610px\" class=\"wp-caption aligncenter\"><img loading=\"lazy\" decoding=\"async\" aria-describedby=\"caption-attachment-11901\" class=\"wp-image-11901 size-medium\" src=\"https:\/\/kronika-futbolu.pl\/historia\/wp-content\/uploads\/2022\/01\/17A_turcja_polska_1993_-Cumhuriyet-600x318.png\" alt=\"Turcja-Polska 1993\" width=\"600\" height=\"318\" srcset=\"https:\/\/kronika-futbolu.pl\/historia\/wp-content\/uploads\/2022\/01\/17A_turcja_polska_1993_-Cumhuriyet-600x318.png 600w, https:\/\/kronika-futbolu.pl\/historia\/wp-content\/uploads\/2022\/01\/17A_turcja_polska_1993_-Cumhuriyet-768x407.png 768w, https:\/\/kronika-futbolu.pl\/historia\/wp-content\/uploads\/2022\/01\/17A_turcja_polska_1993_-Cumhuriyet.png 991w\" sizes=\"auto, (max-width: 600px) 100vw, 600px\" \/><p id=\"caption-attachment-11901\" class=\"wp-caption-text\">Turcja-Polska 1993. \u0179r\u00f3d\u0142o: Cumhuriyet<\/p><\/div> <div id=\"attachment_11902\" style=\"width: 610px\" class=\"wp-caption alignleft\"><img loading=\"lazy\" decoding=\"async\" aria-describedby=\"caption-attachment-11902\" class=\"wp-image-11902 size-medium\" src=\"https:\/\/kronika-futbolu.pl\/historia\/wp-content\/uploads\/2022\/01\/17B_turcja_polska_kadr_2_gol-600x378.png\" alt=\"Turcja-Polska 1993\" width=\"600\" height=\"378\" srcset=\"https:\/\/kronika-futbolu.pl\/historia\/wp-content\/uploads\/2022\/01\/17B_turcja_polska_kadr_2_gol-600x378.png 600w, https:\/\/kronika-futbolu.pl\/historia\/wp-content\/uploads\/2022\/01\/17B_turcja_polska_kadr_2_gol-768x484.png 768w, https:\/\/kronika-futbolu.pl\/historia\/wp-content\/uploads\/2022\/01\/17B_turcja_polska_kadr_2_gol.png 781w\" sizes=\"auto, (max-width: 600px) 100vw, 600px\" \/><p id=\"caption-attachment-11902\" class=\"wp-caption-text\">Turcja-Polska 1993. Gol nr 2. Kadr z transmiji.<\/p><\/div><\/p>\n<p style=\"text-align: justify;\">W przedostatnim meczu eliminacji Mistrzostw \u015awiata 1994 Polska zagra\u0142a w Stambule z Turcj\u0105. Obie dru\u017cyny nie mia\u0142y ju\u017c szans na awans na Mundial, zosta\u0142a gra o honor, kt\u00f3r\u0105 wygrali Turcy. Zesp\u00f3\u0142 turecki w 8 poprzednich grach eliminacji pokona\u0142 tylko raz San Marino (w rewan\u017cu w San Marino by\u0142 remis 0-0). Na zako\u0144czenie rywalizacji Turcja pokona\u0142a jeszcze Norwegi\u0119, kt\u00f3ra wraz z Holandi\u0105 zagra\u0142y na boiskach w USA w 1994 roku podczas mistrzostw. Polska przegra\u0142a 3 tygodnie p\u00f3\u017aniej z Holandi\u0105 i w ko\u0144cowej tabeli wyprzedzi\u0142a San Marino i Turcj\u0119. Przed Polsk\u0105, a przed Norwegi\u0105 i Holandi\u0105 znalaz\u0142a si\u0119 jeszcze Anglia. Czwarty przegrany mecz Bia\u0142o-Czerwonych z rz\u0119du drugi, w kt\u00f3rym trenerem by\u0142 Les\u0142aw \u0106mikiewicz, kt\u00f3ry zast\u0105pi\u0142 Andrzeja Strejlaua. Turcja po 6 spotkaniach bez wygranej przerwa\u0142a seri\u0119.<\/p>\n<p style=\"text-align: justify;\">W 18 minucie wynik otworzy\u0142 strza\u0142em z dystansu Wojciech Kowalczyk. Polacy jednak stracili prowadzenie w 51 minucie, bowiem gola zdoby\u0142 Hakan \u015e\u00fck\u00fcr. Wynik ustali\u0142 B\u00fclent Korkmaz. Obu bramek mo\u017cna by\u0142o unikn\u0105\u0107, lecz zabrak\u0142o koncentracji organizacji w obronie.\u00a0<\/p>\n<p>Zadebiutowali:<\/p>\n<p>Emre A\u015f\u0131k<br \/>\nAbdullah Ercan <br \/>\nB\u00fclent Uygun <br \/>\nErtu\u011frul Sa\u011flam<\/p>\n<p>Rados\u0142aw Michalski <br \/>\nGrzegorz Lewandowski <br \/>\nWaldemar Jaskulski<\/p>\n<h2><span class=\"ez-toc-section\" id=\"16_Mecz_Polska_%E2%80%93_Turcja_1_0_23_wrzesnia_1992_r\"><\/span><a id=\"mecz16\"><\/a>16. Mecz Polska &#8211; Turcja 1:0 (23 wrze\u015bnia 1992 r.)<span class=\"ez-toc-section-end\"><\/span><\/h2>\n<ul>\n<li><strong>Data meczu:<\/strong> 23.09.1992<\/li>\n<li><strong>Ranga meczu:<\/strong> Eliminacje Mistrzostw \u015awiata 1994<\/li>\n<li><strong>S\u0119dzia:<\/strong> Markus Merk &#8211; Niemcy<\/li>\n<li><strong>Stadion:<\/strong> Stadion Miejski, Pozna\u0144<\/li>\n<li><strong>Trener:<\/strong> Andrzej Strejlau<\/li>\n<\/ul>\n<p><strong> \u26bd Strzelony gol:<\/strong><\/p>\n<ul>\n<li>Tomasz Wa\u0142doch 33&#8242;<\/li>\n<\/ul>\n<p><strong>\u00a0Sk\u0142ady:<\/strong><\/p>\n<table style=\"border-collapse: collapse; width: 100%; height: 311px;\">\n<thead>\n<tr style=\"height: 21px;\">\n<th style=\"width: 50%; height: 21px;\">[pl] Polska:<\/th>\n<th style=\"width: 50%; height: 21px;\">[tr] Turcja:<\/th>\n<\/tr>\n<\/thead>\n<tbody>\n<tr style=\"height: 386px;\">\n<td style=\"width: 50%; height: 290px;\">\n<ul>\n<li><strong>Jaros\u0142aw Bako<\/strong> -Be\u015fikta\u015f<\/li>\n<li><strong>Tomasz Wa\u0142doch<\/strong> -G\u00f3rnik Zabrze<\/li>\n<li><strong>Roman Szewczyk<\/strong> -GKS Katowice<\/li>\n<li><strong>Andrzej Lesiak<\/strong> -Wacker Innsbruck<\/li>\n<li><strong>Marek Rzepka<\/strong> -Lech Pozna\u0144<\/li>\n<li><strong>Piotr Czachowski<\/strong> -Udinese Calcio<\/li>\n<li><strong>Robert Warzycha<\/strong> kapitan -Everton FC<\/li>\n<li><strong>Jerzy Brz\u0119czek<\/strong> -Lech Pozna\u0144<\/li>\n<li><strong>Jaros\u0142aw Araszkiewicz<\/strong> od 62&#8242; -Lech Pozna\u0144<\/li>\n<li>do 62&#8242; <strong>Wojciech Kowalczyk<\/strong> -Legian Warszawa<\/li>\n<li><strong>Roman Kosecki<\/strong> od 65&#8242; -CA Osasuna<\/li>\n<li>do 65&#8242; <strong>Adam Fedoruk<\/strong> -Stal Mielec<\/li>\n<li><strong>Andrzej Juskowiak<\/strong> 43&#8242; [ycard] -Sporting Lizbona<\/li>\n<\/ul>\n<\/td>\n<td style=\"width: 50%; height: 290px;\">\n<ul>\n<li><strong>Hayrettin Demirba\u015f<\/strong> -Galatasaray<\/li>\n<li><strong>Recep \u00c7etin<\/strong> 65&#8242; [ycard] do 74&#8242; -Be\u015fikta\u015f<\/li>\n<li>od 74&#8242; <strong>Aykut Kocaman<\/strong> -Fenerbah\u00e7e<\/li>\n<li><strong>G\u00f6khan Keskin<\/strong> -Be\u015fikta\u015f<\/li>\n<li><strong>B\u00fclent Korkmaz<\/strong> -Galatasaray<\/li>\n<li><strong>Og\u00fcn Temizkano\u011flu<\/strong> 83&#8242; [ycard] -Trabzonspor<\/li>\n<li><strong>R\u0131za \u00c7al\u0131mbay<\/strong> kapitan -Be\u015fikta\u015f<\/li>\n<li><strong>O\u011fuz \u00c7etin<\/strong> do 46&#8242; -Fenerbah\u00e7e<\/li>\n<li>od 46&#8242; <strong>Mehmet \u00d6zdilek<\/strong> 78&#8242; [ycard] -Be\u015fikta\u015f<\/li>\n<li><strong>Tugay Kerimo\u011flu<\/strong> -Galatasaray<\/li>\n<li><strong>Orhan \u00c7\u0131k\u0131r\u0131k\u00e7\u0131<\/strong> -Trabzonspor<\/li>\n<li><strong>Hami Mand\u0131ral\u0131<\/strong> 72&#8242; [ycard] -Trabzonspor<\/li>\n<li><strong>Hakan \u015e\u00fck\u00fcr<\/strong> -Galatasaray<\/li>\n<\/ul>\n<\/td>\n<\/tr>\n<\/tbody>\n<\/table>\n<p><div id=\"attachment_11896\" style=\"width: 589px\" class=\"wp-caption aligncenter\"><img loading=\"lazy\" decoding=\"async\" aria-describedby=\"caption-attachment-11896\" class=\"wp-image-11896 size-medium\" src=\"https:\/\/kronika-futbolu.pl\/historia\/wp-content\/uploads\/2022\/01\/16A_polska_turcja_1992_kadr_przed_rzutem_wolnym_przed_golem-579x400.png\" alt=\"Polska-Turcja 1992\" width=\"579\" height=\"400\" srcset=\"https:\/\/kronika-futbolu.pl\/historia\/wp-content\/uploads\/2022\/01\/16A_polska_turcja_1992_kadr_przed_rzutem_wolnym_przed_golem-579x400.png 579w, https:\/\/kronika-futbolu.pl\/historia\/wp-content\/uploads\/2022\/01\/16A_polska_turcja_1992_kadr_przed_rzutem_wolnym_przed_golem.png 628w\" sizes=\"auto, (max-width: 579px) 100vw, 579px\" \/><p id=\"caption-attachment-11896\" class=\"wp-caption-text\">Polska-Turcja 1992. Rzut wolny. Po do\u015brodkowaniu Wa\u0142doch zdoby\u0142 gola. \u0179r\u00f3d\u0142o: kadr z transmisji.<\/p><\/div> <div id=\"attachment_11897\" style=\"width: 568px\" class=\"wp-caption alignleft\"><img loading=\"lazy\" decoding=\"async\" aria-describedby=\"caption-attachment-11897\" class=\"wp-image-11897 size-medium\" src=\"https:\/\/kronika-futbolu.pl\/historia\/wp-content\/uploads\/2022\/01\/16B_polska_turcja_1992_kadr_gol_waldocha-558x400.png\" alt=\"Polska-Turcja 1992\" width=\"558\" height=\"400\" srcset=\"https:\/\/kronika-futbolu.pl\/historia\/wp-content\/uploads\/2022\/01\/16B_polska_turcja_1992_kadr_gol_waldocha-558x400.png 558w, https:\/\/kronika-futbolu.pl\/historia\/wp-content\/uploads\/2022\/01\/16B_polska_turcja_1992_kadr_gol_waldocha.png 631w\" sizes=\"auto, (max-width: 558px) 100vw, 558px\" \/><p id=\"caption-attachment-11897\" class=\"wp-caption-text\">Polska-Turcja 1992. Strza\u0142 Wa\u0142docha daj\u0105cy bramk\u0119. \u0179r\u00f3d\u0142o: kadr z transmisji.<\/p><\/div><\/p>\n<p style=\"text-align: justify;\">Po raz trzeci w historii, a drugi raz z rz\u0119du Polska trafi\u0142a do tej samej grupy eliminacyjnej Mistrzostw \u015awiata lub Europy. Tym razem Turcy byli pierwszymi rywalami Polak\u00f3w w drodze na Mundial 1994 w USA, ostatecznie obie ekipy za ocean nie polecia\u0142y. W grupie 2 eliminacji znalaz\u0142y si\u0119 tak\u017ce reprezentacje: norweska, angielska, holenderska i San Marino. Pocz\u0105tek w wykonaniu Bia\u0142o-Czerwonych by\u0142 udany. Wygrali w Poznaniu z Turcj\u0105 1-0, a zwyci\u0119sk\u0105 bramk\u0119 strzeli\u0142 Tomasz Wa\u0142doch, \u015bwie\u017co upieczony srebrny medalista Igrzysk Olimpijskich w Barcelonie.\u00a0 Rozgrywaj\u0105cy 5 mecz w doros\u0142ej reprezentacji Wa\u0142doch idealnie przymierzy\u0142 w pi\u0142k\u0119 na oko\u0142o 15 metrze i nie da\u0142 szans bramkarzowi rywali.\u00a0<\/p>\n<p style=\"text-align: justify;\">Po raz 16 Polska zmierzy\u0142a si\u0119 z Turcj\u0105. By\u0142 to tak\u017ce 16 mecz w Poznaniu, ale 5 na stadionie Lecha. Po raz 12 i ostatni w Reprezentacji Polski zagra\u0142 Jaros\u0142aw Araszkiewicz. By\u0142 to 6 mecz bez pora\u017cki z rz\u0119du Reprezentacji Polski i ta seria potrwa\u0142a jeszcze 2 mecze.\u00a0<\/p>\n<h2><span class=\"ez-toc-section\" id=\"15_Mecz_Polska_%E2%80%93_Turcja_3_0_17_kwietnia_1991_r\"><\/span><a id=\"mecz15\"><\/a>15. Mecz Polska &#8211; Turcja 3:0 (17 kwietnia 1991 r.)<span class=\"ez-toc-section-end\"><\/span><\/h2>\n<ul>\n<li><strong>Data meczu:<\/strong> 17.04.1991<\/li>\n<li><strong>Ranga meczu:<\/strong> Eliminacje Mistrzostw Europy 1992<\/li>\n<li><strong>S\u0119dzia:<\/strong> Mircea Salomir &#8211; Rumunia<\/li>\n<li><strong>Stadion:<\/strong> Stadion Wojska Polskiego imienia Marsza\u0142ka J\u00f3zefa Pi\u0142sudskiego, Warszawa<\/li>\n<li><strong>Trener:<\/strong> Andrzej Strejlau<\/li>\n<\/ul>\n<p><strong> \u26bd Strzelone bramki:<\/strong><\/p>\n<ul>\n<li>Ryszard Tarasiewicz [pl] 72&#8242;<\/li>\n<li>Jan Urban [pl] 80&#8242;<\/li>\n<li>Roman Kosecki [pl] 87&#8242;<\/li>\n<\/ul>\n<p><strong>\u00a0Sk\u0142ady:<\/strong><\/p>\n<table style=\"border-collapse: collapse; width: 100%; height: 311px;\">\n<thead>\n<tr style=\"height: 21px;\">\n<th style=\"width: 50%; height: 21px;\">[pl] Polska:<\/th>\n<th style=\"width: 50%; height: 21px;\">[tr] Turcja:<\/th>\n<\/tr>\n<\/thead>\n<tbody>\n<tr style=\"height: 386px;\">\n<td style=\"width: 50%; height: 290px;\">\n<ul>\n<li><strong>J\u00f3zef Wandzik<\/strong> -Panathinaikos Ateny<\/li>\n<li><strong>Dariusz Kubicki<\/strong> -Legia Warszawa<\/li>\n<li><strong>Czes\u0142aw Jako\u0142cewicz<\/strong> -Fenerbah\u00e7e<\/li>\n<li><strong>Dariusz Wdowczyk<\/strong> -Celtic FC<\/li>\n<li><strong>Robert Warzycha<\/strong> -Everton FC<\/li>\n<li><strong>Zbigniew Kaczmarek<\/strong> kapitan do 76&#8242; -AJ Auxerre<\/li>\n<li>od 76&#8242; <strong>Piotr Czachowski<\/strong> -Legia Warszawa<\/li>\n<li><strong>Krzysztof Warzycha<\/strong> -Panathinaikos Ateny<\/li>\n<li><strong>Ryszard Tarasiewicz<\/strong> -AS Nancy<\/li>\n<li><strong>Jacek Ziober<\/strong> do 63&#8242; -Montpellier<\/li>\n<li>od 63&#8242; <strong>Piotr Soczy\u0144ski<\/strong> -Olimpia Pozna\u0144<\/li>\n<li><strong>Jan Urban<\/strong> -CA Osasuna<\/li>\n<li><strong>Roman Kosecki<\/strong> -Galatasaray<\/li>\n<\/ul>\n<\/td>\n<td style=\"width: 50%; height: 290px;\">\n<ul>\n<li><strong>Engin \u0130peko\u011flu<\/strong> -Be\u015fikta\u015f<\/li>\n<li><strong>R\u0131za \u00c7al\u0131mbay<\/strong> kapitan -Be\u015fikta\u015f<\/li>\n<li><strong>Tayfun Hut<\/strong> -Galatasaray<\/li>\n<li><strong>G\u00f6khan Keskin<\/strong> -Be\u015fikta\u015f<\/li>\n<li><strong>Kemal Serdar<\/strong> -Trabzonspor<\/li>\n<li><strong>B\u00fclent Korkmaz<\/strong> 81&#8242; [ycard] -Galatasaray<\/li>\n<li><strong>Muhammet R\u0131za Alt\u0131nta\u015f<\/strong> -Galatasaray<\/li>\n<li><strong>Abdullah Duran<\/strong> do 69&#8242; -Ankarag\u00fcc\u00fc<\/li>\n<li>od 69&#8242; <strong>Osman Y\u0131ld\u0131r\u0131m<\/strong> -Sar\u0131yer \u0130stanbul<\/li>\n<li><strong>Mehmet \u00d6zdilek<\/strong> -Be\u015fikta\u015f<\/li>\n<li><strong>Tanju \u00c7olak<\/strong> 43&#8242; [ycard] -Galatasaray<\/li>\n<li><strong>Feyyaz U\u00e7ar<\/strong> do 78&#8242; -Be\u015fikta\u015f<\/li>\n<li>od 78&#8242; <strong>Faruk Yi\u011fit<\/strong> -Boluspor<\/li>\n<\/ul>\n<\/td>\n<\/tr>\n<\/tbody>\n<\/table>\n<div id=\"attachment_11888\" style=\"width: 554px\" class=\"wp-caption aligncenter\"><img loading=\"lazy\" decoding=\"async\" aria-describedby=\"caption-attachment-11888\" class=\"wp-image-11888 size-medium\" src=\"https:\/\/kronika-futbolu.pl\/historia\/wp-content\/uploads\/2022\/01\/15A_polska_turcja_1991_kadr-544x400.png\" alt=\"Polska-Turcja 1991\" width=\"544\" height=\"400\" srcset=\"https:\/\/kronika-futbolu.pl\/historia\/wp-content\/uploads\/2022\/01\/15A_polska_turcja_1991_kadr-544x400.png 544w, https:\/\/kronika-futbolu.pl\/historia\/wp-content\/uploads\/2022\/01\/15A_polska_turcja_1991_kadr.png 613w\" sizes=\"auto, (max-width: 544px) 100vw, 544px\" \/><p id=\"caption-attachment-11888\" class=\"wp-caption-text\">Polska-Turcja 1991 kadr<\/p><\/div>\n<p style=\"text-align: justify;\">Wynik nie zawsze ilustruje przebieg zdarze\u0144 na boisku. Polska pokona\u0142a Turcj\u0119 3-0, lecz bramki zacz\u0119\u0142y pada\u0107 w ostatnich 20 minutach meczu. By\u0142 to 3 mecz Polak\u00f3w i Turk\u00f3w w eliminacjach Mistrzostw Europy 1992. Turcja po tym spotkaniu nadal mia\u0142a 0 punkt\u00f3w i 0 bramek. Polacy wyr\u00f3wnali si\u0119 punktami z Irlandi\u0105 i Angli\u0105 i mimo remis\u00f3w z tymi rywalami w kolejnych meczach zabrak\u0142o awansu na Euro. Dla Turcji by\u0142o jednocze\u015bnie 9 mecz bez wygranej z rz\u0119du.<\/p>\n<p style=\"text-align: justify;\">W 72 minucie gola z rzutu wolnego strzeli\u0142 Ryszard Tarasiewicz. Jan Urban podwy\u017cszy\u0142 8 minut p\u00f3\u017aniej, a w 87 minucie b\u0142\u0105d tureckich obro\u0144c\u00f3w i bramkarza wykorzysta\u0142 Roman Kosecki. Tayfun Hut zadebiutowa\u0142 i zaraz ostatni raz wyst\u0105pi\u0142 w Reprezentacji Turcji. Debiut zaliczy\u0142 tak\u017ce Abdullah Duran, lecz on jeszcze raz zagra\u0142 w tureckim zespole. Ostatni raz w dru\u017cynie narodowej zagrali r\u00f3wnie\u017c: Kemal Serdar (\u0142\u0105cznie 11 mecz\u00f3w) i Osman Y\u0131ld\u0131r\u0131m (\u0142\u0105cznie 2 spotkania). Zbigniew Kaczmarek wyst\u0105pi\u0142 po raz 30 i ostatni w polskiej reprezentacji.<\/p>\n<h2><span class=\"ez-toc-section\" id=\"14_Mecz_Turcja_%E2%80%93_Polska_0_1_14_listopada_1990_r\"><\/span><a id=\"mecz14\"><\/a>14. Mecz Turcja &#8211; Polska 0:1 (14 listopada 1990 r.)<span class=\"ez-toc-section-end\"><\/span><\/h2>\n<ul>\n<li><strong>Data meczu:<\/strong> 14.11.1990<\/li>\n<li><strong>Ranga meczu:<\/strong> Eliminacje Mistrzostw Europy 1992<\/li>\n<li><strong>S\u0119dzia:<\/strong> Aleksey Spirin &#8211; ZSRR<\/li>\n<li><strong>Stadion:<\/strong> \u0130n\u00f6n\u00fc Stadyumu, Stambu\u0142<\/li>\n<li><strong>Trener:<\/strong> Andrzej Strejlau<\/li>\n<\/ul>\n<p><strong> \u26bd Strzelony gol:<\/strong><\/p>\n<ul>\n<li>Dariusz Dziekanowski 37&#8242;\u00a0<\/li>\n<\/ul>\n<p><strong>\u00a0Sk\u0142ady:<\/strong><\/p>\n<table style=\"border-collapse: collapse; width: 100%; height: 311px;\">\n<thead>\n<tr style=\"height: 21px;\">\n<th style=\"width: 50%; height: 21px;\">[tr] Turcja:<\/th>\n<th style=\"width: 50%; height: 21px;\">[pl] Polska:<\/th>\n<\/tr>\n<\/thead>\n<tbody>\n<tr style=\"height: 386px;\">\n<td style=\"width: 50%; height: 290px;\">\n<ul>\n<li><strong>Engin \u0130peko\u011flu<\/strong> -Be\u015fikta\u015f<\/li>\n<li><strong>R\u0131za \u00c7al\u0131mbay<\/strong> kapitan -Be\u015fikta\u015f<\/li>\n<li><strong>Yusuf Alt\u0131nta\u015f<\/strong> -Galatasaray<\/li>\n<li><strong>B\u00fclent Korkmaz<\/strong> -Galatasaray<\/li>\n<li><strong>G\u00f6khan Keskin<\/strong> 81&#8242; [ycard] -Be\u015fikta\u015f<\/li>\n<li><strong>\u00dclken Durak<\/strong> do 67&#8242; -Kar\u015f\u0131yaka<\/li>\n<li>od 67&#8242; <strong>Mehmet \u00d6zdilek<\/strong> -Be\u015fikta\u015f<\/li>\n<li><strong>Muhammet R\u0131za Alt\u0131nta\u015f<\/strong> do 67&#8242; -Galatasaray<\/li>\n<li>od 67&#8242; <strong>Sercan G\u00f6rg\u00fcl\u00fc<\/strong> -Sar\u0131yer<\/li>\n<li><strong>O\u011fuz \u00c7etin<\/strong> -Fenerbah\u00e7e<\/li>\n<li><strong>\u00dcnal Karaman<\/strong> -Trabzonspor<\/li>\n<li><strong>Tanju \u00c7olak<\/strong> -Galatasaray<\/li>\n<li><strong>Hami Mand\u0131ral\u0131<\/strong> -Trabzonspor<\/li>\n<\/ul>\n<\/td>\n<td style=\"width: 50%; height: 290px;\">\n<ul>\n<li><strong>J\u00f3zef Wandzik<\/strong> -Panathinaikos Ateny<\/li>\n<li><strong>Dariusz Kubicki<\/strong> -Legia Warszawa<\/li>\n<li><strong>Zbigniew Kaczmarek<\/strong> kapitan -AJ Auxerre<\/li>\n<li><strong>Dariusz Wdowczyk<\/strong> -Celtic FC<\/li>\n<li><strong>Robert Warzycha<\/strong> -G\u00f3rnik Zabrze<\/li>\n<li><strong>Waldemar Prusik<\/strong> -KRC Mechelen<\/li>\n<li><strong>Ryszard Tarasiewicz<\/strong> -AS Nancy<\/li>\n<li><strong>Janusz Nawrocki<\/strong> -GKS Katowice<\/li>\n<li><strong>Krzysztof Warzycha<\/strong> 40&#8242; [ycard] -Panathinaikos Ateny<\/li>\n<li><strong>Dariusz Dziekanowski<\/strong> do 74&#8242; -Celtic FC<\/li>\n<li>od 74&#8242; <strong>Jacek Ziober<\/strong> -Montpellier<\/li>\n<li><strong>Roman Kosecki<\/strong> -Legia Warszawa<\/li>\n<\/ul>\n<\/td>\n<\/tr>\n<\/tbody>\n<\/table>\n<p><div id=\"attachment_11881\" style=\"width: 610px\" class=\"wp-caption aligncenter\"><img loading=\"lazy\" decoding=\"async\" aria-describedby=\"caption-attachment-11881\" class=\"wp-image-11881 size-medium\" src=\"https:\/\/kronika-futbolu.pl\/historia\/wp-content\/uploads\/2022\/01\/14A_turcja_polska_Cumhuriyet-600x322.png\" alt=\"Turcja-Polska 1990. \u0179r\u00f3d\u0142o: Cumhuriyet\" width=\"600\" height=\"322\" srcset=\"https:\/\/kronika-futbolu.pl\/historia\/wp-content\/uploads\/2022\/01\/14A_turcja_polska_Cumhuriyet-600x322.png 600w, https:\/\/kronika-futbolu.pl\/historia\/wp-content\/uploads\/2022\/01\/14A_turcja_polska_Cumhuriyet-768x412.png 768w, https:\/\/kronika-futbolu.pl\/historia\/wp-content\/uploads\/2022\/01\/14A_turcja_polska_Cumhuriyet-1536x823.png 1536w, https:\/\/kronika-futbolu.pl\/historia\/wp-content\/uploads\/2022\/01\/14A_turcja_polska_Cumhuriyet.png 1720w\" sizes=\"auto, (max-width: 600px) 100vw, 600px\" \/><p id=\"caption-attachment-11881\" class=\"wp-caption-text\">Turcja-Polska 1990. \u0179r\u00f3d\u0142o: Cumhuriyet<\/p><\/div> <div id=\"attachment_11882\" style=\"width: 433px\" class=\"wp-caption alignleft\"><img loading=\"lazy\" decoding=\"async\" aria-describedby=\"caption-attachment-11882\" class=\"wp-image-11882 size-medium\" src=\"https:\/\/kronika-futbolu.pl\/historia\/wp-content\/uploads\/2022\/01\/14B_turcja_polska_1990_dziennik_lodzki-423x400.png\" alt=\"Turcja-Polska 1990. \u0179r\u00f3d\u0142o: Dziennik \u0141\u00f3dzki\" width=\"423\" height=\"400\" srcset=\"https:\/\/kronika-futbolu.pl\/historia\/wp-content\/uploads\/2022\/01\/14B_turcja_polska_1990_dziennik_lodzki-423x400.png 423w, https:\/\/kronika-futbolu.pl\/historia\/wp-content\/uploads\/2022\/01\/14B_turcja_polska_1990_dziennik_lodzki-768x726.png 768w, https:\/\/kronika-futbolu.pl\/historia\/wp-content\/uploads\/2022\/01\/14B_turcja_polska_1990_dziennik_lodzki.png 935w\" sizes=\"auto, (max-width: 423px) 100vw, 423px\" \/><p id=\"caption-attachment-11882\" class=\"wp-caption-text\">Turcja-Polska 1990. \u0179r\u00f3d\u0142o: Dziennik \u0141\u00f3dzki<\/p><\/div><\/p>\n<p style=\"text-align: justify;\">14 mecz z Turcj\u0105, by\u0142 dopiero 3 o stawk\u0119. Zdecydowana wi\u0119kszo\u015b\u0107 pojedynk\u00f3w polsko-tureckich to mecze towarzyskie.\u00a0 W grupie 7 eliminacji do Mistrzostw Europy 1992 opr\u00f3cz Polski i Turcji znalaz\u0142a si\u0119 Anglia i Irlandia. W pierwszej kolejce Polacy przegrali z Angli\u0105 0-2, a Turcja zosta\u0142a rozbita przez Irlandi\u0119 5-0. Zanim dosz\u0142o do spotkania Polska-Turcja kilka godzin wcze\u015bniej w meczu Irlandia-Anglia pad\u0142 remis 1-1. Trenerem Reprezentacji Turcji, by\u0142 w\u00f3wczas s\u0142ynny Sepp Piontek.<\/p>\n<p style=\"text-align: justify;\">W 37 minucie Roman Kosecki mocno uderzy\u0142 z 16 metra, bramkarz turecki pope\u0142ni\u0142 b\u0142\u0105d i odbi\u0142 futbol\u00f3wk\u0119 tak w bok, \u017ce ta zmierza\u0142a do siatki. Zanim pi\u0142ka min\u0119\u0142a lini\u0119 bramkow\u0105, dobi\u0142 j\u0105 jeszcze Dariusz Dziekanowski i to jemu zapisano bramk\u0119. By\u0142 to 63 mecz w Reprezentacji Polski Dziekana i ostatni. Gol przeciwko Turcji by\u0142 jego 20 dla dru\u017cyny narodowej. Cel zosta\u0142 osi\u0105gni\u0119ty, wygrana na terenie rywala. Patrz\u0105c jednak na r\u00f3\u017cnice pomi\u0119dzy dru\u017cynami, chcia\u0142oby si\u0119 zobaczy\u0107 lepsz\u0105 gr\u0119 Polak\u00f3w.\u00a0<\/p>\n<p style=\"text-align: justify;\">W tureckim zespole zadebiutowa\u0142 \u00dclken Durak. Po raz drugi i ostatni wyst\u0105pi\u0142 Sercan G\u00f6rg\u00fcl\u00fc.\u00a0<\/p>\n<h2><span class=\"ez-toc-section\" id=\"13_Mecz_Turcja-_Polska_1_1_11_grudnia_1985_r\"><\/span><a id=\"mecz13\"><\/a>13. Mecz Turcja- Polska 1:1 (11 grudnia 1985 r.)<span class=\"ez-toc-section-end\"><\/span><\/h2>\n<ul>\n<li><strong>Data meczu:<\/strong> 11.12.1985<\/li>\n<li><strong>Ranga meczu:<\/strong> Towarzyski<\/li>\n<li><strong>S\u0119dzia:<\/strong> Talat Tokat<\/li>\n<li><strong>Stadion:<\/strong> 5 Ocak Stad\u0131, Adana<\/li>\n<li><strong>Trener:<\/strong> Antoni Piechniczek<\/li>\n<\/ul>\n<p><strong> \u26bd Strzelone bramki:<\/strong><\/p>\n<ul>\n<li>Jan Furtok [pl] 26&#8242;<\/li>\n<li>Tanju \u00c7olak [tr] 66&#8242;<\/li>\n<\/ul>\n<p><strong>\u00a0Sk\u0142ady:<\/strong><\/p>\n<table style=\"border-collapse: collapse; width: 100%; height: 311px;\">\n<thead>\n<tr style=\"height: 21px;\">\n<th style=\"width: 50%; height: 21px;\">[tr] Turcja:<\/th>\n<th style=\"width: 50%; height: 21px;\">[pl] Polska:<\/th>\n<\/tr>\n<\/thead>\n<tbody>\n<tr style=\"height: 386px;\">\n<td style=\"width: 50%; height: 290px;\">\n<ul>\n<li><strong>Fatih Uraz<\/strong> -Samsunspor<\/li>\n<li><strong>\u0130smail Demiriz<\/strong> -Galatasaray<\/li>\n<li><strong>Erdo\u011fan Ar\u0131ca<\/strong> kapitan -Fenerbah\u00e7e<\/li>\n<li><strong>Yusuf Alt\u0131nta\u015f<\/strong> do 71&#8242; -Galatasaray<\/li>\n<li>od 71&#8242; <strong>M\u00fcjdat Yetkiner<\/strong> -Fenerbah\u00e7e<\/li>\n<li><strong>Abd\u00fclkerim Durmaz<\/strong> -Fenerbah\u00e7e<\/li>\n<li><strong>H\u00fcseyin \u00c7ak\u0131ro\u011flu<\/strong> -Fenerbah\u00e7e<\/li>\n<li><strong>Metin Tekin<\/strong> -Be\u015fikta\u015f<\/li>\n<li><strong>\u00dcnal Karaman<\/strong> -Gaziantepspor<\/li>\n<li><strong>\u015eenol \u00c7orlu<\/strong> -Fenerbah\u00e7e<\/li>\n<li><strong>Ali Erdal Keser<\/strong> -Galatasaray<\/li>\n<li><strong>Sel\u00e7uk Yula<\/strong> do 46&#8242; -Fenerbah\u00e7e<\/li>\n<li>od 46&#8242; <strong>Tanju \u00c7olak<\/strong> -Samsunspor<\/li>\n<\/ul>\n<\/td>\n<td style=\"width: 50%; height: 290px;\">\n<ul>\n<li><strong>J\u00f3zef Wandzik<\/strong> -G\u00f3rnik Zabrze<\/li>\n<li><strong>Krzysztof Pawlak<\/strong> -Lech Pozna\u0144<\/li>\n<li><strong>Roman W\u00f3jcicki<\/strong> -Widzew \u0141\u00f3d\u017a<\/li>\n<li><strong>Waldemar Waleszczyk<\/strong> -Ruch Chorz\u00f3w<\/li>\n<li><strong>Marek Ostrowski<\/strong> -Pogo\u0144 Szczecin<\/li>\n<li><strong>Ryszard Tarasiewicz<\/strong> -\u015al\u0105sk Wroc\u0142aw<\/li>\n<li><strong>Waldemar Matysik<\/strong> do 46&#8242; -G\u00f3rnik Zabrze<\/li>\n<li>od 46&#8242; <strong>Waldemar Prusik<\/strong> do 67&#8242; -\u015al\u0105sk Wroc\u0142aw<\/li>\n<li>od 67&#8242; <strong>Kazimierz Przyby\u015b<\/strong> -Widzew \u0141\u00f3d\u017a<\/li>\n<li><strong>Ryszard Komornicki<\/strong> -G\u00f3rnik Zabrze<\/li>\n<li><strong>Jan Urban<\/strong> -G\u00f3rnik Zabrze<\/li>\n<li><strong>Jan Furtok<\/strong> do 46&#8242; -GKS Katowice<\/li>\n<li>od 46&#8242; <strong>Andrzej Zgutczy\u0144ski<\/strong> -G\u00f3rnik Zabrze<\/li>\n<li><strong>W\u0142odzimierz Smolarek<\/strong> kapitan -Widzew \u0141\u00f3d\u017a<\/li>\n<\/ul>\n<\/td>\n<\/tr>\n<\/tbody>\n<\/table>\n<p><div id=\"attachment_11874\" style=\"width: 610px\" class=\"wp-caption aligncenter\"><img loading=\"lazy\" decoding=\"async\" aria-describedby=\"caption-attachment-11874\" class=\"wp-image-11874 size-medium\" src=\"https:\/\/kronika-futbolu.pl\/historia\/wp-content\/uploads\/2022\/01\/13A_turcja_polska_1985_Cumhuriyet-600x365.png\" alt=\"Turcja-Polska 1985 Cumhuriyetac\" width=\"600\" height=\"365\" srcset=\"https:\/\/kronika-futbolu.pl\/historia\/wp-content\/uploads\/2022\/01\/13A_turcja_polska_1985_Cumhuriyet-600x365.png 600w, https:\/\/kronika-futbolu.pl\/historia\/wp-content\/uploads\/2022\/01\/13A_turcja_polska_1985_Cumhuriyet-768x467.png 768w, https:\/\/kronika-futbolu.pl\/historia\/wp-content\/uploads\/2022\/01\/13A_turcja_polska_1985_Cumhuriyet.png 1499w\" sizes=\"auto, (max-width: 600px) 100vw, 600px\" \/><p id=\"caption-attachment-11874\" class=\"wp-caption-text\">Turcja-Polska 1985 \u0179r\u00f3d\u0142o: Cumhuriyetac<\/p><\/div> <div id=\"attachment_11875\" style=\"width: 513px\" class=\"wp-caption alignleft\"><img loading=\"lazy\" decoding=\"async\" aria-describedby=\"caption-attachment-11875\" class=\"wp-image-11875 size-medium\" src=\"https:\/\/kronika-futbolu.pl\/historia\/wp-content\/uploads\/2022\/01\/13B_turcja_polska_1985_dziennik_polski-503x400.png\" alt=\"Turcja-Polska 1985 \u0179r\u00f3d\u0142o: Dziennik Polski\" width=\"503\" height=\"400\" srcset=\"https:\/\/kronika-futbolu.pl\/historia\/wp-content\/uploads\/2022\/01\/13B_turcja_polska_1985_dziennik_polski-503x400.png 503w, https:\/\/kronika-futbolu.pl\/historia\/wp-content\/uploads\/2022\/01\/13B_turcja_polska_1985_dziennik_polski-768x611.png 768w, https:\/\/kronika-futbolu.pl\/historia\/wp-content\/uploads\/2022\/01\/13B_turcja_polska_1985_dziennik_polski.png 1254w\" sizes=\"auto, (max-width: 503px) 100vw, 503px\" \/><p id=\"caption-attachment-11875\" class=\"wp-caption-text\">Turcja-Polska 1985 \u0179r\u00f3d\u0142o: Dziennik Polski<\/p><\/div><\/p>\n<p style=\"text-align: justify;\">Na zako\u0144czenie 1985 roku Reprezentacja Polski wybra\u0142a si\u0119 najpierw na towarzyski mecz z Tunezj\u0105 w Tunisie, gdzie przegra\u0142a 1-0, a 3 dni p\u00f3\u017aniej 11 grudnia w tureckiej Adanie Polacy zremisowali z Turkami 1-1. Rok, w kt\u00f3rym Bia\u0142o-Czerwoni awansowali na kolejne Mistrzostwa \u015awiata z rz\u0119du, zako\u0144czy\u0142 si\u0119 kiepskim spotkaniem. Przeci\u0119tnie zaprezentowa\u0142y si\u0119 obie dru\u017cyny. Do tego trzeba doda\u0107 momentami w\u0105tpliwe s\u0119dziowanie s\u0119dziego z&#8230; Turcji. Pierwotnie mecz mieli s\u0119dziowa\u0107 s\u0119dziowie z Jugos\u0142awii, ale nie dotarli na czas. Powodem by\u0142y strajki na lotnisku w Atenach. R\u00f3wnie\u017c przez to, Polacy dotarli do Turcji z ponad 40-godzinnym op\u00f3\u017anieniem, co mia\u0142o r\u00f3wnie\u017c wp\u0142yw na jako\u015b\u0107 gry.\u00a0<\/p>\n<p style=\"text-align: justify;\">W 26 minucie Jan Urban odebra\u0142 pi\u0142k\u0119 dw\u00f3m rywalom i z lewej strony boiska do\u015brodkowa\u0142 idealnie na lini\u0119 pola bramkowego i strza\u0142em g\u0142ow\u0105 Jan Furtok pokona\u0142 tureckiego bramkarza. Na pocz\u0105tku drugiej po\u0142owy rzutu karnego nie wykorzysta\u0142 Tanju \u00c7olak (strzeli\u0142 obok bramki), lecz zrewan\u017cowa\u0142 si\u0119 w 66 minucie i po bardzo dok\u0142adnym rozegraniu rzutu ro\u017cnego pokona\u0142 tak\u017ce strza\u0142em g\u0142ow\u0105 Wandzika.\u00a0 \u00a0<\/p>\n<p style=\"text-align: justify;\">By\u0142 to 9 mecz Turcji z rz\u0119du bez wygranej. Po raz pierwszy w tureckiej reprezentacji zagra\u0142 Fatih Uraz. W polskim zespole debiut zaliczy\u0142 Waldemar Waleszczyk, ale ju\u017c wi\u0119cej w kadrze nie zagra\u0142.\u00a0<\/p>\n<h2><span class=\"ez-toc-section\" id=\"12_Mecz_Polska_%E2%80%93_Turcja_2_0_26_wrzesnia_1984_r\"><\/span><a id=\"mecz12\"><\/a>12. Mecz Polska &#8211; Turcja 2:0 (26 wrze\u015bnia 1984 r.)<span class=\"ez-toc-section-end\"><\/span><\/h2>\n<ul>\n<li><strong>Data meczu:<\/strong> 26.09.1984<\/li>\n<li><strong>Ranga meczu:<\/strong> Towarzyski<\/li>\n<li><strong>S\u0119dzia:<\/strong> Siegfried Kirschen &#8211; NRD<\/li>\n<li><strong>Stadion:<\/strong> Stadion 650-lecia, S\u0142upsk<\/li>\n<li><strong>Trener:<\/strong> Antoni Piechniczek<\/li>\n<\/ul>\n<p><strong> \u26bd Strzelone bramki:<\/strong><\/p>\n<ul>\n<li>Dariusz Dziekanowski [pl] 17&#8242;<\/li>\n<li>Dariusz Dziekanowski [pl] 56&#8242;-karny<\/li>\n<\/ul>\n<p><strong>\u00a0Sk\u0142ady:<\/strong><\/p>\n<table style=\"border-collapse: collapse; width: 100%; height: 311px;\">\n<thead>\n<tr style=\"height: 21px;\">\n<th style=\"width: 50%; height: 21px;\">[pl] Polska:<\/th>\n<th style=\"width: 50%; height: 21px;\">[tr] Turcja;<\/th>\n<\/tr>\n<\/thead>\n<tbody>\n<tr style=\"height: 386px;\">\n<td style=\"width: 50%; height: 290px;\">\n<ul>\n<li><strong>Jacek Kazimierski<\/strong> -Legia Warszawa<\/li>\n<li><strong>Dariusz Kubicki<\/strong> [ycard] -Legia Warszawa<\/li>\n<li><strong>W\u0142adys\u0142aw \u017bmuda<\/strong> kapitan -New York Cosmos<\/li>\n<li><strong>Dariusz Wdowczyk<\/strong> -Legia Warszawa<\/li>\n<li><strong>Waldemar Matysik<\/strong> -G\u00f3rnik Zabrze<\/li>\n<li><strong>Andrzej Buncol<\/strong> do 46&#8242; -Legia Warszawa<\/li>\n<li>od 46&#8242; <strong>Ryszard Tarasiewicz<\/strong> -\u015al\u0105sk Wroc\u0142aw<\/li>\n<li><strong>Marek Ostrowski<\/strong> do 46&#8242; -Pogo\u0144 Szczecin<\/li>\n<li>od 46&#8242; <strong>Miros\u0142aw Oko\u0144ski<\/strong> -Lech Pozna\u0144<\/li>\n<li><strong>Jerzy Wijas<\/strong> -Widzew, \u0141\u00f3d\u017a<\/li>\n<li><strong>Jan Kara\u015b<\/strong> do 78&#8242; -Legia Warszawa<\/li>\n<li>od 78&#8242; <strong>Marek Dziuba<\/strong> -Widzew \u0141\u00f3d\u017a<\/li>\n<li><strong>Andrzej Pa\u0142asz<\/strong> -G\u00f3rnik Zabrze<\/li>\n<li><strong>Dariusz Dziekanowski<\/strong> -Widzew \u0141\u00f3d\u017a<\/li>\n<\/ul>\n<\/td>\n<td style=\"width: 50%; height: 290px;\">\n<ul>\n<li><strong>Arif Pe\u00e7enek<\/strong> -MKE Ankarag\u00fcc\u00fc<\/li>\n<li><strong>\u0130smail Kartal<\/strong> -Fenerbah\u00e7e<\/li>\n<li><strong>Abd\u00fclkerim Durmaz<\/strong> -Fenerbah\u00e7e<\/li>\n<li><strong>M\u00fcjdat Yetkiner<\/strong> -Fenerbah\u00e7e<\/li>\n<li><strong>Muharrem G\u00fcrb\u00fcz<\/strong> -Kar\u015f\u0131yaka<\/li>\n<li><strong>Ra\u015fit \u00c7etiner<\/strong> -Galatasaray<\/li>\n<li><strong>R\u0131dvan Dilmen<\/strong> do 77&#8242; -Sar\u0131yer<\/li>\n<li>od 77&#8242; <strong>Metin Tekin<\/strong> -Be\u015fikta\u015f<\/li>\n<li><strong>\u0130smail Demiriz<\/strong> -Galatasaray<\/li>\n<li><strong>Zafer T\u00fcz\u00fcn<\/strong> -Eski\u015fehirspor<\/li>\n<li><strong>Fikret Demirer<\/strong> kapitan -Be\u015fikta\u015f<\/li>\n<li><strong>\u0130lyas T\u00fcfek\u00e7i<\/strong> [ycard] -Fenerbah\u00e7e<\/li>\n<\/ul>\n<\/td>\n<\/tr>\n<\/tbody>\n<\/table>\n<p><div id=\"attachment_11860\" style=\"width: 500px\" class=\"wp-caption aligncenter\"><img loading=\"lazy\" decoding=\"async\" aria-describedby=\"caption-attachment-11860\" class=\"wp-image-11860 \" src=\"https:\/\/kronika-futbolu.pl\/historia\/wp-content\/uploads\/2022\/01\/12A_polska_turcja_1981_Cumhuriyet-328x400.png\" alt=\"Polska-Turcja 1981\" width=\"490\" height=\"598\" srcset=\"https:\/\/kronika-futbolu.pl\/historia\/wp-content\/uploads\/2022\/01\/12A_polska_turcja_1981_Cumhuriyet-328x400.png 328w, https:\/\/kronika-futbolu.pl\/historia\/wp-content\/uploads\/2022\/01\/12A_polska_turcja_1981_Cumhuriyet-768x937.png 768w, https:\/\/kronika-futbolu.pl\/historia\/wp-content\/uploads\/2022\/01\/12A_polska_turcja_1981_Cumhuriyet.png 852w\" sizes=\"auto, (max-width: 490px) 100vw, 490px\" \/><p id=\"caption-attachment-11860\" class=\"wp-caption-text\">Polska-Turcja 1981. \u0179r\u00f3d\u0142o: Cumhuriyet<\/p><\/div> <div id=\"attachment_11861\" style=\"width: 433px\" class=\"wp-caption alignleft\"><img loading=\"lazy\" decoding=\"async\" aria-describedby=\"caption-attachment-11861\" class=\"wp-image-11861 size-medium\" src=\"https:\/\/kronika-futbolu.pl\/historia\/wp-content\/uploads\/2022\/01\/12B_polska_turcja_1981_dziennik_lodzki-423x400.png\" alt=\"Polska-Turcja 1981\" width=\"423\" height=\"400\" srcset=\"https:\/\/kronika-futbolu.pl\/historia\/wp-content\/uploads\/2022\/01\/12B_polska_turcja_1981_dziennik_lodzki-423x400.png 423w, https:\/\/kronika-futbolu.pl\/historia\/wp-content\/uploads\/2022\/01\/12B_polska_turcja_1981_dziennik_lodzki-768x727.png 768w, https:\/\/kronika-futbolu.pl\/historia\/wp-content\/uploads\/2022\/01\/12B_polska_turcja_1981_dziennik_lodzki.png 930w\" sizes=\"auto, (max-width: 423px) 100vw, 423px\" \/><p id=\"caption-attachment-11861\" class=\"wp-caption-text\">Polska-Turcja 1981. \u0179r\u00f3d\u0142o: Dziennik \u0141\u00f3dzki<\/p><\/div><\/p>\n<p style=\"text-align: justify;\">13 lat min\u0119\u0142o od poprzedniego starcia Polak\u00f3w z Turkami. W tym czasie Polska zdoby\u0142a z\u0142oto olimpijskie i dwa razy by\u0142a na 3 miejscu na Mistrzostwach \u015awiata. 12 raz z Turcj\u0105 w historii Reprezentacja Polski zagra\u0142a w 1984 roku. By\u0142 to ju\u017c 10 mecz Polak\u00f3w w tamtym roku (Turcji 7). Po raz drugi Polska zagra\u0142a w S\u0142upsku. 5 lat wcze\u015bniej Bia\u0142o-Czerwoni pokonali tam Libi\u0119 5-0. By\u0142o to tak\u017ce ostatnie spotkanie Polak\u00f3w przed startuj\u0105cymi eliminacjami do Mistrzostw \u015awiata 1986.<\/p>\n<p style=\"text-align: justify;\">Mecz nie by\u0142 specjalnie interesuj\u0105cy. Oko\u0142o 20-25 tysi\u0119cy widz\u00f3w w deszczowy dzie\u0144 zobaczy\u0142o jednak dwie bramki Polak\u00f3w. Trener Piechniczek nie m\u00f3g\u0142 skorzysta\u0107 z kilku podstawowych graczy reprezentacji z tamtego czasu. By\u0142o to wi\u0119c spotkanie w pe\u0142ni towarzyskie, spokojne zako\u0144czone wygran\u0105 Polak\u00f3w. W 17 minucie gola g\u0142ow\u0105 zdoby\u0142 Dariusz Dziekanowski. W II po\u0142owie w polu karnym turecki zawodnik r\u0119k\u0105 pr\u00f3bowa\u0142 zatrzyma\u0107 Oko\u0144skiego. S\u0119dzia podyktowa\u0142 rzut karny. Z 11 metr\u00f3w wynik podwy\u017cszy\u0142 Dziekanowski. Dziekan zdoby\u0142 swoj\u0105 6 i 7 bramk\u0119 dla Reprezentacji Polski.\u00a0<\/p>\n<h2><span class=\"ez-toc-section\" id=\"11_Mecz_Turcja_%E2%80%93_Polska_1_0_5_grudnia_1971_r\"><\/span><a id=\"mecz11\"><\/a>11. Mecz Turcja &#8211; Polska 1:0 (5 grudnia 1971 r.)<span class=\"ez-toc-section-end\"><\/span><\/h2>\n<ul>\n<li><strong>Data meczu:<\/strong> 05.12.1971<\/li>\n<li><strong>Ranga meczu:<\/strong> Eliminacje Mistrzostw Europy 1972<\/li>\n<li><strong>S\u0119dzia:<\/strong> Petar Nikolov &#8211; Bu\u0142garia<\/li>\n<li><strong>Stadion:<\/strong> \u0130zmir Atat\u00fcrk Stadyumu, Izmir<\/li>\n<li><strong>Trener:<\/strong> Kazimierz G\u00f3rski<\/li>\n<\/ul>\n<p><strong> \u26bd Strzelony gol:<\/strong><\/p>\n<ul>\n<li>Cemil Turan [tr] 52&#8242;<\/li>\n<\/ul>\n<p><strong>\u00a0Sk\u0142ady:<\/strong><\/p>\n<table style=\"border-collapse: collapse; width: 100%; height: 311px;\">\n<thead>\n<tr style=\"height: 21px;\">\n<th style=\"width: 50%; height: 21px;\">[tr] Turcja:<\/th>\n<th style=\"width: 50%; height: 21px;\">[pl] Polska:<\/th>\n<\/tr>\n<\/thead>\n<tbody>\n<tr style=\"height: 386px;\">\n<td style=\"width: 50%; height: 290px;\">\n<ul>\n<li><strong>Yasin \u00d6zdenak<\/strong> -Galatasaray<\/li>\n<li><strong>Ekrem G\u00fcnalp<\/strong> -Galatasaray<\/li>\n<li><strong>Muzaffer Sipahi<\/strong> kapitan -Galatasaray<\/li>\n<li><strong>\u00d6zer Yurteri<\/strong> -G\u00f6ztepe<\/li>\n<li><strong>Zekeriya Alp<\/strong> do 83&#8242; -Be\u015fikta\u015f<\/li>\n<li>od 83&#8242; <strong>Vahit Koluk\u0131sa<\/strong> -Bursaspor<\/li>\n<li><strong>Mehmet O\u011fuz<\/strong> -Galatasaray<\/li>\n<li><strong>Vedat Okyar<\/strong> -Be\u015fikta\u015f<\/li>\n<li><strong>Metin Kurt<\/strong> -Galatasaray<\/li>\n<li><strong>Cemil Turan<\/strong> -\u0130stanbulspor<\/li>\n<li><strong>Ender Konca<\/strong> do 30&#8242; -Eintracht Frankfurt<\/li>\n<li>od 30&#8242; <strong>\u00c7etin Erdo\u011fan<\/strong> -Boluspor<\/li>\n<li><strong>Ayfer Elmasta\u015fo\u011flu<\/strong> -Altay<\/li>\n<\/ul>\n<\/td>\n<td style=\"width: 50%; height: 290px;\">\n<ul>\n<li><strong>Marian Szeja<\/strong> -Zag\u0142\u0119bie Wa\u0142brzych<\/li>\n<li><strong>Antoni Szymanowski<\/strong> -Gwardia Warszawa<\/li>\n<li><strong>Marian Ostafi\u0144ski<\/strong> -Stal Rzesz\u00f3w<\/li>\n<li><strong>Jerzy Gorgo\u0144<\/strong> -G\u00f3rnik Zabrze<\/li>\n<li><strong>Adam Musia\u0142<\/strong> -Wis\u0142a Krak\u00f3w<\/li>\n<li><strong>Zygfryd Szo\u0142tysik<\/strong> -G\u00f3rnik Zabrze<\/li>\n<li><strong>Kazimierz Deyna<\/strong> do 70&#8242; -Legia Warszawa<\/li>\n<li>od 70&#8242;<strong> Bronis\u0142aw Bula<\/strong> -Ruch Chorz\u00f3w<\/li>\n<li><strong>Bernard Blaut<\/strong> kapitan -Legia Warszawa<\/li>\n<li><strong>Joachim Marx<\/strong> -Ruch Chorz\u00f3w<\/li>\n<li><strong>Grzegorz Lato<\/strong> -Stal Mielec<\/li>\n<li><strong>Robert Gadocha<\/strong> do 63&#8242; -Legia Warszawa<\/li>\n<li>od 63&#8242; <strong>Andrzej Jarosik<\/strong> -Zag\u0142\u0119bie Sosnowiec<\/li>\n<\/ul>\n<\/td>\n<\/tr>\n<\/tbody>\n<\/table>\n<div id=\"attachment_11854\" style=\"width: 516px\" class=\"wp-caption alignleft\"><img loading=\"lazy\" decoding=\"async\" aria-describedby=\"caption-attachment-11854\" class=\"wp-image-11854 size-medium\" src=\"https:\/\/kronika-futbolu.pl\/historia\/wp-content\/uploads\/2022\/01\/11B_turcja_polska_1971_Cumhuriyet_Gunluk_Gazetesi_ve_Arsivi-506x400.png\" alt=\"Turcja-Polska 1971\" width=\"506\" height=\"400\" srcset=\"https:\/\/kronika-futbolu.pl\/historia\/wp-content\/uploads\/2022\/01\/11B_turcja_polska_1971_Cumhuriyet_Gunluk_Gazetesi_ve_Arsivi-506x400.png 506w, https:\/\/kronika-futbolu.pl\/historia\/wp-content\/uploads\/2022\/01\/11B_turcja_polska_1971_Cumhuriyet_Gunluk_Gazetesi_ve_Arsivi-768x607.png 768w, https:\/\/kronika-futbolu.pl\/historia\/wp-content\/uploads\/2022\/01\/11B_turcja_polska_1971_Cumhuriyet_Gunluk_Gazetesi_ve_Arsivi.png 1000w\" sizes=\"auto, (max-width: 506px) 100vw, 506px\" \/><p id=\"caption-attachment-11854\" class=\"wp-caption-text\">Turcja-Polska 1971. \u0179r\u00f3d\u0142o: Cumhuriyet Gunluk Gazetesi ve Arsivi<\/p><\/div>\n<p style=\"text-align: justify;\">100 pora\u017cka Reprezentacji Polski w historii mia\u0142a miejsce w Izmirze z Turcj\u0105 w ostatnim spotkaniu eliminacji do Mistrzostw Europy 1972. Polacy nie mieli ju\u017c szans na awans st\u0105d, te\u017c by\u0142o brak \u017cadnej motywacji w tym spotkaniu. Liga polska zako\u0144czy\u0142a gra\u0107 dwa tygodnie przed tym meczem, pi\u0142karze byli my\u015blami na zgrupowaniach i przygotowywaniach klub\u00f3w, oraz czasem wolnym. 2 i p\u00f3\u0142 miesi\u0105ca wcze\u015bniej Polacy robili Turk\u00f3w 5-1, lecz tym razem nie wk\u0142adaj\u0105c w gr\u0119 pe\u0142ni zaanga\u017cowania, dosz\u0142o do pierwszej pora\u017cki Polski z Turcj\u0105 na tureckiej ziemi w 11 pojedynku obu ekip.\u00a0<\/p>\n<p style=\"text-align: justify;\">Cemil Turan zdoby\u0142 jedyn\u0105 bramk\u0119 w tym meczu. By\u0142 to jego 2 gol w kadrze w 9 meczu. Ostatecznie zaliczy\u0142 44 gry i zdoby\u0142 19 bramek. 13 razy by\u0142 kapitanem. Eliminacje do Euro 1972 Polska zako\u0144czy\u0142a na drugim miejscu w grupie 8, za RFN. Turcja by\u0142a 3 a ostatnia Albania.\u00a0<\/p>\n<p style=\"text-align: justify;\">W zespole tureckim zadebiutowali: Yasin \u00d6zdenak, Ekrem G\u00fcnalp, \u00d6zer Yurteri i \u00c7etin Erdo\u011fan. W Reprezentacji Polski po raz ostatni zagra\u0142 Bernard Blaut. \u0141\u0105cznie rozegra\u0142 36 mecz\u00f3w i strzeli\u0142 3 bramki.<\/p>\n<h2><span class=\"ez-toc-section\" id=\"10_Mecz_Polska_%E2%80%93_Turcja_5_1_22_wrzesnia_1971_r\"><\/span><a id=\"mecz10\"><\/a>10. Mecz Polska &#8211; Turcja 5:1 (22 wrze\u015bnia 1971 r.)<span class=\"ez-toc-section-end\"><\/span><\/h2>\n<ul>\n<li><strong>Data meczu:<\/strong> 22.09.1971<\/li>\n<li><strong>Ranga meczu:<\/strong> Eliminacje Mistrzostw Europy 1972<\/li>\n<li><strong>S\u0119dzia:<\/strong> Antoine Queudeville &#8211; Luksemburg<\/li>\n<li><strong>Stadion:<\/strong> Stadion Miejski, Krak\u00f3w<\/li>\n<li><strong>Trener:<\/strong> Kazimierz G\u00f3rski<\/li>\n<\/ul>\n<p><strong> \u26bd Strzelone bramki:<\/strong><\/p>\n<ul>\n<li>Bronis\u0142aw Bula [pl] 33&#8242;<\/li>\n<li>W\u0142odzimierz Luba\u0144ski [pl] 62&#8242;<\/li>\n<li>Robert Gadocha [pl] 69&#8242;<\/li>\n<li>W\u0142odzimierz Luba\u0144ski [pl] 73&#8242;<\/li>\n<li>Nihat Yay\u00f6z [tr] 83&#8242;<\/li>\n<li>W\u0142odzimierz Luba\u0144ski [pl] 90&#8242;<\/li>\n<\/ul>\n<p><strong>Sk\u0142ady:<\/strong><\/p>\n<table style=\"border-collapse: collapse; width: 100%; height: 311px;\">\n<thead>\n<tr style=\"height: 21px;\">\n<th style=\"width: 50%; height: 21px;\">[pl] Polska:<\/th>\n<th style=\"width: 50%; height: 21px;\">[tr] Turcja:<\/th>\n<\/tr>\n<\/thead>\n<tbody>\n<tr style=\"height: 386px;\">\n<td style=\"width: 50%; height: 290px;\">\n<ul>\n<li><strong>Jan Gomola<\/strong> -G\u00f3rnik Zabrze<\/li>\n<li><strong>Zygmunt Anczok<\/strong> -G\u00f3rnik Zabrze<\/li>\n<li><strong>Andrzej Zygmunt<\/strong> -Legia Warszawa<\/li>\n<li><strong>Jerzy Gorgo\u0144<\/strong> -G\u00f3rnik Zabrze<\/li>\n<li><strong>Adam Musia\u0142<\/strong> -Wis\u0142a Krak\u00f3w<\/li>\n<li><strong>Zygfryd Szo\u0142tysik<\/strong> -G\u00f3rnik Zabrze<\/li>\n<li><strong>Kazimierz Deyna<\/strong> do 46&#8242; -Legia Warszawa<\/li>\n<li>od 46&#8242; <strong>Andrzej Jarosik<\/strong> -Zag\u0142\u0119bie Sosnowiec<\/li>\n<li><strong>Bronis\u0142aw Bula<\/strong> -Ruch Chorz\u00f3w<\/li>\n<li><strong>Jan Bana\u015b<\/strong> -G\u00f3rnik Zabrze<\/li>\n<li><strong>W\u0142odzimierz Luba\u0144ski<\/strong> kapitan -G\u00f3rnik Zabrze<\/li>\n<li><strong>Robert Gadocha<\/strong> -Legia Warszawa<\/li>\n<\/ul>\n<\/td>\n<td style=\"width: 50%; height: 290px;\">\n<ul>\n<li><strong>Ali Artuner<\/strong> kapitan-G\u00f6ztepe<\/li>\n<li><strong>Abdurrahman Temel<\/strong> -Eski\u015fehirspor<\/li>\n<li><strong>Muzaffer Sipahi<\/strong> -Galatasaray<\/li>\n<li><strong>Ercan Aktuna<\/strong> [ycard] -Fenerbah\u00e7e<\/li>\n<li><strong>Zekeriya Alp<\/strong> -Be\u015fikta\u015f<\/li>\n<li><strong>Kamuran Yavuz<\/strong> -Eski\u015fehirspor<\/li>\n<li><strong>Yusuf Tunao\u011flu<\/strong> do 78&#8242; -Be\u015fikta\u015f<\/li>\n<li>od 78&#8242;<strong> Sanl\u0131 Sar\u0131alio\u011flu<\/strong> -Be\u015fikta\u015f<\/li>\n<li><strong>Vahap \u00d6zbayer<\/strong> -Eski\u015fehirspor<\/li>\n<li><strong>Metin Kurt<\/strong> -Galatasaray<\/li>\n<li><strong>Fethi Heper<\/strong> -Eski\u015fehirspor<\/li>\n<li><strong>Cemil Turan<\/strong> do 46&#8242; -\u0130stanbulspor<\/li>\n<li>od 46&#8242; <strong>Nihat Yay\u00f6z<\/strong> -Be\u015fikta\u015f<\/li>\n<\/ul>\n<\/td>\n<\/tr>\n<\/tbody>\n<\/table>\n<p><div id=\"attachment_11845\" style=\"width: 562px\" class=\"wp-caption aligncenter\"><img loading=\"lazy\" decoding=\"async\" aria-describedby=\"caption-attachment-11845\" class=\"wp-image-11845 size-medium\" src=\"https:\/\/kronika-futbolu.pl\/historia\/wp-content\/uploads\/2022\/01\/10A_polska_turcja_1971_Dziennik_Polski_nr_226-552x400.png\" alt=\"Polska-Turcja 1971\" width=\"552\" height=\"400\" srcset=\"https:\/\/kronika-futbolu.pl\/historia\/wp-content\/uploads\/2022\/01\/10A_polska_turcja_1971_Dziennik_Polski_nr_226-552x400.png 552w, https:\/\/kronika-futbolu.pl\/historia\/wp-content\/uploads\/2022\/01\/10A_polska_turcja_1971_Dziennik_Polski_nr_226.png 604w\" sizes=\"auto, (max-width: 552px) 100vw, 552px\" \/><p id=\"caption-attachment-11845\" class=\"wp-caption-text\">Polska-Turcja 1971. Dziennik Polski nr 226<\/p><\/div> <div id=\"attachment_11846\" style=\"width: 521px\" class=\"wp-caption alignleft\"><img loading=\"lazy\" decoding=\"async\" aria-describedby=\"caption-attachment-11846\" class=\"wp-image-11846 size-medium\" src=\"https:\/\/kronika-futbolu.pl\/historia\/wp-content\/uploads\/2022\/01\/10B_polska_turcja_1971_Cumhuriyet_Gunluk_Gazetesi_ve_Arsivi_nr_16931-511x400.png\" alt=\"olska-Turcja 1971\" width=\"511\" height=\"400\" srcset=\"https:\/\/kronika-futbolu.pl\/historia\/wp-content\/uploads\/2022\/01\/10B_polska_turcja_1971_Cumhuriyet_Gunluk_Gazetesi_ve_Arsivi_nr_16931-511x400.png 511w, https:\/\/kronika-futbolu.pl\/historia\/wp-content\/uploads\/2022\/01\/10B_polska_turcja_1971_Cumhuriyet_Gunluk_Gazetesi_ve_Arsivi_nr_16931-768x601.png 768w, https:\/\/kronika-futbolu.pl\/historia\/wp-content\/uploads\/2022\/01\/10B_polska_turcja_1971_Cumhuriyet_Gunluk_Gazetesi_ve_Arsivi_nr_16931.png 1010w\" sizes=\"auto, (max-width: 511px) 100vw, 511px\" \/><p id=\"caption-attachment-11846\" class=\"wp-caption-text\">Polska-Turcja 1971. Cumhuriyet Gunluk Gazetesi ve Arsivi nr 16931<\/p><\/div><\/p>\n<p style=\"text-align: justify;\">Sz\u00f3sty raz Reprezentacja Turcji zawita\u0142a do Polski i po raz sz\u00f3sty zagra\u0142a w innym mie\u015bcie. Tym razem na Stadionie Wis\u0142y w Krakowie Bia\u0142o-Czerwoni pokonali Turk\u00f3w 5-1. By\u0142o to 3 spotkanie Polak\u00f3w w eliminacjach do Mistrzostw Europy 1972. Po tym meczu, mimo rozegrania jednej gry mniej od Turcji Polska by\u0142a na 2 miejscu w tabeli za RFN. Na ostatnim miejscu by\u0142a Albania.\u00a0<\/p>\n<p style=\"text-align: justify;\">Niemrawa pierwsza po\u0142owa w wykonaniu Polak\u00f3w, w kt\u00f3rej pad\u0142 tylko jeden gol, oraz druga po\u0142owa,\u00a0 o wiele lepsza z szybsz\u0105 gr\u0105 i ograniczeniem Turk\u00f3w. W pierwszej cz\u0119\u015bci gry Luba\u0144ski zmarnowa\u0142 dwie \u015bwietne okazje, ale i tak zd\u0105\u017cy\u0142 si\u0119 zrehabilitowa\u0107, strzelaj\u0105c hat-tricka.\u00a0<\/p>\n<p style=\"text-align: justify;\">Zadebiutowa\u0142 i zarazem rozegra\u0142 ostatni mecz w kadrze zawodnik Legii Andrzej Zygmunt, kt\u00f3ry w lidze toczy\u0142 \u015bwietne pojedynki przeciwko Luba\u0144skiemu gdy gra\u0142a Legia z G\u00f3rnikiem. Po raz 7 i ostatni w kadrze zagra\u0142 bramkarz Jan Gomola. Pu\u015bci\u0142 \u0142\u0105cznie 5 bramek.<\/p>\n<p>Po meczu trener Reprezentacji Turcji Cihat Arman powiedzia\u0142:<\/p>\n<blockquote>\n<p style=\"text-align: center;\">&#8222;My\u015bleli\u015bmy o przegranej w minimalnych rozmiarach, bowiem ci\u0105gle mamy w pami\u0119ci nies\u0142awne 0:8 z Chorzowa. Po I po\u0142owie wydawa\u0142o si\u0119, \u017ce plan nasz zrealizujemy. C\u00f3\u017c jednak zrobi\u0107, gdy przeciwnik ma takiego gracza jak Luba\u0144ski&#8230;.&#8221; \/ Dziennik Polski nr 226<\/p>\n<\/blockquote>\n<h2><span class=\"ez-toc-section\" id=\"9_Mecz_Turcja_%E2%80%93_Polska_1_3_30_kwietnia_1969_r\"><\/span><a id=\"mecz9\"><\/a>9. Mecz Turcja &#8211; Polska 1:3 (30 kwietnia 1969 r.)<span class=\"ez-toc-section-end\"><\/span><\/h2>\n<ul>\n<li><strong>Data meczu:<\/strong> 30.04.1969<\/li>\n<li><strong>Ranga meczu:<\/strong> Towarzyski<\/li>\n<li><strong>S\u0119dzia:<\/strong> Gocho Rusev &#8211; Bu\u0142garia<\/li>\n<li><strong>Stadion:<\/strong> 19 May\u0131s Stad\u0131, Ankara<\/li>\n<li><strong>Trener:<\/strong> Ryszard Koncewicz<\/li>\n<\/ul>\n<p><strong> \u26bd Strzelone bramki:<\/strong><\/p>\n<ul>\n<li>W\u0142odzimierz Luba\u0144ski [pl] 11&#8242;<\/li>\n<li>Jerzy Wilim [pl] 22&#8242;<\/li>\n<li>Jerzy Wilim [pl] 61&#8242;<\/li>\n<li>Erg\u00fcn Acuner (pen.) [tr] 84&#8242;-karny<\/li>\n<\/ul>\n<p><strong>\u00a0Sk\u0142ady:<\/strong><\/p>\n<table style=\"border-collapse: collapse; width: 100%; height: 311px;\">\n<thead>\n<tr style=\"height: 21px;\">\n<th style=\"width: 50%; height: 21px;\">[tr] Turcja:<\/th>\n<th style=\"width: 50%; height: 21px;\">[pl] Polska:<\/th>\n<\/tr>\n<\/thead>\n<tbody>\n<tr style=\"height: 386px;\">\n<td style=\"width: 50%; height: 290px;\">\n<ul>\n<li><strong>Ali Artuner<\/strong> -G\u00f6ztepe<\/li>\n<li><strong>\u015e\u00fckr\u00fc Birant<\/strong> -Fenerbah\u00e7e<\/li>\n<li><strong>Erg\u00fcn Acuner<\/strong> -Galatasaray<\/li>\n<li><strong>Y\u0131lmaz \u015een<\/strong> do 25&#8242; -Fenerbah\u00e7e<\/li>\n<li>od 25&#8242; <strong>Kamuran Yavuz<\/strong> -Eski\u015fehirspor<\/li>\n<li><strong>Ercan Aktuna<\/strong> kapitan -Fenerbah\u00e7e<\/li>\n<li><strong>Muzaffer Sipahi<\/strong> do 46&#8242; -Galatasaray<\/li>\n<li>od 46&#8242; <strong>Nuri Toyg\u00fcn<\/strong> -Eski\u015fehirspor<\/li>\n<li><strong>Mesut \u015een<\/strong> -Bursaspor<\/li>\n<li><strong>Vedat Okyar<\/strong> -Be\u015fikta\u015f<\/li>\n<li><strong>Turan Do\u011fang\u00fcn<\/strong> -Galatasaray<\/li>\n<li><strong>Osman Arpac\u0131o\u011flu<\/strong> do 46&#8242; -Mersin \u0130dmanyurdu<\/li>\n<li>od 46&#8242; <strong>Burhan T\u00f6zer<\/strong> -Gen\u00e7lerbirli\u011fi<\/li>\n<li><strong>Ender Konca<\/strong> -Eski\u015fehirspor<\/li>\n<\/ul>\n<\/td>\n<td style=\"width: 50%; height: 290px;\">\n<ul>\n<li><strong>Pawe\u0142 Brol<\/strong> -Polonia Bytom<\/li>\n<li><strong>Zygmunt Anczok<\/strong> -Polonia Bytom<\/li>\n<li><strong>Boles\u0142aw Szadkowsk<\/strong>i -\u0141KS \u0141\u00f3d\u017a<\/li>\n<li><strong>Walter Winkler<\/strong> -Polonia Bytom<\/li>\n<li><strong>Adam Musia\u0142<\/strong> -Wis\u0142a Krak\u00f3w<\/li>\n<li><strong>Erwin Wilczek<\/strong> -G\u00f3rnik Zabrze<\/li>\n<li><strong>Kazimierz Deyna<\/strong> -Legia Warszawa<\/li>\n<li><strong>Bernard Blaut<\/strong> kapitan -Legia Warszawa<\/li>\n<li><strong>Janusz \u017bmijewski<\/strong> do 46&#8242; -Legia Warszawa<\/li>\n<li>od 46&#8242; <strong>Marian Kozerski<\/strong> do 73&#8242; -Stal Rzesz\u00f3w<\/li>\n<li>od 73&#8242; <strong>Joachim Stachu\u0142a<\/strong> -Zag\u0142\u0119bie Wa\u0142brzych<\/li>\n<li><strong>W\u0142odzimierz Luba\u0144ski<\/strong> -G\u00f3rnik Zabrze<\/li>\n<li><strong>Jerzy Wilim<\/strong> -Szombierki Bytom<\/li>\n<\/ul>\n<\/td>\n<\/tr>\n<\/tbody>\n<\/table>\n<div id=\"attachment_11838\" style=\"width: 610px\" class=\"wp-caption alignleft\"><img loading=\"lazy\" decoding=\"async\" aria-describedby=\"caption-attachment-11838\" class=\"wp-image-11838 size-medium\" src=\"https:\/\/kronika-futbolu.pl\/historia\/wp-content\/uploads\/2022\/01\/9B_turcja_polska_1969_Cumhuriyet_Gunluk_Gazetesi_ve_Arsivi-600x253.png\" alt=\"Turcja - Polska 1969.\" width=\"600\" height=\"253\" srcset=\"https:\/\/kronika-futbolu.pl\/historia\/wp-content\/uploads\/2022\/01\/9B_turcja_polska_1969_Cumhuriyet_Gunluk_Gazetesi_ve_Arsivi-600x253.png 600w, https:\/\/kronika-futbolu.pl\/historia\/wp-content\/uploads\/2022\/01\/9B_turcja_polska_1969_Cumhuriyet_Gunluk_Gazetesi_ve_Arsivi-768x324.png 768w, https:\/\/kronika-futbolu.pl\/historia\/wp-content\/uploads\/2022\/01\/9B_turcja_polska_1969_Cumhuriyet_Gunluk_Gazetesi_ve_Arsivi.png 1244w\" sizes=\"auto, (max-width: 600px) 100vw, 600px\" \/><p id=\"caption-attachment-11838\" class=\"wp-caption-text\">Turcja &#8211; Polska 1969. Cumhuriyet Gunluk Gazetesi ve Arsivi<\/p><\/div>\n<p style=\"text-align: justify;\">Jeden z pierwszych mecz\u00f3w Reprezentacji Polski w Azji mia\u0142 miejsce w Turcji, a dok\u0142adnie w stolicy tego kraju Ankarze w 1969 roku. Po pokonaniu 8-1 Luksemburg 10 dni wcze\u015bniej Polacy dali kolejn\u0105 lekcj\u0119 futbolu Turkom, wygrywaj\u0105c 3-1. Warto zaznaczy\u0107 wynik spotkania, bo reporter polskiego radia z tego spotkania nie zauwa\u017cy\u0142 trzeciej bramki dla Polak\u00f3w. Powodem tego by\u0142o zas\u0142oni\u0119cie Tadeusza Pyszkowskiego przez innych widz\u00f3w tego meczu. Dopiero po spotkaniu Pyszkowski dowiedzia\u0142 si\u0119, \u017ce Wilm zdoby\u0142 nie jedn\u0105 a dwie bramki.\u00a0<\/p>\n<p style=\"text-align: justify;\">Strzelanie rozpocz\u0105\u0142 Luba\u0144ski w 11 minucie. Kilak minut p\u00f3\u017aniej by\u0142o ju\u017c 2-0 dla Polski po golu Jerzego Wilima. W 61 minucie po asy\u015bcie Luba\u0144skiego na 3-0 podwy\u017cszy\u0142 Wilim. Turcy zdobyli honorow\u0105 bramk\u0119 w 84 minucie po rzucie karnym, kt\u00f3rego wykorzysta\u0142 Ergun.<\/p>\n<p style=\"text-align: justify;\">Po raz drugi i ostatni w Reprezentacji Polski zagra\u0142 bramkarz Pawe\u0142 Brol. Zadebiutowa\u0142 Joachim Stachu\u0142a, dla kt\u00f3rego by\u0142 to jedyny wyst\u0119p w kadrze.<\/p>\n<h2><span class=\"ez-toc-section\" id=\"8_Mecz_Polska_%E2%80%93_Turcja_8_0_24_kwietnia_1968_r\"><\/span><a id=\"mecz8\"><\/a>8. Mecz Polska &#8211; Turcja 8:0 (24 kwietnia 1968 r.)<span class=\"ez-toc-section-end\"><\/span><\/h2>\n<ul>\n<li><strong>Data meczu:<\/strong> 24.04.1968<\/li>\n<li><strong>Ranga meczu:<\/strong> Towarzyski<\/li>\n<li><strong>S\u0119dzia:<\/strong> G\u00fcnter M\u00e4nnig &#8211; NRD<\/li>\n<li><strong>Stadion:<\/strong> Stadion \u015al\u0105ski, Chorz\u00f3w<\/li>\n<li><strong>Trener:<\/strong> Ryszard Koncewicz<\/li>\n<\/ul>\n<p><strong> \u26bd Strzelone bramki:<\/strong><\/p>\n<ul>\n<li>Eugeniusz Faber [pl] 5&#8242;<\/li>\n<li>W\u0142odzimierz Luba\u0144ski [pl] 10&#8242;<\/li>\n<li>W\u0142odzimierz Luba\u0144ski [pl] 46&#8242;<\/li>\n<li>Eugeniusz Faber [pl] 55&#8242;<\/li>\n<li>Bronis\u0142aw Bula [pl] 62&#8242;<\/li>\n<li>Eugeniusz Faber [pl] 63&#8242;<\/li>\n<li>W\u0142odzimierz Luba\u0144ski [pl] 75&#8242;<\/li>\n<li>Janusz \u017bmijewski [pl] 89&#8242;<\/li>\n<\/ul>\n<p><strong>\u00a0Sk\u0142ady:<\/strong><\/p>\n<table style=\"border-collapse: collapse; width: 100%; height: 311px;\">\n<thead>\n<tr style=\"height: 21px;\">\n<th style=\"width: 50%; height: 21px;\">[pl] Polska:<\/th>\n<th style=\"width: 50%; height: 21px;\">[tr] Turcja:<\/th>\n<\/tr>\n<\/thead>\n<tbody>\n<tr style=\"height: 386px;\">\n<td style=\"width: 50%; height: 290px;\">\n<ul>\n<li><strong>Hubert Kostka<\/strong> -G\u00f3rnik Zabrze<\/li>\n<li><strong>Waldemar Folbrycht<\/strong> -Pogo\u0144 Szczecin<\/li>\n<li><strong>Stanis\u0142aw O\u015bliz\u0142o<\/strong> kapitan -G\u00f3rnik Zabrze<\/li>\n<li><strong>Roman Bazan<\/strong> -Zag\u0142\u0119bie Sosnowiec<\/li>\n<li><strong>Kazimierz Deyna<\/strong> do 46&#8242; -Legia Warszawa<\/li>\n<li>od 46&#8242; <strong>Janusz \u017bmijewski<\/strong> -Legia Warszawa<\/li>\n<li><strong>Bronis\u0142aw Bula<\/strong> -Ruch Chorz\u00f3w<\/li>\n<li><strong>Zygmunt Maszczyk<\/strong> -Ruch Chorz\u00f3w<\/li>\n<li><strong>Andrzej Jarosik<\/strong> -Zag\u0142\u0119bie Sosnowiec<\/li>\n<li><strong>W\u0142odzimierz Luba\u0144ski<\/strong> -G\u00f3rnik Zabrze<\/li>\n<li><strong>Eugeniusz Faber<\/strong> -Ruch Chorz\u00f3w<\/li>\n<li><strong>Jacek Gmoch<\/strong> -Legia Warszawa<\/li>\n<\/ul>\n<\/td>\n<td style=\"width: 50%; height: 290px;\">\n<ul>\n<li><strong>Ali Artuner<\/strong> -G\u00f6ztepe<\/li>\n<li><strong>\u015e\u00fckr\u00fc Birant<\/strong> -Fenerbah\u00e7e<\/li>\n<li><strong>Talat \u00d6zkarsl\u0131<\/strong> -Galatasaray<\/li>\n<li><strong>Ercan Aktuna<\/strong> kapitan -Fenerbah\u00e7e<\/li>\n<li><strong>Fehmi Sa\u011f\u0131no\u011flu<\/strong> -Be\u015fikta\u015f<\/li>\n<li><strong>Ayhan Elmasta\u015fo\u011flu<\/strong> -Galatasaray<\/li>\n<li><strong>Sanl\u0131 Sar\u0131alio\u011flu<\/strong> do 50&#8242; -Be\u015fikta\u015f<\/li>\n<li>od 50&#8242; <strong>\u0130smail Arca<\/strong> -Eski\u015fehirspor<\/li>\n<li><strong>Erg\u00fcn Acuner<\/strong> -Galatasaray<\/li>\n<li><strong>Og\u00fcn Alt\u0131parmak<\/strong> -Fenerbah\u00e7e<\/li>\n<li><strong>Fevzi Zemzem<\/strong> -G\u00f6ztepe<\/li>\n<li><strong>Faruk Karado\u011fan<\/strong> do 65&#8242; -Be\u015fikta\u015f<\/li>\n<li>od65&#8242; <strong>Mustafa Y\u00fcr\u00fcr<\/strong> -Galatasaray<\/li>\n<\/ul>\n<\/td>\n<\/tr>\n<\/tbody>\n<\/table>\n<p><div id=\"attachment_11830\" style=\"width: 610px\" class=\"wp-caption aligncenter\"><img loading=\"lazy\" decoding=\"async\" aria-describedby=\"caption-attachment-11830\" class=\"wp-image-11830 size-medium\" src=\"https:\/\/kronika-futbolu.pl\/historia\/wp-content\/uploads\/2022\/01\/8A_polska_turcja_1968_Cumhuriyet-Gunluk-Gazetesi-ve-Arsivi_nr_15710-600x307.png\" alt=\"Polska - Turcja 1968\" width=\"600\" height=\"307\" srcset=\"https:\/\/kronika-futbolu.pl\/historia\/wp-content\/uploads\/2022\/01\/8A_polska_turcja_1968_Cumhuriyet-Gunluk-Gazetesi-ve-Arsivi_nr_15710-600x307.png 600w, https:\/\/kronika-futbolu.pl\/historia\/wp-content\/uploads\/2022\/01\/8A_polska_turcja_1968_Cumhuriyet-Gunluk-Gazetesi-ve-Arsivi_nr_15710-768x393.png 768w, https:\/\/kronika-futbolu.pl\/historia\/wp-content\/uploads\/2022\/01\/8A_polska_turcja_1968_Cumhuriyet-Gunluk-Gazetesi-ve-Arsivi_nr_15710.png 1242w\" sizes=\"auto, (max-width: 600px) 100vw, 600px\" \/><p id=\"caption-attachment-11830\" class=\"wp-caption-text\">Cumhuriyet Gunluk Gazetesi ve Arsivi<\/p><\/div> <div id=\"attachment_11831\" style=\"width: 607px\" class=\"wp-caption alignleft\"><img loading=\"lazy\" decoding=\"async\" aria-describedby=\"caption-attachment-11831\" class=\"wp-image-11831 size-medium\" src=\"https:\/\/kronika-futbolu.pl\/historia\/wp-content\/uploads\/2022\/01\/8B_polska_turcja_1968_Dziennik-Lodzki_nr98-597x400.png\" alt=\"Polska-Turcja 1968\" width=\"597\" height=\"400\" srcset=\"https:\/\/kronika-futbolu.pl\/historia\/wp-content\/uploads\/2022\/01\/8B_polska_turcja_1968_Dziennik-Lodzki_nr98-597x400.png 597w, https:\/\/kronika-futbolu.pl\/historia\/wp-content\/uploads\/2022\/01\/8B_polska_turcja_1968_Dziennik-Lodzki_nr98-300x200.png 300w, https:\/\/kronika-futbolu.pl\/historia\/wp-content\/uploads\/2022\/01\/8B_polska_turcja_1968_Dziennik-Lodzki_nr98-768x514.png 768w, https:\/\/kronika-futbolu.pl\/historia\/wp-content\/uploads\/2022\/01\/8B_polska_turcja_1968_Dziennik-Lodzki_nr98.png 948w\" sizes=\"auto, (max-width: 597px) 100vw, 597px\" \/><p id=\"caption-attachment-11831\" class=\"wp-caption-text\">Polska-Turcja 1968. Dziennik \u0141\u00f3dzki nr 98<\/p><\/div><\/p>\n<p style=\"text-align: justify;\">Polacy odnie\u015bli okaza\u0142e zwyci\u0119stwo na pocz\u0105tek roku 1968. Na Stadionie \u015al\u0105skim w Chorzowie Polska rozbi\u0142a Turcj\u0119 8-0 co jest do dzisiaj jednym z najwy\u017cszych wynik\u00f3w w historii polskiej reprezentacji. W tym spotkaniu zadebiutowa\u0142 Kazimierz Deyna, kt\u00f3ry w kolejnych latach sta\u0142 si\u0119 legend\u0105 polskiego futbolu. R\u00f3wnie\u017c z nim zadebiutowali Waldemar Folbrycht, Bronis\u0142aw Bula, Zygmunt Maszczyk. Tylko Folbrycht ju\u017c nigdy wi\u0119cej w barwach narodowych nie wyst\u0105pi\u0142. Pozostali przez jeszcze wiele lat reprezentowali Polsk\u0119 w I zespole narodowym.<\/p>\n<p style=\"text-align: justify;\">Osiem goli strzeli\u0142o 4 zawodnik\u00f3w, ale dw\u00f3ch zaliczy\u0142o hat-tricki. Dla Turcji by\u0142a to w\u00f3wczas najwy\u017csza pora\u017cka w historii. P\u00f3\u017aniej jeszcze 2 razy Turcy przegrali takim wynikiem, ale nigdy wy\u017cszym (stan na 20 stycznia 2021).\u00a0<\/p>\n<p style=\"text-align: justify;\">A\u017c 6 goli pa\u0142o w II po\u0142owie. W pierwszej Polacy nie specjalnie zachwycili gr\u0105. Wynik by\u0142 wynikiem gorszej dyspozycji naszych rywali. Prasa lepiej oceni\u0142a np. Folbrychta, kt\u00f3ry ju\u017c w kadrze nie zagra\u0142, a mniej pochwa\u0142 by\u0142o dla Deyny, przysz\u0142ej legendy.\u00a0 Mecz na pewno kt\u00f3ry przeszed\u0142 do historii, poprzez wynik i poprzez debiutant\u00f3w.\u00a0<\/p>\n<h2><span class=\"ez-toc-section\" id=\"7_Mecz_Turcja_%E2%80%93_Polska_2_3_27_wrzesnia_1964_r\"><\/span><a id=\"mecz7\"><\/a>7. Mecz Turcja &#8211; Polska 2:3 (27 wrze\u015bnia 1964 r.)<span class=\"ez-toc-section-end\"><\/span><\/h2>\n<ul>\n<li><strong>Data meczu:<\/strong> 27.09.1964<\/li>\n<li><strong>Ranga meczu:<\/strong> Towarzyski<\/li>\n<li><strong>S\u0119dzia:<\/strong> Francesco Francescon &#8211; W\u0142ochy<\/li>\n<li><strong>Stadion:<\/strong> Mithatpa\u015fa Stadyumu, Stambu\u0142<\/li>\n<li><strong>Trener:<\/strong> Komitet Selekcyjny, Wies\u0142aw Motoczy\u0144ski, Karol Krawczyk, trener Ryszard Koncewicz<\/li>\n<\/ul>\n<p><strong> \u26bd Strzelone bramki:<\/strong><\/p>\n<ul>\n<li>W\u0142odzimierz Luba\u0144ski [pl] 8&#8242;<\/li>\n<li>Ayd\u0131n Yelken [tr] 15&#8242;<\/li>\n<li>Jan Bana\u015b [pl] 41&#8242;<\/li>\n<li>Ernest Pol [pl] 49&#8242;<\/li>\n<li>Metin Oktay [tr] 78&#8242;<\/li>\n<\/ul>\n<p><strong>\u00a0Sk\u0142ady:<\/strong><\/p>\n<table style=\"border-collapse: collapse; width: 100%; height: 311px;\">\n<thead>\n<tr style=\"height: 21px;\">\n<th style=\"width: 50%; height: 21px;\">[tr] Turcja:<\/th>\n<th style=\"width: 50%; height: 21px;\">[pl] Polska:<\/th>\n<\/tr>\n<\/thead>\n<tbody>\n<tr style=\"height: 386px;\">\n<td style=\"width: 50%; height: 290px;\">\n<ul>\n<li><strong>Turgay \u015eeren<\/strong> kapitan do 51&#8242; -Galatasaray<\/li>\n<li>od 51&#8242; <strong>Y\u0131lmaz Urul<\/strong> -\u0130stanbulspor<\/li>\n<li><strong>Candemir Berkman<\/strong> do 31&#8242; -Galatasaray<\/li>\n<li>od 31&#8242; <strong>\u015e\u00fckr\u00fc Birant<\/strong> -Fenerbah\u00e7e<\/li>\n<li><strong>\u0130smail Kurt<\/strong> -Fenerbah\u00e7e<\/li>\n<li><strong>Ali \u0130hsan Ok\u00e7uo\u011flu<\/strong> -Fenerbah\u00e7e<\/li>\n<li><strong>Ercan Aktuna<\/strong> -\u0130stanbulspor<\/li>\n<li><strong>Talat \u00d6zkarsl\u0131<\/strong> -Galatasaray<\/li>\n<li><strong>Og\u00fcn Alt\u0131parmak<\/strong> -Fenerbah\u00e7e<\/li>\n<li><strong>Birol Pekel<\/strong> -Fenerbah\u00e7e SK<\/li>\n<li><strong>\u015eeref Has<\/strong> do 46&#8242; -Fenerbah\u00e7e<\/li>\n<li>od 46&#8242;<strong> Nedim Do\u011fan<\/strong> -Fenerbah\u00e7e<\/li>\n<li><strong>Metin Oktay<\/strong> -Galatasaray<\/li>\n<li><strong>Ayd\u0131n Yelken<\/strong> -Fenerbah\u00e7e<\/li>\n<\/ul>\n<\/td>\n<td style=\"width: 50%; height: 290px;\">\n<ul>\n<li><strong>Edward Szymkowiak<\/strong> -Polonia Bytom<\/li>\n<li><strong>Henryk Szczepa\u0144ski<\/strong> kapitan -Odra Opole<\/li>\n<li><strong>Stanis\u0142aw O\u015bliz\u0142o<\/strong> -G\u00f3rnik, Zabrze<\/li>\n<li><strong>Roman Bazan<\/strong> -Zag\u0142\u0119bie Sosnowiec<\/li>\n<li><strong>W\u0142odzimierz \u015apiewak<\/strong> -Zag\u0142\u0119bie Sosnowiec<\/li>\n<li><strong>Zygfryd Szo\u0142tysik<\/strong> -G\u00f3rnik Zabrze<\/li>\n<li><strong>Ernest Pol<\/strong> -G\u00f3rnik Zabrze<\/li>\n<li><strong>Ryszard Grzegorczyk<\/strong> -Polonia Bytom<\/li>\n<li><strong>Jan Bana\u015b<\/strong> do 68&#8242; -Polonia Bytom<\/li>\n<li>od 68&#8242; <strong>Lucjan Brychczy<\/strong> -Legia Warszawa<\/li>\n<li><strong>W\u0142odzimierz Luba\u0144ski<\/strong> -G\u00f3rnik Zabrze<\/li>\n<li><strong>Jan Liberda<\/strong> -Polonia Bytom<\/li>\n<\/ul>\n<\/td>\n<\/tr>\n<\/tbody>\n<\/table>\n<p><div id=\"attachment_11822\" style=\"width: 565px\" class=\"wp-caption aligncenter\"><img loading=\"lazy\" decoding=\"async\" aria-describedby=\"caption-attachment-11822\" class=\"wp-image-11822 \" src=\"https:\/\/kronika-futbolu.pl\/historia\/wp-content\/uploads\/2022\/01\/7A_turcja_polska_1964_Cumhuriyet_-Gunluk_Gazetesi_ve_Arsivi_nr_14425-512x400.png\" alt=\"Turcja - Polska 1964.\" width=\"555\" height=\"433\" srcset=\"https:\/\/kronika-futbolu.pl\/historia\/wp-content\/uploads\/2022\/01\/7A_turcja_polska_1964_Cumhuriyet_-Gunluk_Gazetesi_ve_Arsivi_nr_14425-512x400.png 512w, https:\/\/kronika-futbolu.pl\/historia\/wp-content\/uploads\/2022\/01\/7A_turcja_polska_1964_Cumhuriyet_-Gunluk_Gazetesi_ve_Arsivi_nr_14425-768x600.png 768w, https:\/\/kronika-futbolu.pl\/historia\/wp-content\/uploads\/2022\/01\/7A_turcja_polska_1964_Cumhuriyet_-Gunluk_Gazetesi_ve_Arsivi_nr_14425.png 1263w\" sizes=\"auto, (max-width: 555px) 100vw, 555px\" \/><p id=\"caption-attachment-11822\" class=\"wp-caption-text\">Turcja &#8211; Polska 1964.<\/p><\/div> <div id=\"attachment_11823\" style=\"width: 384px\" class=\"wp-caption alignleft\"><img loading=\"lazy\" decoding=\"async\" aria-describedby=\"caption-attachment-11823\" class=\"wp-image-11823 size-medium\" src=\"https:\/\/kronika-futbolu.pl\/historia\/wp-content\/uploads\/2022\/01\/7B_turcja_polska_1964_Trybuna_Robotnicza_nr230_1964-374x400.png\" alt=\"Turcja - Polska 1964.\" width=\"374\" height=\"400\" srcset=\"https:\/\/kronika-futbolu.pl\/historia\/wp-content\/uploads\/2022\/01\/7B_turcja_polska_1964_Trybuna_Robotnicza_nr230_1964-374x400.png 374w, https:\/\/kronika-futbolu.pl\/historia\/wp-content\/uploads\/2022\/01\/7B_turcja_polska_1964_Trybuna_Robotnicza_nr230_1964-768x822.png 768w, https:\/\/kronika-futbolu.pl\/historia\/wp-content\/uploads\/2022\/01\/7B_turcja_polska_1964_Trybuna_Robotnicza_nr230_1964.png 814w\" sizes=\"auto, (max-width: 374px) 100vw, 374px\" \/><p id=\"caption-attachment-11823\" class=\"wp-caption-text\">Turcja &#8211; Polska 1964.<\/p><\/div><\/p>\n<p style=\"text-align: justify;\">Si\u00f3dmy pojedynek w historii pomi\u0119dzy Polsk\u0105 a Turcj\u0105. Czwarta wygrana Polak\u00f3w, ale dopiero po 28 latach, w trzech poprzednich spotkaniach dwa remisy i wygrana Turk\u00f3w. Polska mimo obaw zagra\u0142a bardzo dobre spotkanie i odnios\u0142a trzecie zwyci\u0119stwo z rz\u0119du, a Turcja zwi\u0119kszy\u0142a swoj\u0105 liczb\u0119 spotka\u0144 bez wygranej do 8.<\/p>\n<p style=\"text-align: justify;\">Ju\u017c w 8 minucie W\u0142odzimierz Luba\u0144ski po przeprowadzeniu przebojowej akcji pokona\u0142 bramkarza tureckiego strza\u0142em z 18 metra. Gospodarze natychmiast rzucili si\u0119 do odrabiania strat i wyr\u00f3wnali kilka minut p\u00f3\u017aniej, a gola zdoby\u0142 Ayd\u0131n Yelken. P\u00f3\u017aniej Polacy napierali na bramk\u0119 tureck\u0105, a spora w tym zas\u0142uga by\u0142a Luba\u0144skiego. W mi\u0119dzyczasie s\u0119dzia nie odgwizda\u0142 rzutu karnego dla Polski. W 41 minucie prowadzenie Polsce da\u0142 Jan Bana\u015b. Chwil\u0119 po przerwie z rzutu wolnego gola zdoby\u0142 Ernest Pol. Wynik ustali\u0142 w 78 minucie Metin Oktay.\u00a0<\/p>\n<p style=\"text-align: justify;\">Po raz 50 w Reprezentacji Polski wyst\u0105pi\u0142 Lucjan Brychczy- jako pierwszy polski pi\u0142karz osi\u0105gn\u0105\u0142 taki wynik.<\/p>\n<h2><span class=\"ez-toc-section\" id=\"6_Mecz_Polska_%E2%80%93_Turcja_0_0_22_wrzesnia_1963_r\"><\/span><a id=\"mecz6\"><\/a>6. Mecz Polska &#8211; Turcja 0:0 (22 wrze\u015bnia 1963 r.)<span class=\"ez-toc-section-end\"><\/span><\/h2>\n<ul>\n<li><strong>Data meczu:<\/strong> 22.09.1963<\/li>\n<li><strong>Ranga meczu:<\/strong> Towarzyski<\/li>\n<li><strong>S\u0119dzia:<\/strong> Dimitrios Wlachojanis &#8211; Austria<\/li>\n<li><strong>Stadion:<\/strong> Stadion im. 22 lipca, Pozna\u0144<\/li>\n<li><strong>Trener:<\/strong> Komitet Selekcyjny, Wac\u0142aw Pegza, Wies\u0142aw Motoczy\u0144ski, trener: Tadeusz Fory\u015b<\/li>\n<\/ul>\n<p><strong>\u00a0Sk\u0142ady:<\/strong><\/p>\n<table style=\"border-collapse: collapse; width: 100%; height: 311px;\">\n<thead>\n<tr style=\"height: 21px;\">\n<th style=\"width: 50%; height: 21px;\">[pl] Polska:<\/th>\n<th style=\"width: 50%; height: 21px;\">[tr] Turcja:<\/th>\n<\/tr>\n<\/thead>\n<tbody>\n<tr style=\"height: 386px;\">\n<td style=\"width: 50%; height: 290px;\">\n<ul>\n<li><strong>Konrad Kornek<\/strong> -Odra Opole<\/li>\n<li><strong>Fryderyk Monica<\/strong> -Wis\u0142a Krak\u00f3w<\/li>\n<li><strong>Antoni Nieroba<\/strong> -Ruch Chorz\u00f3w<\/li>\n<li><strong>Roman Bazan<\/strong> -Zag\u0142\u0119bie, Sosnowiec<\/li>\n<li><strong>Piotr Suski<\/strong> -\u0141KS \u0141\u00f3d\u017a<\/li>\n<li><strong>Bernard Blaut<\/strong> -Legia Warszawa<\/li>\n<li><strong>J\u00f3zef Ga\u0142eczka<\/strong> -Zag\u0142\u0119bie Sosnowiec<\/li>\n<li><strong>Lucjan Brychczy<\/strong> kapitan -Legia Warszawa<\/li>\n<li><strong>W\u0142odzimierz Luba\u0144ski<\/strong> do 65&#8242; -G\u00f3rnik Zabrze<\/li>\n<li>od 65&#8242; <strong>Zygfryd Szo\u0142tysik<\/strong> -G\u00f3rnik Zabrze<\/li>\n<li><strong>Jerzy Musia\u0142ek<\/strong> -G\u00f3rnik Zabrze<\/li>\n<li><strong>Eugeniusz Faber<\/strong> -Ruch Chorz\u00f3w<\/li>\n<\/ul>\n<\/td>\n<td style=\"width: 50%; height: 290px;\">\n<ul>\n<li><strong>Turgay \u015eeren<\/strong> kapitan -Galatasaray<\/li>\n<li><strong>Candemir Berkman<\/strong> -Galatasaray<\/li>\n<li><strong>Yal\u00e7\u0131n Saner<\/strong> do 79&#8242; -\u0130stanbulspor<\/li>\n<li>od 79&#8242; <strong>S\u00fcreyya \u00d6zkefe<\/strong> -Be\u015fikta\u015f<\/li>\n<li><strong>\u015eeref Has<\/strong> -Fenerbah\u00e7e<\/li>\n<li><strong>Sabahattin Kuruo\u011flu<\/strong> -Be\u015fikta\u015f<\/li>\n<li><strong>Kaya K\u00f6stepen<\/strong> -Be\u015fikta\u015f<\/li>\n<li><strong>Tar\u0131k Kutver<\/strong> -Galatasaray<\/li>\n<li><strong>Suat Mamat<\/strong> -Be\u015fikta\u015f<\/li>\n<li><strong>Metin Oktay<\/strong> do 42&#8242; -Galatasaray<\/li>\n<li>od 42&#8242; <strong>U\u011fur K\u00f6ken<\/strong> -Galatasaray<\/li>\n<li><strong>\u015eenol Birol<\/strong> -Fenerbah\u00e7e<\/li>\n<li><strong>Birol Pekel<\/strong> -Fenerbah\u00e7e<\/li>\n<\/ul>\n<\/td>\n<\/tr>\n<\/tbody>\n<\/table>\n<p><div id=\"attachment_11814\" style=\"width: 610px\" class=\"wp-caption aligncenter\"><img loading=\"lazy\" decoding=\"async\" aria-describedby=\"caption-attachment-11814\" class=\"wp-image-11814 size-medium\" src=\"https:\/\/kronika-futbolu.pl\/historia\/wp-content\/uploads\/2022\/01\/6A_polska_turcja_1963_Cumhuriyet_Gunluk_Gazetesi_ve_Arsivi_nr14059-600x240.png\" alt=\"Polska - Turcja 1963\" width=\"600\" height=\"240\" srcset=\"https:\/\/kronika-futbolu.pl\/historia\/wp-content\/uploads\/2022\/01\/6A_polska_turcja_1963_Cumhuriyet_Gunluk_Gazetesi_ve_Arsivi_nr14059-600x240.png 600w, https:\/\/kronika-futbolu.pl\/historia\/wp-content\/uploads\/2022\/01\/6A_polska_turcja_1963_Cumhuriyet_Gunluk_Gazetesi_ve_Arsivi_nr14059-768x307.png 768w, https:\/\/kronika-futbolu.pl\/historia\/wp-content\/uploads\/2022\/01\/6A_polska_turcja_1963_Cumhuriyet_Gunluk_Gazetesi_ve_Arsivi_nr14059-1536x613.png 1536w, https:\/\/kronika-futbolu.pl\/historia\/wp-content\/uploads\/2022\/01\/6A_polska_turcja_1963_Cumhuriyet_Gunluk_Gazetesi_ve_Arsivi_nr14059.png 1686w\" sizes=\"auto, (max-width: 600px) 100vw, 600px\" \/><p id=\"caption-attachment-11814\" class=\"wp-caption-text\">Polska &#8211; Turcja 1963 Cumhuriyet Gunluk Gazetesi ve Arsivi nr14059<\/p><\/div> <div id=\"attachment_11815\" style=\"width: 610px\" class=\"wp-caption alignleft\"><img loading=\"lazy\" decoding=\"async\" aria-describedby=\"caption-attachment-11815\" class=\"wp-image-11815 size-medium\" src=\"https:\/\/kronika-futbolu.pl\/historia\/wp-content\/uploads\/2022\/01\/6B_polska_turcja_1963_112223_Trybuna_Robotnicza_1963_nr_225_-600x332.png\" alt=\"Polska - Turcja 1963\" width=\"600\" height=\"332\" srcset=\"https:\/\/kronika-futbolu.pl\/historia\/wp-content\/uploads\/2022\/01\/6B_polska_turcja_1963_112223_Trybuna_Robotnicza_1963_nr_225_-600x332.png 600w, https:\/\/kronika-futbolu.pl\/historia\/wp-content\/uploads\/2022\/01\/6B_polska_turcja_1963_112223_Trybuna_Robotnicza_1963_nr_225_-768x425.png 768w, https:\/\/kronika-futbolu.pl\/historia\/wp-content\/uploads\/2022\/01\/6B_polska_turcja_1963_112223_Trybuna_Robotnicza_1963_nr_225_.png 1125w\" sizes=\"auto, (max-width: 600px) 100vw, 600px\" \/><p id=\"caption-attachment-11815\" class=\"wp-caption-text\">Polska &#8211; Turcja 1963.Trybuna Robotnicza 1963 nr 225<\/p><\/div><\/p>\n<p style=\"text-align: justify;\">18 dni po rozgromieniu Norweg\u00f3w 9-0 w Szczecinie co by\u0142o przez wiele dekad najwy\u017cszym wynikiem w dziejach Bia\u0142o-Czerwonych, Polacy zremisowali bezbramkowo z Turcj\u0105. Oko\u0142o 55 tysi\u0119cy widz\u00f3w na stadionie Warty w Poznaniu zobaczy\u0142o nieudane pr\u00f3by sforsowania tureckiej obrony.<\/p>\n<p style=\"text-align: justify;\">Turcy mogli by\u0107 jak najbardziej zadowoleni z wyniku. Przed meczem w udzielanych wywiadach wspominali w\u0142a\u015bnie, \u017ce nie narzekaliby na remis. Co innego Polacy, kt\u00f3rzy og\u00f3lnie przewa\u017cali w spotkaniu, lecz nic z tego nie wynik\u0142o. Zabrak\u0142o po jednej i po drugie stronie akcji stuprocentowych do zdobycia bramki. \u015arodek drugiej po\u0142owy nale\u017ca\u0142 do najlepszego do ogl\u0105dania przez ca\u0142e widowisko.\u00a0<\/p>\n<p style=\"text-align: justify;\">Pi\u0105ta gra Bia\u0142o-Czerwonych w 1963 roku i pi\u0105ta bez pora\u017cki. Lucjan Brychczy poprawi\u0142 sw\u00f3j wynik wyst\u0119p\u00f3w w Reprezentacji Polski i po tym spotkaniu wyni\u00f3s\u0142 47 gier. Dyspozycja kapitana Polak\u00f3w jednak by\u0142a daleka od co najmniej dobrej.\u00a0<\/p>\n<h2><span class=\"ez-toc-section\" id=\"5_Mecz_Polska_%E2%80%93_Turcja_0_1_19_maja_1957r\"><\/span><a id=\"mecz5\"><\/a>5. Mecz Polska &#8211; Turcja 0:1 (19 maja 1957r.)<span class=\"ez-toc-section-end\"><\/span><\/h2>\n<ul>\n<li><strong>Data meczu:<\/strong> 19.05.1957<\/li>\n<li><strong>Ranga meczu:<\/strong> Towarzyski<\/li>\n<li><strong>S\u0119dzia:<\/strong> Alfred Grill &#8211; Austria<\/li>\n<li><strong>Stadion:<\/strong> Stadion Dziesi\u0119ciolecia Manifestu Lipcowego, Warszawa<\/li>\n<li><strong>Trener:<\/strong> Komitet Selekcyjny, Henryk Reyman, J\u00f3zef Ziemian, Feliks Dyrda, trener: Ryszard Koncewicz<\/li>\n<\/ul>\n<p><strong> \u26bd Strzelony gol:<\/strong><\/p>\n<ul>\n<li>Mehmet Ali Has [tr] 42&#8242;<\/li>\n<\/ul>\n<p><strong>\u00a0Sk\u0142ady:<\/strong><\/p>\n<table style=\"border-collapse: collapse; width: 100%; height: 311px;\">\n<thead>\n<tr style=\"height: 21px;\">\n<th style=\"width: 50%; height: 21px;\">[pl] Polska:<\/th>\n<th style=\"width: 50%; height: 21px;\">[tr] Turcja:<\/th>\n<\/tr>\n<\/thead>\n<tbody>\n<tr style=\"height: 386px;\">\n<td style=\"width: 50%; height: 290px;\">\n<ul>\n<li><strong>Edward Szymkowiak<\/strong> -Polonia Bytom<\/li>\n<li><strong>Horst Mahseli<\/strong> -Legia Warszawa<\/li>\n<li><strong>Roman Korynt<\/strong> -Lechia Gda\u0144sk<\/li>\n<li><strong>Jerzy Wo\u017aniak<\/strong> -Legia Warszawa<\/li>\n<li><strong>Czes\u0142aw Suszczyk<\/strong> kapitan -Ruch Chorz\u00f3w<\/li>\n<li><strong>Edmund Zientara<\/strong> -Legia Warszawa<\/li>\n<li><strong>Ernest Pol<\/strong> -G\u00f3rnik Zabrze<\/li>\n<li><strong>Edward Jankowski<\/strong> do 46&#8242; -G\u00f3rnik Zabrze<\/li>\n<li>od 46&#8242; <strong>Lucjan Brychczy<\/strong> -Legia Warszawa<\/li>\n<li><strong>Henryk Kempny<\/strong> -Legia Warszawa<\/li>\n<li><strong>Roman Lentner<\/strong> -G\u00f3rnik Zabrze<\/li>\n<li><strong>Krzysztof Baszkiewicz<\/strong> do 46&#8242; -Gwardia Warszawa<\/li>\n<li>od 46&#8242;<strong> Edmund Kowal<\/strong> -G\u00f3rnik Zabrze<\/li>\n<\/ul>\n<\/td>\n<td style=\"width: 50%; height: 290px;\">\n<ul>\n<li><strong>Turgay \u015eeren<\/strong> kapitan do 36&#8242; -Galatasaray<\/li>\n<li>od 36&#8242; <strong>\u015e\u00fckr\u00fc Ersoy<\/strong> -Fenerbah\u00e7e<\/li>\n<li><strong>Ahmet Berman<\/strong> do 36&#8242; -Be\u015fikta\u015f<\/li>\n<li>od 36&#8242; <strong>Ali Beratl\u0131gil<\/strong> -Galatasaray<\/li>\n<li><strong>Basri Dirimlili<\/strong> -Fenerbah\u00e7e<\/li>\n<li><strong>Mustafa Ertan<\/strong> -Muhaf\u0131zg\u00fcc\u00fc<\/li>\n<li><strong>Ergun Ercins<\/strong> -Galatasaray<\/li>\n<li><strong>Nejat K\u00fc\u00e7\u00fcksorgunlu<\/strong> -Vefa<\/li>\n<li><strong>\u0130sfendiyar A\u00e7\u0131ks\u00f6z<\/strong> do 46&#8242; -Galatasaray<\/li>\n<li>od 46&#8242;<strong> Hilmi Kiremit\u00e7i<\/strong> -Vefa<\/li>\n<li><strong>Mehmet Ali Has<\/strong> -Adalet<\/li>\n<li><strong>Metin Oktay<\/strong> do 46&#8242; -Galatasaray<\/li>\n<li>od 46&#8242; <strong>Abdullah Matay<\/strong> -Beykoz<\/li>\n<li><strong>Kadri Ayta<\/strong>\u00e7 -Galatasaray<\/li>\n<li><strong>Lefter K\u00fc\u00e7\u00fckandonyadis<\/strong> -Fenerbah\u00e7e<\/li>\n<\/ul>\n<\/td>\n<\/tr>\n<\/tbody>\n<\/table>\n<div id=\"attachment_11805\" style=\"width: 610px\" class=\"wp-caption aligncenter\"><img loading=\"lazy\" decoding=\"async\" aria-describedby=\"caption-attachment-11805\" class=\"wp-image-11805 size-medium\" src=\"https:\/\/kronika-futbolu.pl\/historia\/wp-content\/uploads\/2022\/01\/5A_polska_turcja_1957_Trybuna-Robotnicza-1957-nr-118-600x347.png\" alt=\"Polska - Turcja 1957\" width=\"600\" height=\"347\" srcset=\"https:\/\/kronika-futbolu.pl\/historia\/wp-content\/uploads\/2022\/01\/5A_polska_turcja_1957_Trybuna-Robotnicza-1957-nr-118-600x347.png 600w, https:\/\/kronika-futbolu.pl\/historia\/wp-content\/uploads\/2022\/01\/5A_polska_turcja_1957_Trybuna-Robotnicza-1957-nr-118-768x444.png 768w, https:\/\/kronika-futbolu.pl\/historia\/wp-content\/uploads\/2022\/01\/5A_polska_turcja_1957_Trybuna-Robotnicza-1957-nr-118-1536x888.png 1536w, https:\/\/kronika-futbolu.pl\/historia\/wp-content\/uploads\/2022\/01\/5A_polska_turcja_1957_Trybuna-Robotnicza-1957-nr-118.png 1615w\" sizes=\"auto, (max-width: 600px) 100vw, 600px\" \/><p id=\"caption-attachment-11805\" class=\"wp-caption-text\">Polska &#8211; Turcja 1957<\/p><\/div>\n<p style=\"text-align: justify;\">Jeden z tych mecz\u00f3w w dziejach Reprezentacji Polski, kt\u00f3rych opis trzeba zacz\u0105\u0107 od spraw oko\u0142osportowych. Gra i wynik po pierwsze nie zachwyci\u0142y, a po drugie warto odnotowa\u0107 kilak fakt\u00f3w. Po raz pierwszy w historii mecz polskiej dru\u017cyny narodowej by\u0142 transmitowany w polskiej telewizji. Rok 1957 by\u0142 prze\u0142omowy je\u015bli chodzi o sport w telewizji. Pokazywano walki bokserskie, szermiercze, oraz kilka mecz\u00f3w ligowych. 5 maja 1957 roku przeprowadzono tak\u017ce transmisj\u0119 meczu pomi\u0119dzy reprezentacjami ligi polskiej i w\u0119gierskiej (lub jak niekt\u00f3rzy pisz\u0105, by\u0142 to nieoficjalny mecz Polski i W\u0119gier). Kolejn\u0105 ciekawostk\u0105 zwi\u0105zan\u0105 ze spotkaniem z Turcj\u0105 by\u0142o stroje Polak\u00f3w, kt\u00f3re nie by\u0142y ani bia\u0142e, ani czerwone, lecz niebieskie.<\/p>\n<p style=\"text-align: justify;\">Jedyny gol pad\u0142 tu\u017c przed przerw\u0105. Po b\u0142\u0119dzie Korynta turecki zawodnik znalaz\u0142 si\u0119 sam na sam z polskim bramkarzem i wykorzysta\u0142 jedn\u0105 z nielicznych szans Turk\u00f3w w tym spotkaniu. Wcze\u015bniej podobnej sytuacji nie wykorzysta\u0142 Ernest Pol. Polacy zagrali s\u0142abo zw\u0142aszcza w ataku. Przewaga w grze nie przynosi\u0142a po\u017c\u0105danych efekt\u00f3w, zawi\u00f3d\u0142 brak skuteczno\u015bci i lepszego rozegrania pi\u0142ki pod bramk\u0105 rywali.\u00a0<\/p>\n<p style=\"text-align: justify;\">W Reprezentacji Polski zadebiutowa\u0142 gracz G\u00f3rnika Zabrze, blisko 20-letni Roman Lentner, kt\u00f3ry reprezentowa\u0142 barwy narodowe do 1966 roku.<\/p>\n<h2><span class=\"ez-toc-section\" id=\"4_Mecz_Turcja_%E2%80%93_Polska_1_1_16_listopada_1956_r\"><\/span><a id=\"mecz4\"><\/a>4. Mecz Turcja &#8211; Polska 1:1 (16 listopada 1956 r.)<span class=\"ez-toc-section-end\"><\/span><\/h2>\n<ul>\n<li><strong>Data meczu:<\/strong> 16.11.1956<\/li>\n<li><strong>Ranga meczu:<\/strong> Towarzyski<\/li>\n<li><strong>S\u0119dzia:<\/strong> Gustav Jiranek &#8211; Austria<\/li>\n<li><strong>Stadion:<\/strong> Mithatpa\u015fa Stadyumu, Stambu\u0142<\/li>\n<li><strong>Trener:<\/strong> Komitet Selekcyjny, Henryk Reyman, Czes\u0142aw Krug, Feliks Dyrda, trener: Ryszard Koncewicz<\/li>\n<\/ul>\n<p><strong> \u26bd Strzelone bramki:<\/strong><\/p>\n<ul>\n<li>Ernest Pol [pl] 2&#8242;<\/li>\n<li>Metin Oktay [tr] 8&#8242;<\/li>\n<\/ul>\n<p><strong>\u00a0Sk\u0142ady:<\/strong><\/p>\n<table style=\"border-collapse: collapse; width: 100%; height: 311px;\">\n<thead>\n<tr style=\"height: 21px;\">\n<th style=\"width: 50%; height: 21px;\">[tr] Turcja:<\/th>\n<th style=\"width: 50%; height: 21px;\">[pl] Polska:<\/th>\n<\/tr>\n<\/thead>\n<tbody>\n<tr style=\"height: 386px;\">\n<td style=\"width: 50%; height: 290px;\">\n<ul>\n<li><strong>Turgay \u015eeren<\/strong> kapitan -Galatasaray<\/li>\n<li><strong>Saim Tay\u015fengil<\/strong> -Galatasaray<\/li>\n<li><strong>Basri Dirimlili<\/strong> -Fenerbah\u00e7e<\/li>\n<li><strong>Mustafa Ertan<\/strong> -Muhaf\u0131zg\u00fcc\u00fc<\/li>\n<li><strong>Naci Erdem<\/strong> -Fenerbah\u00e7e<\/li>\n<li><strong>Necdet \u00c7oruh<\/strong> -Fenerbah\u00e7e<\/li>\n<li><strong>\u0130sfendiyar A\u00e7\u0131ks\u00f6z<\/strong> -Galatasaray<\/li>\n<li><strong>Can Bartu<\/strong> do 46&#8242; -Fenerbah\u00e7e<\/li>\n<li>od 46&#8242; <strong>\u015eeref Has<\/strong> -Fenerbah\u00e7e<\/li>\n<li><strong>Metin Oktay<\/strong> -Galatasaray<\/li>\n<li><strong>Kadri Ayta\u00e7<\/strong> -Galatasaray<\/li>\n<li><strong>Lefter K\u00fc\u00e7\u00fckandonyadis<\/strong> do 46&#8242; -Fenerbah\u00e7e<\/li>\n<li>od 46&#8242; <strong>Recep Adan\u0131r<\/strong> -Be\u015fikta\u015f<\/li>\n<\/ul>\n<\/td>\n<td style=\"width: 50%; height: 290px;\">\n<ul>\n<li><strong>Edward Szymkowiak<\/strong> do 88&#8242; -CWKS Warszawa<\/li>\n<li>od 88&#8242; <strong>J\u00f3zef Machnik<\/strong> -G\u00f3rnik Zabrze<\/li>\n<li><strong>Horst Mahseli<\/strong> -CWKS Warszawa<\/li>\n<li><strong>Roman Korynt<\/strong> -Lechia Gda\u0144sk<\/li>\n<li><strong>Jerzy Wo\u017aniak<\/strong> -CWKS Warszawa<\/li>\n<li><strong>Czes\u0142aw Suszczyk<\/strong> kapitan -Ruch Chorz\u00f3w<\/li>\n<li><strong>Edmund Zientara<\/strong> -CWKS Warszawa<\/li>\n<li><strong>Ernest Pol<\/strong> do 22&#8242; -CWKS Warszawa<\/li>\n<li>od 22&#8242; <strong>Lucjan Brychczy<\/strong> -CWKS Warszawa<\/li>\n<li><strong>Henryk Szymborski<\/strong> -\u0141KS \u0141\u00f3d\u017a<\/li>\n<li><strong>Henryk Kempny<\/strong> -CWKS Warszawa<\/li>\n<li><strong>Edmund Kowal<\/strong> do 76&#8242; -CWKS Warszawa<\/li>\n<li>od 76&#8242; <strong>Marceli Strzykalski<\/strong> -CWKS Warszawa<\/li>\n<li><strong>Henryk Czech<\/strong> -G\u00f3rnik Zabrze<\/li>\n<\/ul>\n<\/td>\n<\/tr>\n<\/tbody>\n<\/table>\n<p><div id=\"attachment_11753\" style=\"width: 610px\" class=\"wp-caption aligncenter\"><img loading=\"lazy\" decoding=\"async\" aria-describedby=\"caption-attachment-11753\" class=\"wp-image-11753 size-medium\" src=\"https:\/\/kronika-futbolu.pl\/historia\/wp-content\/uploads\/2021\/12\/4A_turcja_polska_1956_Cumhuriyet_nr11605-600x310.png\" alt=\"Turcja-Polska 1956\" width=\"600\" height=\"310\" srcset=\"https:\/\/kronika-futbolu.pl\/historia\/wp-content\/uploads\/2021\/12\/4A_turcja_polska_1956_Cumhuriyet_nr11605-600x310.png 600w, https:\/\/kronika-futbolu.pl\/historia\/wp-content\/uploads\/2021\/12\/4A_turcja_polska_1956_Cumhuriyet_nr11605-768x397.png 768w, https:\/\/kronika-futbolu.pl\/historia\/wp-content\/uploads\/2021\/12\/4A_turcja_polska_1956_Cumhuriyet_nr11605.png 1069w\" sizes=\"auto, (max-width: 600px) 100vw, 600px\" \/><p id=\"caption-attachment-11753\" class=\"wp-caption-text\">Turcja-Polska 1956. \u0179r\u00f3d\u0142o: Cumhuriyet_nr11605<\/p><\/div> <div id=\"attachment_11754\" style=\"width: 254px\" class=\"wp-caption alignleft\"><img loading=\"lazy\" decoding=\"async\" aria-describedby=\"caption-attachment-11754\" class=\"wp-image-11754 size-medium\" src=\"https:\/\/kronika-futbolu.pl\/historia\/wp-content\/uploads\/2021\/12\/4B_turcja_polska_1956_trybuna_robotnicza-244x400.png\" alt=\"Turcja-Polska 1956\" width=\"244\" height=\"400\" srcset=\"https:\/\/kronika-futbolu.pl\/historia\/wp-content\/uploads\/2021\/12\/4B_turcja_polska_1956_trybuna_robotnicza-244x400.png 244w, https:\/\/kronika-futbolu.pl\/historia\/wp-content\/uploads\/2021\/12\/4B_turcja_polska_1956_trybuna_robotnicza.png 354w\" sizes=\"auto, (max-width: 244px) 100vw, 244px\" \/><p id=\"caption-attachment-11754\" class=\"wp-caption-text\">Turcja-Polska 1956. \u0179r\u00f3d\u0142o: Trybuna Robotnicza<\/p><\/div><\/p>\n<p style=\"text-align: justify;\">Po efektownych zwyci\u0119stwach z Norwegi\u0105 (5-3) i Finlandi\u0105 (5-0) Reprezentacja Polski uda\u0142a si\u0119 do Stambu\u0142u na mecz z Turcj\u0105, kt\u00f3ry by\u0142 ostatnim w 1956 roku w wykonaniu polskich pi\u0142karzy. 30 lat min\u0119\u0142o od ostatniego spotkania pomi\u0119dzy Polsk\u0105 a, Turcj\u0105. W 1926 roku Bia\u0142o-Czerwoni wygrali 6-1, lecz tym razem rywale pokazali si\u0119 z o wiele lepszej formy.\u00a0<\/p>\n<p style=\"text-align: justify;\">Zacz\u0119\u0142o si\u0119 wy\u015bmienicie, bowiem ju\u017c w 2 minucie Polska prowadzi\u0142a 1-0 po golu Pola. Niestety od tego momentu inicjatyw\u0119 przej\u0119li gospodarze. Ju\u017c w 8 minucie doprowadzili do wyr\u00f3wnania dzi\u0119ki trafieniu Oktaya. W dalszej cz\u0119\u015bci meczu Turcy przewa\u017cali i bombardowali bramk\u0119 Szymkowiaka. Dopiero koniec II po\u0142owy przyni\u00f3s\u0142 odrodzenie polskiej dru\u017cyny. Wynik jednak pozosta\u0142 bez zmian. Pierwszy remis w czwartym meczu polsko-tureckim nale\u017cy uzna\u0107 za szcz\u0119\u015bliwy, bo mog\u0142o sko\u0144czy\u0107 si\u0119 pora\u017ck\u0105 Bia\u0142o-Czerwonych.\u00a0<\/p>\n<p style=\"text-align: justify;\">Henryk Czech zadebiutowa\u0142 i zarazem zako\u0144czy\u0142 swoj\u0105 przygod\u0119 w kadrze. Ostatni raz w polskiej reprezentacji zagra\u0142 tak\u017ce J\u00f3zef Machnik (\u0142\u0105cznie 2 mecze). W zespole tureckim zadebiutowali: Necdet \u00c7oruh, Can Bartu, \u015eeref Has.\u00a0<\/p>\n<h2 id=\"mecz-23-06-1974\"><span class=\"ez-toc-section\" id=\"3_Mecz_Polska_%E2%80%93_Turcja_6_1_12_wrzesnia_1926_r\"><\/span><a id=\"mecz3\"><\/a>3. Mecz Polska &#8211; Turcja 6:1 (12 wrze\u015bnia 1926 r.)<span class=\"ez-toc-section-end\"><\/span><\/h2>\n<ul>\n<li><strong>Data meczu:<\/strong> 12.09.1926<\/li>\n<li><strong>Ranga meczu:<\/strong> Towarzyski<\/li>\n<li><strong>S\u0119dzia:<\/strong> Franti\u0161ek Cejnar -Czechos\u0142owacja<\/li>\n<li><strong>Stadion:<\/strong> Stadion imienia Marsza\u0142ka J\u00f3zefa Pi\u0142sudskiego, Lw\u00f3w<\/li>\n<li><strong>Trener:<\/strong> Komitet Selekcyjny, Kapitan Tadeusz Synowiec<\/li>\n<\/ul>\n<p><strong>\u26bd Strzelone bramki:<\/strong><\/p>\n<ul>\n<li>Mieczys\u0142aw Batsch [pl] 27&#8242;<\/li>\n<li>Mieczys\u0142aw Balcer [pl] 50&#8242;<\/li>\n<li>Zygmunt Steuermann [pl] 51&#8242;<\/li>\n<li>Zygmunt Steuermann [pl] 68&#8242;<\/li>\n<li>Zygmunt Steuermann [pl] 72&#8242;<\/li>\n<li>Mieczys\u0142aw Batsch [pl] 77&#8242;<\/li>\n<li>Al\u00e2addin Baydar [tr] 89&#8242;<\/li>\n<\/ul>\n<p><strong>\u00a0Sk\u0142ady:<\/strong><\/p>\n<table style=\"border-collapse: collapse; width: 100%; height: 390px;\">\n<thead>\n<tr style=\"height: 23px;\">\n<th style=\"width: 50%; height: 23px;\">[pl] Polska:<\/th>\n<th style=\"width: 50%; height: 23px;\">[tr] Turcja:<\/th>\n<\/tr>\n<\/thead>\n<tbody>\n<tr style=\"height: 367px;\">\n<td style=\"width: 50%; height: 367px;\">\n<ul>\n<li><strong>Stefan Doma\u0144ski<\/strong> -Warszawianka Warszawa<\/li>\n<li><strong>W\u0142adys\u0142aw Karasiak<\/strong> -WKS \u0141\u00f3d\u017a<\/li>\n<li><strong>Izydor Redler<\/strong> do 46&#8242; -Hasmonea Lw\u00f3w<\/li>\n<li>od 46&#8242;<strong> Franciszek Giebartowski<\/strong> -Pogo\u0144 Lw\u00f3w<\/li>\n<li><strong>Ludwik Schneider<\/strong> -Hasmonea Lw\u00f3w<\/li>\n<li><strong>Wac\u0142aw Kuchar<\/strong> -Pogo\u0144 Lw\u00f3w<\/li>\n<li><strong>Bronis\u0142aw Fichtel<\/strong> -Pogo\u0144 Lw\u00f3w<\/li>\n<li><strong>Jan Durka<\/strong> -\u0141KS \u0141\u00f3d\u017a<\/li>\n<li><strong>Zygmunt Steuermann<\/strong> -Hasmonea Lw\u00f3w<\/li>\n<li><strong>Mieczys\u0142aw Batsch<\/strong> -Pogo\u0144 Lw\u00f3w<\/li>\n<li><strong>J\u00f3zef Garbie\u0144<\/strong> kapitan -Pogo\u0144 Lw\u00f3w<\/li>\n<li><strong>Mieczys\u0142aw Balcer<\/strong> -Wis\u0142a Krak\u00f3w<\/li>\n<\/ul>\n<\/td>\n<td style=\"width: 50%; height: 367px;\">\n<ul>\n<li><strong>Rasim Atala<\/strong> -Galatasaray<\/li>\n<li><strong>Kadri G\u00f6ktulga<\/strong> -Fenerbah\u00e7e<\/li>\n<li><strong>Burhan I\u015f\u0131n<\/strong> do 15&#8242; -Beykoz<\/li>\n<li>od 15&#8242; <strong>Vahyi Oktay<\/strong> -Galatasaray<\/li>\n<li><strong>Kemal R\u0131fat Kalpak\u00e7\u0131o\u011flu<\/strong> -Galatasaray<\/li>\n<li><strong>Hayri Rag\u0131p Candemir<\/strong> -Vefa SK<\/li>\n<li><strong>Burhan Atak<\/strong> -Galatasaray<\/li>\n<li><strong>Mehmet Leblebi<\/strong> do 47&#8242; -Galatasaray<\/li>\n<li>od 47&#8242; <strong>Mehmet Nazif Ger\u00e7in<\/strong> -Galatasaray<\/li>\n<li><strong>Zeki R\u0131za Sporel<\/strong> kapitan -Fenerbah\u00e7e<\/li>\n<li><strong>Sami A\u00e7\u0131k\u00f6ney<\/strong> -Vefa SK<\/li>\n<li><strong>Muslih Peyko\u011flu<\/strong> -Galatasaray<\/li>\n<li><strong>Al\u00e2addin Baydar<\/strong> -Fenerbah\u00e7e<\/li>\n<\/ul>\n<\/td>\n<\/tr>\n<\/tbody>\n<\/table>\n<p><div id=\"attachment_11742\" style=\"width: 599px\" class=\"wp-caption aligncenter\"><img loading=\"lazy\" decoding=\"async\" aria-describedby=\"caption-attachment-11742\" class=\"wp-image-11742 size-full\" src=\"https:\/\/kronika-futbolu.pl\/historia\/wp-content\/uploads\/2021\/12\/3A_polska_turcja_nac.png\" alt=\"Polska-Turcja 1926\" width=\"589\" height=\"316\" \/><p id=\"caption-attachment-11742\" class=\"wp-caption-text\">Polska-Turcja 1926. \u0179r\u00f3d\u0142o: Narodowe Archiwum Cyfrowe NAC<\/p><\/div> <div id=\"attachment_11743\" style=\"width: 586px\" class=\"wp-caption alignleft\"><img loading=\"lazy\" decoding=\"async\" aria-describedby=\"caption-attachment-11743\" class=\"wp-image-11743 size-full\" src=\"https:\/\/kronika-futbolu.pl\/historia\/wp-content\/uploads\/2021\/12\/3B_polska_turcja_nac.png\" alt=\"Polska-Turcja 1926.\" width=\"576\" height=\"317\" \/><p id=\"caption-attachment-11743\" class=\"wp-caption-text\">Polska-Turcja 1926. \u0179r\u00f3d\u0142o: Narodowe Archiwum Cyfrowe NAC<\/p><\/div><\/p>\n<p style=\"text-align: justify;\">21 minut zaj\u0119\u0142o debiutuj\u0105cemu w Reprezentacji Polski Zygmuntowi Steuermannowi na skompletowanie klasyczne &#8222;hat-tricka&#8221;. By\u0142 to pierwszy klasyczny &#8222;hat-trick&#8221; w dziejach polskiej reprezentacji. Poza nim do bramki tureckiej trafili tak\u017ce: Batsch- dwa razy i Balcer. Honorow\u0105 bramk\u0119 dla go\u015bci zdoby\u0142 Al\u00e2addin Baydar, chod\u017a niekt\u00f3re \u017ar\u00f3d\u0142a podaj\u0105 jako strzelca Zeki Riza.\u00a0<\/p>\n<p style=\"text-align: justify;\">Dla Turcji by\u0142a to w\u00f3wczas najwy\u017csza przegrana w 13 meczu tej reprezentacji w historii. Wynik ten poprawi Egipt w 1928 roku, kt\u00f3ry pokona Turk\u00f3w 7-1.<\/p>\n<p style=\"text-align: justify;\">Poza Steuermannem debiut zaliczyli: Izydor Redler, Jan Durka, Franciszek Giebartowski. Dla Redlera i Durki by\u0142 to zarazem ostatni wyst\u0119p w kadrze. Ostatni raz dla Reprezentacji Polski zagrali jeszcze: Ludwik Schneider (\u0142\u0105cznie 2 mecze), Bronis\u0142aw Fichtel (\u0142\u0105cznie 2 mecze), Mieczys\u0142aw Batsch (\u0142\u0105cznie 11 mecz\u00f3w i 8 goli), oraz J\u00f3zef Garbie\u0144 (8 wyst\u0119p\u00f3w i 2 bramki).<\/p>\n<p style=\"text-align: justify;\">Po raz drugi mecz polskiej reprezentacji zosta\u0142 rozegrany we Lwowie.<\/p>\n<h2><span class=\"ez-toc-section\" id=\"2_Mecz_Turcja_%E2%80%93_Polska_1_2_2_pazdziernika_1925_r\"><\/span><a id=\"mecz2\"><\/a>2. Mecz Turcja &#8211; Polska 1:2 (2 pa\u017adziernika 1925 r.)<span class=\"ez-toc-section-end\"><\/span><\/h2>\n<ul>\n<li><strong>Data meczu:<\/strong> 02.10.1925<\/li>\n<li><strong>Ranga meczu:<\/strong> Towarzyski<\/li>\n<li><strong>S\u0119dzia:<\/strong> Peco Bauwens, Niemcy<\/li>\n<li><strong>Stadion:<\/strong> Taksim Stad, Stambu\u0142<\/li>\n<li><strong>Trener:<\/strong> Komitet Selekcyjny, Kapitan Tadeusz Synowiec<\/li>\n<\/ul>\n<p><strong>\u26bd Strzelone bramki:<\/strong><\/p>\n<ul>\n<li>Zeki Riza [tr] 5&#8242;<\/li>\n<li>J\u00f3zef Adamek [pl] 26&#8242;<\/li>\n<li>Leon Sperling [tr] 65&#8242;<\/li>\n<\/ul>\n<p><strong>\u00a0Sk\u0142ady:<\/strong><\/p>\n<table style=\"border-collapse: collapse; width: 100%; height: 312px;\">\n<thead>\n<tr style=\"height: 21px;\">\n<th style=\"width: 50%; height: 21px;\">[tr] Turcja:<\/th>\n<th style=\"width: 50%; height: 21px;\">[pl] Polska:<\/th>\n<\/tr>\n<\/thead>\n<tbody>\n<tr style=\"height: 291px;\">\n<td style=\"width: 50%; height: 291px;\">\n<ul>\n<li><strong>Hamit Akbay<\/strong> -Fenerbahce<\/li>\n<li><strong>Mehmet Nazif Gercin<\/strong> -Galatasaray<\/li>\n<li><strong>Kadri Goktulga<\/strong> -Fenerbahce<\/li>\n<li><strong>Kemal Rifat Kalpakcioglu<\/strong> kapitan -Galatasaray<\/li>\n<li><strong>Nihat Bekdik<\/strong> -Galatasaray<\/li>\n<li><strong>Sabih Arca<\/strong> -Fenerbahce<\/li>\n<li><strong>Mehmet Leblebi<\/strong> -Galatasaray<\/li>\n<li><strong>Alaaddin Baydar<\/strong> -Fenerbahce<\/li>\n<li><strong>Zeki Riza <\/strong>-Fenerbahce*<\/li>\n<li><strong>Mithat Ertug<\/strong>\u00a0do 46&#8242; -Galatasaray<\/li>\n<li>od 46&#8242; <strong>Sami Acikoney<\/strong> -Vefa<\/li>\n<li><strong>Bedri Gursoy<\/strong> -Fenerbahce<\/li>\n<\/ul>\n<\/td>\n<td style=\"width: 50%; height: 291px;\">\n<ul>\n<li><strong>Emil G\u00f6rlitz<\/strong> do 85&#8242; -Pogo\u0144 Lw\u00f3w<\/li>\n<li>od 85&#8242; <strong>Antoni Malczyk<\/strong> -Cracovia **<\/li>\n<li><strong>Mieczys\u0142aw Czajkowski<\/strong> do 46&#8242; -Polonia Warszawa<\/li>\n<li>od 46&#8242; <strong>Aleksander Pychowski<\/strong> -Wis\u0142a Krak\u00f3w **<\/li>\n<li><strong>Ludwik Gintel<\/strong> -Cracovia<\/li>\n<li><strong>Karol Hanke<\/strong> -Pogo\u0144 Lw\u00f3w<\/li>\n<li><strong>J\u00f3zef Adamek<\/strong> -Wis\u0142a Krak\u00f3w<\/li>\n<li><strong>J\u00f3zef Ka\u0142u\u017ca<\/strong> kapitan -Cracovia<\/li>\n<li><strong>Zygmunt Chru\u015bci\u0144ski<\/strong> -Cracovia<\/li>\n<li><strong>Tadeusz Zastawniak<\/strong> -KS Cracovia<\/li>\n<li><strong>J\u00f3zef S\u0142onecki<\/strong> -Pogo\u0144 Lw\u00f3w<\/li>\n<li><strong>Wac\u0142aw Kuchar<\/strong> -Pogo\u0144 Lw\u00f3w<\/li>\n<li><strong>Leon Sperling<\/strong> -Cracovia<\/li>\n<\/ul>\n<\/td>\n<\/tr>\n<\/tbody>\n<\/table>\n<div id=\"attachment_11725\" style=\"width: 610px\" class=\"wp-caption alignleft\"><img loading=\"lazy\" decoding=\"async\" aria-describedby=\"caption-attachment-11725\" class=\"wp-image-11725 size-medium\" src=\"https:\/\/kronika-futbolu.pl\/historia\/wp-content\/uploads\/2021\/12\/2B_turcja_polska_1925_przeglad_sportowy-600x387.png\" alt=\"Turcja-Polska 1925\" width=\"600\" height=\"387\" srcset=\"https:\/\/kronika-futbolu.pl\/historia\/wp-content\/uploads\/2021\/12\/2B_turcja_polska_1925_przeglad_sportowy-600x387.png 600w, https:\/\/kronika-futbolu.pl\/historia\/wp-content\/uploads\/2021\/12\/2B_turcja_polska_1925_przeglad_sportowy-768x495.png 768w, https:\/\/kronika-futbolu.pl\/historia\/wp-content\/uploads\/2021\/12\/2B_turcja_polska_1925_przeglad_sportowy.png 920w\" sizes=\"auto, (max-width: 600px) 100vw, 600px\" \/><p id=\"caption-attachment-11725\" class=\"wp-caption-text\">Turcja-Polska 1925. Przegl\u0105d Sportowy<\/p><\/div>\n<p style=\"text-align: justify;\">W drugim meczu Polski z Turcj\u0105 znowu lepsi okazali si\u0119 Polacy. By\u0142a to pierwsza wizyta Reprezentacji Polski w Turcji. Kolejna mia\u0142a miejsce 31 lat p\u00f3\u017aniej. O tym spotkaniu niewiele informacji zosta\u0142o zapisanych i dopiero bardziej szczeg\u00f3\u0142owe badania w XXI wieku odkry\u0142y nowe fakty o spotkaniu. By\u0142 to czwarty mecz Polak\u00f3w w 1926 roku i pierwsza wygrana. Turcy r\u00f3wnie\u017c w czwartym spotkaniu w tym roku odnie\u015bli drug\u0105 pora\u017ck\u0119.\u00a0<\/p>\n<p style=\"text-align: justify;\">Spotkanie zosta\u0142o zorganizowane w bardzo szybkim czasie, co zapewne mia\u0142o te\u017c wp\u0142yw na gorsz\u0105 dokumentacj\u0119 tego spotkania w polskiej prasie. Bramk\u0119 dla Turk\u00f3w zdoby\u0142 Zeki Riza- chod\u017a mo\u017cna spotka\u0107 inne nazwisko strzelca. Dla Polski trafili Adamek i Sperling. W polskim zespole grali g\u0142\u00f3wnie pi\u0142karze z Krakowa i Lwowa.<\/p>\n<p style=\"text-align: justify;\">Polska mog\u0142a wygra\u0107 wy\u017cej , ale pod koniec spotkania nie wykorzysta\u0142a rzutu karnego.\u00a0<\/p>\n<p>&nbsp;<\/p>\n<p>*w niekt\u00f3rych \u017ar\u00f3d\u0142ach mo\u017cna znale\u017a\u0107 b\u0142\u0119dn\u0105 informacj\u0119, \u017ce gra\u0142 <strong>Zeki Gunel <\/strong>(Beykoz)<\/p>\n<p>** niekt\u00f3re \u017ar\u00f3d\u0142a nie podaj\u0105 zmian w tym meczu<\/p>\n<h2 id=\"mecz-18-04-1965\"><span class=\"ez-toc-section\" id=\"1_Mecz_Polska_%E2%80%93_Turcja_2_0_29_czerwca_1924_r\"><\/span><a id=\"mecz1\"><\/a>1. Mecz Polska &#8211; Turcja 2:0 (29 czerwca 1924 r.)<span class=\"ez-toc-section-end\"><\/span><\/h2>\n<ul>\n<li><strong>Data meczu:<\/strong> 29.06.1924<\/li>\n<li><strong>Ranga meczu:<\/strong> Towarzyski<\/li>\n<li><strong>S\u0119dzia:<\/strong> Mih\u00e1ly Iv\u00e1ncsics &#8211; W\u0119gry\u00a0<\/li>\n<li><strong>Stadion: <\/strong>Stadion Miejski (\u0141.K.S.), \u0141\u00f3d\u017a<\/li>\n<li><strong>Trener:<\/strong> Komitet selekcyjny, Kapitan: Adam Obrubia\u0144ski, trener: Ignacy Rosenstock<\/li>\n<\/ul>\n<p><strong>\u26bd Strzelone bramki:<\/strong><\/p>\n<ul>\n<li>Mieczys\u0142aw Balcer [pl] 42&#8242;<\/li>\n<li>Henryk Reyman [pl] 43&#8242;<\/li>\n<\/ul>\n<p><strong>\u00a0Sk\u0142ady:<\/strong><\/p>\n<table style=\"border-collapse: collapse; width: 100%; height: 322px;\">\n<thead>\n<tr style=\"height: 21px;\">\n<th style=\"width: 50%; height: 21px;\">[pl] Polska:<\/th>\n<th style=\"width: 50%; height: 21px;\">[tr] Turcja:<\/th>\n<\/tr>\n<\/thead>\n<tbody>\n<tr style=\"height: 362px;\">\n<td style=\"width: 50%; height: 301px;\">\n<ul>\n<li><strong>Emil G\u00f6rlitz<\/strong> -1. FC Kattowitz<\/li>\n<li><strong>W\u0142adys\u0142aw Karasiak<\/strong> -\u0141KS \u0141\u00f3d\u017a<\/li>\n<li><strong>Marian Spoida<\/strong> -Warta Pozna\u0144<\/li>\n<li><strong>Zygmunt Otto<\/strong> -\u0141KS \u0141\u00f3d\u017a<\/li>\n<li><strong>Karol Hanke<\/strong> -\u0141KS \u0141\u00f3d\u017a<\/li>\n<li><strong>J\u00f3zef Adamek<\/strong> -Wis\u0142a Krak\u00f3w<\/li>\n<li><strong>Jan Loth<\/strong> -Polonia Warszawa<\/li>\n<li><strong>Henryk Reyman<\/strong> kapitan -Wis\u0142a Krak\u00f3w<\/li>\n<li><strong>W\u0142adys\u0142aw Kowalski<\/strong> -Wis\u0142a Krak\u00f3w<\/li>\n<li><strong>Mieczys\u0142aw Balcer<\/strong> -Wis\u0142a Krak\u00f3w<\/li>\n<li><strong>Wawrzyniec Cyl<\/strong> -\u0141KS \u0141\u00f3d\u017a<\/li>\n<\/ul>\n<\/td>\n<td style=\"width: 50%; height: 301px;\">\n<ul>\n<li><strong>Hamit Akbay<\/strong> -Suleymaniye<\/li>\n<li><strong>Cafer Cagatay<\/strong> -Fenerbahce<\/li>\n<li><strong>Ali Gencay<\/strong> -Galatasaray<\/li>\n<li><strong>Ismet Ulug<\/strong> do 25&#8242; -Fenerbahce<\/li>\n<li>od 25&#8242; <strong>Kemal R\u0131fat Kalpakcioglu<\/strong> -Galatasaray<\/li>\n<li><strong>Hamit Arslan<\/strong> -Altay<\/li>\n<li><strong>Mehmet Leblebi<\/strong> -Galatasaray<\/li>\n<li><strong>Alaaddin Baydar<\/strong> -Fenerbahce<\/li>\n<li><strong>Zeki R\u0131za Sporel<\/strong> -Fenerbahce<\/li>\n<li><strong>Muslih Peykoglu<\/strong> -Galatasaray<\/li>\n<li><strong>Bedri Gursoy<\/strong> -Fenerbahce<\/li>\n<li><strong>Nihat Bekdik<\/strong> kapitan -Galatasaray<\/li>\n<\/ul>\n<\/td>\n<\/tr>\n<\/tbody>\n<\/table>\n<p><div id=\"attachment_11704\" style=\"width: 570px\" class=\"wp-caption aligncenter\"><img loading=\"lazy\" decoding=\"async\" aria-describedby=\"caption-attachment-11704\" class=\"wp-image-11704 size-medium\" src=\"https:\/\/kronika-futbolu.pl\/historia\/wp-content\/uploads\/2021\/12\/1A_polska_turcja_1924_nac-560x400.png\" alt=\"Polska-Turcja 1924\" width=\"560\" height=\"400\" srcset=\"https:\/\/kronika-futbolu.pl\/historia\/wp-content\/uploads\/2021\/12\/1A_polska_turcja_1924_nac-560x400.png 560w, https:\/\/kronika-futbolu.pl\/historia\/wp-content\/uploads\/2021\/12\/1A_polska_turcja_1924_nac.png 588w\" sizes=\"auto, (max-width: 560px) 100vw, 560px\" \/><p id=\"caption-attachment-11704\" class=\"wp-caption-text\">Polska-Turcja 1924. \u0179r\u00f3d\u0142o: Narodowe Archiwum Cyfrowe (NAC)<\/p><\/div> <div id=\"attachment_11705\" style=\"width: 610px\" class=\"wp-caption alignleft\"><img loading=\"lazy\" decoding=\"async\" aria-describedby=\"caption-attachment-11705\" class=\"wp-image-11705 size-medium\" src=\"https:\/\/kronika-futbolu.pl\/historia\/wp-content\/uploads\/2021\/12\/1B_polska-turcja_1924_tygodnik_ilustrowany_1924_nr_96-600x244.png\" alt=\"Polska-Turcja 1924\" width=\"600\" height=\"244\" srcset=\"https:\/\/kronika-futbolu.pl\/historia\/wp-content\/uploads\/2021\/12\/1B_polska-turcja_1924_tygodnik_ilustrowany_1924_nr_96-600x244.png 600w, https:\/\/kronika-futbolu.pl\/historia\/wp-content\/uploads\/2021\/12\/1B_polska-turcja_1924_tygodnik_ilustrowany_1924_nr_96-768x312.png 768w, https:\/\/kronika-futbolu.pl\/historia\/wp-content\/uploads\/2021\/12\/1B_polska-turcja_1924_tygodnik_ilustrowany_1924_nr_96.png 1118w\" sizes=\"auto, (max-width: 600px) 100vw, 600px\" \/><p id=\"caption-attachment-11705\" class=\"wp-caption-text\">Polska-Turcja 1924. Tygodnik Ilustrowany nr 93\/1924<\/p><\/div><\/p>\n<p style=\"text-align: justify;\">Pierwszy mecz z Turcj\u0105 zapisa\u0142 si\u0119 wyj\u0105tkowo w dziejach Reprezentacji Polski. Mianowicie po raz pierwszy Polska wygra\u0142a na w\u0142asnym terenie, oraz po raz pierwszy polska reprezentacja nie straci\u0142a bramki. Dla Reprezentacji Turcji , by\u0142 to 6 mecz w historii z czego 3 ostatnie by\u0142y wygrane. Po raz 10 Polska zagra\u0142a w niedziele.<\/p>\n<p style=\"text-align: justify;\">Mecz rozstrzygn\u0105\u0142 si\u0119 pod koniec pierwszej po\u0142owy, kiedy to do tureckiej bramki trafili Mieczys\u0142aw Balcer i Henryk Reyman. Dla obu pi\u0142karzy by\u0142y to premierowe trafienia w kadrze narodowej. Balcer rozgrywa\u0142 dopiero drugie spotkanie w reprezentacji, a Reyman po raz pierwszy by\u0142 kapitanem.<\/p>\n<p style=\"text-align: justify;\">Zadebiutowali: W\u0142adys\u0142aw Karasiak, Karol Hanke, oraz Zygmunt Otto, dla kt\u00f3rego by\u0142 to jedyny wyst\u0119p w kadrze. Dla W\u0142adys\u0142awa Kowalskiego by\u0142 to ostatni wyst\u0119p narodowy (\u0142\u0105cznie 4 mecze i 2 gole), oraz dla Wawrzynica Cyla (\u0142\u0105cznie 3 mecze). Hamit Akbay rozegra\u0142 ostatnie spotkanie w Reprezentacji Turcji- \u0142\u0105cznie 6 mecz\u00f3w i 9 puszczonych bramek.<\/p>\n<h2 id=\"galeria\"><span class=\"ez-toc-section\" id=\"_Przezyjmy_to_jeszcze_raz_%E2%80%93_galeria_zdjec_z_meczy_Polska_%E2%80%93_Turcja\"><\/span>\u00a0Prze\u017cyjmy to jeszcze raz &#8211; galeria zdj\u0119\u0107 z meczy Polska &#8211; Turcja<span class=\"ez-toc-section-end\"><\/span><\/h2>\n<ul class=\"r1-gallery\"><li>\r\n\t\t\t\t<a href=\"https:\/\/kronika-futbolu.pl\/historia\/wp-content\/uploads\/2022\/01\/17B_turcja_polska_kadr_2_gol.png\" title=\"Turcja-Polska 1993. Gol nr 2. Kadr z transmiji.\">\r\n\t\t\t\t\t<img loading=\"lazy\" decoding=\"async\" width=\"600\" height=\"378\" src=\"https:\/\/kronika-futbolu.pl\/historia\/wp-content\/uploads\/2022\/01\/17B_turcja_polska_kadr_2_gol-600x378.png\" class=\"attachment-medium size-medium\" alt=\"Turcja-Polska 1993\" srcset=\"https:\/\/kronika-futbolu.pl\/historia\/wp-content\/uploads\/2022\/01\/17B_turcja_polska_kadr_2_gol-600x378.png 600w, https:\/\/kronika-futbolu.pl\/historia\/wp-content\/uploads\/2022\/01\/17B_turcja_polska_kadr_2_gol-768x484.png 768w, https:\/\/kronika-futbolu.pl\/historia\/wp-content\/uploads\/2022\/01\/17B_turcja_polska_kadr_2_gol.png 781w\" sizes=\"auto, (max-width: 600px) 100vw, 600px\" \/>\r\n\t\t\t\t\t<small>Turcja-Polska 1993. Gol nr 2. Kadr z transmiji.<\/small>\r\n\t\t\t\t<\/a>\r\n\t\t\t<\/li><li>\r\n\t\t\t\t<a href=\"https:\/\/kronika-futbolu.pl\/historia\/wp-content\/uploads\/2022\/01\/17A_turcja_polska_1993_-Cumhuriyet.png\" title=\"Turcja-Polska 1993. \u0179r\u00f3d\u0142o: Cumhuriyet \">\r\n\t\t\t\t\t<img loading=\"lazy\" decoding=\"async\" width=\"600\" height=\"318\" src=\"https:\/\/kronika-futbolu.pl\/historia\/wp-content\/uploads\/2022\/01\/17A_turcja_polska_1993_-Cumhuriyet-600x318.png\" class=\"attachment-medium size-medium\" alt=\"Turcja-Polska 1993\" srcset=\"https:\/\/kronika-futbolu.pl\/historia\/wp-content\/uploads\/2022\/01\/17A_turcja_polska_1993_-Cumhuriyet-600x318.png 600w, https:\/\/kronika-futbolu.pl\/historia\/wp-content\/uploads\/2022\/01\/17A_turcja_polska_1993_-Cumhuriyet-768x407.png 768w, https:\/\/kronika-futbolu.pl\/historia\/wp-content\/uploads\/2022\/01\/17A_turcja_polska_1993_-Cumhuriyet.png 991w\" sizes=\"auto, (max-width: 600px) 100vw, 600px\" \/>\r\n\t\t\t\t\t<small>Turcja-Polska 1993. \u0179r\u00f3d\u0142o: Cumhuriyet <\/small>\r\n\t\t\t\t<\/a>\r\n\t\t\t<\/li><li>\r\n\t\t\t\t<a href=\"https:\/\/kronika-futbolu.pl\/historia\/wp-content\/uploads\/2022\/01\/16B_polska_turcja_1992_kadr_gol_waldocha.png\" title=\"Polska-Turcja 1992. Strza\u0142 Wa\u0142docha daj\u0105cy bramk\u0119. \u0179r\u00f3d\u0142o: kadr z transmisji.\">\r\n\t\t\t\t\t<img loading=\"lazy\" decoding=\"async\" width=\"558\" height=\"400\" src=\"https:\/\/kronika-futbolu.pl\/historia\/wp-content\/uploads\/2022\/01\/16B_polska_turcja_1992_kadr_gol_waldocha-558x400.png\" class=\"attachment-medium size-medium\" alt=\"Polska-Turcja 1992\" srcset=\"https:\/\/kronika-futbolu.pl\/historia\/wp-content\/uploads\/2022\/01\/16B_polska_turcja_1992_kadr_gol_waldocha-558x400.png 558w, https:\/\/kronika-futbolu.pl\/historia\/wp-content\/uploads\/2022\/01\/16B_polska_turcja_1992_kadr_gol_waldocha.png 631w\" sizes=\"auto, (max-width: 558px) 100vw, 558px\" \/>\r\n\t\t\t\t\t<small>Polska-Turcja 1992. Strza\u0142 Wa\u0142docha daj\u0105cy bramk\u0119. \u0179r\u00f3d\u0142o: kadr z transmisji.<\/small>\r\n\t\t\t\t<\/a>\r\n\t\t\t<\/li><li>\r\n\t\t\t\t<a href=\"https:\/\/kronika-futbolu.pl\/historia\/wp-content\/uploads\/2022\/01\/16A_polska_turcja_1992_kadr_przed_rzutem_wolnym_przed_golem.png\" title=\"Polska-Turcja 1992. Rzut wolny. Po do\u015brodkowaniu Wa\u0142doch zdoby\u0142 gola. \u0179r\u00f3d\u0142o: kadr z transmisji.\">\r\n\t\t\t\t\t<img loading=\"lazy\" decoding=\"async\" width=\"579\" height=\"400\" src=\"https:\/\/kronika-futbolu.pl\/historia\/wp-content\/uploads\/2022\/01\/16A_polska_turcja_1992_kadr_przed_rzutem_wolnym_przed_golem-579x400.png\" class=\"attachment-medium size-medium\" alt=\"Polska-Turcja 1992\" srcset=\"https:\/\/kronika-futbolu.pl\/historia\/wp-content\/uploads\/2022\/01\/16A_polska_turcja_1992_kadr_przed_rzutem_wolnym_przed_golem-579x400.png 579w, https:\/\/kronika-futbolu.pl\/historia\/wp-content\/uploads\/2022\/01\/16A_polska_turcja_1992_kadr_przed_rzutem_wolnym_przed_golem.png 628w\" sizes=\"auto, (max-width: 579px) 100vw, 579px\" \/>\r\n\t\t\t\t\t<small>Polska-Turcja 1992. Rzut wolny. Po do\u015brodkowaniu Wa\u0142doch zdoby\u0142 gola. \u0179r\u00f3d\u0142o: kadr z transmisji.<\/small>\r\n\t\t\t\t<\/a>\r\n\t\t\t<\/li><li>\r\n\t\t\t\t<a href=\"https:\/\/kronika-futbolu.pl\/historia\/wp-content\/uploads\/2022\/01\/15B_polska_turcja_1991_3golkadr-1.png\" title=\"\">\r\n\t\t\t\t\t<img loading=\"lazy\" decoding=\"async\" width=\"565\" height=\"400\" src=\"https:\/\/kronika-futbolu.pl\/historia\/wp-content\/uploads\/2022\/01\/15B_polska_turcja_1991_3golkadr-1-565x400.png\" class=\"attachment-medium size-medium\" alt=\"\" srcset=\"https:\/\/kronika-futbolu.pl\/historia\/wp-content\/uploads\/2022\/01\/15B_polska_turcja_1991_3golkadr-1-565x400.png 565w, https:\/\/kronika-futbolu.pl\/historia\/wp-content\/uploads\/2022\/01\/15B_polska_turcja_1991_3golkadr-1.png 626w\" sizes=\"auto, (max-width: 565px) 100vw, 565px\" \/>\r\n\t\t\t\t\t<small><\/small>\r\n\t\t\t\t<\/a>\r\n\t\t\t<\/li><li>\r\n\t\t\t\t<a href=\"https:\/\/kronika-futbolu.pl\/historia\/wp-content\/uploads\/2022\/01\/15A_polska_turcja_1991_kadr.png\" title=\"Polska-Turcja 1991\">\r\n\t\t\t\t\t<img loading=\"lazy\" decoding=\"async\" width=\"544\" height=\"400\" src=\"https:\/\/kronika-futbolu.pl\/historia\/wp-content\/uploads\/2022\/01\/15A_polska_turcja_1991_kadr-544x400.png\" class=\"attachment-medium size-medium\" alt=\"Polska-Turcja 1991\" srcset=\"https:\/\/kronika-futbolu.pl\/historia\/wp-content\/uploads\/2022\/01\/15A_polska_turcja_1991_kadr-544x400.png 544w, https:\/\/kronika-futbolu.pl\/historia\/wp-content\/uploads\/2022\/01\/15A_polska_turcja_1991_kadr.png 613w\" sizes=\"auto, (max-width: 544px) 100vw, 544px\" \/>\r\n\t\t\t\t\t<small>Polska-Turcja 1991<\/small>\r\n\t\t\t\t<\/a>\r\n\t\t\t<\/li><li>\r\n\t\t\t\t<a href=\"https:\/\/kronika-futbolu.pl\/historia\/wp-content\/uploads\/2022\/01\/14B_turcja_polska_1990_dziennik_lodzki.png\" title=\"Turcja-Polska 1990. \u0179r\u00f3d\u0142o: Dziennik \u0141\u00f3dzki\">\r\n\t\t\t\t\t<img loading=\"lazy\" decoding=\"async\" width=\"423\" height=\"400\" src=\"https:\/\/kronika-futbolu.pl\/historia\/wp-content\/uploads\/2022\/01\/14B_turcja_polska_1990_dziennik_lodzki-423x400.png\" class=\"attachment-medium size-medium\" alt=\"Turcja-Polska 1990. \u0179r\u00f3d\u0142o: Dziennik \u0141\u00f3dzki\" srcset=\"https:\/\/kronika-futbolu.pl\/historia\/wp-content\/uploads\/2022\/01\/14B_turcja_polska_1990_dziennik_lodzki-423x400.png 423w, https:\/\/kronika-futbolu.pl\/historia\/wp-content\/uploads\/2022\/01\/14B_turcja_polska_1990_dziennik_lodzki-768x726.png 768w, https:\/\/kronika-futbolu.pl\/historia\/wp-content\/uploads\/2022\/01\/14B_turcja_polska_1990_dziennik_lodzki.png 935w\" sizes=\"auto, (max-width: 423px) 100vw, 423px\" \/>\r\n\t\t\t\t\t<small>Turcja-Polska 1990. \u0179r\u00f3d\u0142o: Dziennik \u0141\u00f3dzki<\/small>\r\n\t\t\t\t<\/a>\r\n\t\t\t<\/li><li>\r\n\t\t\t\t<a href=\"https:\/\/kronika-futbolu.pl\/historia\/wp-content\/uploads\/2022\/01\/14A_turcja_polska_Cumhuriyet.png\" title=\"Turcja-Polska 1990. \u0179r\u00f3d\u0142o: Cumhuriyet\">\r\n\t\t\t\t\t<img loading=\"lazy\" decoding=\"async\" width=\"600\" height=\"322\" src=\"https:\/\/kronika-futbolu.pl\/historia\/wp-content\/uploads\/2022\/01\/14A_turcja_polska_Cumhuriyet-600x322.png\" class=\"attachment-medium size-medium\" alt=\"Turcja-Polska 1990. \u0179r\u00f3d\u0142o: Cumhuriyet\" srcset=\"https:\/\/kronika-futbolu.pl\/historia\/wp-content\/uploads\/2022\/01\/14A_turcja_polska_Cumhuriyet-600x322.png 600w, https:\/\/kronika-futbolu.pl\/historia\/wp-content\/uploads\/2022\/01\/14A_turcja_polska_Cumhuriyet-768x412.png 768w, https:\/\/kronika-futbolu.pl\/historia\/wp-content\/uploads\/2022\/01\/14A_turcja_polska_Cumhuriyet-1536x823.png 1536w, https:\/\/kronika-futbolu.pl\/historia\/wp-content\/uploads\/2022\/01\/14A_turcja_polska_Cumhuriyet.png 1720w\" sizes=\"auto, (max-width: 600px) 100vw, 600px\" \/>\r\n\t\t\t\t\t<small>Turcja-Polska 1990. \u0179r\u00f3d\u0142o: Cumhuriyet<\/small>\r\n\t\t\t\t<\/a>\r\n\t\t\t<\/li><li>\r\n\t\t\t\t<a href=\"https:\/\/kronika-futbolu.pl\/historia\/wp-content\/uploads\/2022\/01\/13B_turcja_polska_1985_dziennik_polski.png\" title=\"Turcja-Polska 1985  \u0179r\u00f3d\u0142o: Dziennik Polski\">\r\n\t\t\t\t\t<img loading=\"lazy\" decoding=\"async\" width=\"503\" height=\"400\" src=\"https:\/\/kronika-futbolu.pl\/historia\/wp-content\/uploads\/2022\/01\/13B_turcja_polska_1985_dziennik_polski-503x400.png\" class=\"attachment-medium size-medium\" alt=\"Turcja-Polska 1985 \u0179r\u00f3d\u0142o: Dziennik Polski\" srcset=\"https:\/\/kronika-futbolu.pl\/historia\/wp-content\/uploads\/2022\/01\/13B_turcja_polska_1985_dziennik_polski-503x400.png 503w, https:\/\/kronika-futbolu.pl\/historia\/wp-content\/uploads\/2022\/01\/13B_turcja_polska_1985_dziennik_polski-768x611.png 768w, https:\/\/kronika-futbolu.pl\/historia\/wp-content\/uploads\/2022\/01\/13B_turcja_polska_1985_dziennik_polski.png 1254w\" sizes=\"auto, (max-width: 503px) 100vw, 503px\" \/>\r\n\t\t\t\t\t<small>Turcja-Polska 1985  \u0179r\u00f3d\u0142o: Dziennik Polski<\/small>\r\n\t\t\t\t<\/a>\r\n\t\t\t<\/li><li>\r\n\t\t\t\t<a href=\"https:\/\/kronika-futbolu.pl\/historia\/wp-content\/uploads\/2022\/01\/13A_turcja_polska_1985_Cumhuriyet.png\" title=\"Turcja-Polska 1985  \u0179r\u00f3d\u0142o: Cumhuriyetac\">\r\n\t\t\t\t\t<img loading=\"lazy\" decoding=\"async\" width=\"600\" height=\"365\" src=\"https:\/\/kronika-futbolu.pl\/historia\/wp-content\/uploads\/2022\/01\/13A_turcja_polska_1985_Cumhuriyet-600x365.png\" class=\"attachment-medium size-medium\" alt=\"Turcja-Polska 1985 Cumhuriyetac\" srcset=\"https:\/\/kronika-futbolu.pl\/historia\/wp-content\/uploads\/2022\/01\/13A_turcja_polska_1985_Cumhuriyet-600x365.png 600w, https:\/\/kronika-futbolu.pl\/historia\/wp-content\/uploads\/2022\/01\/13A_turcja_polska_1985_Cumhuriyet-768x467.png 768w, https:\/\/kronika-futbolu.pl\/historia\/wp-content\/uploads\/2022\/01\/13A_turcja_polska_1985_Cumhuriyet.png 1499w\" sizes=\"auto, (max-width: 600px) 100vw, 600px\" \/>\r\n\t\t\t\t\t<small>Turcja-Polska 1985  \u0179r\u00f3d\u0142o: Cumhuriyetac<\/small>\r\n\t\t\t\t<\/a>\r\n\t\t\t<\/li><li>\r\n\t\t\t\t<a href=\"https:\/\/kronika-futbolu.pl\/historia\/wp-content\/uploads\/2022\/01\/12B_polska_turcja_1981_dziennik_lodzki.png\" title=\"Polska-Turcja 1981. \u0179r\u00f3d\u0142o: Dziennik \u0141\u00f3dzki \">\r\n\t\t\t\t\t<img loading=\"lazy\" decoding=\"async\" width=\"423\" height=\"400\" src=\"https:\/\/kronika-futbolu.pl\/historia\/wp-content\/uploads\/2022\/01\/12B_polska_turcja_1981_dziennik_lodzki-423x400.png\" class=\"attachment-medium size-medium\" alt=\"Polska-Turcja 1981\" srcset=\"https:\/\/kronika-futbolu.pl\/historia\/wp-content\/uploads\/2022\/01\/12B_polska_turcja_1981_dziennik_lodzki-423x400.png 423w, https:\/\/kronika-futbolu.pl\/historia\/wp-content\/uploads\/2022\/01\/12B_polska_turcja_1981_dziennik_lodzki-768x727.png 768w, https:\/\/kronika-futbolu.pl\/historia\/wp-content\/uploads\/2022\/01\/12B_polska_turcja_1981_dziennik_lodzki.png 930w\" sizes=\"auto, (max-width: 423px) 100vw, 423px\" \/>\r\n\t\t\t\t\t<small>Polska-Turcja 1981. \u0179r\u00f3d\u0142o: Dziennik \u0141\u00f3dzki <\/small>\r\n\t\t\t\t<\/a>\r\n\t\t\t<\/li><li>\r\n\t\t\t\t<a href=\"https:\/\/kronika-futbolu.pl\/historia\/wp-content\/uploads\/2022\/01\/12A_polska_turcja_1981_Cumhuriyet.png\" title=\"Polska-Turcja 1981. \u0179r\u00f3d\u0142o: Cumhuriyet \">\r\n\t\t\t\t\t<img loading=\"lazy\" decoding=\"async\" width=\"328\" height=\"400\" src=\"https:\/\/kronika-futbolu.pl\/historia\/wp-content\/uploads\/2022\/01\/12A_polska_turcja_1981_Cumhuriyet-328x400.png\" class=\"attachment-medium size-medium\" alt=\"Polska-Turcja 1981\" srcset=\"https:\/\/kronika-futbolu.pl\/historia\/wp-content\/uploads\/2022\/01\/12A_polska_turcja_1981_Cumhuriyet-328x400.png 328w, https:\/\/kronika-futbolu.pl\/historia\/wp-content\/uploads\/2022\/01\/12A_polska_turcja_1981_Cumhuriyet-768x937.png 768w, https:\/\/kronika-futbolu.pl\/historia\/wp-content\/uploads\/2022\/01\/12A_polska_turcja_1981_Cumhuriyet.png 852w\" sizes=\"auto, (max-width: 328px) 100vw, 328px\" \/>\r\n\t\t\t\t\t<small>Polska-Turcja 1981. \u0179r\u00f3d\u0142o: Cumhuriyet <\/small>\r\n\t\t\t\t<\/a>\r\n\t\t\t<\/li><li>\r\n\t\t\t\t<a href=\"https:\/\/kronika-futbolu.pl\/historia\/wp-content\/uploads\/2022\/01\/11B_turcja_polska_1971_Cumhuriyet_Gunluk_Gazetesi_ve_Arsivi.png\" title=\"Turcja-Polska 1971. \u0179r\u00f3d\u0142o: Cumhuriyet Gunluk Gazetesi ve Arsivi \">\r\n\t\t\t\t\t<img loading=\"lazy\" decoding=\"async\" width=\"506\" height=\"400\" src=\"https:\/\/kronika-futbolu.pl\/historia\/wp-content\/uploads\/2022\/01\/11B_turcja_polska_1971_Cumhuriyet_Gunluk_Gazetesi_ve_Arsivi-506x400.png\" class=\"attachment-medium size-medium\" alt=\"Turcja-Polska 1971\" srcset=\"https:\/\/kronika-futbolu.pl\/historia\/wp-content\/uploads\/2022\/01\/11B_turcja_polska_1971_Cumhuriyet_Gunluk_Gazetesi_ve_Arsivi-506x400.png 506w, https:\/\/kronika-futbolu.pl\/historia\/wp-content\/uploads\/2022\/01\/11B_turcja_polska_1971_Cumhuriyet_Gunluk_Gazetesi_ve_Arsivi-768x607.png 768w, https:\/\/kronika-futbolu.pl\/historia\/wp-content\/uploads\/2022\/01\/11B_turcja_polska_1971_Cumhuriyet_Gunluk_Gazetesi_ve_Arsivi.png 1000w\" sizes=\"auto, (max-width: 506px) 100vw, 506px\" \/>\r\n\t\t\t\t\t<small>Turcja-Polska 1971. \u0179r\u00f3d\u0142o: Cumhuriyet Gunluk Gazetesi ve Arsivi <\/small>\r\n\t\t\t\t<\/a>\r\n\t\t\t<\/li><li>\r\n\t\t\t\t<a href=\"https:\/\/kronika-futbolu.pl\/historia\/wp-content\/uploads\/2022\/01\/10B_polska_turcja_1971_Cumhuriyet_Gunluk_Gazetesi_ve_Arsivi_nr_16931.png\" title=\"Polska-Turcja 1971. Cumhuriyet Gunluk Gazetesi ve Arsivi nr 16931\">\r\n\t\t\t\t\t<img loading=\"lazy\" decoding=\"async\" width=\"511\" height=\"400\" src=\"https:\/\/kronika-futbolu.pl\/historia\/wp-content\/uploads\/2022\/01\/10B_polska_turcja_1971_Cumhuriyet_Gunluk_Gazetesi_ve_Arsivi_nr_16931-511x400.png\" class=\"attachment-medium size-medium\" alt=\"olska-Turcja 1971\" srcset=\"https:\/\/kronika-futbolu.pl\/historia\/wp-content\/uploads\/2022\/01\/10B_polska_turcja_1971_Cumhuriyet_Gunluk_Gazetesi_ve_Arsivi_nr_16931-511x400.png 511w, https:\/\/kronika-futbolu.pl\/historia\/wp-content\/uploads\/2022\/01\/10B_polska_turcja_1971_Cumhuriyet_Gunluk_Gazetesi_ve_Arsivi_nr_16931-768x601.png 768w, https:\/\/kronika-futbolu.pl\/historia\/wp-content\/uploads\/2022\/01\/10B_polska_turcja_1971_Cumhuriyet_Gunluk_Gazetesi_ve_Arsivi_nr_16931.png 1010w\" sizes=\"auto, (max-width: 511px) 100vw, 511px\" \/>\r\n\t\t\t\t\t<small>Polska-Turcja 1971. Cumhuriyet Gunluk Gazetesi ve Arsivi nr 16931<\/small>\r\n\t\t\t\t<\/a>\r\n\t\t\t<\/li><li>\r\n\t\t\t\t<a href=\"https:\/\/kronika-futbolu.pl\/historia\/wp-content\/uploads\/2022\/01\/10A_polska_turcja_1971_Dziennik_Polski_nr_226.png\" title=\"Polska-Turcja 1971. Dziennik Polski nr 226\">\r\n\t\t\t\t\t<img loading=\"lazy\" decoding=\"async\" width=\"552\" height=\"400\" src=\"https:\/\/kronika-futbolu.pl\/historia\/wp-content\/uploads\/2022\/01\/10A_polska_turcja_1971_Dziennik_Polski_nr_226-552x400.png\" class=\"attachment-medium size-medium\" alt=\"Polska-Turcja 1971\" srcset=\"https:\/\/kronika-futbolu.pl\/historia\/wp-content\/uploads\/2022\/01\/10A_polska_turcja_1971_Dziennik_Polski_nr_226-552x400.png 552w, https:\/\/kronika-futbolu.pl\/historia\/wp-content\/uploads\/2022\/01\/10A_polska_turcja_1971_Dziennik_Polski_nr_226.png 604w\" sizes=\"auto, (max-width: 552px) 100vw, 552px\" \/>\r\n\t\t\t\t\t<small>Polska-Turcja 1971. Dziennik Polski nr 226<\/small>\r\n\t\t\t\t<\/a>\r\n\t\t\t<\/li><li>\r\n\t\t\t\t<a href=\"https:\/\/kronika-futbolu.pl\/historia\/wp-content\/uploads\/2022\/01\/9B_turcja_polska_1969_Cumhuriyet_Gunluk_Gazetesi_ve_Arsivi.png\" title=\"Turcja - Polska 1969.  Cumhuriyet Gunluk Gazetesi ve Arsivi\">\r\n\t\t\t\t\t<img loading=\"lazy\" decoding=\"async\" width=\"600\" height=\"253\" src=\"https:\/\/kronika-futbolu.pl\/historia\/wp-content\/uploads\/2022\/01\/9B_turcja_polska_1969_Cumhuriyet_Gunluk_Gazetesi_ve_Arsivi-600x253.png\" class=\"attachment-medium size-medium\" alt=\"Turcja - Polska 1969.\" srcset=\"https:\/\/kronika-futbolu.pl\/historia\/wp-content\/uploads\/2022\/01\/9B_turcja_polska_1969_Cumhuriyet_Gunluk_Gazetesi_ve_Arsivi-600x253.png 600w, https:\/\/kronika-futbolu.pl\/historia\/wp-content\/uploads\/2022\/01\/9B_turcja_polska_1969_Cumhuriyet_Gunluk_Gazetesi_ve_Arsivi-768x324.png 768w, https:\/\/kronika-futbolu.pl\/historia\/wp-content\/uploads\/2022\/01\/9B_turcja_polska_1969_Cumhuriyet_Gunluk_Gazetesi_ve_Arsivi.png 1244w\" sizes=\"auto, (max-width: 600px) 100vw, 600px\" \/>\r\n\t\t\t\t\t<small>Turcja - Polska 1969.  Cumhuriyet Gunluk Gazetesi ve Arsivi<\/small>\r\n\t\t\t\t<\/a>\r\n\t\t\t<\/li><li>\r\n\t\t\t\t<a href=\"https:\/\/kronika-futbolu.pl\/historia\/wp-content\/uploads\/2022\/01\/8B_polska_turcja_1968_Dziennik-Lodzki_nr98.png\" title=\"Polska-Turcja 1968. Dziennik \u0141\u00f3dzki nr 98\">\r\n\t\t\t\t\t<img loading=\"lazy\" decoding=\"async\" width=\"597\" height=\"400\" src=\"https:\/\/kronika-futbolu.pl\/historia\/wp-content\/uploads\/2022\/01\/8B_polska_turcja_1968_Dziennik-Lodzki_nr98-597x400.png\" class=\"attachment-medium size-medium\" alt=\"Polska-Turcja 1968\" srcset=\"https:\/\/kronika-futbolu.pl\/historia\/wp-content\/uploads\/2022\/01\/8B_polska_turcja_1968_Dziennik-Lodzki_nr98-597x400.png 597w, https:\/\/kronika-futbolu.pl\/historia\/wp-content\/uploads\/2022\/01\/8B_polska_turcja_1968_Dziennik-Lodzki_nr98-300x200.png 300w, https:\/\/kronika-futbolu.pl\/historia\/wp-content\/uploads\/2022\/01\/8B_polska_turcja_1968_Dziennik-Lodzki_nr98-768x514.png 768w, https:\/\/kronika-futbolu.pl\/historia\/wp-content\/uploads\/2022\/01\/8B_polska_turcja_1968_Dziennik-Lodzki_nr98.png 948w\" sizes=\"auto, (max-width: 597px) 100vw, 597px\" \/>\r\n\t\t\t\t\t<small>Polska-Turcja 1968. Dziennik \u0141\u00f3dzki nr 98<\/small>\r\n\t\t\t\t<\/a>\r\n\t\t\t<\/li><li>\r\n\t\t\t\t<a href=\"https:\/\/kronika-futbolu.pl\/historia\/wp-content\/uploads\/2022\/01\/8A_polska_turcja_1968_Cumhuriyet-Gunluk-Gazetesi-ve-Arsivi_nr_15710.png\" title=\"Cumhuriyet Gunluk Gazetesi ve Arsivi\">\r\n\t\t\t\t\t<img loading=\"lazy\" decoding=\"async\" width=\"600\" height=\"307\" src=\"https:\/\/kronika-futbolu.pl\/historia\/wp-content\/uploads\/2022\/01\/8A_polska_turcja_1968_Cumhuriyet-Gunluk-Gazetesi-ve-Arsivi_nr_15710-600x307.png\" class=\"attachment-medium size-medium\" alt=\"Polska - Turcja 1968\" srcset=\"https:\/\/kronika-futbolu.pl\/historia\/wp-content\/uploads\/2022\/01\/8A_polska_turcja_1968_Cumhuriyet-Gunluk-Gazetesi-ve-Arsivi_nr_15710-600x307.png 600w, https:\/\/kronika-futbolu.pl\/historia\/wp-content\/uploads\/2022\/01\/8A_polska_turcja_1968_Cumhuriyet-Gunluk-Gazetesi-ve-Arsivi_nr_15710-768x393.png 768w, https:\/\/kronika-futbolu.pl\/historia\/wp-content\/uploads\/2022\/01\/8A_polska_turcja_1968_Cumhuriyet-Gunluk-Gazetesi-ve-Arsivi_nr_15710.png 1242w\" sizes=\"auto, (max-width: 600px) 100vw, 600px\" \/>\r\n\t\t\t\t\t<small>Cumhuriyet Gunluk Gazetesi ve Arsivi<\/small>\r\n\t\t\t\t<\/a>\r\n\t\t\t<\/li><li>\r\n\t\t\t\t<a href=\"https:\/\/kronika-futbolu.pl\/historia\/wp-content\/uploads\/2022\/01\/7B_turcja_polska_1964_Trybuna_Robotnicza_nr230_1964.png\" title=\"Turcja - Polska 1964. \">\r\n\t\t\t\t\t<img loading=\"lazy\" decoding=\"async\" width=\"374\" height=\"400\" src=\"https:\/\/kronika-futbolu.pl\/historia\/wp-content\/uploads\/2022\/01\/7B_turcja_polska_1964_Trybuna_Robotnicza_nr230_1964-374x400.png\" class=\"attachment-medium size-medium\" alt=\"Turcja - Polska 1964.\" srcset=\"https:\/\/kronika-futbolu.pl\/historia\/wp-content\/uploads\/2022\/01\/7B_turcja_polska_1964_Trybuna_Robotnicza_nr230_1964-374x400.png 374w, https:\/\/kronika-futbolu.pl\/historia\/wp-content\/uploads\/2022\/01\/7B_turcja_polska_1964_Trybuna_Robotnicza_nr230_1964-768x822.png 768w, https:\/\/kronika-futbolu.pl\/historia\/wp-content\/uploads\/2022\/01\/7B_turcja_polska_1964_Trybuna_Robotnicza_nr230_1964.png 814w\" sizes=\"auto, (max-width: 374px) 100vw, 374px\" \/>\r\n\t\t\t\t\t<small>Turcja - Polska 1964. <\/small>\r\n\t\t\t\t<\/a>\r\n\t\t\t<\/li><li>\r\n\t\t\t\t<a href=\"https:\/\/kronika-futbolu.pl\/historia\/wp-content\/uploads\/2022\/01\/7A_turcja_polska_1964_Cumhuriyet_-Gunluk_Gazetesi_ve_Arsivi_nr_14425.png\" title=\"Turcja - Polska 1964. \">\r\n\t\t\t\t\t<img loading=\"lazy\" decoding=\"async\" width=\"512\" height=\"400\" src=\"https:\/\/kronika-futbolu.pl\/historia\/wp-content\/uploads\/2022\/01\/7A_turcja_polska_1964_Cumhuriyet_-Gunluk_Gazetesi_ve_Arsivi_nr_14425-512x400.png\" class=\"attachment-medium size-medium\" alt=\"Turcja - Polska 1964.\" srcset=\"https:\/\/kronika-futbolu.pl\/historia\/wp-content\/uploads\/2022\/01\/7A_turcja_polska_1964_Cumhuriyet_-Gunluk_Gazetesi_ve_Arsivi_nr_14425-512x400.png 512w, https:\/\/kronika-futbolu.pl\/historia\/wp-content\/uploads\/2022\/01\/7A_turcja_polska_1964_Cumhuriyet_-Gunluk_Gazetesi_ve_Arsivi_nr_14425-768x600.png 768w, https:\/\/kronika-futbolu.pl\/historia\/wp-content\/uploads\/2022\/01\/7A_turcja_polska_1964_Cumhuriyet_-Gunluk_Gazetesi_ve_Arsivi_nr_14425.png 1263w\" sizes=\"auto, (max-width: 512px) 100vw, 512px\" \/>\r\n\t\t\t\t\t<small>Turcja - Polska 1964. <\/small>\r\n\t\t\t\t<\/a>\r\n\t\t\t<\/li><li>\r\n\t\t\t\t<a href=\"https:\/\/kronika-futbolu.pl\/historia\/wp-content\/uploads\/2022\/01\/6B_polska_turcja_1963_112223_Trybuna_Robotnicza_1963_nr_225_.png\" title=\"Polska - Turcja 1963.Trybuna Robotnicza 1963 nr 225\">\r\n\t\t\t\t\t<img loading=\"lazy\" decoding=\"async\" width=\"600\" height=\"332\" src=\"https:\/\/kronika-futbolu.pl\/historia\/wp-content\/uploads\/2022\/01\/6B_polska_turcja_1963_112223_Trybuna_Robotnicza_1963_nr_225_-600x332.png\" class=\"attachment-medium size-medium\" alt=\"Polska - Turcja 1963\" srcset=\"https:\/\/kronika-futbolu.pl\/historia\/wp-content\/uploads\/2022\/01\/6B_polska_turcja_1963_112223_Trybuna_Robotnicza_1963_nr_225_-600x332.png 600w, https:\/\/kronika-futbolu.pl\/historia\/wp-content\/uploads\/2022\/01\/6B_polska_turcja_1963_112223_Trybuna_Robotnicza_1963_nr_225_-768x425.png 768w, https:\/\/kronika-futbolu.pl\/historia\/wp-content\/uploads\/2022\/01\/6B_polska_turcja_1963_112223_Trybuna_Robotnicza_1963_nr_225_.png 1125w\" sizes=\"auto, (max-width: 600px) 100vw, 600px\" \/>\r\n\t\t\t\t\t<small>Polska - Turcja 1963.Trybuna Robotnicza 1963 nr 225<\/small>\r\n\t\t\t\t<\/a>\r\n\t\t\t<\/li><li>\r\n\t\t\t\t<a href=\"https:\/\/kronika-futbolu.pl\/historia\/wp-content\/uploads\/2022\/01\/6A_polska_turcja_1963_Cumhuriyet_Gunluk_Gazetesi_ve_Arsivi_nr14059.png\" title=\"Polska - Turcja 1963 Cumhuriyet Gunluk Gazetesi ve Arsivi nr14059\">\r\n\t\t\t\t\t<img loading=\"lazy\" decoding=\"async\" width=\"600\" height=\"240\" src=\"https:\/\/kronika-futbolu.pl\/historia\/wp-content\/uploads\/2022\/01\/6A_polska_turcja_1963_Cumhuriyet_Gunluk_Gazetesi_ve_Arsivi_nr14059-600x240.png\" class=\"attachment-medium size-medium\" alt=\"Polska - Turcja 1963\" srcset=\"https:\/\/kronika-futbolu.pl\/historia\/wp-content\/uploads\/2022\/01\/6A_polska_turcja_1963_Cumhuriyet_Gunluk_Gazetesi_ve_Arsivi_nr14059-600x240.png 600w, https:\/\/kronika-futbolu.pl\/historia\/wp-content\/uploads\/2022\/01\/6A_polska_turcja_1963_Cumhuriyet_Gunluk_Gazetesi_ve_Arsivi_nr14059-768x307.png 768w, https:\/\/kronika-futbolu.pl\/historia\/wp-content\/uploads\/2022\/01\/6A_polska_turcja_1963_Cumhuriyet_Gunluk_Gazetesi_ve_Arsivi_nr14059-1536x613.png 1536w, https:\/\/kronika-futbolu.pl\/historia\/wp-content\/uploads\/2022\/01\/6A_polska_turcja_1963_Cumhuriyet_Gunluk_Gazetesi_ve_Arsivi_nr14059.png 1686w\" sizes=\"auto, (max-width: 600px) 100vw, 600px\" \/>\r\n\t\t\t\t\t<small>Polska - Turcja 1963 Cumhuriyet Gunluk Gazetesi ve Arsivi nr14059<\/small>\r\n\t\t\t\t<\/a>\r\n\t\t\t<\/li><li>\r\n\t\t\t\t<a href=\"https:\/\/kronika-futbolu.pl\/historia\/wp-content\/uploads\/2022\/01\/5A_polska_turcja_1957_Trybuna-Robotnicza-1957-nr-118.png\" title=\"Polska - Turcja 1957\">\r\n\t\t\t\t\t<img loading=\"lazy\" decoding=\"async\" width=\"600\" height=\"347\" src=\"https:\/\/kronika-futbolu.pl\/historia\/wp-content\/uploads\/2022\/01\/5A_polska_turcja_1957_Trybuna-Robotnicza-1957-nr-118-600x347.png\" class=\"attachment-medium size-medium\" alt=\"Polska - Turcja 1957\" srcset=\"https:\/\/kronika-futbolu.pl\/historia\/wp-content\/uploads\/2022\/01\/5A_polska_turcja_1957_Trybuna-Robotnicza-1957-nr-118-600x347.png 600w, https:\/\/kronika-futbolu.pl\/historia\/wp-content\/uploads\/2022\/01\/5A_polska_turcja_1957_Trybuna-Robotnicza-1957-nr-118-768x444.png 768w, https:\/\/kronika-futbolu.pl\/historia\/wp-content\/uploads\/2022\/01\/5A_polska_turcja_1957_Trybuna-Robotnicza-1957-nr-118-1536x888.png 1536w, https:\/\/kronika-futbolu.pl\/historia\/wp-content\/uploads\/2022\/01\/5A_polska_turcja_1957_Trybuna-Robotnicza-1957-nr-118.png 1615w\" sizes=\"auto, (max-width: 600px) 100vw, 600px\" \/>\r\n\t\t\t\t\t<small>Polska - Turcja 1957<\/small>\r\n\t\t\t\t<\/a>\r\n\t\t\t<\/li><li>\r\n\t\t\t\t<a href=\"https:\/\/kronika-futbolu.pl\/historia\/wp-content\/uploads\/2021\/12\/4B_turcja_polska_1956_trybuna_robotnicza.png\" title=\"Turcja-Polska 1956. \u0179r\u00f3d\u0142o: Trybuna Robotnicza \">\r\n\t\t\t\t\t<img loading=\"lazy\" decoding=\"async\" width=\"244\" height=\"400\" src=\"https:\/\/kronika-futbolu.pl\/historia\/wp-content\/uploads\/2021\/12\/4B_turcja_polska_1956_trybuna_robotnicza-244x400.png\" class=\"attachment-medium size-medium\" alt=\"Turcja-Polska 1956\" srcset=\"https:\/\/kronika-futbolu.pl\/historia\/wp-content\/uploads\/2021\/12\/4B_turcja_polska_1956_trybuna_robotnicza-244x400.png 244w, https:\/\/kronika-futbolu.pl\/historia\/wp-content\/uploads\/2021\/12\/4B_turcja_polska_1956_trybuna_robotnicza.png 354w\" sizes=\"auto, (max-width: 244px) 100vw, 244px\" \/>\r\n\t\t\t\t\t<small>Turcja-Polska 1956. \u0179r\u00f3d\u0142o: Trybuna Robotnicza <\/small>\r\n\t\t\t\t<\/a>\r\n\t\t\t<\/li><li>\r\n\t\t\t\t<a href=\"https:\/\/kronika-futbolu.pl\/historia\/wp-content\/uploads\/2021\/12\/4A_turcja_polska_1956_Cumhuriyet_nr11605.png\" title=\"Turcja-Polska 1956. \u0179r\u00f3d\u0142o: Cumhuriyet_nr11605\">\r\n\t\t\t\t\t<img loading=\"lazy\" decoding=\"async\" width=\"600\" height=\"310\" src=\"https:\/\/kronika-futbolu.pl\/historia\/wp-content\/uploads\/2021\/12\/4A_turcja_polska_1956_Cumhuriyet_nr11605-600x310.png\" class=\"attachment-medium size-medium\" alt=\"Turcja-Polska 1956\" srcset=\"https:\/\/kronika-futbolu.pl\/historia\/wp-content\/uploads\/2021\/12\/4A_turcja_polska_1956_Cumhuriyet_nr11605-600x310.png 600w, https:\/\/kronika-futbolu.pl\/historia\/wp-content\/uploads\/2021\/12\/4A_turcja_polska_1956_Cumhuriyet_nr11605-768x397.png 768w, https:\/\/kronika-futbolu.pl\/historia\/wp-content\/uploads\/2021\/12\/4A_turcja_polska_1956_Cumhuriyet_nr11605.png 1069w\" sizes=\"auto, (max-width: 600px) 100vw, 600px\" \/>\r\n\t\t\t\t\t<small>Turcja-Polska 1956. \u0179r\u00f3d\u0142o: Cumhuriyet_nr11605<\/small>\r\n\t\t\t\t<\/a>\r\n\t\t\t<\/li><li>\r\n\t\t\t\t<a href=\"https:\/\/kronika-futbolu.pl\/historia\/wp-content\/uploads\/2021\/12\/3B_polska_turcja_nac.png\" title=\"Polska-Turcja 1926. \u0179r\u00f3d\u0142o: Narodowe Archiwum Cyfrowe NAC\">\r\n\t\t\t\t\t<img loading=\"lazy\" decoding=\"async\" width=\"576\" height=\"317\" src=\"https:\/\/kronika-futbolu.pl\/historia\/wp-content\/uploads\/2021\/12\/3B_polska_turcja_nac.png\" class=\"attachment-medium size-medium\" alt=\"Polska-Turcja 1926.\" \/>\r\n\t\t\t\t\t<small>Polska-Turcja 1926. \u0179r\u00f3d\u0142o: Narodowe Archiwum Cyfrowe NAC<\/small>\r\n\t\t\t\t<\/a>\r\n\t\t\t<\/li><li>\r\n\t\t\t\t<a href=\"https:\/\/kronika-futbolu.pl\/historia\/wp-content\/uploads\/2021\/12\/3A_polska_turcja_nac.png\" title=\"Polska-Turcja 1926. \u0179r\u00f3d\u0142o: Narodowe Archiwum Cyfrowe NAC\">\r\n\t\t\t\t\t<img loading=\"lazy\" decoding=\"async\" width=\"589\" height=\"316\" src=\"https:\/\/kronika-futbolu.pl\/historia\/wp-content\/uploads\/2021\/12\/3A_polska_turcja_nac.png\" class=\"attachment-medium size-medium\" alt=\"Polska-Turcja 1926\" \/>\r\n\t\t\t\t\t<small>Polska-Turcja 1926. \u0179r\u00f3d\u0142o: Narodowe Archiwum Cyfrowe NAC<\/small>\r\n\t\t\t\t<\/a>\r\n\t\t\t<\/li><li>\r\n\t\t\t\t<a href=\"https:\/\/kronika-futbolu.pl\/historia\/wp-content\/uploads\/2021\/12\/2B_turcja_polska_1925_przeglad_sportowy.png\" title=\"\">\r\n\t\t\t\t\t<img loading=\"lazy\" decoding=\"async\" width=\"600\" height=\"387\" src=\"https:\/\/kronika-futbolu.pl\/historia\/wp-content\/uploads\/2021\/12\/2B_turcja_polska_1925_przeglad_sportowy-600x387.png\" class=\"attachment-medium size-medium\" alt=\"Turcja-Polska 1925\" srcset=\"https:\/\/kronika-futbolu.pl\/historia\/wp-content\/uploads\/2021\/12\/2B_turcja_polska_1925_przeglad_sportowy-600x387.png 600w, https:\/\/kronika-futbolu.pl\/historia\/wp-content\/uploads\/2021\/12\/2B_turcja_polska_1925_przeglad_sportowy-768x495.png 768w, https:\/\/kronika-futbolu.pl\/historia\/wp-content\/uploads\/2021\/12\/2B_turcja_polska_1925_przeglad_sportowy.png 920w\" sizes=\"auto, (max-width: 600px) 100vw, 600px\" \/>\r\n\t\t\t\t\t<small><\/small>\r\n\t\t\t\t<\/a>\r\n\t\t\t<\/li><li>\r\n\t\t\t\t<a href=\"https:\/\/kronika-futbolu.pl\/historia\/wp-content\/uploads\/2021\/12\/1B_polska-turcja_1924_tygodnik_ilustrowany_1924_nr_96.png\" title=\"Polska-Turcja 1924. Tygodnik Ilustrowany nr 93\/1924\">\r\n\t\t\t\t\t<img loading=\"lazy\" decoding=\"async\" width=\"600\" height=\"244\" src=\"https:\/\/kronika-futbolu.pl\/historia\/wp-content\/uploads\/2021\/12\/1B_polska-turcja_1924_tygodnik_ilustrowany_1924_nr_96-600x244.png\" class=\"attachment-medium size-medium\" alt=\"Polska-Turcja 1924\" srcset=\"https:\/\/kronika-futbolu.pl\/historia\/wp-content\/uploads\/2021\/12\/1B_polska-turcja_1924_tygodnik_ilustrowany_1924_nr_96-600x244.png 600w, https:\/\/kronika-futbolu.pl\/historia\/wp-content\/uploads\/2021\/12\/1B_polska-turcja_1924_tygodnik_ilustrowany_1924_nr_96-768x312.png 768w, https:\/\/kronika-futbolu.pl\/historia\/wp-content\/uploads\/2021\/12\/1B_polska-turcja_1924_tygodnik_ilustrowany_1924_nr_96.png 1118w\" sizes=\"auto, (max-width: 600px) 100vw, 600px\" \/>\r\n\t\t\t\t\t<small>Polska-Turcja 1924. Tygodnik Ilustrowany nr 93\/1924<\/small>\r\n\t\t\t\t<\/a>\r\n\t\t\t<\/li><li>\r\n\t\t\t\t<a href=\"https:\/\/kronika-futbolu.pl\/historia\/wp-content\/uploads\/2021\/12\/1A_polska_turcja_1924_nac.png\" title=\"Polska-Turcja 1924. \u0179r\u00f3d\u0142o: Narodowe Archiwum Cyfrowe (NAC)\">\r\n\t\t\t\t\t<img loading=\"lazy\" decoding=\"async\" width=\"560\" height=\"400\" src=\"https:\/\/kronika-futbolu.pl\/historia\/wp-content\/uploads\/2021\/12\/1A_polska_turcja_1924_nac-560x400.png\" class=\"attachment-medium size-medium\" alt=\"Polska-Turcja 1924\" srcset=\"https:\/\/kronika-futbolu.pl\/historia\/wp-content\/uploads\/2021\/12\/1A_polska_turcja_1924_nac-560x400.png 560w, https:\/\/kronika-futbolu.pl\/historia\/wp-content\/uploads\/2021\/12\/1A_polska_turcja_1924_nac.png 588w\" sizes=\"auto, (max-width: 560px) 100vw, 560px\" \/>\r\n\t\t\t\t\t<small>Polska-Turcja 1924. \u0179r\u00f3d\u0142o: Narodowe Archiwum Cyfrowe (NAC)<\/small>\r\n\t\t\t\t<\/a>\r\n\t\t\t<\/li><li>\r\n\t\t\t\t<a href=\"https:\/\/kronika-futbolu.pl\/historia\/wp-content\/uploads\/2021\/12\/turcja_logo.png\" title=\"\">\r\n\t\t\t\t\t<img loading=\"lazy\" decoding=\"async\" width=\"362\" height=\"400\" src=\"https:\/\/kronika-futbolu.pl\/historia\/wp-content\/uploads\/2021\/12\/turcja_logo-362x400.png\" class=\"attachment-medium size-medium\" alt=\"turcja_logo\" srcset=\"https:\/\/kronika-futbolu.pl\/historia\/wp-content\/uploads\/2021\/12\/turcja_logo-362x400.png 362w, https:\/\/kronika-futbolu.pl\/historia\/wp-content\/uploads\/2021\/12\/turcja_logo.png 634w\" sizes=\"auto, (max-width: 362px) 100vw, 362px\" \/>\r\n\t\t\t\t\t<small><\/small>\r\n\t\t\t\t<\/a>\r\n\t\t\t<\/li><li>\r\n\t\t\t\t<a href=\"https:\/\/kronika-futbolu.pl\/historia\/wp-content\/uploads\/2024\/08\/polska-turcja-2024.png\" title=\"Bilet z meczu Polska- Turcja 2024\">\r\n\t\t\t\t\t<img loading=\"lazy\" decoding=\"async\" width=\"509\" height=\"400\" src=\"https:\/\/kronika-futbolu.pl\/historia\/wp-content\/uploads\/2024\/08\/polska-turcja-2024-509x400.png\" class=\"attachment-medium size-medium\" alt=\"\" srcset=\"https:\/\/kronika-futbolu.pl\/historia\/wp-content\/uploads\/2024\/08\/polska-turcja-2024-509x400.png 509w, https:\/\/kronika-futbolu.pl\/historia\/wp-content\/uploads\/2024\/08\/polska-turcja-2024-768x603.png 768w, https:\/\/kronika-futbolu.pl\/historia\/wp-content\/uploads\/2024\/08\/polska-turcja-2024.png 978w\" sizes=\"auto, (max-width: 509px) 100vw, 509px\" \/>\r\n\t\t\t\t\t<small>Bilet z meczu Polska- Turcja 2024<\/small>\r\n\t\t\t\t<\/a>\r\n\t\t\t<\/li><\/ul>\n","protected":false},"excerpt":{"rendered":"<p>\u00a0Bilans mecz\u00f3w Polska-Turcja, kursy bukmacherskie.\u00a0 Polska gra\u0142a dotychczas z Turcj\u0105 18 razy. Ostatni mecz rozegrano w 2024 roku.\u00a0 Bilans star\u0107 to 12 zwyci\u0119stw Polak\u00f3w, 3 remisy i 3 pora\u017cki. Bilans bramkowy: 41-13 UWAGA STRONA W BUDOWIE \u00a0Spis tre\u015bci: Mecz Polska-Turcja(2024.06.10) \u2193 Mecz Turcja-Polska(1993.10.27) \u2193 Mecz Polska-Turcja (1992.09.23) \u2193 Mecz Polska-Turcja (1991.04.17) \u2193 Mecz Turcja-Polska (1990.11.14) [&hellip;]<\/p>\n","protected":false},"author":3,"featured_media":0,"parent":0,"menu_order":0,"comment_status":"closed","ping_status":"closed","template":"","meta":{"_acf_changed":false,"footnotes":""},"class_list":["post-11732","page","type-page","status-publish","hentry"],"acf":[],"rankMath":{"parentDomain":"kronika-futbolu.pl","noFollowDomains":[],"noFollowExcludeDomains":[],"noFollowExternalLinks":false,"featuredImageNotice":"Prezentowany obraz powinien mie\u0107 co najmniej 200 na 200 pikseli, aby m\u00f3g\u0142 go pobra\u0107 Facebook i inne serwisy spo\u0142eczno\u015bciowe.","pluginReviewed":false,"postSettings":{"linkSuggestions":true,"useFocusKeyword":false},"frontEndScore":false,"postName":"polska-turcja-w-pilce-noznej-wyniki-meczow","permalinkFormat":"https:\/\/kronika-futbolu.pl\/historia\/%pagename%\/","showLockModifiedDate":true,"assessor":{"focusKeywordLink":"https:\/\/kronika-futbolu.pl\/historia\/wp-admin\/edit.php?focus_keyword=%focus_keyword%&post_type=%post_type%","hasTOCPlugin":{"easy-table-of-contents\/easy-table-of-contents.php":"Easy Table of Contents"},"primaryTaxonomy":false,"serpData":{"title":"","description":"","focusKeywords":"","pillarContent":false,"canonicalUrl":"","breadcrumbTitle":"","advancedRobots":[],"facebookTitle":"","facebookDescription":"","facebookImage":"","facebookImageID":"","facebookHasOverlay":false,"facebookImageOverlay":"","facebookAuthor":"","twitterCardType":"","twitterUseFacebook":true,"twitterTitle":"","twitterDescription":"","twitterImage":"","twitterImageID":"","twitterHasOverlay":false,"twitterImageOverlay":"","twitterPlayerUrl":"","twitterPlayerSize":"","twitterPlayerStream":"","twitterPlayerStreamCtype":"","twitterAppDescription":"","twitterAppIphoneName":"","twitterAppIphoneID":"","twitterAppIphoneUrl":"","twitterAppIpadName":"","twitterAppIpadID":"","twitterAppIpadUrl":"","twitterAppGoogleplayName":"","twitterAppGoogleplayID":"","twitterAppGoogleplayUrl":"","twitterAppCountry":"","robots":{"index":true},"twitterAuthor":"u\u017cytkownik","primaryTerm":0,"authorName":"Piotr Ostrowski","titleTemplate":"%title% %sep% %sitename%","descriptionTemplate":"%excerpt%","showScoreFrontend":true,"lockModifiedDate":false},"powerWords":[],"diacritics":{"A":"[\\u0041\\u24B6\\uFF21\\u00C0\\u00C1\\u00C2\\u1EA6\\u1EA4\\u1EAA\\u1EA8\\u00C3\\u0100\\u0102\\u1EB0\\u1EAE\\u1EB4\\u1EB2\\u0226\\u01E0\\u00C4\\u01DE\\u1EA2\\u00C5\\u01FA\\u01CD\\u0200\\u0202\\u1EA0\\u1EAC\\u1EB6\\u1E00\\u0104\\u023A\\u2C6F]","AA":"[\\uA732]","AE":"[\\u00C6\\u01FC\\u01E2]","AO":"[\\uA734]","AU":"[\\uA736]","AV":"[\\uA738\\uA73A]","AY":"[\\uA73C]","B":"[\\u0042\\u24B7\\uFF22\\u1E02\\u1E04\\u1E06\\u0243\\u0182\\u0181]","C":"[\\u0043\\u24B8\\uFF23\\u0106\\u0108\\u010A\\u010C\\u00C7\\u1E08\\u0187\\u023B\\uA73E]","D":"[\\u0044\\u24B9\\uFF24\\u1E0A\\u010E\\u1E0C\\u1E10\\u1E12\\u1E0E\\u0110\\u018B\\u018A\\u0189\\uA779]","DZ":"[\\u01F1\\u01C4]","Dz":"[\\u01F2\\u01C5]","E":"[\\u0045\\u24BA\\uFF25\\u00C8\\u00C9\\u00CA\\u1EC0\\u1EBE\\u1EC4\\u1EC2\\u1EBC\\u0112\\u1E14\\u1E16\\u0114\\u0116\\u00CB\\u1EBA\\u011A\\u0204\\u0206\\u1EB8\\u1EC6\\u0228\\u1E1C\\u0118\\u1E18\\u1E1A\\u0190\\u018E]","F":"[\\u0046\\u24BB\\uFF26\\u1E1E\\u0191\\uA77B]","G":"[\\u0047\\u24BC\\uFF27\\u01F4\\u011C\\u1E20\\u011E\\u0120\\u01E6\\u0122\\u01E4\\u0193\\uA7A0\\uA77D\\uA77E]","H":"[\\u0048\\u24BD\\uFF28\\u0124\\u1E22\\u1E26\\u021E\\u1E24\\u1E28\\u1E2A\\u0126\\u2C67\\u2C75\\uA78D]","I":"[\\u0049\\u24BE\\uFF29\\u00CC\\u00CD\\u00CE\\u0128\\u012A\\u012C\\u0130\\u00CF\\u1E2E\\u1EC8\\u01CF\\u0208\\u020A\\u1ECA\\u012E\\u1E2C\\u0197]","J":"[\\u004A\\u24BF\\uFF2A\\u0134\\u0248]","K":"[\\u004B\\u24C0\\uFF2B\\u1E30\\u01E8\\u1E32\\u0136\\u1E34\\u0198\\u2C69\\uA740\\uA742\\uA744\\uA7A2]","L":"[\\u004C\\u24C1\\uFF2C\\u013F\\u0139\\u013D\\u1E36\\u1E38\\u013B\\u1E3C\\u1E3A\\u0141\\u023D\\u2C62\\u2C60\\uA748\\uA746\\uA780]","LJ":"[\\u01C7]","Lj":"[\\u01C8]","M":"[\\u004D\\u24C2\\uFF2D\\u1E3E\\u1E40\\u1E42\\u2C6E\\u019C]","N":"[\\u004E\\u24C3\\uFF2E\\u01F8\\u0143\\u00D1\\u1E44\\u0147\\u1E46\\u0145\\u1E4A\\u1E48\\u0220\\u019D\\uA790\\uA7A4]","NJ":"[\\u01CA]","Nj":"[\\u01CB]","O":"[\\u004F\\u24C4\\uFF2F\\u00D2\\u00D3\\u00D4\\u1ED2\\u1ED0\\u1ED6\\u1ED4\\u00D5\\u1E4C\\u022C\\u1E4E\\u014C\\u1E50\\u1E52\\u014E\\u022E\\u0230\\u00D6\\u022A\\u1ECE\\u0150\\u01D1\\u020C\\u020E\\u01A0\\u1EDC\\u1EDA\\u1EE0\\u1EDE\\u1EE2\\u1ECC\\u1ED8\\u01EA\\u01EC\\u00D8\\u01FE\\u0186\\u019F\\uA74A\\uA74C]","OI":"[\\u01A2]","OO":"[\\uA74E]","OU":"[\\u0222]","P":"[\\u0050\\u24C5\\uFF30\\u1E54\\u1E56\\u01A4\\u2C63\\uA750\\uA752\\uA754]","Q":"[\\u0051\\u24C6\\uFF31\\uA756\\uA758\\u024A]","R":"[\\u0052\\u24C7\\uFF32\\u0154\\u1E58\\u0158\\u0210\\u0212\\u1E5A\\u1E5C\\u0156\\u1E5E\\u024C\\u2C64\\uA75A\\uA7A6\\uA782]","S":"[\\u0053\\u24C8\\uFF33\\u1E9E\\u015A\\u1E64\\u015C\\u1E60\\u0160\\u1E66\\u1E62\\u1E68\\u0218\\u015E\\u2C7E\\uA7A8\\uA784]","T":"[\\u0054\\u24C9\\uFF34\\u1E6A\\u0164\\u1E6C\\u021A\\u0162\\u1E70\\u1E6E\\u0166\\u01AC\\u01AE\\u023E\\uA786]","TZ":"[\\uA728]","U":"[\\u0055\\u24CA\\uFF35\\u00D9\\u00DA\\u00DB\\u0168\\u1E78\\u016A\\u1E7A\\u016C\\u00DC\\u01DB\\u01D7\\u01D5\\u01D9\\u1EE6\\u016E\\u0170\\u01D3\\u0214\\u0216\\u01AF\\u1EEA\\u1EE8\\u1EEE\\u1EEC\\u1EF0\\u1EE4\\u1E72\\u0172\\u1E76\\u1E74\\u0244]","V":"[\\u0056\\u24CB\\uFF36\\u1E7C\\u1E7E\\u01B2\\uA75E\\u0245]","VY":"[\\uA760]","W":"[\\u0057\\u24CC\\uFF37\\u1E80\\u1E82\\u0174\\u1E86\\u1E84\\u1E88\\u2C72]","X":"[\\u0058\\u24CD\\uFF38\\u1E8A\\u1E8C]","Y":"[\\u0059\\u24CE\\uFF39\\u1EF2\\u00DD\\u0176\\u1EF8\\u0232\\u1E8E\\u0178\\u1EF6\\u1EF4\\u01B3\\u024E\\u1EFE]","Z":"[\\u005A\\u24CF\\uFF3A\\u0179\\u1E90\\u017B\\u017D\\u1E92\\u1E94\\u01B5\\u0224\\u2C7F\\u2C6B\\uA762]","a":"[\\u0061\\u24D0\\uFF41\\u1E9A\\u00E0\\u00E1\\u00E2\\u1EA7\\u1EA5\\u1EAB\\u1EA9\\u00E3\\u0101\\u0103\\u1EB1\\u1EAF\\u1EB5\\u1EB3\\u0227\\u01E1\\u00E4\\u01DF\\u1EA3\\u00E5\\u01FB\\u01CE\\u0201\\u0203\\u1EA1\\u1EAD\\u1EB7\\u1E01\\u0105\\u2C65\\u0250]","aa":"[\\uA733]","ae":"[\\u00E6\\u01FD\\u01E3]","ao":"[\\uA735]","au":"[\\uA737]","av":"[\\uA739\\uA73B]","ay":"[\\uA73D]","b":"[\\u0062\\u24D1\\uFF42\\u1E03\\u1E05\\u1E07\\u0180\\u0183\\u0253]","c":"[\\u0063\\u24D2\\uFF43\\u0107\\u0109\\u010B\\u010D\\u00E7\\u1E09\\u0188\\u023C\\uA73F\\u2184]","d":"[\\u0064\\u24D3\\uFF44\\u1E0B\\u010F\\u1E0D\\u1E11\\u1E13\\u1E0F\\u0111\\u018C\\u0256\\u0257\\uA77A]","dz":"[\\u01F3\\u01C6]","e":"[\\u0065\\u24D4\\uFF45\\u00E8\\u00E9\\u00EA\\u1EC1\\u1EBF\\u1EC5\\u1EC3\\u1EBD\\u0113\\u1E15\\u1E17\\u0115\\u0117\\u00EB\\u1EBB\\u011B\\u0205\\u0207\\u1EB9\\u1EC7\\u0229\\u1E1D\\u0119\\u1E19\\u1E1B\\u0247\\u025B\\u01DD]","f":"[\\u0066\\u24D5\\uFF46\\u1E1F\\u0192\\uA77C]","g":"[\\u0067\\u24D6\\uFF47\\u01F5\\u011D\\u1E21\\u011F\\u0121\\u01E7\\u0123\\u01E5\\u0260\\uA7A1\\u1D79\\uA77F]","h":"[\\u0068\\u24D7\\uFF48\\u0125\\u1E23\\u1E27\\u021F\\u1E25\\u1E29\\u1E2B\\u1E96\\u0127\\u2C68\\u2C76\\u0265]","hv":"[\\u0195]","i":"[\\u0069\\u24D8\\uFF49\\u00EC\\u00ED\\u00EE\\u0129\\u012B\\u012D\\u00EF\\u1E2F\\u1EC9\\u01D0\\u0209\\u020B\\u1ECB\\u012F\\u1E2D\\u0268\\u0131]","j":"[\\u006A\\u24D9\\uFF4A\\u0135\\u01F0\\u0249]","k":"[\\u006B\\u24DA\\uFF4B\\u1E31\\u01E9\\u1E33\\u0137\\u1E35\\u0199\\u2C6A\\uA741\\uA743\\uA745\\uA7A3]","l":"[\\u006C\\u24DB\\uFF4C\\u0140\\u013A\\u013E\\u1E37\\u1E39\\u013C\\u1E3D\\u1E3B\\u017F\\u0142\\u019A\\u026B\\u2C61\\uA749\\uA781\\uA747]","lj":"[\\u01C9]","m":"[\\u006D\\u24DC\\uFF4D\\u1E3F\\u1E41\\u1E43\\u0271\\u026F]","n":"[\\u006E\\u24DD\\uFF4E\\u01F9\\u0144\\u00F1\\u1E45\\u0148\\u1E47\\u0146\\u1E4B\\u1E49\\u019E\\u0272\\u0149\\uA791\\uA7A5]","nj":"[\\u01CC]","o":"[\\u006F\\u24DE\\uFF4F\\u00F2\\u00F3\\u00F4\\u1ED3\\u1ED1\\u1ED7\\u1ED5\\u00F5\\u1E4D\\u022D\\u1E4F\\u014D\\u1E51\\u1E53\\u014F\\u022F\\u0231\\u00F6\\u022B\\u1ECF\\u0151\\u01D2\\u020D\\u020F\\u01A1\\u1EDD\\u1EDB\\u1EE1\\u1EDF\\u1EE3\\u1ECD\\u1ED9\\u01EB\\u01ED\\u00F8\\u01FF\\u0254\\uA74B\\uA74D\\u0275]","oi":"[\\u01A3]","ou":"[\\u0223]","oo":"[\\uA74F]","p":"[\\u0070\\u24DF\\uFF50\\u1E55\\u1E57\\u01A5\\u1D7D\\uA751\\uA753\\uA755]","q":"[\\u0071\\u24E0\\uFF51\\u024B\\uA757\\uA759]","r":"[\\u0072\\u24E1\\uFF52\\u0155\\u1E59\\u0159\\u0211\\u0213\\u1E5B\\u1E5D\\u0157\\u1E5F\\u024D\\u027D\\uA75B\\uA7A7\\uA783]","s":"[\\u0073\\u24E2\\uFF53\\u015B\\u1E65\\u015D\\u1E61\\u0161\\u1E67\\u1E63\\u1E69\\u0219\\u015F\\u023F\\uA7A9\\uA785\\u1E9B]","ss":"[\\u00DF]","t":"[\\u0074\\u24E3\\uFF54\\u1E6B\\u1E97\\u0165\\u1E6D\\u021B\\u0163\\u1E71\\u1E6F\\u0167\\u01AD\\u0288\\u2C66\\uA787]","tz":"[\\uA729]","u":"[\\u0075\\u24E4\\uFF55\\u00F9\\u00FA\\u00FB\\u0169\\u1E79\\u016B\\u1E7B\\u016D\\u00FC\\u01DC\\u01D8\\u01D6\\u01DA\\u1EE7\\u016F\\u0171\\u01D4\\u0215\\u0217\\u01B0\\u1EEB\\u1EE9\\u1EEF\\u1EED\\u1EF1\\u1EE5\\u1E73\\u0173\\u1E77\\u1E75\\u0289]","v":"[\\u0076\\u24E5\\uFF56\\u1E7D\\u1E7F\\u028B\\uA75F\\u028C]","vy":"[\\uA761]","w":"[\\u0077\\u24E6\\uFF57\\u1E81\\u1E83\\u0175\\u1E87\\u1E85\\u1E98\\u1E89\\u2C73]","x":"[\\u0078\\u24E7\\uFF58\\u1E8B\\u1E8D]","y":"[\\u0079\\u24E8\\uFF59\\u1EF3\\u00FD\\u0177\\u1EF9\\u0233\\u1E8F\\u00FF\\u1EF7\\u1E99\\u1EF5\\u01B4\\u024F\\u1EFF]","z":"[\\u007A\\u24E9\\uFF5A\\u017A\\u1E91\\u017C\\u017E\\u1E93\\u1E95\\u01B6\\u0225\\u0240\\u2C6C\\uA763]"},"researchesTests":["contentHasTOC","contentHasShortParagraphs","contentHasAssets","keywordInTitle","keywordInMetaDescription","keywordInPermalink","keywordIn10Percent","keywordInContent","keywordInSubheadings","keywordInImageAlt","keywordDensity","keywordNotUsed","lengthContent","lengthPermalink","linksHasInternal","linksHasExternals","linksNotAllExternals","titleStartWithKeyword","titleSentiment","titleHasPowerWords","titleHasNumber","hasContentAI"],"hasRedirection":true,"hasBreadcrumb":true},"homeUrl":"https:\/\/kronika-futbolu.pl\/historia","objectID":11732,"objectType":"post","locale":"pl","localeFull":"pl_PL","overlayImages":{"play":{"name":"Ikona PLAY","url":"https:\/\/kronika-futbolu.pl\/historia\/wp-content\/plugins\/seo-by-rank-math\/assets\/admin\/img\/icon-play.png","path":"\/home\/klient.dhosting.pl\/netpositive\/kronika-futbolu.pl\/public_html\/historia\/wp-content\/plugins\/seo-by-rank-math\/assets\/admin\/img\/icon-play.png","position":"middle_center"},"gif":{"name":"Ikona GIF","url":"https:\/\/kronika-futbolu.pl\/historia\/wp-content\/plugins\/seo-by-rank-math\/assets\/admin\/img\/icon-gif.png","path":"\/home\/klient.dhosting.pl\/netpositive\/kronika-futbolu.pl\/public_html\/historia\/wp-content\/plugins\/seo-by-rank-math\/assets\/admin\/img\/icon-gif.png","position":"middle_center"}},"defautOgImage":"https:\/\/kronika-futbolu.pl\/historia\/wp-content\/plugins\/seo-by-rank-math\/assets\/admin\/img\/social-placeholder.jpg","customPermalinks":true,"isUserRegistered":true,"autoSuggestKeywords":true,"connectSiteUrl":"https:\/\/rankmath.com\/auth?site=https%3A%2F%2Fkronika-futbolu.pl%2Fhistoria&r=https%3A%2F%2Fkronika-futbolu.pl%2Fhistoria%2Fwp-json%2Fwp%2Fv2%2Fpages%2F11732%3Fnonce%3Dae4fa37cbb&pro=1","maxTags":100,"trendsIcon":"<svg viewBox=\"0 0 610 610\"><path d=\"M18.85,446,174.32,290.48l58.08,58.08L76.93,504a14.54,14.54,0,0,1-20.55,0L18.83,466.48a14.54,14.54,0,0,1,0-20.55Z\" style=\"fill:#4285f4\"\/><path d=\"M242.65,242.66,377.59,377.6l-47.75,47.75a14.54,14.54,0,0,1-20.55,0L174.37,290.43l47.75-47.75A14.52,14.52,0,0,1,242.65,242.66Z\" style=\"fill:#ea4335\"\/><polygon points=\"319.53 319.53 479.26 159.8 537.34 217.88 377.61 377.62 319.53 319.53\" style=\"fill:#fabb05\"\/><path d=\"M594.26,262.73V118.61h0a16.94,16.94,0,0,0-16.94-16.94H433.2a16.94,16.94,0,0,0-12,28.92L565.34,274.71h0a16.94,16.94,0,0,0,28.92-12Z\" style=\"fill:#34a853\"\/><rect width=\"610\" height=\"610\" style=\"fill:none\"\/><\/svg>","showScore":true,"siteFavIcon":"data:image\/png;base64,iVBORw0KGgoAAAANSUhEUgAAABAAAAAQCAYAAAAf8\/9hAAABs0lEQVR4AWL4\/\/8\/RRjO8Iucx+noO0MWUDo16FYABMGP6ZfUcRnWtm27jVPbtm3bttuH2t3eFPcY9pLz7NxiLjCyVd87pKnHyqXyxtCs8APd0rnyxiu4qSeA3QEDrAwBDrT1s1Rc\/OrjLZwqVmOSu6+Lamcpp2KKMA9PH1BYXMe1mUP5qotvXTywsOEEYHXxrY+3cqk6TMkYpNr2FeoY3KIr0RPtn9wQ2unlA+GMkRw6+9TFw4YTwDUzx\/JVvARj9KaedXRO8P5B1Du2S32smzqUrcKGEyA+uAgQjKX7zf0boWHGfn71jIKj2689gxp7OAGShNcBUmLMPVjZuiKcA2vuWHHDCQxMCz629kXAIU4ApY15QwggAFbfOP9DhgBJ+nWVJ1AZAfICAj1pAlY6hCADZnveQf7bQIwzVONGJonhLIlS9gr5mFg44Xd+4S3XHoGNPdJl1INIwKyEgHckEhgTe1bGiFY9GSFBYUwLh1IkiJUbY407E7syBSFxKTszEoiE\/YdrgCEayDmtaJwCI9uu8TKMuZSVfSa4BpGgzvomBR\/INhLGzrqDotp01ZR8pn\/1L0JN9d9XNyx0AAAAAElFTkSuQmCC","canUser":{"general":false,"advanced":false,"snippet":false,"social":false,"analysis":false,"analytics":false,"content_ai":false},"showKeywordIntent":true,"isPro":true,"is_front_page":false,"trendsUpgradeLink":"https:\/\/rankmath.com\/pricing\/?utm_source=Plugin&utm_medium=CE%20General%20Tab%20Trends&utm_campaign=WP","trendsUpgradeLabel":"Ulepszenie","trendsPreviewImage":"https:\/\/kronika-futbolu.pl\/historia\/wp-content\/plugins\/seo-by-rank-math\/assets\/admin\/img\/trends-preview.jpg","currentEditor":false,"homepageData":{"assessor":{"powerWords":[],"diacritics":true,"researchesTests":["contentHasTOC","contentHasShortParagraphs","contentHasAssets","keywordInTitle","keywordInMetaDescription","keywordInPermalink","keywordIn10Percent","keywordInContent","keywordInSubheadings","keywordInImageAlt","keywordDensity","keywordNotUsed","lengthContent","lengthPermalink","linksHasInternal","linksHasExternals","linksNotAllExternals","titleStartWithKeyword","titleSentiment","titleHasPowerWords","titleHasNumber","hasContentAI"],"hasBreadcrumb":true,"serpData":{"title":"%sitename% %page% %sep% %sitedesc%","description":"","titleTemplate":"%sitename% %page% %sep% %sitedesc%","descriptionTemplate":"","focusKeywords":"","breadcrumbTitle":"Dom","robots":{"index":true},"advancedRobots":[],"facebookTitle":"","facebookDescription":"","facebookImage":"","facebookImageID":""}}},"searchIntents":[],"isAnalyticsConnected":false,"tocTitle":"Spis tre\u015bci","tocExcludeHeadings":[],"listStyle":"ul"},"_links":{"self":[{"href":"https:\/\/kronika-futbolu.pl\/historia\/wp-json\/wp\/v2\/pages\/11732","targetHints":{"allow":["GET"]}}],"collection":[{"href":"https:\/\/kronika-futbolu.pl\/historia\/wp-json\/wp\/v2\/pages"}],"about":[{"href":"https:\/\/kronika-futbolu.pl\/historia\/wp-json\/wp\/v2\/types\/page"}],"author":[{"embeddable":true,"href":"https:\/\/kronika-futbolu.pl\/historia\/wp-json\/wp\/v2\/users\/3"}],"replies":[{"embeddable":true,"href":"https:\/\/kronika-futbolu.pl\/historia\/wp-json\/wp\/v2\/comments?post=11732"}],"version-history":[{"count":6,"href":"https:\/\/kronika-futbolu.pl\/historia\/wp-json\/wp\/v2\/pages\/11732\/revisions"}],"predecessor-version":[{"id":13917,"href":"https:\/\/kronika-futbolu.pl\/historia\/wp-json\/wp\/v2\/pages\/11732\/revisions\/13917"}],"wp:attachment":[{"href":"https:\/\/kronika-futbolu.pl\/historia\/wp-json\/wp\/v2\/media?parent=11732"}],"curies":[{"name":"wp","href":"https:\/\/api.w.org\/{rel}","templated":true}]}}