{"id":11912,"date":"2022-01-27T19:43:36","date_gmt":"2022-01-27T18:43:36","guid":{"rendered":"https:\/\/kronika-futbolu.pl\/historia\/?page_id=11912"},"modified":"2024-09-15T11:02:25","modified_gmt":"2024-09-15T09:02:25","slug":"polska-walia-w-pilce-noznej-wyniki-meczow","status":"publish","type":"page","link":"https:\/\/kronika-futbolu.pl\/historia\/polska-walia-w-pilce-noznej-wyniki-meczow\/","title":{"rendered":"Polska-Walia w pi\u0142ce no\u017cnej wyniki mecz\u00f3w"},"content":{"rendered":"<div id=\"ez-toc-container\" class=\"ez-toc-v2_0_75 counter-hierarchy ez-toc-counter ez-toc-grey ez-toc-container-direction\">\n<div class=\"ez-toc-title-container\">\n<p class=\"ez-toc-title\" style=\"cursor:inherit\">Table of Contents<\/p>\n<span class=\"ez-toc-title-toggle\"><a href=\"#\" class=\"ez-toc-pull-right ez-toc-btn ez-toc-btn-xs ez-toc-btn-default ez-toc-toggle\" aria-label=\"Toggle Table of Content\"><span class=\"ez-toc-js-icon-con\"><span class=\"\"><span class=\"eztoc-hide\" style=\"display:none;\">Toggle<\/span><span class=\"ez-toc-icon-toggle-span\"><svg style=\"fill: #999;color:#999\" xmlns=\"http:\/\/www.w3.org\/2000\/svg\" class=\"list-377408\" width=\"20px\" height=\"20px\" viewBox=\"0 0 24 24\" fill=\"none\"><path d=\"M6 6H4v2h2V6zm14 0H8v2h12V6zM4 11h2v2H4v-2zm16 0H8v2h12v-2zM4 16h2v2H4v-2zm16 0H8v2h12v-2z\" fill=\"currentColor\"><\/path><\/svg><svg style=\"fill: #999;color:#999\" class=\"arrow-unsorted-368013\" xmlns=\"http:\/\/www.w3.org\/2000\/svg\" width=\"10px\" height=\"10px\" viewBox=\"0 0 24 24\" version=\"1.2\" baseProfile=\"tiny\"><path d=\"M18.2 9.3l-6.2-6.3-6.2 6.3c-.2.2-.3.4-.3.7s.1.5.3.7c.2.2.4.3.7.3h11c.3 0 .5-.1.7-.3.2-.2.3-.5.3-.7s-.1-.5-.3-.7zM5.8 14.7l6.2 6.3 6.2-6.3c.2-.2.3-.5.3-.7s-.1-.5-.3-.7c-.2-.2-.4-.3-.7-.3h-11c-.3 0-.5.1-.7.3-.2.2-.3.5-.3.7s.1.5.3.7z\"\/><\/svg><\/span><\/span><\/span><\/a><\/span><\/div>\n<nav><ul class='ez-toc-list ez-toc-list-level-1 ' ><li class='ez-toc-page-1 ez-toc-heading-level-2'><a class=\"ez-toc-link ez-toc-heading-1\" href=\"https:\/\/kronika-futbolu.pl\/historia\/polska-walia-w-pilce-noznej-wyniki-meczow\/#_Bilans_meczow_Polska-Walia_kursy_bukmacherskie\" >\u00a0Bilans mecz\u00f3w Polska-Walia, kursy bukmacherskie.\u00a0<\/a><\/li><li class='ez-toc-page-1 ez-toc-heading-level-2'><a class=\"ez-toc-link ez-toc-heading-2\" href=\"https:\/\/kronika-futbolu.pl\/historia\/polska-walia-w-pilce-noznej-wyniki-meczow\/#%E2%80%8BTabela_rozgrywek\" >\u200bTabela rozgrywek<\/a><\/li><li class='ez-toc-page-1 ez-toc-heading-level-2'><a class=\"ez-toc-link ez-toc-heading-3\" href=\"https:\/\/kronika-futbolu.pl\/historia\/polska-walia-w-pilce-noznej-wyniki-meczow\/#11_Mecz_Walia-_Polska_0_0_pd_karne_4-5_26_marca_2024_r\" >11. Mecz Walia- Polska 0:0 pd. karne 4-5 (26 marca 2024 r.)<\/a><\/li><li class='ez-toc-page-1 ez-toc-heading-level-2'><a class=\"ez-toc-link ez-toc-heading-4\" href=\"https:\/\/kronika-futbolu.pl\/historia\/polska-walia-w-pilce-noznej-wyniki-meczow\/#10_Mecz_Walia-_Polska_0_1_25_wrzesnia_2022_r\" >10. Mecz Walia- Polska 0:1 (25 wrze\u015bnia 2022 r.)<\/a><\/li><li class='ez-toc-page-1 ez-toc-heading-level-2'><a class=\"ez-toc-link ez-toc-heading-5\" href=\"https:\/\/kronika-futbolu.pl\/historia\/polska-walia-w-pilce-noznej-wyniki-meczow\/#9_Mecz_Polska_%E2%80%93_Walia_2_1_1_czerwca_2022_r\" >9. Mecz Polska &#8211; Walia 2:1 (1 czerwca 2022 r.)<\/a><\/li><li class='ez-toc-page-1 ez-toc-heading-level-2'><a class=\"ez-toc-link ez-toc-heading-6\" href=\"https:\/\/kronika-futbolu.pl\/historia\/polska-walia-w-pilce-noznej-wyniki-meczow\/#8_Mecz_Walia-_Polska_0_1_11_lutego_2009_r\" >8. Mecz Walia- Polska 0:1 (11 lutego 2009 r.)<\/a><\/li><li class='ez-toc-page-1 ez-toc-heading-level-2'><a class=\"ez-toc-link ez-toc-heading-7\" href=\"https:\/\/kronika-futbolu.pl\/historia\/polska-walia-w-pilce-noznej-wyniki-meczow\/#7_Mecz_Polska_%E2%80%93_Walia_1_0_7_wrzesnia_2005_r\" >7. Mecz Polska &#8211; Walia 1:0 (7 wrze\u015bnia 2005 r.)<\/a><\/li><li class='ez-toc-page-1 ez-toc-heading-level-2'><a class=\"ez-toc-link ez-toc-heading-8\" href=\"https:\/\/kronika-futbolu.pl\/historia\/polska-walia-w-pilce-noznej-wyniki-meczow\/#6_Mecz_Walia_%E2%80%93_Polska_2_3_13_pazdziernika_2004_r\" >6. Mecz Walia &#8211; Polska 2:3 (13 pa\u017adziernika 2004 r.)<\/a><\/li><li class='ez-toc-page-1 ez-toc-heading-level-2'><a class=\"ez-toc-link ez-toc-heading-9\" href=\"https:\/\/kronika-futbolu.pl\/historia\/polska-walia-w-pilce-noznej-wyniki-meczow\/#5_Mecz_Walia-_Polska_1_2_2_czerwca_2001_r\" >5. Mecz Walia- Polska 1:2 (2 czerwca 2001 r.)<\/a><\/li><li class='ez-toc-page-1 ez-toc-heading-level-2'><a class=\"ez-toc-link ez-toc-heading-10\" href=\"https:\/\/kronika-futbolu.pl\/historia\/polska-walia-w-pilce-noznej-wyniki-meczow\/#4_Mecz_Polska_%E2%80%93_Walia_0_0_11_pazdziernika_2000_r\" >4. Mecz Polska &#8211; Walia 0:0 (11 pa\u017adziernika 2000 r.)<\/a><\/li><li class='ez-toc-page-1 ez-toc-heading-level-2'><a class=\"ez-toc-link ez-toc-heading-11\" href=\"https:\/\/kronika-futbolu.pl\/historia\/polska-walia-w-pilce-noznej-wyniki-meczow\/#3_Mecz_Polska_%E2%80%93_Walia_0_0_29_maja_1991_r\" >3. Mecz Polska &#8211; Walia 0:0 (29 maja 1991 r.)<\/a><\/li><li class='ez-toc-page-1 ez-toc-heading-level-2'><a class=\"ez-toc-link ez-toc-heading-12\" href=\"https:\/\/kronika-futbolu.pl\/historia\/polska-walia-w-pilce-noznej-wyniki-meczow\/#2_Mecz_Polska_%E2%80%93_Walia_3_0_26_wrzesnia_1973_r\" >2. Mecz Polska &#8211; Walia 3:0 (26 wrze\u015bnia 1973 r.)<\/a><\/li><li class='ez-toc-page-1 ez-toc-heading-level-2'><a class=\"ez-toc-link ez-toc-heading-13\" href=\"https:\/\/kronika-futbolu.pl\/historia\/polska-walia-w-pilce-noznej-wyniki-meczow\/#1_Mecz_Walia_%E2%80%93_Polska_2_0_28_marca_1973_r\" >1. Mecz Walia &#8211; Polska 2:0 (28 marca 1973 r.)<\/a><\/li><li class='ez-toc-page-1 ez-toc-heading-level-2'><a class=\"ez-toc-link ez-toc-heading-14\" href=\"https:\/\/kronika-futbolu.pl\/historia\/polska-walia-w-pilce-noznej-wyniki-meczow\/#_Przezyjmy_to_jeszcze_raz_%E2%80%93_galeria_zdjec_z_meczy_Polska_%E2%80%93_Walia\" >\u00a0Prze\u017cyjmy to jeszcze raz &#8211; galeria zdj\u0119\u0107 z meczy Polska &#8211; Walia<\/a><\/li><\/ul><\/nav><\/div>\n<h2><span class=\"ez-toc-section\" id=\"_Bilans_meczow_Polska-Walia_kursy_bukmacherskie\"><\/span>\u00a0Bilans mecz\u00f3w Polska-Walia, kursy bukmacherskie.\u00a0<span class=\"ez-toc-section-end\"><\/span><\/h2>\n<p><img loading=\"lazy\" decoding=\"async\" class=\"alignleft wp-image-11918 size-medium\" src=\"https:\/\/kronika-futbolu.pl\/historia\/wp-content\/uploads\/2022\/01\/walia-logo-357x400.png\" alt=\"walia logo\" width=\"357\" height=\"400\" srcset=\"https:\/\/kronika-futbolu.pl\/historia\/wp-content\/uploads\/2022\/01\/walia-logo-357x400.png 357w, https:\/\/kronika-futbolu.pl\/historia\/wp-content\/uploads\/2022\/01\/walia-logo-1071x1200.png 1071w, https:\/\/kronika-futbolu.pl\/historia\/wp-content\/uploads\/2022\/01\/walia-logo-768x860.png 768w, https:\/\/kronika-futbolu.pl\/historia\/wp-content\/uploads\/2022\/01\/walia-logo.png 1200w\" sizes=\"auto, (max-width: 357px) 100vw, 357px\" \/><\/p>\n<p>Polska gra\u0142a dotychczas z Wali\u0105 11 razy.\u00a0 Bilans to 7 wygranych Polak\u00f3w,\u00a0 3 remisy i\u00a0 1 wygrana Walii. Bilans bramkowy: 13-6. Jeden mecz Polacy wygrali po rzutach karnych.\u00a0<\/p>\n<hr \/>\n<p><strong>\u00a0<\/strong><strong>Spis tre\u015bci:<\/strong><\/p>\n<ol reversed=\"\">\n<li style=\"list-style-type: none;\">\n<ol reversed=\"\">\n<li style=\"text-align: left;\"><a href=\"#mecz11\">Mecz Walia-Polska (2024.03.26) \u2193<\/a><\/li>\n<li style=\"text-align: left;\"><a href=\"#mecz10\">Mecz Walia-Polska (2022.09.25) \u2193<\/a><\/li>\n<li style=\"text-align: left;\"><a href=\"#mecz9\">Mecz Polska-Walia (2022.06.01) \u2193<\/a><\/li>\n<li style=\"text-align: left;\"><a href=\"#mecz8\">Mecz Walia-Polska (2009.02.11) \u2193<\/a><\/li>\n<li style=\"text-align: left;\"><a href=\"#mecz7\">Mecz Polska-Walia (2005.09.07) \u2193<\/a><\/li>\n<li style=\"text-align: left;\"><a href=\"#mecz6\">Mecz Walia-Polska (2004.10.13) \u2193<\/a><\/li>\n<li style=\"text-align: left;\"><a href=\"#mecz5\">Mecz Walia-Polska (2001.06.02) \u2193<\/a><\/li>\n<li style=\"text-align: left;\"><a href=\"#mecz4\">Mecz Polska-Walia (2000.10.11) \u2193<\/a><\/li>\n<li style=\"text-align: left;\"><a href=\"#mecz3\">Mecz Polska-Walia (1991.05.29) \u2193<\/a><\/li>\n<li style=\"text-align: left;\"><a href=\"#mecz2\">Mecz Polska-Walia (1973.09.26) \u2193<\/a><\/li>\n<li style=\"text-align: left;\"><a href=\"#mecz1\">Mecz Walia-Polska (1973.03.28) \u2193<\/a><\/li>\n<\/ol>\n<\/li>\n<\/ol>\n<p>&nbsp;<\/p>\n<h2 style=\"text-align: center;\"><span class=\"ez-toc-section\" id=\"%E2%80%8BTabela_rozgrywek\"><\/span>\u200bTabela rozgrywek<span class=\"ez-toc-section-end\"><\/span><\/h2>\n<p style=\"text-align: center;\">\r\n\t\t\t<span class=\"rivals\">\r\n\t\t\t\t<strong>Inne mecze reprezentacji<\/strong>\r\n\t\t\t\t<select onchange=\"self.location.href=this.value\">\r\n\t\t\t\t\t<option value=\"#\">Wybierz rywala<\/option>\r\n\t\t\t\t\t<option value=\"\/historia\/reprezentacja-polski-mecze\/\">Wszystkie mecze<\/option>\r\n\t\t\t\t\t<option value=\"\/historia\/polska-albania-w-pilce-noznej-wyniki-meczow\/\">Albania<\/option>\r\n\t\t\t\t\t<option value=\"\/historia\/polska-andora-w-pilce-noznej-wyniki-meczow\/\">Andora<\/option>\r\n\t\t\t\t\t<option value=\"\/historia\/polska-anglia-w-pilce-noznej-wyniki-meczow\/\">Anglia<\/option>\r\n\t\t\t\t\t<option value=\"\/historia\/polska-arabia-saudyjska-w-pilce-noznej-wyniki-meczow\/\">Arabia Saudyjska<\/option>\r\n\t\t\t\t\t<option value=\"\/historia\/polska-argentyna-w-pilce-noznej-wyniki-meczow\/\">Argentyna<\/option>\r\n\t\t\t\t\t<option value=\"\/historia\/polska-austria-w-pilce-noznej-wyniki-meczow\/\">Austria<\/option>\r\n\t\t\t\t\t<option value=\"\/historia\/polska-belgia-w-pilce-noznej-wyniki-meczow\/\">Belgia<\/option>\r\n\t\t\t\t\t<option value=\"\/historia\/polska-brazylia-w-pilce-noznej-wyniki-meczow\/\">Brazylia<\/option>\r\n\t\t\t\t\t<option value=\"\/historia\/polska-chile-w-pilce-noznej-wyniki-meczow\/\">Chile<\/option>\r\n\t\t\t\t\t<option value=\"\/historia\/polska-chorwacja-w-pilce-noznej-wyniki-meczow\/\">Chorwacja<\/option>\r\n\t\t\t\t\t<option value=\"\/historia\/historia-i-bilans-meczow-polska-czarnogora\/\">Czarnog\u00f3ra<\/option>\r\n\t\t\t\t\t<option value=\"\/historia\/polska-czechy-w-pilce-noznej-wyniki-meczow\/\">Czechy<\/option>\r\n\t\t\t\t\t<option value=\"\/historia\/historia-i-bilans-meczow-polska-dania-w-pilce-noznej\/\">Dania<\/option>\r\n\t\t\t\t\t<option value=\"\/historia\/polska-estonia-w-pilce-noznej-wyniki-meczow\/\">Estonia<\/option>\r\n\t\t\t\t\t<option value=\"\/historia\/bilans-meczow-polska-francja-kursy-bukmacherskie\/\">Francja<\/option>\r\n\t\t\t\t\t<option value=\"\/historia\/polska-grecja-w-pilce-noznej-wyniki-meczow\/\">Grecja<\/option>\r\n\t\t\t\t\t<option value=\"\/historia\/polska-gruzja-w-pilce-noznej-wyniki-meczow\/\">Gruzja<\/option>\r\n\t\t\t\t\t<option value=\"\/historia\/polska-hiszpania-w-pilce-noznej-wyniki-meczow\/\">Hiszpania<\/option>\r\n\t\t\t\t\t<option value=\"\/historia\/polska-holandia-w-pilce-noznej-wyniki-meczow\/\">Holandia<\/option>\r\n\t\t\t\t\t<option value=\"\/historia\/historia-i-bilans-meczow-polska-irlandia\/\">Irlandia<\/option>\r\n\t\t\t\t\t<option value=\"\/historia\/polska-irlandia-polnocna-w-pilce-noznej-wyniki-meczow\/\">Irlandia P\u00f3\u0142nocna<\/option>\r\n\t\t\t\t\t<option value=\"\/historia\/polska-islandia-w-pilce-noznej-wyniki-meczow\/\">Islandia<\/option>\r\n\t\t\t\t\t<option value=\"\/historia\/historia-i-bilans-meczow-polska-japonia\/\">Japonia<\/option>\r\n\t\t\t\t\t<option value=\"\/historia\/historia-i-bilans-meczow-polska-kazachstan\/\">Kazachstan<\/option>\r\n\t\t\t\t\t<option value=\"\/historia\/historia-i-bilans-meczow-polska-kolumbia\/\">Kolumbia<\/option>\r\n\t\t\t\t\t<option value=\"\/historia\/historia-i-bilans-meczow-polska-korea-poludniowa-w-pilce-noznej\/\">Korea Po\u0142udniowa<\/option>\r\n\t\t\t\t\t<option value=\"\/historia\/polska-liechtenstein-w-pilce-noznej-wyniki-meczow\/\">Liechtenstein<\/option>\r\n\t\t\t\t\t<option value=\"\/historia\/historia-i-bilans-meczow-polska-litwa\/\">Litwa<\/option>\r\n\t\t\t\t\t<option value=\"\/historia\/polska-lotwa-w-pilce-noznej-wyniki-meczow\/\">\u0141otwa<\/option>\r\n\t\t\t\t\t<option value=\"\/historia\/polska-meksyk-w-pilce-noznej-wyniki-meczow\/\">Meksyk<\/option>\r\n\t\t\t\t\t<option value=\"\/historia\/polska-moldawia-w-pilce-noznej-wyniki-meczow\/\">Mo\u0142dawia<\/option>\r\n\t\t\t\t\t<option value=\"\/historia\/polska-niemcy-w-pilce-noznej-wyniki-meczow\/\">Niemcy<\/option>\r\n\t\t\t\t\t<option value=\"\/historia\/historia-i-bilans-meczow-polska-nigeria\/\">Nigeria<\/option>\r\n\t\t\t\t\t<option value=\"\/historia\/polska-norwegia-w-pilce-noznej-wyniki-meczow\/\">Norwegia<\/option>\r\n\t\t\t\t\t<option value=\"\/historia\/polska-nowa-zelandia-w-pilce-noznej-wyniki-meczow\/\">Nowa Zelandia<\/option>\r\n\t\t\t\t\t<option value=\"\/historia\/polska-portugalia-w-pilce-noznej-wyniki-meczow\/\">Portugalia<\/option>\r\n\t\t\t\t\t<option value=\"\/historia\/polska-rosja-w-pilce-noznej-wyniki-meczow\/\">Rosja<\/option>\r\n\t\t\t\t\t<option value=\"\/historia\/historia-i-bilans-meczow-polska-rumunia\/\">Rumunia<\/option>\r\n\t\t\t\t\t<option value=\"\/historia\/polska-san-marino-w-pilce-noznej-wyniki-meczow\/\">San Marino<\/option>\r\n\t\t\t\t\t<option value=\"\/historia\/historia-i-bilans-meczow-polska-senegal\/\">Senegal<\/option>\r\n\t\t\t\t\t<option value=\"\/historia\/polska-slowacja-w-pilce-noznej-wyniki-meczow\/\">S\u0142owacja<\/option>\r\n\t\t\t\t\t<option value=\"\/historia\/polska-slowenia-w-pilce-noznej-wyniki-meczow\/\">S\u0142owenia<\/option>\r\n\t\t\t\t\t<option value=\"\/historia\/polska-szkocja-w-pilce-noznej-wyniki-meczow\/\">Szkocja<\/option>\r\n\t\t\t\t\t<option value=\"\/historia\/polska-szwajcaria-w-pilce-noznej-wyniki-meczow\/\">Szwajcaria<\/option>\r\n\t\t\t\t\t<option value=\"\/historia\/polska-szwecja-w-pilce-noznej-wyniki-meczow\/\">Szwecja<\/option>\r\n\t\t\t\t\t<option value=\"\/historia\/polska-turcja-w-pilce-noznej-wyniki-meczow\/\">Turcja<\/option>\r\n\t\t\t\t\t<option value=\"\/historia\/polska-ukraina-w-pilce-noznej-wyniki-meczow\/\">Ukraina<\/option>\r\n\t\t\t\t\t<option value=\"\/historia\/historia-i-bilans-meczow-polska-urugwaj\/\">Urugwaj<\/option>\r\n\t\t\t\t\t<option value=\"\/historia\/polska-walia-w-pilce-noznej-wyniki-meczow\/\">Walia<\/option>\r\n\t\t\t\t\t<option value=\"\/historia\/polska-wegry-w-pilce-noznej-wyniki-meczow\/\">W\u0119gry<\/option>\r\n\t\t\t\t\t<option value=\"\/historia\/historia-i-bilans-meczow-polska-wlochy-w-pilce-noznej\/\">W\u0142ochy<\/option>\r\n\t\t\t\t\t<option value=\"\/historia\/polska-wyspy-owcze-w-pilce-noznej-wyniki-meczow\/\">Wyspy Owcze<\/option>\r\n\t\t\t\t<\/select>\r\n\t\t\t<\/span>\r\n\t\t<\/p>\n<table style=\"width: 100%; height: 296px;\">\n<thead>\n<tr style=\"height: 45px;\">\n<th style=\"width: 0.484848%; text-align: center; height: 45px;\">Lp.<\/th>\n<th style=\"width: 13.0426%; height: 45px;\">Data meczu<\/th>\n<th style=\"width: 10.8936%; height: 45px;\">Miejsce<\/th>\n<th style=\"width: 12.142%; height: 45px;\">Mecz<\/th>\n<th style=\"text-align: center; width: 11.0214%; height: 45px;\">Strzelone bramki<\/th>\n<th style=\"text-align: center; width: 12.1916%; height: 45px;\">Strzelone bramki<\/th>\n<th style=\"text-align: center; width: 12.6928%; height: 45px;\">Rodzaj rozgrywek<\/th>\n<th style=\"width: 12.38%; height: 45px;\">Trener<\/th>\n<\/tr>\n<\/thead>\n<tbody>\n<tr style=\"height: 26px;\">\n<td style=\"width: 0.484848%; text-align: center; height: 26px;\">11.<\/td>\n<td style=\"width: 13.0426%; height: 26px;\">2024.03.26 (wtorek)<\/td>\n<td style=\"width: 10.8936%; height: 26px;\">Cardiff<\/td>\n<td style=\"width: 12.142%; height: 26px;\">Walia-Polska<\/td>\n<td style=\"text-align: center; width: 11.0214%; height: 26px;\">[wal] 0 k.4<\/td>\n<td style=\"text-align: center; width: 12.1916%; height: 26px;\">[pl] 0 k.5<\/td>\n<td style=\"text-align: center; width: 12.6928%; height: 26px;\">EL.ME 2024<\/td>\n<td style=\"width: 12.38%; height: 26px;\">Probierz<\/td>\n<\/tr>\n<tr style=\"height: 26px;\">\n<td style=\"width: 0.484848%; text-align: center; height: 26px;\">10.<\/td>\n<td style=\"width: 13.0426%; height: 26px;\">2022.09.25 (niedziela)<\/td>\n<td style=\"width: 10.8936%; height: 26px;\">Cardiff<\/td>\n<td style=\"width: 12.142%; height: 26px;\">Walia-Polska<\/td>\n<td style=\"text-align: center; width: 11.0214%; height: 26px;\">[wal] 0<\/td>\n<td style=\"text-align: center; width: 12.1916%; height: 26px;\">[pl] 1<\/td>\n<td style=\"text-align: center; width: 12.6928%; height: 26px;\">LN<\/td>\n<td style=\"width: 12.38%; height: 26px;\">Michniewicz<\/td>\n<\/tr>\n<tr style=\"height: 26px;\">\n<td style=\"width: 0.484848%; text-align: center; height: 26px;\">9.<\/td>\n<td style=\"width: 13.0426%; height: 26px;\">2022.06.01 (\u015broda)<\/td>\n<td style=\"width: 10.8936%; height: 26px;\">Wroc\u0142aw<\/td>\n<td style=\"width: 12.142%; height: 26px;\">Polska-Walia<\/td>\n<td style=\"text-align: center; width: 11.0214%; height: 26px;\">[pl] 2<\/td>\n<td style=\"text-align: center; width: 12.1916%; height: 26px;\">[wal] 1<\/td>\n<td style=\"text-align: center; width: 12.6928%; height: 26px;\">LN<\/td>\n<td style=\"width: 12.38%; height: 26px;\">Michniewicz<\/td>\n<\/tr>\n<tr style=\"height: 26px;\">\n<td style=\"width: 0.484848%; text-align: center; height: 26px;\">8.<\/td>\n<td style=\"width: 13.0426%; height: 26px;\">2009.02.11 (\u015broda)<\/td>\n<td style=\"width: 10.8936%; height: 26px;\">Vila Real de Santo Ant\u00f3nio<\/td>\n<td style=\"width: 12.142%; height: 26px;\">Walia-Polska<\/td>\n<td style=\"text-align: center; width: 11.0214%; height: 26px;\">[wal] 0<\/td>\n<td style=\"text-align: center; width: 12.1916%; height: 26px;\">[pl] 1<\/td>\n<td style=\"text-align: center; width: 12.6928%; height: 26px;\">MT<\/td>\n<td style=\"width: 12.38%; height: 26px;\">Leo Beenhakker<\/td>\n<\/tr>\n<tr style=\"height: 26px;\">\n<td style=\"width: 0.484848%; text-align: center; height: 26px;\">7.<\/td>\n<td style=\"width: 13.0426%; height: 26px;\">2005.09.07 (\u015broda)<\/td>\n<td style=\"width: 10.8936%; height: 26px;\">Warszawa<\/td>\n<td style=\"width: 12.142%; height: 26px;\">Polska-Walia<\/td>\n<td style=\"text-align: center; width: 11.0214%; height: 26px;\">[pl] 1<\/td>\n<td style=\"text-align: center; width: 12.1916%; height: 26px;\">[wal] 0<\/td>\n<td style=\"text-align: center; width: 12.6928%; height: 26px;\">EL.M\u015a 2006<\/td>\n<td style=\"width: 12.38%; height: 26px;\">Pawe\u0142 Janas<\/td>\n<\/tr>\n<tr style=\"height: 26px;\">\n<td style=\"width: 0.484848%; text-align: center; height: 26px;\">6.<\/td>\n<td style=\"width: 13.0426%; height: 26px;\">2004.10.13 (\u015broda)<\/td>\n<td style=\"width: 10.8936%; height: 26px;\">Cardiff<\/td>\n<td style=\"width: 12.142%; height: 26px;\">Walia-Polska<\/td>\n<td style=\"text-align: center; width: 11.0214%; height: 26px;\">[wal] 2<\/td>\n<td style=\"text-align: center; width: 12.1916%; height: 26px;\">[pl] 3<\/td>\n<td style=\"text-align: center; width: 12.6928%; height: 26px;\">EL.M\u015a 2006<\/td>\n<td style=\"width: 12.38%; height: 26px;\">Pawe\u0142 Janas<\/td>\n<\/tr>\n<tr style=\"height: 21px;\">\n<td style=\"width: 0.484848%; text-align: center; height: 22px;\">5.<\/td>\n<td style=\"width: 13.0426%; height: 22px;\">2001.06.02 (sobota)<\/td>\n<td style=\"width: 10.8936%; height: 22px;\">Cardiff<\/td>\n<td style=\"width: 12.142%; height: 22px;\">Walia-Polska<\/td>\n<td style=\"text-align: center; width: 11.0214%; height: 22px;\">[wal] 1<\/td>\n<td style=\"text-align: center; width: 12.1916%; height: 22px;\">[pl] 2<\/td>\n<td style=\"text-align: center; width: 12.6928%; height: 22px;\">EL.M\u015a 2002<\/td>\n<td style=\"width: 12.38%; height: 22px;\">\u00a0Jerzy Engel<\/td>\n<\/tr>\n<tr style=\"height: 21px;\">\n<td style=\"width: 0.484848%; text-align: center; height: 21px;\">4.<\/td>\n<td style=\"width: 13.0426%; height: 21px;\">2000.10.11 (\u015broda)<\/td>\n<td style=\"width: 10.8936%; height: 21px;\">Warszawa<\/td>\n<td style=\"width: 12.142%; height: 21px;\">Polska-Walia<\/td>\n<td style=\"text-align: center; width: 11.0214%; height: 21px;\">[pl] 0<\/td>\n<td style=\"text-align: center; width: 12.1916%; height: 21px;\">[wal] 0<\/td>\n<td style=\"text-align: center; width: 12.6928%; height: 21px;\">EL.M\u015a 2002<\/td>\n<td style=\"width: 12.38%; height: 21px;\">\u00a0Jerzy Engel<\/td>\n<\/tr>\n<tr style=\"height: 21px;\">\n<td style=\"width: 0.484848%; text-align: center; height: 21px;\">3.<\/td>\n<td style=\"width: 13.0426%; height: 21px;\">1991.05.29 (\u015broda)<\/td>\n<td style=\"width: 10.8936%; height: 21px;\">Radom<\/td>\n<td style=\"width: 12.142%; height: 21px;\">Polska-Walia<\/td>\n<td style=\"text-align: center; width: 11.0214%; height: 21px;\">[pl] 0<\/td>\n<td style=\"text-align: center; width: 12.1916%; height: 21px;\">[wal] 0<\/td>\n<td style=\"text-align: center; width: 12.6928%; height: 21px;\">MT<\/td>\n<td style=\"width: 12.38%; height: 21px;\">Andrzej Strejlau<\/td>\n<\/tr>\n<tr style=\"height: 21px;\">\n<td style=\"width: 0.484848%; text-align: center; height: 21px;\">2.<\/td>\n<td style=\"width: 13.0426%; height: 21px;\">1973.09.26 (\u015broda)<\/td>\n<td style=\"width: 10.8936%; height: 21px;\">Chorz\u00f3w<\/td>\n<td style=\"width: 12.142%; height: 21px;\">Polska-Walia<\/td>\n<td style=\"text-align: center; width: 11.0214%; height: 21px;\">[pl] 3<\/td>\n<td style=\"text-align: center; width: 12.1916%; height: 21px;\">[wal] 0<\/td>\n<td style=\"text-align: center; width: 12.6928%; height: 21px;\">EL.M\u015a 1974<\/td>\n<td style=\"width: 12.38%; height: 21px;\">Kazimierz G\u00f3rski<\/td>\n<\/tr>\n<tr style=\"height: 21px;\">\n<td style=\"width: 0.484848%; text-align: center; height: 10px;\">1.<\/td>\n<td style=\"width: 13.0426%; height: 10px;\">1973.03.28 (\u015broda)<\/td>\n<td style=\"width: 10.8936%; height: 10px;\">Cardiff<\/td>\n<td style=\"width: 12.142%; height: 10px;\">Walia-Polska<\/td>\n<td style=\"text-align: center; width: 11.0214%; height: 10px;\">[wal] 2<\/td>\n<td style=\"text-align: center; width: 12.1916%; height: 10px;\">[pl] 0<\/td>\n<td style=\"text-align: center; width: 12.6928%; height: 10px;\">EL.M\u015a 1974<\/td>\n<td style=\"width: 12.38%; height: 10px;\">Kazimierz G\u00f3rski<\/td>\n<\/tr>\n<\/tbody>\n<\/table>\n<h2><span class=\"ez-toc-section\" id=\"11_Mecz_Walia-_Polska_0_0_pd_karne_4-5_26_marca_2024_r\"><\/span><a id=\"mecz11\"><\/a>11. Mecz Walia- Polska 0:0 pd. karne 4-5 (26 marca 2024 r.)<span class=\"ez-toc-section-end\"><\/span><\/h2>\n<ul>\n<li><strong>Data meczu:<\/strong> 26.03.2024<\/li>\n<li><strong>Ranga meczu: <\/strong>Eliminacje Mistrzostw \u015awiata 2022- fina\u0142 bara\u017cy<\/li>\n<li><strong>S\u0119dzia:<\/strong> Daniele Orsato- W\u0142ochy<\/li>\n<li><strong>Stadion:<\/strong> Cardiff City Stadium, Cardiff<\/li>\n<li><strong>Trener:<\/strong> Micha\u0142 Probierz<\/li>\n<\/ul>\n<p><strong>Seria rzut\u00f3w karnych:<\/strong><\/p>\n<ul>\n<li>0-1 Robert Lewandowski [pl] +<\/li>\n<li>1-1 Ben Davies [wal] +<\/li>\n<li>1-2 Sebastian Szyma\u0144ski [pl] +<\/li>\n<li>2-2 Kieffer Moore [wal] +<\/li>\n<li>2-3 Przemys\u0142aw Frankowski [pl] +<\/li>\n<li>3-3 Harry Wilson [wal] +<\/li>\n<li>3-4 Nicola Zalewski [pl] +<\/li>\n<li>4-4 Neco Williams [wal] +<\/li>\n<li>4-5 Krzysztof Pi\u0105tek [pl] +<\/li>\n<li>4-5 Daniel James [wal] &#8211; (obroniony)<\/li>\n<\/ul>\n<p><strong>\u00a0Sk\u0142ady:<\/strong><\/p>\n<table style=\"border-collapse: collapse; width: 100%; height: 311px;\">\n<thead>\n<tr style=\"height: 21px;\">\n<th style=\"width: 50%; height: 21px;\">[wal] Walia:<\/th>\n<th style=\"width: 50%; height: 21px;\">[pl] Polska:<\/th>\n<\/tr>\n<\/thead>\n<tbody>\n<tr style=\"height: 386px;\">\n<td style=\"width: 50%; height: 290px;\">\n<ul>\n<li><strong>Danny Ward<\/strong> -Leicester City<\/li>\n<li><strong>Ben Davies<\/strong> kapitan -Tottenham Hotspur<\/li>\n<li><strong>Connor Roberts<\/strong> do 84&#8242; -Leeds United<\/li>\n<li>od 84&#8242; <strong>David Brooks<\/strong> do 112&#8242; -Southampton FC<\/li>\n<li>od 112&#8242; <strong>Nathan Broadhead<\/strong> -Ipswich Town<\/li>\n<li><strong>Ethan Ampadu<\/strong> -Leeds United<\/li>\n<li><strong>Neco Williams<\/strong> -Nottingham Forest<\/li>\n<li><strong>Chris Mepham<\/strong> 98&#8242;[ycard] 120+1&#8242; [ycard] [rcard] -AFC Bournemouth<\/li>\n<li><strong>Harry Wilson<\/strong> -Fulham FC<\/li>\n<li><strong>Jordan James<\/strong> 55&#8242; [ycard] -Birmingham City<\/li>\n<li><strong>Kieffer Moore<\/strong> -Ipswich Town<\/li>\n<li><strong>Brennan Johnson<\/strong> do 70&#8242; -Tottenham Hotspur<\/li>\n<li>od 70&#8242; <strong>Daniel James<\/strong> -Leeds United<\/li>\n<li><strong>Joe Rodon<\/strong> -Leeds United<\/li>\n<\/ul>\n<\/td>\n<td style=\"width: 50%; height: 290px;\">\n<ul>\n<li><strong>Wojciech Szcz\u0119sny<\/strong> -Juventus FC<\/li>\n<li><strong>Jan Bednarek<\/strong> do 80&#8242; -Southampton FC<\/li>\n<li>od 80&#8242; <strong>Bartosz Salamon<\/strong> -Lech Pozna\u0144<\/li>\n<li><strong>Pawe\u0142 Dawidowicz<\/strong> -Hellas Verona<\/li>\n<li><strong>Jakub Kiwior<\/strong> -Arsenal FC<\/li>\n<li><strong>Piotr Zieli\u0144ski<\/strong> do 101&#8242; -SSC Napoli<\/li>\n<li>od 101&#8242; <strong>Sebastian Szyma\u0144ski<\/strong> -Fenerbah\u00e7e<\/li>\n<li><strong>Przemys\u0142aw Frankowski<\/strong> -RC Lens<\/li>\n<li><strong>Bartosz Slisz<\/strong> -Atlanta United<\/li>\n<li><strong>Jakub Piotrowski<\/strong> 51&#8242; [ycard] do 106&#8242; -Ludogorets 1945 Razgrad<\/li>\n<li>od 106&#8242; <strong>Taras Romanczuk<\/strong> -Jagiellonia Bia\u0142ystok<\/li>\n<li><strong>Nicola Zalewski<\/strong> 72&#8242; [ycard] -AS Roma<\/li>\n<li><strong>Robert Lewandowski<\/strong> kapitan -FC Barcelona<\/li>\n<li><strong>Karol \u015awiderski<\/strong> do 80&#8242; -Hellas Verona<\/li>\n<li>od 80&#8242; <strong>Krzysztof Pi\u0105tek<\/strong> -Medipol Ba\u015fak\u015fehir<\/li>\n<\/ul>\n<\/td>\n<\/tr>\n<\/tbody>\n<\/table>\n<div id=\"attachment_13913\" style=\"width: 595px\" class=\"wp-caption aligncenter\"><a href=\"https:\/\/kronika-futbolu.pl\/historia\/wp-content\/uploads\/2024\/08\/walia-2024-picclickimg.png\"><img loading=\"lazy\" decoding=\"async\" aria-describedby=\"caption-attachment-13913\" class=\"size-full wp-image-13913\" src=\"https:\/\/kronika-futbolu.pl\/historia\/wp-content\/uploads\/2024\/08\/walia-2024-picclickimg.png\" alt=\"\" width=\"585\" height=\"297\" \/><\/a><p id=\"caption-attachment-13913\" class=\"wp-caption-text\">Bilet z meczu Walia &#8211; Polska 2024<\/p><\/div>\n<div class=\"flex-shrink-0 flex flex-col relative items-end\">\n<div>\n<div class=\"pt-0\">\n<div class=\"gizmo-bot-avatar flex h-8 w-8 items-center justify-center overflow-hidden rounded-full\">\n<div class=\"relative p-1 rounded-sm flex items-center justify-center bg-token-main-surface-primary text-token-text-primary h-8 w-8\">\u00a0<\/div>\n<\/div>\n<\/div>\n<\/div>\n<\/div>\n<div class=\"group\/conversation-turn relative flex w-full min-w-0 flex-col agent-turn\">\n<div class=\"flex-col gap-1 md:gap-3\">\n<div class=\"flex max-w-full flex-col flex-grow\">\n<div class=\"min-h-[20px] text-message flex w-full flex-col items-end gap-2 whitespace-normal break-words [.text-message+&amp;]:mt-5\" dir=\"auto\" data-message-author-role=\"assistant\" data-message-id=\"5d614169-9b5e-4c95-96b9-7ca5822ed08e\">\n<div class=\"flex w-full flex-col gap-1 empty:hidden first:pt-[3px]\">\n<div class=\"markdown prose w-full break-words dark:prose-invert dark\">\n<p style=\"text-align: justify;\">Po wysokiej wygranej z Estoni\u0105, Polacy pi\u0119\u0107 dni p\u00f3\u017aniej zagrali drugi mecz bara\u017cowy w Cardiff przeciwko Walii. Stawk\u0105 tego spotkania by\u0142 awans na Mistrzostwa Europy 2024. Walijczycy w pierwszej rundzie pokonali Finlandi\u0119 4:1.<\/p>\n<p style=\"text-align: justify;\">Mecz zosta\u0142 rozstrzygni\u0119ty dopiero po dogrywce i rzutach karnych. Walijczycy zdobyli gola pod koniec pierwszej po\u0142owy, jednak zosta\u0142 on nieuznany ze wzgl\u0119du na pozycj\u0119 spalon\u0105. Przez ca\u0142e spotkanie obie dru\u017cyny mia\u0142y kilka bardzo dobrych sytuacji bramkowych. W polskim zespole w znakomitej dyspozycji by\u0142 Wojciech Szcz\u0119sny, kt\u00f3ry okaza\u0142 si\u0119 nie do pokonania. W ostatnich sekundach dogrywki czerwon\u0105 kartk\u0119 otrzyma\u0142 Chris Mepham. W rzutach karnych d\u0142ugo nikt si\u0119 nie myli\u0142, a\u017c do ostatniej serii. Strza\u0142 Daniela Jamesa obroni\u0142 Szcz\u0119sny, dzi\u0119ki czemu Polska awansowa\u0142a na Euro 2024 jako ostatnia dru\u017cyna, zamykaj\u0105c grono uczestnik\u00f3w turnieju.<\/p>\n<\/div>\n<\/div>\n<\/div>\n<\/div>\n<\/div>\n<\/div>\n<h2><span class=\"ez-toc-section\" id=\"10_Mecz_Walia-_Polska_0_1_25_wrzesnia_2022_r\"><\/span><a id=\"mecz10\"><\/a>10. Mecz Walia- Polska 0:1 (25 wrze\u015bnia 2022 r.)<span class=\"ez-toc-section-end\"><\/span><\/h2>\n<ul>\n<li><strong>Data meczu:<\/strong> 25.09.2022<\/li>\n<li><strong>Ranga meczu:<\/strong> Liga Narod\u00f3w<\/li>\n<li><strong>S\u0119dzia:<\/strong> Andris Treimanis &#8211; \u0141otwa<\/li>\n<li><strong>Stadion:<\/strong> Cardiff City Stadium, Cardiff<\/li>\n<li><strong>Trener:<\/strong> Czes\u0142aw Michniewicz<\/li>\n<\/ul>\n<p><strong> \u26bd Strzelone bramki:<\/strong><\/p>\n<ul>\n<li>Karol \u015awiderski [pl] 58&#8242;<\/li>\n<\/ul>\n<p><strong>\u00a0Sk\u0142ady:<\/strong><\/p>\n<table style=\"border-collapse: collapse; width: 100%; height: 311px;\">\n<thead>\n<tr style=\"height: 21px;\">\n<th style=\"width: 50%; height: 21px;\">[wal] Walia:<\/th>\n<th style=\"width: 50%; height: 21px;\">[pl] Polska:<\/th>\n<\/tr>\n<\/thead>\n<tbody>\n<tr style=\"height: 386px;\">\n<td style=\"width: 50%; height: 290px;\">\n<ul>\n<li><strong>Wayne Hennessey<\/strong> -Burnley FC<\/li>\n<li><strong>Connor Roberts<\/strong> do 85&#8242; -Burnley FC<\/li>\n<li>od 85&#8242; <strong>Sorba Thomas<\/strong> -Huddersfield Town<\/li>\n<li><strong>Joe Rodon<\/strong> -Stade Rennais F<\/li>\n<li><strong>Ben Cabango<\/strong> -Swansea City<\/li>\n<li><strong>Neco Williams<\/strong> 49&#8242; [ycard] -Nottingham Forest<\/li>\n<li><strong>Rhys Norrington-Davies<\/strong> 42&#8242; [ycard] do 58&#8242; -Sheffield United<\/li>\n<li>od 58&#8242; <strong>Kieffer Moore<\/strong> 90+5&#8242; [ycard] -AFC Bournemouth<\/li>\n<li><strong>Joe Morrell<\/strong> -Portsmouth FC<\/li>\n<li><strong>Gareth Bale<\/strong> kapitan -Los Angeles<\/li>\n<li><strong>Daniel James<\/strong> -Fulham FC<\/li>\n<li><strong>Brennan Johnson<\/strong> 90+3&#8242; [ycard] -Nottingham Forest<\/li>\n<li><strong>Dylan Levitt<\/strong> do 72&#8242; -Dundee United<\/li>\n<li>od 72&#8242; <strong>Rubin Colwill<\/strong> -Cardiff City<\/li>\n<\/ul>\n<\/td>\n<td style=\"width: 50%; height: 290px;\">\n<ul>\n<li><strong>Wojciech Szcz\u0119sny<\/strong> -Juventus FC<\/li>\n<li><strong>Kamil Glik<\/strong> 90+3&#8242; [ycard] -Benevento Calcio<\/li>\n<li><strong>Bartosz Bereszy\u0144ski<\/strong> 88&#8242; [ycard] do 90&#8242; -UC Sampdoria<\/li>\n<li>od 90&#8242;<strong> Robert Gumny<\/strong> -FC Augsburg<\/li>\n<li><strong>Jan Bednarek<\/strong> -Aston Villa<\/li>\n<li><strong>Jakub Kiwior<\/strong> -Spezia Calcio<\/li>\n<li><strong>Grzegorz Krychowiak<\/strong> 35&#8242; [ycard] -Al Shabab Riyadh<\/li>\n<li><strong>Piotr Zieli\u0144ski<\/strong> -Napoli<\/li>\n<li><strong>Szymon \u017burkowski<\/strong> do 83&#8242; -Fiorentina<\/li>\n<li>od 83&#8242; <strong>Sebastian Szyma\u0144ski<\/strong> -Feyenoord Rotterdam<\/li>\n<li><strong>Robert Lewandowski<\/strong> kapitan -FC Barcelona<\/li>\n<li><strong>Karol \u015awiderski<\/strong> do 65&#8242; -Charlotte FC<\/li>\n<li>od 65&#8242;<strong> Krzysztof Pi\u0105tek<\/strong> -US Salernitana<\/li>\n<li><strong>Nicola Zalewski<\/strong> -AS Roma<\/li>\n<\/ul>\n<\/td>\n<\/tr>\n<\/tbody>\n<\/table>\n<p><div id=\"attachment_12727\" style=\"width: 810px\" class=\"wp-caption aligncenter\"><a href=\"https:\/\/kronika-futbolu.pl\/historia\/wp-content\/uploads\/2022\/09\/10A_polska_walia_2022_kadr.png\"><img loading=\"lazy\" decoding=\"async\" aria-describedby=\"caption-attachment-12727\" class=\"wp-image-12727\" src=\"https:\/\/kronika-futbolu.pl\/historia\/wp-content\/uploads\/2022\/09\/10A_polska_walia_2022_kadr-600x370.png\" alt=\"Walia-Polska 2022\" width=\"800\" height=\"493\" srcset=\"https:\/\/kronika-futbolu.pl\/historia\/wp-content\/uploads\/2022\/09\/10A_polska_walia_2022_kadr-600x370.png 600w, https:\/\/kronika-futbolu.pl\/historia\/wp-content\/uploads\/2022\/09\/10A_polska_walia_2022_kadr-768x473.png 768w, https:\/\/kronika-futbolu.pl\/historia\/wp-content\/uploads\/2022\/09\/10A_polska_walia_2022_kadr.png 1211w\" sizes=\"auto, (max-width: 800px) 100vw, 800px\" \/><\/a><p id=\"caption-attachment-12727\" class=\"wp-caption-text\">Walia-Polska 2022. \u0179r\u00f3d\u0142o: Kadr z transmisji TVP Sport<\/p><\/div> <div id=\"attachment_12728\" style=\"width: 1335px\" class=\"wp-caption alignleft\"><a href=\"https:\/\/kronika-futbolu.pl\/historia\/wp-content\/uploads\/2022\/09\/10B_polska_walia_2022_gol_kadr.png\"><img loading=\"lazy\" decoding=\"async\" aria-describedby=\"caption-attachment-12728\" class=\"wp-image-12728 size-full\" src=\"https:\/\/kronika-futbolu.pl\/historia\/wp-content\/uploads\/2022\/09\/10B_polska_walia_2022_gol_kadr.png\" alt=\"Walia-Polska 2022\" width=\"1325\" height=\"675\" srcset=\"https:\/\/kronika-futbolu.pl\/historia\/wp-content\/uploads\/2022\/09\/10B_polska_walia_2022_gol_kadr.png 1325w, https:\/\/kronika-futbolu.pl\/historia\/wp-content\/uploads\/2022\/09\/10B_polska_walia_2022_gol_kadr-600x306.png 600w, https:\/\/kronika-futbolu.pl\/historia\/wp-content\/uploads\/2022\/09\/10B_polska_walia_2022_gol_kadr-768x391.png 768w\" sizes=\"auto, (max-width: 1325px) 100vw, 1325px\" \/><\/a><p id=\"caption-attachment-12728\" class=\"wp-caption-text\">Walia-Polska 2022. Bramka \u015awiderskiego. \u0179r\u00f3d\u0142o: Kadr z transmisji TVP Sport<\/p><\/div><\/p>\n<p style=\"text-align: justify;\">Z Wali\u0105 zacz\u0119li\u015bmy i z Wali\u0105 zako\u0144czyli\u015bmy nasz udzia\u0142 w lidze Narod\u00f3w 2022\/2023. Tak jak 1 czerwca Polacy wygrali, tak i w 6 ostatniej kolejce Bia\u0142o-Czerwoni odnie\u015bli zwyci\u0119stwo. Wygrana mia\u0142a wysok\u0105 cen\u0119, poniewa\u017c 3 punkty w Cardiff zapewni\u0142y Reprezentacji Polski utrzymanie si\u0119 w dywizji A (remis te\u017c by wystarczy\u0142), oraz rozstawienie w koszyku 1 w eliminacjach do Mistrzostw Europy 2024. Grup\u0119, w kt\u00f3rej rywalizowa\u0142a Polska, ostatecznie wygra\u0142a Holandia, druga by\u0142a Belgia, na trzecim miejscu Polska, a Walia zaj\u0119\u0142a 4 pozycj\u0119, co oznacza, \u017ce w kolejnej edycji Ligi Narod\u00f3w Walia b\u0119dzie gra\u0107 w ni\u017cszej dywizji.\u00a0<\/p>\n<p style=\"text-align: justify;\">Po pora\u017cce 0-2 z Holandi\u0105 i s\u0142abej grze trzy dni wcze\u015bniej w Warszawie, kibice Bia\u0142o-Czerwonych mieli spore obawy o spotkanie w Walii. Na szcz\u0119\u015bcie, mimo \u017ce Walijczycy zagrali mocniejszym sk\u0142adem, ni\u017c w czerwcu to polska reprezentacja zgarn\u0119\u0142a 3 punkty. Zwyci\u0119ski gol pad\u0142 w 58 minucie. Kiwior zagra\u0142 do Roberta Lewandowskiego, a ten sprytnie poda\u0142 do Karola \u015awiderskiego, kt\u00f3ry nie mia\u0142 problemu z pokonaniem bramkarza walijskiego.<\/p>\n<p style=\"text-align: justify;\">Mecz sta\u0142 na solidnym poziomie, Polacy zagrali lepiej ni\u017c kilka dni temu z Holandi\u0105. W kilku akcjach zabrak\u0142o skuteczno\u015bci. Sporo krytyki po meczu zebra\u0142 Grzegorz Krychowiak. Znowu zawodzi\u0142 \u015brodek pola. \u015awietne spotkanie natomiast zagra\u0142 Wojciech Szcz\u0119sny, dzi\u0119ki kt\u00f3remu rywale nie zdobyli bramki.\u00a0<\/p>\n<h2><span class=\"ez-toc-section\" id=\"9_Mecz_Polska_%E2%80%93_Walia_2_1_1_czerwca_2022_r\"><\/span><a id=\"mecz9\"><\/a>9. Mecz Polska &#8211; Walia 2:1 (1 czerwca 2022 r.)<span class=\"ez-toc-section-end\"><\/span><\/h2>\n<ul>\n<li><strong>Data meczu:<\/strong> 01.06.2022<\/li>\n<li><strong>Ranga meczu:<\/strong> Liga Narod\u00f3w<\/li>\n<li><strong>S\u0119dzia:<\/strong> Rade Obrenovi\u0107 &#8211; S\u0142owenia<\/li>\n<li><strong>Stadion:<\/strong> Tarczy\u0144ski Arena Wroc\u0142aw, Wroc\u0142aw<\/li>\n<li><strong>Trener:<\/strong> Czes\u0142aw Michniewicz<\/li>\n<\/ul>\n<p><strong> \u26bd Strzelone bramki:<\/strong><\/p>\n<ul>\n<li>Jonathan Williams [wal] 52&#8242;<\/li>\n<li>Jakub Kami\u0144ski [pl] 72&#8242;<\/li>\n<li>Karol \u015awiderski [pl] 85&#8242;<\/li>\n<\/ul>\n<p><strong>\u00a0Sk\u0142ady:<\/strong><\/p>\n<table style=\"border-collapse: collapse; width: 100%; height: 311px;\">\n<thead>\n<tr style=\"height: 21px;\">\n<th style=\"width: 50%; height: 21px;\">[pl] Polska:<\/th>\n<th style=\"width: 50%; height: 21px;\">[wal] Walia:<\/th>\n<\/tr>\n<\/thead>\n<tbody>\n<tr style=\"height: 386px;\">\n<td style=\"width: 50%; height: 290px;\">\n<ul>\n<li><strong>Kamil Grabara<\/strong> -FC Kopenhaga<\/li>\n<li><strong>Kamil Glik<\/strong> -Benevento Calci<\/li>\n<li><strong>Bartosz Bereszy\u0144ski<\/strong> 61&#8242; [ycard] -UC Sampdoria<\/li>\n<li><strong>Jan Bednarek<\/strong> -Southampton FC<\/li>\n<li><strong>Tymoteusz Puchacz<\/strong> do 73&#8242; -Trabzonspor<\/li>\n<li>od 73&#8242; <strong>Nicola Zalewski<\/strong> -AS Roma<\/li>\n<li><strong>Mateusz Klich<\/strong> do 60&#8242; -Leeds United<\/li>\n<li>od 60&#8242; <strong>Szymon \u017burkowski<\/strong> -Empoli FC<\/li>\n<li><strong>Piotr Zieli\u0144ski<\/strong> -Napoli<\/li>\n<li><strong>Jacek G\u00f3ralski<\/strong> do 60&#8242; -Kairat A\u0142maty<\/li>\n<li>od 60&#8242; <strong>Jakub Kami\u0144ski<\/strong> -Lech Pozna\u0144<\/li>\n<li><strong>Robert Lewandowski<\/strong> kapitan -Bayern Monachium<\/li>\n<li><strong>Adam Buksa<\/strong> do 73&#8242; -New England Revolution<\/li>\n<li>od 73&#8242; <strong>Karol \u015awiderski<\/strong> -Charlotte FC<\/li>\n<li><strong>Grzegorz Krychowiak<\/strong> do 81&#8242; -AEK (Ateny)<\/li>\n<li>od 81&#8242; <strong>Kamil Grosicki<\/strong> -Pogo\u0144 Szczecin<\/li>\n<\/ul>\n<\/td>\n<td style=\"width: 50%; height: 290px;\">\n<ul>\n<li><strong>Danny Ward<\/strong> do 46&#8242; -Leicester City<\/li>\n<li>od 46&#8242; <strong>Wayne Hennessey<\/strong> -Burnley FC<\/li>\n<li><strong>Chris Gunter<\/strong> kapitan -Charlton Athletic<\/li>\n<li><strong>Chris Mepham<\/strong> -AFC Bournemouth<\/li>\n<li><strong>Rhys Norrington-Davies<\/strong> 75&#8242; [ycard] -Sheffield United<\/li>\n<li><strong>Jonathan Williams<\/strong> do 77&#8242; -Swindon Town<\/li>\n<li>od 77&#8242; <strong>Sorba Thomas<\/strong> -Huddersfield Town<\/li>\n<li><strong>Joe Morrell<\/strong> 29&#8242; [ycard] -Portsmouth FC<\/li>\n<li><strong>Matthew Smith<\/strong> -MK Dons FC<\/li>\n<li><strong>Dylan Levitt<\/strong> -Dundee United<\/li>\n<li><strong>Kieffer Moore<\/strong> do 46&#8242; -AFC Bournemouth<\/li>\n<li>od 46&#8242; <strong>Mark Harris<\/strong> -Cardiff City<\/li>\n<li><strong>Daniel James<\/strong> do 46&#8242; -Leeds United<\/li>\n<li>od 46&#8242; <strong>Rabbi Matondo<\/strong> -Cercle Brugge KSV<\/li>\n<li><strong>Wesley Burns<\/strong> do 62&#8242; -Ipswich Town<\/li>\n<li>od 62&#8242; <strong>Neco Williams<\/strong> -Fulham<\/li>\n<\/ul>\n<\/td>\n<\/tr>\n<\/tbody>\n<\/table>\n<p><div id=\"attachment_12722\" style=\"width: 810px\" class=\"wp-caption aligncenter\"><a href=\"https:\/\/kronika-futbolu.pl\/historia\/wp-content\/uploads\/2022\/09\/9A_polska_walia_2022_gol_I_kadr.png\"><img loading=\"lazy\" decoding=\"async\" aria-describedby=\"caption-attachment-12722\" class=\"wp-image-12722\" src=\"https:\/\/kronika-futbolu.pl\/historia\/wp-content\/uploads\/2022\/09\/9A_polska_walia_2022_gol_I_kadr-600x305.png\" alt=\"Polska-Walia 2022\" width=\"800\" height=\"407\" srcset=\"https:\/\/kronika-futbolu.pl\/historia\/wp-content\/uploads\/2022\/09\/9A_polska_walia_2022_gol_I_kadr-600x305.png 600w, https:\/\/kronika-futbolu.pl\/historia\/wp-content\/uploads\/2022\/09\/9A_polska_walia_2022_gol_I_kadr-768x391.png 768w, https:\/\/kronika-futbolu.pl\/historia\/wp-content\/uploads\/2022\/09\/9A_polska_walia_2022_gol_I_kadr.png 1408w\" sizes=\"auto, (max-width: 800px) 100vw, 800px\" \/><\/a><p id=\"caption-attachment-12722\" class=\"wp-caption-text\">Polska-Walia 2022. Bramka Kami\u0144skiego. \u0179r\u00f3d\u0142o: Kadr z transmisji TVP Sport<\/p><\/div> <div id=\"attachment_12723\" style=\"width: 1317px\" class=\"wp-caption alignleft\"><a href=\"https:\/\/kronika-futbolu.pl\/historia\/wp-content\/uploads\/2022\/09\/9B_polska_walia_2022_gol_II_kadr.png\"><img loading=\"lazy\" decoding=\"async\" aria-describedby=\"caption-attachment-12723\" class=\"wp-image-12723 size-full\" src=\"https:\/\/kronika-futbolu.pl\/historia\/wp-content\/uploads\/2022\/09\/9B_polska_walia_2022_gol_II_kadr.png\" alt=\"Polska-Walia 2022\" width=\"1307\" height=\"816\" srcset=\"https:\/\/kronika-futbolu.pl\/historia\/wp-content\/uploads\/2022\/09\/9B_polska_walia_2022_gol_II_kadr.png 1307w, https:\/\/kronika-futbolu.pl\/historia\/wp-content\/uploads\/2022\/09\/9B_polska_walia_2022_gol_II_kadr-600x375.png 600w, https:\/\/kronika-futbolu.pl\/historia\/wp-content\/uploads\/2022\/09\/9B_polska_walia_2022_gol_II_kadr-768x479.png 768w\" sizes=\"auto, (max-width: 1307px) 100vw, 1307px\" \/><\/a><p id=\"caption-attachment-12723\" class=\"wp-caption-text\">Polska-Walia 2022. Bramka \u015awiderskiego. Walijski zawodnik wybi\u0142 pi\u0142k\u0119 z bramki, ale ta min\u0119\u0142a ju\u017c lini\u0119. \u0179r\u00f3d\u0142o: Kadr z transmisji TVP Sport<\/p><\/div><\/p>\n<p style=\"text-align: justify;\">1 czerwca 2022 roku meczem Polski z Wali\u0105 rozpocz\u0119\u0142a si\u0119 III edycja Ligi Narod\u00f3w UEFA. Pierwotnie zaplanowano na 2 czerwca start rozgrywek i rozegranie pierwszych mecz\u00f3w. Jednak w zwi\u0105zku z napa\u015bci\u0105 Rosji na Ukrain\u0119 w lutym 2022 roku prze\u0142o\u017cono p\u00f3\u0142fina\u0142owy mecz bara\u017cowy o awans na Mistrzostwa \u015awiata 2022 pomi\u0119dzy Szkocj\u0105 a Ukrain\u0105 z 24 marca na 1 czerwca. Zmianie terminu musia\u0142 te\u017c ulec mecz fina\u0142owy bara\u017cy, czyli spotkanie zwyci\u0119zcy pojedynku szkocko-ukrai\u0144skiego z Wali\u0105, kt\u00f3ra w marcu wyeliminowa\u0142a Austri\u0119. To spotkanie prze\u0142o\u017cono na 5 czerwca.\u00a0 Dla wyr\u00f3wnania szans zmieniono termin meczu Polska-Walia z drugiego na pierwszy czerwca.\u00a0<\/p>\n<p style=\"text-align: justify;\">Po meczu Polak\u00f3w ze Szwecj\u0105 i wywalczeniu awansu na Mistrzostwa \u015awiata min\u0119\u0142o dwa miesi\u0105ce. UEFA zaplanowa\u0142a na czerwiec meczowy maraton w Lidze Narod\u00f3w i tak w pierwszych dw\u00f3ch tygodniach czerwca rozegrano 4 z 6 kolejek tej edycji Ligi Narod\u00f3w.\u00a0<\/p>\n<p style=\"text-align: justify;\">Dla Walijczyk\u00f3w spotkanie z Polsk\u0105 nie mia\u0142o \u017cadnego znaczenia, poniewa\u017c cztery dni p\u00f3\u017aniej mieli zagra\u0107 mecz o awans na katarskie Mistrzostwa \u015awiata. W sk\u0142adzie Walijczyk\u00f3w zabrak\u0142o wielu pi\u0142karzy, kt\u00f3rzy stanowili o sile tej dru\u017cyny. Mimo sk\u0142adu rezerwowego to Walia pierwsza obj\u0119\u0142a prowadzenie w 52 minucie, a bramk\u0119 zdoby\u0142 Jonathan Williams. Pi\u0142karz Fulham pi\u0119knie uderzy\u0142 zza pola karnego. W 72 minucie wyr\u00f3wna\u0142 Jakub Kami\u0144ski, kt\u00f3ry wszed\u0142 w 60 minucie meczu i zaliczy\u0142 drugi sw\u00f3j wyst\u0119p w narodowej kadrze. Kami\u0144ski otrzyma\u0142 w polu karnym z lewej strony boiska podanie od Puchacza i po spokojnym przyj\u0119ciu i ustawieniu pi\u0142ki pokona\u0142 bramkarza rywali. Zwyci\u0119sk\u0105 bramk\u0119 zdoby\u0142 Karol \u015awiderski. Kami\u0144ski poda\u0142 w pole karne do Lewandowskiego, ale strza\u0142 RL9 zosta\u0142 zablokowany, odbit\u0105 pi\u0142k\u0119 uderzy\u0142 \u015awiderski i pi\u0142ka min\u0119\u0142a lini\u0119 bramkow\u0105, walijski zawodnik wybi\u0142 pi\u0142k\u0119 ju\u017c zza linii.\u00a0<\/p>\n<p style=\"text-align: justify;\">W Reprezentacji Polski zadebiutowa\u0142 bramkarz Kamil Grabara, kt\u00f3ry mia\u0142 za sob\u0105 \u015bwietny sezon w du\u0144skiej lidze. W zespole walijskim zadebiutowa\u0142 Wesley Burns. Walia cztery dni po\u017aniej wygra\u0142a 1-0 z Ukrain\u0105 i zapewni\u0142a sobie udzia\u0142 w Mistrzostwach \u015awiata 2022.<\/p>\n<h2><span class=\"ez-toc-section\" id=\"8_Mecz_Walia-_Polska_0_1_11_lutego_2009_r\"><\/span><a id=\"mecz8\"><\/a>8. Mecz Walia- Polska 0:1 (11 lutego 2009 r.)<span class=\"ez-toc-section-end\"><\/span><\/h2>\n<ul>\n<li><strong>Data meczu:<\/strong> 11.02.2009<\/li>\n<li><strong>Ranga meczu:<\/strong> Towarzyski<\/li>\n<li><strong>S\u0119dzia:<\/strong> Bruno Paix\u00e3o &#8211; Portugalia<\/li>\n<li><strong>Stadion:<\/strong> Est\u00e1dio Municipal de Vila Real de Santo Ant\u00f3nio, Vila Real de Santo Ant\u00f3nio (Portugalia)<\/li>\n<li><strong>Trener:<\/strong> Leo Beenhakker<\/li>\n<\/ul>\n<p><strong> \u26bd Strzelony gol:<\/strong><\/p>\n<ul>\n<li>Roger Guerreiro [pl] 80&#8242;<\/li>\n<\/ul>\n<p><strong>\u00a0Sk\u0142ady:<\/strong><\/p>\n<table style=\"border-collapse: collapse; width: 100%; height: 311px;\">\n<thead>\n<tr style=\"height: 21px;\">\n<th style=\"width: 50%; height: 21px;\">[wal] Walia:<\/th>\n<th style=\"width: 50%; height: 21px;\">[pl] Polska:<\/th>\n<\/tr>\n<\/thead>\n<tbody>\n<tr style=\"height: 386px;\">\n<td style=\"width: 50%; height: 290px;\">\n<ul>\n<li><strong>Wayne Hennessey<\/strong> do 46&#8242; -Wolverhampton Wanderers<\/li>\n<li>od 46&#8242; <strong>Boaz Myhill<\/strong> -Hull City<\/li>\n<li><strong>Chris Gunter<\/strong> -Tottenham Hotspur<\/li>\n<li><strong>Gareth Bale<\/strong> -Tottenham Hotspur<\/li>\n<li><strong>Sam Ricketts<\/strong> -Hull City<\/li>\n<li><strong>Ashley Williams<\/strong> -Swansea City<\/li>\n<li><strong>Lewin Nyatanga<\/strong> -Derby County<\/li>\n<li><strong>Jack Collison<\/strong> do 46&#8242; -West Ham United<\/li>\n<li>od 46&#8242; <strong>Aaron Ramsey<\/strong> -Arsenal FC<\/li>\n<li><strong>Craig Bellamy<\/strong> kapitan do 46&#8242; -Manchester City<\/li>\n<li>od 46&#8242; <strong>Sam Vokes<\/strong> -Wolverhampton FC<\/li>\n<li><strong>David Edwards<\/strong> -Wolverhampton FC<\/li>\n<li><strong>Ched Evans<\/strong> do 46&#8242; -Manchester City<\/li>\n<li>od 46&#8242;<strong> David Cotterill<\/strong> 89&#8242; [ycard] -Sheffield United<\/li>\n<li><strong>Joe Ledley<\/strong> do 46&#8242; -Cardiff City<\/li>\n<li>od 46&#8242;<strong> Carl Fletcher<\/strong> 67&#8242; [ycard] -Crystal Palace<\/li>\n<\/ul>\n<\/td>\n<td style=\"width: 50%; height: 290px;\">\n<ul>\n<li><strong>\u0141ukasz Fabia\u0144ski<\/strong> do 46&#8242; -Arsenal FC<\/li>\n<li>od 46&#8242; <strong>Artur Boruc<\/strong> -Celtic FC<\/li>\n<li><strong>Marcin Wasilewski<\/strong> -RSC Anderlecht<\/li>\n<li><strong>Dariusz Dudka<\/strong> -AJ Auxerre<\/li>\n<li><strong>Micha\u0142 \u017bew\u0142akow<\/strong> kapitan -Olympiakos Pireus<\/li>\n<li><strong>Jakub Wawrzyniak<\/strong> -Panathinaikos Ateny<\/li>\n<li><strong>Rafa\u0142 Boguski<\/strong> do 46&#8242; -Wis\u0142a Krak\u00f3w<\/li>\n<li>od 46&#8242; <strong>Wojciech \u0141obodzi\u0144ski<\/strong> -Wis\u0142a Krak\u00f3w<\/li>\n<li><strong>Mariusz Lewandowski<\/strong> -Szachtar Donieck<\/li>\n<li><strong>Rafa\u0142 Murawski<\/strong> do 75&#8242; -Lech Pozna\u0144<\/li>\n<li>od 75&#8242; <strong>\u0141ukasz Tra\u0142ka<\/strong> -Lechia Gda\u0144sk<\/li>\n<li><strong>\u0141ukasz Gargu\u0142a<\/strong> do 46&#8242; -GKS Be\u0142chat\u00f3w<\/li>\n<li>od 46&#8242; <strong>Roger Guerreiro<\/strong> 76&#8242; [ycard] -Legia Warszawa<\/li>\n<li><strong>Jacek Krzyn\u00f3wek<\/strong> do 46&#8242; -SV Hannover 96<\/li>\n<li>od 46&#8242; <strong>Euzebiusz Smolarek<\/strong> -Bolton Wanderers<\/li>\n<li><strong>Robert Lewandowski<\/strong> do 62&#8242; -Lech Pozna\u0144<\/li>\n<li>od 62&#8242; <strong>Pawe\u0142 Bro\u017cek<\/strong> -Wis\u0142a Krak\u00f3w<\/li>\n<\/ul>\n<\/td>\n<\/tr>\n<\/tbody>\n<\/table>\n<p><div id=\"attachment_11961\" style=\"width: 610px\" class=\"wp-caption aligncenter\"><img loading=\"lazy\" decoding=\"async\" aria-describedby=\"caption-attachment-11961\" class=\"wp-image-11961 size-medium\" src=\"https:\/\/kronika-futbolu.pl\/historia\/wp-content\/uploads\/2022\/01\/8A_walia_polska_2009_kadr-600x267.png\" alt=\"Walia-Polska 2009\" width=\"600\" height=\"267\" srcset=\"https:\/\/kronika-futbolu.pl\/historia\/wp-content\/uploads\/2022\/01\/8A_walia_polska_2009_kadr-600x267.png 600w, https:\/\/kronika-futbolu.pl\/historia\/wp-content\/uploads\/2022\/01\/8A_walia_polska_2009_kadr-768x342.png 768w, https:\/\/kronika-futbolu.pl\/historia\/wp-content\/uploads\/2022\/01\/8A_walia_polska_2009_kadr.png 885w\" sizes=\"auto, (max-width: 600px) 100vw, 600px\" \/><p id=\"caption-attachment-11961\" class=\"wp-caption-text\">Walia-Polska 2009. \u0179r\u00f3d\u0142o: kadr z transmisji<\/p><\/div> <div id=\"attachment_11962\" style=\"width: 610px\" class=\"wp-caption alignleft\"><img loading=\"lazy\" decoding=\"async\" aria-describedby=\"caption-attachment-11962\" class=\"wp-image-11962 size-medium\" src=\"https:\/\/kronika-futbolu.pl\/historia\/wp-content\/uploads\/2022\/01\/8A_walia_polska_2009_roger_kadr-600x339.png\" alt=\"Walia-Polska 2009\" width=\"600\" height=\"339\" srcset=\"https:\/\/kronika-futbolu.pl\/historia\/wp-content\/uploads\/2022\/01\/8A_walia_polska_2009_roger_kadr-600x339.png 600w, https:\/\/kronika-futbolu.pl\/historia\/wp-content\/uploads\/2022\/01\/8A_walia_polska_2009_roger_kadr.png 754w\" sizes=\"auto, (max-width: 600px) 100vw, 600px\" \/><p id=\"caption-attachment-11962\" class=\"wp-caption-text\">Walia-Polska 2009. Strzelec gola. \u0179r\u00f3d\u0142o: kadr z transmisji<\/p><\/div><\/p>\n<p style=\"text-align: justify;\">W subiektywnej ocenie jeden z najpi\u0119kniejszych goli w historii Reprezentacji Polski pad\u0142 w portugalskiej miejscowo\u015bci Vila Real de Santo Ant\u00f3nio. W 80 minucie w meczu Walia-Polska\u00a0 Roger Guerreiro z oko\u0142o 16-17 metra lew\u0105 nog\u0105 z pierwszej pi\u0142ki uderzy\u0142 tak, \u017ce przelobowa\u0142 bramkarza walijskiego. By\u0142 to 3 gol Guerreiro w polskiej reprezentacji.\u00a0<\/p>\n<p style=\"text-align: justify;\">Mecz z Wali\u0105 by\u0142 drugim spotkaniem podczas zgrupowania Reprezentacji Polski w Portugalii. 4 dni wcze\u015bniej Polacy zremisowali z Litw\u0105 1-1. Bia\u0142o-Czerwoni przeciwko Walii nie zagrali dobrego meczu. Gdyby rywale byli dok\u0142adniejsi to oni wygraliby to spotkanie. Po raz 16 i ostatni w dru\u017cynie narodowej zagra\u0142 \u0141ukasz Gargu\u0142a. Po raz 40 dla Polski zagra\u0142 Artur Boruc, a Leo Beenhakker po 40 poprowadzi\u0142 jako selekcjoner Reprezentacj\u0119 Polski.\u00a0<\/p>\n<p>&nbsp;<\/p>\n<h2><span class=\"ez-toc-section\" id=\"7_Mecz_Polska_%E2%80%93_Walia_1_0_7_wrzesnia_2005_r\"><\/span><a id=\"mecz7\"><\/a>7. Mecz Polska &#8211; Walia 1:0 (7 wrze\u015bnia 2005 r.)<span class=\"ez-toc-section-end\"><\/span><\/h2>\n<ul>\n<li><strong>Data meczu:<\/strong> 07.09.2005<\/li>\n<li><strong>Ranga meczu:<\/strong> Eliminacje Mistrzostw \u015awiata 2006<\/li>\n<li><strong>S\u0119dzia: <\/strong>Claus Bo Larsen &#8211; Dania<\/li>\n<li><strong>Stadion:<\/strong> Stadion Wojska Polskiego imienia Marsza\u0142ka J\u00f3zefa Pi\u0142sudskiego, Warszawa<\/li>\n<li><strong>Trener:<\/strong> Pawe\u0142 Janas<\/li>\n<\/ul>\n<p><strong>\u26bd Strzelony gol:<\/strong><\/p>\n<ul>\n<li>Maciej \u017burawski [pl] 54&#8242;-karny<\/li>\n<\/ul>\n<p><strong>\u00a0Sk\u0142ady:<\/strong><\/p>\n<table style=\"border-collapse: collapse; width: 100%; height: 311px;\">\n<thead>\n<tr style=\"height: 21px;\">\n<th style=\"width: 50%; height: 21px;\">[pl] Polska:<\/th>\n<th style=\"width: 50%; height: 21px;\">[wal] Walia:<\/th>\n<\/tr>\n<\/thead>\n<tbody>\n<tr style=\"height: 386px;\">\n<td style=\"width: 50%; height: 290px;\">\n<ul>\n<li><strong>Artur Boruc<\/strong> -Celtic FC<\/li>\n<li><strong>Marcin Baszczy\u0144ski<\/strong> -Wis\u0142a Krak\u00f3w<\/li>\n<li><strong>Jacek B\u0105k<\/strong> kapitan -Al Rayyan<\/li>\n<li><strong>Mariusz Jop<\/strong> -FC Moskwa<\/li>\n<li><strong>Tomasz Rz\u0105sa<\/strong> -ADO Den Haag<\/li>\n<li><strong>Kamil Kosowski<\/strong> do 79&#8242; -Southampton FC<\/li>\n<li>od 79&#8242; <strong>Arkadiusz Radomski<\/strong> -Austria Wiede\u0144<\/li>\n<li><strong>Euzebiusz Smolarek<\/strong> do 86&#8242; -Borussia Dortmund<\/li>\n<li>od 86&#8242; <strong>Micha\u0142 \u017bew\u0142akow<\/strong> -RSC Anderlecht<\/li>\n<li><strong>Rados\u0142aw Sobolewski<\/strong> -Wis\u0142a Krak\u00f3w<\/li>\n<li><strong>Miros\u0142aw Szymkowiak<\/strong> 76&#8242; [ycard] -Trabzonspor<\/li>\n<li><strong>Grzegorz Rasiak<\/strong> do 65&#8242; -Tottenham Hotspur<\/li>\n<li>od 65&#8242; <strong>Tomasz Frankowski<\/strong> -Elche CF<\/li>\n<li><strong>Maciej \u017burawski<\/strong> -Celtic FC<\/li>\n<\/ul>\n<\/td>\n<td style=\"width: 50%; height: 290px;\">\n<ul>\n<li><strong>Danny Coyne<\/strong> -Burnley FC<\/li>\n<li><strong>Rob Edwards<\/strong> do 46&#8242; -Wolverhampton FC<\/li>\n<li>od 46&#8242; <strong>Richard Duffy<\/strong> -Coventry City<\/li>\n<li><strong>Sam Ricketts<\/strong> -Swansea City<\/li>\n<li><strong>Danny Gabbidon<\/strong> 82&#8242; [ycard] -West Ham United<\/li>\n<li><strong>James Collins<\/strong> -West Ham United<\/li>\n<li><strong>David Partridge<\/strong> -Bristol City<\/li>\n<li><strong>Carl Fletch<\/strong> -West Ham United<\/li>\n<li><strong>Jason Koumas<\/strong> do 69&#8242; -Cardiff City<\/li>\n<li>od 69&#8242; <strong>Craig Davies<\/strong> -Oxford United<\/li>\n<li><strong>Robert Earnshaw<\/strong> do 82&#8242; -West Bromwich Albion<\/li>\n<li>od 82&#8242; <strong>Joe Ledley<\/strong> -Cardiff City<\/li>\n<li><strong>Simon Davies<\/strong> -Everton FC<\/li>\n<li><strong>Ryan Giggs<\/strong> kapitan -Manchester United<\/li>\n<\/ul>\n<\/td>\n<\/tr>\n<\/tbody>\n<\/table>\n<div id=\"attachment_11956\" style=\"width: 610px\" class=\"wp-caption aligncenter\"><img loading=\"lazy\" decoding=\"async\" aria-describedby=\"caption-attachment-11956\" class=\"wp-image-11956 size-medium\" src=\"https:\/\/kronika-futbolu.pl\/historia\/wp-content\/uploads\/2022\/01\/7A_polska_walia_gol_zurawskiego_kadr-600x244.png\" alt=\"Polska - Walia 2005\" width=\"600\" height=\"244\" srcset=\"https:\/\/kronika-futbolu.pl\/historia\/wp-content\/uploads\/2022\/01\/7A_polska_walia_gol_zurawskiego_kadr-600x244.png 600w, https:\/\/kronika-futbolu.pl\/historia\/wp-content\/uploads\/2022\/01\/7A_polska_walia_gol_zurawskiego_kadr-768x313.png 768w, https:\/\/kronika-futbolu.pl\/historia\/wp-content\/uploads\/2022\/01\/7A_polska_walia_gol_zurawskiego_kadr.png 935w\" sizes=\"auto, (max-width: 600px) 100vw, 600px\" \/><p id=\"caption-attachment-11956\" class=\"wp-caption-text\">Polska &#8211; Walia 2005.Rzut karny wykonywany przez Macieja \u017burawskiego. \u0179r\u00f3d\u0142o: Kadr z transmisji.<\/p><\/div>\n<p><img loading=\"lazy\" decoding=\"async\" class=\"alignleft wp-image-11957 size-medium\" src=\"https:\/\/kronika-futbolu.pl\/historia\/wp-content\/uploads\/2022\/01\/7B_polska_walia_zaproszenie_allegro-600x286.png\" alt=\"\" width=\"600\" height=\"286\" srcset=\"https:\/\/kronika-futbolu.pl\/historia\/wp-content\/uploads\/2022\/01\/7B_polska_walia_zaproszenie_allegro-600x286.png 600w, https:\/\/kronika-futbolu.pl\/historia\/wp-content\/uploads\/2022\/01\/7B_polska_walia_zaproszenie_allegro-768x366.png 768w, https:\/\/kronika-futbolu.pl\/historia\/wp-content\/uploads\/2022\/01\/7B_polska_walia_zaproszenie_allegro.png 1092w\" sizes=\"auto, (max-width: 600px) 100vw, 600px\" \/><\/p>\n<p style=\"text-align: justify;\">Awans na Mistrzostwa \u015awiata 2006 m\u00f3g\u0142 by\u0107 ju\u017c po wygranej z Wali\u0105, lecz Szwedzi wygrali z W\u0119grami i ze \u015bwi\u0119towaniem trzeba by\u0142o poczeka\u0107. Po raz 4 Walia zagra\u0142a w Polsce i 4 raz nie wygra\u0142a, ani nawet nie zdoby\u0142a bramki. Dla Polski by\u0142a to 6 wygrana z rz\u0119du i 9 mecz bez pora\u017cki z rz\u0119du. Walia natomiast w 5 kolejnym swoim spotkaniu nie wygra\u0142a. Miesi\u0105c p\u00f3\u017aniej zako\u0144czy\u0142y si\u0119 eliminacje. Polska awansowa\u0142a na Mundial z drugie miejsca. Walia zaj\u0119\u0142a przedostatnie miejsce w grupie, wyprzedzaj\u0105c tylko Azerbejd\u017can.<\/p>\n<p style=\"text-align: justify;\">Jedyny gol pa\u0142 w 54 minucie. Kamil Kosowski zosta\u0142 sfaulowany w polu karnym i s\u0119dzia wskaza\u0142 na wapno. Jedenastk\u0119 pewnie wykorzysta\u0142 Maciej \u017burawski. W 82 minucie na boisku pojawi\u0142 si\u0119 Joe Ledley, kt\u00f3ry po raz pierwszy wyst\u0105pi\u0142 w Reprezentacji Walii. By\u0142 to tak\u017ce 200 mecz, w kt\u00f3rym Reprezentacja Polski nie straci\u0142a gola.<\/p>\n<h2><span class=\"ez-toc-section\" id=\"6_Mecz_Walia_%E2%80%93_Polska_2_3_13_pazdziernika_2004_r\"><\/span><a id=\"mecz6\"><\/a>6. Mecz Walia &#8211; Polska 2:3 (13 pa\u017adziernika 2004 r.)<span class=\"ez-toc-section-end\"><\/span><\/h2>\n<ul>\n<li><strong>Data meczu:<\/strong> 13.10.2004<\/li>\n<li><strong>Ranga meczu:<\/strong> Eliminacje Mistrzostw \u015awiata 2006<\/li>\n<li><strong>S\u0119dzia:<\/strong> Alain Sars &#8211; Francja\u00a0<\/li>\n<li><strong>Stadion:<\/strong> Millennium Stadium, Cardiff<\/li>\n<li><strong>Trener:<\/strong> Pawe\u0142 Janas<\/li>\n<\/ul>\n<p><strong>\u26bd Strzelone bramki:<\/strong><\/p>\n<ul>\n<li>Robert Earnshaw [wal] 56&#8242;<\/li>\n<li>Tomasz Frankowski [pl] 72&#8242;<\/li>\n<li>Maciej \u017burawski [pl] 81&#8242;<\/li>\n<li>Jacek Krzyn\u00f3wek [pl] 85&#8242;<\/li>\n<li>John Hartson [wal] 90+&#8217;<\/li>\n<\/ul>\n<p><strong>\u00a0Sk\u0142ady:<\/strong><\/p>\n<table style=\"border-collapse: collapse; width: 100%; height: 311px;\">\n<thead>\n<tr style=\"height: 21px;\">\n<th style=\"width: 50%; height: 21px;\">[wal] Walia:<\/th>\n<th style=\"width: 50%; height: 21px;\">[pl] Polska:<\/th>\n<\/tr>\n<\/thead>\n<tbody>\n<tr style=\"height: 386px;\">\n<td style=\"width: 50%; height: 290px;\">\n<ul>\n<li><strong>Paul Jones<\/strong> -Wolverhampton FC<\/li>\n<li><strong>Mark Delaney<\/strong> -Aston Villa<\/li>\n<li><strong>Ben Thatcher<\/strong> -Manchester Cit<\/li>\n<li><strong>James Collins<\/strong> -Cardiff City<\/li>\n<li><strong>Danny Gabbidon<\/strong> -Cardiff City<\/li>\n<li><strong>Simon Davies<\/strong> -Tottenham Hotspur<\/li>\n<li><strong>Robbie Savage<\/strong> 45&#8242; [ycard] -Birmingham City<\/li>\n<li><strong>Craig Bellamy<\/strong> 79&#8242; [ycard]- Newcastle United FC<\/li>\n<li><strong>Robert Earnshaw<\/strong> -West Bromwich Albion<\/li>\n<li><strong>Gary Speed<\/strong> kapitan do 79&#8242; -Bolton Wanderers<\/li>\n<li>od 79&#8242; <strong>John Hartson<\/strong> -Celtic FC<\/li>\n<li><strong>Jason Koumas<\/strong> 84&#8242; [ycard] do 86&#8242; -West Bromwich Albion<\/li>\n<li>od 86&#8242;<strong> Paul Parry<\/strong> -Cardiff City<\/li>\n<\/ul>\n<\/td>\n<td style=\"width: 50%; height: 290px;\">\n<ul>\n<li><strong>Jerzy Dudek<\/strong> -Liverpool FC,<\/li>\n<li><strong>Tomasz Rz\u0105sa<\/strong> -SC Heerenveen<\/li>\n<li><strong>Marcin Baszczy\u0144ski<\/strong> -Wis\u0142a Krak\u00f3w<\/li>\n<li><strong>Jacek B\u0105k d<\/strong>o 46&#8242; -RC Lens<\/li>\n<li>od 46&#8242; <strong>Tomasz K\u0142os<\/strong> -Wis\u0142a Krak\u00f3w<\/li>\n<li><strong>Tomasz Hajto<\/strong> kapitan -1. FC N\u00fcrnberg<\/li>\n<li><strong>Rados\u0142aw Ka\u0142u\u017cny<\/strong> do 71&#8242; -Bayer 04 Leverkusen<\/li>\n<li>od 71<strong>&#8217; Sebastian Mila<\/strong> -Dyskobolia Grodzisk Wielkopolski<\/li>\n<li><strong>Jacek Krzyn\u00f3wek<\/strong> -Bayer 04 Leverkusen<\/li>\n<li><strong>Miros\u0142aw Szymkowiak<\/strong> 88&#8242; [ycard] -Wis\u0142a Krak\u00f3w<\/li>\n<li><strong>Kamil Kosowski<\/strong> -1. FC Kaiserslautern<\/li>\n<li><strong>Maciej \u017burawski<\/strong> -Wis\u0142a Krak\u00f3w<\/li>\n<li><strong>Piotr W\u0142odarczyk<\/strong> do 60&#8242; -Legia Warszawa<\/li>\n<li>od 60&#8242; <strong>Tomasz Frankowski<\/strong> -Wis\u0142a Krak\u00f3w<\/li>\n<\/ul>\n<\/td>\n<\/tr>\n<\/tbody>\n<\/table>\n<p>&nbsp;<\/p>\n<p><div id=\"attachment_11951\" style=\"width: 580px\" class=\"wp-caption aligncenter\"><img loading=\"lazy\" decoding=\"async\" aria-describedby=\"caption-attachment-11951\" class=\"wp-image-11951 size-medium\" src=\"https:\/\/kronika-futbolu.pl\/historia\/wp-content\/uploads\/2022\/01\/6A_walia_polska_gol_krzynowka_kadr-570x400.png\" alt=\"Walia-Polska 2-3 2004\" width=\"570\" height=\"400\" srcset=\"https:\/\/kronika-futbolu.pl\/historia\/wp-content\/uploads\/2022\/01\/6A_walia_polska_gol_krzynowka_kadr-570x400.png 570w, https:\/\/kronika-futbolu.pl\/historia\/wp-content\/uploads\/2022\/01\/6A_walia_polska_gol_krzynowka_kadr.png 647w\" sizes=\"auto, (max-width: 570px) 100vw, 570px\" \/><p id=\"caption-attachment-11951\" class=\"wp-caption-text\">Walia-Polska 2-3 2004. Gol Krzyn\u00f3wka. \u0179r\u00f3d\u0142o: Kadr z transmisji.<\/p><\/div> <div id=\"attachment_11952\" style=\"width: 610px\" class=\"wp-caption alignleft\"><img loading=\"lazy\" decoding=\"async\" aria-describedby=\"caption-attachment-11952\" class=\"wp-image-11952 size-medium\" src=\"https:\/\/kronika-futbolu.pl\/historia\/wp-content\/uploads\/2022\/01\/6B_walia_polska_bilet_allegro-600x317.png\" alt=\"Walia-Polska 2-3 2004\" width=\"600\" height=\"317\" srcset=\"https:\/\/kronika-futbolu.pl\/historia\/wp-content\/uploads\/2022\/01\/6B_walia_polska_bilet_allegro-600x317.png 600w, https:\/\/kronika-futbolu.pl\/historia\/wp-content\/uploads\/2022\/01\/6B_walia_polska_bilet_allegro.png 740w\" sizes=\"auto, (max-width: 600px) 100vw, 600px\" \/><p id=\"caption-attachment-11952\" class=\"wp-caption-text\">Walia-Polska 2-3 2004 \u0179r\u00f3d\u0142o: Allegro Lokalnie<\/p><\/div><\/p>\n<p style=\"text-align: justify;\">Min\u0119\u0142o 3 lata z naddatkiem i znowu Polska zagra\u0142a na Millennium Stadium w Cardiff z Wali\u0105 w meczu eliminacji Mistrzostw \u015awiata. Ponownie r\u00f3wnie\u017c Polacy wygrali i mieli bardzo realne szanse na awans do Mundialu. Po 4 kolejkach (z 10) Polska by\u0142a na 2 miejscu w grupie 6, a to dawa\u0142o awans. We wcze\u015bniejszy meczach eliminacji Bia\u0142o-Czerwoni wygrali dwa razy z Irlandi\u0105 P\u00f3\u0142nocn\u0105 i z Austri\u0105, oraz przegrali u siebie z Angli\u0105. Walia natomiast by\u0142a po remisach z Azerbejd\u017canem i Irlandi\u0105 P\u00f3\u0142nocn\u0105, oraz po pora\u017cce z Angli\u0105.<\/p>\n<p style=\"text-align: justify;\">Mecz podobnie jak ten z 2001 roku rozpocz\u0105\u0142 si\u0119 od pierwszej bramki dla Walii. Wynik otworzy\u0142 dopiero w 56 minucie Robert Earnshaw. 16 minut p\u00f3\u017aniej wyr\u00f3wna\u0142 Franek \u0142owca bramek, czyli Tomasz Frankowski. Chwil\u0119 p\u00f3\u017aniej na 2-1 dla Polak\u00f3w podwy\u017cszy\u0142 kolega z dru\u017cyny Maciej \u017burawski. Pi\u0142karze prowadzeni przez Paw\u0142a Jansa nie osiedli na laurach i podwy\u017cszyli na 3-1, a pi\u0119kn\u0105 bramk\u0119 z dystansu zdoby\u0142 Jacek Krzyn\u00f3wek. W doliczonym czasie gry bramk\u0119 dla Walii strzeli\u0142 jeszcze John Hartson.<\/p>\n<p style=\"text-align: justify;\">Ben Thatcher zagra\u0142 po raz 7 i ostatni w Reprezentacji Walii. Robbie Savage, r\u00f3wnie\u017c ostatni raz reprezentowa\u0142 barwy Walii. \u0141\u0105cznie rozegra\u0142 39 mecz\u00f3w i strzeli\u0142 dwa gole. Gary Speed przeciwko Polsce rozegra\u0142 sw\u00f3j 85 mecz dla Walii i ostatni. Strzeli\u0142 w tym czasie 7 bramek, a w 39 spotkaniach by\u0142 kapitanem. W polskiej dru\u017cynie ostatni raz zagra\u0142 Piotr W\u0142odarczyk- \u0142\u0105cznie 4 mecze i 2 gole.<\/p>\n<h2><span class=\"ez-toc-section\" id=\"5_Mecz_Walia-_Polska_1_2_2_czerwca_2001_r\"><\/span><a id=\"mecz5\"><\/a>5. Mecz Walia- Polska 1:2 (2 czerwca 2001 r.)<span class=\"ez-toc-section-end\"><\/span><\/h2>\n<ul>\n<li><strong>Data meczu:<\/strong> 02.06.2001<\/li>\n<li><strong>Ranga meczu:<\/strong> Eliminacje Mistrzostw \u015awiata 2002<\/li>\n<li><strong>S\u0119dzia:<\/strong> Erol Ersoy &#8211; Turcja<\/li>\n<li><strong>Stadion:<\/strong> Millennium Stadium, Cardiff<\/li>\n<li><strong>Trener:<\/strong> Jerzy Engel<\/li>\n<\/ul>\n<p><strong> \u26bd Strzelone bramki:<\/strong><\/p>\n<ul>\n<li>Nathan Blake [wal] 14&#8242;<\/li>\n<li>Emmanuel Olisadebe [pl] 32&#8242;<\/li>\n<li>Pawe\u0142 Krysza\u0142owicz [pl] 72&#8242;<\/li>\n<\/ul>\n<p><strong>\u00a0Sk\u0142ady:<\/strong><\/p>\n<table style=\"border-collapse: collapse; width: 100%; height: 311px;\">\n<thead>\n<tr style=\"height: 21px;\">\n<th style=\"width: 50%; height: 21px;\">[wal] Walia:<\/th>\n<th style=\"width: 50%; height: 21px;\">[pl] Polska:<\/th>\n<\/tr>\n<\/thead>\n<tbody>\n<tr style=\"height: 386px;\">\n<td style=\"width: 50%; height: 290px;\">\n<ul>\n<li><strong>Paul Jones<\/strong> -Southampton FC<\/li>\n<li><strong>Kit Symons<\/strong> -Fulham FC<\/li>\n<li><strong>Rob Page<\/strong> 38&#8242; [ycard] -Watford FC<\/li>\n<li><strong>Andy Melville<\/strong> -Fulham FC<\/li>\n<li><strong>Darren Barnard<\/strong> do 78&#8242; -Barnsley FC<\/li>\n<li>od 78&#8242; <strong>Matt Jones<\/strong> -Leicester City<\/li>\n<li><strong>Robbie Savage<\/strong> 15&#8242; [ycard] do 85&#8242; -Leicester City<\/li>\n<li>od 85&#8242; <strong>Steve Jenkins<\/strong> -Huddersfield Town<\/li>\n<li><strong>Mark Pembridge<\/strong> -Everton FC<\/li>\n<li><strong>Ryan Giggs<\/strong> 70&#8242; [ycard] -Manchester United<\/li>\n<li><strong>John Hartson<\/strong> -Coventry City<\/li>\n<li><strong>Nathan Blake<\/strong> 68&#8242; [ycard] -Blackburn Rovers<\/li>\n<li><strong>Gary Speed<\/strong> kapitan -Newcastle United<\/li>\n<\/ul>\n<\/td>\n<td style=\"width: 50%; height: 290px;\">\n<ul>\n<li><strong>Jerzy Dudek<\/strong> -Feyenoord Rotterdam<\/li>\n<li><strong>Tomasz K\u0142os<\/strong> 81&#8242; [ycard] -1. FC Kaiserslautern<\/li>\n<li><strong>Tomasz Hajto<\/strong> -Schalke 04 Gelsenkirchen<\/li>\n<li><strong>Jacek B\u0105k<\/strong> -Olympique Lyon<\/li>\n<li><strong>Micha\u0142 \u017bew\u0142akow<\/strong> -RE Mouscron<\/li>\n<li><strong>Tomasz Iwan<\/strong> -RBC Roosendaal<\/li>\n<li><strong>Arkadiusz B\u0105k<\/strong> -Polonia Warszawa<\/li>\n<li><strong>Marek Ko\u017ami\u0144ski<\/strong> 86&#8242; [ycard] -Brescia Calcio<\/li>\n<li><strong>Tomasz Zdebe<\/strong>l do 62&#8242; -Gen\u00e7lerbirli\u011fi<\/li>\n<li>od 62&#8242; <strong>Jacek Krzyn\u00f3wek<\/strong> -1. FC N\u00fcrnberg<\/li>\n<li><strong>Emmanuel Olisadebe<\/strong> do 90&#8242; -Panathinaikos Ateny<\/li>\n<li>od 90&#8242; <strong>Marcin \u017bew\u0142akow<\/strong> -RE Mouscron<\/li>\n<li><strong>Andrzej Juskowiak<\/strong> kapitan do 54&#8242; -VfL Wolfsburg<\/li>\n<li>od 54&#8242; <strong>Pawe\u0142 Krysza\u0142owicz<\/strong> -Eintracht Frankfurt<\/li>\n<\/ul>\n<\/td>\n<\/tr>\n<\/tbody>\n<\/table>\n<p><div id=\"attachment_11945\" style=\"width: 610px\" class=\"wp-caption aligncenter\"><img loading=\"lazy\" decoding=\"async\" aria-describedby=\"caption-attachment-11945\" class=\"wp-image-11945 size-medium\" src=\"https:\/\/kronika-futbolu.pl\/historia\/wp-content\/uploads\/2022\/01\/5A_walia_polska_2001_allegrolokalnie-600x383.png\" alt=\"Walia-Polska 2001\" width=\"600\" height=\"383\" srcset=\"https:\/\/kronika-futbolu.pl\/historia\/wp-content\/uploads\/2022\/01\/5A_walia_polska_2001_allegrolokalnie-600x383.png 600w, https:\/\/kronika-futbolu.pl\/historia\/wp-content\/uploads\/2022\/01\/5A_walia_polska_2001_allegrolokalnie-768x491.png 768w, https:\/\/kronika-futbolu.pl\/historia\/wp-content\/uploads\/2022\/01\/5A_walia_polska_2001_allegrolokalnie.png 1193w\" sizes=\"auto, (max-width: 600px) 100vw, 600px\" \/><p id=\"caption-attachment-11945\" class=\"wp-caption-text\">Walia-Polska 2001. \u0179r\u00f3d\u0142o: Allegro Lokalnie<\/p><\/div> <div id=\"attachment_11944\" style=\"width: 604px\" class=\"wp-caption alignleft\"><img loading=\"lazy\" decoding=\"async\" aria-describedby=\"caption-attachment-11944\" class=\"wp-image-11944 size-medium\" src=\"https:\/\/kronika-futbolu.pl\/historia\/wp-content\/uploads\/2022\/01\/5B_walia_polska_2001_kadr-594x400.png\" alt=\"Walia-Polska 2001\" width=\"594\" height=\"400\" srcset=\"https:\/\/kronika-futbolu.pl\/historia\/wp-content\/uploads\/2022\/01\/5B_walia_polska_2001_kadr-594x400.png 594w, https:\/\/kronika-futbolu.pl\/historia\/wp-content\/uploads\/2022\/01\/5B_walia_polska_2001_kadr.png 641w\" sizes=\"auto, (max-width: 594px) 100vw, 594px\" \/><p id=\"caption-attachment-11944\" class=\"wp-caption-text\">Walia-Polska 2001. Gola Olisadebe. \u0179r\u00f3d\u0142o: Kadr z transmisji.<\/p><\/div><\/p>\n<p style=\"text-align: justify;\">Wygrana 2-1 z Wali\u0105 w 6 meczu z 10 eliminacji Mistrzostw \u015awiata 2002 oznacza\u0142o jedno: wyjazd na Mundial jest prawie pewny. Druga wizyta Polak\u00f3w w Cardiff, zako\u0144czy\u0142a si\u0119 zwyci\u0119stwem 2-1. Polacy byli liderami grupy 5 po tym meczu i ostatecznie wywalczyli awans. Dla Walii by\u0142 to 9 mecz bez wygranej z rz\u0119du, natomiast Polska rozegra\u0142a 10 spotkanie z rz\u0119du bez pora\u017cki.<\/p>\n<p style=\"text-align: justify;\">Zacz\u0119\u0142o si\u0119 niedobrze, bo ju\u017c w 14 minucie Nathan Blake pokona\u0142 Jerzego Dudka. Polski bramkarz pope\u0142ni\u0142 b\u0142\u0105d w z\u0142apaniu pi\u0142ki po strzale i du\u017co nie brak\u0142o, aby j\u0105 z\u0142apa\u0142, zanim ta wpad\u0142a do bramki. S\u0119dziowie jednak uznali gola, cho\u0107 w powt\u00f3rkach wida\u0107, \u017ce futbol\u00f3wka raczej ca\u0142ym obwodem nie przekroczy\u0142a linii. Jak to si\u0119 m\u00f3wi z\u0142e dobrego pocz\u0105tki. W 32 minucie bramk\u0119 wyr\u00f3wnuj\u0105c\u0105 zdoby\u0142 Emanuel Olisadebe. W 72 minucie Pawe\u0142 Krysza\u0142owicz strza\u0142em z pierwszej pi\u0142ki pokona\u0142 bramkarza rywali.<\/p>\n<p style=\"text-align: justify;\">Andrzej Juskowiak po raz pierwszy i ostatni by\u0142 kapitanem dru\u017cyny narodowej. By\u0142 to jego przedostatni wyst\u0119p w Reprezentacji Polski. \u0141\u0105cznie w 39 meczach strzeli\u0142 13 goli.<\/p>\n<p>&nbsp;<\/p>\n<p>&nbsp;<\/p>\n<h2><span class=\"ez-toc-section\" id=\"4_Mecz_Polska_%E2%80%93_Walia_0_0_11_pazdziernika_2000_r\"><\/span><a id=\"mecz4\"><\/a>4. Mecz Polska &#8211; Walia 0:0 (11 pa\u017adziernika 2000 r.)<span class=\"ez-toc-section-end\"><\/span><\/h2>\n<ul>\n<li><strong>Data meczu:<\/strong> 11.10.2000<\/li>\n<li><strong>Ranga meczu:<\/strong> Eliminacje Mistrzostw \u015awiata 2002<\/li>\n<li><strong>S\u0119dzia:<\/strong> Luc\u00edlio Batista &#8211; Portugalia<\/li>\n<li><strong>Stadion:<\/strong> Stadion Wojska Polskiego imienia Marsza\u0142ka J\u00f3zefa Pi\u0142sudskiego, Warszawa<\/li>\n<li><strong>Trener:<\/strong> Jerzy Engel<\/li>\n<\/ul>\n<p><strong>\u00a0Sk\u0142ady:<\/strong><\/p>\n<table style=\"border-collapse: collapse; width: 100%; height: 311px;\">\n<thead>\n<tr style=\"height: 21px;\">\n<th style=\"width: 50%; height: 21px;\">[pl] Polska:<\/th>\n<th style=\"width: 50%; height: 21px;\">[wal] Walia:<\/th>\n<\/tr>\n<\/thead>\n<tbody>\n<tr style=\"height: 386px;\">\n<td style=\"width: 50%; height: 290px;\">\n<ul>\n<li><strong>Jerzy Dudek<\/strong> -Feyenoord Rotterdam<\/li>\n<li><strong>Tomasz K\u0142os<\/strong> -FC Kaiserslautern<\/li>\n<li><strong>Tomasz Wa\u0142doch<\/strong> kapitan -Schalke 04 Gelsenkirchen<\/li>\n<li><strong>Jacek Zieli\u0144ski<\/strong> -Legia Warszawa<\/li>\n<li><strong>Bartosz Karwan<\/strong> -Legia Warszawa<\/li>\n<li><strong>Jacek Krzyn\u00f3wek<\/strong> do 69&#8242; -1. FC N\u00fcrnberg<\/li>\n<li>od 69&#8242; <strong>Tomasz Rz\u0105sa<\/strong> -Feyenoord Rotterdam<\/li>\n<li><strong>Rados\u0142aw Ka\u0142u\u017cny<\/strong> -Wis\u0142a Krak\u00f3w<\/li>\n<li><strong>Piotr \u015awierczewski<\/strong> -SC Bastia<\/li>\n<li><strong>Andrzej Juskowiak<\/strong> do 74&#8242; -VfL Wolfsburg<\/li>\n<li>od 74&#8242;<strong> Emmanuel Olisadebe<\/strong> -Polonia Warszawa<\/li>\n<li><strong>Rados\u0142aw Gilewicz<\/strong> do 55&#8242; -FC Tirol Milch<\/li>\n<li>od 55&#8242; <strong>Pawe\u0142 Krysza\u0142owicz<\/strong> -Amica Wronki<\/li>\n<li><strong>Micha\u0142 \u017bew\u0142akow<\/strong> -RE Mouscron<\/li>\n<\/ul>\n<\/td>\n<td style=\"width: 50%; height: 290px;\">\n<ul>\n<li><strong>Paul Jones<\/strong> -Southampton FC<\/li>\n<li><strong>Mark Delaney<\/strong> -Aston Villa FC<\/li>\n<li><strong>Rob Page<\/strong> -Watford FC<\/li>\n<li><strong>Andy Melville<\/strong> 46&#8242; [ycard] -Fulham FC<\/li>\n<li><strong>Chris Coleman<\/strong> -Fulham FC<\/li>\n<li><strong>John Robinson<\/strong> -Charlton Athleti<\/li>\n<li><strong>Ryan Giggs<\/strong> -Manchester United<\/li>\n<li><strong>Robbie Savage<\/strong> 27&#8242; [ycard] -Leicester City<\/li>\n<li><strong>John Hartson<\/strong> 52&#8242; [ycard] do 74&#8242; -Wimbledon FC<\/li>\n<li>od 74&#8242; <strong>Matt Jones<\/strong> -Leeds United AFC<\/li>\n<li><strong>Nathan Blake<\/strong> -Blackburn Rovers FC<\/li>\n<li><strong>Gary Speed<\/strong> kapitan -Newcastle United FC<\/li>\n<\/ul>\n<\/td>\n<\/tr>\n<\/tbody>\n<\/table>\n<p><div id=\"attachment_11939\" style=\"width: 610px\" class=\"wp-caption aligncenter\"><img loading=\"lazy\" decoding=\"async\" aria-describedby=\"caption-attachment-11939\" class=\"wp-image-11939 size-medium\" src=\"https:\/\/kronika-futbolu.pl\/historia\/wp-content\/uploads\/2022\/01\/4A_polska_walia_2000_allegro-600x252.png\" alt=\"Polska-Walia 2000\" width=\"600\" height=\"252\" srcset=\"https:\/\/kronika-futbolu.pl\/historia\/wp-content\/uploads\/2022\/01\/4A_polska_walia_2000_allegro-600x252.png 600w, https:\/\/kronika-futbolu.pl\/historia\/wp-content\/uploads\/2022\/01\/4A_polska_walia_2000_allegro-768x322.png 768w, https:\/\/kronika-futbolu.pl\/historia\/wp-content\/uploads\/2022\/01\/4A_polska_walia_2000_allegro-1536x644.png 1536w, https:\/\/kronika-futbolu.pl\/historia\/wp-content\/uploads\/2022\/01\/4A_polska_walia_2000_allegro.png 1638w\" sizes=\"auto, (max-width: 600px) 100vw, 600px\" \/><p id=\"caption-attachment-11939\" class=\"wp-caption-text\">Polska-Walia 2000. \u0179r\u00f3d\u0142o: allegro\/ aukcja archiwum<\/p><\/div> <div id=\"attachment_11940\" style=\"width: 610px\" class=\"wp-caption alignleft\"><img loading=\"lazy\" decoding=\"async\" aria-describedby=\"caption-attachment-11940\" class=\"wp-image-11940 size-medium\" src=\"https:\/\/kronika-futbolu.pl\/historia\/wp-content\/uploads\/2022\/01\/4B_polska_walia_2000_kadr-600x343.png\" alt=\"Polska-Walia 2000\" width=\"600\" height=\"343\" srcset=\"https:\/\/kronika-futbolu.pl\/historia\/wp-content\/uploads\/2022\/01\/4B_polska_walia_2000_kadr-600x343.png 600w, https:\/\/kronika-futbolu.pl\/historia\/wp-content\/uploads\/2022\/01\/4B_polska_walia_2000_kadr-768x438.png 768w, https:\/\/kronika-futbolu.pl\/historia\/wp-content\/uploads\/2022\/01\/4B_polska_walia_2000_kadr.png 874w\" sizes=\"auto, (max-width: 600px) 100vw, 600px\" \/><p id=\"caption-attachment-11940\" class=\"wp-caption-text\">Polska-Walia 2000. \u0179r\u00f3d\u0142o: kadr z transmisji<\/p><\/div><\/p>\n<p style=\"text-align: justify;\">Po raz drugi w eliminacjach Mistrzostw \u015awiata Polska trafi\u0142a do grupy z Wali\u0105. Po dw\u00f3ch wygranych Polak\u00f3w z Ukrain\u0105 i Bia\u0142orusi\u0105, nadzieje na 3 wygran\u0105 by\u0142y spore. Zw\u0142aszcza \u017ce Walia w dw\u00f3ch pierwszych swoich meczach przegra\u0142a i zremisowa\u0142a. Dla Walii by\u0142 to ostatni mecz w 2000 roku, Polacy 4 dni p\u00f3\u017aniej zagrali jeszcze z Islandi\u0105 w spotkaniu towarzyskim. Remis nie by\u0142 najgorszy, lecz pozosta\u0142 niedosyt. Po 3 kolejkach Polska by\u0142a liderem grupy 5, a Walia zajmowa\u0142a 4 miejsce (na 6 dru\u017cyn).\u00a0<\/p>\n<p style=\"text-align: justify;\">Czwarty mecz w historii z Wali\u0105 i trzeci pod rz\u0105d w Polsce. W \u017cadnym z tych spotka\u0144 w naszym kraju Walia nie strzeli\u0142a gola. Po raz 55 Reprezentacja Polski zagra\u0142a na stadionie Legii.<\/p>\n<h2><span class=\"ez-toc-section\" id=\"3_Mecz_Polska_%E2%80%93_Walia_0_0_29_maja_1991_r\"><\/span><a id=\"mecz3\"><\/a>3. Mecz Polska &#8211; Walia 0:0 (29 maja 1991 r.)<span class=\"ez-toc-section-end\"><\/span><\/h2>\n<ul>\n<li><strong>Data meczu:<\/strong> 29.05.1991<\/li>\n<li><strong>Ranga meczu:<\/strong> Towarzyski<\/li>\n<li><strong>S\u0119dzia:<\/strong> Heinz Holzmann &#8211; Austria<\/li>\n<li><strong>Stadion:<\/strong> Stadion Radomiaka, Radom<\/li>\n<li><strong>Trener:<\/strong> Andrzej Strejlau<\/li>\n<\/ul>\n<p><strong>\u00a0Sk\u0142ady:<\/strong><\/p>\n<table style=\"border-collapse: collapse; width: 100%; height: 311px;\">\n<thead>\n<tr style=\"height: 21px;\">\n<th style=\"width: 50%; height: 21px;\">[pl] Polska:<\/th>\n<th style=\"width: 50%; height: 21px;\">[wal] Walia:<\/th>\n<\/tr>\n<\/thead>\n<tbody>\n<tr style=\"height: 386px;\">\n<td style=\"width: 50%; height: 290px;\">\n<ul>\n<li><strong>Jaros\u0142aw Bako<\/strong> do 46&#8242; -Zag\u0142\u0119bie Lubin<\/li>\n<li>od 46&#8242; <strong>J\u00f3zef Wandzik<\/strong> -Panathinaikos Ateny<\/li>\n<li><strong>Dariusz Kubicki<\/strong> -Legia Warszawa<\/li>\n<li><strong>Czes\u0142aw Jako\u0142cewicz<\/strong> -Fenerbah\u00e7e<\/li>\n<li><strong>Piotr Soczy\u0144ski<\/strong> -Olimpia Pozna\u0144<\/li>\n<li><strong>Dariusz Wdowczyk<\/strong> do 80&#8242; -Celtic FC<\/li>\n<li>od 80&#8242; <strong>Micha\u0142 G\u0119bura<\/strong> -Lech Pozna\u0144<\/li>\n<li><strong>Krzysztof Warzycha<\/strong> do 46&#8242; -Panathinaikos Ateny<\/li>\n<li>od 46&#8242;<strong> Roman Szewczyk<\/strong> -GKS Katowice<\/li>\n<li><strong>Janusz Nawrocki<\/strong> -GKS Katowice<\/li>\n<li><strong>Ryszard Tarasiewicz<\/strong> kapitan -AS Nancy<\/li>\n<li><strong>Jacek Ziober<\/strong> -Montpellier<\/li>\n<li><strong>Roman Kosecki<\/strong> do 73&#8242; -Galatasara<\/li>\n<li>od 73&#8242; <strong>Tomasz Cebula<\/strong> -\u0141KS \u0141\u00f3d\u017a<\/li>\n<li><strong>Jan Furtok<\/strong> -Hamburger SV<\/li>\n<\/ul>\n<\/td>\n<td style=\"width: 50%; height: 290px;\">\n<ul>\n<li><strong>Neville Southall<\/strong> -Everton FC<\/li>\n<li><strong>David Phillips<\/strong> -Norwich City<\/li>\n<li><strong>Paul Bodin<\/strong> -Crystal Palace<\/li>\n<li><strong>Mark Aizlewood<\/strong> -Bristol City<\/li>\n<li><strong>Andy Melville<\/strong> -Oxford United<\/li>\n<li><strong>Kevin Ratcliffe<\/strong> kapitan -Everton FC<\/li>\n<li><strong>Peter Nicholas<\/strong> do 68&#8242; -Watford FC<\/li>\n<li>od 68&#8242; <strong>Jeremy Goss<\/strong> -Norwich City<\/li>\n<li><strong>Dean Saunders<\/strong> do 84&#8242; -Derby County<\/li>\n<li>od 84&#8242; <strong>Colin Pascoe<\/strong> -Sunderland AFC<\/li>\n<li><strong>Mark Hughes<\/strong> -Manchester United<\/li>\n<li><strong>Barry Horne<\/strong> -Southampton FC<\/li>\n<li><strong>Ian Rush<\/strong> -Liverpool FC<\/li>\n<\/ul>\n<\/td>\n<\/tr>\n<\/tbody>\n<\/table>\n<p><div id=\"attachment_11936\" style=\"width: 582px\" class=\"wp-caption aligncenter\"><img loading=\"lazy\" decoding=\"async\" aria-describedby=\"caption-attachment-11936\" class=\"wp-image-11936 size-medium\" src=\"https:\/\/kronika-futbolu.pl\/historia\/wp-content\/uploads\/2022\/01\/3B_polska_walia_1991_allegro-572x400.png\" alt=\"Polska-Walia 1991\" width=\"572\" height=\"400\" srcset=\"https:\/\/kronika-futbolu.pl\/historia\/wp-content\/uploads\/2022\/01\/3B_polska_walia_1991_allegro-572x400.png 572w, https:\/\/kronika-futbolu.pl\/historia\/wp-content\/uploads\/2022\/01\/3B_polska_walia_1991_allegro.png 679w\" sizes=\"auto, (max-width: 572px) 100vw, 572px\" \/><p id=\"caption-attachment-11936\" class=\"wp-caption-text\">Polska-Walia 1991. \u0179r\u00f3d\u0142o: allegro.pl\/ aukcja archiwum<\/p><\/div> <div id=\"attachment_11935\" style=\"width: 604px\" class=\"wp-caption alignleft\"><img loading=\"lazy\" decoding=\"async\" aria-describedby=\"caption-attachment-11935\" class=\"wp-image-11935 size-medium\" src=\"https:\/\/kronika-futbolu.pl\/historia\/wp-content\/uploads\/2022\/01\/3A_polska_walia_1991_kadr-594x400.png\" alt=\"Polska-Walia 1991\" width=\"594\" height=\"400\" srcset=\"https:\/\/kronika-futbolu.pl\/historia\/wp-content\/uploads\/2022\/01\/3A_polska_walia_1991_kadr-594x400.png 594w, https:\/\/kronika-futbolu.pl\/historia\/wp-content\/uploads\/2022\/01\/3A_polska_walia_1991_kadr.png 633w\" sizes=\"auto, (max-width: 594px) 100vw, 594px\" \/><p id=\"caption-attachment-11935\" class=\"wp-caption-text\">Polska-Walia 1991. \u0179r\u00f3d\u0142o: kadr z transmisji<\/p><\/div><\/p>\n<p style=\"text-align: justify;\">Radom po raz pierwszy go\u015bci\u0142 Reprezentacj\u0119 Polski. Ciep\u0142a majowa pogoda, godziny popo\u0142udniowe i na stadionie, oraz na boisku piknik. Tak mo\u017cna opisa\u0107 to spotkanie. Bezbramkowy remis zako\u0144czy\u0142 pierwsze p\u00f3\u0142rocze gier Bia\u0142o-Czerwonych. Sztab m\u00f3g\u0142 my\u015ble\u0107 o kolejnych meczach towarzyskich i tych w ramach eliminacji Mistrzostw Europy.\u00a0<\/p>\n<p>Po raz 50 w Reprezentacji Walii wyst\u0105pi\u0142 jeden z najlepszych walijskich pi\u0142karzy Ian Rush. Jubileusz mia\u0142 tak\u017ce Dariusz Wdowczyk, kt\u00f3ry tak\u017ce wyst\u0105pi\u0142 po raz 50 w reprezentacji. Po raz 3 i ostatni w barwach Bia\u0142o-Czerwonych wyst\u0105pi\u0142 Micha\u0142 G\u0119bura<\/p>\n<h2><span class=\"ez-toc-section\" id=\"2_Mecz_Polska_%E2%80%93_Walia_3_0_26_wrzesnia_1973_r\"><\/span><a id=\"mecz2\"><\/a>2. Mecz Polska &#8211; Walia 3:0 (26 wrze\u015bnia 1973 r.)<span class=\"ez-toc-section-end\"><\/span><\/h2>\n<ul>\n<li><strong>Data meczu:<\/strong> 26.09.1973<\/li>\n<li><strong>Ranga meczu:<\/strong> Eliminacje Mistrzostw \u015awiata 1974<\/li>\n<li><strong>S\u0119dzia:<\/strong> Ove Dahlberg &#8211; Szwecja<\/li>\n<li><strong>Stadion:<\/strong> Stadion \u015al\u0105ski, Chorz\u00f3w<\/li>\n<li><strong>Trener:<\/strong> Kazimierz G\u00f3rski<\/li>\n<\/ul>\n<p><strong> \u26bd Strzelone bramki:<\/strong><\/p>\n<ul>\n<li>Robert Gadocha [pl] 29&#8242;<\/li>\n<li>Grzegorz Lato [pl] 34&#8242;<\/li>\n<li>Jan Domarski [pl] 53&#8242;<\/li>\n<\/ul>\n<p><strong>\u00a0Sk\u0142ady:<\/strong><\/p>\n<table style=\"border-collapse: collapse; width: 100%; height: 311px;\">\n<thead>\n<tr style=\"height: 21px;\">\n<th style=\"width: 50%; height: 21px;\">[pl] Polska:<\/th>\n<th style=\"width: 50%; height: 21px;\">[wal] Walia:<\/th>\n<\/tr>\n<\/thead>\n<tbody>\n<tr style=\"height: 386px;\">\n<td style=\"width: 50%; height: 290px;\">\n<ul>\n<li>J<strong>an Tomaszewski<\/strong> -\u0141KS \u0141\u00f3d\u017a<\/li>\n<li><strong>Antoni Szymanowski<\/strong> -Wis\u0142a Krak\u00f3w<\/li>\n<li><strong>Miros\u0142aw Bulzacki<\/strong> -\u0141KS \u0141\u00f3d\u017a<\/li>\n<li><strong>Jerzy Gorgo\u0144<\/strong> -G\u00f3rnik Zabrze<\/li>\n<li><strong>Adam Musia\u0142<\/strong> 48&#8242; [ycard] -Wis\u0142a Krak\u00f3w<\/li>\n<li><strong>Les\u0142aw \u0106mikiewicz<\/strong> -Legia Warszawa<\/li>\n<li><strong>Kazimierz Deyna<\/strong> kapitan -Legia Warszawa<\/li>\n<li><strong>Henryk Kasperczak<\/strong> -Stal Mielec<\/li>\n<li><strong>Grzegorz Lato<\/strong> -Stal Mielec<\/li>\n<li><strong>Jan Domarski<\/strong> -Stal Mielec<\/li>\n<li><strong>Robert Gadocha<\/strong> -Legia Warszawa<\/li>\n<\/ul>\n<\/td>\n<td style=\"width: 50%; height: 290px;\">\n<ul>\n<li><strong>Gary Sprake<\/strong> -Birmingham City<\/li>\n<li><strong>Peter Rodrigues<\/strong> -Sheffield Wednesday<\/li>\n<li><strong>Rod Thomas<\/strong> -Swindon Town F<\/li>\n<li><strong>John Mahoney<\/strong> do 84&#8242; -Stoke City<\/li>\n<li>od 84&#8242; <strong>Leighton Phillips<\/strong> -Cardiff City<\/li>\n<li><strong>Mike England<\/strong> kapitan -Tottenham Hotspur<\/li>\n<li><strong>John Roberts<\/strong> 7&#8242; [ycard] -Birmingham City<\/li>\n<li><strong>Brian Evans<\/strong> do 78&#8242; -Hereford United<\/li>\n<li>od78&#8242;<strong> Gil Reece<\/strong> -Cardiff City<\/li>\n<li><strong>Terry Yorath<\/strong> -Leeds United<\/li>\n<li><strong>Wyn Davies<\/strong> -Blackpool FC<\/li>\n<li><strong>Trevor Hockey<\/strong> 39&#8242; [rcard] -Aston Villa<\/li>\n<li><strong>Leighton James<\/strong> -Burnley FC<\/li>\n<\/ul>\n<\/td>\n<\/tr>\n<\/tbody>\n<\/table>\n<p><div id=\"attachment_11928\" style=\"width: 593px\" class=\"wp-caption aligncenter\"><img loading=\"lazy\" decoding=\"async\" aria-describedby=\"caption-attachment-11928\" class=\"wp-image-11928 \" src=\"https:\/\/kronika-futbolu.pl\/historia\/wp-content\/uploads\/2022\/01\/2A_polska_walia_1973_dziennik_lodzki-460x400.png\" alt=\"Polska-Walia 1973 3-0\" width=\"583\" height=\"507\" srcset=\"https:\/\/kronika-futbolu.pl\/historia\/wp-content\/uploads\/2022\/01\/2A_polska_walia_1973_dziennik_lodzki-460x400.png 460w, https:\/\/kronika-futbolu.pl\/historia\/wp-content\/uploads\/2022\/01\/2A_polska_walia_1973_dziennik_lodzki-768x667.png 768w, https:\/\/kronika-futbolu.pl\/historia\/wp-content\/uploads\/2022\/01\/2A_polska_walia_1973_dziennik_lodzki.png 1001w\" sizes=\"auto, (max-width: 583px) 100vw, 583px\" \/><p id=\"caption-attachment-11928\" class=\"wp-caption-text\">Polska-Walia 1973 3-0 . \u0179r\u00f3d\u0142o: Dziennik \u0141\u00f3dzkii<\/p><\/div> <div id=\"attachment_11929\" style=\"width: 597px\" class=\"wp-caption alignleft\"><img loading=\"lazy\" decoding=\"async\" aria-describedby=\"caption-attachment-11929\" class=\"wp-image-11929 size-medium\" src=\"https:\/\/kronika-futbolu.pl\/historia\/wp-content\/uploads\/2022\/01\/2B_polska_walia_1973_dziennik_polski-587x400.png\" alt=\"Polska-Walia 1973 3-0\" width=\"587\" height=\"400\" srcset=\"https:\/\/kronika-futbolu.pl\/historia\/wp-content\/uploads\/2022\/01\/2B_polska_walia_1973_dziennik_polski-587x400.png 587w, https:\/\/kronika-futbolu.pl\/historia\/wp-content\/uploads\/2022\/01\/2B_polska_walia_1973_dziennik_polski-768x523.png 768w, https:\/\/kronika-futbolu.pl\/historia\/wp-content\/uploads\/2022\/01\/2B_polska_walia_1973_dziennik_polski.png 1359w\" sizes=\"auto, (max-width: 587px) 100vw, 587px\" \/><p id=\"caption-attachment-11929\" class=\"wp-caption-text\">Polska-Walia 1973 3-0 . \u0179r\u00f3d\u0142o: Dziennik Polski<\/p><\/div><\/p>\n<p style=\"text-align: justify;\">Gdyby Stadion \u015al\u0105ski w Chorzowie m\u00f3g\u0142 pomie\u015bci\u0107 300 tysi\u0119cy widz\u00f3w to tyle, a mo\u017ce nawet i wi\u0119cej przyjecha\u0142oby z ca\u0142ego kraju na mecz Polska-Walia we wrze\u015bniu 1973 roku. To by\u0142o ca\u0142kiem inne spotkanie jak to w marcu. Tym razem Polacy zostali przede wszystkim nastawieni psychicznie na Walijczyk\u00f3w. Jacek Gmoch puszcza\u0142 video z poprzednich mecz\u00f3w Bia\u0142o-Czerwonych i wzbudzi\u0142 w pi\u0142karzach mocn\u0105 ch\u0119\u0107 rewan\u017cu. W Cardiff agresywnie grali tylko Walijczycy. W Chorzowie Polacy wyci\u0105gn\u0119li wnioski i odp\u0142acili si\u0119 rywalom z nawi\u0105zk\u0105. Po tej wygranej 3-0, Polska obj\u0119\u0142a prowadzenie w grupie i wystarczy\u0142 remis w ostatnim meczu z Angli\u0105 na Wembley 3 tygodnie p\u00f3\u017aniej. Wszyscy doskonale wiemy, jak by\u0142o.<\/p>\n<p style=\"text-align: justify;\">Pierwsz\u0105 bramk\u0119 zdoby\u0142 Robert Gadocha w 29 minucie, a 5 minut p\u00f3\u017aniej by\u0142o ju\u017c 2-0 po bramce Grzegorza Laty. W 39 minucie czerwon\u0105 kartk\u0119 obejrza\u0142 Trevor Hockey. Wynik ustali\u0142 Jerzy Domarski w 53 minucie.<\/p>\n<p style=\"text-align: justify;\">By\u0142a to 100 wygrana Reprezentacji Polski w oficjalnym meczu (po dok\u0142adniejszym przeliczeniu wszystkich spotka\u0144 w latach 90). Walia odnios\u0142a 4 pora\u017ck\u0119 z rz\u0119du. Po raz ostatni w Reprezentacji Walii zagrali: Peter Rodrigues (\u0142\u0105cznie 40 mecz\u00f3w), Brian Evans (\u0142\u0105cznie 7 mecz\u00f3w), Wyn Davies (\u0142\u0105cznie 34 mecze i 7 goli), oraz wspomniany ju\u017c Trevor Hockey (\u0142\u0105cznie 9 mecz\u00f3w i 1 gol).<\/p>\n<h2 id=\"mecz-18-04-1965\"><span class=\"ez-toc-section\" id=\"1_Mecz_Walia_%E2%80%93_Polska_2_0_28_marca_1973_r\"><\/span><a id=\"mecz1\"><\/a>1. Mecz Walia &#8211; Polska 2:0 (28 marca 1973 r.)<span class=\"ez-toc-section-end\"><\/span><\/h2>\n<ul>\n<li><strong>Data meczu:<\/strong> 28.03.1973<\/li>\n<li><strong>Ranga meczu:<\/strong> Eliminacje Mistrzostw \u015awiata 1974<\/li>\n<li><strong>S\u0119dzia:<\/strong> Antonio Rigo Sureda &#8211; Hiszpania<\/li>\n<li><strong>Stadion:<\/strong>Ninian Park, Cardiff<\/li>\n<li><strong>Trener:<\/strong> Kazimierz G\u00f3rski<\/li>\n<\/ul>\n<p><strong>\u26bd Strzelone bramki:<\/strong><\/p>\n<ul>\n<li>Leighton James [wal] 46&#8242;<\/li>\n<li>Trevor Hockey [wal] 85<\/li>\n<\/ul>\n<p><strong>\u00a0Sk\u0142ady:<\/strong><\/p>\n<table style=\"border-collapse: collapse; width: 100%; height: 322px;\">\n<thead>\n<tr style=\"height: 21px;\">\n<th style=\"width: 50%; height: 21px;\">[wal] Walia:<\/th>\n<th style=\"width: 50%; height: 21px;\">[pl] Polska:<\/th>\n<\/tr>\n<\/thead>\n<tbody>\n<tr style=\"height: 362px;\">\n<td style=\"width: 50%; height: 301px;\">\n<ul>\n<li><strong>Gary Sprake<\/strong> -Leeds United<\/li>\n<li><strong>Peter Rodrigues<\/strong> -Sheffield Wednesday<\/li>\n<li><strong>Rod Thomas<\/strong> -Swindon Town<\/li>\n<li><strong>Dave Roberts<\/strong> -Oxford United<\/li>\n<li><strong>Trevor Hockey<\/strong> -Norwich City<\/li>\n<li><strong>Leighton James<\/strong> -Burnley FC<\/li>\n<li><strong>Terry Yorath<\/strong> -Leeds United<\/li>\n<li><strong>John Mahoney<\/strong> -Stoke City<\/li>\n<li><strong>Brian Evans<\/strong> -Swansea City<\/li>\n<li><strong>John Toshack<\/strong> -Liverpool FC<\/li>\n<li><strong>John Roberts<\/strong> kapitan -Birmingham City<\/li>\n<\/ul>\n<\/td>\n<td style=\"width: 50%; height: 301px;\">\n<ul>\n<li><strong>Jan Tomaszewski<\/strong> -\u0141KS \u0141\u00f3d\u017a<\/li>\n<li><strong>Zbigniew Gut<\/strong> -Odra Opole<\/li>\n<li><strong>Les\u0142aw \u0106mikiewicz<\/strong> [ycard] -Legia Warszawa<\/li>\n<li><strong>Jerzy Gorgo\u0144<\/strong> -G\u00f3rnik Zabrze<\/li>\n<li><strong>Zygmunt Anczok<\/strong> -G\u00f3rnik Zabrze<\/li>\n<li><strong>Henryk Kasperczak<\/strong> do 46&#8242; -Stal Mielec<\/li>\n<li>od 46&#8242; <strong>W\u0142odzimierz Wojciechowski<\/strong> -Lech Pozna\u0144<\/li>\n<li><strong>Kazimierz Deyna<\/strong> -Legia Warszawa<\/li>\n<li><strong>Zygmunt Maszczyk<\/strong> -Ruch Chorz\u00f3w<\/li>\n<li><strong>Jerzy Kraska<\/strong> -Gwardia Warszawa<\/li>\n<li><strong>W\u0142odzimierz Luba\u0144ski<\/strong> kapitan -G\u00f3rnik Zabrze<\/li>\n<li><strong>Robert Gadocha<\/strong> -Legia Warszawa<\/li>\n<\/ul>\n<\/td>\n<\/tr>\n<\/tbody>\n<\/table>\n<p><div id=\"attachment_11921\" style=\"width: 555px\" class=\"wp-caption aligncenter\"><img loading=\"lazy\" decoding=\"async\" aria-describedby=\"caption-attachment-11921\" class=\"wp-image-11921 size-medium\" src=\"https:\/\/kronika-futbolu.pl\/historia\/wp-content\/uploads\/2022\/01\/1A_walia_polska_1973_dziennik_lodzki-545x400.png\" alt=\"Walia-Polska 1973\" width=\"545\" height=\"400\" srcset=\"https:\/\/kronika-futbolu.pl\/historia\/wp-content\/uploads\/2022\/01\/1A_walia_polska_1973_dziennik_lodzki-545x400.png 545w, https:\/\/kronika-futbolu.pl\/historia\/wp-content\/uploads\/2022\/01\/1A_walia_polska_1973_dziennik_lodzki-768x564.png 768w, https:\/\/kronika-futbolu.pl\/historia\/wp-content\/uploads\/2022\/01\/1A_walia_polska_1973_dziennik_lodzki.png 1105w\" sizes=\"auto, (max-width: 545px) 100vw, 545px\" \/><p id=\"caption-attachment-11921\" class=\"wp-caption-text\">Walia-Polska 1973. \u0179r\u00f3d\u0142o: Dziennik \u0141\u00f3dzki<\/p><\/div> <div id=\"attachment_11922\" style=\"width: 367px\" class=\"wp-caption alignleft\"><img loading=\"lazy\" decoding=\"async\" aria-describedby=\"caption-attachment-11922\" class=\"wp-image-11922 size-medium\" src=\"https:\/\/kronika-futbolu.pl\/historia\/wp-content\/uploads\/2022\/01\/1B_walia_polska_1973_dziennik_polski-357x400.png\" alt=\"Walia-Polska 1973\" width=\"357\" height=\"400\" srcset=\"https:\/\/kronika-futbolu.pl\/historia\/wp-content\/uploads\/2022\/01\/1B_walia_polska_1973_dziennik_polski-357x400.png 357w, https:\/\/kronika-futbolu.pl\/historia\/wp-content\/uploads\/2022\/01\/1B_walia_polska_1973_dziennik_polski-768x861.png 768w, https:\/\/kronika-futbolu.pl\/historia\/wp-content\/uploads\/2022\/01\/1B_walia_polska_1973_dziennik_polski.png 902w\" sizes=\"auto, (max-width: 357px) 100vw, 357px\" \/><p id=\"caption-attachment-11922\" class=\"wp-caption-text\">Walia-Polska 1973. \u0179r\u00f3d\u0142o: Dziennik Polski<\/p><\/div><\/p>\n<p style=\"text-align: justify;\">Z\u0142e dobrego pocz\u0105tki, tak nale\u017cy skomentowa\u0107 pierwszy mecz Reprezentacji Polski w eliminacjach do Mistrzostw \u015awiata 1974. Kto w\u00f3wczas z ogl\u0105daj\u0105cych ten mecz, lub czytaj\u0105cy pras\u0119 my\u015bla\u0142, \u017ce kilkana\u015bcie miesi\u0119cy p\u00f3\u017aniej Polska zostanie 3 dru\u017cyn\u0105 \u015bwiata ? Widocznie polskiej dru\u017cynie by\u0142 potrzebny wstrz\u0105s, kt\u00f3ry pom\u00f3g\u0142 w osi\u0105gni\u0119ciu sukcesu. Bia\u0142o-Czerwoni przed meczem byli nastawieni na dobr\u0105 gr\u0119 i nie spodziewano si\u0119, \u017ce dojdzie pora\u017cki, jednak Walijczycy postawili na swoim.<\/p>\n<p style=\"text-align: justify;\">Go\u015bcie grali twardo, szybko nieust\u0119pliwie, stosowali pressing. W polskiej dru\u017cynie zawiod\u0142a obrona. Gdyby nie b\u0142\u0119dy w defensywie wynik m\u00f3g\u0142by by\u0107 korzystniejszy. M\u00f3g\u0142 by\u0107, tak\u017ce o wiele gorszy, gdyby nie bardzo dobrze broni\u0105cy w tym spotkaniu Jan Tomaszewski. Bramkarz \u0141KS \u0141\u00f3d\u017a zagra\u0142 dopiero 3 spotkanie w reprezentacji i by\u0142 najlepszym tego wieczoru polskim zawodnikiem. Pierwsz\u0105 bramk\u0119 zdoby\u0142 Leighton James w 46 minucie, podwy\u017cszy\u0142 w 85 minucie Trevor Hockey.<\/p>\n<p style=\"text-align: justify;\">Jedynym debiutantem by\u0142 Dave Roberts. W Reprezentacji Polski po raz ostatni zagrali: Zygmunt Anczok (\u0142\u0105cznie 48 mecz\u00f3w) i W\u0142odzimierz Wojciechowski (\u0142\u0105cznie 3 mecze).<\/p>\n<h2 id=\"galeria\"><span class=\"ez-toc-section\" id=\"_Przezyjmy_to_jeszcze_raz_%E2%80%93_galeria_zdjec_z_meczy_Polska_%E2%80%93_Walia\"><\/span>\u00a0Prze\u017cyjmy to jeszcze raz &#8211; galeria zdj\u0119\u0107 z meczy Polska &#8211; Walia<span class=\"ez-toc-section-end\"><\/span><\/h2>\n<ul class=\"r1-gallery\"><li>\r\n\t\t\t\t<a href=\"https:\/\/kronika-futbolu.pl\/historia\/wp-content\/uploads\/2022\/01\/8A_walia_polska_2009_roger_kadr.png\" title=\"Walia-Polska 2009. Strzelec gola.  \u0179r\u00f3d\u0142o: kadr z transmisji\">\r\n\t\t\t\t\t<img loading=\"lazy\" decoding=\"async\" width=\"600\" height=\"339\" src=\"https:\/\/kronika-futbolu.pl\/historia\/wp-content\/uploads\/2022\/01\/8A_walia_polska_2009_roger_kadr-600x339.png\" class=\"attachment-medium size-medium\" alt=\"Walia-Polska 2009\" srcset=\"https:\/\/kronika-futbolu.pl\/historia\/wp-content\/uploads\/2022\/01\/8A_walia_polska_2009_roger_kadr-600x339.png 600w, https:\/\/kronika-futbolu.pl\/historia\/wp-content\/uploads\/2022\/01\/8A_walia_polska_2009_roger_kadr.png 754w\" sizes=\"auto, (max-width: 600px) 100vw, 600px\" \/>\r\n\t\t\t\t\t<small>Walia-Polska 2009. Strzelec gola.  \u0179r\u00f3d\u0142o: kadr z transmisji<\/small>\r\n\t\t\t\t<\/a>\r\n\t\t\t<\/li><li>\r\n\t\t\t\t<a href=\"https:\/\/kronika-futbolu.pl\/historia\/wp-content\/uploads\/2022\/01\/8A_walia_polska_2009_kadr.png\" title=\"Walia-Polska 2009. \u0179r\u00f3d\u0142o: kadr z transmisji\">\r\n\t\t\t\t\t<img loading=\"lazy\" decoding=\"async\" width=\"600\" height=\"267\" src=\"https:\/\/kronika-futbolu.pl\/historia\/wp-content\/uploads\/2022\/01\/8A_walia_polska_2009_kadr-600x267.png\" class=\"attachment-medium size-medium\" alt=\"Walia-Polska 2009\" srcset=\"https:\/\/kronika-futbolu.pl\/historia\/wp-content\/uploads\/2022\/01\/8A_walia_polska_2009_kadr-600x267.png 600w, https:\/\/kronika-futbolu.pl\/historia\/wp-content\/uploads\/2022\/01\/8A_walia_polska_2009_kadr-768x342.png 768w, https:\/\/kronika-futbolu.pl\/historia\/wp-content\/uploads\/2022\/01\/8A_walia_polska_2009_kadr.png 885w\" sizes=\"auto, (max-width: 600px) 100vw, 600px\" \/>\r\n\t\t\t\t\t<small>Walia-Polska 2009. \u0179r\u00f3d\u0142o: kadr z transmisji<\/small>\r\n\t\t\t\t<\/a>\r\n\t\t\t<\/li><li>\r\n\t\t\t\t<a href=\"https:\/\/kronika-futbolu.pl\/historia\/wp-content\/uploads\/2022\/01\/7B_polska_walia_zaproszenie_allegro.png\" title=\"\">\r\n\t\t\t\t\t<img loading=\"lazy\" decoding=\"async\" width=\"600\" height=\"286\" src=\"https:\/\/kronika-futbolu.pl\/historia\/wp-content\/uploads\/2022\/01\/7B_polska_walia_zaproszenie_allegro-600x286.png\" class=\"attachment-medium size-medium\" alt=\"\" srcset=\"https:\/\/kronika-futbolu.pl\/historia\/wp-content\/uploads\/2022\/01\/7B_polska_walia_zaproszenie_allegro-600x286.png 600w, https:\/\/kronika-futbolu.pl\/historia\/wp-content\/uploads\/2022\/01\/7B_polska_walia_zaproszenie_allegro-768x366.png 768w, https:\/\/kronika-futbolu.pl\/historia\/wp-content\/uploads\/2022\/01\/7B_polska_walia_zaproszenie_allegro.png 1092w\" sizes=\"auto, (max-width: 600px) 100vw, 600px\" \/>\r\n\t\t\t\t\t<small><\/small>\r\n\t\t\t\t<\/a>\r\n\t\t\t<\/li><li>\r\n\t\t\t\t<a href=\"https:\/\/kronika-futbolu.pl\/historia\/wp-content\/uploads\/2022\/01\/7A_polska_walia_gol_zurawskiego_kadr.png\" title=\"Polska - Walia 2005.Rzut karny wykonywany przez Macieja \u017burawskiego. \u0179r\u00f3d\u0142o: Kadr z transmisji.\">\r\n\t\t\t\t\t<img loading=\"lazy\" decoding=\"async\" width=\"600\" height=\"244\" src=\"https:\/\/kronika-futbolu.pl\/historia\/wp-content\/uploads\/2022\/01\/7A_polska_walia_gol_zurawskiego_kadr-600x244.png\" class=\"attachment-medium size-medium\" alt=\"Polska - Walia 2005\" srcset=\"https:\/\/kronika-futbolu.pl\/historia\/wp-content\/uploads\/2022\/01\/7A_polska_walia_gol_zurawskiego_kadr-600x244.png 600w, https:\/\/kronika-futbolu.pl\/historia\/wp-content\/uploads\/2022\/01\/7A_polska_walia_gol_zurawskiego_kadr-768x313.png 768w, https:\/\/kronika-futbolu.pl\/historia\/wp-content\/uploads\/2022\/01\/7A_polska_walia_gol_zurawskiego_kadr.png 935w\" sizes=\"auto, (max-width: 600px) 100vw, 600px\" \/>\r\n\t\t\t\t\t<small>Polska - Walia 2005.Rzut karny wykonywany przez Macieja \u017burawskiego. \u0179r\u00f3d\u0142o: Kadr z transmisji.<\/small>\r\n\t\t\t\t<\/a>\r\n\t\t\t<\/li><li>\r\n\t\t\t\t<a href=\"https:\/\/kronika-futbolu.pl\/historia\/wp-content\/uploads\/2022\/01\/6B_walia_polska_bilet_allegro.png\" title=\"Walia-Polska 2-3 2004 \u0179r\u00f3d\u0142o: Allegro Lokalnie\">\r\n\t\t\t\t\t<img loading=\"lazy\" decoding=\"async\" width=\"600\" height=\"317\" src=\"https:\/\/kronika-futbolu.pl\/historia\/wp-content\/uploads\/2022\/01\/6B_walia_polska_bilet_allegro-600x317.png\" class=\"attachment-medium size-medium\" alt=\"Walia-Polska 2-3 2004\" srcset=\"https:\/\/kronika-futbolu.pl\/historia\/wp-content\/uploads\/2022\/01\/6B_walia_polska_bilet_allegro-600x317.png 600w, https:\/\/kronika-futbolu.pl\/historia\/wp-content\/uploads\/2022\/01\/6B_walia_polska_bilet_allegro.png 740w\" sizes=\"auto, (max-width: 600px) 100vw, 600px\" \/>\r\n\t\t\t\t\t<small>Walia-Polska 2-3 2004 \u0179r\u00f3d\u0142o: Allegro Lokalnie<\/small>\r\n\t\t\t\t<\/a>\r\n\t\t\t<\/li><li>\r\n\t\t\t\t<a href=\"https:\/\/kronika-futbolu.pl\/historia\/wp-content\/uploads\/2022\/01\/6A_walia_polska_gol_krzynowka_kadr.png\" title=\"Walia-Polska 2-3 2004 \u0179r\u00f3d\u0142o: kadr\">\r\n\t\t\t\t\t<img loading=\"lazy\" decoding=\"async\" width=\"570\" height=\"400\" src=\"https:\/\/kronika-futbolu.pl\/historia\/wp-content\/uploads\/2022\/01\/6A_walia_polska_gol_krzynowka_kadr-570x400.png\" class=\"attachment-medium size-medium\" alt=\"Walia-Polska 2-3 2004\" srcset=\"https:\/\/kronika-futbolu.pl\/historia\/wp-content\/uploads\/2022\/01\/6A_walia_polska_gol_krzynowka_kadr-570x400.png 570w, https:\/\/kronika-futbolu.pl\/historia\/wp-content\/uploads\/2022\/01\/6A_walia_polska_gol_krzynowka_kadr.png 647w\" sizes=\"auto, (max-width: 570px) 100vw, 570px\" \/>\r\n\t\t\t\t\t<small>Walia-Polska 2-3 2004 \u0179r\u00f3d\u0142o: kadr<\/small>\r\n\t\t\t\t<\/a>\r\n\t\t\t<\/li><li>\r\n\t\t\t\t<a href=\"https:\/\/kronika-futbolu.pl\/historia\/wp-content\/uploads\/2022\/01\/5A_walia_polska_2001_allegrolokalnie.png\" title=\"Walia-Polska 2001. \u0179r\u00f3d\u0142o: Allegro Lokalnie\">\r\n\t\t\t\t\t<img loading=\"lazy\" decoding=\"async\" width=\"600\" height=\"383\" src=\"https:\/\/kronika-futbolu.pl\/historia\/wp-content\/uploads\/2022\/01\/5A_walia_polska_2001_allegrolokalnie-600x383.png\" class=\"attachment-medium size-medium\" alt=\"Walia-Polska 2001\" srcset=\"https:\/\/kronika-futbolu.pl\/historia\/wp-content\/uploads\/2022\/01\/5A_walia_polska_2001_allegrolokalnie-600x383.png 600w, https:\/\/kronika-futbolu.pl\/historia\/wp-content\/uploads\/2022\/01\/5A_walia_polska_2001_allegrolokalnie-768x491.png 768w, https:\/\/kronika-futbolu.pl\/historia\/wp-content\/uploads\/2022\/01\/5A_walia_polska_2001_allegrolokalnie.png 1193w\" sizes=\"auto, (max-width: 600px) 100vw, 600px\" \/>\r\n\t\t\t\t\t<small>Walia-Polska 2001. \u0179r\u00f3d\u0142o: Allegro Lokalnie<\/small>\r\n\t\t\t\t<\/a>\r\n\t\t\t<\/li><li>\r\n\t\t\t\t<a href=\"https:\/\/kronika-futbolu.pl\/historia\/wp-content\/uploads\/2022\/01\/5B_walia_polska_2001_kadr.png\" title=\"Walia-Polska 2001. Gola Olisadebe. \u0179r\u00f3d\u0142o: Kadr\">\r\n\t\t\t\t\t<img loading=\"lazy\" decoding=\"async\" width=\"594\" height=\"400\" src=\"https:\/\/kronika-futbolu.pl\/historia\/wp-content\/uploads\/2022\/01\/5B_walia_polska_2001_kadr-594x400.png\" class=\"attachment-medium size-medium\" alt=\"Walia-Polska 2001\" srcset=\"https:\/\/kronika-futbolu.pl\/historia\/wp-content\/uploads\/2022\/01\/5B_walia_polska_2001_kadr-594x400.png 594w, https:\/\/kronika-futbolu.pl\/historia\/wp-content\/uploads\/2022\/01\/5B_walia_polska_2001_kadr.png 641w\" sizes=\"auto, (max-width: 594px) 100vw, 594px\" \/>\r\n\t\t\t\t\t<small>Walia-Polska 2001. Gola Olisadebe. \u0179r\u00f3d\u0142o: Kadr<\/small>\r\n\t\t\t\t<\/a>\r\n\t\t\t<\/li><li>\r\n\t\t\t\t<a href=\"https:\/\/kronika-futbolu.pl\/historia\/wp-content\/uploads\/2022\/01\/4A_polska_walia_2000_allegro.png\" title=\"Polska-Walia 2000. \u0179r\u00f3d\u0142o: allegro\/ aukcja archiwum\">\r\n\t\t\t\t\t<img loading=\"lazy\" decoding=\"async\" width=\"600\" height=\"252\" src=\"https:\/\/kronika-futbolu.pl\/historia\/wp-content\/uploads\/2022\/01\/4A_polska_walia_2000_allegro-600x252.png\" class=\"attachment-medium size-medium\" alt=\"Polska-Walia 2000\" srcset=\"https:\/\/kronika-futbolu.pl\/historia\/wp-content\/uploads\/2022\/01\/4A_polska_walia_2000_allegro-600x252.png 600w, https:\/\/kronika-futbolu.pl\/historia\/wp-content\/uploads\/2022\/01\/4A_polska_walia_2000_allegro-768x322.png 768w, https:\/\/kronika-futbolu.pl\/historia\/wp-content\/uploads\/2022\/01\/4A_polska_walia_2000_allegro-1536x644.png 1536w, https:\/\/kronika-futbolu.pl\/historia\/wp-content\/uploads\/2022\/01\/4A_polska_walia_2000_allegro.png 1638w\" sizes=\"auto, (max-width: 600px) 100vw, 600px\" \/>\r\n\t\t\t\t\t<small>Polska-Walia 2000. \u0179r\u00f3d\u0142o: allegro\/ aukcja archiwum<\/small>\r\n\t\t\t\t<\/a>\r\n\t\t\t<\/li><li>\r\n\t\t\t\t<a href=\"https:\/\/kronika-futbolu.pl\/historia\/wp-content\/uploads\/2022\/01\/3B_polska_walia_1991_allegro.png\" title=\"Polska-Walia 1991. \u0179r\u00f3d\u0142o: allegro.pl\/ aukcja archiwum\">\r\n\t\t\t\t\t<img loading=\"lazy\" decoding=\"async\" width=\"572\" height=\"400\" src=\"https:\/\/kronika-futbolu.pl\/historia\/wp-content\/uploads\/2022\/01\/3B_polska_walia_1991_allegro-572x400.png\" class=\"attachment-medium size-medium\" alt=\"Polska-Walia 1991\" srcset=\"https:\/\/kronika-futbolu.pl\/historia\/wp-content\/uploads\/2022\/01\/3B_polska_walia_1991_allegro-572x400.png 572w, https:\/\/kronika-futbolu.pl\/historia\/wp-content\/uploads\/2022\/01\/3B_polska_walia_1991_allegro.png 679w\" sizes=\"auto, (max-width: 572px) 100vw, 572px\" \/>\r\n\t\t\t\t\t<small>Polska-Walia 1991. \u0179r\u00f3d\u0142o: allegro.pl\/ aukcja archiwum<\/small>\r\n\t\t\t\t<\/a>\r\n\t\t\t<\/li><li>\r\n\t\t\t\t<a href=\"https:\/\/kronika-futbolu.pl\/historia\/wp-content\/uploads\/2022\/01\/3A_polska_walia_1991_kadr.png\" title=\"Polska-Walia 1991. \u0179r\u00f3d\u0142o: kadr z transmisji\">\r\n\t\t\t\t\t<img loading=\"lazy\" decoding=\"async\" width=\"594\" height=\"400\" src=\"https:\/\/kronika-futbolu.pl\/historia\/wp-content\/uploads\/2022\/01\/3A_polska_walia_1991_kadr-594x400.png\" class=\"attachment-medium size-medium\" alt=\"Polska-Walia 1991\" srcset=\"https:\/\/kronika-futbolu.pl\/historia\/wp-content\/uploads\/2022\/01\/3A_polska_walia_1991_kadr-594x400.png 594w, https:\/\/kronika-futbolu.pl\/historia\/wp-content\/uploads\/2022\/01\/3A_polska_walia_1991_kadr.png 633w\" sizes=\"auto, (max-width: 594px) 100vw, 594px\" \/>\r\n\t\t\t\t\t<small>Polska-Walia 1991. \u0179r\u00f3d\u0142o: kadr z transmisji<\/small>\r\n\t\t\t\t<\/a>\r\n\t\t\t<\/li><li>\r\n\t\t\t\t<a href=\"https:\/\/kronika-futbolu.pl\/historia\/wp-content\/uploads\/2022\/01\/2B_polska_walia_1973_dziennik_polski.png\" title=\"Polska-Walia 1973 3-0 . \u0179r\u00f3d\u0142o: Dziennik Polski\">\r\n\t\t\t\t\t<img loading=\"lazy\" decoding=\"async\" width=\"587\" height=\"400\" src=\"https:\/\/kronika-futbolu.pl\/historia\/wp-content\/uploads\/2022\/01\/2B_polska_walia_1973_dziennik_polski-587x400.png\" class=\"attachment-medium size-medium\" alt=\"Polska-Walia 1973 3-0\" srcset=\"https:\/\/kronika-futbolu.pl\/historia\/wp-content\/uploads\/2022\/01\/2B_polska_walia_1973_dziennik_polski-587x400.png 587w, https:\/\/kronika-futbolu.pl\/historia\/wp-content\/uploads\/2022\/01\/2B_polska_walia_1973_dziennik_polski-768x523.png 768w, https:\/\/kronika-futbolu.pl\/historia\/wp-content\/uploads\/2022\/01\/2B_polska_walia_1973_dziennik_polski.png 1359w\" sizes=\"auto, (max-width: 587px) 100vw, 587px\" \/>\r\n\t\t\t\t\t<small>Polska-Walia 1973 3-0 . \u0179r\u00f3d\u0142o: Dziennik Polski<\/small>\r\n\t\t\t\t<\/a>\r\n\t\t\t<\/li><li>\r\n\t\t\t\t<a href=\"https:\/\/kronika-futbolu.pl\/historia\/wp-content\/uploads\/2022\/01\/2A_polska_walia_1973_dziennik_lodzki.png\" title=\"Polska-Walia 1973 3-0 . \u0179r\u00f3d\u0142o: Dziennik \u0141\u00f3dzkii\">\r\n\t\t\t\t\t<img loading=\"lazy\" decoding=\"async\" width=\"460\" height=\"400\" src=\"https:\/\/kronika-futbolu.pl\/historia\/wp-content\/uploads\/2022\/01\/2A_polska_walia_1973_dziennik_lodzki-460x400.png\" class=\"attachment-medium size-medium\" alt=\"Polska-Walia 1973 3-0\" srcset=\"https:\/\/kronika-futbolu.pl\/historia\/wp-content\/uploads\/2022\/01\/2A_polska_walia_1973_dziennik_lodzki-460x400.png 460w, https:\/\/kronika-futbolu.pl\/historia\/wp-content\/uploads\/2022\/01\/2A_polska_walia_1973_dziennik_lodzki-768x667.png 768w, https:\/\/kronika-futbolu.pl\/historia\/wp-content\/uploads\/2022\/01\/2A_polska_walia_1973_dziennik_lodzki.png 1001w\" sizes=\"auto, (max-width: 460px) 100vw, 460px\" \/>\r\n\t\t\t\t\t<small>Polska-Walia 1973 3-0 . \u0179r\u00f3d\u0142o: Dziennik \u0141\u00f3dzkii<\/small>\r\n\t\t\t\t<\/a>\r\n\t\t\t<\/li><li>\r\n\t\t\t\t<a href=\"https:\/\/kronika-futbolu.pl\/historia\/wp-content\/uploads\/2022\/01\/1B_walia_polska_1973_dziennik_polski.png\" title=\"Walia-Polska 1973. \u0179r\u00f3d\u0142o: Dziennik Polski \">\r\n\t\t\t\t\t<img loading=\"lazy\" decoding=\"async\" width=\"357\" height=\"400\" src=\"https:\/\/kronika-futbolu.pl\/historia\/wp-content\/uploads\/2022\/01\/1B_walia_polska_1973_dziennik_polski-357x400.png\" class=\"attachment-medium size-medium\" alt=\"Walia-Polska 1973\" srcset=\"https:\/\/kronika-futbolu.pl\/historia\/wp-content\/uploads\/2022\/01\/1B_walia_polska_1973_dziennik_polski-357x400.png 357w, https:\/\/kronika-futbolu.pl\/historia\/wp-content\/uploads\/2022\/01\/1B_walia_polska_1973_dziennik_polski-768x861.png 768w, https:\/\/kronika-futbolu.pl\/historia\/wp-content\/uploads\/2022\/01\/1B_walia_polska_1973_dziennik_polski.png 902w\" sizes=\"auto, (max-width: 357px) 100vw, 357px\" \/>\r\n\t\t\t\t\t<small>Walia-Polska 1973. \u0179r\u00f3d\u0142o: Dziennik Polski <\/small>\r\n\t\t\t\t<\/a>\r\n\t\t\t<\/li><li>\r\n\t\t\t\t<a href=\"https:\/\/kronika-futbolu.pl\/historia\/wp-content\/uploads\/2022\/01\/1A_walia_polska_1973_dziennik_lodzki.png\" title=\"Walia-Polska 1973. \u0179r\u00f3d\u0142o: Dziennik \u0141\u00f3dzki\">\r\n\t\t\t\t\t<img loading=\"lazy\" decoding=\"async\" width=\"545\" height=\"400\" src=\"https:\/\/kronika-futbolu.pl\/historia\/wp-content\/uploads\/2022\/01\/1A_walia_polska_1973_dziennik_lodzki-545x400.png\" class=\"attachment-medium size-medium\" alt=\"Walia-Polska 1973\" srcset=\"https:\/\/kronika-futbolu.pl\/historia\/wp-content\/uploads\/2022\/01\/1A_walia_polska_1973_dziennik_lodzki-545x400.png 545w, https:\/\/kronika-futbolu.pl\/historia\/wp-content\/uploads\/2022\/01\/1A_walia_polska_1973_dziennik_lodzki-768x564.png 768w, https:\/\/kronika-futbolu.pl\/historia\/wp-content\/uploads\/2022\/01\/1A_walia_polska_1973_dziennik_lodzki.png 1105w\" sizes=\"auto, (max-width: 545px) 100vw, 545px\" \/>\r\n\t\t\t\t\t<small>Walia-Polska 1973. \u0179r\u00f3d\u0142o: Dziennik \u0141\u00f3dzki<\/small>\r\n\t\t\t\t<\/a>\r\n\t\t\t<\/li><li>\r\n\t\t\t\t<a href=\"https:\/\/kronika-futbolu.pl\/historia\/wp-content\/uploads\/2022\/01\/walia-logo.png\" title=\"walia logo\">\r\n\t\t\t\t\t<img loading=\"lazy\" decoding=\"async\" width=\"357\" height=\"400\" src=\"https:\/\/kronika-futbolu.pl\/historia\/wp-content\/uploads\/2022\/01\/walia-logo-357x400.png\" class=\"attachment-medium size-medium\" alt=\"walia logo\" srcset=\"https:\/\/kronika-futbolu.pl\/historia\/wp-content\/uploads\/2022\/01\/walia-logo-357x400.png 357w, https:\/\/kronika-futbolu.pl\/historia\/wp-content\/uploads\/2022\/01\/walia-logo-1071x1200.png 1071w, https:\/\/kronika-futbolu.pl\/historia\/wp-content\/uploads\/2022\/01\/walia-logo-768x860.png 768w, https:\/\/kronika-futbolu.pl\/historia\/wp-content\/uploads\/2022\/01\/walia-logo.png 1200w\" sizes=\"auto, (max-width: 357px) 100vw, 357px\" \/>\r\n\t\t\t\t\t<small>walia logo<\/small>\r\n\t\t\t\t<\/a>\r\n\t\t\t<\/li><li>\r\n\t\t\t\t<a href=\"https:\/\/kronika-futbolu.pl\/historia\/wp-content\/uploads\/2024\/08\/walia-2024-picclickimg.png\" title=\"Bilet z meczu Walia - Polska 2024\">\r\n\t\t\t\t\t<img loading=\"lazy\" decoding=\"async\" width=\"585\" height=\"297\" src=\"https:\/\/kronika-futbolu.pl\/historia\/wp-content\/uploads\/2024\/08\/walia-2024-picclickimg.png\" class=\"attachment-medium size-medium\" alt=\"\" \/>\r\n\t\t\t\t\t<small>Bilet z meczu Walia - Polska 2024<\/small>\r\n\t\t\t\t<\/a>\r\n\t\t\t<\/li><\/ul>\n<p>&nbsp;<\/p>\n","protected":false},"excerpt":{"rendered":"<p>\u00a0Bilans mecz\u00f3w Polska-Walia, kursy bukmacherskie.\u00a0 Polska gra\u0142a dotychczas z Wali\u0105 11 razy.\u00a0 Bilans to 7 wygranych Polak\u00f3w,\u00a0 3 remisy i\u00a0 1 wygrana Walii. Bilans bramkowy: 13-6. Jeden mecz Polacy wygrali po rzutach karnych.\u00a0 \u00a0Spis tre\u015bci: Mecz Walia-Polska (2024.03.26) \u2193 Mecz Walia-Polska (2022.09.25) \u2193 Mecz Polska-Walia (2022.06.01) \u2193 Mecz Walia-Polska (2009.02.11) \u2193 Mecz Polska-Walia (2005.09.07) \u2193 [&hellip;]<\/p>\n","protected":false},"author":3,"featured_media":0,"parent":0,"menu_order":0,"comment_status":"closed","ping_status":"closed","template":"","meta":{"_acf_changed":false,"footnotes":""},"class_list":["post-11912","page","type-page","status-publish","hentry"],"acf":[],"rankMath":{"parentDomain":"kronika-futbolu.pl","noFollowDomains":[],"noFollowExcludeDomains":[],"noFollowExternalLinks":false,"featuredImageNotice":"Prezentowany obraz powinien mie\u0107 co najmniej 200 na 200 pikseli, aby m\u00f3g\u0142 go pobra\u0107 Facebook i inne serwisy spo\u0142eczno\u015bciowe.","pluginReviewed":false,"postSettings":{"linkSuggestions":true,"useFocusKeyword":false},"frontEndScore":false,"postName":"polska-walia-w-pilce-noznej-wyniki-meczow","permalinkFormat":"https:\/\/kronika-futbolu.pl\/historia\/%pagename%\/","showLockModifiedDate":true,"assessor":{"focusKeywordLink":"https:\/\/kronika-futbolu.pl\/historia\/wp-admin\/edit.php?focus_keyword=%focus_keyword%&post_type=%post_type%","hasTOCPlugin":{"easy-table-of-contents\/easy-table-of-contents.php":"Easy Table of Contents"},"primaryTaxonomy":false,"serpData":{"title":"","description":"","focusKeywords":"","pillarContent":false,"canonicalUrl":"","breadcrumbTitle":"","advancedRobots":[],"facebookTitle":"","facebookDescription":"","facebookImage":"","facebookImageID":"","facebookHasOverlay":false,"facebookImageOverlay":"","facebookAuthor":"","twitterCardType":"","twitterUseFacebook":true,"twitterTitle":"","twitterDescription":"","twitterImage":"","twitterImageID":"","twitterHasOverlay":false,"twitterImageOverlay":"","twitterPlayerUrl":"","twitterPlayerSize":"","twitterPlayerStream":"","twitterPlayerStreamCtype":"","twitterAppDescription":"","twitterAppIphoneName":"","twitterAppIphoneID":"","twitterAppIphoneUrl":"","twitterAppIpadName":"","twitterAppIpadID":"","twitterAppIpadUrl":"","twitterAppGoogleplayName":"","twitterAppGoogleplayID":"","twitterAppGoogleplayUrl":"","twitterAppCountry":"","robots":{"index":true},"twitterAuthor":"u\u017cytkownik","primaryTerm":0,"authorName":"Piotr Ostrowski","titleTemplate":"%title% %sep% %sitename%","descriptionTemplate":"%excerpt%","showScoreFrontend":true,"lockModifiedDate":false},"powerWords":[],"diacritics":{"A":"[\\u0041\\u24B6\\uFF21\\u00C0\\u00C1\\u00C2\\u1EA6\\u1EA4\\u1EAA\\u1EA8\\u00C3\\u0100\\u0102\\u1EB0\\u1EAE\\u1EB4\\u1EB2\\u0226\\u01E0\\u00C4\\u01DE\\u1EA2\\u00C5\\u01FA\\u01CD\\u0200\\u0202\\u1EA0\\u1EAC\\u1EB6\\u1E00\\u0104\\u023A\\u2C6F]","AA":"[\\uA732]","AE":"[\\u00C6\\u01FC\\u01E2]","AO":"[\\uA734]","AU":"[\\uA736]","AV":"[\\uA738\\uA73A]","AY":"[\\uA73C]","B":"[\\u0042\\u24B7\\uFF22\\u1E02\\u1E04\\u1E06\\u0243\\u0182\\u0181]","C":"[\\u0043\\u24B8\\uFF23\\u0106\\u0108\\u010A\\u010C\\u00C7\\u1E08\\u0187\\u023B\\uA73E]","D":"[\\u0044\\u24B9\\uFF24\\u1E0A\\u010E\\u1E0C\\u1E10\\u1E12\\u1E0E\\u0110\\u018B\\u018A\\u0189\\uA779]","DZ":"[\\u01F1\\u01C4]","Dz":"[\\u01F2\\u01C5]","E":"[\\u0045\\u24BA\\uFF25\\u00C8\\u00C9\\u00CA\\u1EC0\\u1EBE\\u1EC4\\u1EC2\\u1EBC\\u0112\\u1E14\\u1E16\\u0114\\u0116\\u00CB\\u1EBA\\u011A\\u0204\\u0206\\u1EB8\\u1EC6\\u0228\\u1E1C\\u0118\\u1E18\\u1E1A\\u0190\\u018E]","F":"[\\u0046\\u24BB\\uFF26\\u1E1E\\u0191\\uA77B]","G":"[\\u0047\\u24BC\\uFF27\\u01F4\\u011C\\u1E20\\u011E\\u0120\\u01E6\\u0122\\u01E4\\u0193\\uA7A0\\uA77D\\uA77E]","H":"[\\u0048\\u24BD\\uFF28\\u0124\\u1E22\\u1E26\\u021E\\u1E24\\u1E28\\u1E2A\\u0126\\u2C67\\u2C75\\uA78D]","I":"[\\u0049\\u24BE\\uFF29\\u00CC\\u00CD\\u00CE\\u0128\\u012A\\u012C\\u0130\\u00CF\\u1E2E\\u1EC8\\u01CF\\u0208\\u020A\\u1ECA\\u012E\\u1E2C\\u0197]","J":"[\\u004A\\u24BF\\uFF2A\\u0134\\u0248]","K":"[\\u004B\\u24C0\\uFF2B\\u1E30\\u01E8\\u1E32\\u0136\\u1E34\\u0198\\u2C69\\uA740\\uA742\\uA744\\uA7A2]","L":"[\\u004C\\u24C1\\uFF2C\\u013F\\u0139\\u013D\\u1E36\\u1E38\\u013B\\u1E3C\\u1E3A\\u0141\\u023D\\u2C62\\u2C60\\uA748\\uA746\\uA780]","LJ":"[\\u01C7]","Lj":"[\\u01C8]","M":"[\\u004D\\u24C2\\uFF2D\\u1E3E\\u1E40\\u1E42\\u2C6E\\u019C]","N":"[\\u004E\\u24C3\\uFF2E\\u01F8\\u0143\\u00D1\\u1E44\\u0147\\u1E46\\u0145\\u1E4A\\u1E48\\u0220\\u019D\\uA790\\uA7A4]","NJ":"[\\u01CA]","Nj":"[\\u01CB]","O":"[\\u004F\\u24C4\\uFF2F\\u00D2\\u00D3\\u00D4\\u1ED2\\u1ED0\\u1ED6\\u1ED4\\u00D5\\u1E4C\\u022C\\u1E4E\\u014C\\u1E50\\u1E52\\u014E\\u022E\\u0230\\u00D6\\u022A\\u1ECE\\u0150\\u01D1\\u020C\\u020E\\u01A0\\u1EDC\\u1EDA\\u1EE0\\u1EDE\\u1EE2\\u1ECC\\u1ED8\\u01EA\\u01EC\\u00D8\\u01FE\\u0186\\u019F\\uA74A\\uA74C]","OI":"[\\u01A2]","OO":"[\\uA74E]","OU":"[\\u0222]","P":"[\\u0050\\u24C5\\uFF30\\u1E54\\u1E56\\u01A4\\u2C63\\uA750\\uA752\\uA754]","Q":"[\\u0051\\u24C6\\uFF31\\uA756\\uA758\\u024A]","R":"[\\u0052\\u24C7\\uFF32\\u0154\\u1E58\\u0158\\u0210\\u0212\\u1E5A\\u1E5C\\u0156\\u1E5E\\u024C\\u2C64\\uA75A\\uA7A6\\uA782]","S":"[\\u0053\\u24C8\\uFF33\\u1E9E\\u015A\\u1E64\\u015C\\u1E60\\u0160\\u1E66\\u1E62\\u1E68\\u0218\\u015E\\u2C7E\\uA7A8\\uA784]","T":"[\\u0054\\u24C9\\uFF34\\u1E6A\\u0164\\u1E6C\\u021A\\u0162\\u1E70\\u1E6E\\u0166\\u01AC\\u01AE\\u023E\\uA786]","TZ":"[\\uA728]","U":"[\\u0055\\u24CA\\uFF35\\u00D9\\u00DA\\u00DB\\u0168\\u1E78\\u016A\\u1E7A\\u016C\\u00DC\\u01DB\\u01D7\\u01D5\\u01D9\\u1EE6\\u016E\\u0170\\u01D3\\u0214\\u0216\\u01AF\\u1EEA\\u1EE8\\u1EEE\\u1EEC\\u1EF0\\u1EE4\\u1E72\\u0172\\u1E76\\u1E74\\u0244]","V":"[\\u0056\\u24CB\\uFF36\\u1E7C\\u1E7E\\u01B2\\uA75E\\u0245]","VY":"[\\uA760]","W":"[\\u0057\\u24CC\\uFF37\\u1E80\\u1E82\\u0174\\u1E86\\u1E84\\u1E88\\u2C72]","X":"[\\u0058\\u24CD\\uFF38\\u1E8A\\u1E8C]","Y":"[\\u0059\\u24CE\\uFF39\\u1EF2\\u00DD\\u0176\\u1EF8\\u0232\\u1E8E\\u0178\\u1EF6\\u1EF4\\u01B3\\u024E\\u1EFE]","Z":"[\\u005A\\u24CF\\uFF3A\\u0179\\u1E90\\u017B\\u017D\\u1E92\\u1E94\\u01B5\\u0224\\u2C7F\\u2C6B\\uA762]","a":"[\\u0061\\u24D0\\uFF41\\u1E9A\\u00E0\\u00E1\\u00E2\\u1EA7\\u1EA5\\u1EAB\\u1EA9\\u00E3\\u0101\\u0103\\u1EB1\\u1EAF\\u1EB5\\u1EB3\\u0227\\u01E1\\u00E4\\u01DF\\u1EA3\\u00E5\\u01FB\\u01CE\\u0201\\u0203\\u1EA1\\u1EAD\\u1EB7\\u1E01\\u0105\\u2C65\\u0250]","aa":"[\\uA733]","ae":"[\\u00E6\\u01FD\\u01E3]","ao":"[\\uA735]","au":"[\\uA737]","av":"[\\uA739\\uA73B]","ay":"[\\uA73D]","b":"[\\u0062\\u24D1\\uFF42\\u1E03\\u1E05\\u1E07\\u0180\\u0183\\u0253]","c":"[\\u0063\\u24D2\\uFF43\\u0107\\u0109\\u010B\\u010D\\u00E7\\u1E09\\u0188\\u023C\\uA73F\\u2184]","d":"[\\u0064\\u24D3\\uFF44\\u1E0B\\u010F\\u1E0D\\u1E11\\u1E13\\u1E0F\\u0111\\u018C\\u0256\\u0257\\uA77A]","dz":"[\\u01F3\\u01C6]","e":"[\\u0065\\u24D4\\uFF45\\u00E8\\u00E9\\u00EA\\u1EC1\\u1EBF\\u1EC5\\u1EC3\\u1EBD\\u0113\\u1E15\\u1E17\\u0115\\u0117\\u00EB\\u1EBB\\u011B\\u0205\\u0207\\u1EB9\\u1EC7\\u0229\\u1E1D\\u0119\\u1E19\\u1E1B\\u0247\\u025B\\u01DD]","f":"[\\u0066\\u24D5\\uFF46\\u1E1F\\u0192\\uA77C]","g":"[\\u0067\\u24D6\\uFF47\\u01F5\\u011D\\u1E21\\u011F\\u0121\\u01E7\\u0123\\u01E5\\u0260\\uA7A1\\u1D79\\uA77F]","h":"[\\u0068\\u24D7\\uFF48\\u0125\\u1E23\\u1E27\\u021F\\u1E25\\u1E29\\u1E2B\\u1E96\\u0127\\u2C68\\u2C76\\u0265]","hv":"[\\u0195]","i":"[\\u0069\\u24D8\\uFF49\\u00EC\\u00ED\\u00EE\\u0129\\u012B\\u012D\\u00EF\\u1E2F\\u1EC9\\u01D0\\u0209\\u020B\\u1ECB\\u012F\\u1E2D\\u0268\\u0131]","j":"[\\u006A\\u24D9\\uFF4A\\u0135\\u01F0\\u0249]","k":"[\\u006B\\u24DA\\uFF4B\\u1E31\\u01E9\\u1E33\\u0137\\u1E35\\u0199\\u2C6A\\uA741\\uA743\\uA745\\uA7A3]","l":"[\\u006C\\u24DB\\uFF4C\\u0140\\u013A\\u013E\\u1E37\\u1E39\\u013C\\u1E3D\\u1E3B\\u017F\\u0142\\u019A\\u026B\\u2C61\\uA749\\uA781\\uA747]","lj":"[\\u01C9]","m":"[\\u006D\\u24DC\\uFF4D\\u1E3F\\u1E41\\u1E43\\u0271\\u026F]","n":"[\\u006E\\u24DD\\uFF4E\\u01F9\\u0144\\u00F1\\u1E45\\u0148\\u1E47\\u0146\\u1E4B\\u1E49\\u019E\\u0272\\u0149\\uA791\\uA7A5]","nj":"[\\u01CC]","o":"[\\u006F\\u24DE\\uFF4F\\u00F2\\u00F3\\u00F4\\u1ED3\\u1ED1\\u1ED7\\u1ED5\\u00F5\\u1E4D\\u022D\\u1E4F\\u014D\\u1E51\\u1E53\\u014F\\u022F\\u0231\\u00F6\\u022B\\u1ECF\\u0151\\u01D2\\u020D\\u020F\\u01A1\\u1EDD\\u1EDB\\u1EE1\\u1EDF\\u1EE3\\u1ECD\\u1ED9\\u01EB\\u01ED\\u00F8\\u01FF\\u0254\\uA74B\\uA74D\\u0275]","oi":"[\\u01A3]","ou":"[\\u0223]","oo":"[\\uA74F]","p":"[\\u0070\\u24DF\\uFF50\\u1E55\\u1E57\\u01A5\\u1D7D\\uA751\\uA753\\uA755]","q":"[\\u0071\\u24E0\\uFF51\\u024B\\uA757\\uA759]","r":"[\\u0072\\u24E1\\uFF52\\u0155\\u1E59\\u0159\\u0211\\u0213\\u1E5B\\u1E5D\\u0157\\u1E5F\\u024D\\u027D\\uA75B\\uA7A7\\uA783]","s":"[\\u0073\\u24E2\\uFF53\\u015B\\u1E65\\u015D\\u1E61\\u0161\\u1E67\\u1E63\\u1E69\\u0219\\u015F\\u023F\\uA7A9\\uA785\\u1E9B]","ss":"[\\u00DF]","t":"[\\u0074\\u24E3\\uFF54\\u1E6B\\u1E97\\u0165\\u1E6D\\u021B\\u0163\\u1E71\\u1E6F\\u0167\\u01AD\\u0288\\u2C66\\uA787]","tz":"[\\uA729]","u":"[\\u0075\\u24E4\\uFF55\\u00F9\\u00FA\\u00FB\\u0169\\u1E79\\u016B\\u1E7B\\u016D\\u00FC\\u01DC\\u01D8\\u01D6\\u01DA\\u1EE7\\u016F\\u0171\\u01D4\\u0215\\u0217\\u01B0\\u1EEB\\u1EE9\\u1EEF\\u1EED\\u1EF1\\u1EE5\\u1E73\\u0173\\u1E77\\u1E75\\u0289]","v":"[\\u0076\\u24E5\\uFF56\\u1E7D\\u1E7F\\u028B\\uA75F\\u028C]","vy":"[\\uA761]","w":"[\\u0077\\u24E6\\uFF57\\u1E81\\u1E83\\u0175\\u1E87\\u1E85\\u1E98\\u1E89\\u2C73]","x":"[\\u0078\\u24E7\\uFF58\\u1E8B\\u1E8D]","y":"[\\u0079\\u24E8\\uFF59\\u1EF3\\u00FD\\u0177\\u1EF9\\u0233\\u1E8F\\u00FF\\u1EF7\\u1E99\\u1EF5\\u01B4\\u024F\\u1EFF]","z":"[\\u007A\\u24E9\\uFF5A\\u017A\\u1E91\\u017C\\u017E\\u1E93\\u1E95\\u01B6\\u0225\\u0240\\u2C6C\\uA763]"},"researchesTests":["contentHasTOC","contentHasShortParagraphs","contentHasAssets","keywordInTitle","keywordInMetaDescription","keywordInPermalink","keywordIn10Percent","keywordInContent","keywordInSubheadings","keywordInImageAlt","keywordDensity","keywordNotUsed","lengthContent","lengthPermalink","linksHasInternal","linksHasExternals","linksNotAllExternals","titleStartWithKeyword","titleSentiment","titleHasPowerWords","titleHasNumber","hasContentAI"],"hasRedirection":true,"hasBreadcrumb":true},"homeUrl":"https:\/\/kronika-futbolu.pl\/historia","objectID":11912,"objectType":"post","locale":"pl","localeFull":"pl_PL","overlayImages":{"play":{"name":"Ikona PLAY","url":"https:\/\/kronika-futbolu.pl\/historia\/wp-content\/plugins\/seo-by-rank-math\/assets\/admin\/img\/icon-play.png","path":"\/home\/klient.dhosting.pl\/netpositive\/kronika-futbolu.pl\/public_html\/historia\/wp-content\/plugins\/seo-by-rank-math\/assets\/admin\/img\/icon-play.png","position":"middle_center"},"gif":{"name":"Ikona GIF","url":"https:\/\/kronika-futbolu.pl\/historia\/wp-content\/plugins\/seo-by-rank-math\/assets\/admin\/img\/icon-gif.png","path":"\/home\/klient.dhosting.pl\/netpositive\/kronika-futbolu.pl\/public_html\/historia\/wp-content\/plugins\/seo-by-rank-math\/assets\/admin\/img\/icon-gif.png","position":"middle_center"}},"defautOgImage":"https:\/\/kronika-futbolu.pl\/historia\/wp-content\/plugins\/seo-by-rank-math\/assets\/admin\/img\/social-placeholder.jpg","customPermalinks":true,"isUserRegistered":true,"autoSuggestKeywords":true,"connectSiteUrl":"https:\/\/rankmath.com\/auth?site=https%3A%2F%2Fkronika-futbolu.pl%2Fhistoria&r=https%3A%2F%2Fkronika-futbolu.pl%2Fhistoria%2Fwp-json%2Fwp%2Fv2%2Fpages%2F11912%3Fnonce%3D2213eb30c5&pro=1","maxTags":100,"trendsIcon":"<svg viewBox=\"0 0 610 610\"><path d=\"M18.85,446,174.32,290.48l58.08,58.08L76.93,504a14.54,14.54,0,0,1-20.55,0L18.83,466.48a14.54,14.54,0,0,1,0-20.55Z\" style=\"fill:#4285f4\"\/><path d=\"M242.65,242.66,377.59,377.6l-47.75,47.75a14.54,14.54,0,0,1-20.55,0L174.37,290.43l47.75-47.75A14.52,14.52,0,0,1,242.65,242.66Z\" style=\"fill:#ea4335\"\/><polygon points=\"319.53 319.53 479.26 159.8 537.34 217.88 377.61 377.62 319.53 319.53\" style=\"fill:#fabb05\"\/><path d=\"M594.26,262.73V118.61h0a16.94,16.94,0,0,0-16.94-16.94H433.2a16.94,16.94,0,0,0-12,28.92L565.34,274.71h0a16.94,16.94,0,0,0,28.92-12Z\" style=\"fill:#34a853\"\/><rect width=\"610\" height=\"610\" style=\"fill:none\"\/><\/svg>","showScore":true,"siteFavIcon":"data:image\/png;base64,iVBORw0KGgoAAAANSUhEUgAAABAAAAAQCAYAAAAf8\/9hAAABs0lEQVR4AWL4\/\/8\/RRjO8Iucx+noO0MWUDo16FYABMGP6ZfUcRnWtm27jVPbtm3bttuH2t3eFPcY9pLz7NxiLjCyVd87pKnHyqXyxtCs8APd0rnyxiu4qSeA3QEDrAwBDrT1s1Rc\/OrjLZwqVmOSu6+Lamcpp2KKMA9PH1BYXMe1mUP5qotvXTywsOEEYHXxrY+3cqk6TMkYpNr2FeoY3KIr0RPtn9wQ2unlA+GMkRw6+9TFw4YTwDUzx\/JVvARj9KaedXRO8P5B1Du2S32smzqUrcKGEyA+uAgQjKX7zf0boWHGfn71jIKj2689gxp7OAGShNcBUmLMPVjZuiKcA2vuWHHDCQxMCz629kXAIU4ApY15QwggAFbfOP9DhgBJ+nWVJ1AZAfICAj1pAlY6hCADZnveQf7bQIwzVONGJonhLIlS9gr5mFg44Xd+4S3XHoGNPdJl1INIwKyEgHckEhgTe1bGiFY9GSFBYUwLh1IkiJUbY407E7syBSFxKTszEoiE\/YdrgCEayDmtaJwCI9uu8TKMuZSVfSa4BpGgzvomBR\/INhLGzrqDotp01ZR8pn\/1L0JN9d9XNyx0AAAAAElFTkSuQmCC","canUser":{"general":false,"advanced":false,"snippet":false,"social":false,"analysis":false,"analytics":false,"content_ai":false},"showKeywordIntent":true,"isPro":true,"is_front_page":false,"trendsUpgradeLink":"https:\/\/rankmath.com\/pricing\/?utm_source=Plugin&utm_medium=CE%20General%20Tab%20Trends&utm_campaign=WP","trendsUpgradeLabel":"Ulepszenie","trendsPreviewImage":"https:\/\/kronika-futbolu.pl\/historia\/wp-content\/plugins\/seo-by-rank-math\/assets\/admin\/img\/trends-preview.jpg","currentEditor":false,"homepageData":{"assessor":{"powerWords":[],"diacritics":true,"researchesTests":["contentHasTOC","contentHasShortParagraphs","contentHasAssets","keywordInTitle","keywordInMetaDescription","keywordInPermalink","keywordIn10Percent","keywordInContent","keywordInSubheadings","keywordInImageAlt","keywordDensity","keywordNotUsed","lengthContent","lengthPermalink","linksHasInternal","linksHasExternals","linksNotAllExternals","titleStartWithKeyword","titleSentiment","titleHasPowerWords","titleHasNumber","hasContentAI"],"hasBreadcrumb":true,"serpData":{"title":"%sitename% %page% %sep% %sitedesc%","description":"","titleTemplate":"%sitename% %page% %sep% %sitedesc%","descriptionTemplate":"","focusKeywords":"","breadcrumbTitle":"Dom","robots":{"index":true},"advancedRobots":[],"facebookTitle":"","facebookDescription":"","facebookImage":"","facebookImageID":""}}},"searchIntents":[],"isAnalyticsConnected":false,"tocTitle":"Spis tre\u015bci","tocExcludeHeadings":[],"listStyle":"ul"},"_links":{"self":[{"href":"https:\/\/kronika-futbolu.pl\/historia\/wp-json\/wp\/v2\/pages\/11912","targetHints":{"allow":["GET"]}}],"collection":[{"href":"https:\/\/kronika-futbolu.pl\/historia\/wp-json\/wp\/v2\/pages"}],"about":[{"href":"https:\/\/kronika-futbolu.pl\/historia\/wp-json\/wp\/v2\/types\/page"}],"author":[{"embeddable":true,"href":"https:\/\/kronika-futbolu.pl\/historia\/wp-json\/wp\/v2\/users\/3"}],"replies":[{"embeddable":true,"href":"https:\/\/kronika-futbolu.pl\/historia\/wp-json\/wp\/v2\/comments?post=11912"}],"version-history":[{"count":5,"href":"https:\/\/kronika-futbolu.pl\/historia\/wp-json\/wp\/v2\/pages\/11912\/revisions"}],"predecessor-version":[{"id":13950,"href":"https:\/\/kronika-futbolu.pl\/historia\/wp-json\/wp\/v2\/pages\/11912\/revisions\/13950"}],"wp:attachment":[{"href":"https:\/\/kronika-futbolu.pl\/historia\/wp-json\/wp\/v2\/media?parent=11912"}],"curies":[{"name":"wp","href":"https:\/\/api.w.org\/{rel}","templated":true}]}}