{"id":11969,"date":"2022-01-31T19:20:37","date_gmt":"2022-01-31T18:20:37","guid":{"rendered":"https:\/\/kronika-futbolu.pl\/historia\/?page_id=11969"},"modified":"2022-02-07T17:25:14","modified_gmt":"2022-02-07T16:25:14","slug":"polska-slowenia-w-pilce-noznej-wyniki-meczow","status":"publish","type":"page","link":"https:\/\/kronika-futbolu.pl\/historia\/polska-slowenia-w-pilce-noznej-wyniki-meczow\/","title":{"rendered":"Polska-S\u0142owenia w pi\u0142ce no\u017cnej wyniki mecz\u00f3w"},"content":{"rendered":"<div id=\"ez-toc-container\" class=\"ez-toc-v2_0_75 counter-hierarchy ez-toc-counter ez-toc-grey ez-toc-container-direction\">\n<div class=\"ez-toc-title-container\">\n<p class=\"ez-toc-title\" style=\"cursor:inherit\">Table of Contents<\/p>\n<span class=\"ez-toc-title-toggle\"><a href=\"#\" class=\"ez-toc-pull-right ez-toc-btn ez-toc-btn-xs ez-toc-btn-default ez-toc-toggle\" aria-label=\"Toggle Table of Content\"><span class=\"ez-toc-js-icon-con\"><span class=\"\"><span class=\"eztoc-hide\" style=\"display:none;\">Toggle<\/span><span class=\"ez-toc-icon-toggle-span\"><svg style=\"fill: #999;color:#999\" xmlns=\"http:\/\/www.w3.org\/2000\/svg\" class=\"list-377408\" width=\"20px\" height=\"20px\" viewBox=\"0 0 24 24\" fill=\"none\"><path d=\"M6 6H4v2h2V6zm14 0H8v2h12V6zM4 11h2v2H4v-2zm16 0H8v2h12v-2zM4 16h2v2H4v-2zm16 0H8v2h12v-2z\" fill=\"currentColor\"><\/path><\/svg><svg style=\"fill: #999;color:#999\" class=\"arrow-unsorted-368013\" xmlns=\"http:\/\/www.w3.org\/2000\/svg\" width=\"10px\" height=\"10px\" viewBox=\"0 0 24 24\" version=\"1.2\" baseProfile=\"tiny\"><path d=\"M18.2 9.3l-6.2-6.3-6.2 6.3c-.2.2-.3.4-.3.7s.1.5.3.7c.2.2.4.3.7.3h11c.3 0 .5-.1.7-.3.2-.2.3-.5.3-.7s-.1-.5-.3-.7zM5.8 14.7l6.2 6.3 6.2-6.3c.2-.2.3-.5.3-.7s-.1-.5-.3-.7c-.2-.2-.4-.3-.7-.3h-11c-.3 0-.5.1-.7.3-.2.2-.3.5-.3.7s.1.5.3.7z\"\/><\/svg><\/span><\/span><\/span><\/a><\/span><\/div>\n<nav><ul class='ez-toc-list ez-toc-list-level-1 ' ><li class='ez-toc-page-1 ez-toc-heading-level-2'><a class=\"ez-toc-link ez-toc-heading-1\" href=\"https:\/\/kronika-futbolu.pl\/historia\/polska-slowenia-w-pilce-noznej-wyniki-meczow\/#Bilans_meczow_Polska-Slowenia_kursy_bukmacherskie\" >Bilans mecz\u00f3w Polska-S\u0142owenia, kursy bukmacherskie.<\/a><\/li><li class='ez-toc-page-1 ez-toc-heading-level-2'><a class=\"ez-toc-link ez-toc-heading-2\" href=\"https:\/\/kronika-futbolu.pl\/historia\/polska-slowenia-w-pilce-noznej-wyniki-meczow\/#%E2%80%8BTabela_rozgrywek\" >\u200bTabela rozgrywek<\/a><\/li><li class='ez-toc-page-1 ez-toc-heading-level-2'><a class=\"ez-toc-link ez-toc-heading-3\" href=\"https:\/\/kronika-futbolu.pl\/historia\/polska-slowenia-w-pilce-noznej-wyniki-meczow\/#i\" >\u00a0<\/a><\/li><li class='ez-toc-page-1 ez-toc-heading-level-2'><a class=\"ez-toc-link ez-toc-heading-4\" href=\"https:\/\/kronika-futbolu.pl\/historia\/polska-slowenia-w-pilce-noznej-wyniki-meczow\/#8_Mecz_Polska_%E2%80%93_Slowenia_3_2_19_listopada_2019_r\" >8. Mecz Polska &#8211; S\u0142owenia 3:2 (19 listopada 2019 r.)<\/a><\/li><li class='ez-toc-page-1 ez-toc-heading-level-2'><a class=\"ez-toc-link ez-toc-heading-5\" href=\"https:\/\/kronika-futbolu.pl\/historia\/polska-slowenia-w-pilce-noznej-wyniki-meczow\/#7_Mecz_Slowenia_%E2%80%93_Polska_2_0_6_wrzesnia_2019_r\" >7. Mecz S\u0142owenia &#8211; Polska 2:0 (6 wrze\u015bnia 2019 r.)<\/a><\/li><li class='ez-toc-page-1 ez-toc-heading-level-2'><a class=\"ez-toc-link ez-toc-heading-6\" href=\"https:\/\/kronika-futbolu.pl\/historia\/polska-slowenia-w-pilce-noznej-wyniki-meczow\/#6_Mecz_Polska_%E2%80%93_Slowenia_1_1_14_listopada_2016_r\" >6. Mecz Polska &#8211; S\u0142owenia\u00a0 1:1 (14 listopada 2016 r.)<\/a><\/li><li class='ez-toc-page-1 ez-toc-heading-level-2'><a class=\"ez-toc-link ez-toc-heading-7\" href=\"https:\/\/kronika-futbolu.pl\/historia\/polska-slowenia-w-pilce-noznej-wyniki-meczow\/#5_Mecz_Slowenia_%E2%80%93_Polska_3_0_9_wrzesnia_2009_r\" >5. Mecz S\u0142owenia &#8211; Polska 3:0 (9 wrze\u015bnia 2009 r.)<\/a><\/li><li class='ez-toc-page-1 ez-toc-heading-level-2'><a class=\"ez-toc-link ez-toc-heading-8\" href=\"https:\/\/kronika-futbolu.pl\/historia\/polska-slowenia-w-pilce-noznej-wyniki-meczow\/#4_Mecz_Polska_%E2%80%93_Slowenia_1_1_6_wrzesnia_2008_r\" >4. Mecz Polska &#8211; S\u0142owenia 1:1 (6 wrze\u015bnia 2008 r.)<\/a><\/li><li class='ez-toc-page-1 ez-toc-heading-level-2'><a class=\"ez-toc-link ez-toc-heading-9\" href=\"https:\/\/kronika-futbolu.pl\/historia\/polska-slowenia-w-pilce-noznej-wyniki-meczow\/#3_Mecz_Polska_%E2%80%93_Slowenia_2_0_18_lutego_2004_r\" >3. Mecz Polska &#8211; S\u0142owenia 2:0 (18 lutego 2004 r.)<\/a><\/li><li class='ez-toc-page-1 ez-toc-heading-level-2'><a class=\"ez-toc-link ez-toc-heading-10\" href=\"https:\/\/kronika-futbolu.pl\/historia\/polska-slowenia-w-pilce-noznej-wyniki-meczow\/#2_Mecz_Polska_%E2%80%93_Slowenia_2_0_25_marca_1998_r\" >2. Mecz Polska &#8211; S\u0142owenia 2:0 (25 marca 1998 r.)<\/a><\/li><li class='ez-toc-page-1 ez-toc-heading-level-2'><a class=\"ez-toc-link ez-toc-heading-11\" href=\"https:\/\/kronika-futbolu.pl\/historia\/polska-slowenia-w-pilce-noznej-wyniki-meczow\/#1_Mecz_Polska_%E2%80%93_Slowenia_0_0_27_marca_1996_r\" >1. Mecz Polska &#8211; S\u0142owenia 0:0 (27 marca 1996 r.)<\/a><\/li><li class='ez-toc-page-1 ez-toc-heading-level-2'><a class=\"ez-toc-link ez-toc-heading-12\" href=\"https:\/\/kronika-futbolu.pl\/historia\/polska-slowenia-w-pilce-noznej-wyniki-meczow\/#_Przezyjmy_to_jeszcze_raz_%E2%80%93_galeria_zdjec_z_meczy_Polska_%E2%80%93_Slowenia\" >? Prze\u017cyjmy to jeszcze raz &#8211; galeria zdj\u0119\u0107 z meczy Polska &#8211; S\u0142owenia<\/a><\/li><\/ul><\/nav><\/div>\n<h2><span class=\"ez-toc-section\" id=\"Bilans_meczow_Polska-Slowenia_kursy_bukmacherskie\"><\/span>Bilans mecz\u00f3w Polska-S\u0142owenia, kursy bukmacherskie.<span class=\"ez-toc-section-end\"><\/span><\/h2>\n<p><img loading=\"lazy\" decoding=\"async\" class=\"alignleft wp-image-11973 size-medium\" src=\"https:\/\/kronika-futbolu.pl\/historia\/wp-content\/uploads\/2022\/01\/slowenia-310x400.png\" alt=\"slowenia logo\" width=\"310\" height=\"400\" srcset=\"https:\/\/kronika-futbolu.pl\/historia\/wp-content\/uploads\/2022\/01\/slowenia-310x400.png 310w, https:\/\/kronika-futbolu.pl\/historia\/wp-content\/uploads\/2022\/01\/slowenia-929x1200.png 929w, https:\/\/kronika-futbolu.pl\/historia\/wp-content\/uploads\/2022\/01\/slowenia-768x992.png 768w, https:\/\/kronika-futbolu.pl\/historia\/wp-content\/uploads\/2022\/01\/slowenia-1189x1536.png 1189w, https:\/\/kronika-futbolu.pl\/historia\/wp-content\/uploads\/2022\/01\/slowenia.png 1200w\" sizes=\"auto, (max-width: 310px) 100vw, 310px\" \/><\/p>\n<p style=\"text-align: justify;\">\u0141\u0105cznie zosta\u0142o rozegranych\u00a0 8 mecz\u00f3w, Polska wygra\u0142a\u00a0 3 razy, 3 razy remisowa\u0142a i\u00a0 2 razy przegra\u0142a. Stosunek bramek to 9-9.<\/p>\n<p style=\"text-align: justify;\">Ostatni mecz odby\u0142 si\u0119 w 2019 roku w Warszawie,\u00a0 by\u0142o 3-2.<\/p>\n<hr \/>\n<p><strong>\u00a0<\/strong><strong>Spis tre\u015bci:<\/strong><\/p>\n<ol reversed=\"\">\n<li><a href=\"#mecz8\">Mecz Polska-S\u0142owenia (2019.11.19) \u2193<\/a><\/li>\n<li><a href=\"#mecz7\">Mecz S\u0142owenia-Polska (2019.09.06) \u2193<\/a><\/li>\n<li><a href=\"#mecz6\">Mecz Polska-S\u0142owenia (2016.11.14) \u2193<\/a><\/li>\n<li><a href=\"#mecz5\">Mecz S\u0142owenia-Polska (2009.09.09) \u2193<\/a><\/li>\n<li><a href=\"#mecz4\">Mecz Polska-S\u0142owenia (2008.09.06) \u2193<\/a><\/li>\n<li><a href=\"#mecz3\">Mecz Polska-S\u0142owenia (2004.02.18) \u2193<\/a><\/li>\n<li><a href=\"#mecz2\">Mecz Polska-S\u0142owenia (1998.03.25) \u2193<\/a><\/li>\n<li><a href=\"#mecz1\">Mecz Polska-S\u0142owenia (1996.03.27) \u2193<\/a>\n<\/li>\n<\/ol>\n<h2><span class=\"ez-toc-section\" id=\"%E2%80%8BTabela_rozgrywek\"><\/span>\u200bTabela rozgrywek<span class=\"ez-toc-section-end\"><\/span><\/h2>\n\r\n\t\t\t<span class=\"rivals\">\r\n\t\t\t\t<strong>Inne mecze reprezentacji<\/strong>\r\n\t\t\t\t<select onchange=\"self.location.href=this.value\">\r\n\t\t\t\t\t<option value=\"#\">Wybierz rywala<\/option>\r\n\t\t\t\t\t<option value=\"\/historia\/reprezentacja-polski-mecze\/\">Wszystkie mecze<\/option>\r\n\t\t\t\t\t<option value=\"\/historia\/polska-albania-w-pilce-noznej-wyniki-meczow\/\">Albania<\/option>\r\n\t\t\t\t\t<option value=\"\/historia\/polska-andora-w-pilce-noznej-wyniki-meczow\/\">Andora<\/option>\r\n\t\t\t\t\t<option value=\"\/historia\/polska-anglia-w-pilce-noznej-wyniki-meczow\/\">Anglia<\/option>\r\n\t\t\t\t\t<option value=\"\/historia\/polska-arabia-saudyjska-w-pilce-noznej-wyniki-meczow\/\">Arabia Saudyjska<\/option>\r\n\t\t\t\t\t<option value=\"\/historia\/polska-argentyna-w-pilce-noznej-wyniki-meczow\/\">Argentyna<\/option>\r\n\t\t\t\t\t<option value=\"\/historia\/polska-austria-w-pilce-noznej-wyniki-meczow\/\">Austria<\/option>\r\n\t\t\t\t\t<option value=\"\/historia\/polska-belgia-w-pilce-noznej-wyniki-meczow\/\">Belgia<\/option>\r\n\t\t\t\t\t<option value=\"\/historia\/polska-brazylia-w-pilce-noznej-wyniki-meczow\/\">Brazylia<\/option>\r\n\t\t\t\t\t<option value=\"\/historia\/polska-chile-w-pilce-noznej-wyniki-meczow\/\">Chile<\/option>\r\n\t\t\t\t\t<option value=\"\/historia\/polska-chorwacja-w-pilce-noznej-wyniki-meczow\/\">Chorwacja<\/option>\r\n\t\t\t\t\t<option value=\"\/historia\/historia-i-bilans-meczow-polska-czarnogora\/\">Czarnog\u00f3ra<\/option>\r\n\t\t\t\t\t<option value=\"\/historia\/polska-czechy-w-pilce-noznej-wyniki-meczow\/\">Czechy<\/option>\r\n\t\t\t\t\t<option value=\"\/historia\/historia-i-bilans-meczow-polska-dania-w-pilce-noznej\/\">Dania<\/option>\r\n\t\t\t\t\t<option value=\"\/historia\/polska-estonia-w-pilce-noznej-wyniki-meczow\/\">Estonia<\/option>\r\n\t\t\t\t\t<option value=\"\/historia\/bilans-meczow-polska-francja-kursy-bukmacherskie\/\">Francja<\/option>\r\n\t\t\t\t\t<option value=\"\/historia\/polska-grecja-w-pilce-noznej-wyniki-meczow\/\">Grecja<\/option>\r\n\t\t\t\t\t<option value=\"\/historia\/polska-gruzja-w-pilce-noznej-wyniki-meczow\/\">Gruzja<\/option>\r\n\t\t\t\t\t<option value=\"\/historia\/polska-hiszpania-w-pilce-noznej-wyniki-meczow\/\">Hiszpania<\/option>\r\n\t\t\t\t\t<option value=\"\/historia\/polska-holandia-w-pilce-noznej-wyniki-meczow\/\">Holandia<\/option>\r\n\t\t\t\t\t<option value=\"\/historia\/historia-i-bilans-meczow-polska-irlandia\/\">Irlandia<\/option>\r\n\t\t\t\t\t<option value=\"\/historia\/polska-irlandia-polnocna-w-pilce-noznej-wyniki-meczow\/\">Irlandia P\u00f3\u0142nocna<\/option>\r\n\t\t\t\t\t<option value=\"\/historia\/polska-islandia-w-pilce-noznej-wyniki-meczow\/\">Islandia<\/option>\r\n\t\t\t\t\t<option value=\"\/historia\/historia-i-bilans-meczow-polska-japonia\/\">Japonia<\/option>\r\n\t\t\t\t\t<option value=\"\/historia\/historia-i-bilans-meczow-polska-kazachstan\/\">Kazachstan<\/option>\r\n\t\t\t\t\t<option value=\"\/historia\/historia-i-bilans-meczow-polska-kolumbia\/\">Kolumbia<\/option>\r\n\t\t\t\t\t<option value=\"\/historia\/historia-i-bilans-meczow-polska-korea-poludniowa-w-pilce-noznej\/\">Korea Po\u0142udniowa<\/option>\r\n\t\t\t\t\t<option value=\"\/historia\/polska-liechtenstein-w-pilce-noznej-wyniki-meczow\/\">Liechtenstein<\/option>\r\n\t\t\t\t\t<option value=\"\/historia\/historia-i-bilans-meczow-polska-litwa\/\">Litwa<\/option>\r\n\t\t\t\t\t<option value=\"\/historia\/polska-lotwa-w-pilce-noznej-wyniki-meczow\/\">\u0141otwa<\/option>\r\n\t\t\t\t\t<option value=\"\/historia\/polska-meksyk-w-pilce-noznej-wyniki-meczow\/\">Meksyk<\/option>\r\n\t\t\t\t\t<option value=\"\/historia\/polska-moldawia-w-pilce-noznej-wyniki-meczow\/\">Mo\u0142dawia<\/option>\r\n\t\t\t\t\t<option value=\"\/historia\/polska-niemcy-w-pilce-noznej-wyniki-meczow\/\">Niemcy<\/option>\r\n\t\t\t\t\t<option value=\"\/historia\/historia-i-bilans-meczow-polska-nigeria\/\">Nigeria<\/option>\r\n\t\t\t\t\t<option value=\"\/historia\/polska-norwegia-w-pilce-noznej-wyniki-meczow\/\">Norwegia<\/option>\r\n\t\t\t\t\t<option value=\"\/historia\/polska-nowa-zelandia-w-pilce-noznej-wyniki-meczow\/\">Nowa Zelandia<\/option>\r\n\t\t\t\t\t<option value=\"\/historia\/polska-portugalia-w-pilce-noznej-wyniki-meczow\/\">Portugalia<\/option>\r\n\t\t\t\t\t<option value=\"\/historia\/polska-rosja-w-pilce-noznej-wyniki-meczow\/\">Rosja<\/option>\r\n\t\t\t\t\t<option value=\"\/historia\/historia-i-bilans-meczow-polska-rumunia\/\">Rumunia<\/option>\r\n\t\t\t\t\t<option value=\"\/historia\/polska-san-marino-w-pilce-noznej-wyniki-meczow\/\">San Marino<\/option>\r\n\t\t\t\t\t<option value=\"\/historia\/historia-i-bilans-meczow-polska-senegal\/\">Senegal<\/option>\r\n\t\t\t\t\t<option value=\"\/historia\/polska-slowacja-w-pilce-noznej-wyniki-meczow\/\">S\u0142owacja<\/option>\r\n\t\t\t\t\t<option value=\"\/historia\/polska-slowenia-w-pilce-noznej-wyniki-meczow\/\">S\u0142owenia<\/option>\r\n\t\t\t\t\t<option value=\"\/historia\/polska-szkocja-w-pilce-noznej-wyniki-meczow\/\">Szkocja<\/option>\r\n\t\t\t\t\t<option value=\"\/historia\/polska-szwajcaria-w-pilce-noznej-wyniki-meczow\/\">Szwajcaria<\/option>\r\n\t\t\t\t\t<option value=\"\/historia\/polska-szwecja-w-pilce-noznej-wyniki-meczow\/\">Szwecja<\/option>\r\n\t\t\t\t\t<option value=\"\/historia\/polska-turcja-w-pilce-noznej-wyniki-meczow\/\">Turcja<\/option>\r\n\t\t\t\t\t<option value=\"\/historia\/polska-ukraina-w-pilce-noznej-wyniki-meczow\/\">Ukraina<\/option>\r\n\t\t\t\t\t<option value=\"\/historia\/historia-i-bilans-meczow-polska-urugwaj\/\">Urugwaj<\/option>\r\n\t\t\t\t\t<option value=\"\/historia\/polska-walia-w-pilce-noznej-wyniki-meczow\/\">Walia<\/option>\r\n\t\t\t\t\t<option value=\"\/historia\/polska-wegry-w-pilce-noznej-wyniki-meczow\/\">W\u0119gry<\/option>\r\n\t\t\t\t\t<option value=\"\/historia\/historia-i-bilans-meczow-polska-wlochy-w-pilce-noznej\/\">W\u0142ochy<\/option>\r\n\t\t\t\t\t<option value=\"\/historia\/polska-wyspy-owcze-w-pilce-noznej-wyniki-meczow\/\">Wyspy Owcze<\/option>\r\n\t\t\t\t<\/select>\r\n\t\t\t<\/span>\r\n\t\t\n<table style=\"width: 100%; height: 424px;\">\n<thead>\n<tr style=\"height: 45px;\">\n<th style=\"width: 0.484848%; text-align: center; height: 45px;\">Lp.<\/th>\n<th style=\"width: 9.47244%; height: 45px;\">Data meczu<\/th>\n<th style=\"width: 8.03119%; height: 45px;\">Miejsce<\/th>\n<th style=\"width: 8.46977%; height: 45px;\">Mecz<\/th>\n<th style=\"text-align: center; width: 7.58373%; height: 45px;\">Strzelone bramki<\/th>\n<th style=\"text-align: center; width: 10.0068%; height: 45px;\">Strzelone bramki<\/th>\n<th style=\"text-align: center; width: 9.52776%; height: 45px;\">Rodzaj rozgrywek<\/th>\n<th style=\"width: 31.2719%; height: 45px;\">Trener<\/th>\n<\/tr>\n<\/thead>\n<tbody>\n<tr style=\"height: 21px;\">\n<td style=\"width: 0.484848%; text-align: center; height: 21px;\">8.<\/td>\n<td style=\"width: 9.47244%; height: 21px;\">2019.11.19 (wtorek)<\/td>\n<td style=\"width: 8.03119%; height: 21px;\">Warszawa<\/td>\n<td style=\"width: 8.46977%; height: 21px;\">Polska &#8211; S\u0142owenia<\/td>\n<td style=\"text-align: center; width: 7.58373%; height: 21px;\">[pl]\u00a0 3<\/td>\n<td style=\"text-align: center; width: 10.0068%; height: 21px;\">[si] 2<\/td>\n<td style=\"text-align: center; width: 9.52776%; height: 21px;\">EL.ME 2020<\/td>\n<td style=\"width: 31.2719%; height: 21px;\">Jerzy Brz\u0119czek<\/td>\n<\/tr>\n<tr style=\"height: 21px;\">\n<td style=\"width: 0.484848%; text-align: center; height: 21px;\">7.<\/td>\n<td style=\"width: 9.47244%; height: 21px;\">2019.09.06 (pi\u0105tek)<\/td>\n<td style=\"width: 8.03119%; height: 21px;\">Ljubljana<\/td>\n<td style=\"width: 8.46977%; height: 21px;\">S\u0142owenia &#8211; Polska<\/td>\n<td style=\"text-align: center; width: 7.58373%; height: 21px;\">[si] 2<\/td>\n<td style=\"text-align: center; width: 10.0068%; height: 21px;\">[pl]\u00a0 0<\/td>\n<td style=\"text-align: center; width: 9.52776%; height: 21px;\">EL.ME 2020<\/td>\n<td style=\"width: 31.2719%; height: 21px;\">Jerzy Brz\u0119czek<\/td>\n<\/tr>\n<tr style=\"height: 21px;\">\n<td style=\"width: 0.484848%; text-align: center; height: 21px;\">6.<\/td>\n<td style=\"width: 9.47244%; height: 21px;\">2016.11.14 (poniedzia\u0142ek)<\/td>\n<td style=\"width: 8.03119%; height: 21px;\">Wroc\u0142aw<\/td>\n<td style=\"width: 8.46977%; height: 21px;\">Polska &#8211; S\u0142owenia<\/td>\n<td style=\"text-align: center; width: 7.58373%; height: 21px;\">[pl] 1<\/td>\n<td style=\"text-align: center; width: 10.0068%; height: 21px;\">[si] 1<\/td>\n<td style=\"text-align: center; width: 9.52776%; height: 21px;\">MT<\/td>\n<td style=\"width: 31.2719%; height: 21px;\">Adam Nawa\u0142ka<\/td>\n<\/tr>\n<tr style=\"height: 21px;\">\n<td style=\"width: 0.484848%; text-align: center; height: 22px;\">5.<\/td>\n<td style=\"width: 9.47244%; height: 22px;\">2009.09.09 (\u015broda)<\/td>\n<td style=\"width: 8.03119%; height: 22px;\">Maribor<\/td>\n<td style=\"width: 8.46977%; height: 22px;\">S\u0142owenia &#8211; Polska<\/td>\n<td style=\"text-align: center; width: 7.58373%; height: 22px;\">[si] 3<\/td>\n<td style=\"text-align: center; width: 10.0068%; height: 22px;\">[pl]\u00a0 0<\/td>\n<td style=\"text-align: center; width: 9.52776%; height: 22px;\">EL.M\u015a 2010<\/td>\n<td style=\"width: 31.2719%; height: 22px;\">Leo Beenhakker<\/td>\n<\/tr>\n<tr style=\"height: 21px;\">\n<td style=\"width: 0.484848%; text-align: center; height: 21px;\">4.<\/td>\n<td style=\"width: 9.47244%; height: 21px;\">2008.09.06 (sobota)<\/td>\n<td style=\"width: 8.03119%; height: 21px;\">Wroc\u0142aw<\/td>\n<td style=\"width: 8.46977%; height: 21px;\">Polska &#8211; S\u0142owenia<\/td>\n<td style=\"text-align: center; width: 7.58373%; height: 21px;\">[pl] 1<\/td>\n<td style=\"text-align: center; width: 10.0068%; height: 21px;\">[si] 1<\/td>\n<td style=\"text-align: center; width: 9.52776%; height: 21px;\">EL.M\u015a 2010<\/td>\n<td style=\"width: 31.2719%; height: 21px;\">Leo Beenhakker<\/td>\n<\/tr>\n<tr style=\"height: 21px;\">\n<td style=\"width: 0.484848%; text-align: center; height: 21px;\">3.<\/td>\n<td style=\"width: 9.47244%; height: 21px;\">2004.02.18 (\u015broda)<\/td>\n<td style=\"width: 8.03119%; height: 21px;\">San Fernando<\/td>\n<td style=\"width: 8.46977%; height: 21px;\">Polska &#8211; S\u0142owenia<\/td>\n<td style=\"text-align: center; width: 7.58373%; height: 21px;\">[pl]\u00a0 2<\/td>\n<td style=\"text-align: center; width: 10.0068%; height: 21px;\">[si]\u00a0 0<\/td>\n<td style=\"text-align: center; width: 9.52776%; height: 21px;\">MT<\/td>\n<td style=\"width: 31.2719%; height: 21px;\">Pawe\u0142 Janas<\/td>\n<\/tr>\n<tr style=\"height: 21px;\">\n<td style=\"width: 0.484848%; text-align: center; height: 21px;\">2.<\/td>\n<td style=\"width: 9.47244%; height: 21px;\">1998.03.25 (\u015broda)<\/td>\n<td style=\"width: 8.03119%; height: 21px;\">Warszawa<\/td>\n<td style=\"width: 8.46977%; height: 21px;\">Polska &#8211; S\u0142owenia<\/td>\n<td style=\"text-align: center; width: 7.58373%; height: 21px;\">[pl]\u00a0 2<\/td>\n<td style=\"text-align: center; width: 10.0068%; height: 21px;\">[si] 0<\/td>\n<td style=\"text-align: center; width: 9.52776%; height: 21px;\">MT<\/td>\n<td style=\"width: 31.2719%; height: 21px;\">Janusz W\u00f3jcik<\/td>\n<\/tr>\n<tr style=\"height: 21px;\">\n<td style=\"width: 0.484848%; text-align: center; height: 21px;\">1.<\/td>\n<td style=\"width: 9.47244%; height: 21px;\">1996.03.27 (\u015broda)<\/td>\n<td style=\"width: 8.03119%; height: 21px;\">\u0141\u00f3d\u017a<\/td>\n<td style=\"width: 8.46977%; height: 21px;\">Polska &#8211; S\u0142owenia<\/td>\n<td style=\"text-align: center; width: 7.58373%; height: 21px;\">[pl] 0<\/td>\n<td style=\"text-align: center; width: 10.0068%; height: 21px;\">[si] 0<\/td>\n<td style=\"text-align: center; width: 9.52776%; height: 21px;\">MT<\/td>\n<td style=\"width: 31.2719%; height: 21px;\">W\u0142adys\u0142aw Stachurski<\/td>\n<\/tr>\n<\/tbody>\n<\/table>\n<h2><span class=\"ez-toc-section\" id=\"i\"><\/span>\u00a0<span class=\"ez-toc-section-end\"><\/span><\/h2>\n<h2><span class=\"ez-toc-section\" id=\"8_Mecz_Polska_%E2%80%93_Slowenia_3_2_19_listopada_2019_r\"><\/span><a id=\"mecz8\"><\/a>8. Mecz Polska &#8211; S\u0142owenia 3:2 (19 listopada 2019 r.)<span class=\"ez-toc-section-end\"><\/span><\/h2>\n<ul>\n<li><strong>Data meczu:<\/strong> 19.11.2019<\/li>\n<li><strong>Ranga meczu:<\/strong> Eliminacje Mistrzostw Europy 2020<\/li>\n<li><strong>S\u0119dzia:<\/strong> Daniel Siebert &#8211; Niemcy<\/li>\n<li><strong>Stadion:<\/strong> Stadion P.G.E. [Polska Grupa Energetyczna] Narodowy, Warszawa<\/li>\n<li><strong>Trener:<\/strong> Jerzy Brz\u0119czek<\/li>\n<\/ul>\n<p><strong>\u26bd Strzelone bramki:<\/strong><\/p>\n<ul>\n<li>Sebastian Szyma\u0144ski [pl] 3&#8242;<\/li>\n<li>Tim Matav\u017e [si] 14&#8242;<\/li>\n<li>Robert Lewandowski [pl] 54&#8242;<\/li>\n<li>Josip Ili\u010di\u0107 [si] 61&#8242;<\/li>\n<li>Jacek G\u00f3ralski [pl] 81&#8242;<\/li>\n<\/ul>\n<p><strong>? Sk\u0142ady:<\/strong><\/p>\n<table style=\"border-collapse: collapse; width: 100%; height: 311px;\">\n<thead>\n<tr style=\"height: 21px;\">\n<th style=\"width: 50%; height: 21px;\">[pl] Polska:<\/th>\n<th style=\"width: 50%; height: 21px;\">[si] S\u0142owenia:<\/th>\n<\/tr>\n<\/thead>\n<tbody>\n<tr style=\"height: 386px;\">\n<td style=\"width: 50%; height: 290px;\">\n<ul>\n<li><strong>Wojciech Szcz\u0119sny<\/strong> -Juventus FC<\/li>\n<li><strong>\u0141ukasz Piszczek<\/strong> do 45+3&#8242; -Borussia Dortmund<\/li>\n<li>od 45+3&#8242; <strong>Tomasz K\u0119dziora<\/strong> 85&#8242; [ycard] -Dynamo Kij\u00f3w<\/li>\n<li><strong>Kamil Glik<\/strong> do 7&#8242; -AS Monaco<\/li>\n<li>od 7&#8242; <strong>Artur J\u0119drzejczyk<\/strong> -Legia Warszawa<\/li>\n<li><strong>Jan Bednarek<\/strong> -Southampton FC<\/li>\n<li><strong>Grzegorz Krychowiak<\/strong> 70&#8242; [ycard] -Lokomotiv Moskwa<\/li>\n<li><strong>Piotr Zieli\u0144ski<\/strong> -SSC Napoli<\/li>\n<li><strong>Jacek G\u00f3ralski<\/strong> -Ludogorets Razgrad<\/li>\n<li><strong>Arkadiusz Reca<\/strong> 33&#8242; [ycard] -SPAL<\/li>\n<li><strong>Sebastian Szyma\u0144ski<\/strong> do 86&#8242; -Dinamo Moskwa<\/li>\n<li>od 86&#8242; <strong>Kamil J\u00f3\u017awiak<\/strong> -Lech Pozna\u0144<\/li>\n<li><strong>Kamil Grosicki<\/strong> -Hull City<\/li>\n<li><strong>Robert Lewandowski<\/strong> kapitan -Bayern Monachium<\/li>\n<\/ul>\n<\/td>\n<td style=\"width: 50%; height: 290px;\">\n<ul>\n<li><strong>Jan Oblak<\/strong> kapitan -Atletico Madryt<\/li>\n<li><strong>Miha Mevlja<\/strong> -PFC Sochi<\/li>\n<li><strong>Miha Bla\u017ei\u010d<\/strong> -Ferencv\u00e1rosi<\/li>\n<li><strong>Jure Balkovec<\/strong> -Empoli<\/li>\n<li><strong>Petar Stojanovi\u0107<\/strong> -Dinamo Zagrzeb<\/li>\n<li><strong>Josip Ili\u010di\u0107<\/strong> -Atalanta<\/li>\n<li><strong>Rene Krhin<\/strong> -FC Nantes<\/li>\n<li><strong>Jasmin Kurti\u010d<\/strong> 2&#8242; [ycard] 86&#8242; [ycard] [rcard] -SPAL<\/li>\n<li><strong>Benjamin Verbi\u010d<\/strong> do 86&#8242; -Dynamo Kij\u00f3w<\/li>\n<li>od 86&#8242; <strong>Rajko Rep<\/strong> -TSV Hartberg<\/li>\n<li><strong>Jaka Bijol<\/strong> do 72&#8242; -CSKA Moskwa<\/li>\n<li>od 72&#8242; <strong>Miha Zajc<\/strong> -Fenerbah\u00e7e<\/li>\n<li><strong>Tim Matav\u017e<\/strong> do 89&#8242; -SBV Vitesse<\/li>\n<li>od 89&#8242; <strong>Haris Vu\u010dki\u010d<\/strong> -FC Twente<\/li>\n<\/ul>\n<\/td>\n<\/tr>\n<\/tbody>\n<\/table>\n<p>&nbsp;<\/p>\n<p><div id=\"attachment_12022\" style=\"width: 610px\" class=\"wp-caption aligncenter\"><img loading=\"lazy\" decoding=\"async\" aria-describedby=\"caption-attachment-12022\" class=\"wp-image-12022 size-medium\" src=\"https:\/\/kronika-futbolu.pl\/historia\/wp-content\/uploads\/2022\/02\/8B_polska_slowenia_2019_go_lewego_kadr-600x319.png\" alt=\"Polska S\u0142owenia 2019\" width=\"600\" height=\"319\" srcset=\"https:\/\/kronika-futbolu.pl\/historia\/wp-content\/uploads\/2022\/02\/8B_polska_slowenia_2019_go_lewego_kadr-600x319.png 600w, https:\/\/kronika-futbolu.pl\/historia\/wp-content\/uploads\/2022\/02\/8B_polska_slowenia_2019_go_lewego_kadr.png 710w\" sizes=\"auto, (max-width: 600px) 100vw, 600px\" \/><p id=\"caption-attachment-12022\" class=\"wp-caption-text\">Polska S\u0142owenia 2019. Gol Roberta Lewandowskiego. \u0179r\u00f3d\u0142o: kadr z transmisji<\/p><\/div> <div id=\"attachment_12021\" style=\"width: 524px\" class=\"wp-caption alignleft\"><img loading=\"lazy\" decoding=\"async\" aria-describedby=\"caption-attachment-12021\" class=\"wp-image-12021 size-medium\" src=\"https:\/\/kronika-futbolu.pl\/historia\/wp-content\/uploads\/2022\/02\/8A_polska_slowenia_2019_kadr-514x400.png\" alt=\"Polska S\u0142owenia 2019\" width=\"514\" height=\"400\" \/><p id=\"caption-attachment-12021\" class=\"wp-caption-text\">Polska S\u0142owenia 2019. Ostatni mecz \u0141ukasza Piszczka w Reprezentacji Polski.. \u0179r\u00f3d\u0142o: kadr z transmisji<\/p><\/div><\/p>\n<p>Na zako\u0144czenie eliminacji Mistrzostw Europy Polska zagra\u0142a ze S\u0142oweni\u0105. Ju\u017c przed spotkaniem by\u0142o wiadomo, \u017ce Polacy awansowali na Euro, za\u015b S\u0142owenia nie. By\u0142 to wi\u0119c prawie mecz towarzyski, ale nie oznacza\u0142o to braku emocji i walki o wygran\u0105. Wydarzeniem tego wieczoru by\u0142 ostatni mecz w Reprezentacji Polski \u0141ukasza Piszczka. Swoj\u0105 karier\u0119 reprezentacyjn\u0105 Piszczek rozpocz\u0105\u0142 3 lutego 2007 roku meczem z Estoni\u0105 w Hiszpanii. Rozegra\u0142 \u0142\u0105cznie 66 mecz\u00f3w i strzeli\u0142 3 gole. Zszed\u0142 z boiska w doliczonym czasie II po\u0142owy przy owacji ca\u0142ego stadionu.<\/p>\n<p>Wynik otworzy\u0142 ju\u017c w 3 minucie Sebastian Szyma\u0144ski, pi\u0119knym strza\u0142em zza pola karnego po tym jak pi\u0142ka po rzucie ro\u017cnym zosta\u0142a wybita poza szesnastk\u0119. Rado\u015b\u0107 nie trwa\u0142\u0105 d\u0142ugo bo ju\u017c w 14 minucie wyr\u00f3wna\u0142 Tim Matav\u017e. W 54 minucie \u015bwietn\u0105 akcj\u0119 indywidualn\u0105 przeprowadzi\u0142 Robert Lewandowski- po mini\u0119ciu 3-4 rywali odda\u0142 strza\u0142 z oko\u0142o 10 metra od bramki. Znowu prowadzenie Polak\u00f3w nie trwa\u0142o d\u0142ugo bo w 61 minucie wyr\u00f3wna\u0142 Josip Ili\u010di\u0107. W 81 minucie Lewandowski do\u015brodkowa\u0142 do Grosickiego, a ten poda\u0142 do Jacka G\u00f3ralskiego i by\u0142o 3-2. W dobrym stylu Bia\u0142o-Czerwoni zako\u0144czyli eliminacje.\u00a0<\/p>\n<p>Zadebiutowa\u0142 Kamil J\u00f3\u017awiak , oraz w zespole s\u0142owe\u0144skim Rajko Rep. Czwarta wygrana Polak\u00f3w z rz\u0119du. Robert Lewandowski porpawi\u0142 swoje rekordey reprezentacyjne, zagra\u0142 po raz 112 i zdoby\u0142 61 bramk\u0119.<\/p>\n<h2><span class=\"ez-toc-section\" id=\"7_Mecz_Slowenia_%E2%80%93_Polska_2_0_6_wrzesnia_2019_r\"><\/span><a id=\"mecz7\"><\/a>7. Mecz S\u0142owenia &#8211; Polska 2:0 (6 wrze\u015bnia 2019 r.)<span class=\"ez-toc-section-end\"><\/span><\/h2>\n<ul>\n<li><strong>Data meczu:<\/strong> 06.09.2019<\/li>\n<li><strong>Ranga meczu:<\/strong> Eliminacje Mistrzostw Europy 2020<\/li>\n<li><strong>S\u0119dzia:<\/strong> Sergey Karasyov &#8211; Rosja<\/li>\n<li><strong>Stadion:<\/strong> Stadion Sto\u017eice, Ljubljana<\/li>\n<li><strong>Trener:<\/strong> Jerzy Brz\u0119czek<\/li>\n<\/ul>\n<p><strong>\u26bd Strzelone bramki:<\/strong><\/p>\n<ul>\n<li>Alja\u017e Struna [si] 35&#8242;<\/li>\n<li>Andra\u017e \u0160porar [si] 65&#8242;<\/li>\n<\/ul>\n<p><strong>? Sk\u0142ady:<\/strong><\/p>\n<table style=\"border-collapse: collapse; width: 100%; height: 311px;\">\n<thead>\n<tr style=\"height: 21px;\">\n<th style=\"width: 50%; height: 21px;\">[si] S\u0142owenia:<\/th>\n<th style=\"width: 50%; height: 21px;\">[pl] Polska:<\/th>\n<\/tr>\n<\/thead>\n<tbody>\n<tr style=\"height: 386px;\">\n<td style=\"width: 50%; height: 290px;\">\n<ul>\n<li><strong>Jan Oblak<\/strong> kapitan -Atletico Madryt<\/li>\n<li><strong>Alja\u017e Struna<\/strong> 4&#8242; [ycard] -Houston Dynamo<\/li>\n<li><strong>Miha Mevlja<\/strong> -PFC Soczi<\/li>\n<li><strong>Jure Balkovec<\/strong> -Empoli FC<\/li>\n<li><strong>Petar Stojanovi\u0107<\/strong> 74&#8242; [ycard] -Dinamo Zagrzeb<\/li>\n<li><strong>Josip Ili\u010di\u0107<\/strong> -Atalanta Bergamo<\/li>\n<li><strong>Rene Krhin<\/strong> -FC Nantes<\/li>\n<li><strong>Roman Bezjak<\/strong> -APOEL<\/li>\n<li><strong>Jasmin Kurti\u010d<\/strong> -SPAL<\/li>\n<li><strong>Benjamin Verbi\u010d<\/strong> do 62&#8242; -Dynamo Kij\u00f3w<\/li>\n<li>od 62&#8242; <strong>Domen \u010crnigoj<\/strong> do 90+1&#8242; -FC Lugano<\/li>\n<li>od 90+1&#8242;<strong> Robert Beri\u0107<\/strong> -AS Saint-\u00c9tienne<\/li>\n<li><strong>Andra\u017e \u0160porar<\/strong> do 85&#8242; -Slovan Bratys\u0142awa<\/li>\n<li>od 85&#8242; <strong>Denis Popovi\u0107<\/strong> -FC Z\u00fcrich<\/li>\n<\/ul>\n<\/td>\n<td style=\"width: 50%; height: 290px;\">\n<ul>\n<li><strong>\u0141ukasz Fabia\u0144ski<\/strong> -West Ham United<\/li>\n<li><strong>Micha\u0142 Pazdan<\/strong> -Ankarag\u00fcc\u00fc<\/li>\n<li><strong>Bartosz Bereszy\u0144ski<\/strong> 90+1&#8242; [ycard] -UC Sampdoria<\/li>\n<li><strong>Tomasz K\u0119dziora<\/strong> -Dynamo Kij\u00f3w<\/li>\n<li><strong>Jan Bednarek<\/strong> -Southampton FC<\/li>\n<li><strong>Mateusz Klich<\/strong> 37&#8242; [ycard] do 70&#8242; -Leeds United<\/li>\n<li>od 70&#8242; <strong>Krystian Bielik<\/strong> -Derby County<\/li>\n<li><strong>Grzegorz Krychowiak<\/strong> 81&#8242; [ycard] -Lokomotiv Moskwa<\/li>\n<li><strong>Piotr Zieli\u0144ski<\/strong> -SSC Napoli<\/li>\n<li><strong>Kamil Grosicki<\/strong> do 70&#8242; -Hull City<\/li>\n<li>od 70&#8242; <strong>Jakub B\u0142aszczykowski<\/strong> -Wis\u0142a Krak\u00f3w<\/li>\n<li><strong>Robert Lewandowski<\/strong> kapitan -Bayern Monachium<\/li>\n<li><strong>Krzysztof Pi\u0105tek<\/strong> do 76&#8242; AC Milan<\/li>\n<li>od 76&#8242; <strong>Dawid Kownacki<\/strong> -TSV Fortuna D\u00fcsseldorf<\/li>\n<\/ul>\n<\/td>\n<\/tr>\n<\/tbody>\n<\/table>\n<p>&nbsp;<\/p>\n<p><div id=\"attachment_12013\" style=\"width: 610px\" class=\"wp-caption aligncenter\"><img loading=\"lazy\" decoding=\"async\" aria-describedby=\"caption-attachment-12013\" class=\"wp-image-12013 size-medium\" src=\"https:\/\/kronika-futbolu.pl\/historia\/wp-content\/uploads\/2022\/02\/7A_slowenia_polska_2010_I_gol_kadr-600x319.png\" alt=\"S\u0142owenia-Polska 2019 \" width=\"600\" height=\"319\" srcset=\"https:\/\/kronika-futbolu.pl\/historia\/wp-content\/uploads\/2022\/02\/7A_slowenia_polska_2010_I_gol_kadr-600x319.png 600w, https:\/\/kronika-futbolu.pl\/historia\/wp-content\/uploads\/2022\/02\/7A_slowenia_polska_2010_I_gol_kadr-768x408.png 768w, https:\/\/kronika-futbolu.pl\/historia\/wp-content\/uploads\/2022\/02\/7A_slowenia_polska_2010_I_gol_kadr.png 807w\" sizes=\"auto, (max-width: 600px) 100vw, 600px\" \/><p id=\"caption-attachment-12013\" class=\"wp-caption-text\">S\u0142owenia-Polska 2019 . I gol. \u0179r\u00f3d\u0142o: kadr z transmisji<\/p><\/div> <div id=\"attachment_12014\" style=\"width: 610px\" class=\"wp-caption alignleft\"><img loading=\"lazy\" decoding=\"async\" aria-describedby=\"caption-attachment-12014\" class=\"wp-image-12014 size-medium\" src=\"https:\/\/kronika-futbolu.pl\/historia\/wp-content\/uploads\/2022\/02\/7B_slowenia_polska_2010_II_gol_kadr-600x266.png\" alt=\"S\u0142owenia-Polska 2019\" width=\"600\" height=\"266\" srcset=\"https:\/\/kronika-futbolu.pl\/historia\/wp-content\/uploads\/2022\/02\/7B_slowenia_polska_2010_II_gol_kadr-600x266.png 600w, https:\/\/kronika-futbolu.pl\/historia\/wp-content\/uploads\/2022\/02\/7B_slowenia_polska_2010_II_gol_kadr-768x341.png 768w, https:\/\/kronika-futbolu.pl\/historia\/wp-content\/uploads\/2022\/02\/7B_slowenia_polska_2010_II_gol_kadr.png 879w\" sizes=\"auto, (max-width: 600px) 100vw, 600px\" \/><p id=\"caption-attachment-12014\" class=\"wp-caption-text\">S\u0142owenia-Polska 2019 . I gol. \u0179r\u00f3d\u0142o: kadr z transmisji<\/p><\/div><\/p>\n<p style=\"text-align: justify;\">Po raz drugi w historii Polska znalaz\u0142a si\u0119 w jednej grupie eliminacyjnej ze S\u0142oweni\u0105. Tym razem rywalizacja toczy\u0142a si\u0119 o awans na Mistrzostwa Europy 2020, kt\u00f3re ostatecznie odby\u0142y si\u0119 w 2021 roku. Dla obu dru\u017cyn mecz ten by\u0142 5 w tych eliminacjach, a wi\u0119c po\u0142owa wszystkich zapal nowych gier. Przed pojedynkiem ze S\u0142oweni\u0105, Polacy byli liderami grupy G i to ze znaczn\u0105 przewag\u0105 nad Izraelem (4 punkty, ale jeden mniej rozegrany mecz Bia\u0142o-Czerownych), oraz Austri\u0105, Macedoni\u0105 P\u00f3\u0142nocn\u0105 i S\u0142oweni\u0105, a tak\u017ce maj\u0105ca na swoim koncie 0 punkt\u00f3w \u0141otw\u0105. Mi\u0119dzy drugim Izraelem, a 5 S\u0142oweni\u0105 r\u00f3\u017cnica bramek wynosi\u0142a tylko 3 punkty.<\/p>\n<p style=\"text-align: justify;\">By\u0142 to 5 mecz Polski w 2019 roku i pierwsza pora\u017cka. W Ljubljanie S\u0142owe\u0144cy strzelili nam dwa gole. Najpierw po rzucie ro\u017cnym pi\u0142k\u0119 w polu karnym zdoby\u0142 i pokona\u0142 Fabia\u0144skiego Alja\u017e Struna. W 65 minucie Micha\u0142 Pazdan przegra\u0142 pojedynek biegowy z Andra\u017eem \u0160porarem i S\u0142oweniec znalaz\u0142 si\u0119 prawie sam na sam z polskim bramkarzem i podwy\u017cszy\u0142 wynik. Polskiej dru\u017cynie zabrak\u0142o spokoju i wi\u0119kszej ilo\u015bci dobrych sytuacji do znalezienia drogi do bramki rywali. Zawodzi\u0142o te\u017c rozegranie, oraz obrona.<\/p>\n<p style=\"text-align: justify;\">W Reprezentacji Polski zadebiutowa\u0142 Krystian Bielik. Micha\u0142 Pazdan od tamtej pory ju\u017c nie zagra\u0142 w barwach narodowych, a jego licznik wyst\u0119p\u00f3w zatrzyma\u0142 si\u0119 na 34 meczach (stan na marzec 2022).<\/p>\n<h2><span class=\"ez-toc-section\" id=\"6_Mecz_Polska_%E2%80%93_Slowenia_1_1_14_listopada_2016_r\"><\/span><a id=\"mecz6\"><\/a>6. Mecz Polska &#8211; S\u0142owenia\u00a0 1:1 (14 listopada 2016 r.)<span class=\"ez-toc-section-end\"><\/span><\/h2>\n<ul>\n<li><strong>Data meczu:<\/strong> 14.11.2016<\/li>\n<li><strong>Ranga meczu:<\/strong> Towarzyski<\/li>\n<li><strong>S\u0119dzia:<\/strong> Bj\u00f6rn Kuipers &#8211; Holandia<\/li>\n<li><strong>Stadion:<\/strong> Stadion Miejski, Wroc\u0142aw<\/li>\n<li><strong>Trener:<\/strong> Adam Nawa\u0142ka<\/li>\n<\/ul>\n<p><strong>\u26bd Strzelone bramki:<\/strong><\/p>\n<ul>\n<li>Miha Mevlja [si] 24&#8242;<\/li>\n<li>\u0141ukasz Teodorczyk [pl] 79&#8242;<\/li>\n<\/ul>\n<p><strong>? Sk\u0142ady:<\/strong><\/p>\n<table style=\"border-collapse: collapse; width: 100%; height: 311px;\">\n<thead>\n<tr style=\"height: 21px;\">\n<th style=\"width: 50%; height: 21px;\">[pl] Polska:<\/th>\n<th style=\"width: 50%; height: 21px;\">[si] S\u0142owenia:<\/th>\n<\/tr>\n<\/thead>\n<tbody>\n<tr style=\"height: 386px;\">\n<td style=\"width: 50%; height: 290px;\">\n<ul>\n<li><strong>Artur Boruc<\/strong> do 46&#8242; -AFC Bournemouth<\/li>\n<li>od 46&#8242; <strong>Wojciech Szcz\u0119sny<\/strong> -AS Roma<\/li>\n<li><strong>Bartosz Bereszy\u0144ski<\/strong> -Legia Warszawa<\/li>\n<li><strong>Thiago Cionek<\/strong> -Palermo<\/li>\n<li><strong>Pawe\u0142 Wszo\u0142ek<\/strong> do 66&#8242; -Queens Park Rangers<\/li>\n<li>od 66&#8242; <strong>Jakub B\u0142aszczykowski<\/strong> -VfL Wolfsburg<\/li>\n<li><strong>Artur J\u0119drzejczyk<\/strong> -FC Krasnodar<\/li>\n<li><strong>Micha\u0142 Pazdan<\/strong> 76&#8242; [ycard] -Legia Warszawa<\/li>\n<li><strong>Grzegorz Krychowiak<\/strong> kapitan do 46&#8242; -PSG<\/li>\n<li>od 46&#8242; <strong>Kamil Wilczek<\/strong> -Br\u00f8ndby IF<\/li>\n<li><strong>Krzysztof M\u0105czy\u0144ski<\/strong> do 83&#8242; -Wis\u0142a Krak\u00f3w<\/li>\n<li>od 83&#8242; <strong>Damian D\u0105browski<\/strong> -Cracovia<\/li>\n<li><strong>Jacek G\u00f3ralski<\/strong> do 61&#8242; -Jagiellonia Bia\u0142ystok<\/li>\n<li>od 61&#8242; <strong>Piotr Zieli\u0144ski<\/strong> -SSC Napoli<\/li>\n<li><strong>Bartosz Kapustka<\/strong> do 71&#8242; -Leicester City<\/li>\n<li>od 71&#8242; <strong>Kamil Grosicki<\/strong> -Stade Rennais<\/li>\n<li><strong>\u0141ukasz Teodorczyk<\/strong> -RSC Anderlecht<\/li>\n<\/ul>\n<\/td>\n<td style=\"width: 50%; height: 290px;\">\n<ul>\n<li><strong>Vid Belec<\/strong> do 84&#8242; -Carpi FC<\/li>\n<li>od 84&#8242; <strong>Jan Koprivec<\/strong> -Anorthosis Famagusta<\/li>\n<li><strong>Gregor Siko\u0161ek<\/strong> -FC Koper<\/li>\n<li><strong>Miha Mevlja<\/strong> -FC Rostov<\/li>\n<li><strong>Miral Samard\u017ei\u0107<\/strong> do 46&#8242; -Henan Jianye FC<\/li>\n<li>od 46&#8242; <strong>Antonio Delamea Mlinar<\/strong> -Olimpija Ljubljana<\/li>\n<li><strong>Boban Jovi\u0107<\/strong> -Wis\u0142a Krak\u00f3w<\/li>\n<li><strong>Rene Krhin<\/strong> 70&#8242; [ycard] -Granada CF<\/li>\n<li><strong>Benjamin Verbi\u010d<\/strong> do 65&#8242; -FC Kopenhaga<\/li>\n<li>od 65&#8242; <strong>Aleks Pihler<\/strong> -NK Maribor<\/li>\n<li><strong>Jasmin Kurti\u010d<\/strong> -Atalanta Bergamo<\/li>\n<li><strong>Miha Zajc<\/strong> 30&#8242; [ycard] do 46&#8242; -Olimpija Ljubljana<\/li>\n<li>od 46&#8242; <strong>Rok Kronaveter<\/strong> -Olimpija Ljubljana<\/li>\n<li><strong>Nik Omladi\u010d<\/strong> -BTSV Eintracht<\/li>\n<li><strong>Josip Ili\u010di\u0107<\/strong> kapitan do 53&#8242; -ACF Fiorentina<\/li>\n<li>od 53&#8242; <strong>Andra\u017e \u0160porar<\/strong> -FC Basel<\/li>\n<\/ul>\n<\/td>\n<\/tr>\n<\/tbody>\n<\/table>\n<p>&nbsp;<\/p>\n<p><div id=\"attachment_12008\" style=\"width: 550px\" class=\"wp-caption aligncenter\"><img loading=\"lazy\" decoding=\"async\" aria-describedby=\"caption-attachment-12008\" class=\"wp-image-12008 size-medium\" src=\"https:\/\/kronika-futbolu.pl\/historia\/wp-content\/uploads\/2022\/02\/6A_polska_slowenia_2016_gol_teodorczyka_kadr-540x400.png\" alt=\"Polska-S\u0142owenia 2016\" width=\"540\" height=\"400\" srcset=\"https:\/\/kronika-futbolu.pl\/historia\/wp-content\/uploads\/2022\/02\/6A_polska_slowenia_2016_gol_teodorczyka_kadr-540x400.png 540w, https:\/\/kronika-futbolu.pl\/historia\/wp-content\/uploads\/2022\/02\/6A_polska_slowenia_2016_gol_teodorczyka_kadr.png 656w\" sizes=\"auto, (max-width: 540px) 100vw, 540px\" \/><p id=\"caption-attachment-12008\" class=\"wp-caption-text\">Polska-S\u0142owenia 2016. Gol \u0141ukasza Teodorczyka. \u0179r\u00f3d\u0142o: kadr<\/p><\/div> <div id=\"attachment_12009\" style=\"width: 560px\" class=\"wp-caption alignleft\"><img loading=\"lazy\" decoding=\"async\" aria-describedby=\"caption-attachment-12009\" class=\"wp-image-12009 size-medium\" src=\"https:\/\/kronika-futbolu.pl\/historia\/wp-content\/uploads\/2022\/02\/6B_polska_slowenia_2016_gol_slowenii_kadr-550x400.png\" alt=\"Polska-S\u0142owenia 2016\" width=\"550\" height=\"400\" srcset=\"https:\/\/kronika-futbolu.pl\/historia\/wp-content\/uploads\/2022\/02\/6B_polska_slowenia_2016_gol_slowenii_kadr-550x400.png 550w, https:\/\/kronika-futbolu.pl\/historia\/wp-content\/uploads\/2022\/02\/6B_polska_slowenia_2016_gol_slowenii_kadr.png 644w\" sizes=\"auto, (max-width: 550px) 100vw, 550px\" \/><p id=\"caption-attachment-12009\" class=\"wp-caption-text\">Polska-S\u0142owenia 2016. Gol dla S\u0142owenii. \u0179r\u00f3d\u0142o: kadr z transmisji<\/p><\/div><\/p>\n<p style=\"text-align: justify;\">14 mecz\u00f3w, 7 zwyci\u0119stw, 1 pora\u017cka, oraz 6 remis\u00f3w. W tych spotkaniach 22 bramki strzelone i 10 straconych. To bilans Reprezentacji Polski w 2016 roku. Tym ostatnim spotkaniem, by\u0142 mecz ze S\u0142oweni\u0105 we Wroc\u0142awiu. Rok zosta\u0142 wi\u0119c zako\u0144czony pozytywnie, lecz o wiele wa\u017cniejsze by\u0142y wcze\u015bniejsze gry Polak\u00f3w. Awans do \u0107wier\u0107fina\u0142u Mistrzostw Europy i 10 punkt\u00f3w w 4 pierwszych meczach eliminacji Mistrzostw \u015awiata 2018.<\/p>\n<p style=\"text-align: justify;\">Trzy po spotkaniu z Rumuni\u0105 w walce o mundial podopieczni Adama Nawa\u0142ki rozegrali towarzyskie spotkanie ze S\u0142oweni\u0105. Selekcjoner da\u0142 odpocz\u0105\u0107 tym kt\u00f3rzy przez ostatnie miesi\u0105ce pracowali w kadrze najwi\u0119cej m.in.: Robertowi Lewandowskiemu. W pierwszym sk\u0142adzie we Wroc\u0142awiu wysz\u0142o tylko 3 zawodnik\u00f3w, kt\u00f3rzy wyst\u0105pili w rywalizacji z Rumuni\u0105.\u00a0<\/p>\n<p style=\"text-align: justify;\">Pierwsz\u0105 bramk\u0119 zdoby\u0142 Miha Mevlja w 24 minucie, wykorzysta\u0142 wrzutk\u0119 w pole karne z rzutu wolnego i zaskoczy\u0142 Artura Boruca. Wyr\u00f3wna\u0142 w 72 minucie \u0141ukasz Teodorczyk po podaniu Kuby B\u0142aszczykowskiego. W polskim zespole zadebiutowali: Damian D\u0105browski (do marca 2022 ju\u017c nie zagra\u0142 w kadrze), oraz Jacek G\u00f3ralski. W dru\u017cynie s\u0142oew\u0144skie debiut zaliczyli: Jan Koprivec, Gregor Siko\u0161ek, Aleks Pihler, Antonio Delamea Mlinar. Trzech pierwszych podobnie jak D\u0105browski ju\u017c oficjalnie w reprezentacji nie zagrali (przynajmniej na stan z marca 2022). R\u00f3wnie\u017c po raz ostatni w dru\u017cynie narodowej wyst\u0105pili (stan: marzec 2022): Boban Jovi\u0107 (\u0142\u0105cznie 4 mecze), Rok Kronaveter (\u0142\u0105czeni 4 mecze i 1 gol), Bartosz Kapustka (\u0142\u0105cznie 14 mecz\u00f3w i 3 gole).<\/p>\n<h2><span class=\"ez-toc-section\" id=\"5_Mecz_Slowenia_%E2%80%93_Polska_3_0_9_wrzesnia_2009_r\"><\/span><a id=\"mecz5\"><\/a>5. Mecz S\u0142owenia &#8211; Polska 3:0 (9 wrze\u015bnia 2009 r.)<span class=\"ez-toc-section-end\"><\/span><\/h2>\n<ul>\n<li><strong>Data meczu:<\/strong> 09.09.2009<\/li>\n<li><strong>Ranga meczu:<\/strong> Eliminacje Mistrzostw \u015awiata 2010<\/li>\n<li><strong>S\u0119dzia:<\/strong> William Collum &#8211; Szkocja<\/li>\n<li><strong>Stadion:<\/strong> Stadion Ljudski Vrt, Maribor<\/li>\n<li><strong>Trener:<\/strong> Leo Beenhakker<\/li>\n<\/ul>\n<p><strong>\u26bd Strzelone bramki:<\/strong><\/p>\n<ul>\n<li>Zlatko Dedi\u0107 [si] 13&#8242;<\/li>\n<li>Milivoje Novakovi\u0107 [si] 44&#8242;<\/li>\n<li>Valter Birsa [si] 62&#8242;<\/li>\n<\/ul>\n<p><strong>? Sk\u0142ady:<\/strong><\/p>\n<table style=\"border-collapse: collapse; width: 100%; height: 311px;\">\n<thead>\n<tr style=\"height: 21px;\">\n<th style=\"width: 50%; height: 21px;\">[si] S\u0142owenia:<\/th>\n<th style=\"width: 50%; height: 21px;\">[pl] Polska:<\/th>\n<\/tr>\n<\/thead>\n<tbody>\n<tr style=\"height: 386px;\">\n<td style=\"width: 50%; height: 290px;\">\n<ul>\n<li><strong>Samir Handanovi\u0107<\/strong> -Udinese Calcio<\/li>\n<li><strong>Mi\u0161o Bre\u010dko<\/strong> 39&#8242; [ycard] -1. FC K\u00f6ln<\/li>\n<li><strong>Marko \u0160uler<\/strong> -KAA Gent<\/li>\n<li><strong>Matej Mavri\u010d<\/strong> -TuS Koblenz<\/li>\n<li><strong>Robert Koren<\/strong> kapitan -West Bromwich Albion<\/li>\n<li><strong>Valter Birsa<\/strong> do 71&#8242; -AJ Auxerre<\/li>\n<li>od 71&#8242; <strong>Andrej Komac<\/strong> -Maccabi Tel Awiw<\/li>\n<li><strong>Milivoje Novakovi\u0107<\/strong> -1. FC K\u00f6ln<\/li>\n<li><strong>Bojan Joki\u0107<\/strong> -FC Sochaux<\/li>\n<li><strong>Zlatko Dedi\u0107<\/strong> 9&#8242; [ycard] do 58&#8242; -VfL Bochum<\/li>\n<li>od 58&#8242; <strong>Zlatan Ljubijanki\u010d<\/strong> -KAA Gent<\/li>\n<li><strong>Andra\u017e Kirm<\/strong> -Wis\u0142a Krak\u00f3w<\/li>\n<li><strong>Aleksandar Radosavljevi\u0107<\/strong> do 89&#8242; -Tom Tomsk<\/li>\n<li>od 89&#8242; <strong>Nejc Pe\u010dnik<\/strong> -CD Nacional<\/li>\n<\/ul>\n<\/td>\n<td style=\"width: 50%; height: 290px;\">\n<ul>\n<li><strong>Artur Boruc<\/strong> -Celtic FC<\/li>\n<li><strong>Micha\u0142 \u017bew\u0142akow<\/strong> kapitan -Olympiakos Pireus<\/li>\n<li><strong>Bartosz Bosacki<\/strong> -Lech Pozna\u0144<\/li>\n<li><strong>Dariusz Dudka<\/strong> -AJ Auxerre<\/li>\n<li><strong>Seweryn Gancarczyk<\/strong> do 61&#8242; -Lech Pozna\u0144<\/li>\n<li>od 61&#8242; <strong>Euzebiusz Smolarek<\/strong> -bez klubu<\/li>\n<li><strong>Jakub B\u0142aszczykowski<\/strong> 39&#8242; [ycard] -Borussia Dortmund<\/li>\n<li><strong>Mariusz Lewandowski<\/strong> -Szachtar Donieck<\/li>\n<li><strong>Roger Guerreiro<\/strong> -AEK<\/li>\n<li><strong>Ludovic Obraniak<\/strong> 45&#8242; [ycard] do 46&#8242; -LOSC Lille<\/li>\n<li>od 46&#8242; <strong>Wojciech \u0141obodzi\u0144ski<\/strong> -Wis\u0142a Krak\u00f3w<\/li>\n<li><strong>Jacek Krzyn\u00f3wek<\/strong> -SV Hannover 96<\/li>\n<li><strong>Pawe\u0142 Bro\u017cek<\/strong> do 61&#8242; -Wis\u0142a Krak\u00f3w<\/li>\n<li>od 61&#8242; <strong>Robert Lewandowski<\/strong> -KKS Lech Pozna\u0144<\/li>\n<\/ul>\n<\/td>\n<\/tr>\n<\/tbody>\n<\/table>\n<p>&nbsp;<\/p>\n<p><div id=\"attachment_12002\" style=\"width: 611px\" class=\"wp-caption aligncenter\"><img loading=\"lazy\" decoding=\"async\" aria-describedby=\"caption-attachment-12002\" class=\"wp-image-12002 size-full\" src=\"https:\/\/kronika-futbolu.pl\/historia\/wp-content\/uploads\/2022\/02\/5A_slowenia_polska_2009_1_gol_kadr.png\" alt=\"S\u0142owenia - Polska 2009\" width=\"601\" height=\"357\" \/><p id=\"caption-attachment-12002\" class=\"wp-caption-text\">S\u0142owenia &#8211; Polska 2009. Pierwszy gol. \u0179r\u00f3d\u0142o: kadr z transmisji.<\/p><\/div> <div id=\"attachment_12003\" style=\"width: 610px\" class=\"wp-caption alignleft\"><img loading=\"lazy\" decoding=\"async\" aria-describedby=\"caption-attachment-12003\" class=\"wp-image-12003 size-medium\" src=\"https:\/\/kronika-futbolu.pl\/historia\/wp-content\/uploads\/2022\/02\/5B_slowenia_polska_2009_2_gol_kadr-600x384.png\" alt=\"S\u0142owenia - Polska 2009\" width=\"600\" height=\"384\" srcset=\"https:\/\/kronika-futbolu.pl\/historia\/wp-content\/uploads\/2022\/02\/5B_slowenia_polska_2009_2_gol_kadr-600x384.png 600w, https:\/\/kronika-futbolu.pl\/historia\/wp-content\/uploads\/2022\/02\/5B_slowenia_polska_2009_2_gol_kadr.png 657w\" sizes=\"auto, (max-width: 600px) 100vw, 600px\" \/><p id=\"caption-attachment-12003\" class=\"wp-caption-text\">S\u0142owenia &#8211; Polska 2009. Pierwszy gol. \u0179r\u00f3d\u0142o: kadr z transmisji.<\/p><\/div><\/p>\n<p style=\"text-align: justify;\">Fatalny mecz w wykonaniu Reprezentacji Polski, kt\u00f3ry pogr\u0105\u017cy\u0142 selekcjonera Leo Beenhakkera i ju\u017c wi\u0119cej nie poprowadzi\u0142 polskiej dru\u017cyny. Zosta\u0142 zwolniony natychmiastowo przez \u00f3wczesnego Prezesa PZPN Grzegorza Lat\u0119 w wywiadzie telewizyjnym udzielony jeszcze na stadionie tu\u017c po ostatnim gwizdku s\u0119dziego. Brak awansu na Mistrzostwa \u015awiata 2010 z grupy, kt\u00f3ra po losowaniu eliminacji wydawa\u0142a si\u0119 spokojnie do przej\u015bcia przez Bia\u0142o-Czerwonych, oraz poziom gry dalece odbiegaj\u0105cy od tego co kibice widzieli jeszcze kilkana\u015bcie miesi\u0119cy temu, stworzy\u0142 wok\u00f3\u0142 kadry nieprzyjemn\u0105 atmosfer\u0119.<\/p>\n<p style=\"text-align: justify;\">Trzy bramki\u00a0 pad\u0142y po akcjach \u00a0S\u0142owe\u0144c\u00f3w, przy zerowej reakcji polskiej obrony. Polsk\u0105 dru\u017cyn\u0119 opu\u015bci\u0142a energia, wola walki i wygrywania. Ju\u017c po I po\u0142owie by\u0142o 2-0. Bramki strzelili Dedi\u0107\u00a0 i Novakovi\u0107. W 62 minucie wynik ustali\u0142 Birsa. Przy drugim i trzecim golu asystowa\u0142 zawodnik Wis\u0142y Krak\u00f3w Andra\u017e Kirm. W 34 minucie Roger \u015bwietnie zagra\u0142 prostopadle do Paw\u0142a Bro\u017cka, lecz ten nie wykorzysta\u0142 okazji sam na sam z bramkarzem. Podobnie Ebi Smolarek, maj\u0105c mn\u00f3stwo czasu, przestrzeni i tylko Handanovicia nie zdo\u0142a\u0142 zdoby\u0107 gola w ko\u0144c\u00f3wce spotkania.<\/p>\n<p style=\"text-align: justify;\">Po raz ostatni w Reprezentacji Polski zagrali:<\/p>\n<p style=\"text-align: justify;\">Bartosz Boascki\u00a0 \u2014 \u0142\u0105cznie 20 mecz\u00f3w i 2 gole i oba na Mistrzostwach \u015awiata\u00a0<br \/>\nWojciech \u0141obodzi\u0144ski \u2014 \u0142\u0105cznie 23 mecze i 2 gole<br \/>\nJacek Krzyn\u00f3wek \u2014 \u0142\u0105cznie 96 mecz\u00f3w i 15 goli<\/p>\n<h2><span class=\"ez-toc-section\" id=\"4_Mecz_Polska_%E2%80%93_Slowenia_1_1_6_wrzesnia_2008_r\"><\/span><a id=\"mecz4\"><\/a>4. Mecz Polska &#8211; S\u0142owenia 1:1 (6 wrze\u015bnia 2008 r.)<span class=\"ez-toc-section-end\"><\/span><\/h2>\n<ul>\n<li><strong>Data meczu:<\/strong> 06.09.2008<\/li>\n<li><strong>Ranga meczu:<\/strong> Eliminacje Mistrzostw \u015awiata 2010<\/li>\n<li><strong>S\u0119dzia:<\/strong> Kristinn Jakobsson &#8211; Islandia<\/li>\n<li><strong>Stadion:<\/strong> Stadion Oporowska, Wroc\u0142aw<\/li>\n<li><strong>Trener:<\/strong> Leo Beenhakker<\/li>\n<\/ul>\n<p><strong>\u26bd Strzelone bramki:<\/strong><\/p>\n<ul>\n<li>Micha\u0142 \u017bew\u0142akow [pl] 17&#8242;- karny<\/li>\n<li>Zlatko Dedi\u0107 [si] 35&#8242;<\/li>\n<\/ul>\n<p><strong>? Sk\u0142ady:<\/strong><\/p>\n<table style=\"border-collapse: collapse; width: 100%; height: 311px;\">\n<thead>\n<tr style=\"height: 21px;\">\n<th style=\"width: 50%; height: 21px;\">[pl] Polska:<\/th>\n<th style=\"width: 50%; height: 21px;\">[si] S\u0142owenia:<\/th>\n<\/tr>\n<\/thead>\n<tbody>\n<tr style=\"height: 386px;\">\n<td style=\"width: 50%; height: 290px;\">\n<ul>\n<li><strong>\u0141ukasz Fabia\u0144ski<\/strong> -Arsenal FC<\/li>\n<li><strong>Marcin Wasilewski<\/strong> -RSC Anderlecht<\/li>\n<li><strong>Bartosz Bosacki<\/strong> do 51&#8242; -Lech Pozna\u0144<\/li>\n<li>od 51&#8242; <strong>Mariusz Jop<\/strong> -FC Moskwa<\/li>\n<li><strong>Micha\u0142 \u017bew\u0142akow<\/strong> kapitan -Olympiakos Pireus<\/li>\n<li><strong>Marcin Kowalczyk<\/strong> 67&#8242; [ycard] -Dinamo moskwa<\/li>\n<li><strong>Jakub B\u0142aszczykowski<\/strong> -Borussia Dortmund<\/li>\n<li><strong>Mariusz Lewandowski<\/strong> -Szachtar Donieck<\/li>\n<li><strong>Rafa\u0142 Murawski<\/strong> do 46&#8242; -Lech Pozna\u0144<\/li>\n<li>od 46&#8242; <strong>Tomasz Bandrowski<\/strong> -Lech Pozna\u0144<\/li>\n<li><strong>Roger Guerreiro<\/strong> do 73&#8242; -Legia Warszawa<\/li>\n<li>od 73&#8242; <strong>Marek Saganowski<\/strong> 81&#8242; [ycard] -AaB Aalborg<\/li>\n<li><strong>Jacek Krzyn\u00f3wek<\/strong> -VfL Wolfsburg<\/li>\n<li><strong>\u0141ukasz Piszczek<\/strong> -Hertha Berlin<\/li>\n<\/ul>\n<\/td>\n<td style=\"width: 50%; height: 290px;\">\n<ul>\n<li><strong>Samir Handanovi\u0107<\/strong> -Udinese Calcio<\/li>\n<li><strong>Mi\u0161o Bre\u010dko<\/strong> 77&#8242; [ycard] -1. FC K\u00f6ln<\/li>\n<li><strong>Andrej Komac<\/strong> 57&#8242; [ycard] do 85&#8242; -Djurg\u00e5rdens IF<\/li>\n<li>od 85&#8242; <strong>Anton \u017dlogar<\/strong> -AC Omonoia Strovolos<\/li>\n<li><strong>Marko \u0160uler<\/strong> -KAA Gent<\/li>\n<li><strong>Bo\u0161tjan Cesar<\/strong> -Olympique de Marsylia<\/li>\n<li><strong>Branko Ili\u010d<\/strong> -Real Betis<\/li>\n<li><strong>Mirnes \u0160i\u0161i\u0107<\/strong> -Olympiakos Pireus<\/li>\n<li><strong>Robert Koren<\/strong> kapitan 16&#8242; [ycard] -West Bromwich Albion<\/li>\n<li><strong>Milivoje Novakovi\u0107<\/strong> -1. FC K\u00f6ln<\/li>\n<li><strong>Zlatko Dedi\u0107<\/strong> 11&#8242; [ycard] do 89&#8242; -Frosinone Calcio<\/li>\n<li>od 89&#8242; <strong>Darijan Mati\u0107<\/strong> -NK Interblock<\/li>\n<li><strong>Andra\u017e Kirm<\/strong> do 70&#8242; -NK Dom\u017eale<\/li>\n<li>od 70&#8242; <strong>Valter Birsa<\/strong> -FC Sochaux<\/li>\n<\/ul>\n<\/td>\n<\/tr>\n<\/tbody>\n<\/table>\n<p>&nbsp;<\/p>\n<p><div id=\"attachment_11996\" style=\"width: 610px\" class=\"wp-caption aligncenter\"><img loading=\"lazy\" decoding=\"async\" aria-describedby=\"caption-attachment-11996\" class=\"wp-image-11996 size-medium\" src=\"https:\/\/kronika-futbolu.pl\/historia\/wp-content\/uploads\/2022\/02\/4A_polska_slowenia_2008_gol_1_kadr-600x381.png\" alt=\"Polska-S\u0142owenia 2008\" width=\"600\" height=\"381\" srcset=\"https:\/\/kronika-futbolu.pl\/historia\/wp-content\/uploads\/2022\/02\/4A_polska_slowenia_2008_gol_1_kadr-600x381.png 600w, https:\/\/kronika-futbolu.pl\/historia\/wp-content\/uploads\/2022\/02\/4A_polska_slowenia_2008_gol_1_kadr.png 649w\" sizes=\"auto, (max-width: 600px) 100vw, 600px\" \/><p id=\"caption-attachment-11996\" class=\"wp-caption-text\">Polska-S\u0142owenia 2008. Gol nr 1. \u0179r\u00f3d\u0142o: kadr z transmisji<\/p><\/div> <div id=\"attachment_11997\" style=\"width: 610px\" class=\"wp-caption alignleft\"><img loading=\"lazy\" decoding=\"async\" aria-describedby=\"caption-attachment-11997\" class=\"wp-image-11997 size-medium\" src=\"https:\/\/kronika-futbolu.pl\/historia\/wp-content\/uploads\/2022\/02\/4B_polska_slowenia_2008_gol_2_kadr-600x397.png\" alt=\"Polska-S\u0142owenia 2008\" width=\"600\" height=\"397\" srcset=\"https:\/\/kronika-futbolu.pl\/historia\/wp-content\/uploads\/2022\/02\/4B_polska_slowenia_2008_gol_2_kadr-600x397.png 600w, https:\/\/kronika-futbolu.pl\/historia\/wp-content\/uploads\/2022\/02\/4B_polska_slowenia_2008_gol_2_kadr-300x200.png 300w, https:\/\/kronika-futbolu.pl\/historia\/wp-content\/uploads\/2022\/02\/4B_polska_slowenia_2008_gol_2_kadr.png 642w\" sizes=\"auto, (max-width: 600px) 100vw, 600px\" \/><p id=\"caption-attachment-11997\" class=\"wp-caption-text\">Polska-S\u0142owenia 2008. Gol nr 2. \u0179r\u00f3d\u0142o: kadr z transmisji<\/p><\/div><\/p>\n<p style=\"text-align: justify;\">We wrze\u015bniu 2008 roku rozpocz\u0119\u0142y si\u0119 eliminacje Mistrzostw \u015awiata 2010 roku. Reprezentacja Polski by\u0142a po wyst\u0119pie na Mistrzostwach Europy 2008. Na stanowisku selekcjonera pozosta\u0142 Leo Beenhakker, co jak si\u0119 okaza\u0142o nieco, rok p\u00f3\u017aniej by\u0142o b\u0142\u0119dem. W sierpniu Polacy zagrali jeszcze towarzyski mecz z Ukrain\u0105, w kt\u00f3rym przegrali 0-1. Spotkanie ze S\u0142oweni\u0105 by\u0142o 6 z rz\u0119du bez wygranej. Na szcz\u0119\u015bcie w kolejnym meczu by\u0142a wygrana z San Marino&#8230; S\u0142owenia na Euro nie gra\u0142a i pojedynek z Polsk\u0105, by\u0142 tej dru\u017cyny 5 w 2008 roku, 3 pora\u017cki i wygrana.<\/p>\n<p style=\"text-align: justify;\">By\u0142 to pierwszy i jak dot\u0105d ostatni mecz Polski na stadionie przy ulicy Oporowskiej we Wroc\u0142awiu. Pierwszy bramk\u0119 zdoby\u0142 z rzutu karnego Micha\u0142 \u017bew\u0142akow w 17 minucie. Wyr\u00f3wna\u0142 Zlatko Dedi\u0107 w 35 minucie. \u017bew\u0142akow zdoby\u0142 swoj\u0105 3 bramk\u0119 i ostatni\u0105 w wyst\u0119pach reprezentacji. Dedi\u0107 strzeli\u0142 swojego pierwszego gola dla S\u0142owenii. W tym meczu zadebiutowa\u0142 Tomasz Bandrowski.<\/p>\n<h2><span class=\"ez-toc-section\" id=\"3_Mecz_Polska_%E2%80%93_Slowenia_2_0_18_lutego_2004_r\"><\/span><a id=\"mecz3\"><\/a>3. Mecz Polska &#8211; S\u0142owenia 2:0 (18 lutego 2004 r.)<span class=\"ez-toc-section-end\"><\/span><\/h2>\n<ul>\n<li><strong>Data meczu:<\/strong> 18.02.2004<\/li>\n<li><strong>Ranga meczu:<\/strong> Towarzyski<\/li>\n<li><strong>S\u0119dzia:<\/strong> Francisco L\u00f3pez Barea &#8211; Hiszpania<\/li>\n<li><strong>Stadion:<\/strong> Estadio Municipal Bah\u00eda Sur, San Fernando<\/li>\n<li><strong>Trener: <\/strong>Pawe\u0142 Janas<\/li>\n<\/ul>\n<p><strong>\u26bd Strzelone bramki:<\/strong><\/p>\n<ul>\n<li>Sebastian Mila [pl] 23&#8242;<\/li>\n<li>Andrzej Niedzielan [pl] 64&#8242;<\/li>\n<\/ul>\n<p><strong>? Sk\u0142ady:<\/strong><\/p>\n<table style=\"border-collapse: collapse; width: 100%; height: 311px;\">\n<thead>\n<tr style=\"height: 21px;\">\n<th style=\"width: 50%; height: 21px;\">[pl] Polska:<\/th>\n<th style=\"width: 50%; height: 21px;\">[si] S\u0142owenia:<\/th>\n<\/tr>\n<\/thead>\n<tbody>\n<tr style=\"height: 386px;\">\n<td style=\"width: 50%; height: 290px;\">\n<ul>\n<li><strong>Jerzy Dudek<\/strong> -Liverpool FC<\/li>\n<li><strong>Tomasz Rz\u0105sa<\/strong> do 54&#8242; -Partyzant Belgrad<\/li>\n<li>od 54&#8242; <strong>Marcin Baszczy\u0144ski<\/strong> -Wis\u0142a Krak\u00f3w<\/li>\n<li><strong>Tomasz K\u0142os<\/strong> -Wis\u0142a Krak\u00f3w<\/li>\n<li><strong>Jacek B\u0105k<\/strong> kapitan do 46&#8242; -RC Lens<\/li>\n<li>od 46&#8242; <strong>Tomasz Hajto<\/strong> -Schalke 04 Gelsenkirchen<\/li>\n<li><strong>Micha\u0142 \u017bew\u0142akow<\/strong> -RSC Anderlecht<\/li>\n<li><strong>Kamil Kosowski<\/strong> do 16&#8242; -1. FC Kaiserslautern<\/li>\n<li>od 16&#8242;<strong> Sebastian Mila<\/strong> -Dyskobolia Grodzisk Wielkopolski<\/li>\n<li><strong>Damian Gorawski<\/strong> do 68&#8242; -Wis\u0142a Krak\u00f3w<\/li>\n<li>od 68&#8242; <strong>Marek Zie\u0144czuk<\/strong> -Amica Wronki<\/li>\n<li><strong>Mariusz Lewandowski<\/strong> do 89&#8242; -Szachtar Donieck<\/li>\n<li>od 89&#8242; <strong>Marcin Burkhardt<\/strong> -Amica Wronki<\/li>\n<li><strong>Mariusz Kukie\u0142ka<\/strong> -Wis\u0142a Krak\u00f3w<\/li>\n<li><strong>Grzegorz Rasiak<\/strong> 74&#8242; [ycard] -Dyskobolia Grodzisk Wielkopolski<\/li>\n<li><strong>Maciej \u017burawski<\/strong> do 46&#8242; -Wis\u0142a Krak\u00f3w<\/li>\n<li>od 46&#8242; <strong>Andrzej Niedzielan<\/strong> -NEC Nijmegen<\/li>\n<\/ul>\n<\/td>\n<td style=\"width: 50%; height: 290px;\">\n<ul>\n<li><strong>Marko Simeunovi\u010d<\/strong> do 65&#8242; -AU Olympiakos Lefkosias<\/li>\n<li>od 65&#8242; <strong>Borut Mavri\u010d<\/strong> -Olimpija Ljubljana<\/li>\n<li><strong>Amir Kari\u0107<\/strong> do 65&#8242; -Torpedo Moskwa<\/li>\n<li>od 65&#8242; <strong>Ale\u0161 Kokot<\/strong> -ND Gorica<\/li>\n<li><strong>Bo\u0161tjan Cesar<\/strong> 71&#8242; [ycard] -Dinamo Zagrzeb<\/li>\n<li><strong>Aleksander Knavs<\/strong> do 60&#8242; -1. FC Kaiserslautern<\/li>\n<li>od 60&#8242; <strong>Fabijan Cipot<\/strong> -Al-Arabi<\/li>\n<li><strong>Goran \u0160ukalo<\/strong> do 75&#8242; -SpVgg Unterhaching<\/li>\n<li>od 75&#8242; <strong>Ermin Rakovi\u010d<\/strong> -NK Mura<\/li>\n<li><strong>Nastja \u010ceh<\/strong> do 90&#8242; -Club Brugge<\/li>\n<li>od 90&#8242; <strong>Suad Filekovi\u0107<\/strong> -Hajduk Split<\/li>\n<li><strong>Ermin \u0160iljak<\/strong> -Dalian Shide<\/li>\n<li><strong>Zlatko Zahovi\u010d<\/strong> do 65&#8242; -Benfica Lizbona<\/li>\n<li>od 65&#8242; <strong>Robert Koren<\/strong> -Publikum Celje<\/li>\n<li><strong>Miran Pavlin<\/strong> kapitan -AU Olympiakos Lefkosias<\/li>\n<li><strong>Milenko A\u010dimovi\u010d<\/strong> do 46&#8242; -LOSC Lille<\/li>\n<li>od 46&#8242;<strong> Adem Kapi\u010d<\/strong> -Ferencv\u00e1rosi<\/li>\n<li><strong>Muamer Vugdali\u0107<\/strong> -NK Dom\u017eale<\/li>\n<\/ul>\n<\/td>\n<\/tr>\n<\/tbody>\n<\/table>\n<p>&nbsp;<\/p>\n<p><div id=\"attachment_11990\" style=\"width: 571px\" class=\"wp-caption aligncenter\"><img loading=\"lazy\" decoding=\"async\" aria-describedby=\"caption-attachment-11990\" class=\"wp-image-11990 size-medium\" src=\"https:\/\/kronika-futbolu.pl\/historia\/wp-content\/uploads\/2022\/02\/3A_polska_slowenia_2004_mila_po_golu_kadr-561x400.png\" alt=\"Polska-S\u0142owenia 2004\" width=\"561\" height=\"400\" srcset=\"https:\/\/kronika-futbolu.pl\/historia\/wp-content\/uploads\/2022\/02\/3A_polska_slowenia_2004_mila_po_golu_kadr-561x400.png 561w, https:\/\/kronika-futbolu.pl\/historia\/wp-content\/uploads\/2022\/02\/3A_polska_slowenia_2004_mila_po_golu_kadr.png 637w\" sizes=\"auto, (max-width: 561px) 100vw, 561px\" \/><p id=\"caption-attachment-11990\" class=\"wp-caption-text\">Polska-S\u0142owenia 2004. Mila po golu. \u0179r\u00f3d\u0142o: Kadr<\/p><\/div> <div id=\"attachment_11991\" style=\"width: 543px\" class=\"wp-caption alignleft\"><img loading=\"lazy\" decoding=\"async\" aria-describedby=\"caption-attachment-11991\" class=\"wp-image-11991 size-medium\" src=\"https:\/\/kronika-futbolu.pl\/historia\/wp-content\/uploads\/2022\/02\/3B_polska_slowenia_2004_kibice_kadr-533x400.png\" alt=\"Polska-S\u0142owenia 2004\" width=\"533\" height=\"400\" srcset=\"https:\/\/kronika-futbolu.pl\/historia\/wp-content\/uploads\/2022\/02\/3B_polska_slowenia_2004_kibice_kadr-533x400.png 533w, https:\/\/kronika-futbolu.pl\/historia\/wp-content\/uploads\/2022\/02\/3B_polska_slowenia_2004_kibice_kadr.png 645w\" sizes=\"auto, (max-width: 533px) 100vw, 533px\" \/><p id=\"caption-attachment-11991\" class=\"wp-caption-text\">Polska-S\u0142owenia 2004. \u0179r\u00f3d\u0142o: Kadr<\/p><\/div><\/p>\n<p style=\"text-align: justify;\">Mimo \u017ce pod koniec 2003 roku Polska nie uzyska\u0142a awansu na Mistrzostwa Europy w Portugalii to na pocz\u0105tku w\u0142a\u015bnie 2004 roku, Bia\u0142o-Czerwoni zanotowali 6 wygran\u0105 z rz\u0119du, a ta seria zako\u0144czy\u0142a si\u0119 ostatecznie na 7 meczach. Przed spotkaniem ze S\u0142oweni\u0105, Polacy m.in.: pokonali w meczu towarzyskim W\u0142och\u00f3w. Pora\u017cka z Polsk\u0105, by\u0142a dla S\u0142owenii 5 meczem z rz\u0119du bez wygranej i ten licznik zatrzyma\u0142 si\u0119 dopiero na liczbie 8.<\/p>\n<p style=\"text-align: justify;\">W lutym 2004 roku Polska mia\u0142a zaplanowane 2 mecze towarzyskie w Hiszpanii. Ze S\u0142oweni\u0105, oraz z Wyspami Owczymi. Oba by\u0142y wygrane i da\u0142y dobre nadzieje na kolejne miesi\u0105ce. Bramki S\u0142owenii strzelili: Andrzej Niedzielan, oraz Sebastian Mila. Jeszcze kilka miesi\u0119cy wcze\u015bniej pi\u0142karze jednego klubu: Groclinu Dyskoboli Grodzisk Wielkopolski. Niedzielan w zimowym oknie przeni\u00f3s\u0142 si\u0119 do holenderskiego NEC Nijmegen.<\/p>\n<p style=\"text-align: justify;\">Tego dnia zadebiutowa\u0142o dw\u00f3ch zawodnik\u00f3w: Borut Mavri\u010d i Ale\u0161 Kokot.<\/p>\n<p>&nbsp;<\/p>\n<h2><span class=\"ez-toc-section\" id=\"2_Mecz_Polska_%E2%80%93_Slowenia_2_0_25_marca_1998_r\"><\/span><a id=\"mecz2\"><\/a>2. Mecz Polska &#8211; S\u0142owenia 2:0 (25 marca 1998 r.)<span class=\"ez-toc-section-end\"><\/span><\/h2>\n<ul>\n<li><strong>Data meczu:<\/strong> 25.03.1998<\/li>\n<li><strong>Ranga meczu:<\/strong> Towarzyski<\/li>\n<li><strong>S\u0119dzia:<\/strong> Vasyl Melnychuk &#8211; Ukraina\u00a0<\/li>\n<li><strong>Stadion:<\/strong> Stadion Wojska Polskiego imienia Marsza\u0142ka J\u00f3zefa Pi\u0142sudskiego, Warszawa<\/li>\n<li><strong>Trener:<\/strong> Janusz W\u00f3jcik<\/li>\n<\/ul>\n<p><strong>\u26bd Strzelone bramki:<\/strong><\/p>\n<ul>\n<li>Wojciech Kowalczyk\u00a0 [pl] 37&#8242;<\/li>\n<li>Tomasz Iwan [pl] 55&#8242;<\/li>\n<\/ul>\n<p><strong>? Sk\u0142ady:<\/strong><\/p>\n<table style=\"border-collapse: collapse; width: 100%; height: 311px;\">\n<thead>\n<tr style=\"height: 21px;\">\n<th style=\"width: 50%; height: 21px;\">[pl] Polska:<\/th>\n<th style=\"width: 50%; height: 21px;\">[si] S\u0142owenia:<\/th>\n<\/tr>\n<\/thead>\n<tbody>\n<tr style=\"height: 386px;\">\n<td style=\"width: 50%; height: 290px;\">\n<ul>\n<li><strong>Adam Matysek<\/strong> -FC G\u00fctersloh<\/li>\n<li><strong>Tomasz Hajto<\/strong> 3&#8242; [ycard] do 74&#8242; -MSV Duisburg<\/li>\n<li>od 74&#8242; <strong>Rados\u0142aw Ka\u0142u\u017cny<\/strong> -Wis\u0142a Krak\u00f3w<\/li>\n<li><strong>Jacek Zieli\u0144ski<\/strong> -Legia Warszawa<\/li>\n<li><strong>Tomasz Wa\u0142doch<\/strong> do 85&#8242; -VfL Bochum<\/li>\n<li>od 85&#8242; <strong>Tomasz K\u0142os<\/strong> -\u0141KS \u0141\u00f3d\u017a<\/li>\n<li><strong>Krzysztof Ratajczyk<\/strong> -Rapid Wiede\u0144<\/li>\n<li><strong>Tomasz Iwan<\/strong> -PSV Eindhoven<\/li>\n<li><strong>Jerzy Brz\u0119czek<\/strong> kapitan -Linzer ASK<\/li>\n<li><strong>S\u0142awomir Majak<\/strong> do 81&#8242; -Hansa Rostock<\/li>\n<li>od 81&#8242;<strong> Piotr \u015awierczewski<\/strong> -SC Bastia<\/li>\n<li><strong>Marek Ko\u017ami\u0144ski<\/strong> 41&#8242; [ycard] do 54&#8242; -Brescia Calcio<\/li>\n<li>od 54&#8242; <strong>Adam Ledwo\u0144<\/strong> -Bayer 04 Leverkusen<\/li>\n<li><strong>Marek Saganowski<\/strong> do 61&#8242; -\u0141KS \u0141\u00f3d\u017a<\/li>\n<li>od 61&#8242; <strong>Grzegorz Mielcarski<\/strong> -FC Porto<\/li>\n<li><strong>Wojciech Kowalczyk<\/strong> do 70&#8242; -UD Las Palmas<\/li>\n<li>od 70&#8242; <strong>Andrzej Juskowiak<\/strong> -Borussia M\u00f6nchengladbach<\/li>\n<\/ul>\n<\/td>\n<td style=\"width: 50%; height: 290px;\">\n<ul>\n<li><strong>Marko Simeunovi\u010d<\/strong> do 46&#8242; -\u015eekerspor<\/li>\n<li>od 46&#8242; <strong>Bo\u0161ko Bo\u0161kovi\u010d<\/strong> -SC Freiburg<\/li>\n<li><strong>Robert Englaro<\/strong> 75&#8242; [ycard] do 88&#8242; -Atalanta Bergamo<\/li>\n<li>od 88&#8242; <strong>Danijel Brezi\u010d<\/strong> -NK Rudar<\/li>\n<li><strong>Darko Milani\u010d<\/strong> -Sturm Graz<\/li>\n<li><strong>Andrej Polj\u0161ak<\/strong> do 46&#8242; -NK Primorje<\/li>\n<li>od 46&#8242; <strong>Spasoje Bulaji\u010d<\/strong> -NK Maribor Teatanic<\/li>\n<li><strong>Miran Pavlin<\/strong> 21&#8242; [ycard] do 84&#8242; -SC Freiburg<\/li>\n<li>od 84&#8242; <strong>Anton \u017dlogar<\/strong> -NK Primorje<\/li>\n<li><strong>Alfred Jermani\u0161<\/strong> do 62&#8242; -NK Primorje<\/li>\n<li>od 62&#8242; <strong>Aleksander Knavs<\/strong> -FC Tirol Milch<\/li>\n<li><strong>Rudi Isteni\u010d<\/strong> do 62&#8242; -Fortuna D\u00fcsseldorf<\/li>\n<li>od 62&#8242; <strong>Simon Se\u0161lar<\/strong> -Protonavto Publikum<\/li>\n<li><strong>Ale\u0161 \u010ceh<\/strong> -Grazer AK Graz<\/li>\n<li><strong>Sebastjan Cimiroti\u010d<\/strong> do 46&#8242; -HNK Rijeka<\/li>\n<li>od 46&#8242; <strong>Mladen Rudonja<\/strong> -K Sint-Truidense VV<\/li>\n<li><strong>Zlatko Zahovi\u010d<\/strong> kapitan 15&#8242; [ycard] -FC Porto<\/li>\n<li><strong>Ermin \u0160iljak<\/strong> 85&#8242; [ycard] -Servette FC<\/li>\n<\/ul>\n<\/td>\n<\/tr>\n<\/tbody>\n<\/table>\n<p>&nbsp;<\/p>\n<p><div id=\"attachment_11984\" style=\"width: 569px\" class=\"wp-caption aligncenter\"><img loading=\"lazy\" decoding=\"async\" aria-describedby=\"caption-attachment-11984\" class=\"wp-image-11984 size-medium\" src=\"https:\/\/kronika-futbolu.pl\/historia\/wp-content\/uploads\/2022\/01\/2A_polska_slowenia_1998_kadr-559x400.png\" alt=\"Polska - S\u0142owenia 1998\" width=\"559\" height=\"400\" srcset=\"https:\/\/kronika-futbolu.pl\/historia\/wp-content\/uploads\/2022\/01\/2A_polska_slowenia_1998_kadr-559x400.png 559w, https:\/\/kronika-futbolu.pl\/historia\/wp-content\/uploads\/2022\/01\/2A_polska_slowenia_1998_kadr.png 642w\" sizes=\"auto, (max-width: 559px) 100vw, 559px\" \/><p id=\"caption-attachment-11984\" class=\"wp-caption-text\">Polska &#8211; S\u0142owenia 1998. \u0179r\u00f3d\u0142o: Kadr z transmisji.<\/p><\/div> <div id=\"attachment_11985\" style=\"width: 610px\" class=\"wp-caption alignleft\"><img loading=\"lazy\" decoding=\"async\" aria-describedby=\"caption-attachment-11985\" class=\"wp-image-11985 size-medium\" src=\"https:\/\/kronika-futbolu.pl\/historia\/wp-content\/uploads\/2022\/01\/2B_polska_slowenia_1998_allegro-600x351.png\" alt=\"Polska - S\u0142owenia 1998.\" width=\"600\" height=\"351\" srcset=\"https:\/\/kronika-futbolu.pl\/historia\/wp-content\/uploads\/2022\/01\/2B_polska_slowenia_1998_allegro-600x351.png 600w, https:\/\/kronika-futbolu.pl\/historia\/wp-content\/uploads\/2022\/01\/2B_polska_slowenia_1998_allegro-768x449.png 768w, https:\/\/kronika-futbolu.pl\/historia\/wp-content\/uploads\/2022\/01\/2B_polska_slowenia_1998_allegro.png 1159w\" sizes=\"auto, (max-width: 600px) 100vw, 600px\" \/><p id=\"caption-attachment-11985\" class=\"wp-caption-text\">Polska &#8211; S\u0142owenia 1998. \u0179r\u00f3d\u0142o: Kadr z transmisji.<\/p><\/div><\/p>\n<p style=\"text-align: justify;\">Po 4 pora\u017ckach z rz\u0119du wreszcie nast\u0105pi\u0142o prze\u0142amanie w Reprezentacji Polski. W Warszawie Polacy pokonali S\u0142owe\u0144c\u00f3w 2-0, cho\u0107 trzeba doda\u0107 po niezbyt dobrej grze. Przy obu bramkach asystowa\u0142 Jerzy Brz\u0119czek, kt\u00f3ry w 2019 b\u0119d\u0105c selekcjonerem reprezentacji, dwukrotnie mierzy\u0142 si\u0119 ze S\u0142oweni\u0105.<\/p>\n<p style=\"text-align: justify;\">Najpierw w 37 minucie po do\u015brodkowaniu w pole karne pi\u0142k\u0119 wolejem skierowa\u0142 Wojciech Kowalczyk. W 55 minucie Brz\u0119czek \u015bwietnie zagra\u0142 do Tomasza Iwana, a ten zdoby\u0142 swoj\u0105 debiutanck\u0105 bramk\u0119 w 11 wyst\u0119pie w reprezentacji. Dla Kowalczyka by\u0142 to 8 gol w 33 meczu w Reprezentacji Polski, ale pierwszy odk\u0105d zosta\u0142 zawodnikiem UD Las Palmas. Naprzeciw siebie stan\u0119li tak\u017ce zawodnicy graj\u0105cy na co dzie\u0144 w FC Porto, czyli Grzegorz Mielcarski i Zlatko Zahovi\u010d.<\/p>\n<p>&nbsp;<\/p>\n<h2><span class=\"ez-toc-section\" id=\"1_Mecz_Polska_%E2%80%93_Slowenia_0_0_27_marca_1996_r\"><\/span><a id=\"mecz1\"><\/a>1. Mecz Polska &#8211; S\u0142owenia 0:0 (27 marca 1996 r.)<span class=\"ez-toc-section-end\"><\/span><\/h2>\n<ul>\n<li><strong>Data meczu:<\/strong> 27.03.1996<\/li>\n<li><strong>Ranga meczu:<\/strong> Towarzyski<\/li>\n<li><strong>S\u0119dzia:<\/strong> Vladim\u00edr Hri\u0148\u00e1k &#8211; S\u0142owacja<\/li>\n<li><strong>Stadion:<\/strong> Stadion Widzewa, \u0141\u00f3d\u017a<\/li>\n<li><strong>Trener:<\/strong> W\u0142adys\u0142aw Stachurski<\/li>\n<\/ul>\n<p><strong>? Sk\u0142ady:<\/strong><\/p>\n<table style=\"border-collapse: collapse; width: 100%; height: 311px;\">\n<thead>\n<tr style=\"height: 21px;\">\n<th style=\"width: 50%; height: 21px;\">[pl] Polska:<\/th>\n<th style=\"width: 50%; height: 21px;\">[si] S\u0142owenia:<\/th>\n<\/tr>\n<\/thead>\n<tbody>\n<tr style=\"height: 386px;\">\n<td style=\"width: 50%; height: 290px;\">\n<ul>\n<li><strong>Andrzej Wo\u017aniak<\/strong> -Widzew \u0141\u00f3d\u017a<\/li>\n<li><strong>Jacek Zieli\u0144ski<\/strong> -Legia Warszawa<\/li>\n<li><strong>Marek J\u00f3\u017awiak<\/strong> -Legia Warszawa<\/li>\n<li><strong>Kazimierz W\u0119grzyn<\/strong> -GKS Katowice<\/li>\n<li><strong>Marek Citko<\/strong> do 63&#8242; -Widzew \u0141\u00f3d\u017a<\/li>\n<li>od 63&#8242; <strong>Zbigniew Wyciszkiewicz<\/strong> -Widzew \u0141\u00f3d\u017a<\/li>\n<li><strong>Dariusz G\u0119sior<\/strong> -Ruch Chorz\u00f3w<\/li>\n<li><strong>Piotr Nowak<\/strong> kapitan -TSV Monachium 1860<\/li>\n<li><strong>Rados\u0142aw Michalski<\/strong> -Legia Warszawa<\/li>\n<li><strong>Jacek Bednarz<\/strong> -Legia Warszawa<\/li>\n<li><strong>Andrzej Juskowiak<\/strong> -Olympiakos Pireus<\/li>\n<li><strong>Mariusz \u015arutwa<\/strong> do 77&#8242; -Ruch Chorz\u00f3w<\/li>\n<li>od 77&#8242; <strong>Sylwester Czereszewski<\/strong> -Stomil Olsztyn<\/li>\n<\/ul>\n<\/td>\n<td style=\"width: 50%; height: 290px;\">\n<ul>\n<li><strong>Bo\u0161ko Bo\u0161kovi\u010d<\/strong> -NK AS Beltinci<\/li>\n<li><strong>Marinko Gali\u010d<\/strong> -NK Maribor Branik<\/li>\n<li><strong>Darko Milani\u010d<\/strong> kapitan -Sturm Graz<\/li>\n<li><strong>Robert Englaro<\/strong> -Olimpija Ljubljana<\/li>\n<li><strong>Peter Binkovski<\/strong> -NK Maribor Branik<\/li>\n<li><strong>Zlatko Zahovi\u010d<\/strong> 46&#8242; -Vit\u00f3ria SC<\/li>\n<li>46&#8242; <strong>Damjan Gajser<\/strong> -NK Mura<\/li>\n<li><strong>\u0110oni Novak<\/strong> -Olimpija Ljubljana<\/li>\n<li><strong>Ale\u0161 \u010ceh<\/strong> 50&#8242; [ycard] -Grazer AK Graz<\/li>\n<li><strong>Sa\u0161o Udovi\u010d &#8211;<\/strong>KSK Beveren<\/li>\n<li><strong>Matja\u017e Florjan\u010di\u010d<\/strong> 75&#8242; -US Cremonese<\/li>\n<li>75&#8242; <strong>Vladimir Kokol<\/strong> -NK Mura<\/li>\n<li><strong>Primo\u017e Gliha<\/strong> 54&#8242; -Chamois Niortais<\/li>\n<li>54&#8242; <strong>Ermin \u0160iljak<\/strong> -Olimpija Ljubljana<\/li>\n<\/ul>\n<\/td>\n<\/tr>\n<\/tbody>\n<\/table>\n<p><div id=\"attachment_11979\" style=\"width: 581px\" class=\"wp-caption aligncenter\"><img loading=\"lazy\" decoding=\"async\" aria-describedby=\"caption-attachment-11979\" class=\"wp-image-11979 size-medium\" src=\"https:\/\/kronika-futbolu.pl\/historia\/wp-content\/uploads\/2022\/01\/1A_polska_slowenia_kadr-571x400.png\" alt=\"Polska-S\u0142owenia 1996\" width=\"571\" height=\"400\" srcset=\"https:\/\/kronika-futbolu.pl\/historia\/wp-content\/uploads\/2022\/01\/1A_polska_slowenia_kadr-571x400.png 571w, https:\/\/kronika-futbolu.pl\/historia\/wp-content\/uploads\/2022\/01\/1A_polska_slowenia_kadr.png 642w\" sizes=\"auto, (max-width: 571px) 100vw, 571px\" \/><p id=\"caption-attachment-11979\" class=\"wp-caption-text\">Polska-S\u0142owenia 1996 \u0179r\u00f3d\u0142o: Kadr z transmisji<\/p><\/div> <div id=\"attachment_11980\" style=\"width: 568px\" class=\"wp-caption alignleft\"><img loading=\"lazy\" decoding=\"async\" aria-describedby=\"caption-attachment-11980\" class=\"wp-image-11980 size-medium\" src=\"https:\/\/kronika-futbolu.pl\/historia\/wp-content\/uploads\/2022\/01\/1B_polska_slowenia_kadr-558x400.png\" alt=\"Polska-S\u0142owenia 1996\" width=\"558\" height=\"400\" srcset=\"https:\/\/kronika-futbolu.pl\/historia\/wp-content\/uploads\/2022\/01\/1B_polska_slowenia_kadr-558x400.png 558w, https:\/\/kronika-futbolu.pl\/historia\/wp-content\/uploads\/2022\/01\/1B_polska_slowenia_kadr.png 642w\" sizes=\"auto, (max-width: 558px) 100vw, 558px\" \/><p id=\"caption-attachment-11980\" class=\"wp-caption-text\">Polska-S\u0142owenia 1996. \u0179r\u00f3d\u0142o: Kadr z transmisji<\/p><\/div><\/p>\n<p style=\"text-align: justify;\">1995 i 1996 rok to nie najlepszy okres w dziejach Reprezentacji Polski. Mecz ze S\u0142oweni\u0105 w marcu 1996 roku by\u0142 3 za kadencji selekcjonera W\u0142adys\u0142awa Stachurskiego. Polska przed tym spotkaniem mia\u0142a 7 kolejnych mecz\u00f3w bez wygranej, w tym 3 remisy. Ta seria potrwa\u0142a jeszcze 5 spotka\u0144. Stachurski ledwo zacz\u0105\u0142 swoj\u0105 prac\u0119, a ju\u017c musia\u0142 ko\u0144czy\u0107. Po S\u0142owenii poprowadzi\u0142 Bia\u0142o-Czerwonych jeszcze jeden raz.<\/p>\n<p style=\"text-align: justify;\">Przed meczem Polska-S\u0142owenia, odby\u0142a si\u0119 uroczysto\u015b\u0107 wr\u0119czenie kwiat\u00f3w, dla trenera Stachurskiego w dniu jego 51 urodzin, oraz dla marka Citki, kt\u00f3ry tego dnia sko\u0144czy\u0142 22 lata. Wr\u0119czono tak\u017ce puchar dla Andrzeja Juskowiaka za zostanie najlepszym polskim pi\u0142karzem 1995 roku w plebiscycie Tempa. Mecz zako\u0144czy\u0142 si\u0119 remisem 0-0. W pierwszej po\u0142owie lepiej zagrali Polacy, lecz w drugiej wi\u0119cej do powiedzenia mieli go\u015bcie.<\/p>\n<p style=\"text-align: justify;\">Po raz 3 i ostatni w Reprezentacji Polski zagra\u0142 Zbigniew Wyciszkiewicz.<\/p>\n<p>&nbsp;<\/p>\n<p>&nbsp;<\/p>\n<p>&nbsp;<\/p>\n<p>&nbsp;<\/p>\n<p>&nbsp;<\/p>\n<h2 id=\"galeria\"><span class=\"ez-toc-section\" id=\"_Przezyjmy_to_jeszcze_raz_%E2%80%93_galeria_zdjec_z_meczy_Polska_%E2%80%93_Slowenia\"><\/span>? Prze\u017cyjmy to jeszcze raz &#8211; galeria zdj\u0119\u0107 z meczy Polska &#8211; S\u0142owenia<span class=\"ez-toc-section-end\"><\/span><\/h2>\n<ul class=\"r1-gallery\"><li>\r\n\t\t\t\t<a href=\"https:\/\/kronika-futbolu.pl\/historia\/wp-content\/uploads\/2022\/02\/8B_polska_slowenia_2019_go_lewego_kadr.png\" title=\"Polska S\u0142owenia 2019. Gol Roberta Lewandowskiego. \u0179r\u00f3d\u0142o: kadr z transmisji\">\r\n\t\t\t\t\t<img loading=\"lazy\" decoding=\"async\" width=\"600\" height=\"319\" src=\"https:\/\/kronika-futbolu.pl\/historia\/wp-content\/uploads\/2022\/02\/8B_polska_slowenia_2019_go_lewego_kadr-600x319.png\" class=\"attachment-medium size-medium\" alt=\"Polska S\u0142owenia 2019\" srcset=\"https:\/\/kronika-futbolu.pl\/historia\/wp-content\/uploads\/2022\/02\/8B_polska_slowenia_2019_go_lewego_kadr-600x319.png 600w, https:\/\/kronika-futbolu.pl\/historia\/wp-content\/uploads\/2022\/02\/8B_polska_slowenia_2019_go_lewego_kadr.png 710w\" sizes=\"auto, (max-width: 600px) 100vw, 600px\" \/>\r\n\t\t\t\t\t<small>Polska S\u0142owenia 2019. Gol Roberta Lewandowskiego. \u0179r\u00f3d\u0142o: kadr z transmisji<\/small>\r\n\t\t\t\t<\/a>\r\n\t\t\t<\/li><li>\r\n\t\t\t\t<a href=\"https:\/\/kronika-futbolu.pl\/historia\/wp-content\/uploads\/2022\/02\/7B_slowenia_polska_2010_II_gol_kadr.png\" title=\"S\u0142owenia-Polska 2019 . I gol. \u0179r\u00f3d\u0142o: kadr z transmisji\">\r\n\t\t\t\t\t<img loading=\"lazy\" decoding=\"async\" width=\"600\" height=\"266\" src=\"https:\/\/kronika-futbolu.pl\/historia\/wp-content\/uploads\/2022\/02\/7B_slowenia_polska_2010_II_gol_kadr-600x266.png\" class=\"attachment-medium size-medium\" alt=\"S\u0142owenia-Polska 2019\" srcset=\"https:\/\/kronika-futbolu.pl\/historia\/wp-content\/uploads\/2022\/02\/7B_slowenia_polska_2010_II_gol_kadr-600x266.png 600w, https:\/\/kronika-futbolu.pl\/historia\/wp-content\/uploads\/2022\/02\/7B_slowenia_polska_2010_II_gol_kadr-768x341.png 768w, https:\/\/kronika-futbolu.pl\/historia\/wp-content\/uploads\/2022\/02\/7B_slowenia_polska_2010_II_gol_kadr.png 879w\" sizes=\"auto, (max-width: 600px) 100vw, 600px\" \/>\r\n\t\t\t\t\t<small>S\u0142owenia-Polska 2019 . I gol. \u0179r\u00f3d\u0142o: kadr z transmisji<\/small>\r\n\t\t\t\t<\/a>\r\n\t\t\t<\/li><li>\r\n\t\t\t\t<a href=\"https:\/\/kronika-futbolu.pl\/historia\/wp-content\/uploads\/2022\/02\/7A_slowenia_polska_2010_I_gol_kadr.png\" title=\"S\u0142owenia-Polska 2019 . I gol. \u0179r\u00f3d\u0142o: kadr z transmisji\">\r\n\t\t\t\t\t<img loading=\"lazy\" decoding=\"async\" width=\"600\" height=\"319\" src=\"https:\/\/kronika-futbolu.pl\/historia\/wp-content\/uploads\/2022\/02\/7A_slowenia_polska_2010_I_gol_kadr-600x319.png\" class=\"attachment-medium size-medium\" alt=\"S\u0142owenia-Polska 2019\" srcset=\"https:\/\/kronika-futbolu.pl\/historia\/wp-content\/uploads\/2022\/02\/7A_slowenia_polska_2010_I_gol_kadr-600x319.png 600w, https:\/\/kronika-futbolu.pl\/historia\/wp-content\/uploads\/2022\/02\/7A_slowenia_polska_2010_I_gol_kadr-768x408.png 768w, https:\/\/kronika-futbolu.pl\/historia\/wp-content\/uploads\/2022\/02\/7A_slowenia_polska_2010_I_gol_kadr.png 807w\" sizes=\"auto, (max-width: 600px) 100vw, 600px\" \/>\r\n\t\t\t\t\t<small>S\u0142owenia-Polska 2019 . I gol. \u0179r\u00f3d\u0142o: kadr z transmisji<\/small>\r\n\t\t\t\t<\/a>\r\n\t\t\t<\/li><li>\r\n\t\t\t\t<a href=\"https:\/\/kronika-futbolu.pl\/historia\/wp-content\/uploads\/2022\/02\/6B_polska_slowenia_2016_gol_slowenii_kadr.png\" title=\"Polska-S\u0142owenia 2016. Gol dla S\u0142owenii. \u0179r\u00f3d\u0142o: kadr z transmisji\">\r\n\t\t\t\t\t<img loading=\"lazy\" decoding=\"async\" width=\"550\" height=\"400\" src=\"https:\/\/kronika-futbolu.pl\/historia\/wp-content\/uploads\/2022\/02\/6B_polska_slowenia_2016_gol_slowenii_kadr-550x400.png\" class=\"attachment-medium size-medium\" alt=\"Polska-S\u0142owenia 2016\" srcset=\"https:\/\/kronika-futbolu.pl\/historia\/wp-content\/uploads\/2022\/02\/6B_polska_slowenia_2016_gol_slowenii_kadr-550x400.png 550w, https:\/\/kronika-futbolu.pl\/historia\/wp-content\/uploads\/2022\/02\/6B_polska_slowenia_2016_gol_slowenii_kadr.png 644w\" sizes=\"auto, (max-width: 550px) 100vw, 550px\" \/>\r\n\t\t\t\t\t<small>Polska-S\u0142owenia 2016. Gol dla S\u0142owenii. \u0179r\u00f3d\u0142o: kadr z transmisji<\/small>\r\n\t\t\t\t<\/a>\r\n\t\t\t<\/li><li>\r\n\t\t\t\t<a href=\"https:\/\/kronika-futbolu.pl\/historia\/wp-content\/uploads\/2022\/02\/6A_polska_slowenia_2016_gol_teodorczyka_kadr.png\" title=\"Polska-S\u0142owenia 2016. Gol \u0141ukasza Teodorczyka. \u0179r\u00f3d\u0142o: kadr\">\r\n\t\t\t\t\t<img loading=\"lazy\" decoding=\"async\" width=\"540\" height=\"400\" src=\"https:\/\/kronika-futbolu.pl\/historia\/wp-content\/uploads\/2022\/02\/6A_polska_slowenia_2016_gol_teodorczyka_kadr-540x400.png\" class=\"attachment-medium size-medium\" alt=\"Polska-S\u0142owenia 2016\" srcset=\"https:\/\/kronika-futbolu.pl\/historia\/wp-content\/uploads\/2022\/02\/6A_polska_slowenia_2016_gol_teodorczyka_kadr-540x400.png 540w, https:\/\/kronika-futbolu.pl\/historia\/wp-content\/uploads\/2022\/02\/6A_polska_slowenia_2016_gol_teodorczyka_kadr.png 656w\" sizes=\"auto, (max-width: 540px) 100vw, 540px\" \/>\r\n\t\t\t\t\t<small>Polska-S\u0142owenia 2016. Gol \u0141ukasza Teodorczyka. \u0179r\u00f3d\u0142o: kadr<\/small>\r\n\t\t\t\t<\/a>\r\n\t\t\t<\/li><li>\r\n\t\t\t\t<a href=\"https:\/\/kronika-futbolu.pl\/historia\/wp-content\/uploads\/2022\/02\/5B_slowenia_polska_2009_2_gol_kadr.png\" title=\"S\u0142owenia - Polska 2009. Pierwszy gol. \u0179r\u00f3d\u0142o: kadr z transmisji.\">\r\n\t\t\t\t\t<img loading=\"lazy\" decoding=\"async\" width=\"600\" height=\"384\" src=\"https:\/\/kronika-futbolu.pl\/historia\/wp-content\/uploads\/2022\/02\/5B_slowenia_polska_2009_2_gol_kadr-600x384.png\" class=\"attachment-medium size-medium\" alt=\"S\u0142owenia - Polska 2009\" srcset=\"https:\/\/kronika-futbolu.pl\/historia\/wp-content\/uploads\/2022\/02\/5B_slowenia_polska_2009_2_gol_kadr-600x384.png 600w, https:\/\/kronika-futbolu.pl\/historia\/wp-content\/uploads\/2022\/02\/5B_slowenia_polska_2009_2_gol_kadr.png 657w\" sizes=\"auto, (max-width: 600px) 100vw, 600px\" \/>\r\n\t\t\t\t\t<small>S\u0142owenia - Polska 2009. Pierwszy gol. \u0179r\u00f3d\u0142o: kadr z transmisji.<\/small>\r\n\t\t\t\t<\/a>\r\n\t\t\t<\/li><li>\r\n\t\t\t\t<a href=\"https:\/\/kronika-futbolu.pl\/historia\/wp-content\/uploads\/2022\/02\/5A_slowenia_polska_2009_1_gol_kadr.png\" title=\"S\u0142owenia - Polska 2009. Pierwszy gol. \u0179r\u00f3d\u0142o: kadr z transmisji.\">\r\n\t\t\t\t\t<img loading=\"lazy\" decoding=\"async\" width=\"600\" height=\"356\" src=\"https:\/\/kronika-futbolu.pl\/historia\/wp-content\/uploads\/2022\/02\/5A_slowenia_polska_2009_1_gol_kadr.png\" class=\"attachment-medium size-medium\" alt=\"S\u0142owenia - Polska 2009\" \/>\r\n\t\t\t\t\t<small>S\u0142owenia - Polska 2009. Pierwszy gol. \u0179r\u00f3d\u0142o: kadr z transmisji.<\/small>\r\n\t\t\t\t<\/a>\r\n\t\t\t<\/li><li>\r\n\t\t\t\t<a href=\"https:\/\/kronika-futbolu.pl\/historia\/wp-content\/uploads\/2022\/02\/4B_polska_slowenia_2008_gol_2_kadr.png\" title=\"Polska-S\u0142owenia 2008. Gol nr 2.  \u0179r\u00f3d\u0142o: kadr z transmisji\">\r\n\t\t\t\t\t<img loading=\"lazy\" decoding=\"async\" width=\"600\" height=\"397\" src=\"https:\/\/kronika-futbolu.pl\/historia\/wp-content\/uploads\/2022\/02\/4B_polska_slowenia_2008_gol_2_kadr-600x397.png\" class=\"attachment-medium size-medium\" alt=\"Polska-S\u0142owenia 2008\" srcset=\"https:\/\/kronika-futbolu.pl\/historia\/wp-content\/uploads\/2022\/02\/4B_polska_slowenia_2008_gol_2_kadr-600x397.png 600w, https:\/\/kronika-futbolu.pl\/historia\/wp-content\/uploads\/2022\/02\/4B_polska_slowenia_2008_gol_2_kadr-300x200.png 300w, https:\/\/kronika-futbolu.pl\/historia\/wp-content\/uploads\/2022\/02\/4B_polska_slowenia_2008_gol_2_kadr.png 642w\" sizes=\"auto, (max-width: 600px) 100vw, 600px\" \/>\r\n\t\t\t\t\t<small>Polska-S\u0142owenia 2008. Gol nr 2.  \u0179r\u00f3d\u0142o: kadr z transmisji<\/small>\r\n\t\t\t\t<\/a>\r\n\t\t\t<\/li><li>\r\n\t\t\t\t<a href=\"https:\/\/kronika-futbolu.pl\/historia\/wp-content\/uploads\/2022\/02\/4A_polska_slowenia_2008_gol_1_kadr.png\" title=\"Polska-S\u0142owenia 2008. Gol nr 1. \u0179r\u00f3d\u0142o: kadr z transmisji\">\r\n\t\t\t\t\t<img loading=\"lazy\" decoding=\"async\" width=\"600\" height=\"381\" src=\"https:\/\/kronika-futbolu.pl\/historia\/wp-content\/uploads\/2022\/02\/4A_polska_slowenia_2008_gol_1_kadr-600x381.png\" class=\"attachment-medium size-medium\" alt=\"Polska-S\u0142owenia 2008\" srcset=\"https:\/\/kronika-futbolu.pl\/historia\/wp-content\/uploads\/2022\/02\/4A_polska_slowenia_2008_gol_1_kadr-600x381.png 600w, https:\/\/kronika-futbolu.pl\/historia\/wp-content\/uploads\/2022\/02\/4A_polska_slowenia_2008_gol_1_kadr.png 649w\" sizes=\"auto, (max-width: 600px) 100vw, 600px\" \/>\r\n\t\t\t\t\t<small>Polska-S\u0142owenia 2008. Gol nr 1. \u0179r\u00f3d\u0142o: kadr z transmisji<\/small>\r\n\t\t\t\t<\/a>\r\n\t\t\t<\/li><li>\r\n\t\t\t\t<a href=\"https:\/\/kronika-futbolu.pl\/historia\/wp-content\/uploads\/2022\/02\/3B_polska_slowenia_2004_kibice_kadr.png\" title=\"Polska-S\u0142owenia 2004. \u0179r\u00f3d\u0142o: Kadr\">\r\n\t\t\t\t\t<img loading=\"lazy\" decoding=\"async\" width=\"533\" height=\"400\" src=\"https:\/\/kronika-futbolu.pl\/historia\/wp-content\/uploads\/2022\/02\/3B_polska_slowenia_2004_kibice_kadr-533x400.png\" class=\"attachment-medium size-medium\" alt=\"Polska-S\u0142owenia 2004\" srcset=\"https:\/\/kronika-futbolu.pl\/historia\/wp-content\/uploads\/2022\/02\/3B_polska_slowenia_2004_kibice_kadr-533x400.png 533w, https:\/\/kronika-futbolu.pl\/historia\/wp-content\/uploads\/2022\/02\/3B_polska_slowenia_2004_kibice_kadr.png 645w\" sizes=\"auto, (max-width: 533px) 100vw, 533px\" \/>\r\n\t\t\t\t\t<small>Polska-S\u0142owenia 2004. \u0179r\u00f3d\u0142o: Kadr<\/small>\r\n\t\t\t\t<\/a>\r\n\t\t\t<\/li><li>\r\n\t\t\t\t<a href=\"https:\/\/kronika-futbolu.pl\/historia\/wp-content\/uploads\/2022\/02\/3A_polska_slowenia_2004_mila_po_golu_kadr.png\" title=\"Polska-S\u0142owenia 2004. Mila po golu. \u0179r\u00f3d\u0142o: Kadr\">\r\n\t\t\t\t\t<img loading=\"lazy\" decoding=\"async\" width=\"561\" height=\"400\" src=\"https:\/\/kronika-futbolu.pl\/historia\/wp-content\/uploads\/2022\/02\/3A_polska_slowenia_2004_mila_po_golu_kadr-561x400.png\" class=\"attachment-medium size-medium\" alt=\"Polska-S\u0142owenia 2004\" srcset=\"https:\/\/kronika-futbolu.pl\/historia\/wp-content\/uploads\/2022\/02\/3A_polska_slowenia_2004_mila_po_golu_kadr-561x400.png 561w, https:\/\/kronika-futbolu.pl\/historia\/wp-content\/uploads\/2022\/02\/3A_polska_slowenia_2004_mila_po_golu_kadr.png 637w\" sizes=\"auto, (max-width: 561px) 100vw, 561px\" \/>\r\n\t\t\t\t\t<small>Polska-S\u0142owenia 2004. Mila po golu. \u0179r\u00f3d\u0142o: Kadr<\/small>\r\n\t\t\t\t<\/a>\r\n\t\t\t<\/li><li>\r\n\t\t\t\t<a href=\"https:\/\/kronika-futbolu.pl\/historia\/wp-content\/uploads\/2022\/01\/2B_polska_slowenia_1998_allegro.png\" title=\"Polska - S\u0142owenia 1998. \u0179r\u00f3d\u0142o: Kadr z transmisji.\">\r\n\t\t\t\t\t<img loading=\"lazy\" decoding=\"async\" width=\"600\" height=\"351\" src=\"https:\/\/kronika-futbolu.pl\/historia\/wp-content\/uploads\/2022\/01\/2B_polska_slowenia_1998_allegro-600x351.png\" class=\"attachment-medium size-medium\" alt=\"Polska - S\u0142owenia 1998.\" srcset=\"https:\/\/kronika-futbolu.pl\/historia\/wp-content\/uploads\/2022\/01\/2B_polska_slowenia_1998_allegro-600x351.png 600w, https:\/\/kronika-futbolu.pl\/historia\/wp-content\/uploads\/2022\/01\/2B_polska_slowenia_1998_allegro-768x449.png 768w, https:\/\/kronika-futbolu.pl\/historia\/wp-content\/uploads\/2022\/01\/2B_polska_slowenia_1998_allegro.png 1159w\" sizes=\"auto, (max-width: 600px) 100vw, 600px\" \/>\r\n\t\t\t\t\t<small>Polska - S\u0142owenia 1998. \u0179r\u00f3d\u0142o: Kadr z transmisji.<\/small>\r\n\t\t\t\t<\/a>\r\n\t\t\t<\/li><li>\r\n\t\t\t\t<a href=\"https:\/\/kronika-futbolu.pl\/historia\/wp-content\/uploads\/2022\/01\/2A_polska_slowenia_1998_kadr.png\" title=\"Polska - S\u0142owenia 1998. \u0179r\u00f3d\u0142o: Kadr z transmisji.\">\r\n\t\t\t\t\t<img loading=\"lazy\" decoding=\"async\" width=\"559\" height=\"400\" src=\"https:\/\/kronika-futbolu.pl\/historia\/wp-content\/uploads\/2022\/01\/2A_polska_slowenia_1998_kadr-559x400.png\" class=\"attachment-medium size-medium\" alt=\"Polska - S\u0142owenia 1998\" srcset=\"https:\/\/kronika-futbolu.pl\/historia\/wp-content\/uploads\/2022\/01\/2A_polska_slowenia_1998_kadr-559x400.png 559w, https:\/\/kronika-futbolu.pl\/historia\/wp-content\/uploads\/2022\/01\/2A_polska_slowenia_1998_kadr.png 642w\" sizes=\"auto, (max-width: 559px) 100vw, 559px\" \/>\r\n\t\t\t\t\t<small>Polska - S\u0142owenia 1998. \u0179r\u00f3d\u0142o: Kadr z transmisji.<\/small>\r\n\t\t\t\t<\/a>\r\n\t\t\t<\/li><li>\r\n\t\t\t\t<a href=\"https:\/\/kronika-futbolu.pl\/historia\/wp-content\/uploads\/2022\/01\/1B_polska_slowenia_kadr.png\" title=\"Polska-S\u0142owenia 1996. \u0179r\u00f3d\u0142o: Kadr z transmisji\">\r\n\t\t\t\t\t<img loading=\"lazy\" decoding=\"async\" width=\"558\" height=\"400\" src=\"https:\/\/kronika-futbolu.pl\/historia\/wp-content\/uploads\/2022\/01\/1B_polska_slowenia_kadr-558x400.png\" class=\"attachment-medium size-medium\" alt=\"Polska-S\u0142owenia 1996\" srcset=\"https:\/\/kronika-futbolu.pl\/historia\/wp-content\/uploads\/2022\/01\/1B_polska_slowenia_kadr-558x400.png 558w, https:\/\/kronika-futbolu.pl\/historia\/wp-content\/uploads\/2022\/01\/1B_polska_slowenia_kadr.png 642w\" sizes=\"auto, (max-width: 558px) 100vw, 558px\" \/>\r\n\t\t\t\t\t<small>Polska-S\u0142owenia 1996. \u0179r\u00f3d\u0142o: Kadr z transmisji<\/small>\r\n\t\t\t\t<\/a>\r\n\t\t\t<\/li><li>\r\n\t\t\t\t<a href=\"https:\/\/kronika-futbolu.pl\/historia\/wp-content\/uploads\/2022\/01\/1A_polska_slowenia_kadr.png\" title=\"Polska-S\u0142owenia 1996\n\u0179r\u00f3d\u0142o: Kadr z transmisji\">\r\n\t\t\t\t\t<img loading=\"lazy\" decoding=\"async\" width=\"571\" height=\"400\" src=\"https:\/\/kronika-futbolu.pl\/historia\/wp-content\/uploads\/2022\/01\/1A_polska_slowenia_kadr-571x400.png\" class=\"attachment-medium size-medium\" alt=\"Polska-S\u0142owenia 1996\" srcset=\"https:\/\/kronika-futbolu.pl\/historia\/wp-content\/uploads\/2022\/01\/1A_polska_slowenia_kadr-571x400.png 571w, https:\/\/kronika-futbolu.pl\/historia\/wp-content\/uploads\/2022\/01\/1A_polska_slowenia_kadr.png 642w\" sizes=\"auto, (max-width: 571px) 100vw, 571px\" \/>\r\n\t\t\t\t\t<small>Polska-S\u0142owenia 1996\n\u0179r\u00f3d\u0142o: Kadr z transmisji<\/small>\r\n\t\t\t\t<\/a>\r\n\t\t\t<\/li><li>\r\n\t\t\t\t<a href=\"https:\/\/kronika-futbolu.pl\/historia\/wp-content\/uploads\/2022\/01\/slowenia.png\" title=\"slowenia logo\">\r\n\t\t\t\t\t<img loading=\"lazy\" decoding=\"async\" width=\"310\" height=\"400\" src=\"https:\/\/kronika-futbolu.pl\/historia\/wp-content\/uploads\/2022\/01\/slowenia-310x400.png\" class=\"attachment-medium size-medium\" alt=\"slowenia logo\" srcset=\"https:\/\/kronika-futbolu.pl\/historia\/wp-content\/uploads\/2022\/01\/slowenia-310x400.png 310w, https:\/\/kronika-futbolu.pl\/historia\/wp-content\/uploads\/2022\/01\/slowenia-929x1200.png 929w, https:\/\/kronika-futbolu.pl\/historia\/wp-content\/uploads\/2022\/01\/slowenia-768x992.png 768w, https:\/\/kronika-futbolu.pl\/historia\/wp-content\/uploads\/2022\/01\/slowenia-1189x1536.png 1189w, https:\/\/kronika-futbolu.pl\/historia\/wp-content\/uploads\/2022\/01\/slowenia.png 1200w\" sizes=\"auto, (max-width: 310px) 100vw, 310px\" \/>\r\n\t\t\t\t\t<small>slowenia logo<\/small>\r\n\t\t\t\t<\/a>\r\n\t\t\t<\/li><\/ul>\n<p>&nbsp;<\/p>\n<p>&nbsp;<\/p>\n","protected":false},"excerpt":{"rendered":"<p>Bilans mecz\u00f3w Polska-S\u0142owenia, kursy bukmacherskie. \u0141\u0105cznie zosta\u0142o rozegranych\u00a0 8 mecz\u00f3w, Polska wygra\u0142a\u00a0 3 razy, 3 razy remisowa\u0142a i\u00a0 2 razy przegra\u0142a. Stosunek bramek to 9-9. Ostatni mecz odby\u0142 si\u0119 w 2019 roku w Warszawie,\u00a0 by\u0142o 3-2. \u00a0Spis tre\u015bci: Mecz Polska-S\u0142owenia (2019.11.19) \u2193 Mecz S\u0142owenia-Polska (2019.09.06) \u2193 Mecz Polska-S\u0142owenia (2016.11.14) \u2193 Mecz S\u0142owenia-Polska (2009.09.09) \u2193 Mecz [&hellip;]<\/p>\n","protected":false},"author":3,"featured_media":0,"parent":0,"menu_order":0,"comment_status":"closed","ping_status":"closed","template":"","meta":{"_acf_changed":false,"footnotes":""},"class_list":["post-11969","page","type-page","status-publish","hentry"],"acf":[],"rankMath":{"parentDomain":"kronika-futbolu.pl","noFollowDomains":[],"noFollowExcludeDomains":[],"noFollowExternalLinks":false,"featuredImageNotice":"Prezentowany obraz powinien mie\u0107 co najmniej 200 na 200 pikseli, aby m\u00f3g\u0142 go pobra\u0107 Facebook i inne serwisy spo\u0142eczno\u015bciowe.","pluginReviewed":false,"postSettings":{"linkSuggestions":true,"useFocusKeyword":false},"frontEndScore":false,"postName":"polska-slowenia-w-pilce-noznej-wyniki-meczow","permalinkFormat":"https:\/\/kronika-futbolu.pl\/historia\/%pagename%\/","showLockModifiedDate":true,"assessor":{"focusKeywordLink":"https:\/\/kronika-futbolu.pl\/historia\/wp-admin\/edit.php?focus_keyword=%focus_keyword%&post_type=%post_type%","hasTOCPlugin":{"easy-table-of-contents\/easy-table-of-contents.php":"Easy Table of Contents"},"primaryTaxonomy":false,"serpData":{"title":"","description":"","focusKeywords":"","pillarContent":false,"canonicalUrl":"","breadcrumbTitle":"","advancedRobots":[],"facebookTitle":"","facebookDescription":"","facebookImage":"","facebookImageID":"","facebookHasOverlay":false,"facebookImageOverlay":"","facebookAuthor":"","twitterCardType":"","twitterUseFacebook":true,"twitterTitle":"","twitterDescription":"","twitterImage":"","twitterImageID":"","twitterHasOverlay":false,"twitterImageOverlay":"","twitterPlayerUrl":"","twitterPlayerSize":"","twitterPlayerStream":"","twitterPlayerStreamCtype":"","twitterAppDescription":"","twitterAppIphoneName":"","twitterAppIphoneID":"","twitterAppIphoneUrl":"","twitterAppIpadName":"","twitterAppIpadID":"","twitterAppIpadUrl":"","twitterAppGoogleplayName":"","twitterAppGoogleplayID":"","twitterAppGoogleplayUrl":"","twitterAppCountry":"","robots":{"index":true},"twitterAuthor":"u\u017cytkownik","primaryTerm":0,"authorName":"Piotr Ostrowski","titleTemplate":"%title% %sep% %sitename%","descriptionTemplate":"%excerpt%","showScoreFrontend":true,"lockModifiedDate":false},"powerWords":[],"diacritics":{"A":"[\\u0041\\u24B6\\uFF21\\u00C0\\u00C1\\u00C2\\u1EA6\\u1EA4\\u1EAA\\u1EA8\\u00C3\\u0100\\u0102\\u1EB0\\u1EAE\\u1EB4\\u1EB2\\u0226\\u01E0\\u00C4\\u01DE\\u1EA2\\u00C5\\u01FA\\u01CD\\u0200\\u0202\\u1EA0\\u1EAC\\u1EB6\\u1E00\\u0104\\u023A\\u2C6F]","AA":"[\\uA732]","AE":"[\\u00C6\\u01FC\\u01E2]","AO":"[\\uA734]","AU":"[\\uA736]","AV":"[\\uA738\\uA73A]","AY":"[\\uA73C]","B":"[\\u0042\\u24B7\\uFF22\\u1E02\\u1E04\\u1E06\\u0243\\u0182\\u0181]","C":"[\\u0043\\u24B8\\uFF23\\u0106\\u0108\\u010A\\u010C\\u00C7\\u1E08\\u0187\\u023B\\uA73E]","D":"[\\u0044\\u24B9\\uFF24\\u1E0A\\u010E\\u1E0C\\u1E10\\u1E12\\u1E0E\\u0110\\u018B\\u018A\\u0189\\uA779]","DZ":"[\\u01F1\\u01C4]","Dz":"[\\u01F2\\u01C5]","E":"[\\u0045\\u24BA\\uFF25\\u00C8\\u00C9\\u00CA\\u1EC0\\u1EBE\\u1EC4\\u1EC2\\u1EBC\\u0112\\u1E14\\u1E16\\u0114\\u0116\\u00CB\\u1EBA\\u011A\\u0204\\u0206\\u1EB8\\u1EC6\\u0228\\u1E1C\\u0118\\u1E18\\u1E1A\\u0190\\u018E]","F":"[\\u0046\\u24BB\\uFF26\\u1E1E\\u0191\\uA77B]","G":"[\\u0047\\u24BC\\uFF27\\u01F4\\u011C\\u1E20\\u011E\\u0120\\u01E6\\u0122\\u01E4\\u0193\\uA7A0\\uA77D\\uA77E]","H":"[\\u0048\\u24BD\\uFF28\\u0124\\u1E22\\u1E26\\u021E\\u1E24\\u1E28\\u1E2A\\u0126\\u2C67\\u2C75\\uA78D]","I":"[\\u0049\\u24BE\\uFF29\\u00CC\\u00CD\\u00CE\\u0128\\u012A\\u012C\\u0130\\u00CF\\u1E2E\\u1EC8\\u01CF\\u0208\\u020A\\u1ECA\\u012E\\u1E2C\\u0197]","J":"[\\u004A\\u24BF\\uFF2A\\u0134\\u0248]","K":"[\\u004B\\u24C0\\uFF2B\\u1E30\\u01E8\\u1E32\\u0136\\u1E34\\u0198\\u2C69\\uA740\\uA742\\uA744\\uA7A2]","L":"[\\u004C\\u24C1\\uFF2C\\u013F\\u0139\\u013D\\u1E36\\u1E38\\u013B\\u1E3C\\u1E3A\\u0141\\u023D\\u2C62\\u2C60\\uA748\\uA746\\uA780]","LJ":"[\\u01C7]","Lj":"[\\u01C8]","M":"[\\u004D\\u24C2\\uFF2D\\u1E3E\\u1E40\\u1E42\\u2C6E\\u019C]","N":"[\\u004E\\u24C3\\uFF2E\\u01F8\\u0143\\u00D1\\u1E44\\u0147\\u1E46\\u0145\\u1E4A\\u1E48\\u0220\\u019D\\uA790\\uA7A4]","NJ":"[\\u01CA]","Nj":"[\\u01CB]","O":"[\\u004F\\u24C4\\uFF2F\\u00D2\\u00D3\\u00D4\\u1ED2\\u1ED0\\u1ED6\\u1ED4\\u00D5\\u1E4C\\u022C\\u1E4E\\u014C\\u1E50\\u1E52\\u014E\\u022E\\u0230\\u00D6\\u022A\\u1ECE\\u0150\\u01D1\\u020C\\u020E\\u01A0\\u1EDC\\u1EDA\\u1EE0\\u1EDE\\u1EE2\\u1ECC\\u1ED8\\u01EA\\u01EC\\u00D8\\u01FE\\u0186\\u019F\\uA74A\\uA74C]","OI":"[\\u01A2]","OO":"[\\uA74E]","OU":"[\\u0222]","P":"[\\u0050\\u24C5\\uFF30\\u1E54\\u1E56\\u01A4\\u2C63\\uA750\\uA752\\uA754]","Q":"[\\u0051\\u24C6\\uFF31\\uA756\\uA758\\u024A]","R":"[\\u0052\\u24C7\\uFF32\\u0154\\u1E58\\u0158\\u0210\\u0212\\u1E5A\\u1E5C\\u0156\\u1E5E\\u024C\\u2C64\\uA75A\\uA7A6\\uA782]","S":"[\\u0053\\u24C8\\uFF33\\u1E9E\\u015A\\u1E64\\u015C\\u1E60\\u0160\\u1E66\\u1E62\\u1E68\\u0218\\u015E\\u2C7E\\uA7A8\\uA784]","T":"[\\u0054\\u24C9\\uFF34\\u1E6A\\u0164\\u1E6C\\u021A\\u0162\\u1E70\\u1E6E\\u0166\\u01AC\\u01AE\\u023E\\uA786]","TZ":"[\\uA728]","U":"[\\u0055\\u24CA\\uFF35\\u00D9\\u00DA\\u00DB\\u0168\\u1E78\\u016A\\u1E7A\\u016C\\u00DC\\u01DB\\u01D7\\u01D5\\u01D9\\u1EE6\\u016E\\u0170\\u01D3\\u0214\\u0216\\u01AF\\u1EEA\\u1EE8\\u1EEE\\u1EEC\\u1EF0\\u1EE4\\u1E72\\u0172\\u1E76\\u1E74\\u0244]","V":"[\\u0056\\u24CB\\uFF36\\u1E7C\\u1E7E\\u01B2\\uA75E\\u0245]","VY":"[\\uA760]","W":"[\\u0057\\u24CC\\uFF37\\u1E80\\u1E82\\u0174\\u1E86\\u1E84\\u1E88\\u2C72]","X":"[\\u0058\\u24CD\\uFF38\\u1E8A\\u1E8C]","Y":"[\\u0059\\u24CE\\uFF39\\u1EF2\\u00DD\\u0176\\u1EF8\\u0232\\u1E8E\\u0178\\u1EF6\\u1EF4\\u01B3\\u024E\\u1EFE]","Z":"[\\u005A\\u24CF\\uFF3A\\u0179\\u1E90\\u017B\\u017D\\u1E92\\u1E94\\u01B5\\u0224\\u2C7F\\u2C6B\\uA762]","a":"[\\u0061\\u24D0\\uFF41\\u1E9A\\u00E0\\u00E1\\u00E2\\u1EA7\\u1EA5\\u1EAB\\u1EA9\\u00E3\\u0101\\u0103\\u1EB1\\u1EAF\\u1EB5\\u1EB3\\u0227\\u01E1\\u00E4\\u01DF\\u1EA3\\u00E5\\u01FB\\u01CE\\u0201\\u0203\\u1EA1\\u1EAD\\u1EB7\\u1E01\\u0105\\u2C65\\u0250]","aa":"[\\uA733]","ae":"[\\u00E6\\u01FD\\u01E3]","ao":"[\\uA735]","au":"[\\uA737]","av":"[\\uA739\\uA73B]","ay":"[\\uA73D]","b":"[\\u0062\\u24D1\\uFF42\\u1E03\\u1E05\\u1E07\\u0180\\u0183\\u0253]","c":"[\\u0063\\u24D2\\uFF43\\u0107\\u0109\\u010B\\u010D\\u00E7\\u1E09\\u0188\\u023C\\uA73F\\u2184]","d":"[\\u0064\\u24D3\\uFF44\\u1E0B\\u010F\\u1E0D\\u1E11\\u1E13\\u1E0F\\u0111\\u018C\\u0256\\u0257\\uA77A]","dz":"[\\u01F3\\u01C6]","e":"[\\u0065\\u24D4\\uFF45\\u00E8\\u00E9\\u00EA\\u1EC1\\u1EBF\\u1EC5\\u1EC3\\u1EBD\\u0113\\u1E15\\u1E17\\u0115\\u0117\\u00EB\\u1EBB\\u011B\\u0205\\u0207\\u1EB9\\u1EC7\\u0229\\u1E1D\\u0119\\u1E19\\u1E1B\\u0247\\u025B\\u01DD]","f":"[\\u0066\\u24D5\\uFF46\\u1E1F\\u0192\\uA77C]","g":"[\\u0067\\u24D6\\uFF47\\u01F5\\u011D\\u1E21\\u011F\\u0121\\u01E7\\u0123\\u01E5\\u0260\\uA7A1\\u1D79\\uA77F]","h":"[\\u0068\\u24D7\\uFF48\\u0125\\u1E23\\u1E27\\u021F\\u1E25\\u1E29\\u1E2B\\u1E96\\u0127\\u2C68\\u2C76\\u0265]","hv":"[\\u0195]","i":"[\\u0069\\u24D8\\uFF49\\u00EC\\u00ED\\u00EE\\u0129\\u012B\\u012D\\u00EF\\u1E2F\\u1EC9\\u01D0\\u0209\\u020B\\u1ECB\\u012F\\u1E2D\\u0268\\u0131]","j":"[\\u006A\\u24D9\\uFF4A\\u0135\\u01F0\\u0249]","k":"[\\u006B\\u24DA\\uFF4B\\u1E31\\u01E9\\u1E33\\u0137\\u1E35\\u0199\\u2C6A\\uA741\\uA743\\uA745\\uA7A3]","l":"[\\u006C\\u24DB\\uFF4C\\u0140\\u013A\\u013E\\u1E37\\u1E39\\u013C\\u1E3D\\u1E3B\\u017F\\u0142\\u019A\\u026B\\u2C61\\uA749\\uA781\\uA747]","lj":"[\\u01C9]","m":"[\\u006D\\u24DC\\uFF4D\\u1E3F\\u1E41\\u1E43\\u0271\\u026F]","n":"[\\u006E\\u24DD\\uFF4E\\u01F9\\u0144\\u00F1\\u1E45\\u0148\\u1E47\\u0146\\u1E4B\\u1E49\\u019E\\u0272\\u0149\\uA791\\uA7A5]","nj":"[\\u01CC]","o":"[\\u006F\\u24DE\\uFF4F\\u00F2\\u00F3\\u00F4\\u1ED3\\u1ED1\\u1ED7\\u1ED5\\u00F5\\u1E4D\\u022D\\u1E4F\\u014D\\u1E51\\u1E53\\u014F\\u022F\\u0231\\u00F6\\u022B\\u1ECF\\u0151\\u01D2\\u020D\\u020F\\u01A1\\u1EDD\\u1EDB\\u1EE1\\u1EDF\\u1EE3\\u1ECD\\u1ED9\\u01EB\\u01ED\\u00F8\\u01FF\\u0254\\uA74B\\uA74D\\u0275]","oi":"[\\u01A3]","ou":"[\\u0223]","oo":"[\\uA74F]","p":"[\\u0070\\u24DF\\uFF50\\u1E55\\u1E57\\u01A5\\u1D7D\\uA751\\uA753\\uA755]","q":"[\\u0071\\u24E0\\uFF51\\u024B\\uA757\\uA759]","r":"[\\u0072\\u24E1\\uFF52\\u0155\\u1E59\\u0159\\u0211\\u0213\\u1E5B\\u1E5D\\u0157\\u1E5F\\u024D\\u027D\\uA75B\\uA7A7\\uA783]","s":"[\\u0073\\u24E2\\uFF53\\u015B\\u1E65\\u015D\\u1E61\\u0161\\u1E67\\u1E63\\u1E69\\u0219\\u015F\\u023F\\uA7A9\\uA785\\u1E9B]","ss":"[\\u00DF]","t":"[\\u0074\\u24E3\\uFF54\\u1E6B\\u1E97\\u0165\\u1E6D\\u021B\\u0163\\u1E71\\u1E6F\\u0167\\u01AD\\u0288\\u2C66\\uA787]","tz":"[\\uA729]","u":"[\\u0075\\u24E4\\uFF55\\u00F9\\u00FA\\u00FB\\u0169\\u1E79\\u016B\\u1E7B\\u016D\\u00FC\\u01DC\\u01D8\\u01D6\\u01DA\\u1EE7\\u016F\\u0171\\u01D4\\u0215\\u0217\\u01B0\\u1EEB\\u1EE9\\u1EEF\\u1EED\\u1EF1\\u1EE5\\u1E73\\u0173\\u1E77\\u1E75\\u0289]","v":"[\\u0076\\u24E5\\uFF56\\u1E7D\\u1E7F\\u028B\\uA75F\\u028C]","vy":"[\\uA761]","w":"[\\u0077\\u24E6\\uFF57\\u1E81\\u1E83\\u0175\\u1E87\\u1E85\\u1E98\\u1E89\\u2C73]","x":"[\\u0078\\u24E7\\uFF58\\u1E8B\\u1E8D]","y":"[\\u0079\\u24E8\\uFF59\\u1EF3\\u00FD\\u0177\\u1EF9\\u0233\\u1E8F\\u00FF\\u1EF7\\u1E99\\u1EF5\\u01B4\\u024F\\u1EFF]","z":"[\\u007A\\u24E9\\uFF5A\\u017A\\u1E91\\u017C\\u017E\\u1E93\\u1E95\\u01B6\\u0225\\u0240\\u2C6C\\uA763]"},"researchesTests":["contentHasTOC","contentHasShortParagraphs","contentHasAssets","keywordInTitle","keywordInMetaDescription","keywordInPermalink","keywordIn10Percent","keywordInContent","keywordInSubheadings","keywordInImageAlt","keywordDensity","keywordNotUsed","lengthContent","lengthPermalink","linksHasInternal","linksHasExternals","linksNotAllExternals","titleStartWithKeyword","titleSentiment","titleHasPowerWords","titleHasNumber","hasContentAI"],"hasRedirection":true,"hasBreadcrumb":true},"homeUrl":"https:\/\/kronika-futbolu.pl\/historia","objectID":11969,"objectType":"post","locale":"pl","localeFull":"pl_PL","overlayImages":{"play":{"name":"Ikona PLAY","url":"https:\/\/kronika-futbolu.pl\/historia\/wp-content\/plugins\/seo-by-rank-math\/assets\/admin\/img\/icon-play.png","path":"\/home\/klient.dhosting.pl\/netpositive\/kronika-futbolu.pl\/public_html\/historia\/wp-content\/plugins\/seo-by-rank-math\/assets\/admin\/img\/icon-play.png","position":"middle_center"},"gif":{"name":"Ikona GIF","url":"https:\/\/kronika-futbolu.pl\/historia\/wp-content\/plugins\/seo-by-rank-math\/assets\/admin\/img\/icon-gif.png","path":"\/home\/klient.dhosting.pl\/netpositive\/kronika-futbolu.pl\/public_html\/historia\/wp-content\/plugins\/seo-by-rank-math\/assets\/admin\/img\/icon-gif.png","position":"middle_center"}},"defautOgImage":"https:\/\/kronika-futbolu.pl\/historia\/wp-content\/plugins\/seo-by-rank-math\/assets\/admin\/img\/social-placeholder.jpg","customPermalinks":true,"isUserRegistered":true,"autoSuggestKeywords":true,"connectSiteUrl":"https:\/\/rankmath.com\/auth?site=https%3A%2F%2Fkronika-futbolu.pl%2Fhistoria&r=https%3A%2F%2Fkronika-futbolu.pl%2Fhistoria%2Fwp-json%2Fwp%2Fv2%2Fpages%2F11969%3Fnonce%3D2213eb30c5&pro=1","maxTags":100,"trendsIcon":"<svg viewBox=\"0 0 610 610\"><path d=\"M18.85,446,174.32,290.48l58.08,58.08L76.93,504a14.54,14.54,0,0,1-20.55,0L18.83,466.48a14.54,14.54,0,0,1,0-20.55Z\" style=\"fill:#4285f4\"\/><path d=\"M242.65,242.66,377.59,377.6l-47.75,47.75a14.54,14.54,0,0,1-20.55,0L174.37,290.43l47.75-47.75A14.52,14.52,0,0,1,242.65,242.66Z\" style=\"fill:#ea4335\"\/><polygon points=\"319.53 319.53 479.26 159.8 537.34 217.88 377.61 377.62 319.53 319.53\" style=\"fill:#fabb05\"\/><path d=\"M594.26,262.73V118.61h0a16.94,16.94,0,0,0-16.94-16.94H433.2a16.94,16.94,0,0,0-12,28.92L565.34,274.71h0a16.94,16.94,0,0,0,28.92-12Z\" style=\"fill:#34a853\"\/><rect width=\"610\" height=\"610\" style=\"fill:none\"\/><\/svg>","showScore":true,"siteFavIcon":"data:image\/png;base64,iVBORw0KGgoAAAANSUhEUgAAABAAAAAQCAYAAAAf8\/9hAAABs0lEQVR4AWL4\/\/8\/RRjO8Iucx+noO0MWUDo16FYABMGP6ZfUcRnWtm27jVPbtm3bttuH2t3eFPcY9pLz7NxiLjCyVd87pKnHyqXyxtCs8APd0rnyxiu4qSeA3QEDrAwBDrT1s1Rc\/OrjLZwqVmOSu6+Lamcpp2KKMA9PH1BYXMe1mUP5qotvXTywsOEEYHXxrY+3cqk6TMkYpNr2FeoY3KIr0RPtn9wQ2unlA+GMkRw6+9TFw4YTwDUzx\/JVvARj9KaedXRO8P5B1Du2S32smzqUrcKGEyA+uAgQjKX7zf0boWHGfn71jIKj2689gxp7OAGShNcBUmLMPVjZuiKcA2vuWHHDCQxMCz629kXAIU4ApY15QwggAFbfOP9DhgBJ+nWVJ1AZAfICAj1pAlY6hCADZnveQf7bQIwzVONGJonhLIlS9gr5mFg44Xd+4S3XHoGNPdJl1INIwKyEgHckEhgTe1bGiFY9GSFBYUwLh1IkiJUbY407E7syBSFxKTszEoiE\/YdrgCEayDmtaJwCI9uu8TKMuZSVfSa4BpGgzvomBR\/INhLGzrqDotp01ZR8pn\/1L0JN9d9XNyx0AAAAAElFTkSuQmCC","canUser":{"general":false,"advanced":false,"snippet":false,"social":false,"analysis":false,"analytics":false,"content_ai":false},"showKeywordIntent":true,"isPro":true,"is_front_page":false,"trendsUpgradeLink":"https:\/\/rankmath.com\/pricing\/?utm_source=Plugin&utm_medium=CE%20General%20Tab%20Trends&utm_campaign=WP","trendsUpgradeLabel":"Ulepszenie","trendsPreviewImage":"https:\/\/kronika-futbolu.pl\/historia\/wp-content\/plugins\/seo-by-rank-math\/assets\/admin\/img\/trends-preview.jpg","currentEditor":false,"homepageData":{"assessor":{"powerWords":[],"diacritics":true,"researchesTests":["contentHasTOC","contentHasShortParagraphs","contentHasAssets","keywordInTitle","keywordInMetaDescription","keywordInPermalink","keywordIn10Percent","keywordInContent","keywordInSubheadings","keywordInImageAlt","keywordDensity","keywordNotUsed","lengthContent","lengthPermalink","linksHasInternal","linksHasExternals","linksNotAllExternals","titleStartWithKeyword","titleSentiment","titleHasPowerWords","titleHasNumber","hasContentAI"],"hasBreadcrumb":true,"serpData":{"title":"%sitename% %page% %sep% %sitedesc%","description":"","titleTemplate":"%sitename% %page% %sep% %sitedesc%","descriptionTemplate":"","focusKeywords":"","breadcrumbTitle":"Dom","robots":{"index":true},"advancedRobots":[],"facebookTitle":"","facebookDescription":"","facebookImage":"","facebookImageID":""}}},"searchIntents":[],"isAnalyticsConnected":false,"tocTitle":"Spis tre\u015bci","tocExcludeHeadings":[],"listStyle":"ul"},"_links":{"self":[{"href":"https:\/\/kronika-futbolu.pl\/historia\/wp-json\/wp\/v2\/pages\/11969","targetHints":{"allow":["GET"]}}],"collection":[{"href":"https:\/\/kronika-futbolu.pl\/historia\/wp-json\/wp\/v2\/pages"}],"about":[{"href":"https:\/\/kronika-futbolu.pl\/historia\/wp-json\/wp\/v2\/types\/page"}],"author":[{"embeddable":true,"href":"https:\/\/kronika-futbolu.pl\/historia\/wp-json\/wp\/v2\/users\/3"}],"replies":[{"embeddable":true,"href":"https:\/\/kronika-futbolu.pl\/historia\/wp-json\/wp\/v2\/comments?post=11969"}],"version-history":[{"count":5,"href":"https:\/\/kronika-futbolu.pl\/historia\/wp-json\/wp\/v2\/pages\/11969\/revisions"}],"predecessor-version":[{"id":12033,"href":"https:\/\/kronika-futbolu.pl\/historia\/wp-json\/wp\/v2\/pages\/11969\/revisions\/12033"}],"wp:attachment":[{"href":"https:\/\/kronika-futbolu.pl\/historia\/wp-json\/wp\/v2\/media?parent=11969"}],"curies":[{"name":"wp","href":"https:\/\/api.w.org\/{rel}","templated":true}]}}