{"id":12491,"date":"2022-05-12T19:43:10","date_gmt":"2022-05-12T17:43:10","guid":{"rendered":"https:\/\/kronika-futbolu.pl\/historia\/?page_id=12491"},"modified":"2023-01-05T19:46:14","modified_gmt":"2023-01-05T18:46:14","slug":"polska-meksyk-w-pilce-noznej-wyniki-meczow","status":"publish","type":"page","link":"https:\/\/kronika-futbolu.pl\/historia\/polska-meksyk-w-pilce-noznej-wyniki-meczow\/","title":{"rendered":"Polska-Meksyk w pi\u0142ce no\u017cnej wyniki mecz\u00f3w"},"content":{"rendered":"<div id=\"ez-toc-container\" class=\"ez-toc-v2_0_75 counter-hierarchy ez-toc-counter ez-toc-grey ez-toc-container-direction\">\n<div class=\"ez-toc-title-container\">\n<p class=\"ez-toc-title\" style=\"cursor:inherit\">Table of Contents<\/p>\n<span class=\"ez-toc-title-toggle\"><a href=\"#\" class=\"ez-toc-pull-right ez-toc-btn ez-toc-btn-xs ez-toc-btn-default ez-toc-toggle\" aria-label=\"Toggle Table of Content\"><span class=\"ez-toc-js-icon-con\"><span class=\"\"><span class=\"eztoc-hide\" style=\"display:none;\">Toggle<\/span><span class=\"ez-toc-icon-toggle-span\"><svg style=\"fill: #999;color:#999\" xmlns=\"http:\/\/www.w3.org\/2000\/svg\" class=\"list-377408\" width=\"20px\" height=\"20px\" viewBox=\"0 0 24 24\" fill=\"none\"><path d=\"M6 6H4v2h2V6zm14 0H8v2h12V6zM4 11h2v2H4v-2zm16 0H8v2h12v-2zM4 16h2v2H4v-2zm16 0H8v2h12v-2z\" fill=\"currentColor\"><\/path><\/svg><svg style=\"fill: #999;color:#999\" class=\"arrow-unsorted-368013\" xmlns=\"http:\/\/www.w3.org\/2000\/svg\" width=\"10px\" height=\"10px\" viewBox=\"0 0 24 24\" version=\"1.2\" baseProfile=\"tiny\"><path d=\"M18.2 9.3l-6.2-6.3-6.2 6.3c-.2.2-.3.4-.3.7s.1.5.3.7c.2.2.4.3.7.3h11c.3 0 .5-.1.7-.3.2-.2.3-.5.3-.7s-.1-.5-.3-.7zM5.8 14.7l6.2 6.3 6.2-6.3c.2-.2.3-.5.3-.7s-.1-.5-.3-.7c-.2-.2-.4-.3-.7-.3h-11c-.3 0-.5.1-.7.3-.2.2-.3.5-.3.7s.1.5.3.7z\"\/><\/svg><\/span><\/span><\/span><\/a><\/span><\/div>\n<nav><ul class='ez-toc-list ez-toc-list-level-1 ' ><li class='ez-toc-page-1 ez-toc-heading-level-2'><a class=\"ez-toc-link ez-toc-heading-1\" href=\"https:\/\/kronika-futbolu.pl\/historia\/polska-meksyk-w-pilce-noznej-wyniki-meczow\/#Bilans_meczow_Polska-Meksyk_kursy_bukmacherskie\" >Bilans mecz\u00f3w Polska-Meksyk, kursy bukmacherskie.<\/a><\/li><li class='ez-toc-page-1 ez-toc-heading-level-2'><a class=\"ez-toc-link ez-toc-heading-2\" href=\"https:\/\/kronika-futbolu.pl\/historia\/polska-meksyk-w-pilce-noznej-wyniki-meczow\/#%E2%80%8BTabela_rozgrywek\" >\u200bTabela rozgrywek<\/a><\/li><li class='ez-toc-page-1 ez-toc-heading-level-2'><a class=\"ez-toc-link ez-toc-heading-3\" href=\"https:\/\/kronika-futbolu.pl\/historia\/polska-meksyk-w-pilce-noznej-wyniki-meczow\/#9_Mecz_Meksyk_%E2%80%93_Polska_0_0_22_listopada_2022_r\" >9. Mecz Meksyk &#8211; Polska 0:0 (22 listopada 2022 r.)<\/a><\/li><li class='ez-toc-page-1 ez-toc-heading-level-2'><a class=\"ez-toc-link ez-toc-heading-4\" href=\"https:\/\/kronika-futbolu.pl\/historia\/polska-meksyk-w-pilce-noznej-wyniki-meczow\/#8_Mecz_Polska_%E2%80%93_Meksyk_0_1_13_listopada_2017_r\" >8. Mecz Polska &#8211; Meksyk 0:1 (13 listopada 2017 r.)<\/a><\/li><li class='ez-toc-page-1 ez-toc-heading-level-2'><a class=\"ez-toc-link ez-toc-heading-5\" href=\"https:\/\/kronika-futbolu.pl\/historia\/polska-meksyk-w-pilce-noznej-wyniki-meczow\/#7_Mecz_Polska_%E2%80%93_Meksyk_1_1_2_wrzesnia_2011_r\" >7. Mecz Polska &#8211; Meksyk 1:1 (2 wrze\u015bnia 2011 r.)<\/a><\/li><li class='ez-toc-page-1 ez-toc-heading-level-2'><a class=\"ez-toc-link ez-toc-heading-6\" href=\"https:\/\/kronika-futbolu.pl\/historia\/polska-meksyk-w-pilce-noznej-wyniki-meczow\/#6_Mecz_Meksyk_%E2%80%93_Polska_1_1_27_kwietnia_2005_r\" >6. Mecz Meksyk &#8211; Polska 1:1 (27 kwietnia 2005 r.)<\/a><\/li><li class='ez-toc-page-1 ez-toc-heading-level-2'><a class=\"ez-toc-link ez-toc-heading-7\" href=\"https:\/\/kronika-futbolu.pl\/historia\/polska-meksyk-w-pilce-noznej-wyniki-meczow\/#5_Mecz_Meksyk_%E2%80%93_Polska_3_1_14_lutego_1989_r\" >5. Mecz Meksyk &#8211; Polska 3:1 (14 lutego 1989 r.)<\/a><\/li><li class='ez-toc-page-1 ez-toc-heading-level-2'><a class=\"ez-toc-link ez-toc-heading-8\" href=\"https:\/\/kronika-futbolu.pl\/historia\/polska-meksyk-w-pilce-noznej-wyniki-meczow\/#4_Mecz_Meksyk_%E2%80%93_Polska_5_0_5_lutego_1985_r\" >4. Mecz Meksyk &#8211; Polska 5:0 (5 lutego 1985 r.)<\/a><\/li><li class='ez-toc-page-1 ez-toc-heading-level-2'><a class=\"ez-toc-link ez-toc-heading-9\" href=\"https:\/\/kronika-futbolu.pl\/historia\/polska-meksyk-w-pilce-noznej-wyniki-meczow\/#3_Mecz_Meksyk_%E2%80%93_Polska_1_3_10_czerwca_1978_r\" >3. Mecz Meksyk &#8211; Polska 1:3 (10 czerwca 1978 r.)<\/a><\/li><li class='ez-toc-page-1 ez-toc-heading-level-2'><a class=\"ez-toc-link ez-toc-heading-10\" href=\"https:\/\/kronika-futbolu.pl\/historia\/polska-meksyk-w-pilce-noznej-wyniki-meczow\/#2_Mecz_Meksyk_%E2%80%93_Polska_1_2_8_sierpnia_1973_r\" >2. Mecz Meksyk &#8211; Polska 1:2 (8 sierpnia 1973 r.)<\/a><\/li><li class='ez-toc-page-1 ez-toc-heading-level-2'><a class=\"ez-toc-link ez-toc-heading-11\" href=\"https:\/\/kronika-futbolu.pl\/historia\/polska-meksyk-w-pilce-noznej-wyniki-meczow\/#1_Mecz_Meksyk_%E2%80%93_Polska_0_1_5_sierpnia_1973_r\" >1. Mecz Meksyk &#8211; Polska 0:1 (5 sierpnia 1973 r.)<\/a><\/li><li class='ez-toc-page-1 ez-toc-heading-level-2'><a class=\"ez-toc-link ez-toc-heading-12\" href=\"https:\/\/kronika-futbolu.pl\/historia\/polska-meksyk-w-pilce-noznej-wyniki-meczow\/#_Przezyjmy_to_jeszcze_raz_%E2%80%93_galeria_zdjec_z_meczy_Polska_%E2%80%93_Meksyk\" >? Prze\u017cyjmy to jeszcze raz &#8211; galeria zdj\u0119\u0107 z meczy Polska &#8211; Meksyk<\/a><\/li><\/ul><\/nav><\/div>\n<h2><span class=\"ez-toc-section\" id=\"Bilans_meczow_Polska-Meksyk_kursy_bukmacherskie\"><\/span>Bilans mecz\u00f3w Polska-Meksyk, kursy bukmacherskie.<span class=\"ez-toc-section-end\"><\/span><\/h2>\n<p style=\"text-align: justify;\"><img loading=\"lazy\" decoding=\"async\" class=\"alignleft wp-image-641 size-medium\" src=\"https:\/\/kronika-futbolu.pl\/historia\/wp-content\/uploads\/2015\/10\/meksyk-logo-427x400.gif\" alt=\"\" width=\"427\" height=\"400\" \/><\/p>\n<p style=\"text-align: justify;\">\u0141\u0105cznie zosta\u0142o rozegranych 9 mecz\u00f3w, Polska wygra\u0142a 3 razy, 3 zremisowa\u0142a i 3 razy przegra\u0142a. Stosunek bramek to 9-13.<\/p>\n<p style=\"text-align: justify;\">Ostatni mecz odby\u0142 si\u0119 22 listopada 2022 roku w Doha, podczas Mistrzostw \u015awiata 2022 w Katarze. By\u0142o 0-0.<\/p>\n<p>Jak obstawiali bukmacherzy ? Zobacz aktualne i historyczne <strong><a href=\"https:\/\/obstawianie-meczy.net\/typy-bukmacherow\/polska-meksyk\/\" target=\"_blank\" rel=\"noopener\">kursy na Polska Meksyk<\/a><\/strong>.<\/p>\n<hr \/>\n<p><strong>\u00a0<\/strong><strong>Spis tre\u015bci:<\/strong><\/p>\n<ol reversed=\"\">\n<li><a href=\"#mecz9\">Mecz Meksyk-Polska(2022.11.22) \u2193<\/a><\/li>\n<li><a href=\"#mecz8\">Mecz Polska-Meksyk-(2017.11.13) \u2193<\/a><\/li>\n<li><a href=\"#mecz7\">Mecz Polska-Meksyk-(2011.09.02) \u2193<\/a><\/li>\n<li><a href=\"#mecz6\">Mecz Meksyk-Polska (2005.04.27) \u2193<\/a><\/li>\n<li><a href=\"#mecz5\">Mecz Meksyk-Polska (1989.02.14) \u2193<\/a><\/li>\n<li><a href=\"#mecz4\">Mecz Meksyk-Polska (1985.02.05) \u2193<\/a><\/li>\n<li><a href=\"#mecz3\">Mecz Meksyk-Polska (1978.06.10) \u2193<\/a><\/li>\n<li><a href=\"#mecz2\">Mecz Meksyk-Polska (1973.08.08) \u2193<\/a><\/li>\n<li><a href=\"#mecz1\">Mecz Meksyk-Polska (1973.08.05) \u2193<\/a>\n<p>\n<\/li>\n<\/ol>\n<h2><span class=\"ez-toc-section\" id=\"%E2%80%8BTabela_rozgrywek\"><\/span>\u200bTabela rozgrywek<span class=\"ez-toc-section-end\"><\/span><\/h2>\n\r\n\t\t\t<span class=\"rivals\">\r\n\t\t\t\t<strong>Inne mecze reprezentacji<\/strong>\r\n\t\t\t\t<select onchange=\"self.location.href=this.value\">\r\n\t\t\t\t\t<option value=\"#\">Wybierz rywala<\/option>\r\n\t\t\t\t\t<option value=\"\/historia\/reprezentacja-polski-mecze\/\">Wszystkie mecze<\/option>\r\n\t\t\t\t\t<option value=\"\/historia\/polska-albania-w-pilce-noznej-wyniki-meczow\/\">Albania<\/option>\r\n\t\t\t\t\t<option value=\"\/historia\/polska-andora-w-pilce-noznej-wyniki-meczow\/\">Andora<\/option>\r\n\t\t\t\t\t<option value=\"\/historia\/polska-anglia-w-pilce-noznej-wyniki-meczow\/\">Anglia<\/option>\r\n\t\t\t\t\t<option value=\"\/historia\/polska-arabia-saudyjska-w-pilce-noznej-wyniki-meczow\/\">Arabia Saudyjska<\/option>\r\n\t\t\t\t\t<option value=\"\/historia\/polska-argentyna-w-pilce-noznej-wyniki-meczow\/\">Argentyna<\/option>\r\n\t\t\t\t\t<option value=\"\/historia\/polska-austria-w-pilce-noznej-wyniki-meczow\/\">Austria<\/option>\r\n\t\t\t\t\t<option value=\"\/historia\/polska-belgia-w-pilce-noznej-wyniki-meczow\/\">Belgia<\/option>\r\n\t\t\t\t\t<option value=\"\/historia\/polska-brazylia-w-pilce-noznej-wyniki-meczow\/\">Brazylia<\/option>\r\n\t\t\t\t\t<option value=\"\/historia\/polska-chile-w-pilce-noznej-wyniki-meczow\/\">Chile<\/option>\r\n\t\t\t\t\t<option value=\"\/historia\/polska-chorwacja-w-pilce-noznej-wyniki-meczow\/\">Chorwacja<\/option>\r\n\t\t\t\t\t<option value=\"\/historia\/historia-i-bilans-meczow-polska-czarnogora\/\">Czarnog\u00f3ra<\/option>\r\n\t\t\t\t\t<option value=\"\/historia\/polska-czechy-w-pilce-noznej-wyniki-meczow\/\">Czechy<\/option>\r\n\t\t\t\t\t<option value=\"\/historia\/historia-i-bilans-meczow-polska-dania-w-pilce-noznej\/\">Dania<\/option>\r\n\t\t\t\t\t<option value=\"\/historia\/polska-estonia-w-pilce-noznej-wyniki-meczow\/\">Estonia<\/option>\r\n\t\t\t\t\t<option value=\"\/historia\/bilans-meczow-polska-francja-kursy-bukmacherskie\/\">Francja<\/option>\r\n\t\t\t\t\t<option value=\"\/historia\/polska-grecja-w-pilce-noznej-wyniki-meczow\/\">Grecja<\/option>\r\n\t\t\t\t\t<option value=\"\/historia\/polska-gruzja-w-pilce-noznej-wyniki-meczow\/\">Gruzja<\/option>\r\n\t\t\t\t\t<option value=\"\/historia\/polska-hiszpania-w-pilce-noznej-wyniki-meczow\/\">Hiszpania<\/option>\r\n\t\t\t\t\t<option value=\"\/historia\/polska-holandia-w-pilce-noznej-wyniki-meczow\/\">Holandia<\/option>\r\n\t\t\t\t\t<option value=\"\/historia\/historia-i-bilans-meczow-polska-irlandia\/\">Irlandia<\/option>\r\n\t\t\t\t\t<option value=\"\/historia\/polska-irlandia-polnocna-w-pilce-noznej-wyniki-meczow\/\">Irlandia P\u00f3\u0142nocna<\/option>\r\n\t\t\t\t\t<option value=\"\/historia\/polska-islandia-w-pilce-noznej-wyniki-meczow\/\">Islandia<\/option>\r\n\t\t\t\t\t<option value=\"\/historia\/historia-i-bilans-meczow-polska-japonia\/\">Japonia<\/option>\r\n\t\t\t\t\t<option value=\"\/historia\/historia-i-bilans-meczow-polska-kazachstan\/\">Kazachstan<\/option>\r\n\t\t\t\t\t<option value=\"\/historia\/historia-i-bilans-meczow-polska-kolumbia\/\">Kolumbia<\/option>\r\n\t\t\t\t\t<option value=\"\/historia\/historia-i-bilans-meczow-polska-korea-poludniowa-w-pilce-noznej\/\">Korea Po\u0142udniowa<\/option>\r\n\t\t\t\t\t<option value=\"\/historia\/polska-liechtenstein-w-pilce-noznej-wyniki-meczow\/\">Liechtenstein<\/option>\r\n\t\t\t\t\t<option value=\"\/historia\/historia-i-bilans-meczow-polska-litwa\/\">Litwa<\/option>\r\n\t\t\t\t\t<option value=\"\/historia\/polska-lotwa-w-pilce-noznej-wyniki-meczow\/\">\u0141otwa<\/option>\r\n\t\t\t\t\t<option value=\"\/historia\/polska-meksyk-w-pilce-noznej-wyniki-meczow\/\">Meksyk<\/option>\r\n\t\t\t\t\t<option value=\"\/historia\/polska-moldawia-w-pilce-noznej-wyniki-meczow\/\">Mo\u0142dawia<\/option>\r\n\t\t\t\t\t<option value=\"\/historia\/polska-niemcy-w-pilce-noznej-wyniki-meczow\/\">Niemcy<\/option>\r\n\t\t\t\t\t<option value=\"\/historia\/historia-i-bilans-meczow-polska-nigeria\/\">Nigeria<\/option>\r\n\t\t\t\t\t<option value=\"\/historia\/polska-norwegia-w-pilce-noznej-wyniki-meczow\/\">Norwegia<\/option>\r\n\t\t\t\t\t<option value=\"\/historia\/polska-nowa-zelandia-w-pilce-noznej-wyniki-meczow\/\">Nowa Zelandia<\/option>\r\n\t\t\t\t\t<option value=\"\/historia\/polska-portugalia-w-pilce-noznej-wyniki-meczow\/\">Portugalia<\/option>\r\n\t\t\t\t\t<option value=\"\/historia\/polska-rosja-w-pilce-noznej-wyniki-meczow\/\">Rosja<\/option>\r\n\t\t\t\t\t<option value=\"\/historia\/historia-i-bilans-meczow-polska-rumunia\/\">Rumunia<\/option>\r\n\t\t\t\t\t<option value=\"\/historia\/polska-san-marino-w-pilce-noznej-wyniki-meczow\/\">San Marino<\/option>\r\n\t\t\t\t\t<option value=\"\/historia\/historia-i-bilans-meczow-polska-senegal\/\">Senegal<\/option>\r\n\t\t\t\t\t<option value=\"\/historia\/polska-slowacja-w-pilce-noznej-wyniki-meczow\/\">S\u0142owacja<\/option>\r\n\t\t\t\t\t<option value=\"\/historia\/polska-slowenia-w-pilce-noznej-wyniki-meczow\/\">S\u0142owenia<\/option>\r\n\t\t\t\t\t<option value=\"\/historia\/polska-szkocja-w-pilce-noznej-wyniki-meczow\/\">Szkocja<\/option>\r\n\t\t\t\t\t<option value=\"\/historia\/polska-szwajcaria-w-pilce-noznej-wyniki-meczow\/\">Szwajcaria<\/option>\r\n\t\t\t\t\t<option value=\"\/historia\/polska-szwecja-w-pilce-noznej-wyniki-meczow\/\">Szwecja<\/option>\r\n\t\t\t\t\t<option value=\"\/historia\/polska-turcja-w-pilce-noznej-wyniki-meczow\/\">Turcja<\/option>\r\n\t\t\t\t\t<option value=\"\/historia\/polska-ukraina-w-pilce-noznej-wyniki-meczow\/\">Ukraina<\/option>\r\n\t\t\t\t\t<option value=\"\/historia\/historia-i-bilans-meczow-polska-urugwaj\/\">Urugwaj<\/option>\r\n\t\t\t\t\t<option value=\"\/historia\/polska-walia-w-pilce-noznej-wyniki-meczow\/\">Walia<\/option>\r\n\t\t\t\t\t<option value=\"\/historia\/polska-wegry-w-pilce-noznej-wyniki-meczow\/\">W\u0119gry<\/option>\r\n\t\t\t\t\t<option value=\"\/historia\/historia-i-bilans-meczow-polska-wlochy-w-pilce-noznej\/\">W\u0142ochy<\/option>\r\n\t\t\t\t\t<option value=\"\/historia\/polska-wyspy-owcze-w-pilce-noznej-wyniki-meczow\/\">Wyspy Owcze<\/option>\r\n\t\t\t\t<\/select>\r\n\t\t\t<\/span>\r\n\t\t\n<table style=\"width: 100%; height: 235px;\">\n<thead>\n<tr style=\"height: 45px;\">\n<th style=\"width: 0.484848%; text-align: center; height: 45px;\">Lp.<\/th>\n<th style=\"width: 12.4553%; height: 45px;\">Data meczu<\/th>\n<th style=\"width: 6.24149%; height: 45px;\">Miejsce<\/th>\n<th style=\"width: 8.17148%; height: 45px;\">Mecz<\/th>\n<th style=\"text-align: center; width: 7.58373%; height: 45px;\">Strzelone bramki<\/th>\n<th style=\"text-align: center; width: 10.9762%; height: 45px;\">Strzelone bramki<\/th>\n<th style=\"text-align: center; width: 12.8089%; height: 45px;\">Rodzaj rozgrywek<\/th>\n<th style=\"width: 26.1265%; height: 45px;\">Trener<\/th>\n<\/tr>\n<\/thead>\n<tbody>\n<tr style=\"height: 24px;\">\n<td style=\"width: 0.484848%; text-align: center; height: 24px;\">9.<\/td>\n<td style=\"width: 12.4553%; height: 24px;\">2022.11.22 (czwartek)<\/td>\n<td style=\"width: 6.24149%; height: 24px;\">Ad-Dauha<\/td>\n<td style=\"width: 8.17148%; height: 24px;\">Meksyk-Polska<\/td>\n<td style=\"text-align: center; width: 7.58373%; height: 24px;\">[mx] 0<\/td>\n<td style=\"text-align: center; width: 10.9762%; height: 24px;\">[pl] 0<\/td>\n<td style=\"text-align: center; width: 12.8089%; height: 24px;\">M\u015a 2022<\/td>\n<td style=\"width: 26.1265%; height: 24px;\">Czes\u0142aw Michniewicz<\/td>\n<\/tr>\n<tr style=\"height: 24px;\">\n<td style=\"width: 0.484848%; text-align: center; height: 24px;\">8.<\/td>\n<td style=\"width: 12.4553%; height: 24px;\">2017.11.17 (poniedzia\u0142ek)<\/td>\n<td style=\"width: 6.24149%; height: 24px;\">Gda\u0144sk<\/td>\n<td style=\"width: 8.17148%; height: 24px;\">Polska-Meksyk<\/td>\n<td style=\"text-align: center; width: 7.58373%; height: 24px;\">[pl] 0<\/td>\n<td style=\"text-align: center; width: 10.9762%; height: 24px;\">[mx] 1<\/td>\n<td style=\"text-align: center; width: 12.8089%; height: 24px;\">MT<\/td>\n<td style=\"width: 26.1265%; height: 24px;\">Adam Nawa\u0142ka<\/td>\n<\/tr>\n<tr style=\"height: 24px;\">\n<td style=\"width: 0.484848%; text-align: center; height: 24px;\">7.<\/td>\n<td style=\"width: 12.4553%; height: 24px;\">2011.09.02 (pi\u0105tek)<\/td>\n<td style=\"width: 6.24149%; height: 24px;\">Warszawa<\/td>\n<td style=\"width: 8.17148%; height: 24px;\">Polska-Meksyk<\/td>\n<td style=\"text-align: center; width: 7.58373%; height: 24px;\">[pl] 1<\/td>\n<td style=\"text-align: center; width: 10.9762%; height: 24px;\">[mx] 1<\/td>\n<td style=\"text-align: center; width: 12.8089%; height: 24px;\">MT<\/td>\n<td style=\"width: 26.1265%; height: 24px;\">Franciszek Smuda<\/td>\n<\/tr>\n<tr style=\"height: 24px;\">\n<td style=\"width: 0.484848%; text-align: center; height: 24px;\">6.<\/td>\n<td style=\"width: 12.4553%; height: 24px;\">2005.04.27 (\u015broda)<\/td>\n<td style=\"width: 6.24149%; height: 24px;\">Chicago<\/td>\n<td style=\"width: 8.17148%; height: 24px;\">Meksyk-Polska<\/td>\n<td style=\"text-align: center; width: 7.58373%; height: 24px;\">[mx] 1<\/td>\n<td style=\"text-align: center; width: 10.9762%; height: 24px;\">[pl] 1<\/td>\n<td style=\"text-align: center; width: 12.8089%; height: 24px;\">MT<\/td>\n<td style=\"width: 26.1265%; height: 24px;\">Pawe\u0142 Janas<\/td>\n<\/tr>\n<tr style=\"height: 21px;\">\n<td style=\"width: 0.484848%; text-align: center; height: 10px;\">5.<\/td>\n<td style=\"width: 12.4553%; height: 10px;\">1989.02.14 (wtorek)<\/td>\n<td style=\"width: 6.24149%; height: 10px;\">Heroica Puebla de Zaragoza<\/td>\n<td style=\"width: 8.17148%; height: 10px;\">Meksyk-Polska<\/td>\n<td style=\"text-align: center; width: 7.58373%; height: 10px;\">[mx] 3<\/td>\n<td style=\"text-align: center; width: 10.9762%; height: 10px;\">[pl] 1<\/td>\n<td style=\"text-align: center; width: 12.8089%; height: 10px;\">MT<\/td>\n<td style=\"width: 26.1265%; height: 10px;\">Wojciech \u0141azarek<\/td>\n<\/tr>\n<tr style=\"height: 21px;\">\n<td style=\"width: 0.484848%; text-align: center; height: 21px;\">4.<\/td>\n<td style=\"width: 12.4553%; height: 21px;\">1985.02.05 (wtorek)<\/td>\n<td style=\"width: 6.24149%; height: 21px;\">Santiago de Quer\u00e9taro<\/td>\n<td style=\"width: 8.17148%; height: 21px;\">Meksyk-Polska<\/td>\n<td style=\"text-align: center; width: 7.58373%; height: 21px;\">[mx] 5<\/td>\n<td style=\"text-align: center; width: 10.9762%; height: 21px;\">[pl] 0<\/td>\n<td style=\"text-align: center; width: 12.8089%; height: 21px;\">MT<\/td>\n<td style=\"width: 26.1265%; height: 21px;\">Antoni Piechniczek<\/td>\n<\/tr>\n<tr style=\"height: 21px;\">\n<td style=\"width: 0.484848%; text-align: center; height: 21px;\">3.<\/td>\n<td style=\"width: 12.4553%; height: 21px;\">1978.06.10 (sobota)<\/td>\n<td style=\"width: 6.24149%; height: 21px;\">Rosario<\/td>\n<td style=\"width: 8.17148%; height: 21px;\">Meksyk-Polska<\/td>\n<td style=\"text-align: center; width: 7.58373%; height: 21px;\">[mx] 1<\/td>\n<td style=\"text-align: center; width: 10.9762%; height: 21px;\">[pl] 3<\/td>\n<td style=\"text-align: center; width: 12.8089%; height: 21px;\">M\u015a 1978<\/td>\n<td style=\"width: 26.1265%; height: 21px;\">Jacek Gmoch<\/td>\n<\/tr>\n<tr style=\"height: 21px;\">\n<td style=\"width: 0.484848%; text-align: center; height: 21px;\">2.<\/td>\n<td style=\"width: 12.4553%; height: 21px;\">1973.08.08 (\u015broda)<\/td>\n<td style=\"width: 6.24149%; height: 21px;\">San Nicol\u00e1s de los Garza<\/td>\n<td style=\"width: 8.17148%; height: 21px;\">Meksyk-Polska<\/td>\n<td style=\"text-align: center; width: 7.58373%; height: 21px;\">[mx] 1<\/td>\n<td style=\"text-align: center; width: 10.9762%; height: 21px;\">[pl] 2<\/td>\n<td style=\"text-align: center; width: 12.8089%; height: 21px;\">MT<\/td>\n<td style=\"width: 26.1265%; height: 21px;\">Kazimierz G\u00f3rski<\/td>\n<\/tr>\n<tr style=\"height: 21px;\">\n<td style=\"width: 0.484848%; text-align: center; height: 21px;\">1.<\/td>\n<td style=\"width: 12.4553%; height: 21px;\">1973.08.05 (niedziela)<\/td>\n<td style=\"width: 6.24149%; height: 21px;\">Los Angeles<\/td>\n<td style=\"width: 8.17148%; height: 21px;\">Meksyk-Polska<\/td>\n<td style=\"text-align: center; width: 7.58373%; height: 21px;\">[mx] 0<\/td>\n<td style=\"text-align: center; width: 10.9762%; height: 21px;\">[pl] 1<\/td>\n<td style=\"text-align: center; width: 12.8089%; height: 21px;\">MT<\/td>\n<td style=\"width: 26.1265%; height: 21px;\">Kazimierz G\u00f3rski<\/td>\n<\/tr>\n<\/tbody>\n<\/table>\n<h2 style=\"text-align: justify;\"><span class=\"ez-toc-section\" id=\"9_Mecz_Meksyk_%E2%80%93_Polska_0_0_22_listopada_2022_r\"><\/span><a id=\"mecz9\"><\/a>9. Mecz Meksyk &#8211; Polska 0:0 (22 listopada 2022 r.)<span class=\"ez-toc-section-end\"><\/span><\/h2>\n<ul>\n<li><strong>Data meczu:<\/strong> 22.11.2022<\/li>\n<li><strong>Ranga meczu:<\/strong> Mistrzostwa \u015awiata 2022<\/li>\n<li><strong>S\u0119dzia: <\/strong>Chris Beath &#8211; Australia<\/li>\n<li><strong>Stadion:<\/strong> Stadium 974, Ad-Dauha<\/li>\n<li><strong>Trener:<\/strong> Czes\u0142aw Michniewicz<\/li>\n<\/ul>\n<p>W 58 minucie Robert Lewandowski nie wykorzysta\u0142 rzutu karnego.\u00a0<\/p>\n<p><strong>? Sk\u0142ady:<\/strong><\/p>\n<table style=\"border-collapse: collapse; width: 100%; height: 178px;\">\n<thead>\n<tr style=\"height: 21px;\">\n<th style=\"width: 50%; height: 21px;\">[mx] Meksyk:<\/th>\n<th style=\"width: 50%; height: 21px;\">[pl] Polska:<\/th>\n<\/tr>\n<\/thead>\n<tbody>\n<tr style=\"height: 386px;\">\n<td style=\"width: 50%; height: 157px;\">\n<ul>\n<li><strong>Guillermo Ochoa<\/strong> &#8211; Club America<\/li>\n<li><strong>Jorge S\u00e1nchez<\/strong> 29&#8242; [ycard] -Ajax<\/li>\n<li><strong>C\u00e9sar Montes<\/strong> -Monterrey<\/li>\n<li><strong>H\u00e9ctor Moreno<\/strong> 56&#8242; [ycard] -Monterrey<\/li>\n<li><strong>Jes\u00fas Gallardo<\/strong> -Monterrey<\/li>\n<li><strong>Luis Ch\u00e1vez<\/strong> -Pachuca<\/li>\n<li><strong>Edson \u00c1lvarez<\/strong> -Ajax<\/li>\n<li><strong>H\u00e9ctor Herrera<\/strong> do 71&#8242; -Houston Dynamo<\/li>\n<li>od 71&#8242; <strong>Carlos Rodr\u00edguez<\/strong> -Cruz Azul<\/li>\n<li><strong>Hirving Lozano<\/strong> -Napoli<\/li>\n<li><strong>Henry Mart\u00edn<\/strong> do do 71&#8242; -Club America<\/li>\n<li>od 71&#8242; <strong>Ra\u00fal Jim\u00e9nez<\/strong> -Wolverhampton<\/li>\n<li><strong>Alexis Vega<\/strong> do 84&#8242; -Guadalajara<\/li>\n<li>od 84&#8242; <strong>Uriel Antuna<\/strong> -Cruz Azul<\/li>\n<\/ul>\n<\/td>\n<td style=\"width: 50%; height: 157px;\">\n<ul>\n<li><strong>Wojciech Szcz\u0119sny<\/strong> -Juventus<\/li>\n<li><strong>Kamil Glik<\/strong> -Benevento Calcio<\/li>\n<li><strong>Bartosz Bereszy\u0144ski<\/strong> -Sampdoria<\/li>\n<li><strong>Matty Cash<\/strong> -Aston Villa<\/li>\n<li><strong>Jakub Kiwior<\/strong> -Spezia Calcio<\/li>\n<li><strong>Grzegorz Krychowiak<\/strong> -Al Shabab<\/li>\n<li><strong>Piotr Zieli\u0144ski<\/strong> do 87&#8242; -Napoli<\/li>\n<li>od 87&#8242; <strong>Arkadiusz Milik<\/strong> -Juventus<\/li>\n<li><strong>Sebastian Szyma\u0144ski<\/strong> do 71&#8242; -Feyenoord Rotterdam<\/li>\n<li>od 71&#8242; <strong>Przemys\u0142aw Frankowski<\/strong> 76&#8242; [ycard] -RC Lens<\/li>\n<li><strong>Jakub Kami\u0144ski<\/strong> -VfL Wolfsburg<\/li>\n<li><strong>Robert Lewandowski<\/strong> kapitan -FC Barcelona<\/li>\n<li><strong>Nicola Zalewski<\/strong> do 46&#8242; -AS Roma<\/li>\n<li>od 46&#8242; <strong>Krystian Bielik<\/strong> -Birmingham City<\/li>\n<\/ul>\n<\/td>\n<\/tr>\n<\/tbody>\n<\/table>\n<div id=\"attachment_13464\" style=\"width: 638px\" class=\"wp-caption aligncenter\"><a href=\"https:\/\/kronika-futbolu.pl\/historia\/wp-content\/uploads\/2023\/01\/polska-meksyk-2022-httpstwitter.comprzegladstatus1595357370854645762.png\"><img loading=\"lazy\" decoding=\"async\" aria-describedby=\"caption-attachment-13464\" class=\"size-full wp-image-13464\" src=\"https:\/\/kronika-futbolu.pl\/historia\/wp-content\/uploads\/2023\/01\/polska-meksyk-2022-httpstwitter.comprzegladstatus1595357370854645762.png\" alt=\"Polska-Meksyk Mistrzostwa \u015awiata 2022\" width=\"628\" height=\"884\" srcset=\"https:\/\/kronika-futbolu.pl\/historia\/wp-content\/uploads\/2023\/01\/polska-meksyk-2022-httpstwitter.comprzegladstatus1595357370854645762.png 628w, https:\/\/kronika-futbolu.pl\/historia\/wp-content\/uploads\/2023\/01\/polska-meksyk-2022-httpstwitter.comprzegladstatus1595357370854645762-284x400.png 284w\" sizes=\"auto, (max-width: 628px) 100vw, 628px\" \/><\/a><p id=\"caption-attachment-13464\" class=\"wp-caption-text\">Ok\u0142adka Przegl\u0105du Sportowego 23.11.2022. \u0179r\u00f3d\u0142o: twitter.com\/przeglad<\/p><\/div>\n<p style=\"text-align: justify;\">By\u0142 to pierwszy mecz Reprezentacji Polski fazy grupowej Mistrzostw \u015awiata 2022. Po raz drugi Polacy zagrali z Meksykiem na Mistrzostwach \u015awiata, wcze\u015bniej w 1978 roku. Mecz zako\u0144czy\u0142 si\u0119 wynikiem 0-0. Polacy mogli wygra\u0107, ale w 58 minucie Robert Lewandowski nie wykorzysta\u0142 rzutu karnego.\u00a0<\/p>\n<p style=\"text-align: justify;\">Mecz Polak\u00f3w z Meksykiem rozpocz\u0105\u0142 si\u0119 o godzinie 17:00 czasu polskiego i ju\u017c obie ekipy wiedzia\u0142y, \u017ce sytuacja w grupie si\u0119 nieco skomplikowa\u0142a. O 11:00 rozpocz\u0105\u0142 si\u0119 pierwszy mecz grupy C Argentyna-Arabia Saudyjska. Sensacyjnie Argentyna przegra\u0142a 1-2 z Saudyjczykami. Dru\u017cyna, kt\u00f3ra by\u0142a skazywana na straty w tej grupie, pokrzy\u017cowa\u0142a plany ca\u0142ej tr\u00f3jce. Do swojego pierwszego spotkania na mundialu 2022, Meksykanie\u00a0 i Polacy podeszli bardzo ostro\u017cnie i to\u00a0 a\u017c za bardzo.\u00a0 Mecz nie by\u0142 wybitnym widowiskiem, co p\u00f3\u017aniej zosta\u0142o nagrodzone najgorszym meczem podczas\u00a0 Mistrzostw \u015awiata 2022. Nie zawsze remis 0-0 oznacza brak emocji i s\u0142abe spotkanie. Jednak w tym przypadku mieli\u015bmy i mizern\u0105 gr\u0119 obu dru\u017cyn i brak goli. Mo\u017cna powiedzie\u0107, \u017ce Polacy zagrali zachowawczo, bardzo defensywnie, za wszelk\u0105 cen\u0119 nie chcieli tego pierwszego starcia przegra\u0107, co trzeba oczywi\u015bcie uzna\u0107 na plus, jednak mo\u017cna by\u0142o pokusi\u0107 si\u0119 o nie co lepszy wyst\u0119p.\u00a0<\/p>\n<p style=\"text-align: justify;\">W I po\u0142owie zawi\u00f3d\u0142 Nicola Zalewski, co dostrzeg\u0142 trener Czes\u0142aw Michniewicz i ju\u017c po przerwie wprowadzi\u0142 za niego Bielika. Polska mia\u0142a \u015bwietn\u0105 okazj\u0119 do bramki w 58 minucie, kiedy to rzut karny wykonywa\u0142 Robert Lewandowski, kt\u00f3ry chwil\u0119 wcze\u015bniej zosta\u0142 sfaulowany w polu karnym i po analizie VAR s\u0119dzie wskaza\u0142 na 11 metr. Ca\u0142a Polska widzia\u0142a ju\u017c pi\u0142k\u0119 w siatce, lecz RL9 uderzy\u0142 jak nie on, p\u0142asko, lekko i Ochoa obroni\u0142. Ogromny zaw\u00f3d i spore rozczarowanie. Do ko\u0144ca spotkania ani Robert, ani \u017caden inny polski zawodnik nie potrafili pokona\u0107 meksyka\u0144skiego bramkarza.\u00a0<\/p>\n<p style=\"text-align: justify;\">Po meczu spad\u0142o sporo krytyki na polsk\u0105 dru\u017cyn\u0119 i na Czes\u0142awa Michniewicza, za s\u0142ab\u0105, bardzo defensywn\u0105 i bezbarwn\u0105 gr\u0119. Wynik by\u0142 jedynym pozytywem, lecz co pojawia\u0142y si\u0119 g\u0142osy, \u017ce po remisie sytuacja jest trudna, je\u015bli chodzi o awans z grupy.\u00a0<\/p>\n<p style=\"text-align: justify;\">Po raz 100 w Reprezentacji Polski zagra\u0142 Kamil Glik. Do klubu &#8222;100&#8221; zbli\u017cy\u0142 si\u0119 tak\u017ce Grzegrorz Krychowiak, dla kt\u00f3rego by\u0142 to 95 wyst\u0119p w barwach Narodowych. Sw\u00f3j rekord pobi\u0142 Robert Lewandowski, kt\u00f3ry zagra\u0142 po raz 135 w narodowej Kadrze.\u00a0<\/p>\n<h2 style=\"text-align: justify;\"><span class=\"ez-toc-section\" id=\"8_Mecz_Polska_%E2%80%93_Meksyk_0_1_13_listopada_2017_r\"><\/span><a id=\"mecz8\"><\/a>8. Mecz Polska &#8211; Meksyk 0:1 (13 listopada 2017 r.)<span class=\"ez-toc-section-end\"><\/span><\/h2>\n<ul>\n<li><strong>Data meczu:<\/strong> 13.11.2017<\/li>\n<li><strong>Ranga meczu:<\/strong> Towarzyski\u00a0<\/li>\n<li><strong>S\u0119dzia:<\/strong> Oliver Drachta &#8211; Austria<\/li>\n<li><strong>Stadion: <\/strong>Stadion Energa, Gda\u0144sk<\/li>\n<li><strong>Trener:<\/strong> Adam Nawa\u0142ka<\/li>\n<\/ul>\n<p><strong>\u26bd Strzelony gol:<\/strong><\/p>\n<ul>\n<li>Ra\u00fal Jim\u00e9nez [mx] 13&#8242;<\/li>\n<\/ul>\n<p><strong>? Sk\u0142ady:<\/strong><\/p>\n<table style=\"border-collapse: collapse; width: 100%; height: 178px;\">\n<thead>\n<tr style=\"height: 21px;\">\n<th style=\"width: 50%; height: 21px;\">[pl] Polska:<\/th>\n<th style=\"width: 50%; height: 21px;\">[mx] Meksyk:<\/th>\n<\/tr>\n<\/thead>\n<tbody>\n<tr style=\"height: 386px;\">\n<td style=\"width: 50%; height: 157px;\">\n<ul>\n<li><strong>Wojciech Szcz\u0119sny<\/strong> kapitan -Juventus FC<\/li>\n<li><strong>Artur J\u0119drzejczyk<\/strong> do 46&#8242; -Legia Warszawa<\/li>\n<li>od 46&#8242; <strong>Pawe\u0142 Wszo\u0142ek<\/strong> -Queens Park Rangers FC<\/li>\n<li><strong>Maciej Rybus<\/strong> do 83&#8242; -Lokomotiv Moskwa<\/li>\n<li>od 83&#8242; <strong>Rafa\u0142 Kurzawa<\/strong> -G\u00f3rnik Zabrze<\/li>\n<li><strong>Thiago Cionek<\/strong> -US Citt\u00e0 di Palermo<\/li>\n<li><strong>Tomasz K\u0119dziora<\/strong> -Dynamo Kij\u00f3w<\/li>\n<li><strong>Jaros\u0142aw Jach<\/strong> -Zag\u0142\u0119bie Lubin<\/li>\n<li><strong>Krzysztof M\u0105czy\u0144ski<\/strong> -Legia Warszawa<\/li>\n<li><strong>Maciej Makuszewski<\/strong> do 76&#8242; -Lech Pozna\u0144<\/li>\n<li>od 76&#8242; <strong>Jakub B\u0142aszczykowski<\/strong> -VfL Wolfsburg<\/li>\n<li><strong>Piotr Zieli\u0144ski<\/strong> -SSC Napoli<\/li>\n<li><strong>Karol Linetty<\/strong> do 62&#8242; -UC Sampdoria<\/li>\n<li>od 62&#8242;<strong> Rafa\u0142 Wolski<\/strong> -Lechia Gda\u0144sk<\/li>\n<li><strong>Jakub \u015awierczok<\/strong> do 71&#8242; -Zag\u0142\u0119bie Lubin<\/li>\n<li>od 71&#8242; <strong>Mariusz St\u0119pi\u0144ski<\/strong> -AC Chievo Verona<\/li>\n<\/ul>\n<\/td>\n<td style=\"width: 50%; height: 157px;\">\n<ul>\n<li><strong>Jos\u00e9 de Jes\u00fas Corona<\/strong><\/li>\n<li><strong>Miguel Lay\u00fan<\/strong><\/li>\n<li><strong>Carlos Salcedo<\/strong> do 46&#8242;<\/li>\n<li>od 46&#8242; <strong>N\u00e9stor Araujo<\/strong><\/li>\n<li><strong>Hugo Ayala<\/strong> do 46&#8242;<\/li>\n<li>od 46&#8242;<strong> C\u00e9sar Montes<\/strong><\/li>\n<li><strong>H\u00e9ctor Moreno<\/strong> do 46&#8242;<\/li>\n<li>od 46&#8242; <strong>Carlos Vela<\/strong><\/li>\n<li><strong>Jes\u00fas Gallardo<\/strong><\/li>\n<li><strong>Jonathan dos Santos<\/strong> do 46&#8242;<\/li>\n<li>od 46&#8242; <strong>Omar Govea<\/strong><\/li>\n<li><strong>Diego Reyes<\/strong><\/li>\n<li><strong>Andr\u00e9s Guardado<\/strong><\/li>\n<li><strong>Javier Aquino<\/strong> do 46&#8242;<\/li>\n<li>od 46&#8242; <strong>Hirving Lozano<\/strong><\/li>\n<li><strong>Ra\u00fal Jim\u00e9nez<\/strong> do 46&#8242;<\/li>\n<li>od 46&#8242; <strong>Oribe Peralta<\/strong><\/li>\n<\/ul>\n<\/td>\n<\/tr>\n<\/tbody>\n<\/table>\n<p>&nbsp;<\/p>\n<p><div id=\"attachment_12666\" style=\"width: 1121px\" class=\"wp-caption aligncenter\"><a href=\"https:\/\/kronika-futbolu.pl\/historia\/wp-content\/uploads\/2022\/09\/8A_polska_meksyk_2017_gol_transmisja.png\"><img loading=\"lazy\" decoding=\"async\" aria-describedby=\"caption-attachment-12666\" class=\"wp-image-12666 size-full\" src=\"https:\/\/kronika-futbolu.pl\/historia\/wp-content\/uploads\/2022\/09\/8A_polska_meksyk_2017_gol_transmisja.png\" alt=\"Polska-Meksyk 2017\" width=\"1111\" height=\"552\" srcset=\"https:\/\/kronika-futbolu.pl\/historia\/wp-content\/uploads\/2022\/09\/8A_polska_meksyk_2017_gol_transmisja.png 1111w, https:\/\/kronika-futbolu.pl\/historia\/wp-content\/uploads\/2022\/09\/8A_polska_meksyk_2017_gol_transmisja-600x298.png 600w, https:\/\/kronika-futbolu.pl\/historia\/wp-content\/uploads\/2022\/09\/8A_polska_meksyk_2017_gol_transmisja-768x382.png 768w\" sizes=\"auto, (max-width: 1111px) 100vw, 1111px\" \/><\/a><p id=\"caption-attachment-12666\" class=\"wp-caption-text\">Polska-Meksyk 2017. Moment zdobycia bramki. \u0179r\u00f3d\u0142o: kadr z transmisji.<\/p><\/div> <div id=\"attachment_12667\" style=\"width: 1061px\" class=\"wp-caption alignleft\"><a href=\"https:\/\/kronika-futbolu.pl\/historia\/wp-content\/uploads\/2022\/09\/8B_polska_meksyk_2017_kibice_transmisja.png\"><img loading=\"lazy\" decoding=\"async\" aria-describedby=\"caption-attachment-12667\" class=\"wp-image-12667 size-full\" src=\"https:\/\/kronika-futbolu.pl\/historia\/wp-content\/uploads\/2022\/09\/8B_polska_meksyk_2017_kibice_transmisja.png\" alt=\"Polska-Meksyk 2017\" width=\"1051\" height=\"600\" srcset=\"https:\/\/kronika-futbolu.pl\/historia\/wp-content\/uploads\/2022\/09\/8B_polska_meksyk_2017_kibice_transmisja.png 1051w, https:\/\/kronika-futbolu.pl\/historia\/wp-content\/uploads\/2022\/09\/8B_polska_meksyk_2017_kibice_transmisja-600x343.png 600w, https:\/\/kronika-futbolu.pl\/historia\/wp-content\/uploads\/2022\/09\/8B_polska_meksyk_2017_kibice_transmisja-768x438.png 768w\" sizes=\"auto, (max-width: 1051px) 100vw, 1051px\" \/><\/a><p id=\"caption-attachment-12667\" class=\"wp-caption-text\">Polska-Meksyk 2017. Kibice meksyka\u0144scy. \u0179r\u00f3d\u0142o: kadr z transmisji.<\/p><\/div><\/p>\n<p style=\"text-align: justify;\">Na zako\u0144czenie 2017 roku Reprezentacja Polski zagra\u0142a w Gda\u0144sku z Meksykiem. Trzy dni po remisie 0-0 z Urugwajem w Warszawie Bia\u0142o-Czerwoni przegrali 0-1 z dru\u017cyn\u0105 meksyka\u0144sk\u0105. Selekcjoner Adam Nawa\u0142ka, maj\u0105c ju\u017c w g\u0142owie wyst\u0119p na Mistrzostwach \u015awiata za kilka miesi\u0119cy, da\u0142 szans\u0119 gry pi\u0142karzom, kt\u00f3rzy w eliminacjach mniej grali.<\/p>\n<p style=\"text-align: justify;\">Jedyny gol pad\u0142 w 13 minucie, a strzelcem by\u0142 Ra\u00fal Jim\u00e9nez, kt\u00f3ry najpewniej dopad\u0142 pi\u0142k\u0119 w polu karnym i strza\u0142em z lewej nogi pokona\u0142 Wojtka Szcz\u0119snego. Troch\u0119 w tej sytuacji zawinili polscy obro\u0144cy, kt\u00f3rzy nie potrafili wybi\u0107 pi\u0142ki.\u00a0<\/p>\n<p style=\"text-align: justify;\">Po raz pierwszy w Reprezentacji Polski zagrali: Rafa\u0142 Kurzawa i Tomasz K\u0119dziora. Dla pi\u0119ciu pi\u0142karzy ten mecz z Meksykiem by\u0142 jednocze\u015bnie ostatnim w barwach narodowych. Ostatni raz dla Reprezentacji Polski zagrali: Pawe\u0142 Wszo\u0142ek- 11 mecz\u00f3w i 2 gole, Jaros\u0142aw Jach- 2 mecze, Maciej Makuszewski- 5 mecz\u00f3w, Rafa\u0142 Wolski- 7 mecz\u00f3w i 1 gol, Mariusz St\u0119pi\u0144ski- 4 mecze.<\/p>\n<h2 style=\"text-align: justify;\"><span class=\"ez-toc-section\" id=\"7_Mecz_Polska_%E2%80%93_Meksyk_1_1_2_wrzesnia_2011_r\"><\/span><a id=\"mecz7\"><\/a>7. Mecz Polska &#8211; Meksyk 1:1 (2 wrze\u015bnia 2011 r.)<span class=\"ez-toc-section-end\"><\/span><\/h2>\n<ul>\n<li><strong>Data meczu:<\/strong> 02.09.2011<\/li>\n<li><strong>Ranga meczu:<\/strong> Towarzyski\u00a0<\/li>\n<li><strong>S\u0119dzia:<\/strong> Alexandru Deaconu &#8211; Rumunia<\/li>\n<li><strong>Stadion: <\/strong>Pepsi Arena (Stadion Legii- Stadion Wojska Polskiego im. Marsza\u0142ka J\u00f3zefa Pi\u0142sudskiego), Warszawa<\/li>\n<li><strong>Trener:<\/strong> Franciszek Smuda<\/li>\n<\/ul>\n<p><strong>\u26bd Strzelone bramki:<\/strong><\/p>\n<ul>\n<li>Pawe\u0142 Bro\u017cek\u00a0 [pl] 27&#8242;<\/li>\n<li>Javier Hern\u00e1ndez \u2019Chicharito\u2019 [mx] 35&#8242;\u00a0<\/li>\n<\/ul>\n<p><strong>? Sk\u0142ady:<\/strong><\/p>\n<table style=\"border-collapse: collapse; width: 100%; height: 178px;\">\n<thead>\n<tr style=\"height: 21px;\">\n<th style=\"width: 50%; height: 21px;\">[pl] Polska:<\/th>\n<th style=\"width: 50%; height: 21px;\">[mx] Meksyk:<\/th>\n<\/tr>\n<\/thead>\n<tbody>\n<tr style=\"height: 386px;\">\n<td style=\"width: 50%; height: 157px;\">\n<ul>\n<li><strong>Przemys\u0142aw Tyto\u0144<\/strong> -PSV Eindhoven<\/li>\n<li><strong>Marcin Wasilewski<\/strong> -RSC Anderlecht<\/li>\n<li><strong>Arkadiusz G\u0142owacki<\/strong> -Trabzonspor<\/li>\n<li><strong>Tomasz Jod\u0142owiec<\/strong> do 90&#8242; -Polonia Warszawa<\/li>\n<li>od 90&#8242; <strong>Janusz Gol<\/strong> -Legia Warszawa<\/li>\n<li><strong>Jakub Wawrzyniak<\/strong> -Legia Warszawa<\/li>\n<li><strong>Jakub B\u0142aszczykowski<\/strong> kapitan do 46&#8242; -Borussia Dortmund<\/li>\n<li>od 46&#8242; <strong>Patryk Ma\u0142ecki<\/strong> 57&#8242; [ycard] -Wis\u0142a Krak\u00f3w<\/li>\n<li><strong>Dariusz Dudka<\/strong> -AJ Auxerre<\/li>\n<li><strong>Adam Matuszczyk<\/strong> do 71&#8242; -1. FC K\u00f6ln<\/li>\n<li>od 71&#8242; <strong>Kamil Glik<\/strong> -Torino FC<\/li>\n<li><strong>Adrian Mierzejewski<\/strong> do 67&#8242; -Trabzonspor<\/li>\n<li>od 67&#8242; <strong>Maciej Rybus<\/strong> -Legia Warszawa<\/li>\n<li><strong>Ludovic Obraniak<\/strong> 70&#8242; [ycard] -LOSC Lille M\u00e9tropole<\/li>\n<li><strong>Pawe\u0142 Bro\u017cek<\/strong> do 84&#8242; -Trabzonspor<\/li>\n<li>od 84&#8242; <strong>S\u0142awomir Peszko<\/strong> -1. FC K\u00f6ln, K\u00f6ln<\/li>\n<\/ul>\n<\/td>\n<td style=\"width: 50%; height: 157px;\">\n<ul>\n<li><strong>Alfredo Talavera D\u00edaz<\/strong><\/li>\n<li><strong>Efra\u00edn Ju\u00e1rez Valdez<\/strong> do 74&#8242;<\/li>\n<li>od 74&#8242; <strong>Sergio P\u00e9rez Moya<\/strong><\/li>\n<li><strong>Francisco Javier Rodr\u00edguez Pinedo<\/strong><\/li>\n<li><strong>H\u00e9ctor Alfredo Moreno Herrera<\/strong><\/li>\n<li><strong>Carlos Arnoldo Salcido Flores<\/strong><\/li>\n<li><strong>Pablo Edson Barrera Acosta<\/strong><\/li>\n<li><strong>Jes\u00fas Antonio Molina Granados<\/strong> do 82&#8242;<\/li>\n<li>od 82&#8242; <strong>Israel Castro Mac\u00edas<\/strong><\/li>\n<li><strong>Gerardo Torrado D\u00edez de Bonilla<\/strong> kapitan<\/li>\n<li><strong>Ant\u00f4nio Naelson Matias \u2019Sinha\u2019<\/strong> do 65&#8242;<\/li>\n<li>od 65&#8242; <strong>Giovani dos Santos Ram\u00edrez<\/strong><\/li>\n<li><strong>Jos\u00e9 Andr\u00e9s Guardado Hern\u00e1ndez<\/strong><\/li>\n<li><strong>Javier Hern\u00e1ndez Balc\u00e1zar \u2019Chicharito\u2019<\/strong> do 46&#8242;<\/li>\n<li>od 46&#8242;<strong> Jes\u00fas Aldo de Nigris Guajardo<\/strong><\/li>\n<\/ul>\n<\/td>\n<\/tr>\n<\/tbody>\n<\/table>\n<p>&nbsp;<\/p>\n<p><div id=\"attachment_12655\" style=\"width: 1099px\" class=\"wp-caption aligncenter\"><a href=\"https:\/\/kronika-futbolu.pl\/historia\/wp-content\/uploads\/2022\/09\/7A_polska-meksyk_2011_pa_brozek.png\"><img loading=\"lazy\" decoding=\"async\" aria-describedby=\"caption-attachment-12655\" class=\"wp-image-12655 size-full\" src=\"https:\/\/kronika-futbolu.pl\/historia\/wp-content\/uploads\/2022\/09\/7A_polska-meksyk_2011_pa_brozek.png\" alt=\"Polska-Meksyk 2011\" width=\"1089\" height=\"542\" srcset=\"https:\/\/kronika-futbolu.pl\/historia\/wp-content\/uploads\/2022\/09\/7A_polska-meksyk_2011_pa_brozek.png 1089w, https:\/\/kronika-futbolu.pl\/historia\/wp-content\/uploads\/2022\/09\/7A_polska-meksyk_2011_pa_brozek-600x299.png 600w, https:\/\/kronika-futbolu.pl\/historia\/wp-content\/uploads\/2022\/09\/7A_polska-meksyk_2011_pa_brozek-768x382.png 768w\" sizes=\"auto, (max-width: 1089px) 100vw, 1089px\" \/><\/a><p id=\"caption-attachment-12655\" class=\"wp-caption-text\">Polska-Meksyk 2011.Pawe\u0142 Bro\u017cek po zdobyciu bramki. \u0179r\u00f3d\u0142o: kadr z transmisji.<\/p><\/div> <div id=\"attachment_12656\" style=\"width: 947px\" class=\"wp-caption alignleft\"><a href=\"https:\/\/kronika-futbolu.pl\/historia\/wp-content\/uploads\/2022\/09\/7B_polska_meksyk_2011__cicarito_laczynaspilka.png\"><img loading=\"lazy\" decoding=\"async\" aria-describedby=\"caption-attachment-12656\" class=\"wp-image-12656 size-full\" src=\"https:\/\/kronika-futbolu.pl\/historia\/wp-content\/uploads\/2022\/09\/7B_polska_meksyk_2011__cicarito_laczynaspilka.png\" alt=\"Polska-Meksyk 2011\" width=\"937\" height=\"529\" srcset=\"https:\/\/kronika-futbolu.pl\/historia\/wp-content\/uploads\/2022\/09\/7B_polska_meksyk_2011__cicarito_laczynaspilka.png 937w, https:\/\/kronika-futbolu.pl\/historia\/wp-content\/uploads\/2022\/09\/7B_polska_meksyk_2011__cicarito_laczynaspilka-600x339.png 600w, https:\/\/kronika-futbolu.pl\/historia\/wp-content\/uploads\/2022\/09\/7B_polska_meksyk_2011__cicarito_laczynaspilka-768x434.png 768w\" sizes=\"auto, (max-width: 937px) 100vw, 937px\" \/><\/a><p id=\"caption-attachment-12656\" class=\"wp-caption-text\">Polska-Meksyk 2011. Gol dla Meksyku. \u0179r\u00f3d\u0142o: kadr z transmisji.<\/p><\/div><\/p>\n<p style=\"text-align: justify;\">Mistrzostwa Europy 2012 rozgrywane w Polsce i Ukrainie zbli\u017ca\u0142y si\u0119 wielkimi krokami. Reprezentacja Polski z selekcjonerem Franciszkiem Smuda na czele w ramach przygotowa\u0144 rozgrywa\u0142a mecze towarzyskie, w kt\u00f3rych rywalami by\u0142y dru\u017cyny ze \u015bwiatowego topu. Na pocz\u0105tku wrze\u015bnia 2011 roku do Warszawy przylecia\u0142a dru\u017cyna Meksyku. W czerwcu Meksykanie wygrali Z\u0142oty Puchar CONCACAF, a w lipcu brali udzia\u0142 w Copa America. Meksyk rok wcze\u015bniej zameldowa\u0142 si\u0119 w 1\/8 fina\u0142u Mistrzostw \u015awiata 2010. By\u0142 to 7 mecz Bia\u0142o-Czerwonych z Meksykanami, ale po raz pierwszy w Polsce.<\/p>\n<p style=\"text-align: justify;\">Co najmniej dwa fakty \u0142\u0105cz\u0105 mecz Polski z Meksykiem z roku 2011 i z roku 2005. Po pierwsze wynik- 1:1, po drugie gola dla Polski zdoby\u0142, w tych dw\u00f3ch spotkaniach Pawe\u0142 Bro\u017cek.\u00a0 W 27 minucie Bro\u017cek wykorzysta\u0142 podanie z prawej strony od Adriana Mierzejewskiego i pokona\u0142 bramkarza Alfredo Talavera. Niestety kilka minut p\u00f3\u017aniej wyr\u00f3wna\u0142 Chicharito po do\u015brodkowaniu z rzutu ro\u017cnego. Cztery dni p\u00f3\u017aniej Polacy zremisowali 2-2 w Gda\u0144sku z Niemcami.\u00a0<\/p>\n<p style=\"text-align: justify;\">Po raz 8 i ostatni w Reprezentacji Polski wyst\u0105pi\u0142 Patryk Ma\u0142ecki.\u00a0<\/p>\n<h2 style=\"text-align: justify;\"><span class=\"ez-toc-section\" id=\"6_Mecz_Meksyk_%E2%80%93_Polska_1_1_27_kwietnia_2005_r\"><\/span><a id=\"mecz6\"><\/a>6. Mecz Meksyk &#8211; Polska 1:1 (27 kwietnia 2005 r.)<span class=\"ez-toc-section-end\"><\/span><\/h2>\n<ul>\n<li><strong>Data meczu:<\/strong> 27.04.2005<\/li>\n<li><strong>Ranga meczu:<\/strong> Towarzyski\u00a0<\/li>\n<li><strong>S\u0119dzia:<\/strong> Michael Kennedy &#8211; USA<\/li>\n<li><strong>Stadion:<\/strong> Soldier Field, Chicago<\/li>\n<li><strong>Trener:<\/strong> Pawe\u0142 Janas<\/li>\n<\/ul>\n<p><strong>\u26bd Strzelone bramki:<\/strong><\/p>\n<ul>\n<li>Ram\u00f3n Morales Higuera [mx] 51&#8242;<\/li>\n<li>Pawe\u0142 Bro\u017cek [pl] 71&#8242;\u00a0<\/li>\n<\/ul>\n<p><strong>? Sk\u0142ady:<\/strong><\/p>\n<table style=\"border-collapse: collapse; width: 100%; height: 178px;\">\n<thead>\n<tr style=\"height: 21px;\">\n<th style=\"width: 50%; height: 21px;\">[mx] Meksyk:<\/th>\n<th style=\"width: 50%; height: 21px;\">[pl] Polska:<\/th>\n<\/tr>\n<\/thead>\n<tbody>\n<tr style=\"height: 386px;\">\n<td style=\"width: 50%; height: 157px;\">\n<ul>\n<li><strong>Jos\u00e9 de Jes\u00fas Corona Rodr\u00edguez<\/strong><\/li>\n<li><strong>Rafael Medina Rodr\u00edguez<\/strong> do 78&#8242;<\/li>\n<li>od 78&#8242;<strong> Mario M\u00e9ndez Olague<\/strong><\/li>\n<li><strong>Francisco Javier Rodr\u00edguez Pinedo<\/strong><\/li>\n<li><strong>Ricardo Osorio Mendoza<\/strong><\/li>\n<li><strong>Gonzalo Pineda Reyes<\/strong><\/li>\n<li><strong>Juan Pablo Rodr\u00edguez Guerrero<\/strong><\/li>\n<li><strong>Ram\u00f3n Morales Higuera<\/strong> kapitan do 73&#8242;<\/li>\n<li>od 73&#8242; <strong>Aar\u00f3n Galindo Rubio<\/strong><\/li>\n<li><strong>Miguel \u00c1ngel Zepeda Espinoza<\/strong> do 46&#8242;<\/li>\n<li>od 46&#8242; <strong>Gustavo Omar Trujillo Corona<\/strong><\/li>\n<li><strong>Luis Ernesto P\u00e9rez G\u00f3mez<\/strong> do 46&#8242;<\/li>\n<li>od 46&#8242; <strong>Ant\u00f4nio Naelson Matias \u2019Zinha\u2019<\/strong><\/li>\n<li><strong>Jos\u00e9 Francisco Fonseca Guzm\u00e1n<\/strong> do 76&#8242;<\/li>\n<li>od 76&#8242; <strong>Oribe Peralta Morones<\/strong><\/li>\n<li><strong>Omar Bravo Tordecillas<\/strong> do 46&#8242;<\/li>\n<li>od 46&#8242; <strong>Alberto Medina Brise\u00f1o<\/strong><\/li>\n<\/ul>\n<\/td>\n<td style=\"width: 50%; height: 157px;\">\n<ul>\n<li><strong>Artur Boruc<\/strong> -Legia Warszawa<\/li>\n<li><strong>Marcin Baszczy\u0144ski<\/strong> 42&#8242; [ycard] -Wis\u0142a Krak\u00f3w<\/li>\n<li><strong>Arkadiusz G\u0142owacki<\/strong> -Wis\u0142a Krak\u00f3w<\/li>\n<li><strong>Tomasz K\u0142os<\/strong> kapitan 26&#8242; [ycard] -Wis\u0142a Krak\u00f3w<\/li>\n<li><strong>Dariusz Dudk<\/strong>a -Amica Wronki<\/li>\n<li><strong>Marcin Zaj\u0105c<\/strong> do 44&#8242; -Dyskobolia Grodzisk Wielkopolski<\/li>\n<li>od 44&#8242; <strong>Marcin Burkhardt<\/strong> -Amica Wronki<\/li>\n<li><strong>Rados\u0142aw Sobolewski<\/strong> do 89&#8242; -Wis\u0142a Krak\u00f3w<\/li>\n<li>od 89&#8242; <strong>Jaros\u0142aw Bieniuk<\/strong> -Amica Wronki<\/li>\n<li><strong>Przemys\u0142aw Ka\u017amierczak<\/strong> do 46&#8242; -Pogo\u0144 Szczecin<\/li>\n<li>od 46&#8242; <strong>Konrad Go\u0142o\u015b<\/strong> -Polonia Warszawa<\/li>\n<li><strong>Tomasz Kie\u0142bowicz<\/strong> 18&#8242; [ycard] -Legia Warszawa<\/li>\n<li><strong>Pawe\u0142 Bro\u017cek<\/strong> do 84&#8242; -Wis\u0142a Krak\u00f3w<\/li>\n<li>od 84&#8242; <strong>Piotr Giza<\/strong> -Cracovia<\/li>\n<li><strong>Bartosz \u015alusarski<\/strong> do 76&#8242; -Dyskobolia Grodzisk Wielkopolski<\/li>\n<li>od 76&#8242; <strong>Patryk Rachwa\u0142<\/strong> -Wis\u0142a P\u0142ock<\/li>\n<\/ul>\n<\/td>\n<\/tr>\n<\/tbody>\n<\/table>\n<p>&nbsp;<\/p>\n<p><div id=\"attachment_12648\" style=\"width: 815px\" class=\"wp-caption aligncenter\"><a href=\"https:\/\/kronika-futbolu.pl\/historia\/wp-content\/uploads\/2022\/09\/6A_meksyk_polska_2005_youtube.png\"><img loading=\"lazy\" decoding=\"async\" aria-describedby=\"caption-attachment-12648\" class=\"wp-image-12648 size-full\" src=\"https:\/\/kronika-futbolu.pl\/historia\/wp-content\/uploads\/2022\/09\/6A_meksyk_polska_2005_youtube.png\" alt=\"Meksyk - Polska 2005\" width=\"805\" height=\"462\" srcset=\"https:\/\/kronika-futbolu.pl\/historia\/wp-content\/uploads\/2022\/09\/6A_meksyk_polska_2005_youtube.png 805w, https:\/\/kronika-futbolu.pl\/historia\/wp-content\/uploads\/2022\/09\/6A_meksyk_polska_2005_youtube-600x344.png 600w, https:\/\/kronika-futbolu.pl\/historia\/wp-content\/uploads\/2022\/09\/6A_meksyk_polska_2005_youtube-768x441.png 768w\" sizes=\"auto, (max-width: 805px) 100vw, 805px\" \/><\/a><p id=\"caption-attachment-12648\" class=\"wp-caption-text\">Meksyk &#8211; Polska 2005. \u0179r\u00f3d\u0142o: kadr z transmisji<\/p><\/div> <div id=\"attachment_12649\" style=\"width: 799px\" class=\"wp-caption alignleft\"><a href=\"https:\/\/kronika-futbolu.pl\/historia\/wp-content\/uploads\/2022\/09\/6B_meksyk_polska_2005__brozek_youtube.png\"><img loading=\"lazy\" decoding=\"async\" aria-describedby=\"caption-attachment-12649\" class=\"wp-image-12649 size-full\" src=\"https:\/\/kronika-futbolu.pl\/historia\/wp-content\/uploads\/2022\/09\/6B_meksyk_polska_2005__brozek_youtube.png\" alt=\"Meksyk - Polska 2005\" width=\"789\" height=\"583\" srcset=\"https:\/\/kronika-futbolu.pl\/historia\/wp-content\/uploads\/2022\/09\/6B_meksyk_polska_2005__brozek_youtube.png 789w, https:\/\/kronika-futbolu.pl\/historia\/wp-content\/uploads\/2022\/09\/6B_meksyk_polska_2005__brozek_youtube-541x400.png 541w, https:\/\/kronika-futbolu.pl\/historia\/wp-content\/uploads\/2022\/09\/6B_meksyk_polska_2005__brozek_youtube-768x567.png 768w\" sizes=\"auto, (max-width: 789px) 100vw, 789px\" \/><\/a><p id=\"caption-attachment-12649\" class=\"wp-caption-text\">Meksyk &#8211; Polska 2005. Pawe\u0142 Bro\u017cek po zdobytej bramce. Charakterystyczny gest tego pi\u0142karza po strzelonym golu &#8211; kard<\/p><\/div><\/p>\n<p style=\"text-align: justify;\">Po dw\u00f3ch marcowych wygranych w eliminacjach Mistrzostw \u015awiata 2006 Bia\u0142o-Czerwoni wybrali si\u0119 pod koniec kwietnia w podr\u00f3\u017c do USA na mecz towarzyski z Meksykiem. Na Soldier Field w Chicago pojedynek meksyka\u0144sko-polski ogl\u0105da\u0142o ponad 50 tysi\u0119cy widz\u00f3w. Ogl\u0105daj\u0105c mecz w TV, mo\u017cna by\u0142o pomy\u015ble\u0107, \u017ce mecz rozgrywany jest w Polsce, bowiem wsz\u0119dzie na trybunach znajdowa\u0142y si\u0119 bia\u0142o-czerwone flagi.<\/p>\n<p style=\"text-align: justify;\">Kibice w I po\u0142owie nie doczekali si\u0119 goli. W 51 minucie Meksykanie przeprowadzili dobr\u0105 akcj\u0119 i z lewej strony boiska do siatki trafi\u0142 Ram\u00f3n Morales Higuera. Jego strza\u0142 by\u0142 do obrony, lecz pi\u0142ka sprytnie min\u0119\u0142a Boruca. 20 minut p\u00f3\u017aniej wyr\u00f3wna\u0142 Pawe\u0142 Bro\u017cek, kt\u00f3ry rozgrywa\u0142 w\u00f3wczas sw\u00f3j pierwszy mecz w Reprezentacji Polski. Pawe\u0142 Bro\u017cek na zgrupowanie zosta\u0142 najpierw powo\u0142any, a nast\u0119pnie anulowano t\u0119 decyzj\u0119 i dwa dni przed wylotem za ocean Pawe\u0142 Janas ostatecznie zabra\u0142 zawodnika Wis\u0142y Krak\u00f3w do USA.<\/p>\n<p style=\"text-align: justify;\">Po raz 60 w Reprezentacji Polski zagra\u0142 Tomasz K\u0142os. Opr\u00f3cz Bro\u017cka zadebiutowali tak\u017ce: Przemys\u0142aw Ka\u017amierczak, Konrad Go\u0142o\u015b, Piotr Giza i Bartosz \u015alusarski. Marcin Zaj\u0105c zagra\u0142 po raz ostatni w narodowym zespole, \u0142\u0105cznie zaliczy\u0142 11 mecz\u00f3w. Marcin Burkhardt tak\u017ce ju\u017c wi\u0119cej nie wyst\u0105pi\u0142 w dru\u017cynie Bia\u0142o-czerwonych. \u0141\u0105cznie w reprezentacji zagra\u0142 w 10 meczach i zdoby\u0142 1 bramk\u0119. Czwarty i ostatni mecz w kadrze zagra\u0142\u00a0 Patryk Rachwa\u0142. Ciekawostk\u0105 jest, \u017ce wszystkie te cztery mecze Rachwa\u0142a zosta\u0142y rozegrane poza Polsk\u0105.\u00a0<\/p>\n<h2><span class=\"ez-toc-section\" id=\"5_Mecz_Meksyk_%E2%80%93_Polska_3_1_14_lutego_1989_r\"><\/span><a id=\"mecz5\"><\/a>5. Mecz Meksyk &#8211; Polska 3:1 (14 lutego 1989 r.)<span class=\"ez-toc-section-end\"><\/span><\/h2>\n<ul>\n<li><strong>Data meczu:<\/strong> 14.02.1989<\/li>\n<li><strong>Ranga meczu:<\/strong> Towarzyski<\/li>\n<li><strong>S\u0119dzia:<\/strong> Ferm\u00edn Ram\u00edrez &#8211; Meksyk<\/li>\n<li><strong>Stadion:<\/strong> Estadio Cuauht\u00e9moc, Heroica Puebla de Zaragoza<\/li>\n<li><strong>Trener:<\/strong> Wojciech \u0141azarek<\/li>\n<\/ul>\n<p><strong>\u26bd Strzelone bramki:<\/strong><\/p>\n<ul>\n<li>Luis Roberto Alves \u2019Zague\u2019 6&#8242;<\/li>\n<li>Zbigniew Kaczmarek 43&#8242;-samob\u00f3j<\/li>\n<li>Ra\u00fal Moreno 49&#8242;<\/li>\n<li>Roman Kosecki 80&#8242;<\/li>\n<\/ul>\n<p><strong>? Sk\u0142ady:<\/strong><\/p>\n<table style=\"border-collapse: collapse; width: 100%; height: 311px;\">\n<thead>\n<tr style=\"height: 21px;\">\n<th style=\"width: 50%; height: 21px;\">[mx] Meksyk:<\/th>\n<th style=\"width: 50%; height: 21px;\">[pl] Polska:<\/th>\n<\/tr>\n<\/thead>\n<tbody>\n<tr style=\"height: 386px;\">\n<td style=\"width: 50%; height: 290px;\">\n<ul>\n<li><strong>Javier Ledezma<\/strong> do 63&#8242;<\/li>\n<li>od 63&#8242; <strong>Jos\u00e9 Adolfo R\u00edos Garc\u00eda<\/strong><\/li>\n<li><strong>Juan Hern\u00e1ndez Ram\u00edrez<\/strong><\/li>\n<li><strong>Alfredo Tena Gardu\u00f1o<\/strong> do 28&#8242;<\/li>\n<li>od 28&#8242; <strong>Demetrio Madero Garc\u00eda<\/strong><\/li>\n<li><strong>Jos\u00e9 Roberto Ruiz Esparza<\/strong> kapitan<\/li>\n<li><strong>Sergio D\u00edaz<\/strong> do 23&#8242;<\/li>\n<li>od 23&#8242; <strong>Arturo Alvarez<\/strong><\/li>\n<li><strong>Carlos Mu\u00f1oz<\/strong><\/li>\n<li><strong>Luis Alfonso Sosa<\/strong> do 46&#8242;<\/li>\n<li>46&#8242; <strong>Paul Rene Moreno<\/strong><\/li>\n<li><strong>Manuel \u2019Manolo\u2019 Negrete Arias<\/strong> do 46&#8242;<\/li>\n<li>od 46&#8242;<strong> Jorge Humberto Roon<\/strong><\/li>\n<li><strong>Gonz\u00e1lo Farf\u00e1n Infante<\/strong><\/li>\n<li><strong>Carlos Manuel Hermosillo Goytort\u00faa<\/strong><\/li>\n<li><strong>Lu\u00eds Roberto Alves dos Santos Gavranic \u2019Zaguinho\u2019<\/strong><\/li>\n<\/ul>\n<\/td>\n<td style=\"width: 50%; height: 290px;\">\n<ul>\n<li><strong>J\u00f3zef Wandzik<\/strong> -G\u00f3rnik Zabrze<\/li>\n<li><strong>Jerzy Wijas<\/strong> -GKS Katowice<\/li>\n<li><strong>Zbigniew Kaczmarek<\/strong> -Legia Warszawa<\/li>\n<li><strong>Damian \u0141ukasik<\/strong> do 67&#8242; -Lech Pozna\u0144<\/li>\n<li>od 67&#8242; <strong>Dariusz Fornalak<\/strong> -Ruch Chorz\u00f3w<\/li>\n<li><strong>Dariusz Wdowczyk<\/strong> -Legia Warszawa<\/li>\n<li><strong>Ryszard Tarasiewicz<\/strong> do 46&#8242; -\u015al\u0105sk Wroc\u0142aw<\/li>\n<li>od 46&#8242; <strong>Krystian Szuster<\/strong> -Ruch Chorz\u00f3w<\/li>\n<li><strong>Piotr Rzepka<\/strong> do 46&#8242; -G\u00f3rnik Zabrze<\/li>\n<li>od 46&#8242; <strong>Piotr Soczy\u0144ski<\/strong> -\u0141KS \u0141\u00f3d\u017a<\/li>\n<li><strong>Waldemar Prusik<\/strong> kapitan -\u015al\u0105sk Wroc\u0142aw<\/li>\n<li><strong>Jan Urban<\/strong> -G\u00f3rnik Zabrze<\/li>\n<li><strong>Krzysztof Warzycha<\/strong> -Ruch Chorz\u00f3w<\/li>\n<li><strong>Roman Kosecki<\/strong> -Legia Warszawa<\/li>\n<\/ul>\n<\/td>\n<\/tr>\n<\/tbody>\n<\/table>\n<p>&nbsp;<\/p>\n<div id=\"attachment_12641\" style=\"width: 1160px\" class=\"wp-caption aligncenter\"><a href=\"https:\/\/kronika-futbolu.pl\/historia\/wp-content\/uploads\/2022\/06\/5A_meksyk_polska_kadra_luty_1989_Tempo_Liga_Polska_Wiosna_89.png\"><img loading=\"lazy\" decoding=\"async\" aria-describedby=\"caption-attachment-12641\" class=\"wp-image-12641 size-full\" src=\"https:\/\/kronika-futbolu.pl\/historia\/wp-content\/uploads\/2022\/06\/5A_meksyk_polska_kadra_luty_1989_Tempo_Liga_Polska_Wiosna_89.png\" alt=\"Meksyk - Polska 1989\" width=\"1150\" height=\"917\" srcset=\"https:\/\/kronika-futbolu.pl\/historia\/wp-content\/uploads\/2022\/06\/5A_meksyk_polska_kadra_luty_1989_Tempo_Liga_Polska_Wiosna_89.png 1150w, https:\/\/kronika-futbolu.pl\/historia\/wp-content\/uploads\/2022\/06\/5A_meksyk_polska_kadra_luty_1989_Tempo_Liga_Polska_Wiosna_89-502x400.png 502w, https:\/\/kronika-futbolu.pl\/historia\/wp-content\/uploads\/2022\/06\/5A_meksyk_polska_kadra_luty_1989_Tempo_Liga_Polska_Wiosna_89-768x612.png 768w\" sizes=\"auto, (max-width: 1150px) 100vw, 1150px\" \/><\/a><p id=\"caption-attachment-12641\" class=\"wp-caption-text\">Meksyk &#8211; Polska 1989. Zdj\u0119cie polskiej kadry w lutym 1989 roku. \u0179r\u00f3d\u0142o: Tempo Liga Polska Wiosna&#8217;89. Wydanie Specjalne<\/p><\/div>\n<p style=\"text-align: justify;\">W pa\u017adzierniku 1988 roku Reprezentacja Polski rozpocz\u0119\u0142a eliminacje Mistrzostw \u015awiata 1990. Po wygranej z Albani\u0105 1-0 nast\u0105pi\u0142a przerwa, kt\u00f3ra trwa\u0142a do maja kolejnego roku. W lutym 1989 roku kadra prowadzona przez Wojciecha \u0141azarka w ramach przygotowa\u0144 do dalszej rywalizacji o mundial wyruszy\u0142a na tourn\u00e9e&#8217;e po Ameryce P\u00f3\u0142nocnej. Najpierw Polacy zawitali do Kostaryki, gdzie wygrali z Reprezentacj\u0105 Kostaryki 4-2, nast\u0119pnie zagrali spotkanie nieoficjalne z jednym z kostaryka\u0144skich klub\u00f3w (pora\u017cka 0-1 z CS Herediano), po czym udali si\u0119 do Gwatemali. Tam Bia\u0142o-Czerwoni pokonali gospodarzy 1-0. Na zako\u0144czenie tej eskapady Polska zagra\u0142a z Meksykiem w mie\u015bcie Puebla.<\/p>\n<p style=\"text-align: justify;\">5 w historii pojedynek Polski z Meksykiem by\u0142 przez Polak\u00f3w przegrany. Ju\u017c po I po\u0142owie gospodarze prowadzili 2-0. W 6 minucie gola zdoby\u0142 Zague, a przed przerw\u0105 bramk\u0119 samob\u00f3jcz\u0105 strzeli\u0142 Zbigniew Kaczmarek. W 49 minucie na 3-0 podwy\u017cszy\u0142 Ra\u00fal Moreno. Gola honorowego dla Bia\u0142o-Czerwonych zdoby\u0142 Roman Kosecki w 80 minucie.<\/p>\n<p style=\"text-align: justify;\">Po raz ostatni w Reprezentacji Polski zagrali: Dariusz Fornalak (\u0142\u0105cznie 2 mecze, ten i z Gwatemal\u0105 kilka dni wcze\u015bniej),\u00a0 Piotr Rzepka (\u0142\u0105cznie 7 mecz\u00f3w, wszystkie rozegrane poza Europ\u0105)\u00a0 i Krystian Szuster (\u0142\u0105cznie 3 mecze, wszystkie podczas tego tourn\u00e9e&#8217;e).<\/p>\n<h2 style=\"text-align: justify;\"><span class=\"ez-toc-section\" id=\"4_Mecz_Meksyk_%E2%80%93_Polska_5_0_5_lutego_1985_r\"><\/span><a id=\"mecz4\"><\/a>4. Mecz Meksyk &#8211; Polska 5:0 (5 lutego 1985 r.)<span class=\"ez-toc-section-end\"><\/span><\/h2>\n<ul>\n<li><strong>Data meczu:<\/strong> 05.02.1985<\/li>\n<li><strong>Ranga meczu:<\/strong> Towarzyski &#8211; Turniej w Quer\u00e9taro<\/li>\n<li><strong>S\u0119dzia:<\/strong> Jorge Alberto Leanza &#8211; Meksyk<\/li>\n<li><strong>Stadion:<\/strong> Estadio Corregidora, Santiago de Quer\u00e9taro<\/li>\n<li><strong>Trener:<\/strong> Antoni Piechniczek<\/li>\n<\/ul>\n<p><strong>\u26bd Strzelone bramki:<\/strong><\/p>\n<ul>\n<li>Tom\u00e1s Juan Boy Espinoza\u00a0 [mx] 5&#8242;<\/li>\n<li>Manuel Negrete Arias [mx] 13&#8242;<\/li>\n<li>F\u00e9lix Cruz Barbosa Rios [mx] 28&#8242;<\/li>\n<li>Rafael Amador Flores [mx] 62&#8242;<\/li>\n<li>Manuel Negrete Arias [mx] 70&#8242;<\/li>\n<\/ul>\n<p><strong>? Sk\u0142ady:<\/strong><\/p>\n<table style=\"border-collapse: collapse; width: 100%; height: 178px;\">\n<thead>\n<tr style=\"height: 21px;\">\n<th style=\"width: 50%; height: 21px;\">[mx] Meksyk:<\/th>\n<th style=\"width: 50%; height: 21px;\">[pl] Polska:<\/th>\n<\/tr>\n<\/thead>\n<tbody>\n<tr style=\"height: 386px;\">\n<td style=\"width: 50%; height: 157px;\">\n<ul>\n<li><strong>Pablo Larios Iwasaki<\/strong><\/li>\n<li><strong>Mario Alberto Trejo Guzm\u00e1n<\/strong><\/li>\n<li><strong>F\u00e9lix Cruz Barbosa Rios<\/strong><\/li>\n<li><strong>Fernando Quirarte Gut\u00ederrez<\/strong> do 68&#8242;<\/li>\n<li>od 68&#8242; <strong>Armando Manzo Ponce<\/strong><\/li>\n<li><strong>Rafael Amador Flores<\/strong><\/li>\n<li><strong>Carlos Eduardo Mu\u00f1oz Remolina<\/strong><\/li>\n<li><strong>Miguel Espa\u00f1a Garc\u00e9s<\/strong> do 68&#8242;<\/li>\n<li>od 68&#8242; <strong>Carlos Alberto de los Cobos Mart\u00ednez<\/strong><\/li>\n<li><strong>Tom\u00e1s Juan Boy Espinoza<\/strong> kapitan do 86&#8242;<\/li>\n<li>od 86&#8242; <strong>Adri\u00e1n Ch\u00e1vez Ortiz<\/strong><\/li>\n<li><strong>Javier Aguirre Onaind\u00eda<\/strong><\/li>\n<li><strong>Javier Hern\u00e1ndez Guti\u00e9rrez<\/strong> do 46&#8242;<\/li>\n<li>od 46&#8242; <strong>Ignacio Flores Ocaranza<\/strong><\/li>\n<li><strong>Manuel Negrete Arias<\/strong><\/li>\n<\/ul>\n<\/td>\n<td style=\"width: 50%; height: 157px;\">\n<ul>\n<li><strong>Jacek Kazimierski<\/strong> do 73&#8242; -Legia Warszawa<\/li>\n<li>od 73&#8242; <strong>Eugeniusz Cebrat<\/strong> -G\u00f3rnik Zabrze<\/li>\n<li><strong>Krzysztof Pawlak<\/strong> do 46&#8242; -Lech Pozna\u0144<\/li>\n<li>od 46&#8242;<strong> Dariusz Kubicki<\/strong> -Legia Warszawa<\/li>\n<li><strong>Roman W\u00f3jcicki<\/strong> kapitan-Widzew \u0141\u00f3d\u017a<\/li>\n<li><strong>Damian \u0141ukasik<\/strong> -Lech Pozna\u0144<\/li>\n<li><strong>Dariusz Wdowczyk<\/strong> -Legia Warszawa<\/li>\n<li><strong>Andrzej Pa\u0142asz<\/strong> -G\u00f3rnik Zabrze<\/li>\n<li><strong>Waldemar Matysik<\/strong> -G\u00f3rnik Zabrze<\/li>\n<li><strong>Marek Ostrowski<\/strong> do 73&#8242; -Pogo\u0144 Szczecin<\/li>\n<li>od 73&#8242; <strong>Waldemar Prusik<\/strong> -\u015al\u0105sk Wroc\u0142aw<\/li>\n<li><strong>Ryszard Komornicki<\/strong> -G\u00f3rnik Zabrze<\/li>\n<li><strong>Dariusz Dziekanowski<\/strong> -Widzew \u0141\u00f3d\u017a<\/li>\n<li><strong>Miros\u0142aw Oko\u0144ski<\/strong> do 46&#8242; -Lech Pozna\u0144<\/li>\n<li>od 46&#8242; <strong>Andrzej Buncol<\/strong> -Legia Warszawa<\/li>\n<\/ul>\n<\/td>\n<\/tr>\n<\/tbody>\n<\/table>\n<p>&nbsp;<\/p>\n<p><div id=\"attachment_12627\" style=\"width: 858px\" class=\"wp-caption aligncenter\"><a href=\"https:\/\/kronika-futbolu.pl\/historia\/wp-content\/uploads\/2022\/06\/4A_meksyk_polska_1985_dziennik-_lodzki.png\"><img loading=\"lazy\" decoding=\"async\" aria-describedby=\"caption-attachment-12627\" class=\"wp-image-12627 size-full\" src=\"https:\/\/kronika-futbolu.pl\/historia\/wp-content\/uploads\/2022\/06\/4A_meksyk_polska_1985_dziennik-_lodzki.png\" alt=\"Meksyk -Polska 1985\" width=\"848\" height=\"958\" srcset=\"https:\/\/kronika-futbolu.pl\/historia\/wp-content\/uploads\/2022\/06\/4A_meksyk_polska_1985_dziennik-_lodzki.png 848w, https:\/\/kronika-futbolu.pl\/historia\/wp-content\/uploads\/2022\/06\/4A_meksyk_polska_1985_dziennik-_lodzki-354x400.png 354w, https:\/\/kronika-futbolu.pl\/historia\/wp-content\/uploads\/2022\/06\/4A_meksyk_polska_1985_dziennik-_lodzki-768x868.png 768w\" sizes=\"auto, (max-width: 848px) 100vw, 848px\" \/><\/a><p id=\"caption-attachment-12627\" class=\"wp-caption-text\">Meksyk -Polska 1985. Dziennik \u0141\u00f3dzki.<\/p><\/div> <div id=\"attachment_12628\" style=\"width: 649px\" class=\"wp-caption alignleft\"><a href=\"https:\/\/kronika-futbolu.pl\/historia\/wp-content\/uploads\/2022\/06\/4B_meksyk_polska_1985_dziennik-_polski.png\"><img loading=\"lazy\" decoding=\"async\" aria-describedby=\"caption-attachment-12628\" class=\"wp-image-12628 size-full\" src=\"https:\/\/kronika-futbolu.pl\/historia\/wp-content\/uploads\/2022\/06\/4B_meksyk_polska_1985_dziennik-_polski.png\" alt=\"Meksyk -Polska 1985\" width=\"639\" height=\"609\" srcset=\"https:\/\/kronika-futbolu.pl\/historia\/wp-content\/uploads\/2022\/06\/4B_meksyk_polska_1985_dziennik-_polski.png 639w, https:\/\/kronika-futbolu.pl\/historia\/wp-content\/uploads\/2022\/06\/4B_meksyk_polska_1985_dziennik-_polski-420x400.png 420w\" sizes=\"auto, (max-width: 639px) 100vw, 639px\" \/><\/a><p id=\"caption-attachment-12628\" class=\"wp-caption-text\">Meksyk -Polska 1985. Dziennik Polski.<\/p><\/div><\/p>\n<p style=\"text-align: justify;\">Na pocz\u0105tku 1985 roku Reprezentacja Polski wybra\u0142a si\u0119 do Meksyku na turniej towarzyski w Santiago de Quer\u00e9taro. Opr\u00f3cz Polak\u00f3w i gospodarzy-Meksyku udzia\u0142 w rozgrywkach wzi\u0119\u0142y jeszcze Reprezentacje Bu\u0142garii i Szwajcarii. W pierwszym spotkaniu Polska zagra\u0142a z Meksykiem. By\u0142 to pierwszy mecz rozegrany na nowym stadionie Estadio Corregidora, kt\u00f3ry zosta\u0142 zbudowany na Mistrzostwa \u015awiata 1986. Mecz otwarcia ogl\u0105da\u0142 komplet widz\u00f3w, a w\u015br\u00f3d nich m.in.: Prezydent FIFA Jo\u00e3o Havelange i prezes Meksyka\u0144skiej Federacji Pi\u0142karskiej Miguel de la Madrid. Nazwa stadionu zosta\u0142a nadana na cze\u015b\u0107 bohaterki walki o niepodleg\u0142o\u015b\u0107 Meksyku- Josefy Ortiz de Dom\u00ednguez.<\/p>\n<p style=\"text-align: justify;\">Premiera nowego stadionu wypada\u0142a rewelacyjnie, ale dla Meksykan\u00f3w, kt\u00f3rzy rozbili Bia\u0142o-Czerwonych 5-0. Sami gospodarze byli zaskoczeni takim wynikiem. Polacy nie mieli za du\u017co czasu na odpoczynek po d\u0142ugiej podr\u00f3\u017cy, poza tym stadion znajduje si\u0119 na wysoko\u015bci, ponad 1800 m n. p. m. co te\u017c w jakim\u015b stopniu mia\u0142o wp\u0142yw. Nawet gdy we\u017amiemy te czynniki na usprawiedliwienie polskich pi\u0142karzy to jednak a\u017c 5 goli to troch\u0119 za du\u017co. Wcze\u015bniej tak\u0105 r\u00f3\u017cnic\u0105 goli Polska przegra\u0142a w 1970 roku!\u00a0\u00a0<\/p>\n<p style=\"text-align: justify;\">Zadebiutowali: Eugeniusz Cebrat i Damian \u0141ukasik. Cebrat czeka\u0142 9 lat na debiut. Ju\u017c w 1976 roku by\u0142 powo\u0142any do kadry, ale zawsze by\u0142 rezerwowym. Po raz pierwszy kapitanem by\u0142 Roman W\u00f3jcicki. By\u0142 to dla niego 33 mecz w zespole narodowym.<\/p>\n<p style=\"text-align: justify;\">28 godzin (lub 30 jak podaj\u0105 niekt\u00f3re \u017ar\u00f3d\u0142a)\u00a0 po tym spotkaniu Polska zagra\u0142a drugie spotkanie na tym turnieju, rywalem by\u0142a Bu\u0142garia. By\u0142o 2-2.<\/p>\n<p style=\"text-align: justify;\">\u00a0<\/p>\n<h2><span class=\"ez-toc-section\" id=\"3_Mecz_Meksyk_%E2%80%93_Polska_1_3_10_czerwca_1978_r\"><\/span><a id=\"mecz3\"><\/a>3. Mecz Meksyk &#8211; Polska 1:3 (10 czerwca 1978 r.)<span class=\"ez-toc-section-end\"><\/span><\/h2>\n<ul>\n<li><strong>Data meczu:<\/strong> 10.06.1978<\/li>\n<li><strong>Ranga meczu:<\/strong> Mistrzostwa \u015awiata 1978<\/li>\n<li><strong>S\u0119dzia:<\/strong> Jafar Namdar &#8211; Iran<\/li>\n<li><strong>Stadion:<\/strong> Estadio Dr. Lisandro de la Torre, Rosario<\/li>\n<li><strong>Trenerzy: <\/strong>Jacek Gmoch<\/li>\n<\/ul>\n<p><strong>\u26bd Strzelone bramki:<\/strong><\/p>\n<ul>\n<li>Zbigniew Boniek [pl] 43&#8242;<\/li>\n<li>V\u00edctor Rangel Ayala [mx] 52&#8242;<\/li>\n<li>Kazimierz Deyna [pl] 56&#8242;<\/li>\n<li>Zbigniew Boniek [pl] 84&#8242;<\/li>\n<\/ul>\n<p><strong>? Sk\u0142ady:<\/strong><\/p>\n<table style=\"border-collapse: collapse; width: 100%; height: 244px;\">\n<thead>\n<tr style=\"height: 21px;\">\n<th style=\"width: 50%; height: 21px;\">[mx] Meksyk:<\/th>\n<th style=\"width: 50%; height: 21px;\">[pl] Polska:<\/th>\n<\/tr>\n<\/thead>\n<tbody>\n<tr style=\"height: 386px;\">\n<td style=\"width: 50%; height: 223px;\">\n<ul>\n<li><strong>Pedro Soto Moreno<\/strong><\/li>\n<li><strong>Ignacio Flores Ocaranza<\/strong><\/li>\n<li><strong>Carlos G\u00f3mez Casillas<\/strong><\/li>\n<li><strong>Rigoberto Cisneros Due\u00f1as<\/strong><\/li>\n<li><strong>Arturo V\u00e1zquez Ayala<\/strong> kapitan<\/li>\n<li><strong>Leonardo Cu\u00e9llar Rivera<\/strong><\/li>\n<li><strong>Antonio de la Torre Villalpando<\/strong><\/li>\n<li><strong>Javier C\u00e1rdenas<\/strong> do 46&#8242;<\/li>\n<li>od 46&#8242; <strong>Guillermo Mendiz\u00e1bal S\u00e1nchez<\/strong><\/li>\n<li><strong>Crist\u00f3bal Ortega Mart\u00ednez<\/strong><\/li>\n<li><strong>V\u00edctor Rangel Ayala<\/strong><\/li>\n<li><strong>Hugo S\u00e1nchez M\u00e1rquez<\/strong><\/li>\n<\/ul>\n<\/td>\n<td style=\"width: 50%; height: 223px;\">\n<ul>\n<li><strong>Jan Tomaszewski<\/strong> -\u0141KS \u0141\u00f3d\u017a<\/li>\n<li><strong>Antoni Szymanowski<\/strong> -Wis\u0142a Krak\u00f3w<\/li>\n<li><strong>Jerzy Gorgo\u0144<\/strong> -G\u00f3rnik Zabrze<\/li>\n<li><strong>W\u0142adys\u0142aw \u017bmuda<\/strong> -\u015al\u0105sk Wroc\u0142aw<\/li>\n<li><strong>Wojciech Rudy<\/strong> do 83&#8242; -Zag\u0142\u0119bie Sosnowiec<\/li>\n<li>od 83&#8242; <strong>Henryk Maculewicz<\/strong> -Wis\u0142a Krak\u00f3w<\/li>\n<li><strong>Henryk Kasperczak<\/strong> -Stal Mielec<\/li>\n<li><strong>Kazimierz Deyna<\/strong> kapitan -Legia Warszawa<\/li>\n<li><strong>Zbigniew Boniek<\/strong> -Widzew \u0141\u00f3d\u017a<\/li>\n<li><strong>Bohdan Masztaler<\/strong> -\u0141KS \u0141\u00f3d\u017a<\/li>\n<li><strong>Grzegorz Lato<\/strong> -Stal Mielec<\/li>\n<li><strong>Andrzej Iwan<\/strong> do 76&#8242; -Wis\u0142a Krak\u00f3w<\/li>\n<li>od 76&#8242; <strong>W\u0142odzimierz Luba\u0144ski<\/strong> -KSC Lokeren<\/li>\n<\/ul>\n<\/td>\n<\/tr>\n<\/tbody>\n<\/table>\n<p>&nbsp;<\/p>\n<div id=\"attachment_12623\" style=\"width: 1201px\" class=\"wp-caption alignleft\"><a href=\"https:\/\/kronika-futbolu.pl\/historia\/wp-content\/uploads\/2022\/06\/3B_meksyk_polska_1978_dziennik_lodzki.png\"><img loading=\"lazy\" decoding=\"async\" aria-describedby=\"caption-attachment-12623\" class=\"wp-image-12623 size-full\" src=\"https:\/\/kronika-futbolu.pl\/historia\/wp-content\/uploads\/2022\/06\/3B_meksyk_polska_1978_dziennik_lodzki.png\" alt=\"Meksyk-Polska 1978\" width=\"1191\" height=\"725\" srcset=\"https:\/\/kronika-futbolu.pl\/historia\/wp-content\/uploads\/2022\/06\/3B_meksyk_polska_1978_dziennik_lodzki.png 1191w, https:\/\/kronika-futbolu.pl\/historia\/wp-content\/uploads\/2022\/06\/3B_meksyk_polska_1978_dziennik_lodzki-600x365.png 600w, https:\/\/kronika-futbolu.pl\/historia\/wp-content\/uploads\/2022\/06\/3B_meksyk_polska_1978_dziennik_lodzki-768x468.png 768w\" sizes=\"auto, (max-width: 1191px) 100vw, 1191px\" \/><\/a><p id=\"caption-attachment-12623\" class=\"wp-caption-text\">Meksyk-Polska 1978. \u0179r\u00f3d\u0142o: Dziennik \u0141\u00f3dzki<\/p><\/div>\n<p style=\"text-align: justify;\">Reprezentacja Polski po remisie 0-0 z RFN i wygraniu 1-0 z Tunezj\u0105 na zako\u0144czenie I rundy Mistrzostw \u015awiata 1978 rozgrywanych w Argentynie zmierzy\u0142a si\u0119 z Meksykiem. Meksyk to jak si\u0119 okaza\u0142o, by\u0142 najs\u0142absz\u0105 dru\u017cyn\u0105 w grupie 2, tego turnieju. Meksykanie przegrali 1-3 z Tunezj\u0105 oraz ulegli a\u017c 0-6 RFN. Dla Polak\u00f3w byli te\u017c \u0142atwym rywalem.<\/p>\n<p style=\"text-align: justify;\">Polacy zagrali dobre spotkanie, chocia\u017c te\u017c nierewelacyjne. Bia\u0142o-Czerwoni kontrolowali gr\u0119 i pod koniec pierwszej po\u0142owy otworzyli wynik. Deyna z po\u0142owy boiska uruchomi\u0142 na lewej stronie Lat\u0119, kt\u00f3ry do\u015brodkowa\u0142 w pole karne do Bo\u0144ka, kt\u00f3ry trafi\u0142 do siatki. Po przerwie rywale Polak\u00f3w doprowadzili do remisu. Z prawej strony pi\u0142k\u0119 otrzyma\u0142 Rangel Ayala i pokona\u0142 Tomaszewskiego. Cztery minuty p\u00f3\u017aniej na 2-1 podwy\u017cszy\u0142 Deyna, kt\u00f3ry uderzy\u0142 z p\u00f3\u0142kola pola karnego. W 84 minucie strza\u0142em\u00a0 z dystansu- oko\u0142o 30-35 , wynik ustali\u0142 Boniek.\u00a0<\/p>\n<p style=\"text-align: justify;\">W drugim meczu tej grupy w tym dniu RFN zremisowa\u0142o 0-0 z Tunezj\u0105. Polska wygra\u0142a grup\u0119, drugie miejsce zaj\u0105\u0142 obro\u0144ca tytu\u0142u- RFN. Tunezja znalaz\u0142a si\u0119 na 3 miejscu, a Meksyk na 4. Do II rundy awansowa\u0142y dwa najlepsze zespo\u0142y. Polska i RFN zako\u0144czyli udzia\u0142 w mistrzostwach na II rundzie.\u00a0<\/p>\n<p style=\"text-align: justify;\">Jan Tomaszewski rozegra\u0142 60 mecz w kadrze. Dla Kazimierza Deyny by\u0142 to mecz numer 94 w reprezentacji i po raz ostatni zdoby\u0142 w dru\u017cynie narodowej bramk\u0119. Wyst\u0105pi\u0142 jeszcze w kolejnych 3 meczach II rundy M\u015a. \u0141\u0105czny jego bilans w Reprezentacji Polski to 97 mecz\u00f3w i 41 bramek.<\/p>\n<h2><span class=\"ez-toc-section\" id=\"2_Mecz_Meksyk_%E2%80%93_Polska_1_2_8_sierpnia_1973_r\"><\/span><a id=\"mecz2\"><\/a>2. Mecz Meksyk &#8211; Polska 1:2 (8 sierpnia 1973 r.)<span class=\"ez-toc-section-end\"><\/span><\/h2>\n<ul>\n<li><strong>Data meczu:<\/strong> 08.08.1973<\/li>\n<li><strong>Ranga meczu:<\/strong> Towarzyski<\/li>\n<li><strong>S\u0119dzia:<\/strong> Arturo Yamasaki &#8211; Meksyk<\/li>\n<li><strong>Stadion:<\/strong> Estadio Universitario, San Nicol\u00e1s de los Garza<\/li>\n<li><strong>Trener:<\/strong> Kazimierz G\u00f3rski<\/li>\n<\/ul>\n<p><strong>\u26bd Strzelone bramki:<\/strong><\/p>\n<ul>\n<li>Javier Colin Guzm\u00e1n [mx] 54&#8242;-karny<\/li>\n<li>Jerzy Gorgo\u0144 [pl] 59&#8242;<\/li>\n<li>Robert Gadocha [pl] 86&#8242;<\/li>\n<\/ul>\n<p><strong>? Sk\u0142ady:<\/strong><\/p>\n<table style=\"border-collapse: collapse; width: 100%; height: 148px;\">\n<thead>\n<tr style=\"height: 21px;\">\n<th style=\"width: 50%; height: 21px;\">[mx] Meksyk:<\/th>\n<th style=\"width: 50%; height: 21px;\">[pl] Polska:<\/th>\n<\/tr>\n<\/thead>\n<tbody>\n<tr style=\"height: 386px;\">\n<td style=\"width: 50%; height: 127px;\">\n<ul>\n<li><strong>Ignacio Francisco Calder\u00f3n Gonz\u00e1lez<\/strong><\/li>\n<li><strong>Genaro Berm\u00fadez<\/strong><\/li>\n<li><strong>Javier Colin Guzm\u00e1n<\/strong> kapitan<\/li>\n<li><strong>Juan Manuel Alvarez<\/strong><\/li>\n<li><strong>Arturo V\u00e1zquez Ayala<\/strong><\/li>\n<li><strong>H\u00e9ctor Pulido Rodr\u00edguez<\/strong><\/li>\n<li><strong>Antonio de la Torre Villalpando<\/strong><\/li>\n<li><strong>Jos\u00e9 Delgado<\/strong> do 68&#8242;<\/li>\n<li>od 68&#8242; <strong>Francisco Javier Sol\u00eds Cruz<\/strong><\/li>\n<li><strong>Fernando Bustos<\/strong> do 55&#8242;<\/li>\n<li>od 55&#8242;<strong> Pedro Dami\u00e1n Alvarez<\/strong><\/li>\n<li><strong>Horacio L\u00f3pez Salgado<\/strong><\/li>\n<li><strong>Ricardo Chavar\u00edn<\/strong><\/li>\n<\/ul>\n<\/td>\n<td style=\"width: 50%; height: 127px;\">\n<ul>\n<li><strong>Jan Tomaszewski<\/strong> -\u0141KS \u0141\u00f3d\u017a<\/li>\n<li><strong>Antoni Szymanowski<\/strong> -Wis\u0142a Krak\u00f3w<\/li>\n<li><strong>Miros\u0142aw Bulzacki<\/strong> -\u0141KS \u0141\u00f3d\u017a<\/li>\n<li><strong>Jerzy Gorgo\u0144<\/strong> -G\u00f3rnik Zabrze<\/li>\n<li><strong>Adam Musia\u0142<\/strong> -Wis\u0142a Krak\u00f3w<\/li>\n<li><strong>Les\u0142aw \u0106mikiewicz<\/strong> do 57&#8242; -Legia Warszawa<\/li>\n<li>od 57&#8242; <strong>Andrzej Drozdowski<\/strong> -\u0141KS \u0141\u00f3d\u017a<\/li>\n<li><strong>Kazimierz Deyna<\/strong> kapitan do 66&#8242; -Legia Warszawa<\/li>\n<li>do 66&#8242;<strong> Zenon Kasztelan<\/strong> -Pogo\u0144 Szczecin<\/li>\n<li><strong>Henryk Kasperczak<\/strong> -Stal Mielec<\/li>\n<li><strong>Jan Bana\u015b<\/strong> od 57&#8242; -G\u00f3rnik Zabrze<\/li>\n<li>do 57&#8242; <strong>Kazimierz Kmiecik<\/strong> -Wis\u0142a Krak\u00f3w<\/li>\n<li><strong>Jan Domarski<\/strong> -Stal Mielec<\/li>\n<li><strong>Robert Gadocha<\/strong> -Legia Warszawa<\/li>\n<\/ul>\n<\/td>\n<\/tr>\n<\/tbody>\n<\/table>\n<p>&nbsp;<\/p>\n<p><a href=\"https:\/\/kronika-futbolu.pl\/historia\/wp-content\/uploads\/2022\/06\/2A_meksyk_polska_1973_8_08.png\"><img loading=\"lazy\" decoding=\"async\" class=\"aligncenter wp-image-12617 size-full\" src=\"https:\/\/kronika-futbolu.pl\/historia\/wp-content\/uploads\/2022\/06\/2A_meksyk_polska_1973_8_08.png\" alt=\"Meksyk - Polska 1-2 1973\" width=\"459\" height=\"398\" \/><\/a><\/p>\n<p style=\"text-align: justify;\">Trzy po spotkaniu w Los Angeles, dosz\u0142o do kolejnego meczu Polski z Meksykiem. Tym razem ju\u017c w Meksyku, w mie\u015bcie San Nicol\u00e1s de los Garza, kt\u00f3re jest cz\u0119\u015bci\u0105 zespo\u0142u miejskiego Monterrey. Meksykanie dokonali kilku zmian w sk\u0142adzie\u00a0 w por\u00f3wnaniu do poprzedniego starcia. W polskiej dru\u017cynie dosz\u0142o do jednej zmiany- Domarski zast\u0105pi\u0142 Szarmacha.\u00a0<\/p>\n<p style=\"text-align: justify;\">W pierwszej po\u0142owie nie by\u0142o bramek. W 54 minucie bramk\u0119 z karnego zdoby\u0142 Javier Colin Guzm\u00e1n. Kazimierz G\u00f3rski uwa\u017ca\u0142, \u017ce s\u0119dzia pope\u0142ni\u0142 b\u0142\u0105d, wskazuj\u0105c na &#8222;wapno&#8221;. Kilka minut p\u00f3\u017aniej do wyr\u00f3wnania doprowadzi\u0142 Jerzy Gorgo\u0144. Zwyci\u0119sk\u0105 bramk\u0119 strzeli\u0142 Robert Gadocha w 86 minucie.<\/p>\n<p style=\"text-align: justify;\">Reprezentacja Polski zaliczy\u0142a 6 wygran\u0105 z rz\u0119du i 7 mecz bez pora\u017cki z rz\u0119du.<\/p>\n<p style=\"text-align: justify;\">Drugi raz podczas tego tourn\u00e9e mecz Polak\u00f3w s\u0119dziowa\u0142 Arturo Yamasaki. Wcze\u015bniej gwizda\u0142 on spotkanie z Kanad\u0105 1 sierpnia. To jeden z najs\u0142ynniejszych s\u0119dzi\u00f3w w historii pi\u0142ki. By\u0142 s\u0119dzi\u0105 na\u00a0 Mistrzostwach \u015awiata: 1962,1966 i 1970.<\/p>\n<p style=\"text-align: justify;\">Po rywalizacji z Meksykiem nie by\u0142o zbyt du\u017co czasu na odpoczynek. Dwa dni p\u00f3\u017aniej Bia\u0142o-Czerwoni zagrali spotkanie z USA w San Francisco.<\/p>\n<h2><span class=\"ez-toc-section\" id=\"1_Mecz_Meksyk_%E2%80%93_Polska_0_1_5_sierpnia_1973_r\"><\/span><a id=\"mecz1\"><\/a>1. Mecz Meksyk &#8211; Polska 0:1 (5 sierpnia 1973 r.)<span class=\"ez-toc-section-end\"><\/span><\/h2>\n<ul>\n<li><strong>Data meczu:<\/strong> 5.08.1973<\/li>\n<li><strong>Ranga meczu:<\/strong> Towarzyski<\/li>\n<li><strong>S\u0119dzia:<\/strong> Toros Kibritjian &#8211; USA<\/li>\n<li><strong>Stadion:<\/strong> Memorial Coliseum, Los Angeles<\/li>\n<li><strong>Trener:<\/strong> Kazimierz G\u00f3rski<\/li>\n<\/ul>\n<p><strong>\u26bd Strzelony gol:<\/strong><\/p>\n<ul>\n<li>Jerzy Gorgo\u0144 [pl] 62&#8242;<\/li>\n<\/ul>\n<p><strong>? Sk\u0142ady:<\/strong><\/p>\n<table style=\"border-collapse: collapse; width: 100%; height: 238px;\">\n<thead>\n<tr style=\"height: 21px;\">\n<th style=\"width: 50%; height: 21px;\">[mx] Meksyk:<\/th>\n<th style=\"width: 50%; height: 21px;\">[pl] Polska:<\/th>\n<\/tr>\n<\/thead>\n<tbody>\n<tr style=\"height: 386px;\">\n<td style=\"width: 50%; height: 217px;\">\n<ul>\n<li><strong>Ignacio Francisco Calder\u00f3n Gonz\u00e1lez<\/strong><\/li>\n<li><strong>Jes\u00fas Rico<\/strong><\/li>\n<li><strong>Javier Colin Guzm\u00e1n<\/strong><\/li>\n<li><strong>Javier S\u00e1nchez Galindo<\/strong><\/li>\n<li><strong>Guillermo Hern\u00e1ndez S\u00e1nchez<\/strong> kapitan<\/li>\n<li><strong>Antonio de la Torre Villalpando<\/strong><\/li>\n<li><strong>Manuel Lapuente D\u00edaz<\/strong> do 67&#8242;<\/li>\n<li>od 67&#8242; <strong>H\u00e9ctor Pulido Rodr\u00edguez<\/strong><\/li>\n<li><strong>Jos\u00e9 Delgado<\/strong><\/li>\n<li><strong>Fernando Bustos<\/strong><\/li>\n<li><strong>Enrique David Borja Garc\u00eda<\/strong><\/li>\n<li><strong>Leonardo Cu\u00e9llar Rivera<\/strong> do 30&#8242;<\/li>\n<li>od 30&#8242; <strong>Pedro Dami\u00e1n Alvarez<\/strong><\/li>\n<\/ul>\n<\/td>\n<td style=\"width: 50%; height: 217px;\">\n<ul>\n<li><strong>Jan Tomaszewski<\/strong> do 46&#8242; -\u0141KS \u0141\u00f3d\u017a<\/li>\n<li>od 46&#8242; <strong>Marian Szeja<\/strong> -Zag\u0142\u0119bie Wa\u0142brzych<\/li>\n<li><strong>Antoni Szymanowski<\/strong> -Wis\u0142a,- Krak\u00f3w<\/li>\n<li><strong>Miros\u0142aw Bulzacki<\/strong> -\u0141KS \u0141\u00f3d\u017a<\/li>\n<li><strong>Jerzy Gorgo\u0144<\/strong> -G\u00f3rnik Zabrze<\/li>\n<li><strong>Adam Musia\u0142<\/strong> do 46&#8242; -Wis\u0142a Krak\u00f3w<\/li>\n<li>od 46&#8242; <strong>Krzysztof Rze\u015bny<\/strong> -Stal Mielec<\/li>\n<li><strong>Les\u0142aw \u0106mikiewicz<\/strong> -Legia Warszawa<\/li>\n<li><strong>Kazimierz Deyna<\/strong> kapitan do 46&#8242; -Legia Warszawa<\/li>\n<li>od 46&#8242; <strong>Zenon Kasztelan<\/strong> -Pogo\u0144 Szczecin<\/li>\n<li><strong>Henryk Kasperczak<\/strong> -Stal Mielec<\/li>\n<li><strong>Jan Bana\u015b<\/strong> -G\u00f3rnik Zabrze<\/li>\n<li><strong>Andrzej Szarmach<\/strong> -G\u00f3rnik Zabrze<\/li>\n<li><strong>Robert Gadocha<\/strong> -Legia Warszawa<\/li>\n<\/ul>\n<\/td>\n<\/tr>\n<\/tbody>\n<\/table>\n<div id=\"attachment_12500\" style=\"width: 1079px\" class=\"wp-caption alignleft\"><a href=\"https:\/\/kronika-futbolu.pl\/historia\/wp-content\/uploads\/2022\/05\/2B_meksyk_polska_1973_dziennik-_lodzki.png\"><img loading=\"lazy\" decoding=\"async\" aria-describedby=\"caption-attachment-12500\" class=\"wp-image-12500 size-full\" src=\"https:\/\/kronika-futbolu.pl\/historia\/wp-content\/uploads\/2022\/05\/2B_meksyk_polska_1973_dziennik-_lodzki.png\" alt=\"Meksyk - Polska 0-1 1973\" width=\"1069\" height=\"870\" srcset=\"https:\/\/kronika-futbolu.pl\/historia\/wp-content\/uploads\/2022\/05\/2B_meksyk_polska_1973_dziennik-_lodzki.png 1069w, https:\/\/kronika-futbolu.pl\/historia\/wp-content\/uploads\/2022\/05\/2B_meksyk_polska_1973_dziennik-_lodzki-491x400.png 491w, https:\/\/kronika-futbolu.pl\/historia\/wp-content\/uploads\/2022\/05\/2B_meksyk_polska_1973_dziennik-_lodzki-768x625.png 768w\" sizes=\"auto, (max-width: 1069px) 100vw, 1069px\" \/><\/a><p id=\"caption-attachment-12500\" class=\"wp-caption-text\">Meksyk &#8211; Polska 0-1 1973. \u0179r\u00f3d\u0142o: Dziennik \u0141\u00f3dzki<\/p><\/div>\n<p style=\"text-align: justify;\">Ko\u0144cem lipca 1973 roku Reprezentacja Polski uda\u0142a si\u0119 na tourn\u00e9e po Ameryce P\u00f3\u0142nocnej. Kilkana\u015bcie dni wcze\u015bniej dosz\u0142o do zmiany na stanowisku prezesa PZPN. Stanis\u0142aw Nowosielski zosta\u0142 zast\u0105piony Janem Majem. Nowym kapitanem dru\u017cyny narodowej zosta\u0142 wybrany natomiast Kazimierz G\u00f3rski. Pocz\u0105tkowo jedynie w zast\u0119pstwie W\u0142odzimierza Luba\u0144skiego. Okaza\u0142o si\u0119, \u017ce by\u0142 kapitanem do ko\u0144ca swojej przygody z kadr\u0105.\u00a0<\/p>\n<p style=\"text-align: justify;\">Reprezentacja Polski pierwszy mecz tej wyprawy rozegra\u0142a 1 sierpnia z Kanad\u0105 w Toronto. By\u0142 to jednocze\u015bnie pierwszy mecz Bia\u0142o Czerwonych na kontynencie Ameryki P\u00f3\u0142nocnej w historii. Tourn\u00e9e by\u0142o bardzo pracuj\u0105ce, bo opr\u00f3cz mecz\u00f3w co 2-3 dni Polacy spotykali si\u0119 te\u017c z Poloni\u0105.<\/p>\n<p style=\"text-align: justify;\">5 sierpnia w Los Angeles zagrali si\u0119 z Meksykiem. Spotkanie rozpocz\u0119\u0142o si\u0119 o godzinie 16:00 czasu lokalnego. W Polsce by\u0142a wtedy 23:00 w niedziel\u0119. By\u0142a to pierwsza gra obu dru\u017cyn w historii. Los Angeles zosta\u0142o 80 miastem, w kt\u00f3rym Polacy zagrali oficjalne spotkanie. Polska wygra\u0142a 1-0 po bramce Jerzego Gorgonia w 62 minucie. By\u0142a to 5 z rz\u0119du wygrana naszej dru\u017cyny narodowej. Po raz 40 w kadrze zagra\u0142 Deyna i po raz 3 w roli kapitana. Jak czytamy w Dzienniku \u0141\u00f3dzkim, Polacy mieli przewag\u0119 i gdyby nie meksyka\u0144ski bramkarz Bia\u0142o Czerwoni wygraliby wy\u017cej. Zaznaczono ze nasi pi\u0142karze czuli ju\u017c trud podr\u00f3\u017cy i cz\u0119stych mecz\u00f3w.\u00a0<\/p>\n<p>&nbsp;<\/p>\n<h2 id=\"galeria\"><span class=\"ez-toc-section\" id=\"_Przezyjmy_to_jeszcze_raz_%E2%80%93_galeria_zdjec_z_meczy_Polska_%E2%80%93_Meksyk\"><\/span>? Prze\u017cyjmy to jeszcze raz &#8211; galeria zdj\u0119\u0107 z meczy Polska &#8211; Meksyk<span class=\"ez-toc-section-end\"><\/span><\/h2>\n<ul class=\"r1-gallery\"><li>\r\n\t\t\t\t<a href=\"https:\/\/kronika-futbolu.pl\/historia\/wp-content\/uploads\/2022\/09\/8B_polska_meksyk_2017_kibice_transmisja.png\" title=\"Polska-Meksyk 2017. Kibice meksyka\u0144scy. \u0179r\u00f3d\u0142o: kadr z transmisji.\">\r\n\t\t\t\t\t<img loading=\"lazy\" decoding=\"async\" width=\"600\" height=\"343\" src=\"https:\/\/kronika-futbolu.pl\/historia\/wp-content\/uploads\/2022\/09\/8B_polska_meksyk_2017_kibice_transmisja-600x343.png\" class=\"attachment-medium size-medium\" alt=\"Polska-Meksyk 2017\" srcset=\"https:\/\/kronika-futbolu.pl\/historia\/wp-content\/uploads\/2022\/09\/8B_polska_meksyk_2017_kibice_transmisja-600x343.png 600w, https:\/\/kronika-futbolu.pl\/historia\/wp-content\/uploads\/2022\/09\/8B_polska_meksyk_2017_kibice_transmisja-768x438.png 768w, https:\/\/kronika-futbolu.pl\/historia\/wp-content\/uploads\/2022\/09\/8B_polska_meksyk_2017_kibice_transmisja.png 1051w\" sizes=\"auto, (max-width: 600px) 100vw, 600px\" \/>\r\n\t\t\t\t\t<small>Polska-Meksyk 2017. Kibice meksyka\u0144scy. \u0179r\u00f3d\u0142o: kadr z transmisji.<\/small>\r\n\t\t\t\t<\/a>\r\n\t\t\t<\/li><li>\r\n\t\t\t\t<a href=\"https:\/\/kronika-futbolu.pl\/historia\/wp-content\/uploads\/2022\/09\/8A_polska_meksyk_2017_gol_transmisja.png\" title=\"Polska-Meksyk 2017. Moment zdobycia bramki. \u0179r\u00f3d\u0142o: kadr z transmisji.\">\r\n\t\t\t\t\t<img loading=\"lazy\" decoding=\"async\" width=\"600\" height=\"298\" src=\"https:\/\/kronika-futbolu.pl\/historia\/wp-content\/uploads\/2022\/09\/8A_polska_meksyk_2017_gol_transmisja-600x298.png\" class=\"attachment-medium size-medium\" alt=\"Polska-Meksyk 2017\" srcset=\"https:\/\/kronika-futbolu.pl\/historia\/wp-content\/uploads\/2022\/09\/8A_polska_meksyk_2017_gol_transmisja-600x298.png 600w, https:\/\/kronika-futbolu.pl\/historia\/wp-content\/uploads\/2022\/09\/8A_polska_meksyk_2017_gol_transmisja-768x382.png 768w, https:\/\/kronika-futbolu.pl\/historia\/wp-content\/uploads\/2022\/09\/8A_polska_meksyk_2017_gol_transmisja.png 1111w\" sizes=\"auto, (max-width: 600px) 100vw, 600px\" \/>\r\n\t\t\t\t\t<small>Polska-Meksyk 2017. Moment zdobycia bramki. \u0179r\u00f3d\u0142o: kadr z transmisji.<\/small>\r\n\t\t\t\t<\/a>\r\n\t\t\t<\/li><li>\r\n\t\t\t\t<a href=\"https:\/\/kronika-futbolu.pl\/historia\/wp-content\/uploads\/2022\/09\/7B_polska_meksyk_2011__cicarito_laczynaspilka.png\" title=\"Polska-Meksyk 2011. Gol dla Meksyku. \u0179r\u00f3d\u0142o: kadr z transmisji.\">\r\n\t\t\t\t\t<img loading=\"lazy\" decoding=\"async\" width=\"600\" height=\"339\" src=\"https:\/\/kronika-futbolu.pl\/historia\/wp-content\/uploads\/2022\/09\/7B_polska_meksyk_2011__cicarito_laczynaspilka-600x339.png\" class=\"attachment-medium size-medium\" alt=\"Polska-Meksyk 2011\" srcset=\"https:\/\/kronika-futbolu.pl\/historia\/wp-content\/uploads\/2022\/09\/7B_polska_meksyk_2011__cicarito_laczynaspilka-600x339.png 600w, https:\/\/kronika-futbolu.pl\/historia\/wp-content\/uploads\/2022\/09\/7B_polska_meksyk_2011__cicarito_laczynaspilka-768x434.png 768w, https:\/\/kronika-futbolu.pl\/historia\/wp-content\/uploads\/2022\/09\/7B_polska_meksyk_2011__cicarito_laczynaspilka.png 937w\" sizes=\"auto, (max-width: 600px) 100vw, 600px\" \/>\r\n\t\t\t\t\t<small>Polska-Meksyk 2011. Gol dla Meksyku. \u0179r\u00f3d\u0142o: kadr z transmisji.<\/small>\r\n\t\t\t\t<\/a>\r\n\t\t\t<\/li><li>\r\n\t\t\t\t<a href=\"https:\/\/kronika-futbolu.pl\/historia\/wp-content\/uploads\/2022\/09\/7A_polska-meksyk_2011_pa_brozek.png\" title=\"Polska-Meksyk 2011.Pawe\u0142 Bro\u017cek po zdobyciu bramki. \u0179r\u00f3d\u0142o: kadr z transmisji.\">\r\n\t\t\t\t\t<img loading=\"lazy\" decoding=\"async\" width=\"600\" height=\"299\" src=\"https:\/\/kronika-futbolu.pl\/historia\/wp-content\/uploads\/2022\/09\/7A_polska-meksyk_2011_pa_brozek-600x299.png\" class=\"attachment-medium size-medium\" alt=\"Polska-Meksyk 2011\" srcset=\"https:\/\/kronika-futbolu.pl\/historia\/wp-content\/uploads\/2022\/09\/7A_polska-meksyk_2011_pa_brozek-600x299.png 600w, https:\/\/kronika-futbolu.pl\/historia\/wp-content\/uploads\/2022\/09\/7A_polska-meksyk_2011_pa_brozek-768x382.png 768w, https:\/\/kronika-futbolu.pl\/historia\/wp-content\/uploads\/2022\/09\/7A_polska-meksyk_2011_pa_brozek.png 1089w\" sizes=\"auto, (max-width: 600px) 100vw, 600px\" \/>\r\n\t\t\t\t\t<small>Polska-Meksyk 2011.Pawe\u0142 Bro\u017cek po zdobyciu bramki. \u0179r\u00f3d\u0142o: kadr z transmisji.<\/small>\r\n\t\t\t\t<\/a>\r\n\t\t\t<\/li><li>\r\n\t\t\t\t<a href=\"https:\/\/kronika-futbolu.pl\/historia\/wp-content\/uploads\/2022\/09\/6B_meksyk_polska_2005__brozek_youtube.png\" title=\"Meksyk - Polska 2005. Pawe\u0142 Bro\u017cek po zdobytej bramce. Charakterystyczny gest tego pi\u0142karza po strzelonym golu.\">\r\n\t\t\t\t\t<img loading=\"lazy\" decoding=\"async\" width=\"541\" height=\"400\" src=\"https:\/\/kronika-futbolu.pl\/historia\/wp-content\/uploads\/2022\/09\/6B_meksyk_polska_2005__brozek_youtube-541x400.png\" class=\"attachment-medium size-medium\" alt=\"Meksyk - Polska 2005\" srcset=\"https:\/\/kronika-futbolu.pl\/historia\/wp-content\/uploads\/2022\/09\/6B_meksyk_polska_2005__brozek_youtube-541x400.png 541w, https:\/\/kronika-futbolu.pl\/historia\/wp-content\/uploads\/2022\/09\/6B_meksyk_polska_2005__brozek_youtube-768x567.png 768w, https:\/\/kronika-futbolu.pl\/historia\/wp-content\/uploads\/2022\/09\/6B_meksyk_polska_2005__brozek_youtube.png 789w\" sizes=\"auto, (max-width: 541px) 100vw, 541px\" \/>\r\n\t\t\t\t\t<small>Meksyk - Polska 2005. Pawe\u0142 Bro\u017cek po zdobytej bramce. Charakterystyczny gest tego pi\u0142karza po strzelonym golu.<\/small>\r\n\t\t\t\t<\/a>\r\n\t\t\t<\/li><li>\r\n\t\t\t\t<a href=\"https:\/\/kronika-futbolu.pl\/historia\/wp-content\/uploads\/2022\/09\/6A_meksyk_polska_2005_youtube.png\" title=\"Meksyk - Polska 2005. \u0179r\u00f3d\u0142o: kadr z transmisji\">\r\n\t\t\t\t\t<img loading=\"lazy\" decoding=\"async\" width=\"600\" height=\"344\" src=\"https:\/\/kronika-futbolu.pl\/historia\/wp-content\/uploads\/2022\/09\/6A_meksyk_polska_2005_youtube-600x344.png\" class=\"attachment-medium size-medium\" alt=\"Meksyk - Polska 2005\" srcset=\"https:\/\/kronika-futbolu.pl\/historia\/wp-content\/uploads\/2022\/09\/6A_meksyk_polska_2005_youtube-600x344.png 600w, https:\/\/kronika-futbolu.pl\/historia\/wp-content\/uploads\/2022\/09\/6A_meksyk_polska_2005_youtube-768x441.png 768w, https:\/\/kronika-futbolu.pl\/historia\/wp-content\/uploads\/2022\/09\/6A_meksyk_polska_2005_youtube.png 805w\" sizes=\"auto, (max-width: 600px) 100vw, 600px\" \/>\r\n\t\t\t\t\t<small>Meksyk - Polska 2005. \u0179r\u00f3d\u0142o: kadr z transmisji<\/small>\r\n\t\t\t\t<\/a>\r\n\t\t\t<\/li><li>\r\n\t\t\t\t<a href=\"https:\/\/kronika-futbolu.pl\/historia\/wp-content\/uploads\/2022\/06\/5A_meksyk_polska_kadra_luty_1989_Tempo_Liga_Polska_Wiosna_89.png\" title=\"Meksyk - Polska 1989. Zdj\u0119cie polskiej kadry w lutym 1989 roku. \u0179r\u00f3d\u0142o: Tempo Liga Polska Wiosna&#039;89. Wydanie Specjalne \">\r\n\t\t\t\t\t<img loading=\"lazy\" decoding=\"async\" width=\"502\" height=\"400\" src=\"https:\/\/kronika-futbolu.pl\/historia\/wp-content\/uploads\/2022\/06\/5A_meksyk_polska_kadra_luty_1989_Tempo_Liga_Polska_Wiosna_89-502x400.png\" class=\"attachment-medium size-medium\" alt=\"Meksyk - Polska 1989\" srcset=\"https:\/\/kronika-futbolu.pl\/historia\/wp-content\/uploads\/2022\/06\/5A_meksyk_polska_kadra_luty_1989_Tempo_Liga_Polska_Wiosna_89-502x400.png 502w, https:\/\/kronika-futbolu.pl\/historia\/wp-content\/uploads\/2022\/06\/5A_meksyk_polska_kadra_luty_1989_Tempo_Liga_Polska_Wiosna_89-768x612.png 768w, https:\/\/kronika-futbolu.pl\/historia\/wp-content\/uploads\/2022\/06\/5A_meksyk_polska_kadra_luty_1989_Tempo_Liga_Polska_Wiosna_89.png 1150w\" sizes=\"auto, (max-width: 502px) 100vw, 502px\" \/>\r\n\t\t\t\t\t<small>Meksyk - Polska 1989. Zdj\u0119cie polskiej kadry w lutym 1989 roku. \u0179r\u00f3d\u0142o: Tempo Liga Polska Wiosna'89. Wydanie Specjalne <\/small>\r\n\t\t\t\t<\/a>\r\n\t\t\t<\/li><li>\r\n\t\t\t\t<a href=\"https:\/\/kronika-futbolu.pl\/historia\/wp-content\/uploads\/2022\/06\/4B_meksyk_polska_1985_dziennik-_polski.png\" title=\"Meksyk -Polska 1985. Dziennik Polski.\">\r\n\t\t\t\t\t<img loading=\"lazy\" decoding=\"async\" width=\"420\" height=\"400\" src=\"https:\/\/kronika-futbolu.pl\/historia\/wp-content\/uploads\/2022\/06\/4B_meksyk_polska_1985_dziennik-_polski-420x400.png\" class=\"attachment-medium size-medium\" alt=\"Meksyk -Polska 1985\" srcset=\"https:\/\/kronika-futbolu.pl\/historia\/wp-content\/uploads\/2022\/06\/4B_meksyk_polska_1985_dziennik-_polski-420x400.png 420w, https:\/\/kronika-futbolu.pl\/historia\/wp-content\/uploads\/2022\/06\/4B_meksyk_polska_1985_dziennik-_polski.png 639w\" sizes=\"auto, (max-width: 420px) 100vw, 420px\" \/>\r\n\t\t\t\t\t<small>Meksyk -Polska 1985. Dziennik Polski.<\/small>\r\n\t\t\t\t<\/a>\r\n\t\t\t<\/li><li>\r\n\t\t\t\t<a href=\"https:\/\/kronika-futbolu.pl\/historia\/wp-content\/uploads\/2022\/06\/4A_meksyk_polska_1985_dziennik-_lodzki.png\" title=\"Meksyk -Polska 1985. Dziennik \u0141\u00f3dzki.\">\r\n\t\t\t\t\t<img loading=\"lazy\" decoding=\"async\" width=\"354\" height=\"400\" src=\"https:\/\/kronika-futbolu.pl\/historia\/wp-content\/uploads\/2022\/06\/4A_meksyk_polska_1985_dziennik-_lodzki-354x400.png\" class=\"attachment-medium size-medium\" alt=\"Meksyk -Polska 1985\" srcset=\"https:\/\/kronika-futbolu.pl\/historia\/wp-content\/uploads\/2022\/06\/4A_meksyk_polska_1985_dziennik-_lodzki-354x400.png 354w, https:\/\/kronika-futbolu.pl\/historia\/wp-content\/uploads\/2022\/06\/4A_meksyk_polska_1985_dziennik-_lodzki-768x868.png 768w, https:\/\/kronika-futbolu.pl\/historia\/wp-content\/uploads\/2022\/06\/4A_meksyk_polska_1985_dziennik-_lodzki.png 848w\" sizes=\"auto, (max-width: 354px) 100vw, 354px\" \/>\r\n\t\t\t\t\t<small>Meksyk -Polska 1985. Dziennik \u0141\u00f3dzki.<\/small>\r\n\t\t\t\t<\/a>\r\n\t\t\t<\/li><li>\r\n\t\t\t\t<a href=\"https:\/\/kronika-futbolu.pl\/historia\/wp-content\/uploads\/2022\/06\/3B_meksyk_polska_1978_dziennik_lodzki.png\" title=\"Meksyk-Polska 1978. \u0179r\u00f3d\u0142o: Dziennik \u0141\u00f3dzki\">\r\n\t\t\t\t\t<img loading=\"lazy\" decoding=\"async\" width=\"600\" height=\"365\" src=\"https:\/\/kronika-futbolu.pl\/historia\/wp-content\/uploads\/2022\/06\/3B_meksyk_polska_1978_dziennik_lodzki-600x365.png\" class=\"attachment-medium size-medium\" alt=\"Meksyk-Polska 1978\" srcset=\"https:\/\/kronika-futbolu.pl\/historia\/wp-content\/uploads\/2022\/06\/3B_meksyk_polska_1978_dziennik_lodzki-600x365.png 600w, https:\/\/kronika-futbolu.pl\/historia\/wp-content\/uploads\/2022\/06\/3B_meksyk_polska_1978_dziennik_lodzki-768x468.png 768w, https:\/\/kronika-futbolu.pl\/historia\/wp-content\/uploads\/2022\/06\/3B_meksyk_polska_1978_dziennik_lodzki.png 1191w\" sizes=\"auto, (max-width: 600px) 100vw, 600px\" \/>\r\n\t\t\t\t\t<small>Meksyk-Polska 1978. \u0179r\u00f3d\u0142o: Dziennik \u0141\u00f3dzki<\/small>\r\n\t\t\t\t<\/a>\r\n\t\t\t<\/li><li>\r\n\t\t\t\t<a href=\"https:\/\/kronika-futbolu.pl\/historia\/wp-content\/uploads\/2022\/06\/2A_meksyk_polska_1973_8_08.png\" title=\"\">\r\n\t\t\t\t\t<img loading=\"lazy\" decoding=\"async\" width=\"459\" height=\"398\" src=\"https:\/\/kronika-futbolu.pl\/historia\/wp-content\/uploads\/2022\/06\/2A_meksyk_polska_1973_8_08.png\" class=\"attachment-medium size-medium\" alt=\"Meksyk - Polska 1-2 1973\" \/>\r\n\t\t\t\t\t<small><\/small>\r\n\t\t\t\t<\/a>\r\n\t\t\t<\/li><li>\r\n\t\t\t\t<a href=\"https:\/\/kronika-futbolu.pl\/historia\/wp-content\/uploads\/2022\/05\/2B_meksyk_polska_1973_dziennik-_lodzki.png\" title=\"Meksyk - Polska 0-1 1973. \u0179r\u00f3d\u0142o: Dziennik \u0141\u00f3dzki\">\r\n\t\t\t\t\t<img loading=\"lazy\" decoding=\"async\" width=\"491\" height=\"400\" src=\"https:\/\/kronika-futbolu.pl\/historia\/wp-content\/uploads\/2022\/05\/2B_meksyk_polska_1973_dziennik-_lodzki-491x400.png\" class=\"attachment-medium size-medium\" alt=\"Meksyk - Polska 0-1 1973\" srcset=\"https:\/\/kronika-futbolu.pl\/historia\/wp-content\/uploads\/2022\/05\/2B_meksyk_polska_1973_dziennik-_lodzki-491x400.png 491w, https:\/\/kronika-futbolu.pl\/historia\/wp-content\/uploads\/2022\/05\/2B_meksyk_polska_1973_dziennik-_lodzki-768x625.png 768w, https:\/\/kronika-futbolu.pl\/historia\/wp-content\/uploads\/2022\/05\/2B_meksyk_polska_1973_dziennik-_lodzki.png 1069w\" sizes=\"auto, (max-width: 491px) 100vw, 491px\" \/>\r\n\t\t\t\t\t<small>Meksyk - Polska 0-1 1973. \u0179r\u00f3d\u0142o: Dziennik \u0141\u00f3dzki<\/small>\r\n\t\t\t\t<\/a>\r\n\t\t\t<\/li><li>\r\n\t\t\t\t<a href=\"https:\/\/kronika-futbolu.pl\/historia\/wp-content\/uploads\/2023\/01\/polska-meksyk-2022-httpstwitter.comprzegladstatus1595357370854645762.png\" title=\"Ok\u0142adka Przegl\u0105du Sportowego 23.11.2022. \u0179r\u00f3d\u0142o: twitter.com\/przeglad\">\r\n\t\t\t\t\t<img loading=\"lazy\" decoding=\"async\" width=\"284\" height=\"400\" src=\"https:\/\/kronika-futbolu.pl\/historia\/wp-content\/uploads\/2023\/01\/polska-meksyk-2022-httpstwitter.comprzegladstatus1595357370854645762-284x400.png\" class=\"attachment-medium size-medium\" alt=\"Polska-Meksyk Mistrzostwa \u015awiata 2022\" srcset=\"https:\/\/kronika-futbolu.pl\/historia\/wp-content\/uploads\/2023\/01\/polska-meksyk-2022-httpstwitter.comprzegladstatus1595357370854645762-284x400.png 284w, https:\/\/kronika-futbolu.pl\/historia\/wp-content\/uploads\/2023\/01\/polska-meksyk-2022-httpstwitter.comprzegladstatus1595357370854645762.png 628w\" sizes=\"auto, (max-width: 284px) 100vw, 284px\" \/>\r\n\t\t\t\t\t<small>Ok\u0142adka Przegl\u0105du Sportowego 23.11.2022. \u0179r\u00f3d\u0142o: twitter.com\/przeglad<\/small>\r\n\t\t\t\t<\/a>\r\n\t\t\t<\/li><\/ul>\n","protected":false},"excerpt":{"rendered":"<p>Bilans mecz\u00f3w Polska-Meksyk, kursy bukmacherskie. \u0141\u0105cznie zosta\u0142o rozegranych 9 mecz\u00f3w, Polska wygra\u0142a 3 razy, 3 zremisowa\u0142a i 3 razy przegra\u0142a. Stosunek bramek to 9-13. Ostatni mecz odby\u0142 si\u0119 22 listopada 2022 roku w Doha, podczas Mistrzostw \u015awiata 2022 w Katarze. By\u0142o 0-0. Jak obstawiali bukmacherzy ? Zobacz aktualne i historyczne kursy na Polska Meksyk. \u00a0Spis [&hellip;]<\/p>\n","protected":false},"author":3,"featured_media":0,"parent":0,"menu_order":0,"comment_status":"closed","ping_status":"closed","template":"","meta":{"_acf_changed":false,"footnotes":""},"class_list":["post-12491","page","type-page","status-publish","hentry"],"acf":[],"rankMath":{"parentDomain":"kronika-futbolu.pl","noFollowDomains":[],"noFollowExcludeDomains":[],"noFollowExternalLinks":false,"featuredImageNotice":"Prezentowany obraz powinien mie\u0107 co najmniej 200 na 200 pikseli, aby m\u00f3g\u0142 go pobra\u0107 Facebook i inne serwisy spo\u0142eczno\u015bciowe.","pluginReviewed":false,"postSettings":{"linkSuggestions":true,"useFocusKeyword":false},"frontEndScore":false,"postName":"polska-meksyk-w-pilce-noznej-wyniki-meczow","permalinkFormat":"https:\/\/kronika-futbolu.pl\/historia\/%pagename%\/","showLockModifiedDate":true,"assessor":{"focusKeywordLink":"https:\/\/kronika-futbolu.pl\/historia\/wp-admin\/edit.php?focus_keyword=%focus_keyword%&post_type=%post_type%","hasTOCPlugin":{"easy-table-of-contents\/easy-table-of-contents.php":"Easy Table of Contents"},"primaryTaxonomy":false,"serpData":{"title":"","description":"","focusKeywords":"","pillarContent":false,"canonicalUrl":"","breadcrumbTitle":"","advancedRobots":[],"facebookTitle":"","facebookDescription":"","facebookImage":"","facebookImageID":"","facebookHasOverlay":false,"facebookImageOverlay":"","facebookAuthor":"","twitterCardType":"","twitterUseFacebook":true,"twitterTitle":"","twitterDescription":"","twitterImage":"","twitterImageID":"","twitterHasOverlay":false,"twitterImageOverlay":"","twitterPlayerUrl":"","twitterPlayerSize":"","twitterPlayerStream":"","twitterPlayerStreamCtype":"","twitterAppDescription":"","twitterAppIphoneName":"","twitterAppIphoneID":"","twitterAppIphoneUrl":"","twitterAppIpadName":"","twitterAppIpadID":"","twitterAppIpadUrl":"","twitterAppGoogleplayName":"","twitterAppGoogleplayID":"","twitterAppGoogleplayUrl":"","twitterAppCountry":"","robots":{"index":true},"twitterAuthor":"u\u017cytkownik","primaryTerm":0,"authorName":"Piotr Ostrowski","titleTemplate":"%title% %sep% %sitename%","descriptionTemplate":"%excerpt%","showScoreFrontend":true,"lockModifiedDate":false},"powerWords":[],"diacritics":{"A":"[\\u0041\\u24B6\\uFF21\\u00C0\\u00C1\\u00C2\\u1EA6\\u1EA4\\u1EAA\\u1EA8\\u00C3\\u0100\\u0102\\u1EB0\\u1EAE\\u1EB4\\u1EB2\\u0226\\u01E0\\u00C4\\u01DE\\u1EA2\\u00C5\\u01FA\\u01CD\\u0200\\u0202\\u1EA0\\u1EAC\\u1EB6\\u1E00\\u0104\\u023A\\u2C6F]","AA":"[\\uA732]","AE":"[\\u00C6\\u01FC\\u01E2]","AO":"[\\uA734]","AU":"[\\uA736]","AV":"[\\uA738\\uA73A]","AY":"[\\uA73C]","B":"[\\u0042\\u24B7\\uFF22\\u1E02\\u1E04\\u1E06\\u0243\\u0182\\u0181]","C":"[\\u0043\\u24B8\\uFF23\\u0106\\u0108\\u010A\\u010C\\u00C7\\u1E08\\u0187\\u023B\\uA73E]","D":"[\\u0044\\u24B9\\uFF24\\u1E0A\\u010E\\u1E0C\\u1E10\\u1E12\\u1E0E\\u0110\\u018B\\u018A\\u0189\\uA779]","DZ":"[\\u01F1\\u01C4]","Dz":"[\\u01F2\\u01C5]","E":"[\\u0045\\u24BA\\uFF25\\u00C8\\u00C9\\u00CA\\u1EC0\\u1EBE\\u1EC4\\u1EC2\\u1EBC\\u0112\\u1E14\\u1E16\\u0114\\u0116\\u00CB\\u1EBA\\u011A\\u0204\\u0206\\u1EB8\\u1EC6\\u0228\\u1E1C\\u0118\\u1E18\\u1E1A\\u0190\\u018E]","F":"[\\u0046\\u24BB\\uFF26\\u1E1E\\u0191\\uA77B]","G":"[\\u0047\\u24BC\\uFF27\\u01F4\\u011C\\u1E20\\u011E\\u0120\\u01E6\\u0122\\u01E4\\u0193\\uA7A0\\uA77D\\uA77E]","H":"[\\u0048\\u24BD\\uFF28\\u0124\\u1E22\\u1E26\\u021E\\u1E24\\u1E28\\u1E2A\\u0126\\u2C67\\u2C75\\uA78D]","I":"[\\u0049\\u24BE\\uFF29\\u00CC\\u00CD\\u00CE\\u0128\\u012A\\u012C\\u0130\\u00CF\\u1E2E\\u1EC8\\u01CF\\u0208\\u020A\\u1ECA\\u012E\\u1E2C\\u0197]","J":"[\\u004A\\u24BF\\uFF2A\\u0134\\u0248]","K":"[\\u004B\\u24C0\\uFF2B\\u1E30\\u01E8\\u1E32\\u0136\\u1E34\\u0198\\u2C69\\uA740\\uA742\\uA744\\uA7A2]","L":"[\\u004C\\u24C1\\uFF2C\\u013F\\u0139\\u013D\\u1E36\\u1E38\\u013B\\u1E3C\\u1E3A\\u0141\\u023D\\u2C62\\u2C60\\uA748\\uA746\\uA780]","LJ":"[\\u01C7]","Lj":"[\\u01C8]","M":"[\\u004D\\u24C2\\uFF2D\\u1E3E\\u1E40\\u1E42\\u2C6E\\u019C]","N":"[\\u004E\\u24C3\\uFF2E\\u01F8\\u0143\\u00D1\\u1E44\\u0147\\u1E46\\u0145\\u1E4A\\u1E48\\u0220\\u019D\\uA790\\uA7A4]","NJ":"[\\u01CA]","Nj":"[\\u01CB]","O":"[\\u004F\\u24C4\\uFF2F\\u00D2\\u00D3\\u00D4\\u1ED2\\u1ED0\\u1ED6\\u1ED4\\u00D5\\u1E4C\\u022C\\u1E4E\\u014C\\u1E50\\u1E52\\u014E\\u022E\\u0230\\u00D6\\u022A\\u1ECE\\u0150\\u01D1\\u020C\\u020E\\u01A0\\u1EDC\\u1EDA\\u1EE0\\u1EDE\\u1EE2\\u1ECC\\u1ED8\\u01EA\\u01EC\\u00D8\\u01FE\\u0186\\u019F\\uA74A\\uA74C]","OI":"[\\u01A2]","OO":"[\\uA74E]","OU":"[\\u0222]","P":"[\\u0050\\u24C5\\uFF30\\u1E54\\u1E56\\u01A4\\u2C63\\uA750\\uA752\\uA754]","Q":"[\\u0051\\u24C6\\uFF31\\uA756\\uA758\\u024A]","R":"[\\u0052\\u24C7\\uFF32\\u0154\\u1E58\\u0158\\u0210\\u0212\\u1E5A\\u1E5C\\u0156\\u1E5E\\u024C\\u2C64\\uA75A\\uA7A6\\uA782]","S":"[\\u0053\\u24C8\\uFF33\\u1E9E\\u015A\\u1E64\\u015C\\u1E60\\u0160\\u1E66\\u1E62\\u1E68\\u0218\\u015E\\u2C7E\\uA7A8\\uA784]","T":"[\\u0054\\u24C9\\uFF34\\u1E6A\\u0164\\u1E6C\\u021A\\u0162\\u1E70\\u1E6E\\u0166\\u01AC\\u01AE\\u023E\\uA786]","TZ":"[\\uA728]","U":"[\\u0055\\u24CA\\uFF35\\u00D9\\u00DA\\u00DB\\u0168\\u1E78\\u016A\\u1E7A\\u016C\\u00DC\\u01DB\\u01D7\\u01D5\\u01D9\\u1EE6\\u016E\\u0170\\u01D3\\u0214\\u0216\\u01AF\\u1EEA\\u1EE8\\u1EEE\\u1EEC\\u1EF0\\u1EE4\\u1E72\\u0172\\u1E76\\u1E74\\u0244]","V":"[\\u0056\\u24CB\\uFF36\\u1E7C\\u1E7E\\u01B2\\uA75E\\u0245]","VY":"[\\uA760]","W":"[\\u0057\\u24CC\\uFF37\\u1E80\\u1E82\\u0174\\u1E86\\u1E84\\u1E88\\u2C72]","X":"[\\u0058\\u24CD\\uFF38\\u1E8A\\u1E8C]","Y":"[\\u0059\\u24CE\\uFF39\\u1EF2\\u00DD\\u0176\\u1EF8\\u0232\\u1E8E\\u0178\\u1EF6\\u1EF4\\u01B3\\u024E\\u1EFE]","Z":"[\\u005A\\u24CF\\uFF3A\\u0179\\u1E90\\u017B\\u017D\\u1E92\\u1E94\\u01B5\\u0224\\u2C7F\\u2C6B\\uA762]","a":"[\\u0061\\u24D0\\uFF41\\u1E9A\\u00E0\\u00E1\\u00E2\\u1EA7\\u1EA5\\u1EAB\\u1EA9\\u00E3\\u0101\\u0103\\u1EB1\\u1EAF\\u1EB5\\u1EB3\\u0227\\u01E1\\u00E4\\u01DF\\u1EA3\\u00E5\\u01FB\\u01CE\\u0201\\u0203\\u1EA1\\u1EAD\\u1EB7\\u1E01\\u0105\\u2C65\\u0250]","aa":"[\\uA733]","ae":"[\\u00E6\\u01FD\\u01E3]","ao":"[\\uA735]","au":"[\\uA737]","av":"[\\uA739\\uA73B]","ay":"[\\uA73D]","b":"[\\u0062\\u24D1\\uFF42\\u1E03\\u1E05\\u1E07\\u0180\\u0183\\u0253]","c":"[\\u0063\\u24D2\\uFF43\\u0107\\u0109\\u010B\\u010D\\u00E7\\u1E09\\u0188\\u023C\\uA73F\\u2184]","d":"[\\u0064\\u24D3\\uFF44\\u1E0B\\u010F\\u1E0D\\u1E11\\u1E13\\u1E0F\\u0111\\u018C\\u0256\\u0257\\uA77A]","dz":"[\\u01F3\\u01C6]","e":"[\\u0065\\u24D4\\uFF45\\u00E8\\u00E9\\u00EA\\u1EC1\\u1EBF\\u1EC5\\u1EC3\\u1EBD\\u0113\\u1E15\\u1E17\\u0115\\u0117\\u00EB\\u1EBB\\u011B\\u0205\\u0207\\u1EB9\\u1EC7\\u0229\\u1E1D\\u0119\\u1E19\\u1E1B\\u0247\\u025B\\u01DD]","f":"[\\u0066\\u24D5\\uFF46\\u1E1F\\u0192\\uA77C]","g":"[\\u0067\\u24D6\\uFF47\\u01F5\\u011D\\u1E21\\u011F\\u0121\\u01E7\\u0123\\u01E5\\u0260\\uA7A1\\u1D79\\uA77F]","h":"[\\u0068\\u24D7\\uFF48\\u0125\\u1E23\\u1E27\\u021F\\u1E25\\u1E29\\u1E2B\\u1E96\\u0127\\u2C68\\u2C76\\u0265]","hv":"[\\u0195]","i":"[\\u0069\\u24D8\\uFF49\\u00EC\\u00ED\\u00EE\\u0129\\u012B\\u012D\\u00EF\\u1E2F\\u1EC9\\u01D0\\u0209\\u020B\\u1ECB\\u012F\\u1E2D\\u0268\\u0131]","j":"[\\u006A\\u24D9\\uFF4A\\u0135\\u01F0\\u0249]","k":"[\\u006B\\u24DA\\uFF4B\\u1E31\\u01E9\\u1E33\\u0137\\u1E35\\u0199\\u2C6A\\uA741\\uA743\\uA745\\uA7A3]","l":"[\\u006C\\u24DB\\uFF4C\\u0140\\u013A\\u013E\\u1E37\\u1E39\\u013C\\u1E3D\\u1E3B\\u017F\\u0142\\u019A\\u026B\\u2C61\\uA749\\uA781\\uA747]","lj":"[\\u01C9]","m":"[\\u006D\\u24DC\\uFF4D\\u1E3F\\u1E41\\u1E43\\u0271\\u026F]","n":"[\\u006E\\u24DD\\uFF4E\\u01F9\\u0144\\u00F1\\u1E45\\u0148\\u1E47\\u0146\\u1E4B\\u1E49\\u019E\\u0272\\u0149\\uA791\\uA7A5]","nj":"[\\u01CC]","o":"[\\u006F\\u24DE\\uFF4F\\u00F2\\u00F3\\u00F4\\u1ED3\\u1ED1\\u1ED7\\u1ED5\\u00F5\\u1E4D\\u022D\\u1E4F\\u014D\\u1E51\\u1E53\\u014F\\u022F\\u0231\\u00F6\\u022B\\u1ECF\\u0151\\u01D2\\u020D\\u020F\\u01A1\\u1EDD\\u1EDB\\u1EE1\\u1EDF\\u1EE3\\u1ECD\\u1ED9\\u01EB\\u01ED\\u00F8\\u01FF\\u0254\\uA74B\\uA74D\\u0275]","oi":"[\\u01A3]","ou":"[\\u0223]","oo":"[\\uA74F]","p":"[\\u0070\\u24DF\\uFF50\\u1E55\\u1E57\\u01A5\\u1D7D\\uA751\\uA753\\uA755]","q":"[\\u0071\\u24E0\\uFF51\\u024B\\uA757\\uA759]","r":"[\\u0072\\u24E1\\uFF52\\u0155\\u1E59\\u0159\\u0211\\u0213\\u1E5B\\u1E5D\\u0157\\u1E5F\\u024D\\u027D\\uA75B\\uA7A7\\uA783]","s":"[\\u0073\\u24E2\\uFF53\\u015B\\u1E65\\u015D\\u1E61\\u0161\\u1E67\\u1E63\\u1E69\\u0219\\u015F\\u023F\\uA7A9\\uA785\\u1E9B]","ss":"[\\u00DF]","t":"[\\u0074\\u24E3\\uFF54\\u1E6B\\u1E97\\u0165\\u1E6D\\u021B\\u0163\\u1E71\\u1E6F\\u0167\\u01AD\\u0288\\u2C66\\uA787]","tz":"[\\uA729]","u":"[\\u0075\\u24E4\\uFF55\\u00F9\\u00FA\\u00FB\\u0169\\u1E79\\u016B\\u1E7B\\u016D\\u00FC\\u01DC\\u01D8\\u01D6\\u01DA\\u1EE7\\u016F\\u0171\\u01D4\\u0215\\u0217\\u01B0\\u1EEB\\u1EE9\\u1EEF\\u1EED\\u1EF1\\u1EE5\\u1E73\\u0173\\u1E77\\u1E75\\u0289]","v":"[\\u0076\\u24E5\\uFF56\\u1E7D\\u1E7F\\u028B\\uA75F\\u028C]","vy":"[\\uA761]","w":"[\\u0077\\u24E6\\uFF57\\u1E81\\u1E83\\u0175\\u1E87\\u1E85\\u1E98\\u1E89\\u2C73]","x":"[\\u0078\\u24E7\\uFF58\\u1E8B\\u1E8D]","y":"[\\u0079\\u24E8\\uFF59\\u1EF3\\u00FD\\u0177\\u1EF9\\u0233\\u1E8F\\u00FF\\u1EF7\\u1E99\\u1EF5\\u01B4\\u024F\\u1EFF]","z":"[\\u007A\\u24E9\\uFF5A\\u017A\\u1E91\\u017C\\u017E\\u1E93\\u1E95\\u01B6\\u0225\\u0240\\u2C6C\\uA763]"},"researchesTests":["contentHasTOC","contentHasShortParagraphs","contentHasAssets","keywordInTitle","keywordInMetaDescription","keywordInPermalink","keywordIn10Percent","keywordInContent","keywordInSubheadings","keywordInImageAlt","keywordDensity","keywordNotUsed","lengthContent","lengthPermalink","linksHasInternal","linksHasExternals","linksNotAllExternals","titleStartWithKeyword","titleSentiment","titleHasPowerWords","titleHasNumber","hasContentAI"],"hasRedirection":true,"hasBreadcrumb":true},"homeUrl":"https:\/\/kronika-futbolu.pl\/historia","objectID":12491,"objectType":"post","locale":"pl","localeFull":"pl_PL","overlayImages":{"play":{"name":"Ikona PLAY","url":"https:\/\/kronika-futbolu.pl\/historia\/wp-content\/plugins\/seo-by-rank-math\/assets\/admin\/img\/icon-play.png","path":"\/home\/klient.dhosting.pl\/netpositive\/kronika-futbolu.pl\/public_html\/historia\/wp-content\/plugins\/seo-by-rank-math\/assets\/admin\/img\/icon-play.png","position":"middle_center"},"gif":{"name":"Ikona GIF","url":"https:\/\/kronika-futbolu.pl\/historia\/wp-content\/plugins\/seo-by-rank-math\/assets\/admin\/img\/icon-gif.png","path":"\/home\/klient.dhosting.pl\/netpositive\/kronika-futbolu.pl\/public_html\/historia\/wp-content\/plugins\/seo-by-rank-math\/assets\/admin\/img\/icon-gif.png","position":"middle_center"}},"defautOgImage":"https:\/\/kronika-futbolu.pl\/historia\/wp-content\/plugins\/seo-by-rank-math\/assets\/admin\/img\/social-placeholder.jpg","customPermalinks":true,"isUserRegistered":true,"autoSuggestKeywords":true,"connectSiteUrl":"https:\/\/rankmath.com\/auth?site=https%3A%2F%2Fkronika-futbolu.pl%2Fhistoria&r=https%3A%2F%2Fkronika-futbolu.pl%2Fhistoria%2Fwp-json%2Fwp%2Fv2%2Fpages%2F12491%3Fnonce%3D676862889e&pro=1","maxTags":100,"trendsIcon":"<svg viewBox=\"0 0 610 610\"><path d=\"M18.85,446,174.32,290.48l58.08,58.08L76.93,504a14.54,14.54,0,0,1-20.55,0L18.83,466.48a14.54,14.54,0,0,1,0-20.55Z\" style=\"fill:#4285f4\"\/><path d=\"M242.65,242.66,377.59,377.6l-47.75,47.75a14.54,14.54,0,0,1-20.55,0L174.37,290.43l47.75-47.75A14.52,14.52,0,0,1,242.65,242.66Z\" style=\"fill:#ea4335\"\/><polygon points=\"319.53 319.53 479.26 159.8 537.34 217.88 377.61 377.62 319.53 319.53\" style=\"fill:#fabb05\"\/><path d=\"M594.26,262.73V118.61h0a16.94,16.94,0,0,0-16.94-16.94H433.2a16.94,16.94,0,0,0-12,28.92L565.34,274.71h0a16.94,16.94,0,0,0,28.92-12Z\" style=\"fill:#34a853\"\/><rect width=\"610\" height=\"610\" style=\"fill:none\"\/><\/svg>","showScore":true,"siteFavIcon":"data:image\/png;base64,iVBORw0KGgoAAAANSUhEUgAAABAAAAAQCAYAAAAf8\/9hAAABs0lEQVR4AWL4\/\/8\/RRjO8Iucx+noO0MWUDo16FYABMGP6ZfUcRnWtm27jVPbtm3bttuH2t3eFPcY9pLz7NxiLjCyVd87pKnHyqXyxtCs8APd0rnyxiu4qSeA3QEDrAwBDrT1s1Rc\/OrjLZwqVmOSu6+Lamcpp2KKMA9PH1BYXMe1mUP5qotvXTywsOEEYHXxrY+3cqk6TMkYpNr2FeoY3KIr0RPtn9wQ2unlA+GMkRw6+9TFw4YTwDUzx\/JVvARj9KaedXRO8P5B1Du2S32smzqUrcKGEyA+uAgQjKX7zf0boWHGfn71jIKj2689gxp7OAGShNcBUmLMPVjZuiKcA2vuWHHDCQxMCz629kXAIU4ApY15QwggAFbfOP9DhgBJ+nWVJ1AZAfICAj1pAlY6hCADZnveQf7bQIwzVONGJonhLIlS9gr5mFg44Xd+4S3XHoGNPdJl1INIwKyEgHckEhgTe1bGiFY9GSFBYUwLh1IkiJUbY407E7syBSFxKTszEoiE\/YdrgCEayDmtaJwCI9uu8TKMuZSVfSa4BpGgzvomBR\/INhLGzrqDotp01ZR8pn\/1L0JN9d9XNyx0AAAAAElFTkSuQmCC","canUser":{"general":false,"advanced":false,"snippet":false,"social":false,"analysis":false,"analytics":false,"content_ai":false},"showKeywordIntent":true,"isPro":true,"is_front_page":false,"trendsUpgradeLink":"https:\/\/rankmath.com\/pricing\/?utm_source=Plugin&utm_medium=CE%20General%20Tab%20Trends&utm_campaign=WP","trendsUpgradeLabel":"Ulepszenie","trendsPreviewImage":"https:\/\/kronika-futbolu.pl\/historia\/wp-content\/plugins\/seo-by-rank-math\/assets\/admin\/img\/trends-preview.jpg","currentEditor":false,"homepageData":{"assessor":{"powerWords":[],"diacritics":true,"researchesTests":["contentHasTOC","contentHasShortParagraphs","contentHasAssets","keywordInTitle","keywordInMetaDescription","keywordInPermalink","keywordIn10Percent","keywordInContent","keywordInSubheadings","keywordInImageAlt","keywordDensity","keywordNotUsed","lengthContent","lengthPermalink","linksHasInternal","linksHasExternals","linksNotAllExternals","titleStartWithKeyword","titleSentiment","titleHasPowerWords","titleHasNumber","hasContentAI"],"hasBreadcrumb":true,"serpData":{"title":"%sitename% %page% %sep% %sitedesc%","description":"","titleTemplate":"%sitename% %page% %sep% %sitedesc%","descriptionTemplate":"","focusKeywords":"","breadcrumbTitle":"Dom","robots":{"index":true},"advancedRobots":[],"facebookTitle":"","facebookDescription":"","facebookImage":"","facebookImageID":""}}},"searchIntents":[],"isAnalyticsConnected":false,"tocTitle":"Spis tre\u015bci","tocExcludeHeadings":[],"listStyle":"ul"},"_links":{"self":[{"href":"https:\/\/kronika-futbolu.pl\/historia\/wp-json\/wp\/v2\/pages\/12491","targetHints":{"allow":["GET"]}}],"collection":[{"href":"https:\/\/kronika-futbolu.pl\/historia\/wp-json\/wp\/v2\/pages"}],"about":[{"href":"https:\/\/kronika-futbolu.pl\/historia\/wp-json\/wp\/v2\/types\/page"}],"author":[{"embeddable":true,"href":"https:\/\/kronika-futbolu.pl\/historia\/wp-json\/wp\/v2\/users\/3"}],"replies":[{"embeddable":true,"href":"https:\/\/kronika-futbolu.pl\/historia\/wp-json\/wp\/v2\/comments?post=12491"}],"version-history":[{"count":6,"href":"https:\/\/kronika-futbolu.pl\/historia\/wp-json\/wp\/v2\/pages\/12491\/revisions"}],"predecessor-version":[{"id":13470,"href":"https:\/\/kronika-futbolu.pl\/historia\/wp-json\/wp\/v2\/pages\/12491\/revisions\/13470"}],"wp:attachment":[{"href":"https:\/\/kronika-futbolu.pl\/historia\/wp-json\/wp\/v2\/media?parent=12491"}],"curies":[{"name":"wp","href":"https:\/\/api.w.org\/{rel}","templated":true}]}}