{"id":9636,"date":"2020-11-24T19:09:40","date_gmt":"2020-11-24T18:09:40","guid":{"rendered":"https:\/\/kronika-futbolu.pl\/historia\/?page_id=9636"},"modified":"2022-10-12T15:54:52","modified_gmt":"2022-10-12T13:54:52","slug":"polska-slowacja-w-pilce-noznej-wyniki-meczow","status":"publish","type":"page","link":"https:\/\/kronika-futbolu.pl\/historia\/polska-slowacja-w-pilce-noznej-wyniki-meczow\/","title":{"rendered":"Polska-S\u0142owacja w pi\u0142ce no\u017cnej wyniki mecz\u00f3w"},"content":{"rendered":"<div id=\"ez-toc-container\" class=\"ez-toc-v2_0_75 counter-hierarchy ez-toc-counter ez-toc-grey ez-toc-container-direction\">\n<div class=\"ez-toc-title-container\">\n<p class=\"ez-toc-title\" style=\"cursor:inherit\">Table of Contents<\/p>\n<span class=\"ez-toc-title-toggle\"><a href=\"#\" class=\"ez-toc-pull-right ez-toc-btn ez-toc-btn-xs ez-toc-btn-default ez-toc-toggle\" aria-label=\"Toggle Table of Content\"><span class=\"ez-toc-js-icon-con\"><span class=\"\"><span class=\"eztoc-hide\" style=\"display:none;\">Toggle<\/span><span class=\"ez-toc-icon-toggle-span\"><svg style=\"fill: #999;color:#999\" xmlns=\"http:\/\/www.w3.org\/2000\/svg\" class=\"list-377408\" width=\"20px\" height=\"20px\" viewBox=\"0 0 24 24\" fill=\"none\"><path d=\"M6 6H4v2h2V6zm14 0H8v2h12V6zM4 11h2v2H4v-2zm16 0H8v2h12v-2zM4 16h2v2H4v-2zm16 0H8v2h12v-2z\" fill=\"currentColor\"><\/path><\/svg><svg style=\"fill: #999;color:#999\" class=\"arrow-unsorted-368013\" xmlns=\"http:\/\/www.w3.org\/2000\/svg\" width=\"10px\" height=\"10px\" viewBox=\"0 0 24 24\" version=\"1.2\" baseProfile=\"tiny\"><path d=\"M18.2 9.3l-6.2-6.3-6.2 6.3c-.2.2-.3.4-.3.7s.1.5.3.7c.2.2.4.3.7.3h11c.3 0 .5-.1.7-.3.2-.2.3-.5.3-.7s-.1-.5-.3-.7zM5.8 14.7l6.2 6.3 6.2-6.3c.2-.2.3-.5.3-.7s-.1-.5-.3-.7c-.2-.2-.4-.3-.7-.3h-11c-.3 0-.5.1-.7.3-.2.2-.3.5-.3.7s.1.5.3.7z\"\/><\/svg><\/span><\/span><\/span><\/a><\/span><\/div>\n<nav><ul class='ez-toc-list ez-toc-list-level-1 ' ><li class='ez-toc-page-1 ez-toc-heading-level-2'><a class=\"ez-toc-link ez-toc-heading-1\" href=\"https:\/\/kronika-futbolu.pl\/historia\/polska-slowacja-w-pilce-noznej-wyniki-meczow\/#Bilans_meczow_Polska-Slowacja_kursy_bukmacherskie\" >Bilans mecz\u00f3w Polska-S\u0142owacja, kursy bukmacherskie<\/a><\/li><li class='ez-toc-page-1 ez-toc-heading-level-2'><a class=\"ez-toc-link ez-toc-heading-2\" href=\"https:\/\/kronika-futbolu.pl\/historia\/polska-slowacja-w-pilce-noznej-wyniki-meczow\/#%E2%80%8BTabela_rozgrywek\" >\u200bTabela rozgrywek<\/a><\/li><li class='ez-toc-page-1 ez-toc-heading-level-2'><a class=\"ez-toc-link ez-toc-heading-3\" href=\"https:\/\/kronika-futbolu.pl\/historia\/polska-slowacja-w-pilce-noznej-wyniki-meczow\/#9_Mecz_Polska-_Slowacja_1_2_14_czerwca_2021_r\" >9. Mecz Polska- S\u0142owacja 1:2 (14 czerwca 2021 r.)<\/a><\/li><li class='ez-toc-page-1 ez-toc-heading-level-2'><a class=\"ez-toc-link ez-toc-heading-4\" href=\"https:\/\/kronika-futbolu.pl\/historia\/polska-slowacja-w-pilce-noznej-wyniki-meczow\/#8_Mecz_Polska_%E2%80%93_Slowacja-_0_2_15_listopada_2013_r\" >8. Mecz Polska &#8211; S\u0142owacja- 0:2 (15 listopada 2013 r.)<\/a><\/li><li class='ez-toc-page-1 ez-toc-heading-level-2'><a class=\"ez-toc-link ez-toc-heading-5\" href=\"https:\/\/kronika-futbolu.pl\/historia\/polska-slowacja-w-pilce-noznej-wyniki-meczow\/#7_Mecz_Polska-_Slowacja_1_0_26_maja_2012_r\" >7. Mecz Polska- S\u0142owacja 1:0 (26 maja 2012 r.)<\/a><\/li><li class='ez-toc-page-1 ez-toc-heading-level-2'><a class=\"ez-toc-link ez-toc-heading-6\" href=\"https:\/\/kronika-futbolu.pl\/historia\/polska-slowacja-w-pilce-noznej-wyniki-meczow\/#6_Mecz_Polska_%E2%80%93_Slowacja_0_1_14_pazdziernika_2009_r\" >6. Mecz Polska &#8211; S\u0142owacja 0:1 (14 pa\u017adziernika 2009 r.)<\/a><\/li><li class='ez-toc-page-1 ez-toc-heading-level-2'><a class=\"ez-toc-link ez-toc-heading-7\" href=\"https:\/\/kronika-futbolu.pl\/historia\/polska-slowacja-w-pilce-noznej-wyniki-meczow\/#5_Mecz_Slowacja-_Polska_2_1_15_pazdziernika_2008_r\" >5. Mecz S\u0142owacja- Polska 2:1 (15 pa\u017adziernika 2008 r.)<\/a><\/li><li class='ez-toc-page-1 ez-toc-heading-level-2'><a class=\"ez-toc-link ez-toc-heading-8\" href=\"https:\/\/kronika-futbolu.pl\/historia\/polska-slowacja-w-pilce-noznej-wyniki-meczow\/#4_Mecz_Polska_%E2%80%93_Slowacja_2_2_7_luty_2007_r\" >4. Mecz Polska &#8211; S\u0142owacja 2:2 (7\u00a0 luty 2007 r.)<\/a><\/li><li class='ez-toc-page-1 ez-toc-heading-level-2'><a class=\"ez-toc-link ez-toc-heading-9\" href=\"https:\/\/kronika-futbolu.pl\/historia\/polska-slowacja-w-pilce-noznej-wyniki-meczow\/#3_Mecz_Slowacja-_Polska_1_3_10_listopada_1998_r\" >3. Mecz S\u0142owacja- Polska 1:3 (10 listopada 1998 r.)<\/a><\/li><li class='ez-toc-page-1 ez-toc-heading-level-2'><a class=\"ez-toc-link ez-toc-heading-10\" href=\"https:\/\/kronika-futbolu.pl\/historia\/polska-slowacja-w-pilce-noznej-wyniki-meczow\/#2_Mecz_Slowacja-_Polska_4_1_11_pazdziernika_1995_r\" >2. Mecz S\u0142owacja- Polska 4:1 (11 pa\u017adziernika 1995 r.)<\/a><\/li><li class='ez-toc-page-1 ez-toc-heading-level-2'><a class=\"ez-toc-link ez-toc-heading-11\" href=\"https:\/\/kronika-futbolu.pl\/historia\/polska-slowacja-w-pilce-noznej-wyniki-meczow\/#1_Mecz_Polska_%E2%80%93_Slowacja_5_0_7_czerwca_1995_r\" >1. Mecz Polska &#8211; S\u0142owacja 5:0 (7 czerwca 1995 r.)<\/a><\/li><li class='ez-toc-page-1 ez-toc-heading-level-2'><a class=\"ez-toc-link ez-toc-heading-12\" href=\"https:\/\/kronika-futbolu.pl\/historia\/polska-slowacja-w-pilce-noznej-wyniki-meczow\/#_Przezyjmy_to_jeszcze_raz_%E2%80%93_galeria_zdjec_z_meczy_Polska_%E2%80%93_Slowacja\" >? Prze\u017cyjmy to jeszcze raz &#8211; galeria zdj\u0119\u0107 z meczy Polska &#8211; S\u0142owacja<\/a><\/li><\/ul><\/nav><\/div>\n<h2><span class=\"ez-toc-section\" id=\"Bilans_meczow_Polska-Slowacja_kursy_bukmacherskie\"><\/span>Bilans mecz\u00f3w Polska-S\u0142owacja, kursy bukmacherskie<span class=\"ez-toc-section-end\"><\/span><\/h2>\n<p><img loading=\"lazy\" decoding=\"async\" class=\"alignleft wp-image-2433 size-medium\" src=\"https:\/\/kronika-futbolu.pl\/historia\/wp-content\/uploads\/2015\/11\/slowacja-logo-400x400.png\" alt=\"S\u0142owacki zwi\u0105zek pi\u0142ki no\u017cnej\" width=\"400\" height=\"400\" srcset=\"https:\/\/kronika-futbolu.pl\/historia\/wp-content\/uploads\/2015\/11\/slowacja-logo-400x400.png 400w, https:\/\/kronika-futbolu.pl\/historia\/wp-content\/uploads\/2015\/11\/slowacja-logo.png 768w\" sizes=\"auto, (max-width: 400px) 100vw, 400px\" \/><\/p>\n<p>W 9 dotychczas rozegranych meczach pomi\u0119dzy Reprezentacj\u0105 Polski i S\u0142owacji 3 razy wygrywali Polacy, 1 raz pad\u0142 remis, a 5 razy g\u00f3r\u0105 byli S\u0142owacy. Bilans bramkowy 14-14.<\/p>\n<p>Ostatni mecz odby\u0142 si\u0119 14 czerwca 2021 roku w Saint Petersburg podczas mistrzostw Europy 2020. Wygrali S\u0142owacy 2-1.<\/p>\n<hr \/>\n<p><strong>Spis tre\u015bci:<\/strong><\/p>\n<p>&nbsp;<\/p>\n<ol reversed=\"\">\n<li><a href=\"#mecz-14-06-2021\">Mecz Polska-S\u0142owacja (2021.06.14) \u2193<\/a><\/li>\n<li><a href=\"#mecz-15-11-2013\">Mecz Polska-S\u0142owacja (2013.11.15) \u2193<\/a><\/li>\n<li><a href=\"#mecz-26-05-2012\">Mecz Polska-S\u0142owacja (2012.05.26) \u2193<\/a><\/li>\n<li><a href=\"#mecz-14-10-2009\">Mecz Polska-S\u0142owacja (2009.10.14) \u2193<\/a><\/li>\n<li><a href=\"#mecz-15-10-2008\">Mecz S\u0142owacja-Polska (2008.10.15) \u2193<\/a><\/li>\n<li><a href=\"#mecz-07-02-2007\">Mecz Polska-S\u0142owacja (2007.02.07) \u2193<\/a><\/li>\n<li><a href=\"#mecz-10-11-1998\">Mecz S\u0142owacja-Polska\u00a0 (1998.11.10) \u2193<\/a><\/li>\n<li><a href=\"#mecz-11-10-1995\">Mecz S\u0142owacja-Polska (1995.10.11) \u2193<\/a><\/li>\n<li><a href=\"#mecz-07-06-1995\">Mecz Polska-S\u0142owacja\u00a0 (1995.06.07) \u2193<\/a><\/li>\n<\/ol>\n\r\n\t\t\t<span class=\"rivals\">\r\n\t\t\t\t<strong>Inne mecze reprezentacji<\/strong>\r\n\t\t\t\t<select onchange=\"self.location.href=this.value\">\r\n\t\t\t\t\t<option value=\"#\">Wybierz rywala<\/option>\r\n\t\t\t\t\t<option value=\"\/historia\/reprezentacja-polski-mecze\/\">Wszystkie mecze<\/option>\r\n\t\t\t\t\t<option value=\"\/historia\/polska-albania-w-pilce-noznej-wyniki-meczow\/\">Albania<\/option>\r\n\t\t\t\t\t<option value=\"\/historia\/polska-andora-w-pilce-noznej-wyniki-meczow\/\">Andora<\/option>\r\n\t\t\t\t\t<option value=\"\/historia\/polska-anglia-w-pilce-noznej-wyniki-meczow\/\">Anglia<\/option>\r\n\t\t\t\t\t<option value=\"\/historia\/polska-arabia-saudyjska-w-pilce-noznej-wyniki-meczow\/\">Arabia Saudyjska<\/option>\r\n\t\t\t\t\t<option value=\"\/historia\/polska-argentyna-w-pilce-noznej-wyniki-meczow\/\">Argentyna<\/option>\r\n\t\t\t\t\t<option value=\"\/historia\/polska-austria-w-pilce-noznej-wyniki-meczow\/\">Austria<\/option>\r\n\t\t\t\t\t<option value=\"\/historia\/polska-belgia-w-pilce-noznej-wyniki-meczow\/\">Belgia<\/option>\r\n\t\t\t\t\t<option value=\"\/historia\/polska-brazylia-w-pilce-noznej-wyniki-meczow\/\">Brazylia<\/option>\r\n\t\t\t\t\t<option value=\"\/historia\/polska-chile-w-pilce-noznej-wyniki-meczow\/\">Chile<\/option>\r\n\t\t\t\t\t<option value=\"\/historia\/polska-chorwacja-w-pilce-noznej-wyniki-meczow\/\">Chorwacja<\/option>\r\n\t\t\t\t\t<option value=\"\/historia\/historia-i-bilans-meczow-polska-czarnogora\/\">Czarnog\u00f3ra<\/option>\r\n\t\t\t\t\t<option value=\"\/historia\/polska-czechy-w-pilce-noznej-wyniki-meczow\/\">Czechy<\/option>\r\n\t\t\t\t\t<option value=\"\/historia\/historia-i-bilans-meczow-polska-dania-w-pilce-noznej\/\">Dania<\/option>\r\n\t\t\t\t\t<option value=\"\/historia\/polska-estonia-w-pilce-noznej-wyniki-meczow\/\">Estonia<\/option>\r\n\t\t\t\t\t<option value=\"\/historia\/bilans-meczow-polska-francja-kursy-bukmacherskie\/\">Francja<\/option>\r\n\t\t\t\t\t<option value=\"\/historia\/polska-grecja-w-pilce-noznej-wyniki-meczow\/\">Grecja<\/option>\r\n\t\t\t\t\t<option value=\"\/historia\/polska-gruzja-w-pilce-noznej-wyniki-meczow\/\">Gruzja<\/option>\r\n\t\t\t\t\t<option value=\"\/historia\/polska-hiszpania-w-pilce-noznej-wyniki-meczow\/\">Hiszpania<\/option>\r\n\t\t\t\t\t<option value=\"\/historia\/polska-holandia-w-pilce-noznej-wyniki-meczow\/\">Holandia<\/option>\r\n\t\t\t\t\t<option value=\"\/historia\/historia-i-bilans-meczow-polska-irlandia\/\">Irlandia<\/option>\r\n\t\t\t\t\t<option value=\"\/historia\/polska-irlandia-polnocna-w-pilce-noznej-wyniki-meczow\/\">Irlandia P\u00f3\u0142nocna<\/option>\r\n\t\t\t\t\t<option value=\"\/historia\/polska-islandia-w-pilce-noznej-wyniki-meczow\/\">Islandia<\/option>\r\n\t\t\t\t\t<option value=\"\/historia\/historia-i-bilans-meczow-polska-japonia\/\">Japonia<\/option>\r\n\t\t\t\t\t<option value=\"\/historia\/historia-i-bilans-meczow-polska-kazachstan\/\">Kazachstan<\/option>\r\n\t\t\t\t\t<option value=\"\/historia\/historia-i-bilans-meczow-polska-kolumbia\/\">Kolumbia<\/option>\r\n\t\t\t\t\t<option value=\"\/historia\/historia-i-bilans-meczow-polska-korea-poludniowa-w-pilce-noznej\/\">Korea Po\u0142udniowa<\/option>\r\n\t\t\t\t\t<option value=\"\/historia\/polska-liechtenstein-w-pilce-noznej-wyniki-meczow\/\">Liechtenstein<\/option>\r\n\t\t\t\t\t<option value=\"\/historia\/historia-i-bilans-meczow-polska-litwa\/\">Litwa<\/option>\r\n\t\t\t\t\t<option value=\"\/historia\/polska-lotwa-w-pilce-noznej-wyniki-meczow\/\">\u0141otwa<\/option>\r\n\t\t\t\t\t<option value=\"\/historia\/polska-meksyk-w-pilce-noznej-wyniki-meczow\/\">Meksyk<\/option>\r\n\t\t\t\t\t<option value=\"\/historia\/polska-moldawia-w-pilce-noznej-wyniki-meczow\/\">Mo\u0142dawia<\/option>\r\n\t\t\t\t\t<option value=\"\/historia\/polska-niemcy-w-pilce-noznej-wyniki-meczow\/\">Niemcy<\/option>\r\n\t\t\t\t\t<option value=\"\/historia\/historia-i-bilans-meczow-polska-nigeria\/\">Nigeria<\/option>\r\n\t\t\t\t\t<option value=\"\/historia\/polska-norwegia-w-pilce-noznej-wyniki-meczow\/\">Norwegia<\/option>\r\n\t\t\t\t\t<option value=\"\/historia\/polska-nowa-zelandia-w-pilce-noznej-wyniki-meczow\/\">Nowa Zelandia<\/option>\r\n\t\t\t\t\t<option value=\"\/historia\/polska-portugalia-w-pilce-noznej-wyniki-meczow\/\">Portugalia<\/option>\r\n\t\t\t\t\t<option value=\"\/historia\/polska-rosja-w-pilce-noznej-wyniki-meczow\/\">Rosja<\/option>\r\n\t\t\t\t\t<option value=\"\/historia\/historia-i-bilans-meczow-polska-rumunia\/\">Rumunia<\/option>\r\n\t\t\t\t\t<option value=\"\/historia\/polska-san-marino-w-pilce-noznej-wyniki-meczow\/\">San Marino<\/option>\r\n\t\t\t\t\t<option value=\"\/historia\/historia-i-bilans-meczow-polska-senegal\/\">Senegal<\/option>\r\n\t\t\t\t\t<option value=\"\/historia\/polska-slowacja-w-pilce-noznej-wyniki-meczow\/\">S\u0142owacja<\/option>\r\n\t\t\t\t\t<option value=\"\/historia\/polska-slowenia-w-pilce-noznej-wyniki-meczow\/\">S\u0142owenia<\/option>\r\n\t\t\t\t\t<option value=\"\/historia\/polska-szkocja-w-pilce-noznej-wyniki-meczow\/\">Szkocja<\/option>\r\n\t\t\t\t\t<option value=\"\/historia\/polska-szwajcaria-w-pilce-noznej-wyniki-meczow\/\">Szwajcaria<\/option>\r\n\t\t\t\t\t<option value=\"\/historia\/polska-szwecja-w-pilce-noznej-wyniki-meczow\/\">Szwecja<\/option>\r\n\t\t\t\t\t<option value=\"\/historia\/polska-turcja-w-pilce-noznej-wyniki-meczow\/\">Turcja<\/option>\r\n\t\t\t\t\t<option value=\"\/historia\/polska-ukraina-w-pilce-noznej-wyniki-meczow\/\">Ukraina<\/option>\r\n\t\t\t\t\t<option value=\"\/historia\/historia-i-bilans-meczow-polska-urugwaj\/\">Urugwaj<\/option>\r\n\t\t\t\t\t<option value=\"\/historia\/polska-walia-w-pilce-noznej-wyniki-meczow\/\">Walia<\/option>\r\n\t\t\t\t\t<option value=\"\/historia\/polska-wegry-w-pilce-noznej-wyniki-meczow\/\">W\u0119gry<\/option>\r\n\t\t\t\t\t<option value=\"\/historia\/historia-i-bilans-meczow-polska-wlochy-w-pilce-noznej\/\">W\u0142ochy<\/option>\r\n\t\t\t\t\t<option value=\"\/historia\/polska-wyspy-owcze-w-pilce-noznej-wyniki-meczow\/\">Wyspy Owcze<\/option>\r\n\t\t\t\t<\/select>\r\n\t\t\t<\/span>\r\n\t\t\n<h2><span class=\"ez-toc-section\" id=\"%E2%80%8BTabela_rozgrywek\"><\/span>\u200bTabela rozgrywek<span class=\"ez-toc-section-end\"><\/span><\/h2>\n<table style=\"width: 100%; height: 402px;\">\n<thead>\n<tr style=\"height: 45px;\">\n<th style=\"width: 0.484848%; text-align: center; height: 45px;\">Lp.<\/th>\n<th style=\"width: 10.303%; height: 45px;\">Data meczu<\/th>\n<th style=\"width: 12.8485%; height: 45px;\">Miejsce<\/th>\n<th style=\"width: 16.9696%; height: 45px;\">Mecz<\/th>\n<th style=\"text-align: center; width: 6.06063%; height: 45px;\">Strzelone bramki<\/th>\n<th style=\"text-align: center; width: 12%; height: 45px;\">Strzelone bramki<\/th>\n<th style=\"text-align: center; width: 14.7879%; height: 45px;\">Rodzaj rozgrywek<\/th>\n<th style=\"width: 11.3939%; height: 45px;\">Trener<\/th>\n<\/tr>\n<\/thead>\n<tbody>\n<tr style=\"height: 21px;\">\n<td style=\"width: 0.484848%; text-align: center; height: 21px;\">9.<\/td>\n<td style=\"width: 10.303%; height: 21px;\">2021.06.14 (poniedzia\u0142ek)<\/td>\n<td style=\"width: 12.8485%; height: 21px;\">Sankt Petersburg<\/td>\n<td style=\"width: 16.9696%; height: 21px;\">Polska- S\u0142owacja<\/td>\n<td style=\"text-align: center; width: 6.06063%; height: 21px;\">[pl] 1<\/td>\n<td style=\"text-align: center; width: 12%; height: 21px;\">[sk] 2<\/td>\n<td style=\"text-align: center; width: 14.7879%; height: 21px;\">ME 2020+1<\/td>\n<td style=\"width: 11.3939%; height: 21px;\">Sousa<\/td>\n<\/tr>\n<tr style=\"height: 21px;\">\n<td style=\"width: 0.484848%; text-align: center; height: 21px;\">8.<\/td>\n<td style=\"width: 10.303%; height: 21px;\">2013.11.15 (pi\u0105tek)<\/td>\n<td style=\"width: 12.8485%; height: 21px;\">Wroc\u0142aw<\/td>\n<td style=\"width: 16.9696%; height: 21px;\">Polska &#8211; S\u0142owacja<\/td>\n<td style=\"text-align: center; width: 6.06063%; height: 21px;\">[pl] 0<\/td>\n<td style=\"text-align: center; width: 12%; height: 21px;\">[sk] 2<\/td>\n<td style=\"text-align: center; width: 14.7879%; height: 21px;\">MT<\/td>\n<td style=\"width: 11.3939%; height: 21px;\">Nawa\u0142ka<\/td>\n<\/tr>\n<tr style=\"height: 21px;\">\n<td style=\"width: 0.484848%; text-align: center; height: 21px;\">7.<\/td>\n<td style=\"width: 10.303%; height: 21px;\">2012.05.26 (sobota)<\/td>\n<td style=\"width: 12.8485%; height: 21px;\">Klagenfurt<\/td>\n<td style=\"width: 16.9696%; height: 21px;\">Polska &#8211; S\u0142owacja<\/td>\n<td style=\"text-align: center; width: 6.06063%; height: 21px;\">\u00a0[pl] 1<\/td>\n<td style=\"text-align: center; width: 12%; height: 21px;\">[sk] 0<\/td>\n<td style=\"text-align: center; width: 14.7879%; height: 21px;\">MT<\/td>\n<td style=\"width: 11.3939%; height: 21px;\">Smuda<\/td>\n<\/tr>\n<tr style=\"height: 21px;\">\n<td style=\"width: 0.484848%; text-align: center; height: 21px;\">6.<\/td>\n<td style=\"width: 10.303%; height: 21px;\">2009.10.14 (\u015broda)<\/td>\n<td style=\"width: 12.8485%; height: 21px;\">Chorz\u00f3w<\/td>\n<td style=\"width: 16.9696%; height: 21px;\">Polska- S\u0142owacja<\/td>\n<td style=\"text-align: center; width: 6.06063%; height: 21px;\">[pl] 0<\/td>\n<td style=\"text-align: center; width: 12%; height: 21px;\">[sk] 1<\/td>\n<td style=\"text-align: center; width: 14.7879%; height: 21px;\">EM\u015a 2010<\/td>\n<td style=\"width: 11.3939%; height: 21px;\">Majewski<\/td>\n<\/tr>\n<tr style=\"height: 21px;\">\n<td style=\"width: 0.484848%; text-align: center; height: 21px;\">5.<\/td>\n<td style=\"width: 10.303%; height: 21px;\">2008.10.15 (\u015broda)<\/td>\n<td style=\"width: 12.8485%; height: 21px;\">Bratys\u0142awa<\/td>\n<td style=\"width: 16.9696%; height: 21px;\">S\u0142owacja- Polska<\/td>\n<td style=\"text-align: center; width: 6.06063%; height: 21px;\">[sk] 2<\/td>\n<td style=\"text-align: center; width: 12%; height: 21px;\">[pl] 1<\/td>\n<td style=\"text-align: center; width: 14.7879%; height: 21px;\">EM\u015a 2010<\/td>\n<td style=\"width: 11.3939%; height: 21px;\">Beenhakker<\/td>\n<\/tr>\n<tr style=\"height: 21px;\">\n<td style=\"width: 0.484848%; text-align: center; height: 21px;\">4.<\/td>\n<td style=\"width: 10.303%; height: 21px;\">2007.02.07 (\u015broda)<\/td>\n<td style=\"width: 12.8485%; height: 21px;\">Jerez de la Frontera<\/td>\n<td style=\"width: 16.9696%; height: 21px;\">Polska- S\u0142owacja<\/td>\n<td style=\"text-align: center; width: 6.06063%; height: 21px;\">[pl] 2<\/td>\n<td style=\"text-align: center; width: 12%; height: 21px;\">[sk] 2<\/td>\n<td style=\"text-align: center; width: 14.7879%; height: 21px;\">MT<\/td>\n<td style=\"width: 11.3939%; height: 21px;\">Beenhakker<\/td>\n<\/tr>\n<tr style=\"height: 21px;\">\n<td style=\"width: 0.484848%; text-align: center; height: 21px;\">3.<\/td>\n<td style=\"width: 10.303%; height: 21px;\">1998.11.10 (wtorek)<\/td>\n<td style=\"width: 12.8485%; height: 21px;\">Bratys\u0142awa<\/td>\n<td style=\"width: 16.9696%; height: 21px;\">S\u0142owacja- Polska<\/td>\n<td style=\"text-align: center; width: 6.06063%; height: 21px;\">[sk] 1<\/td>\n<td style=\"text-align: center; width: 12%; height: 21px;\">[pl] 3<\/td>\n<td style=\"text-align: center; width: 14.7879%; height: 21px;\">MT<\/td>\n<td style=\"width: 11.3939%; height: 21px;\">W\u00f3jcik<\/td>\n<\/tr>\n<tr style=\"height: 21px;\">\n<td style=\"width: 0.484848%; text-align: center; height: 21px;\">2.<\/td>\n<td style=\"width: 10.303%; height: 21px;\">1995.10.11 (\u015broda)<\/td>\n<td style=\"width: 12.8485%; height: 21px;\">Bratys\u0142awa<\/td>\n<td style=\"width: 16.9696%; height: 21px;\">S\u0142owacja- Polska<\/td>\n<td style=\"text-align: center; width: 6.06063%; height: 21px;\">[sk] 4<\/td>\n<td style=\"text-align: center; width: 12%; height: 21px;\">[pl] 1<\/td>\n<td style=\"text-align: center; width: 14.7879%; height: 21px;\">EME 1996<\/td>\n<td style=\"width: 11.3939%; height: 21px;\">Apostel<\/td>\n<\/tr>\n<tr style=\"height: 21px;\">\n<td style=\"width: 0.484848%; text-align: center; height: 21px;\">1.<\/td>\n<td style=\"width: 10.303%; height: 21px;\">1995.06.07 (\u015broda)<\/td>\n<td style=\"width: 12.8485%; height: 21px;\">Zabrze<\/td>\n<td style=\"width: 16.9696%; height: 21px;\">Polska &#8211; S\u0142owacja<\/td>\n<td style=\"text-align: center; width: 6.06063%; height: 21px;\">[pl] 5<\/td>\n<td style=\"text-align: center; width: 12%; height: 21px;\">[sk] 0<\/td>\n<td style=\"text-align: center; width: 14.7879%; height: 21px;\">EME 1996<\/td>\n<td style=\"width: 11.3939%; height: 21px;\">Apostel<\/td>\n<\/tr>\n<\/tbody>\n<\/table>\n<p>&nbsp;<\/p>\n<h2 id=\"mecz-08-12-1984\"><span class=\"ez-toc-section\" id=\"9_Mecz_Polska-_Slowacja_1_2_14_czerwca_2021_r\"><\/span><a id=\"mecz-14-06-2021\"><\/a>9. Mecz Polska- S\u0142owacja 1:2 (14 czerwca 2021 r.)<span class=\"ez-toc-section-end\"><\/span><\/h2>\n<ul>\n<li><strong>Data meczu:<\/strong> 14.06.2021<\/li>\n<li><strong>Ranga meczu:<\/strong>\u00a0 Mistrzostwa Europy 2020+1<\/li>\n<li><strong>S\u0119dzia:<\/strong> Ovidiu Ha\u0163egan &#8211; Rumunia<\/li>\n<li><strong>Stadion:<\/strong> Gazprom Arena, Saint Petersburg<\/li>\n<li><strong>Trener:<\/strong> Paulo Sousa<\/li>\n<\/ul>\n<p><strong> \u26bd Strzelone bramki:<\/strong><\/p>\n<ul>\n<li>Wojciech Szcz\u0119sny [pl] 18&#8242;-samob\u00f3jczy (po strzale R\u00f3berta Maka)<\/li>\n<li>Karol Linetty [pl] 46&#8242;<\/li>\n<li>Milan \u0160kriniar [sk] 69&#8242;<\/li>\n<\/ul>\n<p><strong>? Sk\u0142ady:<\/strong><\/p>\n<table style=\"border-collapse: collapse; width: 100%;\">\n<thead>\n<tr>\n<th style=\"width: 50%;\">[pl] Polska:<\/th>\n<th style=\"width: 50%;\">[sk] S\u0142owacja:<\/th>\n<\/tr>\n<\/thead>\n<tbody>\n<tr>\n<td style=\"width: 50%;\">\n<ul>\n<li><strong>Wojciech Szcz\u0119sny<\/strong> -Juventus FC<\/li>\n<li><strong>Maciej Rybus<\/strong> do 74&#8242; -Lokomotiv Moskwa<\/li>\n<li>od 74&#8242; <strong>Tymoteusz Puchacz<\/strong> -Lech Pozna\u0144<\/li>\n<li><strong>Kamil Glik<\/strong> -Benevento Calcio<\/li>\n<li><strong>Bartosz Bereszy\u0144ski<\/strong> -UC Sampdoria<\/li>\n<li><strong>Jan Bednarek<\/strong> -Southampton FC<\/li>\n<li><strong>Mateusz Klich<\/strong> do 85&#8242; -Leeds United FC<\/li>\n<li>od 85&#8242; <strong>Jakub Moder<\/strong> -Brighton &amp; Hove Albion FC<\/li>\n<li><strong>Grzegorz Krychowiak<\/strong> 22&#8242; [ycard] 62&#8242; [ycard] [rcard] -Lokomotiv Moskwa<\/li>\n<li><strong>Piotr Zieli\u0144ski<\/strong> do 85&#8242; -SSC Napoli<\/li>\n<li>od 85&#8242; <strong>Karol \u015awiderski<\/strong> -PAOK Saloniki<\/li>\n<li><strong>Karol Linetty<\/strong> do 74&#8242; -Torino FC<\/li>\n<li>od 74&#8242; <strong>Przemys\u0142aw Frankowski<\/strong> -Chicago Fire<\/li>\n<li><strong>Kamil J\u00f3\u017awiak<\/strong> -Derby County FC<\/li>\n<li><strong>Robert Lewandowski<\/strong> kapitan -Bayern Monachium<\/li>\n<\/ul>\n<\/td>\n<td style=\"width: 50%;\">\n<ul>\n<li><strong>Martin D\u00fabravka<\/strong> -Newcastle United FC<\/li>\n<li><strong>Tom\u00e1\u0161 Hubo\u010dan<\/strong> 20&#8242; [ycard] -AC Omonia<\/li>\n<li><strong>Peter Pekar\u00edk<\/strong> do 79&#8242; -Hertha Berlin<\/li>\n<li>od 79&#8242;<strong> Martin Kosceln\u00edk<\/strong> -Slovan Liberec<\/li>\n<li><strong>\u013dubom\u00edr \u0160atka<\/strong> -Lech Pozna\u0144<\/li>\n<li><strong>Milan \u0160kriniar<\/strong> -Inter Mediolan<\/li>\n<li><strong>Marek Ham\u0161\u00edk<\/strong> kapitan -IFK G\u00f6teborg<\/li>\n<li><strong>Juraj Kucka<\/strong> -Parma<\/li>\n<li><strong>R\u00f3bert Mak<\/strong> do 87&#8242; -Ferencv\u00e1rosi TC<\/li>\n<li>od 87&#8242; <strong>Tom\u00e1\u0161 Suslov<\/strong> -FC Groningen<\/li>\n<li><strong>Luk\u00e1\u0161 Harasl\u00edn<\/strong> do 87&#8242; -Sassuolo Calcio<\/li>\n<li>od 87&#8242; <strong>Michal \u010euri\u0161<\/strong> -AC Omonia<\/li>\n<li><strong>Jakub Hromada<\/strong> do 79&#8242; -Slavia Praga<\/li>\n<li>od 79&#8242; <strong>Patrik Hro\u0161ovsk\u00fd<\/strong> -KRC Genk<\/li>\n<li><strong>Ondrej Duda<\/strong> do 90+2&#8242; -1. FC K\u00f6ln<\/li>\n<li>od 90+2&#8242; <strong>J\u00e1n Gregu\u0161<\/strong> -Minnesota United<\/li>\n<\/ul>\n<\/td>\n<\/tr>\n<\/tbody>\n<\/table>\n<p><div id=\"attachment_11294\" style=\"width: 595px\" class=\"wp-caption aligncenter\"><img loading=\"lazy\" decoding=\"async\" aria-describedby=\"caption-attachment-11294\" class=\"wp-image-11294 size-medium\" src=\"https:\/\/kronika-futbolu.pl\/historia\/wp-content\/uploads\/2021\/09\/10A_Polska_slwoacja_2021_wlasne-585x400.png\" alt=\"Polska S\u0142owacja 2021\" width=\"585\" height=\"400\" srcset=\"https:\/\/kronika-futbolu.pl\/historia\/wp-content\/uploads\/2021\/09\/10A_Polska_slwoacja_2021_wlasne-585x400.png 585w, https:\/\/kronika-futbolu.pl\/historia\/wp-content\/uploads\/2021\/09\/10A_Polska_slwoacja_2021_wlasne-768x525.png 768w, https:\/\/kronika-futbolu.pl\/historia\/wp-content\/uploads\/2021\/09\/10A_Polska_slwoacja_2021_wlasne.png 803w\" sizes=\"auto, (max-width: 585px) 100vw, 585px\" \/><p id=\"caption-attachment-11294\" class=\"wp-caption-text\">Polska &#8211; S\u0142owacja 2021. Kadr z transmisji.<\/p><\/div> <div id=\"attachment_11295\" style=\"width: 610px\" class=\"wp-caption alignleft\"><img loading=\"lazy\" decoding=\"async\" aria-describedby=\"caption-attachment-11295\" class=\"wp-image-11295 size-medium\" src=\"https:\/\/kronika-futbolu.pl\/historia\/wp-content\/uploads\/2021\/09\/10B_Polska_slowacja_2021_kadr_laczy_nasPilka-600x330.png\" alt=\"Polska - S\u0142owacja 2021\" width=\"600\" height=\"330\" srcset=\"https:\/\/kronika-futbolu.pl\/historia\/wp-content\/uploads\/2021\/09\/10B_Polska_slowacja_2021_kadr_laczy_nasPilka-600x330.png 600w, https:\/\/kronika-futbolu.pl\/historia\/wp-content\/uploads\/2021\/09\/10B_Polska_slowacja_2021_kadr_laczy_nasPilka-768x422.png 768w, https:\/\/kronika-futbolu.pl\/historia\/wp-content\/uploads\/2021\/09\/10B_Polska_slowacja_2021_kadr_laczy_nasPilka.png 1315w\" sizes=\"auto, (max-width: 600px) 100vw, 600px\" \/><p id=\"caption-attachment-11295\" class=\"wp-caption-text\">Polska &#8211; S\u0142owacja 2021. Gol dla Polski. Kadr z transmisji, \u0141\u0105czy Nas Pi\u0142ka<\/p><\/div><\/p>\n<p>Z rocznym op\u00f3\u017anieniem, ale si\u0119 uda\u0142o rozpocz\u0105\u0107 XVI Mistrzostwa Europy. Przesuni\u0119cie turnieju o rok by\u0142o spowodowane sytuacj\u0105 zwi\u0105zan\u0105 z COVID-19 jaka ogarn\u0119\u0142a \u015bwiat na pocz\u0105tku 2020 roku. W tym czasie dosz\u0142o do zmiany selekcjonera Reprezentacji Polski, Jerzego Brz\u0119czka zast\u0105pi\u0142 Portugalczyk Paulo Sousa. Polska trafi\u0142a do grupy ze S\u0142owacj\u0105, Hiszpani\u0105 i Szwecj\u0105. W pierwszym meczu Polacy zagrali ze swoimi s\u0105siadami z po\u0142udnia- S\u0142owakami.\u00a0<\/p>\n<p>Polska wygra\u0142a swoj\u0105 grup\u0119 w eliminacjach wyprzedzaj\u0105c Austri\u0119, Macedoni\u0119 P\u00f3\u0142nocn\u0105, S\u0142oweni\u0119, Izrael i \u0141otw\u0119. S\u0142owacja w swojej grupie zako\u0144czy\u0142a rywalizacj\u0119 na 3 miejsce za Chorwacj\u0105 i Wali\u0105 a przed W\u0119grami i Azerbejd\u017canem. To umo\u017cliwi\u0142o S\u0142owakom udzia\u0142 w bara\u017cach gdzie najpierw pokona\u0142a Irlandi\u0119 a w drugiej rundzie Irlandi\u0119 P\u00f3\u0142nocn\u0105 i awansowa\u0142a na Euro.<\/p>\n<p>Polska po raz 4 uczestniczy\u0142a w Mistrzostwach Europy, nieprzerwalnie od 2008 roku. Dla S\u0142owacji by\u0142 to drugi raz Euro (wcze\u015bniej w 2016 roku).\u00a0<\/p>\n<p>Wszyscy eksperci i fani pi\u0142karscy powtarzali \u017ce pierwszym mecz jest najwa\u017cniejszy, aby wej\u015b\u0107 dobrze w turniej. Wydawa\u0142o si\u0119 \u017ce Bia\u0142o-Czerwoni mieli szcz\u0119\u015bcie i na pocz\u0105tku turnieju zmierz\u0105 si\u0119 w teorii najs\u0142abszym zespo\u0142em w grupie, zdob\u0119d\u0105 3 punkty i mocno przybli\u017c\u0105 si\u0119 do kolejnej rundy. Hura optymizmu i nadmuchanego balona przed startem rozgrywek jednak nie by\u0142o. Na pewno wp\u0142yw na to mia\u0142 kolejny z rz\u0119du wyst\u0119p Bia\u0142o-Czerwonych na imprezie tej rangi (2016-Euro, 2018-Mudnial), oraz do\u015b\u0107 niepewne wyst\u0119py Polak\u00f3w w meczach przed turniejem.\u00a0\u00a0Czarne przewidywania si\u0119 sprawdzi\u0142y. W Sankt Petersburgu Polacy znowu przegrali sw\u00f3j pierwszy mecz na turnieju mistrzowskim. W 7 takim\u00a0 spotkaniu w XXI wieku by\u0142a to 5 pora\u017cka.\u00a0<\/p>\n<p>W 18 minucie R\u00f3bert Mak bez problemu min\u0105\u0142 na lewej stronie dw\u00f3ch polskich obro\u0144c\u00f3w- J\u00f3\u017awiaka i Bereszy\u0144skeigo, wbieg\u0142 w pole karne i uderzy\u0142. Pi\u0142ka odbi\u0142a si\u0119 od r\u0119ki Wojtka Szcz\u0119snego, kt\u00f3remu przypisano bramk\u0119 samob\u00f3jcz\u0105 (pierwszy gol samob\u00f3jczy bramkarza w historii Euro). Do remisu doprowadzi\u0142 Karol Linettyy na pocz\u0105tku II po\u0142owy a dok\u0142adniej w 33 sekundzie. Polacy przeprowadzili bardzo \u0142adn\u0105 akcj\u0119, wymienili kilkana\u015bcie poda\u0144, a w ostatnim podaniu Rybus wystawi\u0142 pi\u0142\u0119 na 6-7 od bramki Linettemu a ten pokona\u0142 bramkarza s\u0142owackiego. Pojawi\u0142a si\u0119 du\u017ca nadzieja \u017ce pierwsza po\u0142owa to tylko drobny wypadek przy pracy i teraz ju\u017c p\u00f3jdzie g\u0142adko. By\u0107 mo\u017ce by tak by\u0142o ale w 62 minucie Grzegorz Krychowiak otrzyma\u0142 drug\u0105 \u017c\u00f3\u0142t\u0105 kartk\u0119 a w konsekwencji czerwon\u0105 i Polacy grali w 10. Od tego momentu zacz\u0119\u0142o si\u0119 robi\u0107 nieciekawie. 6 minut p\u00f3\u017aniej gola zdoby\u0142 Milan \u0160kriniar , po do\u015brodkowaniu z rzutu ro\u017cnego,\u00a0 pi\u0142ka trafi\u0142a do niego i uderzy\u0142 skutecznie. Znowu powa\u017cne b\u0142\u0119dy pope\u0142nili nasi pi\u0142karze w bronieniu.\u00a0<\/p>\n<p>Po raz 120 w Reprezentacji Polski zagra\u0142 Robert Lewandowski.\u00a0\u00a0<\/p>\n<h2 id=\"mecz-08-07-1982\"><span class=\"ez-toc-section\" id=\"8_Mecz_Polska_%E2%80%93_Slowacja-_0_2_15_listopada_2013_r\"><\/span><a id=\"mecz-15-11-2013\"><\/a>8. Mecz Polska &#8211; S\u0142owacja- 0:2 (15 listopada 2013 r.)<span class=\"ez-toc-section-end\"><\/span><\/h2>\n<ul>\n<li><strong>Data meczu:<\/strong> 15.11.2013<\/li>\n<li><strong>Ranga meczu:<\/strong> Towarzyski<\/li>\n<li><strong>S\u0119dzia:<\/strong> Marco Borg &#8211; Malta<\/li>\n<li><strong>Stadion:<\/strong> Stadion Miejski, Wroc\u0142\u0105w<\/li>\n<li><strong>Trener:<\/strong> Adam Nawa\u0142ka<\/li>\n<\/ul>\n<p><strong>\u26bd Strzelone bramki:<\/strong><\/p>\n<ul>\n<li>Juraj Kucka\u00a0\u00a0 [sk] 31&#8242;<\/li>\n<li>R\u00f3bert Mak\u00a0 [sk] 39&#8242;<\/li>\n<\/ul>\n<p><strong>? Sk\u0142ady:<\/strong><\/p>\n<table style=\"border-collapse: collapse; width: 100%;\">\n<thead>\n<tr>\n<th style=\"width: 50%;\">[pl] Polska:<\/th>\n<th style=\"width: 50%;\">[sk] S\u0142owacja:<\/th>\n<\/tr>\n<\/thead>\n<tbody>\n<tr>\n<td style=\"width: 50%;\">\n<ul>\n<li><strong>Artur Boruc<\/strong> -Southampton FC<\/li>\n<li><strong>Tomasz Jod\u0142owiec<\/strong> do 76&#8242; -Legia Warszawa<\/li>\n<li>od 76&#8242; <strong>Krzysztof M\u0105czy\u0144ski<\/strong> -G\u00f3rnik Zabrze<\/li>\n<li><strong>Artur J\u0119drzejczyk<\/strong> -FC Krasnodar Krasnodar<\/li>\n<li><strong>Rafa\u0142 Kosznik<\/strong> do 87&#8242; -G\u00f3rnik Zabrze<\/li>\n<li>od 87&#8242; A<strong>dam Marciniak<\/strong> -MKS Cracovia Krak\u00f3w<\/li>\n<li><strong>Marcin Kami\u0144ski<\/strong> -KKS Lech Pozna\u0144<\/li>\n<li><strong>Pawe\u0142 Olkowski<\/strong> -G\u00f3rnik Zabrze<\/li>\n<li><strong>Jakub B\u0142aszczykowski<\/strong> kapitan -BV Borussia Dortmund<\/li>\n<li><strong>Waldemar Sobota<\/strong> do 75&#8242; -Club Brugge<\/li>\n<li>od 75&#8242; <strong>Marcin Robak<\/strong> -Pogo\u0144 Szczecin<\/li>\n<li><strong>Grzegorz Krychowiak<\/strong> do 87&#8242; -Stade de Reims<\/li>\n<li>od 87&#8242; <strong>Micha\u0142 Pazdan<\/strong> -Jagiellonia Bia\u0142ystok<\/li>\n<li><strong>Robert Lewandowski<\/strong> -Borussia Dortmund<\/li>\n<li><strong>Adrian Mierzejewski<\/strong> do 67&#8242; -Trabzonspor<\/li>\n<li>od 67&#8242; <strong>Tomasz Brzyski<\/strong> -Legia Warszawa<\/li>\n<\/ul>\n<\/td>\n<td style=\"width: 50%;\">\n<ul>\n<li><strong>Mat\u00fa\u0161 Koz\u00e1\u010dik<\/strong> -Viktoria Pilzno<\/li>\n<li><strong>Martin \u0160krtel<\/strong> kapitan 20&#8242; [ycard] -Liverpool FC<\/li>\n<li><strong>Tom\u00e1\u0161 Hubo\u010dan<\/strong> -Zenit Saint Petersburg<\/li>\n<li><strong>Peter Pekar\u00edk<\/strong> 71&#8242; [ycard] -Hertha BSC Berlin<\/li>\n<li><strong>J\u00e1n \u010eurica<\/strong> -Lokomotiv Moskwa<\/li>\n<li><strong>Marek Ham\u0161\u00edk<\/strong> 34&#8242; [ycard] do 85&#8242; -SSC Napoli<\/li>\n<li>od 85&#8242; <strong>Mari\u00e1n \u010ci\u0161ovsk\u00fd<\/strong> -Viktoria Pilzno<\/li>\n<li><strong>Viktor Pe\u010dovsk\u00fd<\/strong> do 90&#8242; -M\u0160K \u017dilina<\/li>\n<li>od 90&#8242; <strong>Stanislav \u0160est\u00e1k<\/strong> -Bursaspor<\/li>\n<li><strong>Miroslav Stoch<\/strong> do 75&#8242; -PAOK<\/li>\n<li>od 75&#8242; <strong>Du\u0161an \u0160vento<\/strong> -FC Red Bull Salzburg<\/li>\n<li><strong>R\u00f3bert Mak<\/strong> do 63&#8242; -1. FC N\u00fcrnberg<\/li>\n<li>od 63&#8242; <strong>Michal \u010euri\u0161<\/strong> -Viktoria Pilzno<\/li>\n<li><strong>Adam Nemec<\/strong> do 63&#8242; -1. FC Union Berlin<\/li>\n<li>od 63&#8242; <strong>Marek Bako\u0161<\/strong> -Viktoria Pilzno<\/li>\n<li><strong>Juraj Kucka<\/strong> do 90+4&#8242; -Genoa C &amp; FC<\/li>\n<li>od 90+4&#8242; <strong>Kornel Sal\u00e1ta<\/strong> -FC Tom Tomsk<\/li>\n<\/ul>\n<\/td>\n<\/tr>\n<\/tbody>\n<\/table>\n<p><div id=\"attachment_9676\" style=\"width: 562px\" class=\"wp-caption aligncenter\"><img loading=\"lazy\" decoding=\"async\" aria-describedby=\"caption-attachment-9676\" class=\"wp-image-9676 size-full\" src=\"https:\/\/kronika-futbolu.pl\/historia\/wp-content\/uploads\/2020\/11\/9A_Polska_Slwoacja_2013_tvp.png\" alt=\"Polska - S\u0142owacja 2013\" width=\"552\" height=\"371\" \/><p id=\"caption-attachment-9676\" class=\"wp-caption-text\">Polska &#8211; S\u0142owacja 2013 kadr<\/p><\/div> <div id=\"attachment_9677\" style=\"width: 574px\" class=\"wp-caption alignleft\"><img loading=\"lazy\" decoding=\"async\" aria-describedby=\"caption-attachment-9677\" class=\"wp-image-9677 size-medium\" src=\"https:\/\/kronika-futbolu.pl\/historia\/wp-content\/uploads\/2020\/11\/9B_Polska_Slowacja_2013_nawalka_wikipedia-564x400.png\" alt=\"Polska - S\u0142owacja 2013\" width=\"564\" height=\"400\" \/><p id=\"caption-attachment-9677\" class=\"wp-caption-text\">Polska &#8211; S\u0142owacja 2013. Adam Nawa\u0142ka Wikipedia<\/p><\/div><\/p>\n<p>Pierwszy mecz pod wodz\u0105 nowego selekcjonera reprezentacji Adama Nawa\u0142ki. Pocz\u0105tek ery Nawa\u0142ki kt\u00f3ra b\u0119dzie trwa\u0107 do ko\u0144ca Mundialu 2018. Ten czas zapisze bardzo dobrze w kartach historii polskiej pi\u0142ki. Pocz\u0105tek by\u0142 jednak fatalny. We Wroc\u0142awiu w listopadzie 2013 roku &#8222;Bia\u0142o-Czerwoni&#8221; ponie\u015bli 3 pora\u017ck\u0119 z rz\u0119du, a w 2013 roku na 13 mecz\u00f3w wygrali 5 z czego 2 z San marino, 1 z Liechtensteinem i jeden z Rumuni\u0105 gdzie gra\u0142y zawodnicy drugiego garnituru. S\u0142owacja wygra\u0142a 2 mecz w tym roku na 11 wszystkich spotka\u0144.<\/p>\n<p>Zadebiutowali: Krzysztof M\u0105czy\u0144ski, Rafa\u0142 Kosznik (jednocze\u015bnie ostatni), Adam Marciniak, Pawe\u0142 Olkowski. 3 z 4 debiutant\u00f3w byli pi\u0142karzami G\u00f3rnika Zabrze gdzie pracowa\u0142 do niedawna jeszcze Adam Nawa\u0142ka.<\/p>\n<p>Zmiana trenera, nowe twarze w zespole, zgrupowanie przed meczowe przebieg\u0142o bez problem\u00f3w, lecz to wszystko nie wystarczy\u0142o aby polska reprezentacja zagra\u0142a lepiej jak dotychczas. Spotkanie mo\u017cna uzna\u0107 jako rozpoznawcze dla trenera Nawa\u0142ki.<\/p>\n<p>Dla Adriana Mierzejewskiego by\u0142 to 41 wyst\u0119p w kadrze i ostatni. W kolejnych latach temat jego powo\u0142ania b\u0119dzie wraca\u0142 lecz ju\u017c w barwach narodowych nie wyst\u0105pi.<\/p>\n<p>&nbsp;<\/p>\n<h2 id=\"mecz-14-06-1982\"><span class=\"ez-toc-section\" id=\"7_Mecz_Polska-_Slowacja_1_0_26_maja_2012_r\"><\/span><a id=\"mecz-26-05-2012\"><\/a>7. Mecz Polska- S\u0142owacja 1:0 (26 maja 2012 r.)<span class=\"ez-toc-section-end\"><\/span><\/h2>\n<ul>\n<li><strong>Data meczu:<\/strong> 26.05.2012<\/li>\n<li><strong>Ranga meczu:<\/strong> Towarzyski<\/li>\n<li><strong>S\u0119dzia:<\/strong> Ren\u00e9 Eisner &#8211; Austria<\/li>\n<li><strong>Stadion:<\/strong> W\u00f6rthersee Stadion, Klagenfurt<\/li>\n<li><strong>Trener:<\/strong> Franciszek Smuda<\/li>\n<\/ul>\n<p><strong>\u26bd Strzelone bramki:<\/strong><\/p>\n<ul>\n<li>Damien Perquis [pl] 30&#8242;<\/li>\n<\/ul>\n<p>&nbsp;<\/p>\n<p><strong>? Sk\u0142ady:<\/strong><\/p>\n<table style=\"border-collapse: collapse; width: 100%; height: 379px;\">\n<thead>\n<tr style=\"height: 24px;\">\n<th style=\"width: 50%; height: 24px;\">[pl] Polska:<\/th>\n<th style=\"width: 50%; height: 24px;\">[sk] S\u0142owacja:<\/th>\n<\/tr>\n<\/thead>\n<tbody>\n<tr style=\"height: 355px;\">\n<td style=\"width: 50%; height: 355px;\">\n<ul>\n<li><strong>Wojciech Szcz\u0119sny<\/strong> -Arsenal FC<\/li>\n<li><strong>\u0141ukasz Piszczek<\/strong> -Borussia Dortmund<\/li>\n<li><strong>Marcin Wasilewski<\/strong> -RSC Anderlecht<\/li>\n<li><strong>Damien Perquis<\/strong> do 68&#8242; -Sochaux-Montb\u00e9liard<\/li>\n<li>od 68&#8242; <strong>Marcin Kami\u0144ski<\/strong> -Lech Pozna\u0144<\/li>\n<li><strong>Sebastian Boenisch<\/strong> -Werder Brema<\/li>\n<li><strong>Jakub B\u0142aszczykowski<\/strong> kapitan do 63&#8242; -Borussia Dortmund<\/li>\n<li>od 63&#8242; <strong>Adrian Mierzejewski<\/strong> 85&#8242; [ycard] -Trabzonspor<\/li>\n<li><strong>Rafa\u0142 Murawski<\/strong> do 46&#8242; -Lech Pozna\u0144<\/li>\n<li>od 46&#8242; <strong>Adam Matuszczyk<\/strong> -Fortuna D\u00fcsseldorf<\/li>\n<li><strong>Eugen Pola\u0144ski<\/strong> do 46&#8242; -1. FSV Mainz 05<\/li>\n<li>od 46&#8242; <strong>Dariusz Dudka<\/strong> -AJ Auxerre<\/li>\n<li><strong>Ludovic Obraniak<\/strong> do 80&#8242; -Girondins de Bordeaux<\/li>\n<li>od 80&#8242; <strong>Rafa\u0142 Wolski<\/strong> -Legia Warszawa<\/li>\n<li><strong>Maciej Rybus<\/strong> -Terek Grozny<\/li>\n<li><strong>Robert Lewandowski<\/strong> do 46&#8242; -Borussia Dortmund<\/li>\n<li>od 46&#8242; <strong>Pawe\u0142 Bro\u017cek<\/strong> -Celtic FC<\/li>\n<\/ul>\n<\/td>\n<td style=\"width: 50%; height: 355px;\">\n<ul>\n<li><strong>Du\u0161an Perni\u0161<\/strong> -Dundee United<\/li>\n<li><strong>Peter Pekar\u00edk<\/strong> -Kayserispor Kayseri<\/li>\n<li><strong>\u013dubom\u00edr Michal\u00edk<\/strong> -Carlisle United FC<\/li>\n<li><strong>Tom\u00e1\u0161 Hubo\u010dan<\/strong> -Zenit Saint Petersburg<\/li>\n<li><strong>Du\u0161an \u0160vento<\/strong> -FC Red Bull Salzburg<\/li>\n<li><strong>Juraj Kucka<\/strong> do 81&#8242; -Genoa C &amp; FC<\/li>\n<li>do 81&#8242; <strong>Roman Proch\u00e1zka<\/strong> -Spartak Trnava<\/li>\n<li><strong>Marek \u010cech<\/strong> -Trabzonspor<\/li>\n<li><strong>Stanislav \u0160est\u00e1k<\/strong> do 57&#8242; -Bursaspor<\/li>\n<li>od 57&#8242; <strong>Karim Gu\u00e9d\u00e9<\/strong> -Freiburg Freiburg im Breisgau<\/li>\n<li><strong>Marek Ham\u0161\u00edk<\/strong> kapitan -SSC Napoli<\/li>\n<li><strong>Erik Jendri\u0161ek<\/strong> do 65&#8242; -SC Freiburg<\/li>\n<li>od 65&#8242;<strong> Michal Breznan\u00edk<\/strong> -Slovan Liberec<\/li>\n<li><strong>Filip Holo\u0161ko<\/strong> do 46&#8242; -Be\u015fikta\u015f<\/li>\n<li>od 46&#8242; <strong>Marek Bako\u0161<\/strong> -Viktoria Pilzno<\/li>\n<\/ul>\n<\/td>\n<\/tr>\n<\/tbody>\n<\/table>\n<div id=\"attachment_9673\" style=\"width: 372px\" class=\"wp-caption alignleft\"><img loading=\"lazy\" decoding=\"async\" aria-describedby=\"caption-attachment-9673\" class=\"wp-image-9673 size-medium\" src=\"https:\/\/kronika-futbolu.pl\/historia\/wp-content\/uploads\/2020\/11\/7B_Polska_Slowakia_2012_D_perquis-362x400.png\" alt=\"Polska-S\u0142woacja 2012\" width=\"362\" height=\"400\" srcset=\"https:\/\/kronika-futbolu.pl\/historia\/wp-content\/uploads\/2020\/11\/7B_Polska_Slowakia_2012_D_perquis-362x400.png 362w, https:\/\/kronika-futbolu.pl\/historia\/wp-content\/uploads\/2020\/11\/7B_Polska_Slowakia_2012_D_perquis.png 512w\" sizes=\"auto, (max-width: 362px) 100vw, 362px\" \/><p id=\"caption-attachment-9673\" class=\"wp-caption-text\">Polska-S\u0142woacja 2012. Damian Perquis- strzelec gola. \u0179r\u00f3d\u0142o: wikipedia<\/p><\/div>\n<p>Przed Mistrzostwami Europy 2012 kt\u00f3re mia\u0142y si\u0119 odby\u0107 w Polsce i na Ukrainie, Reprezentacja Polski przygotowywa\u0142a si\u0119 w austriackim Klagenfurcie. Tam zosta\u0142y zaplanowane dwa mecze towarzyskie- z \u0141otw\u0105 (wygrana 1-0) oraz ze S\u0142owacja.<\/p>\n<p>Franciszek Smuda w spotkaniu kt\u00f3ry odby\u0142 si\u0119 prawie dwa tygodnie przed rozpocz\u0119ciem turnieju wystawi\u0142 jak si\u0119 okaza\u0142o tak\u0105 sam\u0105 pierwsz\u0105 jedenastk\u0119 jak ta kt\u00f3ra wysz\u0142a w meczu otwarcia Euro 2012 przeciwko Grecji.<\/p>\n<p>Spotkanie mia\u0142o dwie inne po\u0142owy- w I gra Polak\u00f3w wygl\u0105da\u0142a dobrze, nie brakowa\u0142o sytuacji do zdobycia gola. Brakowa\u0142o skuteczno\u015bci. W 30 minucie z prawej strony lew\u0105 nog\u0105 idealnie do\u015brodkowa\u0142 \u0141ukasz Piszczek a strza\u0142em g\u0142ow\u0105 bramk\u0119 zdoby\u0142 Damien Perguis. Druga po\u0142owa wygl\u0105da\u0142a s\u0142abiej, nie by\u0142o a\u017c tylu okazji do zdobycia bramki a wi\u0119cej do powiedzenia mieli rywale. Spotkanie da\u0142o wiele odpowiedzi dla selekcjonera Smudy.<\/p>\n<p>Dla Perguisa by\u0142 to pierwszy i ostatni gol w dru\u017cynie &#8222;Bia\u0142o-Czerwonych&#8221;. Jakub B\u0142aszczykowski wyst\u0105pi\u0142 po raz 50 w reprezentacji.<\/p>\n<p>Pi\u0105ty mecz z rz\u0119du bez pora\u017cki i 4 bez straty gola.<\/p>\n<h2 id=\"mecz-19-04-1980\"><span class=\"ez-toc-section\" id=\"6_Mecz_Polska_%E2%80%93_Slowacja_0_1_14_pazdziernika_2009_r\"><\/span><a id=\"mecz-14-10-2009\"><\/a>6. Mecz Polska &#8211; S\u0142owacja 0:1 (14 pa\u017adziernika 2009 r.)<span class=\"ez-toc-section-end\"><\/span><\/h2>\n<ul>\n<li><strong>Data meczu:<\/strong> 14.10.2009<\/li>\n<li><strong>Ranga meczu:<\/strong> Eliminacje Mistrzostw \u015awiata 2010<\/li>\n<li><strong>S\u0119dzia:<\/strong> Jonas Eriksson &#8211; Szwecja<\/li>\n<li><strong>Stadion:<\/strong> Stadion \u015al\u0105ski, Chorz\u00f3w<\/li>\n<li><strong>Trener:<\/strong> Stefan Majewski<\/li>\n<\/ul>\n<p><strong>\u26bd Strzelony gol:<\/strong><\/p>\n<ul>\n<li>Seweryn Gancarczyk [pl] 3&#8242;- gol samob\u00f3jczy<\/li>\n<\/ul>\n<p><strong>? Sk\u0142ady:<\/strong><\/p>\n<table style=\"border-collapse: collapse; width: 100%;\">\n<thead>\n<tr>\n<th style=\"width: 50%;\">[pl] Polska:<\/th>\n<th style=\"width: 50%;\">[sk] S\u0142owacja:<\/th>\n<\/tr>\n<\/thead>\n<tbody>\n<tr>\n<td style=\"width: 50%;\">\n<ul>\n<li><strong>Jerzy Dudek<\/strong> -Real Madryd<\/li>\n<li><strong>Jakub Rze\u017aniczak<\/strong> -Legia Warszawa<\/li>\n<li><strong>Arkadiusz G\u0142owacki<\/strong> -Wis\u0142a Krak\u00f3w Krak\u00f3w<\/li>\n<li><strong>Jaros\u0142aw Bieniuk<\/strong> -Widzew \u0141\u00f3d\u017a<\/li>\n<li><strong>Seweryn Gancarczyk<\/strong> -Lech Pozna\u0144<\/li>\n<li><strong>Jakub B\u0142aszczykowski<\/strong> -Borussia Dortmund<\/li>\n<li><strong>Mariusz Lewandowski<\/strong> kapitan -Szachtar Donieck<\/li>\n<li><strong>Roger Guerreiro<\/strong> do 60&#8242; -AEK<\/li>\n<li>od 60&#8242; <strong>S\u0142awomir Peszko<\/strong> -Lech Pozna\u0144<\/li>\n<li><strong>Ludovic Obraniak<\/strong> -LOSC Lille<\/li>\n<li><strong>Ireneusz Jele\u0144<\/strong> do 68&#8242; -AJ Auxerre<\/li>\n<li>od 68&#8242;<strong> Robert Lewandowski<\/strong> -Lech Pozna\u0144<\/li>\n<li><strong>Pawe\u0142 Bro\u017cek<\/strong> do 86&#8242; -Wis\u0142a Krak\u00f3w<\/li>\n<li>od 86&#8242; <strong>Dawid Janczyk<\/strong> -KSC Lokeren<\/li>\n<\/ul>\n<\/td>\n<td style=\"width: 50%;\">\n<ul>\n<li><strong>J\u00e1n Mucha<\/strong> &#8211; Legia Warszawa<\/li>\n<li><strong>Peter Pekar\u00edk<\/strong> &#8211; VfL Wolfsburg<\/li>\n<li><strong>Zdeno \u0160trba<\/strong> &#8211; Skoda Xanthi AO<\/li>\n<li><strong>Kornel Sal\u00e1ta<\/strong> &#8211; Slovan Bratys\u0142awa<\/li>\n<li><strong>Martin Petr\u00e1\u0161<\/strong> &#8211; AC Cesena<\/li>\n<li><strong>Kamil Kop\u00fanek<\/strong> &#8211; Spartak Trnava<\/li>\n<li><strong>Vladim\u00edr Weiss<\/strong> 59&#8242; [ycard] do 68&#8242; &#8211; Manchester City FC<\/li>\n<li>od 68&#8242; <strong>J\u00e1n Nov\u00e1k<\/strong> &#8211; MFK Koszyce<\/li>\n<li><strong>J\u00e1n Koz\u00e1k<\/strong> do 86&#8242; &#8211; Slovan Bratys\u0142awa<\/li>\n<li>od 86&#8242; <strong>Miroslav Karhan<\/strong> &#8211; 1. FSV Mainz 05<\/li>\n<li><strong>Marek Ham\u0161\u00edk<\/strong> kapitan &#8211; SSC Napoli<\/li>\n<li><strong>Stanislav \u0160est\u00e1k<\/strong> do 76&#8242; &#8211; VfL Bochum<\/li>\n<li>od 76&#8242; <strong>Du\u0161an \u0160vento<\/strong> &#8211; FC Red Bull Salzburg<\/li>\n<li><strong>Erik Jendri\u0161ek<\/strong> -1. FC Kaiserslautern<\/li>\n<\/ul>\n<\/td>\n<\/tr>\n<\/tbody>\n<\/table>\n<p><div id=\"attachment_9667\" style=\"width: 610px\" class=\"wp-caption aligncenter\"><img loading=\"lazy\" decoding=\"async\" aria-describedby=\"caption-attachment-9667\" class=\"wp-image-9667 size-medium\" src=\"https:\/\/kronika-futbolu.pl\/historia\/wp-content\/uploads\/2020\/11\/6A_Polska_Slowacja_2009_allegro-600x301.png\" alt=\"Polska - S\u0142owacja 2009 Chorz\u00f3w\" width=\"600\" height=\"301\" srcset=\"https:\/\/kronika-futbolu.pl\/historia\/wp-content\/uploads\/2020\/11\/6A_Polska_Slowacja_2009_allegro-600x301.png 600w, https:\/\/kronika-futbolu.pl\/historia\/wp-content\/uploads\/2020\/11\/6A_Polska_Slowacja_2009_allegro.png 633w\" sizes=\"auto, (max-width: 600px) 100vw, 600px\" \/><p id=\"caption-attachment-9667\" class=\"wp-caption-text\">Polska &#8211; S\u0142owacja 2009 Chorz\u00f3w. \u0179r\u00f3d\u0142o: Allegro<\/p><\/div> <div id=\"attachment_9668\" style=\"width: 266px\" class=\"wp-caption alignleft\"><img loading=\"lazy\" decoding=\"async\" aria-describedby=\"caption-attachment-9668\" class=\"wp-image-9668 size-full\" src=\"https:\/\/kronika-futbolu.pl\/historia\/wp-content\/uploads\/2020\/11\/6B_Polska_Slowacja_2009_youtube.png\" alt=\"Polska - S\u0142owacja 2009 Chorz\u00f3w\" width=\"256\" height=\"179\" \/><p id=\"caption-attachment-9668\" class=\"wp-caption-text\">Polska &#8211; S\u0142owacja 2009 Chorz\u00f3w. \u0179r\u00f3d\u0142o: Youtube<\/p><\/div><\/p>\n<p>Pod koniec listopada 2007 odby\u0142o si\u0119 losowanie grup eliminacji do Mistrzostw \u015awiata 2010 kt\u00f3re mia\u0142y si\u0119 odby\u0107 w RPA. Zaraz po losowaniu popadli\u015bmy w zachwyt. Pisane o grupie marze\u0144. Min\u0119\u0142y dwa lata i w grupie 3 Polska zaj\u0119\u0142a ostatecznie przedostatnie mecze jedynie przed San Marino a za Irlandi\u0105 P\u00f3\u0142nocn\u0105, Czechami, S\u0142oweni\u0105 i S\u0142owacj\u0105. S\u0142owacy przypiecz\u0119towali wygran\u0105 w grupie i awans na Mundial w Chorzowie 14 pa\u017adziernika. Dla nich by\u0142 to dzie\u0144 sukcesu, rado\u015bci a dla Polak\u00f3w dniem smutku w kt\u00f3rym Reprezentacja Polski upad\u0142a. Do dosz\u0142a ponura pogoda, zimno, \u015bnieg i pustki na trybunach, jedynie oko\u0142o 4-4,5 tysi\u0105ca widz\u00f3w co w por\u00f3wnaniu do meczu z Irlandi\u0105 P\u00f3\u0142nocn\u0105 miesi\u0105c wcze\u015bniej gdzie by\u0142o blisko 40 tysi\u0119cy kibic\u00f3w wygl\u0105da kiepsko.<\/p>\n<p>Po zwolnieniu we wrze\u015bniu Leo Beenhakkera dru\u017cyn\u0119 w ostatnich 2 meczach eliminacji prowadzi\u0142 Stefan Majewski, mecz ze S\u0142owacj\u0105 by\u0142 jego drugim i ostatnim na tym stanowisku. Miesi\u0105c p\u00f3\u017aniej stery kadry obj\u0105\u0142 Franciszek Smuda.<\/p>\n<p>Mecz rozpocz\u0105\u0142 si\u0119 fatalnie dla Polak\u00f3w. Do\u015brodkowanie z lewej strony w nasze pole karne i Seweryn Gancarczyk chc\u0105c wybi\u0107 pi\u0142k\u0119 poza lini\u0119 uderzy\u0142 niefortunnie i strzeli\u0142 gola samob\u00f3jczego. By\u0142a 3 minuta. Do ko\u0144ca meczu pomimo kilku bardzo dobrych okazji &#8222;Bia\u0142o-Czerwonych&#8221; wynik nie zmieni\u0142 si\u0119 .<\/p>\n<p>Ostatni wyst\u0119p w dru\u017cynie narodowej zaliczy\u0142 Jaros\u0142aw Bieniuk- \u0142\u0105cznie 8 mecz\u00f3w, 1 gol, oraz Dawid Janczyk- 5 mecz\u00f3w razem.Mariusz Lewandowski zagra\u0142 po raz 64 w Reprezentacji Polski i kolejny raz b\u0119dzie reprezentowa\u0142 Polsk\u0119 dopiero za 4 lata w 2 meczach.<\/p>\n<p>Na mecz ze S\u0142owacj\u0105 powr\u00f3ci\u0142 do reprezentacji Jerzy Dudek. Ostatni raz zagra\u0142 w niej we wrze\u015bniu 2006 roku. By\u0142 to jego 59 wyst\u0119p w barwach narodowych. Zagra w nich jeszcze w swym jubileuszowym meczu i ostatnim w 2013 roku.<\/p>\n<p>&nbsp;<\/p>\n<h2 id=\"mecz-26-10-1975\"><span class=\"ez-toc-section\" id=\"5_Mecz_Slowacja-_Polska_2_1_15_pazdziernika_2008_r\"><\/span><a id=\"mecz-15-10-2008\"><\/a>5. Mecz S\u0142owacja- Polska 2:1 (15 pa\u017adziernika 2008 r.)<span class=\"ez-toc-section-end\"><\/span><\/h2>\n<ul>\n<li><strong>Data meczu:<\/strong> 15.10.2008<\/li>\n<li><strong>Ranga meczu:<\/strong> Eliminacje Mistrzostw \u015awiata 2010<\/li>\n<li><strong>S\u0119dzia:<\/strong> Bertrand Layec &#8211; Francja<\/li>\n<li><strong>Stadion:<\/strong> Teheln\u00e9 pole, Bratys\u0142awa<\/li>\n<li><strong>Trener:<\/strong> Leo Beenhakker<\/li>\n<\/ul>\n<p><strong>\u26bd Strzelone bramki:<\/strong><\/p>\n<ul>\n<li>Euzebiusz Smolarek [pl] 70&#8242;,<\/li>\n<li>Stanislav \u0160est\u00e1k [pl] 85&#8242;,<\/li>\n<li>Stanislav \u0160est\u00e1k [pl] 86&#8242;,<\/li>\n<\/ul>\n<p>&nbsp;<\/p>\n<p><strong>? Sk\u0142ady:<\/strong><\/p>\n<table style=\"border-collapse: collapse; width: 100%;\">\n<thead>\n<tr>\n<th style=\"width: 50%;\">[sk] S\u0142owacja:<\/th>\n<th style=\"width: 50%;\">[pl] Polska:<\/th>\n<\/tr>\n<\/thead>\n<tbody>\n<tr>\n<td style=\"width: 50%;\">\n<ul>\n<li><strong>\u0160tefan Seneck\u00fd<\/strong> -Ankaraspor Ankara<\/li>\n<li><strong>Peter Pekar\u00edk<\/strong> -M\u0160K \u017dilina<\/li>\n<li><strong>Martin Petr\u00e1\u0161<\/strong> -US Triestina Calcio<\/li>\n<li><strong>J\u00e1n \u010eurica<\/strong> -Saturn Ramenskoye<\/li>\n<li><strong>Marek \u010cech<\/strong> -West Bromwich Albion FC<\/li>\n<li><strong>Radoslav Zabavn\u00edk<\/strong> 40&#8242; [ycard] do 83&#8242; -RFC Terek Grozny<\/li>\n<li>od 83&#8242; <strong>J\u00e1n Koz\u00e1k<\/strong> -FC Artmedia Petr\u017ealka<\/li>\n<li><strong>Stanislav \u0160est\u00e1k<\/strong> -VfL Bochum<\/li>\n<li><strong>Marek Sapara<\/strong> do 73&#8242; -Rosenborg BK<\/li>\n<li>od 73&#8242; <strong>Martin Jakubko<\/strong> -FC Khimki<\/li>\n<li><strong>Marek Ham\u0161\u00edk<\/strong> -SSC Napoli<\/li>\n<li><strong>Erik Jendri\u0161ek<\/strong> do 80&#8242; -1. FC Kaiserslautern<\/li>\n<li>od 80&#8242; <strong>Branislav Ob\u017eera<\/strong> 90&#8242; [ycard] -\u0160K Slovan Bratys\u0142awa<\/li>\n<li><strong>R\u00f3bert Vittek<\/strong> kapitan -LOSC Lille M\u00e9tropole<\/li>\n<\/ul>\n<\/td>\n<td style=\"width: 50%;\">\n<ul>\n<li><strong>Artur Boruc<\/strong> -Celtic FC<\/li>\n<li><strong>Marcin Wasilewski<\/strong> -RSC Anderlecht<\/li>\n<li><strong>Micha\u0142 \u017bew\u0142akow<\/strong> kapitan -Olympiakos Piraeus<\/li>\n<li><strong>Dariusz Dudka<\/strong> -AJ Auxerre<\/li>\n<li><strong>Grzegorz Wojtkowiak<\/strong> 38&#8242; [ycard] -Lech Pozna\u0144<\/li>\n<li><strong>Jakub B\u0142aszczykowski<\/strong> -Borussia Dortmund<\/li>\n<li><strong>Mariusz Lewandowski<\/strong> -Szachtar Donieck<\/li>\n<li><strong>Rafa\u0142 Murawski<\/strong> do 66&#8242; -Lech Pozna\u0144<\/li>\n<li>od 66&#8242; <strong>\u0141ukasz Gargu\u0142a &#8211;<\/strong>GKS Be\u0142chat\u00f3w<\/li>\n<li><strong>Roger Guerreiro<\/strong> do 89&#8242; -Legia Warszawa<\/li>\n<li>od 89&#8242; <strong>Robert Lewandowski<\/strong> -Lech Pozna\u0144<\/li>\n<li><strong>Euzebiusz Smolarek<\/strong> -Bolton Wanderers FC<\/li>\n<li><strong>Pawe\u0142 Bro\u017cek<\/strong> do 84&#8242; -Wis\u0142a Krak\u00f3w<\/li>\n<li>od 84&#8242;<strong> Jacek Krzyn\u00f3wek<\/strong> -VfL Wolfsburg<\/li>\n<\/ul>\n<\/td>\n<\/tr>\n<\/tbody>\n<\/table>\n<div id=\"attachment_9658\" style=\"width: 610px\" class=\"wp-caption alignleft\"><img loading=\"lazy\" decoding=\"async\" aria-describedby=\"caption-attachment-9658\" class=\"wp-image-9658 size-medium\" src=\"https:\/\/kronika-futbolu.pl\/historia\/wp-content\/uploads\/2020\/11\/5A_Slowacja_Polska_youtibe_allegro-600x178.png\" alt=\"S\u0142owacja - Polska 2008\" width=\"600\" height=\"178\" srcset=\"https:\/\/kronika-futbolu.pl\/historia\/wp-content\/uploads\/2020\/11\/5A_Slowacja_Polska_youtibe_allegro-600x178.png 600w, https:\/\/kronika-futbolu.pl\/historia\/wp-content\/uploads\/2020\/11\/5A_Slowacja_Polska_youtibe_allegro-768x228.png 768w, https:\/\/kronika-futbolu.pl\/historia\/wp-content\/uploads\/2020\/11\/5A_Slowacja_Polska_youtibe_allegro.png 923w\" sizes=\"auto, (max-width: 600px) 100vw, 600px\" \/><p id=\"caption-attachment-9658\" class=\"wp-caption-text\">S\u0142owacja &#8211; Polska 2008 Bilet &#8211; Allegro<\/p><\/div>\n<p>Cztery dni po wygranej w Chorzowie z Czechami Polacy zmierzyli si\u0119 z innym s\u0105siadem &#8211; S\u0142owacj\u0105. Nastroje w\u015br\u00f3d kibic\u00f3w by\u0142y pe\u0142ne nadziei. Po Euro 2008 Polacy przegrali jedynie z Ukrain\u0105 w sierpniu i w kolejnych trzech meczach zremisowali ze S\u0142oweni\u0105 i wygrali z San Marino oraz w\u0142a\u015bnie z Czechami. Wygrana z S\u0142owacj\u0105 bardzo przybli\u017cy\u0142a by dru\u017cyn\u0119 Leo Beenhakkera do Mundialu w RPA mimo \u017ce droga by\u0142a jeszcze daleka. Przed tym meczem to w\u0142a\u015bnie dru\u017cyny Polski i S\u0142owacji liderowa\u0142y w grupie 3, maj\u0105c co prawda mecz rozegrany wi\u0119cej.<\/p>\n<p>Mecz przyni\u00f3s\u0142 kilka sytuacji bramkowych po ou stronach. Emocje rozpocz\u0119\u0142y si\u0119 na dobre w 70 minucie. \u015awietna akcja Polak\u00f3w, wymiana poda\u0144 na ma\u0142ej przestrzeni i z bliskiej odleg\u0142o\u015bci gola zdoby\u0142 Ebi Smolarek. Rado\u015b\u0107 Bia\u0142o &#8211; Czerwonych nie trwa\u0142a jednak d\u0142ugo a wr\u0119cz odmieni\u0142a si\u0119 o 180 stopni. 60 sekund kt\u00f3re wstrz\u0105sn\u0119\u0142o w tym meczu. Pi\u0142ka wrzucona z autu w pole karne odbi\u0142a si\u0119 i zmyli\u0142a Artura Bruca i i \u0160est\u00e1k wyr\u00f3wna\u0142. Kilkadziesi\u0105t sekund p\u00f3\u017aniej by\u0142o ju\u017c 2-1 dla S\u0142owacji. Po raz drugi w bardzo g\u0142upi spos\u00f3b stracili\u015bmy gola. Najpierw szybka akcja,\u00a0 strza\u0142, rykoszet od polskiego zawodnika, s\u0142upek i dobitka. Wygrany mecz sta\u0142 si\u0119 przegrany.<\/p>\n<p>Na stadionie w Bratys\u0142awie zjawi\u0142o si\u0119 mn\u00f3stwo polskich kibic\u00f3w kt\u00f3zy dali o sobie zna\u0107 i dopingiem i obecno\u015bci\u0105 i flagami na ca\u0142ym obiekcie ale i w bardzo inny spos\u00f3b, 7 policjant\u00f3w s\u0142owackich zosta\u0142o rannych oraz oko\u0142o 60 kibic\u00f3w.<\/p>\n<p>&nbsp;<\/p>\n<h2 id=\"mecz-19-04-1975\"><span class=\"ez-toc-section\" id=\"4_Mecz_Polska_%E2%80%93_Slowacja_2_2_7_luty_2007_r\"><\/span><a id=\"mecz-07-02-2007\"><\/a>4. Mecz Polska &#8211; S\u0142owacja 2:2 (7\u00a0 luty 2007 r.)<span class=\"ez-toc-section-end\"><\/span><\/h2>\n<ul>\n<li><strong>Data meczu:<\/strong> 07.02.2007<\/li>\n<li><strong>Ranga meczu:<\/strong> Towarzyski<\/li>\n<li><strong>S\u0119dzia:<\/strong> Juan Antonio Perdigones Pacheco &#8211; Hiszpania<\/li>\n<li><strong>Stadion:<\/strong> Estadio Municipal de Chap\u00edn, Jerez de la Frontera<\/li>\n<li><strong>Trener:<\/strong> Leo Beenhakker<\/li>\n<\/ul>\n<p><strong>\u26bd Strzelone bramki:<\/strong><\/p>\n<ul>\n<li>Martin Jakubko\u00a0 [sk] 1&#8242;,<\/li>\n<li>Martin \u0160krtel\u00a0 [sk] 45+1&#8242;,<\/li>\n<li>Micha\u0142 \u017bew\u0142akow [pl] 48&#8242;<\/li>\n<li>Rados\u0142aw Matusiak [pl] 79&#8242;<\/li>\n<\/ul>\n<p>&nbsp;<\/p>\n<p><strong>? Sk\u0142ady:<\/strong><\/p>\n<table style=\"border-collapse: collapse; width: 100%; height: 407px;\">\n<thead>\n<tr style=\"height: 21px;\">\n<th style=\"width: 50%; height: 21px;\">[pl] Polska:<\/th>\n<th style=\"width: 50%; height: 21px;\">[sk] S\u0142owacja:<\/th>\n<\/tr>\n<\/thead>\n<tbody>\n<tr style=\"height: 386px;\">\n<td style=\"width: 50%; height: 386px;\">\n<ul>\n<li><strong>Artur Boruc<\/strong> do 64&#8242; -Celtic FC<\/li>\n<li>od 64&#8242; <strong>Wojciech Kowalewski<\/strong> -Spartak Moskwa<\/li>\n<li><strong>Marcin Wasilewski<\/strong> -Anderlecht<\/li>\n<li><strong>Jacek B\u0105k<\/strong> kapitan [ycard] -Al Rayyan SC<\/li>\n<li><strong>Micha\u0142 \u017bew\u0142akow<\/strong> do 65&#8242; -Olympiakos Piraeus<\/li>\n<li>od 65&#8242; <strong>Arkadiusz Radomski<\/strong> -Austria Magma<\/li>\n<li><strong>Grzegorz Bronowicki<\/strong> -Legia Warszawa<\/li>\n<li><strong>Ireneusz Jele\u0144<\/strong> do 46&#8242; -AJ Auxerre<\/li>\n<li>od 46&#8242; <strong>Wojciech \u0141obodzi\u0144ski<\/strong> -Zag\u0142\u0119bie Lubin<\/li>\n<li><strong>Dariusz Dudka<\/strong> do 46&#8242; -Wis\u0142a Krak\u00f3w<\/li>\n<li>od 46&#8242; <strong>Rados\u0142aw Matusiak<\/strong> -Citt\u00e0 di Palermo<\/li>\n<li><strong>Mariusz Lewandowski<\/strong> [ycard] 3 -Szachtar Donieck<\/li>\n<li><strong>Przemys\u0142aw Ka\u017amierczak<\/strong> -Boavista Porto<\/li>\n<li><strong>Rafa\u0142 Grzelak<\/strong> do 46&#8242; -Boavista Porto<\/li>\n<li>od 46&#8242; <strong>Jacek Krzyn\u00f3wek<\/strong> -VfL Wolfsburg<\/li>\n<li><strong>Grzegorz Rasiak<\/strong> do 71&#8242; -Southampton FC<\/li>\n<li>od 71&#8242; <strong>Bart\u0142omiej Grzelak<\/strong> -Legia Warszawa<\/li>\n<\/ul>\n<\/td>\n<td style=\"width: 50%; height: 386px;\">\n<ul>\n<li><strong>Kamil \u010contofalsk\u00fd<\/strong> -Zenit Saint Petersburg<\/li>\n<li><strong>Peter \u0160ingl\u00e1r<\/strong> -Slovan Liberec<\/li>\n<li><strong>Martin \u0160krtel<\/strong> -Zenit Saint Petersburg<\/li>\n<li><strong>J\u00e1n \u010eurica<\/strong> -Saturn Ramenskoye<\/li>\n<li><strong>Vratislav Gre\u0161ko<\/strong> -FC N\u00fcrnberg<\/li>\n<li><strong>Igor \u017dof\u010d\u00e1k<\/strong> do 81&#8242; -MFK Ru\u017eomberok<\/li>\n<li>od 81&#8242; <strong>Marek Ham\u0161\u00edk<\/strong> -Brescia Calcio<\/li>\n<li><strong>Bal\u00e1zs Borb\u00e9ly<\/strong> do 88&#8242; -1. FC Kaiserslautern<\/li>\n<li>od 88&#8242; <strong>Maro\u0161 Klimpl<\/strong> -Banik Ostrava<\/li>\n<li><strong>Du\u0161an \u0160vento<\/strong> -Slavia Praga<\/li>\n<li><strong>Filip Holo\u0161ko<\/strong> do 77&#8242; -Vestel Manisaspor<\/li>\n<li>od 77&#8242; <strong>Zdeno \u0160trba<\/strong> -M\u0160K \u017dilina<\/li>\n<li><strong>R\u00f3bert Vittek<\/strong> kapitan -1. FC N\u00fcrnberg<\/li>\n<li><strong>Martin Jakubko<\/strong> do 65&#8242; -FC Saturn Ramenskoye<\/li>\n<li>od 65&#8242;<strong> Filip \u0160ebo<\/strong> -Rangers FC<\/li>\n<\/ul>\n<\/td>\n<\/tr>\n<\/tbody>\n<\/table>\n<div id=\"attachment_9654\" style=\"width: 322px\" class=\"wp-caption alignleft\"><img loading=\"lazy\" decoding=\"async\" aria-describedby=\"caption-attachment-9654\" class=\"wp-image-9654 size-medium\" src=\"https:\/\/kronika-futbolu.pl\/historia\/wp-content\/uploads\/2020\/11\/4A_Polska_Slwoacja_2007_PS-312x400.png\" alt=\"Polska - S\u0142owacja 2007\" width=\"312\" height=\"400\" srcset=\"https:\/\/kronika-futbolu.pl\/historia\/wp-content\/uploads\/2020\/11\/4A_Polska_Slwoacja_2007_PS-312x400.png 312w, https:\/\/kronika-futbolu.pl\/historia\/wp-content\/uploads\/2020\/11\/4A_Polska_Slwoacja_2007_PS.png 528w\" sizes=\"auto, (max-width: 312px) 100vw, 312px\" \/><p id=\"caption-attachment-9654\" class=\"wp-caption-text\">Polska &#8211; S\u0142owacja 2007. Przegl\u0105d Sportowy<\/p><\/div>\n<p>Drugi najszybciej stracony gol w historii Reprezentacji Polski.\u00a0 Mecz rozpocz\u0105\u0142 si\u0119 fatalnie. Ju\u017c w 34 sekundzie gola strza\u0142em g\u0142ow\u0105 zdoby\u0142 Jakubko. Tak jak rozpocz\u0119\u0142a si\u0119 I po\u0142owa tak i zako\u0144czy\u0142a. Rzut ro\u017cny ju\u017c w doliczonym czasie gry i prawie z linii pola bramkowego Artura Boruca strza\u0142em lew\u0105 noga pokona\u0142 \u0160krtel. Og\u00f3lnie I po\u0142owa by\u0142a o wiele s\u0142absza od drugiej. Na pocz\u0105tku drugiej cz\u0119\u015bci spotkania gola kontaktowego zdoby\u0142 Micha\u0142 \u017bew\u0142akow z rzutu karnego po tym jak bramkarz s\u0142owacki sfaulowa\u0142 Grzegorza Rasiaka po wrzutce pi\u0142ki w pole karne. Remis uratowa\u0142a bramka Rados\u0142awa Matusiaka w 79 minucie po podaniu g\u0142ow\u0105 Grzelaka zdecydowa\u0142 si\u0119 na strza\u0142 a pi\u0142ka pomimo \u017ce ju\u017c by\u0142a w r\u0119kach bramkarza rywali wpad\u0142a do siatki.<\/p>\n<p>By\u0142 to ju\u017c 7 mecz Bia\u0142o-Czerwonych bez pora\u017cki z rz\u0119du i ta passa potrwa do czerwca.<\/p>\n<p>Rafa\u0142 Grzelak zagra\u0142 sw\u00f3j drugi mecz reprezentacyjny i zarazem ostatni.\u00a0 W Reprezentacji S\u0142owacji zadebiutowa\u0142 natomiast Marek Ham\u0161\u00edk, kt\u00f3ry kilka miesi\u0119cy p\u00f3\u017aniej zostanie zawodnikiem Napoli i b\u0119dzie gra\u0142 w tym klubie do 2018 roku a w dla s\u0142owackiej dru\u017cyny narodowej pod koniec 2020 roku b\u0119dzie mia\u0142 126 rozegranych spotka\u0144.<\/p>\n<h2 id=\"mecz-23-06-1974\"><span class=\"ez-toc-section\" id=\"3_Mecz_Slowacja-_Polska_1_3_10_listopada_1998_r\"><\/span><a id=\"mecz-10-11-1998\"><\/a>3. Mecz S\u0142owacja- Polska 1:3 (10 listopada 1998 r.)<span class=\"ez-toc-section-end\"><\/span><\/h2>\n<ul>\n<li><strong>Data meczu:<\/strong> 10.11.1998<\/li>\n<li><strong>Ranga meczu:<\/strong> Towarzyski<\/li>\n<li><strong>S\u0119dzia:<\/strong> Manfred Sch\u00fcttengruber &#8211; Austria<\/li>\n<li><strong>Stadion:<\/strong> Teheln\u00e9 pole, Bratys\u0142awa<\/li>\n<li><strong>Trener:<\/strong> Janusz W\u00f3jcik<\/li>\n<\/ul>\n<p><strong>\u26bd Strzelone bramki:<\/strong><\/p>\n<ul>\n<li>Piotr Reiss\u00a0\u00a0 [pl] 56&#8242;,<\/li>\n<li>Tibor Jan\u010dula\u00a0\u00a0 [sk] 57&#8242;,<\/li>\n<li>Wojciech Kowalczyk\u00a0 [pl] 66&#8242;<\/li>\n<li>Wojciech Kowalczyk [pl] 75&#8242;<\/li>\n<\/ul>\n<p><strong>? Sk\u0142ady:<\/strong><\/p>\n<table style=\"border-collapse: collapse; width: 100%;\">\n<thead>\n<tr>\n<th style=\"width: 50%;\">[sk] S\u0142owacja:<\/th>\n<th style=\"width: 50%;\">[pl] Polska:<\/th>\n<\/tr>\n<\/thead>\n<tbody>\n<tr>\n<td style=\"width: 50%;\">\n<ul>\n<li><strong>Miroslav K\u00f6nig<\/strong> -Slovan Bratys\u0142awa<\/li>\n<li><strong>Ivan Koz\u00e1k<\/strong> -1. FC Koszyce<\/li>\n<li><strong>Stanislav Varga<\/strong> -Slovan Bratys\u0142awa<\/li>\n<li><strong>Vladim\u00edr Leitner<\/strong> do 68&#8242; -Spartak Trnava<\/li>\n<li>od 68&#8242; <strong>Milan Timko<\/strong> -Slovan Bratys\u0142awa<\/li>\n<li><strong>Miroslav Karhan<\/strong> do 20&#8242; -Spartak Trnava<\/li>\n<li>od 20&#8242; <strong>Marek \u0160pil\u00e1r<\/strong> -1. FC Koszyce<\/li>\n<li><strong>Peter Dz\u00farik<\/strong> -1. FC Koszyce<\/li>\n<li><strong>Norbert Hrn\u010d\u00e1r<\/strong> -Slovan Bratys\u0142awa<\/li>\n<li><strong>R\u00f3bert Tomaschek<\/strong> kapitan -Slovan Bratys\u0142awa<\/li>\n<li><strong>Tibor Jan\u010dula<\/strong> do 77&#8242; -Slovan Bratys\u0142awa<\/li>\n<li>od 77&#8242; <strong>Attila Pinte<\/strong> -A\u0160K Inter Slovnaft Bratys\u0142awa<\/li>\n<li><strong>Marek Ujlaky<\/strong> do 59&#8242; -Spartak Trnava<\/li>\n<li>od 59&#8242; <strong>Igor Bali\u0161<\/strong> -Spartak Trnava<\/li>\n<li><strong>Jozef Majoro\u0161<\/strong> do 90&#8242; -Slovan Bratys\u0142awa<\/li>\n<li>od 90&#8242; <strong>Martin Fabu\u0161<\/strong> -Ozeta Dukla Tren\u010d\u00edn<\/li>\n<\/ul>\n<\/td>\n<td style=\"width: 50%;\">\n<ul>\n<li><strong>Bogus\u0142aw Wypar\u0142o<\/strong> -\u0141KS \u0141\u00f3d\u017a<\/li>\n<li><strong>Jacek Zieli\u0144ski<\/strong> -Legia Warszawa<\/li>\n<li><strong>Tomasz \u0141api\u0144ski<\/strong> kapitan-Widzew \u0141\u00f3d\u017a<\/li>\n<li><strong>Kazimierz W\u0119grzyn<\/strong> -Wis\u0142a Krak\u00f3w<\/li>\n<li><strong>Marek Ko\u017ami\u0144ski<\/strong> do 61&#8242; -Brescia Calcio<\/li>\n<li>od 61&#8242; <strong>Bogdan Zaj\u0105c<\/strong> -Wis\u0142a Krak\u00f3w<\/li>\n<li><strong>Rafa\u0142 Siadaczka<\/strong> do 85&#8242; -Widzew \u0141\u00f3d\u017a<\/li>\n<li>od 85&#8242; <strong>Jacek Krzyn\u00f3wek<\/strong> -GKS Be\u0142chat\u00f3w<\/li>\n<li><strong>Rados\u0142aw Michalski<\/strong> -Widzew \u0141\u00f3d\u017a<\/li>\n<li><strong>Sylwester Czereszewski<\/strong> do 76&#8242; -Legia Warszawa<\/li>\n<li>od 76&#8242; <strong>Miros\u0142aw Szymkowiak<\/strong> -Widzew \u0141\u00f3d\u017a<\/li>\n<li><strong>Ryszard Czerwiec<\/strong> -Wis\u0142a Krak\u00f3w<\/li>\n<li><strong>Wojciech Kowalczyk<\/strong> do 82&#8242; -UD Las Palma<\/li>\n<li>od 82&#8242; <strong>Bartosz Karwan<\/strong> -Legia Warszawa<\/li>\n<li><strong>Piotr Reiss<\/strong> do 69&#8242; -Lech Pozna\u0144<\/li>\n<li>od 69&#8242;<strong> Maciej \u017burawski<\/strong> -Lech Pozna\u0144<\/li>\n<\/ul>\n<\/td>\n<\/tr>\n<\/tbody>\n<\/table>\n<div id=\"attachment_9651\" style=\"width: 376px\" class=\"wp-caption alignleft\"><img loading=\"lazy\" decoding=\"async\" aria-describedby=\"caption-attachment-9651\" class=\"wp-image-9651 size-medium\" src=\"https:\/\/kronika-futbolu.pl\/historia\/wp-content\/uploads\/2020\/11\/3B_Slowacja_pOlska_MZurawski_wikiepdia-366x400.png\" alt=\"Maciej \u017burawski w meczu z S\u0142owacj\u0105 zadebiutowa\u0142 w Reprezentacji Polski\" width=\"366\" height=\"400\" srcset=\"https:\/\/kronika-futbolu.pl\/historia\/wp-content\/uploads\/2020\/11\/3B_Slowacja_pOlska_MZurawski_wikiepdia-366x400.png 366w, https:\/\/kronika-futbolu.pl\/historia\/wp-content\/uploads\/2020\/11\/3B_Slowacja_pOlska_MZurawski_wikiepdia.png 681w\" sizes=\"auto, (max-width: 366px) 100vw, 366px\" \/><p id=\"caption-attachment-9651\" class=\"wp-caption-text\">Maciej \u017burawski w meczu z S\u0142owacj\u0105 zadebiutowa\u0142 w Reprezentacji Polski. \u0179r\u00f3d\u0142o: Wikipedia<\/p><\/div>\n<p>Polscy pi\u0142karze w znakomity spos\u00f3b uko\u0144czyli rok 1998 w swoim wykonaniu. W 10 meczu w tym okresie odnie\u015bli 7 wygran\u0105 (3 pora\u017cki), byli liderem swojej grupy w eliminacjach do Euro 2000 (ostatecznie jednak nie awansowali). W wspomnianych 10 meczach a\u017c 8 by\u0142o grami towarzyskimi. Dzie\u0144 przed \u015awi\u0119tem Niepodleg\u0142o\u015bci, Bia\u0142o-Czerwoni powr\u00f3cili na Teheln\u00e9 pole po 3 latach. W 1995 roku ponie\u015bli wstydliw\u0105 pora\u017ck\u0119 z S\u0142owakami. Tym razem by\u0142o jednak inaczej. Po golach debiutuj\u0105cego w barwach narodowych Piotra Reissa i dw\u00f3ch Wojtka Kowalczyka wygrali\u015bmy 3-1 a bramk\u0119 dla rywali zdoby\u0142 Tibor Jan\u010dula. Najpierw Reiss dosta\u0142 pi\u0142k\u0119 od Czerwca i pewnie pokona\u0142 bramkarza, niestety ju\u017c minut\u0119 p\u00f3\u017aniej S\u0142owacy wyr\u00f3wnali. Podania po ziemi z prawej strony nie przeci\u0119li polscy obro\u0144cy i gola strzeli\u0142 w\u0142a\u015bnie Jan\u010dula.\u00a0 Mokra murawa pomog\u0142a nieco ponad 10 minut p\u00f3\u017aniej Wojtkowi Kowalczykowi\u00a0 w przej\u0119ciu pi\u0142ki. Pi\u0142karz S\u0142owacki nie zauwa\u017cy\u0142 \u017ce pi\u0142ka zatrzyma\u0142a si\u0119 i straci\u0142 j\u0105 na rzecz pracowitego tego dnia Kowalczyka. Trzeci\u0105 bramk\u0119 strzeli\u0142 r\u00f3wnie\u017c Kowalczyk. Otrzyma\u0142 d\u0142ugie podanie od W\u0119grzyna, min\u0105\u0142 bramkarza i lewej strony, praw\u0105 nog\u0105 uderzy\u0142 zniemal z zerowego k\u0105ta.<\/p>\n<p>Opr\u00f3cz Piotra Reissa debiutowali w tym meczu Maciej \u017burawski, Bartosz Karwan, Jacek Krzyn\u00f3wek, Bogdan Zaj\u0105c. Reiss zagra jeszcze w Reprezentacji Polski 3 razy a dla Bogdana Zaj\u0105ca by\u0142 to jednocze\u015bnie ostatni mecz narodowy.<\/p>\n<p>Mecz by\u0142 rozgrywany w b\u0142otnistych wr\u0119cz warunkach, przed spotkaniem mia\u0142a miejsce ulewa. Najlepszym zawodnikiem meczu by\u0142 Wojciech Kowalczyk kt\u00f3ry opr\u00f3cz 2 goli stwarza\u0142 wiele sytuacji.<\/p>\n<h2 id=\"mecz-01-11-1965\"><span class=\"ez-toc-section\" id=\"2_Mecz_Slowacja-_Polska_4_1_11_pazdziernika_1995_r\"><\/span><a id=\"mecz-11-10-1995\"><\/a>2. Mecz S\u0142owacja- Polska 4:1 (11 pa\u017adziernika 1995 r.)<span class=\"ez-toc-section-end\"><\/span><\/h2>\n<ul>\n<li><strong>Data meczu:<\/strong> 11.10.1995<\/li>\n<li><strong>Ranga meczu:<\/strong> Eliminacje Mistrzostw Europy 1996<\/li>\n<li><strong>S\u0119dzia:<\/strong> Jorge Coroado &#8211; Portugalia<\/li>\n<li><strong>Stadion:<\/strong> Teheln\u00e9 pole,\u00a0 Bratys\u0142awa<\/li>\n<li><strong>Trener:<\/strong> Henryk Apostel<\/li>\n<\/ul>\n<p><strong>\u26bd Strzelone bramki:<\/strong><\/p>\n<ul>\n<li>Andrzej Juskowiak\u00a0 [pl] 19&#8242;<\/li>\n<li>Peter Dubovsk\u00fd [sk] 31&#8242;-karny<\/li>\n<li>\u00a0Tibor Jan\u010dula [sk] 68&#8242;<\/li>\n<li>Marek Ujlaky [sk] 78&#8242;<\/li>\n<li>\u00a0J\u00falius \u0160imon [sk] 82&#8242;<\/li>\n<\/ul>\n<p><strong>? Sk\u0142ady:<\/strong><\/p>\n<table style=\"border-collapse: collapse; width: 100%;\">\n<thead>\n<tr>\n<th style=\"width: 50%;\">[pl] S\u0142owacja:<\/th>\n<th style=\"width: 50%;\">[pl] Polska:<\/th>\n<\/tr>\n<\/thead>\n<tbody>\n<tr>\n<td style=\"width: 50%;\">\n<ul>\n<li><strong>Ladislav Moln\u00e1r<\/strong> &#8211; Slovan Bratys\u0142awa<\/li>\n<li><strong>Mari\u00e1n Zeman<\/strong> &#8211; Istanbulspor<\/li>\n<li><strong>Du\u0161an Tittel<\/strong> 63&#8242; [ycard] &#8211; Slovan Bratys\u0142awa<\/li>\n<li><strong>Miroslav Karhan<\/strong> &#8211; Spartak Trnava<\/li>\n<li><strong>Igor Bali\u0161<\/strong> 33&#8242; [ycard] &#8211; Spartak Trnava<\/li>\n<li><strong>J\u00falius \u0160imon<\/strong> &#8211; Spartak Trnava<\/li>\n<li><strong>Jzef Juriga<\/strong> do 71&#8242; &#8211; Slovan Bratys\u0142awa<\/li>\n<li>od 71&#8242; <strong>Marek Ujlaky<\/strong> &#8211; Spartak Trnava<\/li>\n<li><strong>\u013dubom\u00edr Morav\u010d\u00edk<\/strong> kapitan &#8211; AS Saint-\u00c9tienne<\/li>\n<li><strong>Vladim\u00edr Kinder<\/strong> 81&#8242; [ycard] &#8211; Slovan Bratys\u0142awa<\/li>\n<li><strong>Peter Dubovsk\u00fd<\/strong> &#8211; Real Oviedo<\/li>\n<li><strong>Tibor Jan\u010dula<\/strong> do 86&#8242; &#8211; SV Casino Austria<\/li>\n<li>od 86&#8242; <strong>Mari\u00e1n Bochnovi\u010d<\/strong> &#8211; Dukla Bansk\u00e1 Bystrica<\/li>\n<\/ul>\n<\/td>\n<td style=\"width: 50%;\">\n<ul>\n<li><strong>Andrzej Wo\u017aniak<\/strong> -Widzew \u0141\u00f3d\u017a<\/li>\n<li><strong>Tomasz \u0141api\u0144ski<\/strong> 28&#8242; [ycard] -Widzew \u0141\u00f3d\u017a<\/li>\n<li><strong>Jacek Zieli\u0144ski<\/strong> -Legia Warszawa<\/li>\n<li><strong>Tomasz Wa\u0142doch<\/strong> -VfL Bochum<\/li>\n<li><strong>Tomasz Iwan<\/strong> -Feyenoord Rotterdam<\/li>\n<li><strong>Krzysztof Bukalski<\/strong> -Hutnik Krak\u00f3w<\/li>\n<li><strong>Roman Kosecki<\/strong> kapitan [ycard] 65&#8242; [rcard] za drug\u0105 \u017c\u00f3\u0142t\u0105 -FC Nantes Atlantique<\/li>\n<li><strong>Marek Ko\u017ami\u0144ski<\/strong> do 60&#8242; -Udinese Calcio<\/li>\n<li>od 60&#8242; <strong>Jacek Bednarz<\/strong> -CWKS Legia Warszawa<\/li>\n<li><strong>Piotr \u015awierczewski<\/strong> [ycard] 75&#8242; [rcard] za drug\u0105 \u017c\u00f3\u0142t\u0105 -SC Bastia Furiani<\/li>\n<li><strong>Andrzej Juskowiak<\/strong> -kapitan od 65&#8242; Olympiakos Piraeus<\/li>\n<li><strong>Henryk Ba\u0142uszy\u0144ski<\/strong> do 80&#8242; -VfL Bochum Bochum<\/li>\n<li>od 80&#8242; <strong>Sylwester Czereszewski<\/strong> -Stomil Olsztyn<\/li>\n<\/ul>\n<\/td>\n<\/tr>\n<\/tbody>\n<\/table>\n<div id=\"attachment_9647\" style=\"width: 358px\" class=\"wp-caption alignleft\"><img loading=\"lazy\" decoding=\"async\" aria-describedby=\"caption-attachment-9647\" class=\"wp-image-9647 size-full\" src=\"https:\/\/kronika-futbolu.pl\/historia\/wp-content\/uploads\/2020\/11\/2A_Slowacja_Polska_TVP.png\" alt=\"S\u0142owacja - Polska 4-1 1995. \u0179r\u00f3d\u0142o: TVP\" width=\"348\" height=\"394\" \/><p id=\"caption-attachment-9647\" class=\"wp-caption-text\">S\u0142owacja &#8211; Polska 4-1 1995. \u0179r\u00f3d\u0142o: TVP kadr<\/p><\/div>\n<p>Mecz wstydu. Polska rozegra\u0142a fatalne spotkanie, a symbolami spotkania sta\u0142y si\u0119 niesportowe zachowania kapitana Romana Koseckiego i Piotra \u015awierczewskiego za co otrzymali czerwone kartki.\u00a0 Polska nie wygra\u0142a meczu od czerwcowej rywalizacji ze S\u0142owacj\u0105 w Zabrzu gdzie wygra\u0142a 5-0.\u00a0 Min\u0119\u0142o kilka miesi\u0119cy i w ca\u0142kiem odmiennych nastrojach si\u0119 znale\u017ali\u015bmy.<\/p>\n<p>Mecz rozpocz\u0105\u0142 si\u0119 dobrze. Szybko bramk\u0119 zdoby\u0142 Andrzej Juskowiak. Po podaniu od Piotrka \u015awierczewskiego znalaz\u0142 si\u0119 sam na sam z bramkarzem i wykorzysta\u0142 szans\u0119. P\u00f3\u017aniej by\u0142o ju\u017c tylko gorzej. Ko\u017ami\u0144ski sfaulowa\u0142 Jan\u010dule i z rzutu karnego trafi\u0142 Dubovsk\u00fd . Remis utrzymywa\u0142 si\u0119\u00a0 do ostatniego kwadransa meczu.<\/p>\n<p>Wtedy rozpocz\u0105\u0142 si\u0119 koszmar polskiej dru\u017cyny. Trener Henryk Apostel chcia\u0142 dokona\u0107 zmiany. Za Koseckiego mia\u0142 wej\u015b\u0107 Czereszewski. Kapitan oci\u0105ga\u0142 si\u0119 z zej\u015bciem z boiska za co s\u0119dzie pokaza\u0142 mu \u017c\u00f3\u0142t\u0105 kartk\u0119 a by\u0142a to ju\u017c jego druga w tym meczu za co zobaczy\u0142 kartk\u0119 czerwon\u0105. Schodz\u0105c przy gwizdach kibic\u00f3w do szatni uca\u0142owa\u0142 koszulk\u0119 Reprezentacji i zostawi\u0142 j\u0105 przy linii boiska a Czereszewski musia\u0142 wr\u00f3ci\u0107 na \u0142awk\u0119. Chwil\u0119 p\u00f3\u017aniej Dubovsk\u00fd\u00a0 ogra\u0142 dw\u00f3ch naszych obro\u0144c\u00f3w i poda\u0142 do Jan\u010duli i by\u0142o 2-1. W 75 minucie Piotr \u015awierczewski dosta\u0142 \u017c\u00f3\u0142t\u0105 kartk\u0119 a za dyskusj\u0119 z s\u0119dzi\u0105 dosta\u0142 drug\u0105 \u017c\u00f3\u0142t\u0105 i w konsekwencji czerwon\u0105 i opu\u015bci\u0142 boisko.\u00a0 Na 3-1 podwy\u017cszy\u0142 Ujlaky\u00a0 strza\u0142em z dystansu.\u00a0 Wynik ustali\u0142 \u0160imon .<\/p>\n<p>Roman Kosecki ju\u017c wi\u0119cej w narodowych barwach nie zagra\u0142. \u0141\u0105cznie 69 mecz\u00f3w i 19 goli.<\/p>\n<p>W grupie Polska zako\u0144czy\u0142a rywalizacj\u0119 na 4 miejscu a S\u0142owacja na 3. Na Euro pojecha\u0142y dru\u017cyny Rumuni i Francji.<\/p>\n<h2 id=\"mecz-18-04-1965\"><span class=\"ez-toc-section\" id=\"1_Mecz_Polska_%E2%80%93_Slowacja_5_0_7_czerwca_1995_r\"><\/span><a id=\"mecz-07-06-1995\"><\/a>1. Mecz Polska &#8211; S\u0142owacja 5:0 (7 czerwca 1995 r.)<span class=\"ez-toc-section-end\"><\/span><\/h2>\n<ul>\n<li><strong>Data meczu:<\/strong> 07.06.1995<\/li>\n<li><strong>Ranga meczu:<\/strong> Eliminacje Mistrzostw Europy 1996<\/li>\n<li><strong>S\u0119dzia:<\/strong> Robert Sedlacek, Austria<\/li>\n<li><strong>Stadion:<\/strong> Stadion G\u00f3rnika, Zabrze<\/li>\n<li><strong>Trener:<\/strong> Henryk Apostel<\/li>\n<\/ul>\n<p><strong>\u26bd Strzelone bramki:<\/strong><\/p>\n<ul>\n<li>Andrzej Juskowiak [pl] 10&#8242;<\/li>\n<li>Tomasz Wieszczycki [pl] 58&#8242;<\/li>\n<li>Roman Kosecki [pl] 64&#8242;<\/li>\n<li>Piotr Nowak [pl]\u00a0 68&#8242;<\/li>\n<li>Andrzej Juskowiak [pl] 72&#8242;<\/li>\n<\/ul>\n<p><strong>? Sk\u0142ady:<\/strong><\/p>\n<table style=\"border-collapse: collapse; width: 100%; height: 383px;\">\n<thead>\n<tr style=\"height: 21px;\">\n<th style=\"width: 50%; height: 21px;\">[pl] Polska:<\/th>\n<th style=\"width: 50%; height: 21px;\">[sk] S\u0142owacja:<\/th>\n<\/tr>\n<\/thead>\n<tbody>\n<tr style=\"height: 362px;\">\n<td style=\"width: 50%; height: 362px;\">\n<ul>\n<li><strong>Maciej Szcz\u0119sny<\/strong> 37&#8242; [ycard] &#8211; Legia Warszawa<\/li>\n<li><strong>Waldemar Jaskulski<\/strong> 54&#8242; [ycard] do 70&#8242; &#8211; Pogo\u0144 Szczecin<\/li>\n<li>od 70&#8242; <strong>Sylwester Czereszewski<\/strong> &#8211; Stomil Olsztyn<\/li>\n<li><strong>Jacek Zieli\u0144ski<\/strong> &#8211; Legia Warszawa<\/li>\n<li><strong>Tomasz Wa\u0142doch<\/strong> &#8211; VfL Bochum<\/li>\n<li><strong>Piotr \u015awierczewski<\/strong> &#8211; AS Saint-\u00c9tienne<\/li>\n<li><strong>Krzysztof Bukalski<\/strong> &#8211; Hutnik Krak\u00f3w<\/li>\n<li><strong>Roman Kosecki<\/strong> kapitan &#8211; Atl\u00e9tico Madryd<\/li>\n<li><strong>Piotr Nowak<\/strong> &#8211; TSV Monachium 1860<\/li>\n<li><strong>Marek Ko\u017ami\u0144ski<\/strong> 62&#8242;[ycard] &#8211; Udinese Calcio,<\/li>\n<li><strong>Andrzej Juskowiak<\/strong> &#8211; Sporting Lizbona<\/li>\n<li><strong>Wojciech Kowalczyk<\/strong> do 46&#8242; &#8211; Real Betis<\/li>\n<li>od 46&#8242; <strong>Tomasz Wieszczycki<\/strong> 63&#8242; [ycard] &#8211; \u0141KS<\/li>\n<\/ul>\n<\/td>\n<td style=\"width: 50%; height: 362px;\">\n<ul>\n<li><strong>Alexander Vencel<\/strong> &#8211; C Strasbourg<\/li>\n<li><strong>Ivan Koz\u00e1k<\/strong> do 58&#8242; &#8211; 1. FC Koszyce<\/li>\n<li>od 58&#8242; <strong>Marek Penksa<\/strong> &#8211; Eintracht Frankfurt<\/li>\n<li><strong>Milo\u0161 Glonek<\/strong> 61&#8242; [ycard] SM Caen<\/li>\n<li><strong>Mari\u00e1n Zeman<\/strong> &#8211; Slovan Bratys\u0142awa<\/li>\n<li><strong>Karol Pra\u017eenica<\/strong> &#8211; HNK Hajduk Split<\/li>\n<li><strong>R\u00f3bert Tomaschek<\/strong> 25&#8242; [ycard] &#8211; Slovan, Bratys\u0142awa<\/li>\n<li><strong>Ondrej Kri\u0161tof\u00edk<\/strong> do 68&#8242; &#8211; Slavia Praga<\/li>\n<li>od 68&#8242; <strong>Vladim\u00edr Weiss<\/strong> &#8211; 1. FC Koszyce<\/li>\n<li><strong>\u013dubom\u00edr Morav\u010d\u00edk<\/strong> kapitan &#8211; AS Saint-\u00c9tienne<\/li>\n<li><strong>Jan Solar<\/strong> &#8211; Inter Bratys\u0142awa<\/li>\n<li><strong>Peter Dubovsk\u00fd<\/strong> &#8211; Real Madryd<\/li>\n<li><strong>Jaroslav Timko<\/strong> 87&#8242; [ycard] &#8211; FC Petra Drnovice<\/li>\n<\/ul>\n<\/td>\n<\/tr>\n<\/tbody>\n<\/table>\n<div id=\"attachment_9641\" style=\"width: 594px\" class=\"wp-caption alignleft\"><img loading=\"lazy\" decoding=\"async\" aria-describedby=\"caption-attachment-9641\" class=\"wp-image-9641 size-full\" src=\"https:\/\/kronika-futbolu.pl\/historia\/wp-content\/uploads\/2020\/11\/2A_Polska_Slowacja_Allegro_pl.png\" alt=\"Polska - S\u0142owacja 1995 Zabrze\" width=\"584\" height=\"230\" \/><p id=\"caption-attachment-9641\" class=\"wp-caption-text\">Polska &#8211; S\u0142owacja 1995 Zabrze. \u0179r\u00f3d\u0142o: Allegro.pl<\/p><\/div>\n<p>Do pierwszej rywalizacji Polski i S\u0142owacji dosz\u0142o w 1995 roku w eliminacjach do Mistrzostw Europy kt\u00f3re mia\u0142y si\u0119 odby\u0107 rok p\u00f3\u017aniej w Anglii. Wcze\u015bniej Polacy rywalizowali z Czechos\u0142owacj\u0105 19 razy.\u00a0 Po zmianach w Europie powsta\u0142y osobne pa\u0144stwa Czechy oraz S\u0142owacja. i wcze\u015bniejsze mecze nale\u017cy oddzieli\u0107 lub przypomnie\u0107 w rywalizacji z Czechami.<\/p>\n<p>Polska trafi\u0142a w eliminacjach do Euro 1996 do grupy ze S\u0142owacj\u0105, Francj\u0105, Rumuni\u0105, Azerbejd\u017canem i Izraelem. Przed I meczem ze S\u0142owakami Polacy mieli ju\u017c rozegranych 5 mecz\u00f3w a wi\u0119c po\u0142ow\u0119. W 5 meczach dru\u017cyna Henryka Apostela wygra\u0142a dwa (Azerbejd\u017can, Izrael) przegra\u0142a te\u017c dwa (Izrael, Rumunia) oraz zremisowa\u0142a z Francj\u0105 0-0. Po 5 meczach 4 miejsce w grupie i jeszcze realne szanse na awans. W Zabrzu pad\u0142 grad bramek, lecz kilka miesi\u0119cy p\u00f3\u017aniej S\u0142owacja we\u017amie srogi rewan\u017c i w ostatecznym rozrachunku wyprzedzi Polsk\u0119 w tabeli.<\/p>\n<p>Wynik otworzy\u0142 Andrzej Juskowiak po podaniu Romana Koseckiego. Drugi gol pad\u0142 dopiero w II po\u0142owie. Pi\u0142ka po strzale Piotra \u015awierczewskiego sprzed pola karnego trafi\u0142a w nog\u0119 bramkarza i znalaz\u0142a si\u0119 pod nogami Tomasza Wieszczyckeigo kt\u00f3ry nie mia\u0142 problem\u00f3w z trafieniem z bliskiej odleg\u0142o\u015bci. Od tego momentu min\u0119\u0142o 14 minuty w kt\u00f3rych pad\u0142y kolejne bramki. Nast\u0119pnie Polacy popisali si\u0119 \u015bwietnym kontratakiem, Piotr Nowak przebieg\u0142 z pi\u0142k\u0105 spory dystans, poda\u0142 do Romana Koseckiego a ten podwy\u017cszy\u0142 na 3-0. Cztery minuty p\u00f3\u017aniej Nowak ponownie nie da\u0142 si\u0119 nikomu zatrzyma\u0107, lecz tym razem sam wyko\u0144czy\u0142 swoj\u0105 akcj\u0119. Ostatni\u0105 bramk\u0119 dorzuci\u0142 Juskowiak, wykorzysta\u0142 b\u0142\u0105d obro\u0144cy, min\u0105\u0142 bramkarza i trafi\u0142 do pustej bramki.<\/p>\n<p>W meczu ze S\u0142owacj\u0105 zadebiutowa\u0142 Jacek Zieli\u0144ski, kt\u00f3rego reprezentacyjny licznik zatrzyma si\u0119 w 2003 roku na 60 meczach i 1 bramce.<\/p>\n<p>Po tym zwyci\u0119stwie nasta\u0142 fatalny czas dla Reprezentacji Polski. Na kolejn\u0105 wygran\u0105 Polacy b\u0119d\u0105 czeka\u0107 a\u017c do listopada 1996 roku&#8230;<\/p>\n<p>&nbsp;<\/p>\n<h2 id=\"galeria\"><span class=\"ez-toc-section\" id=\"_Przezyjmy_to_jeszcze_raz_%E2%80%93_galeria_zdjec_z_meczy_Polska_%E2%80%93_Slowacja\"><\/span>? Prze\u017cyjmy to jeszcze raz &#8211; galeria zdj\u0119\u0107 z meczy Polska &#8211; S\u0142owacja<span class=\"ez-toc-section-end\"><\/span><\/h2>\n<p>&nbsp;<\/p>\n<ul class=\"r1-gallery\"><li>\r\n\t\t\t\t<a href=\"https:\/\/kronika-futbolu.pl\/historia\/wp-content\/uploads\/2020\/11\/7B_Polska_Slowakia_2012_D_perquis.png\" title=\"Polska-S\u0142woacja 2012. Damian Perquis- strzelec gola. \u0179r\u00f3d\u0142o: wikipedia\">\r\n\t\t\t\t\t<img loading=\"lazy\" decoding=\"async\" width=\"362\" height=\"400\" src=\"https:\/\/kronika-futbolu.pl\/historia\/wp-content\/uploads\/2020\/11\/7B_Polska_Slowakia_2012_D_perquis-362x400.png\" class=\"attachment-medium size-medium\" alt=\"Polska-S\u0142woacja 2012\" srcset=\"https:\/\/kronika-futbolu.pl\/historia\/wp-content\/uploads\/2020\/11\/7B_Polska_Slowakia_2012_D_perquis-362x400.png 362w, https:\/\/kronika-futbolu.pl\/historia\/wp-content\/uploads\/2020\/11\/7B_Polska_Slowakia_2012_D_perquis.png 512w\" sizes=\"auto, (max-width: 362px) 100vw, 362px\" \/>\r\n\t\t\t\t\t<small>Polska-S\u0142woacja 2012. Damian Perquis- strzelec gola. \u0179r\u00f3d\u0142o: wikipedia<\/small>\r\n\t\t\t\t<\/a>\r\n\t\t\t<\/li><li>\r\n\t\t\t\t<a href=\"https:\/\/kronika-futbolu.pl\/historia\/wp-content\/uploads\/2020\/11\/6B_Polska_Slowacja_2009_youtube.png\" title=\"Polska - S\u0142owacja 2009 Chorz\u00f3w. \u0179r\u00f3d\u0142o: Youtube - kadr\">\r\n\t\t\t\t\t<img loading=\"lazy\" decoding=\"async\" width=\"256\" height=\"179\" src=\"https:\/\/kronika-futbolu.pl\/historia\/wp-content\/uploads\/2020\/11\/6B_Polska_Slowacja_2009_youtube.png\" class=\"attachment-medium size-medium\" alt=\"Polska - S\u0142owacja 2009 Chorz\u00f3w\" \/>\r\n\t\t\t\t\t<small>Polska - S\u0142owacja 2009 Chorz\u00f3w. \u0179r\u00f3d\u0142o: Youtube - kadr<\/small>\r\n\t\t\t\t<\/a>\r\n\t\t\t<\/li><li>\r\n\t\t\t\t<a href=\"https:\/\/kronika-futbolu.pl\/historia\/wp-content\/uploads\/2020\/11\/6A_Polska_Slowacja_2009_allegro.png\" title=\"Polska - S\u0142owacja 2009 Chorz\u00f3w. \u0179r\u00f3d\u0142o: Allegro\">\r\n\t\t\t\t\t<img loading=\"lazy\" decoding=\"async\" width=\"600\" height=\"301\" src=\"https:\/\/kronika-futbolu.pl\/historia\/wp-content\/uploads\/2020\/11\/6A_Polska_Slowacja_2009_allegro-600x301.png\" class=\"attachment-medium size-medium\" alt=\"Polska - S\u0142owacja 2009 Chorz\u00f3w\" srcset=\"https:\/\/kronika-futbolu.pl\/historia\/wp-content\/uploads\/2020\/11\/6A_Polska_Slowacja_2009_allegro-600x301.png 600w, https:\/\/kronika-futbolu.pl\/historia\/wp-content\/uploads\/2020\/11\/6A_Polska_Slowacja_2009_allegro.png 633w\" sizes=\"auto, (max-width: 600px) 100vw, 600px\" \/>\r\n\t\t\t\t\t<small>Polska - S\u0142owacja 2009 Chorz\u00f3w. \u0179r\u00f3d\u0142o: Allegro<\/small>\r\n\t\t\t\t<\/a>\r\n\t\t\t<\/li><li>\r\n\t\t\t\t<a href=\"https:\/\/kronika-futbolu.pl\/historia\/wp-content\/uploads\/2020\/11\/5A_Slowacja_Polska_youtibe_allegro.png\" title=\"S\u0142owacja - Polska 2008 Bilet - Allegro\">\r\n\t\t\t\t\t<img loading=\"lazy\" decoding=\"async\" width=\"600\" height=\"178\" src=\"https:\/\/kronika-futbolu.pl\/historia\/wp-content\/uploads\/2020\/11\/5A_Slowacja_Polska_youtibe_allegro-600x178.png\" class=\"attachment-medium size-medium\" alt=\"S\u0142owacja - Polska 2008\" srcset=\"https:\/\/kronika-futbolu.pl\/historia\/wp-content\/uploads\/2020\/11\/5A_Slowacja_Polska_youtibe_allegro-600x178.png 600w, https:\/\/kronika-futbolu.pl\/historia\/wp-content\/uploads\/2020\/11\/5A_Slowacja_Polska_youtibe_allegro-768x228.png 768w, https:\/\/kronika-futbolu.pl\/historia\/wp-content\/uploads\/2020\/11\/5A_Slowacja_Polska_youtibe_allegro.png 923w\" sizes=\"auto, (max-width: 600px) 100vw, 600px\" \/>\r\n\t\t\t\t\t<small>S\u0142owacja - Polska 2008 Bilet - Allegro<\/small>\r\n\t\t\t\t<\/a>\r\n\t\t\t<\/li><li>\r\n\t\t\t\t<a href=\"https:\/\/kronika-futbolu.pl\/historia\/wp-content\/uploads\/2020\/11\/4A_Polska_Slwoacja_2007_PS.png\" title=\"Polska - S\u0142owacja 2007. Przegl\u0105d Sportowy\">\r\n\t\t\t\t\t<img loading=\"lazy\" decoding=\"async\" width=\"312\" height=\"400\" src=\"https:\/\/kronika-futbolu.pl\/historia\/wp-content\/uploads\/2020\/11\/4A_Polska_Slwoacja_2007_PS-312x400.png\" class=\"attachment-medium size-medium\" alt=\"Polska - S\u0142owacja 2007\" srcset=\"https:\/\/kronika-futbolu.pl\/historia\/wp-content\/uploads\/2020\/11\/4A_Polska_Slwoacja_2007_PS-312x400.png 312w, https:\/\/kronika-futbolu.pl\/historia\/wp-content\/uploads\/2020\/11\/4A_Polska_Slwoacja_2007_PS.png 528w\" sizes=\"auto, (max-width: 312px) 100vw, 312px\" \/>\r\n\t\t\t\t\t<small>Polska - S\u0142owacja 2007. Przegl\u0105d Sportowy<\/small>\r\n\t\t\t\t<\/a>\r\n\t\t\t<\/li><li>\r\n\t\t\t\t<a href=\"https:\/\/kronika-futbolu.pl\/historia\/wp-content\/uploads\/2020\/11\/3B_Slowacja_pOlska_MZurawski_wikiepdia.png\" title=\"Maciej \u017burawski w meczu z S\u0142owacj\u0105 zadebiutowa\u0142 w Reprezentacji Polski. \u0179r\u00f3d\u0142o: Wikipedia\">\r\n\t\t\t\t\t<img loading=\"lazy\" decoding=\"async\" width=\"366\" height=\"400\" src=\"https:\/\/kronika-futbolu.pl\/historia\/wp-content\/uploads\/2020\/11\/3B_Slowacja_pOlska_MZurawski_wikiepdia-366x400.png\" class=\"attachment-medium size-medium\" alt=\"Maciej \u017burawski w meczu z S\u0142owacj\u0105 zadebiutowa\u0142 w Reprezentacji Polski\" srcset=\"https:\/\/kronika-futbolu.pl\/historia\/wp-content\/uploads\/2020\/11\/3B_Slowacja_pOlska_MZurawski_wikiepdia-366x400.png 366w, https:\/\/kronika-futbolu.pl\/historia\/wp-content\/uploads\/2020\/11\/3B_Slowacja_pOlska_MZurawski_wikiepdia.png 681w\" sizes=\"auto, (max-width: 366px) 100vw, 366px\" \/>\r\n\t\t\t\t\t<small>Maciej \u017burawski w meczu z S\u0142owacj\u0105 zadebiutowa\u0142 w Reprezentacji Polski. \u0179r\u00f3d\u0142o: Wikipedia<\/small>\r\n\t\t\t\t<\/a>\r\n\t\t\t<\/li><li>\r\n\t\t\t\t<a href=\"https:\/\/kronika-futbolu.pl\/historia\/wp-content\/uploads\/2020\/11\/2A_Polska_Slowacja_Allegro_pl.png\" title=\"Polska - S\u0142owacja 1995 Zabrze. \u0179r\u00f3d\u0142o: Allegro.pl\">\r\n\t\t\t\t\t<img loading=\"lazy\" decoding=\"async\" width=\"584\" height=\"230\" src=\"https:\/\/kronika-futbolu.pl\/historia\/wp-content\/uploads\/2020\/11\/2A_Polska_Slowacja_Allegro_pl.png\" class=\"attachment-medium size-medium\" alt=\"Polska - S\u0142owacja 1995 Zabrze\" \/>\r\n\t\t\t\t\t<small>Polska - S\u0142owacja 1995 Zabrze. \u0179r\u00f3d\u0142o: Allegro.pl<\/small>\r\n\t\t\t\t<\/a>\r\n\t\t\t<\/li><li>\r\n\t\t\t\t<a href=\"https:\/\/kronika-futbolu.pl\/historia\/wp-content\/uploads\/2020\/11\/2A_Slowacja_Polska_TVP.png\" title=\"S\u0142owacja - Polska 4-1 1995. \u0179r\u00f3d\u0142o: TVP kadr\">\r\n\t\t\t\t\t<img loading=\"lazy\" decoding=\"async\" width=\"348\" height=\"394\" src=\"https:\/\/kronika-futbolu.pl\/historia\/wp-content\/uploads\/2020\/11\/2A_Slowacja_Polska_TVP.png\" class=\"attachment-medium size-medium\" alt=\"S\u0142owacja - Polska 4-1 1995. \u0179r\u00f3d\u0142o: TVP\" \/>\r\n\t\t\t\t\t<small>S\u0142owacja - Polska 4-1 1995. \u0179r\u00f3d\u0142o: TVP kadr<\/small>\r\n\t\t\t\t<\/a>\r\n\t\t\t<\/li><\/ul>\n","protected":false},"excerpt":{"rendered":"<p>Bilans mecz\u00f3w Polska-S\u0142owacja, kursy bukmacherskie W 9 dotychczas rozegranych meczach pomi\u0119dzy Reprezentacj\u0105 Polski i S\u0142owacji 3 razy wygrywali Polacy, 1 raz pad\u0142 remis, a 5 razy g\u00f3r\u0105 byli S\u0142owacy. Bilans bramkowy 14-14. Ostatni mecz odby\u0142 si\u0119 14 czerwca 2021 roku w Saint Petersburg podczas mistrzostw Europy 2020. Wygrali S\u0142owacy 2-1. Spis tre\u015bci: &nbsp; Mecz Polska-S\u0142owacja [&hellip;]<\/p>\n","protected":false},"author":3,"featured_media":9647,"parent":0,"menu_order":0,"comment_status":"closed","ping_status":"closed","template":"","meta":{"_acf_changed":false,"footnotes":""},"class_list":["post-9636","page","type-page","status-publish","has-post-thumbnail","hentry"],"acf":[],"rankMath":{"parentDomain":"kronika-futbolu.pl","noFollowDomains":[],"noFollowExcludeDomains":[],"noFollowExternalLinks":false,"featuredImageNotice":"Prezentowany obraz powinien mie\u0107 co najmniej 200 na 200 pikseli, aby m\u00f3g\u0142 go pobra\u0107 Facebook i inne serwisy spo\u0142eczno\u015bciowe.","pluginReviewed":false,"postSettings":{"linkSuggestions":true,"useFocusKeyword":false},"frontEndScore":false,"postName":"polska-slowacja-w-pilce-noznej-wyniki-meczow","permalinkFormat":"https:\/\/kronika-futbolu.pl\/historia\/%pagename%\/","showLockModifiedDate":true,"assessor":{"focusKeywordLink":"https:\/\/kronika-futbolu.pl\/historia\/wp-admin\/edit.php?focus_keyword=%focus_keyword%&post_type=%post_type%","hasTOCPlugin":{"easy-table-of-contents\/easy-table-of-contents.php":"Easy Table of Contents"},"primaryTaxonomy":false,"serpData":{"title":"","description":"","focusKeywords":"","pillarContent":false,"canonicalUrl":"","breadcrumbTitle":"","advancedRobots":[],"facebookTitle":"","facebookDescription":"","facebookImage":"","facebookImageID":"","facebookHasOverlay":false,"facebookImageOverlay":"","facebookAuthor":"","twitterCardType":"","twitterUseFacebook":true,"twitterTitle":"","twitterDescription":"","twitterImage":"","twitterImageID":"","twitterHasOverlay":false,"twitterImageOverlay":"","twitterPlayerUrl":"","twitterPlayerSize":"","twitterPlayerStream":"","twitterPlayerStreamCtype":"","twitterAppDescription":"","twitterAppIphoneName":"","twitterAppIphoneID":"","twitterAppIphoneUrl":"","twitterAppIpadName":"","twitterAppIpadID":"","twitterAppIpadUrl":"","twitterAppGoogleplayName":"","twitterAppGoogleplayID":"","twitterAppGoogleplayUrl":"","twitterAppCountry":"","robots":{"index":true},"twitterAuthor":"u\u017cytkownik","primaryTerm":0,"authorName":"Piotr Ostrowski","titleTemplate":"%title% %sep% %sitename%","descriptionTemplate":"%excerpt%","showScoreFrontend":true,"lockModifiedDate":false},"powerWords":[],"diacritics":{"A":"[\\u0041\\u24B6\\uFF21\\u00C0\\u00C1\\u00C2\\u1EA6\\u1EA4\\u1EAA\\u1EA8\\u00C3\\u0100\\u0102\\u1EB0\\u1EAE\\u1EB4\\u1EB2\\u0226\\u01E0\\u00C4\\u01DE\\u1EA2\\u00C5\\u01FA\\u01CD\\u0200\\u0202\\u1EA0\\u1EAC\\u1EB6\\u1E00\\u0104\\u023A\\u2C6F]","AA":"[\\uA732]","AE":"[\\u00C6\\u01FC\\u01E2]","AO":"[\\uA734]","AU":"[\\uA736]","AV":"[\\uA738\\uA73A]","AY":"[\\uA73C]","B":"[\\u0042\\u24B7\\uFF22\\u1E02\\u1E04\\u1E06\\u0243\\u0182\\u0181]","C":"[\\u0043\\u24B8\\uFF23\\u0106\\u0108\\u010A\\u010C\\u00C7\\u1E08\\u0187\\u023B\\uA73E]","D":"[\\u0044\\u24B9\\uFF24\\u1E0A\\u010E\\u1E0C\\u1E10\\u1E12\\u1E0E\\u0110\\u018B\\u018A\\u0189\\uA779]","DZ":"[\\u01F1\\u01C4]","Dz":"[\\u01F2\\u01C5]","E":"[\\u0045\\u24BA\\uFF25\\u00C8\\u00C9\\u00CA\\u1EC0\\u1EBE\\u1EC4\\u1EC2\\u1EBC\\u0112\\u1E14\\u1E16\\u0114\\u0116\\u00CB\\u1EBA\\u011A\\u0204\\u0206\\u1EB8\\u1EC6\\u0228\\u1E1C\\u0118\\u1E18\\u1E1A\\u0190\\u018E]","F":"[\\u0046\\u24BB\\uFF26\\u1E1E\\u0191\\uA77B]","G":"[\\u0047\\u24BC\\uFF27\\u01F4\\u011C\\u1E20\\u011E\\u0120\\u01E6\\u0122\\u01E4\\u0193\\uA7A0\\uA77D\\uA77E]","H":"[\\u0048\\u24BD\\uFF28\\u0124\\u1E22\\u1E26\\u021E\\u1E24\\u1E28\\u1E2A\\u0126\\u2C67\\u2C75\\uA78D]","I":"[\\u0049\\u24BE\\uFF29\\u00CC\\u00CD\\u00CE\\u0128\\u012A\\u012C\\u0130\\u00CF\\u1E2E\\u1EC8\\u01CF\\u0208\\u020A\\u1ECA\\u012E\\u1E2C\\u0197]","J":"[\\u004A\\u24BF\\uFF2A\\u0134\\u0248]","K":"[\\u004B\\u24C0\\uFF2B\\u1E30\\u01E8\\u1E32\\u0136\\u1E34\\u0198\\u2C69\\uA740\\uA742\\uA744\\uA7A2]","L":"[\\u004C\\u24C1\\uFF2C\\u013F\\u0139\\u013D\\u1E36\\u1E38\\u013B\\u1E3C\\u1E3A\\u0141\\u023D\\u2C62\\u2C60\\uA748\\uA746\\uA780]","LJ":"[\\u01C7]","Lj":"[\\u01C8]","M":"[\\u004D\\u24C2\\uFF2D\\u1E3E\\u1E40\\u1E42\\u2C6E\\u019C]","N":"[\\u004E\\u24C3\\uFF2E\\u01F8\\u0143\\u00D1\\u1E44\\u0147\\u1E46\\u0145\\u1E4A\\u1E48\\u0220\\u019D\\uA790\\uA7A4]","NJ":"[\\u01CA]","Nj":"[\\u01CB]","O":"[\\u004F\\u24C4\\uFF2F\\u00D2\\u00D3\\u00D4\\u1ED2\\u1ED0\\u1ED6\\u1ED4\\u00D5\\u1E4C\\u022C\\u1E4E\\u014C\\u1E50\\u1E52\\u014E\\u022E\\u0230\\u00D6\\u022A\\u1ECE\\u0150\\u01D1\\u020C\\u020E\\u01A0\\u1EDC\\u1EDA\\u1EE0\\u1EDE\\u1EE2\\u1ECC\\u1ED8\\u01EA\\u01EC\\u00D8\\u01FE\\u0186\\u019F\\uA74A\\uA74C]","OI":"[\\u01A2]","OO":"[\\uA74E]","OU":"[\\u0222]","P":"[\\u0050\\u24C5\\uFF30\\u1E54\\u1E56\\u01A4\\u2C63\\uA750\\uA752\\uA754]","Q":"[\\u0051\\u24C6\\uFF31\\uA756\\uA758\\u024A]","R":"[\\u0052\\u24C7\\uFF32\\u0154\\u1E58\\u0158\\u0210\\u0212\\u1E5A\\u1E5C\\u0156\\u1E5E\\u024C\\u2C64\\uA75A\\uA7A6\\uA782]","S":"[\\u0053\\u24C8\\uFF33\\u1E9E\\u015A\\u1E64\\u015C\\u1E60\\u0160\\u1E66\\u1E62\\u1E68\\u0218\\u015E\\u2C7E\\uA7A8\\uA784]","T":"[\\u0054\\u24C9\\uFF34\\u1E6A\\u0164\\u1E6C\\u021A\\u0162\\u1E70\\u1E6E\\u0166\\u01AC\\u01AE\\u023E\\uA786]","TZ":"[\\uA728]","U":"[\\u0055\\u24CA\\uFF35\\u00D9\\u00DA\\u00DB\\u0168\\u1E78\\u016A\\u1E7A\\u016C\\u00DC\\u01DB\\u01D7\\u01D5\\u01D9\\u1EE6\\u016E\\u0170\\u01D3\\u0214\\u0216\\u01AF\\u1EEA\\u1EE8\\u1EEE\\u1EEC\\u1EF0\\u1EE4\\u1E72\\u0172\\u1E76\\u1E74\\u0244]","V":"[\\u0056\\u24CB\\uFF36\\u1E7C\\u1E7E\\u01B2\\uA75E\\u0245]","VY":"[\\uA760]","W":"[\\u0057\\u24CC\\uFF37\\u1E80\\u1E82\\u0174\\u1E86\\u1E84\\u1E88\\u2C72]","X":"[\\u0058\\u24CD\\uFF38\\u1E8A\\u1E8C]","Y":"[\\u0059\\u24CE\\uFF39\\u1EF2\\u00DD\\u0176\\u1EF8\\u0232\\u1E8E\\u0178\\u1EF6\\u1EF4\\u01B3\\u024E\\u1EFE]","Z":"[\\u005A\\u24CF\\uFF3A\\u0179\\u1E90\\u017B\\u017D\\u1E92\\u1E94\\u01B5\\u0224\\u2C7F\\u2C6B\\uA762]","a":"[\\u0061\\u24D0\\uFF41\\u1E9A\\u00E0\\u00E1\\u00E2\\u1EA7\\u1EA5\\u1EAB\\u1EA9\\u00E3\\u0101\\u0103\\u1EB1\\u1EAF\\u1EB5\\u1EB3\\u0227\\u01E1\\u00E4\\u01DF\\u1EA3\\u00E5\\u01FB\\u01CE\\u0201\\u0203\\u1EA1\\u1EAD\\u1EB7\\u1E01\\u0105\\u2C65\\u0250]","aa":"[\\uA733]","ae":"[\\u00E6\\u01FD\\u01E3]","ao":"[\\uA735]","au":"[\\uA737]","av":"[\\uA739\\uA73B]","ay":"[\\uA73D]","b":"[\\u0062\\u24D1\\uFF42\\u1E03\\u1E05\\u1E07\\u0180\\u0183\\u0253]","c":"[\\u0063\\u24D2\\uFF43\\u0107\\u0109\\u010B\\u010D\\u00E7\\u1E09\\u0188\\u023C\\uA73F\\u2184]","d":"[\\u0064\\u24D3\\uFF44\\u1E0B\\u010F\\u1E0D\\u1E11\\u1E13\\u1E0F\\u0111\\u018C\\u0256\\u0257\\uA77A]","dz":"[\\u01F3\\u01C6]","e":"[\\u0065\\u24D4\\uFF45\\u00E8\\u00E9\\u00EA\\u1EC1\\u1EBF\\u1EC5\\u1EC3\\u1EBD\\u0113\\u1E15\\u1E17\\u0115\\u0117\\u00EB\\u1EBB\\u011B\\u0205\\u0207\\u1EB9\\u1EC7\\u0229\\u1E1D\\u0119\\u1E19\\u1E1B\\u0247\\u025B\\u01DD]","f":"[\\u0066\\u24D5\\uFF46\\u1E1F\\u0192\\uA77C]","g":"[\\u0067\\u24D6\\uFF47\\u01F5\\u011D\\u1E21\\u011F\\u0121\\u01E7\\u0123\\u01E5\\u0260\\uA7A1\\u1D79\\uA77F]","h":"[\\u0068\\u24D7\\uFF48\\u0125\\u1E23\\u1E27\\u021F\\u1E25\\u1E29\\u1E2B\\u1E96\\u0127\\u2C68\\u2C76\\u0265]","hv":"[\\u0195]","i":"[\\u0069\\u24D8\\uFF49\\u00EC\\u00ED\\u00EE\\u0129\\u012B\\u012D\\u00EF\\u1E2F\\u1EC9\\u01D0\\u0209\\u020B\\u1ECB\\u012F\\u1E2D\\u0268\\u0131]","j":"[\\u006A\\u24D9\\uFF4A\\u0135\\u01F0\\u0249]","k":"[\\u006B\\u24DA\\uFF4B\\u1E31\\u01E9\\u1E33\\u0137\\u1E35\\u0199\\u2C6A\\uA741\\uA743\\uA745\\uA7A3]","l":"[\\u006C\\u24DB\\uFF4C\\u0140\\u013A\\u013E\\u1E37\\u1E39\\u013C\\u1E3D\\u1E3B\\u017F\\u0142\\u019A\\u026B\\u2C61\\uA749\\uA781\\uA747]","lj":"[\\u01C9]","m":"[\\u006D\\u24DC\\uFF4D\\u1E3F\\u1E41\\u1E43\\u0271\\u026F]","n":"[\\u006E\\u24DD\\uFF4E\\u01F9\\u0144\\u00F1\\u1E45\\u0148\\u1E47\\u0146\\u1E4B\\u1E49\\u019E\\u0272\\u0149\\uA791\\uA7A5]","nj":"[\\u01CC]","o":"[\\u006F\\u24DE\\uFF4F\\u00F2\\u00F3\\u00F4\\u1ED3\\u1ED1\\u1ED7\\u1ED5\\u00F5\\u1E4D\\u022D\\u1E4F\\u014D\\u1E51\\u1E53\\u014F\\u022F\\u0231\\u00F6\\u022B\\u1ECF\\u0151\\u01D2\\u020D\\u020F\\u01A1\\u1EDD\\u1EDB\\u1EE1\\u1EDF\\u1EE3\\u1ECD\\u1ED9\\u01EB\\u01ED\\u00F8\\u01FF\\u0254\\uA74B\\uA74D\\u0275]","oi":"[\\u01A3]","ou":"[\\u0223]","oo":"[\\uA74F]","p":"[\\u0070\\u24DF\\uFF50\\u1E55\\u1E57\\u01A5\\u1D7D\\uA751\\uA753\\uA755]","q":"[\\u0071\\u24E0\\uFF51\\u024B\\uA757\\uA759]","r":"[\\u0072\\u24E1\\uFF52\\u0155\\u1E59\\u0159\\u0211\\u0213\\u1E5B\\u1E5D\\u0157\\u1E5F\\u024D\\u027D\\uA75B\\uA7A7\\uA783]","s":"[\\u0073\\u24E2\\uFF53\\u015B\\u1E65\\u015D\\u1E61\\u0161\\u1E67\\u1E63\\u1E69\\u0219\\u015F\\u023F\\uA7A9\\uA785\\u1E9B]","ss":"[\\u00DF]","t":"[\\u0074\\u24E3\\uFF54\\u1E6B\\u1E97\\u0165\\u1E6D\\u021B\\u0163\\u1E71\\u1E6F\\u0167\\u01AD\\u0288\\u2C66\\uA787]","tz":"[\\uA729]","u":"[\\u0075\\u24E4\\uFF55\\u00F9\\u00FA\\u00FB\\u0169\\u1E79\\u016B\\u1E7B\\u016D\\u00FC\\u01DC\\u01D8\\u01D6\\u01DA\\u1EE7\\u016F\\u0171\\u01D4\\u0215\\u0217\\u01B0\\u1EEB\\u1EE9\\u1EEF\\u1EED\\u1EF1\\u1EE5\\u1E73\\u0173\\u1E77\\u1E75\\u0289]","v":"[\\u0076\\u24E5\\uFF56\\u1E7D\\u1E7F\\u028B\\uA75F\\u028C]","vy":"[\\uA761]","w":"[\\u0077\\u24E6\\uFF57\\u1E81\\u1E83\\u0175\\u1E87\\u1E85\\u1E98\\u1E89\\u2C73]","x":"[\\u0078\\u24E7\\uFF58\\u1E8B\\u1E8D]","y":"[\\u0079\\u24E8\\uFF59\\u1EF3\\u00FD\\u0177\\u1EF9\\u0233\\u1E8F\\u00FF\\u1EF7\\u1E99\\u1EF5\\u01B4\\u024F\\u1EFF]","z":"[\\u007A\\u24E9\\uFF5A\\u017A\\u1E91\\u017C\\u017E\\u1E93\\u1E95\\u01B6\\u0225\\u0240\\u2C6C\\uA763]"},"researchesTests":["contentHasTOC","contentHasShortParagraphs","contentHasAssets","keywordInTitle","keywordInMetaDescription","keywordInPermalink","keywordIn10Percent","keywordInContent","keywordInSubheadings","keywordInImageAlt","keywordDensity","keywordNotUsed","lengthContent","lengthPermalink","linksHasInternal","linksHasExternals","linksNotAllExternals","titleStartWithKeyword","titleSentiment","titleHasPowerWords","titleHasNumber","hasContentAI"],"hasRedirection":true,"hasBreadcrumb":true},"homeUrl":"https:\/\/kronika-futbolu.pl\/historia","objectID":9636,"objectType":"post","locale":"pl","localeFull":"pl_PL","overlayImages":{"play":{"name":"Ikona PLAY","url":"https:\/\/kronika-futbolu.pl\/historia\/wp-content\/plugins\/seo-by-rank-math\/assets\/admin\/img\/icon-play.png","path":"\/home\/klient.dhosting.pl\/netpositive\/kronika-futbolu.pl\/public_html\/historia\/wp-content\/plugins\/seo-by-rank-math\/assets\/admin\/img\/icon-play.png","position":"middle_center"},"gif":{"name":"Ikona GIF","url":"https:\/\/kronika-futbolu.pl\/historia\/wp-content\/plugins\/seo-by-rank-math\/assets\/admin\/img\/icon-gif.png","path":"\/home\/klient.dhosting.pl\/netpositive\/kronika-futbolu.pl\/public_html\/historia\/wp-content\/plugins\/seo-by-rank-math\/assets\/admin\/img\/icon-gif.png","position":"middle_center"}},"defautOgImage":"https:\/\/kronika-futbolu.pl\/historia\/wp-content\/plugins\/seo-by-rank-math\/assets\/admin\/img\/social-placeholder.jpg","customPermalinks":true,"isUserRegistered":true,"autoSuggestKeywords":true,"connectSiteUrl":"https:\/\/rankmath.com\/auth?site=https%3A%2F%2Fkronika-futbolu.pl%2Fhistoria&r=https%3A%2F%2Fkronika-futbolu.pl%2Fhistoria%2Fwp-json%2Fwp%2Fv2%2Fpages%2F9636%3Fnonce%3Dae4fa37cbb&pro=1","maxTags":100,"trendsIcon":"<svg viewBox=\"0 0 610 610\"><path d=\"M18.85,446,174.32,290.48l58.08,58.08L76.93,504a14.54,14.54,0,0,1-20.55,0L18.83,466.48a14.54,14.54,0,0,1,0-20.55Z\" style=\"fill:#4285f4\"\/><path d=\"M242.65,242.66,377.59,377.6l-47.75,47.75a14.54,14.54,0,0,1-20.55,0L174.37,290.43l47.75-47.75A14.52,14.52,0,0,1,242.65,242.66Z\" style=\"fill:#ea4335\"\/><polygon points=\"319.53 319.53 479.26 159.8 537.34 217.88 377.61 377.62 319.53 319.53\" style=\"fill:#fabb05\"\/><path d=\"M594.26,262.73V118.61h0a16.94,16.94,0,0,0-16.94-16.94H433.2a16.94,16.94,0,0,0-12,28.92L565.34,274.71h0a16.94,16.94,0,0,0,28.92-12Z\" style=\"fill:#34a853\"\/><rect width=\"610\" height=\"610\" style=\"fill:none\"\/><\/svg>","showScore":true,"siteFavIcon":"data:image\/png;base64,iVBORw0KGgoAAAANSUhEUgAAABAAAAAQCAYAAAAf8\/9hAAABs0lEQVR4AWL4\/\/8\/RRjO8Iucx+noO0MWUDo16FYABMGP6ZfUcRnWtm27jVPbtm3bttuH2t3eFPcY9pLz7NxiLjCyVd87pKnHyqXyxtCs8APd0rnyxiu4qSeA3QEDrAwBDrT1s1Rc\/OrjLZwqVmOSu6+Lamcpp2KKMA9PH1BYXMe1mUP5qotvXTywsOEEYHXxrY+3cqk6TMkYpNr2FeoY3KIr0RPtn9wQ2unlA+GMkRw6+9TFw4YTwDUzx\/JVvARj9KaedXRO8P5B1Du2S32smzqUrcKGEyA+uAgQjKX7zf0boWHGfn71jIKj2689gxp7OAGShNcBUmLMPVjZuiKcA2vuWHHDCQxMCz629kXAIU4ApY15QwggAFbfOP9DhgBJ+nWVJ1AZAfICAj1pAlY6hCADZnveQf7bQIwzVONGJonhLIlS9gr5mFg44Xd+4S3XHoGNPdJl1INIwKyEgHckEhgTe1bGiFY9GSFBYUwLh1IkiJUbY407E7syBSFxKTszEoiE\/YdrgCEayDmtaJwCI9uu8TKMuZSVfSa4BpGgzvomBR\/INhLGzrqDotp01ZR8pn\/1L0JN9d9XNyx0AAAAAElFTkSuQmCC","canUser":{"general":false,"advanced":false,"snippet":false,"social":false,"analysis":false,"analytics":false,"content_ai":false},"showKeywordIntent":true,"isPro":true,"is_front_page":false,"trendsUpgradeLink":"https:\/\/rankmath.com\/pricing\/?utm_source=Plugin&utm_medium=CE%20General%20Tab%20Trends&utm_campaign=WP","trendsUpgradeLabel":"Ulepszenie","trendsPreviewImage":"https:\/\/kronika-futbolu.pl\/historia\/wp-content\/plugins\/seo-by-rank-math\/assets\/admin\/img\/trends-preview.jpg","currentEditor":false,"homepageData":{"assessor":{"powerWords":[],"diacritics":true,"researchesTests":["contentHasTOC","contentHasShortParagraphs","contentHasAssets","keywordInTitle","keywordInMetaDescription","keywordInPermalink","keywordIn10Percent","keywordInContent","keywordInSubheadings","keywordInImageAlt","keywordDensity","keywordNotUsed","lengthContent","lengthPermalink","linksHasInternal","linksHasExternals","linksNotAllExternals","titleStartWithKeyword","titleSentiment","titleHasPowerWords","titleHasNumber","hasContentAI"],"hasBreadcrumb":true,"serpData":{"title":"%sitename% %page% %sep% %sitedesc%","description":"","titleTemplate":"%sitename% %page% %sep% %sitedesc%","descriptionTemplate":"","focusKeywords":"","breadcrumbTitle":"Dom","robots":{"index":true},"advancedRobots":[],"facebookTitle":"","facebookDescription":"","facebookImage":"","facebookImageID":""}}},"searchIntents":[],"isAnalyticsConnected":false,"tocTitle":"Spis tre\u015bci","tocExcludeHeadings":[],"listStyle":"ul"},"_links":{"self":[{"href":"https:\/\/kronika-futbolu.pl\/historia\/wp-json\/wp\/v2\/pages\/9636","targetHints":{"allow":["GET"]}}],"collection":[{"href":"https:\/\/kronika-futbolu.pl\/historia\/wp-json\/wp\/v2\/pages"}],"about":[{"href":"https:\/\/kronika-futbolu.pl\/historia\/wp-json\/wp\/v2\/types\/page"}],"author":[{"embeddable":true,"href":"https:\/\/kronika-futbolu.pl\/historia\/wp-json\/wp\/v2\/users\/3"}],"replies":[{"embeddable":true,"href":"https:\/\/kronika-futbolu.pl\/historia\/wp-json\/wp\/v2\/comments?post=9636"}],"version-history":[{"count":5,"href":"https:\/\/kronika-futbolu.pl\/historia\/wp-json\/wp\/v2\/pages\/9636\/revisions"}],"predecessor-version":[{"id":12797,"href":"https:\/\/kronika-futbolu.pl\/historia\/wp-json\/wp\/v2\/pages\/9636\/revisions\/12797"}],"wp:featuredmedia":[{"embeddable":true,"href":"https:\/\/kronika-futbolu.pl\/historia\/wp-json\/wp\/v2\/media\/9647"}],"wp:attachment":[{"href":"https:\/\/kronika-futbolu.pl\/historia\/wp-json\/wp\/v2\/media?parent=9636"}],"curies":[{"name":"wp","href":"https:\/\/api.w.org\/{rel}","templated":true}]}}