{"id":9684,"date":"2020-11-30T18:38:17","date_gmt":"2020-11-30T17:38:17","guid":{"rendered":"https:\/\/kronika-futbolu.pl\/historia\/?page_id=9684"},"modified":"2022-10-13T11:11:15","modified_gmt":"2022-10-13T09:11:15","slug":"polska-hiszpania-w-pilce-noznej-wyniki-meczow","status":"publish","type":"page","link":"https:\/\/kronika-futbolu.pl\/historia\/polska-hiszpania-w-pilce-noznej-wyniki-meczow\/","title":{"rendered":"Polska-Hiszpania w pi\u0142ce no\u017cnej wyniki mecz\u00f3w"},"content":{"rendered":"<div id=\"ez-toc-container\" class=\"ez-toc-v2_0_75 counter-hierarchy ez-toc-counter ez-toc-grey ez-toc-container-direction\">\n<div class=\"ez-toc-title-container\">\n<p class=\"ez-toc-title\" style=\"cursor:inherit\">Table of Contents<\/p>\n<span class=\"ez-toc-title-toggle\"><a href=\"#\" class=\"ez-toc-pull-right ez-toc-btn ez-toc-btn-xs ez-toc-btn-default ez-toc-toggle\" aria-label=\"Toggle Table of Content\"><span class=\"ez-toc-js-icon-con\"><span class=\"\"><span class=\"eztoc-hide\" style=\"display:none;\">Toggle<\/span><span class=\"ez-toc-icon-toggle-span\"><svg style=\"fill: #999;color:#999\" xmlns=\"http:\/\/www.w3.org\/2000\/svg\" class=\"list-377408\" width=\"20px\" height=\"20px\" viewBox=\"0 0 24 24\" fill=\"none\"><path d=\"M6 6H4v2h2V6zm14 0H8v2h12V6zM4 11h2v2H4v-2zm16 0H8v2h12v-2zM4 16h2v2H4v-2zm16 0H8v2h12v-2z\" fill=\"currentColor\"><\/path><\/svg><svg style=\"fill: #999;color:#999\" class=\"arrow-unsorted-368013\" xmlns=\"http:\/\/www.w3.org\/2000\/svg\" width=\"10px\" height=\"10px\" viewBox=\"0 0 24 24\" version=\"1.2\" baseProfile=\"tiny\"><path d=\"M18.2 9.3l-6.2-6.3-6.2 6.3c-.2.2-.3.4-.3.7s.1.5.3.7c.2.2.4.3.7.3h11c.3 0 .5-.1.7-.3.2-.2.3-.5.3-.7s-.1-.5-.3-.7zM5.8 14.7l6.2 6.3 6.2-6.3c.2-.2.3-.5.3-.7s-.1-.5-.3-.7c-.2-.2-.4-.3-.7-.3h-11c-.3 0-.5.1-.7.3-.2.2-.3.5-.3.7s.1.5.3.7z\"\/><\/svg><\/span><\/span><\/span><\/a><\/span><\/div>\n<nav><ul class='ez-toc-list ez-toc-list-level-1 ' ><li class='ez-toc-page-1 ez-toc-heading-level-2'><a class=\"ez-toc-link ez-toc-heading-1\" href=\"https:\/\/kronika-futbolu.pl\/historia\/polska-hiszpania-w-pilce-noznej-wyniki-meczow\/#Bilans_meczow_Polska-Hiszpania_kursy_bukmacherskie\" >Bilans mecz\u00f3w Polska-Hiszpania, kursy bukmacherskie<\/a><\/li><li class='ez-toc-page-1 ez-toc-heading-level-2'><a class=\"ez-toc-link ez-toc-heading-2\" href=\"https:\/\/kronika-futbolu.pl\/historia\/polska-hiszpania-w-pilce-noznej-wyniki-meczow\/#%E2%80%8BTabela_rozgrywek\" >\u200bTabela rozgrywek<\/a><\/li><li class='ez-toc-page-1 ez-toc-heading-level-2'><a class=\"ez-toc-link ez-toc-heading-3\" href=\"https:\/\/kronika-futbolu.pl\/historia\/polska-hiszpania-w-pilce-noznej-wyniki-meczow\/#i\" >\u00a0<\/a><\/li><li class='ez-toc-page-1 ez-toc-heading-level-2'><a class=\"ez-toc-link ez-toc-heading-4\" href=\"https:\/\/kronika-futbolu.pl\/historia\/polska-hiszpania-w-pilce-noznej-wyniki-meczow\/#11_Mecz_Hiszpania-_Polska_1_1_19_czerwca_2021_r\" >11. Mecz Hiszpania- Polska 1:1 (19 czerwca 2021 r.)<\/a><\/li><li class='ez-toc-page-1 ez-toc-heading-level-2'><a class=\"ez-toc-link ez-toc-heading-5\" href=\"https:\/\/kronika-futbolu.pl\/historia\/polska-hiszpania-w-pilce-noznej-wyniki-meczow\/#10_Mecz_Hiszpania-_Polska_6_0_8_czerwca_2010_r\" >10. Mecz Hiszpania- Polska 6:0 (8 czerwca 2010 r.)<\/a><\/li><li class='ez-toc-page-1 ez-toc-heading-level-2'><a class=\"ez-toc-link ez-toc-heading-6\" href=\"https:\/\/kronika-futbolu.pl\/historia\/polska-hiszpania-w-pilce-noznej-wyniki-meczow\/#9_Mecz_Hiszpania_%E2%80%93_Polska_3_0_26_stycznia_2000_r\" >9. Mecz Hiszpania &#8211; Polska 3:0 (26 stycznia 2000 r.)<\/a><\/li><li class='ez-toc-page-1 ez-toc-heading-level-2'><a class=\"ez-toc-link ez-toc-heading-7\" href=\"https:\/\/kronika-futbolu.pl\/historia\/polska-hiszpania-w-pilce-noznej-wyniki-meczow\/#8_Mecz_Polska_%E2%80%93_Hiszpania_1_2_18_sierpnia_1999_r\" >8. Mecz Polska &#8211; Hiszpania 1:2 (18 sierpnia 1999 r.)<\/a><\/li><li class='ez-toc-page-1 ez-toc-heading-level-2'><a class=\"ez-toc-link ez-toc-heading-8\" href=\"https:\/\/kronika-futbolu.pl\/historia\/polska-hiszpania-w-pilce-noznej-wyniki-meczow\/#7_Mecz_Hiszpania-_Polska_1_1_9_lutego_1994_r\" >7. Mecz Hiszpania- Polska 1:1 (9 lutego 1994 r.)<\/a><\/li><li class='ez-toc-page-1 ez-toc-heading-level-2'><a class=\"ez-toc-link ez-toc-heading-9\" href=\"https:\/\/kronika-futbolu.pl\/historia\/polska-hiszpania-w-pilce-noznej-wyniki-meczow\/#6_Mecz_Hiszpania-_Polska_1_0_20_wrzesnia_1989_r\" >6. Mecz Hiszpania- Polska 1:0 (20 wrze\u015bnia 1989 r.)<\/a><\/li><li class='ez-toc-page-1 ez-toc-heading-level-2'><a class=\"ez-toc-link ez-toc-heading-10\" href=\"https:\/\/kronika-futbolu.pl\/historia\/polska-hiszpania-w-pilce-noznej-wyniki-meczow\/#5_Mecz_Hiszpania-_Polska_3_0_26_marca_1986_r\" >5. Mecz Hiszpania- Polska 3:0 (26 marca 1986 r.)<\/a><\/li><li class='ez-toc-page-1 ez-toc-heading-level-2'><a class=\"ez-toc-link ez-toc-heading-11\" href=\"https:\/\/kronika-futbolu.pl\/historia\/polska-hiszpania-w-pilce-noznej-wyniki-meczow\/#4_Mecz_Polska_%E2%80%93_Hiszpania_2_3_18_listopada_1981_r\" >4. Mecz Polska &#8211; Hiszpania 2:3 (18\u00a0 listopada 1981 r.)<\/a><\/li><li class='ez-toc-page-1 ez-toc-heading-level-2'><a class=\"ez-toc-link ez-toc-heading-12\" href=\"https:\/\/kronika-futbolu.pl\/historia\/polska-hiszpania-w-pilce-noznej-wyniki-meczow\/#3_Mecz_Hiszpania-_Polska_1_2_12_listopada_1980_r\" >3. Mecz Hiszpania- Polska 1:2 (12 listopada 1980 r.)<\/a><\/li><li class='ez-toc-page-1 ez-toc-heading-level-2'><a class=\"ez-toc-link ez-toc-heading-13\" href=\"https:\/\/kronika-futbolu.pl\/historia\/polska-hiszpania-w-pilce-noznej-wyniki-meczow\/#2_Mecz_Hiszpania-_Polska_3_0_14_pazdziernika_1959_r\" >2. Mecz Hiszpania- Polska 3:0 (14 pa\u017adziernika 1959 r.)<\/a><\/li><li class='ez-toc-page-1 ez-toc-heading-level-2'><a class=\"ez-toc-link ez-toc-heading-14\" href=\"https:\/\/kronika-futbolu.pl\/historia\/polska-hiszpania-w-pilce-noznej-wyniki-meczow\/#1_Mecz_Polska_%E2%80%93_Hiszpania_2_4_28_czerwca_1959_r\" >1. Mecz Polska &#8211; Hiszpania 2:4 (28 czerwca 1959 r.)<\/a><\/li><li class='ez-toc-page-1 ez-toc-heading-level-2'><a class=\"ez-toc-link ez-toc-heading-15\" href=\"https:\/\/kronika-futbolu.pl\/historia\/polska-hiszpania-w-pilce-noznej-wyniki-meczow\/#_Przezyjmy_to_jeszcze_raz_%E2%80%93_galeria_zdjec_z_meczy_Polska_%E2%80%93_Hiszpania\" >? Prze\u017cyjmy to jeszcze raz &#8211; galeria zdj\u0119\u0107 z meczy Polska &#8211; Hiszpania<\/a><\/li><\/ul><\/nav><\/div>\n<h2><span class=\"ez-toc-section\" id=\"Bilans_meczow_Polska-Hiszpania_kursy_bukmacherskie\"><\/span>Bilans mecz\u00f3w Polska-Hiszpania, kursy bukmacherskie<span class=\"ez-toc-section-end\"><\/span><\/h2>\n<p><img loading=\"lazy\" decoding=\"async\" class=\"wp-image-2233  alignleft\" src=\"https:\/\/kronika-futbolu.pl\/historia\/wp-content\/uploads\/2015\/11\/hiszpania-logo.jpg\" alt=\"\" width=\"294\" height=\"336\" \/><\/p>\n<p>Na 11 rozegranych dotychczas spotka\u0144 z Hiszpani\u0105 a\u017c 8 by\u0142y grami towarzyskimi. Tylko raz lepsi byli &#8222;Bia\u0142o-Czerwoni&#8221; . By\u0142o to w 1980 roku, w dodatku w Barcelonie.<\/p>\n<p>Dwa razy pad\u0142 tylko remis. Bilans bramkowy jest zdecydowanie po stronie reprezentacji z P\u00f3\u0142wyspu Iberyjskiego kt\u00f3rzy strzelili nam 28 goli, trac\u0105c 9.<\/p>\n<p>&nbsp;<\/p>\n<p>&nbsp;<\/p>\n<hr \/>\n<p><strong>Spis tre\u015bci:<\/strong><\/p>\n<p>&nbsp;<\/p>\n<ol reversed=\"\">\n<li><a href=\"#mecz-14-06-2021\">Mecz Hiszpania-Polska (2021.06.19) \u2193<\/a><\/li>\n<li><a href=\"#mecz-08-06-2010\">Mecz Hiszpania-Polska (2010.06.08) \u2193<\/a><\/li>\n<li><a href=\"#mecz-26-01-2000\">Mecz Hiszpania-Polska (2000.01.26)<\/a><\/li>\n<li><a href=\"#mecz-18-08-1999\">Mecz Polska-Hiszpania (1999.08.18) \u2193<\/a><\/li>\n<li><a href=\"#mecz-09-02-1994\">Mecz Hiszpania-Polska(1994.02.09) \u2193<\/a><\/li>\n<li><a href=\"#mecz-20-09-1989\">Mecz Hiszpania-Polska(1989.09.20) \u2193<\/a><\/li>\n<li><a href=\"#mecz-26-03-1986\">Mecz Hiszpania-Polska (1986.03.26) \u2193<\/a><\/li>\n<li><a href=\"#mecz-18-11-1981\">Mecz Polska-Hiszpania (1981.11.18) \u2193<\/a><\/li>\n<li><a href=\"#mecz-12-11-1980\">Mecz Hiszpania-Polska\u00a0 (1980.11.12) \u2193<\/a><\/li>\n<li><a href=\"#mecz-14-10-1959\">Mecz Hiszpania-Polska (1959.10.14) \u2193<\/a><\/li>\n<li><a href=\"#mecz-28-06-1959\">Mecz Polska-Hiszpania (1959.06.28) \u2193<\/a><\/li>\n<\/ol>\n<h2><span class=\"ez-toc-section\" id=\"%E2%80%8BTabela_rozgrywek\"><\/span>\u200bTabela rozgrywek<span class=\"ez-toc-section-end\"><\/span><\/h2>\n\r\n\t\t\t<span class=\"rivals\">\r\n\t\t\t\t<strong>Inne mecze reprezentacji<\/strong>\r\n\t\t\t\t<select onchange=\"self.location.href=this.value\">\r\n\t\t\t\t\t<option value=\"#\">Wybierz rywala<\/option>\r\n\t\t\t\t\t<option value=\"\/historia\/reprezentacja-polski-mecze\/\">Wszystkie mecze<\/option>\r\n\t\t\t\t\t<option value=\"\/historia\/polska-albania-w-pilce-noznej-wyniki-meczow\/\">Albania<\/option>\r\n\t\t\t\t\t<option value=\"\/historia\/polska-andora-w-pilce-noznej-wyniki-meczow\/\">Andora<\/option>\r\n\t\t\t\t\t<option value=\"\/historia\/polska-anglia-w-pilce-noznej-wyniki-meczow\/\">Anglia<\/option>\r\n\t\t\t\t\t<option value=\"\/historia\/polska-arabia-saudyjska-w-pilce-noznej-wyniki-meczow\/\">Arabia Saudyjska<\/option>\r\n\t\t\t\t\t<option value=\"\/historia\/polska-argentyna-w-pilce-noznej-wyniki-meczow\/\">Argentyna<\/option>\r\n\t\t\t\t\t<option value=\"\/historia\/polska-austria-w-pilce-noznej-wyniki-meczow\/\">Austria<\/option>\r\n\t\t\t\t\t<option value=\"\/historia\/polska-belgia-w-pilce-noznej-wyniki-meczow\/\">Belgia<\/option>\r\n\t\t\t\t\t<option value=\"\/historia\/polska-brazylia-w-pilce-noznej-wyniki-meczow\/\">Brazylia<\/option>\r\n\t\t\t\t\t<option value=\"\/historia\/polska-chile-w-pilce-noznej-wyniki-meczow\/\">Chile<\/option>\r\n\t\t\t\t\t<option value=\"\/historia\/polska-chorwacja-w-pilce-noznej-wyniki-meczow\/\">Chorwacja<\/option>\r\n\t\t\t\t\t<option value=\"\/historia\/historia-i-bilans-meczow-polska-czarnogora\/\">Czarnog\u00f3ra<\/option>\r\n\t\t\t\t\t<option value=\"\/historia\/polska-czechy-w-pilce-noznej-wyniki-meczow\/\">Czechy<\/option>\r\n\t\t\t\t\t<option value=\"\/historia\/historia-i-bilans-meczow-polska-dania-w-pilce-noznej\/\">Dania<\/option>\r\n\t\t\t\t\t<option value=\"\/historia\/polska-estonia-w-pilce-noznej-wyniki-meczow\/\">Estonia<\/option>\r\n\t\t\t\t\t<option value=\"\/historia\/bilans-meczow-polska-francja-kursy-bukmacherskie\/\">Francja<\/option>\r\n\t\t\t\t\t<option value=\"\/historia\/polska-grecja-w-pilce-noznej-wyniki-meczow\/\">Grecja<\/option>\r\n\t\t\t\t\t<option value=\"\/historia\/polska-gruzja-w-pilce-noznej-wyniki-meczow\/\">Gruzja<\/option>\r\n\t\t\t\t\t<option value=\"\/historia\/polska-hiszpania-w-pilce-noznej-wyniki-meczow\/\">Hiszpania<\/option>\r\n\t\t\t\t\t<option value=\"\/historia\/polska-holandia-w-pilce-noznej-wyniki-meczow\/\">Holandia<\/option>\r\n\t\t\t\t\t<option value=\"\/historia\/historia-i-bilans-meczow-polska-irlandia\/\">Irlandia<\/option>\r\n\t\t\t\t\t<option value=\"\/historia\/polska-irlandia-polnocna-w-pilce-noznej-wyniki-meczow\/\">Irlandia P\u00f3\u0142nocna<\/option>\r\n\t\t\t\t\t<option value=\"\/historia\/polska-islandia-w-pilce-noznej-wyniki-meczow\/\">Islandia<\/option>\r\n\t\t\t\t\t<option value=\"\/historia\/historia-i-bilans-meczow-polska-japonia\/\">Japonia<\/option>\r\n\t\t\t\t\t<option value=\"\/historia\/historia-i-bilans-meczow-polska-kazachstan\/\">Kazachstan<\/option>\r\n\t\t\t\t\t<option value=\"\/historia\/historia-i-bilans-meczow-polska-kolumbia\/\">Kolumbia<\/option>\r\n\t\t\t\t\t<option value=\"\/historia\/historia-i-bilans-meczow-polska-korea-poludniowa-w-pilce-noznej\/\">Korea Po\u0142udniowa<\/option>\r\n\t\t\t\t\t<option value=\"\/historia\/polska-liechtenstein-w-pilce-noznej-wyniki-meczow\/\">Liechtenstein<\/option>\r\n\t\t\t\t\t<option value=\"\/historia\/historia-i-bilans-meczow-polska-litwa\/\">Litwa<\/option>\r\n\t\t\t\t\t<option value=\"\/historia\/polska-lotwa-w-pilce-noznej-wyniki-meczow\/\">\u0141otwa<\/option>\r\n\t\t\t\t\t<option value=\"\/historia\/polska-meksyk-w-pilce-noznej-wyniki-meczow\/\">Meksyk<\/option>\r\n\t\t\t\t\t<option value=\"\/historia\/polska-moldawia-w-pilce-noznej-wyniki-meczow\/\">Mo\u0142dawia<\/option>\r\n\t\t\t\t\t<option value=\"\/historia\/polska-niemcy-w-pilce-noznej-wyniki-meczow\/\">Niemcy<\/option>\r\n\t\t\t\t\t<option value=\"\/historia\/historia-i-bilans-meczow-polska-nigeria\/\">Nigeria<\/option>\r\n\t\t\t\t\t<option value=\"\/historia\/polska-norwegia-w-pilce-noznej-wyniki-meczow\/\">Norwegia<\/option>\r\n\t\t\t\t\t<option value=\"\/historia\/polska-nowa-zelandia-w-pilce-noznej-wyniki-meczow\/\">Nowa Zelandia<\/option>\r\n\t\t\t\t\t<option value=\"\/historia\/polska-portugalia-w-pilce-noznej-wyniki-meczow\/\">Portugalia<\/option>\r\n\t\t\t\t\t<option value=\"\/historia\/polska-rosja-w-pilce-noznej-wyniki-meczow\/\">Rosja<\/option>\r\n\t\t\t\t\t<option value=\"\/historia\/historia-i-bilans-meczow-polska-rumunia\/\">Rumunia<\/option>\r\n\t\t\t\t\t<option value=\"\/historia\/polska-san-marino-w-pilce-noznej-wyniki-meczow\/\">San Marino<\/option>\r\n\t\t\t\t\t<option value=\"\/historia\/historia-i-bilans-meczow-polska-senegal\/\">Senegal<\/option>\r\n\t\t\t\t\t<option value=\"\/historia\/polska-slowacja-w-pilce-noznej-wyniki-meczow\/\">S\u0142owacja<\/option>\r\n\t\t\t\t\t<option value=\"\/historia\/polska-slowenia-w-pilce-noznej-wyniki-meczow\/\">S\u0142owenia<\/option>\r\n\t\t\t\t\t<option value=\"\/historia\/polska-szkocja-w-pilce-noznej-wyniki-meczow\/\">Szkocja<\/option>\r\n\t\t\t\t\t<option value=\"\/historia\/polska-szwajcaria-w-pilce-noznej-wyniki-meczow\/\">Szwajcaria<\/option>\r\n\t\t\t\t\t<option value=\"\/historia\/polska-szwecja-w-pilce-noznej-wyniki-meczow\/\">Szwecja<\/option>\r\n\t\t\t\t\t<option value=\"\/historia\/polska-turcja-w-pilce-noznej-wyniki-meczow\/\">Turcja<\/option>\r\n\t\t\t\t\t<option value=\"\/historia\/polska-ukraina-w-pilce-noznej-wyniki-meczow\/\">Ukraina<\/option>\r\n\t\t\t\t\t<option value=\"\/historia\/historia-i-bilans-meczow-polska-urugwaj\/\">Urugwaj<\/option>\r\n\t\t\t\t\t<option value=\"\/historia\/polska-walia-w-pilce-noznej-wyniki-meczow\/\">Walia<\/option>\r\n\t\t\t\t\t<option value=\"\/historia\/polska-wegry-w-pilce-noznej-wyniki-meczow\/\">W\u0119gry<\/option>\r\n\t\t\t\t\t<option value=\"\/historia\/historia-i-bilans-meczow-polska-wlochy-w-pilce-noznej\/\">W\u0142ochy<\/option>\r\n\t\t\t\t\t<option value=\"\/historia\/polska-wyspy-owcze-w-pilce-noznej-wyniki-meczow\/\">Wyspy Owcze<\/option>\r\n\t\t\t\t<\/select>\r\n\t\t\t<\/span>\r\n\t\t\n<table style=\"width: 100%; height: 271px;\">\n<thead>\n<tr style=\"height: 45px;\">\n<th style=\"width: 0.484848%; text-align: center; height: 45px;\">Lp.<\/th>\n<th style=\"width: 10.303%; height: 45px;\">Data meczu<\/th>\n<th style=\"width: 12.8485%; height: 45px;\">Miejsce<\/th>\n<th style=\"width: 16.9696%; height: 45px;\">Mecz<\/th>\n<th style=\"text-align: center; width: 6.06063%; height: 45px;\">Strzelone bramki<\/th>\n<th style=\"text-align: center; width: 12%; height: 45px;\">Strzelone bramki<\/th>\n<th style=\"text-align: center; width: 14.7879%; height: 45px;\">Rodzaj rozgrywek<\/th>\n<th style=\"width: 11.3939%; height: 45px;\">Trener<\/th>\n<\/tr>\n<\/thead>\n<tbody>\n<tr style=\"height: 21px;\">\n<td style=\"width: 0.484848%; text-align: center; height: 21px;\">11<\/td>\n<td style=\"width: 10.303%; height: 21px;\">2021.06.19 (sobota)<\/td>\n<td style=\"width: 12.8485%; height: 21px;\">Sewilla<\/td>\n<td style=\"width: 16.9696%; height: 21px;\">Hiszpania-Polska<\/td>\n<td style=\"text-align: center; width: 6.06063%; height: 21px;\">[es] 1<\/td>\n<td style=\"text-align: center; width: 12%; height: 21px;\">[pl] 1<\/td>\n<td style=\"text-align: center; width: 14.7879%; height: 21px;\">ME 2020+1<\/td>\n<td style=\"width: 11.3939%; height: 21px; text-align: center;\">Sousa<\/td>\n<\/tr>\n<tr style=\"height: 16px;\">\n<td style=\"width: 0.484848%; text-align: center; height: 16px;\">10.<\/td>\n<td style=\"width: 10.303%; height: 16px;\">2010.06.08 (wtorek)<\/td>\n<td style=\"width: 12.8485%; height: 16px;\">Murcia<\/td>\n<td style=\"width: 16.9696%; height: 16px;\">Hiszpania-Polska<\/td>\n<td style=\"text-align: center; width: 6.06063%; height: 16px;\">[es] 6<\/td>\n<td style=\"text-align: center; width: 12%; height: 16px;\">[pl] 0<\/td>\n<td style=\"text-align: center; width: 14.7879%; height: 16px;\">MT<\/td>\n<td style=\"width: 11.3939%; height: 16px; text-align: center;\">Smuda<\/td>\n<\/tr>\n<tr style=\"height: 21px;\">\n<td style=\"width: 0.484848%; text-align: center; height: 21px;\">9.<\/td>\n<td style=\"width: 10.303%; height: 21px;\">2000.01.26 (\u015broda)<\/td>\n<td style=\"width: 12.8485%; height: 21px;\">Cartagena<\/td>\n<td style=\"width: 16.9696%; height: 21px;\">Hiszpania- Polska<\/td>\n<td style=\"text-align: center; width: 6.06063%; height: 21px;\">[es] 3<\/td>\n<td style=\"text-align: center; width: 12%; height: 21px;\">[pl] 0<\/td>\n<td style=\"text-align: center; width: 14.7879%; height: 21px;\">MT<\/td>\n<td style=\"width: 11.3939%; height: 21px; text-align: center;\">Engel<\/td>\n<\/tr>\n<tr style=\"height: 21px;\">\n<td style=\"width: 0.484848%; text-align: center; height: 21px;\">8.<\/td>\n<td style=\"width: 10.303%; height: 21px;\">1999.08.18 (\u015broda)<\/td>\n<td style=\"width: 12.8485%; height: 21px;\">Warszawa<\/td>\n<td style=\"width: 16.9696%; height: 21px;\">Polska &#8211; Hiszpania<\/td>\n<td style=\"text-align: center; width: 6.06063%; height: 21px;\">[pl] 1<\/td>\n<td style=\"text-align: center; width: 12%; height: 21px;\">[es] 2<\/td>\n<td style=\"text-align: center; width: 14.7879%; height: 21px;\">MT<\/td>\n<td style=\"width: 11.3939%; height: 21px; text-align: center;\">W\u00f3jcik<\/td>\n<\/tr>\n<tr style=\"height: 21px;\">\n<td style=\"width: 0.484848%; text-align: center; height: 21px;\">7.<\/td>\n<td style=\"width: 10.303%; height: 21px;\">1994.02.09 (\u015broda)<\/td>\n<td style=\"width: 12.8485%; height: 21px;\">Santa Cruz de Tenerife<\/td>\n<td style=\"width: 16.9696%; height: 21px;\">Hiszpania- Polska<\/td>\n<td style=\"text-align: center; width: 6.06063%; height: 21px;\">\u00a0[es] 1<\/td>\n<td style=\"text-align: center; width: 12%; height: 21px;\">[pl] 1<\/td>\n<td style=\"text-align: center; width: 14.7879%; height: 21px;\">MT<\/td>\n<td style=\"width: 11.3939%; height: 21px; text-align: center;\">Apostel<\/td>\n<\/tr>\n<tr style=\"height: 21px;\">\n<td style=\"width: 0.484848%; text-align: center; height: 21px;\">6.<\/td>\n<td style=\"width: 10.303%; height: 21px;\">1989.09.20 (\u015broda)<\/td>\n<td style=\"width: 12.8485%; height: 21px;\">A Coru\u00f1a<\/td>\n<td style=\"width: 16.9696%; height: 21px;\">Hiszpania- Polska<\/td>\n<td style=\"text-align: center; width: 6.06063%; height: 21px;\">[es] 1<\/td>\n<td style=\"text-align: center; width: 12%; height: 21px;\">[pl] 0<\/td>\n<td style=\"text-align: center; width: 14.7879%; height: 21px;\">MT<\/td>\n<td style=\"width: 11.3939%; height: 21px; text-align: center;\">Strejlau<\/td>\n<\/tr>\n<tr style=\"height: 21px;\">\n<td style=\"width: 0.484848%; text-align: center; height: 21px;\">5.<\/td>\n<td style=\"width: 10.303%; height: 21px;\">1986.03.26 (\u015broda)<\/td>\n<td style=\"width: 12.8485%; height: 21px;\">C\u00e1diz<\/td>\n<td style=\"width: 16.9696%; height: 21px;\">Hiszpania- Polska<\/td>\n<td style=\"text-align: center; width: 6.06063%; height: 21px;\">[es] 3<\/td>\n<td style=\"text-align: center; width: 12%; height: 21px;\">[pl] 0<\/td>\n<td style=\"text-align: center; width: 14.7879%; height: 21px;\">MT<\/td>\n<td style=\"width: 11.3939%; height: 21px; text-align: center;\">Piechniczek<\/td>\n<\/tr>\n<tr style=\"height: 21px;\">\n<td style=\"width: 0.484848%; text-align: center; height: 21px;\">4.<\/td>\n<td style=\"width: 10.303%; height: 21px;\">1981.11.18 (\u015broda)<\/td>\n<td style=\"width: 12.8485%; height: 21px;\">\u0141\u00f3d\u017a<\/td>\n<td style=\"width: 16.9696%; height: 21px;\">Polska- Hiszpania<\/td>\n<td style=\"text-align: center; width: 6.06063%; height: 21px;\">[pl] 2<\/td>\n<td style=\"text-align: center; width: 12%; height: 21px;\">[es] 3<\/td>\n<td style=\"text-align: center; width: 14.7879%; height: 21px;\">MT<\/td>\n<td style=\"width: 11.3939%; height: 21px; text-align: center;\">Piechniczek<\/td>\n<\/tr>\n<tr style=\"height: 21px;\">\n<td style=\"width: 0.484848%; text-align: center; height: 21px;\">3.<\/td>\n<td style=\"width: 10.303%; height: 21px;\">1980.11.12 (\u015broda)<\/td>\n<td style=\"width: 12.8485%; height: 21px;\">Barcelona<\/td>\n<td style=\"width: 16.9696%; height: 21px;\">Hiszpania- Polska<\/td>\n<td style=\"text-align: center; width: 6.06063%; height: 21px;\">[es] 1<\/td>\n<td style=\"text-align: center; width: 12%; height: 21px;\">[pl] 2<\/td>\n<td style=\"text-align: center; width: 14.7879%; height: 21px;\">MT<\/td>\n<td style=\"width: 11.3939%; height: 21px; text-align: center;\">Kulesza<\/td>\n<\/tr>\n<tr style=\"height: 21px;\">\n<td style=\"width: 0.484848%; text-align: center; height: 21px;\">2.<\/td>\n<td style=\"width: 10.303%; height: 21px;\">1959.10.14 (\u015broda)<\/td>\n<td style=\"width: 12.8485%; height: 21px;\">Madryt<\/td>\n<td style=\"width: 16.9696%; height: 21px;\">Hiszpania- Polska<\/td>\n<td style=\"text-align: center; width: 6.06063%; height: 21px;\">[es] 3<\/td>\n<td style=\"text-align: center; width: 12%; height: 21px;\">[pl] 0<\/td>\n<td style=\"text-align: center; width: 14.7879%; height: 21px;\">EME 1960<\/td>\n<td style=\"width: 11.3939%; height: 21px; text-align: center;\">Krug\/ Prouff<\/td>\n<\/tr>\n<tr style=\"height: 21px;\">\n<td style=\"width: 0.484848%; text-align: center; height: 21px;\">1.<\/td>\n<td style=\"width: 10.303%; height: 21px;\">1959.06.28 (niedziela)<\/td>\n<td style=\"width: 12.8485%; height: 21px;\">Chorz\u00f3w<\/td>\n<td style=\"width: 16.9696%; height: 21px;\">Polska &#8211; Hiszpania<\/td>\n<td style=\"text-align: center; width: 6.06063%; height: 21px;\">[pl] 2<\/td>\n<td style=\"text-align: center; width: 12%; height: 21px;\">[es] 4<\/td>\n<td style=\"text-align: center; width: 14.7879%; height: 21px;\">EME 1960<\/td>\n<td style=\"width: 11.3939%; height: 21px; text-align: center;\">Fory\u015b\/ Krug<\/td>\n<\/tr>\n<\/tbody>\n<\/table>\n<p>&nbsp;<\/p>\n<h2 id=\"mecz-08-12-1984\"><span class=\"ez-toc-section\" id=\"i\"><\/span>\u00a0<span class=\"ez-toc-section-end\"><\/span><\/h2>\n<h2 id=\"mecz-08-07-1982\"><span class=\"ez-toc-section\" id=\"11_Mecz_Hiszpania-_Polska_1_1_19_czerwca_2021_r\"><\/span><a id=\"mecz-14-06-2021\"><\/a>11. Mecz Hiszpania- Polska 1:1 (19 czerwca 2021 r.)<span class=\"ez-toc-section-end\"><\/span><\/h2>\n<ul>\n<li><strong>Data meczu:<\/strong> 19.06.2021<\/li>\n<li><strong>Ranga meczu:<\/strong> Mistrzostwa Europy 2020<\/li>\n<li><strong>S\u0119dzia:<\/strong> Daniele Orsato &#8211; W\u0142ochy<\/li>\n<li><strong>Stadion:<\/strong> Estadio Ol\u00edmpico de Sevilla (La Cartuja), Sewilla<\/li>\n<li><strong>Trener:<\/strong> Paulo Sousa<\/li>\n<\/ul>\n<p><strong>\u26bd Strzelone bramki:<\/strong><\/p>\n<ul>\n<li>\u00c1lvaro Morata [es] 25&#8242;<\/li>\n<li>Robert Lewandowski [pl] 54&#8242;<\/li>\n<\/ul>\n<p><strong>? Sk\u0142ady:<\/strong><\/p>\n<table style=\"border-collapse: collapse; width: 100%;\">\n<thead>\n<tr>\n<th style=\"width: 50%;\">[es] Hiszpania:<\/th>\n<th style=\"width: 50%;\">[pl] Polska:<\/th>\n<\/tr>\n<\/thead>\n<tbody>\n<tr>\n<td style=\"width: 50%;\">\n<ul>\n<li><strong>Unai Sim\u00f3n<\/strong> -Athletic Club Bilbao<\/li>\n<li><strong>Jordi Alba<\/strong> kapitan -FC Barcelona<\/li>\n<li><strong>Aymeric Laporte<\/strong> -Manchester City<\/li>\n<li><strong>Pau Torres<\/strong> 81&#8242; [ycard] -Villarreal CF<\/li>\n<li><strong>Koke<\/strong> do 68&#8242; -Atl\u00e9tico Madryt<\/li>\n<li>od 68&#8242; <strong>Pablo Sarabia<\/strong> -Paris Saint-Germain FC<\/li>\n<li><strong>Marcos Llorente<\/strong> -Atl\u00e9tico Madryt<\/li>\n<li><strong>Daniel Olmo<\/strong> do 61&#8242; -RB Lipsk<\/li>\n<li>od 61&#8242; <strong>Ferran Torres<\/strong> -Manchester City<\/li>\n<li><strong>Rodri Hern\u00e1ndez<\/strong> 90+5&#8242; [ycard] -Manchester City<\/li>\n<li><strong>\u00c1lvaro Morata<\/strong> do 87&#8242; -Juventus FC<\/li>\n<li>od 87&#8242; <strong>Mikel Oyarzaba<\/strong>l -Real Sociedad<\/li>\n<li><strong>Gerard Moreno<\/strong> do 68&#8242; -Villarreal CF<\/li>\n<li>od 68&#8242; <strong>Fabi\u00e1n Ruiz<\/strong> -SSC Napoli<\/li>\n<li><strong>Pedri<\/strong> -FC Barcelona<\/li>\n<\/ul>\n<\/td>\n<td style=\"width: 50%;\">\n<ul>\n<li><strong>Wojciech Szcz\u0119sny<\/strong> -Juventus FC<\/li>\n<li><strong>Kamil Glik<\/strong> -Benevento Calcio<\/li>\n<li><strong>Bartosz Bereszy\u0144ski<\/strong> -UC Sampdoria<\/li>\n<li><strong>Jan Bednarek<\/strong> do 85&#8242; -Southampton FC<\/li>\n<li>od 85&#8242; <strong>Pawe\u0142 Dawidowicz<\/strong> -Hellas Verona<\/li>\n<li><strong>Tymoteusz Puchacz<\/strong> -Lech Pozna\u0144<\/li>\n<li><strong>Mateusz Klich<\/strong> 36&#8242; [ycard] do 55&#8242; -Leeds United<\/li>\n<li>od 55&#8242; <strong>Kacper Koz\u0142owski<\/strong> -Pogo\u0144 Szczecin<\/li>\n<li><strong>Piotr Zieli\u0144ski<\/strong> -SSC Napoli<\/li>\n<li><strong>Kamil J\u00f3\u017awiak<\/strong> 59&#8242; [ycard] -Derby County FC<\/li>\n<li><strong>Jakub Moder<\/strong> 57&#8242;[ycard] do 85&#8242; -Brighton &amp; Hove Albion FC<\/li>\n<li>od 85&#8242; <strong>Karol Linetty<\/strong> -Torino FC<\/li>\n<li><strong>Robert Lewandowski<\/strong> kapitan 90+3&#8242; [ycard] -Bayern Monachium<\/li>\n<li><strong>Karol \u015awiderski<\/strong> do 68&#8242; -PAOK Saloniki<\/li>\n<li>od 68&#8242; <strong>Przemys\u0142aw Frankowski<\/strong> -Chicago Fire<\/li>\n<\/ul>\n<\/td>\n<\/tr>\n<\/tbody>\n<\/table>\n<p><div id=\"attachment_11303\" style=\"width: 610px\" class=\"wp-caption aligncenter\"><img loading=\"lazy\" decoding=\"async\" aria-describedby=\"caption-attachment-11303\" class=\"wp-image-11303 size-medium\" src=\"https:\/\/kronika-futbolu.pl\/historia\/wp-content\/uploads\/2021\/09\/11B_hiszpania_polska_2021_lewandowski_gol_laczynaspilka-600x297.png\" alt=\"Hiszpania-Polska 2021\" width=\"600\" height=\"297\" srcset=\"https:\/\/kronika-futbolu.pl\/historia\/wp-content\/uploads\/2021\/09\/11B_hiszpania_polska_2021_lewandowski_gol_laczynaspilka-600x297.png 600w, https:\/\/kronika-futbolu.pl\/historia\/wp-content\/uploads\/2021\/09\/11B_hiszpania_polska_2021_lewandowski_gol_laczynaspilka-768x381.png 768w, https:\/\/kronika-futbolu.pl\/historia\/wp-content\/uploads\/2021\/09\/11B_hiszpania_polska_2021_lewandowski_gol_laczynaspilka.png 1221w\" sizes=\"auto, (max-width: 600px) 100vw, 600px\" \/><p id=\"caption-attachment-11303\" class=\"wp-caption-text\">Hiszpania-Polska 2021. Bramka Lewandowskiego. Kadr z transmisji \u0141\u0105czy Nas Pi\u0142ka.<\/p><\/div> <div id=\"attachment_11302\" style=\"width: 610px\" class=\"wp-caption alignleft\"><img loading=\"lazy\" decoding=\"async\" aria-describedby=\"caption-attachment-11302\" class=\"wp-image-11302 size-medium\" src=\"https:\/\/kronika-futbolu.pl\/historia\/wp-content\/uploads\/2021\/09\/11A_hiszpania_polska_2021_sedzia_var_laczynaspilka-600x329.png\" alt=\"Hiszpania-Polska 2021\" width=\"600\" height=\"329\" srcset=\"https:\/\/kronika-futbolu.pl\/historia\/wp-content\/uploads\/2021\/09\/11A_hiszpania_polska_2021_sedzia_var_laczynaspilka-600x329.png 600w, https:\/\/kronika-futbolu.pl\/historia\/wp-content\/uploads\/2021\/09\/11A_hiszpania_polska_2021_sedzia_var_laczynaspilka-768x421.png 768w, https:\/\/kronika-futbolu.pl\/historia\/wp-content\/uploads\/2021\/09\/11A_hiszpania_polska_2021_sedzia_var_laczynaspilka.png 1303w\" sizes=\"auto, (max-width: 600px) 100vw, 600px\" \/><p id=\"caption-attachment-11302\" class=\"wp-caption-text\">Hiszpania-Polska 2021. S\u0119dzia wskazuje uznanie bramki po weryfikacji VAR. Kadr z transmisji \u0141\u0105czy Nas Pi\u0142ka.<\/p><\/div><\/p>\n<p>Po pora\u017cce w pierwszym meczu Mistrzostw Europy ze S\u0142owacj\u0105 ze \u015bwi\u0119c\u0105 mo\u017cna by\u0142o szuka\u0107 tych kt\u00f3rzy wierzyli by w dobry wynik w meczu z Hiszpani\u0105. W dyskusjach nie by\u0142o pyta\u0144 czy wygramy czy przegramy ale ile bramek strzel\u0105 nam Hiszpanie. Podstawy do takich przemy\u015ble\u0144 by\u0142y bardzo uzasadnione. Przed meczem w Sewilli Polacy tracili gola w ka\u017cdym spotkaniu w 2021 roku poza Andor\u0105. W dodatku bardzo wyra\u017ane b\u0142\u0119dy pope\u0142nia\u0142a nasza obrona. Hiszpanie w pierwszym spotkaniu na Euro zremisowali ze Szwecj\u0105 0:0. Grali drugi mecz tak\u017ce u siebie.<\/p>\n<p>Gospodarze obj\u0119li prowadzenie po bramce \u00c1lvaro Moraty. Najpierw gol nie zosta\u0142 uznany, lecz po weryfikacji video s\u0119dzia g\u0142\u00f3wny W\u0142och Daniele Orsato wskaza\u0142 na \u015brodek boiska. Nie podci\u0119\u0142o to jednak skrzyde\u0142 Bia\u0142o-Czerwonym, kt\u00f3rzy pokazali si\u0119 z o wiele lepszej strony ni\u017c kilka dni wcze\u015bniej w meczu z S\u0142owacj\u0105.\u00a0 W 54 minucie rewelacyjnie z prawej strony z pierwszej pi\u0142ki dogra\u0142 w pole karne Kamil J\u00f3\u017awiak. Wprost na g\u0142ow\u0119 Roberta Lewandowskiego, kt\u00f3ry uderzy\u0142 celnie i skutecznie doprowadzaj\u0105c do remisu.\u00a0<\/p>\n<p>Przed spotkaniem ma\u0142o by\u0142o optymist\u00f3w, lecz po 90 minutach okaza\u0142o si\u0119 \u017ce to spotkanie Polacy mogli nawet wygra\u0107. \u015awietne okazje mia\u0142 \u015awiderski. Najpierw nie zdo\u0142a\u0142 pokona\u0107 Sim\u00f3na z kilku metr\u00f3w, a p\u00f3\u017aniej uderzy\u0142 z dystansu w s\u0142upek. Remis da\u0142 Polakom szanse na wyj\u015bcie z grupy. Decyduj\u0105ca mia\u0142a by\u0107 ostatnia kolejka w kt\u00f3rej rywalem polskiej dru\u017cyny by\u0142a Szwecja.\u00a0<\/p>\n<p>By\u0142 to pierwszy mecz z Hiszpani\u0105 w spotkaniu turniejowym, oraz po raz pierwszy Polska zagra\u0142a w Sewilli. Dla La Roja by\u0142o to 10 spotkanie z rz\u0119du bez przegranej.\u00a0<\/p>\n<p>&nbsp;<\/p>\n<h2 id=\"mecz-08-07-1982\"><span class=\"ez-toc-section\" id=\"10_Mecz_Hiszpania-_Polska_6_0_8_czerwca_2010_r\"><\/span><a id=\"mecz-08-06-2010\"><\/a>10. Mecz Hiszpania- Polska 6:0 (8 czerwca 2010 r.)<span class=\"ez-toc-section-end\"><\/span><\/h2>\n<ul>\n<li><strong>Data meczu:<\/strong> 08.06.2010<\/li>\n<li><strong>Ranga meczu:<\/strong> Towarzyski<\/li>\n<li><strong>S\u0119dzia:<\/strong> Mihalis Koukoulakis &#8211; Grecja<\/li>\n<li><strong>Stadion:<\/strong> Estadio Nueva Condomina, Murcia<\/li>\n<li><strong>Trener:<\/strong> Franciszek Smuda<\/li>\n<\/ul>\n<p><strong>\u26bd Strzelone bramki:<\/strong><\/p>\n<ul>\n<li>Dariusz Dudka [pl] 12&#8242;- gol samob\u00f3jczy<\/li>\n<li>David Silva [es] 14&#8242;<\/li>\n<li>Xabi Alonso [es] 50&#8242;<\/li>\n<li>Cesc F\u00e0bregas [es] 58&#8242;<\/li>\n<li>Fernando Torres [es] 75&#8242;\u00a0<\/li>\n<li>Pedro Rodr\u00edguez [es] 80&#8242;<\/li>\n<\/ul>\n<p><strong>? Sk\u0142ady:<\/strong><\/p>\n<table style=\"border-collapse: collapse; width: 100%;\">\n<thead>\n<tr>\n<th style=\"width: 50%;\">[es] Hiszpania:<\/th>\n<th style=\"width: 50%;\">[pl] Polska:<\/th>\n<\/tr>\n<\/thead>\n<tbody>\n<tr>\n<td style=\"width: 50%;\">\n<ul>\n<li><strong>Iker Casillas<\/strong> kapitan -Real Madryt<\/li>\n<li><strong>Gerard Piqu\u00e9<\/strong> -FC Barcelona<\/li>\n<li><strong>Carles Puyo<\/strong>l do 71&#8242; -FC Barcelona<\/li>\n<li>od 71&#8242; <strong>Carlos Marchena<\/strong> -Valencia CF<\/li>\n<li><strong>Joan Capdevila<\/strong> -Villarreal CF<\/li>\n<li><strong>Sergio Busquets<\/strong> -FC Barcelona<\/li>\n<li><strong>Xavi<\/strong> do 54&#8242; -FC Barcelona<\/li>\n<li>od 54&#8242; <strong>Cesc F\u00e0bregas<\/strong> -Arsenal FC<\/li>\n<li><strong>Xabi Alonso<\/strong> -Real Madryd<\/li>\n<li><strong>David Silva<\/strong> do 54&#8242; -Valencia CF<\/li>\n<li>od 54&#8242; <strong>Jes\u00fas Navas<\/strong> -Sevilla FC<\/li>\n<li><strong>David Villa<\/strong> do 65&#8242; -Valencia CF<\/li>\n<li>od 65&#8242; <strong>Fernando Torres<\/strong> -Liverpool FC<\/li>\n<li><strong>Andr\u00e9s Iniesta<\/strong> do 39&#8242; -FC Barcelona<\/li>\n<li>od 39&#8242; <strong>Pedro Rodr\u00edguez<\/strong> -FC Barcelona<\/li>\n<li><strong>\u00c1lvaro Arbeloa<\/strong> do 54&#8242; -Real Madryd<\/li>\n<li>od 54&#8242; <strong>Sergio Ramos<\/strong> -Real Madryd<\/li>\n<\/ul>\n<\/td>\n<td style=\"width: 50%;\">\n<ul>\n<li><strong>Tomasz Kuszczak<\/strong> -Manchester United<\/li>\n<li><strong>Grzegorz Wojtkowiak<\/strong> -KKS Lech Pozna\u0144<\/li>\n<li><strong>Micha\u0142 \u017bew\u0142akow<\/strong> kapitan -Olympiakos Piraeus<\/li>\n<li><strong>Kamil Glik<\/strong> do 46&#8242; -GKS Piast Gliwice<\/li>\n<li>od 46&#8242; <strong>Maciej Sadlok<\/strong> -Ruch Chorz\u00f3w<\/li>\n<li><strong>Dariusz Dudka<\/strong> -AJ Auxerre Auxerre<\/li>\n<li><strong>S\u0142awomir Peszko<\/strong> do 78&#8242; -Lech Pozna\u0144<\/li>\n<li>od 78&#8242; <strong>Tomasz Jod\u0142owiec<\/strong> -Polonia Warszawa<\/li>\n<li><strong>Rafa\u0142 Murawski<\/strong> -FC Rubin Kazan<\/li>\n<li><strong>Adrian Mierzejewski<\/strong> do 46&#8242; -Polonia Warszawa<\/li>\n<li>od 46&#8242; <strong>Adam Matuszczyk<\/strong> -1. FC K\u00f6ln<\/li>\n<li><strong>Jakub B\u0142aszczykowski<\/strong> do 82&#8242; -Borussia Dortmund<\/li>\n<li>od 82&#8242; <strong>Mateusz Cetnarski<\/strong> -GKS Be\u0142chat\u00f3w<\/li>\n<li><strong>Dawid Nowak<\/strong> do 46&#8242; -GKS Be\u0142chat\u00f3w<\/li>\n<li>od 46&#8242; <strong>Maciej Rybus<\/strong> -Legia Warszawa<\/li>\n<li><strong>Robert Lewandowski<\/strong> do 67&#8242; -Lech Pozna\u0144<\/li>\n<li>od 67&#8242; <strong>Artur Sobiech<\/strong> -Ruch Chorz\u00f3w<\/li>\n<\/ul>\n<\/td>\n<\/tr>\n<\/tbody>\n<\/table>\n<div id=\"attachment_9732\" style=\"width: 374px\" class=\"wp-caption alignleft\"><img loading=\"lazy\" decoding=\"async\" aria-describedby=\"caption-attachment-9732\" class=\"wp-image-9732 size-medium\" src=\"https:\/\/kronika-futbolu.pl\/historia\/wp-content\/uploads\/2020\/12\/10B_Hiszpania_Polska_2010_Przeglad_Sportowy-364x400.png\" alt=\"Hiszpania-Polska 6-0 2010. Foto: Przegl\u0105d Sportowy\" width=\"364\" height=\"400\" srcset=\"https:\/\/kronika-futbolu.pl\/historia\/wp-content\/uploads\/2020\/12\/10B_Hiszpania_Polska_2010_Przeglad_Sportowy-364x400.png 364w, https:\/\/kronika-futbolu.pl\/historia\/wp-content\/uploads\/2020\/12\/10B_Hiszpania_Polska_2010_Przeglad_Sportowy-768x843.png 768w, https:\/\/kronika-futbolu.pl\/historia\/wp-content\/uploads\/2020\/12\/10B_Hiszpania_Polska_2010_Przeglad_Sportowy.png 917w\" sizes=\"auto, (max-width: 364px) 100vw, 364px\" \/><p id=\"caption-attachment-9732\" class=\"wp-caption-text\">Hiszpania-Polska 6-0 2010. Foto: Przegl\u0105d Sportowy<\/p><\/div>\n<p>Dok\u0142adnie 2 lata przed rozpocz\u0119ciem Mistrzostw Europy 2012 w Polsce i Ukrainie Reprezentacja Polski zagra\u0142a towarzysko z aktualnymi Mistrzami Europy a jak si\u0119 oka\u017ce prawie nowymi Mistrzami \u015awiata- Hiszpani\u0105, m\u00f3wi\u0105c kr\u00f3tko- najlepsz\u0105 dru\u017cyn\u0105 narodow\u0105 na tamten czas. Hiszpanie w ostatnich 48 meczach przed spotkaniem z Polsk\u0105 przegrali tylko raz.\u00a0 Dla\u00a0 &#8222;La Roja&#8221;\u00a0 by\u0142 to ostatni mecz przed mundialem w RPA kt\u00f3ry rozpocz\u0105\u0142 si\u0119 11 czerwca.\u00a0<\/p>\n<p>Polska na Mistrzostwa \u015awiata si\u0119 nie zakwalifikowa\u0142a i to oznacza\u0142o \u017ce od ko\u0144ca 2009 roku a\u017c do pocz\u0105tku Euro 2012 rozgrywa\u0142a tylko mecze towarzyskie. Po fatalnej sytuacji w polskiej kadrze pod koniec ubieg\u0142ego roku zesp\u00f3\u0142 przej\u0105\u0142 Franciszek Smuda. W 2010 dru\u017cyna 'Bia\u0142o-Czerwonych&#8221; rozegra\u0142a 6 spotka\u0144- 3 wygrane, 2 remisy i 1 pora\u017cka. Wyniki nie by\u0142y najlepsze, zw\u0142aszcza gdy dodamy \u017ce 2 z 3 zwyci\u0119stw to wygrane z Tajlandi\u0105 i Singapurem. Wida\u0107 by\u0142o zmiany, nowych pi\u0142karzy i \u017ce zesp\u00f3\u0142 jest budowany w dobrym kierunku.<\/p>\n<p>Przed meczem z Hiszpani\u0105 nikt nie wr\u00f3\u017cy\u0142 Polakom \u0142atwego meczu i zdecydowanym faworytem byli gospodarze, lecz a\u017c wyniku 6-0 si\u0119 nie spodziewano. Zimny prysznic to za ma\u0142o powiedziane. Hiszpanie pokazali nam nasze miejsce w szeregu i dali nam do my\u015blenia ile jeszcze jest pracy przed teamem Smudy. Tak wysokiej pora\u017cki Polacy dawno\u00a0 nie zaznali.\u00a0<\/p>\n<p>M\u00f3wiono po spotkaniu \u017ce mo\u017ce to by\u0107 wstrz\u0105s kt\u00f3ry odmieni kadr\u0119, \u017ce trzeba czasem nisko upa\u015b\u0107 aby wbi\u0107 si\u0119 w g\u00f3r\u0119. Niestety dalsze miesi\u0105ce nie da\u0142y wybicia si\u0119 w g\u00f3r\u0119 a dwa lata p\u00f3\u017aniej Euro 2012 zako\u0144czyli\u015bmy na fazie grupowej\u00a0 i na 2 remisach, 1 pora\u017cce.\u00a0<\/p>\n<p>Hiszpanie 11 lipca 2010 roku a wi\u0119c nieco ponad miesi\u0105c po spotkaniu z Polsk\u0105 pokonali w Johannesburgu Holandi\u0119 1-0 i zostali Mistrzami \u015awiata.\u00a0<\/p>\n<h2 id=\"mecz-08-07-1982\"><span class=\"ez-toc-section\" id=\"9_Mecz_Hiszpania_%E2%80%93_Polska_3_0_26_stycznia_2000_r\"><\/span><a id=\"mecz-26-01-2000\"><\/a>9. Mecz Hiszpania &#8211; Polska 3:0 (26 stycznia 2000 r.)<span class=\"ez-toc-section-end\"><\/span><\/h2>\n<ul>\n<li><strong>Data meczu:<\/strong> 26.01.2000<\/li>\n<li><strong>Ranga meczu:<\/strong> Towarzyski<\/li>\n<li><strong>S\u0119dzia:<\/strong> \u00c9ric Poulat- Francja<\/li>\n<li><strong>Stadion: <\/strong>Estadio Cartagonova, Kartagena<\/li>\n<li><strong>Trener:<\/strong> Jerzy Engel<\/li>\n<\/ul>\n<p><strong>\u26bd Strzelone bramki:<\/strong><\/p>\n<ul>\n<li>Ra\u00fal \u00a0[es] 15&#8242;<\/li>\n<li>Ismael Urzaiz\u00a0\u00a0 [es] 56&#8242;<\/li>\n<li>Ismael Urzaiz\u00a0\u00a0 [es] 58&#8242;<\/li>\n<li>\u00a0<\/li>\n<\/ul>\n<p><strong>? Sk\u0142ady:<\/strong><\/p>\n<table style=\"border-collapse: collapse; width: 100%;\">\n<thead>\n<tr>\n<th style=\"width: 50%;\">[es] Hiszpania:<\/th>\n<th style=\"width: 50%;\">[pl] Polska:<\/th>\n<\/tr>\n<\/thead>\n<tbody>\n<tr>\n<td style=\"width: 50%;\">\n<ul>\n<li><strong>Molina<\/strong> do 81&#8242; -Club Atl\u00e9tico de Madryt<\/li>\n<li>od 81&#8242; <strong>Juanmi<\/strong> -Real Zaragoza<\/li>\n<li><strong>Juan Velasco<\/strong> -RC Celta de Vigo<\/li>\n<li><strong>Aranz\u00e1bal<\/strong> -Real Sociedad<\/li>\n<li><strong>Paco J\u00e9mez<\/strong> -Real Zaragoza<\/li>\n<li><strong>Pep Guardiola<\/strong> do 65&#8242; -FC Barcelona<\/li>\n<li>od 65&#8242; <strong>Engonga<\/strong> -RCD Mallorca<\/li>\n<li><strong>Hierro III<\/strong> -Real Madryt<\/li>\n<li><strong>Joseba Etxeberria<\/strong> do 46&#8242; -Athletic Club Bilbao<\/li>\n<li>od 46&#8242; <strong>Gaizka Mendieta<\/strong> -Valencia CF<\/li>\n<li><strong>Luis Enrique<\/strong> -FC Barcelona<\/li>\n<li><strong>Valer\u00f3n<\/strong> do 74&#8242; -Club Atl\u00e9tico de Madryt<\/li>\n<li>od 74&#8242; <strong>Luis Cembranos<\/strong> -Rayo Vallecano de Madryt<\/li>\n<li><strong>Ra\u00fal<\/strong> kapitan -Real Madryt<\/li>\n<li><strong>Ismael Urzaiz<\/strong> do 68&#8242; -Athletic Club Bilbao<\/li>\n<li>od 68&#8242; <strong>Salva<\/strong> -Racing Santander<\/li>\n<\/ul>\n<\/td>\n<td style=\"width: 50%;\">\n<ul>\n<li><strong>Rados\u0142aw Majdan<\/strong> -Pogo\u0144 Szczecin<\/li>\n<li><strong>Marek Zaj\u0105c<\/strong> do 60&#8242; -Wis\u0142a Krak\u00f3w<\/li>\n<li>od 60&#8242; <strong>Arkadiusz Kaliszan<\/strong> [ycard] -KP Polonia Warszawa<\/li>\n<li><strong>Jacek Zieli\u0144ski<\/strong> kapitan -CWKS Legia Warszawa<\/li>\n<li><strong>Micha\u0142 \u017bew\u0142akow<\/strong> -RE Mouscron<\/li>\n<li><strong>S\u0142awomir Majak<\/strong> -FC Hansa Rostock<\/li>\n<li><strong>Tomasz Iwan<\/strong> -PSV Eindhoven<\/li>\n<li><strong>Rados\u0142aw Michalski<\/strong> -Maccabi Haifa<\/li>\n<li><strong>Ryszard Czerwiec<\/strong> do 84&#8242; -Wis\u0142a Krak\u00f3w<\/li>\n<li>od 84&#8242; <strong>Marcin Baszczy\u0144ski<\/strong> -Ruch Chorz\u00f3w<\/li>\n<li><strong>Jacek Krzyn\u00f3wek<\/strong> do 66&#8242; -1. FC N\u00fcrnberg<\/li>\n<li>od 66&#8242; <strong>Pawe\u0142 Kaczorowski<\/strong> -Lech Pozna\u0144<\/li>\n<li><strong>Rados\u0142aw Gilewicz<\/strong> do 75&#8242; -Tirol Milch<\/li>\n<li>od 75&#8242; <strong>Krzysztof Bizacki<\/strong> -Ruch Chorz\u00f3w<\/li>\n<li><strong>Pawe\u0142 Krysza\u0142owicz<\/strong> do 53&#8242; -Amica Wronki<\/li>\n<li>od 53&#8242;<strong> Maciej \u017burawski<\/strong> -Wis\u0142a Krak\u00f3w<\/li>\n<\/ul>\n<\/td>\n<\/tr>\n<\/tbody>\n<\/table>\n<div id=\"attachment_9729\" style=\"width: 294px\" class=\"wp-caption alignleft\"><img loading=\"lazy\" decoding=\"async\" aria-describedby=\"caption-attachment-9729\" class=\"wp-image-9729 size-medium\" src=\"https:\/\/kronika-futbolu.pl\/historia\/wp-content\/uploads\/2020\/12\/9B_Hiszpania_Polska_2000_Przeglad_Sportowy-284x400.png\" alt=\"Hiszpania-Polska 2000 \u0179r\u00f3d\u0142o: Przegl\u0105d Sportowy \" width=\"284\" height=\"400\" srcset=\"https:\/\/kronika-futbolu.pl\/historia\/wp-content\/uploads\/2020\/12\/9B_Hiszpania_Polska_2000_Przeglad_Sportowy-284x400.png 284w, https:\/\/kronika-futbolu.pl\/historia\/wp-content\/uploads\/2020\/12\/9B_Hiszpania_Polska_2000_Przeglad_Sportowy.png 686w\" sizes=\"auto, (max-width: 284px) 100vw, 284px\" \/><p id=\"caption-attachment-9729\" class=\"wp-caption-text\">Hiszpania-Polska 2000 \u0179r\u00f3d\u0142o: Przegl\u0105d Sportowy<\/p><\/div>\n<p>&#8222;Z\u0142e mi\u0142ego pocz\u0105tki?&#8221; &#8211; taki tytu\u0142 znalaz\u0142 si\u0119 na ok\u0142adce tygodnika &#8222;Pi\u0142ka No\u017cna&#8221; wydane 1 lutego 2000 czyli 6 dni po meczu Hiszpanii z Polsk\u0105 w Kartagenie. Pytanie oczywi\u015bcie dotyczy\u0142o Jerzego Engela kt\u00f3ry jako selekcjoner Reprezentacji Polski zadebiutowa\u0142 w tym spotkaniu. Po cz\u0119\u015bci tak, z\u0142e mi\u0142ego pocz\u0105tki bowiem za kilkana\u015bcie miesi\u0119cy Polacy awansuj\u0105 na Mundial, co prawda tam ju\u017c mi\u0142o nie b\u0119dzie ale cel jaki postawiono przed Engelem zosta\u0142 wykonany.<\/p>\n<p>W Hiszpanii zabrak\u0142o kilku podstawowych graczy naszej dru\u017cyny. Nie by\u0142o Jerzego Dudka, Jacka B\u0105ka, Tomasza K\u0142osa, Tomasza Rz\u0105sy , Adama Matyska, Piotra \u015awierczewskiego, Tomasza Wa\u0142docha, Tomasza Hajty. Przez nieobecno\u015b\u0107 wymienionych pi\u0142karzy w dru\u017cynie narodowej zadebiutowa\u0142o a\u017c 6 zawodnik\u00f3w a byli to: bramkarz Rados\u0142aw Majdan, Marek Zaj\u0105c (jednocze\u015bnie ostatni wyst\u0119p), Arkadiusz Kaliszan (jednocze\u015bnie ostatni wyst\u0119p), Marcin Baszczy\u0144ski, Pawe\u0142 Kaczorowski, Krzysztof Bizacki.<\/p>\n<p>Ostatni wyst\u0119p dla &#8222;Bia\u0142o-Czerwonych&#8221; zaliczyli S\u0142awomir Majak-\u0142\u0105cznie 22 mecze, oraz Ryszard Czerwiec- 28 mecz\u00f3w.<\/p>\n<p>Po stronie hiszpa\u0144skiej by\u0142o 4 debiutant\u00f3w, 2 z nich ju\u017c nigdy wi\u0119cej nie zagrali dla &#8222;La Roja&#8221;, czyli Juanmi i Luis Cembranos. Juan Velasco zagra \u0142\u0105cznie 5 spotka\u0144, a Salva 4.<\/p>\n<p>By\u0142 to 5 mecz z rz\u0119du Polak\u00f3w bez wygranej, ta seria potrwa a\u017c do wrze\u015bnia kiedy zesp\u00f3\u0142 Engela wygra z Ukrain\u0105.<\/p>\n<p>Strzelanie rozpocz\u0105\u0142 Ra\u00fal kt\u00f3ry przechwyci\u0142 pi\u0142k\u0119 \u017ale uderzon\u0105 przez Jacka Krzyn\u00f3wka i pokona\u0142 Majdana. Nast\u0119pnie \u015bwietne do\u015brodkowania z rzutu ro\u017cnego Pepa Guardioli i g\u0142ow\u0105 pi\u0142k\u0119 do bramki skierowa\u0142 celnie Ismael Urzaiz. ten sam zawodnik 2 minuty p\u00f3\u017aniej ustali\u0142 wynik na 3:0.<\/p>\n<p>Po raz pierwszy w dziejach Reprezentacji Polski na linii s\u0119dziowa\u0142a kobieta- Francuzka Ghislaine Peron-Labb\u00e9.<\/p>\n<h2 id=\"mecz-08-07-1982\"><span class=\"ez-toc-section\" id=\"8_Mecz_Polska_%E2%80%93_Hiszpania_1_2_18_sierpnia_1999_r\"><\/span><a id=\"mecz-18-08-1999\"><\/a>8. Mecz Polska &#8211; Hiszpania 1:2 (18 sierpnia 1999 r.)<span class=\"ez-toc-section-end\"><\/span><\/h2>\n<ul>\n<li><strong>Data meczu:<\/strong> 18.08.1999<\/li>\n<li><strong>Ranga meczu:<\/strong> Towarzyski<\/li>\n<li><strong>S\u0119dzia:<\/strong> Sergey Husainov &#8211; Rosja<\/li>\n<li><strong>Stadion:<\/strong> Stadion Wojska Polskiego imienia Marsza\u0142ka J\u00f3zefa Pi\u0142sudskiego, Warszawa<\/li>\n<li><strong>Trener:<\/strong> Janusz W\u00f3jcik\u00a0<\/li>\n<\/ul>\n<p><strong>\u26bd Strzelone bramki:<\/strong><\/p>\n<ul>\n<li>Tomasz Hajto\u00a0 [pl] 7&#8242;<\/li>\n<li>Morientes [es] 54&#8242;<\/li>\n<li>Munitis [es] 66&#8242;<\/li>\n<\/ul>\n<p><strong>? Sk\u0142ady:<\/strong><\/p>\n<table style=\"border-collapse: collapse; width: 100%;\">\n<thead>\n<tr>\n<th style=\"width: 50%;\">[pl] Polska:<\/th>\n<th style=\"width: 50%;\">[es] Hiszpania:<\/th>\n<\/tr>\n<\/thead>\n<tbody>\n<tr>\n<td style=\"width: 50%;\">\n<ul>\n<li><strong>Adam Matysek<\/strong> do 63&#8242; -Bayer 04 Leverkusen<\/li>\n<li>od 63&#8242; <strong>Jerzy Dudek<\/strong> -Feyenoord Rotterdam<\/li>\n<li><strong>Dariusz Adamczuk<\/strong> 20&#8242; [ycard] do 87&#8242; -Rangers FC<\/li>\n<li>od 87&#8242; <strong>Tomasz K\u0142os<\/strong> -AJ Auxerre<\/li>\n<li><strong>Tomasz Wa\u0142doch<\/strong> kapitan -Schalke 04 Gelsenkirchen<\/li>\n<li><strong>Jacek Zieli\u0144ski<\/strong> -Legia Warszawa<\/li>\n<li><strong>Rafa\u0142 Siadaczka<\/strong> -Austria Memphis Magma<\/li>\n<li><strong>Tomasz Hajto<\/strong> [ycard] -MSV Duisburg<\/li>\n<li><strong>Piotr \u015awierczewski<\/strong> -SC Bastia<\/li>\n<li><strong>Krzysztof Nowak<\/strong> do 81&#8242; -VfL Wolfsburg<\/li>\n<li>od 81&#8242; <strong>Ryszard Czerwiec<\/strong> -Wis\u0142a Krak\u00f3w<\/li>\n<li><strong>Tomasz Iwan<\/strong> -PSV Eindhoven<\/li>\n<li><strong>Artur Wichniarek<\/strong> [ycard] do 87&#8242; -Widzew \u0141\u00f3d\u017a<\/li>\n<li>od 87&#8242; <strong>Piotr W\u0142odarczyk<\/strong> -Ruch Chorz\u00f3w<\/li>\n<li><strong>Miros\u0142aw Trzeciak<\/strong> do 66&#8242; -Osasuna, Pampeluna<\/li>\n<li>od 66&#8242; <strong>Rados\u0142aw Ka\u0142u\u017cny<\/strong> -Wis\u0142a Krak\u00f3w<\/li>\n<\/ul>\n<\/td>\n<td style=\"width: 50%;\">\n<ul>\n<li><strong>Ca\u00f1izares<\/strong> do 73&#8242; -Valencia CF<\/li>\n<li>od 73&#8242; <strong>Molina<\/strong> -Club Atl\u00e9tico de Madryt<\/li>\n<li><strong>M\u00edchel Salgado<\/strong> 34&#8242; [ycard] -Real Madryt<\/li>\n<li><strong>Aranz\u00e1bal<\/strong> -Real Sociedad<\/li>\n<li><strong>C\u00e9sar<\/strong> -Deportivo de La Coru\u00f1a<\/li>\n<li><strong>Paco J\u00e9mez<\/strong> -Real Zaragoza<\/li>\n<li><strong>Farin\u00f3s<\/strong> do 46&#8242; -Valencia CF<\/li>\n<li>od 46&#8242; <strong>Gaizka Mendieta<\/strong> -Valencia CF<\/li>\n<li><strong>Luis Enrique<\/strong> do 46&#8242; -FC Barcelona<\/li>\n<li>od 46&#8242; <strong>Valer\u00f3n<\/strong> -Club Atl\u00e9tico de Madryt<\/li>\n<li><strong>Morientes<\/strong> do 61&#8242; -Real Madryt<\/li>\n<li>od 61&#8242; <strong>Munitis<\/strong> -Racing Santander<\/li>\n<li><strong>Ra\u00fal<\/strong> kapitan -Real Madryt<\/li>\n<li><strong>Engonga<\/strong> [ycard] -RCD Mallorca<\/li>\n<li><strong>Joseba Etxeberria<\/strong> do 71&#8242; -Athletic Club Bilbao<\/li>\n<li>od 71&#8242; <strong>Julen Guerrero<\/strong> -Athletic Club Bilbao<\/li>\n<\/ul>\n<\/td>\n<\/tr>\n<\/tbody>\n<\/table>\n<p><div id=\"attachment_9725\" style=\"width: 430px\" class=\"wp-caption aligncenter\"><img loading=\"lazy\" decoding=\"async\" aria-describedby=\"caption-attachment-9725\" class=\"wp-image-9725 size-medium\" src=\"https:\/\/kronika-futbolu.pl\/historia\/wp-content\/uploads\/2020\/12\/8B_Hiszpania_Polska_1999_ElMundoDeportivo-420x400.png\" alt=\"Polska - Hiszpania 1999 \u0179r\u00f3d\u0142o: El Mundo Deportivo\" width=\"420\" height=\"400\" srcset=\"https:\/\/kronika-futbolu.pl\/historia\/wp-content\/uploads\/2020\/12\/8B_Hiszpania_Polska_1999_ElMundoDeportivo-420x400.png 420w, https:\/\/kronika-futbolu.pl\/historia\/wp-content\/uploads\/2020\/12\/8B_Hiszpania_Polska_1999_ElMundoDeportivo-768x731.png 768w, https:\/\/kronika-futbolu.pl\/historia\/wp-content\/uploads\/2020\/12\/8B_Hiszpania_Polska_1999_ElMundoDeportivo.png 1007w\" sizes=\"auto, (max-width: 420px) 100vw, 420px\" \/><p id=\"caption-attachment-9725\" class=\"wp-caption-text\">Polska &#8211; Hiszpania 1999 \u0179r\u00f3d\u0142o: El Mundo Deportivo<\/p><\/div> <div id=\"attachment_9724\" style=\"width: 405px\" class=\"wp-caption alignleft\"><img loading=\"lazy\" decoding=\"async\" aria-describedby=\"caption-attachment-9724\" class=\"wp-image-9724 size-medium\" src=\"https:\/\/kronika-futbolu.pl\/historia\/wp-content\/uploads\/2020\/12\/8A_Hiszpania_Polska_1999_ElMundoDeportivo-395x400.png\" alt=\"Polska - Hiszpania 1999 \u0179r\u00f3d\u0142o: El Mundo Deportivo\" width=\"395\" height=\"400\" srcset=\"https:\/\/kronika-futbolu.pl\/historia\/wp-content\/uploads\/2020\/12\/8A_Hiszpania_Polska_1999_ElMundoDeportivo-395x400.png 395w, https:\/\/kronika-futbolu.pl\/historia\/wp-content\/uploads\/2020\/12\/8A_Hiszpania_Polska_1999_ElMundoDeportivo.png 483w\" sizes=\"auto, (max-width: 395px) 100vw, 395px\" \/><p id=\"caption-attachment-9724\" class=\"wp-caption-text\">Polska &#8211; Hiszpania 1999 \u0179r\u00f3d\u0142o: El Mundo Deportivo<\/p><\/div><\/p>\n<p>Na 10 dotychczas (grudzie\u0144 2020) rozegranych mecz\u00f3w pomi\u0119dzy Polsk\u0105 a Hiszpani\u0105, tylko 3 razy Hiszpanie zawitali do naszego kraju. Po raz ostatni w sierpniu 1999 roku kiedy to na stadionie Legii Warszawa zesp\u00f3\u0142 La Roja wygra\u0142 2-1 a m\u00f3g\u0142 wygra\u0107 wy\u017cej lecz s\u0119dzia nie uzna\u0142 ze wzgl\u0119du na spalnoego zdobytych 2 bramek Raula, powt\u00f3rki pokaza\u0142y \u017ce te gole powinny by\u0107 uznane.\u00a0<\/p>\n<p>Spotkanie rozpocz\u0119\u0142o si\u0119 bardzo dobrze dla Polak\u00f3w, po wrzuceniu pi\u0142ki z rzutu wolnego przez Piotra \u015awierczewskiego w pole karne Tomasz Hajto pokona\u0142 strza\u0142em g\u0142ow\u0105 Ca\u00f1izaresa.\u00a0 Nast\u0119pnie Raul pokona\u0142 raz Matyska a drugi raz Dudka lecz obie bramki zosta\u0142y nie uznane jak zosta\u0142o ju\u017c wspomniane.\u00a0 Bramki Morientesa i Munitisa zosta\u0142y ju\u017c zdobyte wg s\u0119dziego prawid\u0142owo i to Hiszpanie mogli cieszy\u0107 si\u0119 z wygranej.\u00a0 Przy obu bramkach zawini\u0142a polska obrona oraz po cz\u0119\u015bci Jerzy Dudek.<\/p>\n<p>Bramki dla go\u015bci zdobyli zmiennicy, strzelec pierwszego gola Morientes\u00a0 zosta\u0142 zmieniony przez strzelca drugiej bramki Munitisa w 61 minucie i by\u0142 to dla Niego pierwszy gol dla reprezentacji- strzeli jeszcze jednego.\u00a0 Zadebiutowali C\u00e9sar i Farin\u00f3s.<\/p>\n<p>Daruiusz Adamczyk zagra\u0142 po raz 11 dla &#8222;Bia\u0142o-Czerwonych&#8221; i osttani ( 1 gol). Natomiast Piotr W\u0142odarczyk zadebiutowa\u0142 i w reprezentacji jeszcze zagra 3 mecze w 2004 roku.<\/p>\n<p>Dla Hiszpanii by\u0142 to 5 mecz zwyci\u0119ski z rz\u0119du i 8 bez pora\u017cki. Dla Polak\u00f3w wa\u017cny sprawdzian przed ko\u0144cowymi eliminacjami do Mistrzostw Europy 2000 przeciwko Anglii i Szwecji i walka o mo\u017cliwo\u015b\u0107 gry w bara\u017cach.\u00a0<\/p>\n<p>&nbsp;<\/p>\n<h2 id=\"mecz-14-06-1982\"><span class=\"ez-toc-section\" id=\"7_Mecz_Hiszpania-_Polska_1_1_9_lutego_1994_r\"><\/span><a id=\"mecz-09-02-1994\"><\/a>7. Mecz Hiszpania- Polska 1:1 (9 lutego 1994 r.)<span class=\"ez-toc-section-end\"><\/span><\/h2>\n<ul>\n<li><strong>Data meczu:<\/strong> 09.02.1994<\/li>\n<li><strong>Ranga meczu:<\/strong> Towarzyski<\/li>\n<li><strong>S\u0119dzia:<\/strong> RMartin Bodenham &#8211; Anglia<\/li>\n<li><strong>Stadion:<\/strong> Estadio Heliodoro Rodr\u00edguez L\u00f3pez (Tenerife) &#8211; Santa Cruz de Tenerife<\/li>\n<li><strong>Trener:<\/strong> Henryk Apostel<\/li>\n<\/ul>\n<p><strong>\u26bd Strzelone bramki:<\/strong><\/p>\n<ul>\n<li>Sergi\u00a0 [es] 19&#8242;<\/li>\n<li>Roman Kosecki [pl] 38&#8242;<\/li>\n<\/ul>\n<p>&nbsp;<\/p>\n<p><strong>? Sk\u0142ady:<\/strong><\/p>\n<table style=\"border-collapse: collapse; width: 100%; height: 379px;\">\n<thead>\n<tr style=\"height: 24px;\">\n<th style=\"width: 50%; height: 24px;\">[es] Hiszpania:<\/th>\n<th style=\"width: 50%; height: 24px;\">[pl] Polska:<\/th>\n<\/tr>\n<\/thead>\n<tbody>\n<tr style=\"height: 355px;\">\n<td style=\"width: 50%; height: 355px;\">\n<ul>\n<li><strong>Andoni Zubizarreta<\/strong> kapitan -FC Barcelona<\/li>\n<li><strong>Otero<\/strong> -RC Celta de Vigo<\/li>\n<li><strong>Rafael Alkorta<\/strong> -Real Madryt<\/li>\n<li><strong>Abelardo Fern\u00e1ndez<\/strong> -Real Sporting de Gij\u00f3n<\/li>\n<li><strong>Sergi<\/strong> -FC Barcelona<\/li>\n<li><strong>Chano<\/strong> -CD Tenerife<\/li>\n<li><strong>Hierro III<\/strong> do 46&#8242; -Real Madryt<\/li>\n<li>od 46&#8242; <strong>Pep Guardiola<\/strong> -FC Barcelona<\/li>\n<li><strong>Fran<\/strong> do 46&#8242; -RC Deportivo de La Coru\u00f1a<\/li>\n<li>od 46&#8242; <strong>Camarasa<\/strong> -Valencia CF<\/li>\n<li><strong>Nadal<\/strong> do 46&#8242; -FC Barcelona<\/li>\n<li>od 46&#8242; <strong>Juanele<\/strong> -Real Sporting de Gij\u00f3n<\/li>\n<li><strong>Julio Salinas<\/strong> do 46&#8242; -FC Barcelona<\/li>\n<li>od 46&#8242; <strong>Txiki Begiristain<\/strong> -FC Barcelona<\/li>\n<li><strong>Felipe<\/strong> -CD Tenerife<\/li>\n<\/ul>\n<\/td>\n<td style=\"width: 50%; height: 355px;\">\n<ul>\n<li><strong>Andrzej Wo\u017aniak<\/strong> -\u0141KS \u0141\u00f3d\u017a<\/li>\n<li><strong>Jacek B\u0105k<\/strong> do 46&#8242; -Lech Pozna\u0144<\/li>\n<li>od 46&#8242; <strong>Ryszard Staniek<\/strong> -Osasuna Pampeluna<\/li>\n<li><strong>Tomasz \u0141api\u0144ski<\/strong> 71&#8242; [ycard] -Widzew \u0141\u00f3d\u017a<\/li>\n<li><strong>Piotr Jegor<\/strong> 12 25 -G\u00f3rnik Zabrze<\/li>\n<li><strong>Jacek Grembocki<\/strong> 61&#8242; [ycard] -G\u00f3rnik Zabrze<\/li>\n<li><strong>Roman Kosecki<\/strong> kapitan -Club Atl\u00e9tico Madryt<\/li>\n<li><strong>Jerzy Brz\u0119czek<\/strong> -G\u00f3rnik Zabrze<\/li>\n<li><strong>Grzegorz Lewandowski<\/strong> do 78&#8242; -CD Logro\u00f1\u00e9s<\/li>\n<li>od 78&#8242; <strong>Ryszard Czerwiec<\/strong> -Widzew \u0141\u00f3d\u017a<\/li>\n<li><strong>Marcin Ja\u0142ocha<\/strong> do 72&#8242; -Legia Warszawa<\/li>\n<li>od 72&#8242; <strong>Waldemar Jaskulski<\/strong> 81&#8242; [ycard] -Pogo\u0144 Szczecin<\/li>\n<li><strong>Andrzej Juskowiak<\/strong> do 63&#8242; -Sporting Lizbona<\/li>\n<li>od 63&#8242; <strong>Henryk Ba\u0142uszy\u0144ski<\/strong> -G\u00f3rnik Zabrze<\/li>\n<li><strong>Wojciech Kowalczyk<\/strong> 90&#8242; [ycard] -Legia Warszawa<\/li>\n<\/ul>\n<\/td>\n<\/tr>\n<\/tbody>\n<\/table>\n<p><div id=\"attachment_9720\" style=\"width: 423px\" class=\"wp-caption aligncenter\"><img loading=\"lazy\" decoding=\"async\" aria-describedby=\"caption-attachment-9720\" class=\"wp-image-9720 size-medium\" src=\"https:\/\/kronika-futbolu.pl\/historia\/wp-content\/uploads\/2020\/12\/7A_Hiszpania_Polska_1994_ElMundoDeportivo-413x400.png\" alt=\"Hiszpania - Polska 1994 El Mundo Deportivo\" width=\"413\" height=\"400\" srcset=\"https:\/\/kronika-futbolu.pl\/historia\/wp-content\/uploads\/2020\/12\/7A_Hiszpania_Polska_1994_ElMundoDeportivo-413x400.png 413w, https:\/\/kronika-futbolu.pl\/historia\/wp-content\/uploads\/2020\/12\/7A_Hiszpania_Polska_1994_ElMundoDeportivo.png 572w\" sizes=\"auto, (max-width: 413px) 100vw, 413px\" \/><p id=\"caption-attachment-9720\" class=\"wp-caption-text\">Hiszpania &#8211; Polska 1994 \u0179r\u00f3d\u0142o: El Mundo Deportivo<\/p><\/div> <div id=\"attachment_9721\" style=\"width: 429px\" class=\"wp-caption alignleft\"><img loading=\"lazy\" decoding=\"async\" aria-describedby=\"caption-attachment-9721\" class=\"wp-image-9721 size-medium\" src=\"https:\/\/kronika-futbolu.pl\/historia\/wp-content\/uploads\/2020\/12\/7B_Hiszpania_Polska_1994_ElMundoDeportivo-419x400.png\" alt=\"Hiszpania - Polska 1994 \u0179r\u00f3d\u0142o: El Mundo Deportivo\" width=\"419\" height=\"400\" srcset=\"https:\/\/kronika-futbolu.pl\/historia\/wp-content\/uploads\/2020\/12\/7B_Hiszpania_Polska_1994_ElMundoDeportivo-419x400.png 419w, https:\/\/kronika-futbolu.pl\/historia\/wp-content\/uploads\/2020\/12\/7B_Hiszpania_Polska_1994_ElMundoDeportivo.png 762w\" sizes=\"auto, (max-width: 419px) 100vw, 419px\" \/><p id=\"caption-attachment-9721\" class=\"wp-caption-text\">Hiszpania &#8211; Polska 1994 \u0179r\u00f3d\u0142o: El Mundo Deportivo<\/p><\/div><\/p>\n<p>Debiut Henryka Apostela w roli selekcjonera Reprezentacji Polski wypad\u0142 pomy\u015blnie. Remis z Hiszpani\u0105 na wyje\u017adzie. Gra te\u017c nie nale\u017ca\u0142a do najgorszych. By\u0142 to mecz daj\u0105cy nadzieje na najbli\u017cszy czas. Przynajmniej na czas do ko\u0144ca eliminacji do Euro 1996. Niestety Polacy nie awansowali i Henryk Apostel przesta\u0142 pe\u0142ni\u0107 swoj\u0105 funkcj\u0119 w listopadzie 1995.\u00a0<\/p>\n<p>Remis 1-1 w pierwszym meczu Reprezentacji Polski rozegranym na Teneryfie by\u0142 pierwszym i jak dotychczas (grudzie\u0144 2020) jedyny remisem w pojedynkach z Hiszpani\u0105 (na 10 \u0142\u0105cznie mecz\u00f3w). Dla Hiszpanii by\u0142 to 8 mecz z rz\u0119du bez pora\u017cki a dla Polski 7 spotkanie z rz\u0119du bez wygranej.\u00a0 Kilka miesi\u0119cy p\u00f3\u017aniej Hiszpanie dojd\u0105 do \u0107wier\u0107fina\u0142u Mistrzostw \u015awiata w USA.\u00a0<\/p>\n<p>W zespole hiszpa\u0144skim zadebiutowali Chano- jednocze\u015bnie ostatni wyst\u0119p w reprezentacji, oraz strzelec gola zawodnik FC Barcelony Sergi. Ten drugi zagra \u0142\u0105cznie dla La Roja \u0142\u0105cznie 56 mecz\u00f3w, a bramka w debiucie z Polsk\u0105 b\u0119dzie jedyn\u0105. Innym zawodnikiem FC Barcelony kt\u00f3ry wyst\u0105pi\u0142 w tym meczu i jest to warte odnotowania jest Pep Guardiola, kt\u00f3ry jak ju\u017c wiemy jest obecnie jednym z najlepszych trener\u00f3w na \u015bwiecie.\u00a0<\/p>\n<p>W dru\u017cynie &#8222;Bia\u0142o-Czerwonych&#8221; zadebiutowali natomiast Andrzej Wo\u017aniak kt\u00f3ry rozegra \u0142\u0105cznie 20 mecz\u00f3w, oraz Henryk Ba\u0142uszy\u0144ski- ostatecznie w reprezentacji 15 spotka\u0144 i 4 gole.<\/p>\n<div id=\"attachment_9719\" style=\"width: 484px\" class=\"wp-caption alignright\"><img loading=\"lazy\" decoding=\"async\" aria-describedby=\"caption-attachment-9719\" class=\"size-full wp-image-9719\" src=\"https:\/\/kronika-futbolu.pl\/historia\/wp-content\/uploads\/2020\/12\/7C_Hiszpania_Polska_1994_Kadr-z-TVP-Youtube.png\" alt=\"Hiszpania - Polska 1994 \u0179r\u00f3d\u0142o:Youtube\" width=\"474\" height=\"262\" \/><p id=\"caption-attachment-9719\" class=\"wp-caption-text\">Hiszpania &#8211; Polska 1994 \u0179r\u00f3d\u0142o:Youtube<\/p><\/div>\n<h2 id=\"mecz-19-04-1980\"><span class=\"ez-toc-section\" id=\"6_Mecz_Hiszpania-_Polska_1_0_20_wrzesnia_1989_r\"><\/span><a id=\"mecz-20-09-1989\"><\/a>6. Mecz Hiszpania- Polska 1:0 (20 wrze\u015bnia 1989 r.)<span class=\"ez-toc-section-end\"><\/span><\/h2>\n<ul>\n<li><strong>Data meczu:<\/strong> 20.09.1989<\/li>\n<li><strong>Ranga meczu:<\/strong> Towarzyski<\/li>\n<li><strong>S\u0119dzia:<\/strong> Francisco Silva &#8211; Portugalia<\/li>\n<li><strong>Stadion:<\/strong> Estadio Municipal de Riazor,\u00a0 A Coru\u00f1a<\/li>\n<li><strong>Trener:<\/strong> Andrzej Strejlau<\/li>\n<\/ul>\n<p><strong>\u26bd Strzelony gol:<\/strong><\/p>\n<ul>\n<li>Michel\u00a0 [es] 20&#8242;<\/li>\n<\/ul>\n<p><strong>? Sk\u0142ady:<\/strong><\/p>\n<table style=\"border-collapse: collapse; width: 100%;\">\n<thead>\n<tr>\n<th style=\"width: 50%;\">[es] Hiszpania:<\/th>\n<th style=\"width: 50%;\">[pl] Polska:<\/th>\n<\/tr>\n<\/thead>\n<tbody>\n<tr>\n<td style=\"width: 50%;\">\n<ul>\n<li><strong>Andoni Zubizarreta<\/strong> do 81&#8242; -FC Barcelona<\/li>\n<li>od 81&#8242;<strong> Jos\u00e9 Manuel Ochotorena<\/strong> -Valencia CF<\/li>\n<li><strong>Chendo<\/strong> -Real Madryt<\/li>\n<li><strong>Genar Andrin\u00faa<\/strong> do 23&#8242; -Athletic Club Bilbao<\/li>\n<li>od 23&#8242; <strong>Hierro III<\/strong> -Real Madryt<\/li>\n<li><strong>Sanch\u00eds<\/strong> -Real Madryt<\/li>\n<li><strong>Jim\u00e9nez<\/strong> -Sevilla FC<\/li>\n<li><strong>Michel<\/strong> do 69&#8242; -Real Madryt<\/li>\n<li>od 69&#8242; <strong>Eusebio Sacrist\u00e1n<\/strong> -FC Barcelona<\/li>\n<li><strong>Roberto<\/strong> do 58&#8242; -FC Barcelona<\/li>\n<li>od 58&#8242; <strong>Minguela<\/strong> -Real Valladolid Deportivo<\/li>\n<li><strong>Francisco Javier P\u00e9rez Villarroya<\/strong> -Real Zaragoza<\/li>\n<li><strong>Mart\u00edn V\u00e1zquez<\/strong> -Real Madryt<\/li>\n<li><strong>Manolo<\/strong> do 69&#8242; -Club Atl\u00e9tico<\/li>\n<li>od 69&#8242; <strong>Julio Salinas<\/strong> -FC Barcelona<\/li>\n<li><strong>Emilio Butrague\u00f1o<\/strong> kapitan -Real Madryt<\/li>\n<\/ul>\n<\/td>\n<td style=\"width: 50%;\">\n<ul>\n<li><strong>Jaros\u0142aw Bako<\/strong> do 46&#8242; -Zag\u0142\u0119bie Lubin<\/li>\n<li>od 46&#8242;<strong> J\u00f3zef Wandzik<\/strong> -G\u00f3rnik Zabrze<\/li>\n<li><strong>Dariusz Kubicki<\/strong> -Legia Warszawa<\/li>\n<li><strong>Krzysztof Budka<\/strong> [ycard] do 54&#8242; -Legia Warszawa<\/li>\n<li>od 54&#8242;<strong> Piotr Soczy\u0144ski<\/strong> -Olimpia Pozna\u0144<\/li>\n<li><strong>Juliusz Kruszankin<\/strong> -Legia Warszawa<\/li>\n<li><strong>Dariusz Wdowczyk<\/strong> kapitan-Legia Warszawa<\/li>\n<li><strong>Robert Warzycha<\/strong> -G\u00f3rnik Zabrze<\/li>\n<li><strong>Zbigniew Kaczmarek<\/strong> -Legia Warszawa<\/li>\n<li><strong>Piotr Czachowski<\/strong> -Stal Mielec<\/li>\n<li><strong>Jacek Ziober<\/strong> -\u0141KS \u0141\u00f3d\u017a<\/li>\n<li><strong>Krzysztof Warzycha<\/strong> -Ruch Chorz\u00f3w<\/li>\n<li><strong>Roman Kosecki<\/strong> do 73&#8242; -Legia Warszawa<\/li>\n<li>od 73&#8242; <strong>Miros\u0142aw Kubisztal<\/strong> -GKS Katowice<\/li>\n<\/ul>\n<\/td>\n<\/tr>\n<\/tbody>\n<\/table>\n<p><div id=\"attachment_9715\" style=\"width: 495px\" class=\"wp-caption aligncenter\"><img loading=\"lazy\" decoding=\"async\" aria-describedby=\"caption-attachment-9715\" class=\"wp-image-9715 size-medium\" src=\"https:\/\/kronika-futbolu.pl\/historia\/wp-content\/uploads\/2020\/12\/6B_Hiszpania_Polska_1989_ElMundoDeportivo-485x400.png\" alt=\"Polska - Hiszpania 1989 El Mundo Deportivo\" width=\"485\" height=\"400\" srcset=\"https:\/\/kronika-futbolu.pl\/historia\/wp-content\/uploads\/2020\/12\/6B_Hiszpania_Polska_1989_ElMundoDeportivo-485x400.png 485w, https:\/\/kronika-futbolu.pl\/historia\/wp-content\/uploads\/2020\/12\/6B_Hiszpania_Polska_1989_ElMundoDeportivo.png 731w\" sizes=\"auto, (max-width: 485px) 100vw, 485px\" \/><p id=\"caption-attachment-9715\" class=\"wp-caption-text\">Polska &#8211; Hiszpania 1989 El Mundo Deportivo<\/p><\/div> <div id=\"attachment_9714\" style=\"width: 331px\" class=\"wp-caption alignleft\"><img loading=\"lazy\" decoding=\"async\" aria-describedby=\"caption-attachment-9714\" class=\"wp-image-9714 size-medium\" src=\"https:\/\/kronika-futbolu.pl\/historia\/wp-content\/uploads\/2020\/12\/6A_Hiszpania_Polska_1989_ElMundoDeportivo-321x400.png\" alt=\"Polska - Hiszpania 1989 El Mundo Deportivo\" width=\"321\" height=\"400\" srcset=\"https:\/\/kronika-futbolu.pl\/historia\/wp-content\/uploads\/2020\/12\/6A_Hiszpania_Polska_1989_ElMundoDeportivo-321x400.png 321w, https:\/\/kronika-futbolu.pl\/historia\/wp-content\/uploads\/2020\/12\/6A_Hiszpania_Polska_1989_ElMundoDeportivo-768x958.png 768w, https:\/\/kronika-futbolu.pl\/historia\/wp-content\/uploads\/2020\/12\/6A_Hiszpania_Polska_1989_ElMundoDeportivo.png 812w\" sizes=\"auto, (max-width: 321px) 100vw, 321px\" \/><p id=\"caption-attachment-9714\" class=\"wp-caption-text\">Polska &#8211; Hiszpania 1989 El Mundo Deportivo<\/p><\/div><\/p>\n<p>6 mecz pomi\u0119dzy Polsk\u0105 a Hiszpani\u0105 w historii i jak wi\u0119kszo\u015b\u0107 z nich zako\u0144czy\u0142a si\u0119 pora\u017ck\u0105 Polski. Przed ostatnimi meczami eliminacyjnymi do Mistrzostw \u015awiata 1990 Polska mia\u0142a nik\u0142e szanse na awans zajmuj\u0105c 3 miejsce w tabeli swojej grupy za Angli\u0105 i Szwecj\u0105, za\u015b Hiszpania spokojnie liderowa\u0142a i mog\u0142a my\u015ble\u0107 ju\u017c o Mundialu.<\/p>\n<p>Jedyn\u0105 bramk\u0119 w spotkaniu zdoby\u0142 rozgrywaj\u0105cy 38 mecz w dru\u017cynie narodowej Michel kt\u00f3ry \u0142adnie uderzy\u0142 z 16 metra po zgraniu mu pi\u0142ki idealnie w miejsce z kt\u00f3rego pasowa\u0142o strzela\u0107. By\u0142 to Jego 11 gol w barwach narodowych. Prawdziwe imi\u0119 i nazwisko jedynego strzelca gola w meczu to Jos\u00e9 Miguel Gonz\u00e1lez Mart\u00edn del Campo- gracz Realu Madryt przez 15 lat (1981-1996).<\/p>\n<p>W zespole Hiszpanii zadebiutowali: Jos\u00e9 Manuel Ochotorena- jednocze\u015bnie ostatni wyst\u0119p, Hero III czyli Fernando Ruiz Hierro (lub Ruiz Hierro) dla kt\u00f3rego reprezentacyjny licznik zatrzyma si\u0119 na 89 wyst\u0119pach i 29 bramkach, oraz Francisco Javier P\u00e9rez Villarroya- ostatecznie 14 gier.<\/p>\n<p>W dru\u017cynie Andrzeja Strejlaua po raz 3 i ostatni w Reprezentacji Polski zagra\u0142 Krzysztof Budka z Legii Warszawa a dla zawodnika GKS-u Katowice Miros\u0142awa Kubisztala mecz z Hiszpani\u0105 by\u0142 debiutem i zarazem ostatnim wyst\u0119pem.<\/p>\n<p>&nbsp;<\/p>\n<h2 id=\"mecz-26-10-1975\"><span class=\"ez-toc-section\" id=\"5_Mecz_Hiszpania-_Polska_3_0_26_marca_1986_r\"><\/span><a id=\"mecz-26-03-1986\"><\/a>5. Mecz Hiszpania- Polska 3:0 (26 marca 1986 r.)<span class=\"ez-toc-section-end\"><\/span><\/h2>\n<ul>\n<li><strong>Data meczu:<\/strong> 26.03.1986<\/li>\n<li><strong>Ranga meczu:<\/strong> Towarzyski<\/li>\n<li><strong>S\u0119dzia:<\/strong> Jean-Marie Lartigot &#8211; Francja<\/li>\n<li><strong>Stadion:<\/strong> Estadio Ram\u00f3n de Carranza,\u00a0 C\u00e1diz<\/li>\n<li><strong>Trener:<\/strong> Antoni Piechniczek<\/li>\n<\/ul>\n<p><strong>\u26bd Strzelone bramki:<\/strong><\/p>\n<ul>\n<li>Emilio Butrague\u00f1o [es] 20&#8242;,<\/li>\n<li>Calder\u00e9\u00a0 [es] 29&#8242;,<\/li>\n<li>Julio Salinas [es] 47&#8242;<\/li>\n<\/ul>\n<p>&nbsp;<\/p>\n<p><strong>? Sk\u0142ady:<\/strong><\/p>\n<table style=\"border-collapse: collapse; width: 100%;\">\n<thead>\n<tr>\n<th style=\"width: 50%;\">[es] Hiszpania:<\/th>\n<th style=\"width: 50%;\">[pl] Polska:<\/th>\n<\/tr>\n<\/thead>\n<tbody>\n<tr>\n<td style=\"width: 50%;\">\n<ul>\n<li><strong>Andoni Zubizarreta<\/strong> -Athletic Club Bilbao<\/li>\n<li><strong>Tom\u00e1s<\/strong> -Atl\u00e9tico Madryt<\/li>\n<li><strong>Andoni Goikoetxea<\/strong> do 73&#8242; -Athletic Club Bilbao<\/li>\n<li>od 73&#8242; <strong>Carrasco <\/strong>-FC Barcelona<\/li>\n<li><strong>Gallego<\/strong> -Real Madryt<\/li>\n<li><strong>Camacho<\/strong> kapitan -Real Madryt<\/li>\n<li><strong>Michel<\/strong> do 46&#8242; -Real Madryt<\/li>\n<li>od 46&#8242; <strong>Se\u00f1or<\/strong> -Real Zaragoza<\/li>\n<li><strong>Francisco L\u00f3pez<\/strong> -Sevilla FC<\/li>\n<li><strong>Julio Alberto<\/strong> do 46&#8242; -FC Barcelona<\/li>\n<li>od 46&#8242; <strong>Gordillo<\/strong> -Real Madryt<\/li>\n<li><strong>Calder\u00e9<\/strong> -FC Barcelona<\/li>\n<li><strong>Julio Salinas<\/strong> -Athletic Club Bilbao<\/li>\n<li><strong>Emilio Butrague\u00f1o<\/strong> do 78&#8242; -Real Madryt<\/li>\n<li>od 78&#8242; <strong>Rinc\u00f3n<\/strong> -Real Betis Balompi\u00e9<\/li>\n<\/ul>\n<\/td>\n<td style=\"width: 50%;\">\n<ul>\n<li><strong>J\u00f3zef M\u0142ynarczyk<\/strong> -FC Porto<\/li>\n<li><strong>Stefan Majewski<\/strong> -1. FC Kaiserslautern<\/li>\n<li><strong>Roman W\u00f3jcicki<\/strong> do 78&#8242; -Widzew \u0141\u00f3d\u017a<\/li>\n<li>od 78&#8242;<strong> Jan Kara\u015b<\/strong> -Legia Warszawa<\/li>\n<li><strong>Kazimierz Przyby\u015b<\/strong> -Widzew \u0141\u00f3d\u017a<\/li>\n<li><strong>Marek Ostrowski<\/strong> do 72&#8242; -Pogo\u0144 Szczecin<\/li>\n<li>od 72&#8242; <strong>Krzysztof Pawlak<\/strong> -Lech Pozna\u0144<\/li>\n<li><strong>Dariusz Dziekanowski<\/strong> -Legia Warszawa<\/li>\n<li><strong>Andrzej Buncol<\/strong> -Legia Warszawa<\/li>\n<li><strong>Waldemar Matysik<\/strong> -G\u00f3rnik Zabrze<\/li>\n<li><strong>Jan Urban<\/strong> do 65&#8242; -G\u00f3rnik Zabrze<\/li>\n<li>od 65&#8242; <strong>Ryszard Tarasiewicz<\/strong> -\u015al\u0105sk Wroc\u0142aw<\/li>\n<li><strong>Zbigniew Boniek<\/strong> kapitan-AS Roma Roma<\/li>\n<li><strong>Andrzej Zgutczy\u0144ski<\/strong> do 65&#8242; -G\u00f3rnik Zabrze<\/li>\n<li>od 65&#8242; <strong>Krzysztof Baran<\/strong> -\u0141KS \u0141\u00f3d\u017a<\/li>\n<\/ul>\n<\/td>\n<\/tr>\n<\/tbody>\n<\/table>\n<p><div id=\"attachment_9710\" style=\"width: 488px\" class=\"wp-caption aligncenter\"><img loading=\"lazy\" decoding=\"async\" aria-describedby=\"caption-attachment-9710\" class=\"wp-image-9710 size-medium\" src=\"https:\/\/kronika-futbolu.pl\/historia\/wp-content\/uploads\/2020\/12\/5B_Hiszpania_Polska_1986_ElMundoDeportivo-478x400.png\" alt=\"Hiszpania - Polska 1986 El Mundo Deportivo\" width=\"478\" height=\"400\" srcset=\"https:\/\/kronika-futbolu.pl\/historia\/wp-content\/uploads\/2020\/12\/5B_Hiszpania_Polska_1986_ElMundoDeportivo-478x400.png 478w, https:\/\/kronika-futbolu.pl\/historia\/wp-content\/uploads\/2020\/12\/5B_Hiszpania_Polska_1986_ElMundoDeportivo-768x642.png 768w, https:\/\/kronika-futbolu.pl\/historia\/wp-content\/uploads\/2020\/12\/5B_Hiszpania_Polska_1986_ElMundoDeportivo.png 1235w\" sizes=\"auto, (max-width: 478px) 100vw, 478px\" \/><p id=\"caption-attachment-9710\" class=\"wp-caption-text\">Hiszpania &#8211; Polska 1986 El Mundo Deportivo<\/p><\/div> <div id=\"attachment_9711\" style=\"width: 594px\" class=\"wp-caption alignleft\"><img loading=\"lazy\" decoding=\"async\" aria-describedby=\"caption-attachment-9711\" class=\"wp-image-9711 size-medium\" src=\"https:\/\/kronika-futbolu.pl\/historia\/wp-content\/uploads\/2020\/12\/5C_Hiszpania_Polska_1986_ElMundoDeportivo-584x400.png\" alt=\"Hiszpania - Polska 1986 El Mundo Deportivo\" width=\"584\" height=\"400\" srcset=\"https:\/\/kronika-futbolu.pl\/historia\/wp-content\/uploads\/2020\/12\/5C_Hiszpania_Polska_1986_ElMundoDeportivo-584x400.png 584w, https:\/\/kronika-futbolu.pl\/historia\/wp-content\/uploads\/2020\/12\/5C_Hiszpania_Polska_1986_ElMundoDeportivo-768x526.png 768w, https:\/\/kronika-futbolu.pl\/historia\/wp-content\/uploads\/2020\/12\/5C_Hiszpania_Polska_1986_ElMundoDeportivo.png 1049w\" sizes=\"auto, (max-width: 584px) 100vw, 584px\" \/><p id=\"caption-attachment-9711\" class=\"wp-caption-text\">Hiszpania &#8211; Polska 1986 El Mundo Deportivo<\/p><\/div><\/p>\n<p>Dla Hiszpanii by\u0142 to ostatni oficjalny mecz przed Mistrzostwami \u015awiata 1986 w Meksyku kt\u00f3re odby\u0142y si\u0119 nie co ponad 2 miesi\u0105ce p\u00f3\u017aniej. Wygrana z Polakami by\u0142a 8 meczem bez pora\u017cki z rz\u0119du. Ta dobra seria zako\u0144czy si\u0119 1 czerwca na Mundialu pora\u017ck\u0105 z Brazyli\u0105.<\/p>\n<p>Hiszpanie zagrali \u0142adnie, byli zgrani i mogli z optymizmem czeka\u0107 na turniej w Meksyku gdzie jak si\u0119 okaza\u0142o dotarli do \u0107wier\u0107fina\u0142u.<\/p>\n<p>Dru\u017cyna prowadzona przez Antoniego Piechniczka pokaza\u0142a bardzo s\u0142ab\u0105 gr\u0119. Znacznie za ma\u0142o zaanga\u017cowania, dopiero w drugiej po\u0142owie uda\u0142o si\u0119 przeprowadzi\u0107 kilka \u0142adniejszych akcji. Na 3 gole przy 2 spore b\u0142\u0119dy pope\u0142ni\u0142 J\u00f3zef M\u0142ynarczyk, oraz reszta obro\u0144c\u00f3w.<\/p>\n<p>Dzisiaj wiemy \u017ce to spotkanie by\u0142o zapowiedzi\u0105 o wiele s\u0142abszej postawy na Mundialu i daleko by\u0142o w Meksyku od wyniku sprzed 4 lat (3 miejsce). 16 maja &#8222;Bia\u0142o-Czerwoni&#8221; zagrali jeszcze spotkanie z Dani\u0105, a p\u00f3\u017aniej by\u0142y ju\u017c mecze na Mistrzostwach \u015awiata.<\/p>\n<p>Tak o meczu pisano w Przegl\u0105dzie Sportowym dzie\u0144 p\u00f3\u017aniej 27 marca 1985:<\/p>\n<p>Wygl\u0105da\u0142o to tak, jakby nasi pi\u0142karze przestraszyli si\u0119 podopiecznych trenera Miguela Mu\u00f1oza. Polacy ust\u0119powali Hiszpanom pod ka\u017cdym wzgl\u0119dem, grali boja\u017aliwie, wolno, chowali si\u0119 za plecy hiszpa\u0144skich pi\u0142karzy. Niepewne wybiegi J\u00f3zefa M\u0142ynarczyka, b\u0142\u0119dy obro\u0144c\u00f3w, niewidoczna druga linia, nieistniej\u0105cy atak \u2013 to wszystko nie mog\u0142o wywrze\u0107 dobrego wra\u017cenia. Dopiero po przerwie nasi pi\u0142karze przeprowadzili jedn\u0105 czy dwie bardziej niebezpieczne akcje. Wypada si\u0119 wi\u0119c pocieszy\u0107 tylko tym, \u017ce do fina\u0142\u00f3w Mexico 86 jest jeszcze troch\u0119 czasu.<\/p>\n<h2 id=\"mecz-19-04-1975\"><span class=\"ez-toc-section\" id=\"4_Mecz_Polska_%E2%80%93_Hiszpania_2_3_18_listopada_1981_r\"><\/span><a id=\"mecz-18-11-1981\"><\/a>4. Mecz Polska &#8211; Hiszpania 2:3 (18\u00a0 listopada 1981 r.)<span class=\"ez-toc-section-end\"><\/span><\/h2>\n<ul>\n<li><strong>Data meczu:<\/strong> 18.11.1981<\/li>\n<li><strong>Ranga meczu:<\/strong> Towarzyski<\/li>\n<li><strong>S\u0119dzia:<\/strong> R\u00f3bert Jaczina &#8211; W\u0119gry<\/li>\n<li><strong>Stadion:<\/strong> Stadion Miejski (\u0141KS), \u0141\u00f3d\u017a<\/li>\n<li><strong>Trener:<\/strong> Antoni Piechniczek<\/li>\n<\/ul>\n<p><strong>\u26bd Strzelone bramki:<\/strong><\/p>\n<ul>\n<li>L\u00f3pez Ufarte [es] 10&#8242;,<\/li>\n<li>Andrzej Pa\u0142asz [pl] 56&#8242;,<\/li>\n<li>Zbigniew Boniek [pl] 74&#8242;<\/li>\n<li>Alexanko [es] 80&#8242;<\/li>\n<li>Perico Alonso [es] 88&#8242;<\/li>\n<\/ul>\n<p>&nbsp;<\/p>\n<p><strong>? Sk\u0142ady:<\/strong><\/p>\n<table style=\"border-collapse: collapse; width: 100%; height: 407px;\">\n<thead>\n<tr style=\"height: 21px;\">\n<th style=\"width: 50%; height: 21px;\">[pl] Polska:<\/th>\n<th style=\"width: 50%; height: 21px;\">[es] Hiszpania:<\/th>\n<\/tr>\n<\/thead>\n<tbody>\n<tr style=\"height: 386px;\">\n<td style=\"width: 50%; height: 386px;\">\n<ul>\n<li><strong>Jan Tomaszewski<\/strong> kapitan do 46&#8242; -H\u00e9rcules Alicante<\/li>\n<li>od 46&#8242;<strong> Piotr Mowlik<\/strong> -KKS Lech Pozna\u0144<\/li>\n<li><strong>Marek Dziuba<\/strong> -\u0141KS \u0141\u00f3d\u017a<\/li>\n<li><strong>Piotr Skrobowski<\/strong> -Wis\u0142a Krak\u00f3w<\/li>\n<li><strong>Tadeusz Dolny<\/strong> -G\u00f3rnik Zabrze<\/li>\n<li><strong>Jan Ja\u0142ocha<\/strong> do 53&#8242; -Wis\u0142a Krak\u00f3w<\/li>\n<li>od 53&#8242; <strong>Waldemar Matysik<\/strong> -G\u00f3rnik Zabrze<\/li>\n<li><strong>Zbigniew Boniek<\/strong> -Widzew \u0141\u00f3d\u017a<\/li>\n<li><strong>Andrzej Buncol<\/strong> do 55&#8242; -Ruch Chorz\u00f3w<\/li>\n<li>od 55&#8242; <strong>Andrzej Pa\u0142asz<\/strong> -G\u00f3rnik Zabrze<\/li>\n<li><strong>Grzegorz Lato<\/strong> -KSC Lokeren<\/li>\n<li><strong>Andrzej Iwan<\/strong> -Wis\u0142a Krak\u00f3w<\/li>\n<li><strong>W\u0142odzimierz Smolarek<\/strong> do 73&#8242; -Widzew \u0141\u00f3d\u017a<\/li>\n<li>od 73&#8242; <strong>Miros\u0142aw Oko\u0144ski<\/strong> -Legia Warszawa<\/li>\n<li><strong>Stefan Majewski<\/strong> -Legia Warszawa<\/li>\n<\/ul>\n<\/td>\n<td style=\"width: 50%; height: 386px;\">\n<ul>\n<li><strong>Arconada<\/strong> kapitan -Real Sociedad<br \/>\n<strong>Camacho<\/strong> -Real Madryd<br \/>\n<strong>Jim\u00e9nez<\/strong> -Real Sporting de Gij\u00f3n<br \/>\n<strong>Alexanko<\/strong> -FC Barcelona<br \/>\n<strong>Gordillo<\/strong> -Real Betis Balompi\u00e9<br \/>\n<strong>V\u00edctor<\/strong> 62&#8242; [ycard] do 67&#8242; -FC Barcelona<br \/>\nod 67&#8242; <strong>Saura<\/strong> -Valencia CF<br \/>\n<strong>Perico Alonso<\/strong> -Real Sociedad<br \/>\n<strong>Zamora<\/strong> -Real Sociedad<br \/>\n<strong>Marcos<\/strong> do 67&#8242; -Atl\u00e9tico Madryd<br \/>\nod 67&#8242; <strong>Boquer\u00f3n<\/strong> -FC Barcelona<br \/>\n<strong>Jes\u00fas Mar\u00eda Satr\u00fastegui<\/strong> -Real Sociedad<br \/>\n<strong>L\u00f3pez Ufarte<\/strong> -Real Sociedad<\/li>\n<\/ul>\n<\/td>\n<\/tr>\n<\/tbody>\n<\/table>\n<p>Ostatni mecz w Reprezentacji Polski bramkarza Jana Tomaszewskiego by\u0142 nie tylko ostatnim spotkaniem Polak\u00f3w w 1981 roku ale r\u00f3wnie\u017c ostatnim przed pierwszym spotkaniem na Mistrzostwach \u015awiata w Hiszpanii 14 czerwca 1982 kiedy to dru\u017cyna Piechniczka zagra\u0142a z W\u0142ochami. Ponad p\u00f3\u0142 roku bez rozgrywania spotka\u0144 oficjalnych z innymi reprezentacjami by\u0142o spowodowane stanem wojennym kt\u00f3ry zosta\u0142 og\u0142oszony prawie miesi\u0105c p\u00f3\u017aniej.\u00a0<\/p>\n<p>Prawie dok\u0142adnie rok po poprzedniej rywalizacji Polak\u00f3w z Hiszpanami kiedy w Barcelonie zesp\u00f3\u0142 prowadzony w\u00f3wczas przez Ryszarda Kulesz\u0119 pokona\u0142 2-1 La Roja 2-1 nadszed\u0142 czas na rewan\u017c, ale ju\u017c szkoleniowcem &#8222;Bia\u0142o-Czerwonych&#8221; by\u0142 Antoni Piechniczek (od marca). Polska wywalczy\u0142a awans na hiszpa\u0144ski Mundial po wygraniu grupy z NRD i Malt\u0105. 15 listopada Polska rozgromi\u0142a w ostatnim spotkaniu eliminacji Malt\u0119 6-0.\u00a0 Tak\u017ce zaraz po zako\u0144czeniu eliminacji w \u0141odzi zagrali\u015bmy z gospodarzami Mistrzostw \u015awiata 1982.\u00a0<\/p>\n<p>Tym razem ju\u017c jednak g\u00f3r\u0105 okazali si\u0119 pi\u0142karze z P\u00f3\u0142wyspu Iberyjskiego. Bramki pada\u0142y za zmian\u0119, najpierw szybko bo ju\u017c w 10 minucie Ufarte, wyr\u00f3wna\u0142 w 56 Pa\u0142asz. 50 wyst\u0119p dla Polski uczci\u0142 golem Boniek kt\u00f3ry\u00a0 podwy\u017cszy\u0142 na 2-1 lecz 6 minut p\u00f3\u017aniej Alexanko znowu wyr\u00f3wna\u0142.\u00a0 Wynik tu\u017c przed ko\u0144cem ustali\u0142 Perico Alonso, ojciec s\u0142ynnego Xabiego Alonso oraz mniej znanego ale te\u017c pi\u0142karza\u00a0 Mikela Alonso.\u00a0<\/p>\n<p>Wspomniany\u00a0 ju\u017c Tomaszewski zagra\u0142 po raz 63 w narodowej dru\u017cynie i ostatni. Co ciekawe w przerwie zosta\u0142 zmieniony przez Piotra Mowlika kt\u00f3ry zagra\u0142 21 spotkanie reprezentacyjne i te\u017c ostatnie jak si\u0119 okaza\u0142o.<\/p>\n<p>Po stronie zadebiutuje Jim\u00e9nez i jego wyst\u0119py reprezentacyjne si\u0119 zako\u0144cz\u0105 na tym. Trzeci i ostatni mecz dla Hiszpan\u00f3w zagra\u0142 Boquer\u00f3n.<\/p>\n<h2 id=\"mecz-23-06-1974\"><span class=\"ez-toc-section\" id=\"3_Mecz_Hiszpania-_Polska_1_2_12_listopada_1980_r\"><\/span><a id=\"mecz-12-11-1980\"><\/a>3. Mecz Hiszpania- Polska 1:2 (12 listopada 1980 r.)<span class=\"ez-toc-section-end\"><\/span><\/h2>\n<ul>\n<li><strong>Data meczu:<\/strong> 12.11.1980<\/li>\n<li><strong>Ranga meczu:<\/strong> Towarzyski<\/li>\n<li><strong>S\u0119dzia:<\/strong> Roger Schoeters &#8211; Belgia<\/li>\n<li><strong>Stadion:<\/strong> Estadio de Sarri\u00e1, Barcelona<\/li>\n<li><strong>Trener:<\/strong> Ryszard Kulesza<\/li>\n<\/ul>\n<p><strong>\u26bd Strzelone bramki:<\/strong><\/p>\n<ul>\n<li>Andrzej Iwan \u00a0[pl] 19&#8242;,<\/li>\n<li>Dani [es] 88&#8242;-k,<\/li>\n<li>Andrzej Iwan [pl] 89&#8242;<\/li>\n<\/ul>\n<p><strong>? Sk\u0142ady:<\/strong><\/p>\n<table style=\"border-collapse: collapse; width: 100%;\">\n<thead>\n<tr>\n<th style=\"width: 50%;\">[es] Hiszpania:<\/th>\n<th style=\"width: 50%;\">[pl] Polska:<\/th>\n<\/tr>\n<\/thead>\n<tbody>\n<tr>\n<td style=\"width: 50%;\">\n<ul>\n<li><strong>Arconada<\/strong> kapitan -Real Sociedad<\/li>\n<li><strong>Celayeta<\/strong> -Real Sociedad<\/li>\n<li><strong>Alexanko<\/strong> -FC Barcelona<\/li>\n<li><strong>Tendillo<\/strong> -Valencia CF<\/li>\n<li><strong>Gordillo<\/strong> -Real Betis Balompi\u00e9<\/li>\n<li><strong>Joaqu\u00edn<\/strong> -Real Sporting de Gij\u00f3n<\/li>\n<li><strong>Perico Alonso<\/strong> -Real Sociedad<\/li>\n<li><strong>Zamora<\/strong> -Real Sociedad<\/li>\n<li><strong>Juanito<\/strong> do 78&#8242; -Real Madryt<\/li>\n<li>od 78&#8242; <strong>Saura<\/strong> -Valencia CF<\/li>\n<li><strong>Santillana<\/strong> -Real Madryt<\/li>\n<li><strong>Mor\u00e1n<\/strong> do 78&#8242; -Real Betis Balompi\u00e9<\/li>\n<li>od 78&#8242; <strong>Dani<\/strong> -Athletic Club<\/li>\n<\/ul>\n<\/td>\n<td style=\"width: 50%;\">\n<ul>\n<li><strong>J\u00f3zef M\u0142ynarczyk<\/strong> 69&#8242; [ycard] -Widzew \u0141\u00f3d\u017a<\/li>\n<li><strong>Marek Dziuba<\/strong> do 89&#8242; -\u0141KS<\/li>\n<li>od 89&#8242; <strong>Edward Za\u0142\u0119\u017cny<\/strong> -Legia Warszawa<\/li>\n<li><strong>Pawe\u0142 Janas<\/strong> -Legia Warszawa<\/li>\n<li><strong>W\u0142adys\u0142aw \u017bmuda<\/strong> kapitan -Widzew \u0141\u00f3d\u017a<\/li>\n<li><strong>Adam Walczak<\/strong> do 46&#8242; -Ba\u0142tyk Gdynia<\/li>\n<li>od 46&#8242; <strong>Wojciech Rudy<\/strong> -Zag\u0142\u0119bie Sosnowiec<\/li>\n<li><strong>Leszek Lipka<\/strong> -Wis\u0142a Krak\u00f3w<\/li>\n<li><strong>Piotr Skrobowski<\/strong> do 72&#8242; -Wis\u0142a Krak\u00f3w<\/li>\n<li>od 72&#8242; <strong>Krzysztof Adamczyk<\/strong> -Legia Warszawa<\/li>\n<li><strong>Zbigniew Boniek<\/strong> -Widzew \u0141\u00f3d\u017a<\/li>\n<li><strong>W\u0142odzimierz Cio\u0142ek<\/strong> -Stal Mielec<\/li>\n<li><strong>Andrzej Iwan<\/strong> -Wis\u0142a Krak\u00f3w<\/li>\n<li><strong>W\u0142odzimierz Smolarek<\/strong> do 46&#8242; -Widzew \u0141\u00f3d\u017a<\/li>\n<li>od 46&#8242;<strong> Janusz Kupcewicz<\/strong> -Arka Gdynia<\/li>\n<\/ul>\n<\/td>\n<\/tr>\n<\/tbody>\n<\/table>\n<div id=\"attachment_9702\" style=\"width: 253px\" class=\"wp-caption alignleft\"><img loading=\"lazy\" decoding=\"async\" aria-describedby=\"caption-attachment-9702\" class=\"wp-image-9702 size-full\" src=\"https:\/\/kronika-futbolu.pl\/historia\/wp-content\/uploads\/2020\/12\/3B_Hiszpania_Polska_AndrzejIwan_wikipedia.png\" alt=\"Hiszpania - Polska 1980 1-2\" width=\"243\" height=\"384\" \/><p id=\"caption-attachment-9702\" class=\"wp-caption-text\">Hiszpania &#8211; Polska 1980 1-2. Strzelec 2 goli Andrzej Iwan. Fot. Wikipedia<\/p><\/div>\n<p>Ma\u0142o jest mecz\u00f3w towarzyskich w historii Reprezentacji Polski kt\u00f3re by tak mocno si\u0119\u00a0 wyr\u00f3\u017cnia\u0142y z pozosta\u0142ych. Co najbardziej zosta\u0142o zapami\u0119tane ze spotkania z Hiszpani\u0105 z 1980 roku ? Przede wszystkim wynik. Na 10 rozegranych gier jak dot\u0105d (stan na listopad 2020) jest to jedyne zwyci\u0119stwo \u201eBia\u0142o-Czerwonych\u201d nad zespo\u0142em \u201eLa Furia Roja\u201d. Reszta wszystkie s\u0105 przegranymi plus jeden remis.<\/p>\n<p>Tego dnia w Barcelonie Hiszpanie rozegrali ostatni sw\u00f3j mecz oficjalny w 1980 roku i 250 w og\u00f3le. By\u0142 to zarazem Ich 10 mecz bez wygranej z rz\u0119du. Ta passa potrwa do lutego kolejnego roku gdy wygraj\u0105 z Francj\u0105.<\/p>\n<p>Polacy po rywalizacji w Barcelonie rozegraj\u0105 jeszcze 2 spotkania i \u0142\u0105cznie w 1980 b\u0119d\u0105 mie\u0107 rozegranych 18 mecz\u00f3w.<\/p>\n<p>W dru\u017cynie gospodarzy wyst\u0105pi\u0142y takie gwiazdy jak Zamora, Santillana, czy Juanito.\u00a0 Celayeta wyst\u0105pi\u0142 po raz 6 i ostatni w barwach narodowych. Strzelec gola Dani rozegra\u0142 dla swojej reprezentacji jeszcze tylko 2 mecze i bez gola. \u0141\u0105cznie 25 mecz\u00f3w i 10 bramek.<\/p>\n<p>W dru\u017cynie polskiej Edward Za\u0142\u0119\u017cny zagra\u0142 po raz 4 i ostatni. Zadebiutowali Adam Walczak- zagra jeszcze 3-krotnie kilka miesi\u0119cy p\u00f3\u017aniej z Japoni\u0105, oraz Krzysztof Adamczyk kt\u00f3ry wyst\u0105pi jeszcze narodowej dru\u017cynie 2 razy.<\/p>\n<p>Andrzej Iwan zyska\u0142 po spotkaniu przydomek Iwan Gro\u017any, da\u0142 wygran\u0105 Polsce<\/p>\n<p>&nbsp;<\/p>\n<p>&nbsp;<\/p>\n<p>&nbsp;<\/p>\n<p>&nbsp;<\/p>\n<p>Tak o spotkaniu mo\u017cna by\u0142o przeczyta\u0107 w \u201etempie\u201d dzie\u0144 p\u00f3\u017aniej:<\/p>\n<p>&nbsp;<\/p>\n<p>&#8222;Trzeci w historii spotka\u0144 pi\u0142karskich pierwszych reprezentacji mecz Polski i Hiszpanii, po dw\u00f3ch wcze\u015bniejszych pora\u017ckach 2:4 i 0:3, zako\u0144czy\u0142 si\u0119 naszym zwyci\u0119stwem. I to na stadionie Espanyolu w Barcelonie, gdzie za 19 miesi\u0119cy odbywa\u0107 si\u0119 b\u0119d\u0105 mecze M\u015a&#8217;82. Aby jednak nie popa\u015b\u0107 w samozadowolenie, trzeba stwierdzi\u0107, \u017ce Hiszpanie zawiedli. Grali s\u0142abiej ni\u017c niedawno przeciwko NRD w Lipsku (0:0) i du\u017co gorzej ni\u017c podczas fina\u0142\u00f3w ME&#8217;80, gdy zremisowali z W\u0142ochami (0:0) i ulegli Anglikom oraz Belgom po 1:2.&#8221;<\/p>\n<p>&nbsp;<\/p>\n<h2 id=\"mecz-01-11-1965\"><span class=\"ez-toc-section\" id=\"2_Mecz_Hiszpania-_Polska_3_0_14_pazdziernika_1959_r\"><\/span><a id=\"mecz-14-10-1959\"><\/a>2. Mecz Hiszpania- Polska 3:0 (14 pa\u017adziernika 1959 r.)<span class=\"ez-toc-section-end\"><\/span><\/h2>\n<ul>\n<li><strong>Data meczu:<\/strong> 14.10.1959<\/li>\n<li><strong>Ranga meczu:<\/strong> Eliminacje Mistrzostw Europy 1960<\/li>\n<li><strong>S\u0119dzia:<\/strong> K\u00e1roly Balla- W\u0119gry<\/li>\n<li><strong>Stadion:<\/strong> Estadio Santiago Bernab\u00e9u, Madryt<\/li>\n<li><strong>Trenerzy:<\/strong> Czes\u0142aw Krug, Jean Prouff<\/li>\n<\/ul>\n<p><strong>\u26bd Strzelone bramki:<\/strong><\/p>\n<ul>\n<li>Alfredo Di St\u00e9fano [es] 30&#8242;<\/li>\n<li>Enric Gensana [es] 69&#8242;<\/li>\n<li>\u00a0Gento [es] 86&#8242;<\/li>\n<\/ul>\n<p><strong>? Sk\u0142ady:<\/strong><\/p>\n<table style=\"border-collapse: collapse; width: 100%;\">\n<thead>\n<tr>\n<th style=\"width: 50%;\">[es] Hiszpania:<\/th>\n<th style=\"width: 50%;\">[pl] Polska:<\/th>\n<\/tr>\n<\/thead>\n<tbody>\n<tr>\n<td style=\"width: 50%;\">\n<ul>\n<li><strong>Ramallets<\/strong> -CF Barcelona<\/li>\n<li><strong>Olivella<\/strong> -CF Barcelona<\/li>\n<li><strong>Garay<\/strong> -Atl\u00e9tico de Bilbao<\/li>\n<li><strong>Gracia<\/strong> -CF Barcelona<\/li>\n<li><strong>Segarra<\/strong> kapitan -CF Barcelona<\/li>\n<li><strong>Enric Gensana<\/strong> -CF Barcelona<\/li>\n<li><strong>Tejada<\/strong> -CF Barcelona<\/li>\n<li><strong>Ladislav Kubala<\/strong> -CF Barcelona<\/li>\n<li><strong>Alfredo Di St\u00e9fano<\/strong> -Real Madryd<\/li>\n<li><strong>Luis Su\u00e1rez<\/strong> -CF Barcelona<\/li>\n<li><strong>Gento<\/strong> -Real Madryd<\/li>\n<\/ul>\n<\/td>\n<td style=\"width: 50%;\">\n<ul>\n<li><strong>Tomasz Stefaniszyn<\/strong> -Gwardia Warszawa<\/li>\n<li><strong>Henryk Szczepa\u0144ski<\/strong> -\u0141KS \u0141\u00f3d\u017a<\/li>\n<li><strong>Roman Korynt<\/strong> -Lechia Gda\u0144sk<\/li>\n<li><strong>Fryderyk Monica<\/strong> -Wis\u0142a Krak\u00f3w<\/li>\n<li><strong>Witold Majewski<\/strong> -Stal Sosnowiec<\/li>\n<li><strong>Henryk Grzybowski<\/strong> -Legia Warszawa<\/li>\n<li><strong>Krzysztof Baszkiewicz<\/strong> -Gwardia Warszawa<\/li>\n<li><strong>Ernest Pol<\/strong> -G\u00f3rnik Zabrze<\/li>\n<li><strong>Stanis\u0142aw Hachorek<\/strong> -Gwardia Warszawa<\/li>\n<li><strong>Edmund Zientara<\/strong> kapitan -Legia Warszawa<\/li>\n<li><strong>Zbigniew Szarzy\u0144ski<\/strong> -Gwardia Warszawa<\/li>\n<\/ul>\n<\/td>\n<\/tr>\n<\/tbody>\n<\/table>\n<p><div id=\"attachment_9697\" style=\"width: 349px\" class=\"wp-caption aligncenter\"><img loading=\"lazy\" decoding=\"async\" aria-describedby=\"caption-attachment-9697\" class=\"wp-image-9697 size-medium\" src=\"https:\/\/kronika-futbolu.pl\/historia\/wp-content\/uploads\/2020\/11\/2B_Hiszpania_polska_1959_Trybuna_R-339x400.png\" alt=\"Hiszpania - Polska 1959- Trybuna Robotnicza\" width=\"339\" height=\"400\" srcset=\"https:\/\/kronika-futbolu.pl\/historia\/wp-content\/uploads\/2020\/11\/2B_Hiszpania_polska_1959_Trybuna_R-339x400.png 339w, https:\/\/kronika-futbolu.pl\/historia\/wp-content\/uploads\/2020\/11\/2B_Hiszpania_polska_1959_Trybuna_R.png 672w\" sizes=\"auto, (max-width: 339px) 100vw, 339px\" \/><p id=\"caption-attachment-9697\" class=\"wp-caption-text\">Hiszpania &#8211; Polska 1959- Trybuna Robotnicza<\/p><\/div> <div id=\"attachment_9696\" style=\"width: 610px\" class=\"wp-caption alignleft\"><img loading=\"lazy\" decoding=\"async\" aria-describedby=\"caption-attachment-9696\" class=\"wp-image-9696 size-medium\" src=\"https:\/\/kronika-futbolu.pl\/historia\/wp-content\/uploads\/2020\/11\/2A_Hiszpania_Polska_1959_ABC_MAdryt-600x345.png\" alt=\"Hiszpania - Polska 1959- ABC Madryt\" width=\"600\" height=\"345\" srcset=\"https:\/\/kronika-futbolu.pl\/historia\/wp-content\/uploads\/2020\/11\/2A_Hiszpania_Polska_1959_ABC_MAdryt-600x345.png 600w, https:\/\/kronika-futbolu.pl\/historia\/wp-content\/uploads\/2020\/11\/2A_Hiszpania_Polska_1959_ABC_MAdryt-768x441.png 768w, https:\/\/kronika-futbolu.pl\/historia\/wp-content\/uploads\/2020\/11\/2A_Hiszpania_Polska_1959_ABC_MAdryt.png 792w\" sizes=\"auto, (max-width: 600px) 100vw, 600px\" \/><p id=\"caption-attachment-9696\" class=\"wp-caption-text\">Hiszpania &#8211; Polska 1959- ABC Madryt<\/p><\/div><\/p>\n<p>Rewan\u017c 1\/16 rundy eliminacji do Pucharu Narod\u00f3w Europejskich nie przyni\u00f3s\u0142 niespodzianki. Gospodarze pewnie wygrali 3-0 na s\u0142ynnym Estadio Santiago Bernab\u00e9u. Hiszpania w walce o awans do turnieju we Francji mia\u0142a zagra\u0107 z ZSRR lecz premier Hiszpanii Luisa Carrero Blanco podj\u0105\u0142 decyzj\u0119 o wycofaniu dru\u017cyny z rozgrywek.\u00a0<\/p>\n<p>Podobnie jak w pierwszym spotkaniu, Hiszpani\u0119 reprezentowali g\u0142\u00f3wnie zawodnicy graj\u0105cy na co dzie\u0144 w Barcelonie oraz w Realu Madryt. Tylko Garay by\u0142 z Atl\u00e9tico de Bilbao.<\/p>\n<p>&nbsp;<\/p>\n<p>Tak o meczu pisa\u0142a Trybuna Robotnicza dzie\u0144 po spotkaniu:\u00a0<\/p>\n<p>&#8222;Uff &#8211; mog\u0142o by\u0107 znacznie gorzej! W rewan\u017cowym spotkaniu pi\u0142karskim z cyklu rozgrywek eliminacyjnych o Puchar Narod\u00f3w, reprezentacja Hiszpanii pokona\u0142a wczoraj wieczorem w Madrycie jedenastk\u0119 Polski &#8211; 3:0 (1:0). Tym samym Hiszpanie zakwalifikowali si\u0119 ju\u017c oficjalnie do nast\u0119pnej rundy tego Pucharu, gdzie przeciwnikami ich b\u0119d\u0105 pi\u0142karze Zwi\u0105zku Radzieckiego. Wczorajszy mecz w Madrycie by\u0142 rewan\u017cem za chorzowskie 4:2 dla Hiszpanii w czerwcu.&#8221;<\/p>\n<h2 id=\"mecz-18-04-1965\"><span class=\"ez-toc-section\" id=\"1_Mecz_Polska_%E2%80%93_Hiszpania_2_4_28_czerwca_1959_r\"><\/span><a id=\"mecz-28-06-1959\"><\/a>1. Mecz Polska &#8211; Hiszpania 2:4 (28 czerwca 1959 r.)<span class=\"ez-toc-section-end\"><\/span><\/h2>\n<ul>\n<li><strong>Data meczu:<\/strong> 28.06.1959<\/li>\n<li><strong>Ranga meczu:<\/strong> Eliminacje Mistrzostw Europy 1960<\/li>\n<li><strong>S\u0119dzia:<\/strong> Arthur Ellis- Anglia<\/li>\n<li><strong>Stadion:<\/strong> Stadion \u015al\u0105ski, Chorz\u00f3w<\/li>\n<li><strong>Trenerzy:<\/strong> Czes\u0142aw Krug, Tadeusz Fory\u015b<\/li>\n<\/ul>\n<p><strong>\u26bd Strzelone bramki:<\/strong><\/p>\n<ul>\n<li>Ernest Pol [pl] 34&#8242;<\/li>\n<li>Luis Su\u00e1rez\u00a0 [es] 41&#8242;<\/li>\n<li>Alfredo Di St\u00e9fano [es] 43&#8242;<\/li>\n<li>Luis Su\u00e1rez\u00a0 [es] 51&#8242;<\/li>\n<li>Alfredo Di St\u00e9fano [es] 55&#8242;<\/li>\n<li>Lucjan Brychczy [pl] 62&#8242;<\/li>\n<\/ul>\n<p><strong>? Sk\u0142ady:<\/strong><\/p>\n<table style=\"border-collapse: collapse; width: 100%; height: 383px;\">\n<thead>\n<tr style=\"height: 21px;\">\n<th style=\"width: 50%; height: 21px;\">[pl] Polska:<\/th>\n<th style=\"width: 50%; height: 21px;\">[es] Hiszpania:<\/th>\n<\/tr>\n<\/thead>\n<tbody>\n<tr style=\"height: 362px;\">\n<td style=\"width: 50%; height: 362px;\">\n<ul>\n<li><strong>Tomasz Stefaniszyn<\/strong> -Gwardia Warszawa<\/li>\n<li><strong>Henryk Szczepa\u0144ski<\/strong> -\u0141KS\u00a0<\/li>\n<li><strong>Roman Korynt<\/strong> -Lechia Gda\u0144sk<\/li>\n<li><strong>Jerzy Wo\u017aniak<\/strong> -Legia Warszawa<\/li>\n<li><strong>Marceli Strzykalski<\/strong> -Legia Warszawa<\/li>\n<li><strong>Edmund Zientara<\/strong> kapitan -Legia Warszawa<\/li>\n<li><strong>Ernest Pol<\/strong> -G\u00f3rnik Zabrze<\/li>\n<li><strong>Lucjan Brychczy<\/strong> -Legia Warszawa<\/li>\n<li><strong>Stanis\u0142aw Hachorek<\/strong> -Gwardia Warszawa<\/li>\n<li><strong>Jan Liberda<\/strong> -Polonia Bytom<\/li>\n<li><strong>Krzysztof Baszkiewicz<\/strong> -Gwardia Warszawa<\/li>\n<\/ul>\n<\/td>\n<td style=\"width: 50%; height: 362px;\">\n<ul>\n<li><strong>Ramallets<\/strong> -CF Barcelona<\/li>\n<li><strong>Olivella<\/strong> -CF Barcelona<\/li>\n<li><strong>Garay<\/strong> -Atl\u00e9tico de Bilbao<\/li>\n<li><strong>Gracia<\/strong> -CF Barcelona<\/li>\n<li><strong>Segarra<\/strong> kapitan -CF Barcelona<\/li>\n<li><strong>Enric Gensana<\/strong> -CF Barcelona<\/li>\n<li><strong>Tejada<\/strong> -CF Barcelona<\/li>\n<li><strong>Mateos<\/strong> -Real Madryt<\/li>\n<li><strong>Alfredo Di St\u00e9fano<\/strong> -Real Madryt<\/li>\n<li><strong>Luis Su\u00e1rez<\/strong> -CF Barcelona<\/li>\n<li><strong>Gento<\/strong> -Real Madryt<\/li>\n<\/ul>\n<\/td>\n<\/tr>\n<\/tbody>\n<\/table>\n<div id=\"attachment_9693\" style=\"width: 610px\" class=\"wp-caption alignleft\"><img loading=\"lazy\" decoding=\"async\" aria-describedby=\"caption-attachment-9693\" class=\"wp-image-9693 size-medium\" src=\"https:\/\/kronika-futbolu.pl\/historia\/wp-content\/uploads\/2020\/11\/1A_POlska_Hiszpania_1959_El_Mundo_Deportivo-600x388.png\" alt=\"Polska - Hiszpania 1959\" width=\"600\" height=\"388\" srcset=\"https:\/\/kronika-futbolu.pl\/historia\/wp-content\/uploads\/2020\/11\/1A_POlska_Hiszpania_1959_El_Mundo_Deportivo-600x388.png 600w, https:\/\/kronika-futbolu.pl\/historia\/wp-content\/uploads\/2020\/11\/1A_POlska_Hiszpania_1959_El_Mundo_Deportivo-768x496.png 768w, https:\/\/kronika-futbolu.pl\/historia\/wp-content\/uploads\/2020\/11\/1A_POlska_Hiszpania_1959_El_Mundo_Deportivo.png 1484w\" sizes=\"auto, (max-width: 600px) 100vw, 600px\" \/><p id=\"caption-attachment-9693\" class=\"wp-caption-text\">Polska &#8211; Hiszpania 1959. Nag\u0142\u00f3wek hiszpa\u0144skiej prasy El Mundo Deportivo. Z prawej strony Alfredo di Stefano.<\/p><\/div>\n<p>W pierwszych eliminacjach do Mistrzostw Europy (w\u00f3wczas jeszcze Puchar Narod\u00f3w Europejskich) Polska zmaga\u0142a si\u0119 z Hiszpani\u0105, System eliminacji by\u0142 w\u00f3wczas inny jak obecnie. Najpierw odby\u0142y si\u0119 wst\u0119pne eliminacje z dwoma zespo\u0142ami, a nast\u0119pnie 1\/16 i 1\/4. Do turnieju g\u0142\u00f3wnego awansowa\u0142y 4 dru\u017cyny, gospodarzem by\u0142a Francja. Dwumecz mia\u0142 zdecydowa\u0107 kto awansuje do nast\u0119pnej fazy.\u00a0<\/p>\n<p>Na Stadionie \u015al\u0105skim w Chorzowie mecz przysz\u0142o ogl\u0105da\u0107 kilkadziesi\u0105t\u00a0 kibic\u00f3w.\u00a0 Niestety ju\u017c po tym meczu szanse na awans by\u0142y marne. Dzisiaj legendarni Luis Su\u00e1rez\u00a0 (nie ten kt\u00f3ry obecnie gra ) oraz jeden z najs\u0142ynniejszych hiszpa\u0144skich pi\u0142karzy Alfredo di Stefano strzelili po 2 gole w czasie 14 minut (pomi\u0119dzy I a II po\u0142ow\u0105). Dla Polski gole zdobyli r\u00f3wnie\u017c dla nas wspaniali pi\u0142karze czyli Ernest Pol i Lucjan Brychczy .\u00a0<\/p>\n<p>W pa\u017adziernikowym rewan\u017cu w Barcelonie przegramy 3-0. Hiszpania jednak wycofa si\u0119 z nast\u0119pnej rundy.<\/p>\n<p>Reprezentacj\u0119 Hiszpanii reprezentowali pi\u0142karze Realu Madryt CF Barcelony oraz jeden zawodnik Atl\u00e9tico de Bilbao.\u00a0<\/p>\n<h2 id=\"galeria\"><span class=\"ez-toc-section\" id=\"_Przezyjmy_to_jeszcze_raz_%E2%80%93_galeria_zdjec_z_meczy_Polska_%E2%80%93_Hiszpania\"><\/span>? Prze\u017cyjmy to jeszcze raz &#8211; galeria zdj\u0119\u0107 z meczy Polska &#8211; Hiszpania<span class=\"ez-toc-section-end\"><\/span><\/h2>\n<ul class=\"r1-gallery\"><li>\r\n\t\t\t\t<a href=\"https:\/\/kronika-futbolu.pl\/historia\/wp-content\/uploads\/2020\/12\/10B_Hiszpania_Polska_2010_Przeglad_Sportowy.png\" title=\"Hiszpania-Polska 6-0 2010. Foto: Przegl\u0105d Sportowy\">\r\n\t\t\t\t\t<img loading=\"lazy\" decoding=\"async\" width=\"364\" height=\"400\" src=\"https:\/\/kronika-futbolu.pl\/historia\/wp-content\/uploads\/2020\/12\/10B_Hiszpania_Polska_2010_Przeglad_Sportowy-364x400.png\" class=\"attachment-medium size-medium\" alt=\"Hiszpania-Polska 6-0 2010. Foto: Przegl\u0105d Sportowy\" srcset=\"https:\/\/kronika-futbolu.pl\/historia\/wp-content\/uploads\/2020\/12\/10B_Hiszpania_Polska_2010_Przeglad_Sportowy-364x400.png 364w, https:\/\/kronika-futbolu.pl\/historia\/wp-content\/uploads\/2020\/12\/10B_Hiszpania_Polska_2010_Przeglad_Sportowy-768x843.png 768w, https:\/\/kronika-futbolu.pl\/historia\/wp-content\/uploads\/2020\/12\/10B_Hiszpania_Polska_2010_Przeglad_Sportowy.png 917w\" sizes=\"auto, (max-width: 364px) 100vw, 364px\" \/>\r\n\t\t\t\t\t<small>Hiszpania-Polska 6-0 2010. Foto: Przegl\u0105d Sportowy<\/small>\r\n\t\t\t\t<\/a>\r\n\t\t\t<\/li><li>\r\n\t\t\t\t<a href=\"https:\/\/kronika-futbolu.pl\/historia\/wp-content\/uploads\/2020\/12\/9B_Hiszpania_Polska_2000_Przeglad_Sportowy.png\" title=\"Hiszpania-Polska 2000 \u0179r\u00f3d\u0142o: Przegl\u0105d Sportowy \">\r\n\t\t\t\t\t<img loading=\"lazy\" decoding=\"async\" width=\"284\" height=\"400\" src=\"https:\/\/kronika-futbolu.pl\/historia\/wp-content\/uploads\/2020\/12\/9B_Hiszpania_Polska_2000_Przeglad_Sportowy-284x400.png\" class=\"attachment-medium size-medium\" alt=\"Hiszpania-Polska 2000 \u0179r\u00f3d\u0142o: Przegl\u0105d Sportowy\" srcset=\"https:\/\/kronika-futbolu.pl\/historia\/wp-content\/uploads\/2020\/12\/9B_Hiszpania_Polska_2000_Przeglad_Sportowy-284x400.png 284w, https:\/\/kronika-futbolu.pl\/historia\/wp-content\/uploads\/2020\/12\/9B_Hiszpania_Polska_2000_Przeglad_Sportowy.png 686w\" sizes=\"auto, (max-width: 284px) 100vw, 284px\" \/>\r\n\t\t\t\t\t<small>Hiszpania-Polska 2000 \u0179r\u00f3d\u0142o: Przegl\u0105d Sportowy <\/small>\r\n\t\t\t\t<\/a>\r\n\t\t\t<\/li><li>\r\n\t\t\t\t<a href=\"https:\/\/kronika-futbolu.pl\/historia\/wp-content\/uploads\/2020\/12\/8B_Hiszpania_Polska_1999_ElMundoDeportivo.png\" title=\"Polska - Hiszpania 1999 \u0179r\u00f3d\u0142o: El Mundo Deportivo\">\r\n\t\t\t\t\t<img loading=\"lazy\" decoding=\"async\" width=\"420\" height=\"400\" src=\"https:\/\/kronika-futbolu.pl\/historia\/wp-content\/uploads\/2020\/12\/8B_Hiszpania_Polska_1999_ElMundoDeportivo-420x400.png\" class=\"attachment-medium size-medium\" alt=\"Polska - Hiszpania 1999 \u0179r\u00f3d\u0142o: El Mundo Deportivo\" srcset=\"https:\/\/kronika-futbolu.pl\/historia\/wp-content\/uploads\/2020\/12\/8B_Hiszpania_Polska_1999_ElMundoDeportivo-420x400.png 420w, https:\/\/kronika-futbolu.pl\/historia\/wp-content\/uploads\/2020\/12\/8B_Hiszpania_Polska_1999_ElMundoDeportivo-768x731.png 768w, https:\/\/kronika-futbolu.pl\/historia\/wp-content\/uploads\/2020\/12\/8B_Hiszpania_Polska_1999_ElMundoDeportivo.png 1007w\" sizes=\"auto, (max-width: 420px) 100vw, 420px\" \/>\r\n\t\t\t\t\t<small>Polska - Hiszpania 1999 \u0179r\u00f3d\u0142o: El Mundo Deportivo<\/small>\r\n\t\t\t\t<\/a>\r\n\t\t\t<\/li><li>\r\n\t\t\t\t<a href=\"https:\/\/kronika-futbolu.pl\/historia\/wp-content\/uploads\/2020\/12\/8A_Hiszpania_Polska_1999_ElMundoDeportivo.png\" title=\"Polska - Hiszpania 1999 \u0179r\u00f3d\u0142o: El Mundo Deportivo\">\r\n\t\t\t\t\t<img loading=\"lazy\" decoding=\"async\" width=\"395\" height=\"400\" src=\"https:\/\/kronika-futbolu.pl\/historia\/wp-content\/uploads\/2020\/12\/8A_Hiszpania_Polska_1999_ElMundoDeportivo-395x400.png\" class=\"attachment-medium size-medium\" alt=\"Polska - Hiszpania 1999 \u0179r\u00f3d\u0142o: El Mundo Deportivo\" srcset=\"https:\/\/kronika-futbolu.pl\/historia\/wp-content\/uploads\/2020\/12\/8A_Hiszpania_Polska_1999_ElMundoDeportivo-395x400.png 395w, https:\/\/kronika-futbolu.pl\/historia\/wp-content\/uploads\/2020\/12\/8A_Hiszpania_Polska_1999_ElMundoDeportivo.png 483w\" sizes=\"auto, (max-width: 395px) 100vw, 395px\" \/>\r\n\t\t\t\t\t<small>Polska - Hiszpania 1999 \u0179r\u00f3d\u0142o: El Mundo Deportivo<\/small>\r\n\t\t\t\t<\/a>\r\n\t\t\t<\/li><li>\r\n\t\t\t\t<a href=\"https:\/\/kronika-futbolu.pl\/historia\/wp-content\/uploads\/2020\/12\/7B_Hiszpania_Polska_1994_ElMundoDeportivo.png\" title=\"Hiszpania - Polska 1994 \u0179r\u00f3d\u0142o: El Mundo Deportivo\">\r\n\t\t\t\t\t<img loading=\"lazy\" decoding=\"async\" width=\"419\" height=\"400\" src=\"https:\/\/kronika-futbolu.pl\/historia\/wp-content\/uploads\/2020\/12\/7B_Hiszpania_Polska_1994_ElMundoDeportivo-419x400.png\" class=\"attachment-medium size-medium\" alt=\"Hiszpania - Polska 1994 \u0179r\u00f3d\u0142o: El Mundo Deportivo\" srcset=\"https:\/\/kronika-futbolu.pl\/historia\/wp-content\/uploads\/2020\/12\/7B_Hiszpania_Polska_1994_ElMundoDeportivo-419x400.png 419w, https:\/\/kronika-futbolu.pl\/historia\/wp-content\/uploads\/2020\/12\/7B_Hiszpania_Polska_1994_ElMundoDeportivo.png 762w\" sizes=\"auto, (max-width: 419px) 100vw, 419px\" \/>\r\n\t\t\t\t\t<small>Hiszpania - Polska 1994 \u0179r\u00f3d\u0142o: El Mundo Deportivo<\/small>\r\n\t\t\t\t<\/a>\r\n\t\t\t<\/li><li>\r\n\t\t\t\t<a href=\"https:\/\/kronika-futbolu.pl\/historia\/wp-content\/uploads\/2020\/12\/7A_Hiszpania_Polska_1994_ElMundoDeportivo.png\" title=\"Hiszpania - Polska 1994 \u0179r\u00f3d\u0142o: El Mundo Deportivo\">\r\n\t\t\t\t\t<img loading=\"lazy\" decoding=\"async\" width=\"413\" height=\"400\" src=\"https:\/\/kronika-futbolu.pl\/historia\/wp-content\/uploads\/2020\/12\/7A_Hiszpania_Polska_1994_ElMundoDeportivo-413x400.png\" class=\"attachment-medium size-medium\" alt=\"Hiszpania - Polska 1994 El Mundo Deportivo\" srcset=\"https:\/\/kronika-futbolu.pl\/historia\/wp-content\/uploads\/2020\/12\/7A_Hiszpania_Polska_1994_ElMundoDeportivo-413x400.png 413w, https:\/\/kronika-futbolu.pl\/historia\/wp-content\/uploads\/2020\/12\/7A_Hiszpania_Polska_1994_ElMundoDeportivo.png 572w\" sizes=\"auto, (max-width: 413px) 100vw, 413px\" \/>\r\n\t\t\t\t\t<small>Hiszpania - Polska 1994 \u0179r\u00f3d\u0142o: El Mundo Deportivo<\/small>\r\n\t\t\t\t<\/a>\r\n\t\t\t<\/li><li>\r\n\t\t\t\t<a href=\"https:\/\/kronika-futbolu.pl\/historia\/wp-content\/uploads\/2020\/12\/7C_Hiszpania_Polska_1994_Kadr-z-TVP-Youtube.png\" title=\"Hiszpania - Polska 1994 \u0179r\u00f3d\u0142o:Youtube\">\r\n\t\t\t\t\t<img loading=\"lazy\" decoding=\"async\" width=\"474\" height=\"262\" src=\"https:\/\/kronika-futbolu.pl\/historia\/wp-content\/uploads\/2020\/12\/7C_Hiszpania_Polska_1994_Kadr-z-TVP-Youtube.png\" class=\"attachment-medium size-medium\" alt=\"Hiszpania - Polska 1994 \u0179r\u00f3d\u0142o:Youtube\" \/>\r\n\t\t\t\t\t<small>Hiszpania - Polska 1994 \u0179r\u00f3d\u0142o:Youtube<\/small>\r\n\t\t\t\t<\/a>\r\n\t\t\t<\/li><li>\r\n\t\t\t\t<a href=\"https:\/\/kronika-futbolu.pl\/historia\/wp-content\/uploads\/2020\/12\/6B_Hiszpania_Polska_1989_ElMundoDeportivo.png\" title=\"Polska - Hiszpania 1989 El Mundo Deportivo\">\r\n\t\t\t\t\t<img loading=\"lazy\" decoding=\"async\" width=\"485\" height=\"400\" src=\"https:\/\/kronika-futbolu.pl\/historia\/wp-content\/uploads\/2020\/12\/6B_Hiszpania_Polska_1989_ElMundoDeportivo-485x400.png\" class=\"attachment-medium size-medium\" alt=\"Polska - Hiszpania 1989 El Mundo Deportivo\" srcset=\"https:\/\/kronika-futbolu.pl\/historia\/wp-content\/uploads\/2020\/12\/6B_Hiszpania_Polska_1989_ElMundoDeportivo-485x400.png 485w, https:\/\/kronika-futbolu.pl\/historia\/wp-content\/uploads\/2020\/12\/6B_Hiszpania_Polska_1989_ElMundoDeportivo.png 731w\" sizes=\"auto, (max-width: 485px) 100vw, 485px\" \/>\r\n\t\t\t\t\t<small>Polska - Hiszpania 1989 El Mundo Deportivo<\/small>\r\n\t\t\t\t<\/a>\r\n\t\t\t<\/li><li>\r\n\t\t\t\t<a href=\"https:\/\/kronika-futbolu.pl\/historia\/wp-content\/uploads\/2020\/12\/6A_Hiszpania_Polska_1989_ElMundoDeportivo.png\" title=\"Polska - Hiszpania 1989 El Mundo Deportivo\">\r\n\t\t\t\t\t<img loading=\"lazy\" decoding=\"async\" width=\"321\" height=\"400\" src=\"https:\/\/kronika-futbolu.pl\/historia\/wp-content\/uploads\/2020\/12\/6A_Hiszpania_Polska_1989_ElMundoDeportivo-321x400.png\" class=\"attachment-medium size-medium\" alt=\"Polska - Hiszpania 1989 El Mundo Deportivo\" srcset=\"https:\/\/kronika-futbolu.pl\/historia\/wp-content\/uploads\/2020\/12\/6A_Hiszpania_Polska_1989_ElMundoDeportivo-321x400.png 321w, https:\/\/kronika-futbolu.pl\/historia\/wp-content\/uploads\/2020\/12\/6A_Hiszpania_Polska_1989_ElMundoDeportivo-768x958.png 768w, https:\/\/kronika-futbolu.pl\/historia\/wp-content\/uploads\/2020\/12\/6A_Hiszpania_Polska_1989_ElMundoDeportivo.png 812w\" sizes=\"auto, (max-width: 321px) 100vw, 321px\" \/>\r\n\t\t\t\t\t<small>Polska - Hiszpania 1989 El Mundo Deportivo<\/small>\r\n\t\t\t\t<\/a>\r\n\t\t\t<\/li><li>\r\n\t\t\t\t<a href=\"https:\/\/kronika-futbolu.pl\/historia\/wp-content\/uploads\/2020\/12\/5C_Hiszpania_Polska_1986_ElMundoDeportivo.png\" title=\"Hiszpania - Polska 1986 El Mundo Deportivo\">\r\n\t\t\t\t\t<img loading=\"lazy\" decoding=\"async\" width=\"584\" height=\"400\" src=\"https:\/\/kronika-futbolu.pl\/historia\/wp-content\/uploads\/2020\/12\/5C_Hiszpania_Polska_1986_ElMundoDeportivo-584x400.png\" class=\"attachment-medium size-medium\" alt=\"Hiszpania - Polska 1986 El Mundo Deportivo\" srcset=\"https:\/\/kronika-futbolu.pl\/historia\/wp-content\/uploads\/2020\/12\/5C_Hiszpania_Polska_1986_ElMundoDeportivo-584x400.png 584w, https:\/\/kronika-futbolu.pl\/historia\/wp-content\/uploads\/2020\/12\/5C_Hiszpania_Polska_1986_ElMundoDeportivo-768x526.png 768w, https:\/\/kronika-futbolu.pl\/historia\/wp-content\/uploads\/2020\/12\/5C_Hiszpania_Polska_1986_ElMundoDeportivo.png 1049w\" sizes=\"auto, (max-width: 584px) 100vw, 584px\" \/>\r\n\t\t\t\t\t<small>Hiszpania - Polska 1986 El Mundo Deportivo<\/small>\r\n\t\t\t\t<\/a>\r\n\t\t\t<\/li><li>\r\n\t\t\t\t<a href=\"https:\/\/kronika-futbolu.pl\/historia\/wp-content\/uploads\/2020\/11\/1A_POlska_Hiszpania_1959_El_Mundo_Deportivo.png\" title=\"Polska - Hiszpania 1959. Nag\u0142\u00f3wek hiszpa\u0144skiej prasy El Mundo Deportivo. Z prawej strony Alfredo di Stefano. \">\r\n\t\t\t\t\t<img loading=\"lazy\" decoding=\"async\" width=\"600\" height=\"388\" src=\"https:\/\/kronika-futbolu.pl\/historia\/wp-content\/uploads\/2020\/11\/1A_POlska_Hiszpania_1959_El_Mundo_Deportivo-600x388.png\" class=\"attachment-medium size-medium\" alt=\"Polska - Hiszpania 1959\" srcset=\"https:\/\/kronika-futbolu.pl\/historia\/wp-content\/uploads\/2020\/11\/1A_POlska_Hiszpania_1959_El_Mundo_Deportivo-600x388.png 600w, https:\/\/kronika-futbolu.pl\/historia\/wp-content\/uploads\/2020\/11\/1A_POlska_Hiszpania_1959_El_Mundo_Deportivo-768x496.png 768w, https:\/\/kronika-futbolu.pl\/historia\/wp-content\/uploads\/2020\/11\/1A_POlska_Hiszpania_1959_El_Mundo_Deportivo.png 1484w\" sizes=\"auto, (max-width: 600px) 100vw, 600px\" \/>\r\n\t\t\t\t\t<small>Polska - Hiszpania 1959. Nag\u0142\u00f3wek hiszpa\u0144skiej prasy El Mundo Deportivo. Z prawej strony Alfredo di Stefano. <\/small>\r\n\t\t\t\t<\/a>\r\n\t\t\t<\/li><li>\r\n\t\t\t\t<a href=\"https:\/\/kronika-futbolu.pl\/historia\/wp-content\/uploads\/2020\/11\/2A_Hiszpania_Polska_1959_ABC_MAdryt.png\" title=\"Hiszpania - Polska 1959- ABC Madryt\">\r\n\t\t\t\t\t<img loading=\"lazy\" decoding=\"async\" width=\"600\" height=\"345\" src=\"https:\/\/kronika-futbolu.pl\/historia\/wp-content\/uploads\/2020\/11\/2A_Hiszpania_Polska_1959_ABC_MAdryt-600x345.png\" class=\"attachment-medium size-medium\" alt=\"Hiszpania - Polska 1959- ABC Madryt\" srcset=\"https:\/\/kronika-futbolu.pl\/historia\/wp-content\/uploads\/2020\/11\/2A_Hiszpania_Polska_1959_ABC_MAdryt-600x345.png 600w, https:\/\/kronika-futbolu.pl\/historia\/wp-content\/uploads\/2020\/11\/2A_Hiszpania_Polska_1959_ABC_MAdryt-768x441.png 768w, https:\/\/kronika-futbolu.pl\/historia\/wp-content\/uploads\/2020\/11\/2A_Hiszpania_Polska_1959_ABC_MAdryt.png 792w\" sizes=\"auto, (max-width: 600px) 100vw, 600px\" \/>\r\n\t\t\t\t\t<small>Hiszpania - Polska 1959- ABC Madryt<\/small>\r\n\t\t\t\t<\/a>\r\n\t\t\t<\/li><li>\r\n\t\t\t\t<a href=\"https:\/\/kronika-futbolu.pl\/historia\/wp-content\/uploads\/2020\/11\/2B_Hiszpania_polska_1959_Trybuna_R.png\" title=\"Hiszpania - Polska 1959- Trybuna Robotnicza\">\r\n\t\t\t\t\t<img loading=\"lazy\" decoding=\"async\" width=\"339\" height=\"400\" src=\"https:\/\/kronika-futbolu.pl\/historia\/wp-content\/uploads\/2020\/11\/2B_Hiszpania_polska_1959_Trybuna_R-339x400.png\" class=\"attachment-medium size-medium\" alt=\"Hiszpania - Polska 1959- Trybuna Robotnicza\" srcset=\"https:\/\/kronika-futbolu.pl\/historia\/wp-content\/uploads\/2020\/11\/2B_Hiszpania_polska_1959_Trybuna_R-339x400.png 339w, https:\/\/kronika-futbolu.pl\/historia\/wp-content\/uploads\/2020\/11\/2B_Hiszpania_polska_1959_Trybuna_R.png 672w\" sizes=\"auto, (max-width: 339px) 100vw, 339px\" \/>\r\n\t\t\t\t\t<small>Hiszpania - Polska 1959- Trybuna Robotnicza<\/small>\r\n\t\t\t\t<\/a>\r\n\t\t\t<\/li><li>\r\n\t\t\t\t<a href=\"https:\/\/kronika-futbolu.pl\/historia\/wp-content\/uploads\/2020\/12\/5A_Hiszpania_Polska_1986_PZPN.png\" title=\"Hiszpania - Polska 1986 \">\r\n\t\t\t\t\t<img loading=\"lazy\" decoding=\"async\" width=\"550\" height=\"400\" src=\"https:\/\/kronika-futbolu.pl\/historia\/wp-content\/uploads\/2020\/12\/5A_Hiszpania_Polska_1986_PZPN-550x400.png\" class=\"attachment-medium size-medium\" alt=\"Hiszpania - Polska 1986\" srcset=\"https:\/\/kronika-futbolu.pl\/historia\/wp-content\/uploads\/2020\/12\/5A_Hiszpania_Polska_1986_PZPN-550x400.png 550w, https:\/\/kronika-futbolu.pl\/historia\/wp-content\/uploads\/2020\/12\/5A_Hiszpania_Polska_1986_PZPN-768x558.png 768w, https:\/\/kronika-futbolu.pl\/historia\/wp-content\/uploads\/2020\/12\/5A_Hiszpania_Polska_1986_PZPN.png 1406w\" sizes=\"auto, (max-width: 550px) 100vw, 550px\" \/>\r\n\t\t\t\t\t<small>Hiszpania - Polska 1986 <\/small>\r\n\t\t\t\t<\/a>\r\n\t\t\t<\/li><li>\r\n\t\t\t\t<a href=\"https:\/\/kronika-futbolu.pl\/historia\/wp-content\/uploads\/2020\/12\/5B_Hiszpania_Polska_1986_ElMundoDeportivo.png\" title=\"Hiszpania - Polska 1986 El Mundo Deportivo\">\r\n\t\t\t\t\t<img loading=\"lazy\" decoding=\"async\" width=\"478\" height=\"400\" src=\"https:\/\/kronika-futbolu.pl\/historia\/wp-content\/uploads\/2020\/12\/5B_Hiszpania_Polska_1986_ElMundoDeportivo-478x400.png\" class=\"attachment-medium size-medium\" alt=\"Hiszpania - Polska 1986 El Mundo Deportivo\" srcset=\"https:\/\/kronika-futbolu.pl\/historia\/wp-content\/uploads\/2020\/12\/5B_Hiszpania_Polska_1986_ElMundoDeportivo-478x400.png 478w, https:\/\/kronika-futbolu.pl\/historia\/wp-content\/uploads\/2020\/12\/5B_Hiszpania_Polska_1986_ElMundoDeportivo-768x642.png 768w, https:\/\/kronika-futbolu.pl\/historia\/wp-content\/uploads\/2020\/12\/5B_Hiszpania_Polska_1986_ElMundoDeportivo.png 1235w\" sizes=\"auto, (max-width: 478px) 100vw, 478px\" \/>\r\n\t\t\t\t\t<small>Hiszpania - Polska 1986 El Mundo Deportivo<\/small>\r\n\t\t\t\t<\/a>\r\n\t\t\t<\/li><\/ul>\n<p>&nbsp;<\/p>\n","protected":false},"excerpt":{"rendered":"<p>Bilans mecz\u00f3w Polska-Hiszpania, kursy bukmacherskie Na 11 rozegranych dotychczas spotka\u0144 z Hiszpani\u0105 a\u017c 8 by\u0142y grami towarzyskimi. Tylko raz lepsi byli &#8222;Bia\u0142o-Czerwoni&#8221; . By\u0142o to w 1980 roku, w dodatku w Barcelonie. Dwa razy pad\u0142 tylko remis. Bilans bramkowy jest zdecydowanie po stronie reprezentacji z P\u00f3\u0142wyspu Iberyjskiego kt\u00f3rzy strzelili nam 28 goli, trac\u0105c 9. &nbsp; [&hellip;]<\/p>\n","protected":false},"author":3,"featured_media":9732,"parent":0,"menu_order":0,"comment_status":"closed","ping_status":"closed","template":"","meta":{"_acf_changed":false,"footnotes":""},"class_list":["post-9684","page","type-page","status-publish","has-post-thumbnail","hentry"],"acf":[],"rankMath":{"parentDomain":"kronika-futbolu.pl","noFollowDomains":[],"noFollowExcludeDomains":[],"noFollowExternalLinks":false,"featuredImageNotice":"Prezentowany obraz powinien mie\u0107 co najmniej 200 na 200 pikseli, aby m\u00f3g\u0142 go pobra\u0107 Facebook i inne serwisy spo\u0142eczno\u015bciowe.","pluginReviewed":false,"postSettings":{"linkSuggestions":true,"useFocusKeyword":false},"frontEndScore":false,"postName":"polska-hiszpania-w-pilce-noznej-wyniki-meczow","permalinkFormat":"https:\/\/kronika-futbolu.pl\/historia\/%pagename%\/","showLockModifiedDate":true,"assessor":{"focusKeywordLink":"https:\/\/kronika-futbolu.pl\/historia\/wp-admin\/edit.php?focus_keyword=%focus_keyword%&post_type=%post_type%","hasTOCPlugin":{"easy-table-of-contents\/easy-table-of-contents.php":"Easy Table of Contents"},"primaryTaxonomy":false,"serpData":{"title":"","description":"","focusKeywords":"","pillarContent":false,"canonicalUrl":"","breadcrumbTitle":"","advancedRobots":[],"facebookTitle":"","facebookDescription":"","facebookImage":"","facebookImageID":"","facebookHasOverlay":false,"facebookImageOverlay":"","facebookAuthor":"","twitterCardType":"","twitterUseFacebook":true,"twitterTitle":"","twitterDescription":"","twitterImage":"","twitterImageID":"","twitterHasOverlay":false,"twitterImageOverlay":"","twitterPlayerUrl":"","twitterPlayerSize":"","twitterPlayerStream":"","twitterPlayerStreamCtype":"","twitterAppDescription":"","twitterAppIphoneName":"","twitterAppIphoneID":"","twitterAppIphoneUrl":"","twitterAppIpadName":"","twitterAppIpadID":"","twitterAppIpadUrl":"","twitterAppGoogleplayName":"","twitterAppGoogleplayID":"","twitterAppGoogleplayUrl":"","twitterAppCountry":"","robots":{"index":true},"twitterAuthor":"u\u017cytkownik","primaryTerm":0,"authorName":"Piotr Ostrowski","titleTemplate":"%title% %sep% %sitename%","descriptionTemplate":"%excerpt%","showScoreFrontend":true,"lockModifiedDate":false},"powerWords":[],"diacritics":{"A":"[\\u0041\\u24B6\\uFF21\\u00C0\\u00C1\\u00C2\\u1EA6\\u1EA4\\u1EAA\\u1EA8\\u00C3\\u0100\\u0102\\u1EB0\\u1EAE\\u1EB4\\u1EB2\\u0226\\u01E0\\u00C4\\u01DE\\u1EA2\\u00C5\\u01FA\\u01CD\\u0200\\u0202\\u1EA0\\u1EAC\\u1EB6\\u1E00\\u0104\\u023A\\u2C6F]","AA":"[\\uA732]","AE":"[\\u00C6\\u01FC\\u01E2]","AO":"[\\uA734]","AU":"[\\uA736]","AV":"[\\uA738\\uA73A]","AY":"[\\uA73C]","B":"[\\u0042\\u24B7\\uFF22\\u1E02\\u1E04\\u1E06\\u0243\\u0182\\u0181]","C":"[\\u0043\\u24B8\\uFF23\\u0106\\u0108\\u010A\\u010C\\u00C7\\u1E08\\u0187\\u023B\\uA73E]","D":"[\\u0044\\u24B9\\uFF24\\u1E0A\\u010E\\u1E0C\\u1E10\\u1E12\\u1E0E\\u0110\\u018B\\u018A\\u0189\\uA779]","DZ":"[\\u01F1\\u01C4]","Dz":"[\\u01F2\\u01C5]","E":"[\\u0045\\u24BA\\uFF25\\u00C8\\u00C9\\u00CA\\u1EC0\\u1EBE\\u1EC4\\u1EC2\\u1EBC\\u0112\\u1E14\\u1E16\\u0114\\u0116\\u00CB\\u1EBA\\u011A\\u0204\\u0206\\u1EB8\\u1EC6\\u0228\\u1E1C\\u0118\\u1E18\\u1E1A\\u0190\\u018E]","F":"[\\u0046\\u24BB\\uFF26\\u1E1E\\u0191\\uA77B]","G":"[\\u0047\\u24BC\\uFF27\\u01F4\\u011C\\u1E20\\u011E\\u0120\\u01E6\\u0122\\u01E4\\u0193\\uA7A0\\uA77D\\uA77E]","H":"[\\u0048\\u24BD\\uFF28\\u0124\\u1E22\\u1E26\\u021E\\u1E24\\u1E28\\u1E2A\\u0126\\u2C67\\u2C75\\uA78D]","I":"[\\u0049\\u24BE\\uFF29\\u00CC\\u00CD\\u00CE\\u0128\\u012A\\u012C\\u0130\\u00CF\\u1E2E\\u1EC8\\u01CF\\u0208\\u020A\\u1ECA\\u012E\\u1E2C\\u0197]","J":"[\\u004A\\u24BF\\uFF2A\\u0134\\u0248]","K":"[\\u004B\\u24C0\\uFF2B\\u1E30\\u01E8\\u1E32\\u0136\\u1E34\\u0198\\u2C69\\uA740\\uA742\\uA744\\uA7A2]","L":"[\\u004C\\u24C1\\uFF2C\\u013F\\u0139\\u013D\\u1E36\\u1E38\\u013B\\u1E3C\\u1E3A\\u0141\\u023D\\u2C62\\u2C60\\uA748\\uA746\\uA780]","LJ":"[\\u01C7]","Lj":"[\\u01C8]","M":"[\\u004D\\u24C2\\uFF2D\\u1E3E\\u1E40\\u1E42\\u2C6E\\u019C]","N":"[\\u004E\\u24C3\\uFF2E\\u01F8\\u0143\\u00D1\\u1E44\\u0147\\u1E46\\u0145\\u1E4A\\u1E48\\u0220\\u019D\\uA790\\uA7A4]","NJ":"[\\u01CA]","Nj":"[\\u01CB]","O":"[\\u004F\\u24C4\\uFF2F\\u00D2\\u00D3\\u00D4\\u1ED2\\u1ED0\\u1ED6\\u1ED4\\u00D5\\u1E4C\\u022C\\u1E4E\\u014C\\u1E50\\u1E52\\u014E\\u022E\\u0230\\u00D6\\u022A\\u1ECE\\u0150\\u01D1\\u020C\\u020E\\u01A0\\u1EDC\\u1EDA\\u1EE0\\u1EDE\\u1EE2\\u1ECC\\u1ED8\\u01EA\\u01EC\\u00D8\\u01FE\\u0186\\u019F\\uA74A\\uA74C]","OI":"[\\u01A2]","OO":"[\\uA74E]","OU":"[\\u0222]","P":"[\\u0050\\u24C5\\uFF30\\u1E54\\u1E56\\u01A4\\u2C63\\uA750\\uA752\\uA754]","Q":"[\\u0051\\u24C6\\uFF31\\uA756\\uA758\\u024A]","R":"[\\u0052\\u24C7\\uFF32\\u0154\\u1E58\\u0158\\u0210\\u0212\\u1E5A\\u1E5C\\u0156\\u1E5E\\u024C\\u2C64\\uA75A\\uA7A6\\uA782]","S":"[\\u0053\\u24C8\\uFF33\\u1E9E\\u015A\\u1E64\\u015C\\u1E60\\u0160\\u1E66\\u1E62\\u1E68\\u0218\\u015E\\u2C7E\\uA7A8\\uA784]","T":"[\\u0054\\u24C9\\uFF34\\u1E6A\\u0164\\u1E6C\\u021A\\u0162\\u1E70\\u1E6E\\u0166\\u01AC\\u01AE\\u023E\\uA786]","TZ":"[\\uA728]","U":"[\\u0055\\u24CA\\uFF35\\u00D9\\u00DA\\u00DB\\u0168\\u1E78\\u016A\\u1E7A\\u016C\\u00DC\\u01DB\\u01D7\\u01D5\\u01D9\\u1EE6\\u016E\\u0170\\u01D3\\u0214\\u0216\\u01AF\\u1EEA\\u1EE8\\u1EEE\\u1EEC\\u1EF0\\u1EE4\\u1E72\\u0172\\u1E76\\u1E74\\u0244]","V":"[\\u0056\\u24CB\\uFF36\\u1E7C\\u1E7E\\u01B2\\uA75E\\u0245]","VY":"[\\uA760]","W":"[\\u0057\\u24CC\\uFF37\\u1E80\\u1E82\\u0174\\u1E86\\u1E84\\u1E88\\u2C72]","X":"[\\u0058\\u24CD\\uFF38\\u1E8A\\u1E8C]","Y":"[\\u0059\\u24CE\\uFF39\\u1EF2\\u00DD\\u0176\\u1EF8\\u0232\\u1E8E\\u0178\\u1EF6\\u1EF4\\u01B3\\u024E\\u1EFE]","Z":"[\\u005A\\u24CF\\uFF3A\\u0179\\u1E90\\u017B\\u017D\\u1E92\\u1E94\\u01B5\\u0224\\u2C7F\\u2C6B\\uA762]","a":"[\\u0061\\u24D0\\uFF41\\u1E9A\\u00E0\\u00E1\\u00E2\\u1EA7\\u1EA5\\u1EAB\\u1EA9\\u00E3\\u0101\\u0103\\u1EB1\\u1EAF\\u1EB5\\u1EB3\\u0227\\u01E1\\u00E4\\u01DF\\u1EA3\\u00E5\\u01FB\\u01CE\\u0201\\u0203\\u1EA1\\u1EAD\\u1EB7\\u1E01\\u0105\\u2C65\\u0250]","aa":"[\\uA733]","ae":"[\\u00E6\\u01FD\\u01E3]","ao":"[\\uA735]","au":"[\\uA737]","av":"[\\uA739\\uA73B]","ay":"[\\uA73D]","b":"[\\u0062\\u24D1\\uFF42\\u1E03\\u1E05\\u1E07\\u0180\\u0183\\u0253]","c":"[\\u0063\\u24D2\\uFF43\\u0107\\u0109\\u010B\\u010D\\u00E7\\u1E09\\u0188\\u023C\\uA73F\\u2184]","d":"[\\u0064\\u24D3\\uFF44\\u1E0B\\u010F\\u1E0D\\u1E11\\u1E13\\u1E0F\\u0111\\u018C\\u0256\\u0257\\uA77A]","dz":"[\\u01F3\\u01C6]","e":"[\\u0065\\u24D4\\uFF45\\u00E8\\u00E9\\u00EA\\u1EC1\\u1EBF\\u1EC5\\u1EC3\\u1EBD\\u0113\\u1E15\\u1E17\\u0115\\u0117\\u00EB\\u1EBB\\u011B\\u0205\\u0207\\u1EB9\\u1EC7\\u0229\\u1E1D\\u0119\\u1E19\\u1E1B\\u0247\\u025B\\u01DD]","f":"[\\u0066\\u24D5\\uFF46\\u1E1F\\u0192\\uA77C]","g":"[\\u0067\\u24D6\\uFF47\\u01F5\\u011D\\u1E21\\u011F\\u0121\\u01E7\\u0123\\u01E5\\u0260\\uA7A1\\u1D79\\uA77F]","h":"[\\u0068\\u24D7\\uFF48\\u0125\\u1E23\\u1E27\\u021F\\u1E25\\u1E29\\u1E2B\\u1E96\\u0127\\u2C68\\u2C76\\u0265]","hv":"[\\u0195]","i":"[\\u0069\\u24D8\\uFF49\\u00EC\\u00ED\\u00EE\\u0129\\u012B\\u012D\\u00EF\\u1E2F\\u1EC9\\u01D0\\u0209\\u020B\\u1ECB\\u012F\\u1E2D\\u0268\\u0131]","j":"[\\u006A\\u24D9\\uFF4A\\u0135\\u01F0\\u0249]","k":"[\\u006B\\u24DA\\uFF4B\\u1E31\\u01E9\\u1E33\\u0137\\u1E35\\u0199\\u2C6A\\uA741\\uA743\\uA745\\uA7A3]","l":"[\\u006C\\u24DB\\uFF4C\\u0140\\u013A\\u013E\\u1E37\\u1E39\\u013C\\u1E3D\\u1E3B\\u017F\\u0142\\u019A\\u026B\\u2C61\\uA749\\uA781\\uA747]","lj":"[\\u01C9]","m":"[\\u006D\\u24DC\\uFF4D\\u1E3F\\u1E41\\u1E43\\u0271\\u026F]","n":"[\\u006E\\u24DD\\uFF4E\\u01F9\\u0144\\u00F1\\u1E45\\u0148\\u1E47\\u0146\\u1E4B\\u1E49\\u019E\\u0272\\u0149\\uA791\\uA7A5]","nj":"[\\u01CC]","o":"[\\u006F\\u24DE\\uFF4F\\u00F2\\u00F3\\u00F4\\u1ED3\\u1ED1\\u1ED7\\u1ED5\\u00F5\\u1E4D\\u022D\\u1E4F\\u014D\\u1E51\\u1E53\\u014F\\u022F\\u0231\\u00F6\\u022B\\u1ECF\\u0151\\u01D2\\u020D\\u020F\\u01A1\\u1EDD\\u1EDB\\u1EE1\\u1EDF\\u1EE3\\u1ECD\\u1ED9\\u01EB\\u01ED\\u00F8\\u01FF\\u0254\\uA74B\\uA74D\\u0275]","oi":"[\\u01A3]","ou":"[\\u0223]","oo":"[\\uA74F]","p":"[\\u0070\\u24DF\\uFF50\\u1E55\\u1E57\\u01A5\\u1D7D\\uA751\\uA753\\uA755]","q":"[\\u0071\\u24E0\\uFF51\\u024B\\uA757\\uA759]","r":"[\\u0072\\u24E1\\uFF52\\u0155\\u1E59\\u0159\\u0211\\u0213\\u1E5B\\u1E5D\\u0157\\u1E5F\\u024D\\u027D\\uA75B\\uA7A7\\uA783]","s":"[\\u0073\\u24E2\\uFF53\\u015B\\u1E65\\u015D\\u1E61\\u0161\\u1E67\\u1E63\\u1E69\\u0219\\u015F\\u023F\\uA7A9\\uA785\\u1E9B]","ss":"[\\u00DF]","t":"[\\u0074\\u24E3\\uFF54\\u1E6B\\u1E97\\u0165\\u1E6D\\u021B\\u0163\\u1E71\\u1E6F\\u0167\\u01AD\\u0288\\u2C66\\uA787]","tz":"[\\uA729]","u":"[\\u0075\\u24E4\\uFF55\\u00F9\\u00FA\\u00FB\\u0169\\u1E79\\u016B\\u1E7B\\u016D\\u00FC\\u01DC\\u01D8\\u01D6\\u01DA\\u1EE7\\u016F\\u0171\\u01D4\\u0215\\u0217\\u01B0\\u1EEB\\u1EE9\\u1EEF\\u1EED\\u1EF1\\u1EE5\\u1E73\\u0173\\u1E77\\u1E75\\u0289]","v":"[\\u0076\\u24E5\\uFF56\\u1E7D\\u1E7F\\u028B\\uA75F\\u028C]","vy":"[\\uA761]","w":"[\\u0077\\u24E6\\uFF57\\u1E81\\u1E83\\u0175\\u1E87\\u1E85\\u1E98\\u1E89\\u2C73]","x":"[\\u0078\\u24E7\\uFF58\\u1E8B\\u1E8D]","y":"[\\u0079\\u24E8\\uFF59\\u1EF3\\u00FD\\u0177\\u1EF9\\u0233\\u1E8F\\u00FF\\u1EF7\\u1E99\\u1EF5\\u01B4\\u024F\\u1EFF]","z":"[\\u007A\\u24E9\\uFF5A\\u017A\\u1E91\\u017C\\u017E\\u1E93\\u1E95\\u01B6\\u0225\\u0240\\u2C6C\\uA763]"},"researchesTests":["contentHasTOC","contentHasShortParagraphs","contentHasAssets","keywordInTitle","keywordInMetaDescription","keywordInPermalink","keywordIn10Percent","keywordInContent","keywordInSubheadings","keywordInImageAlt","keywordDensity","keywordNotUsed","lengthContent","lengthPermalink","linksHasInternal","linksHasExternals","linksNotAllExternals","titleStartWithKeyword","titleSentiment","titleHasPowerWords","titleHasNumber","hasContentAI"],"hasRedirection":true,"hasBreadcrumb":true},"homeUrl":"https:\/\/kronika-futbolu.pl\/historia","objectID":9684,"objectType":"post","locale":"pl","localeFull":"pl_PL","overlayImages":{"play":{"name":"Ikona PLAY","url":"https:\/\/kronika-futbolu.pl\/historia\/wp-content\/plugins\/seo-by-rank-math\/assets\/admin\/img\/icon-play.png","path":"\/home\/klient.dhosting.pl\/netpositive\/kronika-futbolu.pl\/public_html\/historia\/wp-content\/plugins\/seo-by-rank-math\/assets\/admin\/img\/icon-play.png","position":"middle_center"},"gif":{"name":"Ikona GIF","url":"https:\/\/kronika-futbolu.pl\/historia\/wp-content\/plugins\/seo-by-rank-math\/assets\/admin\/img\/icon-gif.png","path":"\/home\/klient.dhosting.pl\/netpositive\/kronika-futbolu.pl\/public_html\/historia\/wp-content\/plugins\/seo-by-rank-math\/assets\/admin\/img\/icon-gif.png","position":"middle_center"}},"defautOgImage":"https:\/\/kronika-futbolu.pl\/historia\/wp-content\/plugins\/seo-by-rank-math\/assets\/admin\/img\/social-placeholder.jpg","customPermalinks":true,"isUserRegistered":true,"autoSuggestKeywords":true,"connectSiteUrl":"https:\/\/rankmath.com\/auth?site=https%3A%2F%2Fkronika-futbolu.pl%2Fhistoria&r=https%3A%2F%2Fkronika-futbolu.pl%2Fhistoria%2Fwp-json%2Fwp%2Fv2%2Fpages%2F9684%3Fnonce%3D28180c44c5&pro=1","maxTags":100,"trendsIcon":"<svg viewBox=\"0 0 610 610\"><path d=\"M18.85,446,174.32,290.48l58.08,58.08L76.93,504a14.54,14.54,0,0,1-20.55,0L18.83,466.48a14.54,14.54,0,0,1,0-20.55Z\" style=\"fill:#4285f4\"\/><path d=\"M242.65,242.66,377.59,377.6l-47.75,47.75a14.54,14.54,0,0,1-20.55,0L174.37,290.43l47.75-47.75A14.52,14.52,0,0,1,242.65,242.66Z\" style=\"fill:#ea4335\"\/><polygon points=\"319.53 319.53 479.26 159.8 537.34 217.88 377.61 377.62 319.53 319.53\" style=\"fill:#fabb05\"\/><path d=\"M594.26,262.73V118.61h0a16.94,16.94,0,0,0-16.94-16.94H433.2a16.94,16.94,0,0,0-12,28.92L565.34,274.71h0a16.94,16.94,0,0,0,28.92-12Z\" style=\"fill:#34a853\"\/><rect width=\"610\" height=\"610\" style=\"fill:none\"\/><\/svg>","showScore":true,"siteFavIcon":"data:image\/png;base64,iVBORw0KGgoAAAANSUhEUgAAABAAAAAQCAYAAAAf8\/9hAAABs0lEQVR4AWL4\/\/8\/RRjO8Iucx+noO0MWUDo16FYABMGP6ZfUcRnWtm27jVPbtm3bttuH2t3eFPcY9pLz7NxiLjCyVd87pKnHyqXyxtCs8APd0rnyxiu4qSeA3QEDrAwBDrT1s1Rc\/OrjLZwqVmOSu6+Lamcpp2KKMA9PH1BYXMe1mUP5qotvXTywsOEEYHXxrY+3cqk6TMkYpNr2FeoY3KIr0RPtn9wQ2unlA+GMkRw6+9TFw4YTwDUzx\/JVvARj9KaedXRO8P5B1Du2S32smzqUrcKGEyA+uAgQjKX7zf0boWHGfn71jIKj2689gxp7OAGShNcBUmLMPVjZuiKcA2vuWHHDCQxMCz629kXAIU4ApY15QwggAFbfOP9DhgBJ+nWVJ1AZAfICAj1pAlY6hCADZnveQf7bQIwzVONGJonhLIlS9gr5mFg44Xd+4S3XHoGNPdJl1INIwKyEgHckEhgTe1bGiFY9GSFBYUwLh1IkiJUbY407E7syBSFxKTszEoiE\/YdrgCEayDmtaJwCI9uu8TKMuZSVfSa4BpGgzvomBR\/INhLGzrqDotp01ZR8pn\/1L0JN9d9XNyx0AAAAAElFTkSuQmCC","canUser":{"general":false,"advanced":false,"snippet":false,"social":false,"analysis":false,"analytics":false,"content_ai":false},"showKeywordIntent":true,"isPro":true,"is_front_page":false,"trendsUpgradeLink":"https:\/\/rankmath.com\/pricing\/?utm_source=Plugin&utm_medium=CE%20General%20Tab%20Trends&utm_campaign=WP","trendsUpgradeLabel":"Ulepszenie","trendsPreviewImage":"https:\/\/kronika-futbolu.pl\/historia\/wp-content\/plugins\/seo-by-rank-math\/assets\/admin\/img\/trends-preview.jpg","currentEditor":false,"homepageData":{"assessor":{"powerWords":[],"diacritics":true,"researchesTests":["contentHasTOC","contentHasShortParagraphs","contentHasAssets","keywordInTitle","keywordInMetaDescription","keywordInPermalink","keywordIn10Percent","keywordInContent","keywordInSubheadings","keywordInImageAlt","keywordDensity","keywordNotUsed","lengthContent","lengthPermalink","linksHasInternal","linksHasExternals","linksNotAllExternals","titleStartWithKeyword","titleSentiment","titleHasPowerWords","titleHasNumber","hasContentAI"],"hasBreadcrumb":true,"serpData":{"title":"%sitename% %page% %sep% %sitedesc%","description":"","titleTemplate":"%sitename% %page% %sep% %sitedesc%","descriptionTemplate":"","focusKeywords":"","breadcrumbTitle":"Dom","robots":{"index":true},"advancedRobots":[],"facebookTitle":"","facebookDescription":"","facebookImage":"","facebookImageID":""}}},"searchIntents":[],"isAnalyticsConnected":false,"tocTitle":"Spis tre\u015bci","tocExcludeHeadings":[],"listStyle":"ul"},"_links":{"self":[{"href":"https:\/\/kronika-futbolu.pl\/historia\/wp-json\/wp\/v2\/pages\/9684","targetHints":{"allow":["GET"]}}],"collection":[{"href":"https:\/\/kronika-futbolu.pl\/historia\/wp-json\/wp\/v2\/pages"}],"about":[{"href":"https:\/\/kronika-futbolu.pl\/historia\/wp-json\/wp\/v2\/types\/page"}],"author":[{"embeddable":true,"href":"https:\/\/kronika-futbolu.pl\/historia\/wp-json\/wp\/v2\/users\/3"}],"replies":[{"embeddable":true,"href":"https:\/\/kronika-futbolu.pl\/historia\/wp-json\/wp\/v2\/comments?post=9684"}],"version-history":[{"count":5,"href":"https:\/\/kronika-futbolu.pl\/historia\/wp-json\/wp\/v2\/pages\/9684\/revisions"}],"predecessor-version":[{"id":12825,"href":"https:\/\/kronika-futbolu.pl\/historia\/wp-json\/wp\/v2\/pages\/9684\/revisions\/12825"}],"wp:featuredmedia":[{"embeddable":true,"href":"https:\/\/kronika-futbolu.pl\/historia\/wp-json\/wp\/v2\/media\/9732"}],"wp:attachment":[{"href":"https:\/\/kronika-futbolu.pl\/historia\/wp-json\/wp\/v2\/media?parent=9684"}],"curies":[{"name":"wp","href":"https:\/\/api.w.org\/{rel}","templated":true}]}}